{"version":"1.0","provider_name":"Locansol, llogar un allotjament als Pirineus Orientals, Fran\u00e7a","provider_url":"https:\/\/www.locansol.fr\/ca","author_name":"H\u00e9bergements Locansol","author_url":"https:\/\/www.locansol.fr\/ca\/author\/locansol\/","title":"AGUSTIN JULIAN BLACHA","type":"rich","width":600,"height":338,"html":"<blockquote class=\"wp-embedded-content\" data-secret=\"nZ8tXsgrtc\"><a href=\"https:\/\/www.locansol.fr\/ca\/evenement\/agustin-julian-blacha\/\">AGUSTIN JULIAN BLACHA<\/a><\/blockquote><iframe sandbox=\"allow-scripts\" security=\"restricted\" src=\"https:\/\/www.locansol.fr\/ca\/evenement\/agustin-julian-blacha\/embed\/#?secret=nZ8tXsgrtc\" width=\"600\" height=\"338\" title=\"&#8220;AGUSTIN JULIAN BLACHA&#8221; &#8212; Locansol, louer un h\u00e9bergement dans les Pyr\u00e9n\u00e9es Orientales\" data-secret=\"nZ8tXsgrtc\" frameborder=\"0\" marginwidth=\"0\" marginheight=\"0\" scrolling=\"no\" class=\"wp-embedded-content\"><\/iframe><script>\n\/*! This file is auto-generated *\/\n!function(d,l){\"use strict\";l.querySelector&&d.addEventListener&&\"undefined\"!=typeof URL&&(d.wp=d.wp||{},d.wp.receiveEmbedMessage||(d.wp.receiveEmbedMessage=function(e){var t=e.data;if((t||t.secret||t.message||t.value)&&!\/[^a-zA-Z0-9]\/.test(t.secret)){for(var s,r,n,a=l.querySelectorAll('iframe[data-secret=\"'+t.secret+'\"]'),o=l.querySelectorAll('blockquote[data-secret=\"'+t.secret+'\"]'),c=new RegExp(\"^https?:$\",\"i\"),i=0;i<o.length;i++)o[i].style.display=\"none\";for(i=0;i<a.length;i++)s=a[i],e.source===s.contentWindow&&(s.removeAttribute(\"style\"),\"height\"===t.message?(1e3<(r=parseInt(t.value,10))?r=1e3:~~r<200&&(r=200),s.height=r):\"link\"===t.message&&(r=new URL(s.getAttribute(\"src\")),n=new URL(t.value),c.test(n.protocol))&&n.host===r.host&&l.activeElement===s&&(d.top.location.href=t.value))}},d.addEventListener(\"message\",d.wp.receiveEmbedMessage,!1),l.addEventListener(\"DOMContentLoaded\",function(){for(var e,t,s=l.querySelectorAll(\"iframe.wp-embedded-content\"),r=0;r<s.length;r++)(t=(e=s[r]).getAttribute(\"data-secret\"))||(t=Math.random().toString(36).substring(2,12),e.src+=\"#?secret=\"+t,e.setAttribute(\"data-secret\",t)),e.contentWindow.postMessage({message:\"ready\",secret:t},\"*\")},!1)))}(window,document);\n\/\/# sourceURL=https:\/\/www.locansol.fr\/wp-includes\/js\/wp-embed.min.js\n<\/script>","thumbnail_url":"https:\/\/www.locansol.fr\/wp-content\/uploads\/2026\/03\/musee-prehistoire-tautavel-activites.webp","thumbnail_width":1357,"thumbnail_height":1920,"description":"Du 4 mars au 11 avril 2026, la ville de Prades accueille une exposition exceptionnelle de l\u2019artiste Agustin Julian Blacha. Install\u00e9 dans cette commune des Pyr\u00e9n\u00e9es-Orientales depuis sept ans, l\u2019artiste puise son inspiration dans les paysages environnants pour cr\u00e9er des \u0153uvres vibrantes et lumineuses.L\u2019exposition se tient au 81bis rue du palais de justice, un lieu embl\u00e9matique de Prades. Les visiteurs pourront d\u00e9couvrir une s\u00e9lection de peintures \u00e0 l\u2019huile qui refl\u00e8tent la profonde connexion de Blacha avec la nature du Conflent. Ses \u0153uvres sont marqu\u00e9es par une ma\u00eetrise de la lumi\u00e8re, des contrastes et des couleurs, offrant une interpr\u00e9tation unique des terres catalanes.Agustin Julian Blacha, n\u00e9 \u00e0 Buenos Aires, est dipl\u00f4m\u00e9 de l\u2019\u00c9cole nationale des beaux-arts de sa ville natale. Inspir\u00e9 par l\u2019impressionnisme et le post-impressionnisme, il explore les couleurs et les textures pour cr\u00e9er des paysages qui touchent profond\u00e9ment le spectateur. Son travail est une qu\u00eate constante de progression artistique et de partage de son amour pour la nature.Cette exposition est une occasion unique de d\u00e9couvrir le talent d\u2019un artiste qui a su capturer l\u2019essence des paysages du Conflent. Les visiteurs pourront appr\u00e9cier la richesse chromatique de ses peintures \u00e0 l\u2019huile et se laisser emporter par la beaut\u00e9 des paysages locaux vus \u00e0 travers le prisme de son art. L\u2019entr\u00e9e est gratuite, rendant cet \u00e9v\u00e9nement accessible \u00e0 tous les amateurs d\u2019art et de nature.Ne manquez pas cette opportunit\u00e9 de plonger dans l\u2019univers color\u00e9 et inspirant d\u2019Agustin Julian Blacha, du 4 mars au 11 avril 2026 \u00e0 Prades.Adresse : 81bis rue du palais de justice, PradesHoraires : Du mardi au samedi, de 9h30 \u00e0 12h00 et de 14h30 \u00e0 17h30"}