{"version":"1.0","provider_name":"Locansol, llogar un allotjament als Pirineus Orientals, Fran\u00e7a","provider_url":"https:\/\/www.locansol.fr\/ca","author_name":"H\u00e9bergements Locansol","author_url":"https:\/\/www.locansol.fr\/ca\/author\/locansol\/","title":"CONFERENCE ET DEDICACE","type":"rich","width":600,"height":338,"html":"<blockquote class=\"wp-embedded-content\" data-secret=\"bJcdeC7JjE\"><a href=\"https:\/\/www.locansol.fr\/ca\/evenement\/conference-et-dedicace\/\">CONFERENCE ET DEDICACE<\/a><\/blockquote><iframe sandbox=\"allow-scripts\" security=\"restricted\" src=\"https:\/\/www.locansol.fr\/ca\/evenement\/conference-et-dedicace\/embed\/#?secret=bJcdeC7JjE\" width=\"600\" height=\"338\" title=\"&#8220;CONFERENCE ET DEDICACE&#8221; &#8212; Locansol, louer un h\u00e9bergement dans les Pyr\u00e9n\u00e9es Orientales\" data-secret=\"bJcdeC7JjE\" frameborder=\"0\" marginwidth=\"0\" marginheight=\"0\" scrolling=\"no\" class=\"wp-embedded-content\"><\/iframe><script>\n\/*! This file is auto-generated *\/\n!function(d,l){\"use strict\";l.querySelector&&d.addEventListener&&\"undefined\"!=typeof URL&&(d.wp=d.wp||{},d.wp.receiveEmbedMessage||(d.wp.receiveEmbedMessage=function(e){var t=e.data;if((t||t.secret||t.message||t.value)&&!\/[^a-zA-Z0-9]\/.test(t.secret)){for(var s,r,n,a=l.querySelectorAll('iframe[data-secret=\"'+t.secret+'\"]'),o=l.querySelectorAll('blockquote[data-secret=\"'+t.secret+'\"]'),c=new RegExp(\"^https?:$\",\"i\"),i=0;i<o.length;i++)o[i].style.display=\"none\";for(i=0;i<a.length;i++)s=a[i],e.source===s.contentWindow&&(s.removeAttribute(\"style\"),\"height\"===t.message?(1e3<(r=parseInt(t.value,10))?r=1e3:~~r<200&&(r=200),s.height=r):\"link\"===t.message&&(r=new URL(s.getAttribute(\"src\")),n=new URL(t.value),c.test(n.protocol))&&n.host===r.host&&l.activeElement===s&&(d.top.location.href=t.value))}},d.addEventListener(\"message\",d.wp.receiveEmbedMessage,!1),l.addEventListener(\"DOMContentLoaded\",function(){for(var e,t,s=l.querySelectorAll(\"iframe.wp-embedded-content\"),r=0;r<s.length;r++)(t=(e=s[r]).getAttribute(\"data-secret\"))||(t=Math.random().toString(36).substring(2,12),e.src+=\"#?secret=\"+t,e.setAttribute(\"data-secret\",t)),e.contentWindow.postMessage({message:\"ready\",secret:t},\"*\")},!1)))}(window,document);\n\/\/# sourceURL=https:\/\/www.locansol.fr\/wp-includes\/js\/wp-embed.min.js\n<\/script>","thumbnail_url":"https:\/\/www.locansol.fr\/wp-content\/uploads\/2026\/04\/conference-dedicace-arlessurtech-histoire.webp","thumbnail_width":1920,"thumbnail_height":1280,"description":"Le vendredi 24 avril, de 18h00 \u00e0 21h00, la Librairie Lire \u00e0 l'Os d'Arles-sur-Tech accueillera une conf\u00e9rence et une s\u00e9ance de d\u00e9dicace avec Jean Boiss\u00e9e, autour de son livre \u00ab Les \u00e9difices religieux des Pyr\u00e9n\u00e9es-Orientales \u00bb. L'\u00e9v\u00e9nement, organis\u00e9 par la Librairie Lire \u00e0 l'Os, se tiendra \u00e0 la Voie Communale Valls Jean Baptiste Barja \u00e0 Arles-sur-Tech. Jean Boiss\u00e9e, passionn\u00e9 de randonn\u00e9es et de recherches historiques, pr\u00e9sentera son ouvrage qui couvre une p\u00e9riode allant du IV\u00e8me au XIX\u00e8me si\u00e8cle. L'auteur a men\u00e9 une enqu\u00eate de terrain rigoureuse, recensant plus de 1 052 \u00e9difices religieux, incluant des chapelles oubli\u00e9es, des \u00e9glises rurales, des monast\u00e8res, des sanctuaires et des cath\u00e9drales. Cette conf\u00e9rence est une occasion unique de d\u00e9couvrir le riche patrimoine religieux des Pyr\u00e9n\u00e9es-Orientales et d'\u00e9changer avec l'auteur. L'entr\u00e9e est gratuite, offrant ainsi \u00e0 tous la possibilit\u00e9 de participer \u00e0 cet \u00e9v\u00e9nement culturel enrichissant. Ne manquez pas cette opportunit\u00e9 de plonger dans l'histoire locale et de rencontrer Jean Boiss\u00e9e lors de cette soir\u00e9e sp\u00e9ciale \u00e0 Arles-sur-Tech."}