{"version":"1.0","provider_name":"Locansol, llogar un allotjament als Pirineus Orientals, Fran\u00e7a","provider_url":"https:\/\/www.locansol.fr\/ca","author_name":"H\u00e9bergements Locansol","author_url":"https:\/\/www.locansol.fr\/ca\/author\/locansol\/","title":"JOURN\u00c9E GASTRONOMIQUE AVEC ADELINE GRATTARD","type":"rich","width":600,"height":338,"html":"<blockquote class=\"wp-embedded-content\" data-secret=\"bFWYJ6gsfP\"><a href=\"https:\/\/www.locansol.fr\/ca\/evenement\/journee-gastronomique-avec-adeline-grattard\/\">JOURN\u00c9E GASTRONOMIQUE AVEC ADELINE GRATTARD<\/a><\/blockquote><iframe sandbox=\"allow-scripts\" security=\"restricted\" src=\"https:\/\/www.locansol.fr\/ca\/evenement\/journee-gastronomique-avec-adeline-grattard\/embed\/#?secret=bFWYJ6gsfP\" width=\"600\" height=\"338\" title=\"&#8220;JOURN\u00c9E GASTRONOMIQUE AVEC ADELINE GRATTARD&#8221; &#8212; Locansol, louer un h\u00e9bergement dans les Pyr\u00e9n\u00e9es Orientales\" data-secret=\"bFWYJ6gsfP\" frameborder=\"0\" marginwidth=\"0\" marginheight=\"0\" scrolling=\"no\" class=\"wp-embedded-content\"><\/iframe><script>\n\/*! This file is auto-generated *\/\n!function(d,l){\"use strict\";l.querySelector&&d.addEventListener&&\"undefined\"!=typeof URL&&(d.wp=d.wp||{},d.wp.receiveEmbedMessage||(d.wp.receiveEmbedMessage=function(e){var t=e.data;if((t||t.secret||t.message||t.value)&&!\/[^a-zA-Z0-9]\/.test(t.secret)){for(var s,r,n,a=l.querySelectorAll('iframe[data-secret=\"'+t.secret+'\"]'),o=l.querySelectorAll('blockquote[data-secret=\"'+t.secret+'\"]'),c=new RegExp(\"^https?:$\",\"i\"),i=0;i<o.length;i++)o[i].style.display=\"none\";for(i=0;i<a.length;i++)s=a[i],e.source===s.contentWindow&&(s.removeAttribute(\"style\"),\"height\"===t.message?(1e3<(r=parseInt(t.value,10))?r=1e3:~~r<200&&(r=200),s.height=r):\"link\"===t.message&&(r=new URL(s.getAttribute(\"src\")),n=new URL(t.value),c.test(n.protocol))&&n.host===r.host&&l.activeElement===s&&(d.top.location.href=t.value))}},d.addEventListener(\"message\",d.wp.receiveEmbedMessage,!1),l.addEventListener(\"DOMContentLoaded\",function(){for(var e,t,s=l.querySelectorAll(\"iframe.wp-embedded-content\"),r=0;r<s.length;r++)(t=(e=s[r]).getAttribute(\"data-secret\"))||(t=Math.random().toString(36).substring(2,12),e.src+=\"#?secret=\"+t,e.setAttribute(\"data-secret\",t)),e.contentWindow.postMessage({message:\"ready\",secret:t},\"*\")},!1)))}(window,document);\n\/\/# sourceURL=https:\/\/www.locansol.fr\/wp-includes\/js\/wp-embed.min.js\n<\/script>","thumbnail_url":"https:\/\/www.locansol.fr\/wp-content\/uploads\/2026\/03\/journee-gastronomique-eus-agrume.webp","thumbnail_width":1080,"thumbnail_height":1350,"description":"Situ\u00e9 au c\u0153ur des Pyr\u00e9n\u00e9es-Orientales, le Domaine des Agrumes Schaller \u00e0 Eus accueillera une journ\u00e9e gastronomique unique le samedi 7 mars \u00e0 10h00. Cet \u00e9v\u00e9nement mettra \u00e0 l'honneur Adeline Grattard, cheffe \u00e9toil\u00e9e et figure embl\u00e9matique de la gastronomie fran\u00e7aise contemporaine, accompagn\u00e9e de L\u00e9onard. Pendant plus de quinze ans, Adeline Grattard a dirig\u00e9 le restaurant parisien Yam\u2019Tcha, r\u00e9compens\u00e9 par une \u00e9toile Michelin. Sa cuisine singuli\u00e8re, \u00e0 la crois\u00e9e des cultures fran\u00e7aise et chinoise, est guid\u00e9e par la recherche de l\u2019\u00e9quilibre, de la texture et de l\u2019\u00e9motion juste. Elle incarne une gastronomie exigeante, sensible et profond\u00e9ment respectueuse du produit. Leur venue au Domaine des Agrumes Schaller prend une dimension particuli\u00e8re : ils viennent de fermer Yam\u2019Tcha pour se consacrer \u00e0 un nouveau projet culinaire, toujours fid\u00e8le \u00e0 ses lignes gastronomiques fondatrices. Le 7 mars marquera ainsi une rencontre rare : celle d\u2019une cheffe en pleine transition cr\u00e9ative et d\u2019un lieu consacr\u00e9 aux agrumes rares. Le programme de la journ\u00e9e comprendra une visite guid\u00e9e immersive du Domaine, permettant de d\u00e9couvrir l\u2019histoire des agrumes et la diversit\u00e9 des vari\u00e9t\u00e9s cultiv\u00e9es. Les participants auront l\u2019occasion de rencontrer et d\u2019\u00e9changer avec les chefs, et de d\u00e9guster un d\u00e9jeuner gastronomique sp\u00e9cialement imagin\u00e9 autour des agrumes de saison. Des accords mets et vins viendront sublimer cette exp\u00e9rience sensorielle. Cette journ\u00e9e conviviale, inspirante et gourmande se d\u00e9roulera en petit comit\u00e9. Le tarif est de 150,00 \u20ac. La journ\u00e9e gastronomique avec Adeline Grattard au Domaine des Agrumes Schaller promet d\u2019\u00eatre une exp\u00e9rience inoubliable pour plusieurs raisons. Tout d\u2019abord, la pr\u00e9sence d\u2019Adeline Grattard, cheffe \u00e9toil\u00e9e reconnue pour sa cuisine innovante et respectueuse des produits, est une opportunit\u00e9 rare de d\u00e9couvrir son talent culinaire dans un cadre unique. Ensuite, le Domaine des Agrumes Schaller offre un \u00e9crin exceptionnel avec sa collection d\u2019agrumes rares, permettant aux participants de d\u00e9couvrir des saveurs uniques et m\u00e9connues. Enfin, l\u2019ambiance conviviale et en petit comit\u00e9 garantit des \u00e9changes privil\u00e9gi\u00e9s avec les chefs et une exp\u00e9rience gastronomique intimiste. Cette journ\u00e9e est id\u00e9ale pour les amateurs de gastronomie et les curieux souhaitant en savoir plus sur les agrumes et la cuisine d\u2019exception."}