{"id":2656,"date":"2026-02-13T01:53:26","date_gmt":"2026-02-13T00:53:26","guid":{"rendered":"https:\/\/www.locansol.fr\/?post_type=tribe_events&#038;p=2656"},"modified":"2026-02-13T01:53:26","modified_gmt":"2026-02-13T00:53:26","slug":"la-ligue-des-objets","status":"publish","type":"tribe_events","link":"https:\/\/www.locansol.fr\/ca\/evenement\/la-ligue-des-objets\/","title":{"rendered":"LA LIGUE DES OBJETS"},"content":{"rendered":"<p>Le 12 f\u00e9vrier \u00e0 20h30, l&rsquo;El Mediator \u00e0 Perpignan accueille un concert unique de La Ligue des Objets, projet port\u00e9 par le collectif Freddy Morezon. Ce groupe d\u00e9veloppe une esth\u00e9tique pop hybride, influenc\u00e9e par des artistes comme l&rsquo;Orchestre Tout Puissant Marcel Duchamp, Sons of Kemet ou Horse Lords. Il m\u00eale instruments acoustiques anciens et modernes, musiques \u00e9lectroniques inspir\u00e9es des premiers jeux vid\u00e9o, improvisation libre et musique de chambre. L&rsquo;objectif est de cr\u00e9er un son artisanal et ludique, o\u00f9 recherche sonore exigeante et accessibilit\u00e9 s&rsquo;entrem\u00ealent. Le projet s&rsquo;inscrit dans une d\u00e9marche artistique ouverte, avec des partenariats entre milieux urbains et ruraux. Le concert est organis\u00e9 en coproduction avec Jazz\u00e8bre et soutient l&rsquo;association Aziza. Il s&rsquo;inscrit dans une programmation musicale riche, avec une ambiance intime et une proposition sonore \u00e0 la fois exp\u00e9rimentale et accessible. En compl\u00e9ment, le groupe L&rsquo;Ivresse, compos\u00e9 de Ninon de Graaff et Sylvain Tichadou, pr\u00e9sente une lecture po\u00e9tique et musicale autour de la th\u00e9matique viticole, m\u00ealant po\u00e9sie, chant et instrument, dans un esprit de \u00ab grappe musicale et charnue \u00bb. Cette double proposition invite le public \u00e0 une immersion sensorielle, entre ivresse po\u00e9tique, son et texte, dans un cadre culturel et convivial.<\/p>\n<p><\/p>\n<h3>R\u00e9servez votre h\u00e9bergement dans les Pyr\u00e9n\u00e9es-Orientales :<\/h3>\n<p><b>Mobil-home Locansol \u00e0 Argel\u00e8s-sur-Mer<\/b><br \/>\nTrajet le plus court : 26 km<br \/>\nTrajet le plus rapide : 31 min<\/p>\n<p><b>Chalet Locansol \u00e0 Estavar<\/b><br \/>\nTrajet le plus court : 104 km<br \/>\nTrajet le plus rapide : 1 h 40 min<\/p>","protected":false},"excerpt":{"rendered":"<p>Le 12 f\u00e9vrier \u00e0 20h30, l&rsquo;El Mediator \u00e0 Perpignan accueille un concert unique de La Ligue des Objets, projet port\u00e9 par le collectif Freddy Morezon. Ce groupe d\u00e9veloppe une esth\u00e9tique [&hellip;]<\/p>","protected":false},"author":5,"featured_media":2653,"template":"","meta":{"_yoast_wpseo_focuskw":"","_yoast_wpseo_title":"","_yoast_wpseo_metadesc":"","_yoast_wpseo_canonical":"","_yoast_wpseo_opengraph-title":"","_yoast_wpseo_opengraph-description":"","_yoast_wpseo_opengraph-image":"","_yoast_wpseo_opengraph-image-id":"","_yoast_wpseo_twitter-title":"","_yoast_wpseo_twitter-description":"","_yoast_wpseo_twitter-image":"","_yoast_wpseo_twitter-image-id":"","yoast_primary_category":"","_tribe_events_status":"","_tribe_events_status_reason":"","_tribe_events_is_hybrid":"","_tribe_events_is_virtual":"","_tribe_events_virtual_video_source":"","_tribe_events_virtual_embed_video":"","_tribe_events_virtual_linked_button_text":"","_tribe_events_virtual_linked_button":"","_tribe_events_virtual_show_embed_at":"","_tribe_events_virtual_show_embed_to":[],"_tribe_events_virtual_show_on_event":"","_tribe_events_virtual_show_on_views":"","_tribe_events_virtual_url":"","footnotes":""},"tags":[66,69,76],"tribe_events_cat":[107,138,116,102],"class_list":["post-2656","tribe_events","type-tribe_events","status-publish","has-post-thumbnail","hentry","tag-evenement-culturel","tag-musique","tag-pyrenees-orientales","tribe_events_cat-concert","tribe_events_cat-evenement-culturel","tribe_events_cat-musique","tribe_events_cat-spectacle","cat_concert","cat_evenement-culturel","cat_musique","cat_spectacle"],"yoast_head":"<!-- This site is optimized with the Yoast SEO Premium plugin v23.3 (Yoast SEO v26.9) - https:\/\/yoast.com\/product\/yoast-seo-premium-wordpress\/ -->\n<title>LA LIGUE DES OBJETS | Locansol, louer un h\u00e9bergement dans les Pyr\u00e9n\u00e9es Orientales<\/title>\n<meta name=\"robots\" content=\"index, follow, max-snippet:-1, max-image-preview:large, max-video-preview:-1\" \/>\n<link rel=\"canonical\" href=\"https:\/\/www.locansol.fr\/ca\/evenement\/la-ligue-des-objets\/\" \/>\n<meta property=\"og:locale\" content=\"ca_ES\" \/>\n<meta property=\"og:type\" content=\"article\" \/>\n<meta property=\"og:title\" content=\"LA LIGUE DES OBJETS\" \/>\n<meta property=\"og:description\" content=\"Le 12 f\u00e9vrier \u00e0 20h30, l&rsquo;El Mediator \u00e0 Perpignan accueille un concert unique de La Ligue des Objets, projet port\u00e9 par le collectif Freddy Morezon. Ce groupe d\u00e9veloppe une esth\u00e9tique [&hellip;]\" \/>\n<meta property=\"og:url\" content=\"https:\/\/www.locansol.fr\/ca\/evenement\/la-ligue-des-objets\/\" \/>\n<meta property=\"og:site_name\" content=\"Locansol, louer un h\u00e9bergement dans les Pyr\u00e9n\u00e9es Orientales\" \/>\n<meta property=\"og:image\" content=\"https:\/\/www.locansol.fr\/wp-content\/uploads\/2026\/02\/concert-immersive-sound-poetic.webp\" \/>\n\t<meta property=\"og:image:width\" content=\"1024\" \/>\n\t<meta property=\"og:image:height\" content=\"512\" \/>\n\t<meta property=\"og:image:type\" content=\"image\/webp\" \/>\n<meta name=\"twitter:card\" content=\"summary_large_image\" \/>\n<meta name=\"twitter:label1\" content=\"Temps estimat de lectura\" \/>\n\t<meta name=\"twitter:data1\" content=\"1 minut\" \/>\n<script type=\"application\/ld+json\" class=\"yoast-schema-graph\">{\"@context\":\"https:\/\/schema.org\",\"@graph\":[{\"@type\":\"WebPage\",\"@id\":\"https:\/\/www.locansol.fr\/evenement\/la-ligue-des-objets\/\",\"url\":\"https:\/\/www.locansol.fr\/evenement\/la-ligue-des-objets\/\",\"name\":\"LA LIGUE DES OBJETS | Locansol, louer un h\u00e9bergement dans les Pyr\u00e9n\u00e9es Orientales\",\"isPartOf\":{\"@id\":\"https:\/\/www.locansol.fr\/#website\"},\"primaryImageOfPage\":{\"@id\":\"https:\/\/www.locansol.fr\/evenement\/la-ligue-des-objets\/#primaryimage\"},\"image\":{\"@id\":\"https:\/\/www.locansol.fr\/evenement\/la-ligue-des-objets\/#primaryimage\"},\"thumbnailUrl\":\"https:\/\/www.locansol.fr\/wp-content\/uploads\/2026\/02\/concert-immersive-sound-poetic.webp\",\"datePublished\":\"2026-02-13T00:53:26+00:00\",\"breadcrumb\":{\"@id\":\"https:\/\/www.locansol.fr\/evenement\/la-ligue-des-objets\/#breadcrumb\"},\"inLanguage\":\"ca\",\"potentialAction\":[{\"@type\":\"ReadAction\",\"target\":[\"https:\/\/www.locansol.fr\/evenement\/la-ligue-des-objets\/\"]}]},{\"@type\":\"ImageObject\",\"inLanguage\":\"ca\",\"@id\":\"https:\/\/www.locansol.fr\/evenement\/la-ligue-des-objets\/#primaryimage\",\"url\":\"https:\/\/www.locansol.fr\/wp-content\/uploads\/2026\/02\/concert-immersive-sound-poetic.webp\",\"contentUrl\":\"https:\/\/www.locansol.fr\/wp-content\/uploads\/2026\/02\/concert-immersive-sound-poetic.webp\",\"width\":1024,\"height\":512,\"caption\":\"Le 12 f\u00e9vrier \u00e0 20h30, l'El Mediator \u00e0 Perpignan accueille un concert unique de La Ligue des Objets, projet port\u00e9 par le collectif Freddy Morezon. Ce groupe d\u00e9veloppe une esth\u00e9tique pop hybride, influenc\u00e9e par des artistes comme l'Orchestre Tout Puissant Marcel Duchamp, Sons of Kemet ou Horse Lords. Il m\u00eale instruments acoustiques anciens et modernes, musiques \u00e9lectroniques inspir\u00e9es des premiers jeux vid\u00e9o, improvisation libre et musique de chambre. L'objectif est de cr\u00e9er un son artisanal et ludique, o\u00f9 recherche sonore exigeante et accessibilit\u00e9 s'entrem\u00ealent. Le projet s'inscrit dans une d\u00e9marche artistique ouverte, avec des partenariats entre milieux urbains et ruraux. Le concert est organis\u00e9 en coproduction avec Jazz\u00e8bre et soutient l'association Aziza. Il s'inscrit dans une programmation musicale riche, avec une ambiance intime et une proposition sonore \u00e0 la fois exp\u00e9rimentale et accessible. En compl\u00e9ment, le groupe L'Ivresse, compos\u00e9 de Ninon de Graaff et Sylvain Tichadou, pr\u00e9sente une lecture po\u00e9tique et musicale autour de la th\u00e9matique viticole, m\u00ealant po\u00e9sie, chant et instrument, dans un esprit de \u00ab grappe musicale et charnue \u00bb. Cette double proposition invite le public \u00e0 une immersion sensorielle, entre ivresse po\u00e9tique, son et texte, dans un cadre culturel et convivial.\"},{\"@type\":\"BreadcrumbList\",\"@id\":\"https:\/\/www.locansol.fr\/evenement\/la-ligue-des-objets\/#breadcrumb\",\"itemListElement\":[{\"@type\":\"ListItem\",\"position\":1,\"name\":\"Accueil\",\"item\":\"https:\/\/www.locansol.fr\/\"},{\"@type\":\"ListItem\",\"position\":2,\"name\":\"\u00c9v\u00e8nements\",\"item\":\"https:\/\/www.locansol.fr\/evenements\/\"},{\"@type\":\"ListItem\",\"position\":3,\"name\":\"LA LIGUE DES OBJETS\"}]},{\"@type\":\"WebSite\",\"@id\":\"https:\/\/www.locansol.fr\/#website\",\"url\":\"https:\/\/www.locansol.fr\/\",\"name\":\"Locansol, louer un h\u00e9bergement dans les Pyr\u00e9n\u00e9es-Orientales\",\"description\":\"Location Mobil-home Mer M\u00e9diterran\u00e9e &amp; Chalet de Montagne dans les Pyr\u00e9n\u00e9es Orientales (Occitanie, 66). Weekend, s\u00e9jour &amp; vacances en famille et entre amis.\",\"publisher\":{\"@id\":\"https:\/\/www.locansol.fr\/#organization\"},\"alternateName\":\"Louer un h\u00e9bergement dans les Pyr\u00e9n\u00e9es Orientales, chalet & mobil-home en Occitanie\",\"potentialAction\":[{\"@type\":\"SearchAction\",\"target\":{\"@type\":\"EntryPoint\",\"urlTemplate\":\"https:\/\/www.locansol.fr\/?s={search_term_string}\"},\"query-input\":{\"@type\":\"PropertyValueSpecification\",\"valueRequired\":true,\"valueName\":\"search_term_string\"}}],\"inLanguage\":\"ca\"},{\"@type\":\"Organization\",\"@id\":\"https:\/\/www.locansol.fr\/#organization\",\"name\":\"Location MobilHome & chalet dans les Pyr\u00e9n\u00e9es Orientales\",\"alternateName\":\"Louer un h\u00e9bergement dans les Pyr\u00e9n\u00e9es Orientales en Occitanie\",\"url\":\"https:\/\/www.locansol.fr\/\",\"logo\":{\"@type\":\"ImageObject\",\"inLanguage\":\"ca\",\"@id\":\"https:\/\/www.locansol.fr\/#\/schema\/logo\/image\/\",\"url\":\"https:\/\/www.locansol.fr\/wp-content\/uploads\/2024\/04\/AdobeStock_303324767-scaled.jpeg\",\"contentUrl\":\"https:\/\/www.locansol.fr\/wp-content\/uploads\/2024\/04\/AdobeStock_303324767-scaled.jpeg\",\"width\":2560,\"height\":1707,\"caption\":\"Location MobilHome & chalet dans les Pyr\u00e9n\u00e9es Orientales\"},\"image\":{\"@id\":\"https:\/\/www.locansol.fr\/#\/schema\/logo\/image\/\"}}]}<\/script>\n<!-- \/ Yoast SEO Premium plugin. -->","yoast_head_json":{"title":"LA LIGUE DES OBJETS | Locansol, louer un h\u00e9bergement dans les Pyr\u00e9n\u00e9es Orientales","robots":{"index":"index","follow":"follow","max-snippet":"max-snippet:-1","max-image-preview":"max-image-preview:large","max-video-preview":"max-video-preview:-1"},"canonical":"https:\/\/www.locansol.fr\/ca\/evenement\/la-ligue-des-objets\/","og_locale":"ca_ES","og_type":"article","og_title":"LA LIGUE DES OBJETS","og_description":"Le 12 f\u00e9vrier \u00e0 20h30, l&rsquo;El Mediator \u00e0 Perpignan accueille un concert unique de La Ligue des Objets, projet port\u00e9 par le collectif Freddy Morezon. Ce groupe d\u00e9veloppe une esth\u00e9tique [&hellip;]","og_url":"https:\/\/www.locansol.fr\/ca\/evenement\/la-ligue-des-objets\/","og_site_name":"Locansol, louer un h\u00e9bergement dans les Pyr\u00e9n\u00e9es Orientales","og_image":[{"width":1024,"height":512,"url":"https:\/\/www.locansol.fr\/wp-content\/uploads\/2026\/02\/concert-immersive-sound-poetic.webp","type":"image\/webp"}],"twitter_card":"summary_large_image","twitter_misc":{"Temps estimat de lectura":"1 minut"},"schema":{"@context":"https:\/\/schema.org","@graph":[{"@type":"WebPage","@id":"https:\/\/www.locansol.fr\/evenement\/la-ligue-des-objets\/","url":"https:\/\/www.locansol.fr\/evenement\/la-ligue-des-objets\/","name":"LA LIGUE DES OBJETS | Locansol, louer un h\u00e9bergement dans les Pyr\u00e9n\u00e9es Orientales","isPartOf":{"@id":"https:\/\/www.locansol.fr\/#website"},"primaryImageOfPage":{"@id":"https:\/\/www.locansol.fr\/evenement\/la-ligue-des-objets\/#primaryimage"},"image":{"@id":"https:\/\/www.locansol.fr\/evenement\/la-ligue-des-objets\/#primaryimage"},"thumbnailUrl":"https:\/\/www.locansol.fr\/wp-content\/uploads\/2026\/02\/concert-immersive-sound-poetic.webp","datePublished":"2026-02-13T00:53:26+00:00","breadcrumb":{"@id":"https:\/\/www.locansol.fr\/evenement\/la-ligue-des-objets\/#breadcrumb"},"inLanguage":"ca","potentialAction":[{"@type":"ReadAction","target":["https:\/\/www.locansol.fr\/evenement\/la-ligue-des-objets\/"]}]},{"@type":"ImageObject","inLanguage":"ca","@id":"https:\/\/www.locansol.fr\/evenement\/la-ligue-des-objets\/#primaryimage","url":"https:\/\/www.locansol.fr\/wp-content\/uploads\/2026\/02\/concert-immersive-sound-poetic.webp","contentUrl":"https:\/\/www.locansol.fr\/wp-content\/uploads\/2026\/02\/concert-immersive-sound-poetic.webp","width":1024,"height":512,"caption":"Le 12 f\u00e9vrier \u00e0 20h30, l'El Mediator \u00e0 Perpignan accueille un concert unique de La Ligue des Objets, projet port\u00e9 par le collectif Freddy Morezon. Ce groupe d\u00e9veloppe une esth\u00e9tique pop hybride, influenc\u00e9e par des artistes comme l'Orchestre Tout Puissant Marcel Duchamp, Sons of Kemet ou Horse Lords. Il m\u00eale instruments acoustiques anciens et modernes, musiques \u00e9lectroniques inspir\u00e9es des premiers jeux vid\u00e9o, improvisation libre et musique de chambre. L'objectif est de cr\u00e9er un son artisanal et ludique, o\u00f9 recherche sonore exigeante et accessibilit\u00e9 s'entrem\u00ealent. Le projet s'inscrit dans une d\u00e9marche artistique ouverte, avec des partenariats entre milieux urbains et ruraux. Le concert est organis\u00e9 en coproduction avec Jazz\u00e8bre et soutient l'association Aziza. Il s'inscrit dans une programmation musicale riche, avec une ambiance intime et une proposition sonore \u00e0 la fois exp\u00e9rimentale et accessible. En compl\u00e9ment, le groupe L'Ivresse, compos\u00e9 de Ninon de Graaff et Sylvain Tichadou, pr\u00e9sente une lecture po\u00e9tique et musicale autour de la th\u00e9matique viticole, m\u00ealant po\u00e9sie, chant et instrument, dans un esprit de \u00ab grappe musicale et charnue \u00bb. Cette double proposition invite le public \u00e0 une immersion sensorielle, entre ivresse po\u00e9tique, son et texte, dans un cadre culturel et convivial."},{"@type":"BreadcrumbList","@id":"https:\/\/www.locansol.fr\/evenement\/la-ligue-des-objets\/#breadcrumb","itemListElement":[{"@type":"ListItem","position":1,"name":"Accueil","item":"https:\/\/www.locansol.fr\/"},{"@type":"ListItem","position":2,"name":"\u00c9v\u00e8nements","item":"https:\/\/www.locansol.fr\/evenements\/"},{"@type":"ListItem","position":3,"name":"LA LIGUE DES OBJETS"}]},{"@type":"WebSite","@id":"https:\/\/www.locansol.fr\/#website","url":"https:\/\/www.locansol.fr\/","name":"Locansol, louer un h\u00e9bergement dans les Pyr\u00e9n\u00e9es-Orientales","description":"Location Mobil-home Mer M\u00e9diterran\u00e9e &amp; Chalet de Montagne dans les Pyr\u00e9n\u00e9es Orientales (Occitanie, 66). Weekend, s\u00e9jour &amp; vacances en famille et entre amis.","publisher":{"@id":"https:\/\/www.locansol.fr\/#organization"},"alternateName":"Louer un h\u00e9bergement dans les Pyr\u00e9n\u00e9es Orientales, chalet & mobil-home en Occitanie","potentialAction":[{"@type":"SearchAction","target":{"@type":"EntryPoint","urlTemplate":"https:\/\/www.locansol.fr\/?s={search_term_string}"},"query-input":{"@type":"PropertyValueSpecification","valueRequired":true,"valueName":"search_term_string"}}],"inLanguage":"ca"},{"@type":"Organization","@id":"https:\/\/www.locansol.fr\/#organization","name":"Location MobilHome & chalet dans les Pyr\u00e9n\u00e9es Orientales","alternateName":"Louer un h\u00e9bergement dans les Pyr\u00e9n\u00e9es Orientales en Occitanie","url":"https:\/\/www.locansol.fr\/","logo":{"@type":"ImageObject","inLanguage":"ca","@id":"https:\/\/www.locansol.fr\/#\/schema\/logo\/image\/","url":"https:\/\/www.locansol.fr\/wp-content\/uploads\/2024\/04\/AdobeStock_303324767-scaled.jpeg","contentUrl":"https:\/\/www.locansol.fr\/wp-content\/uploads\/2024\/04\/AdobeStock_303324767-scaled.jpeg","width":2560,"height":1707,"caption":"Location MobilHome & chalet dans les Pyr\u00e9n\u00e9es Orientales"},"image":{"@id":"https:\/\/www.locansol.fr\/#\/schema\/logo\/image\/"}}]}},"_links":{"self":[{"href":"https:\/\/www.locansol.fr\/ca\/wp-json\/wp\/v2\/tribe_events\/2656","targetHints":{"allow":["GET"]}}],"collection":[{"href":"https:\/\/www.locansol.fr\/ca\/wp-json\/wp\/v2\/tribe_events"}],"about":[{"href":"https:\/\/www.locansol.fr\/ca\/wp-json\/wp\/v2\/types\/tribe_events"}],"author":[{"embeddable":true,"href":"https:\/\/www.locansol.fr\/ca\/wp-json\/wp\/v2\/users\/5"}],"version-history":[{"count":1,"href":"https:\/\/www.locansol.fr\/ca\/wp-json\/wp\/v2\/tribe_events\/2656\/revisions"}],"predecessor-version":[{"id":2769,"href":"https:\/\/www.locansol.fr\/ca\/wp-json\/wp\/v2\/tribe_events\/2656\/revisions\/2769"}],"wp:featuredmedia":[{"embeddable":true,"href":"https:\/\/www.locansol.fr\/ca\/wp-json\/wp\/v2\/media\/2653"}],"wp:attachment":[{"href":"https:\/\/www.locansol.fr\/ca\/wp-json\/wp\/v2\/media?parent=2656"}],"wp:term":[{"taxonomy":"post_tag","embeddable":true,"href":"https:\/\/www.locansol.fr\/ca\/wp-json\/wp\/v2\/tags?post=2656"},{"taxonomy":"tribe_events_cat","embeddable":true,"href":"https:\/\/www.locansol.fr\/ca\/wp-json\/wp\/v2\/tribe_events_cat?post=2656"}],"curies":[{"name":"wp","href":"https:\/\/api.w.org\/{rel}","templated":true}]}}