{"id":2676,"date":"2026-02-13T01:53:24","date_gmt":"2026-02-13T00:53:24","guid":{"rendered":"https:\/\/www.locansol.fr\/?post_type=tribe_events&#038;p=2676"},"modified":"2026-02-13T01:53:24","modified_gmt":"2026-02-13T00:53:24","slug":"conference-les-tours-de-guet-et-a-signaux-dans-les-pyrenees-orientales","status":"publish","type":"tribe_events","link":"https:\/\/www.locansol.fr\/ca\/evenement\/conference-les-tours-de-guet-et-a-signaux-dans-les-pyrenees-orientales\/","title":{"rendered":"CONF\u00c9RENCE : LES TOURS DE GUET ET \u00c0 SIGNAUX DANS LES PYR\u00c9N\u00c9ES-ORIENTALES"},"content":{"rendered":"<p>L\u2019association Trait d\u2019Union Saint-Jeannais organise une conf\u00e9rence le jeudi 12 f\u00e9vrier \u00e0 18 h 30 au restaurant Les Abeilles, \u00e0 Saint-Jean-Pla-de-Corts. Cette rencontre, gratuite et ouverte \u00e0 tous, est consacr\u00e9e aux tours de guet et aux syst\u00e8mes de signaux des Pyr\u00e9n\u00e9es-Orientales, un r\u00e9seau historique souvent m\u00e9connu du patrimoine local. Pr\u00e9sent\u00e9e par Jean Boiss\u00e9e, historien et auteur, la conf\u00e9rence propose un regard approfondi sur ce dispositif de surveillance et de communication mis en place \u00e0 partir du Moyen \u00c2ge, notamment sous le r\u00e8gne des rois de Majorque au XIIIe si\u00e8cle. Jean Boiss\u00e9e, passionn\u00e9 par l\u2019histoire et le patrimoine des Pyr\u00e9n\u00e9es-Orientales, a consacr\u00e9 plusieurs ann\u00e9es \u00e0 l\u2019\u00e9tude de ces tours, dont il a publi\u00e9 un ouvrage en janvier 2025. L\u2019\u00e9v\u00e9nement s\u2019inscrit dans une d\u00e9marche de valorisation du patrimoine immat\u00e9riel et de sensibilisation au pass\u00e9 d\u00e9fensif du territoire. Il se conclura par un ap\u00e9ritif participatif, suivi d\u2019un repas \u00e0 th\u00e8me sur inscription. Le restaurant Les Abeilles, situ\u00e9 au 1 Rue du Boulodrome, est un \u00e9tablissement connu pour son accueil chaleureux et son ambiance conviviale, reconnu dans la r\u00e9gion pour sa cuisine locale et son cadre authentique.<\/p>\n<p><\/p>\n<h3>R\u00e9servez votre h\u00e9bergement dans les Pyr\u00e9n\u00e9es-Orientales :<\/h3>\n<p><b>Mobil-home Locansol \u00e0 Argel\u00e8s-sur-Mer<\/b><br \/>\nTrajet le plus court : 24 km<br \/>\nTrajet le plus rapide : 26 min<\/p>\n<p><b>Chalet Locansol \u00e0 Estavar<\/b><br \/>\nTrajet le plus court : 116 km<br \/>\nTrajet le plus rapide : 1 h 46 min<\/p>","protected":false},"excerpt":{"rendered":"<p>L\u2019association Trait d\u2019Union Saint-Jeannais organise une conf\u00e9rence le jeudi 12 f\u00e9vrier \u00e0 18 h 30 au restaurant Les Abeilles, \u00e0 Saint-Jean-Pla-de-Corts. Cette rencontre, gratuite et ouverte \u00e0 tous, est consacr\u00e9e [&hellip;]<\/p>","protected":false},"author":5,"featured_media":2673,"template":"","meta":{"_yoast_wpseo_focuskw":"","_yoast_wpseo_title":"","_yoast_wpseo_metadesc":"","_yoast_wpseo_canonical":"","_yoast_wpseo_opengraph-title":"","_yoast_wpseo_opengraph-description":"","_yoast_wpseo_opengraph-image":"","_yoast_wpseo_opengraph-image-id":"","_yoast_wpseo_twitter-title":"","_yoast_wpseo_twitter-description":"","_yoast_wpseo_twitter-image":"","_yoast_wpseo_twitter-image-id":"","yoast_primary_category":"","_tribe_events_status":"","_tribe_events_status_reason":"","_tribe_events_is_hybrid":"","_tribe_events_is_virtual":"","_tribe_events_virtual_video_source":"","_tribe_events_virtual_embed_video":"","_tribe_events_virtual_linked_button_text":"","_tribe_events_virtual_linked_button":"","_tribe_events_virtual_show_embed_at":"","_tribe_events_virtual_show_embed_to":[],"_tribe_events_virtual_show_on_event":"","_tribe_events_virtual_show_on_views":"","_tribe_events_virtual_url":"","footnotes":""},"tags":[66,76],"tribe_events_cat":[87,138,157],"class_list":["post-2676","tribe_events","type-tribe_events","status-publish","has-post-thumbnail","hentry","tag-evenement-culturel","tag-pyrenees-orientales","tribe_events_cat-debat-conference","tribe_events_cat-evenement-culturel","tribe_events_cat-histoire","cat_debat-conference","cat_evenement-culturel","cat_histoire"],"yoast_head":"<!-- This site is optimized with the Yoast SEO Premium plugin v23.3 (Yoast SEO v26.9) - https:\/\/yoast.com\/product\/yoast-seo-premium-wordpress\/ -->\n<title>CONF\u00c9RENCE : LES TOURS DE GUET ET \u00c0 SIGNAUX DANS LES PYR\u00c9N\u00c9ES-ORIENTALES | Locansol, louer un h\u00e9bergement dans les Pyr\u00e9n\u00e9es Orientales<\/title>\n<meta name=\"robots\" content=\"index, follow, max-snippet:-1, max-image-preview:large, max-video-preview:-1\" \/>\n<link rel=\"canonical\" href=\"https:\/\/www.locansol.fr\/ca\/evenement\/conference-les-tours-de-guet-et-a-signaux-dans-les-pyrenees-orientales\/\" \/>\n<meta property=\"og:locale\" content=\"ca_ES\" \/>\n<meta property=\"og:type\" content=\"article\" \/>\n<meta property=\"og:title\" content=\"CONF\u00c9RENCE : LES TOURS DE GUET ET \u00c0 SIGNAUX DANS LES PYR\u00c9N\u00c9ES-ORIENTALES\" \/>\n<meta property=\"og:description\" content=\"L\u2019association Trait d\u2019Union Saint-Jeannais organise une conf\u00e9rence le jeudi 12 f\u00e9vrier \u00e0 18 h 30 au restaurant Les Abeilles, \u00e0 Saint-Jean-Pla-de-Corts. Cette rencontre, gratuite et ouverte \u00e0 tous, est consacr\u00e9e [&hellip;]\" \/>\n<meta property=\"og:url\" content=\"https:\/\/www.locansol.fr\/ca\/evenement\/conference-les-tours-de-guet-et-a-signaux-dans-les-pyrenees-orientales\/\" \/>\n<meta property=\"og:site_name\" content=\"Locansol, louer un h\u00e9bergement dans les Pyr\u00e9n\u00e9es Orientales\" \/>\n<meta property=\"og:image\" content=\"https:\/\/www.locansol.fr\/wp-content\/uploads\/2026\/02\/confyrence-tours-guet-medievales.webp\" \/>\n\t<meta property=\"og:image:width\" content=\"1228\" \/>\n\t<meta property=\"og:image:height\" content=\"1736\" \/>\n\t<meta property=\"og:image:type\" content=\"image\/webp\" \/>\n<meta name=\"twitter:card\" content=\"summary_large_image\" \/>\n<meta name=\"twitter:label1\" content=\"Temps estimat de lectura\" \/>\n\t<meta name=\"twitter:data1\" content=\"1 minut\" \/>\n<script type=\"application\/ld+json\" class=\"yoast-schema-graph\">{\"@context\":\"https:\/\/schema.org\",\"@graph\":[{\"@type\":\"WebPage\",\"@id\":\"https:\/\/www.locansol.fr\/evenement\/conference-les-tours-de-guet-et-a-signaux-dans-les-pyrenees-orientales\/\",\"url\":\"https:\/\/www.locansol.fr\/evenement\/conference-les-tours-de-guet-et-a-signaux-dans-les-pyrenees-orientales\/\",\"name\":\"CONF\u00c9RENCE : LES TOURS DE GUET ET \u00c0 SIGNAUX DANS LES PYR\u00c9N\u00c9ES-ORIENTALES | Locansol, louer un h\u00e9bergement dans les Pyr\u00e9n\u00e9es Orientales\",\"isPartOf\":{\"@id\":\"https:\/\/www.locansol.fr\/#website\"},\"primaryImageOfPage\":{\"@id\":\"https:\/\/www.locansol.fr\/evenement\/conference-les-tours-de-guet-et-a-signaux-dans-les-pyrenees-orientales\/#primaryimage\"},\"image\":{\"@id\":\"https:\/\/www.locansol.fr\/evenement\/conference-les-tours-de-guet-et-a-signaux-dans-les-pyrenees-orientales\/#primaryimage\"},\"thumbnailUrl\":\"https:\/\/www.locansol.fr\/wp-content\/uploads\/2026\/02\/confyrence-tours-guet-medievales.webp\",\"datePublished\":\"2026-02-13T00:53:24+00:00\",\"breadcrumb\":{\"@id\":\"https:\/\/www.locansol.fr\/evenement\/conference-les-tours-de-guet-et-a-signaux-dans-les-pyrenees-orientales\/#breadcrumb\"},\"inLanguage\":\"ca\",\"potentialAction\":[{\"@type\":\"ReadAction\",\"target\":[\"https:\/\/www.locansol.fr\/evenement\/conference-les-tours-de-guet-et-a-signaux-dans-les-pyrenees-orientales\/\"]}]},{\"@type\":\"ImageObject\",\"inLanguage\":\"ca\",\"@id\":\"https:\/\/www.locansol.fr\/evenement\/conference-les-tours-de-guet-et-a-signaux-dans-les-pyrenees-orientales\/#primaryimage\",\"url\":\"https:\/\/www.locansol.fr\/wp-content\/uploads\/2026\/02\/confyrence-tours-guet-medievales.webp\",\"contentUrl\":\"https:\/\/www.locansol.fr\/wp-content\/uploads\/2026\/02\/confyrence-tours-guet-medievales.webp\",\"width\":1228,\"height\":1736,\"caption\":\"L\u2019association Trait d\u2019Union Saint-Jeannais organise une conf\u00e9rence le jeudi 12 f\u00e9vrier \u00e0 18 h 30 au restaurant Les Abeilles, \u00e0 Saint-Jean-Pla-de-Corts. Cette rencontre, gratuite et ouverte \u00e0 tous, est consacr\u00e9e aux tours de guet et aux syst\u00e8mes de signaux des Pyr\u00e9n\u00e9es-Orientales, un r\u00e9seau historique souvent m\u00e9connu du patrimoine local. Pr\u00e9sent\u00e9e par Jean Boiss\u00e9e, historien et auteur, la conf\u00e9rence propose un regard approfondi sur ce dispositif de surveillance et de communication mis en place \u00e0 partir du Moyen \u00c2ge, notamment sous le r\u00e8gne des rois de Majorque au XIIIe si\u00e8cle. Jean Boiss\u00e9e, passionn\u00e9 par l\u2019histoire et le patrimoine des Pyr\u00e9n\u00e9es-Orientales, a consacr\u00e9 plusieurs ann\u00e9es \u00e0 l\u2019\u00e9tude de ces tours, dont il a publi\u00e9 un ouvrage en janvier 2025. L\u2019\u00e9v\u00e9nement s\u2019inscrit dans une d\u00e9marche de valorisation du patrimoine immat\u00e9riel et de sensibilisation au pass\u00e9 d\u00e9fensif du territoire. Il se conclura par un ap\u00e9ritif participatif, suivi d\u2019un repas \u00e0 th\u00e8me sur inscription. Le restaurant Les Abeilles, situ\u00e9 au 1 Rue du Boulodrome, est un \u00e9tablissement connu pour son accueil chaleureux et son ambiance conviviale, reconnu dans la r\u00e9gion pour sa cuisine locale et son cadre authentique.\"},{\"@type\":\"BreadcrumbList\",\"@id\":\"https:\/\/www.locansol.fr\/evenement\/conference-les-tours-de-guet-et-a-signaux-dans-les-pyrenees-orientales\/#breadcrumb\",\"itemListElement\":[{\"@type\":\"ListItem\",\"position\":1,\"name\":\"Accueil\",\"item\":\"https:\/\/www.locansol.fr\/\"},{\"@type\":\"ListItem\",\"position\":2,\"name\":\"\u00c9v\u00e8nements\",\"item\":\"https:\/\/www.locansol.fr\/evenements\/\"},{\"@type\":\"ListItem\",\"position\":3,\"name\":\"CONF\u00c9RENCE : LES TOURS DE GUET ET \u00c0 SIGNAUX DANS LES PYR\u00c9N\u00c9ES-ORIENTALES\"}]},{\"@type\":\"WebSite\",\"@id\":\"https:\/\/www.locansol.fr\/#website\",\"url\":\"https:\/\/www.locansol.fr\/\",\"name\":\"Locansol, louer un h\u00e9bergement dans les Pyr\u00e9n\u00e9es-Orientales\",\"description\":\"Location Mobil-home Mer M\u00e9diterran\u00e9e &amp; Chalet de Montagne dans les Pyr\u00e9n\u00e9es Orientales (Occitanie, 66). Weekend, s\u00e9jour &amp; vacances en famille et entre amis.\",\"publisher\":{\"@id\":\"https:\/\/www.locansol.fr\/#organization\"},\"alternateName\":\"Louer un h\u00e9bergement dans les Pyr\u00e9n\u00e9es Orientales, chalet & mobil-home en Occitanie\",\"potentialAction\":[{\"@type\":\"SearchAction\",\"target\":{\"@type\":\"EntryPoint\",\"urlTemplate\":\"https:\/\/www.locansol.fr\/?s={search_term_string}\"},\"query-input\":{\"@type\":\"PropertyValueSpecification\",\"valueRequired\":true,\"valueName\":\"search_term_string\"}}],\"inLanguage\":\"ca\"},{\"@type\":\"Organization\",\"@id\":\"https:\/\/www.locansol.fr\/#organization\",\"name\":\"Location MobilHome & chalet dans les Pyr\u00e9n\u00e9es Orientales\",\"alternateName\":\"Louer un h\u00e9bergement dans les Pyr\u00e9n\u00e9es Orientales en Occitanie\",\"url\":\"https:\/\/www.locansol.fr\/\",\"logo\":{\"@type\":\"ImageObject\",\"inLanguage\":\"ca\",\"@id\":\"https:\/\/www.locansol.fr\/#\/schema\/logo\/image\/\",\"url\":\"https:\/\/www.locansol.fr\/wp-content\/uploads\/2024\/04\/AdobeStock_303324767-scaled.jpeg\",\"contentUrl\":\"https:\/\/www.locansol.fr\/wp-content\/uploads\/2024\/04\/AdobeStock_303324767-scaled.jpeg\",\"width\":2560,\"height\":1707,\"caption\":\"Location MobilHome & chalet dans les Pyr\u00e9n\u00e9es Orientales\"},\"image\":{\"@id\":\"https:\/\/www.locansol.fr\/#\/schema\/logo\/image\/\"}}]}<\/script>\n<!-- \/ Yoast SEO Premium plugin. -->","yoast_head_json":{"title":"CONF\u00c9RENCE : LES TOURS DE GUET ET \u00c0 SIGNAUX DANS LES PYR\u00c9N\u00c9ES-ORIENTALES | Locansol, louer un h\u00e9bergement dans les Pyr\u00e9n\u00e9es Orientales","robots":{"index":"index","follow":"follow","max-snippet":"max-snippet:-1","max-image-preview":"max-image-preview:large","max-video-preview":"max-video-preview:-1"},"canonical":"https:\/\/www.locansol.fr\/ca\/evenement\/conference-les-tours-de-guet-et-a-signaux-dans-les-pyrenees-orientales\/","og_locale":"ca_ES","og_type":"article","og_title":"CONF\u00c9RENCE : LES TOURS DE GUET ET \u00c0 SIGNAUX DANS LES PYR\u00c9N\u00c9ES-ORIENTALES","og_description":"L\u2019association Trait d\u2019Union Saint-Jeannais organise une conf\u00e9rence le jeudi 12 f\u00e9vrier \u00e0 18 h 30 au restaurant Les Abeilles, \u00e0 Saint-Jean-Pla-de-Corts. Cette rencontre, gratuite et ouverte \u00e0 tous, est consacr\u00e9e [&hellip;]","og_url":"https:\/\/www.locansol.fr\/ca\/evenement\/conference-les-tours-de-guet-et-a-signaux-dans-les-pyrenees-orientales\/","og_site_name":"Locansol, louer un h\u00e9bergement dans les Pyr\u00e9n\u00e9es Orientales","og_image":[{"width":1228,"height":1736,"url":"https:\/\/www.locansol.fr\/wp-content\/uploads\/2026\/02\/confyrence-tours-guet-medievales.webp","type":"image\/webp"}],"twitter_card":"summary_large_image","twitter_misc":{"Temps estimat de lectura":"1 minut"},"schema":{"@context":"https:\/\/schema.org","@graph":[{"@type":"WebPage","@id":"https:\/\/www.locansol.fr\/evenement\/conference-les-tours-de-guet-et-a-signaux-dans-les-pyrenees-orientales\/","url":"https:\/\/www.locansol.fr\/evenement\/conference-les-tours-de-guet-et-a-signaux-dans-les-pyrenees-orientales\/","name":"CONF\u00c9RENCE : LES TOURS DE GUET ET \u00c0 SIGNAUX DANS LES PYR\u00c9N\u00c9ES-ORIENTALES | Locansol, louer un h\u00e9bergement dans les Pyr\u00e9n\u00e9es Orientales","isPartOf":{"@id":"https:\/\/www.locansol.fr\/#website"},"primaryImageOfPage":{"@id":"https:\/\/www.locansol.fr\/evenement\/conference-les-tours-de-guet-et-a-signaux-dans-les-pyrenees-orientales\/#primaryimage"},"image":{"@id":"https:\/\/www.locansol.fr\/evenement\/conference-les-tours-de-guet-et-a-signaux-dans-les-pyrenees-orientales\/#primaryimage"},"thumbnailUrl":"https:\/\/www.locansol.fr\/wp-content\/uploads\/2026\/02\/confyrence-tours-guet-medievales.webp","datePublished":"2026-02-13T00:53:24+00:00","breadcrumb":{"@id":"https:\/\/www.locansol.fr\/evenement\/conference-les-tours-de-guet-et-a-signaux-dans-les-pyrenees-orientales\/#breadcrumb"},"inLanguage":"ca","potentialAction":[{"@type":"ReadAction","target":["https:\/\/www.locansol.fr\/evenement\/conference-les-tours-de-guet-et-a-signaux-dans-les-pyrenees-orientales\/"]}]},{"@type":"ImageObject","inLanguage":"ca","@id":"https:\/\/www.locansol.fr\/evenement\/conference-les-tours-de-guet-et-a-signaux-dans-les-pyrenees-orientales\/#primaryimage","url":"https:\/\/www.locansol.fr\/wp-content\/uploads\/2026\/02\/confyrence-tours-guet-medievales.webp","contentUrl":"https:\/\/www.locansol.fr\/wp-content\/uploads\/2026\/02\/confyrence-tours-guet-medievales.webp","width":1228,"height":1736,"caption":"L\u2019association Trait d\u2019Union Saint-Jeannais organise une conf\u00e9rence le jeudi 12 f\u00e9vrier \u00e0 18 h 30 au restaurant Les Abeilles, \u00e0 Saint-Jean-Pla-de-Corts. Cette rencontre, gratuite et ouverte \u00e0 tous, est consacr\u00e9e aux tours de guet et aux syst\u00e8mes de signaux des Pyr\u00e9n\u00e9es-Orientales, un r\u00e9seau historique souvent m\u00e9connu du patrimoine local. Pr\u00e9sent\u00e9e par Jean Boiss\u00e9e, historien et auteur, la conf\u00e9rence propose un regard approfondi sur ce dispositif de surveillance et de communication mis en place \u00e0 partir du Moyen \u00c2ge, notamment sous le r\u00e8gne des rois de Majorque au XIIIe si\u00e8cle. Jean Boiss\u00e9e, passionn\u00e9 par l\u2019histoire et le patrimoine des Pyr\u00e9n\u00e9es-Orientales, a consacr\u00e9 plusieurs ann\u00e9es \u00e0 l\u2019\u00e9tude de ces tours, dont il a publi\u00e9 un ouvrage en janvier 2025. L\u2019\u00e9v\u00e9nement s\u2019inscrit dans une d\u00e9marche de valorisation du patrimoine immat\u00e9riel et de sensibilisation au pass\u00e9 d\u00e9fensif du territoire. Il se conclura par un ap\u00e9ritif participatif, suivi d\u2019un repas \u00e0 th\u00e8me sur inscription. Le restaurant Les Abeilles, situ\u00e9 au 1 Rue du Boulodrome, est un \u00e9tablissement connu pour son accueil chaleureux et son ambiance conviviale, reconnu dans la r\u00e9gion pour sa cuisine locale et son cadre authentique."},{"@type":"BreadcrumbList","@id":"https:\/\/www.locansol.fr\/evenement\/conference-les-tours-de-guet-et-a-signaux-dans-les-pyrenees-orientales\/#breadcrumb","itemListElement":[{"@type":"ListItem","position":1,"name":"Accueil","item":"https:\/\/www.locansol.fr\/"},{"@type":"ListItem","position":2,"name":"\u00c9v\u00e8nements","item":"https:\/\/www.locansol.fr\/evenements\/"},{"@type":"ListItem","position":3,"name":"CONF\u00c9RENCE : LES TOURS DE GUET ET \u00c0 SIGNAUX DANS LES PYR\u00c9N\u00c9ES-ORIENTALES"}]},{"@type":"WebSite","@id":"https:\/\/www.locansol.fr\/#website","url":"https:\/\/www.locansol.fr\/","name":"Locansol, louer un h\u00e9bergement dans les Pyr\u00e9n\u00e9es-Orientales","description":"Location Mobil-home Mer M\u00e9diterran\u00e9e &amp; Chalet de Montagne dans les Pyr\u00e9n\u00e9es Orientales (Occitanie, 66). Weekend, s\u00e9jour &amp; vacances en famille et entre amis.","publisher":{"@id":"https:\/\/www.locansol.fr\/#organization"},"alternateName":"Louer un h\u00e9bergement dans les Pyr\u00e9n\u00e9es Orientales, chalet & mobil-home en Occitanie","potentialAction":[{"@type":"SearchAction","target":{"@type":"EntryPoint","urlTemplate":"https:\/\/www.locansol.fr\/?s={search_term_string}"},"query-input":{"@type":"PropertyValueSpecification","valueRequired":true,"valueName":"search_term_string"}}],"inLanguage":"ca"},{"@type":"Organization","@id":"https:\/\/www.locansol.fr\/#organization","name":"Location MobilHome & chalet dans les Pyr\u00e9n\u00e9es Orientales","alternateName":"Louer un h\u00e9bergement dans les Pyr\u00e9n\u00e9es Orientales en Occitanie","url":"https:\/\/www.locansol.fr\/","logo":{"@type":"ImageObject","inLanguage":"ca","@id":"https:\/\/www.locansol.fr\/#\/schema\/logo\/image\/","url":"https:\/\/www.locansol.fr\/wp-content\/uploads\/2024\/04\/AdobeStock_303324767-scaled.jpeg","contentUrl":"https:\/\/www.locansol.fr\/wp-content\/uploads\/2024\/04\/AdobeStock_303324767-scaled.jpeg","width":2560,"height":1707,"caption":"Location MobilHome & chalet dans les Pyr\u00e9n\u00e9es Orientales"},"image":{"@id":"https:\/\/www.locansol.fr\/#\/schema\/logo\/image\/"}}]}},"_links":{"self":[{"href":"https:\/\/www.locansol.fr\/ca\/wp-json\/wp\/v2\/tribe_events\/2676","targetHints":{"allow":["GET"]}}],"collection":[{"href":"https:\/\/www.locansol.fr\/ca\/wp-json\/wp\/v2\/tribe_events"}],"about":[{"href":"https:\/\/www.locansol.fr\/ca\/wp-json\/wp\/v2\/types\/tribe_events"}],"author":[{"embeddable":true,"href":"https:\/\/www.locansol.fr\/ca\/wp-json\/wp\/v2\/users\/5"}],"version-history":[{"count":1,"href":"https:\/\/www.locansol.fr\/ca\/wp-json\/wp\/v2\/tribe_events\/2676\/revisions"}],"predecessor-version":[{"id":2767,"href":"https:\/\/www.locansol.fr\/ca\/wp-json\/wp\/v2\/tribe_events\/2676\/revisions\/2767"}],"wp:featuredmedia":[{"embeddable":true,"href":"https:\/\/www.locansol.fr\/ca\/wp-json\/wp\/v2\/media\/2673"}],"wp:attachment":[{"href":"https:\/\/www.locansol.fr\/ca\/wp-json\/wp\/v2\/media?parent=2676"}],"wp:term":[{"taxonomy":"post_tag","embeddable":true,"href":"https:\/\/www.locansol.fr\/ca\/wp-json\/wp\/v2\/tags?post=2676"},{"taxonomy":"tribe_events_cat","embeddable":true,"href":"https:\/\/www.locansol.fr\/ca\/wp-json\/wp\/v2\/tribe_events_cat?post=2676"}],"curies":[{"name":"wp","href":"https:\/\/api.w.org\/{rel}","templated":true}]}}