{"id":2841,"date":"2026-02-13T02:44:06","date_gmt":"2026-02-13T01:44:06","guid":{"rendered":"https:\/\/www.locansol.fr\/evenement\/au-plaisir-des-mots\/"},"modified":"2026-02-13T02:44:06","modified_gmt":"2026-02-13T01:44:06","slug":"au-plaisir-des-mots","status":"publish","type":"tribe_events","link":"https:\/\/www.locansol.fr\/ca\/evenement\/au-plaisir-des-mots\/","title":{"rendered":"AU PLAISIR DES MOTS"},"content":{"rendered":"<p>Du 2 f\u00e9vrier au 2 mars 2026, la m\u00e9diath\u00e8que d&rsquo;Argel\u00e8s-sur-Mer accueille \u00ab Au Plaisir des Mots \u00bb, une s\u00e9rie de lectures po\u00e9tiques et litt\u00e9raires organis\u00e9e par les Amis de la M\u00e9diath\u00e8que. L&rsquo;\u00e9v\u00e9nement se d\u00e9roule chaque soir \u00e0 18h30, au 14, rue du 14 Juillet, dans le village, dans un cadre intimiste et chaleureux. Il propose des lectures de textes en prose ou en vers, tant tir\u00e9s de la litt\u00e9rature classique ou contemporaine que r\u00e9dig\u00e9s par les participants eux-m\u00eames. Des chansons et des \u00e9l\u00e9ments musicaux compl\u00e8tent le programme, offrant une exp\u00e9rience sensorielle et \u00e9motionnelle. Chaque s\u00e9ance aborde un th\u00e8me diff\u00e9rent, comme \u00ab La volupt\u00e9 \u00bb ou \u00ab La r\u00e9silience \u00bb, invitant le public \u00e0 explorer des facettes vari\u00e9es de l&rsquo;\u00e9criture et de la parole. L&rsquo;entr\u00e9e est gratuite, et l\u2019\u00e9v\u00e9nement est ouvert \u00e0 tous les publics, amateurs de litt\u00e9rature, de po\u00e9sie ou de rencontres culturelles. Organis\u00e9 par une association de loi 1901, \u00ab Au Plaisir des Mots \u00bb s&rsquo;inscrit dans une d\u00e9marche de promotion de la culture locale, renfor\u00e7ant le lien entre les habitants et la vie artistique du territoire. L&rsquo;ambiance conviviale, le choix des textes et la diversit\u00e9 des voix pr\u00e9sent\u00e9es en font un rendez-vous incontournable pour les amateurs de mots et de partage.<\/p>\n<p><\/p>\n<h3>R\u00e9servez votre h\u00e9bergement dans les Pyr\u00e9n\u00e9es-Orientales :<\/h3>\n<p><b>Mobil-home Locansol \u00e0 Argel\u00e8s-sur-Mer<\/b><br \/>Trajet le plus court : 61 km<br \/>Trajet le plus rapide : 1 h 0 min<\/p>\n<p><b>Chalet Locansol \u00e0 Estavar<\/b><br \/>Trajet le plus court : 65 km<br \/>Trajet le plus rapide : 1 h 14 min<\/p>","protected":false},"excerpt":{"rendered":"<p>Du 2 f\u00e9vrier au 2 mars 2026, la m\u00e9diath\u00e8que d&rsquo;Argel\u00e8s-sur-Mer accueille \u00ab Au Plaisir des Mots \u00bb, une s\u00e9rie de lectures po\u00e9tiques et litt\u00e9raires organis\u00e9e par les Amis de la [&hellip;]<\/p>","protected":false},"author":5,"featured_media":2837,"template":"","meta":{"_yoast_wpseo_focuskw":"","_yoast_wpseo_title":"","_yoast_wpseo_metadesc":"","_yoast_wpseo_canonical":"","_yoast_wpseo_opengraph-title":"","_yoast_wpseo_opengraph-description":"","_yoast_wpseo_opengraph-image":"","_yoast_wpseo_opengraph-image-id":"","_yoast_wpseo_twitter-title":"","_yoast_wpseo_twitter-description":"","_yoast_wpseo_twitter-image":"","_yoast_wpseo_twitter-image-id":"","yoast_primary_category":"","_tribe_events_status":"","_tribe_events_status_reason":"","_tribe_events_is_hybrid":"","_tribe_events_is_virtual":"","_tribe_events_virtual_video_source":"","_tribe_events_virtual_embed_video":"","_tribe_events_virtual_linked_button_text":"","_tribe_events_virtual_linked_button":"","_tribe_events_virtual_show_embed_at":"","_tribe_events_virtual_show_embed_to":[],"_tribe_events_virtual_show_on_event":"","_tribe_events_virtual_show_on_views":"","_tribe_events_virtual_url":"","footnotes":""},"tags":[66,76],"tribe_events_cat":[138,162,102],"class_list":["post-2841","tribe_events","type-tribe_events","status-publish","has-post-thumbnail","hentry","tag-evenement-culturel","tag-pyrenees-orientales","tribe_events_cat-evenement-culturel","tribe_events_cat-poesie","tribe_events_cat-spectacle","cat_evenement-culturel","cat_poesie","cat_spectacle"],"yoast_head":"<!-- This site is optimized with the Yoast SEO Premium plugin v23.3 (Yoast SEO v26.9) - https:\/\/yoast.com\/product\/yoast-seo-premium-wordpress\/ -->\n<title>AU PLAISIR DES MOTS | Locansol, louer un h\u00e9bergement dans les Pyr\u00e9n\u00e9es Orientales<\/title>\n<meta name=\"robots\" content=\"index, follow, max-snippet:-1, max-image-preview:large, max-video-preview:-1\" \/>\n<link rel=\"canonical\" href=\"https:\/\/www.locansol.fr\/ca\/evenement\/au-plaisir-des-mots\/\" \/>\n<meta property=\"og:locale\" content=\"ca_ES\" \/>\n<meta property=\"og:type\" content=\"article\" \/>\n<meta property=\"og:title\" content=\"AU PLAISIR DES MOTS\" \/>\n<meta property=\"og:description\" content=\"Du 2 f\u00e9vrier au 2 mars 2026, la m\u00e9diath\u00e8que d&rsquo;Argel\u00e8s-sur-Mer accueille \u00ab Au Plaisir des Mots \u00bb, une s\u00e9rie de lectures po\u00e9tiques et litt\u00e9raires organis\u00e9e par les Amis de la [&hellip;]\" \/>\n<meta property=\"og:url\" content=\"https:\/\/www.locansol.fr\/ca\/evenement\/au-plaisir-des-mots\/\" \/>\n<meta property=\"og:site_name\" content=\"Locansol, louer un h\u00e9bergement dans les Pyr\u00e9n\u00e9es Orientales\" \/>\n<meta property=\"og:image\" content=\"https:\/\/www.locansol.fr\/wp-content\/uploads\/2024\/04\/AdobeStock_303324767-scaled.jpeg\" \/>\n\t<meta property=\"og:image:width\" content=\"2560\" \/>\n\t<meta property=\"og:image:height\" content=\"1707\" \/>\n\t<meta property=\"og:image:type\" content=\"image\/jpeg\" \/>\n<meta name=\"twitter:card\" content=\"summary_large_image\" \/>\n<meta name=\"twitter:label1\" content=\"Temps estimat de lectura\" \/>\n\t<meta name=\"twitter:data1\" content=\"1 minut\" \/>\n<script type=\"application\/ld+json\" class=\"yoast-schema-graph\">{\"@context\":\"https:\/\/schema.org\",\"@graph\":[{\"@type\":\"WebPage\",\"@id\":\"https:\/\/www.locansol.fr\/evenement\/au-plaisir-des-mots\/\",\"url\":\"https:\/\/www.locansol.fr\/evenement\/au-plaisir-des-mots\/\",\"name\":\"AU PLAISIR DES MOTS | Locansol, louer un h\u00e9bergement dans les Pyr\u00e9n\u00e9es Orientales\",\"isPartOf\":{\"@id\":\"https:\/\/www.locansol.fr\/#website\"},\"primaryImageOfPage\":{\"@id\":\"https:\/\/www.locansol.fr\/evenement\/au-plaisir-des-mots\/#primaryimage\"},\"image\":{\"@id\":\"https:\/\/www.locansol.fr\/evenement\/au-plaisir-des-mots\/#primaryimage\"},\"thumbnailUrl\":\"https:\/\/www.locansol.fr\/wp-content\/uploads\/2026\/02\/spectacle-poetique-argeles-sur-mer.webp\",\"datePublished\":\"2026-02-13T01:44:06+00:00\",\"breadcrumb\":{\"@id\":\"https:\/\/www.locansol.fr\/evenement\/au-plaisir-des-mots\/#breadcrumb\"},\"inLanguage\":\"ca\",\"potentialAction\":[{\"@type\":\"ReadAction\",\"target\":[\"https:\/\/www.locansol.fr\/evenement\/au-plaisir-des-mots\/\"]}]},{\"@type\":\"ImageObject\",\"inLanguage\":\"ca\",\"@id\":\"https:\/\/www.locansol.fr\/evenement\/au-plaisir-des-mots\/#primaryimage\",\"url\":\"https:\/\/www.locansol.fr\/wp-content\/uploads\/2026\/02\/spectacle-poetique-argeles-sur-mer.webp\",\"contentUrl\":\"https:\/\/www.locansol.fr\/wp-content\/uploads\/2026\/02\/spectacle-poetique-argeles-sur-mer.webp\",\"width\":1240,\"height\":1754,\"caption\":\"Du 2 f\u00e9vrier au 2 mars 2026, la m\u00e9diath\u00e8que d'Argel\u00e8s-sur-Mer accueille \u00ab Au Plaisir des Mots \u00bb, une s\u00e9rie de lectures po\u00e9tiques et litt\u00e9raires organis\u00e9e par les Amis de la M\u00e9diath\u00e8que. L'\u00e9v\u00e9nement se d\u00e9roule chaque soir \u00e0 18h30, au 14, rue du 14 Juillet, dans le village, dans un cadre intimiste et chaleureux. Il propose des lectures de textes en prose ou en vers, tant tir\u00e9s de la litt\u00e9rature classique ou contemporaine que r\u00e9dig\u00e9s par les participants eux-m\u00eames. Des chansons et des \u00e9l\u00e9ments musicaux compl\u00e8tent le programme, offrant une exp\u00e9rience sensorielle et \u00e9motionnelle. Chaque s\u00e9ance aborde un th\u00e8me diff\u00e9rent, comme \u00ab La volupt\u00e9 \u00bb ou \u00ab La r\u00e9silience \u00bb, invitant le public \u00e0 explorer des facettes vari\u00e9es de l'\u00e9criture et de la parole. L'entr\u00e9e est gratuite, et l\u2019\u00e9v\u00e9nement est ouvert \u00e0 tous les publics, amateurs de litt\u00e9rature, de po\u00e9sie ou de rencontres culturelles. Organis\u00e9 par une association de loi 1901, \u00ab Au Plaisir des Mots \u00bb s'inscrit dans une d\u00e9marche de promotion de la culture locale, renfor\u00e7ant le lien entre les habitants et la vie artistique du territoire. L'ambiance conviviale, le choix des textes et la diversit\u00e9 des voix pr\u00e9sent\u00e9es en font un rendez-vous incontournable pour les amateurs de mots et de partage.\"},{\"@type\":\"BreadcrumbList\",\"@id\":\"https:\/\/www.locansol.fr\/evenement\/au-plaisir-des-mots\/#breadcrumb\",\"itemListElement\":[{\"@type\":\"ListItem\",\"position\":1,\"name\":\"Accueil\",\"item\":\"https:\/\/www.locansol.fr\/\"},{\"@type\":\"ListItem\",\"position\":2,\"name\":\"\u00c9v\u00e8nements\",\"item\":\"https:\/\/www.locansol.fr\/evenements\/\"},{\"@type\":\"ListItem\",\"position\":3,\"name\":\"AU PLAISIR DES MOTS\"}]},{\"@type\":\"WebSite\",\"@id\":\"https:\/\/www.locansol.fr\/#website\",\"url\":\"https:\/\/www.locansol.fr\/\",\"name\":\"Locansol, louer un h\u00e9bergement dans les Pyr\u00e9n\u00e9es-Orientales\",\"description\":\"Location Mobil-home Mer M\u00e9diterran\u00e9e &amp; Chalet de Montagne dans les Pyr\u00e9n\u00e9es Orientales (Occitanie, 66). Weekend, s\u00e9jour &amp; vacances en famille et entre amis.\",\"publisher\":{\"@id\":\"https:\/\/www.locansol.fr\/#organization\"},\"alternateName\":\"Louer un h\u00e9bergement dans les Pyr\u00e9n\u00e9es Orientales, chalet & mobil-home en Occitanie\",\"potentialAction\":[{\"@type\":\"SearchAction\",\"target\":{\"@type\":\"EntryPoint\",\"urlTemplate\":\"https:\/\/www.locansol.fr\/?s={search_term_string}\"},\"query-input\":{\"@type\":\"PropertyValueSpecification\",\"valueRequired\":true,\"valueName\":\"search_term_string\"}}],\"inLanguage\":\"ca\"},{\"@type\":\"Organization\",\"@id\":\"https:\/\/www.locansol.fr\/#organization\",\"name\":\"Location MobilHome & chalet dans les Pyr\u00e9n\u00e9es Orientales\",\"alternateName\":\"Louer un h\u00e9bergement dans les Pyr\u00e9n\u00e9es Orientales en Occitanie\",\"url\":\"https:\/\/www.locansol.fr\/\",\"logo\":{\"@type\":\"ImageObject\",\"inLanguage\":\"ca\",\"@id\":\"https:\/\/www.locansol.fr\/#\/schema\/logo\/image\/\",\"url\":\"https:\/\/www.locansol.fr\/wp-content\/uploads\/2024\/04\/AdobeStock_303324767-scaled.jpeg\",\"contentUrl\":\"https:\/\/www.locansol.fr\/wp-content\/uploads\/2024\/04\/AdobeStock_303324767-scaled.jpeg\",\"width\":2560,\"height\":1707,\"caption\":\"Location MobilHome & chalet dans les Pyr\u00e9n\u00e9es Orientales\"},\"image\":{\"@id\":\"https:\/\/www.locansol.fr\/#\/schema\/logo\/image\/\"}}]}<\/script>\n<!-- \/ Yoast SEO Premium plugin. -->","yoast_head_json":{"title":"AU PLAISIR DES MOTS | Locansol, louer un h\u00e9bergement dans les Pyr\u00e9n\u00e9es Orientales","robots":{"index":"index","follow":"follow","max-snippet":"max-snippet:-1","max-image-preview":"max-image-preview:large","max-video-preview":"max-video-preview:-1"},"canonical":"https:\/\/www.locansol.fr\/ca\/evenement\/au-plaisir-des-mots\/","og_locale":"ca_ES","og_type":"article","og_title":"AU PLAISIR DES MOTS","og_description":"Du 2 f\u00e9vrier au 2 mars 2026, la m\u00e9diath\u00e8que d&rsquo;Argel\u00e8s-sur-Mer accueille \u00ab Au Plaisir des Mots \u00bb, une s\u00e9rie de lectures po\u00e9tiques et litt\u00e9raires organis\u00e9e par les Amis de la [&hellip;]","og_url":"https:\/\/www.locansol.fr\/ca\/evenement\/au-plaisir-des-mots\/","og_site_name":"Locansol, louer un h\u00e9bergement dans les Pyr\u00e9n\u00e9es Orientales","og_image":[{"width":2560,"height":1707,"url":"https:\/\/www.locansol.fr\/wp-content\/uploads\/2024\/04\/AdobeStock_303324767-scaled.jpeg","type":"image\/jpeg"}],"twitter_card":"summary_large_image","twitter_misc":{"Temps estimat de lectura":"1 minut"},"schema":{"@context":"https:\/\/schema.org","@graph":[{"@type":"WebPage","@id":"https:\/\/www.locansol.fr\/evenement\/au-plaisir-des-mots\/","url":"https:\/\/www.locansol.fr\/evenement\/au-plaisir-des-mots\/","name":"AU PLAISIR DES MOTS | Locansol, louer un h\u00e9bergement dans les Pyr\u00e9n\u00e9es Orientales","isPartOf":{"@id":"https:\/\/www.locansol.fr\/#website"},"primaryImageOfPage":{"@id":"https:\/\/www.locansol.fr\/evenement\/au-plaisir-des-mots\/#primaryimage"},"image":{"@id":"https:\/\/www.locansol.fr\/evenement\/au-plaisir-des-mots\/#primaryimage"},"thumbnailUrl":"https:\/\/www.locansol.fr\/wp-content\/uploads\/2026\/02\/spectacle-poetique-argeles-sur-mer.webp","datePublished":"2026-02-13T01:44:06+00:00","breadcrumb":{"@id":"https:\/\/www.locansol.fr\/evenement\/au-plaisir-des-mots\/#breadcrumb"},"inLanguage":"ca","potentialAction":[{"@type":"ReadAction","target":["https:\/\/www.locansol.fr\/evenement\/au-plaisir-des-mots\/"]}]},{"@type":"ImageObject","inLanguage":"ca","@id":"https:\/\/www.locansol.fr\/evenement\/au-plaisir-des-mots\/#primaryimage","url":"https:\/\/www.locansol.fr\/wp-content\/uploads\/2026\/02\/spectacle-poetique-argeles-sur-mer.webp","contentUrl":"https:\/\/www.locansol.fr\/wp-content\/uploads\/2026\/02\/spectacle-poetique-argeles-sur-mer.webp","width":1240,"height":1754,"caption":"Du 2 f\u00e9vrier au 2 mars 2026, la m\u00e9diath\u00e8que d'Argel\u00e8s-sur-Mer accueille \u00ab Au Plaisir des Mots \u00bb, une s\u00e9rie de lectures po\u00e9tiques et litt\u00e9raires organis\u00e9e par les Amis de la M\u00e9diath\u00e8que. L'\u00e9v\u00e9nement se d\u00e9roule chaque soir \u00e0 18h30, au 14, rue du 14 Juillet, dans le village, dans un cadre intimiste et chaleureux. Il propose des lectures de textes en prose ou en vers, tant tir\u00e9s de la litt\u00e9rature classique ou contemporaine que r\u00e9dig\u00e9s par les participants eux-m\u00eames. Des chansons et des \u00e9l\u00e9ments musicaux compl\u00e8tent le programme, offrant une exp\u00e9rience sensorielle et \u00e9motionnelle. Chaque s\u00e9ance aborde un th\u00e8me diff\u00e9rent, comme \u00ab La volupt\u00e9 \u00bb ou \u00ab La r\u00e9silience \u00bb, invitant le public \u00e0 explorer des facettes vari\u00e9es de l'\u00e9criture et de la parole. L'entr\u00e9e est gratuite, et l\u2019\u00e9v\u00e9nement est ouvert \u00e0 tous les publics, amateurs de litt\u00e9rature, de po\u00e9sie ou de rencontres culturelles. Organis\u00e9 par une association de loi 1901, \u00ab Au Plaisir des Mots \u00bb s'inscrit dans une d\u00e9marche de promotion de la culture locale, renfor\u00e7ant le lien entre les habitants et la vie artistique du territoire. L'ambiance conviviale, le choix des textes et la diversit\u00e9 des voix pr\u00e9sent\u00e9es en font un rendez-vous incontournable pour les amateurs de mots et de partage."},{"@type":"BreadcrumbList","@id":"https:\/\/www.locansol.fr\/evenement\/au-plaisir-des-mots\/#breadcrumb","itemListElement":[{"@type":"ListItem","position":1,"name":"Accueil","item":"https:\/\/www.locansol.fr\/"},{"@type":"ListItem","position":2,"name":"\u00c9v\u00e8nements","item":"https:\/\/www.locansol.fr\/evenements\/"},{"@type":"ListItem","position":3,"name":"AU PLAISIR DES MOTS"}]},{"@type":"WebSite","@id":"https:\/\/www.locansol.fr\/#website","url":"https:\/\/www.locansol.fr\/","name":"Locansol, louer un h\u00e9bergement dans les Pyr\u00e9n\u00e9es-Orientales","description":"Location Mobil-home Mer M\u00e9diterran\u00e9e &amp; Chalet de Montagne dans les Pyr\u00e9n\u00e9es Orientales (Occitanie, 66). Weekend, s\u00e9jour &amp; vacances en famille et entre amis.","publisher":{"@id":"https:\/\/www.locansol.fr\/#organization"},"alternateName":"Louer un h\u00e9bergement dans les Pyr\u00e9n\u00e9es Orientales, chalet & mobil-home en Occitanie","potentialAction":[{"@type":"SearchAction","target":{"@type":"EntryPoint","urlTemplate":"https:\/\/www.locansol.fr\/?s={search_term_string}"},"query-input":{"@type":"PropertyValueSpecification","valueRequired":true,"valueName":"search_term_string"}}],"inLanguage":"ca"},{"@type":"Organization","@id":"https:\/\/www.locansol.fr\/#organization","name":"Location MobilHome & chalet dans les Pyr\u00e9n\u00e9es Orientales","alternateName":"Louer un h\u00e9bergement dans les Pyr\u00e9n\u00e9es Orientales en Occitanie","url":"https:\/\/www.locansol.fr\/","logo":{"@type":"ImageObject","inLanguage":"ca","@id":"https:\/\/www.locansol.fr\/#\/schema\/logo\/image\/","url":"https:\/\/www.locansol.fr\/wp-content\/uploads\/2024\/04\/AdobeStock_303324767-scaled.jpeg","contentUrl":"https:\/\/www.locansol.fr\/wp-content\/uploads\/2024\/04\/AdobeStock_303324767-scaled.jpeg","width":2560,"height":1707,"caption":"Location MobilHome & chalet dans les Pyr\u00e9n\u00e9es Orientales"},"image":{"@id":"https:\/\/www.locansol.fr\/#\/schema\/logo\/image\/"}}]}},"_links":{"self":[{"href":"https:\/\/www.locansol.fr\/ca\/wp-json\/wp\/v2\/tribe_events\/2841","targetHints":{"allow":["GET"]}}],"collection":[{"href":"https:\/\/www.locansol.fr\/ca\/wp-json\/wp\/v2\/tribe_events"}],"about":[{"href":"https:\/\/www.locansol.fr\/ca\/wp-json\/wp\/v2\/types\/tribe_events"}],"author":[{"embeddable":true,"href":"https:\/\/www.locansol.fr\/ca\/wp-json\/wp\/v2\/users\/5"}],"version-history":[{"count":0,"href":"https:\/\/www.locansol.fr\/ca\/wp-json\/wp\/v2\/tribe_events\/2841\/revisions"}],"wp:featuredmedia":[{"embeddable":true,"href":"https:\/\/www.locansol.fr\/ca\/wp-json\/wp\/v2\/media\/2837"}],"wp:attachment":[{"href":"https:\/\/www.locansol.fr\/ca\/wp-json\/wp\/v2\/media?parent=2841"}],"wp:term":[{"taxonomy":"post_tag","embeddable":true,"href":"https:\/\/www.locansol.fr\/ca\/wp-json\/wp\/v2\/tags?post=2841"},{"taxonomy":"tribe_events_cat","embeddable":true,"href":"https:\/\/www.locansol.fr\/ca\/wp-json\/wp\/v2\/tribe_events_cat?post=2841"}],"curies":[{"name":"wp","href":"https:\/\/api.w.org\/{rel}","templated":true}]}}