{"id":2868,"date":"2026-02-13T03:01:59","date_gmt":"2026-02-13T02:01:59","guid":{"rendered":"https:\/\/www.locansol.fr\/evenement\/la-guinguette-hivernale\/"},"modified":"2026-02-13T03:01:59","modified_gmt":"2026-02-13T02:01:59","slug":"la-guinguette-hivernale","status":"publish","type":"tribe_events","link":"https:\/\/www.locansol.fr\/ca\/evenement\/la-guinguette-hivernale\/","title":{"rendered":"LA GUINGUETTE HIVERNALE"},"content":{"rendered":"<p>La Guinguette Hivernale, organis\u00e9e \u00e0 Les Angles (Pyr\u00e9n\u00e9es-Orientales) le vendredi 13 f\u00e9vrier de 15h \u00e0 19h, propose une ambiance chaleureuse et conviviale \u00e0 l&rsquo;abri du froid. Install\u00e9e dans la cour du vieux ch\u00e2teau, l&rsquo;\u00e9v\u00e9nement met en valeur des chalets de cr\u00e9ateurs et d&rsquo;artisans, offrant une s\u00e9lection de produits locaux, de confiseries, de savons artisanaux et de petits objets faits main. Une petite restauration propose des viennoiseries, du chocolat chaud et des boissons chaudes, id\u00e9ales pour une pause en famille ou entre amis. \u00c0 partir de 17h15, une animation musicale est assur\u00e9e par la fanfare La Frontale, groupe dynamique originaire du Nord de la France, connu pour son \u00e9nergie et sa capacit\u00e9 \u00e0 animer les espaces publics. Ce moment musical ajoute une touche festive \u00e0 la journ\u00e9e, tout en maintenant un cadre accessible \u00e0 tous. Organis\u00e9e chaque mois, cette guinguette hivernale s&rsquo;inscrit dans une tradition locale qui m\u00eale convivialit\u00e9, artisanat et culture. Le lieu, ancien village montagnard devenu station de ski en 1964, offre un cadre authentique et pittoresque, renforc\u00e9 par l&rsquo;atmosph\u00e8re de f\u00eate typique des Pyr\u00e9n\u00e9es. Entr\u00e9e gratuite, l&rsquo;\u00e9v\u00e9nement est ouvert \u00e0 tous, sans r\u00e9servation n\u00e9cessaire. Il constitue une activit\u00e9 id\u00e9ale pour les familles, les amateurs de loisirs doux et les visiteurs souhaitant d\u00e9couvrir une version estivale du concept de guinguette, adapt\u00e9e \u00e0 l&rsquo;hiver.<\/p>\n<p><\/p>\n<h3>R\u00e9servez votre h\u00e9bergement dans les Pyr\u00e9n\u00e9es-Orientales :<\/h3>\n<p><b>Mobil-home Locansol \u00e0 Argel\u00e8s-sur-Mer<\/b><br \/>Trajet le plus court : 61 km<br \/>Trajet le plus rapide : 1 h 0 min<\/p>\n<p><b>Chalet Locansol \u00e0 Estavar<\/b><br \/>Trajet le plus court : 65 km<br \/>Trajet le plus rapide : 1 h 14 min<\/p>","protected":false},"excerpt":{"rendered":"<p>La Guinguette Hivernale, organis\u00e9e \u00e0 Les Angles (Pyr\u00e9n\u00e9es-Orientales) le vendredi 13 f\u00e9vrier de 15h \u00e0 19h, propose une ambiance chaleureuse et conviviale \u00e0 l&rsquo;abri du froid. Install\u00e9e dans la cour [&hellip;]<\/p>","protected":false},"author":5,"featured_media":2864,"template":"","meta":{"_yoast_wpseo_focuskw":"","_yoast_wpseo_title":"","_yoast_wpseo_metadesc":"","_yoast_wpseo_canonical":"","_yoast_wpseo_opengraph-title":"","_yoast_wpseo_opengraph-description":"","_yoast_wpseo_opengraph-image":"","_yoast_wpseo_opengraph-image-id":"","_yoast_wpseo_twitter-title":"","_yoast_wpseo_twitter-description":"","_yoast_wpseo_twitter-image":"","_yoast_wpseo_twitter-image-id":"","yoast_primary_category":"","_tribe_events_status":"","_tribe_events_status_reason":"","_tribe_events_is_hybrid":"","_tribe_events_is_virtual":"","_tribe_events_virtual_video_source":"","_tribe_events_virtual_embed_video":"","_tribe_events_virtual_linked_button_text":"","_tribe_events_virtual_linked_button":"","_tribe_events_virtual_show_embed_at":"","_tribe_events_virtual_show_embed_to":[],"_tribe_events_virtual_show_on_event":"","_tribe_events_virtual_show_on_views":"","_tribe_events_virtual_url":"","footnotes":""},"tags":[67,68,76],"tribe_events_cat":[125,139,140,120],"class_list":["post-2868","tribe_events","type-tribe_events","status-publish","has-post-thumbnail","hentry","tag-loisirs","tag-manifestation-commerciale","tag-pyrenees-orientales","tribe_events_cat-gastronomie","tribe_events_cat-loisirs","tribe_events_cat-manifestation-commerciale","tribe_events_cat-marche","cat_gastronomie","cat_loisirs","cat_manifestation-commerciale","cat_marche"],"yoast_head":"<!-- This site is optimized with the Yoast SEO Premium plugin v23.3 (Yoast SEO v26.9) - https:\/\/yoast.com\/product\/yoast-seo-premium-wordpress\/ -->\n<title>LA GUINGUETTE HIVERNALE | Locansol, louer un h\u00e9bergement dans les Pyr\u00e9n\u00e9es Orientales<\/title>\n<meta name=\"robots\" content=\"index, follow, max-snippet:-1, max-image-preview:large, max-video-preview:-1\" \/>\n<link rel=\"canonical\" href=\"https:\/\/www.locansol.fr\/ca\/evenement\/la-guinguette-hivernale\/\" \/>\n<meta property=\"og:locale\" content=\"ca_ES\" \/>\n<meta property=\"og:type\" content=\"article\" \/>\n<meta property=\"og:title\" content=\"LA GUINGUETTE HIVERNALE\" \/>\n<meta property=\"og:description\" content=\"La Guinguette Hivernale, organis\u00e9e \u00e0 Les Angles (Pyr\u00e9n\u00e9es-Orientales) le vendredi 13 f\u00e9vrier de 15h \u00e0 19h, propose une ambiance chaleureuse et conviviale \u00e0 l&rsquo;abri du froid. Install\u00e9e dans la cour [&hellip;]\" \/>\n<meta property=\"og:url\" content=\"https:\/\/www.locansol.fr\/ca\/evenement\/la-guinguette-hivernale\/\" \/>\n<meta property=\"og:site_name\" content=\"Locansol, louer un h\u00e9bergement dans les Pyr\u00e9n\u00e9es Orientales\" \/>\n<meta property=\"og:image\" content=\"https:\/\/www.locansol.fr\/wp-content\/uploads\/2024\/04\/AdobeStock_303324767-scaled.jpeg\" \/>\n\t<meta property=\"og:image:width\" content=\"2560\" \/>\n\t<meta property=\"og:image:height\" content=\"1707\" \/>\n\t<meta property=\"og:image:type\" content=\"image\/jpeg\" \/>\n<meta name=\"twitter:card\" content=\"summary_large_image\" \/>\n<meta name=\"twitter:label1\" content=\"Temps estimat de lectura\" \/>\n\t<meta name=\"twitter:data1\" content=\"1 minut\" \/>\n<script type=\"application\/ld+json\" class=\"yoast-schema-graph\">{\"@context\":\"https:\/\/schema.org\",\"@graph\":[{\"@type\":\"WebPage\",\"@id\":\"https:\/\/www.locansol.fr\/evenement\/la-guinguette-hivernale\/\",\"url\":\"https:\/\/www.locansol.fr\/evenement\/la-guinguette-hivernale\/\",\"name\":\"LA GUINGUETTE HIVERNALE | Locansol, louer un h\u00e9bergement dans les Pyr\u00e9n\u00e9es Orientales\",\"isPartOf\":{\"@id\":\"https:\/\/www.locansol.fr\/#website\"},\"primaryImageOfPage\":{\"@id\":\"https:\/\/www.locansol.fr\/evenement\/la-guinguette-hivernale\/#primaryimage\"},\"image\":{\"@id\":\"https:\/\/www.locansol.fr\/evenement\/la-guinguette-hivernale\/#primaryimage\"},\"thumbnailUrl\":\"https:\/\/www.locansol.fr\/wp-content\/uploads\/2026\/02\/guinguette-hivernale-les-angles.webp\",\"datePublished\":\"2026-02-13T02:01:59+00:00\",\"breadcrumb\":{\"@id\":\"https:\/\/www.locansol.fr\/evenement\/la-guinguette-hivernale\/#breadcrumb\"},\"inLanguage\":\"ca\",\"potentialAction\":[{\"@type\":\"ReadAction\",\"target\":[\"https:\/\/www.locansol.fr\/evenement\/la-guinguette-hivernale\/\"]}]},{\"@type\":\"ImageObject\",\"inLanguage\":\"ca\",\"@id\":\"https:\/\/www.locansol.fr\/evenement\/la-guinguette-hivernale\/#primaryimage\",\"url\":\"https:\/\/www.locansol.fr\/wp-content\/uploads\/2026\/02\/guinguette-hivernale-les-angles.webp\",\"contentUrl\":\"https:\/\/www.locansol.fr\/wp-content\/uploads\/2026\/02\/guinguette-hivernale-les-angles.webp\",\"width\":1357,\"height\":1920,\"caption\":\"La Guinguette Hivernale, organis\u00e9e \u00e0 Les Angles (Pyr\u00e9n\u00e9es-Orientales) le vendredi 13 f\u00e9vrier de 15h \u00e0 19h, propose une ambiance chaleureuse et conviviale \u00e0 l'abri du froid. Install\u00e9e dans la cour du vieux ch\u00e2teau, l'\u00e9v\u00e9nement met en valeur des chalets de cr\u00e9ateurs et d'artisans, offrant une s\u00e9lection de produits locaux, de confiseries, de savons artisanaux et de petits objets faits main. Une petite restauration propose des viennoiseries, du chocolat chaud et des boissons chaudes, id\u00e9ales pour une pause en famille ou entre amis. \u00c0 partir de 17h15, une animation musicale est assur\u00e9e par la fanfare La Frontale, groupe dynamique originaire du Nord de la France, connu pour son \u00e9nergie et sa capacit\u00e9 \u00e0 animer les espaces publics. Ce moment musical ajoute une touche festive \u00e0 la journ\u00e9e, tout en maintenant un cadre accessible \u00e0 tous. Organis\u00e9e chaque mois, cette guinguette hivernale s'inscrit dans une tradition locale qui m\u00eale convivialit\u00e9, artisanat et culture. Le lieu, ancien village montagnard devenu station de ski en 1964, offre un cadre authentique et pittoresque, renforc\u00e9 par l'atmosph\u00e8re de f\u00eate typique des Pyr\u00e9n\u00e9es. Entr\u00e9e gratuite, l'\u00e9v\u00e9nement est ouvert \u00e0 tous, sans r\u00e9servation n\u00e9cessaire. Il constitue une activit\u00e9 id\u00e9ale pour les familles, les amateurs de loisirs doux et les visiteurs souhaitant d\u00e9couvrir une version estivale du concept de guinguette, adapt\u00e9e \u00e0 l'hiver.\"},{\"@type\":\"BreadcrumbList\",\"@id\":\"https:\/\/www.locansol.fr\/evenement\/la-guinguette-hivernale\/#breadcrumb\",\"itemListElement\":[{\"@type\":\"ListItem\",\"position\":1,\"name\":\"Accueil\",\"item\":\"https:\/\/www.locansol.fr\/\"},{\"@type\":\"ListItem\",\"position\":2,\"name\":\"\u00c9v\u00e8nements\",\"item\":\"https:\/\/www.locansol.fr\/evenements\/\"},{\"@type\":\"ListItem\",\"position\":3,\"name\":\"LA GUINGUETTE HIVERNALE\"}]},{\"@type\":\"WebSite\",\"@id\":\"https:\/\/www.locansol.fr\/#website\",\"url\":\"https:\/\/www.locansol.fr\/\",\"name\":\"Locansol, louer un h\u00e9bergement dans les Pyr\u00e9n\u00e9es-Orientales\",\"description\":\"Location Mobil-home Mer M\u00e9diterran\u00e9e &amp; Chalet de Montagne dans les Pyr\u00e9n\u00e9es Orientales (Occitanie, 66). Weekend, s\u00e9jour &amp; vacances en famille et entre amis.\",\"publisher\":{\"@id\":\"https:\/\/www.locansol.fr\/#organization\"},\"alternateName\":\"Louer un h\u00e9bergement dans les Pyr\u00e9n\u00e9es Orientales, chalet & mobil-home en Occitanie\",\"potentialAction\":[{\"@type\":\"SearchAction\",\"target\":{\"@type\":\"EntryPoint\",\"urlTemplate\":\"https:\/\/www.locansol.fr\/?s={search_term_string}\"},\"query-input\":{\"@type\":\"PropertyValueSpecification\",\"valueRequired\":true,\"valueName\":\"search_term_string\"}}],\"inLanguage\":\"ca\"},{\"@type\":\"Organization\",\"@id\":\"https:\/\/www.locansol.fr\/#organization\",\"name\":\"Location MobilHome & chalet dans les Pyr\u00e9n\u00e9es Orientales\",\"alternateName\":\"Louer un h\u00e9bergement dans les Pyr\u00e9n\u00e9es Orientales en Occitanie\",\"url\":\"https:\/\/www.locansol.fr\/\",\"logo\":{\"@type\":\"ImageObject\",\"inLanguage\":\"ca\",\"@id\":\"https:\/\/www.locansol.fr\/#\/schema\/logo\/image\/\",\"url\":\"https:\/\/www.locansol.fr\/wp-content\/uploads\/2024\/04\/AdobeStock_303324767-scaled.jpeg\",\"contentUrl\":\"https:\/\/www.locansol.fr\/wp-content\/uploads\/2024\/04\/AdobeStock_303324767-scaled.jpeg\",\"width\":2560,\"height\":1707,\"caption\":\"Location MobilHome & chalet dans les Pyr\u00e9n\u00e9es Orientales\"},\"image\":{\"@id\":\"https:\/\/www.locansol.fr\/#\/schema\/logo\/image\/\"}}]}<\/script>\n<!-- \/ Yoast SEO Premium plugin. -->","yoast_head_json":{"title":"LA GUINGUETTE HIVERNALE | Locansol, louer un h\u00e9bergement dans les Pyr\u00e9n\u00e9es Orientales","robots":{"index":"index","follow":"follow","max-snippet":"max-snippet:-1","max-image-preview":"max-image-preview:large","max-video-preview":"max-video-preview:-1"},"canonical":"https:\/\/www.locansol.fr\/ca\/evenement\/la-guinguette-hivernale\/","og_locale":"ca_ES","og_type":"article","og_title":"LA GUINGUETTE HIVERNALE","og_description":"La Guinguette Hivernale, organis\u00e9e \u00e0 Les Angles (Pyr\u00e9n\u00e9es-Orientales) le vendredi 13 f\u00e9vrier de 15h \u00e0 19h, propose une ambiance chaleureuse et conviviale \u00e0 l&rsquo;abri du froid. Install\u00e9e dans la cour [&hellip;]","og_url":"https:\/\/www.locansol.fr\/ca\/evenement\/la-guinguette-hivernale\/","og_site_name":"Locansol, louer un h\u00e9bergement dans les Pyr\u00e9n\u00e9es Orientales","og_image":[{"width":2560,"height":1707,"url":"https:\/\/www.locansol.fr\/wp-content\/uploads\/2024\/04\/AdobeStock_303324767-scaled.jpeg","type":"image\/jpeg"}],"twitter_card":"summary_large_image","twitter_misc":{"Temps estimat de lectura":"1 minut"},"schema":{"@context":"https:\/\/schema.org","@graph":[{"@type":"WebPage","@id":"https:\/\/www.locansol.fr\/evenement\/la-guinguette-hivernale\/","url":"https:\/\/www.locansol.fr\/evenement\/la-guinguette-hivernale\/","name":"LA GUINGUETTE HIVERNALE | Locansol, louer un h\u00e9bergement dans les Pyr\u00e9n\u00e9es Orientales","isPartOf":{"@id":"https:\/\/www.locansol.fr\/#website"},"primaryImageOfPage":{"@id":"https:\/\/www.locansol.fr\/evenement\/la-guinguette-hivernale\/#primaryimage"},"image":{"@id":"https:\/\/www.locansol.fr\/evenement\/la-guinguette-hivernale\/#primaryimage"},"thumbnailUrl":"https:\/\/www.locansol.fr\/wp-content\/uploads\/2026\/02\/guinguette-hivernale-les-angles.webp","datePublished":"2026-02-13T02:01:59+00:00","breadcrumb":{"@id":"https:\/\/www.locansol.fr\/evenement\/la-guinguette-hivernale\/#breadcrumb"},"inLanguage":"ca","potentialAction":[{"@type":"ReadAction","target":["https:\/\/www.locansol.fr\/evenement\/la-guinguette-hivernale\/"]}]},{"@type":"ImageObject","inLanguage":"ca","@id":"https:\/\/www.locansol.fr\/evenement\/la-guinguette-hivernale\/#primaryimage","url":"https:\/\/www.locansol.fr\/wp-content\/uploads\/2026\/02\/guinguette-hivernale-les-angles.webp","contentUrl":"https:\/\/www.locansol.fr\/wp-content\/uploads\/2026\/02\/guinguette-hivernale-les-angles.webp","width":1357,"height":1920,"caption":"La Guinguette Hivernale, organis\u00e9e \u00e0 Les Angles (Pyr\u00e9n\u00e9es-Orientales) le vendredi 13 f\u00e9vrier de 15h \u00e0 19h, propose une ambiance chaleureuse et conviviale \u00e0 l'abri du froid. Install\u00e9e dans la cour du vieux ch\u00e2teau, l'\u00e9v\u00e9nement met en valeur des chalets de cr\u00e9ateurs et d'artisans, offrant une s\u00e9lection de produits locaux, de confiseries, de savons artisanaux et de petits objets faits main. Une petite restauration propose des viennoiseries, du chocolat chaud et des boissons chaudes, id\u00e9ales pour une pause en famille ou entre amis. \u00c0 partir de 17h15, une animation musicale est assur\u00e9e par la fanfare La Frontale, groupe dynamique originaire du Nord de la France, connu pour son \u00e9nergie et sa capacit\u00e9 \u00e0 animer les espaces publics. Ce moment musical ajoute une touche festive \u00e0 la journ\u00e9e, tout en maintenant un cadre accessible \u00e0 tous. Organis\u00e9e chaque mois, cette guinguette hivernale s'inscrit dans une tradition locale qui m\u00eale convivialit\u00e9, artisanat et culture. Le lieu, ancien village montagnard devenu station de ski en 1964, offre un cadre authentique et pittoresque, renforc\u00e9 par l'atmosph\u00e8re de f\u00eate typique des Pyr\u00e9n\u00e9es. Entr\u00e9e gratuite, l'\u00e9v\u00e9nement est ouvert \u00e0 tous, sans r\u00e9servation n\u00e9cessaire. Il constitue une activit\u00e9 id\u00e9ale pour les familles, les amateurs de loisirs doux et les visiteurs souhaitant d\u00e9couvrir une version estivale du concept de guinguette, adapt\u00e9e \u00e0 l'hiver."},{"@type":"BreadcrumbList","@id":"https:\/\/www.locansol.fr\/evenement\/la-guinguette-hivernale\/#breadcrumb","itemListElement":[{"@type":"ListItem","position":1,"name":"Accueil","item":"https:\/\/www.locansol.fr\/"},{"@type":"ListItem","position":2,"name":"\u00c9v\u00e8nements","item":"https:\/\/www.locansol.fr\/evenements\/"},{"@type":"ListItem","position":3,"name":"LA GUINGUETTE HIVERNALE"}]},{"@type":"WebSite","@id":"https:\/\/www.locansol.fr\/#website","url":"https:\/\/www.locansol.fr\/","name":"Locansol, louer un h\u00e9bergement dans les Pyr\u00e9n\u00e9es-Orientales","description":"Location Mobil-home Mer M\u00e9diterran\u00e9e &amp; Chalet de Montagne dans les Pyr\u00e9n\u00e9es Orientales (Occitanie, 66). Weekend, s\u00e9jour &amp; vacances en famille et entre amis.","publisher":{"@id":"https:\/\/www.locansol.fr\/#organization"},"alternateName":"Louer un h\u00e9bergement dans les Pyr\u00e9n\u00e9es Orientales, chalet & mobil-home en Occitanie","potentialAction":[{"@type":"SearchAction","target":{"@type":"EntryPoint","urlTemplate":"https:\/\/www.locansol.fr\/?s={search_term_string}"},"query-input":{"@type":"PropertyValueSpecification","valueRequired":true,"valueName":"search_term_string"}}],"inLanguage":"ca"},{"@type":"Organization","@id":"https:\/\/www.locansol.fr\/#organization","name":"Location MobilHome & chalet dans les Pyr\u00e9n\u00e9es Orientales","alternateName":"Louer un h\u00e9bergement dans les Pyr\u00e9n\u00e9es Orientales en Occitanie","url":"https:\/\/www.locansol.fr\/","logo":{"@type":"ImageObject","inLanguage":"ca","@id":"https:\/\/www.locansol.fr\/#\/schema\/logo\/image\/","url":"https:\/\/www.locansol.fr\/wp-content\/uploads\/2024\/04\/AdobeStock_303324767-scaled.jpeg","contentUrl":"https:\/\/www.locansol.fr\/wp-content\/uploads\/2024\/04\/AdobeStock_303324767-scaled.jpeg","width":2560,"height":1707,"caption":"Location MobilHome & chalet dans les Pyr\u00e9n\u00e9es Orientales"},"image":{"@id":"https:\/\/www.locansol.fr\/#\/schema\/logo\/image\/"}}]}},"_links":{"self":[{"href":"https:\/\/www.locansol.fr\/ca\/wp-json\/wp\/v2\/tribe_events\/2868","targetHints":{"allow":["GET"]}}],"collection":[{"href":"https:\/\/www.locansol.fr\/ca\/wp-json\/wp\/v2\/tribe_events"}],"about":[{"href":"https:\/\/www.locansol.fr\/ca\/wp-json\/wp\/v2\/types\/tribe_events"}],"author":[{"embeddable":true,"href":"https:\/\/www.locansol.fr\/ca\/wp-json\/wp\/v2\/users\/5"}],"version-history":[{"count":0,"href":"https:\/\/www.locansol.fr\/ca\/wp-json\/wp\/v2\/tribe_events\/2868\/revisions"}],"wp:featuredmedia":[{"embeddable":true,"href":"https:\/\/www.locansol.fr\/ca\/wp-json\/wp\/v2\/media\/2864"}],"wp:attachment":[{"href":"https:\/\/www.locansol.fr\/ca\/wp-json\/wp\/v2\/media?parent=2868"}],"wp:term":[{"taxonomy":"post_tag","embeddable":true,"href":"https:\/\/www.locansol.fr\/ca\/wp-json\/wp\/v2\/tags?post=2868"},{"taxonomy":"tribe_events_cat","embeddable":true,"href":"https:\/\/www.locansol.fr\/ca\/wp-json\/wp\/v2\/tribe_events_cat?post=2868"}],"curies":[{"name":"wp","href":"https:\/\/api.w.org\/{rel}","templated":true}]}}