{"id":3144,"date":"2026-02-14T16:19:50","date_gmt":"2026-02-14T15:19:50","guid":{"rendered":"https:\/\/www.locansol.fr\/evenement\/expo-dalain-goujon-a-leda-le-boulou\/"},"modified":"2026-02-14T16:19:53","modified_gmt":"2026-02-14T15:19:53","slug":"expo-dalain-goujon-a-leda-le-boulou","status":"publish","type":"tribe_events","link":"https:\/\/www.locansol.fr\/ca\/evenement\/expo-dalain-goujon-a-leda-le-boulou\/","title":{"rendered":"EXPO D&rsquo;ALAIN GOUJON A L&rsquo;EDA LE BOULOU"},"content":{"rendered":"<p>L&rsquo;Espace des Arts de Le Boulou accueille du 30 janvier au 13 mars une exposition consacr\u00e9e \u00e0 Alain Goujon, artiste peintre originaire de Toulouse, n\u00e9 en 1951. Form\u00e9 \u00e0 l&rsquo;\u00c9cole sup\u00e9rieure d&rsquo;arts graphiques de Paris, il a obtenu son dipl\u00f4me d&rsquo;architecte d&rsquo;int\u00e9rieur en 1972. Depuis les ann\u00e9es 1980, il a expos\u00e9 r\u00e9guli\u00e8rement dans la r\u00e9gion, \u00e0 Nice, \u00e0 Paris, et a ouvert \u00e0 Eus un atelier galerie intitul\u00e9 \u00ab \u00c0 l\u2019\u00e9cart \u00bb. Cette exposition pr\u00e9sente un travail graphique d\u00e9licat et po\u00e9tique, inspir\u00e9 par la nature : herbes, feuilles, roches et nuages sont les \u00e9l\u00e9ments centraux de ses cr\u00e9ations. Alain Goujon privil\u00e9gie les d\u00e9grad\u00e9s de gris obtenus \u00e0 la mine de plomb, ainsi que le noir et l\u2019ocre jaune pour l\u2019huile. Ses hachures, plus ou moins appuy\u00e9es, \u00e9voquent des ph\u00e9nom\u00e8nes naturels comme les rayons du soleil ou la pluie. L&rsquo;exposition s&rsquo;inscrit dans une d\u00e9marche o\u00f9 le v\u00e9g\u00e9tal et le min\u00e9ral se m\u00ealent \u00e0 des \u00e9l\u00e9ments architecturaux, donnant naissance \u00e0 des paysages cartographiques imaginaires. Le vernissage aura lieu le samedi 31 janvier \u00e0 11 heures, en pr\u00e9sence de l&rsquo;artiste. L&rsquo;acc\u00e8s \u00e0 l&rsquo;exposition est gratuit. L&rsquo;Esprit des lieux, situ\u00e9 rue des \u00c9coles, propose un cadre intimiste et chaleureux, propice \u00e0 une immersion dans l&rsquo;univers sensible et contemplatif de l&rsquo;artiste. Cette rencontre avec les \u0153uvres de Alain Goujon est une invitation \u00e0 observer avec attention les d\u00e9tails du monde naturel, traduits par une technique fine et une sensibilit\u00e9 po\u00e9tique.<\/p>\n<p><\/p>\n<h3>R\u00e9servez votre h\u00e9bergement dans les Pyr\u00e9n\u00e9es-Orientales :<\/h3>\n<p><b><a href='https:\/\/www.locansol.fr\/ca\/lloguer-mobil-home-mediterrani\/'>Mobil-home Locansol \u00e0 Argel\u00e8s-sur-Mer<\/a><\/b><br \/>Trajet le plus court : 20 km<br \/>Trajet le plus rapide : 22 min<\/p>\n<p><b><a href='https:\/\/www.locansol.fr\/ca\/lloguer-xalet-cerdanya\/'>Chalet Locansol \u00e0 Estavar<\/a><\/b><br \/>Trajet le plus court : 115 km<br \/>Trajet le plus rapide : 1 h 45 min<\/p>","protected":false},"excerpt":{"rendered":"<p>L&rsquo;Espace des Arts de Le Boulou accueille du 30 janvier au 13 mars une exposition consacr\u00e9e \u00e0 Alain Goujon, artiste peintre originaire de Toulouse, n\u00e9 en 1951. Form\u00e9 \u00e0 l&rsquo;\u00c9cole [&hellip;]<\/p>","protected":false},"author":5,"featured_media":3140,"template":"","meta":{"_yoast_wpseo_focuskw":"EXPO D'ALAIN GOUJON A L'EDA LE BOULOU","_yoast_wpseo_title":"EXPO D'ALAIN GOUJON A L'EDA LE BOULOU","_yoast_wpseo_metadesc":"L'Espace des Arts de Le Boulou accueille du 30 janvier au 13 mars une exposition consacr\u00e9e \u00e0 Alain Goujon, artiste peintre originaire de Toulouse, n\u00e9 en 1951. Form\u00e9 \u00e0 l'\u00c9cole sup\u00e9rieure d'arts graphiques de Paris, il a obtenu son dipl\u00f4me d'architecte d'int\u00e9rieur en 1972. Depuis les ann\u00e9es 1980, il a expos\u00e9 r\u00e9guli\u00e8rement dans la r\u00e9gion, \u00e0 Nice, \u00e0 Paris, et a ouvert \u00e0 Eus un atelier galerie intitul\u00e9 \u00ab \u00c0 l\u2019\u00e9cart \u00bb. Cette exposition pr\u00e9sente un travail graphique d\u00e9licat et po\u00e9tique, inspir\u00e9 par la nature : herbes, feuilles, roches et nuages sont les \u00e9l\u00e9ments centraux de ses cr\u00e9ations. Alain Goujon privil\u00e9gie les d\u00e9grad\u00e9s de gris obtenus \u00e0 la mine de plomb, ainsi que le noir et l\u2019ocre jaune pour l\u2019huile. Ses hachures, plus ou moins appuy\u00e9es, \u00e9voquent des ph\u00e9nom\u00e8nes naturels comme les rayons du soleil ou la pluie. L'exposition s'inscrit dans une d\u00e9marche o\u00f9 le v\u00e9g\u00e9tal et le min\u00e9ral se m\u00ealent \u00e0 des \u00e9l\u00e9ments architecturaux, donnant naissance \u00e0 des paysages cartographiques imaginaires. Le vernissage aura lieu le samedi 31 janvier \u00e0 11 heures, en pr\u00e9sence de l'artiste. L'acc\u00e8s \u00e0 l'exposition est gratuit. L'Esprit des lieux, situ\u00e9 rue des \u00c9coles, propose un cadre intimiste et chaleureux, propice \u00e0 une immersion dans l'univers sensible et contemplatif de l'artiste. Cette rencontre avec les \u0153uvres de Alain Goujon est une invitation \u00e0 observer avec attention les d\u00e9tails du monde naturel, traduits par une technique fine et une sensibilit\u00e9 po\u00e9tique.","_yoast_wpseo_canonical":"","_yoast_wpseo_opengraph-title":"EXPO D'ALAIN GOUJON A L'EDA LE BOULOU","_yoast_wpseo_opengraph-description":"L'Espace des Arts de Le Boulou accueille du 30 janvier au 13 mars une exposition consacr\u00e9e \u00e0 Alain Goujon, artiste peintre originaire de Toulouse, n\u00e9 en 1951. Form\u00e9 \u00e0 l'\u00c9cole sup\u00e9rieure d'arts graphiques de Paris, il a obtenu son dipl\u00f4me d'architecte d'int\u00e9rieur en 1972. Depuis les ann\u00e9es 1980, il a expos\u00e9 r\u00e9guli\u00e8rement dans la r\u00e9gion, \u00e0 Nice, \u00e0 Paris, et a ouvert \u00e0 Eus un atelier galerie intitul\u00e9 \u00ab \u00c0 l\u2019\u00e9cart \u00bb. Cette exposition pr\u00e9sente un travail graphique d\u00e9licat et po\u00e9tique, inspir\u00e9 par la nature : herbes, feuilles, roches et nuages sont les \u00e9l\u00e9ments centraux de ses cr\u00e9ations. Alain Goujon privil\u00e9gie les d\u00e9grad\u00e9s de gris obtenus \u00e0 la mine de plomb, ainsi que le noir et l\u2019ocre jaune pour l\u2019huile. Ses hachures, plus ou moins appuy\u00e9es, \u00e9voquent des ph\u00e9nom\u00e8nes naturels comme les rayons du soleil ou la pluie. L'exposition s'inscrit dans une d\u00e9marche o\u00f9 le v\u00e9g\u00e9tal et le min\u00e9ral se m\u00ealent \u00e0 des \u00e9l\u00e9ments architecturaux, donnant naissance \u00e0 des paysages cartographiques imaginaires. Le vernissage aura lieu le samedi 31 janvier \u00e0 11 heures, en pr\u00e9sence de l'artiste. L'acc\u00e8s \u00e0 l'exposition est gratuit. L'Esprit des lieux, situ\u00e9 rue des \u00c9coles, propose un cadre intimiste et chaleureux, propice \u00e0 une immersion dans l'univers sensible et contemplatif de l'artiste. Cette rencontre avec les \u0153uvres de Alain Goujon est une invitation \u00e0 observer avec attention les d\u00e9tails du monde naturel, traduits par une technique fine et une sensibilit\u00e9 po\u00e9tique.","_yoast_wpseo_opengraph-image":"https:\/\/www.locansol.fr\/wp-content\/uploads\/2026\/02\/alain-goujon-naturelle-peinture.webp","_yoast_wpseo_opengraph-image-id":"3140","_yoast_wpseo_twitter-title":"EXPO D'ALAIN GOUJON A L'EDA LE BOULOU","_yoast_wpseo_twitter-description":"L'Espace des Arts de Le Boulou accueille du 30 janvier au 13 mars une exposition consacr\u00e9e \u00e0 Alain Goujon, artiste peintre originaire de Toulouse, n\u00e9 en 1951. Form\u00e9 \u00e0 l'\u00c9cole sup\u00e9rieure d'arts graphiques de Paris, il a obtenu son dipl\u00f4me d'architecte d'int\u00e9rieur en 1972. Depuis les ann\u00e9es 1980, il a expos\u00e9 r\u00e9guli\u00e8rement dans la r\u00e9gion, \u00e0 Nice, \u00e0 Paris, et a ouvert \u00e0 Eus un atelier galerie intitul\u00e9 \u00ab \u00c0 l\u2019\u00e9cart \u00bb. Cette exposition pr\u00e9sente un travail graphique d\u00e9licat et po\u00e9tique, inspir\u00e9 par la nature : herbes, feuilles, roches et nuages sont les \u00e9l\u00e9ments centraux de ses cr\u00e9ations. Alain Goujon privil\u00e9gie les d\u00e9grad\u00e9s de gris obtenus \u00e0 la mine de plomb, ainsi que le noir et l\u2019ocre jaune pour l\u2019huile. Ses hachures, plus ou moins appuy\u00e9es, \u00e9voquent des ph\u00e9nom\u00e8nes naturels comme les rayons du soleil ou la pluie. L'exposition s'inscrit dans une d\u00e9marche o\u00f9 le v\u00e9g\u00e9tal et le min\u00e9ral se m\u00ealent \u00e0 des \u00e9l\u00e9ments architecturaux, donnant naissance \u00e0 des paysages cartographiques imaginaires. Le vernissage aura lieu le samedi 31 janvier \u00e0 11 heures, en pr\u00e9sence de l'artiste. L'acc\u00e8s \u00e0 l'exposition est gratuit. L'Esprit des lieux, situ\u00e9 rue des \u00c9coles, propose un cadre intimiste et chaleureux, propice \u00e0 une immersion dans l'univers sensible et contemplatif de l'artiste. Cette rencontre avec les \u0153uvres de Alain Goujon est une invitation \u00e0 observer avec attention les d\u00e9tails du monde naturel, traduits par une technique fine et une sensibilit\u00e9 po\u00e9tique.","_yoast_wpseo_twitter-image":"https:\/\/www.locansol.fr\/wp-content\/uploads\/2026\/02\/alain-goujon-naturelle-peinture.webp","_yoast_wpseo_twitter-image-id":"3140","yoast_primary_category":"Exposition","_tribe_events_status":"","_tribe_events_status_reason":"","_tribe_events_is_hybrid":"","_tribe_events_is_virtual":"","_tribe_events_virtual_video_source":"","_tribe_events_virtual_embed_video":"","_tribe_events_virtual_linked_button_text":"","_tribe_events_virtual_linked_button":"","_tribe_events_virtual_show_embed_at":"","_tribe_events_virtual_show_embed_to":[],"_tribe_events_virtual_show_on_event":"","_tribe_events_virtual_show_on_views":"","_tribe_events_virtual_url":"","footnotes":""},"tags":[66,76],"tribe_events_cat":[138,90,154],"class_list":["post-3144","tribe_events","type-tribe_events","status-publish","has-post-thumbnail","hentry","tag-evenement-culturel","tag-pyrenees-orientales","tribe_events_cat-evenement-culturel","tribe_events_cat-exposition","tribe_events_cat-faune-flore","cat_evenement-culturel","cat_exposition","cat_faune-flore"],"yoast_head":"<!-- This site is optimized with the Yoast SEO Premium plugin v23.3 (Yoast SEO v26.9) - https:\/\/yoast.com\/product\/yoast-seo-premium-wordpress\/ -->\n<title>EXPO D&#039;ALAIN GOUJON A L&#039;EDA LE BOULOU<\/title>\n<meta name=\"description\" content=\"L&#039;Espace des Arts de Le Boulou accueille du 30 janvier au 13 mars une exposition consacr\u00e9e \u00e0 Alain Goujon, artiste peintre originaire de Toulouse, n\u00e9 en 1951. Form\u00e9 \u00e0 l&#039;\u00c9cole sup\u00e9rieure d&#039;arts graphiques de Paris, il a obtenu son dipl\u00f4me d&#039;architecte d&#039;int\u00e9rieur en 1972. Depuis les ann\u00e9es 1980, il a expos\u00e9 r\u00e9guli\u00e8rement dans la r\u00e9gion, \u00e0 Nice, \u00e0 Paris, et a ouvert \u00e0 Eus un atelier galerie intitul\u00e9 \u00ab \u00c0 l\u2019\u00e9cart \u00bb. Cette exposition pr\u00e9sente un travail graphique d\u00e9licat et po\u00e9tique, inspir\u00e9 par la nature : herbes, feuilles, roches et nuages sont les \u00e9l\u00e9ments centraux de ses cr\u00e9ations. Alain Goujon privil\u00e9gie les d\u00e9grad\u00e9s de gris obtenus \u00e0 la mine de plomb, ainsi que le noir et l\u2019ocre jaune pour l\u2019huile. Ses hachures, plus ou moins appuy\u00e9es, \u00e9voquent des ph\u00e9nom\u00e8nes naturels comme les rayons du soleil ou la pluie. L&#039;exposition s&#039;inscrit dans une d\u00e9marche o\u00f9 le v\u00e9g\u00e9tal et le min\u00e9ral se m\u00ealent \u00e0 des \u00e9l\u00e9ments architecturaux, donnant naissance \u00e0 des paysages cartographiques imaginaires. Le vernissage aura lieu le samedi 31 janvier \u00e0 11 heures, en pr\u00e9sence de l&#039;artiste. L&#039;acc\u00e8s \u00e0 l&#039;exposition est gratuit. L&#039;Esprit des lieux, situ\u00e9 rue des \u00c9coles, propose un cadre intimiste et chaleureux, propice \u00e0 une immersion dans l&#039;univers sensible et contemplatif de l&#039;artiste. Cette rencontre avec les \u0153uvres de Alain Goujon est une invitation \u00e0 observer avec attention les d\u00e9tails du monde naturel, traduits par une technique fine et une sensibilit\u00e9 po\u00e9tique.\" \/>\n<meta name=\"robots\" content=\"index, follow, max-snippet:-1, max-image-preview:large, max-video-preview:-1\" \/>\n<link rel=\"canonical\" href=\"https:\/\/www.locansol.fr\/ca\/evenement\/expo-dalain-goujon-a-leda-le-boulou\/\" \/>\n<meta property=\"og:locale\" content=\"ca_ES\" \/>\n<meta property=\"og:type\" content=\"article\" \/>\n<meta property=\"og:title\" content=\"EXPO D&#039;ALAIN GOUJON A L&#039;EDA LE BOULOU\" \/>\n<meta property=\"og:description\" content=\"L&#039;Espace des Arts de Le Boulou accueille du 30 janvier au 13 mars une exposition consacr\u00e9e \u00e0 Alain Goujon, artiste peintre originaire de Toulouse, n\u00e9 en 1951. Form\u00e9 \u00e0 l&#039;\u00c9cole sup\u00e9rieure d&#039;arts graphiques de Paris, il a obtenu son dipl\u00f4me d&#039;architecte d&#039;int\u00e9rieur en 1972. Depuis les ann\u00e9es 1980, il a expos\u00e9 r\u00e9guli\u00e8rement dans la r\u00e9gion, \u00e0 Nice, \u00e0 Paris, et a ouvert \u00e0 Eus un atelier galerie intitul\u00e9 \u00ab \u00c0 l\u2019\u00e9cart \u00bb. Cette exposition pr\u00e9sente un travail graphique d\u00e9licat et po\u00e9tique, inspir\u00e9 par la nature : herbes, feuilles, roches et nuages sont les \u00e9l\u00e9ments centraux de ses cr\u00e9ations. Alain Goujon privil\u00e9gie les d\u00e9grad\u00e9s de gris obtenus \u00e0 la mine de plomb, ainsi que le noir et l\u2019ocre jaune pour l\u2019huile. Ses hachures, plus ou moins appuy\u00e9es, \u00e9voquent des ph\u00e9nom\u00e8nes naturels comme les rayons du soleil ou la pluie. L&#039;exposition s&#039;inscrit dans une d\u00e9marche o\u00f9 le v\u00e9g\u00e9tal et le min\u00e9ral se m\u00ealent \u00e0 des \u00e9l\u00e9ments architecturaux, donnant naissance \u00e0 des paysages cartographiques imaginaires. Le vernissage aura lieu le samedi 31 janvier \u00e0 11 heures, en pr\u00e9sence de l&#039;artiste. L&#039;acc\u00e8s \u00e0 l&#039;exposition est gratuit. L&#039;Esprit des lieux, situ\u00e9 rue des \u00c9coles, propose un cadre intimiste et chaleureux, propice \u00e0 une immersion dans l&#039;univers sensible et contemplatif de l&#039;artiste. Cette rencontre avec les \u0153uvres de Alain Goujon est une invitation \u00e0 observer avec attention les d\u00e9tails du monde naturel, traduits par une technique fine et une sensibilit\u00e9 po\u00e9tique.\" \/>\n<meta property=\"og:url\" content=\"https:\/\/www.locansol.fr\/ca\/evenement\/expo-dalain-goujon-a-leda-le-boulou\/\" \/>\n<meta property=\"og:site_name\" content=\"Locansol, louer un h\u00e9bergement dans les Pyr\u00e9n\u00e9es Orientales\" \/>\n<meta property=\"article:modified_time\" content=\"2026-02-14T15:19:53+00:00\" \/>\n<meta property=\"og:image\" content=\"https:\/\/www.locansol.fr\/wp-content\/uploads\/2026\/02\/alain-goujon-naturelle-peinture.webp\" \/>\n\t<meta property=\"og:image:width\" content=\"1357\" \/>\n\t<meta property=\"og:image:height\" content=\"1920\" \/>\n\t<meta property=\"og:image:type\" content=\"image\/webp\" \/>\n<meta name=\"twitter:card\" content=\"summary_large_image\" \/>\n<meta name=\"twitter:title\" content=\"EXPO D&#039;ALAIN GOUJON A L&#039;EDA LE BOULOU\" \/>\n<meta name=\"twitter:description\" content=\"L&#039;Espace des Arts de Le Boulou accueille du 30 janvier au 13 mars une exposition consacr\u00e9e \u00e0 Alain Goujon, artiste peintre originaire de Toulouse, n\u00e9 en 1951. Form\u00e9 \u00e0 l&#039;\u00c9cole sup\u00e9rieure d&#039;arts graphiques de Paris, il a obtenu son dipl\u00f4me d&#039;architecte d&#039;int\u00e9rieur en 1972. Depuis les ann\u00e9es 1980, il a expos\u00e9 r\u00e9guli\u00e8rement dans la r\u00e9gion, \u00e0 Nice, \u00e0 Paris, et a ouvert \u00e0 Eus un atelier galerie intitul\u00e9 \u00ab \u00c0 l\u2019\u00e9cart \u00bb. Cette exposition pr\u00e9sente un travail graphique d\u00e9licat et po\u00e9tique, inspir\u00e9 par la nature : herbes, feuilles, roches et nuages sont les \u00e9l\u00e9ments centraux de ses cr\u00e9ations. Alain Goujon privil\u00e9gie les d\u00e9grad\u00e9s de gris obtenus \u00e0 la mine de plomb, ainsi que le noir et l\u2019ocre jaune pour l\u2019huile. Ses hachures, plus ou moins appuy\u00e9es, \u00e9voquent des ph\u00e9nom\u00e8nes naturels comme les rayons du soleil ou la pluie. L&#039;exposition s&#039;inscrit dans une d\u00e9marche o\u00f9 le v\u00e9g\u00e9tal et le min\u00e9ral se m\u00ealent \u00e0 des \u00e9l\u00e9ments architecturaux, donnant naissance \u00e0 des paysages cartographiques imaginaires. Le vernissage aura lieu le samedi 31 janvier \u00e0 11 heures, en pr\u00e9sence de l&#039;artiste. L&#039;acc\u00e8s \u00e0 l&#039;exposition est gratuit. L&#039;Esprit des lieux, situ\u00e9 rue des \u00c9coles, propose un cadre intimiste et chaleureux, propice \u00e0 une immersion dans l&#039;univers sensible et contemplatif de l&#039;artiste. Cette rencontre avec les \u0153uvres de Alain Goujon est une invitation \u00e0 observer avec attention les d\u00e9tails du monde naturel, traduits par une technique fine et une sensibilit\u00e9 po\u00e9tique.\" \/>\n<meta name=\"twitter:image\" content=\"https:\/\/www.locansol.fr\/wp-content\/uploads\/2026\/02\/alain-goujon-naturelle-peinture.webp\" \/>\n<meta name=\"twitter:label1\" content=\"Temps estimat de lectura\" \/>\n\t<meta name=\"twitter:data1\" content=\"1 minut\" \/>\n<script type=\"application\/ld+json\" class=\"yoast-schema-graph\">{\"@context\":\"https:\/\/schema.org\",\"@graph\":[{\"@type\":\"WebPage\",\"@id\":\"https:\/\/www.locansol.fr\/evenement\/expo-dalain-goujon-a-leda-le-boulou\/\",\"url\":\"https:\/\/www.locansol.fr\/evenement\/expo-dalain-goujon-a-leda-le-boulou\/\",\"name\":\"EXPO D'ALAIN GOUJON A L'EDA LE BOULOU\",\"isPartOf\":{\"@id\":\"https:\/\/www.locansol.fr\/#website\"},\"primaryImageOfPage\":{\"@id\":\"https:\/\/www.locansol.fr\/evenement\/expo-dalain-goujon-a-leda-le-boulou\/#primaryimage\"},\"image\":{\"@id\":\"https:\/\/www.locansol.fr\/evenement\/expo-dalain-goujon-a-leda-le-boulou\/#primaryimage\"},\"thumbnailUrl\":\"https:\/\/www.locansol.fr\/wp-content\/uploads\/2026\/02\/alain-goujon-naturelle-peinture.webp\",\"datePublished\":\"2026-02-14T15:19:50+00:00\",\"dateModified\":\"2026-02-14T15:19:53+00:00\",\"description\":\"L'Espace des Arts de Le Boulou accueille du 30 janvier au 13 mars une exposition consacr\u00e9e \u00e0 Alain Goujon, artiste peintre originaire de Toulouse, n\u00e9 en 1951. Form\u00e9 \u00e0 l'\u00c9cole sup\u00e9rieure d'arts graphiques de Paris, il a obtenu son dipl\u00f4me d'architecte d'int\u00e9rieur en 1972. Depuis les ann\u00e9es 1980, il a expos\u00e9 r\u00e9guli\u00e8rement dans la r\u00e9gion, \u00e0 Nice, \u00e0 Paris, et a ouvert \u00e0 Eus un atelier galerie intitul\u00e9 \u00ab \u00c0 l\u2019\u00e9cart \u00bb. Cette exposition pr\u00e9sente un travail graphique d\u00e9licat et po\u00e9tique, inspir\u00e9 par la nature : herbes, feuilles, roches et nuages sont les \u00e9l\u00e9ments centraux de ses cr\u00e9ations. Alain Goujon privil\u00e9gie les d\u00e9grad\u00e9s de gris obtenus \u00e0 la mine de plomb, ainsi que le noir et l\u2019ocre jaune pour l\u2019huile. Ses hachures, plus ou moins appuy\u00e9es, \u00e9voquent des ph\u00e9nom\u00e8nes naturels comme les rayons du soleil ou la pluie. L'exposition s'inscrit dans une d\u00e9marche o\u00f9 le v\u00e9g\u00e9tal et le min\u00e9ral se m\u00ealent \u00e0 des \u00e9l\u00e9ments architecturaux, donnant naissance \u00e0 des paysages cartographiques imaginaires. Le vernissage aura lieu le samedi 31 janvier \u00e0 11 heures, en pr\u00e9sence de l'artiste. L'acc\u00e8s \u00e0 l'exposition est gratuit. L'Esprit des lieux, situ\u00e9 rue des \u00c9coles, propose un cadre intimiste et chaleureux, propice \u00e0 une immersion dans l'univers sensible et contemplatif de l'artiste. Cette rencontre avec les \u0153uvres de Alain Goujon est une invitation \u00e0 observer avec attention les d\u00e9tails du monde naturel, traduits par une technique fine et une sensibilit\u00e9 po\u00e9tique.\",\"breadcrumb\":{\"@id\":\"https:\/\/www.locansol.fr\/evenement\/expo-dalain-goujon-a-leda-le-boulou\/#breadcrumb\"},\"inLanguage\":\"ca\",\"potentialAction\":[{\"@type\":\"ReadAction\",\"target\":[\"https:\/\/www.locansol.fr\/evenement\/expo-dalain-goujon-a-leda-le-boulou\/\"]}]},{\"@type\":\"ImageObject\",\"inLanguage\":\"ca\",\"@id\":\"https:\/\/www.locansol.fr\/evenement\/expo-dalain-goujon-a-leda-le-boulou\/#primaryimage\",\"url\":\"https:\/\/www.locansol.fr\/wp-content\/uploads\/2026\/02\/alain-goujon-naturelle-peinture.webp\",\"contentUrl\":\"https:\/\/www.locansol.fr\/wp-content\/uploads\/2026\/02\/alain-goujon-naturelle-peinture.webp\",\"width\":1357,\"height\":1920,\"caption\":\"L'Espace des Arts de Le Boulou accueille du 30 janvier au 13 mars une exposition consacr\u00e9e \u00e0 Alain Goujon, artiste peintre originaire de Toulouse, n\u00e9 en 1951. Form\u00e9 \u00e0 l'\u00c9cole sup\u00e9rieure d'arts graphiques de Paris, il a obtenu son dipl\u00f4me d'architecte d'int\u00e9rieur en 1972. Depuis les ann\u00e9es 1980, il a expos\u00e9 r\u00e9guli\u00e8rement dans la r\u00e9gion, \u00e0 Nice, \u00e0 Paris, et a ouvert \u00e0 Eus un atelier galerie intitul\u00e9 \u00ab \u00c0 l\u2019\u00e9cart \u00bb. Cette exposition pr\u00e9sente un travail graphique d\u00e9licat et po\u00e9tique, inspir\u00e9 par la nature : herbes, feuilles, roches et nuages sont les \u00e9l\u00e9ments centraux de ses cr\u00e9ations. Alain Goujon privil\u00e9gie les d\u00e9grad\u00e9s de gris obtenus \u00e0 la mine de plomb, ainsi que le noir et l\u2019ocre jaune pour l\u2019huile. Ses hachures, plus ou moins appuy\u00e9es, \u00e9voquent des ph\u00e9nom\u00e8nes naturels comme les rayons du soleil ou la pluie. L'exposition s'inscrit dans une d\u00e9marche o\u00f9 le v\u00e9g\u00e9tal et le min\u00e9ral se m\u00ealent \u00e0 des \u00e9l\u00e9ments architecturaux, donnant naissance \u00e0 des paysages cartographiques imaginaires. Le vernissage aura lieu le samedi 31 janvier \u00e0 11 heures, en pr\u00e9sence de l'artiste. L'acc\u00e8s \u00e0 l'exposition est gratuit. L'Esprit des lieux, situ\u00e9 rue des \u00c9coles, propose un cadre intimiste et chaleureux, propice \u00e0 une immersion dans l'univers sensible et contemplatif de l'artiste. Cette rencontre avec les \u0153uvres de Alain Goujon est une invitation \u00e0 observer avec attention les d\u00e9tails du monde naturel, traduits par une technique fine et une sensibilit\u00e9 po\u00e9tique.\"},{\"@type\":\"BreadcrumbList\",\"@id\":\"https:\/\/www.locansol.fr\/evenement\/expo-dalain-goujon-a-leda-le-boulou\/#breadcrumb\",\"itemListElement\":[{\"@type\":\"ListItem\",\"position\":1,\"name\":\"Accueil\",\"item\":\"https:\/\/www.locansol.fr\/\"},{\"@type\":\"ListItem\",\"position\":2,\"name\":\"\u00c9v\u00e8nements\",\"item\":\"https:\/\/www.locansol.fr\/evenements\/\"},{\"@type\":\"ListItem\",\"position\":3,\"name\":\"EXPO D&rsquo;ALAIN GOUJON A L&rsquo;EDA LE BOULOU\"}]},{\"@type\":\"WebSite\",\"@id\":\"https:\/\/www.locansol.fr\/#website\",\"url\":\"https:\/\/www.locansol.fr\/\",\"name\":\"Locansol, louer un h\u00e9bergement dans les Pyr\u00e9n\u00e9es-Orientales\",\"description\":\"Location Mobil-home Mer M\u00e9diterran\u00e9e &amp; Chalet de Montagne dans les Pyr\u00e9n\u00e9es Orientales (Occitanie, 66). Weekend, s\u00e9jour &amp; vacances en famille et entre amis.\",\"publisher\":{\"@id\":\"https:\/\/www.locansol.fr\/#organization\"},\"alternateName\":\"Louer un h\u00e9bergement dans les Pyr\u00e9n\u00e9es Orientales, chalet & mobil-home en Occitanie\",\"potentialAction\":[{\"@type\":\"SearchAction\",\"target\":{\"@type\":\"EntryPoint\",\"urlTemplate\":\"https:\/\/www.locansol.fr\/?s={search_term_string}\"},\"query-input\":{\"@type\":\"PropertyValueSpecification\",\"valueRequired\":true,\"valueName\":\"search_term_string\"}}],\"inLanguage\":\"ca\"},{\"@type\":\"Organization\",\"@id\":\"https:\/\/www.locansol.fr\/#organization\",\"name\":\"Location MobilHome & chalet dans les Pyr\u00e9n\u00e9es Orientales\",\"alternateName\":\"Louer un h\u00e9bergement dans les Pyr\u00e9n\u00e9es Orientales en Occitanie\",\"url\":\"https:\/\/www.locansol.fr\/\",\"logo\":{\"@type\":\"ImageObject\",\"inLanguage\":\"ca\",\"@id\":\"https:\/\/www.locansol.fr\/#\/schema\/logo\/image\/\",\"url\":\"https:\/\/www.locansol.fr\/wp-content\/uploads\/2024\/04\/AdobeStock_303324767-scaled.jpeg\",\"contentUrl\":\"https:\/\/www.locansol.fr\/wp-content\/uploads\/2024\/04\/AdobeStock_303324767-scaled.jpeg\",\"width\":2560,\"height\":1707,\"caption\":\"Location MobilHome & chalet dans les Pyr\u00e9n\u00e9es Orientales\"},\"image\":{\"@id\":\"https:\/\/www.locansol.fr\/#\/schema\/logo\/image\/\"}}]}<\/script>\n<!-- \/ Yoast SEO Premium plugin. -->","yoast_head_json":{"title":"EXPO D'ALAIN GOUJON A L'EDA LE BOULOU","description":"L'Espace des Arts de Le Boulou accueille du 30 janvier au 13 mars une exposition consacr\u00e9e \u00e0 Alain Goujon, artiste peintre originaire de Toulouse, n\u00e9 en 1951. Form\u00e9 \u00e0 l'\u00c9cole sup\u00e9rieure d'arts graphiques de Paris, il a obtenu son dipl\u00f4me d'architecte d'int\u00e9rieur en 1972. Depuis les ann\u00e9es 1980, il a expos\u00e9 r\u00e9guli\u00e8rement dans la r\u00e9gion, \u00e0 Nice, \u00e0 Paris, et a ouvert \u00e0 Eus un atelier galerie intitul\u00e9 \u00ab \u00c0 l\u2019\u00e9cart \u00bb. Cette exposition pr\u00e9sente un travail graphique d\u00e9licat et po\u00e9tique, inspir\u00e9 par la nature : herbes, feuilles, roches et nuages sont les \u00e9l\u00e9ments centraux de ses cr\u00e9ations. Alain Goujon privil\u00e9gie les d\u00e9grad\u00e9s de gris obtenus \u00e0 la mine de plomb, ainsi que le noir et l\u2019ocre jaune pour l\u2019huile. Ses hachures, plus ou moins appuy\u00e9es, \u00e9voquent des ph\u00e9nom\u00e8nes naturels comme les rayons du soleil ou la pluie. L'exposition s'inscrit dans une d\u00e9marche o\u00f9 le v\u00e9g\u00e9tal et le min\u00e9ral se m\u00ealent \u00e0 des \u00e9l\u00e9ments architecturaux, donnant naissance \u00e0 des paysages cartographiques imaginaires. Le vernissage aura lieu le samedi 31 janvier \u00e0 11 heures, en pr\u00e9sence de l'artiste. L'acc\u00e8s \u00e0 l'exposition est gratuit. L'Esprit des lieux, situ\u00e9 rue des \u00c9coles, propose un cadre intimiste et chaleureux, propice \u00e0 une immersion dans l'univers sensible et contemplatif de l'artiste. Cette rencontre avec les \u0153uvres de Alain Goujon est une invitation \u00e0 observer avec attention les d\u00e9tails du monde naturel, traduits par une technique fine et une sensibilit\u00e9 po\u00e9tique.","robots":{"index":"index","follow":"follow","max-snippet":"max-snippet:-1","max-image-preview":"max-image-preview:large","max-video-preview":"max-video-preview:-1"},"canonical":"https:\/\/www.locansol.fr\/ca\/evenement\/expo-dalain-goujon-a-leda-le-boulou\/","og_locale":"ca_ES","og_type":"article","og_title":"EXPO D'ALAIN GOUJON A L'EDA LE BOULOU","og_description":"L'Espace des Arts de Le Boulou accueille du 30 janvier au 13 mars une exposition consacr\u00e9e \u00e0 Alain Goujon, artiste peintre originaire de Toulouse, n\u00e9 en 1951. Form\u00e9 \u00e0 l'\u00c9cole sup\u00e9rieure d'arts graphiques de Paris, il a obtenu son dipl\u00f4me d'architecte d'int\u00e9rieur en 1972. Depuis les ann\u00e9es 1980, il a expos\u00e9 r\u00e9guli\u00e8rement dans la r\u00e9gion, \u00e0 Nice, \u00e0 Paris, et a ouvert \u00e0 Eus un atelier galerie intitul\u00e9 \u00ab \u00c0 l\u2019\u00e9cart \u00bb. Cette exposition pr\u00e9sente un travail graphique d\u00e9licat et po\u00e9tique, inspir\u00e9 par la nature : herbes, feuilles, roches et nuages sont les \u00e9l\u00e9ments centraux de ses cr\u00e9ations. Alain Goujon privil\u00e9gie les d\u00e9grad\u00e9s de gris obtenus \u00e0 la mine de plomb, ainsi que le noir et l\u2019ocre jaune pour l\u2019huile. Ses hachures, plus ou moins appuy\u00e9es, \u00e9voquent des ph\u00e9nom\u00e8nes naturels comme les rayons du soleil ou la pluie. L'exposition s'inscrit dans une d\u00e9marche o\u00f9 le v\u00e9g\u00e9tal et le min\u00e9ral se m\u00ealent \u00e0 des \u00e9l\u00e9ments architecturaux, donnant naissance \u00e0 des paysages cartographiques imaginaires. Le vernissage aura lieu le samedi 31 janvier \u00e0 11 heures, en pr\u00e9sence de l'artiste. L'acc\u00e8s \u00e0 l'exposition est gratuit. L'Esprit des lieux, situ\u00e9 rue des \u00c9coles, propose un cadre intimiste et chaleureux, propice \u00e0 une immersion dans l'univers sensible et contemplatif de l'artiste. Cette rencontre avec les \u0153uvres de Alain Goujon est une invitation \u00e0 observer avec attention les d\u00e9tails du monde naturel, traduits par une technique fine et une sensibilit\u00e9 po\u00e9tique.","og_url":"https:\/\/www.locansol.fr\/ca\/evenement\/expo-dalain-goujon-a-leda-le-boulou\/","og_site_name":"Locansol, louer un h\u00e9bergement dans les Pyr\u00e9n\u00e9es Orientales","article_modified_time":"2026-02-14T15:19:53+00:00","og_image":[{"width":1357,"height":1920,"url":"https:\/\/www.locansol.fr\/wp-content\/uploads\/2026\/02\/alain-goujon-naturelle-peinture.webp","type":"image\/webp"}],"twitter_card":"summary_large_image","twitter_title":"EXPO D'ALAIN GOUJON A L'EDA LE BOULOU","twitter_description":"L'Espace des Arts de Le Boulou accueille du 30 janvier au 13 mars une exposition consacr\u00e9e \u00e0 Alain Goujon, artiste peintre originaire de Toulouse, n\u00e9 en 1951. Form\u00e9 \u00e0 l'\u00c9cole sup\u00e9rieure d'arts graphiques de Paris, il a obtenu son dipl\u00f4me d'architecte d'int\u00e9rieur en 1972. Depuis les ann\u00e9es 1980, il a expos\u00e9 r\u00e9guli\u00e8rement dans la r\u00e9gion, \u00e0 Nice, \u00e0 Paris, et a ouvert \u00e0 Eus un atelier galerie intitul\u00e9 \u00ab \u00c0 l\u2019\u00e9cart \u00bb. Cette exposition pr\u00e9sente un travail graphique d\u00e9licat et po\u00e9tique, inspir\u00e9 par la nature : herbes, feuilles, roches et nuages sont les \u00e9l\u00e9ments centraux de ses cr\u00e9ations. Alain Goujon privil\u00e9gie les d\u00e9grad\u00e9s de gris obtenus \u00e0 la mine de plomb, ainsi que le noir et l\u2019ocre jaune pour l\u2019huile. Ses hachures, plus ou moins appuy\u00e9es, \u00e9voquent des ph\u00e9nom\u00e8nes naturels comme les rayons du soleil ou la pluie. L'exposition s'inscrit dans une d\u00e9marche o\u00f9 le v\u00e9g\u00e9tal et le min\u00e9ral se m\u00ealent \u00e0 des \u00e9l\u00e9ments architecturaux, donnant naissance \u00e0 des paysages cartographiques imaginaires. Le vernissage aura lieu le samedi 31 janvier \u00e0 11 heures, en pr\u00e9sence de l'artiste. L'acc\u00e8s \u00e0 l'exposition est gratuit. L'Esprit des lieux, situ\u00e9 rue des \u00c9coles, propose un cadre intimiste et chaleureux, propice \u00e0 une immersion dans l'univers sensible et contemplatif de l'artiste. Cette rencontre avec les \u0153uvres de Alain Goujon est une invitation \u00e0 observer avec attention les d\u00e9tails du monde naturel, traduits par une technique fine et une sensibilit\u00e9 po\u00e9tique.","twitter_image":"https:\/\/www.locansol.fr\/wp-content\/uploads\/2026\/02\/alain-goujon-naturelle-peinture.webp","twitter_misc":{"Temps estimat de lectura":"1 minut"},"schema":{"@context":"https:\/\/schema.org","@graph":[{"@type":"WebPage","@id":"https:\/\/www.locansol.fr\/evenement\/expo-dalain-goujon-a-leda-le-boulou\/","url":"https:\/\/www.locansol.fr\/evenement\/expo-dalain-goujon-a-leda-le-boulou\/","name":"EXPO D'ALAIN GOUJON A L'EDA LE BOULOU","isPartOf":{"@id":"https:\/\/www.locansol.fr\/#website"},"primaryImageOfPage":{"@id":"https:\/\/www.locansol.fr\/evenement\/expo-dalain-goujon-a-leda-le-boulou\/#primaryimage"},"image":{"@id":"https:\/\/www.locansol.fr\/evenement\/expo-dalain-goujon-a-leda-le-boulou\/#primaryimage"},"thumbnailUrl":"https:\/\/www.locansol.fr\/wp-content\/uploads\/2026\/02\/alain-goujon-naturelle-peinture.webp","datePublished":"2026-02-14T15:19:50+00:00","dateModified":"2026-02-14T15:19:53+00:00","description":"L'Espace des Arts de Le Boulou accueille du 30 janvier au 13 mars une exposition consacr\u00e9e \u00e0 Alain Goujon, artiste peintre originaire de Toulouse, n\u00e9 en 1951. Form\u00e9 \u00e0 l'\u00c9cole sup\u00e9rieure d'arts graphiques de Paris, il a obtenu son dipl\u00f4me d'architecte d'int\u00e9rieur en 1972. Depuis les ann\u00e9es 1980, il a expos\u00e9 r\u00e9guli\u00e8rement dans la r\u00e9gion, \u00e0 Nice, \u00e0 Paris, et a ouvert \u00e0 Eus un atelier galerie intitul\u00e9 \u00ab \u00c0 l\u2019\u00e9cart \u00bb. Cette exposition pr\u00e9sente un travail graphique d\u00e9licat et po\u00e9tique, inspir\u00e9 par la nature : herbes, feuilles, roches et nuages sont les \u00e9l\u00e9ments centraux de ses cr\u00e9ations. Alain Goujon privil\u00e9gie les d\u00e9grad\u00e9s de gris obtenus \u00e0 la mine de plomb, ainsi que le noir et l\u2019ocre jaune pour l\u2019huile. Ses hachures, plus ou moins appuy\u00e9es, \u00e9voquent des ph\u00e9nom\u00e8nes naturels comme les rayons du soleil ou la pluie. L'exposition s'inscrit dans une d\u00e9marche o\u00f9 le v\u00e9g\u00e9tal et le min\u00e9ral se m\u00ealent \u00e0 des \u00e9l\u00e9ments architecturaux, donnant naissance \u00e0 des paysages cartographiques imaginaires. Le vernissage aura lieu le samedi 31 janvier \u00e0 11 heures, en pr\u00e9sence de l'artiste. L'acc\u00e8s \u00e0 l'exposition est gratuit. L'Esprit des lieux, situ\u00e9 rue des \u00c9coles, propose un cadre intimiste et chaleureux, propice \u00e0 une immersion dans l'univers sensible et contemplatif de l'artiste. Cette rencontre avec les \u0153uvres de Alain Goujon est une invitation \u00e0 observer avec attention les d\u00e9tails du monde naturel, traduits par une technique fine et une sensibilit\u00e9 po\u00e9tique.","breadcrumb":{"@id":"https:\/\/www.locansol.fr\/evenement\/expo-dalain-goujon-a-leda-le-boulou\/#breadcrumb"},"inLanguage":"ca","potentialAction":[{"@type":"ReadAction","target":["https:\/\/www.locansol.fr\/evenement\/expo-dalain-goujon-a-leda-le-boulou\/"]}]},{"@type":"ImageObject","inLanguage":"ca","@id":"https:\/\/www.locansol.fr\/evenement\/expo-dalain-goujon-a-leda-le-boulou\/#primaryimage","url":"https:\/\/www.locansol.fr\/wp-content\/uploads\/2026\/02\/alain-goujon-naturelle-peinture.webp","contentUrl":"https:\/\/www.locansol.fr\/wp-content\/uploads\/2026\/02\/alain-goujon-naturelle-peinture.webp","width":1357,"height":1920,"caption":"L'Espace des Arts de Le Boulou accueille du 30 janvier au 13 mars une exposition consacr\u00e9e \u00e0 Alain Goujon, artiste peintre originaire de Toulouse, n\u00e9 en 1951. Form\u00e9 \u00e0 l'\u00c9cole sup\u00e9rieure d'arts graphiques de Paris, il a obtenu son dipl\u00f4me d'architecte d'int\u00e9rieur en 1972. Depuis les ann\u00e9es 1980, il a expos\u00e9 r\u00e9guli\u00e8rement dans la r\u00e9gion, \u00e0 Nice, \u00e0 Paris, et a ouvert \u00e0 Eus un atelier galerie intitul\u00e9 \u00ab \u00c0 l\u2019\u00e9cart \u00bb. Cette exposition pr\u00e9sente un travail graphique d\u00e9licat et po\u00e9tique, inspir\u00e9 par la nature : herbes, feuilles, roches et nuages sont les \u00e9l\u00e9ments centraux de ses cr\u00e9ations. Alain Goujon privil\u00e9gie les d\u00e9grad\u00e9s de gris obtenus \u00e0 la mine de plomb, ainsi que le noir et l\u2019ocre jaune pour l\u2019huile. Ses hachures, plus ou moins appuy\u00e9es, \u00e9voquent des ph\u00e9nom\u00e8nes naturels comme les rayons du soleil ou la pluie. L'exposition s'inscrit dans une d\u00e9marche o\u00f9 le v\u00e9g\u00e9tal et le min\u00e9ral se m\u00ealent \u00e0 des \u00e9l\u00e9ments architecturaux, donnant naissance \u00e0 des paysages cartographiques imaginaires. Le vernissage aura lieu le samedi 31 janvier \u00e0 11 heures, en pr\u00e9sence de l'artiste. L'acc\u00e8s \u00e0 l'exposition est gratuit. L'Esprit des lieux, situ\u00e9 rue des \u00c9coles, propose un cadre intimiste et chaleureux, propice \u00e0 une immersion dans l'univers sensible et contemplatif de l'artiste. Cette rencontre avec les \u0153uvres de Alain Goujon est une invitation \u00e0 observer avec attention les d\u00e9tails du monde naturel, traduits par une technique fine et une sensibilit\u00e9 po\u00e9tique."},{"@type":"BreadcrumbList","@id":"https:\/\/www.locansol.fr\/evenement\/expo-dalain-goujon-a-leda-le-boulou\/#breadcrumb","itemListElement":[{"@type":"ListItem","position":1,"name":"Accueil","item":"https:\/\/www.locansol.fr\/"},{"@type":"ListItem","position":2,"name":"\u00c9v\u00e8nements","item":"https:\/\/www.locansol.fr\/evenements\/"},{"@type":"ListItem","position":3,"name":"EXPO D&rsquo;ALAIN GOUJON A L&rsquo;EDA LE BOULOU"}]},{"@type":"WebSite","@id":"https:\/\/www.locansol.fr\/#website","url":"https:\/\/www.locansol.fr\/","name":"Locansol, louer un h\u00e9bergement dans les Pyr\u00e9n\u00e9es-Orientales","description":"Location Mobil-home Mer M\u00e9diterran\u00e9e &amp; Chalet de Montagne dans les Pyr\u00e9n\u00e9es Orientales (Occitanie, 66). Weekend, s\u00e9jour &amp; vacances en famille et entre amis.","publisher":{"@id":"https:\/\/www.locansol.fr\/#organization"},"alternateName":"Louer un h\u00e9bergement dans les Pyr\u00e9n\u00e9es Orientales, chalet & mobil-home en Occitanie","potentialAction":[{"@type":"SearchAction","target":{"@type":"EntryPoint","urlTemplate":"https:\/\/www.locansol.fr\/?s={search_term_string}"},"query-input":{"@type":"PropertyValueSpecification","valueRequired":true,"valueName":"search_term_string"}}],"inLanguage":"ca"},{"@type":"Organization","@id":"https:\/\/www.locansol.fr\/#organization","name":"Location MobilHome & chalet dans les Pyr\u00e9n\u00e9es Orientales","alternateName":"Louer un h\u00e9bergement dans les Pyr\u00e9n\u00e9es Orientales en Occitanie","url":"https:\/\/www.locansol.fr\/","logo":{"@type":"ImageObject","inLanguage":"ca","@id":"https:\/\/www.locansol.fr\/#\/schema\/logo\/image\/","url":"https:\/\/www.locansol.fr\/wp-content\/uploads\/2024\/04\/AdobeStock_303324767-scaled.jpeg","contentUrl":"https:\/\/www.locansol.fr\/wp-content\/uploads\/2024\/04\/AdobeStock_303324767-scaled.jpeg","width":2560,"height":1707,"caption":"Location MobilHome & chalet dans les Pyr\u00e9n\u00e9es Orientales"},"image":{"@id":"https:\/\/www.locansol.fr\/#\/schema\/logo\/image\/"}}]}},"_links":{"self":[{"href":"https:\/\/www.locansol.fr\/ca\/wp-json\/wp\/v2\/tribe_events\/3144","targetHints":{"allow":["GET"]}}],"collection":[{"href":"https:\/\/www.locansol.fr\/ca\/wp-json\/wp\/v2\/tribe_events"}],"about":[{"href":"https:\/\/www.locansol.fr\/ca\/wp-json\/wp\/v2\/types\/tribe_events"}],"author":[{"embeddable":true,"href":"https:\/\/www.locansol.fr\/ca\/wp-json\/wp\/v2\/users\/5"}],"version-history":[{"count":1,"href":"https:\/\/www.locansol.fr\/ca\/wp-json\/wp\/v2\/tribe_events\/3144\/revisions"}],"predecessor-version":[{"id":3145,"href":"https:\/\/www.locansol.fr\/ca\/wp-json\/wp\/v2\/tribe_events\/3144\/revisions\/3145"}],"wp:featuredmedia":[{"embeddable":true,"href":"https:\/\/www.locansol.fr\/ca\/wp-json\/wp\/v2\/media\/3140"}],"wp:attachment":[{"href":"https:\/\/www.locansol.fr\/ca\/wp-json\/wp\/v2\/media?parent=3144"}],"wp:term":[{"taxonomy":"post_tag","embeddable":true,"href":"https:\/\/www.locansol.fr\/ca\/wp-json\/wp\/v2\/tags?post=3144"},{"taxonomy":"tribe_events_cat","embeddable":true,"href":"https:\/\/www.locansol.fr\/ca\/wp-json\/wp\/v2\/tribe_events_cat?post=3144"}],"curies":[{"name":"wp","href":"https:\/\/api.w.org\/{rel}","templated":true}]}}