{"id":3432,"date":"2026-02-16T08:15:54","date_gmt":"2026-02-16T07:15:54","guid":{"rendered":"https:\/\/www.locansol.fr\/evenement\/expo-photos-expressions-4\/"},"modified":"2026-02-16T08:15:58","modified_gmt":"2026-02-16T07:15:58","slug":"expo-photos-expressions-4","status":"publish","type":"tribe_events","link":"https:\/\/www.locansol.fr\/ca\/evenement\/expo-photos-expressions-4\/","title":{"rendered":"EXPO PHOTOS EXPRESSIONS"},"content":{"rendered":"<p>L&rsquo;exposition photographique \u00ab Expressions \u00bb de l&rsquo;artiste Viviane Lacoste se tiendra le lundi 16 f\u00e9vrier de 16h00 \u00e0 20h00 \u00e0 la Salle Cal Panche, situ\u00e9e au c\u0153ur du vieux village des Angles, dans les Pyr\u00e9n\u00e9es-Orientales. Cette manifestation culturelle est gratuite et ouverte \u00e0 tous. Viviane Lacoste, sensible et soucieuse de transmettre des \u00e9motions, explore la beaut\u00e9 \u00e0 travers chaque prise de vue. Pour elle, la photographie n\u2019est pas une simple repr\u00e9sentation, mais une forme d\u2019existence en soi. L\u2019exposition invite \u00e0 d\u00e9couvrir un univers po\u00e9tique, travers\u00e9 par des paysages chaleureux, des instants suspendus et des portraits animaliers, notamment d\u2019un renard, captur\u00e9s avec patience et passion. La Salle Cal Panche, ancienne grange r\u00e9nov\u00e9e, est un lieu d\u2019art et de culture au sein de la station, r\u00e9guli\u00e8rement consacr\u00e9 \u00e0 des expositions d\u2019artistes locaux et r\u00e9gionaux. Cette exposition propose une exp\u00e9rience sensorielle et r\u00e9fl\u00e9chie, id\u00e9ale pour les amateurs de photographie, de nature et d\u2019\u00e9motions intimes. Elle constitue une pause riche en sens au c\u0153ur de l\u2019hiver, \u00e0 d\u00e9couvrir en famille ou en solo.<\/p>\n<p><\/p>\n<h3>R\u00e9servez votre h\u00e9bergement dans les Pyr\u00e9n\u00e9es-Orientales :<\/h3>\n<p><b><a href='https:\/\/www.locansol.fr\/ca\/lloguer-mobil-home-mediterrani\/'>Mobil-home Locansol \u00e0 Argel\u00e8s-sur-Mer<\/a><\/b><br \/>Trajet le plus court : 61 km<br \/>Trajet le plus rapide : 1 h 0 min<\/p>\n<p><b><a href='https:\/\/www.locansol.fr\/ca\/lloguer-xalet-cerdanya\/'>Chalet Locansol \u00e0 Estavar<\/a><\/b><br \/>Trajet le plus court : 65 km<br \/>Trajet le plus rapide : 1 h 14 min<\/p>","protected":false},"excerpt":{"rendered":"<p>L&rsquo;exposition photographique \u00ab Expressions \u00bb de l&rsquo;artiste Viviane Lacoste se tiendra le lundi 16 f\u00e9vrier de 16h00 \u00e0 20h00 \u00e0 la Salle Cal Panche, situ\u00e9e au c\u0153ur du vieux village [&hellip;]<\/p>","protected":false},"author":5,"featured_media":3429,"template":"","meta":{"_yoast_wpseo_focuskw":"EXPO PHOTOS EXPRESSIONS","_yoast_wpseo_title":"EXPO PHOTOS EXPRESSIONS","_yoast_wpseo_metadesc":"L'exposition photographique \u00ab Expressions \u00bb de l'artiste Viviane Lacoste se tiendra le lundi 16 f\u00e9vrier de 16h00 \u00e0 20h00 \u00e0 la Salle Cal Panche, situ\u00e9e au c\u0153ur du vieux village des Angles, dans les Pyr\u00e9n\u00e9es-Orientales. Cette manifestation culturelle est gratuite et ouverte \u00e0 tous. Viviane Lacoste, sensible et soucieuse de transmettre des \u00e9motions, explore la beaut\u00e9 \u00e0 travers chaque prise de vue. Pour elle, la photographie n\u2019est pas une simple repr\u00e9sentation, mais une forme d\u2019existence en soi. L\u2019exposition invite \u00e0 d\u00e9couvrir un univers po\u00e9tique, travers\u00e9 par des paysages chaleureux, des instants suspendus et des portraits animaliers, notamment d\u2019un renard, captur\u00e9s avec patience et passion. La Salle Cal Panche, ancienne grange r\u00e9nov\u00e9e, est un lieu d\u2019art et de culture au sein de la station, r\u00e9guli\u00e8rement consacr\u00e9 \u00e0 des expositions d\u2019artistes locaux et r\u00e9gionaux. Cette exposition propose une exp\u00e9rience sensorielle et r\u00e9fl\u00e9chie, id\u00e9ale pour les amateurs de photographie, de nature et d\u2019\u00e9motions intimes. Elle constitue une pause riche en sens au c\u0153ur de l\u2019hiver, \u00e0 d\u00e9couvrir en famille ou en solo.","_yoast_wpseo_canonical":"","_yoast_wpseo_opengraph-title":"EXPO PHOTOS EXPRESSIONS","_yoast_wpseo_opengraph-description":"L'exposition photographique \u00ab Expressions \u00bb de l'artiste Viviane Lacoste se tiendra le lundi 16 f\u00e9vrier de 16h00 \u00e0 20h00 \u00e0 la Salle Cal Panche, situ\u00e9e au c\u0153ur du vieux village des Angles, dans les Pyr\u00e9n\u00e9es-Orientales. Cette manifestation culturelle est gratuite et ouverte \u00e0 tous. Viviane Lacoste, sensible et soucieuse de transmettre des \u00e9motions, explore la beaut\u00e9 \u00e0 travers chaque prise de vue. Pour elle, la photographie n\u2019est pas une simple repr\u00e9sentation, mais une forme d\u2019existence en soi. L\u2019exposition invite \u00e0 d\u00e9couvrir un univers po\u00e9tique, travers\u00e9 par des paysages chaleureux, des instants suspendus et des portraits animaliers, notamment d\u2019un renard, captur\u00e9s avec patience et passion. La Salle Cal Panche, ancienne grange r\u00e9nov\u00e9e, est un lieu d\u2019art et de culture au sein de la station, r\u00e9guli\u00e8rement consacr\u00e9 \u00e0 des expositions d\u2019artistes locaux et r\u00e9gionaux. Cette exposition propose une exp\u00e9rience sensorielle et r\u00e9fl\u00e9chie, id\u00e9ale pour les amateurs de photographie, de nature et d\u2019\u00e9motions intimes. Elle constitue une pause riche en sens au c\u0153ur de l\u2019hiver, \u00e0 d\u00e9couvrir en famille ou en solo.","_yoast_wpseo_opengraph-image":"https:\/\/www.locansol.fr\/wp-content\/uploads\/2026\/02\/exposition-photographique-les-angles.webp","_yoast_wpseo_opengraph-image-id":"3429","_yoast_wpseo_twitter-title":"EXPO PHOTOS EXPRESSIONS","_yoast_wpseo_twitter-description":"L'exposition photographique \u00ab Expressions \u00bb de l'artiste Viviane Lacoste se tiendra le lundi 16 f\u00e9vrier de 16h00 \u00e0 20h00 \u00e0 la Salle Cal Panche, situ\u00e9e au c\u0153ur du vieux village des Angles, dans les Pyr\u00e9n\u00e9es-Orientales. Cette manifestation culturelle est gratuite et ouverte \u00e0 tous. Viviane Lacoste, sensible et soucieuse de transmettre des \u00e9motions, explore la beaut\u00e9 \u00e0 travers chaque prise de vue. Pour elle, la photographie n\u2019est pas une simple repr\u00e9sentation, mais une forme d\u2019existence en soi. L\u2019exposition invite \u00e0 d\u00e9couvrir un univers po\u00e9tique, travers\u00e9 par des paysages chaleureux, des instants suspendus et des portraits animaliers, notamment d\u2019un renard, captur\u00e9s avec patience et passion. La Salle Cal Panche, ancienne grange r\u00e9nov\u00e9e, est un lieu d\u2019art et de culture au sein de la station, r\u00e9guli\u00e8rement consacr\u00e9 \u00e0 des expositions d\u2019artistes locaux et r\u00e9gionaux. Cette exposition propose une exp\u00e9rience sensorielle et r\u00e9fl\u00e9chie, id\u00e9ale pour les amateurs de photographie, de nature et d\u2019\u00e9motions intimes. Elle constitue une pause riche en sens au c\u0153ur de l\u2019hiver, \u00e0 d\u00e9couvrir en famille ou en solo.","_yoast_wpseo_twitter-image":"https:\/\/www.locansol.fr\/wp-content\/uploads\/2026\/02\/exposition-photographique-les-angles.webp","_yoast_wpseo_twitter-image-id":"3429}","yoast_primary_category":"Exposition","_tribe_events_status":"","_tribe_events_status_reason":"","_tribe_events_is_hybrid":"","_tribe_events_is_virtual":"","_tribe_events_virtual_video_source":"","_tribe_events_virtual_embed_video":"","_tribe_events_virtual_linked_button_text":"","_tribe_events_virtual_linked_button":"","_tribe_events_virtual_show_embed_at":"","_tribe_events_virtual_show_embed_to":[],"_tribe_events_virtual_show_on_event":"","_tribe_events_virtual_show_on_views":"","_tribe_events_virtual_url":"","footnotes":""},"tags":[66,76],"tribe_events_cat":[138,90,127,169],"class_list":["post-3432","tribe_events","type-tribe_events","status-publish","has-post-thumbnail","hentry","tag-evenement-culturel","tag-pyrenees-orientales","tribe_events_cat-evenement-culturel","tribe_events_cat-exposition","tribe_events_cat-photographie","tribe_events_cat-pyrenees-orientales","cat_evenement-culturel","cat_exposition","cat_photographie","cat_pyrenees-orientales"],"yoast_head":"<!-- This site is optimized with the Yoast SEO Premium plugin v23.3 (Yoast SEO v26.9) - https:\/\/yoast.com\/product\/yoast-seo-premium-wordpress\/ -->\n<title>EXPO PHOTOS EXPRESSIONS<\/title>\n<meta name=\"description\" content=\"L&#039;exposition photographique \u00ab Expressions \u00bb de l&#039;artiste Viviane Lacoste se tiendra le lundi 16 f\u00e9vrier de 16h00 \u00e0 20h00 \u00e0 la Salle Cal Panche, situ\u00e9e au c\u0153ur du vieux village des Angles, dans les Pyr\u00e9n\u00e9es-Orientales. Cette manifestation culturelle est gratuite et ouverte \u00e0 tous. Viviane Lacoste, sensible et soucieuse de transmettre des \u00e9motions, explore la beaut\u00e9 \u00e0 travers chaque prise de vue. Pour elle, la photographie n\u2019est pas une simple repr\u00e9sentation, mais une forme d\u2019existence en soi. L\u2019exposition invite \u00e0 d\u00e9couvrir un univers po\u00e9tique, travers\u00e9 par des paysages chaleureux, des instants suspendus et des portraits animaliers, notamment d\u2019un renard, captur\u00e9s avec patience et passion. La Salle Cal Panche, ancienne grange r\u00e9nov\u00e9e, est un lieu d\u2019art et de culture au sein de la station, r\u00e9guli\u00e8rement consacr\u00e9 \u00e0 des expositions d\u2019artistes locaux et r\u00e9gionaux. Cette exposition propose une exp\u00e9rience sensorielle et r\u00e9fl\u00e9chie, id\u00e9ale pour les amateurs de photographie, de nature et d\u2019\u00e9motions intimes. Elle constitue une pause riche en sens au c\u0153ur de l\u2019hiver, \u00e0 d\u00e9couvrir en famille ou en solo.\" \/>\n<meta name=\"robots\" content=\"index, follow, max-snippet:-1, max-image-preview:large, max-video-preview:-1\" \/>\n<link rel=\"canonical\" href=\"https:\/\/www.locansol.fr\/ca\/evenement\/expo-photos-expressions-4\/\" \/>\n<meta property=\"og:locale\" content=\"ca_ES\" \/>\n<meta property=\"og:type\" content=\"article\" \/>\n<meta property=\"og:title\" content=\"EXPO PHOTOS EXPRESSIONS\" \/>\n<meta property=\"og:description\" content=\"L&#039;exposition photographique \u00ab Expressions \u00bb de l&#039;artiste Viviane Lacoste se tiendra le lundi 16 f\u00e9vrier de 16h00 \u00e0 20h00 \u00e0 la Salle Cal Panche, situ\u00e9e au c\u0153ur du vieux village des Angles, dans les Pyr\u00e9n\u00e9es-Orientales. Cette manifestation culturelle est gratuite et ouverte \u00e0 tous. Viviane Lacoste, sensible et soucieuse de transmettre des \u00e9motions, explore la beaut\u00e9 \u00e0 travers chaque prise de vue. Pour elle, la photographie n\u2019est pas une simple repr\u00e9sentation, mais une forme d\u2019existence en soi. L\u2019exposition invite \u00e0 d\u00e9couvrir un univers po\u00e9tique, travers\u00e9 par des paysages chaleureux, des instants suspendus et des portraits animaliers, notamment d\u2019un renard, captur\u00e9s avec patience et passion. La Salle Cal Panche, ancienne grange r\u00e9nov\u00e9e, est un lieu d\u2019art et de culture au sein de la station, r\u00e9guli\u00e8rement consacr\u00e9 \u00e0 des expositions d\u2019artistes locaux et r\u00e9gionaux. Cette exposition propose une exp\u00e9rience sensorielle et r\u00e9fl\u00e9chie, id\u00e9ale pour les amateurs de photographie, de nature et d\u2019\u00e9motions intimes. Elle constitue une pause riche en sens au c\u0153ur de l\u2019hiver, \u00e0 d\u00e9couvrir en famille ou en solo.\" \/>\n<meta property=\"og:url\" content=\"https:\/\/www.locansol.fr\/ca\/evenement\/expo-photos-expressions-4\/\" \/>\n<meta property=\"og:site_name\" content=\"Locansol, louer un h\u00e9bergement dans les Pyr\u00e9n\u00e9es Orientales\" \/>\n<meta property=\"article:modified_time\" content=\"2026-02-16T07:15:58+00:00\" \/>\n<meta property=\"og:image\" content=\"https:\/\/www.locansol.fr\/wp-content\/uploads\/2026\/02\/exposition-photographique-les-angles.webp\" \/>\n\t<meta property=\"og:image:width\" content=\"1131\" \/>\n\t<meta property=\"og:image:height\" content=\"1600\" \/>\n\t<meta property=\"og:image:type\" content=\"image\/webp\" \/>\n<meta name=\"twitter:card\" content=\"summary_large_image\" \/>\n<meta name=\"twitter:title\" content=\"EXPO PHOTOS EXPRESSIONS\" \/>\n<meta name=\"twitter:description\" content=\"L&#039;exposition photographique \u00ab Expressions \u00bb de l&#039;artiste Viviane Lacoste se tiendra le lundi 16 f\u00e9vrier de 16h00 \u00e0 20h00 \u00e0 la Salle Cal Panche, situ\u00e9e au c\u0153ur du vieux village des Angles, dans les Pyr\u00e9n\u00e9es-Orientales. Cette manifestation culturelle est gratuite et ouverte \u00e0 tous. Viviane Lacoste, sensible et soucieuse de transmettre des \u00e9motions, explore la beaut\u00e9 \u00e0 travers chaque prise de vue. Pour elle, la photographie n\u2019est pas une simple repr\u00e9sentation, mais une forme d\u2019existence en soi. L\u2019exposition invite \u00e0 d\u00e9couvrir un univers po\u00e9tique, travers\u00e9 par des paysages chaleureux, des instants suspendus et des portraits animaliers, notamment d\u2019un renard, captur\u00e9s avec patience et passion. La Salle Cal Panche, ancienne grange r\u00e9nov\u00e9e, est un lieu d\u2019art et de culture au sein de la station, r\u00e9guli\u00e8rement consacr\u00e9 \u00e0 des expositions d\u2019artistes locaux et r\u00e9gionaux. Cette exposition propose une exp\u00e9rience sensorielle et r\u00e9fl\u00e9chie, id\u00e9ale pour les amateurs de photographie, de nature et d\u2019\u00e9motions intimes. Elle constitue une pause riche en sens au c\u0153ur de l\u2019hiver, \u00e0 d\u00e9couvrir en famille ou en solo.\" \/>\n<meta name=\"twitter:image\" content=\"https:\/\/www.locansol.fr\/wp-content\/uploads\/2026\/02\/exposition-photographique-les-angles.webp\" \/>\n<meta name=\"twitter:label1\" content=\"Temps estimat de lectura\" \/>\n\t<meta name=\"twitter:data1\" content=\"1 minut\" \/>\n<script type=\"application\/ld+json\" class=\"yoast-schema-graph\">{\"@context\":\"https:\/\/schema.org\",\"@graph\":[{\"@type\":\"WebPage\",\"@id\":\"https:\/\/www.locansol.fr\/evenement\/expo-photos-expressions-4\/\",\"url\":\"https:\/\/www.locansol.fr\/evenement\/expo-photos-expressions-4\/\",\"name\":\"EXPO PHOTOS EXPRESSIONS\",\"isPartOf\":{\"@id\":\"https:\/\/www.locansol.fr\/#website\"},\"primaryImageOfPage\":{\"@id\":\"https:\/\/www.locansol.fr\/evenement\/expo-photos-expressions-4\/#primaryimage\"},\"image\":{\"@id\":\"https:\/\/www.locansol.fr\/evenement\/expo-photos-expressions-4\/#primaryimage\"},\"thumbnailUrl\":\"https:\/\/www.locansol.fr\/wp-content\/uploads\/2026\/02\/exposition-photographique-les-angles.webp\",\"datePublished\":\"2026-02-16T07:15:54+00:00\",\"dateModified\":\"2026-02-16T07:15:58+00:00\",\"description\":\"L'exposition photographique \u00ab Expressions \u00bb de l'artiste Viviane Lacoste se tiendra le lundi 16 f\u00e9vrier de 16h00 \u00e0 20h00 \u00e0 la Salle Cal Panche, situ\u00e9e au c\u0153ur du vieux village des Angles, dans les Pyr\u00e9n\u00e9es-Orientales. Cette manifestation culturelle est gratuite et ouverte \u00e0 tous. Viviane Lacoste, sensible et soucieuse de transmettre des \u00e9motions, explore la beaut\u00e9 \u00e0 travers chaque prise de vue. Pour elle, la photographie n\u2019est pas une simple repr\u00e9sentation, mais une forme d\u2019existence en soi. L\u2019exposition invite \u00e0 d\u00e9couvrir un univers po\u00e9tique, travers\u00e9 par des paysages chaleureux, des instants suspendus et des portraits animaliers, notamment d\u2019un renard, captur\u00e9s avec patience et passion. La Salle Cal Panche, ancienne grange r\u00e9nov\u00e9e, est un lieu d\u2019art et de culture au sein de la station, r\u00e9guli\u00e8rement consacr\u00e9 \u00e0 des expositions d\u2019artistes locaux et r\u00e9gionaux. Cette exposition propose une exp\u00e9rience sensorielle et r\u00e9fl\u00e9chie, id\u00e9ale pour les amateurs de photographie, de nature et d\u2019\u00e9motions intimes. Elle constitue une pause riche en sens au c\u0153ur de l\u2019hiver, \u00e0 d\u00e9couvrir en famille ou en solo.\",\"breadcrumb\":{\"@id\":\"https:\/\/www.locansol.fr\/evenement\/expo-photos-expressions-4\/#breadcrumb\"},\"inLanguage\":\"ca\",\"potentialAction\":[{\"@type\":\"ReadAction\",\"target\":[\"https:\/\/www.locansol.fr\/evenement\/expo-photos-expressions-4\/\"]}]},{\"@type\":\"ImageObject\",\"inLanguage\":\"ca\",\"@id\":\"https:\/\/www.locansol.fr\/evenement\/expo-photos-expressions-4\/#primaryimage\",\"url\":\"https:\/\/www.locansol.fr\/wp-content\/uploads\/2026\/02\/exposition-photographique-les-angles.webp\",\"contentUrl\":\"https:\/\/www.locansol.fr\/wp-content\/uploads\/2026\/02\/exposition-photographique-les-angles.webp\",\"width\":1131,\"height\":1600,\"caption\":\"Exposition Expressions Les Angles - D\u00e9couverte gratuite\"},{\"@type\":\"BreadcrumbList\",\"@id\":\"https:\/\/www.locansol.fr\/evenement\/expo-photos-expressions-4\/#breadcrumb\",\"itemListElement\":[{\"@type\":\"ListItem\",\"position\":1,\"name\":\"Accueil\",\"item\":\"https:\/\/www.locansol.fr\/\"},{\"@type\":\"ListItem\",\"position\":2,\"name\":\"\u00c9v\u00e8nements\",\"item\":\"https:\/\/www.locansol.fr\/evenements\/\"},{\"@type\":\"ListItem\",\"position\":3,\"name\":\"EXPO PHOTOS EXPRESSIONS\"}]},{\"@type\":\"WebSite\",\"@id\":\"https:\/\/www.locansol.fr\/#website\",\"url\":\"https:\/\/www.locansol.fr\/\",\"name\":\"Locansol, louer un h\u00e9bergement dans les Pyr\u00e9n\u00e9es-Orientales\",\"description\":\"Location Mobil-home Mer M\u00e9diterran\u00e9e &amp; Chalet de Montagne dans les Pyr\u00e9n\u00e9es Orientales (Occitanie, 66). Weekend, s\u00e9jour &amp; vacances en famille et entre amis.\",\"publisher\":{\"@id\":\"https:\/\/www.locansol.fr\/#organization\"},\"alternateName\":\"Louer un h\u00e9bergement dans les Pyr\u00e9n\u00e9es Orientales, chalet & mobil-home en Occitanie\",\"potentialAction\":[{\"@type\":\"SearchAction\",\"target\":{\"@type\":\"EntryPoint\",\"urlTemplate\":\"https:\/\/www.locansol.fr\/?s={search_term_string}\"},\"query-input\":{\"@type\":\"PropertyValueSpecification\",\"valueRequired\":true,\"valueName\":\"search_term_string\"}}],\"inLanguage\":\"ca\"},{\"@type\":\"Organization\",\"@id\":\"https:\/\/www.locansol.fr\/#organization\",\"name\":\"Location MobilHome & chalet dans les Pyr\u00e9n\u00e9es Orientales\",\"alternateName\":\"Louer un h\u00e9bergement dans les Pyr\u00e9n\u00e9es Orientales en Occitanie\",\"url\":\"https:\/\/www.locansol.fr\/\",\"logo\":{\"@type\":\"ImageObject\",\"inLanguage\":\"ca\",\"@id\":\"https:\/\/www.locansol.fr\/#\/schema\/logo\/image\/\",\"url\":\"https:\/\/www.locansol.fr\/wp-content\/uploads\/2024\/04\/AdobeStock_303324767-scaled.jpeg\",\"contentUrl\":\"https:\/\/www.locansol.fr\/wp-content\/uploads\/2024\/04\/AdobeStock_303324767-scaled.jpeg\",\"width\":2560,\"height\":1707,\"caption\":\"Location MobilHome & chalet dans les Pyr\u00e9n\u00e9es Orientales\"},\"image\":{\"@id\":\"https:\/\/www.locansol.fr\/#\/schema\/logo\/image\/\"}}]}<\/script>\n<!-- \/ Yoast SEO Premium plugin. -->","yoast_head_json":{"title":"EXPO PHOTOS EXPRESSIONS","description":"L'exposition photographique \u00ab Expressions \u00bb de l'artiste Viviane Lacoste se tiendra le lundi 16 f\u00e9vrier de 16h00 \u00e0 20h00 \u00e0 la Salle Cal Panche, situ\u00e9e au c\u0153ur du vieux village des Angles, dans les Pyr\u00e9n\u00e9es-Orientales. Cette manifestation culturelle est gratuite et ouverte \u00e0 tous. Viviane Lacoste, sensible et soucieuse de transmettre des \u00e9motions, explore la beaut\u00e9 \u00e0 travers chaque prise de vue. Pour elle, la photographie n\u2019est pas une simple repr\u00e9sentation, mais une forme d\u2019existence en soi. L\u2019exposition invite \u00e0 d\u00e9couvrir un univers po\u00e9tique, travers\u00e9 par des paysages chaleureux, des instants suspendus et des portraits animaliers, notamment d\u2019un renard, captur\u00e9s avec patience et passion. La Salle Cal Panche, ancienne grange r\u00e9nov\u00e9e, est un lieu d\u2019art et de culture au sein de la station, r\u00e9guli\u00e8rement consacr\u00e9 \u00e0 des expositions d\u2019artistes locaux et r\u00e9gionaux. Cette exposition propose une exp\u00e9rience sensorielle et r\u00e9fl\u00e9chie, id\u00e9ale pour les amateurs de photographie, de nature et d\u2019\u00e9motions intimes. Elle constitue une pause riche en sens au c\u0153ur de l\u2019hiver, \u00e0 d\u00e9couvrir en famille ou en solo.","robots":{"index":"index","follow":"follow","max-snippet":"max-snippet:-1","max-image-preview":"max-image-preview:large","max-video-preview":"max-video-preview:-1"},"canonical":"https:\/\/www.locansol.fr\/ca\/evenement\/expo-photos-expressions-4\/","og_locale":"ca_ES","og_type":"article","og_title":"EXPO PHOTOS EXPRESSIONS","og_description":"L'exposition photographique \u00ab Expressions \u00bb de l'artiste Viviane Lacoste se tiendra le lundi 16 f\u00e9vrier de 16h00 \u00e0 20h00 \u00e0 la Salle Cal Panche, situ\u00e9e au c\u0153ur du vieux village des Angles, dans les Pyr\u00e9n\u00e9es-Orientales. Cette manifestation culturelle est gratuite et ouverte \u00e0 tous. Viviane Lacoste, sensible et soucieuse de transmettre des \u00e9motions, explore la beaut\u00e9 \u00e0 travers chaque prise de vue. Pour elle, la photographie n\u2019est pas une simple repr\u00e9sentation, mais une forme d\u2019existence en soi. L\u2019exposition invite \u00e0 d\u00e9couvrir un univers po\u00e9tique, travers\u00e9 par des paysages chaleureux, des instants suspendus et des portraits animaliers, notamment d\u2019un renard, captur\u00e9s avec patience et passion. La Salle Cal Panche, ancienne grange r\u00e9nov\u00e9e, est un lieu d\u2019art et de culture au sein de la station, r\u00e9guli\u00e8rement consacr\u00e9 \u00e0 des expositions d\u2019artistes locaux et r\u00e9gionaux. Cette exposition propose une exp\u00e9rience sensorielle et r\u00e9fl\u00e9chie, id\u00e9ale pour les amateurs de photographie, de nature et d\u2019\u00e9motions intimes. Elle constitue une pause riche en sens au c\u0153ur de l\u2019hiver, \u00e0 d\u00e9couvrir en famille ou en solo.","og_url":"https:\/\/www.locansol.fr\/ca\/evenement\/expo-photos-expressions-4\/","og_site_name":"Locansol, louer un h\u00e9bergement dans les Pyr\u00e9n\u00e9es Orientales","article_modified_time":"2026-02-16T07:15:58+00:00","og_image":[{"width":1131,"height":1600,"url":"https:\/\/www.locansol.fr\/wp-content\/uploads\/2026\/02\/exposition-photographique-les-angles.webp","type":"image\/webp"}],"twitter_card":"summary_large_image","twitter_title":"EXPO PHOTOS EXPRESSIONS","twitter_description":"L'exposition photographique \u00ab Expressions \u00bb de l'artiste Viviane Lacoste se tiendra le lundi 16 f\u00e9vrier de 16h00 \u00e0 20h00 \u00e0 la Salle Cal Panche, situ\u00e9e au c\u0153ur du vieux village des Angles, dans les Pyr\u00e9n\u00e9es-Orientales. Cette manifestation culturelle est gratuite et ouverte \u00e0 tous. Viviane Lacoste, sensible et soucieuse de transmettre des \u00e9motions, explore la beaut\u00e9 \u00e0 travers chaque prise de vue. Pour elle, la photographie n\u2019est pas une simple repr\u00e9sentation, mais une forme d\u2019existence en soi. L\u2019exposition invite \u00e0 d\u00e9couvrir un univers po\u00e9tique, travers\u00e9 par des paysages chaleureux, des instants suspendus et des portraits animaliers, notamment d\u2019un renard, captur\u00e9s avec patience et passion. La Salle Cal Panche, ancienne grange r\u00e9nov\u00e9e, est un lieu d\u2019art et de culture au sein de la station, r\u00e9guli\u00e8rement consacr\u00e9 \u00e0 des expositions d\u2019artistes locaux et r\u00e9gionaux. Cette exposition propose une exp\u00e9rience sensorielle et r\u00e9fl\u00e9chie, id\u00e9ale pour les amateurs de photographie, de nature et d\u2019\u00e9motions intimes. Elle constitue une pause riche en sens au c\u0153ur de l\u2019hiver, \u00e0 d\u00e9couvrir en famille ou en solo.","twitter_image":"https:\/\/www.locansol.fr\/wp-content\/uploads\/2026\/02\/exposition-photographique-les-angles.webp","twitter_misc":{"Temps estimat de lectura":"1 minut"},"schema":{"@context":"https:\/\/schema.org","@graph":[{"@type":"WebPage","@id":"https:\/\/www.locansol.fr\/evenement\/expo-photos-expressions-4\/","url":"https:\/\/www.locansol.fr\/evenement\/expo-photos-expressions-4\/","name":"EXPO PHOTOS EXPRESSIONS","isPartOf":{"@id":"https:\/\/www.locansol.fr\/#website"},"primaryImageOfPage":{"@id":"https:\/\/www.locansol.fr\/evenement\/expo-photos-expressions-4\/#primaryimage"},"image":{"@id":"https:\/\/www.locansol.fr\/evenement\/expo-photos-expressions-4\/#primaryimage"},"thumbnailUrl":"https:\/\/www.locansol.fr\/wp-content\/uploads\/2026\/02\/exposition-photographique-les-angles.webp","datePublished":"2026-02-16T07:15:54+00:00","dateModified":"2026-02-16T07:15:58+00:00","description":"L'exposition photographique \u00ab Expressions \u00bb de l'artiste Viviane Lacoste se tiendra le lundi 16 f\u00e9vrier de 16h00 \u00e0 20h00 \u00e0 la Salle Cal Panche, situ\u00e9e au c\u0153ur du vieux village des Angles, dans les Pyr\u00e9n\u00e9es-Orientales. Cette manifestation culturelle est gratuite et ouverte \u00e0 tous. Viviane Lacoste, sensible et soucieuse de transmettre des \u00e9motions, explore la beaut\u00e9 \u00e0 travers chaque prise de vue. Pour elle, la photographie n\u2019est pas une simple repr\u00e9sentation, mais une forme d\u2019existence en soi. L\u2019exposition invite \u00e0 d\u00e9couvrir un univers po\u00e9tique, travers\u00e9 par des paysages chaleureux, des instants suspendus et des portraits animaliers, notamment d\u2019un renard, captur\u00e9s avec patience et passion. La Salle Cal Panche, ancienne grange r\u00e9nov\u00e9e, est un lieu d\u2019art et de culture au sein de la station, r\u00e9guli\u00e8rement consacr\u00e9 \u00e0 des expositions d\u2019artistes locaux et r\u00e9gionaux. Cette exposition propose une exp\u00e9rience sensorielle et r\u00e9fl\u00e9chie, id\u00e9ale pour les amateurs de photographie, de nature et d\u2019\u00e9motions intimes. Elle constitue une pause riche en sens au c\u0153ur de l\u2019hiver, \u00e0 d\u00e9couvrir en famille ou en solo.","breadcrumb":{"@id":"https:\/\/www.locansol.fr\/evenement\/expo-photos-expressions-4\/#breadcrumb"},"inLanguage":"ca","potentialAction":[{"@type":"ReadAction","target":["https:\/\/www.locansol.fr\/evenement\/expo-photos-expressions-4\/"]}]},{"@type":"ImageObject","inLanguage":"ca","@id":"https:\/\/www.locansol.fr\/evenement\/expo-photos-expressions-4\/#primaryimage","url":"https:\/\/www.locansol.fr\/wp-content\/uploads\/2026\/02\/exposition-photographique-les-angles.webp","contentUrl":"https:\/\/www.locansol.fr\/wp-content\/uploads\/2026\/02\/exposition-photographique-les-angles.webp","width":1131,"height":1600,"caption":"Exposition Expressions Les Angles - D\u00e9couverte gratuite"},{"@type":"BreadcrumbList","@id":"https:\/\/www.locansol.fr\/evenement\/expo-photos-expressions-4\/#breadcrumb","itemListElement":[{"@type":"ListItem","position":1,"name":"Accueil","item":"https:\/\/www.locansol.fr\/"},{"@type":"ListItem","position":2,"name":"\u00c9v\u00e8nements","item":"https:\/\/www.locansol.fr\/evenements\/"},{"@type":"ListItem","position":3,"name":"EXPO PHOTOS EXPRESSIONS"}]},{"@type":"WebSite","@id":"https:\/\/www.locansol.fr\/#website","url":"https:\/\/www.locansol.fr\/","name":"Locansol, louer un h\u00e9bergement dans les Pyr\u00e9n\u00e9es-Orientales","description":"Location Mobil-home Mer M\u00e9diterran\u00e9e &amp; Chalet de Montagne dans les Pyr\u00e9n\u00e9es Orientales (Occitanie, 66). Weekend, s\u00e9jour &amp; vacances en famille et entre amis.","publisher":{"@id":"https:\/\/www.locansol.fr\/#organization"},"alternateName":"Louer un h\u00e9bergement dans les Pyr\u00e9n\u00e9es Orientales, chalet & mobil-home en Occitanie","potentialAction":[{"@type":"SearchAction","target":{"@type":"EntryPoint","urlTemplate":"https:\/\/www.locansol.fr\/?s={search_term_string}"},"query-input":{"@type":"PropertyValueSpecification","valueRequired":true,"valueName":"search_term_string"}}],"inLanguage":"ca"},{"@type":"Organization","@id":"https:\/\/www.locansol.fr\/#organization","name":"Location MobilHome & chalet dans les Pyr\u00e9n\u00e9es Orientales","alternateName":"Louer un h\u00e9bergement dans les Pyr\u00e9n\u00e9es Orientales en Occitanie","url":"https:\/\/www.locansol.fr\/","logo":{"@type":"ImageObject","inLanguage":"ca","@id":"https:\/\/www.locansol.fr\/#\/schema\/logo\/image\/","url":"https:\/\/www.locansol.fr\/wp-content\/uploads\/2024\/04\/AdobeStock_303324767-scaled.jpeg","contentUrl":"https:\/\/www.locansol.fr\/wp-content\/uploads\/2024\/04\/AdobeStock_303324767-scaled.jpeg","width":2560,"height":1707,"caption":"Location MobilHome & chalet dans les Pyr\u00e9n\u00e9es Orientales"},"image":{"@id":"https:\/\/www.locansol.fr\/#\/schema\/logo\/image\/"}}]}},"_links":{"self":[{"href":"https:\/\/www.locansol.fr\/ca\/wp-json\/wp\/v2\/tribe_events\/3432","targetHints":{"allow":["GET"]}}],"collection":[{"href":"https:\/\/www.locansol.fr\/ca\/wp-json\/wp\/v2\/tribe_events"}],"about":[{"href":"https:\/\/www.locansol.fr\/ca\/wp-json\/wp\/v2\/types\/tribe_events"}],"author":[{"embeddable":true,"href":"https:\/\/www.locansol.fr\/ca\/wp-json\/wp\/v2\/users\/5"}],"version-history":[{"count":1,"href":"https:\/\/www.locansol.fr\/ca\/wp-json\/wp\/v2\/tribe_events\/3432\/revisions"}],"predecessor-version":[{"id":3433,"href":"https:\/\/www.locansol.fr\/ca\/wp-json\/wp\/v2\/tribe_events\/3432\/revisions\/3433"}],"wp:featuredmedia":[{"embeddable":true,"href":"https:\/\/www.locansol.fr\/ca\/wp-json\/wp\/v2\/media\/3429"}],"wp:attachment":[{"href":"https:\/\/www.locansol.fr\/ca\/wp-json\/wp\/v2\/media?parent=3432"}],"wp:term":[{"taxonomy":"post_tag","embeddable":true,"href":"https:\/\/www.locansol.fr\/ca\/wp-json\/wp\/v2\/tags?post=3432"},{"taxonomy":"tribe_events_cat","embeddable":true,"href":"https:\/\/www.locansol.fr\/ca\/wp-json\/wp\/v2\/tribe_events_cat?post=3432"}],"curies":[{"name":"wp","href":"https:\/\/api.w.org\/{rel}","templated":true}]}}