{"id":3591,"date":"2026-02-17T08:37:55","date_gmt":"2026-02-17T07:37:55","guid":{"rendered":"https:\/\/www.locansol.fr\/evenement\/balade-contee-nocturne\/"},"modified":"2026-02-17T08:37:57","modified_gmt":"2026-02-17T07:37:57","slug":"balade-contee-nocturne","status":"publish","type":"tribe_events","link":"https:\/\/www.locansol.fr\/ca\/evenement\/balade-contee-nocturne\/","title":{"rendered":"BALADE CONT\u00c9E NOCTURNE"},"content":{"rendered":"<p>La balade cont\u00e9e nocturne \u00e0 Formigu\u00e8res propose une sortie de deux heures dans le cadre naturel et historique du village, situ\u00e9 dans les Pyr\u00e9n\u00e9es-Orientales. L\u2019\u00e9v\u00e9nement se d\u00e9roule \u00e0 17h30, \u00e0 partir de la Place de l&rsquo;\u00c9glise, sur plusieurs dates en f\u00e9vrier, notamment le mardi 17 et le lundi 23 f\u00e9vrier. Anim\u00e9e par un guide dipl\u00f4m\u00e9, la balade m\u00eale marche douce et narration, en s\u2019inspirant des traditions orales locales. Les contes et l\u00e9gendes racont\u00e9s \u00e9voquent l\u2019histoire riche du Capcir, r\u00e9gion montagneuse connue pour ses r\u00e9cits anciens, ses sites embl\u00e9matiques comme le Roc de la Por, et ses traditions culturelles catalanes. L\u2019ambiance est feutr\u00e9e et intimiste, renforc\u00e9e par la lumi\u00e8re tamis\u00e9e de la nuit et le silence de la montagne. Une boisson chaude est offerte \u00e0 la fin de la balade pour se r\u00e9chauffer. L\u2019activit\u00e9 convient \u00e0 tous les publics, y compris les familles, et s\u2019inscrit dans un cadre de d\u00e9couverte du patrimoine naturel et culturel de la r\u00e9gion. Elle s\u2019adresse \u00e0 ceux qui souhaitent allier loisirs, d\u00e9tente et immersion dans l\u2019identit\u00e9 locale, en pleine nature. L\u2019acc\u00e8s est libre et les inscriptions ne sont pas obligatoires. L\u2019\u00e9v\u00e9nement est organis\u00e9 par la mairie de Formigu\u00e8res en partenariat avec les offices de tourisme du territoire.<\/p>\n<p><\/p>\n<h3>R\u00e9servez votre h\u00e9bergement dans les Pyr\u00e9n\u00e9es-Orientales :<\/h3>\n<p><b><a href='https:\/\/www.locansol.fr\/ca\/lloguer-xalet-cerdanya\/'>Chalet Locansol \u00e0 Estavar<\/a><\/b><br \/>Trajet le plus court : 30 km<br \/>Trajet le plus rapide : 32 min<\/p>\n<p><b><a href='https:\/\/www.locansol.fr\/ca\/lloguer-mobil-home-mediterrani\/'>Mobil-home Locansol \u00e0 Argel\u00e8s-sur-Mer<\/a><\/b><br \/>Trajet le plus court : 117 km<br \/>Trajet le plus rapide : 1 h 49 min<\/p>","protected":false},"excerpt":{"rendered":"<p>La balade cont\u00e9e nocturne \u00e0 Formigu\u00e8res propose une sortie de deux heures dans le cadre naturel et historique du village, situ\u00e9 dans les Pyr\u00e9n\u00e9es-Orientales. L\u2019\u00e9v\u00e9nement se d\u00e9roule \u00e0 17h30, \u00e0 [&hellip;]<\/p>","protected":false},"author":5,"featured_media":3587,"template":"","meta":{"_yoast_wpseo_focuskw":"BALADE CONT\u00c9E NOCTURNE","_yoast_wpseo_title":"BALADE CONT\u00c9E NOCTURNE","_yoast_wpseo_metadesc":"La balade cont\u00e9e nocturne \u00e0 Formigu\u00e8res propose une sortie de deux heures dans le cadre naturel et historique du village, situ\u00e9 dans les Pyr\u00e9n\u00e9es-Orientales. L\u2019\u00e9v\u00e9nement se d\u00e9roule \u00e0 17h30, \u00e0 partir de la Place de l'\u00c9glise, sur plusieurs dates en f\u00e9vrier, notamment le mardi 17 et le lundi 23 f\u00e9vrier. Anim\u00e9e par un guide dipl\u00f4m\u00e9, la balade m\u00eale marche douce et narration, en s\u2019inspirant des traditions orales locales. Les contes et l\u00e9gendes racont\u00e9s \u00e9voquent l\u2019histoire riche du Capcir, r\u00e9gion montagneuse connue pour ses r\u00e9cits anciens, ses sites embl\u00e9matiques comme le Roc de la Por, et ses traditions culturelles catalanes. L\u2019ambiance est feutr\u00e9e et intimiste, renforc\u00e9e par la lumi\u00e8re tamis\u00e9e de la nuit et le silence de la montagne. Une boisson chaude est offerte \u00e0 la fin de la balade pour se r\u00e9chauffer. L\u2019activit\u00e9 convient \u00e0 tous les publics, y compris les familles, et s\u2019inscrit dans un cadre de d\u00e9couverte du patrimoine naturel et culturel de la r\u00e9gion. Elle s\u2019adresse \u00e0 ceux qui souhaitent allier loisirs, d\u00e9tente et immersion dans l\u2019identit\u00e9 locale, en pleine nature. L\u2019acc\u00e8s est libre et les inscriptions ne sont pas obligatoires. L\u2019\u00e9v\u00e9nement est organis\u00e9 par la mairie de Formigu\u00e8res en partenariat avec les offices de tourisme du territoire.","_yoast_wpseo_canonical":"","_yoast_wpseo_opengraph-title":"BALADE CONT\u00c9E NOCTURNE","_yoast_wpseo_opengraph-description":"La balade cont\u00e9e nocturne \u00e0 Formigu\u00e8res propose une sortie de deux heures dans le cadre naturel et historique du village, situ\u00e9 dans les Pyr\u00e9n\u00e9es-Orientales. L\u2019\u00e9v\u00e9nement se d\u00e9roule \u00e0 17h30, \u00e0 partir de la Place de l'\u00c9glise, sur plusieurs dates en f\u00e9vrier, notamment le mardi 17 et le lundi 23 f\u00e9vrier. Anim\u00e9e par un guide dipl\u00f4m\u00e9, la balade m\u00eale marche douce et narration, en s\u2019inspirant des traditions orales locales. Les contes et l\u00e9gendes racont\u00e9s \u00e9voquent l\u2019histoire riche du Capcir, r\u00e9gion montagneuse connue pour ses r\u00e9cits anciens, ses sites embl\u00e9matiques comme le Roc de la Por, et ses traditions culturelles catalanes. L\u2019ambiance est feutr\u00e9e et intimiste, renforc\u00e9e par la lumi\u00e8re tamis\u00e9e de la nuit et le silence de la montagne. Une boisson chaude est offerte \u00e0 la fin de la balade pour se r\u00e9chauffer. L\u2019activit\u00e9 convient \u00e0 tous les publics, y compris les familles, et s\u2019inscrit dans un cadre de d\u00e9couverte du patrimoine naturel et culturel de la r\u00e9gion. Elle s\u2019adresse \u00e0 ceux qui souhaitent allier loisirs, d\u00e9tente et immersion dans l\u2019identit\u00e9 locale, en pleine nature. L\u2019acc\u00e8s est libre et les inscriptions ne sont pas obligatoires. L\u2019\u00e9v\u00e9nement est organis\u00e9 par la mairie de Formigu\u00e8res en partenariat avec les offices de tourisme du territoire.","_yoast_wpseo_opengraph-image":"https:\/\/www.locansol.fr\/wp-content\/uploads\/2026\/02\/balade-contee-nocturne-formigeres.webp","_yoast_wpseo_opengraph-image-id":"3587","_yoast_wpseo_twitter-title":"BALADE CONT\u00c9E NOCTURNE","_yoast_wpseo_twitter-description":"La balade cont\u00e9e nocturne \u00e0 Formigu\u00e8res propose une sortie de deux heures dans le cadre naturel et historique du village, situ\u00e9 dans les Pyr\u00e9n\u00e9es-Orientales. L\u2019\u00e9v\u00e9nement se d\u00e9roule \u00e0 17h30, \u00e0 partir de la Place de l'\u00c9glise, sur plusieurs dates en f\u00e9vrier, notamment le mardi 17 et le lundi 23 f\u00e9vrier. Anim\u00e9e par un guide dipl\u00f4m\u00e9, la balade m\u00eale marche douce et narration, en s\u2019inspirant des traditions orales locales. Les contes et l\u00e9gendes racont\u00e9s \u00e9voquent l\u2019histoire riche du Capcir, r\u00e9gion montagneuse connue pour ses r\u00e9cits anciens, ses sites embl\u00e9matiques comme le Roc de la Por, et ses traditions culturelles catalanes. L\u2019ambiance est feutr\u00e9e et intimiste, renforc\u00e9e par la lumi\u00e8re tamis\u00e9e de la nuit et le silence de la montagne. Une boisson chaude est offerte \u00e0 la fin de la balade pour se r\u00e9chauffer. L\u2019activit\u00e9 convient \u00e0 tous les publics, y compris les familles, et s\u2019inscrit dans un cadre de d\u00e9couverte du patrimoine naturel et culturel de la r\u00e9gion. Elle s\u2019adresse \u00e0 ceux qui souhaitent allier loisirs, d\u00e9tente et immersion dans l\u2019identit\u00e9 locale, en pleine nature. L\u2019acc\u00e8s est libre et les inscriptions ne sont pas obligatoires. L\u2019\u00e9v\u00e9nement est organis\u00e9 par la mairie de Formigu\u00e8res en partenariat avec les offices de tourisme du territoire.","_yoast_wpseo_twitter-image":"https:\/\/www.locansol.fr\/wp-content\/uploads\/2026\/02\/balade-contee-nocturne-formigeres.webp","_yoast_wpseo_twitter-image-id":"3587}","yoast_primary_category":"Randonn\u00e9e","_tribe_events_status":"","_tribe_events_status_reason":"","_tribe_events_is_hybrid":"","_tribe_events_is_virtual":"","_tribe_events_virtual_video_source":"","_tribe_events_virtual_embed_video":"","_tribe_events_virtual_linked_button_text":"","_tribe_events_virtual_linked_button":"","_tribe_events_virtual_show_embed_at":"","_tribe_events_virtual_show_embed_to":[],"_tribe_events_virtual_show_on_event":"","_tribe_events_virtual_show_on_views":"","_tribe_events_virtual_url":"","footnotes":""},"tags":[67,70,76],"tribe_events_cat":[146,153,139,141,169],"class_list":["post-3591","tribe_events","type-tribe_events","status-publish","has-post-thumbnail","hentry","tag-loisirs","tag-nature","tag-pyrenees-orientales","tribe_events_cat-activites-de-pleine-nature","tribe_events_cat-environnement","tribe_events_cat-loisirs","tribe_events_cat-nature","tribe_events_cat-pyrenees-orientales","cat_activites-de-pleine-nature","cat_environnement","cat_loisirs","cat_nature","cat_pyrenees-orientales"],"yoast_head":"<!-- This site is optimized with the Yoast SEO Premium plugin v23.3 (Yoast SEO v26.9) - https:\/\/yoast.com\/product\/yoast-seo-premium-wordpress\/ -->\n<title>BALADE CONT\u00c9E NOCTURNE<\/title>\n<meta name=\"description\" content=\"La balade cont\u00e9e nocturne \u00e0 Formigu\u00e8res propose une sortie de deux heures dans le cadre naturel et historique du village, situ\u00e9 dans les Pyr\u00e9n\u00e9es-Orientales. L\u2019\u00e9v\u00e9nement se d\u00e9roule \u00e0 17h30, \u00e0 partir de la Place de l&#039;\u00c9glise, sur plusieurs dates en f\u00e9vrier, notamment le mardi 17 et le lundi 23 f\u00e9vrier. Anim\u00e9e par un guide dipl\u00f4m\u00e9, la balade m\u00eale marche douce et narration, en s\u2019inspirant des traditions orales locales. Les contes et l\u00e9gendes racont\u00e9s \u00e9voquent l\u2019histoire riche du Capcir, r\u00e9gion montagneuse connue pour ses r\u00e9cits anciens, ses sites embl\u00e9matiques comme le Roc de la Por, et ses traditions culturelles catalanes. L\u2019ambiance est feutr\u00e9e et intimiste, renforc\u00e9e par la lumi\u00e8re tamis\u00e9e de la nuit et le silence de la montagne. Une boisson chaude est offerte \u00e0 la fin de la balade pour se r\u00e9chauffer. L\u2019activit\u00e9 convient \u00e0 tous les publics, y compris les familles, et s\u2019inscrit dans un cadre de d\u00e9couverte du patrimoine naturel et culturel de la r\u00e9gion. Elle s\u2019adresse \u00e0 ceux qui souhaitent allier loisirs, d\u00e9tente et immersion dans l\u2019identit\u00e9 locale, en pleine nature. L\u2019acc\u00e8s est libre et les inscriptions ne sont pas obligatoires. L\u2019\u00e9v\u00e9nement est organis\u00e9 par la mairie de Formigu\u00e8res en partenariat avec les offices de tourisme du territoire.\" \/>\n<meta name=\"robots\" content=\"index, follow, max-snippet:-1, max-image-preview:large, max-video-preview:-1\" \/>\n<link rel=\"canonical\" href=\"https:\/\/www.locansol.fr\/ca\/evenement\/balade-contee-nocturne\/\" \/>\n<meta property=\"og:locale\" content=\"ca_ES\" \/>\n<meta property=\"og:type\" content=\"article\" \/>\n<meta property=\"og:title\" content=\"BALADE CONT\u00c9E NOCTURNE\" \/>\n<meta property=\"og:description\" content=\"La balade cont\u00e9e nocturne \u00e0 Formigu\u00e8res propose une sortie de deux heures dans le cadre naturel et historique du village, situ\u00e9 dans les Pyr\u00e9n\u00e9es-Orientales. L\u2019\u00e9v\u00e9nement se d\u00e9roule \u00e0 17h30, \u00e0 partir de la Place de l&#039;\u00c9glise, sur plusieurs dates en f\u00e9vrier, notamment le mardi 17 et le lundi 23 f\u00e9vrier. Anim\u00e9e par un guide dipl\u00f4m\u00e9, la balade m\u00eale marche douce et narration, en s\u2019inspirant des traditions orales locales. Les contes et l\u00e9gendes racont\u00e9s \u00e9voquent l\u2019histoire riche du Capcir, r\u00e9gion montagneuse connue pour ses r\u00e9cits anciens, ses sites embl\u00e9matiques comme le Roc de la Por, et ses traditions culturelles catalanes. L\u2019ambiance est feutr\u00e9e et intimiste, renforc\u00e9e par la lumi\u00e8re tamis\u00e9e de la nuit et le silence de la montagne. Une boisson chaude est offerte \u00e0 la fin de la balade pour se r\u00e9chauffer. L\u2019activit\u00e9 convient \u00e0 tous les publics, y compris les familles, et s\u2019inscrit dans un cadre de d\u00e9couverte du patrimoine naturel et culturel de la r\u00e9gion. Elle s\u2019adresse \u00e0 ceux qui souhaitent allier loisirs, d\u00e9tente et immersion dans l\u2019identit\u00e9 locale, en pleine nature. L\u2019acc\u00e8s est libre et les inscriptions ne sont pas obligatoires. L\u2019\u00e9v\u00e9nement est organis\u00e9 par la mairie de Formigu\u00e8res en partenariat avec les offices de tourisme du territoire.\" \/>\n<meta property=\"og:url\" content=\"https:\/\/www.locansol.fr\/ca\/evenement\/balade-contee-nocturne\/\" \/>\n<meta property=\"og:site_name\" content=\"Locansol, louer un h\u00e9bergement dans les Pyr\u00e9n\u00e9es Orientales\" \/>\n<meta property=\"article:modified_time\" content=\"2026-02-17T07:37:57+00:00\" \/>\n<meta property=\"og:image\" content=\"https:\/\/www.locansol.fr\/wp-content\/uploads\/2026\/02\/balade-contee-nocturne-formigeres.webp\" \/>\n\t<meta property=\"og:image:width\" content=\"1241\" \/>\n\t<meta property=\"og:image:height\" content=\"1755\" \/>\n\t<meta property=\"og:image:type\" content=\"image\/webp\" \/>\n<meta name=\"twitter:card\" content=\"summary_large_image\" \/>\n<meta name=\"twitter:title\" content=\"BALADE CONT\u00c9E NOCTURNE\" \/>\n<meta name=\"twitter:description\" content=\"La balade cont\u00e9e nocturne \u00e0 Formigu\u00e8res propose une sortie de deux heures dans le cadre naturel et historique du village, situ\u00e9 dans les Pyr\u00e9n\u00e9es-Orientales. L\u2019\u00e9v\u00e9nement se d\u00e9roule \u00e0 17h30, \u00e0 partir de la Place de l&#039;\u00c9glise, sur plusieurs dates en f\u00e9vrier, notamment le mardi 17 et le lundi 23 f\u00e9vrier. Anim\u00e9e par un guide dipl\u00f4m\u00e9, la balade m\u00eale marche douce et narration, en s\u2019inspirant des traditions orales locales. Les contes et l\u00e9gendes racont\u00e9s \u00e9voquent l\u2019histoire riche du Capcir, r\u00e9gion montagneuse connue pour ses r\u00e9cits anciens, ses sites embl\u00e9matiques comme le Roc de la Por, et ses traditions culturelles catalanes. L\u2019ambiance est feutr\u00e9e et intimiste, renforc\u00e9e par la lumi\u00e8re tamis\u00e9e de la nuit et le silence de la montagne. Une boisson chaude est offerte \u00e0 la fin de la balade pour se r\u00e9chauffer. L\u2019activit\u00e9 convient \u00e0 tous les publics, y compris les familles, et s\u2019inscrit dans un cadre de d\u00e9couverte du patrimoine naturel et culturel de la r\u00e9gion. Elle s\u2019adresse \u00e0 ceux qui souhaitent allier loisirs, d\u00e9tente et immersion dans l\u2019identit\u00e9 locale, en pleine nature. L\u2019acc\u00e8s est libre et les inscriptions ne sont pas obligatoires. L\u2019\u00e9v\u00e9nement est organis\u00e9 par la mairie de Formigu\u00e8res en partenariat avec les offices de tourisme du territoire.\" \/>\n<meta name=\"twitter:image\" content=\"https:\/\/www.locansol.fr\/wp-content\/uploads\/2026\/02\/balade-contee-nocturne-formigeres.webp\" \/>\n<meta name=\"twitter:label1\" content=\"Temps estimat de lectura\" \/>\n\t<meta name=\"twitter:data1\" content=\"1 minut\" \/>\n<script type=\"application\/ld+json\" class=\"yoast-schema-graph\">{\"@context\":\"https:\/\/schema.org\",\"@graph\":[{\"@type\":\"WebPage\",\"@id\":\"https:\/\/www.locansol.fr\/evenement\/balade-contee-nocturne\/\",\"url\":\"https:\/\/www.locansol.fr\/evenement\/balade-contee-nocturne\/\",\"name\":\"BALADE CONT\u00c9E NOCTURNE\",\"isPartOf\":{\"@id\":\"https:\/\/www.locansol.fr\/#website\"},\"primaryImageOfPage\":{\"@id\":\"https:\/\/www.locansol.fr\/evenement\/balade-contee-nocturne\/#primaryimage\"},\"image\":{\"@id\":\"https:\/\/www.locansol.fr\/evenement\/balade-contee-nocturne\/#primaryimage\"},\"thumbnailUrl\":\"https:\/\/www.locansol.fr\/wp-content\/uploads\/2026\/02\/balade-contee-nocturne-formigeres.webp\",\"datePublished\":\"2026-02-17T07:37:55+00:00\",\"dateModified\":\"2026-02-17T07:37:57+00:00\",\"description\":\"La balade cont\u00e9e nocturne \u00e0 Formigu\u00e8res propose une sortie de deux heures dans le cadre naturel et historique du village, situ\u00e9 dans les Pyr\u00e9n\u00e9es-Orientales. L\u2019\u00e9v\u00e9nement se d\u00e9roule \u00e0 17h30, \u00e0 partir de la Place de l'\u00c9glise, sur plusieurs dates en f\u00e9vrier, notamment le mardi 17 et le lundi 23 f\u00e9vrier. Anim\u00e9e par un guide dipl\u00f4m\u00e9, la balade m\u00eale marche douce et narration, en s\u2019inspirant des traditions orales locales. Les contes et l\u00e9gendes racont\u00e9s \u00e9voquent l\u2019histoire riche du Capcir, r\u00e9gion montagneuse connue pour ses r\u00e9cits anciens, ses sites embl\u00e9matiques comme le Roc de la Por, et ses traditions culturelles catalanes. L\u2019ambiance est feutr\u00e9e et intimiste, renforc\u00e9e par la lumi\u00e8re tamis\u00e9e de la nuit et le silence de la montagne. Une boisson chaude est offerte \u00e0 la fin de la balade pour se r\u00e9chauffer. L\u2019activit\u00e9 convient \u00e0 tous les publics, y compris les familles, et s\u2019inscrit dans un cadre de d\u00e9couverte du patrimoine naturel et culturel de la r\u00e9gion. Elle s\u2019adresse \u00e0 ceux qui souhaitent allier loisirs, d\u00e9tente et immersion dans l\u2019identit\u00e9 locale, en pleine nature. L\u2019acc\u00e8s est libre et les inscriptions ne sont pas obligatoires. L\u2019\u00e9v\u00e9nement est organis\u00e9 par la mairie de Formigu\u00e8res en partenariat avec les offices de tourisme du territoire.\",\"breadcrumb\":{\"@id\":\"https:\/\/www.locansol.fr\/evenement\/balade-contee-nocturne\/#breadcrumb\"},\"inLanguage\":\"ca\",\"potentialAction\":[{\"@type\":\"ReadAction\",\"target\":[\"https:\/\/www.locansol.fr\/evenement\/balade-contee-nocturne\/\"]}]},{\"@type\":\"ImageObject\",\"inLanguage\":\"ca\",\"@id\":\"https:\/\/www.locansol.fr\/evenement\/balade-contee-nocturne\/#primaryimage\",\"url\":\"https:\/\/www.locansol.fr\/wp-content\/uploads\/2026\/02\/balade-contee-nocturne-formigeres.webp\",\"contentUrl\":\"https:\/\/www.locansol.fr\/wp-content\/uploads\/2026\/02\/balade-contee-nocturne-formigeres.webp\",\"width\":1241,\"height\":1755,\"caption\":\"Balade cont\u00e9e nocturne \u00e0 Formigu\u00e8res - Immersion magique\"},{\"@type\":\"BreadcrumbList\",\"@id\":\"https:\/\/www.locansol.fr\/evenement\/balade-contee-nocturne\/#breadcrumb\",\"itemListElement\":[{\"@type\":\"ListItem\",\"position\":1,\"name\":\"Accueil\",\"item\":\"https:\/\/www.locansol.fr\/\"},{\"@type\":\"ListItem\",\"position\":2,\"name\":\"\u00c9v\u00e8nements\",\"item\":\"https:\/\/www.locansol.fr\/evenements\/\"},{\"@type\":\"ListItem\",\"position\":3,\"name\":\"BALADE CONT\u00c9E NOCTURNE\"}]},{\"@type\":\"WebSite\",\"@id\":\"https:\/\/www.locansol.fr\/#website\",\"url\":\"https:\/\/www.locansol.fr\/\",\"name\":\"Locansol, louer un h\u00e9bergement dans les Pyr\u00e9n\u00e9es-Orientales\",\"description\":\"Location Mobil-home Mer M\u00e9diterran\u00e9e &amp; Chalet de Montagne dans les Pyr\u00e9n\u00e9es Orientales (Occitanie, 66). Weekend, s\u00e9jour &amp; vacances en famille et entre amis.\",\"publisher\":{\"@id\":\"https:\/\/www.locansol.fr\/#organization\"},\"alternateName\":\"Louer un h\u00e9bergement dans les Pyr\u00e9n\u00e9es Orientales, chalet & mobil-home en Occitanie\",\"potentialAction\":[{\"@type\":\"SearchAction\",\"target\":{\"@type\":\"EntryPoint\",\"urlTemplate\":\"https:\/\/www.locansol.fr\/?s={search_term_string}\"},\"query-input\":{\"@type\":\"PropertyValueSpecification\",\"valueRequired\":true,\"valueName\":\"search_term_string\"}}],\"inLanguage\":\"ca\"},{\"@type\":\"Organization\",\"@id\":\"https:\/\/www.locansol.fr\/#organization\",\"name\":\"Location MobilHome & chalet dans les Pyr\u00e9n\u00e9es Orientales\",\"alternateName\":\"Louer un h\u00e9bergement dans les Pyr\u00e9n\u00e9es Orientales en Occitanie\",\"url\":\"https:\/\/www.locansol.fr\/\",\"logo\":{\"@type\":\"ImageObject\",\"inLanguage\":\"ca\",\"@id\":\"https:\/\/www.locansol.fr\/#\/schema\/logo\/image\/\",\"url\":\"https:\/\/www.locansol.fr\/wp-content\/uploads\/2024\/04\/AdobeStock_303324767-scaled.jpeg\",\"contentUrl\":\"https:\/\/www.locansol.fr\/wp-content\/uploads\/2024\/04\/AdobeStock_303324767-scaled.jpeg\",\"width\":2560,\"height\":1707,\"caption\":\"Location MobilHome & chalet dans les Pyr\u00e9n\u00e9es Orientales\"},\"image\":{\"@id\":\"https:\/\/www.locansol.fr\/#\/schema\/logo\/image\/\"}}]}<\/script>\n<!-- \/ Yoast SEO Premium plugin. -->","yoast_head_json":{"title":"BALADE CONT\u00c9E NOCTURNE","description":"La balade cont\u00e9e nocturne \u00e0 Formigu\u00e8res propose une sortie de deux heures dans le cadre naturel et historique du village, situ\u00e9 dans les Pyr\u00e9n\u00e9es-Orientales. L\u2019\u00e9v\u00e9nement se d\u00e9roule \u00e0 17h30, \u00e0 partir de la Place de l'\u00c9glise, sur plusieurs dates en f\u00e9vrier, notamment le mardi 17 et le lundi 23 f\u00e9vrier. Anim\u00e9e par un guide dipl\u00f4m\u00e9, la balade m\u00eale marche douce et narration, en s\u2019inspirant des traditions orales locales. Les contes et l\u00e9gendes racont\u00e9s \u00e9voquent l\u2019histoire riche du Capcir, r\u00e9gion montagneuse connue pour ses r\u00e9cits anciens, ses sites embl\u00e9matiques comme le Roc de la Por, et ses traditions culturelles catalanes. L\u2019ambiance est feutr\u00e9e et intimiste, renforc\u00e9e par la lumi\u00e8re tamis\u00e9e de la nuit et le silence de la montagne. Une boisson chaude est offerte \u00e0 la fin de la balade pour se r\u00e9chauffer. L\u2019activit\u00e9 convient \u00e0 tous les publics, y compris les familles, et s\u2019inscrit dans un cadre de d\u00e9couverte du patrimoine naturel et culturel de la r\u00e9gion. Elle s\u2019adresse \u00e0 ceux qui souhaitent allier loisirs, d\u00e9tente et immersion dans l\u2019identit\u00e9 locale, en pleine nature. L\u2019acc\u00e8s est libre et les inscriptions ne sont pas obligatoires. L\u2019\u00e9v\u00e9nement est organis\u00e9 par la mairie de Formigu\u00e8res en partenariat avec les offices de tourisme du territoire.","robots":{"index":"index","follow":"follow","max-snippet":"max-snippet:-1","max-image-preview":"max-image-preview:large","max-video-preview":"max-video-preview:-1"},"canonical":"https:\/\/www.locansol.fr\/ca\/evenement\/balade-contee-nocturne\/","og_locale":"ca_ES","og_type":"article","og_title":"BALADE CONT\u00c9E NOCTURNE","og_description":"La balade cont\u00e9e nocturne \u00e0 Formigu\u00e8res propose une sortie de deux heures dans le cadre naturel et historique du village, situ\u00e9 dans les Pyr\u00e9n\u00e9es-Orientales. L\u2019\u00e9v\u00e9nement se d\u00e9roule \u00e0 17h30, \u00e0 partir de la Place de l'\u00c9glise, sur plusieurs dates en f\u00e9vrier, notamment le mardi 17 et le lundi 23 f\u00e9vrier. Anim\u00e9e par un guide dipl\u00f4m\u00e9, la balade m\u00eale marche douce et narration, en s\u2019inspirant des traditions orales locales. Les contes et l\u00e9gendes racont\u00e9s \u00e9voquent l\u2019histoire riche du Capcir, r\u00e9gion montagneuse connue pour ses r\u00e9cits anciens, ses sites embl\u00e9matiques comme le Roc de la Por, et ses traditions culturelles catalanes. L\u2019ambiance est feutr\u00e9e et intimiste, renforc\u00e9e par la lumi\u00e8re tamis\u00e9e de la nuit et le silence de la montagne. Une boisson chaude est offerte \u00e0 la fin de la balade pour se r\u00e9chauffer. L\u2019activit\u00e9 convient \u00e0 tous les publics, y compris les familles, et s\u2019inscrit dans un cadre de d\u00e9couverte du patrimoine naturel et culturel de la r\u00e9gion. Elle s\u2019adresse \u00e0 ceux qui souhaitent allier loisirs, d\u00e9tente et immersion dans l\u2019identit\u00e9 locale, en pleine nature. L\u2019acc\u00e8s est libre et les inscriptions ne sont pas obligatoires. L\u2019\u00e9v\u00e9nement est organis\u00e9 par la mairie de Formigu\u00e8res en partenariat avec les offices de tourisme du territoire.","og_url":"https:\/\/www.locansol.fr\/ca\/evenement\/balade-contee-nocturne\/","og_site_name":"Locansol, louer un h\u00e9bergement dans les Pyr\u00e9n\u00e9es Orientales","article_modified_time":"2026-02-17T07:37:57+00:00","og_image":[{"width":1241,"height":1755,"url":"https:\/\/www.locansol.fr\/wp-content\/uploads\/2026\/02\/balade-contee-nocturne-formigeres.webp","type":"image\/webp"}],"twitter_card":"summary_large_image","twitter_title":"BALADE CONT\u00c9E NOCTURNE","twitter_description":"La balade cont\u00e9e nocturne \u00e0 Formigu\u00e8res propose une sortie de deux heures dans le cadre naturel et historique du village, situ\u00e9 dans les Pyr\u00e9n\u00e9es-Orientales. L\u2019\u00e9v\u00e9nement se d\u00e9roule \u00e0 17h30, \u00e0 partir de la Place de l'\u00c9glise, sur plusieurs dates en f\u00e9vrier, notamment le mardi 17 et le lundi 23 f\u00e9vrier. Anim\u00e9e par un guide dipl\u00f4m\u00e9, la balade m\u00eale marche douce et narration, en s\u2019inspirant des traditions orales locales. Les contes et l\u00e9gendes racont\u00e9s \u00e9voquent l\u2019histoire riche du Capcir, r\u00e9gion montagneuse connue pour ses r\u00e9cits anciens, ses sites embl\u00e9matiques comme le Roc de la Por, et ses traditions culturelles catalanes. L\u2019ambiance est feutr\u00e9e et intimiste, renforc\u00e9e par la lumi\u00e8re tamis\u00e9e de la nuit et le silence de la montagne. Une boisson chaude est offerte \u00e0 la fin de la balade pour se r\u00e9chauffer. L\u2019activit\u00e9 convient \u00e0 tous les publics, y compris les familles, et s\u2019inscrit dans un cadre de d\u00e9couverte du patrimoine naturel et culturel de la r\u00e9gion. Elle s\u2019adresse \u00e0 ceux qui souhaitent allier loisirs, d\u00e9tente et immersion dans l\u2019identit\u00e9 locale, en pleine nature. L\u2019acc\u00e8s est libre et les inscriptions ne sont pas obligatoires. L\u2019\u00e9v\u00e9nement est organis\u00e9 par la mairie de Formigu\u00e8res en partenariat avec les offices de tourisme du territoire.","twitter_image":"https:\/\/www.locansol.fr\/wp-content\/uploads\/2026\/02\/balade-contee-nocturne-formigeres.webp","twitter_misc":{"Temps estimat de lectura":"1 minut"},"schema":{"@context":"https:\/\/schema.org","@graph":[{"@type":"WebPage","@id":"https:\/\/www.locansol.fr\/evenement\/balade-contee-nocturne\/","url":"https:\/\/www.locansol.fr\/evenement\/balade-contee-nocturne\/","name":"BALADE CONT\u00c9E NOCTURNE","isPartOf":{"@id":"https:\/\/www.locansol.fr\/#website"},"primaryImageOfPage":{"@id":"https:\/\/www.locansol.fr\/evenement\/balade-contee-nocturne\/#primaryimage"},"image":{"@id":"https:\/\/www.locansol.fr\/evenement\/balade-contee-nocturne\/#primaryimage"},"thumbnailUrl":"https:\/\/www.locansol.fr\/wp-content\/uploads\/2026\/02\/balade-contee-nocturne-formigeres.webp","datePublished":"2026-02-17T07:37:55+00:00","dateModified":"2026-02-17T07:37:57+00:00","description":"La balade cont\u00e9e nocturne \u00e0 Formigu\u00e8res propose une sortie de deux heures dans le cadre naturel et historique du village, situ\u00e9 dans les Pyr\u00e9n\u00e9es-Orientales. L\u2019\u00e9v\u00e9nement se d\u00e9roule \u00e0 17h30, \u00e0 partir de la Place de l'\u00c9glise, sur plusieurs dates en f\u00e9vrier, notamment le mardi 17 et le lundi 23 f\u00e9vrier. Anim\u00e9e par un guide dipl\u00f4m\u00e9, la balade m\u00eale marche douce et narration, en s\u2019inspirant des traditions orales locales. Les contes et l\u00e9gendes racont\u00e9s \u00e9voquent l\u2019histoire riche du Capcir, r\u00e9gion montagneuse connue pour ses r\u00e9cits anciens, ses sites embl\u00e9matiques comme le Roc de la Por, et ses traditions culturelles catalanes. L\u2019ambiance est feutr\u00e9e et intimiste, renforc\u00e9e par la lumi\u00e8re tamis\u00e9e de la nuit et le silence de la montagne. Une boisson chaude est offerte \u00e0 la fin de la balade pour se r\u00e9chauffer. L\u2019activit\u00e9 convient \u00e0 tous les publics, y compris les familles, et s\u2019inscrit dans un cadre de d\u00e9couverte du patrimoine naturel et culturel de la r\u00e9gion. Elle s\u2019adresse \u00e0 ceux qui souhaitent allier loisirs, d\u00e9tente et immersion dans l\u2019identit\u00e9 locale, en pleine nature. L\u2019acc\u00e8s est libre et les inscriptions ne sont pas obligatoires. L\u2019\u00e9v\u00e9nement est organis\u00e9 par la mairie de Formigu\u00e8res en partenariat avec les offices de tourisme du territoire.","breadcrumb":{"@id":"https:\/\/www.locansol.fr\/evenement\/balade-contee-nocturne\/#breadcrumb"},"inLanguage":"ca","potentialAction":[{"@type":"ReadAction","target":["https:\/\/www.locansol.fr\/evenement\/balade-contee-nocturne\/"]}]},{"@type":"ImageObject","inLanguage":"ca","@id":"https:\/\/www.locansol.fr\/evenement\/balade-contee-nocturne\/#primaryimage","url":"https:\/\/www.locansol.fr\/wp-content\/uploads\/2026\/02\/balade-contee-nocturne-formigeres.webp","contentUrl":"https:\/\/www.locansol.fr\/wp-content\/uploads\/2026\/02\/balade-contee-nocturne-formigeres.webp","width":1241,"height":1755,"caption":"Balade cont\u00e9e nocturne \u00e0 Formigu\u00e8res - Immersion magique"},{"@type":"BreadcrumbList","@id":"https:\/\/www.locansol.fr\/evenement\/balade-contee-nocturne\/#breadcrumb","itemListElement":[{"@type":"ListItem","position":1,"name":"Accueil","item":"https:\/\/www.locansol.fr\/"},{"@type":"ListItem","position":2,"name":"\u00c9v\u00e8nements","item":"https:\/\/www.locansol.fr\/evenements\/"},{"@type":"ListItem","position":3,"name":"BALADE CONT\u00c9E NOCTURNE"}]},{"@type":"WebSite","@id":"https:\/\/www.locansol.fr\/#website","url":"https:\/\/www.locansol.fr\/","name":"Locansol, louer un h\u00e9bergement dans les Pyr\u00e9n\u00e9es-Orientales","description":"Location Mobil-home Mer M\u00e9diterran\u00e9e &amp; Chalet de Montagne dans les Pyr\u00e9n\u00e9es Orientales (Occitanie, 66). Weekend, s\u00e9jour &amp; vacances en famille et entre amis.","publisher":{"@id":"https:\/\/www.locansol.fr\/#organization"},"alternateName":"Louer un h\u00e9bergement dans les Pyr\u00e9n\u00e9es Orientales, chalet & mobil-home en Occitanie","potentialAction":[{"@type":"SearchAction","target":{"@type":"EntryPoint","urlTemplate":"https:\/\/www.locansol.fr\/?s={search_term_string}"},"query-input":{"@type":"PropertyValueSpecification","valueRequired":true,"valueName":"search_term_string"}}],"inLanguage":"ca"},{"@type":"Organization","@id":"https:\/\/www.locansol.fr\/#organization","name":"Location MobilHome & chalet dans les Pyr\u00e9n\u00e9es Orientales","alternateName":"Louer un h\u00e9bergement dans les Pyr\u00e9n\u00e9es Orientales en Occitanie","url":"https:\/\/www.locansol.fr\/","logo":{"@type":"ImageObject","inLanguage":"ca","@id":"https:\/\/www.locansol.fr\/#\/schema\/logo\/image\/","url":"https:\/\/www.locansol.fr\/wp-content\/uploads\/2024\/04\/AdobeStock_303324767-scaled.jpeg","contentUrl":"https:\/\/www.locansol.fr\/wp-content\/uploads\/2024\/04\/AdobeStock_303324767-scaled.jpeg","width":2560,"height":1707,"caption":"Location MobilHome & chalet dans les Pyr\u00e9n\u00e9es Orientales"},"image":{"@id":"https:\/\/www.locansol.fr\/#\/schema\/logo\/image\/"}}]}},"_links":{"self":[{"href":"https:\/\/www.locansol.fr\/ca\/wp-json\/wp\/v2\/tribe_events\/3591","targetHints":{"allow":["GET"]}}],"collection":[{"href":"https:\/\/www.locansol.fr\/ca\/wp-json\/wp\/v2\/tribe_events"}],"about":[{"href":"https:\/\/www.locansol.fr\/ca\/wp-json\/wp\/v2\/types\/tribe_events"}],"author":[{"embeddable":true,"href":"https:\/\/www.locansol.fr\/ca\/wp-json\/wp\/v2\/users\/5"}],"version-history":[{"count":1,"href":"https:\/\/www.locansol.fr\/ca\/wp-json\/wp\/v2\/tribe_events\/3591\/revisions"}],"predecessor-version":[{"id":3592,"href":"https:\/\/www.locansol.fr\/ca\/wp-json\/wp\/v2\/tribe_events\/3591\/revisions\/3592"}],"wp:featuredmedia":[{"embeddable":true,"href":"https:\/\/www.locansol.fr\/ca\/wp-json\/wp\/v2\/media\/3587"}],"wp:attachment":[{"href":"https:\/\/www.locansol.fr\/ca\/wp-json\/wp\/v2\/media?parent=3591"}],"wp:term":[{"taxonomy":"post_tag","embeddable":true,"href":"https:\/\/www.locansol.fr\/ca\/wp-json\/wp\/v2\/tags?post=3591"},{"taxonomy":"tribe_events_cat","embeddable":true,"href":"https:\/\/www.locansol.fr\/ca\/wp-json\/wp\/v2\/tribe_events_cat?post=3591"}],"curies":[{"name":"wp","href":"https:\/\/api.w.org\/{rel}","templated":true}]}}