{"id":3820,"date":"2026-02-21T16:02:45","date_gmt":"2026-02-21T15:02:45","guid":{"rendered":"https:\/\/www.locansol.fr\/evenement\/evenement-mediation-la-mode-reinvente-maillol-et-picasso\/"},"modified":"2026-02-21T16:02:47","modified_gmt":"2026-02-21T15:02:47","slug":"evenement-mediation-la-mode-reinvente-maillol-et-picasso","status":"publish","type":"tribe_events","link":"https:\/\/www.locansol.fr\/ca\/evenement\/evenement-mediation-la-mode-reinvente-maillol-et-picasso\/","title":{"rendered":"EVENEMENT &#8211; M\u00c9DIATION \u00ab LA MODE R\u00c9INVENTE MAILLOL ET PICASSO \u00bb"},"content":{"rendered":"<p>L&rsquo;\u00e9v\u00e9nement \u00ab M\u00e9diation : La Mode R\u00e9invente Maillol et Picasso \u00bb se tiendra aux Galeries Lafayette de Perpignan le samedi 21 f\u00e9vrier 2026 de 15h00 \u00e0 17h00. Cet \u00e9v\u00e9nement gratuit mettra en lumi\u00e8re le travail de la fili\u00e8re mode autour de l&rsquo;exposition pr\u00e9c\u00e9dente \u00ab Maillol-Picasso \u00bb, en explorant comment ces deux artistes ont red\u00e9fini la modernit\u00e9 artistique entre classicisme et innovation. Les cr\u00e9ations issues d&rsquo;un d\u00e9fi upcycling seront expos\u00e9es, offrant une nouvelle perspective sur les \u0153uvres de Maillol et Picasso. L&rsquo;\u00e9v\u00e9nement est organis\u00e9 en collaboration avec le Lyc\u00e9e Maillol et le Mus\u00e9e Hyacinthe Rigaud, valorisant ainsi le patrimoine culturel local. Il est ouvert \u00e0 tous les publics, amateurs d&rsquo;art, de mode et de culture, et promet une exp\u00e9rience enrichissante et interactive. Les Galeries Lafayette Perpignan, situ\u00e9es au c\u0153ur de la ville, sont un lieu embl\u00e9matique de la mode et du shopping, offrant une multitude de services et de marques. Cet \u00e9v\u00e9nement s&rsquo;inscrit dans une s\u00e9rie d&rsquo;initiatives visant \u00e0 rendre la mode \u00e9coresponsable attractive et accessible. Les visiteurs pourront d\u00e9couvrir des pi\u00e8ces uniques cr\u00e9\u00e9es \u00e0 partir de v\u00eatements usag\u00e9s, expos\u00e9es dans la galerie du magasin. Cette m\u00e9diation artistique permettra au public de mieux comprendre l&rsquo;impact de la mode sur l&rsquo;art et vice versa, tout en participant \u00e0 un \u00e9v\u00e9nement culturel et cr\u00e9atif. L&rsquo;entr\u00e9e est gratuite, et l&rsquo;\u00e9v\u00e9nement est accessible \u00e0 tous, faisant de cette m\u00e9diation un rendez-vous incontournable pour les passionn\u00e9s de mode, d&rsquo;art et de culture.<\/p>\n<p><\/p>\n<h3>R\u00e9servez votre h\u00e9bergement dans les Pyr\u00e9n\u00e9es-Orientales :<\/h3>\n<p><b><a href='https:\/\/www.locansol.fr\/ca\/lloguer-mobil-home-mediterrani\/'>Mobil-home Locansol \u00e0 Argel\u00e8s-sur-Mer<\/a><\/b><br \/>Trajet le plus court : 26 km<br \/>Trajet le plus rapide : 31 min<\/p>\n<p><b><a href='https:\/\/www.locansol.fr\/ca\/lloguer-xalet-cerdanya\/'>Chalet Locansol \u00e0 Estavar<\/a><\/b><br \/>Trajet le plus court : 104 km<br \/>Trajet le plus rapide : 1 h 40 min<\/p>","protected":false},"excerpt":{"rendered":"<p>L&rsquo;\u00e9v\u00e9nement \u00ab M\u00e9diation : La Mode R\u00e9invente Maillol et Picasso \u00bb se tiendra aux Galeries Lafayette de Perpignan le samedi 21 f\u00e9vrier 2026 de 15h00 \u00e0 17h00. Cet \u00e9v\u00e9nement gratuit [&hellip;]<\/p>","protected":false},"author":5,"featured_media":3817,"template":"","meta":{"_yoast_wpseo_focuskw":"EVENEMENT - M\u00c9DIATION \u00ab LA MODE R\u00c9INVENTE MAILLOL ET PICASSO \u00bb","_yoast_wpseo_title":"EVENEMENT - M\u00c9DIATION \u00ab LA MODE R\u00c9INVENTE MAILLOL ET PICASSO \u00bb","_yoast_wpseo_metadesc":"L'\u00e9v\u00e9nement \u00ab M\u00e9diation : La Mode R\u00e9invente Maillol et Picasso \u00bb se tiendra aux Galeries Lafayette de Perpignan le samedi 21 f\u00e9vrier 2026 de 15h00 \u00e0 17h00. Cet \u00e9v\u00e9nement gratuit mettra en lumi\u00e8re le travail de la fili\u00e8re mode autour de l'exposition pr\u00e9c\u00e9dente \u00ab Maillol-Picasso \u00bb, en explorant comment ces deux artistes ont red\u00e9fini la modernit\u00e9 artistique entre classicisme et innovation. Les cr\u00e9ations issues d'un d\u00e9fi upcycling seront expos\u00e9es, offrant une nouvelle perspective sur les \u0153uvres de Maillol et Picasso. L'\u00e9v\u00e9nement est organis\u00e9 en collaboration avec le Lyc\u00e9e Maillol et le Mus\u00e9e Hyacinthe Rigaud, valorisant ainsi le patrimoine culturel local. Il est ouvert \u00e0 tous les publics, amateurs d'art, de mode et de culture, et promet une exp\u00e9rience enrichissante et interactive. Les Galeries Lafayette Perpignan, situ\u00e9es au c\u0153ur de la ville, sont un lieu embl\u00e9matique de la mode et du shopping, offrant une multitude de services et de marques. Cet \u00e9v\u00e9nement s'inscrit dans une s\u00e9rie d'initiatives visant \u00e0 rendre la mode \u00e9coresponsable attractive et accessible. Les visiteurs pourront d\u00e9couvrir des pi\u00e8ces uniques cr\u00e9\u00e9es \u00e0 partir de v\u00eatements usag\u00e9s, expos\u00e9es dans la galerie du magasin. Cette m\u00e9diation artistique permettra au public de mieux comprendre l'impact de la mode sur l'art et vice versa, tout en participant \u00e0 un \u00e9v\u00e9nement culturel et cr\u00e9atif. L'entr\u00e9e est gratuite, et l'\u00e9v\u00e9nement est accessible \u00e0 tous, faisant de cette m\u00e9diation un rendez-vous incontournable pour les passionn\u00e9s de mode, d'art et de culture.","_yoast_wpseo_canonical":"","_yoast_wpseo_opengraph-title":"EVENEMENT - M\u00c9DIATION \u00ab LA MODE R\u00c9INVENTE MAILLOL ET PICASSO \u00bb","_yoast_wpseo_opengraph-description":"L'\u00e9v\u00e9nement \u00ab M\u00e9diation : La Mode R\u00e9invente Maillol et Picasso \u00bb se tiendra aux Galeries Lafayette de Perpignan le samedi 21 f\u00e9vrier 2026 de 15h00 \u00e0 17h00. Cet \u00e9v\u00e9nement gratuit mettra en lumi\u00e8re le travail de la fili\u00e8re mode autour de l'exposition pr\u00e9c\u00e9dente \u00ab Maillol-Picasso \u00bb, en explorant comment ces deux artistes ont red\u00e9fini la modernit\u00e9 artistique entre classicisme et innovation. Les cr\u00e9ations issues d'un d\u00e9fi upcycling seront expos\u00e9es, offrant une nouvelle perspective sur les \u0153uvres de Maillol et Picasso. L'\u00e9v\u00e9nement est organis\u00e9 en collaboration avec le Lyc\u00e9e Maillol et le Mus\u00e9e Hyacinthe Rigaud, valorisant ainsi le patrimoine culturel local. Il est ouvert \u00e0 tous les publics, amateurs d'art, de mode et de culture, et promet une exp\u00e9rience enrichissante et interactive. Les Galeries Lafayette Perpignan, situ\u00e9es au c\u0153ur de la ville, sont un lieu embl\u00e9matique de la mode et du shopping, offrant une multitude de services et de marques. Cet \u00e9v\u00e9nement s'inscrit dans une s\u00e9rie d'initiatives visant \u00e0 rendre la mode \u00e9coresponsable attractive et accessible. Les visiteurs pourront d\u00e9couvrir des pi\u00e8ces uniques cr\u00e9\u00e9es \u00e0 partir de v\u00eatements usag\u00e9s, expos\u00e9es dans la galerie du magasin. Cette m\u00e9diation artistique permettra au public de mieux comprendre l'impact de la mode sur l'art et vice versa, tout en participant \u00e0 un \u00e9v\u00e9nement culturel et cr\u00e9atif. L'entr\u00e9e est gratuite, et l'\u00e9v\u00e9nement est accessible \u00e0 tous, faisant de cette m\u00e9diation un rendez-vous incontournable pour les passionn\u00e9s de mode, d'art et de culture.","_yoast_wpseo_opengraph-image":"https:\/\/www.locansol.fr\/wp-content\/uploads\/2026\/02\/mode-art-perpignan-creatif.webp","_yoast_wpseo_opengraph-image-id":"3817","_yoast_wpseo_twitter-title":"EVENEMENT - M\u00c9DIATION \u00ab LA MODE R\u00c9INVENTE MAILLOL ET PICASSO \u00bb","_yoast_wpseo_twitter-description":"L'\u00e9v\u00e9nement \u00ab M\u00e9diation : La Mode R\u00e9invente Maillol et Picasso \u00bb se tiendra aux Galeries Lafayette de Perpignan le samedi 21 f\u00e9vrier 2026 de 15h00 \u00e0 17h00. Cet \u00e9v\u00e9nement gratuit mettra en lumi\u00e8re le travail de la fili\u00e8re mode autour de l'exposition pr\u00e9c\u00e9dente \u00ab Maillol-Picasso \u00bb, en explorant comment ces deux artistes ont red\u00e9fini la modernit\u00e9 artistique entre classicisme et innovation. Les cr\u00e9ations issues d'un d\u00e9fi upcycling seront expos\u00e9es, offrant une nouvelle perspective sur les \u0153uvres de Maillol et Picasso. L'\u00e9v\u00e9nement est organis\u00e9 en collaboration avec le Lyc\u00e9e Maillol et le Mus\u00e9e Hyacinthe Rigaud, valorisant ainsi le patrimoine culturel local. Il est ouvert \u00e0 tous les publics, amateurs d'art, de mode et de culture, et promet une exp\u00e9rience enrichissante et interactive. Les Galeries Lafayette Perpignan, situ\u00e9es au c\u0153ur de la ville, sont un lieu embl\u00e9matique de la mode et du shopping, offrant une multitude de services et de marques. Cet \u00e9v\u00e9nement s'inscrit dans une s\u00e9rie d'initiatives visant \u00e0 rendre la mode \u00e9coresponsable attractive et accessible. Les visiteurs pourront d\u00e9couvrir des pi\u00e8ces uniques cr\u00e9\u00e9es \u00e0 partir de v\u00eatements usag\u00e9s, expos\u00e9es dans la galerie du magasin. Cette m\u00e9diation artistique permettra au public de mieux comprendre l'impact de la mode sur l'art et vice versa, tout en participant \u00e0 un \u00e9v\u00e9nement culturel et cr\u00e9atif. L'entr\u00e9e est gratuite, et l'\u00e9v\u00e9nement est accessible \u00e0 tous, faisant de cette m\u00e9diation un rendez-vous incontournable pour les passionn\u00e9s de mode, d'art et de culture.","_yoast_wpseo_twitter-image":"https:\/\/www.locansol.fr\/wp-content\/uploads\/2026\/02\/mode-art-perpignan-creatif.webp","_yoast_wpseo_twitter-image-id":"3817}","yoast_primary_category":"Exposition","_tribe_events_status":"","_tribe_events_status_reason":"","_tribe_events_is_hybrid":"","_tribe_events_is_virtual":"","_tribe_events_virtual_video_source":"","_tribe_events_virtual_embed_video":"","_tribe_events_virtual_linked_button_text":"","_tribe_events_virtual_linked_button":"","_tribe_events_virtual_show_embed_at":"","_tribe_events_virtual_show_embed_to":[],"_tribe_events_virtual_show_on_event":"","_tribe_events_virtual_show_on_views":"","_tribe_events_virtual_url":"","footnotes":""},"tags":[66,76],"tribe_events_cat":[148,138,90,157,160,169],"class_list":["post-3820","tribe_events","type-tribe_events","status-publish","has-post-thumbnail","hentry","tag-evenement-culturel","tag-pyrenees-orientales","tribe_events_cat-artisanat","tribe_events_cat-evenement-culturel","tribe_events_cat-exposition","tribe_events_cat-histoire","tribe_events_cat-peinture","tribe_events_cat-pyrenees-orientales","cat_artisanat","cat_evenement-culturel","cat_exposition","cat_histoire","cat_peinture","cat_pyrenees-orientales"],"yoast_head":"<!-- This site is optimized with the Yoast SEO Premium plugin v23.3 (Yoast SEO v26.9) - https:\/\/yoast.com\/product\/yoast-seo-premium-wordpress\/ -->\n<title>EVENEMENT - M\u00c9DIATION \u00ab LA MODE R\u00c9INVENTE MAILLOL ET PICASSO \u00bb<\/title>\n<meta name=\"description\" content=\"L&#039;\u00e9v\u00e9nement \u00ab M\u00e9diation : La Mode R\u00e9invente Maillol et Picasso \u00bb se tiendra aux Galeries Lafayette de Perpignan le samedi 21 f\u00e9vrier 2026 de 15h00 \u00e0 17h00. Cet \u00e9v\u00e9nement gratuit mettra en lumi\u00e8re le travail de la fili\u00e8re mode autour de l&#039;exposition pr\u00e9c\u00e9dente \u00ab Maillol-Picasso \u00bb, en explorant comment ces deux artistes ont red\u00e9fini la modernit\u00e9 artistique entre classicisme et innovation. Les cr\u00e9ations issues d&#039;un d\u00e9fi upcycling seront expos\u00e9es, offrant une nouvelle perspective sur les \u0153uvres de Maillol et Picasso. L&#039;\u00e9v\u00e9nement est organis\u00e9 en collaboration avec le Lyc\u00e9e Maillol et le Mus\u00e9e Hyacinthe Rigaud, valorisant ainsi le patrimoine culturel local. Il est ouvert \u00e0 tous les publics, amateurs d&#039;art, de mode et de culture, et promet une exp\u00e9rience enrichissante et interactive. Les Galeries Lafayette Perpignan, situ\u00e9es au c\u0153ur de la ville, sont un lieu embl\u00e9matique de la mode et du shopping, offrant une multitude de services et de marques. Cet \u00e9v\u00e9nement s&#039;inscrit dans une s\u00e9rie d&#039;initiatives visant \u00e0 rendre la mode \u00e9coresponsable attractive et accessible. Les visiteurs pourront d\u00e9couvrir des pi\u00e8ces uniques cr\u00e9\u00e9es \u00e0 partir de v\u00eatements usag\u00e9s, expos\u00e9es dans la galerie du magasin. Cette m\u00e9diation artistique permettra au public de mieux comprendre l&#039;impact de la mode sur l&#039;art et vice versa, tout en participant \u00e0 un \u00e9v\u00e9nement culturel et cr\u00e9atif. L&#039;entr\u00e9e est gratuite, et l&#039;\u00e9v\u00e9nement est accessible \u00e0 tous, faisant de cette m\u00e9diation un rendez-vous incontournable pour les passionn\u00e9s de mode, d&#039;art et de culture.\" \/>\n<meta name=\"robots\" content=\"index, follow, max-snippet:-1, max-image-preview:large, max-video-preview:-1\" \/>\n<link rel=\"canonical\" href=\"https:\/\/www.locansol.fr\/ca\/evenement\/evenement-mediation-la-mode-reinvente-maillol-et-picasso\/\" \/>\n<meta property=\"og:locale\" content=\"ca_ES\" \/>\n<meta property=\"og:type\" content=\"article\" \/>\n<meta property=\"og:title\" content=\"EVENEMENT - M\u00c9DIATION \u00ab LA MODE R\u00c9INVENTE MAILLOL ET PICASSO \u00bb\" \/>\n<meta property=\"og:description\" content=\"L&#039;\u00e9v\u00e9nement \u00ab M\u00e9diation : La Mode R\u00e9invente Maillol et Picasso \u00bb se tiendra aux Galeries Lafayette de Perpignan le samedi 21 f\u00e9vrier 2026 de 15h00 \u00e0 17h00. Cet \u00e9v\u00e9nement gratuit mettra en lumi\u00e8re le travail de la fili\u00e8re mode autour de l&#039;exposition pr\u00e9c\u00e9dente \u00ab Maillol-Picasso \u00bb, en explorant comment ces deux artistes ont red\u00e9fini la modernit\u00e9 artistique entre classicisme et innovation. Les cr\u00e9ations issues d&#039;un d\u00e9fi upcycling seront expos\u00e9es, offrant une nouvelle perspective sur les \u0153uvres de Maillol et Picasso. L&#039;\u00e9v\u00e9nement est organis\u00e9 en collaboration avec le Lyc\u00e9e Maillol et le Mus\u00e9e Hyacinthe Rigaud, valorisant ainsi le patrimoine culturel local. Il est ouvert \u00e0 tous les publics, amateurs d&#039;art, de mode et de culture, et promet une exp\u00e9rience enrichissante et interactive. Les Galeries Lafayette Perpignan, situ\u00e9es au c\u0153ur de la ville, sont un lieu embl\u00e9matique de la mode et du shopping, offrant une multitude de services et de marques. Cet \u00e9v\u00e9nement s&#039;inscrit dans une s\u00e9rie d&#039;initiatives visant \u00e0 rendre la mode \u00e9coresponsable attractive et accessible. Les visiteurs pourront d\u00e9couvrir des pi\u00e8ces uniques cr\u00e9\u00e9es \u00e0 partir de v\u00eatements usag\u00e9s, expos\u00e9es dans la galerie du magasin. Cette m\u00e9diation artistique permettra au public de mieux comprendre l&#039;impact de la mode sur l&#039;art et vice versa, tout en participant \u00e0 un \u00e9v\u00e9nement culturel et cr\u00e9atif. L&#039;entr\u00e9e est gratuite, et l&#039;\u00e9v\u00e9nement est accessible \u00e0 tous, faisant de cette m\u00e9diation un rendez-vous incontournable pour les passionn\u00e9s de mode, d&#039;art et de culture.\" \/>\n<meta property=\"og:url\" content=\"https:\/\/www.locansol.fr\/ca\/evenement\/evenement-mediation-la-mode-reinvente-maillol-et-picasso\/\" \/>\n<meta property=\"og:site_name\" content=\"Locansol, louer un h\u00e9bergement dans les Pyr\u00e9n\u00e9es Orientales\" \/>\n<meta property=\"article:modified_time\" content=\"2026-02-21T15:02:47+00:00\" \/>\n<meta property=\"og:image\" content=\"https:\/\/www.locansol.fr\/wp-content\/uploads\/2026\/02\/mode-art-perpignan-creatif.webp\" \/>\n\t<meta property=\"og:image:width\" content=\"740\" \/>\n\t<meta property=\"og:image:height\" content=\"493\" \/>\n\t<meta property=\"og:image:type\" content=\"image\/webp\" \/>\n<meta name=\"twitter:card\" content=\"summary_large_image\" \/>\n<meta name=\"twitter:title\" content=\"EVENEMENT - M\u00c9DIATION \u00ab LA MODE R\u00c9INVENTE MAILLOL ET PICASSO \u00bb\" \/>\n<meta name=\"twitter:description\" content=\"L&#039;\u00e9v\u00e9nement \u00ab M\u00e9diation : La Mode R\u00e9invente Maillol et Picasso \u00bb se tiendra aux Galeries Lafayette de Perpignan le samedi 21 f\u00e9vrier 2026 de 15h00 \u00e0 17h00. Cet \u00e9v\u00e9nement gratuit mettra en lumi\u00e8re le travail de la fili\u00e8re mode autour de l&#039;exposition pr\u00e9c\u00e9dente \u00ab Maillol-Picasso \u00bb, en explorant comment ces deux artistes ont red\u00e9fini la modernit\u00e9 artistique entre classicisme et innovation. Les cr\u00e9ations issues d&#039;un d\u00e9fi upcycling seront expos\u00e9es, offrant une nouvelle perspective sur les \u0153uvres de Maillol et Picasso. L&#039;\u00e9v\u00e9nement est organis\u00e9 en collaboration avec le Lyc\u00e9e Maillol et le Mus\u00e9e Hyacinthe Rigaud, valorisant ainsi le patrimoine culturel local. Il est ouvert \u00e0 tous les publics, amateurs d&#039;art, de mode et de culture, et promet une exp\u00e9rience enrichissante et interactive. Les Galeries Lafayette Perpignan, situ\u00e9es au c\u0153ur de la ville, sont un lieu embl\u00e9matique de la mode et du shopping, offrant une multitude de services et de marques. Cet \u00e9v\u00e9nement s&#039;inscrit dans une s\u00e9rie d&#039;initiatives visant \u00e0 rendre la mode \u00e9coresponsable attractive et accessible. Les visiteurs pourront d\u00e9couvrir des pi\u00e8ces uniques cr\u00e9\u00e9es \u00e0 partir de v\u00eatements usag\u00e9s, expos\u00e9es dans la galerie du magasin. Cette m\u00e9diation artistique permettra au public de mieux comprendre l&#039;impact de la mode sur l&#039;art et vice versa, tout en participant \u00e0 un \u00e9v\u00e9nement culturel et cr\u00e9atif. L&#039;entr\u00e9e est gratuite, et l&#039;\u00e9v\u00e9nement est accessible \u00e0 tous, faisant de cette m\u00e9diation un rendez-vous incontournable pour les passionn\u00e9s de mode, d&#039;art et de culture.\" \/>\n<meta name=\"twitter:image\" content=\"https:\/\/www.locansol.fr\/wp-content\/uploads\/2026\/02\/mode-art-perpignan-creatif.webp\" \/>\n<meta name=\"twitter:label1\" content=\"Temps estimat de lectura\" \/>\n\t<meta name=\"twitter:data1\" content=\"1 minut\" \/>\n<script type=\"application\/ld+json\" class=\"yoast-schema-graph\">{\"@context\":\"https:\/\/schema.org\",\"@graph\":[{\"@type\":\"WebPage\",\"@id\":\"https:\/\/www.locansol.fr\/evenement\/evenement-mediation-la-mode-reinvente-maillol-et-picasso\/\",\"url\":\"https:\/\/www.locansol.fr\/evenement\/evenement-mediation-la-mode-reinvente-maillol-et-picasso\/\",\"name\":\"EVENEMENT - M\u00c9DIATION \u00ab LA MODE R\u00c9INVENTE MAILLOL ET PICASSO \u00bb\",\"isPartOf\":{\"@id\":\"https:\/\/www.locansol.fr\/#website\"},\"primaryImageOfPage\":{\"@id\":\"https:\/\/www.locansol.fr\/evenement\/evenement-mediation-la-mode-reinvente-maillol-et-picasso\/#primaryimage\"},\"image\":{\"@id\":\"https:\/\/www.locansol.fr\/evenement\/evenement-mediation-la-mode-reinvente-maillol-et-picasso\/#primaryimage\"},\"thumbnailUrl\":\"https:\/\/www.locansol.fr\/wp-content\/uploads\/2026\/02\/mode-art-perpignan-creatif.webp\",\"datePublished\":\"2026-02-21T15:02:45+00:00\",\"dateModified\":\"2026-02-21T15:02:47+00:00\",\"description\":\"L'\u00e9v\u00e9nement \u00ab M\u00e9diation : La Mode R\u00e9invente Maillol et Picasso \u00bb se tiendra aux Galeries Lafayette de Perpignan le samedi 21 f\u00e9vrier 2026 de 15h00 \u00e0 17h00. Cet \u00e9v\u00e9nement gratuit mettra en lumi\u00e8re le travail de la fili\u00e8re mode autour de l'exposition pr\u00e9c\u00e9dente \u00ab Maillol-Picasso \u00bb, en explorant comment ces deux artistes ont red\u00e9fini la modernit\u00e9 artistique entre classicisme et innovation. Les cr\u00e9ations issues d'un d\u00e9fi upcycling seront expos\u00e9es, offrant une nouvelle perspective sur les \u0153uvres de Maillol et Picasso. L'\u00e9v\u00e9nement est organis\u00e9 en collaboration avec le Lyc\u00e9e Maillol et le Mus\u00e9e Hyacinthe Rigaud, valorisant ainsi le patrimoine culturel local. Il est ouvert \u00e0 tous les publics, amateurs d'art, de mode et de culture, et promet une exp\u00e9rience enrichissante et interactive. Les Galeries Lafayette Perpignan, situ\u00e9es au c\u0153ur de la ville, sont un lieu embl\u00e9matique de la mode et du shopping, offrant une multitude de services et de marques. Cet \u00e9v\u00e9nement s'inscrit dans une s\u00e9rie d'initiatives visant \u00e0 rendre la mode \u00e9coresponsable attractive et accessible. Les visiteurs pourront d\u00e9couvrir des pi\u00e8ces uniques cr\u00e9\u00e9es \u00e0 partir de v\u00eatements usag\u00e9s, expos\u00e9es dans la galerie du magasin. Cette m\u00e9diation artistique permettra au public de mieux comprendre l'impact de la mode sur l'art et vice versa, tout en participant \u00e0 un \u00e9v\u00e9nement culturel et cr\u00e9atif. L'entr\u00e9e est gratuite, et l'\u00e9v\u00e9nement est accessible \u00e0 tous, faisant de cette m\u00e9diation un rendez-vous incontournable pour les passionn\u00e9s de mode, d'art et de culture.\",\"breadcrumb\":{\"@id\":\"https:\/\/www.locansol.fr\/evenement\/evenement-mediation-la-mode-reinvente-maillol-et-picasso\/#breadcrumb\"},\"inLanguage\":\"ca\",\"potentialAction\":[{\"@type\":\"ReadAction\",\"target\":[\"https:\/\/www.locansol.fr\/evenement\/evenement-mediation-la-mode-reinvente-maillol-et-picasso\/\"]}]},{\"@type\":\"ImageObject\",\"inLanguage\":\"ca\",\"@id\":\"https:\/\/www.locansol.fr\/evenement\/evenement-mediation-la-mode-reinvente-maillol-et-picasso\/#primaryimage\",\"url\":\"https:\/\/www.locansol.fr\/wp-content\/uploads\/2026\/02\/mode-art-perpignan-creatif.webp\",\"contentUrl\":\"https:\/\/www.locansol.fr\/wp-content\/uploads\/2026\/02\/mode-art-perpignan-creatif.webp\",\"width\":740,\"height\":493,\"caption\":\"La Mode R\u00e9invente Maillol et Picasso Perpignan\"},{\"@type\":\"BreadcrumbList\",\"@id\":\"https:\/\/www.locansol.fr\/evenement\/evenement-mediation-la-mode-reinvente-maillol-et-picasso\/#breadcrumb\",\"itemListElement\":[{\"@type\":\"ListItem\",\"position\":1,\"name\":\"Accueil\",\"item\":\"https:\/\/www.locansol.fr\/\"},{\"@type\":\"ListItem\",\"position\":2,\"name\":\"\u00c9v\u00e8nements\",\"item\":\"https:\/\/www.locansol.fr\/evenements\/\"},{\"@type\":\"ListItem\",\"position\":3,\"name\":\"EVENEMENT &#8211; M\u00c9DIATION \u00ab LA MODE R\u00c9INVENTE MAILLOL ET PICASSO \u00bb\"}]},{\"@type\":\"WebSite\",\"@id\":\"https:\/\/www.locansol.fr\/#website\",\"url\":\"https:\/\/www.locansol.fr\/\",\"name\":\"Locansol, louer un h\u00e9bergement dans les Pyr\u00e9n\u00e9es-Orientales\",\"description\":\"Location Mobil-home Mer M\u00e9diterran\u00e9e &amp; Chalet de Montagne dans les Pyr\u00e9n\u00e9es Orientales (Occitanie, 66). Weekend, s\u00e9jour &amp; vacances en famille et entre amis.\",\"publisher\":{\"@id\":\"https:\/\/www.locansol.fr\/#organization\"},\"alternateName\":\"Louer un h\u00e9bergement dans les Pyr\u00e9n\u00e9es Orientales, chalet & mobil-home en Occitanie\",\"potentialAction\":[{\"@type\":\"SearchAction\",\"target\":{\"@type\":\"EntryPoint\",\"urlTemplate\":\"https:\/\/www.locansol.fr\/?s={search_term_string}\"},\"query-input\":{\"@type\":\"PropertyValueSpecification\",\"valueRequired\":true,\"valueName\":\"search_term_string\"}}],\"inLanguage\":\"ca\"},{\"@type\":\"Organization\",\"@id\":\"https:\/\/www.locansol.fr\/#organization\",\"name\":\"Location MobilHome & chalet dans les Pyr\u00e9n\u00e9es Orientales\",\"alternateName\":\"Louer un h\u00e9bergement dans les Pyr\u00e9n\u00e9es Orientales en Occitanie\",\"url\":\"https:\/\/www.locansol.fr\/\",\"logo\":{\"@type\":\"ImageObject\",\"inLanguage\":\"ca\",\"@id\":\"https:\/\/www.locansol.fr\/#\/schema\/logo\/image\/\",\"url\":\"https:\/\/www.locansol.fr\/wp-content\/uploads\/2024\/04\/AdobeStock_303324767-scaled.jpeg\",\"contentUrl\":\"https:\/\/www.locansol.fr\/wp-content\/uploads\/2024\/04\/AdobeStock_303324767-scaled.jpeg\",\"width\":2560,\"height\":1707,\"caption\":\"Location MobilHome & chalet dans les Pyr\u00e9n\u00e9es Orientales\"},\"image\":{\"@id\":\"https:\/\/www.locansol.fr\/#\/schema\/logo\/image\/\"}}]}<\/script>\n<!-- \/ Yoast SEO Premium plugin. -->","yoast_head_json":{"title":"EVENEMENT - M\u00c9DIATION \u00ab LA MODE R\u00c9INVENTE MAILLOL ET PICASSO \u00bb","description":"L'\u00e9v\u00e9nement \u00ab M\u00e9diation : La Mode R\u00e9invente Maillol et Picasso \u00bb se tiendra aux Galeries Lafayette de Perpignan le samedi 21 f\u00e9vrier 2026 de 15h00 \u00e0 17h00. Cet \u00e9v\u00e9nement gratuit mettra en lumi\u00e8re le travail de la fili\u00e8re mode autour de l'exposition pr\u00e9c\u00e9dente \u00ab Maillol-Picasso \u00bb, en explorant comment ces deux artistes ont red\u00e9fini la modernit\u00e9 artistique entre classicisme et innovation. Les cr\u00e9ations issues d'un d\u00e9fi upcycling seront expos\u00e9es, offrant une nouvelle perspective sur les \u0153uvres de Maillol et Picasso. L'\u00e9v\u00e9nement est organis\u00e9 en collaboration avec le Lyc\u00e9e Maillol et le Mus\u00e9e Hyacinthe Rigaud, valorisant ainsi le patrimoine culturel local. Il est ouvert \u00e0 tous les publics, amateurs d'art, de mode et de culture, et promet une exp\u00e9rience enrichissante et interactive. Les Galeries Lafayette Perpignan, situ\u00e9es au c\u0153ur de la ville, sont un lieu embl\u00e9matique de la mode et du shopping, offrant une multitude de services et de marques. Cet \u00e9v\u00e9nement s'inscrit dans une s\u00e9rie d'initiatives visant \u00e0 rendre la mode \u00e9coresponsable attractive et accessible. Les visiteurs pourront d\u00e9couvrir des pi\u00e8ces uniques cr\u00e9\u00e9es \u00e0 partir de v\u00eatements usag\u00e9s, expos\u00e9es dans la galerie du magasin. Cette m\u00e9diation artistique permettra au public de mieux comprendre l'impact de la mode sur l'art et vice versa, tout en participant \u00e0 un \u00e9v\u00e9nement culturel et cr\u00e9atif. L'entr\u00e9e est gratuite, et l'\u00e9v\u00e9nement est accessible \u00e0 tous, faisant de cette m\u00e9diation un rendez-vous incontournable pour les passionn\u00e9s de mode, d'art et de culture.","robots":{"index":"index","follow":"follow","max-snippet":"max-snippet:-1","max-image-preview":"max-image-preview:large","max-video-preview":"max-video-preview:-1"},"canonical":"https:\/\/www.locansol.fr\/ca\/evenement\/evenement-mediation-la-mode-reinvente-maillol-et-picasso\/","og_locale":"ca_ES","og_type":"article","og_title":"EVENEMENT - M\u00c9DIATION \u00ab LA MODE R\u00c9INVENTE MAILLOL ET PICASSO \u00bb","og_description":"L'\u00e9v\u00e9nement \u00ab M\u00e9diation : La Mode R\u00e9invente Maillol et Picasso \u00bb se tiendra aux Galeries Lafayette de Perpignan le samedi 21 f\u00e9vrier 2026 de 15h00 \u00e0 17h00. Cet \u00e9v\u00e9nement gratuit mettra en lumi\u00e8re le travail de la fili\u00e8re mode autour de l'exposition pr\u00e9c\u00e9dente \u00ab Maillol-Picasso \u00bb, en explorant comment ces deux artistes ont red\u00e9fini la modernit\u00e9 artistique entre classicisme et innovation. Les cr\u00e9ations issues d'un d\u00e9fi upcycling seront expos\u00e9es, offrant une nouvelle perspective sur les \u0153uvres de Maillol et Picasso. L'\u00e9v\u00e9nement est organis\u00e9 en collaboration avec le Lyc\u00e9e Maillol et le Mus\u00e9e Hyacinthe Rigaud, valorisant ainsi le patrimoine culturel local. Il est ouvert \u00e0 tous les publics, amateurs d'art, de mode et de culture, et promet une exp\u00e9rience enrichissante et interactive. Les Galeries Lafayette Perpignan, situ\u00e9es au c\u0153ur de la ville, sont un lieu embl\u00e9matique de la mode et du shopping, offrant une multitude de services et de marques. Cet \u00e9v\u00e9nement s'inscrit dans une s\u00e9rie d'initiatives visant \u00e0 rendre la mode \u00e9coresponsable attractive et accessible. Les visiteurs pourront d\u00e9couvrir des pi\u00e8ces uniques cr\u00e9\u00e9es \u00e0 partir de v\u00eatements usag\u00e9s, expos\u00e9es dans la galerie du magasin. Cette m\u00e9diation artistique permettra au public de mieux comprendre l'impact de la mode sur l'art et vice versa, tout en participant \u00e0 un \u00e9v\u00e9nement culturel et cr\u00e9atif. L'entr\u00e9e est gratuite, et l'\u00e9v\u00e9nement est accessible \u00e0 tous, faisant de cette m\u00e9diation un rendez-vous incontournable pour les passionn\u00e9s de mode, d'art et de culture.","og_url":"https:\/\/www.locansol.fr\/ca\/evenement\/evenement-mediation-la-mode-reinvente-maillol-et-picasso\/","og_site_name":"Locansol, louer un h\u00e9bergement dans les Pyr\u00e9n\u00e9es Orientales","article_modified_time":"2026-02-21T15:02:47+00:00","og_image":[{"width":740,"height":493,"url":"https:\/\/www.locansol.fr\/wp-content\/uploads\/2026\/02\/mode-art-perpignan-creatif.webp","type":"image\/webp"}],"twitter_card":"summary_large_image","twitter_title":"EVENEMENT - M\u00c9DIATION \u00ab LA MODE R\u00c9INVENTE MAILLOL ET PICASSO \u00bb","twitter_description":"L'\u00e9v\u00e9nement \u00ab M\u00e9diation : La Mode R\u00e9invente Maillol et Picasso \u00bb se tiendra aux Galeries Lafayette de Perpignan le samedi 21 f\u00e9vrier 2026 de 15h00 \u00e0 17h00. Cet \u00e9v\u00e9nement gratuit mettra en lumi\u00e8re le travail de la fili\u00e8re mode autour de l'exposition pr\u00e9c\u00e9dente \u00ab Maillol-Picasso \u00bb, en explorant comment ces deux artistes ont red\u00e9fini la modernit\u00e9 artistique entre classicisme et innovation. Les cr\u00e9ations issues d'un d\u00e9fi upcycling seront expos\u00e9es, offrant une nouvelle perspective sur les \u0153uvres de Maillol et Picasso. L'\u00e9v\u00e9nement est organis\u00e9 en collaboration avec le Lyc\u00e9e Maillol et le Mus\u00e9e Hyacinthe Rigaud, valorisant ainsi le patrimoine culturel local. Il est ouvert \u00e0 tous les publics, amateurs d'art, de mode et de culture, et promet une exp\u00e9rience enrichissante et interactive. Les Galeries Lafayette Perpignan, situ\u00e9es au c\u0153ur de la ville, sont un lieu embl\u00e9matique de la mode et du shopping, offrant une multitude de services et de marques. Cet \u00e9v\u00e9nement s'inscrit dans une s\u00e9rie d'initiatives visant \u00e0 rendre la mode \u00e9coresponsable attractive et accessible. Les visiteurs pourront d\u00e9couvrir des pi\u00e8ces uniques cr\u00e9\u00e9es \u00e0 partir de v\u00eatements usag\u00e9s, expos\u00e9es dans la galerie du magasin. Cette m\u00e9diation artistique permettra au public de mieux comprendre l'impact de la mode sur l'art et vice versa, tout en participant \u00e0 un \u00e9v\u00e9nement culturel et cr\u00e9atif. L'entr\u00e9e est gratuite, et l'\u00e9v\u00e9nement est accessible \u00e0 tous, faisant de cette m\u00e9diation un rendez-vous incontournable pour les passionn\u00e9s de mode, d'art et de culture.","twitter_image":"https:\/\/www.locansol.fr\/wp-content\/uploads\/2026\/02\/mode-art-perpignan-creatif.webp","twitter_misc":{"Temps estimat de lectura":"1 minut"},"schema":{"@context":"https:\/\/schema.org","@graph":[{"@type":"WebPage","@id":"https:\/\/www.locansol.fr\/evenement\/evenement-mediation-la-mode-reinvente-maillol-et-picasso\/","url":"https:\/\/www.locansol.fr\/evenement\/evenement-mediation-la-mode-reinvente-maillol-et-picasso\/","name":"EVENEMENT - M\u00c9DIATION \u00ab LA MODE R\u00c9INVENTE MAILLOL ET PICASSO \u00bb","isPartOf":{"@id":"https:\/\/www.locansol.fr\/#website"},"primaryImageOfPage":{"@id":"https:\/\/www.locansol.fr\/evenement\/evenement-mediation-la-mode-reinvente-maillol-et-picasso\/#primaryimage"},"image":{"@id":"https:\/\/www.locansol.fr\/evenement\/evenement-mediation-la-mode-reinvente-maillol-et-picasso\/#primaryimage"},"thumbnailUrl":"https:\/\/www.locansol.fr\/wp-content\/uploads\/2026\/02\/mode-art-perpignan-creatif.webp","datePublished":"2026-02-21T15:02:45+00:00","dateModified":"2026-02-21T15:02:47+00:00","description":"L'\u00e9v\u00e9nement \u00ab M\u00e9diation : La Mode R\u00e9invente Maillol et Picasso \u00bb se tiendra aux Galeries Lafayette de Perpignan le samedi 21 f\u00e9vrier 2026 de 15h00 \u00e0 17h00. Cet \u00e9v\u00e9nement gratuit mettra en lumi\u00e8re le travail de la fili\u00e8re mode autour de l'exposition pr\u00e9c\u00e9dente \u00ab Maillol-Picasso \u00bb, en explorant comment ces deux artistes ont red\u00e9fini la modernit\u00e9 artistique entre classicisme et innovation. Les cr\u00e9ations issues d'un d\u00e9fi upcycling seront expos\u00e9es, offrant une nouvelle perspective sur les \u0153uvres de Maillol et Picasso. L'\u00e9v\u00e9nement est organis\u00e9 en collaboration avec le Lyc\u00e9e Maillol et le Mus\u00e9e Hyacinthe Rigaud, valorisant ainsi le patrimoine culturel local. Il est ouvert \u00e0 tous les publics, amateurs d'art, de mode et de culture, et promet une exp\u00e9rience enrichissante et interactive. Les Galeries Lafayette Perpignan, situ\u00e9es au c\u0153ur de la ville, sont un lieu embl\u00e9matique de la mode et du shopping, offrant une multitude de services et de marques. Cet \u00e9v\u00e9nement s'inscrit dans une s\u00e9rie d'initiatives visant \u00e0 rendre la mode \u00e9coresponsable attractive et accessible. Les visiteurs pourront d\u00e9couvrir des pi\u00e8ces uniques cr\u00e9\u00e9es \u00e0 partir de v\u00eatements usag\u00e9s, expos\u00e9es dans la galerie du magasin. Cette m\u00e9diation artistique permettra au public de mieux comprendre l'impact de la mode sur l'art et vice versa, tout en participant \u00e0 un \u00e9v\u00e9nement culturel et cr\u00e9atif. L'entr\u00e9e est gratuite, et l'\u00e9v\u00e9nement est accessible \u00e0 tous, faisant de cette m\u00e9diation un rendez-vous incontournable pour les passionn\u00e9s de mode, d'art et de culture.","breadcrumb":{"@id":"https:\/\/www.locansol.fr\/evenement\/evenement-mediation-la-mode-reinvente-maillol-et-picasso\/#breadcrumb"},"inLanguage":"ca","potentialAction":[{"@type":"ReadAction","target":["https:\/\/www.locansol.fr\/evenement\/evenement-mediation-la-mode-reinvente-maillol-et-picasso\/"]}]},{"@type":"ImageObject","inLanguage":"ca","@id":"https:\/\/www.locansol.fr\/evenement\/evenement-mediation-la-mode-reinvente-maillol-et-picasso\/#primaryimage","url":"https:\/\/www.locansol.fr\/wp-content\/uploads\/2026\/02\/mode-art-perpignan-creatif.webp","contentUrl":"https:\/\/www.locansol.fr\/wp-content\/uploads\/2026\/02\/mode-art-perpignan-creatif.webp","width":740,"height":493,"caption":"La Mode R\u00e9invente Maillol et Picasso Perpignan"},{"@type":"BreadcrumbList","@id":"https:\/\/www.locansol.fr\/evenement\/evenement-mediation-la-mode-reinvente-maillol-et-picasso\/#breadcrumb","itemListElement":[{"@type":"ListItem","position":1,"name":"Accueil","item":"https:\/\/www.locansol.fr\/"},{"@type":"ListItem","position":2,"name":"\u00c9v\u00e8nements","item":"https:\/\/www.locansol.fr\/evenements\/"},{"@type":"ListItem","position":3,"name":"EVENEMENT &#8211; M\u00c9DIATION \u00ab LA MODE R\u00c9INVENTE MAILLOL ET PICASSO \u00bb"}]},{"@type":"WebSite","@id":"https:\/\/www.locansol.fr\/#website","url":"https:\/\/www.locansol.fr\/","name":"Locansol, louer un h\u00e9bergement dans les Pyr\u00e9n\u00e9es-Orientales","description":"Location Mobil-home Mer M\u00e9diterran\u00e9e &amp; Chalet de Montagne dans les Pyr\u00e9n\u00e9es Orientales (Occitanie, 66). Weekend, s\u00e9jour &amp; vacances en famille et entre amis.","publisher":{"@id":"https:\/\/www.locansol.fr\/#organization"},"alternateName":"Louer un h\u00e9bergement dans les Pyr\u00e9n\u00e9es Orientales, chalet & mobil-home en Occitanie","potentialAction":[{"@type":"SearchAction","target":{"@type":"EntryPoint","urlTemplate":"https:\/\/www.locansol.fr\/?s={search_term_string}"},"query-input":{"@type":"PropertyValueSpecification","valueRequired":true,"valueName":"search_term_string"}}],"inLanguage":"ca"},{"@type":"Organization","@id":"https:\/\/www.locansol.fr\/#organization","name":"Location MobilHome & chalet dans les Pyr\u00e9n\u00e9es Orientales","alternateName":"Louer un h\u00e9bergement dans les Pyr\u00e9n\u00e9es Orientales en Occitanie","url":"https:\/\/www.locansol.fr\/","logo":{"@type":"ImageObject","inLanguage":"ca","@id":"https:\/\/www.locansol.fr\/#\/schema\/logo\/image\/","url":"https:\/\/www.locansol.fr\/wp-content\/uploads\/2024\/04\/AdobeStock_303324767-scaled.jpeg","contentUrl":"https:\/\/www.locansol.fr\/wp-content\/uploads\/2024\/04\/AdobeStock_303324767-scaled.jpeg","width":2560,"height":1707,"caption":"Location MobilHome & chalet dans les Pyr\u00e9n\u00e9es Orientales"},"image":{"@id":"https:\/\/www.locansol.fr\/#\/schema\/logo\/image\/"}}]}},"_links":{"self":[{"href":"https:\/\/www.locansol.fr\/ca\/wp-json\/wp\/v2\/tribe_events\/3820","targetHints":{"allow":["GET"]}}],"collection":[{"href":"https:\/\/www.locansol.fr\/ca\/wp-json\/wp\/v2\/tribe_events"}],"about":[{"href":"https:\/\/www.locansol.fr\/ca\/wp-json\/wp\/v2\/types\/tribe_events"}],"author":[{"embeddable":true,"href":"https:\/\/www.locansol.fr\/ca\/wp-json\/wp\/v2\/users\/5"}],"version-history":[{"count":1,"href":"https:\/\/www.locansol.fr\/ca\/wp-json\/wp\/v2\/tribe_events\/3820\/revisions"}],"predecessor-version":[{"id":3821,"href":"https:\/\/www.locansol.fr\/ca\/wp-json\/wp\/v2\/tribe_events\/3820\/revisions\/3821"}],"wp:featuredmedia":[{"embeddable":true,"href":"https:\/\/www.locansol.fr\/ca\/wp-json\/wp\/v2\/media\/3817"}],"wp:attachment":[{"href":"https:\/\/www.locansol.fr\/ca\/wp-json\/wp\/v2\/media?parent=3820"}],"wp:term":[{"taxonomy":"post_tag","embeddable":true,"href":"https:\/\/www.locansol.fr\/ca\/wp-json\/wp\/v2\/tags?post=3820"},{"taxonomy":"tribe_events_cat","embeddable":true,"href":"https:\/\/www.locansol.fr\/ca\/wp-json\/wp\/v2\/tribe_events_cat?post=3820"}],"curies":[{"name":"wp","href":"https:\/\/api.w.org\/{rel}","templated":true}]}}