{"id":4634,"date":"2026-03-07T16:04:13","date_gmt":"2026-03-07T15:04:13","guid":{"rendered":"https:\/\/www.locansol.fr\/evenement\/journee-gastronomique-avec-adeline-grattard\/"},"modified":"2026-03-07T16:04:16","modified_gmt":"2026-03-07T15:04:16","slug":"journee-gastronomique-avec-adeline-grattard","status":"publish","type":"tribe_events","link":"https:\/\/www.locansol.fr\/ca\/evenement\/journee-gastronomique-avec-adeline-grattard\/","title":{"rendered":"JOURN\u00c9E GASTRONOMIQUE AVEC ADELINE GRATTARD"},"content":{"rendered":"<p>Situ\u00e9 au c\u0153ur des Pyr\u00e9n\u00e9es-Orientales, le Domaine des Agrumes Schaller \u00e0 Eus accueillera une journ\u00e9e gastronomique unique le samedi 7 mars \u00e0 10h00. Cet \u00e9v\u00e9nement mettra \u00e0 l&rsquo;honneur Adeline Grattard, cheffe \u00e9toil\u00e9e et figure embl\u00e9matique de la gastronomie fran\u00e7aise contemporaine, accompagn\u00e9e de L\u00e9onard.  Pendant plus de quinze ans, Adeline Grattard a dirig\u00e9 le restaurant parisien Yam\u2019Tcha, r\u00e9compens\u00e9 par une \u00e9toile Michelin. Sa cuisine singuli\u00e8re, \u00e0 la crois\u00e9e des cultures fran\u00e7aise et chinoise, est guid\u00e9e par la recherche de l\u2019\u00e9quilibre, de la texture et de l\u2019\u00e9motion juste. Elle incarne une gastronomie exigeante, sensible et profond\u00e9ment respectueuse du produit. Leur venue au Domaine des Agrumes Schaller prend une dimension particuli\u00e8re : ils viennent de fermer Yam\u2019Tcha pour se consacrer \u00e0 un nouveau projet culinaire, toujours fid\u00e8le \u00e0 ses lignes gastronomiques fondatrices. Le 7 mars marquera ainsi une rencontre rare : celle d\u2019une cheffe en pleine transition cr\u00e9ative et d\u2019un lieu consacr\u00e9 aux agrumes rares.  Le programme de la journ\u00e9e comprendra une visite guid\u00e9e immersive du Domaine, permettant de d\u00e9couvrir l\u2019histoire des agrumes et la diversit\u00e9 des vari\u00e9t\u00e9s cultiv\u00e9es. Les participants auront l\u2019occasion de rencontrer et d\u2019\u00e9changer avec les chefs, et de d\u00e9guster un d\u00e9jeuner gastronomique sp\u00e9cialement imagin\u00e9 autour des agrumes de saison. Des accords mets et vins viendront sublimer cette exp\u00e9rience sensorielle. Cette journ\u00e9e conviviale, inspirante et gourmande se d\u00e9roulera en petit comit\u00e9. Le tarif est de 150,00 \u20ac.  La journ\u00e9e gastronomique avec Adeline Grattard au Domaine des Agrumes Schaller promet d\u2019\u00eatre une exp\u00e9rience inoubliable pour plusieurs raisons. Tout d\u2019abord, la pr\u00e9sence d\u2019Adeline Grattard, cheffe \u00e9toil\u00e9e reconnue pour sa cuisine innovante et respectueuse des produits, est une opportunit\u00e9 rare de d\u00e9couvrir son talent culinaire dans un cadre unique. Ensuite, le Domaine des Agrumes Schaller offre un \u00e9crin exceptionnel avec sa collection d\u2019agrumes rares, permettant aux participants de d\u00e9couvrir des saveurs uniques et m\u00e9connues. Enfin, l\u2019ambiance conviviale et en petit comit\u00e9 garantit des \u00e9changes privil\u00e9gi\u00e9s avec les chefs et une exp\u00e9rience gastronomique intimiste. Cette journ\u00e9e est id\u00e9ale pour les amateurs de gastronomie et les curieux souhaitant en savoir plus sur les agrumes et la cuisine d\u2019exception.<\/p>\n<p><\/p>\n<h3>R\u00e9servez votre h\u00e9bergement dans les Pyr\u00e9n\u00e9es-Orientales :<\/h3>\n<p><b><a href='https:\/\/www.locansol.fr\/ca\/lloguer-mobil-home-mediterrani\/'>Mobil-home Locansol \u00e0 Argel\u00e8s-sur-Mer<\/a><\/b><br \/>Trajet le plus court : 61 km<br \/>Trajet le plus rapide : 1 h 0 min<\/p>\n<p><b><a href='https:\/\/www.locansol.fr\/ca\/lloguer-xalet-cerdanya\/'>Chalet Locansol \u00e0 Estavar<\/a><\/b><br \/>Trajet le plus court : 65 km<br \/>Trajet le plus rapide : 1 h 14 min<\/p>","protected":false},"excerpt":{"rendered":"<p>Situ\u00e9 au c\u0153ur des Pyr\u00e9n\u00e9es-Orientales, le Domaine des Agrumes Schaller \u00e0 Eus accueillera une journ\u00e9e gastronomique unique le samedi 7 mars \u00e0 10h00. Cet \u00e9v\u00e9nement mettra \u00e0 l&rsquo;honneur Adeline Grattard, [&hellip;]<\/p>","protected":false},"author":5,"featured_media":4631,"template":"","meta":{"_yoast_wpseo_focuskw":"JOURN\u00c9E GASTRONOMIQUE AVEC ADELINE GRATTARD","_yoast_wpseo_title":"JOURN\u00c9E GASTRONOMIQUE AVEC ADELINE GRATTARD","_yoast_wpseo_metadesc":"Situ\u00e9 au c\u0153ur des Pyr\u00e9n\u00e9es-Orientales, le Domaine des Agrumes Schaller \u00e0 Eus accueillera une journ\u00e9e gastronomique unique le samedi 7 mars \u00e0 10h00. Cet \u00e9v\u00e9nement mettra \u00e0 l'honneur Adeline Grattard, cheffe \u00e9toil\u00e9e et figure embl\u00e9matique de la gastronomie fran\u00e7aise contemporaine, accompagn\u00e9e de L\u00e9onard. Pendant plus de quinze ans, Adeline Grattard a dirig\u00e9 le restaurant parisien Yam\u2019Tcha, r\u00e9compens\u00e9 par une \u00e9toile Michelin. Sa cuisine singuli\u00e8re, \u00e0 la crois\u00e9e des cultures fran\u00e7aise et chinoise, est guid\u00e9e par la recherche de l\u2019\u00e9quilibre, de la texture et de l\u2019\u00e9motion juste. Elle incarne une gastronomie exigeante, sensible et profond\u00e9ment respectueuse du produit. Leur venue au Domaine des Agrumes Schaller prend une dimension particuli\u00e8re : ils viennent de fermer Yam\u2019Tcha pour se consacrer \u00e0 un nouveau projet culinaire, toujours fid\u00e8le \u00e0 ses lignes gastronomiques fondatrices. Le 7 mars marquera ainsi une rencontre rare : celle d\u2019une cheffe en pleine transition cr\u00e9ative et d\u2019un lieu consacr\u00e9 aux agrumes rares. Le programme de la journ\u00e9e comprendra une visite guid\u00e9e immersive du Domaine, permettant de d\u00e9couvrir l\u2019histoire des agrumes et la diversit\u00e9 des vari\u00e9t\u00e9s cultiv\u00e9es. Les participants auront l\u2019occasion de rencontrer et d\u2019\u00e9changer avec les chefs, et de d\u00e9guster un d\u00e9jeuner gastronomique sp\u00e9cialement imagin\u00e9 autour des agrumes de saison. Des accords mets et vins viendront sublimer cette exp\u00e9rience sensorielle. Cette journ\u00e9e conviviale, inspirante et gourmande se d\u00e9roulera en petit comit\u00e9. Le tarif est de 150,00 \u20ac. La journ\u00e9e gastronomique avec Adeline Grattard au Domaine des Agrumes Schaller promet d\u2019\u00eatre une exp\u00e9rience inoubliable pour plusieurs raisons. Tout d\u2019abord, la pr\u00e9sence d\u2019Adeline Grattard, cheffe \u00e9toil\u00e9e reconnue pour sa cuisine innovante et respectueuse des produits, est une opportunit\u00e9 rare de d\u00e9couvrir son talent culinaire dans un cadre unique. Ensuite, le Domaine des Agrumes Schaller offre un \u00e9crin exceptionnel avec sa collection d\u2019agrumes rares, permettant aux participants de d\u00e9couvrir des saveurs uniques et m\u00e9connues. Enfin, l\u2019ambiance conviviale et en petit comit\u00e9 garantit des \u00e9changes privil\u00e9gi\u00e9s avec les chefs et une exp\u00e9rience gastronomique intimiste. Cette journ\u00e9e est id\u00e9ale pour les amateurs de gastronomie et les curieux souhaitant en savoir plus sur les agrumes et la cuisine d\u2019exception.","_yoast_wpseo_canonical":"","_yoast_wpseo_opengraph-title":"JOURN\u00c9E GASTRONOMIQUE AVEC ADELINE GRATTARD","_yoast_wpseo_opengraph-description":"Situ\u00e9 au c\u0153ur des Pyr\u00e9n\u00e9es-Orientales, le Domaine des Agrumes Schaller \u00e0 Eus accueillera une journ\u00e9e gastronomique unique le samedi 7 mars \u00e0 10h00. Cet \u00e9v\u00e9nement mettra \u00e0 l'honneur Adeline Grattard, cheffe \u00e9toil\u00e9e et figure embl\u00e9matique de la gastronomie fran\u00e7aise contemporaine, accompagn\u00e9e de L\u00e9onard. Pendant plus de quinze ans, Adeline Grattard a dirig\u00e9 le restaurant parisien Yam\u2019Tcha, r\u00e9compens\u00e9 par une \u00e9toile Michelin. Sa cuisine singuli\u00e8re, \u00e0 la crois\u00e9e des cultures fran\u00e7aise et chinoise, est guid\u00e9e par la recherche de l\u2019\u00e9quilibre, de la texture et de l\u2019\u00e9motion juste. Elle incarne une gastronomie exigeante, sensible et profond\u00e9ment respectueuse du produit. Leur venue au Domaine des Agrumes Schaller prend une dimension particuli\u00e8re : ils viennent de fermer Yam\u2019Tcha pour se consacrer \u00e0 un nouveau projet culinaire, toujours fid\u00e8le \u00e0 ses lignes gastronomiques fondatrices. Le 7 mars marquera ainsi une rencontre rare : celle d\u2019une cheffe en pleine transition cr\u00e9ative et d\u2019un lieu consacr\u00e9 aux agrumes rares. Le programme de la journ\u00e9e comprendra une visite guid\u00e9e immersive du Domaine, permettant de d\u00e9couvrir l\u2019histoire des agrumes et la diversit\u00e9 des vari\u00e9t\u00e9s cultiv\u00e9es. Les participants auront l\u2019occasion de rencontrer et d\u2019\u00e9changer avec les chefs, et de d\u00e9guster un d\u00e9jeuner gastronomique sp\u00e9cialement imagin\u00e9 autour des agrumes de saison. Des accords mets et vins viendront sublimer cette exp\u00e9rience sensorielle. Cette journ\u00e9e conviviale, inspirante et gourmande se d\u00e9roulera en petit comit\u00e9. Le tarif est de 150,00 \u20ac. La journ\u00e9e gastronomique avec Adeline Grattard au Domaine des Agrumes Schaller promet d\u2019\u00eatre une exp\u00e9rience inoubliable pour plusieurs raisons. Tout d\u2019abord, la pr\u00e9sence d\u2019Adeline Grattard, cheffe \u00e9toil\u00e9e reconnue pour sa cuisine innovante et respectueuse des produits, est une opportunit\u00e9 rare de d\u00e9couvrir son talent culinaire dans un cadre unique. Ensuite, le Domaine des Agrumes Schaller offre un \u00e9crin exceptionnel avec sa collection d\u2019agrumes rares, permettant aux participants de d\u00e9couvrir des saveurs uniques et m\u00e9connues. Enfin, l\u2019ambiance conviviale et en petit comit\u00e9 garantit des \u00e9changes privil\u00e9gi\u00e9s avec les chefs et une exp\u00e9rience gastronomique intimiste. Cette journ\u00e9e est id\u00e9ale pour les amateurs de gastronomie et les curieux souhaitant en savoir plus sur les agrumes et la cuisine d\u2019exception.","_yoast_wpseo_opengraph-image":"https:\/\/www.locansol.fr\/wp-content\/uploads\/2026\/03\/journee-gastronomique-eus-agrume.webp","_yoast_wpseo_opengraph-image-id":"4631","_yoast_wpseo_twitter-title":"JOURN\u00c9E GASTRONOMIQUE AVEC ADELINE GRATTARD","_yoast_wpseo_twitter-description":"Situ\u00e9 au c\u0153ur des Pyr\u00e9n\u00e9es-Orientales, le Domaine des Agrumes Schaller \u00e0 Eus accueillera une journ\u00e9e gastronomique unique le samedi 7 mars \u00e0 10h00. Cet \u00e9v\u00e9nement mettra \u00e0 l'honneur Adeline Grattard, cheffe \u00e9toil\u00e9e et figure embl\u00e9matique de la gastronomie fran\u00e7aise contemporaine, accompagn\u00e9e de L\u00e9onard. Pendant plus de quinze ans, Adeline Grattard a dirig\u00e9 le restaurant parisien Yam\u2019Tcha, r\u00e9compens\u00e9 par une \u00e9toile Michelin. Sa cuisine singuli\u00e8re, \u00e0 la crois\u00e9e des cultures fran\u00e7aise et chinoise, est guid\u00e9e par la recherche de l\u2019\u00e9quilibre, de la texture et de l\u2019\u00e9motion juste. Elle incarne une gastronomie exigeante, sensible et profond\u00e9ment respectueuse du produit. Leur venue au Domaine des Agrumes Schaller prend une dimension particuli\u00e8re : ils viennent de fermer Yam\u2019Tcha pour se consacrer \u00e0 un nouveau projet culinaire, toujours fid\u00e8le \u00e0 ses lignes gastronomiques fondatrices. Le 7 mars marquera ainsi une rencontre rare : celle d\u2019une cheffe en pleine transition cr\u00e9ative et d\u2019un lieu consacr\u00e9 aux agrumes rares. Le programme de la journ\u00e9e comprendra une visite guid\u00e9e immersive du Domaine, permettant de d\u00e9couvrir l\u2019histoire des agrumes et la diversit\u00e9 des vari\u00e9t\u00e9s cultiv\u00e9es. Les participants auront l\u2019occasion de rencontrer et d\u2019\u00e9changer avec les chefs, et de d\u00e9guster un d\u00e9jeuner gastronomique sp\u00e9cialement imagin\u00e9 autour des agrumes de saison. Des accords mets et vins viendront sublimer cette exp\u00e9rience sensorielle. Cette journ\u00e9e conviviale, inspirante et gourmande se d\u00e9roulera en petit comit\u00e9. Le tarif est de 150,00 \u20ac. La journ\u00e9e gastronomique avec Adeline Grattard au Domaine des Agrumes Schaller promet d\u2019\u00eatre une exp\u00e9rience inoubliable pour plusieurs raisons. Tout d\u2019abord, la pr\u00e9sence d\u2019Adeline Grattard, cheffe \u00e9toil\u00e9e reconnue pour sa cuisine innovante et respectueuse des produits, est une opportunit\u00e9 rare de d\u00e9couvrir son talent culinaire dans un cadre unique. Ensuite, le Domaine des Agrumes Schaller offre un \u00e9crin exceptionnel avec sa collection d\u2019agrumes rares, permettant aux participants de d\u00e9couvrir des saveurs uniques et m\u00e9connues. Enfin, l\u2019ambiance conviviale et en petit comit\u00e9 garantit des \u00e9changes privil\u00e9gi\u00e9s avec les chefs et une exp\u00e9rience gastronomique intimiste. Cette journ\u00e9e est id\u00e9ale pour les amateurs de gastronomie et les curieux souhaitant en savoir plus sur les agrumes et la cuisine d\u2019exception.","_yoast_wpseo_twitter-image":"https:\/\/www.locansol.fr\/wp-content\/uploads\/2026\/03\/journee-gastronomique-eus-agrume.webp","_yoast_wpseo_twitter-image-id":"4631}","yoast_primary_category":"Visite guid\u00e9e","_tribe_events_status":"","_tribe_events_status_reason":"","_tribe_events_is_hybrid":"","_tribe_events_is_virtual":"","_tribe_events_virtual_video_source":"","_tribe_events_virtual_embed_video":"","_tribe_events_virtual_linked_button_text":"","_tribe_events_virtual_linked_button":"","_tribe_events_virtual_show_embed_at":"","_tribe_events_virtual_show_embed_to":[],"_tribe_events_virtual_show_on_event":"","_tribe_events_virtual_show_on_views":"","_tribe_events_virtual_url":"","footnotes":""},"tags":[76,74],"tribe_events_cat":[169,144,105],"class_list":["post-4634","tribe_events","type-tribe_events","status-publish","has-post-thumbnail","hentry","tag-pyrenees-orientales","tag-terroir","tribe_events_cat-pyrenees-orientales","tribe_events_cat-terroir","tribe_events_cat-visite-guidee","cat_pyrenees-orientales","cat_terroir","cat_visite-guidee"],"yoast_head":"<!-- This site is optimized with the Yoast SEO Premium plugin v23.3 (Yoast SEO v26.9) - https:\/\/yoast.com\/product\/yoast-seo-premium-wordpress\/ -->\n<title>JOURN\u00c9E GASTRONOMIQUE AVEC ADELINE GRATTARD<\/title>\n<meta name=\"description\" content=\"Situ\u00e9 au c\u0153ur des Pyr\u00e9n\u00e9es-Orientales, le Domaine des Agrumes Schaller \u00e0 Eus accueillera une journ\u00e9e gastronomique unique le samedi 7 mars \u00e0 10h00. Cet \u00e9v\u00e9nement mettra \u00e0 l&#039;honneur Adeline Grattard, cheffe \u00e9toil\u00e9e et figure embl\u00e9matique de la gastronomie fran\u00e7aise contemporaine, accompagn\u00e9e de L\u00e9onard. Pendant plus de quinze ans, Adeline Grattard a dirig\u00e9 le restaurant parisien Yam\u2019Tcha, r\u00e9compens\u00e9 par une \u00e9toile Michelin. Sa cuisine singuli\u00e8re, \u00e0 la crois\u00e9e des cultures fran\u00e7aise et chinoise, est guid\u00e9e par la recherche de l\u2019\u00e9quilibre, de la texture et de l\u2019\u00e9motion juste. Elle incarne une gastronomie exigeante, sensible et profond\u00e9ment respectueuse du produit. Leur venue au Domaine des Agrumes Schaller prend une dimension particuli\u00e8re : ils viennent de fermer Yam\u2019Tcha pour se consacrer \u00e0 un nouveau projet culinaire, toujours fid\u00e8le \u00e0 ses lignes gastronomiques fondatrices. Le 7 mars marquera ainsi une rencontre rare : celle d\u2019une cheffe en pleine transition cr\u00e9ative et d\u2019un lieu consacr\u00e9 aux agrumes rares. Le programme de la journ\u00e9e comprendra une visite guid\u00e9e immersive du Domaine, permettant de d\u00e9couvrir l\u2019histoire des agrumes et la diversit\u00e9 des vari\u00e9t\u00e9s cultiv\u00e9es. Les participants auront l\u2019occasion de rencontrer et d\u2019\u00e9changer avec les chefs, et de d\u00e9guster un d\u00e9jeuner gastronomique sp\u00e9cialement imagin\u00e9 autour des agrumes de saison. Des accords mets et vins viendront sublimer cette exp\u00e9rience sensorielle. Cette journ\u00e9e conviviale, inspirante et gourmande se d\u00e9roulera en petit comit\u00e9. Le tarif est de 150,00 \u20ac. La journ\u00e9e gastronomique avec Adeline Grattard au Domaine des Agrumes Schaller promet d\u2019\u00eatre une exp\u00e9rience inoubliable pour plusieurs raisons. Tout d\u2019abord, la pr\u00e9sence d\u2019Adeline Grattard, cheffe \u00e9toil\u00e9e reconnue pour sa cuisine innovante et respectueuse des produits, est une opportunit\u00e9 rare de d\u00e9couvrir son talent culinaire dans un cadre unique. Ensuite, le Domaine des Agrumes Schaller offre un \u00e9crin exceptionnel avec sa collection d\u2019agrumes rares, permettant aux participants de d\u00e9couvrir des saveurs uniques et m\u00e9connues. Enfin, l\u2019ambiance conviviale et en petit comit\u00e9 garantit des \u00e9changes privil\u00e9gi\u00e9s avec les chefs et une exp\u00e9rience gastronomique intimiste. Cette journ\u00e9e est id\u00e9ale pour les amateurs de gastronomie et les curieux souhaitant en savoir plus sur les agrumes et la cuisine d\u2019exception.\" \/>\n<meta name=\"robots\" content=\"index, follow, max-snippet:-1, max-image-preview:large, max-video-preview:-1\" \/>\n<link rel=\"canonical\" href=\"https:\/\/www.locansol.fr\/ca\/evenement\/journee-gastronomique-avec-adeline-grattard\/\" \/>\n<meta property=\"og:locale\" content=\"ca_ES\" \/>\n<meta property=\"og:type\" content=\"article\" \/>\n<meta property=\"og:title\" content=\"JOURN\u00c9E GASTRONOMIQUE AVEC ADELINE GRATTARD\" \/>\n<meta property=\"og:description\" content=\"Situ\u00e9 au c\u0153ur des Pyr\u00e9n\u00e9es-Orientales, le Domaine des Agrumes Schaller \u00e0 Eus accueillera une journ\u00e9e gastronomique unique le samedi 7 mars \u00e0 10h00. Cet \u00e9v\u00e9nement mettra \u00e0 l&#039;honneur Adeline Grattard, cheffe \u00e9toil\u00e9e et figure embl\u00e9matique de la gastronomie fran\u00e7aise contemporaine, accompagn\u00e9e de L\u00e9onard. Pendant plus de quinze ans, Adeline Grattard a dirig\u00e9 le restaurant parisien Yam\u2019Tcha, r\u00e9compens\u00e9 par une \u00e9toile Michelin. Sa cuisine singuli\u00e8re, \u00e0 la crois\u00e9e des cultures fran\u00e7aise et chinoise, est guid\u00e9e par la recherche de l\u2019\u00e9quilibre, de la texture et de l\u2019\u00e9motion juste. Elle incarne une gastronomie exigeante, sensible et profond\u00e9ment respectueuse du produit. Leur venue au Domaine des Agrumes Schaller prend une dimension particuli\u00e8re : ils viennent de fermer Yam\u2019Tcha pour se consacrer \u00e0 un nouveau projet culinaire, toujours fid\u00e8le \u00e0 ses lignes gastronomiques fondatrices. Le 7 mars marquera ainsi une rencontre rare : celle d\u2019une cheffe en pleine transition cr\u00e9ative et d\u2019un lieu consacr\u00e9 aux agrumes rares. Le programme de la journ\u00e9e comprendra une visite guid\u00e9e immersive du Domaine, permettant de d\u00e9couvrir l\u2019histoire des agrumes et la diversit\u00e9 des vari\u00e9t\u00e9s cultiv\u00e9es. Les participants auront l\u2019occasion de rencontrer et d\u2019\u00e9changer avec les chefs, et de d\u00e9guster un d\u00e9jeuner gastronomique sp\u00e9cialement imagin\u00e9 autour des agrumes de saison. Des accords mets et vins viendront sublimer cette exp\u00e9rience sensorielle. Cette journ\u00e9e conviviale, inspirante et gourmande se d\u00e9roulera en petit comit\u00e9. Le tarif est de 150,00 \u20ac. La journ\u00e9e gastronomique avec Adeline Grattard au Domaine des Agrumes Schaller promet d\u2019\u00eatre une exp\u00e9rience inoubliable pour plusieurs raisons. Tout d\u2019abord, la pr\u00e9sence d\u2019Adeline Grattard, cheffe \u00e9toil\u00e9e reconnue pour sa cuisine innovante et respectueuse des produits, est une opportunit\u00e9 rare de d\u00e9couvrir son talent culinaire dans un cadre unique. Ensuite, le Domaine des Agrumes Schaller offre un \u00e9crin exceptionnel avec sa collection d\u2019agrumes rares, permettant aux participants de d\u00e9couvrir des saveurs uniques et m\u00e9connues. Enfin, l\u2019ambiance conviviale et en petit comit\u00e9 garantit des \u00e9changes privil\u00e9gi\u00e9s avec les chefs et une exp\u00e9rience gastronomique intimiste. Cette journ\u00e9e est id\u00e9ale pour les amateurs de gastronomie et les curieux souhaitant en savoir plus sur les agrumes et la cuisine d\u2019exception.\" \/>\n<meta property=\"og:url\" content=\"https:\/\/www.locansol.fr\/ca\/evenement\/journee-gastronomique-avec-adeline-grattard\/\" \/>\n<meta property=\"og:site_name\" content=\"Locansol, louer un h\u00e9bergement dans les Pyr\u00e9n\u00e9es Orientales\" \/>\n<meta property=\"article:modified_time\" content=\"2026-03-07T15:04:16+00:00\" \/>\n<meta property=\"og:image\" content=\"https:\/\/www.locansol.fr\/wp-content\/uploads\/2026\/03\/journee-gastronomique-eus-agrume.webp\" \/>\n\t<meta property=\"og:image:width\" content=\"1080\" \/>\n\t<meta property=\"og:image:height\" content=\"1350\" \/>\n\t<meta property=\"og:image:type\" content=\"image\/webp\" \/>\n<meta name=\"twitter:card\" content=\"summary_large_image\" \/>\n<meta name=\"twitter:title\" content=\"JOURN\u00c9E GASTRONOMIQUE AVEC ADELINE GRATTARD\" \/>\n<meta name=\"twitter:description\" content=\"Situ\u00e9 au c\u0153ur des Pyr\u00e9n\u00e9es-Orientales, le Domaine des Agrumes Schaller \u00e0 Eus accueillera une journ\u00e9e gastronomique unique le samedi 7 mars \u00e0 10h00. Cet \u00e9v\u00e9nement mettra \u00e0 l&#039;honneur Adeline Grattard, cheffe \u00e9toil\u00e9e et figure embl\u00e9matique de la gastronomie fran\u00e7aise contemporaine, accompagn\u00e9e de L\u00e9onard. Pendant plus de quinze ans, Adeline Grattard a dirig\u00e9 le restaurant parisien Yam\u2019Tcha, r\u00e9compens\u00e9 par une \u00e9toile Michelin. Sa cuisine singuli\u00e8re, \u00e0 la crois\u00e9e des cultures fran\u00e7aise et chinoise, est guid\u00e9e par la recherche de l\u2019\u00e9quilibre, de la texture et de l\u2019\u00e9motion juste. Elle incarne une gastronomie exigeante, sensible et profond\u00e9ment respectueuse du produit. Leur venue au Domaine des Agrumes Schaller prend une dimension particuli\u00e8re : ils viennent de fermer Yam\u2019Tcha pour se consacrer \u00e0 un nouveau projet culinaire, toujours fid\u00e8le \u00e0 ses lignes gastronomiques fondatrices. Le 7 mars marquera ainsi une rencontre rare : celle d\u2019une cheffe en pleine transition cr\u00e9ative et d\u2019un lieu consacr\u00e9 aux agrumes rares. Le programme de la journ\u00e9e comprendra une visite guid\u00e9e immersive du Domaine, permettant de d\u00e9couvrir l\u2019histoire des agrumes et la diversit\u00e9 des vari\u00e9t\u00e9s cultiv\u00e9es. Les participants auront l\u2019occasion de rencontrer et d\u2019\u00e9changer avec les chefs, et de d\u00e9guster un d\u00e9jeuner gastronomique sp\u00e9cialement imagin\u00e9 autour des agrumes de saison. Des accords mets et vins viendront sublimer cette exp\u00e9rience sensorielle. Cette journ\u00e9e conviviale, inspirante et gourmande se d\u00e9roulera en petit comit\u00e9. Le tarif est de 150,00 \u20ac. La journ\u00e9e gastronomique avec Adeline Grattard au Domaine des Agrumes Schaller promet d\u2019\u00eatre une exp\u00e9rience inoubliable pour plusieurs raisons. Tout d\u2019abord, la pr\u00e9sence d\u2019Adeline Grattard, cheffe \u00e9toil\u00e9e reconnue pour sa cuisine innovante et respectueuse des produits, est une opportunit\u00e9 rare de d\u00e9couvrir son talent culinaire dans un cadre unique. Ensuite, le Domaine des Agrumes Schaller offre un \u00e9crin exceptionnel avec sa collection d\u2019agrumes rares, permettant aux participants de d\u00e9couvrir des saveurs uniques et m\u00e9connues. Enfin, l\u2019ambiance conviviale et en petit comit\u00e9 garantit des \u00e9changes privil\u00e9gi\u00e9s avec les chefs et une exp\u00e9rience gastronomique intimiste. Cette journ\u00e9e est id\u00e9ale pour les amateurs de gastronomie et les curieux souhaitant en savoir plus sur les agrumes et la cuisine d\u2019exception.\" \/>\n<meta name=\"twitter:image\" content=\"https:\/\/www.locansol.fr\/wp-content\/uploads\/2026\/03\/journee-gastronomique-eus-agrume.webp\" \/>\n<meta name=\"twitter:label1\" content=\"Temps estimat de lectura\" \/>\n\t<meta name=\"twitter:data1\" content=\"2 minuts\" \/>\n<script type=\"application\/ld+json\" class=\"yoast-schema-graph\">{\"@context\":\"https:\/\/schema.org\",\"@graph\":[{\"@type\":\"WebPage\",\"@id\":\"https:\/\/www.locansol.fr\/evenement\/journee-gastronomique-avec-adeline-grattard\/\",\"url\":\"https:\/\/www.locansol.fr\/evenement\/journee-gastronomique-avec-adeline-grattard\/\",\"name\":\"JOURN\u00c9E GASTRONOMIQUE AVEC ADELINE GRATTARD\",\"isPartOf\":{\"@id\":\"https:\/\/www.locansol.fr\/#website\"},\"primaryImageOfPage\":{\"@id\":\"https:\/\/www.locansol.fr\/evenement\/journee-gastronomique-avec-adeline-grattard\/#primaryimage\"},\"image\":{\"@id\":\"https:\/\/www.locansol.fr\/evenement\/journee-gastronomique-avec-adeline-grattard\/#primaryimage\"},\"thumbnailUrl\":\"https:\/\/www.locansol.fr\/wp-content\/uploads\/2026\/03\/journee-gastronomique-eus-agrume.webp\",\"datePublished\":\"2026-03-07T15:04:13+00:00\",\"dateModified\":\"2026-03-07T15:04:16+00:00\",\"description\":\"Situ\u00e9 au c\u0153ur des Pyr\u00e9n\u00e9es-Orientales, le Domaine des Agrumes Schaller \u00e0 Eus accueillera une journ\u00e9e gastronomique unique le samedi 7 mars \u00e0 10h00. Cet \u00e9v\u00e9nement mettra \u00e0 l'honneur Adeline Grattard, cheffe \u00e9toil\u00e9e et figure embl\u00e9matique de la gastronomie fran\u00e7aise contemporaine, accompagn\u00e9e de L\u00e9onard. Pendant plus de quinze ans, Adeline Grattard a dirig\u00e9 le restaurant parisien Yam\u2019Tcha, r\u00e9compens\u00e9 par une \u00e9toile Michelin. Sa cuisine singuli\u00e8re, \u00e0 la crois\u00e9e des cultures fran\u00e7aise et chinoise, est guid\u00e9e par la recherche de l\u2019\u00e9quilibre, de la texture et de l\u2019\u00e9motion juste. Elle incarne une gastronomie exigeante, sensible et profond\u00e9ment respectueuse du produit. Leur venue au Domaine des Agrumes Schaller prend une dimension particuli\u00e8re : ils viennent de fermer Yam\u2019Tcha pour se consacrer \u00e0 un nouveau projet culinaire, toujours fid\u00e8le \u00e0 ses lignes gastronomiques fondatrices. Le 7 mars marquera ainsi une rencontre rare : celle d\u2019une cheffe en pleine transition cr\u00e9ative et d\u2019un lieu consacr\u00e9 aux agrumes rares. Le programme de la journ\u00e9e comprendra une visite guid\u00e9e immersive du Domaine, permettant de d\u00e9couvrir l\u2019histoire des agrumes et la diversit\u00e9 des vari\u00e9t\u00e9s cultiv\u00e9es. Les participants auront l\u2019occasion de rencontrer et d\u2019\u00e9changer avec les chefs, et de d\u00e9guster un d\u00e9jeuner gastronomique sp\u00e9cialement imagin\u00e9 autour des agrumes de saison. Des accords mets et vins viendront sublimer cette exp\u00e9rience sensorielle. Cette journ\u00e9e conviviale, inspirante et gourmande se d\u00e9roulera en petit comit\u00e9. Le tarif est de 150,00 \u20ac. La journ\u00e9e gastronomique avec Adeline Grattard au Domaine des Agrumes Schaller promet d\u2019\u00eatre une exp\u00e9rience inoubliable pour plusieurs raisons. Tout d\u2019abord, la pr\u00e9sence d\u2019Adeline Grattard, cheffe \u00e9toil\u00e9e reconnue pour sa cuisine innovante et respectueuse des produits, est une opportunit\u00e9 rare de d\u00e9couvrir son talent culinaire dans un cadre unique. Ensuite, le Domaine des Agrumes Schaller offre un \u00e9crin exceptionnel avec sa collection d\u2019agrumes rares, permettant aux participants de d\u00e9couvrir des saveurs uniques et m\u00e9connues. Enfin, l\u2019ambiance conviviale et en petit comit\u00e9 garantit des \u00e9changes privil\u00e9gi\u00e9s avec les chefs et une exp\u00e9rience gastronomique intimiste. Cette journ\u00e9e est id\u00e9ale pour les amateurs de gastronomie et les curieux souhaitant en savoir plus sur les agrumes et la cuisine d\u2019exception.\",\"breadcrumb\":{\"@id\":\"https:\/\/www.locansol.fr\/evenement\/journee-gastronomique-avec-adeline-grattard\/#breadcrumb\"},\"inLanguage\":\"ca\",\"potentialAction\":[{\"@type\":\"ReadAction\",\"target\":[\"https:\/\/www.locansol.fr\/evenement\/journee-gastronomique-avec-adeline-grattard\/\"]}]},{\"@type\":\"ImageObject\",\"inLanguage\":\"ca\",\"@id\":\"https:\/\/www.locansol.fr\/evenement\/journee-gastronomique-avec-adeline-grattard\/#primaryimage\",\"url\":\"https:\/\/www.locansol.fr\/wp-content\/uploads\/2026\/03\/journee-gastronomique-eus-agrume.webp\",\"contentUrl\":\"https:\/\/www.locansol.fr\/wp-content\/uploads\/2026\/03\/journee-gastronomique-eus-agrume.webp\",\"width\":1080,\"height\":1350,\"caption\":\"Journ\u00e9e gastronomique avec Adeline Grattard Eus - 7 mars\"},{\"@type\":\"BreadcrumbList\",\"@id\":\"https:\/\/www.locansol.fr\/evenement\/journee-gastronomique-avec-adeline-grattard\/#breadcrumb\",\"itemListElement\":[{\"@type\":\"ListItem\",\"position\":1,\"name\":\"Accueil\",\"item\":\"https:\/\/www.locansol.fr\/\"},{\"@type\":\"ListItem\",\"position\":2,\"name\":\"\u00c9v\u00e8nements\",\"item\":\"https:\/\/www.locansol.fr\/evenements\/\"},{\"@type\":\"ListItem\",\"position\":3,\"name\":\"JOURN\u00c9E GASTRONOMIQUE AVEC ADELINE GRATTARD\"}]},{\"@type\":\"WebSite\",\"@id\":\"https:\/\/www.locansol.fr\/#website\",\"url\":\"https:\/\/www.locansol.fr\/\",\"name\":\"Locansol, louer un h\u00e9bergement dans les Pyr\u00e9n\u00e9es-Orientales\",\"description\":\"Location Mobil-home Mer M\u00e9diterran\u00e9e &amp; Chalet de Montagne dans les Pyr\u00e9n\u00e9es Orientales (Occitanie, 66). Weekend, s\u00e9jour &amp; vacances en famille et entre amis.\",\"publisher\":{\"@id\":\"https:\/\/www.locansol.fr\/#organization\"},\"alternateName\":\"Louer un h\u00e9bergement dans les Pyr\u00e9n\u00e9es Orientales, chalet & mobil-home en Occitanie\",\"potentialAction\":[{\"@type\":\"SearchAction\",\"target\":{\"@type\":\"EntryPoint\",\"urlTemplate\":\"https:\/\/www.locansol.fr\/?s={search_term_string}\"},\"query-input\":{\"@type\":\"PropertyValueSpecification\",\"valueRequired\":true,\"valueName\":\"search_term_string\"}}],\"inLanguage\":\"ca\"},{\"@type\":\"Organization\",\"@id\":\"https:\/\/www.locansol.fr\/#organization\",\"name\":\"Location MobilHome & chalet dans les Pyr\u00e9n\u00e9es Orientales\",\"alternateName\":\"Louer un h\u00e9bergement dans les Pyr\u00e9n\u00e9es Orientales en Occitanie\",\"url\":\"https:\/\/www.locansol.fr\/\",\"logo\":{\"@type\":\"ImageObject\",\"inLanguage\":\"ca\",\"@id\":\"https:\/\/www.locansol.fr\/#\/schema\/logo\/image\/\",\"url\":\"https:\/\/www.locansol.fr\/wp-content\/uploads\/2024\/04\/AdobeStock_303324767-scaled.jpeg\",\"contentUrl\":\"https:\/\/www.locansol.fr\/wp-content\/uploads\/2024\/04\/AdobeStock_303324767-scaled.jpeg\",\"width\":2560,\"height\":1707,\"caption\":\"Location MobilHome & chalet dans les Pyr\u00e9n\u00e9es Orientales\"},\"image\":{\"@id\":\"https:\/\/www.locansol.fr\/#\/schema\/logo\/image\/\"}}]}<\/script>\n<!-- \/ Yoast SEO Premium plugin. -->","yoast_head_json":{"title":"JOURN\u00c9E GASTRONOMIQUE AVEC ADELINE GRATTARD","description":"Situ\u00e9 au c\u0153ur des Pyr\u00e9n\u00e9es-Orientales, le Domaine des Agrumes Schaller \u00e0 Eus accueillera une journ\u00e9e gastronomique unique le samedi 7 mars \u00e0 10h00. Cet \u00e9v\u00e9nement mettra \u00e0 l'honneur Adeline Grattard, cheffe \u00e9toil\u00e9e et figure embl\u00e9matique de la gastronomie fran\u00e7aise contemporaine, accompagn\u00e9e de L\u00e9onard. Pendant plus de quinze ans, Adeline Grattard a dirig\u00e9 le restaurant parisien Yam\u2019Tcha, r\u00e9compens\u00e9 par une \u00e9toile Michelin. Sa cuisine singuli\u00e8re, \u00e0 la crois\u00e9e des cultures fran\u00e7aise et chinoise, est guid\u00e9e par la recherche de l\u2019\u00e9quilibre, de la texture et de l\u2019\u00e9motion juste. Elle incarne une gastronomie exigeante, sensible et profond\u00e9ment respectueuse du produit. Leur venue au Domaine des Agrumes Schaller prend une dimension particuli\u00e8re : ils viennent de fermer Yam\u2019Tcha pour se consacrer \u00e0 un nouveau projet culinaire, toujours fid\u00e8le \u00e0 ses lignes gastronomiques fondatrices. Le 7 mars marquera ainsi une rencontre rare : celle d\u2019une cheffe en pleine transition cr\u00e9ative et d\u2019un lieu consacr\u00e9 aux agrumes rares. Le programme de la journ\u00e9e comprendra une visite guid\u00e9e immersive du Domaine, permettant de d\u00e9couvrir l\u2019histoire des agrumes et la diversit\u00e9 des vari\u00e9t\u00e9s cultiv\u00e9es. Les participants auront l\u2019occasion de rencontrer et d\u2019\u00e9changer avec les chefs, et de d\u00e9guster un d\u00e9jeuner gastronomique sp\u00e9cialement imagin\u00e9 autour des agrumes de saison. Des accords mets et vins viendront sublimer cette exp\u00e9rience sensorielle. Cette journ\u00e9e conviviale, inspirante et gourmande se d\u00e9roulera en petit comit\u00e9. Le tarif est de 150,00 \u20ac. La journ\u00e9e gastronomique avec Adeline Grattard au Domaine des Agrumes Schaller promet d\u2019\u00eatre une exp\u00e9rience inoubliable pour plusieurs raisons. Tout d\u2019abord, la pr\u00e9sence d\u2019Adeline Grattard, cheffe \u00e9toil\u00e9e reconnue pour sa cuisine innovante et respectueuse des produits, est une opportunit\u00e9 rare de d\u00e9couvrir son talent culinaire dans un cadre unique. Ensuite, le Domaine des Agrumes Schaller offre un \u00e9crin exceptionnel avec sa collection d\u2019agrumes rares, permettant aux participants de d\u00e9couvrir des saveurs uniques et m\u00e9connues. Enfin, l\u2019ambiance conviviale et en petit comit\u00e9 garantit des \u00e9changes privil\u00e9gi\u00e9s avec les chefs et une exp\u00e9rience gastronomique intimiste. Cette journ\u00e9e est id\u00e9ale pour les amateurs de gastronomie et les curieux souhaitant en savoir plus sur les agrumes et la cuisine d\u2019exception.","robots":{"index":"index","follow":"follow","max-snippet":"max-snippet:-1","max-image-preview":"max-image-preview:large","max-video-preview":"max-video-preview:-1"},"canonical":"https:\/\/www.locansol.fr\/ca\/evenement\/journee-gastronomique-avec-adeline-grattard\/","og_locale":"ca_ES","og_type":"article","og_title":"JOURN\u00c9E GASTRONOMIQUE AVEC ADELINE GRATTARD","og_description":"Situ\u00e9 au c\u0153ur des Pyr\u00e9n\u00e9es-Orientales, le Domaine des Agrumes Schaller \u00e0 Eus accueillera une journ\u00e9e gastronomique unique le samedi 7 mars \u00e0 10h00. Cet \u00e9v\u00e9nement mettra \u00e0 l'honneur Adeline Grattard, cheffe \u00e9toil\u00e9e et figure embl\u00e9matique de la gastronomie fran\u00e7aise contemporaine, accompagn\u00e9e de L\u00e9onard. Pendant plus de quinze ans, Adeline Grattard a dirig\u00e9 le restaurant parisien Yam\u2019Tcha, r\u00e9compens\u00e9 par une \u00e9toile Michelin. Sa cuisine singuli\u00e8re, \u00e0 la crois\u00e9e des cultures fran\u00e7aise et chinoise, est guid\u00e9e par la recherche de l\u2019\u00e9quilibre, de la texture et de l\u2019\u00e9motion juste. Elle incarne une gastronomie exigeante, sensible et profond\u00e9ment respectueuse du produit. Leur venue au Domaine des Agrumes Schaller prend une dimension particuli\u00e8re : ils viennent de fermer Yam\u2019Tcha pour se consacrer \u00e0 un nouveau projet culinaire, toujours fid\u00e8le \u00e0 ses lignes gastronomiques fondatrices. Le 7 mars marquera ainsi une rencontre rare : celle d\u2019une cheffe en pleine transition cr\u00e9ative et d\u2019un lieu consacr\u00e9 aux agrumes rares. Le programme de la journ\u00e9e comprendra une visite guid\u00e9e immersive du Domaine, permettant de d\u00e9couvrir l\u2019histoire des agrumes et la diversit\u00e9 des vari\u00e9t\u00e9s cultiv\u00e9es. Les participants auront l\u2019occasion de rencontrer et d\u2019\u00e9changer avec les chefs, et de d\u00e9guster un d\u00e9jeuner gastronomique sp\u00e9cialement imagin\u00e9 autour des agrumes de saison. Des accords mets et vins viendront sublimer cette exp\u00e9rience sensorielle. Cette journ\u00e9e conviviale, inspirante et gourmande se d\u00e9roulera en petit comit\u00e9. Le tarif est de 150,00 \u20ac. La journ\u00e9e gastronomique avec Adeline Grattard au Domaine des Agrumes Schaller promet d\u2019\u00eatre une exp\u00e9rience inoubliable pour plusieurs raisons. Tout d\u2019abord, la pr\u00e9sence d\u2019Adeline Grattard, cheffe \u00e9toil\u00e9e reconnue pour sa cuisine innovante et respectueuse des produits, est une opportunit\u00e9 rare de d\u00e9couvrir son talent culinaire dans un cadre unique. Ensuite, le Domaine des Agrumes Schaller offre un \u00e9crin exceptionnel avec sa collection d\u2019agrumes rares, permettant aux participants de d\u00e9couvrir des saveurs uniques et m\u00e9connues. Enfin, l\u2019ambiance conviviale et en petit comit\u00e9 garantit des \u00e9changes privil\u00e9gi\u00e9s avec les chefs et une exp\u00e9rience gastronomique intimiste. Cette journ\u00e9e est id\u00e9ale pour les amateurs de gastronomie et les curieux souhaitant en savoir plus sur les agrumes et la cuisine d\u2019exception.","og_url":"https:\/\/www.locansol.fr\/ca\/evenement\/journee-gastronomique-avec-adeline-grattard\/","og_site_name":"Locansol, louer un h\u00e9bergement dans les Pyr\u00e9n\u00e9es Orientales","article_modified_time":"2026-03-07T15:04:16+00:00","og_image":[{"width":1080,"height":1350,"url":"https:\/\/www.locansol.fr\/wp-content\/uploads\/2026\/03\/journee-gastronomique-eus-agrume.webp","type":"image\/webp"}],"twitter_card":"summary_large_image","twitter_title":"JOURN\u00c9E GASTRONOMIQUE AVEC ADELINE GRATTARD","twitter_description":"Situ\u00e9 au c\u0153ur des Pyr\u00e9n\u00e9es-Orientales, le Domaine des Agrumes Schaller \u00e0 Eus accueillera une journ\u00e9e gastronomique unique le samedi 7 mars \u00e0 10h00. Cet \u00e9v\u00e9nement mettra \u00e0 l'honneur Adeline Grattard, cheffe \u00e9toil\u00e9e et figure embl\u00e9matique de la gastronomie fran\u00e7aise contemporaine, accompagn\u00e9e de L\u00e9onard. Pendant plus de quinze ans, Adeline Grattard a dirig\u00e9 le restaurant parisien Yam\u2019Tcha, r\u00e9compens\u00e9 par une \u00e9toile Michelin. Sa cuisine singuli\u00e8re, \u00e0 la crois\u00e9e des cultures fran\u00e7aise et chinoise, est guid\u00e9e par la recherche de l\u2019\u00e9quilibre, de la texture et de l\u2019\u00e9motion juste. Elle incarne une gastronomie exigeante, sensible et profond\u00e9ment respectueuse du produit. Leur venue au Domaine des Agrumes Schaller prend une dimension particuli\u00e8re : ils viennent de fermer Yam\u2019Tcha pour se consacrer \u00e0 un nouveau projet culinaire, toujours fid\u00e8le \u00e0 ses lignes gastronomiques fondatrices. Le 7 mars marquera ainsi une rencontre rare : celle d\u2019une cheffe en pleine transition cr\u00e9ative et d\u2019un lieu consacr\u00e9 aux agrumes rares. Le programme de la journ\u00e9e comprendra une visite guid\u00e9e immersive du Domaine, permettant de d\u00e9couvrir l\u2019histoire des agrumes et la diversit\u00e9 des vari\u00e9t\u00e9s cultiv\u00e9es. Les participants auront l\u2019occasion de rencontrer et d\u2019\u00e9changer avec les chefs, et de d\u00e9guster un d\u00e9jeuner gastronomique sp\u00e9cialement imagin\u00e9 autour des agrumes de saison. Des accords mets et vins viendront sublimer cette exp\u00e9rience sensorielle. Cette journ\u00e9e conviviale, inspirante et gourmande se d\u00e9roulera en petit comit\u00e9. Le tarif est de 150,00 \u20ac. La journ\u00e9e gastronomique avec Adeline Grattard au Domaine des Agrumes Schaller promet d\u2019\u00eatre une exp\u00e9rience inoubliable pour plusieurs raisons. Tout d\u2019abord, la pr\u00e9sence d\u2019Adeline Grattard, cheffe \u00e9toil\u00e9e reconnue pour sa cuisine innovante et respectueuse des produits, est une opportunit\u00e9 rare de d\u00e9couvrir son talent culinaire dans un cadre unique. Ensuite, le Domaine des Agrumes Schaller offre un \u00e9crin exceptionnel avec sa collection d\u2019agrumes rares, permettant aux participants de d\u00e9couvrir des saveurs uniques et m\u00e9connues. Enfin, l\u2019ambiance conviviale et en petit comit\u00e9 garantit des \u00e9changes privil\u00e9gi\u00e9s avec les chefs et une exp\u00e9rience gastronomique intimiste. Cette journ\u00e9e est id\u00e9ale pour les amateurs de gastronomie et les curieux souhaitant en savoir plus sur les agrumes et la cuisine d\u2019exception.","twitter_image":"https:\/\/www.locansol.fr\/wp-content\/uploads\/2026\/03\/journee-gastronomique-eus-agrume.webp","twitter_misc":{"Temps estimat de lectura":"2 minuts"},"schema":{"@context":"https:\/\/schema.org","@graph":[{"@type":"WebPage","@id":"https:\/\/www.locansol.fr\/evenement\/journee-gastronomique-avec-adeline-grattard\/","url":"https:\/\/www.locansol.fr\/evenement\/journee-gastronomique-avec-adeline-grattard\/","name":"JOURN\u00c9E GASTRONOMIQUE AVEC ADELINE GRATTARD","isPartOf":{"@id":"https:\/\/www.locansol.fr\/#website"},"primaryImageOfPage":{"@id":"https:\/\/www.locansol.fr\/evenement\/journee-gastronomique-avec-adeline-grattard\/#primaryimage"},"image":{"@id":"https:\/\/www.locansol.fr\/evenement\/journee-gastronomique-avec-adeline-grattard\/#primaryimage"},"thumbnailUrl":"https:\/\/www.locansol.fr\/wp-content\/uploads\/2026\/03\/journee-gastronomique-eus-agrume.webp","datePublished":"2026-03-07T15:04:13+00:00","dateModified":"2026-03-07T15:04:16+00:00","description":"Situ\u00e9 au c\u0153ur des Pyr\u00e9n\u00e9es-Orientales, le Domaine des Agrumes Schaller \u00e0 Eus accueillera une journ\u00e9e gastronomique unique le samedi 7 mars \u00e0 10h00. Cet \u00e9v\u00e9nement mettra \u00e0 l'honneur Adeline Grattard, cheffe \u00e9toil\u00e9e et figure embl\u00e9matique de la gastronomie fran\u00e7aise contemporaine, accompagn\u00e9e de L\u00e9onard. Pendant plus de quinze ans, Adeline Grattard a dirig\u00e9 le restaurant parisien Yam\u2019Tcha, r\u00e9compens\u00e9 par une \u00e9toile Michelin. Sa cuisine singuli\u00e8re, \u00e0 la crois\u00e9e des cultures fran\u00e7aise et chinoise, est guid\u00e9e par la recherche de l\u2019\u00e9quilibre, de la texture et de l\u2019\u00e9motion juste. Elle incarne une gastronomie exigeante, sensible et profond\u00e9ment respectueuse du produit. Leur venue au Domaine des Agrumes Schaller prend une dimension particuli\u00e8re : ils viennent de fermer Yam\u2019Tcha pour se consacrer \u00e0 un nouveau projet culinaire, toujours fid\u00e8le \u00e0 ses lignes gastronomiques fondatrices. Le 7 mars marquera ainsi une rencontre rare : celle d\u2019une cheffe en pleine transition cr\u00e9ative et d\u2019un lieu consacr\u00e9 aux agrumes rares. Le programme de la journ\u00e9e comprendra une visite guid\u00e9e immersive du Domaine, permettant de d\u00e9couvrir l\u2019histoire des agrumes et la diversit\u00e9 des vari\u00e9t\u00e9s cultiv\u00e9es. Les participants auront l\u2019occasion de rencontrer et d\u2019\u00e9changer avec les chefs, et de d\u00e9guster un d\u00e9jeuner gastronomique sp\u00e9cialement imagin\u00e9 autour des agrumes de saison. Des accords mets et vins viendront sublimer cette exp\u00e9rience sensorielle. Cette journ\u00e9e conviviale, inspirante et gourmande se d\u00e9roulera en petit comit\u00e9. Le tarif est de 150,00 \u20ac. La journ\u00e9e gastronomique avec Adeline Grattard au Domaine des Agrumes Schaller promet d\u2019\u00eatre une exp\u00e9rience inoubliable pour plusieurs raisons. Tout d\u2019abord, la pr\u00e9sence d\u2019Adeline Grattard, cheffe \u00e9toil\u00e9e reconnue pour sa cuisine innovante et respectueuse des produits, est une opportunit\u00e9 rare de d\u00e9couvrir son talent culinaire dans un cadre unique. Ensuite, le Domaine des Agrumes Schaller offre un \u00e9crin exceptionnel avec sa collection d\u2019agrumes rares, permettant aux participants de d\u00e9couvrir des saveurs uniques et m\u00e9connues. Enfin, l\u2019ambiance conviviale et en petit comit\u00e9 garantit des \u00e9changes privil\u00e9gi\u00e9s avec les chefs et une exp\u00e9rience gastronomique intimiste. Cette journ\u00e9e est id\u00e9ale pour les amateurs de gastronomie et les curieux souhaitant en savoir plus sur les agrumes et la cuisine d\u2019exception.","breadcrumb":{"@id":"https:\/\/www.locansol.fr\/evenement\/journee-gastronomique-avec-adeline-grattard\/#breadcrumb"},"inLanguage":"ca","potentialAction":[{"@type":"ReadAction","target":["https:\/\/www.locansol.fr\/evenement\/journee-gastronomique-avec-adeline-grattard\/"]}]},{"@type":"ImageObject","inLanguage":"ca","@id":"https:\/\/www.locansol.fr\/evenement\/journee-gastronomique-avec-adeline-grattard\/#primaryimage","url":"https:\/\/www.locansol.fr\/wp-content\/uploads\/2026\/03\/journee-gastronomique-eus-agrume.webp","contentUrl":"https:\/\/www.locansol.fr\/wp-content\/uploads\/2026\/03\/journee-gastronomique-eus-agrume.webp","width":1080,"height":1350,"caption":"Journ\u00e9e gastronomique avec Adeline Grattard Eus - 7 mars"},{"@type":"BreadcrumbList","@id":"https:\/\/www.locansol.fr\/evenement\/journee-gastronomique-avec-adeline-grattard\/#breadcrumb","itemListElement":[{"@type":"ListItem","position":1,"name":"Accueil","item":"https:\/\/www.locansol.fr\/"},{"@type":"ListItem","position":2,"name":"\u00c9v\u00e8nements","item":"https:\/\/www.locansol.fr\/evenements\/"},{"@type":"ListItem","position":3,"name":"JOURN\u00c9E GASTRONOMIQUE AVEC ADELINE GRATTARD"}]},{"@type":"WebSite","@id":"https:\/\/www.locansol.fr\/#website","url":"https:\/\/www.locansol.fr\/","name":"Locansol, louer un h\u00e9bergement dans les Pyr\u00e9n\u00e9es-Orientales","description":"Location Mobil-home Mer M\u00e9diterran\u00e9e &amp; Chalet de Montagne dans les Pyr\u00e9n\u00e9es Orientales (Occitanie, 66). Weekend, s\u00e9jour &amp; vacances en famille et entre amis.","publisher":{"@id":"https:\/\/www.locansol.fr\/#organization"},"alternateName":"Louer un h\u00e9bergement dans les Pyr\u00e9n\u00e9es Orientales, chalet & mobil-home en Occitanie","potentialAction":[{"@type":"SearchAction","target":{"@type":"EntryPoint","urlTemplate":"https:\/\/www.locansol.fr\/?s={search_term_string}"},"query-input":{"@type":"PropertyValueSpecification","valueRequired":true,"valueName":"search_term_string"}}],"inLanguage":"ca"},{"@type":"Organization","@id":"https:\/\/www.locansol.fr\/#organization","name":"Location MobilHome & chalet dans les Pyr\u00e9n\u00e9es Orientales","alternateName":"Louer un h\u00e9bergement dans les Pyr\u00e9n\u00e9es Orientales en Occitanie","url":"https:\/\/www.locansol.fr\/","logo":{"@type":"ImageObject","inLanguage":"ca","@id":"https:\/\/www.locansol.fr\/#\/schema\/logo\/image\/","url":"https:\/\/www.locansol.fr\/wp-content\/uploads\/2024\/04\/AdobeStock_303324767-scaled.jpeg","contentUrl":"https:\/\/www.locansol.fr\/wp-content\/uploads\/2024\/04\/AdobeStock_303324767-scaled.jpeg","width":2560,"height":1707,"caption":"Location MobilHome & chalet dans les Pyr\u00e9n\u00e9es Orientales"},"image":{"@id":"https:\/\/www.locansol.fr\/#\/schema\/logo\/image\/"}}]}},"_links":{"self":[{"href":"https:\/\/www.locansol.fr\/ca\/wp-json\/wp\/v2\/tribe_events\/4634","targetHints":{"allow":["GET"]}}],"collection":[{"href":"https:\/\/www.locansol.fr\/ca\/wp-json\/wp\/v2\/tribe_events"}],"about":[{"href":"https:\/\/www.locansol.fr\/ca\/wp-json\/wp\/v2\/types\/tribe_events"}],"author":[{"embeddable":true,"href":"https:\/\/www.locansol.fr\/ca\/wp-json\/wp\/v2\/users\/5"}],"version-history":[{"count":1,"href":"https:\/\/www.locansol.fr\/ca\/wp-json\/wp\/v2\/tribe_events\/4634\/revisions"}],"predecessor-version":[{"id":4635,"href":"https:\/\/www.locansol.fr\/ca\/wp-json\/wp\/v2\/tribe_events\/4634\/revisions\/4635"}],"wp:featuredmedia":[{"embeddable":true,"href":"https:\/\/www.locansol.fr\/ca\/wp-json\/wp\/v2\/media\/4631"}],"wp:attachment":[{"href":"https:\/\/www.locansol.fr\/ca\/wp-json\/wp\/v2\/media?parent=4634"}],"wp:term":[{"taxonomy":"post_tag","embeddable":true,"href":"https:\/\/www.locansol.fr\/ca\/wp-json\/wp\/v2\/tags?post=4634"},{"taxonomy":"tribe_events_cat","embeddable":true,"href":"https:\/\/www.locansol.fr\/ca\/wp-json\/wp\/v2\/tribe_events_cat?post=4634"}],"curies":[{"name":"wp","href":"https:\/\/api.w.org\/{rel}","templated":true}]}}