{"id":6237,"date":"2026-04-19T16:04:20","date_gmt":"2026-04-19T14:04:20","guid":{"rendered":"https:\/\/www.locansol.fr\/evenement\/concert-caritatif-pour-les-enfants-dici-et-dailleurs\/"},"modified":"2026-04-19T16:04:23","modified_gmt":"2026-04-19T14:04:23","slug":"concert-caritatif-pour-les-enfants-dici-et-dailleurs","status":"publish","type":"tribe_events","link":"https:\/\/www.locansol.fr\/ca\/evenement\/concert-caritatif-pour-les-enfants-dici-et-dailleurs\/","title":{"rendered":"CONCERT CARITATIF POUR LES ENFANTS D&rsquo;ICI ET D&rsquo;AILLEURS"},"content":{"rendered":"<p>Le dimanche 19 avril, de 17h00 \u00e0 18h30, le Centre Culturel de Collioure accueillera un concert caritatif d\u00e9di\u00e9 aux enfants d\u2019ici et d\u2019ailleurs. Situ\u00e9 au 13 rue Jules Michelet, cet \u00e9v\u00e9nement promet une soir\u00e9e musicale exceptionnelle. Le Ch\u0153ur Osmose, un ensemble vocal associatif de Saint-G\u00e9nis-des-Fontaines dans les Pyr\u00e9n\u00e9es-Orientales, se produira pour l\u2019occasion. Dirig\u00e9 par Aline Rico, le ch\u0153ur est compos\u00e9 d\u2019une quarantaine de choristes passionn\u00e9s, issus de divers horizons et nationalit\u00e9s. Leur r\u00e9pertoire inclut des \u0153uvres sacr\u00e9es de Mozart et de Michael Haydn. Le \u00ab Requiem \u00bb de Michael Haydn, compos\u00e9 en 1771, est une pi\u00e8ce ma\u00eetresse qui a influenc\u00e9 le c\u00e9l\u00e8bre \u00ab Requiem \u00bb de Mozart, \u00e9crit en 1791. Le programme comprendra \u00e9galement la \u00ab Little Jazz Mass \u00bb de Bob Chilcott, une messe latine en cinq mouvements qui apporte une touche de modernit\u00e9 au r\u00e9pertoire classique. L\u2019accompagnement au piano sera assur\u00e9 par \u00c9milie Benterfa. Le tarif d\u2019entr\u00e9e est de 15 \u20ac pour les adultes, avec une entr\u00e9e gratuite pour les enfants. Les r\u00e9servations peuvent \u00eatre effectu\u00e9es au 06 82 04 40 44. Ce concert caritatif est une occasion unique de soutenir une noble cause tout en profitant d\u2019un moment musical de haute qualit\u00e9. L\u2019ambiance promet d\u2019\u00eatre chaleureuse et engageante, avec des performances vocales et instrumentales de grande qualit\u00e9. Le cadre du Centre Culturel de Collioure, connu pour son acoustique et son charme, ajoutera une dimension sp\u00e9ciale \u00e0 l\u2019\u00e9v\u00e9nement. Participer \u00e0 ce concert, c\u2019est non seulement assister \u00e0 une performance musicale de premier ordre, mais aussi contribuer \u00e0 une action solidaire en faveur des enfants.<\/p>\n<p><\/p>\n<h3>R\u00e9servez votre h\u00e9bergement dans les Pyr\u00e9n\u00e9es-Orientales :<\/h3>\n<p><b><a href='https:\/\/www.locansol.fr\/ca\/lloguer-mobil-home-mediterrani\/'>Mobil-home Locansol \u00e0 Argel\u00e8s-sur-Mer<\/a><\/b><br \/>Trajet le plus court : 8 km<br \/>Trajet le plus rapide : 14 min<\/p>\n<p><b><a href='https:\/\/www.locansol.fr\/ca\/lloguer-xalet-cerdanya\/'>Chalet Locansol \u00e0 Estavar<\/a><\/b><br \/>Trajet le plus court : 125 km<br \/>Trajet le plus rapide : 1 h 56 min<\/p>","protected":false},"excerpt":{"rendered":"<p>Le dimanche 19 avril, de 17h00 \u00e0 18h30, le Centre Culturel de Collioure accueillera un concert caritatif d\u00e9di\u00e9 aux enfants d\u2019ici et d\u2019ailleurs. Situ\u00e9 au 13 rue Jules Michelet, cet [&hellip;]<\/p>","protected":false},"author":5,"featured_media":6234,"template":"","meta":{"_yoast_wpseo_focuskw":"CONCERT CARITATIF POUR LES ENFANTS D'ICI ET D'AILLEURS","_yoast_wpseo_title":"CONCERT CARITATIF POUR LES ENFANTS D'ICI ET D'AILLEURS","_yoast_wpseo_metadesc":"Le dimanche 19 avril, de 17h00 \u00e0 18h30, le Centre Culturel de Collioure accueillera un concert caritatif d\u00e9di\u00e9 aux enfants d\u2019ici et d\u2019ailleurs. Situ\u00e9 au 13 rue Jules Michelet, cet \u00e9v\u00e9nement promet une soir\u00e9e musicale exceptionnelle. Le Ch\u0153ur Osmose, un ensemble vocal associatif de Saint-G\u00e9nis-des-Fontaines dans les Pyr\u00e9n\u00e9es-Orientales, se produira pour l\u2019occasion. Dirig\u00e9 par Aline Rico, le ch\u0153ur est compos\u00e9 d\u2019une quarantaine de choristes passionn\u00e9s, issus de divers horizons et nationalit\u00e9s. Leur r\u00e9pertoire inclut des \u0153uvres sacr\u00e9es de Mozart et de Michael Haydn. Le \u00ab Requiem \u00bb de Michael Haydn, compos\u00e9 en 1771, est une pi\u00e8ce ma\u00eetresse qui a influenc\u00e9 le c\u00e9l\u00e8bre \u00ab Requiem \u00bb de Mozart, \u00e9crit en 1791. Le programme comprendra \u00e9galement la \u00ab Little Jazz Mass \u00bb de Bob Chilcott, une messe latine en cinq mouvements qui apporte une touche de modernit\u00e9 au r\u00e9pertoire classique. L\u2019accompagnement au piano sera assur\u00e9 par \u00c9milie Benterfa. Le tarif d\u2019entr\u00e9e est de 15 \u20ac pour les adultes, avec une entr\u00e9e gratuite pour les enfants. Les r\u00e9servations peuvent \u00eatre effectu\u00e9es au 06 82 04 40 44. Ce concert caritatif est une occasion unique de soutenir une noble cause tout en profitant d\u2019un moment musical de haute qualit\u00e9. L\u2019ambiance promet d\u2019\u00eatre chaleureuse et engageante, avec des performances vocales et instrumentales de grande qualit\u00e9. Le cadre du Centre Culturel de Collioure, connu pour son acoustique et son charme, ajoutera une dimension sp\u00e9ciale \u00e0 l\u2019\u00e9v\u00e9nement. Participer \u00e0 ce concert, c\u2019est non seulement assister \u00e0 une performance musicale de premier ordre, mais aussi contribuer \u00e0 une action solidaire en faveur des enfants.","_yoast_wpseo_canonical":"","_yoast_wpseo_opengraph-title":"CONCERT CARITATIF POUR LES ENFANTS D'ICI ET D'AILLEURS","_yoast_wpseo_opengraph-description":"Le dimanche 19 avril, de 17h00 \u00e0 18h30, le Centre Culturel de Collioure accueillera un concert caritatif d\u00e9di\u00e9 aux enfants d\u2019ici et d\u2019ailleurs. Situ\u00e9 au 13 rue Jules Michelet, cet \u00e9v\u00e9nement promet une soir\u00e9e musicale exceptionnelle. Le Ch\u0153ur Osmose, un ensemble vocal associatif de Saint-G\u00e9nis-des-Fontaines dans les Pyr\u00e9n\u00e9es-Orientales, se produira pour l\u2019occasion. Dirig\u00e9 par Aline Rico, le ch\u0153ur est compos\u00e9 d\u2019une quarantaine de choristes passionn\u00e9s, issus de divers horizons et nationalit\u00e9s. Leur r\u00e9pertoire inclut des \u0153uvres sacr\u00e9es de Mozart et de Michael Haydn. Le \u00ab Requiem \u00bb de Michael Haydn, compos\u00e9 en 1771, est une pi\u00e8ce ma\u00eetresse qui a influenc\u00e9 le c\u00e9l\u00e8bre \u00ab Requiem \u00bb de Mozart, \u00e9crit en 1791. Le programme comprendra \u00e9galement la \u00ab Little Jazz Mass \u00bb de Bob Chilcott, une messe latine en cinq mouvements qui apporte une touche de modernit\u00e9 au r\u00e9pertoire classique. L\u2019accompagnement au piano sera assur\u00e9 par \u00c9milie Benterfa. Le tarif d\u2019entr\u00e9e est de 15 \u20ac pour les adultes, avec une entr\u00e9e gratuite pour les enfants. Les r\u00e9servations peuvent \u00eatre effectu\u00e9es au 06 82 04 40 44. Ce concert caritatif est une occasion unique de soutenir une noble cause tout en profitant d\u2019un moment musical de haute qualit\u00e9. L\u2019ambiance promet d\u2019\u00eatre chaleureuse et engageante, avec des performances vocales et instrumentales de grande qualit\u00e9. Le cadre du Centre Culturel de Collioure, connu pour son acoustique et son charme, ajoutera une dimension sp\u00e9ciale \u00e0 l\u2019\u00e9v\u00e9nement. Participer \u00e0 ce concert, c\u2019est non seulement assister \u00e0 une performance musicale de premier ordre, mais aussi contribuer \u00e0 une action solidaire en faveur des enfants.","_yoast_wpseo_opengraph-image":"https:\/\/www.locansol.fr\/wp-content\/uploads\/2026\/04\/concert-caritatif-collioure-musique.webp","_yoast_wpseo_opengraph-image-id":"6234","_yoast_wpseo_twitter-title":"CONCERT CARITATIF POUR LES ENFANTS D'ICI ET D'AILLEURS","_yoast_wpseo_twitter-description":"Le dimanche 19 avril, de 17h00 \u00e0 18h30, le Centre Culturel de Collioure accueillera un concert caritatif d\u00e9di\u00e9 aux enfants d\u2019ici et d\u2019ailleurs. Situ\u00e9 au 13 rue Jules Michelet, cet \u00e9v\u00e9nement promet une soir\u00e9e musicale exceptionnelle. Le Ch\u0153ur Osmose, un ensemble vocal associatif de Saint-G\u00e9nis-des-Fontaines dans les Pyr\u00e9n\u00e9es-Orientales, se produira pour l\u2019occasion. Dirig\u00e9 par Aline Rico, le ch\u0153ur est compos\u00e9 d\u2019une quarantaine de choristes passionn\u00e9s, issus de divers horizons et nationalit\u00e9s. Leur r\u00e9pertoire inclut des \u0153uvres sacr\u00e9es de Mozart et de Michael Haydn. Le \u00ab Requiem \u00bb de Michael Haydn, compos\u00e9 en 1771, est une pi\u00e8ce ma\u00eetresse qui a influenc\u00e9 le c\u00e9l\u00e8bre \u00ab Requiem \u00bb de Mozart, \u00e9crit en 1791. Le programme comprendra \u00e9galement la \u00ab Little Jazz Mass \u00bb de Bob Chilcott, une messe latine en cinq mouvements qui apporte une touche de modernit\u00e9 au r\u00e9pertoire classique. L\u2019accompagnement au piano sera assur\u00e9 par \u00c9milie Benterfa. Le tarif d\u2019entr\u00e9e est de 15 \u20ac pour les adultes, avec une entr\u00e9e gratuite pour les enfants. Les r\u00e9servations peuvent \u00eatre effectu\u00e9es au 06 82 04 40 44. Ce concert caritatif est une occasion unique de soutenir une noble cause tout en profitant d\u2019un moment musical de haute qualit\u00e9. L\u2019ambiance promet d\u2019\u00eatre chaleureuse et engageante, avec des performances vocales et instrumentales de grande qualit\u00e9. Le cadre du Centre Culturel de Collioure, connu pour son acoustique et son charme, ajoutera une dimension sp\u00e9ciale \u00e0 l\u2019\u00e9v\u00e9nement. Participer \u00e0 ce concert, c\u2019est non seulement assister \u00e0 une performance musicale de premier ordre, mais aussi contribuer \u00e0 une action solidaire en faveur des enfants.","_yoast_wpseo_twitter-image":"https:\/\/www.locansol.fr\/wp-content\/uploads\/2026\/04\/concert-caritatif-collioure-musique.webp","_yoast_wpseo_twitter-image-id":"6234}","yoast_primary_category":"Concert","_tribe_events_status":"","_tribe_events_status_reason":"","_tribe_events_is_hybrid":"","_tribe_events_is_virtual":"","_tribe_events_virtual_video_source":"","_tribe_events_virtual_embed_video":"","_tribe_events_virtual_linked_button_text":"","_tribe_events_virtual_linked_button":"","_tribe_events_virtual_show_embed_at":"","_tribe_events_virtual_show_embed_to":[],"_tribe_events_virtual_show_on_event":"","_tribe_events_virtual_show_on_views":"","_tribe_events_virtual_url":"","footnotes":""},"tags":[69,76],"tribe_events_cat":[107,116,169],"class_list":["post-6237","tribe_events","type-tribe_events","status-publish","has-post-thumbnail","hentry","tag-musique","tag-pyrenees-orientales","tribe_events_cat-concert","tribe_events_cat-musique","tribe_events_cat-pyrenees-orientales","cat_concert","cat_musique","cat_pyrenees-orientales"],"yoast_head":"<!-- This site is optimized with the Yoast SEO Premium plugin v23.3 (Yoast SEO v26.9) - https:\/\/yoast.com\/product\/yoast-seo-premium-wordpress\/ -->\n<title>CONCERT CARITATIF POUR LES ENFANTS D&#039;ICI ET D&#039;AILLEURS<\/title>\n<meta name=\"description\" content=\"Le dimanche 19 avril, de 17h00 \u00e0 18h30, le Centre Culturel de Collioure accueillera un concert caritatif d\u00e9di\u00e9 aux enfants d\u2019ici et d\u2019ailleurs. Situ\u00e9 au 13 rue Jules Michelet, cet \u00e9v\u00e9nement promet une soir\u00e9e musicale exceptionnelle. Le Ch\u0153ur Osmose, un ensemble vocal associatif de Saint-G\u00e9nis-des-Fontaines dans les Pyr\u00e9n\u00e9es-Orientales, se produira pour l\u2019occasion. Dirig\u00e9 par Aline Rico, le ch\u0153ur est compos\u00e9 d\u2019une quarantaine de choristes passionn\u00e9s, issus de divers horizons et nationalit\u00e9s. Leur r\u00e9pertoire inclut des \u0153uvres sacr\u00e9es de Mozart et de Michael Haydn. Le \u00ab Requiem \u00bb de Michael Haydn, compos\u00e9 en 1771, est une pi\u00e8ce ma\u00eetresse qui a influenc\u00e9 le c\u00e9l\u00e8bre \u00ab Requiem \u00bb de Mozart, \u00e9crit en 1791. Le programme comprendra \u00e9galement la \u00ab Little Jazz Mass \u00bb de Bob Chilcott, une messe latine en cinq mouvements qui apporte une touche de modernit\u00e9 au r\u00e9pertoire classique. L\u2019accompagnement au piano sera assur\u00e9 par \u00c9milie Benterfa. Le tarif d\u2019entr\u00e9e est de 15 \u20ac pour les adultes, avec une entr\u00e9e gratuite pour les enfants. Les r\u00e9servations peuvent \u00eatre effectu\u00e9es au 06 82 04 40 44. Ce concert caritatif est une occasion unique de soutenir une noble cause tout en profitant d\u2019un moment musical de haute qualit\u00e9. L\u2019ambiance promet d\u2019\u00eatre chaleureuse et engageante, avec des performances vocales et instrumentales de grande qualit\u00e9. Le cadre du Centre Culturel de Collioure, connu pour son acoustique et son charme, ajoutera une dimension sp\u00e9ciale \u00e0 l\u2019\u00e9v\u00e9nement. Participer \u00e0 ce concert, c\u2019est non seulement assister \u00e0 une performance musicale de premier ordre, mais aussi contribuer \u00e0 une action solidaire en faveur des enfants.\" \/>\n<meta name=\"robots\" content=\"index, follow, max-snippet:-1, max-image-preview:large, max-video-preview:-1\" \/>\n<link rel=\"canonical\" href=\"https:\/\/www.locansol.fr\/ca\/evenement\/concert-caritatif-pour-les-enfants-dici-et-dailleurs\/\" \/>\n<meta property=\"og:locale\" content=\"ca_ES\" \/>\n<meta property=\"og:type\" content=\"article\" \/>\n<meta property=\"og:title\" content=\"CONCERT CARITATIF POUR LES ENFANTS D&#039;ICI ET D&#039;AILLEURS\" \/>\n<meta property=\"og:description\" content=\"Le dimanche 19 avril, de 17h00 \u00e0 18h30, le Centre Culturel de Collioure accueillera un concert caritatif d\u00e9di\u00e9 aux enfants d\u2019ici et d\u2019ailleurs. Situ\u00e9 au 13 rue Jules Michelet, cet \u00e9v\u00e9nement promet une soir\u00e9e musicale exceptionnelle. Le Ch\u0153ur Osmose, un ensemble vocal associatif de Saint-G\u00e9nis-des-Fontaines dans les Pyr\u00e9n\u00e9es-Orientales, se produira pour l\u2019occasion. Dirig\u00e9 par Aline Rico, le ch\u0153ur est compos\u00e9 d\u2019une quarantaine de choristes passionn\u00e9s, issus de divers horizons et nationalit\u00e9s. Leur r\u00e9pertoire inclut des \u0153uvres sacr\u00e9es de Mozart et de Michael Haydn. Le \u00ab Requiem \u00bb de Michael Haydn, compos\u00e9 en 1771, est une pi\u00e8ce ma\u00eetresse qui a influenc\u00e9 le c\u00e9l\u00e8bre \u00ab Requiem \u00bb de Mozart, \u00e9crit en 1791. Le programme comprendra \u00e9galement la \u00ab Little Jazz Mass \u00bb de Bob Chilcott, une messe latine en cinq mouvements qui apporte une touche de modernit\u00e9 au r\u00e9pertoire classique. L\u2019accompagnement au piano sera assur\u00e9 par \u00c9milie Benterfa. Le tarif d\u2019entr\u00e9e est de 15 \u20ac pour les adultes, avec une entr\u00e9e gratuite pour les enfants. Les r\u00e9servations peuvent \u00eatre effectu\u00e9es au 06 82 04 40 44. Ce concert caritatif est une occasion unique de soutenir une noble cause tout en profitant d\u2019un moment musical de haute qualit\u00e9. L\u2019ambiance promet d\u2019\u00eatre chaleureuse et engageante, avec des performances vocales et instrumentales de grande qualit\u00e9. Le cadre du Centre Culturel de Collioure, connu pour son acoustique et son charme, ajoutera une dimension sp\u00e9ciale \u00e0 l\u2019\u00e9v\u00e9nement. Participer \u00e0 ce concert, c\u2019est non seulement assister \u00e0 une performance musicale de premier ordre, mais aussi contribuer \u00e0 une action solidaire en faveur des enfants.\" \/>\n<meta property=\"og:url\" content=\"https:\/\/www.locansol.fr\/ca\/evenement\/concert-caritatif-pour-les-enfants-dici-et-dailleurs\/\" \/>\n<meta property=\"og:site_name\" content=\"Locansol, louer un h\u00e9bergement dans les Pyr\u00e9n\u00e9es Orientales\" \/>\n<meta property=\"article:modified_time\" content=\"2026-04-19T14:04:23+00:00\" \/>\n<meta property=\"og:image\" content=\"https:\/\/www.locansol.fr\/wp-content\/uploads\/2026\/04\/concert-caritatif-collioure-musique.webp\" \/>\n\t<meta property=\"og:image:width\" content=\"905\" \/>\n\t<meta property=\"og:image:height\" content=\"1280\" \/>\n\t<meta property=\"og:image:type\" content=\"image\/webp\" \/>\n<meta name=\"twitter:card\" content=\"summary_large_image\" \/>\n<meta name=\"twitter:title\" content=\"CONCERT CARITATIF POUR LES ENFANTS D&#039;ICI ET D&#039;AILLEURS\" \/>\n<meta name=\"twitter:description\" content=\"Le dimanche 19 avril, de 17h00 \u00e0 18h30, le Centre Culturel de Collioure accueillera un concert caritatif d\u00e9di\u00e9 aux enfants d\u2019ici et d\u2019ailleurs. Situ\u00e9 au 13 rue Jules Michelet, cet \u00e9v\u00e9nement promet une soir\u00e9e musicale exceptionnelle. Le Ch\u0153ur Osmose, un ensemble vocal associatif de Saint-G\u00e9nis-des-Fontaines dans les Pyr\u00e9n\u00e9es-Orientales, se produira pour l\u2019occasion. Dirig\u00e9 par Aline Rico, le ch\u0153ur est compos\u00e9 d\u2019une quarantaine de choristes passionn\u00e9s, issus de divers horizons et nationalit\u00e9s. Leur r\u00e9pertoire inclut des \u0153uvres sacr\u00e9es de Mozart et de Michael Haydn. Le \u00ab Requiem \u00bb de Michael Haydn, compos\u00e9 en 1771, est une pi\u00e8ce ma\u00eetresse qui a influenc\u00e9 le c\u00e9l\u00e8bre \u00ab Requiem \u00bb de Mozart, \u00e9crit en 1791. Le programme comprendra \u00e9galement la \u00ab Little Jazz Mass \u00bb de Bob Chilcott, une messe latine en cinq mouvements qui apporte une touche de modernit\u00e9 au r\u00e9pertoire classique. L\u2019accompagnement au piano sera assur\u00e9 par \u00c9milie Benterfa. Le tarif d\u2019entr\u00e9e est de 15 \u20ac pour les adultes, avec une entr\u00e9e gratuite pour les enfants. Les r\u00e9servations peuvent \u00eatre effectu\u00e9es au 06 82 04 40 44. Ce concert caritatif est une occasion unique de soutenir une noble cause tout en profitant d\u2019un moment musical de haute qualit\u00e9. L\u2019ambiance promet d\u2019\u00eatre chaleureuse et engageante, avec des performances vocales et instrumentales de grande qualit\u00e9. Le cadre du Centre Culturel de Collioure, connu pour son acoustique et son charme, ajoutera une dimension sp\u00e9ciale \u00e0 l\u2019\u00e9v\u00e9nement. Participer \u00e0 ce concert, c\u2019est non seulement assister \u00e0 une performance musicale de premier ordre, mais aussi contribuer \u00e0 une action solidaire en faveur des enfants.\" \/>\n<meta name=\"twitter:image\" content=\"https:\/\/www.locansol.fr\/wp-content\/uploads\/2026\/04\/concert-caritatif-collioure-musique.webp\" \/>\n<meta name=\"twitter:label1\" content=\"Temps estimat de lectura\" \/>\n\t<meta name=\"twitter:data1\" content=\"2 minuts\" \/>\n<script type=\"application\/ld+json\" class=\"yoast-schema-graph\">{\"@context\":\"https:\/\/schema.org\",\"@graph\":[{\"@type\":\"WebPage\",\"@id\":\"https:\/\/www.locansol.fr\/evenement\/concert-caritatif-pour-les-enfants-dici-et-dailleurs\/\",\"url\":\"https:\/\/www.locansol.fr\/evenement\/concert-caritatif-pour-les-enfants-dici-et-dailleurs\/\",\"name\":\"CONCERT CARITATIF POUR LES ENFANTS D'ICI ET D'AILLEURS\",\"isPartOf\":{\"@id\":\"https:\/\/www.locansol.fr\/#website\"},\"primaryImageOfPage\":{\"@id\":\"https:\/\/www.locansol.fr\/evenement\/concert-caritatif-pour-les-enfants-dici-et-dailleurs\/#primaryimage\"},\"image\":{\"@id\":\"https:\/\/www.locansol.fr\/evenement\/concert-caritatif-pour-les-enfants-dici-et-dailleurs\/#primaryimage\"},\"thumbnailUrl\":\"https:\/\/www.locansol.fr\/wp-content\/uploads\/2026\/04\/concert-caritatif-collioure-musique.webp\",\"datePublished\":\"2026-04-19T14:04:20+00:00\",\"dateModified\":\"2026-04-19T14:04:23+00:00\",\"description\":\"Le dimanche 19 avril, de 17h00 \u00e0 18h30, le Centre Culturel de Collioure accueillera un concert caritatif d\u00e9di\u00e9 aux enfants d\u2019ici et d\u2019ailleurs. Situ\u00e9 au 13 rue Jules Michelet, cet \u00e9v\u00e9nement promet une soir\u00e9e musicale exceptionnelle. Le Ch\u0153ur Osmose, un ensemble vocal associatif de Saint-G\u00e9nis-des-Fontaines dans les Pyr\u00e9n\u00e9es-Orientales, se produira pour l\u2019occasion. Dirig\u00e9 par Aline Rico, le ch\u0153ur est compos\u00e9 d\u2019une quarantaine de choristes passionn\u00e9s, issus de divers horizons et nationalit\u00e9s. Leur r\u00e9pertoire inclut des \u0153uvres sacr\u00e9es de Mozart et de Michael Haydn. Le \u00ab Requiem \u00bb de Michael Haydn, compos\u00e9 en 1771, est une pi\u00e8ce ma\u00eetresse qui a influenc\u00e9 le c\u00e9l\u00e8bre \u00ab Requiem \u00bb de Mozart, \u00e9crit en 1791. Le programme comprendra \u00e9galement la \u00ab Little Jazz Mass \u00bb de Bob Chilcott, une messe latine en cinq mouvements qui apporte une touche de modernit\u00e9 au r\u00e9pertoire classique. L\u2019accompagnement au piano sera assur\u00e9 par \u00c9milie Benterfa. Le tarif d\u2019entr\u00e9e est de 15 \u20ac pour les adultes, avec une entr\u00e9e gratuite pour les enfants. Les r\u00e9servations peuvent \u00eatre effectu\u00e9es au 06 82 04 40 44. Ce concert caritatif est une occasion unique de soutenir une noble cause tout en profitant d\u2019un moment musical de haute qualit\u00e9. L\u2019ambiance promet d\u2019\u00eatre chaleureuse et engageante, avec des performances vocales et instrumentales de grande qualit\u00e9. Le cadre du Centre Culturel de Collioure, connu pour son acoustique et son charme, ajoutera une dimension sp\u00e9ciale \u00e0 l\u2019\u00e9v\u00e9nement. Participer \u00e0 ce concert, c\u2019est non seulement assister \u00e0 une performance musicale de premier ordre, mais aussi contribuer \u00e0 une action solidaire en faveur des enfants.\",\"breadcrumb\":{\"@id\":\"https:\/\/www.locansol.fr\/evenement\/concert-caritatif-pour-les-enfants-dici-et-dailleurs\/#breadcrumb\"},\"inLanguage\":\"ca\",\"potentialAction\":[{\"@type\":\"ReadAction\",\"target\":[\"https:\/\/www.locansol.fr\/evenement\/concert-caritatif-pour-les-enfants-dici-et-dailleurs\/\"]}]},{\"@type\":\"ImageObject\",\"inLanguage\":\"ca\",\"@id\":\"https:\/\/www.locansol.fr\/evenement\/concert-caritatif-pour-les-enfants-dici-et-dailleurs\/#primaryimage\",\"url\":\"https:\/\/www.locansol.fr\/wp-content\/uploads\/2026\/04\/concert-caritatif-collioure-musique.webp\",\"contentUrl\":\"https:\/\/www.locansol.fr\/wp-content\/uploads\/2026\/04\/concert-caritatif-collioure-musique.webp\",\"width\":905,\"height\":1280,\"caption\":\"Concert caritatif Collioure : une soir\u00e9e musicale pour une noble cause\"},{\"@type\":\"BreadcrumbList\",\"@id\":\"https:\/\/www.locansol.fr\/evenement\/concert-caritatif-pour-les-enfants-dici-et-dailleurs\/#breadcrumb\",\"itemListElement\":[{\"@type\":\"ListItem\",\"position\":1,\"name\":\"Accueil\",\"item\":\"https:\/\/www.locansol.fr\/\"},{\"@type\":\"ListItem\",\"position\":2,\"name\":\"\u00c9v\u00e8nements\",\"item\":\"https:\/\/www.locansol.fr\/evenements\/\"},{\"@type\":\"ListItem\",\"position\":3,\"name\":\"CONCERT CARITATIF POUR LES ENFANTS D&rsquo;ICI ET D&rsquo;AILLEURS\"}]},{\"@type\":\"WebSite\",\"@id\":\"https:\/\/www.locansol.fr\/#website\",\"url\":\"https:\/\/www.locansol.fr\/\",\"name\":\"Locansol, louer un h\u00e9bergement dans les Pyr\u00e9n\u00e9es-Orientales\",\"description\":\"Location Mobil-home Mer M\u00e9diterran\u00e9e &amp; Chalet de Montagne dans les Pyr\u00e9n\u00e9es Orientales (Occitanie, 66). Weekend, s\u00e9jour &amp; vacances en famille et entre amis.\",\"publisher\":{\"@id\":\"https:\/\/www.locansol.fr\/#organization\"},\"alternateName\":\"Louer un h\u00e9bergement dans les Pyr\u00e9n\u00e9es Orientales, chalet & mobil-home en Occitanie\",\"potentialAction\":[{\"@type\":\"SearchAction\",\"target\":{\"@type\":\"EntryPoint\",\"urlTemplate\":\"https:\/\/www.locansol.fr\/?s={search_term_string}\"},\"query-input\":{\"@type\":\"PropertyValueSpecification\",\"valueRequired\":true,\"valueName\":\"search_term_string\"}}],\"inLanguage\":\"ca\"},{\"@type\":\"Organization\",\"@id\":\"https:\/\/www.locansol.fr\/#organization\",\"name\":\"Location MobilHome & chalet dans les Pyr\u00e9n\u00e9es Orientales\",\"alternateName\":\"Louer un h\u00e9bergement dans les Pyr\u00e9n\u00e9es Orientales en Occitanie\",\"url\":\"https:\/\/www.locansol.fr\/\",\"logo\":{\"@type\":\"ImageObject\",\"inLanguage\":\"ca\",\"@id\":\"https:\/\/www.locansol.fr\/#\/schema\/logo\/image\/\",\"url\":\"https:\/\/www.locansol.fr\/wp-content\/uploads\/2024\/04\/AdobeStock_303324767-scaled.jpeg\",\"contentUrl\":\"https:\/\/www.locansol.fr\/wp-content\/uploads\/2024\/04\/AdobeStock_303324767-scaled.jpeg\",\"width\":2560,\"height\":1707,\"caption\":\"Location MobilHome & chalet dans les Pyr\u00e9n\u00e9es Orientales\"},\"image\":{\"@id\":\"https:\/\/www.locansol.fr\/#\/schema\/logo\/image\/\"}}]}<\/script>\n<!-- \/ Yoast SEO Premium plugin. -->","yoast_head_json":{"title":"CONCERT CARITATIF POUR LES ENFANTS D'ICI ET D'AILLEURS","description":"Le dimanche 19 avril, de 17h00 \u00e0 18h30, le Centre Culturel de Collioure accueillera un concert caritatif d\u00e9di\u00e9 aux enfants d\u2019ici et d\u2019ailleurs. Situ\u00e9 au 13 rue Jules Michelet, cet \u00e9v\u00e9nement promet une soir\u00e9e musicale exceptionnelle. Le Ch\u0153ur Osmose, un ensemble vocal associatif de Saint-G\u00e9nis-des-Fontaines dans les Pyr\u00e9n\u00e9es-Orientales, se produira pour l\u2019occasion. Dirig\u00e9 par Aline Rico, le ch\u0153ur est compos\u00e9 d\u2019une quarantaine de choristes passionn\u00e9s, issus de divers horizons et nationalit\u00e9s. Leur r\u00e9pertoire inclut des \u0153uvres sacr\u00e9es de Mozart et de Michael Haydn. Le \u00ab Requiem \u00bb de Michael Haydn, compos\u00e9 en 1771, est une pi\u00e8ce ma\u00eetresse qui a influenc\u00e9 le c\u00e9l\u00e8bre \u00ab Requiem \u00bb de Mozart, \u00e9crit en 1791. Le programme comprendra \u00e9galement la \u00ab Little Jazz Mass \u00bb de Bob Chilcott, une messe latine en cinq mouvements qui apporte une touche de modernit\u00e9 au r\u00e9pertoire classique. L\u2019accompagnement au piano sera assur\u00e9 par \u00c9milie Benterfa. Le tarif d\u2019entr\u00e9e est de 15 \u20ac pour les adultes, avec une entr\u00e9e gratuite pour les enfants. Les r\u00e9servations peuvent \u00eatre effectu\u00e9es au 06 82 04 40 44. Ce concert caritatif est une occasion unique de soutenir une noble cause tout en profitant d\u2019un moment musical de haute qualit\u00e9. L\u2019ambiance promet d\u2019\u00eatre chaleureuse et engageante, avec des performances vocales et instrumentales de grande qualit\u00e9. Le cadre du Centre Culturel de Collioure, connu pour son acoustique et son charme, ajoutera une dimension sp\u00e9ciale \u00e0 l\u2019\u00e9v\u00e9nement. Participer \u00e0 ce concert, c\u2019est non seulement assister \u00e0 une performance musicale de premier ordre, mais aussi contribuer \u00e0 une action solidaire en faveur des enfants.","robots":{"index":"index","follow":"follow","max-snippet":"max-snippet:-1","max-image-preview":"max-image-preview:large","max-video-preview":"max-video-preview:-1"},"canonical":"https:\/\/www.locansol.fr\/ca\/evenement\/concert-caritatif-pour-les-enfants-dici-et-dailleurs\/","og_locale":"ca_ES","og_type":"article","og_title":"CONCERT CARITATIF POUR LES ENFANTS D'ICI ET D'AILLEURS","og_description":"Le dimanche 19 avril, de 17h00 \u00e0 18h30, le Centre Culturel de Collioure accueillera un concert caritatif d\u00e9di\u00e9 aux enfants d\u2019ici et d\u2019ailleurs. Situ\u00e9 au 13 rue Jules Michelet, cet \u00e9v\u00e9nement promet une soir\u00e9e musicale exceptionnelle. Le Ch\u0153ur Osmose, un ensemble vocal associatif de Saint-G\u00e9nis-des-Fontaines dans les Pyr\u00e9n\u00e9es-Orientales, se produira pour l\u2019occasion. Dirig\u00e9 par Aline Rico, le ch\u0153ur est compos\u00e9 d\u2019une quarantaine de choristes passionn\u00e9s, issus de divers horizons et nationalit\u00e9s. Leur r\u00e9pertoire inclut des \u0153uvres sacr\u00e9es de Mozart et de Michael Haydn. Le \u00ab Requiem \u00bb de Michael Haydn, compos\u00e9 en 1771, est une pi\u00e8ce ma\u00eetresse qui a influenc\u00e9 le c\u00e9l\u00e8bre \u00ab Requiem \u00bb de Mozart, \u00e9crit en 1791. Le programme comprendra \u00e9galement la \u00ab Little Jazz Mass \u00bb de Bob Chilcott, une messe latine en cinq mouvements qui apporte une touche de modernit\u00e9 au r\u00e9pertoire classique. L\u2019accompagnement au piano sera assur\u00e9 par \u00c9milie Benterfa. Le tarif d\u2019entr\u00e9e est de 15 \u20ac pour les adultes, avec une entr\u00e9e gratuite pour les enfants. Les r\u00e9servations peuvent \u00eatre effectu\u00e9es au 06 82 04 40 44. Ce concert caritatif est une occasion unique de soutenir une noble cause tout en profitant d\u2019un moment musical de haute qualit\u00e9. L\u2019ambiance promet d\u2019\u00eatre chaleureuse et engageante, avec des performances vocales et instrumentales de grande qualit\u00e9. Le cadre du Centre Culturel de Collioure, connu pour son acoustique et son charme, ajoutera une dimension sp\u00e9ciale \u00e0 l\u2019\u00e9v\u00e9nement. Participer \u00e0 ce concert, c\u2019est non seulement assister \u00e0 une performance musicale de premier ordre, mais aussi contribuer \u00e0 une action solidaire en faveur des enfants.","og_url":"https:\/\/www.locansol.fr\/ca\/evenement\/concert-caritatif-pour-les-enfants-dici-et-dailleurs\/","og_site_name":"Locansol, louer un h\u00e9bergement dans les Pyr\u00e9n\u00e9es Orientales","article_modified_time":"2026-04-19T14:04:23+00:00","og_image":[{"width":905,"height":1280,"url":"https:\/\/www.locansol.fr\/wp-content\/uploads\/2026\/04\/concert-caritatif-collioure-musique.webp","type":"image\/webp"}],"twitter_card":"summary_large_image","twitter_title":"CONCERT CARITATIF POUR LES ENFANTS D'ICI ET D'AILLEURS","twitter_description":"Le dimanche 19 avril, de 17h00 \u00e0 18h30, le Centre Culturel de Collioure accueillera un concert caritatif d\u00e9di\u00e9 aux enfants d\u2019ici et d\u2019ailleurs. Situ\u00e9 au 13 rue Jules Michelet, cet \u00e9v\u00e9nement promet une soir\u00e9e musicale exceptionnelle. Le Ch\u0153ur Osmose, un ensemble vocal associatif de Saint-G\u00e9nis-des-Fontaines dans les Pyr\u00e9n\u00e9es-Orientales, se produira pour l\u2019occasion. Dirig\u00e9 par Aline Rico, le ch\u0153ur est compos\u00e9 d\u2019une quarantaine de choristes passionn\u00e9s, issus de divers horizons et nationalit\u00e9s. Leur r\u00e9pertoire inclut des \u0153uvres sacr\u00e9es de Mozart et de Michael Haydn. Le \u00ab Requiem \u00bb de Michael Haydn, compos\u00e9 en 1771, est une pi\u00e8ce ma\u00eetresse qui a influenc\u00e9 le c\u00e9l\u00e8bre \u00ab Requiem \u00bb de Mozart, \u00e9crit en 1791. Le programme comprendra \u00e9galement la \u00ab Little Jazz Mass \u00bb de Bob Chilcott, une messe latine en cinq mouvements qui apporte une touche de modernit\u00e9 au r\u00e9pertoire classique. L\u2019accompagnement au piano sera assur\u00e9 par \u00c9milie Benterfa. Le tarif d\u2019entr\u00e9e est de 15 \u20ac pour les adultes, avec une entr\u00e9e gratuite pour les enfants. Les r\u00e9servations peuvent \u00eatre effectu\u00e9es au 06 82 04 40 44. Ce concert caritatif est une occasion unique de soutenir une noble cause tout en profitant d\u2019un moment musical de haute qualit\u00e9. L\u2019ambiance promet d\u2019\u00eatre chaleureuse et engageante, avec des performances vocales et instrumentales de grande qualit\u00e9. Le cadre du Centre Culturel de Collioure, connu pour son acoustique et son charme, ajoutera une dimension sp\u00e9ciale \u00e0 l\u2019\u00e9v\u00e9nement. Participer \u00e0 ce concert, c\u2019est non seulement assister \u00e0 une performance musicale de premier ordre, mais aussi contribuer \u00e0 une action solidaire en faveur des enfants.","twitter_image":"https:\/\/www.locansol.fr\/wp-content\/uploads\/2026\/04\/concert-caritatif-collioure-musique.webp","twitter_misc":{"Temps estimat de lectura":"2 minuts"},"schema":{"@context":"https:\/\/schema.org","@graph":[{"@type":"WebPage","@id":"https:\/\/www.locansol.fr\/evenement\/concert-caritatif-pour-les-enfants-dici-et-dailleurs\/","url":"https:\/\/www.locansol.fr\/evenement\/concert-caritatif-pour-les-enfants-dici-et-dailleurs\/","name":"CONCERT CARITATIF POUR LES ENFANTS D'ICI ET D'AILLEURS","isPartOf":{"@id":"https:\/\/www.locansol.fr\/#website"},"primaryImageOfPage":{"@id":"https:\/\/www.locansol.fr\/evenement\/concert-caritatif-pour-les-enfants-dici-et-dailleurs\/#primaryimage"},"image":{"@id":"https:\/\/www.locansol.fr\/evenement\/concert-caritatif-pour-les-enfants-dici-et-dailleurs\/#primaryimage"},"thumbnailUrl":"https:\/\/www.locansol.fr\/wp-content\/uploads\/2026\/04\/concert-caritatif-collioure-musique.webp","datePublished":"2026-04-19T14:04:20+00:00","dateModified":"2026-04-19T14:04:23+00:00","description":"Le dimanche 19 avril, de 17h00 \u00e0 18h30, le Centre Culturel de Collioure accueillera un concert caritatif d\u00e9di\u00e9 aux enfants d\u2019ici et d\u2019ailleurs. Situ\u00e9 au 13 rue Jules Michelet, cet \u00e9v\u00e9nement promet une soir\u00e9e musicale exceptionnelle. Le Ch\u0153ur Osmose, un ensemble vocal associatif de Saint-G\u00e9nis-des-Fontaines dans les Pyr\u00e9n\u00e9es-Orientales, se produira pour l\u2019occasion. Dirig\u00e9 par Aline Rico, le ch\u0153ur est compos\u00e9 d\u2019une quarantaine de choristes passionn\u00e9s, issus de divers horizons et nationalit\u00e9s. Leur r\u00e9pertoire inclut des \u0153uvres sacr\u00e9es de Mozart et de Michael Haydn. Le \u00ab Requiem \u00bb de Michael Haydn, compos\u00e9 en 1771, est une pi\u00e8ce ma\u00eetresse qui a influenc\u00e9 le c\u00e9l\u00e8bre \u00ab Requiem \u00bb de Mozart, \u00e9crit en 1791. Le programme comprendra \u00e9galement la \u00ab Little Jazz Mass \u00bb de Bob Chilcott, une messe latine en cinq mouvements qui apporte une touche de modernit\u00e9 au r\u00e9pertoire classique. L\u2019accompagnement au piano sera assur\u00e9 par \u00c9milie Benterfa. Le tarif d\u2019entr\u00e9e est de 15 \u20ac pour les adultes, avec une entr\u00e9e gratuite pour les enfants. Les r\u00e9servations peuvent \u00eatre effectu\u00e9es au 06 82 04 40 44. Ce concert caritatif est une occasion unique de soutenir une noble cause tout en profitant d\u2019un moment musical de haute qualit\u00e9. L\u2019ambiance promet d\u2019\u00eatre chaleureuse et engageante, avec des performances vocales et instrumentales de grande qualit\u00e9. Le cadre du Centre Culturel de Collioure, connu pour son acoustique et son charme, ajoutera une dimension sp\u00e9ciale \u00e0 l\u2019\u00e9v\u00e9nement. Participer \u00e0 ce concert, c\u2019est non seulement assister \u00e0 une performance musicale de premier ordre, mais aussi contribuer \u00e0 une action solidaire en faveur des enfants.","breadcrumb":{"@id":"https:\/\/www.locansol.fr\/evenement\/concert-caritatif-pour-les-enfants-dici-et-dailleurs\/#breadcrumb"},"inLanguage":"ca","potentialAction":[{"@type":"ReadAction","target":["https:\/\/www.locansol.fr\/evenement\/concert-caritatif-pour-les-enfants-dici-et-dailleurs\/"]}]},{"@type":"ImageObject","inLanguage":"ca","@id":"https:\/\/www.locansol.fr\/evenement\/concert-caritatif-pour-les-enfants-dici-et-dailleurs\/#primaryimage","url":"https:\/\/www.locansol.fr\/wp-content\/uploads\/2026\/04\/concert-caritatif-collioure-musique.webp","contentUrl":"https:\/\/www.locansol.fr\/wp-content\/uploads\/2026\/04\/concert-caritatif-collioure-musique.webp","width":905,"height":1280,"caption":"Concert caritatif Collioure : une soir\u00e9e musicale pour une noble cause"},{"@type":"BreadcrumbList","@id":"https:\/\/www.locansol.fr\/evenement\/concert-caritatif-pour-les-enfants-dici-et-dailleurs\/#breadcrumb","itemListElement":[{"@type":"ListItem","position":1,"name":"Accueil","item":"https:\/\/www.locansol.fr\/"},{"@type":"ListItem","position":2,"name":"\u00c9v\u00e8nements","item":"https:\/\/www.locansol.fr\/evenements\/"},{"@type":"ListItem","position":3,"name":"CONCERT CARITATIF POUR LES ENFANTS D&rsquo;ICI ET D&rsquo;AILLEURS"}]},{"@type":"WebSite","@id":"https:\/\/www.locansol.fr\/#website","url":"https:\/\/www.locansol.fr\/","name":"Locansol, louer un h\u00e9bergement dans les Pyr\u00e9n\u00e9es-Orientales","description":"Location Mobil-home Mer M\u00e9diterran\u00e9e &amp; Chalet de Montagne dans les Pyr\u00e9n\u00e9es Orientales (Occitanie, 66). Weekend, s\u00e9jour &amp; vacances en famille et entre amis.","publisher":{"@id":"https:\/\/www.locansol.fr\/#organization"},"alternateName":"Louer un h\u00e9bergement dans les Pyr\u00e9n\u00e9es Orientales, chalet & mobil-home en Occitanie","potentialAction":[{"@type":"SearchAction","target":{"@type":"EntryPoint","urlTemplate":"https:\/\/www.locansol.fr\/?s={search_term_string}"},"query-input":{"@type":"PropertyValueSpecification","valueRequired":true,"valueName":"search_term_string"}}],"inLanguage":"ca"},{"@type":"Organization","@id":"https:\/\/www.locansol.fr\/#organization","name":"Location MobilHome & chalet dans les Pyr\u00e9n\u00e9es Orientales","alternateName":"Louer un h\u00e9bergement dans les Pyr\u00e9n\u00e9es Orientales en Occitanie","url":"https:\/\/www.locansol.fr\/","logo":{"@type":"ImageObject","inLanguage":"ca","@id":"https:\/\/www.locansol.fr\/#\/schema\/logo\/image\/","url":"https:\/\/www.locansol.fr\/wp-content\/uploads\/2024\/04\/AdobeStock_303324767-scaled.jpeg","contentUrl":"https:\/\/www.locansol.fr\/wp-content\/uploads\/2024\/04\/AdobeStock_303324767-scaled.jpeg","width":2560,"height":1707,"caption":"Location MobilHome & chalet dans les Pyr\u00e9n\u00e9es Orientales"},"image":{"@id":"https:\/\/www.locansol.fr\/#\/schema\/logo\/image\/"}}]}},"_links":{"self":[{"href":"https:\/\/www.locansol.fr\/ca\/wp-json\/wp\/v2\/tribe_events\/6237","targetHints":{"allow":["GET"]}}],"collection":[{"href":"https:\/\/www.locansol.fr\/ca\/wp-json\/wp\/v2\/tribe_events"}],"about":[{"href":"https:\/\/www.locansol.fr\/ca\/wp-json\/wp\/v2\/types\/tribe_events"}],"author":[{"embeddable":true,"href":"https:\/\/www.locansol.fr\/ca\/wp-json\/wp\/v2\/users\/5"}],"version-history":[{"count":1,"href":"https:\/\/www.locansol.fr\/ca\/wp-json\/wp\/v2\/tribe_events\/6237\/revisions"}],"predecessor-version":[{"id":6238,"href":"https:\/\/www.locansol.fr\/ca\/wp-json\/wp\/v2\/tribe_events\/6237\/revisions\/6238"}],"wp:featuredmedia":[{"embeddable":true,"href":"https:\/\/www.locansol.fr\/ca\/wp-json\/wp\/v2\/media\/6234"}],"wp:attachment":[{"href":"https:\/\/www.locansol.fr\/ca\/wp-json\/wp\/v2\/media?parent=6237"}],"wp:term":[{"taxonomy":"post_tag","embeddable":true,"href":"https:\/\/www.locansol.fr\/ca\/wp-json\/wp\/v2\/tags?post=6237"},{"taxonomy":"tribe_events_cat","embeddable":true,"href":"https:\/\/www.locansol.fr\/ca\/wp-json\/wp\/v2\/tribe_events_cat?post=6237"}],"curies":[{"name":"wp","href":"https:\/\/api.w.org\/{rel}","templated":true}]}}