{"id":6416,"date":"2026-04-23T02:10:40","date_gmt":"2026-04-23T00:10:40","guid":{"rendered":"https:\/\/www.locansol.fr\/evenement\/la-redecouverte-dun-chef-doeuvre-monumental-les-volets-du-grand-orgue-de-la-cathedrale-de-perpignan-22\/"},"modified":"2026-04-23T02:10:41","modified_gmt":"2026-04-23T00:10:41","slug":"la-redecouverte-dun-chef-doeuvre-monumental-les-volets-du-grand-orgue-de-la-cathedrale-de-perpignan-22","status":"publish","type":"tribe_events","link":"https:\/\/www.locansol.fr\/ca\/evenement\/la-redecouverte-dun-chef-doeuvre-monumental-les-volets-du-grand-orgue-de-la-cathedrale-de-perpignan-22\/","title":{"rendered":"\u00ab LA RED\u00c9COUVERTE D\u2019UN CHEF D\u2019\u0152UVRE MONUMENTAL \u00bb : LES VOLETS DU GRAND ORGUE DE LA CATH\u00c9DRALE DE PERPIGNAN"},"content":{"rendered":"<p>Du 24 mars au 31 mai 2024, la cath\u00e9drale Saint-Jean-Baptiste de Perpignan accueille une exposition exceptionnelle intitul\u00e9e \u00ab La red\u00e9couverte d\u2019un chef-d\u2019\u0153uvre monumental \u00bb : les volets du grand orgue de la cath\u00e9drale de Perpignan.   Les volets du grand orgue de la cath\u00e9drale Saint-Jean-Baptiste de Perpignan sont des peintures monumentales r\u00e9alis\u00e9es en 1504. Ces \u0153uvres, mesurant 12,6 m\u00e8tres de haut sur 4,3 m\u00e8tres de large, sont parmi les ensembles picturaux les plus spectaculaires de ce type en Europe. Elles sont remarquables par leur qualit\u00e9 artistique, leur anciennet\u00e9 et leurs dimensions imposantes. Initialement fix\u00e9s sur le buffet de l\u2019orgue, ces volets se d\u00e9ployaient selon le calendrier liturgique, cr\u00e9ant un dialogue entre musique, architecture et images sacr\u00e9es. Peints \u00e0 la d\u00e9trempe sur toile, les panneaux pr\u00e9sentent une riche polychromie sur leur face principale et une grisaille soign\u00e9e sur leur revers.   L\u2019exposition met en lumi\u00e8re l\u2019importance de ces volets, qui ont \u00e9t\u00e9 d\u00e9mont\u00e9s et d\u00e9plac\u00e9s au XIXe si\u00e8cle, perdant ainsi leur visibilit\u00e9 et leur importance. Gr\u00e2ce \u00e0 un vaste chantier de restauration initi\u00e9 en 2022 par la Direction r\u00e9gionale des affaires culturelles d\u2019Occitanie, ces \u0153uvres ont retrouv\u00e9 leur \u00e9clat et leur valeur historique et artistique.   Cette exposition est une occasion unique de d\u00e9couvrir ou red\u00e9couvrir un patrimoine exceptionnel, souvent m\u00e9connu. Les volets du grand orgue, par leur histoire et leur beaut\u00e9, offrent une exp\u00e9rience culturelle et sensorielle enrichissante. L\u2019exposition est accessible au tarif de 8 euros.   Ne manquez pas cette opportunit\u00e9 de plonger dans l\u2019histoire et l\u2019art de la Renaissance \u00e0 travers ces chefs-d\u2019\u0153uvre monumentaux.  Horaires :   Du lundi au samedi : 10h &#8211; 12h et 14h &#8211; 18h Dimanche : 14h &#8211; 18h Ferm\u00e9 le mardi.<\/p>\n<p><\/p>\n<h3>R\u00e9servez votre h\u00e9bergement dans les Pyr\u00e9n\u00e9es-Orientales :<\/h3>\n<p><b><a href='https:\/\/www.locansol.fr\/ca\/lloguer-mobil-home-mediterrani\/'>Mobil-home Locansol \u00e0 Argel\u00e8s-sur-Mer<\/a><\/b><br \/>Trajet le plus court : 26 km<br \/>Trajet le plus rapide : 31 min<\/p>\n<p><b><a href='https:\/\/www.locansol.fr\/ca\/lloguer-xalet-cerdanya\/'>Chalet Locansol \u00e0 Estavar<\/a><\/b><br \/>Trajet le plus court : 104 km<br \/>Trajet le plus rapide : 1 h 40 min<\/p>","protected":false},"excerpt":{"rendered":"<p>Du 24 mars au 31 mai 2024, la cath\u00e9drale Saint-Jean-Baptiste de Perpignan accueille une exposition exceptionnelle intitul\u00e9e \u00ab La red\u00e9couverte d\u2019un chef-d\u2019\u0153uvre monumental \u00bb : les volets du grand orgue [&hellip;]<\/p>","protected":false},"author":5,"featured_media":6413,"template":"","meta":{"_yoast_wpseo_focuskw":"\u00ab LA RED\u00c9COUVERTE D\u2019UN CHEF D\u2019\u0152UVRE MONUMENTAL \u00bb : LES VOLETS DU GRAND ORGUE DE LA CATH\u00c9DRALE DE PERPIGNAN","_yoast_wpseo_title":"\u00ab LA RED\u00c9COUVERTE D\u2019UN CHEF D\u2019\u0152UVRE MONUMENTAL \u00bb : LES VOLETS DU GRAND ORGUE DE LA CATH\u00c9DRALE DE PERPIGNAN","_yoast_wpseo_metadesc":"Du 24 mars au 31 mai 2024, la cath\u00e9drale Saint-Jean-Baptiste de Perpignan accueille une exposition exceptionnelle intitul\u00e9e \u00ab La red\u00e9couverte d\u2019un chef-d\u2019\u0153uvre monumental \u00bb : les volets du grand orgue de la cath\u00e9drale de Perpignan. Les volets du grand orgue de la cath\u00e9drale Saint-Jean-Baptiste de Perpignan sont des peintures monumentales r\u00e9alis\u00e9es en 1504. Ces \u0153uvres, mesurant 12,6 m\u00e8tres de haut sur 4,3 m\u00e8tres de large, sont parmi les ensembles picturaux les plus spectaculaires de ce type en Europe. Elles sont remarquables par leur qualit\u00e9 artistique, leur anciennet\u00e9 et leurs dimensions imposantes. Initialement fix\u00e9s sur le buffet de l\u2019orgue, ces volets se d\u00e9ployaient selon le calendrier liturgique, cr\u00e9ant un dialogue entre musique, architecture et images sacr\u00e9es. Peints \u00e0 la d\u00e9trempe sur toile, les panneaux pr\u00e9sentent une riche polychromie sur leur face principale et une grisaille soign\u00e9e sur leur revers. L\u2019exposition met en lumi\u00e8re l\u2019importance de ces volets, qui ont \u00e9t\u00e9 d\u00e9mont\u00e9s et d\u00e9plac\u00e9s au XIXe si\u00e8cle, perdant ainsi leur visibilit\u00e9 et leur importance. Gr\u00e2ce \u00e0 un vaste chantier de restauration initi\u00e9 en 2022 par la Direction r\u00e9gionale des affaires culturelles d\u2019Occitanie, ces \u0153uvres ont retrouv\u00e9 leur \u00e9clat et leur valeur historique et artistique. Cette exposition est une occasion unique de d\u00e9couvrir ou red\u00e9couvrir un patrimoine exceptionnel, souvent m\u00e9connu. Les volets du grand orgue, par leur histoire et leur beaut\u00e9, offrent une exp\u00e9rience culturelle et sensorielle enrichissante. L\u2019exposition est accessible au tarif de 8 euros. Ne manquez pas cette opportunit\u00e9 de plonger dans l\u2019histoire et l\u2019art de la Renaissance \u00e0 travers ces chefs-d\u2019\u0153uvre monumentaux. Horaires : Du lundi au samedi : 10h - 12h et 14h - 18h Dimanche : 14h - 18h Ferm\u00e9 le mardi.","_yoast_wpseo_canonical":"","_yoast_wpseo_opengraph-title":"\u00ab LA RED\u00c9COUVERTE D\u2019UN CHEF D\u2019\u0152UVRE MONUMENTAL \u00bb : LES VOLETS DU GRAND ORGUE DE LA CATH\u00c9DRALE DE PERPIGNAN","_yoast_wpseo_opengraph-description":"Du 24 mars au 31 mai 2024, la cath\u00e9drale Saint-Jean-Baptiste de Perpignan accueille une exposition exceptionnelle intitul\u00e9e \u00ab La red\u00e9couverte d\u2019un chef-d\u2019\u0153uvre monumental \u00bb : les volets du grand orgue de la cath\u00e9drale de Perpignan. Les volets du grand orgue de la cath\u00e9drale Saint-Jean-Baptiste de Perpignan sont des peintures monumentales r\u00e9alis\u00e9es en 1504. Ces \u0153uvres, mesurant 12,6 m\u00e8tres de haut sur 4,3 m\u00e8tres de large, sont parmi les ensembles picturaux les plus spectaculaires de ce type en Europe. Elles sont remarquables par leur qualit\u00e9 artistique, leur anciennet\u00e9 et leurs dimensions imposantes. Initialement fix\u00e9s sur le buffet de l\u2019orgue, ces volets se d\u00e9ployaient selon le calendrier liturgique, cr\u00e9ant un dialogue entre musique, architecture et images sacr\u00e9es. Peints \u00e0 la d\u00e9trempe sur toile, les panneaux pr\u00e9sentent une riche polychromie sur leur face principale et une grisaille soign\u00e9e sur leur revers. L\u2019exposition met en lumi\u00e8re l\u2019importance de ces volets, qui ont \u00e9t\u00e9 d\u00e9mont\u00e9s et d\u00e9plac\u00e9s au XIXe si\u00e8cle, perdant ainsi leur visibilit\u00e9 et leur importance. Gr\u00e2ce \u00e0 un vaste chantier de restauration initi\u00e9 en 2022 par la Direction r\u00e9gionale des affaires culturelles d\u2019Occitanie, ces \u0153uvres ont retrouv\u00e9 leur \u00e9clat et leur valeur historique et artistique. Cette exposition est une occasion unique de d\u00e9couvrir ou red\u00e9couvrir un patrimoine exceptionnel, souvent m\u00e9connu. Les volets du grand orgue, par leur histoire et leur beaut\u00e9, offrent une exp\u00e9rience culturelle et sensorielle enrichissante. L\u2019exposition est accessible au tarif de 8 euros. Ne manquez pas cette opportunit\u00e9 de plonger dans l\u2019histoire et l\u2019art de la Renaissance \u00e0 travers ces chefs-d\u2019\u0153uvre monumentaux. Horaires : Du lundi au samedi : 10h - 12h et 14h - 18h Dimanche : 14h - 18h Ferm\u00e9 le mardi.","_yoast_wpseo_opengraph-image":"https:\/\/www.locansol.fr\/wp-content\/uploads\/2026\/04\/exposition-perpignan-chef-d-oeuvre-cathedrale.webp","_yoast_wpseo_opengraph-image-id":"6413","_yoast_wpseo_twitter-title":"\u00ab LA RED\u00c9COUVERTE D\u2019UN CHEF D\u2019\u0152UVRE MONUMENTAL \u00bb : LES VOLETS DU GRAND ORGUE DE LA CATH\u00c9DRALE DE PERPIGNAN","_yoast_wpseo_twitter-description":"Du 24 mars au 31 mai 2024, la cath\u00e9drale Saint-Jean-Baptiste de Perpignan accueille une exposition exceptionnelle intitul\u00e9e \u00ab La red\u00e9couverte d\u2019un chef-d\u2019\u0153uvre monumental \u00bb : les volets du grand orgue de la cath\u00e9drale de Perpignan. Les volets du grand orgue de la cath\u00e9drale Saint-Jean-Baptiste de Perpignan sont des peintures monumentales r\u00e9alis\u00e9es en 1504. Ces \u0153uvres, mesurant 12,6 m\u00e8tres de haut sur 4,3 m\u00e8tres de large, sont parmi les ensembles picturaux les plus spectaculaires de ce type en Europe. Elles sont remarquables par leur qualit\u00e9 artistique, leur anciennet\u00e9 et leurs dimensions imposantes. Initialement fix\u00e9s sur le buffet de l\u2019orgue, ces volets se d\u00e9ployaient selon le calendrier liturgique, cr\u00e9ant un dialogue entre musique, architecture et images sacr\u00e9es. Peints \u00e0 la d\u00e9trempe sur toile, les panneaux pr\u00e9sentent une riche polychromie sur leur face principale et une grisaille soign\u00e9e sur leur revers. L\u2019exposition met en lumi\u00e8re l\u2019importance de ces volets, qui ont \u00e9t\u00e9 d\u00e9mont\u00e9s et d\u00e9plac\u00e9s au XIXe si\u00e8cle, perdant ainsi leur visibilit\u00e9 et leur importance. Gr\u00e2ce \u00e0 un vaste chantier de restauration initi\u00e9 en 2022 par la Direction r\u00e9gionale des affaires culturelles d\u2019Occitanie, ces \u0153uvres ont retrouv\u00e9 leur \u00e9clat et leur valeur historique et artistique. Cette exposition est une occasion unique de d\u00e9couvrir ou red\u00e9couvrir un patrimoine exceptionnel, souvent m\u00e9connu. Les volets du grand orgue, par leur histoire et leur beaut\u00e9, offrent une exp\u00e9rience culturelle et sensorielle enrichissante. L\u2019exposition est accessible au tarif de 8 euros. Ne manquez pas cette opportunit\u00e9 de plonger dans l\u2019histoire et l\u2019art de la Renaissance \u00e0 travers ces chefs-d\u2019\u0153uvre monumentaux. Horaires : Du lundi au samedi : 10h - 12h et 14h - 18h Dimanche : 14h - 18h Ferm\u00e9 le mardi.","_yoast_wpseo_twitter-image":"https:\/\/www.locansol.fr\/wp-content\/uploads\/2026\/04\/exposition-perpignan-chef-d-oeuvre-cathedrale.webp","_yoast_wpseo_twitter-image-id":"6413}","yoast_primary_category":"Exposition","_tribe_events_status":"","_tribe_events_status_reason":"","_tribe_events_is_hybrid":"","_tribe_events_is_virtual":"","_tribe_events_virtual_video_source":"","_tribe_events_virtual_embed_video":"","_tribe_events_virtual_linked_button_text":"","_tribe_events_virtual_linked_button":"","_tribe_events_virtual_show_embed_at":"","_tribe_events_virtual_show_embed_to":[],"_tribe_events_virtual_show_on_event":"","_tribe_events_virtual_show_on_views":"","_tribe_events_virtual_url":"","footnotes":""},"tags":[66,76],"tribe_events_cat":[138,90,160,169],"class_list":["post-6416","tribe_events","type-tribe_events","status-publish","has-post-thumbnail","hentry","tag-evenement-culturel","tag-pyrenees-orientales","tribe_events_cat-evenement-culturel","tribe_events_cat-exposition","tribe_events_cat-peinture","tribe_events_cat-pyrenees-orientales","cat_evenement-culturel","cat_exposition","cat_peinture","cat_pyrenees-orientales"],"yoast_head":"<!-- This site is optimized with the Yoast SEO Premium plugin v23.3 (Yoast SEO v26.9) - https:\/\/yoast.com\/product\/yoast-seo-premium-wordpress\/ -->\n<title>\u00ab LA RED\u00c9COUVERTE D\u2019UN CHEF D\u2019\u0152UVRE MONUMENTAL \u00bb : LES VOLETS DU GRAND ORGUE DE LA CATH\u00c9DRALE DE PERPIGNAN<\/title>\n<meta name=\"description\" content=\"Du 24 mars au 31 mai 2024, la cath\u00e9drale Saint-Jean-Baptiste de Perpignan accueille une exposition exceptionnelle intitul\u00e9e \u00ab La red\u00e9couverte d\u2019un chef-d\u2019\u0153uvre monumental \u00bb : les volets du grand orgue de la cath\u00e9drale de Perpignan. Les volets du grand orgue de la cath\u00e9drale Saint-Jean-Baptiste de Perpignan sont des peintures monumentales r\u00e9alis\u00e9es en 1504. Ces \u0153uvres, mesurant 12,6 m\u00e8tres de haut sur 4,3 m\u00e8tres de large, sont parmi les ensembles picturaux les plus spectaculaires de ce type en Europe. Elles sont remarquables par leur qualit\u00e9 artistique, leur anciennet\u00e9 et leurs dimensions imposantes. Initialement fix\u00e9s sur le buffet de l\u2019orgue, ces volets se d\u00e9ployaient selon le calendrier liturgique, cr\u00e9ant un dialogue entre musique, architecture et images sacr\u00e9es. Peints \u00e0 la d\u00e9trempe sur toile, les panneaux pr\u00e9sentent une riche polychromie sur leur face principale et une grisaille soign\u00e9e sur leur revers. L\u2019exposition met en lumi\u00e8re l\u2019importance de ces volets, qui ont \u00e9t\u00e9 d\u00e9mont\u00e9s et d\u00e9plac\u00e9s au XIXe si\u00e8cle, perdant ainsi leur visibilit\u00e9 et leur importance. Gr\u00e2ce \u00e0 un vaste chantier de restauration initi\u00e9 en 2022 par la Direction r\u00e9gionale des affaires culturelles d\u2019Occitanie, ces \u0153uvres ont retrouv\u00e9 leur \u00e9clat et leur valeur historique et artistique. Cette exposition est une occasion unique de d\u00e9couvrir ou red\u00e9couvrir un patrimoine exceptionnel, souvent m\u00e9connu. Les volets du grand orgue, par leur histoire et leur beaut\u00e9, offrent une exp\u00e9rience culturelle et sensorielle enrichissante. L\u2019exposition est accessible au tarif de 8 euros. Ne manquez pas cette opportunit\u00e9 de plonger dans l\u2019histoire et l\u2019art de la Renaissance \u00e0 travers ces chefs-d\u2019\u0153uvre monumentaux. Horaires : Du lundi au samedi : 10h - 12h et 14h - 18h Dimanche : 14h - 18h Ferm\u00e9 le mardi.\" \/>\n<meta name=\"robots\" content=\"index, follow, max-snippet:-1, max-image-preview:large, max-video-preview:-1\" \/>\n<link rel=\"canonical\" href=\"https:\/\/www.locansol.fr\/ca\/evenement\/la-redecouverte-dun-chef-doeuvre-monumental-les-volets-du-grand-orgue-de-la-cathedrale-de-perpignan-22\/\" \/>\n<meta property=\"og:locale\" content=\"ca_ES\" \/>\n<meta property=\"og:type\" content=\"article\" \/>\n<meta property=\"og:title\" content=\"\u00ab LA RED\u00c9COUVERTE D\u2019UN CHEF D\u2019\u0152UVRE MONUMENTAL \u00bb : LES VOLETS DU GRAND ORGUE DE LA CATH\u00c9DRALE DE PERPIGNAN\" \/>\n<meta property=\"og:description\" content=\"Du 24 mars au 31 mai 2024, la cath\u00e9drale Saint-Jean-Baptiste de Perpignan accueille une exposition exceptionnelle intitul\u00e9e \u00ab La red\u00e9couverte d\u2019un chef-d\u2019\u0153uvre monumental \u00bb : les volets du grand orgue de la cath\u00e9drale de Perpignan. Les volets du grand orgue de la cath\u00e9drale Saint-Jean-Baptiste de Perpignan sont des peintures monumentales r\u00e9alis\u00e9es en 1504. Ces \u0153uvres, mesurant 12,6 m\u00e8tres de haut sur 4,3 m\u00e8tres de large, sont parmi les ensembles picturaux les plus spectaculaires de ce type en Europe. Elles sont remarquables par leur qualit\u00e9 artistique, leur anciennet\u00e9 et leurs dimensions imposantes. Initialement fix\u00e9s sur le buffet de l\u2019orgue, ces volets se d\u00e9ployaient selon le calendrier liturgique, cr\u00e9ant un dialogue entre musique, architecture et images sacr\u00e9es. Peints \u00e0 la d\u00e9trempe sur toile, les panneaux pr\u00e9sentent une riche polychromie sur leur face principale et une grisaille soign\u00e9e sur leur revers. L\u2019exposition met en lumi\u00e8re l\u2019importance de ces volets, qui ont \u00e9t\u00e9 d\u00e9mont\u00e9s et d\u00e9plac\u00e9s au XIXe si\u00e8cle, perdant ainsi leur visibilit\u00e9 et leur importance. Gr\u00e2ce \u00e0 un vaste chantier de restauration initi\u00e9 en 2022 par la Direction r\u00e9gionale des affaires culturelles d\u2019Occitanie, ces \u0153uvres ont retrouv\u00e9 leur \u00e9clat et leur valeur historique et artistique. Cette exposition est une occasion unique de d\u00e9couvrir ou red\u00e9couvrir un patrimoine exceptionnel, souvent m\u00e9connu. Les volets du grand orgue, par leur histoire et leur beaut\u00e9, offrent une exp\u00e9rience culturelle et sensorielle enrichissante. L\u2019exposition est accessible au tarif de 8 euros. Ne manquez pas cette opportunit\u00e9 de plonger dans l\u2019histoire et l\u2019art de la Renaissance \u00e0 travers ces chefs-d\u2019\u0153uvre monumentaux. Horaires : Du lundi au samedi : 10h - 12h et 14h - 18h Dimanche : 14h - 18h Ferm\u00e9 le mardi.\" \/>\n<meta property=\"og:url\" content=\"https:\/\/www.locansol.fr\/ca\/evenement\/la-redecouverte-dun-chef-doeuvre-monumental-les-volets-du-grand-orgue-de-la-cathedrale-de-perpignan-22\/\" \/>\n<meta property=\"og:site_name\" content=\"Locansol, louer un h\u00e9bergement dans les Pyr\u00e9n\u00e9es Orientales\" \/>\n<meta property=\"article:modified_time\" content=\"2026-04-23T00:10:41+00:00\" \/>\n<meta property=\"og:image\" content=\"https:\/\/www.locansol.fr\/wp-content\/uploads\/2026\/04\/exposition-perpignan-chef-d-oeuvre-cathedrale.webp\" \/>\n\t<meta property=\"og:image:width\" content=\"1024\" \/>\n\t<meta property=\"og:image:height\" content=\"605\" \/>\n\t<meta property=\"og:image:type\" content=\"image\/webp\" \/>\n<meta name=\"twitter:card\" content=\"summary_large_image\" \/>\n<meta name=\"twitter:title\" content=\"\u00ab LA RED\u00c9COUVERTE D\u2019UN CHEF D\u2019\u0152UVRE MONUMENTAL \u00bb : LES VOLETS DU GRAND ORGUE DE LA CATH\u00c9DRALE DE PERPIGNAN\" \/>\n<meta name=\"twitter:description\" content=\"Du 24 mars au 31 mai 2024, la cath\u00e9drale Saint-Jean-Baptiste de Perpignan accueille une exposition exceptionnelle intitul\u00e9e \u00ab La red\u00e9couverte d\u2019un chef-d\u2019\u0153uvre monumental \u00bb : les volets du grand orgue de la cath\u00e9drale de Perpignan. Les volets du grand orgue de la cath\u00e9drale Saint-Jean-Baptiste de Perpignan sont des peintures monumentales r\u00e9alis\u00e9es en 1504. Ces \u0153uvres, mesurant 12,6 m\u00e8tres de haut sur 4,3 m\u00e8tres de large, sont parmi les ensembles picturaux les plus spectaculaires de ce type en Europe. Elles sont remarquables par leur qualit\u00e9 artistique, leur anciennet\u00e9 et leurs dimensions imposantes. Initialement fix\u00e9s sur le buffet de l\u2019orgue, ces volets se d\u00e9ployaient selon le calendrier liturgique, cr\u00e9ant un dialogue entre musique, architecture et images sacr\u00e9es. Peints \u00e0 la d\u00e9trempe sur toile, les panneaux pr\u00e9sentent une riche polychromie sur leur face principale et une grisaille soign\u00e9e sur leur revers. L\u2019exposition met en lumi\u00e8re l\u2019importance de ces volets, qui ont \u00e9t\u00e9 d\u00e9mont\u00e9s et d\u00e9plac\u00e9s au XIXe si\u00e8cle, perdant ainsi leur visibilit\u00e9 et leur importance. Gr\u00e2ce \u00e0 un vaste chantier de restauration initi\u00e9 en 2022 par la Direction r\u00e9gionale des affaires culturelles d\u2019Occitanie, ces \u0153uvres ont retrouv\u00e9 leur \u00e9clat et leur valeur historique et artistique. Cette exposition est une occasion unique de d\u00e9couvrir ou red\u00e9couvrir un patrimoine exceptionnel, souvent m\u00e9connu. Les volets du grand orgue, par leur histoire et leur beaut\u00e9, offrent une exp\u00e9rience culturelle et sensorielle enrichissante. L\u2019exposition est accessible au tarif de 8 euros. Ne manquez pas cette opportunit\u00e9 de plonger dans l\u2019histoire et l\u2019art de la Renaissance \u00e0 travers ces chefs-d\u2019\u0153uvre monumentaux. Horaires : Du lundi au samedi : 10h - 12h et 14h - 18h Dimanche : 14h - 18h Ferm\u00e9 le mardi.\" \/>\n<meta name=\"twitter:image\" content=\"https:\/\/www.locansol.fr\/wp-content\/uploads\/2026\/04\/exposition-perpignan-chef-d-oeuvre-cathedrale.webp\" \/>\n<meta name=\"twitter:label1\" content=\"Temps estimat de lectura\" \/>\n\t<meta name=\"twitter:data1\" content=\"2 minuts\" \/>\n<script type=\"application\/ld+json\" class=\"yoast-schema-graph\">{\"@context\":\"https:\/\/schema.org\",\"@graph\":[{\"@type\":\"WebPage\",\"@id\":\"https:\/\/www.locansol.fr\/evenement\/la-redecouverte-dun-chef-doeuvre-monumental-les-volets-du-grand-orgue-de-la-cathedrale-de-perpignan-22\/\",\"url\":\"https:\/\/www.locansol.fr\/evenement\/la-redecouverte-dun-chef-doeuvre-monumental-les-volets-du-grand-orgue-de-la-cathedrale-de-perpignan-22\/\",\"name\":\"\u00ab LA RED\u00c9COUVERTE D\u2019UN CHEF D\u2019\u0152UVRE MONUMENTAL \u00bb : LES VOLETS DU GRAND ORGUE DE LA CATH\u00c9DRALE DE PERPIGNAN\",\"isPartOf\":{\"@id\":\"https:\/\/www.locansol.fr\/#website\"},\"primaryImageOfPage\":{\"@id\":\"https:\/\/www.locansol.fr\/evenement\/la-redecouverte-dun-chef-doeuvre-monumental-les-volets-du-grand-orgue-de-la-cathedrale-de-perpignan-22\/#primaryimage\"},\"image\":{\"@id\":\"https:\/\/www.locansol.fr\/evenement\/la-redecouverte-dun-chef-doeuvre-monumental-les-volets-du-grand-orgue-de-la-cathedrale-de-perpignan-22\/#primaryimage\"},\"thumbnailUrl\":\"https:\/\/www.locansol.fr\/wp-content\/uploads\/2026\/04\/exposition-perpignan-chef-d-oeuvre-cathedrale.webp\",\"datePublished\":\"2026-04-23T00:10:40+00:00\",\"dateModified\":\"2026-04-23T00:10:41+00:00\",\"description\":\"Du 24 mars au 31 mai 2024, la cath\u00e9drale Saint-Jean-Baptiste de Perpignan accueille une exposition exceptionnelle intitul\u00e9e \u00ab La red\u00e9couverte d\u2019un chef-d\u2019\u0153uvre monumental \u00bb : les volets du grand orgue de la cath\u00e9drale de Perpignan. Les volets du grand orgue de la cath\u00e9drale Saint-Jean-Baptiste de Perpignan sont des peintures monumentales r\u00e9alis\u00e9es en 1504. Ces \u0153uvres, mesurant 12,6 m\u00e8tres de haut sur 4,3 m\u00e8tres de large, sont parmi les ensembles picturaux les plus spectaculaires de ce type en Europe. Elles sont remarquables par leur qualit\u00e9 artistique, leur anciennet\u00e9 et leurs dimensions imposantes. Initialement fix\u00e9s sur le buffet de l\u2019orgue, ces volets se d\u00e9ployaient selon le calendrier liturgique, cr\u00e9ant un dialogue entre musique, architecture et images sacr\u00e9es. Peints \u00e0 la d\u00e9trempe sur toile, les panneaux pr\u00e9sentent une riche polychromie sur leur face principale et une grisaille soign\u00e9e sur leur revers. L\u2019exposition met en lumi\u00e8re l\u2019importance de ces volets, qui ont \u00e9t\u00e9 d\u00e9mont\u00e9s et d\u00e9plac\u00e9s au XIXe si\u00e8cle, perdant ainsi leur visibilit\u00e9 et leur importance. Gr\u00e2ce \u00e0 un vaste chantier de restauration initi\u00e9 en 2022 par la Direction r\u00e9gionale des affaires culturelles d\u2019Occitanie, ces \u0153uvres ont retrouv\u00e9 leur \u00e9clat et leur valeur historique et artistique. Cette exposition est une occasion unique de d\u00e9couvrir ou red\u00e9couvrir un patrimoine exceptionnel, souvent m\u00e9connu. Les volets du grand orgue, par leur histoire et leur beaut\u00e9, offrent une exp\u00e9rience culturelle et sensorielle enrichissante. L\u2019exposition est accessible au tarif de 8 euros. Ne manquez pas cette opportunit\u00e9 de plonger dans l\u2019histoire et l\u2019art de la Renaissance \u00e0 travers ces chefs-d\u2019\u0153uvre monumentaux. Horaires : Du lundi au samedi : 10h - 12h et 14h - 18h Dimanche : 14h - 18h Ferm\u00e9 le mardi.\",\"breadcrumb\":{\"@id\":\"https:\/\/www.locansol.fr\/evenement\/la-redecouverte-dun-chef-doeuvre-monumental-les-volets-du-grand-orgue-de-la-cathedrale-de-perpignan-22\/#breadcrumb\"},\"inLanguage\":\"ca\",\"potentialAction\":[{\"@type\":\"ReadAction\",\"target\":[\"https:\/\/www.locansol.fr\/evenement\/la-redecouverte-dun-chef-doeuvre-monumental-les-volets-du-grand-orgue-de-la-cathedrale-de-perpignan-22\/\"]}]},{\"@type\":\"ImageObject\",\"inLanguage\":\"ca\",\"@id\":\"https:\/\/www.locansol.fr\/evenement\/la-redecouverte-dun-chef-doeuvre-monumental-les-volets-du-grand-orgue-de-la-cathedrale-de-perpignan-22\/#primaryimage\",\"url\":\"https:\/\/www.locansol.fr\/wp-content\/uploads\/2026\/04\/exposition-perpignan-chef-d-oeuvre-cathedrale.webp\",\"contentUrl\":\"https:\/\/www.locansol.fr\/wp-content\/uploads\/2026\/04\/exposition-perpignan-chef-d-oeuvre-cathedrale.webp\",\"width\":1024,\"height\":605,\"caption\":\"La red\u00e9couverte d\u2019un chef-d\u2019\u0153uvre \u00e0 Perpignan\"},{\"@type\":\"BreadcrumbList\",\"@id\":\"https:\/\/www.locansol.fr\/evenement\/la-redecouverte-dun-chef-doeuvre-monumental-les-volets-du-grand-orgue-de-la-cathedrale-de-perpignan-22\/#breadcrumb\",\"itemListElement\":[{\"@type\":\"ListItem\",\"position\":1,\"name\":\"Accueil\",\"item\":\"https:\/\/www.locansol.fr\/\"},{\"@type\":\"ListItem\",\"position\":2,\"name\":\"\u00c9v\u00e8nements\",\"item\":\"https:\/\/www.locansol.fr\/evenements\/\"},{\"@type\":\"ListItem\",\"position\":3,\"name\":\"\u00ab LA RED\u00c9COUVERTE D\u2019UN CHEF D\u2019\u0152UVRE MONUMENTAL \u00bb : LES VOLETS DU GRAND ORGUE DE LA CATH\u00c9DRALE DE PERPIGNAN\"}]},{\"@type\":\"WebSite\",\"@id\":\"https:\/\/www.locansol.fr\/#website\",\"url\":\"https:\/\/www.locansol.fr\/\",\"name\":\"Locansol, louer un h\u00e9bergement dans les Pyr\u00e9n\u00e9es-Orientales\",\"description\":\"Location Mobil-home Mer M\u00e9diterran\u00e9e &amp; Chalet de Montagne dans les Pyr\u00e9n\u00e9es Orientales (Occitanie, 66). Weekend, s\u00e9jour &amp; vacances en famille et entre amis.\",\"publisher\":{\"@id\":\"https:\/\/www.locansol.fr\/#organization\"},\"alternateName\":\"Louer un h\u00e9bergement dans les Pyr\u00e9n\u00e9es Orientales, chalet & mobil-home en Occitanie\",\"potentialAction\":[{\"@type\":\"SearchAction\",\"target\":{\"@type\":\"EntryPoint\",\"urlTemplate\":\"https:\/\/www.locansol.fr\/?s={search_term_string}\"},\"query-input\":{\"@type\":\"PropertyValueSpecification\",\"valueRequired\":true,\"valueName\":\"search_term_string\"}}],\"inLanguage\":\"ca\"},{\"@type\":\"Organization\",\"@id\":\"https:\/\/www.locansol.fr\/#organization\",\"name\":\"Location MobilHome & chalet dans les Pyr\u00e9n\u00e9es Orientales\",\"alternateName\":\"Louer un h\u00e9bergement dans les Pyr\u00e9n\u00e9es Orientales en Occitanie\",\"url\":\"https:\/\/www.locansol.fr\/\",\"logo\":{\"@type\":\"ImageObject\",\"inLanguage\":\"ca\",\"@id\":\"https:\/\/www.locansol.fr\/#\/schema\/logo\/image\/\",\"url\":\"https:\/\/www.locansol.fr\/wp-content\/uploads\/2024\/04\/AdobeStock_303324767-scaled.jpeg\",\"contentUrl\":\"https:\/\/www.locansol.fr\/wp-content\/uploads\/2024\/04\/AdobeStock_303324767-scaled.jpeg\",\"width\":2560,\"height\":1707,\"caption\":\"Location MobilHome & chalet dans les Pyr\u00e9n\u00e9es Orientales\"},\"image\":{\"@id\":\"https:\/\/www.locansol.fr\/#\/schema\/logo\/image\/\"}}]}<\/script>\n<!-- \/ Yoast SEO Premium plugin. -->","yoast_head_json":{"title":"\u00ab LA RED\u00c9COUVERTE D\u2019UN CHEF D\u2019\u0152UVRE MONUMENTAL \u00bb : LES VOLETS DU GRAND ORGUE DE LA CATH\u00c9DRALE DE PERPIGNAN","description":"Du 24 mars au 31 mai 2024, la cath\u00e9drale Saint-Jean-Baptiste de Perpignan accueille une exposition exceptionnelle intitul\u00e9e \u00ab La red\u00e9couverte d\u2019un chef-d\u2019\u0153uvre monumental \u00bb : les volets du grand orgue de la cath\u00e9drale de Perpignan. Les volets du grand orgue de la cath\u00e9drale Saint-Jean-Baptiste de Perpignan sont des peintures monumentales r\u00e9alis\u00e9es en 1504. Ces \u0153uvres, mesurant 12,6 m\u00e8tres de haut sur 4,3 m\u00e8tres de large, sont parmi les ensembles picturaux les plus spectaculaires de ce type en Europe. Elles sont remarquables par leur qualit\u00e9 artistique, leur anciennet\u00e9 et leurs dimensions imposantes. Initialement fix\u00e9s sur le buffet de l\u2019orgue, ces volets se d\u00e9ployaient selon le calendrier liturgique, cr\u00e9ant un dialogue entre musique, architecture et images sacr\u00e9es. Peints \u00e0 la d\u00e9trempe sur toile, les panneaux pr\u00e9sentent une riche polychromie sur leur face principale et une grisaille soign\u00e9e sur leur revers. L\u2019exposition met en lumi\u00e8re l\u2019importance de ces volets, qui ont \u00e9t\u00e9 d\u00e9mont\u00e9s et d\u00e9plac\u00e9s au XIXe si\u00e8cle, perdant ainsi leur visibilit\u00e9 et leur importance. Gr\u00e2ce \u00e0 un vaste chantier de restauration initi\u00e9 en 2022 par la Direction r\u00e9gionale des affaires culturelles d\u2019Occitanie, ces \u0153uvres ont retrouv\u00e9 leur \u00e9clat et leur valeur historique et artistique. Cette exposition est une occasion unique de d\u00e9couvrir ou red\u00e9couvrir un patrimoine exceptionnel, souvent m\u00e9connu. Les volets du grand orgue, par leur histoire et leur beaut\u00e9, offrent une exp\u00e9rience culturelle et sensorielle enrichissante. L\u2019exposition est accessible au tarif de 8 euros. Ne manquez pas cette opportunit\u00e9 de plonger dans l\u2019histoire et l\u2019art de la Renaissance \u00e0 travers ces chefs-d\u2019\u0153uvre monumentaux. Horaires : Du lundi au samedi : 10h - 12h et 14h - 18h Dimanche : 14h - 18h Ferm\u00e9 le mardi.","robots":{"index":"index","follow":"follow","max-snippet":"max-snippet:-1","max-image-preview":"max-image-preview:large","max-video-preview":"max-video-preview:-1"},"canonical":"https:\/\/www.locansol.fr\/ca\/evenement\/la-redecouverte-dun-chef-doeuvre-monumental-les-volets-du-grand-orgue-de-la-cathedrale-de-perpignan-22\/","og_locale":"ca_ES","og_type":"article","og_title":"\u00ab LA RED\u00c9COUVERTE D\u2019UN CHEF D\u2019\u0152UVRE MONUMENTAL \u00bb : LES VOLETS DU GRAND ORGUE DE LA CATH\u00c9DRALE DE PERPIGNAN","og_description":"Du 24 mars au 31 mai 2024, la cath\u00e9drale Saint-Jean-Baptiste de Perpignan accueille une exposition exceptionnelle intitul\u00e9e \u00ab La red\u00e9couverte d\u2019un chef-d\u2019\u0153uvre monumental \u00bb : les volets du grand orgue de la cath\u00e9drale de Perpignan. Les volets du grand orgue de la cath\u00e9drale Saint-Jean-Baptiste de Perpignan sont des peintures monumentales r\u00e9alis\u00e9es en 1504. Ces \u0153uvres, mesurant 12,6 m\u00e8tres de haut sur 4,3 m\u00e8tres de large, sont parmi les ensembles picturaux les plus spectaculaires de ce type en Europe. Elles sont remarquables par leur qualit\u00e9 artistique, leur anciennet\u00e9 et leurs dimensions imposantes. Initialement fix\u00e9s sur le buffet de l\u2019orgue, ces volets se d\u00e9ployaient selon le calendrier liturgique, cr\u00e9ant un dialogue entre musique, architecture et images sacr\u00e9es. Peints \u00e0 la d\u00e9trempe sur toile, les panneaux pr\u00e9sentent une riche polychromie sur leur face principale et une grisaille soign\u00e9e sur leur revers. L\u2019exposition met en lumi\u00e8re l\u2019importance de ces volets, qui ont \u00e9t\u00e9 d\u00e9mont\u00e9s et d\u00e9plac\u00e9s au XIXe si\u00e8cle, perdant ainsi leur visibilit\u00e9 et leur importance. Gr\u00e2ce \u00e0 un vaste chantier de restauration initi\u00e9 en 2022 par la Direction r\u00e9gionale des affaires culturelles d\u2019Occitanie, ces \u0153uvres ont retrouv\u00e9 leur \u00e9clat et leur valeur historique et artistique. Cette exposition est une occasion unique de d\u00e9couvrir ou red\u00e9couvrir un patrimoine exceptionnel, souvent m\u00e9connu. Les volets du grand orgue, par leur histoire et leur beaut\u00e9, offrent une exp\u00e9rience culturelle et sensorielle enrichissante. L\u2019exposition est accessible au tarif de 8 euros. Ne manquez pas cette opportunit\u00e9 de plonger dans l\u2019histoire et l\u2019art de la Renaissance \u00e0 travers ces chefs-d\u2019\u0153uvre monumentaux. Horaires : Du lundi au samedi : 10h - 12h et 14h - 18h Dimanche : 14h - 18h Ferm\u00e9 le mardi.","og_url":"https:\/\/www.locansol.fr\/ca\/evenement\/la-redecouverte-dun-chef-doeuvre-monumental-les-volets-du-grand-orgue-de-la-cathedrale-de-perpignan-22\/","og_site_name":"Locansol, louer un h\u00e9bergement dans les Pyr\u00e9n\u00e9es Orientales","article_modified_time":"2026-04-23T00:10:41+00:00","og_image":[{"width":1024,"height":605,"url":"https:\/\/www.locansol.fr\/wp-content\/uploads\/2026\/04\/exposition-perpignan-chef-d-oeuvre-cathedrale.webp","type":"image\/webp"}],"twitter_card":"summary_large_image","twitter_title":"\u00ab LA RED\u00c9COUVERTE D\u2019UN CHEF D\u2019\u0152UVRE MONUMENTAL \u00bb : LES VOLETS DU GRAND ORGUE DE LA CATH\u00c9DRALE DE PERPIGNAN","twitter_description":"Du 24 mars au 31 mai 2024, la cath\u00e9drale Saint-Jean-Baptiste de Perpignan accueille une exposition exceptionnelle intitul\u00e9e \u00ab La red\u00e9couverte d\u2019un chef-d\u2019\u0153uvre monumental \u00bb : les volets du grand orgue de la cath\u00e9drale de Perpignan. Les volets du grand orgue de la cath\u00e9drale Saint-Jean-Baptiste de Perpignan sont des peintures monumentales r\u00e9alis\u00e9es en 1504. Ces \u0153uvres, mesurant 12,6 m\u00e8tres de haut sur 4,3 m\u00e8tres de large, sont parmi les ensembles picturaux les plus spectaculaires de ce type en Europe. Elles sont remarquables par leur qualit\u00e9 artistique, leur anciennet\u00e9 et leurs dimensions imposantes. Initialement fix\u00e9s sur le buffet de l\u2019orgue, ces volets se d\u00e9ployaient selon le calendrier liturgique, cr\u00e9ant un dialogue entre musique, architecture et images sacr\u00e9es. Peints \u00e0 la d\u00e9trempe sur toile, les panneaux pr\u00e9sentent une riche polychromie sur leur face principale et une grisaille soign\u00e9e sur leur revers. L\u2019exposition met en lumi\u00e8re l\u2019importance de ces volets, qui ont \u00e9t\u00e9 d\u00e9mont\u00e9s et d\u00e9plac\u00e9s au XIXe si\u00e8cle, perdant ainsi leur visibilit\u00e9 et leur importance. Gr\u00e2ce \u00e0 un vaste chantier de restauration initi\u00e9 en 2022 par la Direction r\u00e9gionale des affaires culturelles d\u2019Occitanie, ces \u0153uvres ont retrouv\u00e9 leur \u00e9clat et leur valeur historique et artistique. Cette exposition est une occasion unique de d\u00e9couvrir ou red\u00e9couvrir un patrimoine exceptionnel, souvent m\u00e9connu. Les volets du grand orgue, par leur histoire et leur beaut\u00e9, offrent une exp\u00e9rience culturelle et sensorielle enrichissante. L\u2019exposition est accessible au tarif de 8 euros. Ne manquez pas cette opportunit\u00e9 de plonger dans l\u2019histoire et l\u2019art de la Renaissance \u00e0 travers ces chefs-d\u2019\u0153uvre monumentaux. Horaires : Du lundi au samedi : 10h - 12h et 14h - 18h Dimanche : 14h - 18h Ferm\u00e9 le mardi.","twitter_image":"https:\/\/www.locansol.fr\/wp-content\/uploads\/2026\/04\/exposition-perpignan-chef-d-oeuvre-cathedrale.webp","twitter_misc":{"Temps estimat de lectura":"2 minuts"},"schema":{"@context":"https:\/\/schema.org","@graph":[{"@type":"WebPage","@id":"https:\/\/www.locansol.fr\/evenement\/la-redecouverte-dun-chef-doeuvre-monumental-les-volets-du-grand-orgue-de-la-cathedrale-de-perpignan-22\/","url":"https:\/\/www.locansol.fr\/evenement\/la-redecouverte-dun-chef-doeuvre-monumental-les-volets-du-grand-orgue-de-la-cathedrale-de-perpignan-22\/","name":"\u00ab LA RED\u00c9COUVERTE D\u2019UN CHEF D\u2019\u0152UVRE MONUMENTAL \u00bb : LES VOLETS DU GRAND ORGUE DE LA CATH\u00c9DRALE DE PERPIGNAN","isPartOf":{"@id":"https:\/\/www.locansol.fr\/#website"},"primaryImageOfPage":{"@id":"https:\/\/www.locansol.fr\/evenement\/la-redecouverte-dun-chef-doeuvre-monumental-les-volets-du-grand-orgue-de-la-cathedrale-de-perpignan-22\/#primaryimage"},"image":{"@id":"https:\/\/www.locansol.fr\/evenement\/la-redecouverte-dun-chef-doeuvre-monumental-les-volets-du-grand-orgue-de-la-cathedrale-de-perpignan-22\/#primaryimage"},"thumbnailUrl":"https:\/\/www.locansol.fr\/wp-content\/uploads\/2026\/04\/exposition-perpignan-chef-d-oeuvre-cathedrale.webp","datePublished":"2026-04-23T00:10:40+00:00","dateModified":"2026-04-23T00:10:41+00:00","description":"Du 24 mars au 31 mai 2024, la cath\u00e9drale Saint-Jean-Baptiste de Perpignan accueille une exposition exceptionnelle intitul\u00e9e \u00ab La red\u00e9couverte d\u2019un chef-d\u2019\u0153uvre monumental \u00bb : les volets du grand orgue de la cath\u00e9drale de Perpignan. Les volets du grand orgue de la cath\u00e9drale Saint-Jean-Baptiste de Perpignan sont des peintures monumentales r\u00e9alis\u00e9es en 1504. Ces \u0153uvres, mesurant 12,6 m\u00e8tres de haut sur 4,3 m\u00e8tres de large, sont parmi les ensembles picturaux les plus spectaculaires de ce type en Europe. Elles sont remarquables par leur qualit\u00e9 artistique, leur anciennet\u00e9 et leurs dimensions imposantes. Initialement fix\u00e9s sur le buffet de l\u2019orgue, ces volets se d\u00e9ployaient selon le calendrier liturgique, cr\u00e9ant un dialogue entre musique, architecture et images sacr\u00e9es. Peints \u00e0 la d\u00e9trempe sur toile, les panneaux pr\u00e9sentent une riche polychromie sur leur face principale et une grisaille soign\u00e9e sur leur revers. L\u2019exposition met en lumi\u00e8re l\u2019importance de ces volets, qui ont \u00e9t\u00e9 d\u00e9mont\u00e9s et d\u00e9plac\u00e9s au XIXe si\u00e8cle, perdant ainsi leur visibilit\u00e9 et leur importance. Gr\u00e2ce \u00e0 un vaste chantier de restauration initi\u00e9 en 2022 par la Direction r\u00e9gionale des affaires culturelles d\u2019Occitanie, ces \u0153uvres ont retrouv\u00e9 leur \u00e9clat et leur valeur historique et artistique. Cette exposition est une occasion unique de d\u00e9couvrir ou red\u00e9couvrir un patrimoine exceptionnel, souvent m\u00e9connu. Les volets du grand orgue, par leur histoire et leur beaut\u00e9, offrent une exp\u00e9rience culturelle et sensorielle enrichissante. L\u2019exposition est accessible au tarif de 8 euros. Ne manquez pas cette opportunit\u00e9 de plonger dans l\u2019histoire et l\u2019art de la Renaissance \u00e0 travers ces chefs-d\u2019\u0153uvre monumentaux. Horaires : Du lundi au samedi : 10h - 12h et 14h - 18h Dimanche : 14h - 18h Ferm\u00e9 le mardi.","breadcrumb":{"@id":"https:\/\/www.locansol.fr\/evenement\/la-redecouverte-dun-chef-doeuvre-monumental-les-volets-du-grand-orgue-de-la-cathedrale-de-perpignan-22\/#breadcrumb"},"inLanguage":"ca","potentialAction":[{"@type":"ReadAction","target":["https:\/\/www.locansol.fr\/evenement\/la-redecouverte-dun-chef-doeuvre-monumental-les-volets-du-grand-orgue-de-la-cathedrale-de-perpignan-22\/"]}]},{"@type":"ImageObject","inLanguage":"ca","@id":"https:\/\/www.locansol.fr\/evenement\/la-redecouverte-dun-chef-doeuvre-monumental-les-volets-du-grand-orgue-de-la-cathedrale-de-perpignan-22\/#primaryimage","url":"https:\/\/www.locansol.fr\/wp-content\/uploads\/2026\/04\/exposition-perpignan-chef-d-oeuvre-cathedrale.webp","contentUrl":"https:\/\/www.locansol.fr\/wp-content\/uploads\/2026\/04\/exposition-perpignan-chef-d-oeuvre-cathedrale.webp","width":1024,"height":605,"caption":"La red\u00e9couverte d\u2019un chef-d\u2019\u0153uvre \u00e0 Perpignan"},{"@type":"BreadcrumbList","@id":"https:\/\/www.locansol.fr\/evenement\/la-redecouverte-dun-chef-doeuvre-monumental-les-volets-du-grand-orgue-de-la-cathedrale-de-perpignan-22\/#breadcrumb","itemListElement":[{"@type":"ListItem","position":1,"name":"Accueil","item":"https:\/\/www.locansol.fr\/"},{"@type":"ListItem","position":2,"name":"\u00c9v\u00e8nements","item":"https:\/\/www.locansol.fr\/evenements\/"},{"@type":"ListItem","position":3,"name":"\u00ab LA RED\u00c9COUVERTE D\u2019UN CHEF D\u2019\u0152UVRE MONUMENTAL \u00bb : LES VOLETS DU GRAND ORGUE DE LA CATH\u00c9DRALE DE PERPIGNAN"}]},{"@type":"WebSite","@id":"https:\/\/www.locansol.fr\/#website","url":"https:\/\/www.locansol.fr\/","name":"Locansol, louer un h\u00e9bergement dans les Pyr\u00e9n\u00e9es-Orientales","description":"Location Mobil-home Mer M\u00e9diterran\u00e9e &amp; Chalet de Montagne dans les Pyr\u00e9n\u00e9es Orientales (Occitanie, 66). Weekend, s\u00e9jour &amp; vacances en famille et entre amis.","publisher":{"@id":"https:\/\/www.locansol.fr\/#organization"},"alternateName":"Louer un h\u00e9bergement dans les Pyr\u00e9n\u00e9es Orientales, chalet & mobil-home en Occitanie","potentialAction":[{"@type":"SearchAction","target":{"@type":"EntryPoint","urlTemplate":"https:\/\/www.locansol.fr\/?s={search_term_string}"},"query-input":{"@type":"PropertyValueSpecification","valueRequired":true,"valueName":"search_term_string"}}],"inLanguage":"ca"},{"@type":"Organization","@id":"https:\/\/www.locansol.fr\/#organization","name":"Location MobilHome & chalet dans les Pyr\u00e9n\u00e9es Orientales","alternateName":"Louer un h\u00e9bergement dans les Pyr\u00e9n\u00e9es Orientales en Occitanie","url":"https:\/\/www.locansol.fr\/","logo":{"@type":"ImageObject","inLanguage":"ca","@id":"https:\/\/www.locansol.fr\/#\/schema\/logo\/image\/","url":"https:\/\/www.locansol.fr\/wp-content\/uploads\/2024\/04\/AdobeStock_303324767-scaled.jpeg","contentUrl":"https:\/\/www.locansol.fr\/wp-content\/uploads\/2024\/04\/AdobeStock_303324767-scaled.jpeg","width":2560,"height":1707,"caption":"Location MobilHome & chalet dans les Pyr\u00e9n\u00e9es Orientales"},"image":{"@id":"https:\/\/www.locansol.fr\/#\/schema\/logo\/image\/"}}]}},"_links":{"self":[{"href":"https:\/\/www.locansol.fr\/ca\/wp-json\/wp\/v2\/tribe_events\/6416","targetHints":{"allow":["GET"]}}],"collection":[{"href":"https:\/\/www.locansol.fr\/ca\/wp-json\/wp\/v2\/tribe_events"}],"about":[{"href":"https:\/\/www.locansol.fr\/ca\/wp-json\/wp\/v2\/types\/tribe_events"}],"author":[{"embeddable":true,"href":"https:\/\/www.locansol.fr\/ca\/wp-json\/wp\/v2\/users\/5"}],"version-history":[{"count":1,"href":"https:\/\/www.locansol.fr\/ca\/wp-json\/wp\/v2\/tribe_events\/6416\/revisions"}],"predecessor-version":[{"id":6417,"href":"https:\/\/www.locansol.fr\/ca\/wp-json\/wp\/v2\/tribe_events\/6416\/revisions\/6417"}],"wp:featuredmedia":[{"embeddable":true,"href":"https:\/\/www.locansol.fr\/ca\/wp-json\/wp\/v2\/media\/6413"}],"wp:attachment":[{"href":"https:\/\/www.locansol.fr\/ca\/wp-json\/wp\/v2\/media?parent=6416"}],"wp:term":[{"taxonomy":"post_tag","embeddable":true,"href":"https:\/\/www.locansol.fr\/ca\/wp-json\/wp\/v2\/tags?post=6416"},{"taxonomy":"tribe_events_cat","embeddable":true,"href":"https:\/\/www.locansol.fr\/ca\/wp-json\/wp\/v2\/tribe_events_cat?post=6416"}],"curies":[{"name":"wp","href":"https:\/\/api.w.org\/{rel}","templated":true}]}}