{"id":7180,"date":"2026-05-13T20:09:41","date_gmt":"2026-05-13T18:09:41","guid":{"rendered":"https:\/\/www.locansol.fr\/evenement\/la-redecouverte-dun-chef-doeuvre-monumental-les-volets-du-grand-orgue-de-la-cathedrale-de-perpignan-89\/"},"modified":"2026-05-13T20:09:44","modified_gmt":"2026-05-13T18:09:44","slug":"la-redecouverte-dun-chef-doeuvre-monumental-les-volets-du-grand-orgue-de-la-cathedrale-de-perpignan-89","status":"publish","type":"tribe_events","link":"https:\/\/www.locansol.fr\/ca\/evenement\/la-redecouverte-dun-chef-doeuvre-monumental-les-volets-du-grand-orgue-de-la-cathedrale-de-perpignan-89\/","title":{"rendered":"\u00ab LA RED\u00c9COUVERTE D\u2019UN CHEF D\u2019\u0152UVRE MONUMENTAL \u00bb : LES VOLETS DU GRAND ORGUE DE LA CATH\u00c9DRALE DE PERPIGNAN"},"content":{"rendered":"<p>L\u2019exposition \u00ab La red\u00e9couverte d\u2019un chef d\u2019\u0153uvre monumental \u00bb : Les volets du grand orgue de la cath\u00e9drale de Perpignan, qui se tiendra du 24 mars au 31 mai 2026, met en lumi\u00e8re un tr\u00e9sor patrimonial exceptionnel. Situ\u00e9e au 21 Rue Mailly \u00e0 Perpignan, cette exposition invite le public \u00e0 d\u00e9couvrir les volets monumentaux de l\u2019orgue de la cath\u00e9drale Saint-Jean-Baptiste, r\u00e9cemment restaur\u00e9s apr\u00e8s un vaste chantier initi\u00e9 en 2022 par la Direction r\u00e9gionale des affaires culturelles d\u2019Occitanie. Les volets, peints en 1504, sont parmi les ensembles picturaux les plus spectaculaires d\u2019Europe. Mesurant 12,6 m\u00e8tres de haut sur 4,3 m\u00e8tres de large, ces deux ch\u00e2ssis couvrent chacun plus de 83 m\u00b2. Initialement fix\u00e9s sur le buffet de l\u2019orgue, ils se d\u00e9ployaient selon le calendrier liturgique, cr\u00e9ant un dialogue harmonieux entre musique, architecture et image sacr\u00e9e. Peints \u00e0 la d\u00e9trempe sur toile, ils pr\u00e9sentent une riche polychromie sur leur face principale et une grisaille soign\u00e9e sur leur revers. Ce double dispositif visuel renforce leur valeur spirituelle et artistique. Au XIXe si\u00e8cle, les volets ont \u00e9t\u00e9 d\u00e9plac\u00e9s et fix\u00e9s aux murs de la cath\u00e9drale, ce qui a progressivement conduit \u00e0 l\u2019oubli de leur importance. La restauration actuelle, \u00e0 la fois technique, patrimoniale et scientifique, a permis de mieux comprendre leur mise en \u0153uvre et leur histoire mat\u00e9rielle. Cette exposition temporaire au mus\u00e9e Hyacinthe Rigaud offre une occasion unique de voir ces \u0153uvres de pr\u00e8s avant qu\u2019elles ne retrouvent leur emplacement d\u2019origine dans la cath\u00e9drale. L\u2019exposition est un moment rare et privil\u00e9gi\u00e9 pour le public, m\u00ealant d\u00e9couverte, \u00e9merveillement et valorisation du patrimoine. Les visiteurs pourront appr\u00e9cier la qualit\u00e9 artistique, la fonction liturgique originelle et les dimensions monumentales de ces \u0153uvres. Des visites guid\u00e9es sont \u00e9galement propos\u00e9es pour une exp\u00e9rience enrichissante, permettant de comprendre l\u2019histoire et la signification de ces volets. Le tarif d\u2019entr\u00e9e est de 8,00 \u20ac, offrant ainsi une opportunit\u00e9 accessible \u00e0 tous ceux souhaitant s\u2019immerger dans l\u2019histoire et l\u2019art religieux. Cette exposition est une occasion unique de red\u00e9couvrir un chef-d\u2019\u0153uvre monumental et de s\u2019\u00e9merveiller devant la beaut\u00e9 et la richesse de ces peintures g\u00e9antes. En r\u00e9sum\u00e9, l\u2019exposition \u00ab La red\u00e9couverte d\u2019un chef d\u2019\u0153uvre monumental \u00bb est un \u00e9v\u00e9nement culturel incontournable pour les amateurs d\u2019art et de patrimoine, offrant une exp\u00e9rience visuelle et spirituelle unique.<\/p>\n<p><\/p>\n<h3>R\u00e9servez votre h\u00e9bergement dans les Pyr\u00e9n\u00e9es-Orientales :<\/h3>\n<p><b><a href='https:\/\/www.locansol.fr\/ca\/lloguer-mobil-home-mediterrani\/'>Mobil-home Locansol \u00e0 Argel\u00e8s-sur-Mer<\/a><\/b><br \/>Trajet le plus court : 26 km<br \/>Trajet le plus rapide : 31 min<\/p>\n<p><b><a href='https:\/\/www.locansol.fr\/ca\/lloguer-xalet-cerdanya\/'>Chalet Locansol \u00e0 Estavar<\/a><\/b><br \/>Trajet le plus court : 104 km<br \/>Trajet le plus rapide : 1 h 40 min<\/p>","protected":false},"excerpt":{"rendered":"<p>L\u2019exposition \u00ab La red\u00e9couverte d\u2019un chef d\u2019\u0153uvre monumental \u00bb : Les volets du grand orgue de la cath\u00e9drale de Perpignan, qui se tiendra du 24 mars au 31 mai 2026, [&hellip;]<\/p>","protected":false},"author":5,"featured_media":7177,"template":"","meta":{"_yoast_wpseo_focuskw":"\u00ab LA RED\u00c9COUVERTE D\u2019UN CHEF D\u2019\u0152UVRE MONUMENTAL \u00bb : LES VOLETS DU GRAND ORGUE DE LA CATH\u00c9DRALE DE PERPIGNAN","_yoast_wpseo_title":"\u00ab LA RED\u00c9COUVERTE D\u2019UN CHEF D\u2019\u0152UVRE MONUMENTAL \u00bb : LES VOLETS DU GRAND ORGUE DE LA CATH\u00c9DRALE DE PERPIGNAN","_yoast_wpseo_metadesc":"L\u2019exposition \u00ab La red\u00e9couverte d\u2019un chef d\u2019\u0153uvre monumental \u00bb : Les volets du grand orgue de la cath\u00e9drale de Perpignan, qui se tiendra du 24 mars au 31 mai 2026, met en lumi\u00e8re un tr\u00e9sor patrimonial exceptionnel. Situ\u00e9e au 21 Rue Mailly \u00e0 Perpignan, cette exposition invite le public \u00e0 d\u00e9couvrir les volets monumentaux de l\u2019orgue de la cath\u00e9drale Saint-Jean-Baptiste, r\u00e9cemment restaur\u00e9s apr\u00e8s un vaste chantier initi\u00e9 en 2022 par la Direction r\u00e9gionale des affaires culturelles d\u2019Occitanie. Les volets, peints en 1504, sont parmi les ensembles picturaux les plus spectaculaires d\u2019Europe. Mesurant 12,6 m\u00e8tres de haut sur 4,3 m\u00e8tres de large, ces deux ch\u00e2ssis couvrent chacun plus de 83 m\u00b2. Initialement fix\u00e9s sur le buffet de l\u2019orgue, ils se d\u00e9ployaient selon le calendrier liturgique, cr\u00e9ant un dialogue harmonieux entre musique, architecture et image sacr\u00e9e. Peints \u00e0 la d\u00e9trempe sur toile, ils pr\u00e9sentent une riche polychromie sur leur face principale et une grisaille soign\u00e9e sur leur revers. Ce double dispositif visuel renforce leur valeur spirituelle et artistique. Au XIXe si\u00e8cle, les volets ont \u00e9t\u00e9 d\u00e9plac\u00e9s et fix\u00e9s aux murs de la cath\u00e9drale, ce qui a progressivement conduit \u00e0 l\u2019oubli de leur importance. La restauration actuelle, \u00e0 la fois technique, patrimoniale et scientifique, a permis de mieux comprendre leur mise en \u0153uvre et leur histoire mat\u00e9rielle. Cette exposition temporaire au mus\u00e9e Hyacinthe Rigaud offre une occasion unique de voir ces \u0153uvres de pr\u00e8s avant qu\u2019elles ne retrouvent leur emplacement d\u2019origine dans la cath\u00e9drale. L\u2019exposition est un moment rare et privil\u00e9gi\u00e9 pour le public, m\u00ealant d\u00e9couverte, \u00e9merveillement et valorisation du patrimoine. Les visiteurs pourront appr\u00e9cier la qualit\u00e9 artistique, la fonction liturgique originelle et les dimensions monumentales de ces \u0153uvres. Des visites guid\u00e9es sont \u00e9galement propos\u00e9es pour une exp\u00e9rience enrichissante, permettant de comprendre l\u2019histoire et la signification de ces volets. Le tarif d\u2019entr\u00e9e est de 8,00 \u20ac, offrant ainsi une opportunit\u00e9 accessible \u00e0 tous ceux souhaitant s\u2019immerger dans l\u2019histoire et l\u2019art religieux. Cette exposition est une occasion unique de red\u00e9couvrir un chef-d\u2019\u0153uvre monumental et de s\u2019\u00e9merveiller devant la beaut\u00e9 et la richesse de ces peintures g\u00e9antes. En r\u00e9sum\u00e9, l\u2019exposition \u00ab La red\u00e9couverte d\u2019un chef d\u2019\u0153uvre monumental \u00bb est un \u00e9v\u00e9nement culturel incontournable pour les amateurs d\u2019art et de patrimoine, offrant une exp\u00e9rience visuelle et spirituelle unique.","_yoast_wpseo_canonical":"","_yoast_wpseo_opengraph-title":"\u00ab LA RED\u00c9COUVERTE D\u2019UN CHEF D\u2019\u0152UVRE MONUMENTAL \u00bb : LES VOLETS DU GRAND ORGUE DE LA CATH\u00c9DRALE DE PERPIGNAN","_yoast_wpseo_opengraph-description":"L\u2019exposition \u00ab La red\u00e9couverte d\u2019un chef d\u2019\u0153uvre monumental \u00bb : Les volets du grand orgue de la cath\u00e9drale de Perpignan, qui se tiendra du 24 mars au 31 mai 2026, met en lumi\u00e8re un tr\u00e9sor patrimonial exceptionnel. Situ\u00e9e au 21 Rue Mailly \u00e0 Perpignan, cette exposition invite le public \u00e0 d\u00e9couvrir les volets monumentaux de l\u2019orgue de la cath\u00e9drale Saint-Jean-Baptiste, r\u00e9cemment restaur\u00e9s apr\u00e8s un vaste chantier initi\u00e9 en 2022 par la Direction r\u00e9gionale des affaires culturelles d\u2019Occitanie. Les volets, peints en 1504, sont parmi les ensembles picturaux les plus spectaculaires d\u2019Europe. Mesurant 12,6 m\u00e8tres de haut sur 4,3 m\u00e8tres de large, ces deux ch\u00e2ssis couvrent chacun plus de 83 m\u00b2. Initialement fix\u00e9s sur le buffet de l\u2019orgue, ils se d\u00e9ployaient selon le calendrier liturgique, cr\u00e9ant un dialogue harmonieux entre musique, architecture et image sacr\u00e9e. Peints \u00e0 la d\u00e9trempe sur toile, ils pr\u00e9sentent une riche polychromie sur leur face principale et une grisaille soign\u00e9e sur leur revers. Ce double dispositif visuel renforce leur valeur spirituelle et artistique. Au XIXe si\u00e8cle, les volets ont \u00e9t\u00e9 d\u00e9plac\u00e9s et fix\u00e9s aux murs de la cath\u00e9drale, ce qui a progressivement conduit \u00e0 l\u2019oubli de leur importance. La restauration actuelle, \u00e0 la fois technique, patrimoniale et scientifique, a permis de mieux comprendre leur mise en \u0153uvre et leur histoire mat\u00e9rielle. Cette exposition temporaire au mus\u00e9e Hyacinthe Rigaud offre une occasion unique de voir ces \u0153uvres de pr\u00e8s avant qu\u2019elles ne retrouvent leur emplacement d\u2019origine dans la cath\u00e9drale. L\u2019exposition est un moment rare et privil\u00e9gi\u00e9 pour le public, m\u00ealant d\u00e9couverte, \u00e9merveillement et valorisation du patrimoine. Les visiteurs pourront appr\u00e9cier la qualit\u00e9 artistique, la fonction liturgique originelle et les dimensions monumentales de ces \u0153uvres. Des visites guid\u00e9es sont \u00e9galement propos\u00e9es pour une exp\u00e9rience enrichissante, permettant de comprendre l\u2019histoire et la signification de ces volets. Le tarif d\u2019entr\u00e9e est de 8,00 \u20ac, offrant ainsi une opportunit\u00e9 accessible \u00e0 tous ceux souhaitant s\u2019immerger dans l\u2019histoire et l\u2019art religieux. Cette exposition est une occasion unique de red\u00e9couvrir un chef-d\u2019\u0153uvre monumental et de s\u2019\u00e9merveiller devant la beaut\u00e9 et la richesse de ces peintures g\u00e9antes. En r\u00e9sum\u00e9, l\u2019exposition \u00ab La red\u00e9couverte d\u2019un chef d\u2019\u0153uvre monumental \u00bb est un \u00e9v\u00e9nement culturel incontournable pour les amateurs d\u2019art et de patrimoine, offrant une exp\u00e9rience visuelle et spirituelle unique.","_yoast_wpseo_opengraph-image":"https:\/\/www.locansol.fr\/wp-content\/uploads\/2026\/05\/exposition-chef-doeuvre-monumental-perpignan.webp","_yoast_wpseo_opengraph-image-id":"7177","_yoast_wpseo_twitter-title":"\u00ab LA RED\u00c9COUVERTE D\u2019UN CHEF D\u2019\u0152UVRE MONUMENTAL \u00bb : LES VOLETS DU GRAND ORGUE DE LA CATH\u00c9DRALE DE PERPIGNAN","_yoast_wpseo_twitter-description":"L\u2019exposition \u00ab La red\u00e9couverte d\u2019un chef d\u2019\u0153uvre monumental \u00bb : Les volets du grand orgue de la cath\u00e9drale de Perpignan, qui se tiendra du 24 mars au 31 mai 2026, met en lumi\u00e8re un tr\u00e9sor patrimonial exceptionnel. Situ\u00e9e au 21 Rue Mailly \u00e0 Perpignan, cette exposition invite le public \u00e0 d\u00e9couvrir les volets monumentaux de l\u2019orgue de la cath\u00e9drale Saint-Jean-Baptiste, r\u00e9cemment restaur\u00e9s apr\u00e8s un vaste chantier initi\u00e9 en 2022 par la Direction r\u00e9gionale des affaires culturelles d\u2019Occitanie. Les volets, peints en 1504, sont parmi les ensembles picturaux les plus spectaculaires d\u2019Europe. Mesurant 12,6 m\u00e8tres de haut sur 4,3 m\u00e8tres de large, ces deux ch\u00e2ssis couvrent chacun plus de 83 m\u00b2. Initialement fix\u00e9s sur le buffet de l\u2019orgue, ils se d\u00e9ployaient selon le calendrier liturgique, cr\u00e9ant un dialogue harmonieux entre musique, architecture et image sacr\u00e9e. Peints \u00e0 la d\u00e9trempe sur toile, ils pr\u00e9sentent une riche polychromie sur leur face principale et une grisaille soign\u00e9e sur leur revers. Ce double dispositif visuel renforce leur valeur spirituelle et artistique. Au XIXe si\u00e8cle, les volets ont \u00e9t\u00e9 d\u00e9plac\u00e9s et fix\u00e9s aux murs de la cath\u00e9drale, ce qui a progressivement conduit \u00e0 l\u2019oubli de leur importance. La restauration actuelle, \u00e0 la fois technique, patrimoniale et scientifique, a permis de mieux comprendre leur mise en \u0153uvre et leur histoire mat\u00e9rielle. Cette exposition temporaire au mus\u00e9e Hyacinthe Rigaud offre une occasion unique de voir ces \u0153uvres de pr\u00e8s avant qu\u2019elles ne retrouvent leur emplacement d\u2019origine dans la cath\u00e9drale. L\u2019exposition est un moment rare et privil\u00e9gi\u00e9 pour le public, m\u00ealant d\u00e9couverte, \u00e9merveillement et valorisation du patrimoine. Les visiteurs pourront appr\u00e9cier la qualit\u00e9 artistique, la fonction liturgique originelle et les dimensions monumentales de ces \u0153uvres. Des visites guid\u00e9es sont \u00e9galement propos\u00e9es pour une exp\u00e9rience enrichissante, permettant de comprendre l\u2019histoire et la signification de ces volets. Le tarif d\u2019entr\u00e9e est de 8,00 \u20ac, offrant ainsi une opportunit\u00e9 accessible \u00e0 tous ceux souhaitant s\u2019immerger dans l\u2019histoire et l\u2019art religieux. Cette exposition est une occasion unique de red\u00e9couvrir un chef-d\u2019\u0153uvre monumental et de s\u2019\u00e9merveiller devant la beaut\u00e9 et la richesse de ces peintures g\u00e9antes. En r\u00e9sum\u00e9, l\u2019exposition \u00ab La red\u00e9couverte d\u2019un chef d\u2019\u0153uvre monumental \u00bb est un \u00e9v\u00e9nement culturel incontournable pour les amateurs d\u2019art et de patrimoine, offrant une exp\u00e9rience visuelle et spirituelle unique.","_yoast_wpseo_twitter-image":"https:\/\/www.locansol.fr\/wp-content\/uploads\/2026\/05\/exposition-chef-doeuvre-monumental-perpignan.webp","_yoast_wpseo_twitter-image-id":"7177}","yoast_primary_category":"Exposition","_tribe_events_status":"","_tribe_events_status_reason":"","_tribe_events_is_hybrid":"","_tribe_events_is_virtual":"","_tribe_events_virtual_video_source":"","_tribe_events_virtual_embed_video":"","_tribe_events_virtual_linked_button_text":"","_tribe_events_virtual_linked_button":"","_tribe_events_virtual_show_embed_at":"","_tribe_events_virtual_show_embed_to":[],"_tribe_events_virtual_show_on_event":"","_tribe_events_virtual_show_on_views":"","_tribe_events_virtual_url":"","footnotes":""},"tags":[66,76],"tribe_events_cat":[138,90,160,169],"class_list":["post-7180","tribe_events","type-tribe_events","status-publish","has-post-thumbnail","hentry","tag-evenement-culturel","tag-pyrenees-orientales","tribe_events_cat-evenement-culturel","tribe_events_cat-exposition","tribe_events_cat-peinture","tribe_events_cat-pyrenees-orientales","cat_evenement-culturel","cat_exposition","cat_peinture","cat_pyrenees-orientales"],"yoast_head":"<!-- This site is optimized with the Yoast SEO Premium plugin v23.3 (Yoast SEO v27.7) - https:\/\/yoast.com\/product\/yoast-seo-premium-wordpress\/ -->\n<title>\u00ab LA RED\u00c9COUVERTE D\u2019UN CHEF D\u2019\u0152UVRE MONUMENTAL \u00bb : LES VOLETS DU GRAND ORGUE DE LA CATH\u00c9DRALE DE PERPIGNAN<\/title>\n<meta name=\"description\" content=\"L\u2019exposition \u00ab La red\u00e9couverte d\u2019un chef d\u2019\u0153uvre monumental \u00bb : Les volets du grand orgue de la cath\u00e9drale de Perpignan, qui se tiendra du 24 mars au 31 mai 2026, met en lumi\u00e8re un tr\u00e9sor patrimonial exceptionnel. Situ\u00e9e au 21 Rue Mailly \u00e0 Perpignan, cette exposition invite le public \u00e0 d\u00e9couvrir les volets monumentaux de l\u2019orgue de la cath\u00e9drale Saint-Jean-Baptiste, r\u00e9cemment restaur\u00e9s apr\u00e8s un vaste chantier initi\u00e9 en 2022 par la Direction r\u00e9gionale des affaires culturelles d\u2019Occitanie. Les volets, peints en 1504, sont parmi les ensembles picturaux les plus spectaculaires d\u2019Europe. Mesurant 12,6 m\u00e8tres de haut sur 4,3 m\u00e8tres de large, ces deux ch\u00e2ssis couvrent chacun plus de 83 m\u00b2. Initialement fix\u00e9s sur le buffet de l\u2019orgue, ils se d\u00e9ployaient selon le calendrier liturgique, cr\u00e9ant un dialogue harmonieux entre musique, architecture et image sacr\u00e9e. Peints \u00e0 la d\u00e9trempe sur toile, ils pr\u00e9sentent une riche polychromie sur leur face principale et une grisaille soign\u00e9e sur leur revers. Ce double dispositif visuel renforce leur valeur spirituelle et artistique. Au XIXe si\u00e8cle, les volets ont \u00e9t\u00e9 d\u00e9plac\u00e9s et fix\u00e9s aux murs de la cath\u00e9drale, ce qui a progressivement conduit \u00e0 l\u2019oubli de leur importance. La restauration actuelle, \u00e0 la fois technique, patrimoniale et scientifique, a permis de mieux comprendre leur mise en \u0153uvre et leur histoire mat\u00e9rielle. Cette exposition temporaire au mus\u00e9e Hyacinthe Rigaud offre une occasion unique de voir ces \u0153uvres de pr\u00e8s avant qu\u2019elles ne retrouvent leur emplacement d\u2019origine dans la cath\u00e9drale. L\u2019exposition est un moment rare et privil\u00e9gi\u00e9 pour le public, m\u00ealant d\u00e9couverte, \u00e9merveillement et valorisation du patrimoine. Les visiteurs pourront appr\u00e9cier la qualit\u00e9 artistique, la fonction liturgique originelle et les dimensions monumentales de ces \u0153uvres. Des visites guid\u00e9es sont \u00e9galement propos\u00e9es pour une exp\u00e9rience enrichissante, permettant de comprendre l\u2019histoire et la signification de ces volets. Le tarif d\u2019entr\u00e9e est de 8,00 \u20ac, offrant ainsi une opportunit\u00e9 accessible \u00e0 tous ceux souhaitant s\u2019immerger dans l\u2019histoire et l\u2019art religieux. Cette exposition est une occasion unique de red\u00e9couvrir un chef-d\u2019\u0153uvre monumental et de s\u2019\u00e9merveiller devant la beaut\u00e9 et la richesse de ces peintures g\u00e9antes. En r\u00e9sum\u00e9, l\u2019exposition \u00ab La red\u00e9couverte d\u2019un chef d\u2019\u0153uvre monumental \u00bb est un \u00e9v\u00e9nement culturel incontournable pour les amateurs d\u2019art et de patrimoine, offrant une exp\u00e9rience visuelle et spirituelle unique.\" \/>\n<meta name=\"robots\" content=\"index, follow, max-snippet:-1, max-image-preview:large, max-video-preview:-1\" \/>\n<link rel=\"canonical\" href=\"https:\/\/www.locansol.fr\/ca\/evenement\/la-redecouverte-dun-chef-doeuvre-monumental-les-volets-du-grand-orgue-de-la-cathedrale-de-perpignan-89\/\" \/>\n<meta property=\"og:locale\" content=\"ca_ES\" \/>\n<meta property=\"og:type\" content=\"article\" \/>\n<meta property=\"og:title\" content=\"\u00ab LA RED\u00c9COUVERTE D\u2019UN CHEF D\u2019\u0152UVRE MONUMENTAL \u00bb : LES VOLETS DU GRAND ORGUE DE LA CATH\u00c9DRALE DE PERPIGNAN\" \/>\n<meta property=\"og:description\" content=\"L\u2019exposition \u00ab La red\u00e9couverte d\u2019un chef d\u2019\u0153uvre monumental \u00bb : Les volets du grand orgue de la cath\u00e9drale de Perpignan, qui se tiendra du 24 mars au 31 mai 2026, met en lumi\u00e8re un tr\u00e9sor patrimonial exceptionnel. Situ\u00e9e au 21 Rue Mailly \u00e0 Perpignan, cette exposition invite le public \u00e0 d\u00e9couvrir les volets monumentaux de l\u2019orgue de la cath\u00e9drale Saint-Jean-Baptiste, r\u00e9cemment restaur\u00e9s apr\u00e8s un vaste chantier initi\u00e9 en 2022 par la Direction r\u00e9gionale des affaires culturelles d\u2019Occitanie. Les volets, peints en 1504, sont parmi les ensembles picturaux les plus spectaculaires d\u2019Europe. Mesurant 12,6 m\u00e8tres de haut sur 4,3 m\u00e8tres de large, ces deux ch\u00e2ssis couvrent chacun plus de 83 m\u00b2. Initialement fix\u00e9s sur le buffet de l\u2019orgue, ils se d\u00e9ployaient selon le calendrier liturgique, cr\u00e9ant un dialogue harmonieux entre musique, architecture et image sacr\u00e9e. Peints \u00e0 la d\u00e9trempe sur toile, ils pr\u00e9sentent une riche polychromie sur leur face principale et une grisaille soign\u00e9e sur leur revers. Ce double dispositif visuel renforce leur valeur spirituelle et artistique. Au XIXe si\u00e8cle, les volets ont \u00e9t\u00e9 d\u00e9plac\u00e9s et fix\u00e9s aux murs de la cath\u00e9drale, ce qui a progressivement conduit \u00e0 l\u2019oubli de leur importance. La restauration actuelle, \u00e0 la fois technique, patrimoniale et scientifique, a permis de mieux comprendre leur mise en \u0153uvre et leur histoire mat\u00e9rielle. Cette exposition temporaire au mus\u00e9e Hyacinthe Rigaud offre une occasion unique de voir ces \u0153uvres de pr\u00e8s avant qu\u2019elles ne retrouvent leur emplacement d\u2019origine dans la cath\u00e9drale. L\u2019exposition est un moment rare et privil\u00e9gi\u00e9 pour le public, m\u00ealant d\u00e9couverte, \u00e9merveillement et valorisation du patrimoine. Les visiteurs pourront appr\u00e9cier la qualit\u00e9 artistique, la fonction liturgique originelle et les dimensions monumentales de ces \u0153uvres. Des visites guid\u00e9es sont \u00e9galement propos\u00e9es pour une exp\u00e9rience enrichissante, permettant de comprendre l\u2019histoire et la signification de ces volets. Le tarif d\u2019entr\u00e9e est de 8,00 \u20ac, offrant ainsi une opportunit\u00e9 accessible \u00e0 tous ceux souhaitant s\u2019immerger dans l\u2019histoire et l\u2019art religieux. Cette exposition est une occasion unique de red\u00e9couvrir un chef-d\u2019\u0153uvre monumental et de s\u2019\u00e9merveiller devant la beaut\u00e9 et la richesse de ces peintures g\u00e9antes. En r\u00e9sum\u00e9, l\u2019exposition \u00ab La red\u00e9couverte d\u2019un chef d\u2019\u0153uvre monumental \u00bb est un \u00e9v\u00e9nement culturel incontournable pour les amateurs d\u2019art et de patrimoine, offrant une exp\u00e9rience visuelle et spirituelle unique.\" \/>\n<meta property=\"og:url\" content=\"https:\/\/www.locansol.fr\/ca\/evenement\/la-redecouverte-dun-chef-doeuvre-monumental-les-volets-du-grand-orgue-de-la-cathedrale-de-perpignan-89\/\" \/>\n<meta property=\"og:site_name\" content=\"Locansol, louer un h\u00e9bergement dans les Pyr\u00e9n\u00e9es Orientales\" \/>\n<meta property=\"article:modified_time\" content=\"2026-05-13T18:09:44+00:00\" \/>\n<meta property=\"og:image\" content=\"https:\/\/www.locansol.fr\/wp-content\/uploads\/2026\/05\/exposition-chef-doeuvre-monumental-perpignan.webp\" \/>\n\t<meta property=\"og:image:width\" content=\"1024\" \/>\n\t<meta property=\"og:image:height\" content=\"605\" \/>\n\t<meta property=\"og:image:type\" content=\"image\/webp\" \/>\n<meta name=\"twitter:card\" content=\"summary_large_image\" \/>\n<meta name=\"twitter:title\" content=\"\u00ab LA RED\u00c9COUVERTE D\u2019UN CHEF D\u2019\u0152UVRE MONUMENTAL \u00bb : LES VOLETS DU GRAND ORGUE DE LA CATH\u00c9DRALE DE PERPIGNAN\" \/>\n<meta name=\"twitter:description\" content=\"L\u2019exposition \u00ab La red\u00e9couverte d\u2019un chef d\u2019\u0153uvre monumental \u00bb : Les volets du grand orgue de la cath\u00e9drale de Perpignan, qui se tiendra du 24 mars au 31 mai 2026, met en lumi\u00e8re un tr\u00e9sor patrimonial exceptionnel. Situ\u00e9e au 21 Rue Mailly \u00e0 Perpignan, cette exposition invite le public \u00e0 d\u00e9couvrir les volets monumentaux de l\u2019orgue de la cath\u00e9drale Saint-Jean-Baptiste, r\u00e9cemment restaur\u00e9s apr\u00e8s un vaste chantier initi\u00e9 en 2022 par la Direction r\u00e9gionale des affaires culturelles d\u2019Occitanie. Les volets, peints en 1504, sont parmi les ensembles picturaux les plus spectaculaires d\u2019Europe. Mesurant 12,6 m\u00e8tres de haut sur 4,3 m\u00e8tres de large, ces deux ch\u00e2ssis couvrent chacun plus de 83 m\u00b2. Initialement fix\u00e9s sur le buffet de l\u2019orgue, ils se d\u00e9ployaient selon le calendrier liturgique, cr\u00e9ant un dialogue harmonieux entre musique, architecture et image sacr\u00e9e. Peints \u00e0 la d\u00e9trempe sur toile, ils pr\u00e9sentent une riche polychromie sur leur face principale et une grisaille soign\u00e9e sur leur revers. Ce double dispositif visuel renforce leur valeur spirituelle et artistique. Au XIXe si\u00e8cle, les volets ont \u00e9t\u00e9 d\u00e9plac\u00e9s et fix\u00e9s aux murs de la cath\u00e9drale, ce qui a progressivement conduit \u00e0 l\u2019oubli de leur importance. La restauration actuelle, \u00e0 la fois technique, patrimoniale et scientifique, a permis de mieux comprendre leur mise en \u0153uvre et leur histoire mat\u00e9rielle. Cette exposition temporaire au mus\u00e9e Hyacinthe Rigaud offre une occasion unique de voir ces \u0153uvres de pr\u00e8s avant qu\u2019elles ne retrouvent leur emplacement d\u2019origine dans la cath\u00e9drale. L\u2019exposition est un moment rare et privil\u00e9gi\u00e9 pour le public, m\u00ealant d\u00e9couverte, \u00e9merveillement et valorisation du patrimoine. Les visiteurs pourront appr\u00e9cier la qualit\u00e9 artistique, la fonction liturgique originelle et les dimensions monumentales de ces \u0153uvres. Des visites guid\u00e9es sont \u00e9galement propos\u00e9es pour une exp\u00e9rience enrichissante, permettant de comprendre l\u2019histoire et la signification de ces volets. Le tarif d\u2019entr\u00e9e est de 8,00 \u20ac, offrant ainsi une opportunit\u00e9 accessible \u00e0 tous ceux souhaitant s\u2019immerger dans l\u2019histoire et l\u2019art religieux. Cette exposition est une occasion unique de red\u00e9couvrir un chef-d\u2019\u0153uvre monumental et de s\u2019\u00e9merveiller devant la beaut\u00e9 et la richesse de ces peintures g\u00e9antes. En r\u00e9sum\u00e9, l\u2019exposition \u00ab La red\u00e9couverte d\u2019un chef d\u2019\u0153uvre monumental \u00bb est un \u00e9v\u00e9nement culturel incontournable pour les amateurs d\u2019art et de patrimoine, offrant une exp\u00e9rience visuelle et spirituelle unique.\" \/>\n<meta name=\"twitter:image\" content=\"https:\/\/www.locansol.fr\/wp-content\/uploads\/2026\/05\/exposition-chef-doeuvre-monumental-perpignan.webp\" \/>\n<meta name=\"twitter:label1\" content=\"Temps estimat de lectura\" \/>\n\t<meta name=\"twitter:data1\" content=\"2 minuts\" \/>\n<script type=\"application\/ld+json\" class=\"yoast-schema-graph\">{\"@context\":\"https:\\\/\\\/schema.org\",\"@graph\":[{\"@type\":\"WebPage\",\"@id\":\"https:\\\/\\\/www.locansol.fr\\\/evenement\\\/la-redecouverte-dun-chef-doeuvre-monumental-les-volets-du-grand-orgue-de-la-cathedrale-de-perpignan-89\\\/\",\"url\":\"https:\\\/\\\/www.locansol.fr\\\/evenement\\\/la-redecouverte-dun-chef-doeuvre-monumental-les-volets-du-grand-orgue-de-la-cathedrale-de-perpignan-89\\\/\",\"name\":\"\u00ab LA RED\u00c9COUVERTE D\u2019UN CHEF D\u2019\u0152UVRE MONUMENTAL \u00bb : LES VOLETS DU GRAND ORGUE DE LA CATH\u00c9DRALE DE PERPIGNAN\",\"isPartOf\":{\"@id\":\"https:\\\/\\\/www.locansol.fr\\\/#website\"},\"primaryImageOfPage\":{\"@id\":\"https:\\\/\\\/www.locansol.fr\\\/evenement\\\/la-redecouverte-dun-chef-doeuvre-monumental-les-volets-du-grand-orgue-de-la-cathedrale-de-perpignan-89\\\/#primaryimage\"},\"image\":{\"@id\":\"https:\\\/\\\/www.locansol.fr\\\/evenement\\\/la-redecouverte-dun-chef-doeuvre-monumental-les-volets-du-grand-orgue-de-la-cathedrale-de-perpignan-89\\\/#primaryimage\"},\"thumbnailUrl\":\"https:\\\/\\\/www.locansol.fr\\\/wp-content\\\/uploads\\\/2026\\\/05\\\/exposition-chef-doeuvre-monumental-perpignan.webp\",\"datePublished\":\"2026-05-13T18:09:41+00:00\",\"dateModified\":\"2026-05-13T18:09:44+00:00\",\"description\":\"L\u2019exposition \u00ab La red\u00e9couverte d\u2019un chef d\u2019\u0153uvre monumental \u00bb : Les volets du grand orgue de la cath\u00e9drale de Perpignan, qui se tiendra du 24 mars au 31 mai 2026, met en lumi\u00e8re un tr\u00e9sor patrimonial exceptionnel. Situ\u00e9e au 21 Rue Mailly \u00e0 Perpignan, cette exposition invite le public \u00e0 d\u00e9couvrir les volets monumentaux de l\u2019orgue de la cath\u00e9drale Saint-Jean-Baptiste, r\u00e9cemment restaur\u00e9s apr\u00e8s un vaste chantier initi\u00e9 en 2022 par la Direction r\u00e9gionale des affaires culturelles d\u2019Occitanie. Les volets, peints en 1504, sont parmi les ensembles picturaux les plus spectaculaires d\u2019Europe. Mesurant 12,6 m\u00e8tres de haut sur 4,3 m\u00e8tres de large, ces deux ch\u00e2ssis couvrent chacun plus de 83 m\u00b2. Initialement fix\u00e9s sur le buffet de l\u2019orgue, ils se d\u00e9ployaient selon le calendrier liturgique, cr\u00e9ant un dialogue harmonieux entre musique, architecture et image sacr\u00e9e. Peints \u00e0 la d\u00e9trempe sur toile, ils pr\u00e9sentent une riche polychromie sur leur face principale et une grisaille soign\u00e9e sur leur revers. Ce double dispositif visuel renforce leur valeur spirituelle et artistique. Au XIXe si\u00e8cle, les volets ont \u00e9t\u00e9 d\u00e9plac\u00e9s et fix\u00e9s aux murs de la cath\u00e9drale, ce qui a progressivement conduit \u00e0 l\u2019oubli de leur importance. La restauration actuelle, \u00e0 la fois technique, patrimoniale et scientifique, a permis de mieux comprendre leur mise en \u0153uvre et leur histoire mat\u00e9rielle. Cette exposition temporaire au mus\u00e9e Hyacinthe Rigaud offre une occasion unique de voir ces \u0153uvres de pr\u00e8s avant qu\u2019elles ne retrouvent leur emplacement d\u2019origine dans la cath\u00e9drale. L\u2019exposition est un moment rare et privil\u00e9gi\u00e9 pour le public, m\u00ealant d\u00e9couverte, \u00e9merveillement et valorisation du patrimoine. Les visiteurs pourront appr\u00e9cier la qualit\u00e9 artistique, la fonction liturgique originelle et les dimensions monumentales de ces \u0153uvres. Des visites guid\u00e9es sont \u00e9galement propos\u00e9es pour une exp\u00e9rience enrichissante, permettant de comprendre l\u2019histoire et la signification de ces volets. Le tarif d\u2019entr\u00e9e est de 8,00 \u20ac, offrant ainsi une opportunit\u00e9 accessible \u00e0 tous ceux souhaitant s\u2019immerger dans l\u2019histoire et l\u2019art religieux. Cette exposition est une occasion unique de red\u00e9couvrir un chef-d\u2019\u0153uvre monumental et de s\u2019\u00e9merveiller devant la beaut\u00e9 et la richesse de ces peintures g\u00e9antes. En r\u00e9sum\u00e9, l\u2019exposition \u00ab La red\u00e9couverte d\u2019un chef d\u2019\u0153uvre monumental \u00bb est un \u00e9v\u00e9nement culturel incontournable pour les amateurs d\u2019art et de patrimoine, offrant une exp\u00e9rience visuelle et spirituelle unique.\",\"breadcrumb\":{\"@id\":\"https:\\\/\\\/www.locansol.fr\\\/evenement\\\/la-redecouverte-dun-chef-doeuvre-monumental-les-volets-du-grand-orgue-de-la-cathedrale-de-perpignan-89\\\/#breadcrumb\"},\"inLanguage\":\"ca\",\"potentialAction\":[{\"@type\":\"ReadAction\",\"target\":[\"https:\\\/\\\/www.locansol.fr\\\/evenement\\\/la-redecouverte-dun-chef-doeuvre-monumental-les-volets-du-grand-orgue-de-la-cathedrale-de-perpignan-89\\\/\"]}]},{\"@type\":\"ImageObject\",\"inLanguage\":\"ca\",\"@id\":\"https:\\\/\\\/www.locansol.fr\\\/evenement\\\/la-redecouverte-dun-chef-doeuvre-monumental-les-volets-du-grand-orgue-de-la-cathedrale-de-perpignan-89\\\/#primaryimage\",\"url\":\"https:\\\/\\\/www.locansol.fr\\\/wp-content\\\/uploads\\\/2026\\\/05\\\/exposition-chef-doeuvre-monumental-perpignan.webp\",\"contentUrl\":\"https:\\\/\\\/www.locansol.fr\\\/wp-content\\\/uploads\\\/2026\\\/05\\\/exposition-chef-doeuvre-monumental-perpignan.webp\",\"width\":1024,\"height\":605,\"caption\":\"La red\u00e9couverte d\u2019un chef-d'\u0153uvre monumental \u00e0 Perpignan en 2026\"},{\"@type\":\"BreadcrumbList\",\"@id\":\"https:\\\/\\\/www.locansol.fr\\\/evenement\\\/la-redecouverte-dun-chef-doeuvre-monumental-les-volets-du-grand-orgue-de-la-cathedrale-de-perpignan-89\\\/#breadcrumb\",\"itemListElement\":[{\"@type\":\"ListItem\",\"position\":1,\"name\":\"Accueil\",\"item\":\"https:\\\/\\\/www.locansol.fr\\\/\"},{\"@type\":\"ListItem\",\"position\":2,\"name\":\"\u00c9v\u00e8nements\",\"item\":\"https:\\\/\\\/www.locansol.fr\\\/evenements\\\/\"},{\"@type\":\"ListItem\",\"position\":3,\"name\":\"\u00ab LA RED\u00c9COUVERTE D\u2019UN CHEF D\u2019\u0152UVRE MONUMENTAL \u00bb : LES VOLETS DU GRAND ORGUE DE LA CATH\u00c9DRALE DE PERPIGNAN\"}]},{\"@type\":\"WebSite\",\"@id\":\"https:\\\/\\\/www.locansol.fr\\\/#website\",\"url\":\"https:\\\/\\\/www.locansol.fr\\\/\",\"name\":\"Locansol, louer un h\u00e9bergement dans les Pyr\u00e9n\u00e9es-Orientales\",\"description\":\"Location Mobil-home Mer M\u00e9diterran\u00e9e &amp; Chalet de Montagne dans les Pyr\u00e9n\u00e9es Orientales (Occitanie, 66). Weekend, s\u00e9jour &amp; vacances en famille et entre amis.\",\"publisher\":{\"@id\":\"https:\\\/\\\/www.locansol.fr\\\/#organization\"},\"alternateName\":\"Louer un h\u00e9bergement dans les Pyr\u00e9n\u00e9es Orientales, chalet & mobil-home en Occitanie\",\"potentialAction\":[{\"@type\":\"SearchAction\",\"target\":{\"@type\":\"EntryPoint\",\"urlTemplate\":\"https:\\\/\\\/www.locansol.fr\\\/?s={search_term_string}\"},\"query-input\":{\"@type\":\"PropertyValueSpecification\",\"valueRequired\":true,\"valueName\":\"search_term_string\"}}],\"inLanguage\":\"ca\"},{\"@type\":\"Organization\",\"@id\":\"https:\\\/\\\/www.locansol.fr\\\/#organization\",\"name\":\"Location MobilHome & chalet dans les Pyr\u00e9n\u00e9es Orientales\",\"alternateName\":\"Louer un h\u00e9bergement dans les Pyr\u00e9n\u00e9es Orientales en Occitanie\",\"url\":\"https:\\\/\\\/www.locansol.fr\\\/\",\"logo\":{\"@type\":\"ImageObject\",\"inLanguage\":\"ca\",\"@id\":\"https:\\\/\\\/www.locansol.fr\\\/#\\\/schema\\\/logo\\\/image\\\/\",\"url\":\"https:\\\/\\\/www.locansol.fr\\\/wp-content\\\/uploads\\\/2024\\\/04\\\/AdobeStock_303324767-scaled.jpeg\",\"contentUrl\":\"https:\\\/\\\/www.locansol.fr\\\/wp-content\\\/uploads\\\/2024\\\/04\\\/AdobeStock_303324767-scaled.jpeg\",\"width\":2560,\"height\":1707,\"caption\":\"Location MobilHome & chalet dans les Pyr\u00e9n\u00e9es Orientales\"},\"image\":{\"@id\":\"https:\\\/\\\/www.locansol.fr\\\/#\\\/schema\\\/logo\\\/image\\\/\"}}]}<\/script>\n<!-- \/ Yoast SEO Premium plugin. -->","yoast_head_json":{"title":"\u00ab LA RED\u00c9COUVERTE D\u2019UN CHEF D\u2019\u0152UVRE MONUMENTAL \u00bb : LES VOLETS DU GRAND ORGUE DE LA CATH\u00c9DRALE DE PERPIGNAN","description":"L\u2019exposition \u00ab La red\u00e9couverte d\u2019un chef d\u2019\u0153uvre monumental \u00bb : Les volets du grand orgue de la cath\u00e9drale de Perpignan, qui se tiendra du 24 mars au 31 mai 2026, met en lumi\u00e8re un tr\u00e9sor patrimonial exceptionnel. Situ\u00e9e au 21 Rue Mailly \u00e0 Perpignan, cette exposition invite le public \u00e0 d\u00e9couvrir les volets monumentaux de l\u2019orgue de la cath\u00e9drale Saint-Jean-Baptiste, r\u00e9cemment restaur\u00e9s apr\u00e8s un vaste chantier initi\u00e9 en 2022 par la Direction r\u00e9gionale des affaires culturelles d\u2019Occitanie. Les volets, peints en 1504, sont parmi les ensembles picturaux les plus spectaculaires d\u2019Europe. Mesurant 12,6 m\u00e8tres de haut sur 4,3 m\u00e8tres de large, ces deux ch\u00e2ssis couvrent chacun plus de 83 m\u00b2. Initialement fix\u00e9s sur le buffet de l\u2019orgue, ils se d\u00e9ployaient selon le calendrier liturgique, cr\u00e9ant un dialogue harmonieux entre musique, architecture et image sacr\u00e9e. Peints \u00e0 la d\u00e9trempe sur toile, ils pr\u00e9sentent une riche polychromie sur leur face principale et une grisaille soign\u00e9e sur leur revers. Ce double dispositif visuel renforce leur valeur spirituelle et artistique. Au XIXe si\u00e8cle, les volets ont \u00e9t\u00e9 d\u00e9plac\u00e9s et fix\u00e9s aux murs de la cath\u00e9drale, ce qui a progressivement conduit \u00e0 l\u2019oubli de leur importance. La restauration actuelle, \u00e0 la fois technique, patrimoniale et scientifique, a permis de mieux comprendre leur mise en \u0153uvre et leur histoire mat\u00e9rielle. Cette exposition temporaire au mus\u00e9e Hyacinthe Rigaud offre une occasion unique de voir ces \u0153uvres de pr\u00e8s avant qu\u2019elles ne retrouvent leur emplacement d\u2019origine dans la cath\u00e9drale. L\u2019exposition est un moment rare et privil\u00e9gi\u00e9 pour le public, m\u00ealant d\u00e9couverte, \u00e9merveillement et valorisation du patrimoine. Les visiteurs pourront appr\u00e9cier la qualit\u00e9 artistique, la fonction liturgique originelle et les dimensions monumentales de ces \u0153uvres. Des visites guid\u00e9es sont \u00e9galement propos\u00e9es pour une exp\u00e9rience enrichissante, permettant de comprendre l\u2019histoire et la signification de ces volets. Le tarif d\u2019entr\u00e9e est de 8,00 \u20ac, offrant ainsi une opportunit\u00e9 accessible \u00e0 tous ceux souhaitant s\u2019immerger dans l\u2019histoire et l\u2019art religieux. Cette exposition est une occasion unique de red\u00e9couvrir un chef-d\u2019\u0153uvre monumental et de s\u2019\u00e9merveiller devant la beaut\u00e9 et la richesse de ces peintures g\u00e9antes. En r\u00e9sum\u00e9, l\u2019exposition \u00ab La red\u00e9couverte d\u2019un chef d\u2019\u0153uvre monumental \u00bb est un \u00e9v\u00e9nement culturel incontournable pour les amateurs d\u2019art et de patrimoine, offrant une exp\u00e9rience visuelle et spirituelle unique.","robots":{"index":"index","follow":"follow","max-snippet":"max-snippet:-1","max-image-preview":"max-image-preview:large","max-video-preview":"max-video-preview:-1"},"canonical":"https:\/\/www.locansol.fr\/ca\/evenement\/la-redecouverte-dun-chef-doeuvre-monumental-les-volets-du-grand-orgue-de-la-cathedrale-de-perpignan-89\/","og_locale":"ca_ES","og_type":"article","og_title":"\u00ab LA RED\u00c9COUVERTE D\u2019UN CHEF D\u2019\u0152UVRE MONUMENTAL \u00bb : LES VOLETS DU GRAND ORGUE DE LA CATH\u00c9DRALE DE PERPIGNAN","og_description":"L\u2019exposition \u00ab La red\u00e9couverte d\u2019un chef d\u2019\u0153uvre monumental \u00bb : Les volets du grand orgue de la cath\u00e9drale de Perpignan, qui se tiendra du 24 mars au 31 mai 2026, met en lumi\u00e8re un tr\u00e9sor patrimonial exceptionnel. Situ\u00e9e au 21 Rue Mailly \u00e0 Perpignan, cette exposition invite le public \u00e0 d\u00e9couvrir les volets monumentaux de l\u2019orgue de la cath\u00e9drale Saint-Jean-Baptiste, r\u00e9cemment restaur\u00e9s apr\u00e8s un vaste chantier initi\u00e9 en 2022 par la Direction r\u00e9gionale des affaires culturelles d\u2019Occitanie. Les volets, peints en 1504, sont parmi les ensembles picturaux les plus spectaculaires d\u2019Europe. Mesurant 12,6 m\u00e8tres de haut sur 4,3 m\u00e8tres de large, ces deux ch\u00e2ssis couvrent chacun plus de 83 m\u00b2. Initialement fix\u00e9s sur le buffet de l\u2019orgue, ils se d\u00e9ployaient selon le calendrier liturgique, cr\u00e9ant un dialogue harmonieux entre musique, architecture et image sacr\u00e9e. Peints \u00e0 la d\u00e9trempe sur toile, ils pr\u00e9sentent une riche polychromie sur leur face principale et une grisaille soign\u00e9e sur leur revers. Ce double dispositif visuel renforce leur valeur spirituelle et artistique. Au XIXe si\u00e8cle, les volets ont \u00e9t\u00e9 d\u00e9plac\u00e9s et fix\u00e9s aux murs de la cath\u00e9drale, ce qui a progressivement conduit \u00e0 l\u2019oubli de leur importance. La restauration actuelle, \u00e0 la fois technique, patrimoniale et scientifique, a permis de mieux comprendre leur mise en \u0153uvre et leur histoire mat\u00e9rielle. Cette exposition temporaire au mus\u00e9e Hyacinthe Rigaud offre une occasion unique de voir ces \u0153uvres de pr\u00e8s avant qu\u2019elles ne retrouvent leur emplacement d\u2019origine dans la cath\u00e9drale. L\u2019exposition est un moment rare et privil\u00e9gi\u00e9 pour le public, m\u00ealant d\u00e9couverte, \u00e9merveillement et valorisation du patrimoine. Les visiteurs pourront appr\u00e9cier la qualit\u00e9 artistique, la fonction liturgique originelle et les dimensions monumentales de ces \u0153uvres. Des visites guid\u00e9es sont \u00e9galement propos\u00e9es pour une exp\u00e9rience enrichissante, permettant de comprendre l\u2019histoire et la signification de ces volets. Le tarif d\u2019entr\u00e9e est de 8,00 \u20ac, offrant ainsi une opportunit\u00e9 accessible \u00e0 tous ceux souhaitant s\u2019immerger dans l\u2019histoire et l\u2019art religieux. Cette exposition est une occasion unique de red\u00e9couvrir un chef-d\u2019\u0153uvre monumental et de s\u2019\u00e9merveiller devant la beaut\u00e9 et la richesse de ces peintures g\u00e9antes. En r\u00e9sum\u00e9, l\u2019exposition \u00ab La red\u00e9couverte d\u2019un chef d\u2019\u0153uvre monumental \u00bb est un \u00e9v\u00e9nement culturel incontournable pour les amateurs d\u2019art et de patrimoine, offrant une exp\u00e9rience visuelle et spirituelle unique.","og_url":"https:\/\/www.locansol.fr\/ca\/evenement\/la-redecouverte-dun-chef-doeuvre-monumental-les-volets-du-grand-orgue-de-la-cathedrale-de-perpignan-89\/","og_site_name":"Locansol, louer un h\u00e9bergement dans les Pyr\u00e9n\u00e9es Orientales","article_modified_time":"2026-05-13T18:09:44+00:00","og_image":[{"width":1024,"height":605,"url":"https:\/\/www.locansol.fr\/wp-content\/uploads\/2026\/05\/exposition-chef-doeuvre-monumental-perpignan.webp","type":"image\/webp"}],"twitter_card":"summary_large_image","twitter_title":"\u00ab LA RED\u00c9COUVERTE D\u2019UN CHEF D\u2019\u0152UVRE MONUMENTAL \u00bb : LES VOLETS DU GRAND ORGUE DE LA CATH\u00c9DRALE DE PERPIGNAN","twitter_description":"L\u2019exposition \u00ab La red\u00e9couverte d\u2019un chef d\u2019\u0153uvre monumental \u00bb : Les volets du grand orgue de la cath\u00e9drale de Perpignan, qui se tiendra du 24 mars au 31 mai 2026, met en lumi\u00e8re un tr\u00e9sor patrimonial exceptionnel. Situ\u00e9e au 21 Rue Mailly \u00e0 Perpignan, cette exposition invite le public \u00e0 d\u00e9couvrir les volets monumentaux de l\u2019orgue de la cath\u00e9drale Saint-Jean-Baptiste, r\u00e9cemment restaur\u00e9s apr\u00e8s un vaste chantier initi\u00e9 en 2022 par la Direction r\u00e9gionale des affaires culturelles d\u2019Occitanie. Les volets, peints en 1504, sont parmi les ensembles picturaux les plus spectaculaires d\u2019Europe. Mesurant 12,6 m\u00e8tres de haut sur 4,3 m\u00e8tres de large, ces deux ch\u00e2ssis couvrent chacun plus de 83 m\u00b2. Initialement fix\u00e9s sur le buffet de l\u2019orgue, ils se d\u00e9ployaient selon le calendrier liturgique, cr\u00e9ant un dialogue harmonieux entre musique, architecture et image sacr\u00e9e. Peints \u00e0 la d\u00e9trempe sur toile, ils pr\u00e9sentent une riche polychromie sur leur face principale et une grisaille soign\u00e9e sur leur revers. Ce double dispositif visuel renforce leur valeur spirituelle et artistique. Au XIXe si\u00e8cle, les volets ont \u00e9t\u00e9 d\u00e9plac\u00e9s et fix\u00e9s aux murs de la cath\u00e9drale, ce qui a progressivement conduit \u00e0 l\u2019oubli de leur importance. La restauration actuelle, \u00e0 la fois technique, patrimoniale et scientifique, a permis de mieux comprendre leur mise en \u0153uvre et leur histoire mat\u00e9rielle. Cette exposition temporaire au mus\u00e9e Hyacinthe Rigaud offre une occasion unique de voir ces \u0153uvres de pr\u00e8s avant qu\u2019elles ne retrouvent leur emplacement d\u2019origine dans la cath\u00e9drale. L\u2019exposition est un moment rare et privil\u00e9gi\u00e9 pour le public, m\u00ealant d\u00e9couverte, \u00e9merveillement et valorisation du patrimoine. Les visiteurs pourront appr\u00e9cier la qualit\u00e9 artistique, la fonction liturgique originelle et les dimensions monumentales de ces \u0153uvres. Des visites guid\u00e9es sont \u00e9galement propos\u00e9es pour une exp\u00e9rience enrichissante, permettant de comprendre l\u2019histoire et la signification de ces volets. Le tarif d\u2019entr\u00e9e est de 8,00 \u20ac, offrant ainsi une opportunit\u00e9 accessible \u00e0 tous ceux souhaitant s\u2019immerger dans l\u2019histoire et l\u2019art religieux. Cette exposition est une occasion unique de red\u00e9couvrir un chef-d\u2019\u0153uvre monumental et de s\u2019\u00e9merveiller devant la beaut\u00e9 et la richesse de ces peintures g\u00e9antes. En r\u00e9sum\u00e9, l\u2019exposition \u00ab La red\u00e9couverte d\u2019un chef d\u2019\u0153uvre monumental \u00bb est un \u00e9v\u00e9nement culturel incontournable pour les amateurs d\u2019art et de patrimoine, offrant une exp\u00e9rience visuelle et spirituelle unique.","twitter_image":"https:\/\/www.locansol.fr\/wp-content\/uploads\/2026\/05\/exposition-chef-doeuvre-monumental-perpignan.webp","twitter_misc":{"Temps estimat de lectura":"2 minuts"},"schema":{"@context":"https:\/\/schema.org","@graph":[{"@type":"WebPage","@id":"https:\/\/www.locansol.fr\/evenement\/la-redecouverte-dun-chef-doeuvre-monumental-les-volets-du-grand-orgue-de-la-cathedrale-de-perpignan-89\/","url":"https:\/\/www.locansol.fr\/evenement\/la-redecouverte-dun-chef-doeuvre-monumental-les-volets-du-grand-orgue-de-la-cathedrale-de-perpignan-89\/","name":"\u00ab LA RED\u00c9COUVERTE D\u2019UN CHEF D\u2019\u0152UVRE MONUMENTAL \u00bb : LES VOLETS DU GRAND ORGUE DE LA CATH\u00c9DRALE DE PERPIGNAN","isPartOf":{"@id":"https:\/\/www.locansol.fr\/#website"},"primaryImageOfPage":{"@id":"https:\/\/www.locansol.fr\/evenement\/la-redecouverte-dun-chef-doeuvre-monumental-les-volets-du-grand-orgue-de-la-cathedrale-de-perpignan-89\/#primaryimage"},"image":{"@id":"https:\/\/www.locansol.fr\/evenement\/la-redecouverte-dun-chef-doeuvre-monumental-les-volets-du-grand-orgue-de-la-cathedrale-de-perpignan-89\/#primaryimage"},"thumbnailUrl":"https:\/\/www.locansol.fr\/wp-content\/uploads\/2026\/05\/exposition-chef-doeuvre-monumental-perpignan.webp","datePublished":"2026-05-13T18:09:41+00:00","dateModified":"2026-05-13T18:09:44+00:00","description":"L\u2019exposition \u00ab La red\u00e9couverte d\u2019un chef d\u2019\u0153uvre monumental \u00bb : Les volets du grand orgue de la cath\u00e9drale de Perpignan, qui se tiendra du 24 mars au 31 mai 2026, met en lumi\u00e8re un tr\u00e9sor patrimonial exceptionnel. Situ\u00e9e au 21 Rue Mailly \u00e0 Perpignan, cette exposition invite le public \u00e0 d\u00e9couvrir les volets monumentaux de l\u2019orgue de la cath\u00e9drale Saint-Jean-Baptiste, r\u00e9cemment restaur\u00e9s apr\u00e8s un vaste chantier initi\u00e9 en 2022 par la Direction r\u00e9gionale des affaires culturelles d\u2019Occitanie. Les volets, peints en 1504, sont parmi les ensembles picturaux les plus spectaculaires d\u2019Europe. Mesurant 12,6 m\u00e8tres de haut sur 4,3 m\u00e8tres de large, ces deux ch\u00e2ssis couvrent chacun plus de 83 m\u00b2. Initialement fix\u00e9s sur le buffet de l\u2019orgue, ils se d\u00e9ployaient selon le calendrier liturgique, cr\u00e9ant un dialogue harmonieux entre musique, architecture et image sacr\u00e9e. Peints \u00e0 la d\u00e9trempe sur toile, ils pr\u00e9sentent une riche polychromie sur leur face principale et une grisaille soign\u00e9e sur leur revers. Ce double dispositif visuel renforce leur valeur spirituelle et artistique. Au XIXe si\u00e8cle, les volets ont \u00e9t\u00e9 d\u00e9plac\u00e9s et fix\u00e9s aux murs de la cath\u00e9drale, ce qui a progressivement conduit \u00e0 l\u2019oubli de leur importance. La restauration actuelle, \u00e0 la fois technique, patrimoniale et scientifique, a permis de mieux comprendre leur mise en \u0153uvre et leur histoire mat\u00e9rielle. Cette exposition temporaire au mus\u00e9e Hyacinthe Rigaud offre une occasion unique de voir ces \u0153uvres de pr\u00e8s avant qu\u2019elles ne retrouvent leur emplacement d\u2019origine dans la cath\u00e9drale. L\u2019exposition est un moment rare et privil\u00e9gi\u00e9 pour le public, m\u00ealant d\u00e9couverte, \u00e9merveillement et valorisation du patrimoine. Les visiteurs pourront appr\u00e9cier la qualit\u00e9 artistique, la fonction liturgique originelle et les dimensions monumentales de ces \u0153uvres. Des visites guid\u00e9es sont \u00e9galement propos\u00e9es pour une exp\u00e9rience enrichissante, permettant de comprendre l\u2019histoire et la signification de ces volets. Le tarif d\u2019entr\u00e9e est de 8,00 \u20ac, offrant ainsi une opportunit\u00e9 accessible \u00e0 tous ceux souhaitant s\u2019immerger dans l\u2019histoire et l\u2019art religieux. Cette exposition est une occasion unique de red\u00e9couvrir un chef-d\u2019\u0153uvre monumental et de s\u2019\u00e9merveiller devant la beaut\u00e9 et la richesse de ces peintures g\u00e9antes. En r\u00e9sum\u00e9, l\u2019exposition \u00ab La red\u00e9couverte d\u2019un chef d\u2019\u0153uvre monumental \u00bb est un \u00e9v\u00e9nement culturel incontournable pour les amateurs d\u2019art et de patrimoine, offrant une exp\u00e9rience visuelle et spirituelle unique.","breadcrumb":{"@id":"https:\/\/www.locansol.fr\/evenement\/la-redecouverte-dun-chef-doeuvre-monumental-les-volets-du-grand-orgue-de-la-cathedrale-de-perpignan-89\/#breadcrumb"},"inLanguage":"ca","potentialAction":[{"@type":"ReadAction","target":["https:\/\/www.locansol.fr\/evenement\/la-redecouverte-dun-chef-doeuvre-monumental-les-volets-du-grand-orgue-de-la-cathedrale-de-perpignan-89\/"]}]},{"@type":"ImageObject","inLanguage":"ca","@id":"https:\/\/www.locansol.fr\/evenement\/la-redecouverte-dun-chef-doeuvre-monumental-les-volets-du-grand-orgue-de-la-cathedrale-de-perpignan-89\/#primaryimage","url":"https:\/\/www.locansol.fr\/wp-content\/uploads\/2026\/05\/exposition-chef-doeuvre-monumental-perpignan.webp","contentUrl":"https:\/\/www.locansol.fr\/wp-content\/uploads\/2026\/05\/exposition-chef-doeuvre-monumental-perpignan.webp","width":1024,"height":605,"caption":"La red\u00e9couverte d\u2019un chef-d'\u0153uvre monumental \u00e0 Perpignan en 2026"},{"@type":"BreadcrumbList","@id":"https:\/\/www.locansol.fr\/evenement\/la-redecouverte-dun-chef-doeuvre-monumental-les-volets-du-grand-orgue-de-la-cathedrale-de-perpignan-89\/#breadcrumb","itemListElement":[{"@type":"ListItem","position":1,"name":"Accueil","item":"https:\/\/www.locansol.fr\/"},{"@type":"ListItem","position":2,"name":"\u00c9v\u00e8nements","item":"https:\/\/www.locansol.fr\/evenements\/"},{"@type":"ListItem","position":3,"name":"\u00ab LA RED\u00c9COUVERTE D\u2019UN CHEF D\u2019\u0152UVRE MONUMENTAL \u00bb : LES VOLETS DU GRAND ORGUE DE LA CATH\u00c9DRALE DE PERPIGNAN"}]},{"@type":"WebSite","@id":"https:\/\/www.locansol.fr\/#website","url":"https:\/\/www.locansol.fr\/","name":"Locansol, louer un h\u00e9bergement dans les Pyr\u00e9n\u00e9es-Orientales","description":"Location Mobil-home Mer M\u00e9diterran\u00e9e &amp; Chalet de Montagne dans les Pyr\u00e9n\u00e9es Orientales (Occitanie, 66). Weekend, s\u00e9jour &amp; vacances en famille et entre amis.","publisher":{"@id":"https:\/\/www.locansol.fr\/#organization"},"alternateName":"Louer un h\u00e9bergement dans les Pyr\u00e9n\u00e9es Orientales, chalet & mobil-home en Occitanie","potentialAction":[{"@type":"SearchAction","target":{"@type":"EntryPoint","urlTemplate":"https:\/\/www.locansol.fr\/?s={search_term_string}"},"query-input":{"@type":"PropertyValueSpecification","valueRequired":true,"valueName":"search_term_string"}}],"inLanguage":"ca"},{"@type":"Organization","@id":"https:\/\/www.locansol.fr\/#organization","name":"Location MobilHome & chalet dans les Pyr\u00e9n\u00e9es Orientales","alternateName":"Louer un h\u00e9bergement dans les Pyr\u00e9n\u00e9es Orientales en Occitanie","url":"https:\/\/www.locansol.fr\/","logo":{"@type":"ImageObject","inLanguage":"ca","@id":"https:\/\/www.locansol.fr\/#\/schema\/logo\/image\/","url":"https:\/\/www.locansol.fr\/wp-content\/uploads\/2024\/04\/AdobeStock_303324767-scaled.jpeg","contentUrl":"https:\/\/www.locansol.fr\/wp-content\/uploads\/2024\/04\/AdobeStock_303324767-scaled.jpeg","width":2560,"height":1707,"caption":"Location MobilHome & chalet dans les Pyr\u00e9n\u00e9es Orientales"},"image":{"@id":"https:\/\/www.locansol.fr\/#\/schema\/logo\/image\/"}}]}},"_links":{"self":[{"href":"https:\/\/www.locansol.fr\/ca\/wp-json\/wp\/v2\/tribe_events\/7180","targetHints":{"allow":["GET"]}}],"collection":[{"href":"https:\/\/www.locansol.fr\/ca\/wp-json\/wp\/v2\/tribe_events"}],"about":[{"href":"https:\/\/www.locansol.fr\/ca\/wp-json\/wp\/v2\/types\/tribe_events"}],"author":[{"embeddable":true,"href":"https:\/\/www.locansol.fr\/ca\/wp-json\/wp\/v2\/users\/5"}],"version-history":[{"count":1,"href":"https:\/\/www.locansol.fr\/ca\/wp-json\/wp\/v2\/tribe_events\/7180\/revisions"}],"predecessor-version":[{"id":7181,"href":"https:\/\/www.locansol.fr\/ca\/wp-json\/wp\/v2\/tribe_events\/7180\/revisions\/7181"}],"wp:featuredmedia":[{"embeddable":true,"href":"https:\/\/www.locansol.fr\/ca\/wp-json\/wp\/v2\/media\/7177"}],"wp:attachment":[{"href":"https:\/\/www.locansol.fr\/ca\/wp-json\/wp\/v2\/media?parent=7180"}],"wp:term":[{"taxonomy":"post_tag","embeddable":true,"href":"https:\/\/www.locansol.fr\/ca\/wp-json\/wp\/v2\/tags?post=7180"},{"taxonomy":"tribe_events_cat","embeddable":true,"href":"https:\/\/www.locansol.fr\/ca\/wp-json\/wp\/v2\/tribe_events_cat?post=7180"}],"curies":[{"name":"wp","href":"https:\/\/api.w.org\/{rel}","templated":true}]}}