{"id":2680,"date":"2026-02-13T01:53:35","date_gmt":"2026-02-13T00:53:35","guid":{"rendered":"https:\/\/www.locansol.fr\/?post_type=tribe_events&#038;p=2680"},"modified":"2026-02-13T01:53:35","modified_gmt":"2026-02-13T00:53:35","slug":"conference-la-cuisine-catalane","status":"publish","type":"tribe_events","link":"https:\/\/www.locansol.fr\/en\/evenement\/conference-la-cuisine-catalane\/","title":{"rendered":"CONF\u00c9RENCE LA CUISINE CATALANE"},"content":{"rendered":"<p>Le jeudi 12 f\u00e9vrier 2025, de 18 h 30 \u00e0 20 h, le Cube \u00e0 Torreilles accueille une conf\u00e9rence consacr\u00e9e \u00e0 la cuisine populaire catalane \u00ab fet a casa \u00bb. Organis\u00e9e par l\u2019association pour la gestion du patrimoine de Torreilles, cette rencontre met \u00e0 l\u2019honneur Jean-Luc Modat, auteur et passionn\u00e9 de la gastronomie du Roussillon. Autodidacte et d\u00e9fenseur du patrimoine culinaire local, Jean-Luc Modat partage une vision profonde de la cuisine comme art de vivre, transmis de g\u00e9n\u00e9ration en g\u00e9n\u00e9ration. \u00c0 travers anecdotes, t\u00e9moignages et explications sur les techniques traditionnelles, il met en lumi\u00e8re les racines paysannes de la gastronomie catalane, la valorisation des produits locaux, les liens avec les producteurs et l\u2019importance de la transmission. L\u2019\u00e9v\u00e9nement, gratuit, se d\u00e9roule dans un lieu culturel central \u00e0 Torreilles, le Cube, qui abrite tout au long de l\u2019ann\u00e9e des conf\u00e9rences, expositions et d\u00e9bats. Ce moment convivial propose une immersion dans le patrimoine vivant du Roussillon, pour les amateurs de gastronomie, de culture locale et d\u2019histoires authentiques.<\/p>\n<p><\/p>\n<h3>R\u00e9servez votre h\u00e9bergement dans les Pyr\u00e9n\u00e9es-Orientales :<\/h3>\n<p><b>Mobil-home Locansol \u00e0 Argel\u00e8s-sur-Mer<\/b><br \/>\nTrajet le plus court : 26 km<br \/>\nTrajet le plus rapide : 34 min<\/p>\n<p><b>Chalet Locansol \u00e0 Estavar<\/b><br \/>\nTrajet le plus court : 107 km<br \/>\nTrajet le plus rapide : 1 h 44 min<\/p>","protected":false},"excerpt":{"rendered":"<p>Le jeudi 12 f\u00e9vrier 2025, de 18 h 30 \u00e0 20 h, le Cube \u00e0 Torreilles accueille une conf\u00e9rence consacr\u00e9e \u00e0 la cuisine populaire catalane \u00ab fet a casa \u00bb. [&hellip;]<\/p>","protected":false},"author":5,"featured_media":2677,"template":"","meta":{"_yoast_wpseo_focuskw":"","_yoast_wpseo_title":"","_yoast_wpseo_metadesc":"","_yoast_wpseo_canonical":"","_yoast_wpseo_opengraph-title":"","_yoast_wpseo_opengraph-description":"","_yoast_wpseo_opengraph-image":"","_yoast_wpseo_opengraph-image-id":"","_yoast_wpseo_twitter-title":"","_yoast_wpseo_twitter-description":"","_yoast_wpseo_twitter-image":"","_yoast_wpseo_twitter-image-id":"","yoast_primary_category":"","_tribe_events_status":"","_tribe_events_status_reason":"","_tribe_events_is_hybrid":"","_tribe_events_is_virtual":"","_tribe_events_virtual_video_source":"","_tribe_events_virtual_embed_video":"","_tribe_events_virtual_linked_button_text":"","_tribe_events_virtual_linked_button":"","_tribe_events_virtual_show_embed_at":"","_tribe_events_virtual_show_embed_to":[],"_tribe_events_virtual_show_on_event":"","_tribe_events_virtual_show_on_views":"","_tribe_events_virtual_url":"","footnotes":""},"tags":[66,76],"tribe_events_cat":[87,138,157],"class_list":["post-2680","tribe_events","type-tribe_events","status-publish","has-post-thumbnail","hentry","tag-evenement-culturel","tag-pyrenees-orientales","tribe_events_cat-debat-conference","tribe_events_cat-evenement-culturel","tribe_events_cat-histoire","cat_debat-conference","cat_evenement-culturel","cat_histoire"],"yoast_head":"<!-- This site is optimized with the Yoast SEO Premium plugin v23.3 (Yoast SEO v26.9) - https:\/\/yoast.com\/product\/yoast-seo-premium-wordpress\/ -->\n<title>CONF\u00c9RENCE LA CUISINE CATALANE | Locansol, louer un h\u00e9bergement dans les Pyr\u00e9n\u00e9es Orientales<\/title>\n<meta name=\"robots\" content=\"index, follow, max-snippet:-1, max-image-preview:large, max-video-preview:-1\" \/>\n<link rel=\"canonical\" href=\"https:\/\/www.locansol.fr\/en\/evenement\/conference-la-cuisine-catalane\/\" \/>\n<meta property=\"og:locale\" content=\"en_GB\" \/>\n<meta property=\"og:type\" content=\"article\" \/>\n<meta property=\"og:title\" content=\"CONF\u00c9RENCE LA CUISINE CATALANE\" \/>\n<meta property=\"og:description\" content=\"Le jeudi 12 f\u00e9vrier 2025, de 18 h 30 \u00e0 20 h, le Cube \u00e0 Torreilles accueille une conf\u00e9rence consacr\u00e9e \u00e0 la cuisine populaire catalane \u00ab fet a casa \u00bb. [&hellip;]\" \/>\n<meta property=\"og:url\" content=\"https:\/\/www.locansol.fr\/en\/evenement\/conference-la-cuisine-catalane\/\" \/>\n<meta property=\"og:site_name\" content=\"Locansol, louer un h\u00e9bergement dans les Pyr\u00e9n\u00e9es Orientales\" \/>\n<meta property=\"og:image\" content=\"https:\/\/www.locansol.fr\/wp-content\/uploads\/2026\/02\/conf-cuisine-catalane-torreilles.webp\" \/>\n\t<meta property=\"og:image:width\" content=\"1022\" \/>\n\t<meta property=\"og:image:height\" content=\"767\" \/>\n\t<meta property=\"og:image:type\" content=\"image\/webp\" \/>\n<meta name=\"twitter:card\" content=\"summary_large_image\" \/>\n<meta name=\"twitter:label1\" content=\"Estimated reading time\" \/>\n\t<meta name=\"twitter:data1\" content=\"1 minute\" \/>\n<script type=\"application\/ld+json\" class=\"yoast-schema-graph\">{\"@context\":\"https:\/\/schema.org\",\"@graph\":[{\"@type\":\"WebPage\",\"@id\":\"https:\/\/www.locansol.fr\/evenement\/conference-la-cuisine-catalane\/\",\"url\":\"https:\/\/www.locansol.fr\/evenement\/conference-la-cuisine-catalane\/\",\"name\":\"CONF\u00c9RENCE LA CUISINE CATALANE | Locansol, louer un h\u00e9bergement dans les Pyr\u00e9n\u00e9es Orientales\",\"isPartOf\":{\"@id\":\"https:\/\/www.locansol.fr\/#website\"},\"primaryImageOfPage\":{\"@id\":\"https:\/\/www.locansol.fr\/evenement\/conference-la-cuisine-catalane\/#primaryimage\"},\"image\":{\"@id\":\"https:\/\/www.locansol.fr\/evenement\/conference-la-cuisine-catalane\/#primaryimage\"},\"thumbnailUrl\":\"https:\/\/www.locansol.fr\/wp-content\/uploads\/2026\/02\/conf-cuisine-catalane-torreilles.webp\",\"datePublished\":\"2026-02-13T00:53:35+00:00\",\"breadcrumb\":{\"@id\":\"https:\/\/www.locansol.fr\/evenement\/conference-la-cuisine-catalane\/#breadcrumb\"},\"inLanguage\":\"en-GB\",\"potentialAction\":[{\"@type\":\"ReadAction\",\"target\":[\"https:\/\/www.locansol.fr\/evenement\/conference-la-cuisine-catalane\/\"]}]},{\"@type\":\"ImageObject\",\"inLanguage\":\"en-GB\",\"@id\":\"https:\/\/www.locansol.fr\/evenement\/conference-la-cuisine-catalane\/#primaryimage\",\"url\":\"https:\/\/www.locansol.fr\/wp-content\/uploads\/2026\/02\/conf-cuisine-catalane-torreilles.webp\",\"contentUrl\":\"https:\/\/www.locansol.fr\/wp-content\/uploads\/2026\/02\/conf-cuisine-catalane-torreilles.webp\",\"width\":1022,\"height\":767,\"caption\":\"Le jeudi 12 f\u00e9vrier 2025, de 18 h 30 \u00e0 20 h, le Cube \u00e0 Torreilles accueille une conf\u00e9rence consacr\u00e9e \u00e0 la cuisine populaire catalane \u00ab fet a casa \u00bb. Organis\u00e9e par l\u2019association pour la gestion du patrimoine de Torreilles, cette rencontre met \u00e0 l\u2019honneur Jean-Luc Modat, auteur et passionn\u00e9 de la gastronomie du Roussillon. Autodidacte et d\u00e9fenseur du patrimoine culinaire local, Jean-Luc Modat partage une vision profonde de la cuisine comme art de vivre, transmis de g\u00e9n\u00e9ration en g\u00e9n\u00e9ration. \u00c0 travers anecdotes, t\u00e9moignages et explications sur les techniques traditionnelles, il met en lumi\u00e8re les racines paysannes de la gastronomie catalane, la valorisation des produits locaux, les liens avec les producteurs et l\u2019importance de la transmission. L\u2019\u00e9v\u00e9nement, gratuit, se d\u00e9roule dans un lieu culturel central \u00e0 Torreilles, le Cube, qui abrite tout au long de l\u2019ann\u00e9e des conf\u00e9rences, expositions et d\u00e9bats. Ce moment convivial propose une immersion dans le patrimoine vivant du Roussillon, pour les amateurs de gastronomie, de culture locale et d\u2019histoires authentiques.\"},{\"@type\":\"BreadcrumbList\",\"@id\":\"https:\/\/www.locansol.fr\/evenement\/conference-la-cuisine-catalane\/#breadcrumb\",\"itemListElement\":[{\"@type\":\"ListItem\",\"position\":1,\"name\":\"Accueil\",\"item\":\"https:\/\/www.locansol.fr\/\"},{\"@type\":\"ListItem\",\"position\":2,\"name\":\"\u00c9v\u00e8nements\",\"item\":\"https:\/\/www.locansol.fr\/evenements\/\"},{\"@type\":\"ListItem\",\"position\":3,\"name\":\"CONF\u00c9RENCE LA CUISINE CATALANE\"}]},{\"@type\":\"WebSite\",\"@id\":\"https:\/\/www.locansol.fr\/#website\",\"url\":\"https:\/\/www.locansol.fr\/\",\"name\":\"Locansol, louer un h\u00e9bergement dans les Pyr\u00e9n\u00e9es-Orientales\",\"description\":\"Location Mobil-home Mer M\u00e9diterran\u00e9e &amp; Chalet de Montagne dans les Pyr\u00e9n\u00e9es Orientales (Occitanie, 66). Weekend, s\u00e9jour &amp; vacances en famille et entre amis.\",\"publisher\":{\"@id\":\"https:\/\/www.locansol.fr\/#organization\"},\"alternateName\":\"Louer un h\u00e9bergement dans les Pyr\u00e9n\u00e9es Orientales, chalet & mobil-home en Occitanie\",\"potentialAction\":[{\"@type\":\"SearchAction\",\"target\":{\"@type\":\"EntryPoint\",\"urlTemplate\":\"https:\/\/www.locansol.fr\/?s={search_term_string}\"},\"query-input\":{\"@type\":\"PropertyValueSpecification\",\"valueRequired\":true,\"valueName\":\"search_term_string\"}}],\"inLanguage\":\"en-GB\"},{\"@type\":\"Organization\",\"@id\":\"https:\/\/www.locansol.fr\/#organization\",\"name\":\"Location MobilHome & chalet dans les Pyr\u00e9n\u00e9es Orientales\",\"alternateName\":\"Louer un h\u00e9bergement dans les Pyr\u00e9n\u00e9es Orientales en Occitanie\",\"url\":\"https:\/\/www.locansol.fr\/\",\"logo\":{\"@type\":\"ImageObject\",\"inLanguage\":\"en-GB\",\"@id\":\"https:\/\/www.locansol.fr\/#\/schema\/logo\/image\/\",\"url\":\"https:\/\/www.locansol.fr\/wp-content\/uploads\/2024\/04\/AdobeStock_303324767-scaled.jpeg\",\"contentUrl\":\"https:\/\/www.locansol.fr\/wp-content\/uploads\/2024\/04\/AdobeStock_303324767-scaled.jpeg\",\"width\":2560,\"height\":1707,\"caption\":\"Location MobilHome & chalet dans les Pyr\u00e9n\u00e9es Orientales\"},\"image\":{\"@id\":\"https:\/\/www.locansol.fr\/#\/schema\/logo\/image\/\"}}]}<\/script>\n<!-- \/ Yoast SEO Premium plugin. -->","yoast_head_json":{"title":"CONF\u00c9RENCE LA CUISINE CATALANE | Locansol, louer un h\u00e9bergement dans les Pyr\u00e9n\u00e9es Orientales","robots":{"index":"index","follow":"follow","max-snippet":"max-snippet:-1","max-image-preview":"max-image-preview:large","max-video-preview":"max-video-preview:-1"},"canonical":"https:\/\/www.locansol.fr\/en\/evenement\/conference-la-cuisine-catalane\/","og_locale":"en_GB","og_type":"article","og_title":"CONF\u00c9RENCE LA CUISINE CATALANE","og_description":"Le jeudi 12 f\u00e9vrier 2025, de 18 h 30 \u00e0 20 h, le Cube \u00e0 Torreilles accueille une conf\u00e9rence consacr\u00e9e \u00e0 la cuisine populaire catalane \u00ab fet a casa \u00bb. [&hellip;]","og_url":"https:\/\/www.locansol.fr\/en\/evenement\/conference-la-cuisine-catalane\/","og_site_name":"Locansol, louer un h\u00e9bergement dans les Pyr\u00e9n\u00e9es Orientales","og_image":[{"width":1022,"height":767,"url":"https:\/\/www.locansol.fr\/wp-content\/uploads\/2026\/02\/conf-cuisine-catalane-torreilles.webp","type":"image\/webp"}],"twitter_card":"summary_large_image","twitter_misc":{"Estimated reading time":"1 minute"},"schema":{"@context":"https:\/\/schema.org","@graph":[{"@type":"WebPage","@id":"https:\/\/www.locansol.fr\/evenement\/conference-la-cuisine-catalane\/","url":"https:\/\/www.locansol.fr\/evenement\/conference-la-cuisine-catalane\/","name":"CONF\u00c9RENCE LA CUISINE CATALANE | Locansol, louer un h\u00e9bergement dans les Pyr\u00e9n\u00e9es Orientales","isPartOf":{"@id":"https:\/\/www.locansol.fr\/#website"},"primaryImageOfPage":{"@id":"https:\/\/www.locansol.fr\/evenement\/conference-la-cuisine-catalane\/#primaryimage"},"image":{"@id":"https:\/\/www.locansol.fr\/evenement\/conference-la-cuisine-catalane\/#primaryimage"},"thumbnailUrl":"https:\/\/www.locansol.fr\/wp-content\/uploads\/2026\/02\/conf-cuisine-catalane-torreilles.webp","datePublished":"2026-02-13T00:53:35+00:00","breadcrumb":{"@id":"https:\/\/www.locansol.fr\/evenement\/conference-la-cuisine-catalane\/#breadcrumb"},"inLanguage":"en-GB","potentialAction":[{"@type":"ReadAction","target":["https:\/\/www.locansol.fr\/evenement\/conference-la-cuisine-catalane\/"]}]},{"@type":"ImageObject","inLanguage":"en-GB","@id":"https:\/\/www.locansol.fr\/evenement\/conference-la-cuisine-catalane\/#primaryimage","url":"https:\/\/www.locansol.fr\/wp-content\/uploads\/2026\/02\/conf-cuisine-catalane-torreilles.webp","contentUrl":"https:\/\/www.locansol.fr\/wp-content\/uploads\/2026\/02\/conf-cuisine-catalane-torreilles.webp","width":1022,"height":767,"caption":"Le jeudi 12 f\u00e9vrier 2025, de 18 h 30 \u00e0 20 h, le Cube \u00e0 Torreilles accueille une conf\u00e9rence consacr\u00e9e \u00e0 la cuisine populaire catalane \u00ab fet a casa \u00bb. Organis\u00e9e par l\u2019association pour la gestion du patrimoine de Torreilles, cette rencontre met \u00e0 l\u2019honneur Jean-Luc Modat, auteur et passionn\u00e9 de la gastronomie du Roussillon. Autodidacte et d\u00e9fenseur du patrimoine culinaire local, Jean-Luc Modat partage une vision profonde de la cuisine comme art de vivre, transmis de g\u00e9n\u00e9ration en g\u00e9n\u00e9ration. \u00c0 travers anecdotes, t\u00e9moignages et explications sur les techniques traditionnelles, il met en lumi\u00e8re les racines paysannes de la gastronomie catalane, la valorisation des produits locaux, les liens avec les producteurs et l\u2019importance de la transmission. L\u2019\u00e9v\u00e9nement, gratuit, se d\u00e9roule dans un lieu culturel central \u00e0 Torreilles, le Cube, qui abrite tout au long de l\u2019ann\u00e9e des conf\u00e9rences, expositions et d\u00e9bats. Ce moment convivial propose une immersion dans le patrimoine vivant du Roussillon, pour les amateurs de gastronomie, de culture locale et d\u2019histoires authentiques."},{"@type":"BreadcrumbList","@id":"https:\/\/www.locansol.fr\/evenement\/conference-la-cuisine-catalane\/#breadcrumb","itemListElement":[{"@type":"ListItem","position":1,"name":"Accueil","item":"https:\/\/www.locansol.fr\/"},{"@type":"ListItem","position":2,"name":"\u00c9v\u00e8nements","item":"https:\/\/www.locansol.fr\/evenements\/"},{"@type":"ListItem","position":3,"name":"CONF\u00c9RENCE LA CUISINE CATALANE"}]},{"@type":"WebSite","@id":"https:\/\/www.locansol.fr\/#website","url":"https:\/\/www.locansol.fr\/","name":"Locansol, louer un h\u00e9bergement dans les Pyr\u00e9n\u00e9es-Orientales","description":"Location Mobil-home Mer M\u00e9diterran\u00e9e &amp; Chalet de Montagne dans les Pyr\u00e9n\u00e9es Orientales (Occitanie, 66). Weekend, s\u00e9jour &amp; vacances en famille et entre amis.","publisher":{"@id":"https:\/\/www.locansol.fr\/#organization"},"alternateName":"Louer un h\u00e9bergement dans les Pyr\u00e9n\u00e9es Orientales, chalet & mobil-home en Occitanie","potentialAction":[{"@type":"SearchAction","target":{"@type":"EntryPoint","urlTemplate":"https:\/\/www.locansol.fr\/?s={search_term_string}"},"query-input":{"@type":"PropertyValueSpecification","valueRequired":true,"valueName":"search_term_string"}}],"inLanguage":"en-GB"},{"@type":"Organization","@id":"https:\/\/www.locansol.fr\/#organization","name":"Location MobilHome & chalet dans les Pyr\u00e9n\u00e9es Orientales","alternateName":"Louer un h\u00e9bergement dans les Pyr\u00e9n\u00e9es Orientales en Occitanie","url":"https:\/\/www.locansol.fr\/","logo":{"@type":"ImageObject","inLanguage":"en-GB","@id":"https:\/\/www.locansol.fr\/#\/schema\/logo\/image\/","url":"https:\/\/www.locansol.fr\/wp-content\/uploads\/2024\/04\/AdobeStock_303324767-scaled.jpeg","contentUrl":"https:\/\/www.locansol.fr\/wp-content\/uploads\/2024\/04\/AdobeStock_303324767-scaled.jpeg","width":2560,"height":1707,"caption":"Location MobilHome & chalet dans les Pyr\u00e9n\u00e9es Orientales"},"image":{"@id":"https:\/\/www.locansol.fr\/#\/schema\/logo\/image\/"}}]}},"_links":{"self":[{"href":"https:\/\/www.locansol.fr\/en\/wp-json\/wp\/v2\/tribe_events\/2680","targetHints":{"allow":["GET"]}}],"collection":[{"href":"https:\/\/www.locansol.fr\/en\/wp-json\/wp\/v2\/tribe_events"}],"about":[{"href":"https:\/\/www.locansol.fr\/en\/wp-json\/wp\/v2\/types\/tribe_events"}],"author":[{"embeddable":true,"href":"https:\/\/www.locansol.fr\/en\/wp-json\/wp\/v2\/users\/5"}],"version-history":[{"count":1,"href":"https:\/\/www.locansol.fr\/en\/wp-json\/wp\/v2\/tribe_events\/2680\/revisions"}],"predecessor-version":[{"id":2778,"href":"https:\/\/www.locansol.fr\/en\/wp-json\/wp\/v2\/tribe_events\/2680\/revisions\/2778"}],"wp:featuredmedia":[{"embeddable":true,"href":"https:\/\/www.locansol.fr\/en\/wp-json\/wp\/v2\/media\/2677"}],"wp:attachment":[{"href":"https:\/\/www.locansol.fr\/en\/wp-json\/wp\/v2\/media?parent=2680"}],"wp:term":[{"taxonomy":"post_tag","embeddable":true,"href":"https:\/\/www.locansol.fr\/en\/wp-json\/wp\/v2\/tags?post=2680"},{"taxonomy":"tribe_events_cat","embeddable":true,"href":"https:\/\/www.locansol.fr\/en\/wp-json\/wp\/v2\/tribe_events_cat?post=2680"}],"curies":[{"name":"wp","href":"https:\/\/api.w.org\/{rel}","templated":true}]}}