{"id":2684,"date":"2026-02-13T01:53:23","date_gmt":"2026-02-13T00:53:23","guid":{"rendered":"https:\/\/www.locansol.fr\/?post_type=tribe_events&#038;p=2684"},"modified":"2026-02-13T01:53:23","modified_gmt":"2026-02-13T00:53:23","slug":"descente-aux-flambeaux","status":"publish","type":"tribe_events","link":"https:\/\/www.locansol.fr\/en\/evenement\/descente-aux-flambeaux\/","title":{"rendered":"DESCENTE AUX FLAMBEAUX"},"content":{"rendered":"<p>Le 12 f\u00e9vrier, la station de ski des Angles accueille une soir\u00e9e festive et familiale avec la descente aux flambeaux, organis\u00e9e par l&rsquo;\u00c9cole de Ski Fran\u00e7ais (ESF) en collaboration avec la station. L&rsquo;\u00e9v\u00e9nement a lieu \u00e0 20h, au d\u00e9part de la piste rouge Mermet, o\u00f9 les moniteurs de ski et les enfants du club ESF descendent ensemble dans la nuit, illuminant les pentes avec leurs flambeaux. Cette tradition, propos\u00e9e tous les jeudis durant les vacances scolaires, cr\u00e9e un spectacle visuel unique, ponctu\u00e9 par un feu d&rsquo;artifice \u00e0 la base de la station. L&rsquo;ambiance chaleureuse, renforc\u00e9e par la pr\u00e9sence du public et les animations, se poursuit apr\u00e8s le feu d&rsquo;artifice avec la distribution gratuite de vin chaud et de chocolat chaud. Les Angles, station de montagne situ\u00e9e au c\u0153ur du parc naturel r\u00e9gional des Pyr\u00e9n\u00e9es Catalanes, propose une exp\u00e9rience in\u00e9dite o\u00f9 les pistes convergent vers le village, alliant authenticit\u00e9, paysages spectaculaires et activit\u00e9s anim\u00e9es. Cette soir\u00e9e, gratuite et ouverte \u00e0 tous, s&rsquo;inscrit dans un programme d&rsquo;animations familiales, id\u00e9ale pour vivre un moment de convivialit\u00e9 en plein air, au c\u0153ur de la montagne enneig\u00e9e.<\/p>\n<p><\/p>\n<h3>R\u00e9servez votre h\u00e9bergement dans les Pyr\u00e9n\u00e9es-Orientales :<\/h3>\n<p><b>Chalet Locansol \u00e0 Estavar<\/b><br \/>\nTrajet le plus court : 267 km<br \/>\nTrajet le plus rapide : 4 h 0 min<\/p>\n<p><b>Mobil-home Locansol \u00e0 Argel\u00e8s-sur-Mer<\/b><br \/>\nTrajet le plus court : 402 km<br \/>\nTrajet le plus rapide : 4 h 20 min<\/p>","protected":false},"excerpt":{"rendered":"<p>Le 12 f\u00e9vrier, la station de ski des Angles accueille une soir\u00e9e festive et familiale avec la descente aux flambeaux, organis\u00e9e par l&rsquo;\u00c9cole de Ski Fran\u00e7ais (ESF) en collaboration avec [&hellip;]<\/p>","protected":false},"author":5,"featured_media":2681,"template":"","meta":{"_yoast_wpseo_focuskw":"","_yoast_wpseo_title":"","_yoast_wpseo_metadesc":"","_yoast_wpseo_canonical":"","_yoast_wpseo_opengraph-title":"","_yoast_wpseo_opengraph-description":"","_yoast_wpseo_opengraph-image":"","_yoast_wpseo_opengraph-image-id":"","_yoast_wpseo_twitter-title":"","_yoast_wpseo_twitter-description":"","_yoast_wpseo_twitter-image":"","_yoast_wpseo_twitter-image-id":"","yoast_primary_category":"","_tribe_events_status":"","_tribe_events_status_reason":"","_tribe_events_is_hybrid":"","_tribe_events_is_virtual":"","_tribe_events_virtual_video_source":"","_tribe_events_virtual_embed_video":"","_tribe_events_virtual_linked_button_text":"","_tribe_events_virtual_linked_button":"","_tribe_events_virtual_show_embed_at":"","_tribe_events_virtual_show_embed_to":[],"_tribe_events_virtual_show_on_event":"","_tribe_events_virtual_show_on_views":"","_tribe_events_virtual_url":"","footnotes":""},"tags":[76,75],"tribe_events_cat":[88,111,145],"class_list":["post-2684","tribe_events","type-tribe_events","status-publish","has-post-thumbnail","hentry","tag-pyrenees-orientales","tag-traditions-et-folklore","tribe_events_cat-defile-cortege-parade","tribe_events_cat-feux-dartifice","tribe_events_cat-traditions-et-folklore","cat_defile-cortege-parade","cat_feux-dartifice","cat_traditions-et-folklore"],"yoast_head":"<!-- This site is optimized with the Yoast SEO Premium plugin v23.3 (Yoast SEO v26.9) - https:\/\/yoast.com\/product\/yoast-seo-premium-wordpress\/ -->\n<title>DESCENTE AUX FLAMBEAUX | Locansol, louer un h\u00e9bergement dans les Pyr\u00e9n\u00e9es Orientales<\/title>\n<meta name=\"robots\" content=\"index, follow, max-snippet:-1, max-image-preview:large, max-video-preview:-1\" \/>\n<link rel=\"canonical\" href=\"https:\/\/www.locansol.fr\/en\/evenement\/descente-aux-flambeaux\/\" \/>\n<meta property=\"og:locale\" content=\"en_GB\" \/>\n<meta property=\"og:type\" content=\"article\" \/>\n<meta property=\"og:title\" content=\"DESCENTE AUX FLAMBEAUX\" \/>\n<meta property=\"og:description\" content=\"Le 12 f\u00e9vrier, la station de ski des Angles accueille une soir\u00e9e festive et familiale avec la descente aux flambeaux, organis\u00e9e par l&rsquo;\u00c9cole de Ski Fran\u00e7ais (ESF) en collaboration avec [&hellip;]\" \/>\n<meta property=\"og:url\" content=\"https:\/\/www.locansol.fr\/en\/evenement\/descente-aux-flambeaux\/\" \/>\n<meta property=\"og:site_name\" content=\"Locansol, louer un h\u00e9bergement dans les Pyr\u00e9n\u00e9es Orientales\" \/>\n<meta property=\"og:image\" content=\"https:\/\/www.locansol.fr\/wp-content\/uploads\/2026\/02\/descente-flambeaux-angles-feu.webp\" \/>\n\t<meta property=\"og:image:width\" content=\"1280\" \/>\n\t<meta property=\"og:image:height\" content=\"853\" \/>\n\t<meta property=\"og:image:type\" content=\"image\/webp\" \/>\n<meta name=\"twitter:card\" content=\"summary_large_image\" \/>\n<meta name=\"twitter:label1\" content=\"Estimated reading time\" \/>\n\t<meta name=\"twitter:data1\" content=\"1 minute\" \/>\n<script type=\"application\/ld+json\" class=\"yoast-schema-graph\">{\"@context\":\"https:\/\/schema.org\",\"@graph\":[{\"@type\":\"WebPage\",\"@id\":\"https:\/\/www.locansol.fr\/evenement\/descente-aux-flambeaux\/\",\"url\":\"https:\/\/www.locansol.fr\/evenement\/descente-aux-flambeaux\/\",\"name\":\"DESCENTE AUX FLAMBEAUX | Locansol, louer un h\u00e9bergement dans les Pyr\u00e9n\u00e9es Orientales\",\"isPartOf\":{\"@id\":\"https:\/\/www.locansol.fr\/#website\"},\"primaryImageOfPage\":{\"@id\":\"https:\/\/www.locansol.fr\/evenement\/descente-aux-flambeaux\/#primaryimage\"},\"image\":{\"@id\":\"https:\/\/www.locansol.fr\/evenement\/descente-aux-flambeaux\/#primaryimage\"},\"thumbnailUrl\":\"https:\/\/www.locansol.fr\/wp-content\/uploads\/2026\/02\/descente-flambeaux-angles-feu.webp\",\"datePublished\":\"2026-02-13T00:53:23+00:00\",\"breadcrumb\":{\"@id\":\"https:\/\/www.locansol.fr\/evenement\/descente-aux-flambeaux\/#breadcrumb\"},\"inLanguage\":\"en-GB\",\"potentialAction\":[{\"@type\":\"ReadAction\",\"target\":[\"https:\/\/www.locansol.fr\/evenement\/descente-aux-flambeaux\/\"]}]},{\"@type\":\"ImageObject\",\"inLanguage\":\"en-GB\",\"@id\":\"https:\/\/www.locansol.fr\/evenement\/descente-aux-flambeaux\/#primaryimage\",\"url\":\"https:\/\/www.locansol.fr\/wp-content\/uploads\/2026\/02\/descente-flambeaux-angles-feu.webp\",\"contentUrl\":\"https:\/\/www.locansol.fr\/wp-content\/uploads\/2026\/02\/descente-flambeaux-angles-feu.webp\",\"width\":1280,\"height\":853,\"caption\":\"Le 12 f\u00e9vrier, la station de ski des Angles accueille une soir\u00e9e festive et familiale avec la descente aux flambeaux, organis\u00e9e par l'\u00c9cole de Ski Fran\u00e7ais (ESF) en collaboration avec la station. L'\u00e9v\u00e9nement a lieu \u00e0 20h, au d\u00e9part de la piste rouge Mermet, o\u00f9 les moniteurs de ski et les enfants du club ESF descendent ensemble dans la nuit, illuminant les pentes avec leurs flambeaux. Cette tradition, propos\u00e9e tous les jeudis durant les vacances scolaires, cr\u00e9e un spectacle visuel unique, ponctu\u00e9 par un feu d'artifice \u00e0 la base de la station. L'ambiance chaleureuse, renforc\u00e9e par la pr\u00e9sence du public et les animations, se poursuit apr\u00e8s le feu d'artifice avec la distribution gratuite de vin chaud et de chocolat chaud. Les Angles, station de montagne situ\u00e9e au c\u0153ur du parc naturel r\u00e9gional des Pyr\u00e9n\u00e9es Catalanes, propose une exp\u00e9rience in\u00e9dite o\u00f9 les pistes convergent vers le village, alliant authenticit\u00e9, paysages spectaculaires et activit\u00e9s anim\u00e9es. Cette soir\u00e9e, gratuite et ouverte \u00e0 tous, s'inscrit dans un programme d'animations familiales, id\u00e9ale pour vivre un moment de convivialit\u00e9 en plein air, au c\u0153ur de la montagne enneig\u00e9e.\"},{\"@type\":\"BreadcrumbList\",\"@id\":\"https:\/\/www.locansol.fr\/evenement\/descente-aux-flambeaux\/#breadcrumb\",\"itemListElement\":[{\"@type\":\"ListItem\",\"position\":1,\"name\":\"Accueil\",\"item\":\"https:\/\/www.locansol.fr\/\"},{\"@type\":\"ListItem\",\"position\":2,\"name\":\"\u00c9v\u00e8nements\",\"item\":\"https:\/\/www.locansol.fr\/evenements\/\"},{\"@type\":\"ListItem\",\"position\":3,\"name\":\"DESCENTE AUX FLAMBEAUX\"}]},{\"@type\":\"WebSite\",\"@id\":\"https:\/\/www.locansol.fr\/#website\",\"url\":\"https:\/\/www.locansol.fr\/\",\"name\":\"Locansol, louer un h\u00e9bergement dans les Pyr\u00e9n\u00e9es-Orientales\",\"description\":\"Location Mobil-home Mer M\u00e9diterran\u00e9e &amp; Chalet de Montagne dans les Pyr\u00e9n\u00e9es Orientales (Occitanie, 66). Weekend, s\u00e9jour &amp; vacances en famille et entre amis.\",\"publisher\":{\"@id\":\"https:\/\/www.locansol.fr\/#organization\"},\"alternateName\":\"Louer un h\u00e9bergement dans les Pyr\u00e9n\u00e9es Orientales, chalet & mobil-home en Occitanie\",\"potentialAction\":[{\"@type\":\"SearchAction\",\"target\":{\"@type\":\"EntryPoint\",\"urlTemplate\":\"https:\/\/www.locansol.fr\/?s={search_term_string}\"},\"query-input\":{\"@type\":\"PropertyValueSpecification\",\"valueRequired\":true,\"valueName\":\"search_term_string\"}}],\"inLanguage\":\"en-GB\"},{\"@type\":\"Organization\",\"@id\":\"https:\/\/www.locansol.fr\/#organization\",\"name\":\"Location MobilHome & chalet dans les Pyr\u00e9n\u00e9es Orientales\",\"alternateName\":\"Louer un h\u00e9bergement dans les Pyr\u00e9n\u00e9es Orientales en Occitanie\",\"url\":\"https:\/\/www.locansol.fr\/\",\"logo\":{\"@type\":\"ImageObject\",\"inLanguage\":\"en-GB\",\"@id\":\"https:\/\/www.locansol.fr\/#\/schema\/logo\/image\/\",\"url\":\"https:\/\/www.locansol.fr\/wp-content\/uploads\/2024\/04\/AdobeStock_303324767-scaled.jpeg\",\"contentUrl\":\"https:\/\/www.locansol.fr\/wp-content\/uploads\/2024\/04\/AdobeStock_303324767-scaled.jpeg\",\"width\":2560,\"height\":1707,\"caption\":\"Location MobilHome & chalet dans les Pyr\u00e9n\u00e9es Orientales\"},\"image\":{\"@id\":\"https:\/\/www.locansol.fr\/#\/schema\/logo\/image\/\"}}]}<\/script>\n<!-- \/ Yoast SEO Premium plugin. -->","yoast_head_json":{"title":"DESCENTE AUX FLAMBEAUX | Locansol, louer un h\u00e9bergement dans les Pyr\u00e9n\u00e9es Orientales","robots":{"index":"index","follow":"follow","max-snippet":"max-snippet:-1","max-image-preview":"max-image-preview:large","max-video-preview":"max-video-preview:-1"},"canonical":"https:\/\/www.locansol.fr\/en\/evenement\/descente-aux-flambeaux\/","og_locale":"en_GB","og_type":"article","og_title":"DESCENTE AUX FLAMBEAUX","og_description":"Le 12 f\u00e9vrier, la station de ski des Angles accueille une soir\u00e9e festive et familiale avec la descente aux flambeaux, organis\u00e9e par l&rsquo;\u00c9cole de Ski Fran\u00e7ais (ESF) en collaboration avec [&hellip;]","og_url":"https:\/\/www.locansol.fr\/en\/evenement\/descente-aux-flambeaux\/","og_site_name":"Locansol, louer un h\u00e9bergement dans les Pyr\u00e9n\u00e9es Orientales","og_image":[{"width":1280,"height":853,"url":"https:\/\/www.locansol.fr\/wp-content\/uploads\/2026\/02\/descente-flambeaux-angles-feu.webp","type":"image\/webp"}],"twitter_card":"summary_large_image","twitter_misc":{"Estimated reading time":"1 minute"},"schema":{"@context":"https:\/\/schema.org","@graph":[{"@type":"WebPage","@id":"https:\/\/www.locansol.fr\/evenement\/descente-aux-flambeaux\/","url":"https:\/\/www.locansol.fr\/evenement\/descente-aux-flambeaux\/","name":"DESCENTE AUX FLAMBEAUX | Locansol, louer un h\u00e9bergement dans les Pyr\u00e9n\u00e9es Orientales","isPartOf":{"@id":"https:\/\/www.locansol.fr\/#website"},"primaryImageOfPage":{"@id":"https:\/\/www.locansol.fr\/evenement\/descente-aux-flambeaux\/#primaryimage"},"image":{"@id":"https:\/\/www.locansol.fr\/evenement\/descente-aux-flambeaux\/#primaryimage"},"thumbnailUrl":"https:\/\/www.locansol.fr\/wp-content\/uploads\/2026\/02\/descente-flambeaux-angles-feu.webp","datePublished":"2026-02-13T00:53:23+00:00","breadcrumb":{"@id":"https:\/\/www.locansol.fr\/evenement\/descente-aux-flambeaux\/#breadcrumb"},"inLanguage":"en-GB","potentialAction":[{"@type":"ReadAction","target":["https:\/\/www.locansol.fr\/evenement\/descente-aux-flambeaux\/"]}]},{"@type":"ImageObject","inLanguage":"en-GB","@id":"https:\/\/www.locansol.fr\/evenement\/descente-aux-flambeaux\/#primaryimage","url":"https:\/\/www.locansol.fr\/wp-content\/uploads\/2026\/02\/descente-flambeaux-angles-feu.webp","contentUrl":"https:\/\/www.locansol.fr\/wp-content\/uploads\/2026\/02\/descente-flambeaux-angles-feu.webp","width":1280,"height":853,"caption":"Le 12 f\u00e9vrier, la station de ski des Angles accueille une soir\u00e9e festive et familiale avec la descente aux flambeaux, organis\u00e9e par l'\u00c9cole de Ski Fran\u00e7ais (ESF) en collaboration avec la station. L'\u00e9v\u00e9nement a lieu \u00e0 20h, au d\u00e9part de la piste rouge Mermet, o\u00f9 les moniteurs de ski et les enfants du club ESF descendent ensemble dans la nuit, illuminant les pentes avec leurs flambeaux. Cette tradition, propos\u00e9e tous les jeudis durant les vacances scolaires, cr\u00e9e un spectacle visuel unique, ponctu\u00e9 par un feu d'artifice \u00e0 la base de la station. L'ambiance chaleureuse, renforc\u00e9e par la pr\u00e9sence du public et les animations, se poursuit apr\u00e8s le feu d'artifice avec la distribution gratuite de vin chaud et de chocolat chaud. Les Angles, station de montagne situ\u00e9e au c\u0153ur du parc naturel r\u00e9gional des Pyr\u00e9n\u00e9es Catalanes, propose une exp\u00e9rience in\u00e9dite o\u00f9 les pistes convergent vers le village, alliant authenticit\u00e9, paysages spectaculaires et activit\u00e9s anim\u00e9es. Cette soir\u00e9e, gratuite et ouverte \u00e0 tous, s'inscrit dans un programme d'animations familiales, id\u00e9ale pour vivre un moment de convivialit\u00e9 en plein air, au c\u0153ur de la montagne enneig\u00e9e."},{"@type":"BreadcrumbList","@id":"https:\/\/www.locansol.fr\/evenement\/descente-aux-flambeaux\/#breadcrumb","itemListElement":[{"@type":"ListItem","position":1,"name":"Accueil","item":"https:\/\/www.locansol.fr\/"},{"@type":"ListItem","position":2,"name":"\u00c9v\u00e8nements","item":"https:\/\/www.locansol.fr\/evenements\/"},{"@type":"ListItem","position":3,"name":"DESCENTE AUX FLAMBEAUX"}]},{"@type":"WebSite","@id":"https:\/\/www.locansol.fr\/#website","url":"https:\/\/www.locansol.fr\/","name":"Locansol, louer un h\u00e9bergement dans les Pyr\u00e9n\u00e9es-Orientales","description":"Location Mobil-home Mer M\u00e9diterran\u00e9e &amp; Chalet de Montagne dans les Pyr\u00e9n\u00e9es Orientales (Occitanie, 66). Weekend, s\u00e9jour &amp; vacances en famille et entre amis.","publisher":{"@id":"https:\/\/www.locansol.fr\/#organization"},"alternateName":"Louer un h\u00e9bergement dans les Pyr\u00e9n\u00e9es Orientales, chalet & mobil-home en Occitanie","potentialAction":[{"@type":"SearchAction","target":{"@type":"EntryPoint","urlTemplate":"https:\/\/www.locansol.fr\/?s={search_term_string}"},"query-input":{"@type":"PropertyValueSpecification","valueRequired":true,"valueName":"search_term_string"}}],"inLanguage":"en-GB"},{"@type":"Organization","@id":"https:\/\/www.locansol.fr\/#organization","name":"Location MobilHome & chalet dans les Pyr\u00e9n\u00e9es Orientales","alternateName":"Louer un h\u00e9bergement dans les Pyr\u00e9n\u00e9es Orientales en Occitanie","url":"https:\/\/www.locansol.fr\/","logo":{"@type":"ImageObject","inLanguage":"en-GB","@id":"https:\/\/www.locansol.fr\/#\/schema\/logo\/image\/","url":"https:\/\/www.locansol.fr\/wp-content\/uploads\/2024\/04\/AdobeStock_303324767-scaled.jpeg","contentUrl":"https:\/\/www.locansol.fr\/wp-content\/uploads\/2024\/04\/AdobeStock_303324767-scaled.jpeg","width":2560,"height":1707,"caption":"Location MobilHome & chalet dans les Pyr\u00e9n\u00e9es Orientales"},"image":{"@id":"https:\/\/www.locansol.fr\/#\/schema\/logo\/image\/"}}]}},"_links":{"self":[{"href":"https:\/\/www.locansol.fr\/en\/wp-json\/wp\/v2\/tribe_events\/2684","targetHints":{"allow":["GET"]}}],"collection":[{"href":"https:\/\/www.locansol.fr\/en\/wp-json\/wp\/v2\/tribe_events"}],"about":[{"href":"https:\/\/www.locansol.fr\/en\/wp-json\/wp\/v2\/types\/tribe_events"}],"author":[{"embeddable":true,"href":"https:\/\/www.locansol.fr\/en\/wp-json\/wp\/v2\/users\/5"}],"version-history":[{"count":1,"href":"https:\/\/www.locansol.fr\/en\/wp-json\/wp\/v2\/tribe_events\/2684\/revisions"}],"predecessor-version":[{"id":2766,"href":"https:\/\/www.locansol.fr\/en\/wp-json\/wp\/v2\/tribe_events\/2684\/revisions\/2766"}],"wp:featuredmedia":[{"embeddable":true,"href":"https:\/\/www.locansol.fr\/en\/wp-json\/wp\/v2\/media\/2681"}],"wp:attachment":[{"href":"https:\/\/www.locansol.fr\/en\/wp-json\/wp\/v2\/media?parent=2684"}],"wp:term":[{"taxonomy":"post_tag","embeddable":true,"href":"https:\/\/www.locansol.fr\/en\/wp-json\/wp\/v2\/tags?post=2684"},{"taxonomy":"tribe_events_cat","embeddable":true,"href":"https:\/\/www.locansol.fr\/en\/wp-json\/wp\/v2\/tribe_events_cat?post=2684"}],"curies":[{"name":"wp","href":"https:\/\/api.w.org\/{rel}","templated":true}]}}