{"id":2725,"date":"2026-02-13T01:53:32","date_gmt":"2026-02-13T00:53:32","guid":{"rendered":"https:\/\/www.locansol.fr\/?post_type=tribe_events&#038;p=2725"},"modified":"2026-02-13T01:53:32","modified_gmt":"2026-02-13T00:53:32","slug":"les-clochers-catalans","status":"publish","type":"tribe_events","link":"https:\/\/www.locansol.fr\/en\/evenement\/les-clochers-catalans\/","title":{"rendered":"LES CLOCHERS CATALANS"},"content":{"rendered":"<p>L&rsquo;exposition \u00ab Les Clochers Catalans \u00bb est pr\u00e9sent\u00e9e du 17 janvier au 13 f\u00e9vrier 2026 \u00e0 la Maison des Arts, situ\u00e9e au 89 Boulevard du Grau Saint-Ange, dans le quartier Le Village \u00e0 Le Barcar\u00e8s. Organis\u00e9e par l&rsquo;association Club Photo du Barcar\u00e8s, cette manifestation met en lumi\u00e8re une s\u00e9lection de photographies r\u00e9alis\u00e9es par des amateurs passionn\u00e9s. Ces clich\u00e9s, sensibles et lumineux, offrent une vue d\u00e9taill\u00e9e et po\u00e9tique des clochers les plus embl\u00e9matiques du Pays catalan. Chaque image s&rsquo;inscrit dans un regard artistique sur le patrimoine local, r\u00e9v\u00e9lant \u00e0 la fois l&rsquo;histoire, l&rsquo;identit\u00e9 et la beaut\u00e9 architecturale de villages traditionnels. L&rsquo;exposition s&rsquo;inscrit dans une d\u00e9marche culturelle r\u00e9guli\u00e8re du Club Photo du Barcar\u00e8s, fond\u00e9 en 1990, qui promeut la photographie comme forme d&rsquo;expression et de partage. Ouvert au public gratuitement tous les jours, le lieu accueille une programmation vari\u00e9e, incluant des expositions collectives et des rencontres culturelles. La Maison des Arts, ancien h\u00f4tel transform\u00e9 en espace culturel en 2009, propose un cadre chaleureux et accessible, id\u00e9al pour d\u00e9couvrir les expressions contemporaines de la cr\u00e9ation locale. Cette exposition invite \u00e0 red\u00e9couvrir le territoire en levant les yeux vers les silhouettes embl\u00e9matiques de l&rsquo;architecture religieuse, tout en s&rsquo;inscrivant dans un contexte de valorisation du patrimoine r\u00e9gional.<\/p>\n<p><\/p>\n<h3>R\u00e9servez votre h\u00e9bergement dans les Pyr\u00e9n\u00e9es-Orientales :<\/h3>\n<p><b>Mobil-home Locansol \u00e0 Argel\u00e8s-sur-Mer<\/b><br \/>Trajet le plus court : 30 km<br \/>Trajet le plus rapide : 36 min<\/p>\n<p><b>Chalet Locansol \u00e0 Estavar<\/b><br \/>Trajet le plus court : 115 km<br \/>Trajet le plus rapide : 1 h 44 min<\/p>","protected":false},"excerpt":{"rendered":"<p>L&rsquo;exposition \u00ab Les Clochers Catalans \u00bb est pr\u00e9sent\u00e9e du 17 janvier au 13 f\u00e9vrier 2026 \u00e0 la Maison des Arts, situ\u00e9e au 89 Boulevard du Grau Saint-Ange, dans le quartier [&hellip;]<\/p>","protected":false},"author":5,"featured_media":2721,"template":"","meta":{"_yoast_wpseo_focuskw":"","_yoast_wpseo_title":"","_yoast_wpseo_metadesc":"","_yoast_wpseo_canonical":"","_yoast_wpseo_opengraph-title":"","_yoast_wpseo_opengraph-description":"","_yoast_wpseo_opengraph-image":"","_yoast_wpseo_opengraph-image-id":"","_yoast_wpseo_twitter-title":"","_yoast_wpseo_twitter-description":"","_yoast_wpseo_twitter-image":"","_yoast_wpseo_twitter-image-id":"","yoast_primary_category":"","_tribe_events_status":"","_tribe_events_status_reason":"","_tribe_events_is_hybrid":"","_tribe_events_is_virtual":"","_tribe_events_virtual_video_source":"","_tribe_events_virtual_embed_video":"","_tribe_events_virtual_linked_button_text":"","_tribe_events_virtual_linked_button":"","_tribe_events_virtual_show_embed_at":"","_tribe_events_virtual_show_embed_to":[],"_tribe_events_virtual_show_on_event":"","_tribe_events_virtual_show_on_views":"","_tribe_events_virtual_url":"","footnotes":""},"tags":[66,67,76],"tribe_events_cat":[138,90,139,127],"class_list":["post-2725","tribe_events","type-tribe_events","status-publish","has-post-thumbnail","hentry","tag-evenement-culturel","tag-loisirs","tag-pyrenees-orientales","tribe_events_cat-evenement-culturel","tribe_events_cat-exposition","tribe_events_cat-loisirs","tribe_events_cat-photographie","cat_evenement-culturel","cat_exposition","cat_loisirs","cat_photographie"],"yoast_head":"<!-- This site is optimized with the Yoast SEO Premium plugin v23.3 (Yoast SEO v26.9) - https:\/\/yoast.com\/product\/yoast-seo-premium-wordpress\/ -->\n<title>LES CLOCHERS CATALANS | Locansol, louer un h\u00e9bergement dans les Pyr\u00e9n\u00e9es Orientales<\/title>\n<meta name=\"robots\" content=\"index, follow, max-snippet:-1, max-image-preview:large, max-video-preview:-1\" \/>\n<link rel=\"canonical\" href=\"https:\/\/www.locansol.fr\/en\/evenement\/les-clochers-catalans\/\" \/>\n<meta property=\"og:locale\" content=\"en_GB\" \/>\n<meta property=\"og:type\" content=\"article\" \/>\n<meta property=\"og:title\" content=\"LES CLOCHERS CATALANS\" \/>\n<meta property=\"og:description\" content=\"L&rsquo;exposition \u00ab Les Clochers Catalans \u00bb est pr\u00e9sent\u00e9e du 17 janvier au 13 f\u00e9vrier 2026 \u00e0 la Maison des Arts, situ\u00e9e au 89 Boulevard du Grau Saint-Ange, dans le quartier [&hellip;]\" \/>\n<meta property=\"og:url\" content=\"https:\/\/www.locansol.fr\/en\/evenement\/les-clochers-catalans\/\" \/>\n<meta property=\"og:site_name\" content=\"Locansol, louer un h\u00e9bergement dans les Pyr\u00e9n\u00e9es Orientales\" \/>\n<meta property=\"og:image\" content=\"https:\/\/www.locansol.fr\/wp-content\/uploads\/2026\/02\/exposition-clochers-catalans-barcares.webp\" \/>\n\t<meta property=\"og:image:width\" content=\"1024\" \/>\n\t<meta property=\"og:image:height\" content=\"768\" \/>\n\t<meta property=\"og:image:type\" content=\"image\/webp\" \/>\n<meta name=\"twitter:card\" content=\"summary_large_image\" \/>\n<meta name=\"twitter:label1\" content=\"Estimated reading time\" \/>\n\t<meta name=\"twitter:data1\" content=\"1 minute\" \/>\n<script type=\"application\/ld+json\" class=\"yoast-schema-graph\">{\"@context\":\"https:\/\/schema.org\",\"@graph\":[{\"@type\":\"WebPage\",\"@id\":\"https:\/\/www.locansol.fr\/evenement\/les-clochers-catalans\/\",\"url\":\"https:\/\/www.locansol.fr\/evenement\/les-clochers-catalans\/\",\"name\":\"LES CLOCHERS CATALANS | Locansol, louer un h\u00e9bergement dans les Pyr\u00e9n\u00e9es Orientales\",\"isPartOf\":{\"@id\":\"https:\/\/www.locansol.fr\/#website\"},\"primaryImageOfPage\":{\"@id\":\"https:\/\/www.locansol.fr\/evenement\/les-clochers-catalans\/#primaryimage\"},\"image\":{\"@id\":\"https:\/\/www.locansol.fr\/evenement\/les-clochers-catalans\/#primaryimage\"},\"thumbnailUrl\":\"https:\/\/www.locansol.fr\/wp-content\/uploads\/2026\/02\/exposition-clochers-catalans-barcares.webp\",\"datePublished\":\"2026-02-13T00:53:32+00:00\",\"breadcrumb\":{\"@id\":\"https:\/\/www.locansol.fr\/evenement\/les-clochers-catalans\/#breadcrumb\"},\"inLanguage\":\"en-GB\",\"potentialAction\":[{\"@type\":\"ReadAction\",\"target\":[\"https:\/\/www.locansol.fr\/evenement\/les-clochers-catalans\/\"]}]},{\"@type\":\"ImageObject\",\"inLanguage\":\"en-GB\",\"@id\":\"https:\/\/www.locansol.fr\/evenement\/les-clochers-catalans\/#primaryimage\",\"url\":\"https:\/\/www.locansol.fr\/wp-content\/uploads\/2026\/02\/exposition-clochers-catalans-barcares.webp\",\"contentUrl\":\"https:\/\/www.locansol.fr\/wp-content\/uploads\/2026\/02\/exposition-clochers-catalans-barcares.webp\",\"width\":1024,\"height\":768,\"caption\":\"L'exposition \u00ab Les Clochers Catalans \u00bb est pr\u00e9sent\u00e9e du 17 janvier au 13 f\u00e9vrier 2026 \u00e0 la Maison des Arts, situ\u00e9e au 89 Boulevard du Grau Saint-Ange, dans le quartier Le Village \u00e0 Le Barcar\u00e8s. Organis\u00e9e par l'association Club Photo du Barcar\u00e8s, cette manifestation met en lumi\u00e8re une s\u00e9lection de photographies r\u00e9alis\u00e9es par des amateurs passionn\u00e9s. Ces clich\u00e9s, sensibles et lumineux, offrent une vue d\u00e9taill\u00e9e et po\u00e9tique des clochers les plus embl\u00e9matiques du Pays catalan. Chaque image s'inscrit dans un regard artistique sur le patrimoine local, r\u00e9v\u00e9lant \u00e0 la fois l'histoire, l'identit\u00e9 et la beaut\u00e9 architecturale de villages traditionnels. L'exposition s'inscrit dans une d\u00e9marche culturelle r\u00e9guli\u00e8re du Club Photo du Barcar\u00e8s, fond\u00e9 en 1990, qui promeut la photographie comme forme d'expression et de partage. Ouvert au public gratuitement tous les jours, le lieu accueille une programmation vari\u00e9e, incluant des expositions collectives et des rencontres culturelles. La Maison des Arts, ancien h\u00f4tel transform\u00e9 en espace culturel en 2009, propose un cadre chaleureux et accessible, id\u00e9al pour d\u00e9couvrir les expressions contemporaines de la cr\u00e9ation locale. Cette exposition invite \u00e0 red\u00e9couvrir le territoire en levant les yeux vers les silhouettes embl\u00e9matiques de l'architecture religieuse, tout en s'inscrivant dans un contexte de valorisation du patrimoine r\u00e9gional.\"},{\"@type\":\"BreadcrumbList\",\"@id\":\"https:\/\/www.locansol.fr\/evenement\/les-clochers-catalans\/#breadcrumb\",\"itemListElement\":[{\"@type\":\"ListItem\",\"position\":1,\"name\":\"Accueil\",\"item\":\"https:\/\/www.locansol.fr\/\"},{\"@type\":\"ListItem\",\"position\":2,\"name\":\"\u00c9v\u00e8nements\",\"item\":\"https:\/\/www.locansol.fr\/evenements\/\"},{\"@type\":\"ListItem\",\"position\":3,\"name\":\"LES CLOCHERS CATALANS\"}]},{\"@type\":\"WebSite\",\"@id\":\"https:\/\/www.locansol.fr\/#website\",\"url\":\"https:\/\/www.locansol.fr\/\",\"name\":\"Locansol, louer un h\u00e9bergement dans les Pyr\u00e9n\u00e9es-Orientales\",\"description\":\"Location Mobil-home Mer M\u00e9diterran\u00e9e &amp; Chalet de Montagne dans les Pyr\u00e9n\u00e9es Orientales (Occitanie, 66). Weekend, s\u00e9jour &amp; vacances en famille et entre amis.\",\"publisher\":{\"@id\":\"https:\/\/www.locansol.fr\/#organization\"},\"alternateName\":\"Louer un h\u00e9bergement dans les Pyr\u00e9n\u00e9es Orientales, chalet & mobil-home en Occitanie\",\"potentialAction\":[{\"@type\":\"SearchAction\",\"target\":{\"@type\":\"EntryPoint\",\"urlTemplate\":\"https:\/\/www.locansol.fr\/?s={search_term_string}\"},\"query-input\":{\"@type\":\"PropertyValueSpecification\",\"valueRequired\":true,\"valueName\":\"search_term_string\"}}],\"inLanguage\":\"en-GB\"},{\"@type\":\"Organization\",\"@id\":\"https:\/\/www.locansol.fr\/#organization\",\"name\":\"Location MobilHome & chalet dans les Pyr\u00e9n\u00e9es Orientales\",\"alternateName\":\"Louer un h\u00e9bergement dans les Pyr\u00e9n\u00e9es Orientales en Occitanie\",\"url\":\"https:\/\/www.locansol.fr\/\",\"logo\":{\"@type\":\"ImageObject\",\"inLanguage\":\"en-GB\",\"@id\":\"https:\/\/www.locansol.fr\/#\/schema\/logo\/image\/\",\"url\":\"https:\/\/www.locansol.fr\/wp-content\/uploads\/2024\/04\/AdobeStock_303324767-scaled.jpeg\",\"contentUrl\":\"https:\/\/www.locansol.fr\/wp-content\/uploads\/2024\/04\/AdobeStock_303324767-scaled.jpeg\",\"width\":2560,\"height\":1707,\"caption\":\"Location MobilHome & chalet dans les Pyr\u00e9n\u00e9es Orientales\"},\"image\":{\"@id\":\"https:\/\/www.locansol.fr\/#\/schema\/logo\/image\/\"}}]}<\/script>\n<!-- \/ Yoast SEO Premium plugin. -->","yoast_head_json":{"title":"LES CLOCHERS CATALANS | Locansol, louer un h\u00e9bergement dans les Pyr\u00e9n\u00e9es Orientales","robots":{"index":"index","follow":"follow","max-snippet":"max-snippet:-1","max-image-preview":"max-image-preview:large","max-video-preview":"max-video-preview:-1"},"canonical":"https:\/\/www.locansol.fr\/en\/evenement\/les-clochers-catalans\/","og_locale":"en_GB","og_type":"article","og_title":"LES CLOCHERS CATALANS","og_description":"L&rsquo;exposition \u00ab Les Clochers Catalans \u00bb est pr\u00e9sent\u00e9e du 17 janvier au 13 f\u00e9vrier 2026 \u00e0 la Maison des Arts, situ\u00e9e au 89 Boulevard du Grau Saint-Ange, dans le quartier [&hellip;]","og_url":"https:\/\/www.locansol.fr\/en\/evenement\/les-clochers-catalans\/","og_site_name":"Locansol, louer un h\u00e9bergement dans les Pyr\u00e9n\u00e9es Orientales","og_image":[{"width":1024,"height":768,"url":"https:\/\/www.locansol.fr\/wp-content\/uploads\/2026\/02\/exposition-clochers-catalans-barcares.webp","type":"image\/webp"}],"twitter_card":"summary_large_image","twitter_misc":{"Estimated reading time":"1 minute"},"schema":{"@context":"https:\/\/schema.org","@graph":[{"@type":"WebPage","@id":"https:\/\/www.locansol.fr\/evenement\/les-clochers-catalans\/","url":"https:\/\/www.locansol.fr\/evenement\/les-clochers-catalans\/","name":"LES CLOCHERS CATALANS | Locansol, louer un h\u00e9bergement dans les Pyr\u00e9n\u00e9es Orientales","isPartOf":{"@id":"https:\/\/www.locansol.fr\/#website"},"primaryImageOfPage":{"@id":"https:\/\/www.locansol.fr\/evenement\/les-clochers-catalans\/#primaryimage"},"image":{"@id":"https:\/\/www.locansol.fr\/evenement\/les-clochers-catalans\/#primaryimage"},"thumbnailUrl":"https:\/\/www.locansol.fr\/wp-content\/uploads\/2026\/02\/exposition-clochers-catalans-barcares.webp","datePublished":"2026-02-13T00:53:32+00:00","breadcrumb":{"@id":"https:\/\/www.locansol.fr\/evenement\/les-clochers-catalans\/#breadcrumb"},"inLanguage":"en-GB","potentialAction":[{"@type":"ReadAction","target":["https:\/\/www.locansol.fr\/evenement\/les-clochers-catalans\/"]}]},{"@type":"ImageObject","inLanguage":"en-GB","@id":"https:\/\/www.locansol.fr\/evenement\/les-clochers-catalans\/#primaryimage","url":"https:\/\/www.locansol.fr\/wp-content\/uploads\/2026\/02\/exposition-clochers-catalans-barcares.webp","contentUrl":"https:\/\/www.locansol.fr\/wp-content\/uploads\/2026\/02\/exposition-clochers-catalans-barcares.webp","width":1024,"height":768,"caption":"L'exposition \u00ab Les Clochers Catalans \u00bb est pr\u00e9sent\u00e9e du 17 janvier au 13 f\u00e9vrier 2026 \u00e0 la Maison des Arts, situ\u00e9e au 89 Boulevard du Grau Saint-Ange, dans le quartier Le Village \u00e0 Le Barcar\u00e8s. Organis\u00e9e par l'association Club Photo du Barcar\u00e8s, cette manifestation met en lumi\u00e8re une s\u00e9lection de photographies r\u00e9alis\u00e9es par des amateurs passionn\u00e9s. Ces clich\u00e9s, sensibles et lumineux, offrent une vue d\u00e9taill\u00e9e et po\u00e9tique des clochers les plus embl\u00e9matiques du Pays catalan. Chaque image s'inscrit dans un regard artistique sur le patrimoine local, r\u00e9v\u00e9lant \u00e0 la fois l'histoire, l'identit\u00e9 et la beaut\u00e9 architecturale de villages traditionnels. L'exposition s'inscrit dans une d\u00e9marche culturelle r\u00e9guli\u00e8re du Club Photo du Barcar\u00e8s, fond\u00e9 en 1990, qui promeut la photographie comme forme d'expression et de partage. Ouvert au public gratuitement tous les jours, le lieu accueille une programmation vari\u00e9e, incluant des expositions collectives et des rencontres culturelles. La Maison des Arts, ancien h\u00f4tel transform\u00e9 en espace culturel en 2009, propose un cadre chaleureux et accessible, id\u00e9al pour d\u00e9couvrir les expressions contemporaines de la cr\u00e9ation locale. Cette exposition invite \u00e0 red\u00e9couvrir le territoire en levant les yeux vers les silhouettes embl\u00e9matiques de l'architecture religieuse, tout en s'inscrivant dans un contexte de valorisation du patrimoine r\u00e9gional."},{"@type":"BreadcrumbList","@id":"https:\/\/www.locansol.fr\/evenement\/les-clochers-catalans\/#breadcrumb","itemListElement":[{"@type":"ListItem","position":1,"name":"Accueil","item":"https:\/\/www.locansol.fr\/"},{"@type":"ListItem","position":2,"name":"\u00c9v\u00e8nements","item":"https:\/\/www.locansol.fr\/evenements\/"},{"@type":"ListItem","position":3,"name":"LES CLOCHERS CATALANS"}]},{"@type":"WebSite","@id":"https:\/\/www.locansol.fr\/#website","url":"https:\/\/www.locansol.fr\/","name":"Locansol, louer un h\u00e9bergement dans les Pyr\u00e9n\u00e9es-Orientales","description":"Location Mobil-home Mer M\u00e9diterran\u00e9e &amp; Chalet de Montagne dans les Pyr\u00e9n\u00e9es Orientales (Occitanie, 66). Weekend, s\u00e9jour &amp; vacances en famille et entre amis.","publisher":{"@id":"https:\/\/www.locansol.fr\/#organization"},"alternateName":"Louer un h\u00e9bergement dans les Pyr\u00e9n\u00e9es Orientales, chalet & mobil-home en Occitanie","potentialAction":[{"@type":"SearchAction","target":{"@type":"EntryPoint","urlTemplate":"https:\/\/www.locansol.fr\/?s={search_term_string}"},"query-input":{"@type":"PropertyValueSpecification","valueRequired":true,"valueName":"search_term_string"}}],"inLanguage":"en-GB"},{"@type":"Organization","@id":"https:\/\/www.locansol.fr\/#organization","name":"Location MobilHome & chalet dans les Pyr\u00e9n\u00e9es Orientales","alternateName":"Louer un h\u00e9bergement dans les Pyr\u00e9n\u00e9es Orientales en Occitanie","url":"https:\/\/www.locansol.fr\/","logo":{"@type":"ImageObject","inLanguage":"en-GB","@id":"https:\/\/www.locansol.fr\/#\/schema\/logo\/image\/","url":"https:\/\/www.locansol.fr\/wp-content\/uploads\/2024\/04\/AdobeStock_303324767-scaled.jpeg","contentUrl":"https:\/\/www.locansol.fr\/wp-content\/uploads\/2024\/04\/AdobeStock_303324767-scaled.jpeg","width":2560,"height":1707,"caption":"Location MobilHome & chalet dans les Pyr\u00e9n\u00e9es Orientales"},"image":{"@id":"https:\/\/www.locansol.fr\/#\/schema\/logo\/image\/"}}]}},"_links":{"self":[{"href":"https:\/\/www.locansol.fr\/en\/wp-json\/wp\/v2\/tribe_events\/2725","targetHints":{"allow":["GET"]}}],"collection":[{"href":"https:\/\/www.locansol.fr\/en\/wp-json\/wp\/v2\/tribe_events"}],"about":[{"href":"https:\/\/www.locansol.fr\/en\/wp-json\/wp\/v2\/types\/tribe_events"}],"author":[{"embeddable":true,"href":"https:\/\/www.locansol.fr\/en\/wp-json\/wp\/v2\/users\/5"}],"version-history":[{"count":1,"href":"https:\/\/www.locansol.fr\/en\/wp-json\/wp\/v2\/tribe_events\/2725\/revisions"}],"predecessor-version":[{"id":2775,"href":"https:\/\/www.locansol.fr\/en\/wp-json\/wp\/v2\/tribe_events\/2725\/revisions\/2775"}],"wp:featuredmedia":[{"embeddable":true,"href":"https:\/\/www.locansol.fr\/en\/wp-json\/wp\/v2\/media\/2721"}],"wp:attachment":[{"href":"https:\/\/www.locansol.fr\/en\/wp-json\/wp\/v2\/media?parent=2725"}],"wp:term":[{"taxonomy":"post_tag","embeddable":true,"href":"https:\/\/www.locansol.fr\/en\/wp-json\/wp\/v2\/tags?post=2725"},{"taxonomy":"tribe_events_cat","embeddable":true,"href":"https:\/\/www.locansol.fr\/en\/wp-json\/wp\/v2\/tribe_events_cat?post=2725"}],"curies":[{"name":"wp","href":"https:\/\/api.w.org\/{rel}","templated":true}]}}