{"id":2878,"date":"2026-02-13T03:07:45","date_gmt":"2026-02-13T02:07:45","guid":{"rendered":"https:\/\/www.locansol.fr\/evenement\/les-balades-du-conflent-visite-du-village-et-de-leglise-deus\/"},"modified":"2026-02-13T03:07:45","modified_gmt":"2026-02-13T02:07:45","slug":"les-balades-du-conflent-visite-du-village-et-de-leglise-deus","status":"publish","type":"tribe_events","link":"https:\/\/www.locansol.fr\/en\/evenement\/les-balades-du-conflent-visite-du-village-et-de-leglise-deus\/","title":{"rendered":"LES BALADES DU CONFLENT : \u00ab VISITE DU VILLAGE ET DE L&rsquo;\u00c9GLISE D&rsquo;EUS \u00bb"},"content":{"rendered":"<p>Le village d&rsquo;Eus, situ\u00e9 dans les Pyr\u00e9n\u00e9es-Orientales, est class\u00e9 parmi les plus beaux villages de France et reconnu comme le plus ensoleill\u00e9 du pays, avec plus de 2 600 heures d&rsquo;ensoleillement annuelles. Ce village perch\u00e9 sur une colline granitique, au c\u0153ur du pays de Conflent, offre un paysage typiquement m\u00e9diterran\u00e9en et une ambiance chaleureuse, marqu\u00e9e par son histoire m\u00e9di\u00e9vale et son patrimoine culturel riche. Le vendredi 13 f\u00e9vrier \u00e0 14h, une visite guid\u00e9e de deux heures maximum est organis\u00e9e pour d\u00e9couvrir les ruelles pav\u00e9es, les maisons traditionnelles et le c\u0153ur historique du village. L&rsquo;itin\u00e9raire inclut une halte devant l&rsquo;\u00e9glise Saint-Vincent-d&rsquo;En-Haut, construite au XVIIIe si\u00e8cle sur les ruines d&rsquo;un ancien ch\u00e2teau fortifi\u00e9. Cette \u00e9glise, inscrite au patrimoine historique, t\u00e9moigne de l&rsquo;architecture religieuse catalane de la Contre-R\u00e9forme, avec ses six chapelles et ses retables orn\u00e9s. La visite, anim\u00e9e par un guide local, met en lumi\u00e8re l&rsquo;histoire du village, ses traditions, les anecdotes des habitants et les influences culturelles qui ont marqu\u00e9 son d\u00e9veloppement, notamment \u00e0 travers l&rsquo;accueil d&rsquo;artistes comme Jacques Higelin ou Henri Salvador. Le point de rendez-vous est devant la mairie d&rsquo;Eus. La r\u00e9servation est obligatoire. Le tarif est de 8,00 \u20ac pour un public int\u00e9ress\u00e9 par l&rsquo;histoire, le patrimoine architectural et la culture locale. Des randonn\u00e9es ou visites personnalis\u00e9es peuvent \u00eatre organis\u00e9es sur demande. Cette sortie permet de d\u00e9couvrir un lieu atypique, \u00e0 la fois pr\u00e9serv\u00e9 et anim\u00e9, au carrefour du pass\u00e9 et du pr\u00e9sent.<\/p>\n<p><\/p>\n<h3>R\u00e9servez votre h\u00e9bergement dans les Pyr\u00e9n\u00e9es-Orientales :<\/h3>\n<p><b>Mobil-home Locansol \u00e0 Argel\u00e8s-sur-Mer<\/b><br \/>Trajet le plus court : 61 km<br \/>Trajet le plus rapide : 1 h 0 min<\/p>\n<p><b>Chalet Locansol \u00e0 Estavar<\/b><br \/>Trajet le plus court : 65 km<br \/>Trajet le plus rapide : 1 h 14 min<\/p>","protected":false},"excerpt":{"rendered":"<p>Le village d&rsquo;Eus, situ\u00e9 dans les Pyr\u00e9n\u00e9es-Orientales, est class\u00e9 parmi les plus beaux villages de France et reconnu comme le plus ensoleill\u00e9 du pays, avec plus de 2 600 heures [&hellip;]<\/p>","protected":false},"author":5,"featured_media":2874,"template":"","meta":{"_yoast_wpseo_focuskw":"","_yoast_wpseo_title":"","_yoast_wpseo_metadesc":"","_yoast_wpseo_canonical":"","_yoast_wpseo_opengraph-title":"","_yoast_wpseo_opengraph-description":"","_yoast_wpseo_opengraph-image":"","_yoast_wpseo_opengraph-image-id":"","_yoast_wpseo_twitter-title":"","_yoast_wpseo_twitter-description":"","_yoast_wpseo_twitter-image":"","_yoast_wpseo_twitter-image-id":"","yoast_primary_category":"","_tribe_events_status":"","_tribe_events_status_reason":"","_tribe_events_is_hybrid":"","_tribe_events_is_virtual":"","_tribe_events_virtual_video_source":"","_tribe_events_virtual_embed_video":"","_tribe_events_virtual_linked_button_text":"","_tribe_events_virtual_linked_button":"","_tribe_events_virtual_show_embed_at":"","_tribe_events_virtual_show_embed_to":[],"_tribe_events_virtual_show_on_event":"","_tribe_events_virtual_show_on_views":"","_tribe_events_virtual_url":"","footnotes":""},"tags":[66,76],"tribe_events_cat":[138,157,105],"class_list":["post-2878","tribe_events","type-tribe_events","status-publish","has-post-thumbnail","hentry","tag-evenement-culturel","tag-pyrenees-orientales","tribe_events_cat-evenement-culturel","tribe_events_cat-histoire","tribe_events_cat-visite-guidee","cat_evenement-culturel","cat_histoire","cat_visite-guidee"],"yoast_head":"<!-- This site is optimized with the Yoast SEO Premium plugin v23.3 (Yoast SEO v26.9) - https:\/\/yoast.com\/product\/yoast-seo-premium-wordpress\/ -->\n<title>LES BALADES DU CONFLENT : \u00ab VISITE DU VILLAGE ET DE L&#039;\u00c9GLISE D&#039;EUS \u00bb | Locansol, louer un h\u00e9bergement dans les Pyr\u00e9n\u00e9es Orientales<\/title>\n<meta name=\"robots\" content=\"index, follow, max-snippet:-1, max-image-preview:large, max-video-preview:-1\" \/>\n<link rel=\"canonical\" href=\"https:\/\/www.locansol.fr\/en\/evenement\/les-balades-du-conflent-visite-du-village-et-de-leglise-deus\/\" \/>\n<meta property=\"og:locale\" content=\"en_GB\" \/>\n<meta property=\"og:type\" content=\"article\" \/>\n<meta property=\"og:title\" content=\"LES BALADES DU CONFLENT : \u00ab VISITE DU VILLAGE ET DE L&#039;\u00c9GLISE D&#039;EUS \u00bb\" \/>\n<meta property=\"og:description\" content=\"Le village d&rsquo;Eus, situ\u00e9 dans les Pyr\u00e9n\u00e9es-Orientales, est class\u00e9 parmi les plus beaux villages de France et reconnu comme le plus ensoleill\u00e9 du pays, avec plus de 2 600 heures [&hellip;]\" \/>\n<meta property=\"og:url\" content=\"https:\/\/www.locansol.fr\/en\/evenement\/les-balades-du-conflent-visite-du-village-et-de-leglise-deus\/\" \/>\n<meta property=\"og:site_name\" content=\"Locansol, louer un h\u00e9bergement dans les Pyr\u00e9n\u00e9es Orientales\" \/>\n<meta property=\"og:image\" content=\"https:\/\/www.locansol.fr\/wp-content\/uploads\/2024\/04\/AdobeStock_303324767-scaled.jpeg\" \/>\n\t<meta property=\"og:image:width\" content=\"2560\" \/>\n\t<meta property=\"og:image:height\" content=\"1707\" \/>\n\t<meta property=\"og:image:type\" content=\"image\/jpeg\" \/>\n<meta name=\"twitter:card\" content=\"summary_large_image\" \/>\n<meta name=\"twitter:label1\" content=\"Estimated reading time\" \/>\n\t<meta name=\"twitter:data1\" content=\"1 minute\" \/>\n<script type=\"application\/ld+json\" class=\"yoast-schema-graph\">{\"@context\":\"https:\/\/schema.org\",\"@graph\":[{\"@type\":\"WebPage\",\"@id\":\"https:\/\/www.locansol.fr\/evenement\/les-balades-du-conflent-visite-du-village-et-de-leglise-deus\/\",\"url\":\"https:\/\/www.locansol.fr\/evenement\/les-balades-du-conflent-visite-du-village-et-de-leglise-deus\/\",\"name\":\"LES BALADES DU CONFLENT : \u00ab VISITE DU VILLAGE ET DE L'\u00c9GLISE D'EUS \u00bb | Locansol, louer un h\u00e9bergement dans les Pyr\u00e9n\u00e9es Orientales\",\"isPartOf\":{\"@id\":\"https:\/\/www.locansol.fr\/#website\"},\"primaryImageOfPage\":{\"@id\":\"https:\/\/www.locansol.fr\/evenement\/les-balades-du-conflent-visite-du-village-et-de-leglise-deus\/#primaryimage\"},\"image\":{\"@id\":\"https:\/\/www.locansol.fr\/evenement\/les-balades-du-conflent-visite-du-village-et-de-leglise-deus\/#primaryimage\"},\"thumbnailUrl\":\"https:\/\/www.locansol.fr\/wp-content\/uploads\/2026\/02\/visite-guidee-eus-patrimoine.webp\",\"datePublished\":\"2026-02-13T02:07:45+00:00\",\"breadcrumb\":{\"@id\":\"https:\/\/www.locansol.fr\/evenement\/les-balades-du-conflent-visite-du-village-et-de-leglise-deus\/#breadcrumb\"},\"inLanguage\":\"en-GB\",\"potentialAction\":[{\"@type\":\"ReadAction\",\"target\":[\"https:\/\/www.locansol.fr\/evenement\/les-balades-du-conflent-visite-du-village-et-de-leglise-deus\/\"]}]},{\"@type\":\"ImageObject\",\"inLanguage\":\"en-GB\",\"@id\":\"https:\/\/www.locansol.fr\/evenement\/les-balades-du-conflent-visite-du-village-et-de-leglise-deus\/#primaryimage\",\"url\":\"https:\/\/www.locansol.fr\/wp-content\/uploads\/2026\/02\/visite-guidee-eus-patrimoine.webp\",\"contentUrl\":\"https:\/\/www.locansol.fr\/wp-content\/uploads\/2026\/02\/visite-guidee-eus-patrimoine.webp\",\"width\":1920,\"height\":1271,\"caption\":\"Le village d'Eus, situ\u00e9 dans les Pyr\u00e9n\u00e9es-Orientales, est class\u00e9 parmi les plus beaux villages de France et reconnu comme le plus ensoleill\u00e9 du pays, avec plus de 2 600 heures d'ensoleillement annuelles. Ce village perch\u00e9 sur une colline granitique, au c\u0153ur du pays de Conflent, offre un paysage typiquement m\u00e9diterran\u00e9en et une ambiance chaleureuse, marqu\u00e9e par son histoire m\u00e9di\u00e9vale et son patrimoine culturel riche. Le vendredi 13 f\u00e9vrier \u00e0 14h, une visite guid\u00e9e de deux heures maximum est organis\u00e9e pour d\u00e9couvrir les ruelles pav\u00e9es, les maisons traditionnelles et le c\u0153ur historique du village. L'itin\u00e9raire inclut une halte devant l'\u00e9glise Saint-Vincent-d'En-Haut, construite au XVIIIe si\u00e8cle sur les ruines d'un ancien ch\u00e2teau fortifi\u00e9. Cette \u00e9glise, inscrite au patrimoine historique, t\u00e9moigne de l'architecture religieuse catalane de la Contre-R\u00e9forme, avec ses six chapelles et ses retables orn\u00e9s. La visite, anim\u00e9e par un guide local, met en lumi\u00e8re l'histoire du village, ses traditions, les anecdotes des habitants et les influences culturelles qui ont marqu\u00e9 son d\u00e9veloppement, notamment \u00e0 travers l'accueil d'artistes comme Jacques Higelin ou Henri Salvador. Le point de rendez-vous est devant la mairie d'Eus. La r\u00e9servation est obligatoire. Le tarif est de 8,00 \u20ac pour un public int\u00e9ress\u00e9 par l'histoire, le patrimoine architectural et la culture locale. Des randonn\u00e9es ou visites personnalis\u00e9es peuvent \u00eatre organis\u00e9es sur demande. Cette sortie permet de d\u00e9couvrir un lieu atypique, \u00e0 la fois pr\u00e9serv\u00e9 et anim\u00e9, au carrefour du pass\u00e9 et du pr\u00e9sent.\"},{\"@type\":\"BreadcrumbList\",\"@id\":\"https:\/\/www.locansol.fr\/evenement\/les-balades-du-conflent-visite-du-village-et-de-leglise-deus\/#breadcrumb\",\"itemListElement\":[{\"@type\":\"ListItem\",\"position\":1,\"name\":\"Accueil\",\"item\":\"https:\/\/www.locansol.fr\/\"},{\"@type\":\"ListItem\",\"position\":2,\"name\":\"\u00c9v\u00e8nements\",\"item\":\"https:\/\/www.locansol.fr\/evenements\/\"},{\"@type\":\"ListItem\",\"position\":3,\"name\":\"LES BALADES DU CONFLENT : \u00ab VISITE DU VILLAGE ET DE L&rsquo;\u00c9GLISE D&rsquo;EUS \u00bb\"}]},{\"@type\":\"WebSite\",\"@id\":\"https:\/\/www.locansol.fr\/#website\",\"url\":\"https:\/\/www.locansol.fr\/\",\"name\":\"Locansol, louer un h\u00e9bergement dans les Pyr\u00e9n\u00e9es-Orientales\",\"description\":\"Location Mobil-home Mer M\u00e9diterran\u00e9e &amp; Chalet de Montagne dans les Pyr\u00e9n\u00e9es Orientales (Occitanie, 66). Weekend, s\u00e9jour &amp; vacances en famille et entre amis.\",\"publisher\":{\"@id\":\"https:\/\/www.locansol.fr\/#organization\"},\"alternateName\":\"Louer un h\u00e9bergement dans les Pyr\u00e9n\u00e9es Orientales, chalet & mobil-home en Occitanie\",\"potentialAction\":[{\"@type\":\"SearchAction\",\"target\":{\"@type\":\"EntryPoint\",\"urlTemplate\":\"https:\/\/www.locansol.fr\/?s={search_term_string}\"},\"query-input\":{\"@type\":\"PropertyValueSpecification\",\"valueRequired\":true,\"valueName\":\"search_term_string\"}}],\"inLanguage\":\"en-GB\"},{\"@type\":\"Organization\",\"@id\":\"https:\/\/www.locansol.fr\/#organization\",\"name\":\"Location MobilHome & chalet dans les Pyr\u00e9n\u00e9es Orientales\",\"alternateName\":\"Louer un h\u00e9bergement dans les Pyr\u00e9n\u00e9es Orientales en Occitanie\",\"url\":\"https:\/\/www.locansol.fr\/\",\"logo\":{\"@type\":\"ImageObject\",\"inLanguage\":\"en-GB\",\"@id\":\"https:\/\/www.locansol.fr\/#\/schema\/logo\/image\/\",\"url\":\"https:\/\/www.locansol.fr\/wp-content\/uploads\/2024\/04\/AdobeStock_303324767-scaled.jpeg\",\"contentUrl\":\"https:\/\/www.locansol.fr\/wp-content\/uploads\/2024\/04\/AdobeStock_303324767-scaled.jpeg\",\"width\":2560,\"height\":1707,\"caption\":\"Location MobilHome & chalet dans les Pyr\u00e9n\u00e9es Orientales\"},\"image\":{\"@id\":\"https:\/\/www.locansol.fr\/#\/schema\/logo\/image\/\"}}]}<\/script>\n<!-- \/ Yoast SEO Premium plugin. -->","yoast_head_json":{"title":"LES BALADES DU CONFLENT : \u00ab VISITE DU VILLAGE ET DE L'\u00c9GLISE D'EUS \u00bb | Locansol, louer un h\u00e9bergement dans les Pyr\u00e9n\u00e9es Orientales","robots":{"index":"index","follow":"follow","max-snippet":"max-snippet:-1","max-image-preview":"max-image-preview:large","max-video-preview":"max-video-preview:-1"},"canonical":"https:\/\/www.locansol.fr\/en\/evenement\/les-balades-du-conflent-visite-du-village-et-de-leglise-deus\/","og_locale":"en_GB","og_type":"article","og_title":"LES BALADES DU CONFLENT : \u00ab VISITE DU VILLAGE ET DE L'\u00c9GLISE D'EUS \u00bb","og_description":"Le village d&rsquo;Eus, situ\u00e9 dans les Pyr\u00e9n\u00e9es-Orientales, est class\u00e9 parmi les plus beaux villages de France et reconnu comme le plus ensoleill\u00e9 du pays, avec plus de 2 600 heures [&hellip;]","og_url":"https:\/\/www.locansol.fr\/en\/evenement\/les-balades-du-conflent-visite-du-village-et-de-leglise-deus\/","og_site_name":"Locansol, louer un h\u00e9bergement dans les Pyr\u00e9n\u00e9es Orientales","og_image":[{"width":2560,"height":1707,"url":"https:\/\/www.locansol.fr\/wp-content\/uploads\/2024\/04\/AdobeStock_303324767-scaled.jpeg","type":"image\/jpeg"}],"twitter_card":"summary_large_image","twitter_misc":{"Estimated reading time":"1 minute"},"schema":{"@context":"https:\/\/schema.org","@graph":[{"@type":"WebPage","@id":"https:\/\/www.locansol.fr\/evenement\/les-balades-du-conflent-visite-du-village-et-de-leglise-deus\/","url":"https:\/\/www.locansol.fr\/evenement\/les-balades-du-conflent-visite-du-village-et-de-leglise-deus\/","name":"LES BALADES DU CONFLENT : \u00ab VISITE DU VILLAGE ET DE L'\u00c9GLISE D'EUS \u00bb | Locansol, louer un h\u00e9bergement dans les Pyr\u00e9n\u00e9es Orientales","isPartOf":{"@id":"https:\/\/www.locansol.fr\/#website"},"primaryImageOfPage":{"@id":"https:\/\/www.locansol.fr\/evenement\/les-balades-du-conflent-visite-du-village-et-de-leglise-deus\/#primaryimage"},"image":{"@id":"https:\/\/www.locansol.fr\/evenement\/les-balades-du-conflent-visite-du-village-et-de-leglise-deus\/#primaryimage"},"thumbnailUrl":"https:\/\/www.locansol.fr\/wp-content\/uploads\/2026\/02\/visite-guidee-eus-patrimoine.webp","datePublished":"2026-02-13T02:07:45+00:00","breadcrumb":{"@id":"https:\/\/www.locansol.fr\/evenement\/les-balades-du-conflent-visite-du-village-et-de-leglise-deus\/#breadcrumb"},"inLanguage":"en-GB","potentialAction":[{"@type":"ReadAction","target":["https:\/\/www.locansol.fr\/evenement\/les-balades-du-conflent-visite-du-village-et-de-leglise-deus\/"]}]},{"@type":"ImageObject","inLanguage":"en-GB","@id":"https:\/\/www.locansol.fr\/evenement\/les-balades-du-conflent-visite-du-village-et-de-leglise-deus\/#primaryimage","url":"https:\/\/www.locansol.fr\/wp-content\/uploads\/2026\/02\/visite-guidee-eus-patrimoine.webp","contentUrl":"https:\/\/www.locansol.fr\/wp-content\/uploads\/2026\/02\/visite-guidee-eus-patrimoine.webp","width":1920,"height":1271,"caption":"Le village d'Eus, situ\u00e9 dans les Pyr\u00e9n\u00e9es-Orientales, est class\u00e9 parmi les plus beaux villages de France et reconnu comme le plus ensoleill\u00e9 du pays, avec plus de 2 600 heures d'ensoleillement annuelles. Ce village perch\u00e9 sur une colline granitique, au c\u0153ur du pays de Conflent, offre un paysage typiquement m\u00e9diterran\u00e9en et une ambiance chaleureuse, marqu\u00e9e par son histoire m\u00e9di\u00e9vale et son patrimoine culturel riche. Le vendredi 13 f\u00e9vrier \u00e0 14h, une visite guid\u00e9e de deux heures maximum est organis\u00e9e pour d\u00e9couvrir les ruelles pav\u00e9es, les maisons traditionnelles et le c\u0153ur historique du village. L'itin\u00e9raire inclut une halte devant l'\u00e9glise Saint-Vincent-d'En-Haut, construite au XVIIIe si\u00e8cle sur les ruines d'un ancien ch\u00e2teau fortifi\u00e9. Cette \u00e9glise, inscrite au patrimoine historique, t\u00e9moigne de l'architecture religieuse catalane de la Contre-R\u00e9forme, avec ses six chapelles et ses retables orn\u00e9s. La visite, anim\u00e9e par un guide local, met en lumi\u00e8re l'histoire du village, ses traditions, les anecdotes des habitants et les influences culturelles qui ont marqu\u00e9 son d\u00e9veloppement, notamment \u00e0 travers l'accueil d'artistes comme Jacques Higelin ou Henri Salvador. Le point de rendez-vous est devant la mairie d'Eus. La r\u00e9servation est obligatoire. Le tarif est de 8,00 \u20ac pour un public int\u00e9ress\u00e9 par l'histoire, le patrimoine architectural et la culture locale. Des randonn\u00e9es ou visites personnalis\u00e9es peuvent \u00eatre organis\u00e9es sur demande. Cette sortie permet de d\u00e9couvrir un lieu atypique, \u00e0 la fois pr\u00e9serv\u00e9 et anim\u00e9, au carrefour du pass\u00e9 et du pr\u00e9sent."},{"@type":"BreadcrumbList","@id":"https:\/\/www.locansol.fr\/evenement\/les-balades-du-conflent-visite-du-village-et-de-leglise-deus\/#breadcrumb","itemListElement":[{"@type":"ListItem","position":1,"name":"Accueil","item":"https:\/\/www.locansol.fr\/"},{"@type":"ListItem","position":2,"name":"\u00c9v\u00e8nements","item":"https:\/\/www.locansol.fr\/evenements\/"},{"@type":"ListItem","position":3,"name":"LES BALADES DU CONFLENT : \u00ab VISITE DU VILLAGE ET DE L&rsquo;\u00c9GLISE D&rsquo;EUS \u00bb"}]},{"@type":"WebSite","@id":"https:\/\/www.locansol.fr\/#website","url":"https:\/\/www.locansol.fr\/","name":"Locansol, louer un h\u00e9bergement dans les Pyr\u00e9n\u00e9es-Orientales","description":"Location Mobil-home Mer M\u00e9diterran\u00e9e &amp; Chalet de Montagne dans les Pyr\u00e9n\u00e9es Orientales (Occitanie, 66). Weekend, s\u00e9jour &amp; vacances en famille et entre amis.","publisher":{"@id":"https:\/\/www.locansol.fr\/#organization"},"alternateName":"Louer un h\u00e9bergement dans les Pyr\u00e9n\u00e9es Orientales, chalet & mobil-home en Occitanie","potentialAction":[{"@type":"SearchAction","target":{"@type":"EntryPoint","urlTemplate":"https:\/\/www.locansol.fr\/?s={search_term_string}"},"query-input":{"@type":"PropertyValueSpecification","valueRequired":true,"valueName":"search_term_string"}}],"inLanguage":"en-GB"},{"@type":"Organization","@id":"https:\/\/www.locansol.fr\/#organization","name":"Location MobilHome & chalet dans les Pyr\u00e9n\u00e9es Orientales","alternateName":"Louer un h\u00e9bergement dans les Pyr\u00e9n\u00e9es Orientales en Occitanie","url":"https:\/\/www.locansol.fr\/","logo":{"@type":"ImageObject","inLanguage":"en-GB","@id":"https:\/\/www.locansol.fr\/#\/schema\/logo\/image\/","url":"https:\/\/www.locansol.fr\/wp-content\/uploads\/2024\/04\/AdobeStock_303324767-scaled.jpeg","contentUrl":"https:\/\/www.locansol.fr\/wp-content\/uploads\/2024\/04\/AdobeStock_303324767-scaled.jpeg","width":2560,"height":1707,"caption":"Location MobilHome & chalet dans les Pyr\u00e9n\u00e9es Orientales"},"image":{"@id":"https:\/\/www.locansol.fr\/#\/schema\/logo\/image\/"}}]}},"_links":{"self":[{"href":"https:\/\/www.locansol.fr\/en\/wp-json\/wp\/v2\/tribe_events\/2878","targetHints":{"allow":["GET"]}}],"collection":[{"href":"https:\/\/www.locansol.fr\/en\/wp-json\/wp\/v2\/tribe_events"}],"about":[{"href":"https:\/\/www.locansol.fr\/en\/wp-json\/wp\/v2\/types\/tribe_events"}],"author":[{"embeddable":true,"href":"https:\/\/www.locansol.fr\/en\/wp-json\/wp\/v2\/users\/5"}],"version-history":[{"count":0,"href":"https:\/\/www.locansol.fr\/en\/wp-json\/wp\/v2\/tribe_events\/2878\/revisions"}],"wp:featuredmedia":[{"embeddable":true,"href":"https:\/\/www.locansol.fr\/en\/wp-json\/wp\/v2\/media\/2874"}],"wp:attachment":[{"href":"https:\/\/www.locansol.fr\/en\/wp-json\/wp\/v2\/media?parent=2878"}],"wp:term":[{"taxonomy":"post_tag","embeddable":true,"href":"https:\/\/www.locansol.fr\/en\/wp-json\/wp\/v2\/tags?post=2878"},{"taxonomy":"tribe_events_cat","embeddable":true,"href":"https:\/\/www.locansol.fr\/en\/wp-json\/wp\/v2\/tribe_events_cat?post=2878"}],"curies":[{"name":"wp","href":"https:\/\/api.w.org\/{rel}","templated":true}]}}