{"id":3138,"date":"2026-02-14T16:16:13","date_gmt":"2026-02-14T15:16:13","guid":{"rendered":"https:\/\/www.locansol.fr\/evenement\/exposition-les-toutemps-et-lea-ducos\/"},"modified":"2026-02-14T16:16:15","modified_gmt":"2026-02-14T15:16:15","slug":"exposition-les-toutemps-et-lea-ducos","status":"publish","type":"tribe_events","link":"https:\/\/www.locansol.fr\/en\/evenement\/exposition-les-toutemps-et-lea-ducos\/","title":{"rendered":"EXPOSITION : LES TOUTEMPS ET L\u00c9A DUCOS"},"content":{"rendered":"<p>Du 22 janvier au 8 mars 2025, la Galerie des Hospices \u00e0 Canet-en-Roussillon accueille une exposition collective intitul\u00e9e \u00ab Les Toutemps et L\u00e9a Ducos \u00bb. Cette manifestation r\u00e9unie deux artistes aux pratiques distinctes mais compl\u00e9mentaires. Beno\u00eet Szczurek et Bernadette Chaix, connus sous le nom d\u2019Atelier Les Toutemps, se sont initi\u00e9s respectivement \u00e0 la sculpture sur pierre et \u00e0 la cr\u00e9ation textile, avec une forte attache au dessin. Au fil des ann\u00e9es, leur travail s\u2019est \u00e9largi \u00e0 des m\u00e9diums vari\u00e9s : pierre, textile, c\u00e9ramique, et toile num\u00e9rique. Leurs \u0153uvres, souvent pr\u00e9sent\u00e9es sous forme d\u2019installations graphiques, ont \u00e9t\u00e9 expos\u00e9es dans des lieux comme Arcas \u00e0 Perpignan, Fragment \u00e0 Toulouse, ou encore La Nef \u00e0 Montpellier. Parall\u00e8lement, L\u00e9a Ducos, n\u00e9e \u00e0 Perpignan en 1989, est dipl\u00f4m\u00e9e en art mention Espaces de l\u2019\u00c9cole Sup\u00e9rieure d\u2019Art et Design de Saint-\u00c9tienne et de la Facultad de Belas Artes de l\u2019Universidade do Porto, au Portugal. En 2020, elle a obtenu une bourse de recherche et une r\u00e9sidence internationale \u00e0 Stuttgart, en Allemagne, en partenariat avec l\u2019Institut fran\u00e7ais et la Kunststiftung Baden-W\u00fcrttemberg. Son travail s\u2019inscrit dans une d\u00e9marche po\u00e9tique d\u2019assemblage, utilisant des chutes de bois de menuiseries et d\u2019encombrants pour cr\u00e9er des \u0153uvres \u00e0 la fois sensibles et r\u00e9fl\u00e9chies. Ses cr\u00e9ations ont \u00e9t\u00e9 pr\u00e9sent\u00e9es \u00e0 Paris (Bastille Design Center, galerie du Crous, 91, Artist Run Space), \u00e0 Saint-\u00c9tienne, Avignon, et \u00e0 l\u2019\u00e9tranger, notamment \u00e0 Stuttgart. L\u2019exposition \u00e0 Canet-en-Roussillon offre une rencontre entre deux univers : celui des installations narratives d\u2019Atelier Les Toutemps et celui des assemblages mat\u00e9riels de L\u00e9a Ducos. L\u2019entr\u00e9e est libre. L\u2019exposition est ouverte tous les jours, de 15h \u00e0 18h. Le lieu, situ\u00e9 au 12 Avenue de Perpignan, propose un cadre chaleureux propice \u00e0 une immersion dans des univers artistiques riches et sensibles.<\/p>\n<p><\/p>\n<h3>R\u00e9servez votre h\u00e9bergement dans les Pyr\u00e9n\u00e9es-Orientales :<\/h3>\n<p><b><a href='https:\/\/www.locansol.fr\/en\/rental-mobile-home-mediterranean\/'>Mobil-home Locansol \u00e0 Argel\u00e8s-sur-Mer<\/a><\/b><br \/>Trajet le plus court : 22 km<br \/>Trajet le plus rapide : 25 min<\/p>\n<p><b><a href='https:\/\/www.locansol.fr\/en\/rental-chalet-cerdagne\/'>Chalet Locansol \u00e0 Estavar<\/a><\/b><br \/>Trajet le plus court : 106 km<br \/>Trajet le plus rapide : 1 h 40 min<\/p>","protected":false},"excerpt":{"rendered":"<p>Du 22 janvier au 8 mars 2025, la Galerie des Hospices \u00e0 Canet-en-Roussillon accueille une exposition collective intitul\u00e9e \u00ab Les Toutemps et L\u00e9a Ducos \u00bb. Cette manifestation r\u00e9unie deux artistes [&hellip;]<\/p>","protected":false},"author":5,"featured_media":3134,"template":"","meta":{"_yoast_wpseo_focuskw":"EXPOSITION : LES TOUTEMPS ET L\u00c9A DUCOS","_yoast_wpseo_title":"EXPOSITION : LES TOUTEMPS ET L\u00c9A DUCOS","_yoast_wpseo_metadesc":"Du 22 janvier au 8 mars 2025, la Galerie des Hospices \u00e0 Canet-en-Roussillon accueille une exposition collective intitul\u00e9e \u00ab Les Toutemps et L\u00e9a Ducos \u00bb. Cette manifestation r\u00e9unie deux artistes aux pratiques distinctes mais compl\u00e9mentaires. Beno\u00eet Szczurek et Bernadette Chaix, connus sous le nom d\u2019Atelier Les Toutemps, se sont initi\u00e9s respectivement \u00e0 la sculpture sur pierre et \u00e0 la cr\u00e9ation textile, avec une forte attache au dessin. Au fil des ann\u00e9es, leur travail s\u2019est \u00e9largi \u00e0 des m\u00e9diums vari\u00e9s : pierre, textile, c\u00e9ramique, et toile num\u00e9rique. Leurs \u0153uvres, souvent pr\u00e9sent\u00e9es sous forme d\u2019installations graphiques, ont \u00e9t\u00e9 expos\u00e9es dans des lieux comme Arcas \u00e0 Perpignan, Fragment \u00e0 Toulouse, ou encore La Nef \u00e0 Montpellier. Parall\u00e8lement, L\u00e9a Ducos, n\u00e9e \u00e0 Perpignan en 1989, est dipl\u00f4m\u00e9e en art mention Espaces de l\u2019\u00c9cole Sup\u00e9rieure d\u2019Art et Design de Saint-\u00c9tienne et de la Facultad de Belas Artes de l\u2019Universidade do Porto, au Portugal. En 2020, elle a obtenu une bourse de recherche et une r\u00e9sidence internationale \u00e0 Stuttgart, en Allemagne, en partenariat avec l\u2019Institut fran\u00e7ais et la Kunststiftung Baden-W\u00fcrttemberg. Son travail s\u2019inscrit dans une d\u00e9marche po\u00e9tique d\u2019assemblage, utilisant des chutes de bois de menuiseries et d\u2019encombrants pour cr\u00e9er des \u0153uvres \u00e0 la fois sensibles et r\u00e9fl\u00e9chies. Ses cr\u00e9ations ont \u00e9t\u00e9 pr\u00e9sent\u00e9es \u00e0 Paris (Bastille Design Center, galerie du Crous, 91, Artist Run Space), \u00e0 Saint-\u00c9tienne, Avignon, et \u00e0 l\u2019\u00e9tranger, notamment \u00e0 Stuttgart. L\u2019exposition \u00e0 Canet-en-Roussillon offre une rencontre entre deux univers : celui des installations narratives d\u2019Atelier Les Toutemps et celui des assemblages mat\u00e9riels de L\u00e9a Ducos. L\u2019entr\u00e9e est libre. L\u2019exposition est ouverte tous les jours, de 15h \u00e0 18h. Le lieu, situ\u00e9 au 12 Avenue de Perpignan, propose un cadre chaleureux propice \u00e0 une immersion dans des univers artistiques riches et sensibles.","_yoast_wpseo_canonical":"","_yoast_wpseo_opengraph-title":"EXPOSITION : LES TOUTEMPS ET L\u00c9A DUCOS","_yoast_wpseo_opengraph-description":"Du 22 janvier au 8 mars 2025, la Galerie des Hospices \u00e0 Canet-en-Roussillon accueille une exposition collective intitul\u00e9e \u00ab Les Toutemps et L\u00e9a Ducos \u00bb. Cette manifestation r\u00e9unie deux artistes aux pratiques distinctes mais compl\u00e9mentaires. Beno\u00eet Szczurek et Bernadette Chaix, connus sous le nom d\u2019Atelier Les Toutemps, se sont initi\u00e9s respectivement \u00e0 la sculpture sur pierre et \u00e0 la cr\u00e9ation textile, avec une forte attache au dessin. Au fil des ann\u00e9es, leur travail s\u2019est \u00e9largi \u00e0 des m\u00e9diums vari\u00e9s : pierre, textile, c\u00e9ramique, et toile num\u00e9rique. Leurs \u0153uvres, souvent pr\u00e9sent\u00e9es sous forme d\u2019installations graphiques, ont \u00e9t\u00e9 expos\u00e9es dans des lieux comme Arcas \u00e0 Perpignan, Fragment \u00e0 Toulouse, ou encore La Nef \u00e0 Montpellier. Parall\u00e8lement, L\u00e9a Ducos, n\u00e9e \u00e0 Perpignan en 1989, est dipl\u00f4m\u00e9e en art mention Espaces de l\u2019\u00c9cole Sup\u00e9rieure d\u2019Art et Design de Saint-\u00c9tienne et de la Facultad de Belas Artes de l\u2019Universidade do Porto, au Portugal. En 2020, elle a obtenu une bourse de recherche et une r\u00e9sidence internationale \u00e0 Stuttgart, en Allemagne, en partenariat avec l\u2019Institut fran\u00e7ais et la Kunststiftung Baden-W\u00fcrttemberg. Son travail s\u2019inscrit dans une d\u00e9marche po\u00e9tique d\u2019assemblage, utilisant des chutes de bois de menuiseries et d\u2019encombrants pour cr\u00e9er des \u0153uvres \u00e0 la fois sensibles et r\u00e9fl\u00e9chies. Ses cr\u00e9ations ont \u00e9t\u00e9 pr\u00e9sent\u00e9es \u00e0 Paris (Bastille Design Center, galerie du Crous, 91, Artist Run Space), \u00e0 Saint-\u00c9tienne, Avignon, et \u00e0 l\u2019\u00e9tranger, notamment \u00e0 Stuttgart. L\u2019exposition \u00e0 Canet-en-Roussillon offre une rencontre entre deux univers : celui des installations narratives d\u2019Atelier Les Toutemps et celui des assemblages mat\u00e9riels de L\u00e9a Ducos. L\u2019entr\u00e9e est libre. L\u2019exposition est ouverte tous les jours, de 15h \u00e0 18h. Le lieu, situ\u00e9 au 12 Avenue de Perpignan, propose un cadre chaleureux propice \u00e0 une immersion dans des univers artistiques riches et sensibles.","_yoast_wpseo_opengraph-image":"https:\/\/www.locansol.fr\/wp-content\/uploads\/2026\/02\/exposition-art-contemporain-sculpture.webp","_yoast_wpseo_opengraph-image-id":"3134","_yoast_wpseo_twitter-title":"EXPOSITION : LES TOUTEMPS ET L\u00c9A DUCOS","_yoast_wpseo_twitter-description":"Du 22 janvier au 8 mars 2025, la Galerie des Hospices \u00e0 Canet-en-Roussillon accueille une exposition collective intitul\u00e9e \u00ab Les Toutemps et L\u00e9a Ducos \u00bb. Cette manifestation r\u00e9unie deux artistes aux pratiques distinctes mais compl\u00e9mentaires. Beno\u00eet Szczurek et Bernadette Chaix, connus sous le nom d\u2019Atelier Les Toutemps, se sont initi\u00e9s respectivement \u00e0 la sculpture sur pierre et \u00e0 la cr\u00e9ation textile, avec une forte attache au dessin. Au fil des ann\u00e9es, leur travail s\u2019est \u00e9largi \u00e0 des m\u00e9diums vari\u00e9s : pierre, textile, c\u00e9ramique, et toile num\u00e9rique. Leurs \u0153uvres, souvent pr\u00e9sent\u00e9es sous forme d\u2019installations graphiques, ont \u00e9t\u00e9 expos\u00e9es dans des lieux comme Arcas \u00e0 Perpignan, Fragment \u00e0 Toulouse, ou encore La Nef \u00e0 Montpellier. Parall\u00e8lement, L\u00e9a Ducos, n\u00e9e \u00e0 Perpignan en 1989, est dipl\u00f4m\u00e9e en art mention Espaces de l\u2019\u00c9cole Sup\u00e9rieure d\u2019Art et Design de Saint-\u00c9tienne et de la Facultad de Belas Artes de l\u2019Universidade do Porto, au Portugal. En 2020, elle a obtenu une bourse de recherche et une r\u00e9sidence internationale \u00e0 Stuttgart, en Allemagne, en partenariat avec l\u2019Institut fran\u00e7ais et la Kunststiftung Baden-W\u00fcrttemberg. Son travail s\u2019inscrit dans une d\u00e9marche po\u00e9tique d\u2019assemblage, utilisant des chutes de bois de menuiseries et d\u2019encombrants pour cr\u00e9er des \u0153uvres \u00e0 la fois sensibles et r\u00e9fl\u00e9chies. Ses cr\u00e9ations ont \u00e9t\u00e9 pr\u00e9sent\u00e9es \u00e0 Paris (Bastille Design Center, galerie du Crous, 91, Artist Run Space), \u00e0 Saint-\u00c9tienne, Avignon, et \u00e0 l\u2019\u00e9tranger, notamment \u00e0 Stuttgart. L\u2019exposition \u00e0 Canet-en-Roussillon offre une rencontre entre deux univers : celui des installations narratives d\u2019Atelier Les Toutemps et celui des assemblages mat\u00e9riels de L\u00e9a Ducos. L\u2019entr\u00e9e est libre. L\u2019exposition est ouverte tous les jours, de 15h \u00e0 18h. Le lieu, situ\u00e9 au 12 Avenue de Perpignan, propose un cadre chaleureux propice \u00e0 une immersion dans des univers artistiques riches et sensibles.","_yoast_wpseo_twitter-image":"https:\/\/www.locansol.fr\/wp-content\/uploads\/2026\/02\/exposition-art-contemporain-sculpture.webp","_yoast_wpseo_twitter-image-id":"3134","yoast_primary_category":"Exposition","_tribe_events_status":"","_tribe_events_status_reason":"","_tribe_events_is_hybrid":"","_tribe_events_is_virtual":"","_tribe_events_virtual_video_source":"","_tribe_events_virtual_embed_video":"","_tribe_events_virtual_linked_button_text":"","_tribe_events_virtual_linked_button":"","_tribe_events_virtual_show_embed_at":"","_tribe_events_virtual_show_embed_to":[],"_tribe_events_virtual_show_on_event":"","_tribe_events_virtual_show_on_views":"","_tribe_events_virtual_url":"","footnotes":""},"tags":[66,76],"tribe_events_cat":[148,138,90,160],"class_list":["post-3138","tribe_events","type-tribe_events","status-publish","has-post-thumbnail","hentry","tag-evenement-culturel","tag-pyrenees-orientales","tribe_events_cat-artisanat","tribe_events_cat-evenement-culturel","tribe_events_cat-exposition","tribe_events_cat-peinture","cat_artisanat","cat_evenement-culturel","cat_exposition","cat_peinture"],"yoast_head":"<!-- This site is optimized with the Yoast SEO Premium plugin v23.3 (Yoast SEO v26.9) - https:\/\/yoast.com\/product\/yoast-seo-premium-wordpress\/ -->\n<title>EXPOSITION : LES TOUTEMPS ET L\u00c9A DUCOS<\/title>\n<meta name=\"description\" content=\"Du 22 janvier au 8 mars 2025, la Galerie des Hospices \u00e0 Canet-en-Roussillon accueille une exposition collective intitul\u00e9e \u00ab Les Toutemps et L\u00e9a Ducos \u00bb. Cette manifestation r\u00e9unie deux artistes aux pratiques distinctes mais compl\u00e9mentaires. Beno\u00eet Szczurek et Bernadette Chaix, connus sous le nom d\u2019Atelier Les Toutemps, se sont initi\u00e9s respectivement \u00e0 la sculpture sur pierre et \u00e0 la cr\u00e9ation textile, avec une forte attache au dessin. Au fil des ann\u00e9es, leur travail s\u2019est \u00e9largi \u00e0 des m\u00e9diums vari\u00e9s : pierre, textile, c\u00e9ramique, et toile num\u00e9rique. Leurs \u0153uvres, souvent pr\u00e9sent\u00e9es sous forme d\u2019installations graphiques, ont \u00e9t\u00e9 expos\u00e9es dans des lieux comme Arcas \u00e0 Perpignan, Fragment \u00e0 Toulouse, ou encore La Nef \u00e0 Montpellier. Parall\u00e8lement, L\u00e9a Ducos, n\u00e9e \u00e0 Perpignan en 1989, est dipl\u00f4m\u00e9e en art mention Espaces de l\u2019\u00c9cole Sup\u00e9rieure d\u2019Art et Design de Saint-\u00c9tienne et de la Facultad de Belas Artes de l\u2019Universidade do Porto, au Portugal. En 2020, elle a obtenu une bourse de recherche et une r\u00e9sidence internationale \u00e0 Stuttgart, en Allemagne, en partenariat avec l\u2019Institut fran\u00e7ais et la Kunststiftung Baden-W\u00fcrttemberg. Son travail s\u2019inscrit dans une d\u00e9marche po\u00e9tique d\u2019assemblage, utilisant des chutes de bois de menuiseries et d\u2019encombrants pour cr\u00e9er des \u0153uvres \u00e0 la fois sensibles et r\u00e9fl\u00e9chies. Ses cr\u00e9ations ont \u00e9t\u00e9 pr\u00e9sent\u00e9es \u00e0 Paris (Bastille Design Center, galerie du Crous, 91, Artist Run Space), \u00e0 Saint-\u00c9tienne, Avignon, et \u00e0 l\u2019\u00e9tranger, notamment \u00e0 Stuttgart. L\u2019exposition \u00e0 Canet-en-Roussillon offre une rencontre entre deux univers : celui des installations narratives d\u2019Atelier Les Toutemps et celui des assemblages mat\u00e9riels de L\u00e9a Ducos. L\u2019entr\u00e9e est libre. L\u2019exposition est ouverte tous les jours, de 15h \u00e0 18h. Le lieu, situ\u00e9 au 12 Avenue de Perpignan, propose un cadre chaleureux propice \u00e0 une immersion dans des univers artistiques riches et sensibles.\" \/>\n<meta name=\"robots\" content=\"index, follow, max-snippet:-1, max-image-preview:large, max-video-preview:-1\" \/>\n<link rel=\"canonical\" href=\"https:\/\/www.locansol.fr\/en\/evenement\/exposition-les-toutemps-et-lea-ducos\/\" \/>\n<meta property=\"og:locale\" content=\"en_GB\" \/>\n<meta property=\"og:type\" content=\"article\" \/>\n<meta property=\"og:title\" content=\"EXPOSITION : LES TOUTEMPS ET L\u00c9A DUCOS\" \/>\n<meta property=\"og:description\" content=\"Du 22 janvier au 8 mars 2025, la Galerie des Hospices \u00e0 Canet-en-Roussillon accueille une exposition collective intitul\u00e9e \u00ab Les Toutemps et L\u00e9a Ducos \u00bb. Cette manifestation r\u00e9unie deux artistes aux pratiques distinctes mais compl\u00e9mentaires. Beno\u00eet Szczurek et Bernadette Chaix, connus sous le nom d\u2019Atelier Les Toutemps, se sont initi\u00e9s respectivement \u00e0 la sculpture sur pierre et \u00e0 la cr\u00e9ation textile, avec une forte attache au dessin. Au fil des ann\u00e9es, leur travail s\u2019est \u00e9largi \u00e0 des m\u00e9diums vari\u00e9s : pierre, textile, c\u00e9ramique, et toile num\u00e9rique. Leurs \u0153uvres, souvent pr\u00e9sent\u00e9es sous forme d\u2019installations graphiques, ont \u00e9t\u00e9 expos\u00e9es dans des lieux comme Arcas \u00e0 Perpignan, Fragment \u00e0 Toulouse, ou encore La Nef \u00e0 Montpellier. Parall\u00e8lement, L\u00e9a Ducos, n\u00e9e \u00e0 Perpignan en 1989, est dipl\u00f4m\u00e9e en art mention Espaces de l\u2019\u00c9cole Sup\u00e9rieure d\u2019Art et Design de Saint-\u00c9tienne et de la Facultad de Belas Artes de l\u2019Universidade do Porto, au Portugal. En 2020, elle a obtenu une bourse de recherche et une r\u00e9sidence internationale \u00e0 Stuttgart, en Allemagne, en partenariat avec l\u2019Institut fran\u00e7ais et la Kunststiftung Baden-W\u00fcrttemberg. Son travail s\u2019inscrit dans une d\u00e9marche po\u00e9tique d\u2019assemblage, utilisant des chutes de bois de menuiseries et d\u2019encombrants pour cr\u00e9er des \u0153uvres \u00e0 la fois sensibles et r\u00e9fl\u00e9chies. Ses cr\u00e9ations ont \u00e9t\u00e9 pr\u00e9sent\u00e9es \u00e0 Paris (Bastille Design Center, galerie du Crous, 91, Artist Run Space), \u00e0 Saint-\u00c9tienne, Avignon, et \u00e0 l\u2019\u00e9tranger, notamment \u00e0 Stuttgart. L\u2019exposition \u00e0 Canet-en-Roussillon offre une rencontre entre deux univers : celui des installations narratives d\u2019Atelier Les Toutemps et celui des assemblages mat\u00e9riels de L\u00e9a Ducos. L\u2019entr\u00e9e est libre. L\u2019exposition est ouverte tous les jours, de 15h \u00e0 18h. Le lieu, situ\u00e9 au 12 Avenue de Perpignan, propose un cadre chaleureux propice \u00e0 une immersion dans des univers artistiques riches et sensibles.\" \/>\n<meta property=\"og:url\" content=\"https:\/\/www.locansol.fr\/en\/evenement\/exposition-les-toutemps-et-lea-ducos\/\" \/>\n<meta property=\"og:site_name\" content=\"Locansol, louer un h\u00e9bergement dans les Pyr\u00e9n\u00e9es Orientales\" \/>\n<meta property=\"article:modified_time\" content=\"2026-02-14T15:16:15+00:00\" \/>\n<meta property=\"og:image\" content=\"https:\/\/www.locansol.fr\/wp-content\/uploads\/2026\/02\/exposition-art-contemporain-sculpture.webp\" \/>\n\t<meta property=\"og:image:width\" content=\"1250\" \/>\n\t<meta property=\"og:image:height\" content=\"760\" \/>\n\t<meta property=\"og:image:type\" content=\"image\/webp\" \/>\n<meta name=\"twitter:card\" content=\"summary_large_image\" \/>\n<meta name=\"twitter:title\" content=\"EXPOSITION : LES TOUTEMPS ET L\u00c9A DUCOS\" \/>\n<meta name=\"twitter:description\" content=\"Du 22 janvier au 8 mars 2025, la Galerie des Hospices \u00e0 Canet-en-Roussillon accueille une exposition collective intitul\u00e9e \u00ab Les Toutemps et L\u00e9a Ducos \u00bb. Cette manifestation r\u00e9unie deux artistes aux pratiques distinctes mais compl\u00e9mentaires. Beno\u00eet Szczurek et Bernadette Chaix, connus sous le nom d\u2019Atelier Les Toutemps, se sont initi\u00e9s respectivement \u00e0 la sculpture sur pierre et \u00e0 la cr\u00e9ation textile, avec une forte attache au dessin. Au fil des ann\u00e9es, leur travail s\u2019est \u00e9largi \u00e0 des m\u00e9diums vari\u00e9s : pierre, textile, c\u00e9ramique, et toile num\u00e9rique. Leurs \u0153uvres, souvent pr\u00e9sent\u00e9es sous forme d\u2019installations graphiques, ont \u00e9t\u00e9 expos\u00e9es dans des lieux comme Arcas \u00e0 Perpignan, Fragment \u00e0 Toulouse, ou encore La Nef \u00e0 Montpellier. Parall\u00e8lement, L\u00e9a Ducos, n\u00e9e \u00e0 Perpignan en 1989, est dipl\u00f4m\u00e9e en art mention Espaces de l\u2019\u00c9cole Sup\u00e9rieure d\u2019Art et Design de Saint-\u00c9tienne et de la Facultad de Belas Artes de l\u2019Universidade do Porto, au Portugal. En 2020, elle a obtenu une bourse de recherche et une r\u00e9sidence internationale \u00e0 Stuttgart, en Allemagne, en partenariat avec l\u2019Institut fran\u00e7ais et la Kunststiftung Baden-W\u00fcrttemberg. Son travail s\u2019inscrit dans une d\u00e9marche po\u00e9tique d\u2019assemblage, utilisant des chutes de bois de menuiseries et d\u2019encombrants pour cr\u00e9er des \u0153uvres \u00e0 la fois sensibles et r\u00e9fl\u00e9chies. Ses cr\u00e9ations ont \u00e9t\u00e9 pr\u00e9sent\u00e9es \u00e0 Paris (Bastille Design Center, galerie du Crous, 91, Artist Run Space), \u00e0 Saint-\u00c9tienne, Avignon, et \u00e0 l\u2019\u00e9tranger, notamment \u00e0 Stuttgart. L\u2019exposition \u00e0 Canet-en-Roussillon offre une rencontre entre deux univers : celui des installations narratives d\u2019Atelier Les Toutemps et celui des assemblages mat\u00e9riels de L\u00e9a Ducos. L\u2019entr\u00e9e est libre. L\u2019exposition est ouverte tous les jours, de 15h \u00e0 18h. Le lieu, situ\u00e9 au 12 Avenue de Perpignan, propose un cadre chaleureux propice \u00e0 une immersion dans des univers artistiques riches et sensibles.\" \/>\n<meta name=\"twitter:image\" content=\"https:\/\/www.locansol.fr\/wp-content\/uploads\/2026\/02\/exposition-art-contemporain-sculpture.webp\" \/>\n<meta name=\"twitter:label1\" content=\"Estimated reading time\" \/>\n\t<meta name=\"twitter:data1\" content=\"2 minutes\" \/>\n<script type=\"application\/ld+json\" class=\"yoast-schema-graph\">{\"@context\":\"https:\/\/schema.org\",\"@graph\":[{\"@type\":\"WebPage\",\"@id\":\"https:\/\/www.locansol.fr\/evenement\/exposition-les-toutemps-et-lea-ducos\/\",\"url\":\"https:\/\/www.locansol.fr\/evenement\/exposition-les-toutemps-et-lea-ducos\/\",\"name\":\"EXPOSITION : LES TOUTEMPS ET L\u00c9A DUCOS\",\"isPartOf\":{\"@id\":\"https:\/\/www.locansol.fr\/#website\"},\"primaryImageOfPage\":{\"@id\":\"https:\/\/www.locansol.fr\/evenement\/exposition-les-toutemps-et-lea-ducos\/#primaryimage\"},\"image\":{\"@id\":\"https:\/\/www.locansol.fr\/evenement\/exposition-les-toutemps-et-lea-ducos\/#primaryimage\"},\"thumbnailUrl\":\"https:\/\/www.locansol.fr\/wp-content\/uploads\/2026\/02\/exposition-art-contemporain-sculpture.webp\",\"datePublished\":\"2026-02-14T15:16:13+00:00\",\"dateModified\":\"2026-02-14T15:16:15+00:00\",\"description\":\"Du 22 janvier au 8 mars 2025, la Galerie des Hospices \u00e0 Canet-en-Roussillon accueille une exposition collective intitul\u00e9e \u00ab Les Toutemps et L\u00e9a Ducos \u00bb. Cette manifestation r\u00e9unie deux artistes aux pratiques distinctes mais compl\u00e9mentaires. Beno\u00eet Szczurek et Bernadette Chaix, connus sous le nom d\u2019Atelier Les Toutemps, se sont initi\u00e9s respectivement \u00e0 la sculpture sur pierre et \u00e0 la cr\u00e9ation textile, avec une forte attache au dessin. Au fil des ann\u00e9es, leur travail s\u2019est \u00e9largi \u00e0 des m\u00e9diums vari\u00e9s : pierre, textile, c\u00e9ramique, et toile num\u00e9rique. Leurs \u0153uvres, souvent pr\u00e9sent\u00e9es sous forme d\u2019installations graphiques, ont \u00e9t\u00e9 expos\u00e9es dans des lieux comme Arcas \u00e0 Perpignan, Fragment \u00e0 Toulouse, ou encore La Nef \u00e0 Montpellier. Parall\u00e8lement, L\u00e9a Ducos, n\u00e9e \u00e0 Perpignan en 1989, est dipl\u00f4m\u00e9e en art mention Espaces de l\u2019\u00c9cole Sup\u00e9rieure d\u2019Art et Design de Saint-\u00c9tienne et de la Facultad de Belas Artes de l\u2019Universidade do Porto, au Portugal. En 2020, elle a obtenu une bourse de recherche et une r\u00e9sidence internationale \u00e0 Stuttgart, en Allemagne, en partenariat avec l\u2019Institut fran\u00e7ais et la Kunststiftung Baden-W\u00fcrttemberg. Son travail s\u2019inscrit dans une d\u00e9marche po\u00e9tique d\u2019assemblage, utilisant des chutes de bois de menuiseries et d\u2019encombrants pour cr\u00e9er des \u0153uvres \u00e0 la fois sensibles et r\u00e9fl\u00e9chies. Ses cr\u00e9ations ont \u00e9t\u00e9 pr\u00e9sent\u00e9es \u00e0 Paris (Bastille Design Center, galerie du Crous, 91, Artist Run Space), \u00e0 Saint-\u00c9tienne, Avignon, et \u00e0 l\u2019\u00e9tranger, notamment \u00e0 Stuttgart. L\u2019exposition \u00e0 Canet-en-Roussillon offre une rencontre entre deux univers : celui des installations narratives d\u2019Atelier Les Toutemps et celui des assemblages mat\u00e9riels de L\u00e9a Ducos. L\u2019entr\u00e9e est libre. L\u2019exposition est ouverte tous les jours, de 15h \u00e0 18h. Le lieu, situ\u00e9 au 12 Avenue de Perpignan, propose un cadre chaleureux propice \u00e0 une immersion dans des univers artistiques riches et sensibles.\",\"breadcrumb\":{\"@id\":\"https:\/\/www.locansol.fr\/evenement\/exposition-les-toutemps-et-lea-ducos\/#breadcrumb\"},\"inLanguage\":\"en-GB\",\"potentialAction\":[{\"@type\":\"ReadAction\",\"target\":[\"https:\/\/www.locansol.fr\/evenement\/exposition-les-toutemps-et-lea-ducos\/\"]}]},{\"@type\":\"ImageObject\",\"inLanguage\":\"en-GB\",\"@id\":\"https:\/\/www.locansol.fr\/evenement\/exposition-les-toutemps-et-lea-ducos\/#primaryimage\",\"url\":\"https:\/\/www.locansol.fr\/wp-content\/uploads\/2026\/02\/exposition-art-contemporain-sculpture.webp\",\"contentUrl\":\"https:\/\/www.locansol.fr\/wp-content\/uploads\/2026\/02\/exposition-art-contemporain-sculpture.webp\",\"width\":1250,\"height\":760,\"caption\":\"Du 22 janvier au 8 mars 2025, la Galerie des Hospices \u00e0 Canet-en-Roussillon accueille une exposition collective intitul\u00e9e \u00ab Les Toutemps et L\u00e9a Ducos \u00bb. Cette manifestation r\u00e9unie deux artistes aux pratiques distinctes mais compl\u00e9mentaires. Beno\u00eet Szczurek et Bernadette Chaix, connus sous le nom d\u2019Atelier Les Toutemps, se sont initi\u00e9s respectivement \u00e0 la sculpture sur pierre et \u00e0 la cr\u00e9ation textile, avec une forte attache au dessin. Au fil des ann\u00e9es, leur travail s\u2019est \u00e9largi \u00e0 des m\u00e9diums vari\u00e9s : pierre, textile, c\u00e9ramique, et toile num\u00e9rique. Leurs \u0153uvres, souvent pr\u00e9sent\u00e9es sous forme d\u2019installations graphiques, ont \u00e9t\u00e9 expos\u00e9es dans des lieux comme Arcas \u00e0 Perpignan, Fragment \u00e0 Toulouse, ou encore La Nef \u00e0 Montpellier. Parall\u00e8lement, L\u00e9a Ducos, n\u00e9e \u00e0 Perpignan en 1989, est dipl\u00f4m\u00e9e en art mention Espaces de l\u2019\u00c9cole Sup\u00e9rieure d\u2019Art et Design de Saint-\u00c9tienne et de la Facultad de Belas Artes de l\u2019Universidade do Porto, au Portugal. En 2020, elle a obtenu une bourse de recherche et une r\u00e9sidence internationale \u00e0 Stuttgart, en Allemagne, en partenariat avec l\u2019Institut fran\u00e7ais et la Kunststiftung Baden-W\u00fcrttemberg. Son travail s\u2019inscrit dans une d\u00e9marche po\u00e9tique d\u2019assemblage, utilisant des chutes de bois de menuiseries et d\u2019encombrants pour cr\u00e9er des \u0153uvres \u00e0 la fois sensibles et r\u00e9fl\u00e9chies. Ses cr\u00e9ations ont \u00e9t\u00e9 pr\u00e9sent\u00e9es \u00e0 Paris (Bastille Design Center, galerie du Crous, 91, Artist Run Space), \u00e0 Saint-\u00c9tienne, Avignon, et \u00e0 l\u2019\u00e9tranger, notamment \u00e0 Stuttgart. L\u2019exposition \u00e0 Canet-en-Roussillon offre une rencontre entre deux univers : celui des installations narratives d\u2019Atelier Les Toutemps et celui des assemblages mat\u00e9riels de L\u00e9a Ducos. L\u2019entr\u00e9e est libre. L\u2019exposition est ouverte tous les jours, de 15h \u00e0 18h. Le lieu, situ\u00e9 au 12 Avenue de Perpignan, propose un cadre chaleureux propice \u00e0 une immersion dans des univers artistiques riches et sensibles.\"},{\"@type\":\"BreadcrumbList\",\"@id\":\"https:\/\/www.locansol.fr\/evenement\/exposition-les-toutemps-et-lea-ducos\/#breadcrumb\",\"itemListElement\":[{\"@type\":\"ListItem\",\"position\":1,\"name\":\"Accueil\",\"item\":\"https:\/\/www.locansol.fr\/\"},{\"@type\":\"ListItem\",\"position\":2,\"name\":\"\u00c9v\u00e8nements\",\"item\":\"https:\/\/www.locansol.fr\/evenements\/\"},{\"@type\":\"ListItem\",\"position\":3,\"name\":\"EXPOSITION : LES TOUTEMPS ET L\u00c9A DUCOS\"}]},{\"@type\":\"WebSite\",\"@id\":\"https:\/\/www.locansol.fr\/#website\",\"url\":\"https:\/\/www.locansol.fr\/\",\"name\":\"Locansol, louer un h\u00e9bergement dans les Pyr\u00e9n\u00e9es-Orientales\",\"description\":\"Location Mobil-home Mer M\u00e9diterran\u00e9e &amp; Chalet de Montagne dans les Pyr\u00e9n\u00e9es Orientales (Occitanie, 66). Weekend, s\u00e9jour &amp; vacances en famille et entre amis.\",\"publisher\":{\"@id\":\"https:\/\/www.locansol.fr\/#organization\"},\"alternateName\":\"Louer un h\u00e9bergement dans les Pyr\u00e9n\u00e9es Orientales, chalet & mobil-home en Occitanie\",\"potentialAction\":[{\"@type\":\"SearchAction\",\"target\":{\"@type\":\"EntryPoint\",\"urlTemplate\":\"https:\/\/www.locansol.fr\/?s={search_term_string}\"},\"query-input\":{\"@type\":\"PropertyValueSpecification\",\"valueRequired\":true,\"valueName\":\"search_term_string\"}}],\"inLanguage\":\"en-GB\"},{\"@type\":\"Organization\",\"@id\":\"https:\/\/www.locansol.fr\/#organization\",\"name\":\"Location MobilHome & chalet dans les Pyr\u00e9n\u00e9es Orientales\",\"alternateName\":\"Louer un h\u00e9bergement dans les Pyr\u00e9n\u00e9es Orientales en Occitanie\",\"url\":\"https:\/\/www.locansol.fr\/\",\"logo\":{\"@type\":\"ImageObject\",\"inLanguage\":\"en-GB\",\"@id\":\"https:\/\/www.locansol.fr\/#\/schema\/logo\/image\/\",\"url\":\"https:\/\/www.locansol.fr\/wp-content\/uploads\/2024\/04\/AdobeStock_303324767-scaled.jpeg\",\"contentUrl\":\"https:\/\/www.locansol.fr\/wp-content\/uploads\/2024\/04\/AdobeStock_303324767-scaled.jpeg\",\"width\":2560,\"height\":1707,\"caption\":\"Location MobilHome & chalet dans les Pyr\u00e9n\u00e9es Orientales\"},\"image\":{\"@id\":\"https:\/\/www.locansol.fr\/#\/schema\/logo\/image\/\"}}]}<\/script>\n<!-- \/ Yoast SEO Premium plugin. -->","yoast_head_json":{"title":"EXPOSITION : LES TOUTEMPS ET L\u00c9A DUCOS","description":"Du 22 janvier au 8 mars 2025, la Galerie des Hospices \u00e0 Canet-en-Roussillon accueille une exposition collective intitul\u00e9e \u00ab Les Toutemps et L\u00e9a Ducos \u00bb. Cette manifestation r\u00e9unie deux artistes aux pratiques distinctes mais compl\u00e9mentaires. Beno\u00eet Szczurek et Bernadette Chaix, connus sous le nom d\u2019Atelier Les Toutemps, se sont initi\u00e9s respectivement \u00e0 la sculpture sur pierre et \u00e0 la cr\u00e9ation textile, avec une forte attache au dessin. Au fil des ann\u00e9es, leur travail s\u2019est \u00e9largi \u00e0 des m\u00e9diums vari\u00e9s : pierre, textile, c\u00e9ramique, et toile num\u00e9rique. Leurs \u0153uvres, souvent pr\u00e9sent\u00e9es sous forme d\u2019installations graphiques, ont \u00e9t\u00e9 expos\u00e9es dans des lieux comme Arcas \u00e0 Perpignan, Fragment \u00e0 Toulouse, ou encore La Nef \u00e0 Montpellier. Parall\u00e8lement, L\u00e9a Ducos, n\u00e9e \u00e0 Perpignan en 1989, est dipl\u00f4m\u00e9e en art mention Espaces de l\u2019\u00c9cole Sup\u00e9rieure d\u2019Art et Design de Saint-\u00c9tienne et de la Facultad de Belas Artes de l\u2019Universidade do Porto, au Portugal. En 2020, elle a obtenu une bourse de recherche et une r\u00e9sidence internationale \u00e0 Stuttgart, en Allemagne, en partenariat avec l\u2019Institut fran\u00e7ais et la Kunststiftung Baden-W\u00fcrttemberg. Son travail s\u2019inscrit dans une d\u00e9marche po\u00e9tique d\u2019assemblage, utilisant des chutes de bois de menuiseries et d\u2019encombrants pour cr\u00e9er des \u0153uvres \u00e0 la fois sensibles et r\u00e9fl\u00e9chies. Ses cr\u00e9ations ont \u00e9t\u00e9 pr\u00e9sent\u00e9es \u00e0 Paris (Bastille Design Center, galerie du Crous, 91, Artist Run Space), \u00e0 Saint-\u00c9tienne, Avignon, et \u00e0 l\u2019\u00e9tranger, notamment \u00e0 Stuttgart. L\u2019exposition \u00e0 Canet-en-Roussillon offre une rencontre entre deux univers : celui des installations narratives d\u2019Atelier Les Toutemps et celui des assemblages mat\u00e9riels de L\u00e9a Ducos. L\u2019entr\u00e9e est libre. L\u2019exposition est ouverte tous les jours, de 15h \u00e0 18h. Le lieu, situ\u00e9 au 12 Avenue de Perpignan, propose un cadre chaleureux propice \u00e0 une immersion dans des univers artistiques riches et sensibles.","robots":{"index":"index","follow":"follow","max-snippet":"max-snippet:-1","max-image-preview":"max-image-preview:large","max-video-preview":"max-video-preview:-1"},"canonical":"https:\/\/www.locansol.fr\/en\/evenement\/exposition-les-toutemps-et-lea-ducos\/","og_locale":"en_GB","og_type":"article","og_title":"EXPOSITION : LES TOUTEMPS ET L\u00c9A DUCOS","og_description":"Du 22 janvier au 8 mars 2025, la Galerie des Hospices \u00e0 Canet-en-Roussillon accueille une exposition collective intitul\u00e9e \u00ab Les Toutemps et L\u00e9a Ducos \u00bb. Cette manifestation r\u00e9unie deux artistes aux pratiques distinctes mais compl\u00e9mentaires. Beno\u00eet Szczurek et Bernadette Chaix, connus sous le nom d\u2019Atelier Les Toutemps, se sont initi\u00e9s respectivement \u00e0 la sculpture sur pierre et \u00e0 la cr\u00e9ation textile, avec une forte attache au dessin. Au fil des ann\u00e9es, leur travail s\u2019est \u00e9largi \u00e0 des m\u00e9diums vari\u00e9s : pierre, textile, c\u00e9ramique, et toile num\u00e9rique. Leurs \u0153uvres, souvent pr\u00e9sent\u00e9es sous forme d\u2019installations graphiques, ont \u00e9t\u00e9 expos\u00e9es dans des lieux comme Arcas \u00e0 Perpignan, Fragment \u00e0 Toulouse, ou encore La Nef \u00e0 Montpellier. Parall\u00e8lement, L\u00e9a Ducos, n\u00e9e \u00e0 Perpignan en 1989, est dipl\u00f4m\u00e9e en art mention Espaces de l\u2019\u00c9cole Sup\u00e9rieure d\u2019Art et Design de Saint-\u00c9tienne et de la Facultad de Belas Artes de l\u2019Universidade do Porto, au Portugal. En 2020, elle a obtenu une bourse de recherche et une r\u00e9sidence internationale \u00e0 Stuttgart, en Allemagne, en partenariat avec l\u2019Institut fran\u00e7ais et la Kunststiftung Baden-W\u00fcrttemberg. Son travail s\u2019inscrit dans une d\u00e9marche po\u00e9tique d\u2019assemblage, utilisant des chutes de bois de menuiseries et d\u2019encombrants pour cr\u00e9er des \u0153uvres \u00e0 la fois sensibles et r\u00e9fl\u00e9chies. Ses cr\u00e9ations ont \u00e9t\u00e9 pr\u00e9sent\u00e9es \u00e0 Paris (Bastille Design Center, galerie du Crous, 91, Artist Run Space), \u00e0 Saint-\u00c9tienne, Avignon, et \u00e0 l\u2019\u00e9tranger, notamment \u00e0 Stuttgart. L\u2019exposition \u00e0 Canet-en-Roussillon offre une rencontre entre deux univers : celui des installations narratives d\u2019Atelier Les Toutemps et celui des assemblages mat\u00e9riels de L\u00e9a Ducos. L\u2019entr\u00e9e est libre. L\u2019exposition est ouverte tous les jours, de 15h \u00e0 18h. Le lieu, situ\u00e9 au 12 Avenue de Perpignan, propose un cadre chaleureux propice \u00e0 une immersion dans des univers artistiques riches et sensibles.","og_url":"https:\/\/www.locansol.fr\/en\/evenement\/exposition-les-toutemps-et-lea-ducos\/","og_site_name":"Locansol, louer un h\u00e9bergement dans les Pyr\u00e9n\u00e9es Orientales","article_modified_time":"2026-02-14T15:16:15+00:00","og_image":[{"width":1250,"height":760,"url":"https:\/\/www.locansol.fr\/wp-content\/uploads\/2026\/02\/exposition-art-contemporain-sculpture.webp","type":"image\/webp"}],"twitter_card":"summary_large_image","twitter_title":"EXPOSITION : LES TOUTEMPS ET L\u00c9A DUCOS","twitter_description":"Du 22 janvier au 8 mars 2025, la Galerie des Hospices \u00e0 Canet-en-Roussillon accueille une exposition collective intitul\u00e9e \u00ab Les Toutemps et L\u00e9a Ducos \u00bb. Cette manifestation r\u00e9unie deux artistes aux pratiques distinctes mais compl\u00e9mentaires. Beno\u00eet Szczurek et Bernadette Chaix, connus sous le nom d\u2019Atelier Les Toutemps, se sont initi\u00e9s respectivement \u00e0 la sculpture sur pierre et \u00e0 la cr\u00e9ation textile, avec une forte attache au dessin. Au fil des ann\u00e9es, leur travail s\u2019est \u00e9largi \u00e0 des m\u00e9diums vari\u00e9s : pierre, textile, c\u00e9ramique, et toile num\u00e9rique. Leurs \u0153uvres, souvent pr\u00e9sent\u00e9es sous forme d\u2019installations graphiques, ont \u00e9t\u00e9 expos\u00e9es dans des lieux comme Arcas \u00e0 Perpignan, Fragment \u00e0 Toulouse, ou encore La Nef \u00e0 Montpellier. Parall\u00e8lement, L\u00e9a Ducos, n\u00e9e \u00e0 Perpignan en 1989, est dipl\u00f4m\u00e9e en art mention Espaces de l\u2019\u00c9cole Sup\u00e9rieure d\u2019Art et Design de Saint-\u00c9tienne et de la Facultad de Belas Artes de l\u2019Universidade do Porto, au Portugal. En 2020, elle a obtenu une bourse de recherche et une r\u00e9sidence internationale \u00e0 Stuttgart, en Allemagne, en partenariat avec l\u2019Institut fran\u00e7ais et la Kunststiftung Baden-W\u00fcrttemberg. Son travail s\u2019inscrit dans une d\u00e9marche po\u00e9tique d\u2019assemblage, utilisant des chutes de bois de menuiseries et d\u2019encombrants pour cr\u00e9er des \u0153uvres \u00e0 la fois sensibles et r\u00e9fl\u00e9chies. Ses cr\u00e9ations ont \u00e9t\u00e9 pr\u00e9sent\u00e9es \u00e0 Paris (Bastille Design Center, galerie du Crous, 91, Artist Run Space), \u00e0 Saint-\u00c9tienne, Avignon, et \u00e0 l\u2019\u00e9tranger, notamment \u00e0 Stuttgart. L\u2019exposition \u00e0 Canet-en-Roussillon offre une rencontre entre deux univers : celui des installations narratives d\u2019Atelier Les Toutemps et celui des assemblages mat\u00e9riels de L\u00e9a Ducos. L\u2019entr\u00e9e est libre. L\u2019exposition est ouverte tous les jours, de 15h \u00e0 18h. Le lieu, situ\u00e9 au 12 Avenue de Perpignan, propose un cadre chaleureux propice \u00e0 une immersion dans des univers artistiques riches et sensibles.","twitter_image":"https:\/\/www.locansol.fr\/wp-content\/uploads\/2026\/02\/exposition-art-contemporain-sculpture.webp","twitter_misc":{"Estimated reading time":"2 minutes"},"schema":{"@context":"https:\/\/schema.org","@graph":[{"@type":"WebPage","@id":"https:\/\/www.locansol.fr\/evenement\/exposition-les-toutemps-et-lea-ducos\/","url":"https:\/\/www.locansol.fr\/evenement\/exposition-les-toutemps-et-lea-ducos\/","name":"EXPOSITION : LES TOUTEMPS ET L\u00c9A DUCOS","isPartOf":{"@id":"https:\/\/www.locansol.fr\/#website"},"primaryImageOfPage":{"@id":"https:\/\/www.locansol.fr\/evenement\/exposition-les-toutemps-et-lea-ducos\/#primaryimage"},"image":{"@id":"https:\/\/www.locansol.fr\/evenement\/exposition-les-toutemps-et-lea-ducos\/#primaryimage"},"thumbnailUrl":"https:\/\/www.locansol.fr\/wp-content\/uploads\/2026\/02\/exposition-art-contemporain-sculpture.webp","datePublished":"2026-02-14T15:16:13+00:00","dateModified":"2026-02-14T15:16:15+00:00","description":"Du 22 janvier au 8 mars 2025, la Galerie des Hospices \u00e0 Canet-en-Roussillon accueille une exposition collective intitul\u00e9e \u00ab Les Toutemps et L\u00e9a Ducos \u00bb. Cette manifestation r\u00e9unie deux artistes aux pratiques distinctes mais compl\u00e9mentaires. Beno\u00eet Szczurek et Bernadette Chaix, connus sous le nom d\u2019Atelier Les Toutemps, se sont initi\u00e9s respectivement \u00e0 la sculpture sur pierre et \u00e0 la cr\u00e9ation textile, avec une forte attache au dessin. Au fil des ann\u00e9es, leur travail s\u2019est \u00e9largi \u00e0 des m\u00e9diums vari\u00e9s : pierre, textile, c\u00e9ramique, et toile num\u00e9rique. Leurs \u0153uvres, souvent pr\u00e9sent\u00e9es sous forme d\u2019installations graphiques, ont \u00e9t\u00e9 expos\u00e9es dans des lieux comme Arcas \u00e0 Perpignan, Fragment \u00e0 Toulouse, ou encore La Nef \u00e0 Montpellier. Parall\u00e8lement, L\u00e9a Ducos, n\u00e9e \u00e0 Perpignan en 1989, est dipl\u00f4m\u00e9e en art mention Espaces de l\u2019\u00c9cole Sup\u00e9rieure d\u2019Art et Design de Saint-\u00c9tienne et de la Facultad de Belas Artes de l\u2019Universidade do Porto, au Portugal. En 2020, elle a obtenu une bourse de recherche et une r\u00e9sidence internationale \u00e0 Stuttgart, en Allemagne, en partenariat avec l\u2019Institut fran\u00e7ais et la Kunststiftung Baden-W\u00fcrttemberg. Son travail s\u2019inscrit dans une d\u00e9marche po\u00e9tique d\u2019assemblage, utilisant des chutes de bois de menuiseries et d\u2019encombrants pour cr\u00e9er des \u0153uvres \u00e0 la fois sensibles et r\u00e9fl\u00e9chies. Ses cr\u00e9ations ont \u00e9t\u00e9 pr\u00e9sent\u00e9es \u00e0 Paris (Bastille Design Center, galerie du Crous, 91, Artist Run Space), \u00e0 Saint-\u00c9tienne, Avignon, et \u00e0 l\u2019\u00e9tranger, notamment \u00e0 Stuttgart. L\u2019exposition \u00e0 Canet-en-Roussillon offre une rencontre entre deux univers : celui des installations narratives d\u2019Atelier Les Toutemps et celui des assemblages mat\u00e9riels de L\u00e9a Ducos. L\u2019entr\u00e9e est libre. L\u2019exposition est ouverte tous les jours, de 15h \u00e0 18h. Le lieu, situ\u00e9 au 12 Avenue de Perpignan, propose un cadre chaleureux propice \u00e0 une immersion dans des univers artistiques riches et sensibles.","breadcrumb":{"@id":"https:\/\/www.locansol.fr\/evenement\/exposition-les-toutemps-et-lea-ducos\/#breadcrumb"},"inLanguage":"en-GB","potentialAction":[{"@type":"ReadAction","target":["https:\/\/www.locansol.fr\/evenement\/exposition-les-toutemps-et-lea-ducos\/"]}]},{"@type":"ImageObject","inLanguage":"en-GB","@id":"https:\/\/www.locansol.fr\/evenement\/exposition-les-toutemps-et-lea-ducos\/#primaryimage","url":"https:\/\/www.locansol.fr\/wp-content\/uploads\/2026\/02\/exposition-art-contemporain-sculpture.webp","contentUrl":"https:\/\/www.locansol.fr\/wp-content\/uploads\/2026\/02\/exposition-art-contemporain-sculpture.webp","width":1250,"height":760,"caption":"Du 22 janvier au 8 mars 2025, la Galerie des Hospices \u00e0 Canet-en-Roussillon accueille une exposition collective intitul\u00e9e \u00ab Les Toutemps et L\u00e9a Ducos \u00bb. Cette manifestation r\u00e9unie deux artistes aux pratiques distinctes mais compl\u00e9mentaires. Beno\u00eet Szczurek et Bernadette Chaix, connus sous le nom d\u2019Atelier Les Toutemps, se sont initi\u00e9s respectivement \u00e0 la sculpture sur pierre et \u00e0 la cr\u00e9ation textile, avec une forte attache au dessin. Au fil des ann\u00e9es, leur travail s\u2019est \u00e9largi \u00e0 des m\u00e9diums vari\u00e9s : pierre, textile, c\u00e9ramique, et toile num\u00e9rique. Leurs \u0153uvres, souvent pr\u00e9sent\u00e9es sous forme d\u2019installations graphiques, ont \u00e9t\u00e9 expos\u00e9es dans des lieux comme Arcas \u00e0 Perpignan, Fragment \u00e0 Toulouse, ou encore La Nef \u00e0 Montpellier. Parall\u00e8lement, L\u00e9a Ducos, n\u00e9e \u00e0 Perpignan en 1989, est dipl\u00f4m\u00e9e en art mention Espaces de l\u2019\u00c9cole Sup\u00e9rieure d\u2019Art et Design de Saint-\u00c9tienne et de la Facultad de Belas Artes de l\u2019Universidade do Porto, au Portugal. En 2020, elle a obtenu une bourse de recherche et une r\u00e9sidence internationale \u00e0 Stuttgart, en Allemagne, en partenariat avec l\u2019Institut fran\u00e7ais et la Kunststiftung Baden-W\u00fcrttemberg. Son travail s\u2019inscrit dans une d\u00e9marche po\u00e9tique d\u2019assemblage, utilisant des chutes de bois de menuiseries et d\u2019encombrants pour cr\u00e9er des \u0153uvres \u00e0 la fois sensibles et r\u00e9fl\u00e9chies. Ses cr\u00e9ations ont \u00e9t\u00e9 pr\u00e9sent\u00e9es \u00e0 Paris (Bastille Design Center, galerie du Crous, 91, Artist Run Space), \u00e0 Saint-\u00c9tienne, Avignon, et \u00e0 l\u2019\u00e9tranger, notamment \u00e0 Stuttgart. L\u2019exposition \u00e0 Canet-en-Roussillon offre une rencontre entre deux univers : celui des installations narratives d\u2019Atelier Les Toutemps et celui des assemblages mat\u00e9riels de L\u00e9a Ducos. L\u2019entr\u00e9e est libre. L\u2019exposition est ouverte tous les jours, de 15h \u00e0 18h. Le lieu, situ\u00e9 au 12 Avenue de Perpignan, propose un cadre chaleureux propice \u00e0 une immersion dans des univers artistiques riches et sensibles."},{"@type":"BreadcrumbList","@id":"https:\/\/www.locansol.fr\/evenement\/exposition-les-toutemps-et-lea-ducos\/#breadcrumb","itemListElement":[{"@type":"ListItem","position":1,"name":"Accueil","item":"https:\/\/www.locansol.fr\/"},{"@type":"ListItem","position":2,"name":"\u00c9v\u00e8nements","item":"https:\/\/www.locansol.fr\/evenements\/"},{"@type":"ListItem","position":3,"name":"EXPOSITION : LES TOUTEMPS ET L\u00c9A DUCOS"}]},{"@type":"WebSite","@id":"https:\/\/www.locansol.fr\/#website","url":"https:\/\/www.locansol.fr\/","name":"Locansol, louer un h\u00e9bergement dans les Pyr\u00e9n\u00e9es-Orientales","description":"Location Mobil-home Mer M\u00e9diterran\u00e9e &amp; Chalet de Montagne dans les Pyr\u00e9n\u00e9es Orientales (Occitanie, 66). Weekend, s\u00e9jour &amp; vacances en famille et entre amis.","publisher":{"@id":"https:\/\/www.locansol.fr\/#organization"},"alternateName":"Louer un h\u00e9bergement dans les Pyr\u00e9n\u00e9es Orientales, chalet & mobil-home en Occitanie","potentialAction":[{"@type":"SearchAction","target":{"@type":"EntryPoint","urlTemplate":"https:\/\/www.locansol.fr\/?s={search_term_string}"},"query-input":{"@type":"PropertyValueSpecification","valueRequired":true,"valueName":"search_term_string"}}],"inLanguage":"en-GB"},{"@type":"Organization","@id":"https:\/\/www.locansol.fr\/#organization","name":"Location MobilHome & chalet dans les Pyr\u00e9n\u00e9es Orientales","alternateName":"Louer un h\u00e9bergement dans les Pyr\u00e9n\u00e9es Orientales en Occitanie","url":"https:\/\/www.locansol.fr\/","logo":{"@type":"ImageObject","inLanguage":"en-GB","@id":"https:\/\/www.locansol.fr\/#\/schema\/logo\/image\/","url":"https:\/\/www.locansol.fr\/wp-content\/uploads\/2024\/04\/AdobeStock_303324767-scaled.jpeg","contentUrl":"https:\/\/www.locansol.fr\/wp-content\/uploads\/2024\/04\/AdobeStock_303324767-scaled.jpeg","width":2560,"height":1707,"caption":"Location MobilHome & chalet dans les Pyr\u00e9n\u00e9es Orientales"},"image":{"@id":"https:\/\/www.locansol.fr\/#\/schema\/logo\/image\/"}}]}},"_links":{"self":[{"href":"https:\/\/www.locansol.fr\/en\/wp-json\/wp\/v2\/tribe_events\/3138","targetHints":{"allow":["GET"]}}],"collection":[{"href":"https:\/\/www.locansol.fr\/en\/wp-json\/wp\/v2\/tribe_events"}],"about":[{"href":"https:\/\/www.locansol.fr\/en\/wp-json\/wp\/v2\/types\/tribe_events"}],"author":[{"embeddable":true,"href":"https:\/\/www.locansol.fr\/en\/wp-json\/wp\/v2\/users\/5"}],"version-history":[{"count":1,"href":"https:\/\/www.locansol.fr\/en\/wp-json\/wp\/v2\/tribe_events\/3138\/revisions"}],"predecessor-version":[{"id":3139,"href":"https:\/\/www.locansol.fr\/en\/wp-json\/wp\/v2\/tribe_events\/3138\/revisions\/3139"}],"wp:featuredmedia":[{"embeddable":true,"href":"https:\/\/www.locansol.fr\/en\/wp-json\/wp\/v2\/media\/3134"}],"wp:attachment":[{"href":"https:\/\/www.locansol.fr\/en\/wp-json\/wp\/v2\/media?parent=3138"}],"wp:term":[{"taxonomy":"post_tag","embeddable":true,"href":"https:\/\/www.locansol.fr\/en\/wp-json\/wp\/v2\/tags?post=3138"},{"taxonomy":"tribe_events_cat","embeddable":true,"href":"https:\/\/www.locansol.fr\/en\/wp-json\/wp\/v2\/tribe_events_cat?post=3138"}],"curies":[{"name":"wp","href":"https:\/\/api.w.org\/{rel}","templated":true}]}}