{"id":3510,"date":"2026-02-17T08:03:27","date_gmt":"2026-02-17T07:03:27","guid":{"rendered":"https:\/\/www.locansol.fr\/evenement\/visite-guidee-de-la-ville-de-prades\/"},"modified":"2026-02-17T08:03:29","modified_gmt":"2026-02-17T07:03:29","slug":"visite-guidee-de-la-ville-de-prades","status":"publish","type":"tribe_events","link":"https:\/\/www.locansol.fr\/en\/evenement\/visite-guidee-de-la-ville-de-prades\/","title":{"rendered":"VISITE GUIDEE DE LA VILLE DE PRADES"},"content":{"rendered":"<p>D\u00e9couvrez la capitale du Conflent lors d&rsquo;une visite guid\u00e9e organis\u00e9e le mardi 17 f\u00e9vrier \u00e0 14h devant l&rsquo;office de tourisme de Prades, situ\u00e9 au 10 Place de la R\u00e9publique. Cette promenade culturelle vous invite \u00e0 explorer les rues historiques de la ville, r\u00e9put\u00e9e pour ses fa\u00e7ades d&rsquo;enduits sculpt\u00e9s, t\u00e9moins de l&rsquo;art architectural du d\u00e9but du XXe si\u00e8cle. Vous traverserez des quartiers empreints d&rsquo;histoire, o\u00f9 chaque b\u00e2timent raconte une page de la vie locale. La visite mettra en lumi\u00e8re les traces laiss\u00e9es par des personnalit\u00e9s marquantes, comme le violoncelliste Pau Casals, qui choisit Prades comme terre d&rsquo;exil apr\u00e8s la guerre d&rsquo;Espagne. Le parcours inclut \u00e9galement un regard attentif sur le petit patrimoine rural, tel que les lavoirs en marbre rose et les oratoires, t\u00e9moins d&rsquo;une tradition paysanne encore vivante. L&rsquo;\u00e9glise Saint-Pierre, monument central de la ville, sera \u00e9galement au c\u0153ur de la d\u00e9couverte : son clocher roman du XIIe si\u00e8cle, le seul vestige de l&rsquo;ancienne \u00e9glise romane, domine aujourd&rsquo;hui l&rsquo;ensemble du site. L&rsquo;int\u00e9rieur, construit entre 1606 et 1696, abrite un retable baroque monumental, consid\u00e9r\u00e9 comme le plus grand de France, \u0153uvre du sculpteur catalan Joseph Sunyer. La visite, d&rsquo;une dur\u00e9e d&rsquo;environ deux heures, se d\u00e9roule en groupe ou sur demande en format individualis\u00e9. Elle est accessible sur r\u00e9servation. Le tarif pour un adulte est de 8,00 \u20ac. Cette sortie convient aux amateurs de patrimoine, d&rsquo;histoire locale et de paysages urbains riches de sens.<\/p>\n<p><\/p>\n<h3>R\u00e9servez votre h\u00e9bergement dans les Pyr\u00e9n\u00e9es-Orientales :<\/h3>\n<p><b><a href='https:\/\/www.locansol.fr\/en\/rental-chalet-cerdagne\/'>Chalet Locansol \u00e0 Estavar<\/a><\/b><br \/>Trajet le plus court : 17 km<br \/>Trajet le plus rapide : 19 min<\/p>\n<p><b><a href='https:\/\/www.locansol.fr\/en\/rental-mobile-home-mediterranean\/'>Mobil-home Locansol \u00e0 Argel\u00e8s-sur-Mer<\/a><\/b><br \/>Trajet le plus court : 108 km<br \/>Trajet le plus rapide : 1 h 41 min<\/p>","protected":false},"excerpt":{"rendered":"<p>D\u00e9couvrez la capitale du Conflent lors d&rsquo;une visite guid\u00e9e organis\u00e9e le mardi 17 f\u00e9vrier \u00e0 14h devant l&rsquo;office de tourisme de Prades, situ\u00e9 au 10 Place de la R\u00e9publique. Cette [&hellip;]<\/p>","protected":false},"author":5,"featured_media":3506,"template":"","meta":{"_yoast_wpseo_focuskw":"VISITE GUIDEE DE LA VILLE DE PRADES","_yoast_wpseo_title":"VISITE GUIDEE DE LA VILLE DE PRADES","_yoast_wpseo_metadesc":"D\u00e9couvrez la capitale du Conflent lors d'une visite guid\u00e9e organis\u00e9e le mardi 17 f\u00e9vrier \u00e0 14h devant l'office de tourisme de Prades, situ\u00e9 au 10 Place de la R\u00e9publique. Cette promenade culturelle vous invite \u00e0 explorer les rues historiques de la ville, r\u00e9put\u00e9e pour ses fa\u00e7ades d'enduits sculpt\u00e9s, t\u00e9moins de l'art architectural du d\u00e9but du XXe si\u00e8cle. Vous traverserez des quartiers empreints d'histoire, o\u00f9 chaque b\u00e2timent raconte une page de la vie locale. La visite mettra en lumi\u00e8re les traces laiss\u00e9es par des personnalit\u00e9s marquantes, comme le violoncelliste Pau Casals, qui choisit Prades comme terre d'exil apr\u00e8s la guerre d'Espagne. Le parcours inclut \u00e9galement un regard attentif sur le petit patrimoine rural, tel que les lavoirs en marbre rose et les oratoires, t\u00e9moins d'une tradition paysanne encore vivante. L'\u00e9glise Saint-Pierre, monument central de la ville, sera \u00e9galement au c\u0153ur de la d\u00e9couverte : son clocher roman du XIIe si\u00e8cle, le seul vestige de l'ancienne \u00e9glise romane, domine aujourd'hui l'ensemble du site. L'int\u00e9rieur, construit entre 1606 et 1696, abrite un retable baroque monumental, consid\u00e9r\u00e9 comme le plus grand de France, \u0153uvre du sculpteur catalan Joseph Sunyer. La visite, d'une dur\u00e9e d'environ deux heures, se d\u00e9roule en groupe ou sur demande en format individualis\u00e9. Elle est accessible sur r\u00e9servation. Le tarif pour un adulte est de 8,00 \u20ac. Cette sortie convient aux amateurs de patrimoine, d'histoire locale et de paysages urbains riches de sens.","_yoast_wpseo_canonical":"","_yoast_wpseo_opengraph-title":"VISITE GUIDEE DE LA VILLE DE PRADES","_yoast_wpseo_opengraph-description":"D\u00e9couvrez la capitale du Conflent lors d'une visite guid\u00e9e organis\u00e9e le mardi 17 f\u00e9vrier \u00e0 14h devant l'office de tourisme de Prades, situ\u00e9 au 10 Place de la R\u00e9publique. Cette promenade culturelle vous invite \u00e0 explorer les rues historiques de la ville, r\u00e9put\u00e9e pour ses fa\u00e7ades d'enduits sculpt\u00e9s, t\u00e9moins de l'art architectural du d\u00e9but du XXe si\u00e8cle. Vous traverserez des quartiers empreints d'histoire, o\u00f9 chaque b\u00e2timent raconte une page de la vie locale. La visite mettra en lumi\u00e8re les traces laiss\u00e9es par des personnalit\u00e9s marquantes, comme le violoncelliste Pau Casals, qui choisit Prades comme terre d'exil apr\u00e8s la guerre d'Espagne. Le parcours inclut \u00e9galement un regard attentif sur le petit patrimoine rural, tel que les lavoirs en marbre rose et les oratoires, t\u00e9moins d'une tradition paysanne encore vivante. L'\u00e9glise Saint-Pierre, monument central de la ville, sera \u00e9galement au c\u0153ur de la d\u00e9couverte : son clocher roman du XIIe si\u00e8cle, le seul vestige de l'ancienne \u00e9glise romane, domine aujourd'hui l'ensemble du site. L'int\u00e9rieur, construit entre 1606 et 1696, abrite un retable baroque monumental, consid\u00e9r\u00e9 comme le plus grand de France, \u0153uvre du sculpteur catalan Joseph Sunyer. La visite, d'une dur\u00e9e d'environ deux heures, se d\u00e9roule en groupe ou sur demande en format individualis\u00e9. Elle est accessible sur r\u00e9servation. Le tarif pour un adulte est de 8,00 \u20ac. Cette sortie convient aux amateurs de patrimoine, d'histoire locale et de paysages urbains riches de sens.","_yoast_wpseo_opengraph-image":"https:\/\/www.locansol.fr\/wp-content\/uploads\/2026\/02\/visite-guidee-prades-histoire.webp","_yoast_wpseo_opengraph-image-id":"3506","_yoast_wpseo_twitter-title":"VISITE GUIDEE DE LA VILLE DE PRADES","_yoast_wpseo_twitter-description":"D\u00e9couvrez la capitale du Conflent lors d'une visite guid\u00e9e organis\u00e9e le mardi 17 f\u00e9vrier \u00e0 14h devant l'office de tourisme de Prades, situ\u00e9 au 10 Place de la R\u00e9publique. Cette promenade culturelle vous invite \u00e0 explorer les rues historiques de la ville, r\u00e9put\u00e9e pour ses fa\u00e7ades d'enduits sculpt\u00e9s, t\u00e9moins de l'art architectural du d\u00e9but du XXe si\u00e8cle. Vous traverserez des quartiers empreints d'histoire, o\u00f9 chaque b\u00e2timent raconte une page de la vie locale. La visite mettra en lumi\u00e8re les traces laiss\u00e9es par des personnalit\u00e9s marquantes, comme le violoncelliste Pau Casals, qui choisit Prades comme terre d'exil apr\u00e8s la guerre d'Espagne. Le parcours inclut \u00e9galement un regard attentif sur le petit patrimoine rural, tel que les lavoirs en marbre rose et les oratoires, t\u00e9moins d'une tradition paysanne encore vivante. L'\u00e9glise Saint-Pierre, monument central de la ville, sera \u00e9galement au c\u0153ur de la d\u00e9couverte : son clocher roman du XIIe si\u00e8cle, le seul vestige de l'ancienne \u00e9glise romane, domine aujourd'hui l'ensemble du site. L'int\u00e9rieur, construit entre 1606 et 1696, abrite un retable baroque monumental, consid\u00e9r\u00e9 comme le plus grand de France, \u0153uvre du sculpteur catalan Joseph Sunyer. La visite, d'une dur\u00e9e d'environ deux heures, se d\u00e9roule en groupe ou sur demande en format individualis\u00e9. Elle est accessible sur r\u00e9servation. Le tarif pour un adulte est de 8,00 \u20ac. Cette sortie convient aux amateurs de patrimoine, d'histoire locale et de paysages urbains riches de sens.","_yoast_wpseo_twitter-image":"https:\/\/www.locansol.fr\/wp-content\/uploads\/2026\/02\/visite-guidee-prades-histoire.webp","_yoast_wpseo_twitter-image-id":"3506}","yoast_primary_category":"Visite guid\u00e9e","_tribe_events_status":"","_tribe_events_status_reason":"","_tribe_events_is_hybrid":"","_tribe_events_is_virtual":"","_tribe_events_virtual_video_source":"","_tribe_events_virtual_embed_video":"","_tribe_events_virtual_linked_button_text":"","_tribe_events_virtual_linked_button":"","_tribe_events_virtual_show_embed_at":"","_tribe_events_virtual_show_embed_to":[],"_tribe_events_virtual_show_on_event":"","_tribe_events_virtual_show_on_views":"","_tribe_events_virtual_url":"","footnotes":""},"tags":[66,76],"tribe_events_cat":[138,169,105],"class_list":["post-3510","tribe_events","type-tribe_events","status-publish","has-post-thumbnail","hentry","tag-evenement-culturel","tag-pyrenees-orientales","tribe_events_cat-evenement-culturel","tribe_events_cat-pyrenees-orientales","tribe_events_cat-visite-guidee","cat_evenement-culturel","cat_pyrenees-orientales","cat_visite-guidee"],"yoast_head":"<!-- This site is optimized with the Yoast SEO Premium plugin v23.3 (Yoast SEO v26.9) - https:\/\/yoast.com\/product\/yoast-seo-premium-wordpress\/ -->\n<title>VISITE GUIDEE DE LA VILLE DE PRADES<\/title>\n<meta name=\"description\" content=\"D\u00e9couvrez la capitale du Conflent lors d&#039;une visite guid\u00e9e organis\u00e9e le mardi 17 f\u00e9vrier \u00e0 14h devant l&#039;office de tourisme de Prades, situ\u00e9 au 10 Place de la R\u00e9publique. Cette promenade culturelle vous invite \u00e0 explorer les rues historiques de la ville, r\u00e9put\u00e9e pour ses fa\u00e7ades d&#039;enduits sculpt\u00e9s, t\u00e9moins de l&#039;art architectural du d\u00e9but du XXe si\u00e8cle. Vous traverserez des quartiers empreints d&#039;histoire, o\u00f9 chaque b\u00e2timent raconte une page de la vie locale. La visite mettra en lumi\u00e8re les traces laiss\u00e9es par des personnalit\u00e9s marquantes, comme le violoncelliste Pau Casals, qui choisit Prades comme terre d&#039;exil apr\u00e8s la guerre d&#039;Espagne. Le parcours inclut \u00e9galement un regard attentif sur le petit patrimoine rural, tel que les lavoirs en marbre rose et les oratoires, t\u00e9moins d&#039;une tradition paysanne encore vivante. L&#039;\u00e9glise Saint-Pierre, monument central de la ville, sera \u00e9galement au c\u0153ur de la d\u00e9couverte : son clocher roman du XIIe si\u00e8cle, le seul vestige de l&#039;ancienne \u00e9glise romane, domine aujourd&#039;hui l&#039;ensemble du site. L&#039;int\u00e9rieur, construit entre 1606 et 1696, abrite un retable baroque monumental, consid\u00e9r\u00e9 comme le plus grand de France, \u0153uvre du sculpteur catalan Joseph Sunyer. La visite, d&#039;une dur\u00e9e d&#039;environ deux heures, se d\u00e9roule en groupe ou sur demande en format individualis\u00e9. Elle est accessible sur r\u00e9servation. Le tarif pour un adulte est de 8,00 \u20ac. Cette sortie convient aux amateurs de patrimoine, d&#039;histoire locale et de paysages urbains riches de sens.\" \/>\n<meta name=\"robots\" content=\"index, follow, max-snippet:-1, max-image-preview:large, max-video-preview:-1\" \/>\n<link rel=\"canonical\" href=\"https:\/\/www.locansol.fr\/en\/evenement\/visite-guidee-de-la-ville-de-prades\/\" \/>\n<meta property=\"og:locale\" content=\"en_GB\" \/>\n<meta property=\"og:type\" content=\"article\" \/>\n<meta property=\"og:title\" content=\"VISITE GUIDEE DE LA VILLE DE PRADES\" \/>\n<meta property=\"og:description\" content=\"D\u00e9couvrez la capitale du Conflent lors d&#039;une visite guid\u00e9e organis\u00e9e le mardi 17 f\u00e9vrier \u00e0 14h devant l&#039;office de tourisme de Prades, situ\u00e9 au 10 Place de la R\u00e9publique. Cette promenade culturelle vous invite \u00e0 explorer les rues historiques de la ville, r\u00e9put\u00e9e pour ses fa\u00e7ades d&#039;enduits sculpt\u00e9s, t\u00e9moins de l&#039;art architectural du d\u00e9but du XXe si\u00e8cle. Vous traverserez des quartiers empreints d&#039;histoire, o\u00f9 chaque b\u00e2timent raconte une page de la vie locale. La visite mettra en lumi\u00e8re les traces laiss\u00e9es par des personnalit\u00e9s marquantes, comme le violoncelliste Pau Casals, qui choisit Prades comme terre d&#039;exil apr\u00e8s la guerre d&#039;Espagne. Le parcours inclut \u00e9galement un regard attentif sur le petit patrimoine rural, tel que les lavoirs en marbre rose et les oratoires, t\u00e9moins d&#039;une tradition paysanne encore vivante. L&#039;\u00e9glise Saint-Pierre, monument central de la ville, sera \u00e9galement au c\u0153ur de la d\u00e9couverte : son clocher roman du XIIe si\u00e8cle, le seul vestige de l&#039;ancienne \u00e9glise romane, domine aujourd&#039;hui l&#039;ensemble du site. L&#039;int\u00e9rieur, construit entre 1606 et 1696, abrite un retable baroque monumental, consid\u00e9r\u00e9 comme le plus grand de France, \u0153uvre du sculpteur catalan Joseph Sunyer. La visite, d&#039;une dur\u00e9e d&#039;environ deux heures, se d\u00e9roule en groupe ou sur demande en format individualis\u00e9. Elle est accessible sur r\u00e9servation. Le tarif pour un adulte est de 8,00 \u20ac. Cette sortie convient aux amateurs de patrimoine, d&#039;histoire locale et de paysages urbains riches de sens.\" \/>\n<meta property=\"og:url\" content=\"https:\/\/www.locansol.fr\/en\/evenement\/visite-guidee-de-la-ville-de-prades\/\" \/>\n<meta property=\"og:site_name\" content=\"Locansol, louer un h\u00e9bergement dans les Pyr\u00e9n\u00e9es Orientales\" \/>\n<meta property=\"article:modified_time\" content=\"2026-02-17T07:03:29+00:00\" \/>\n<meta property=\"og:image\" content=\"https:\/\/www.locansol.fr\/wp-content\/uploads\/2026\/02\/visite-guidee-prades-histoire.webp\" \/>\n\t<meta property=\"og:image:width\" content=\"1920\" \/>\n\t<meta property=\"og:image:height\" content=\"1282\" \/>\n\t<meta property=\"og:image:type\" content=\"image\/webp\" \/>\n<meta name=\"twitter:card\" content=\"summary_large_image\" \/>\n<meta name=\"twitter:title\" content=\"VISITE GUIDEE DE LA VILLE DE PRADES\" \/>\n<meta name=\"twitter:description\" content=\"D\u00e9couvrez la capitale du Conflent lors d&#039;une visite guid\u00e9e organis\u00e9e le mardi 17 f\u00e9vrier \u00e0 14h devant l&#039;office de tourisme de Prades, situ\u00e9 au 10 Place de la R\u00e9publique. Cette promenade culturelle vous invite \u00e0 explorer les rues historiques de la ville, r\u00e9put\u00e9e pour ses fa\u00e7ades d&#039;enduits sculpt\u00e9s, t\u00e9moins de l&#039;art architectural du d\u00e9but du XXe si\u00e8cle. Vous traverserez des quartiers empreints d&#039;histoire, o\u00f9 chaque b\u00e2timent raconte une page de la vie locale. La visite mettra en lumi\u00e8re les traces laiss\u00e9es par des personnalit\u00e9s marquantes, comme le violoncelliste Pau Casals, qui choisit Prades comme terre d&#039;exil apr\u00e8s la guerre d&#039;Espagne. Le parcours inclut \u00e9galement un regard attentif sur le petit patrimoine rural, tel que les lavoirs en marbre rose et les oratoires, t\u00e9moins d&#039;une tradition paysanne encore vivante. L&#039;\u00e9glise Saint-Pierre, monument central de la ville, sera \u00e9galement au c\u0153ur de la d\u00e9couverte : son clocher roman du XIIe si\u00e8cle, le seul vestige de l&#039;ancienne \u00e9glise romane, domine aujourd&#039;hui l&#039;ensemble du site. L&#039;int\u00e9rieur, construit entre 1606 et 1696, abrite un retable baroque monumental, consid\u00e9r\u00e9 comme le plus grand de France, \u0153uvre du sculpteur catalan Joseph Sunyer. La visite, d&#039;une dur\u00e9e d&#039;environ deux heures, se d\u00e9roule en groupe ou sur demande en format individualis\u00e9. Elle est accessible sur r\u00e9servation. Le tarif pour un adulte est de 8,00 \u20ac. Cette sortie convient aux amateurs de patrimoine, d&#039;histoire locale et de paysages urbains riches de sens.\" \/>\n<meta name=\"twitter:image\" content=\"https:\/\/www.locansol.fr\/wp-content\/uploads\/2026\/02\/visite-guidee-prades-histoire.webp\" \/>\n<meta name=\"twitter:label1\" content=\"Estimated reading time\" \/>\n\t<meta name=\"twitter:data1\" content=\"1 minute\" \/>\n<script type=\"application\/ld+json\" class=\"yoast-schema-graph\">{\"@context\":\"https:\/\/schema.org\",\"@graph\":[{\"@type\":\"WebPage\",\"@id\":\"https:\/\/www.locansol.fr\/evenement\/visite-guidee-de-la-ville-de-prades\/\",\"url\":\"https:\/\/www.locansol.fr\/evenement\/visite-guidee-de-la-ville-de-prades\/\",\"name\":\"VISITE GUIDEE DE LA VILLE DE PRADES\",\"isPartOf\":{\"@id\":\"https:\/\/www.locansol.fr\/#website\"},\"primaryImageOfPage\":{\"@id\":\"https:\/\/www.locansol.fr\/evenement\/visite-guidee-de-la-ville-de-prades\/#primaryimage\"},\"image\":{\"@id\":\"https:\/\/www.locansol.fr\/evenement\/visite-guidee-de-la-ville-de-prades\/#primaryimage\"},\"thumbnailUrl\":\"https:\/\/www.locansol.fr\/wp-content\/uploads\/2026\/02\/visite-guidee-prades-histoire.webp\",\"datePublished\":\"2026-02-17T07:03:27+00:00\",\"dateModified\":\"2026-02-17T07:03:29+00:00\",\"description\":\"D\u00e9couvrez la capitale du Conflent lors d'une visite guid\u00e9e organis\u00e9e le mardi 17 f\u00e9vrier \u00e0 14h devant l'office de tourisme de Prades, situ\u00e9 au 10 Place de la R\u00e9publique. Cette promenade culturelle vous invite \u00e0 explorer les rues historiques de la ville, r\u00e9put\u00e9e pour ses fa\u00e7ades d'enduits sculpt\u00e9s, t\u00e9moins de l'art architectural du d\u00e9but du XXe si\u00e8cle. Vous traverserez des quartiers empreints d'histoire, o\u00f9 chaque b\u00e2timent raconte une page de la vie locale. La visite mettra en lumi\u00e8re les traces laiss\u00e9es par des personnalit\u00e9s marquantes, comme le violoncelliste Pau Casals, qui choisit Prades comme terre d'exil apr\u00e8s la guerre d'Espagne. Le parcours inclut \u00e9galement un regard attentif sur le petit patrimoine rural, tel que les lavoirs en marbre rose et les oratoires, t\u00e9moins d'une tradition paysanne encore vivante. L'\u00e9glise Saint-Pierre, monument central de la ville, sera \u00e9galement au c\u0153ur de la d\u00e9couverte : son clocher roman du XIIe si\u00e8cle, le seul vestige de l'ancienne \u00e9glise romane, domine aujourd'hui l'ensemble du site. L'int\u00e9rieur, construit entre 1606 et 1696, abrite un retable baroque monumental, consid\u00e9r\u00e9 comme le plus grand de France, \u0153uvre du sculpteur catalan Joseph Sunyer. La visite, d'une dur\u00e9e d'environ deux heures, se d\u00e9roule en groupe ou sur demande en format individualis\u00e9. Elle est accessible sur r\u00e9servation. Le tarif pour un adulte est de 8,00 \u20ac. Cette sortie convient aux amateurs de patrimoine, d'histoire locale et de paysages urbains riches de sens.\",\"breadcrumb\":{\"@id\":\"https:\/\/www.locansol.fr\/evenement\/visite-guidee-de-la-ville-de-prades\/#breadcrumb\"},\"inLanguage\":\"en-GB\",\"potentialAction\":[{\"@type\":\"ReadAction\",\"target\":[\"https:\/\/www.locansol.fr\/evenement\/visite-guidee-de-la-ville-de-prades\/\"]}]},{\"@type\":\"ImageObject\",\"inLanguage\":\"en-GB\",\"@id\":\"https:\/\/www.locansol.fr\/evenement\/visite-guidee-de-la-ville-de-prades\/#primaryimage\",\"url\":\"https:\/\/www.locansol.fr\/wp-content\/uploads\/2026\/02\/visite-guidee-prades-histoire.webp\",\"contentUrl\":\"https:\/\/www.locansol.fr\/wp-content\/uploads\/2026\/02\/visite-guidee-prades-histoire.webp\",\"width\":1920,\"height\":1282,\"caption\":\"Visite guid\u00e9e \u00e0 Prades : D\u00e9couvrez l'histoire locale en 2h\"},{\"@type\":\"BreadcrumbList\",\"@id\":\"https:\/\/www.locansol.fr\/evenement\/visite-guidee-de-la-ville-de-prades\/#breadcrumb\",\"itemListElement\":[{\"@type\":\"ListItem\",\"position\":1,\"name\":\"Accueil\",\"item\":\"https:\/\/www.locansol.fr\/\"},{\"@type\":\"ListItem\",\"position\":2,\"name\":\"\u00c9v\u00e8nements\",\"item\":\"https:\/\/www.locansol.fr\/evenements\/\"},{\"@type\":\"ListItem\",\"position\":3,\"name\":\"VISITE GUIDEE DE LA VILLE DE PRADES\"}]},{\"@type\":\"WebSite\",\"@id\":\"https:\/\/www.locansol.fr\/#website\",\"url\":\"https:\/\/www.locansol.fr\/\",\"name\":\"Locansol, louer un h\u00e9bergement dans les Pyr\u00e9n\u00e9es-Orientales\",\"description\":\"Location Mobil-home Mer M\u00e9diterran\u00e9e &amp; Chalet de Montagne dans les Pyr\u00e9n\u00e9es Orientales (Occitanie, 66). Weekend, s\u00e9jour &amp; vacances en famille et entre amis.\",\"publisher\":{\"@id\":\"https:\/\/www.locansol.fr\/#organization\"},\"alternateName\":\"Louer un h\u00e9bergement dans les Pyr\u00e9n\u00e9es Orientales, chalet & mobil-home en Occitanie\",\"potentialAction\":[{\"@type\":\"SearchAction\",\"target\":{\"@type\":\"EntryPoint\",\"urlTemplate\":\"https:\/\/www.locansol.fr\/?s={search_term_string}\"},\"query-input\":{\"@type\":\"PropertyValueSpecification\",\"valueRequired\":true,\"valueName\":\"search_term_string\"}}],\"inLanguage\":\"en-GB\"},{\"@type\":\"Organization\",\"@id\":\"https:\/\/www.locansol.fr\/#organization\",\"name\":\"Location MobilHome & chalet dans les Pyr\u00e9n\u00e9es Orientales\",\"alternateName\":\"Louer un h\u00e9bergement dans les Pyr\u00e9n\u00e9es Orientales en Occitanie\",\"url\":\"https:\/\/www.locansol.fr\/\",\"logo\":{\"@type\":\"ImageObject\",\"inLanguage\":\"en-GB\",\"@id\":\"https:\/\/www.locansol.fr\/#\/schema\/logo\/image\/\",\"url\":\"https:\/\/www.locansol.fr\/wp-content\/uploads\/2024\/04\/AdobeStock_303324767-scaled.jpeg\",\"contentUrl\":\"https:\/\/www.locansol.fr\/wp-content\/uploads\/2024\/04\/AdobeStock_303324767-scaled.jpeg\",\"width\":2560,\"height\":1707,\"caption\":\"Location MobilHome & chalet dans les Pyr\u00e9n\u00e9es Orientales\"},\"image\":{\"@id\":\"https:\/\/www.locansol.fr\/#\/schema\/logo\/image\/\"}}]}<\/script>\n<!-- \/ Yoast SEO Premium plugin. -->","yoast_head_json":{"title":"VISITE GUIDEE DE LA VILLE DE PRADES","description":"D\u00e9couvrez la capitale du Conflent lors d'une visite guid\u00e9e organis\u00e9e le mardi 17 f\u00e9vrier \u00e0 14h devant l'office de tourisme de Prades, situ\u00e9 au 10 Place de la R\u00e9publique. Cette promenade culturelle vous invite \u00e0 explorer les rues historiques de la ville, r\u00e9put\u00e9e pour ses fa\u00e7ades d'enduits sculpt\u00e9s, t\u00e9moins de l'art architectural du d\u00e9but du XXe si\u00e8cle. Vous traverserez des quartiers empreints d'histoire, o\u00f9 chaque b\u00e2timent raconte une page de la vie locale. La visite mettra en lumi\u00e8re les traces laiss\u00e9es par des personnalit\u00e9s marquantes, comme le violoncelliste Pau Casals, qui choisit Prades comme terre d'exil apr\u00e8s la guerre d'Espagne. Le parcours inclut \u00e9galement un regard attentif sur le petit patrimoine rural, tel que les lavoirs en marbre rose et les oratoires, t\u00e9moins d'une tradition paysanne encore vivante. L'\u00e9glise Saint-Pierre, monument central de la ville, sera \u00e9galement au c\u0153ur de la d\u00e9couverte : son clocher roman du XIIe si\u00e8cle, le seul vestige de l'ancienne \u00e9glise romane, domine aujourd'hui l'ensemble du site. L'int\u00e9rieur, construit entre 1606 et 1696, abrite un retable baroque monumental, consid\u00e9r\u00e9 comme le plus grand de France, \u0153uvre du sculpteur catalan Joseph Sunyer. La visite, d'une dur\u00e9e d'environ deux heures, se d\u00e9roule en groupe ou sur demande en format individualis\u00e9. Elle est accessible sur r\u00e9servation. Le tarif pour un adulte est de 8,00 \u20ac. Cette sortie convient aux amateurs de patrimoine, d'histoire locale et de paysages urbains riches de sens.","robots":{"index":"index","follow":"follow","max-snippet":"max-snippet:-1","max-image-preview":"max-image-preview:large","max-video-preview":"max-video-preview:-1"},"canonical":"https:\/\/www.locansol.fr\/en\/evenement\/visite-guidee-de-la-ville-de-prades\/","og_locale":"en_GB","og_type":"article","og_title":"VISITE GUIDEE DE LA VILLE DE PRADES","og_description":"D\u00e9couvrez la capitale du Conflent lors d'une visite guid\u00e9e organis\u00e9e le mardi 17 f\u00e9vrier \u00e0 14h devant l'office de tourisme de Prades, situ\u00e9 au 10 Place de la R\u00e9publique. Cette promenade culturelle vous invite \u00e0 explorer les rues historiques de la ville, r\u00e9put\u00e9e pour ses fa\u00e7ades d'enduits sculpt\u00e9s, t\u00e9moins de l'art architectural du d\u00e9but du XXe si\u00e8cle. Vous traverserez des quartiers empreints d'histoire, o\u00f9 chaque b\u00e2timent raconte une page de la vie locale. La visite mettra en lumi\u00e8re les traces laiss\u00e9es par des personnalit\u00e9s marquantes, comme le violoncelliste Pau Casals, qui choisit Prades comme terre d'exil apr\u00e8s la guerre d'Espagne. Le parcours inclut \u00e9galement un regard attentif sur le petit patrimoine rural, tel que les lavoirs en marbre rose et les oratoires, t\u00e9moins d'une tradition paysanne encore vivante. L'\u00e9glise Saint-Pierre, monument central de la ville, sera \u00e9galement au c\u0153ur de la d\u00e9couverte : son clocher roman du XIIe si\u00e8cle, le seul vestige de l'ancienne \u00e9glise romane, domine aujourd'hui l'ensemble du site. L'int\u00e9rieur, construit entre 1606 et 1696, abrite un retable baroque monumental, consid\u00e9r\u00e9 comme le plus grand de France, \u0153uvre du sculpteur catalan Joseph Sunyer. La visite, d'une dur\u00e9e d'environ deux heures, se d\u00e9roule en groupe ou sur demande en format individualis\u00e9. Elle est accessible sur r\u00e9servation. Le tarif pour un adulte est de 8,00 \u20ac. Cette sortie convient aux amateurs de patrimoine, d'histoire locale et de paysages urbains riches de sens.","og_url":"https:\/\/www.locansol.fr\/en\/evenement\/visite-guidee-de-la-ville-de-prades\/","og_site_name":"Locansol, louer un h\u00e9bergement dans les Pyr\u00e9n\u00e9es Orientales","article_modified_time":"2026-02-17T07:03:29+00:00","og_image":[{"width":1920,"height":1282,"url":"https:\/\/www.locansol.fr\/wp-content\/uploads\/2026\/02\/visite-guidee-prades-histoire.webp","type":"image\/webp"}],"twitter_card":"summary_large_image","twitter_title":"VISITE GUIDEE DE LA VILLE DE PRADES","twitter_description":"D\u00e9couvrez la capitale du Conflent lors d'une visite guid\u00e9e organis\u00e9e le mardi 17 f\u00e9vrier \u00e0 14h devant l'office de tourisme de Prades, situ\u00e9 au 10 Place de la R\u00e9publique. Cette promenade culturelle vous invite \u00e0 explorer les rues historiques de la ville, r\u00e9put\u00e9e pour ses fa\u00e7ades d'enduits sculpt\u00e9s, t\u00e9moins de l'art architectural du d\u00e9but du XXe si\u00e8cle. Vous traverserez des quartiers empreints d'histoire, o\u00f9 chaque b\u00e2timent raconte une page de la vie locale. La visite mettra en lumi\u00e8re les traces laiss\u00e9es par des personnalit\u00e9s marquantes, comme le violoncelliste Pau Casals, qui choisit Prades comme terre d'exil apr\u00e8s la guerre d'Espagne. Le parcours inclut \u00e9galement un regard attentif sur le petit patrimoine rural, tel que les lavoirs en marbre rose et les oratoires, t\u00e9moins d'une tradition paysanne encore vivante. L'\u00e9glise Saint-Pierre, monument central de la ville, sera \u00e9galement au c\u0153ur de la d\u00e9couverte : son clocher roman du XIIe si\u00e8cle, le seul vestige de l'ancienne \u00e9glise romane, domine aujourd'hui l'ensemble du site. L'int\u00e9rieur, construit entre 1606 et 1696, abrite un retable baroque monumental, consid\u00e9r\u00e9 comme le plus grand de France, \u0153uvre du sculpteur catalan Joseph Sunyer. La visite, d'une dur\u00e9e d'environ deux heures, se d\u00e9roule en groupe ou sur demande en format individualis\u00e9. Elle est accessible sur r\u00e9servation. Le tarif pour un adulte est de 8,00 \u20ac. Cette sortie convient aux amateurs de patrimoine, d'histoire locale et de paysages urbains riches de sens.","twitter_image":"https:\/\/www.locansol.fr\/wp-content\/uploads\/2026\/02\/visite-guidee-prades-histoire.webp","twitter_misc":{"Estimated reading time":"1 minute"},"schema":{"@context":"https:\/\/schema.org","@graph":[{"@type":"WebPage","@id":"https:\/\/www.locansol.fr\/evenement\/visite-guidee-de-la-ville-de-prades\/","url":"https:\/\/www.locansol.fr\/evenement\/visite-guidee-de-la-ville-de-prades\/","name":"VISITE GUIDEE DE LA VILLE DE PRADES","isPartOf":{"@id":"https:\/\/www.locansol.fr\/#website"},"primaryImageOfPage":{"@id":"https:\/\/www.locansol.fr\/evenement\/visite-guidee-de-la-ville-de-prades\/#primaryimage"},"image":{"@id":"https:\/\/www.locansol.fr\/evenement\/visite-guidee-de-la-ville-de-prades\/#primaryimage"},"thumbnailUrl":"https:\/\/www.locansol.fr\/wp-content\/uploads\/2026\/02\/visite-guidee-prades-histoire.webp","datePublished":"2026-02-17T07:03:27+00:00","dateModified":"2026-02-17T07:03:29+00:00","description":"D\u00e9couvrez la capitale du Conflent lors d'une visite guid\u00e9e organis\u00e9e le mardi 17 f\u00e9vrier \u00e0 14h devant l'office de tourisme de Prades, situ\u00e9 au 10 Place de la R\u00e9publique. Cette promenade culturelle vous invite \u00e0 explorer les rues historiques de la ville, r\u00e9put\u00e9e pour ses fa\u00e7ades d'enduits sculpt\u00e9s, t\u00e9moins de l'art architectural du d\u00e9but du XXe si\u00e8cle. Vous traverserez des quartiers empreints d'histoire, o\u00f9 chaque b\u00e2timent raconte une page de la vie locale. La visite mettra en lumi\u00e8re les traces laiss\u00e9es par des personnalit\u00e9s marquantes, comme le violoncelliste Pau Casals, qui choisit Prades comme terre d'exil apr\u00e8s la guerre d'Espagne. Le parcours inclut \u00e9galement un regard attentif sur le petit patrimoine rural, tel que les lavoirs en marbre rose et les oratoires, t\u00e9moins d'une tradition paysanne encore vivante. L'\u00e9glise Saint-Pierre, monument central de la ville, sera \u00e9galement au c\u0153ur de la d\u00e9couverte : son clocher roman du XIIe si\u00e8cle, le seul vestige de l'ancienne \u00e9glise romane, domine aujourd'hui l'ensemble du site. L'int\u00e9rieur, construit entre 1606 et 1696, abrite un retable baroque monumental, consid\u00e9r\u00e9 comme le plus grand de France, \u0153uvre du sculpteur catalan Joseph Sunyer. La visite, d'une dur\u00e9e d'environ deux heures, se d\u00e9roule en groupe ou sur demande en format individualis\u00e9. Elle est accessible sur r\u00e9servation. Le tarif pour un adulte est de 8,00 \u20ac. Cette sortie convient aux amateurs de patrimoine, d'histoire locale et de paysages urbains riches de sens.","breadcrumb":{"@id":"https:\/\/www.locansol.fr\/evenement\/visite-guidee-de-la-ville-de-prades\/#breadcrumb"},"inLanguage":"en-GB","potentialAction":[{"@type":"ReadAction","target":["https:\/\/www.locansol.fr\/evenement\/visite-guidee-de-la-ville-de-prades\/"]}]},{"@type":"ImageObject","inLanguage":"en-GB","@id":"https:\/\/www.locansol.fr\/evenement\/visite-guidee-de-la-ville-de-prades\/#primaryimage","url":"https:\/\/www.locansol.fr\/wp-content\/uploads\/2026\/02\/visite-guidee-prades-histoire.webp","contentUrl":"https:\/\/www.locansol.fr\/wp-content\/uploads\/2026\/02\/visite-guidee-prades-histoire.webp","width":1920,"height":1282,"caption":"Visite guid\u00e9e \u00e0 Prades : D\u00e9couvrez l'histoire locale en 2h"},{"@type":"BreadcrumbList","@id":"https:\/\/www.locansol.fr\/evenement\/visite-guidee-de-la-ville-de-prades\/#breadcrumb","itemListElement":[{"@type":"ListItem","position":1,"name":"Accueil","item":"https:\/\/www.locansol.fr\/"},{"@type":"ListItem","position":2,"name":"\u00c9v\u00e8nements","item":"https:\/\/www.locansol.fr\/evenements\/"},{"@type":"ListItem","position":3,"name":"VISITE GUIDEE DE LA VILLE DE PRADES"}]},{"@type":"WebSite","@id":"https:\/\/www.locansol.fr\/#website","url":"https:\/\/www.locansol.fr\/","name":"Locansol, louer un h\u00e9bergement dans les Pyr\u00e9n\u00e9es-Orientales","description":"Location Mobil-home Mer M\u00e9diterran\u00e9e &amp; Chalet de Montagne dans les Pyr\u00e9n\u00e9es Orientales (Occitanie, 66). Weekend, s\u00e9jour &amp; vacances en famille et entre amis.","publisher":{"@id":"https:\/\/www.locansol.fr\/#organization"},"alternateName":"Louer un h\u00e9bergement dans les Pyr\u00e9n\u00e9es Orientales, chalet & mobil-home en Occitanie","potentialAction":[{"@type":"SearchAction","target":{"@type":"EntryPoint","urlTemplate":"https:\/\/www.locansol.fr\/?s={search_term_string}"},"query-input":{"@type":"PropertyValueSpecification","valueRequired":true,"valueName":"search_term_string"}}],"inLanguage":"en-GB"},{"@type":"Organization","@id":"https:\/\/www.locansol.fr\/#organization","name":"Location MobilHome & chalet dans les Pyr\u00e9n\u00e9es Orientales","alternateName":"Louer un h\u00e9bergement dans les Pyr\u00e9n\u00e9es Orientales en Occitanie","url":"https:\/\/www.locansol.fr\/","logo":{"@type":"ImageObject","inLanguage":"en-GB","@id":"https:\/\/www.locansol.fr\/#\/schema\/logo\/image\/","url":"https:\/\/www.locansol.fr\/wp-content\/uploads\/2024\/04\/AdobeStock_303324767-scaled.jpeg","contentUrl":"https:\/\/www.locansol.fr\/wp-content\/uploads\/2024\/04\/AdobeStock_303324767-scaled.jpeg","width":2560,"height":1707,"caption":"Location MobilHome & chalet dans les Pyr\u00e9n\u00e9es Orientales"},"image":{"@id":"https:\/\/www.locansol.fr\/#\/schema\/logo\/image\/"}}]}},"_links":{"self":[{"href":"https:\/\/www.locansol.fr\/en\/wp-json\/wp\/v2\/tribe_events\/3510","targetHints":{"allow":["GET"]}}],"collection":[{"href":"https:\/\/www.locansol.fr\/en\/wp-json\/wp\/v2\/tribe_events"}],"about":[{"href":"https:\/\/www.locansol.fr\/en\/wp-json\/wp\/v2\/types\/tribe_events"}],"author":[{"embeddable":true,"href":"https:\/\/www.locansol.fr\/en\/wp-json\/wp\/v2\/users\/5"}],"version-history":[{"count":1,"href":"https:\/\/www.locansol.fr\/en\/wp-json\/wp\/v2\/tribe_events\/3510\/revisions"}],"predecessor-version":[{"id":3511,"href":"https:\/\/www.locansol.fr\/en\/wp-json\/wp\/v2\/tribe_events\/3510\/revisions\/3511"}],"wp:featuredmedia":[{"embeddable":true,"href":"https:\/\/www.locansol.fr\/en\/wp-json\/wp\/v2\/media\/3506"}],"wp:attachment":[{"href":"https:\/\/www.locansol.fr\/en\/wp-json\/wp\/v2\/media?parent=3510"}],"wp:term":[{"taxonomy":"post_tag","embeddable":true,"href":"https:\/\/www.locansol.fr\/en\/wp-json\/wp\/v2\/tags?post=3510"},{"taxonomy":"tribe_events_cat","embeddable":true,"href":"https:\/\/www.locansol.fr\/en\/wp-json\/wp\/v2\/tribe_events_cat?post=3510"}],"curies":[{"name":"wp","href":"https:\/\/api.w.org\/{rel}","templated":true}]}}