{"id":4127,"date":"2026-02-26T08:05:58","date_gmt":"2026-02-26T07:05:58","guid":{"rendered":"https:\/\/www.locansol.fr\/evenement\/theatre-primavera-la-belle-helene-et-les-garcons\/"},"modified":"2026-02-26T08:05:58","modified_gmt":"2026-02-26T07:05:58","slug":"theatre-primavera-la-belle-helene-et-les-garcons","status":"publish","type":"tribe_events","link":"https:\/\/www.locansol.fr\/en\/evenement\/theatre-primavera-la-belle-helene-et-les-garcons\/","title":{"rendered":"TH\u00c9\u00c2TRE PRIMAVERA &#8211; LA BELLE H\u00c9L\u00c8NE ET LES GAR\u00c7ONS"},"content":{"rendered":"<p>TH\u00c9\u00c2TRE PRIMAVERA &#8211; LA BELLE H\u00c9L\u00c8NE ET LES GAR\u00c7ONS   Sainte-Marie   Jeudi 26 f\u00e9vrier \u00e0 21:00   Le Th\u00e9\u00e2tre du Petit Monde r\u00e9invente le chef-d\u2019\u0153uvre de Jacques Offenbach, La Belle H\u00e9l\u00e8ne. L\u2019intrigue ne se d\u00e9roule plus dans la Gr\u00e8ce antique, mais au c\u0153ur du tournage de la 127\u1d49 saison de la s\u00e9rie \u00ab\u00a0La Belle H\u00e9l\u00e8ne et les Gar\u00e7ons\u00a0\u00bb.   Plein tarif \u2014   Th\u00e9\u00e2tre, Culturelle   Complexe Om\u00e9ga, Sainte-Marie  Le 26 f\u00e9vrier 2026, le Complexe Om\u00e9ga de Sainte-Marie-la-Mer accueillera une repr\u00e9sentation unique de \u00ab La Belle H\u00e9l\u00e8ne et les Gar\u00e7ons \u00bb, une cr\u00e9ation originale du Th\u00e9\u00e2tre du Petit Monde. Cette pi\u00e8ce revisite l&rsquo;op\u00e9ra-bouffe de Jacques Offenbach en transposant l&rsquo;intrigue de la Gr\u00e8ce antique au plateau de tournage de la 127\u1d49 saison d&rsquo;une s\u00e9rie t\u00e9l\u00e9vis\u00e9e fictive, m\u00ealant ainsi mythologie et culture populaire des ann\u00e9es 90. Sous la direction de Nicolas Rigas et adapt\u00e9e par Martin Loizillon, cette version moderne de \u00ab La Belle H\u00e9l\u00e8ne \u00bb promet une soir\u00e9e riche en surprises et en \u00e9motions. La musique d&rsquo;Offenbach, toujours pr\u00e9sente, accompagne cette nouvelle aventure o\u00f9 H\u00e9l\u00e8ne, M\u00e9n\u00e9las, et les autres personnages mythiques se retrouvent plong\u00e9s dans un univers contemporain. Le spectacle, par son m\u00e9lange de satire, de mythologie grecque et de r\u00e9f\u00e9rences t\u00e9l\u00e9visuelles, offre une exp\u00e9rience th\u00e9\u00e2trale in\u00e9dite. La mise en sc\u00e8ne dynamique et les performances des acteurs contribuent \u00e0 cr\u00e9er une ambiance \u00e0 la fois l\u00e9g\u00e8re et profonde, permettant au public de red\u00e9couvrir ce classique sous un jour nouveau. Les spectateurs sont invit\u00e9s \u00e0 se plonger dans cette relecture originale, o\u00f9 l&rsquo;humour et la r\u00e9flexion se c\u00f4toient pour un moment de divertissement intelligent et captivant.<\/p>\n<p><\/p>\n<h3>R\u00e9servez votre h\u00e9bergement dans les Pyr\u00e9n\u00e9es-Orientales :<\/h3>\n<p><b><a href='https:\/\/www.locansol.fr\/en\/rental-mobile-home-mediterranean\/'>Mobil-home Locansol \u00e0 Argel\u00e8s-sur-Mer<\/a><\/b><br \/>Trajet le plus court : 871 km<br \/>Trajet le plus rapide : 9 h 3 min<\/p>\n<p><b><a href='https:\/\/www.locansol.fr\/en\/rental-chalet-cerdagne\/'>Chalet Locansol \u00e0 Estavar<\/a><\/b><br \/>Trajet le plus court : 938 km<br \/>Trajet le plus rapide : 10 h 8 min<\/p>","protected":false},"excerpt":{"rendered":"<p>TH\u00c9\u00c2TRE PRIMAVERA &#8211; LA BELLE H\u00c9L\u00c8NE ET LES GAR\u00c7ONS Sainte-Marie Jeudi 26 f\u00e9vrier \u00e0 21:00 Le Th\u00e9\u00e2tre du Petit Monde r\u00e9invente le chef-d\u2019\u0153uvre de Jacques Offenbach, La Belle H\u00e9l\u00e8ne. L\u2019intrigue [&hellip;]<\/p>","protected":false},"author":5,"featured_media":4123,"template":"","meta":{"_yoast_wpseo_focuskw":"","_yoast_wpseo_title":"","_yoast_wpseo_metadesc":"","_yoast_wpseo_canonical":"","_yoast_wpseo_opengraph-title":"","_yoast_wpseo_opengraph-description":"","_yoast_wpseo_opengraph-image":"","_yoast_wpseo_opengraph-image-id":"","_yoast_wpseo_twitter-title":"","_yoast_wpseo_twitter-description":"","_yoast_wpseo_twitter-image":"","_yoast_wpseo_twitter-image-id":"","yoast_primary_category":"","_tribe_events_status":"","_tribe_events_status_reason":"","_tribe_events_is_hybrid":"","_tribe_events_is_virtual":"","_tribe_events_virtual_video_source":"","_tribe_events_virtual_embed_video":"","_tribe_events_virtual_linked_button_text":"","_tribe_events_virtual_linked_button":"","_tribe_events_virtual_show_embed_at":"","_tribe_events_virtual_show_embed_to":[],"_tribe_events_virtual_show_on_event":"","_tribe_events_virtual_show_on_views":"","_tribe_events_virtual_url":"","footnotes":""},"tags":[66,76],"tribe_events_cat":[138,169,103],"class_list":["post-4127","tribe_events","type-tribe_events","status-publish","has-post-thumbnail","hentry","tag-evenement-culturel","tag-pyrenees-orientales","tribe_events_cat-evenement-culturel","tribe_events_cat-pyrenees-orientales","tribe_events_cat-theatre","cat_evenement-culturel","cat_pyrenees-orientales","cat_theatre"],"yoast_head":"<!-- This site is optimized with the Yoast SEO Premium plugin v23.3 (Yoast SEO v26.9) - https:\/\/yoast.com\/product\/yoast-seo-premium-wordpress\/ -->\n<title>TH\u00c9\u00c2TRE PRIMAVERA - LA BELLE H\u00c9L\u00c8NE ET LES GAR\u00c7ONS | Locansol, louer un h\u00e9bergement dans les Pyr\u00e9n\u00e9es Orientales<\/title>\n<meta name=\"robots\" content=\"index, follow, max-snippet:-1, max-image-preview:large, max-video-preview:-1\" \/>\n<link rel=\"canonical\" href=\"https:\/\/www.locansol.fr\/en\/evenement\/theatre-primavera-la-belle-helene-et-les-garcons\/\" \/>\n<meta property=\"og:locale\" content=\"en_GB\" \/>\n<meta property=\"og:type\" content=\"article\" \/>\n<meta property=\"og:title\" content=\"TH\u00c9\u00c2TRE PRIMAVERA - LA BELLE H\u00c9L\u00c8NE ET LES GAR\u00c7ONS\" \/>\n<meta property=\"og:description\" content=\"TH\u00c9\u00c2TRE PRIMAVERA &#8211; LA BELLE H\u00c9L\u00c8NE ET LES GAR\u00c7ONS Sainte-Marie Jeudi 26 f\u00e9vrier \u00e0 21:00 Le Th\u00e9\u00e2tre du Petit Monde r\u00e9invente le chef-d\u2019\u0153uvre de Jacques Offenbach, La Belle H\u00e9l\u00e8ne. L\u2019intrigue [&hellip;]\" \/>\n<meta property=\"og:url\" content=\"https:\/\/www.locansol.fr\/en\/evenement\/theatre-primavera-la-belle-helene-et-les-garcons\/\" \/>\n<meta property=\"og:site_name\" content=\"Locansol, louer un h\u00e9bergement dans les Pyr\u00e9n\u00e9es Orientales\" \/>\n<meta property=\"og:image\" content=\"https:\/\/www.locansol.fr\/wp-content\/uploads\/2024\/04\/AdobeStock_303324767-scaled.jpeg\" \/>\n\t<meta property=\"og:image:width\" content=\"2560\" \/>\n\t<meta property=\"og:image:height\" content=\"1707\" \/>\n\t<meta property=\"og:image:type\" content=\"image\/jpeg\" \/>\n<meta name=\"twitter:card\" content=\"summary_large_image\" \/>\n<meta name=\"twitter:label1\" content=\"Estimated reading time\" \/>\n\t<meta name=\"twitter:data1\" content=\"2 minutes\" \/>\n<script type=\"application\/ld+json\" class=\"yoast-schema-graph\">{\"@context\":\"https:\/\/schema.org\",\"@graph\":[{\"@type\":\"WebPage\",\"@id\":\"https:\/\/www.locansol.fr\/evenement\/theatre-primavera-la-belle-helene-et-les-garcons\/\",\"url\":\"https:\/\/www.locansol.fr\/evenement\/theatre-primavera-la-belle-helene-et-les-garcons\/\",\"name\":\"TH\u00c9\u00c2TRE PRIMAVERA - LA BELLE H\u00c9L\u00c8NE ET LES GAR\u00c7ONS | Locansol, louer un h\u00e9bergement dans les Pyr\u00e9n\u00e9es Orientales\",\"isPartOf\":{\"@id\":\"https:\/\/www.locansol.fr\/#website\"},\"primaryImageOfPage\":{\"@id\":\"https:\/\/www.locansol.fr\/evenement\/theatre-primavera-la-belle-helene-et-les-garcons\/#primaryimage\"},\"image\":{\"@id\":\"https:\/\/www.locansol.fr\/evenement\/theatre-primavera-la-belle-helene-et-les-garcons\/#primaryimage\"},\"thumbnailUrl\":\"https:\/\/www.locansol.fr\/wp-content\/uploads\/2026\/02\/belle-helene-garcons-sainte-marie.webp\",\"datePublished\":\"2026-02-26T07:05:58+00:00\",\"breadcrumb\":{\"@id\":\"https:\/\/www.locansol.fr\/evenement\/theatre-primavera-la-belle-helene-et-les-garcons\/#breadcrumb\"},\"inLanguage\":\"en-GB\",\"potentialAction\":[{\"@type\":\"ReadAction\",\"target\":[\"https:\/\/www.locansol.fr\/evenement\/theatre-primavera-la-belle-helene-et-les-garcons\/\"]}]},{\"@type\":\"ImageObject\",\"inLanguage\":\"en-GB\",\"@id\":\"https:\/\/www.locansol.fr\/evenement\/theatre-primavera-la-belle-helene-et-les-garcons\/#primaryimage\",\"url\":\"https:\/\/www.locansol.fr\/wp-content\/uploads\/2026\/02\/belle-helene-garcons-sainte-marie.webp\",\"contentUrl\":\"https:\/\/www.locansol.fr\/wp-content\/uploads\/2026\/02\/belle-helene-garcons-sainte-marie.webp\",\"width\":1024,\"height\":681,\"caption\":\"La Belle H\u00e9l\u00e8ne et les Gar\u00e7ons Sainte-Marie \u2013 Spectacle unique\"},{\"@type\":\"BreadcrumbList\",\"@id\":\"https:\/\/www.locansol.fr\/evenement\/theatre-primavera-la-belle-helene-et-les-garcons\/#breadcrumb\",\"itemListElement\":[{\"@type\":\"ListItem\",\"position\":1,\"name\":\"Accueil\",\"item\":\"https:\/\/www.locansol.fr\/\"},{\"@type\":\"ListItem\",\"position\":2,\"name\":\"\u00c9v\u00e8nements\",\"item\":\"https:\/\/www.locansol.fr\/evenements\/\"},{\"@type\":\"ListItem\",\"position\":3,\"name\":\"TH\u00c9\u00c2TRE PRIMAVERA &#8211; LA BELLE H\u00c9L\u00c8NE ET LES GAR\u00c7ONS\"}]},{\"@type\":\"WebSite\",\"@id\":\"https:\/\/www.locansol.fr\/#website\",\"url\":\"https:\/\/www.locansol.fr\/\",\"name\":\"Locansol, louer un h\u00e9bergement dans les Pyr\u00e9n\u00e9es-Orientales\",\"description\":\"Location Mobil-home Mer M\u00e9diterran\u00e9e &amp; Chalet de Montagne dans les Pyr\u00e9n\u00e9es Orientales (Occitanie, 66). Weekend, s\u00e9jour &amp; vacances en famille et entre amis.\",\"publisher\":{\"@id\":\"https:\/\/www.locansol.fr\/#organization\"},\"alternateName\":\"Louer un h\u00e9bergement dans les Pyr\u00e9n\u00e9es Orientales, chalet & mobil-home en Occitanie\",\"potentialAction\":[{\"@type\":\"SearchAction\",\"target\":{\"@type\":\"EntryPoint\",\"urlTemplate\":\"https:\/\/www.locansol.fr\/?s={search_term_string}\"},\"query-input\":{\"@type\":\"PropertyValueSpecification\",\"valueRequired\":true,\"valueName\":\"search_term_string\"}}],\"inLanguage\":\"en-GB\"},{\"@type\":\"Organization\",\"@id\":\"https:\/\/www.locansol.fr\/#organization\",\"name\":\"Location MobilHome & chalet dans les Pyr\u00e9n\u00e9es Orientales\",\"alternateName\":\"Louer un h\u00e9bergement dans les Pyr\u00e9n\u00e9es Orientales en Occitanie\",\"url\":\"https:\/\/www.locansol.fr\/\",\"logo\":{\"@type\":\"ImageObject\",\"inLanguage\":\"en-GB\",\"@id\":\"https:\/\/www.locansol.fr\/#\/schema\/logo\/image\/\",\"url\":\"https:\/\/www.locansol.fr\/wp-content\/uploads\/2024\/04\/AdobeStock_303324767-scaled.jpeg\",\"contentUrl\":\"https:\/\/www.locansol.fr\/wp-content\/uploads\/2024\/04\/AdobeStock_303324767-scaled.jpeg\",\"width\":2560,\"height\":1707,\"caption\":\"Location MobilHome & chalet dans les Pyr\u00e9n\u00e9es Orientales\"},\"image\":{\"@id\":\"https:\/\/www.locansol.fr\/#\/schema\/logo\/image\/\"}}]}<\/script>\n<!-- \/ Yoast SEO Premium plugin. -->","yoast_head_json":{"title":"TH\u00c9\u00c2TRE PRIMAVERA - LA BELLE H\u00c9L\u00c8NE ET LES GAR\u00c7ONS | Locansol, louer un h\u00e9bergement dans les Pyr\u00e9n\u00e9es Orientales","robots":{"index":"index","follow":"follow","max-snippet":"max-snippet:-1","max-image-preview":"max-image-preview:large","max-video-preview":"max-video-preview:-1"},"canonical":"https:\/\/www.locansol.fr\/en\/evenement\/theatre-primavera-la-belle-helene-et-les-garcons\/","og_locale":"en_GB","og_type":"article","og_title":"TH\u00c9\u00c2TRE PRIMAVERA - LA BELLE H\u00c9L\u00c8NE ET LES GAR\u00c7ONS","og_description":"TH\u00c9\u00c2TRE PRIMAVERA &#8211; LA BELLE H\u00c9L\u00c8NE ET LES GAR\u00c7ONS Sainte-Marie Jeudi 26 f\u00e9vrier \u00e0 21:00 Le Th\u00e9\u00e2tre du Petit Monde r\u00e9invente le chef-d\u2019\u0153uvre de Jacques Offenbach, La Belle H\u00e9l\u00e8ne. L\u2019intrigue [&hellip;]","og_url":"https:\/\/www.locansol.fr\/en\/evenement\/theatre-primavera-la-belle-helene-et-les-garcons\/","og_site_name":"Locansol, louer un h\u00e9bergement dans les Pyr\u00e9n\u00e9es Orientales","og_image":[{"width":2560,"height":1707,"url":"https:\/\/www.locansol.fr\/wp-content\/uploads\/2024\/04\/AdobeStock_303324767-scaled.jpeg","type":"image\/jpeg"}],"twitter_card":"summary_large_image","twitter_misc":{"Estimated reading time":"2 minutes"},"schema":{"@context":"https:\/\/schema.org","@graph":[{"@type":"WebPage","@id":"https:\/\/www.locansol.fr\/evenement\/theatre-primavera-la-belle-helene-et-les-garcons\/","url":"https:\/\/www.locansol.fr\/evenement\/theatre-primavera-la-belle-helene-et-les-garcons\/","name":"TH\u00c9\u00c2TRE PRIMAVERA - LA BELLE H\u00c9L\u00c8NE ET LES GAR\u00c7ONS | Locansol, louer un h\u00e9bergement dans les Pyr\u00e9n\u00e9es Orientales","isPartOf":{"@id":"https:\/\/www.locansol.fr\/#website"},"primaryImageOfPage":{"@id":"https:\/\/www.locansol.fr\/evenement\/theatre-primavera-la-belle-helene-et-les-garcons\/#primaryimage"},"image":{"@id":"https:\/\/www.locansol.fr\/evenement\/theatre-primavera-la-belle-helene-et-les-garcons\/#primaryimage"},"thumbnailUrl":"https:\/\/www.locansol.fr\/wp-content\/uploads\/2026\/02\/belle-helene-garcons-sainte-marie.webp","datePublished":"2026-02-26T07:05:58+00:00","breadcrumb":{"@id":"https:\/\/www.locansol.fr\/evenement\/theatre-primavera-la-belle-helene-et-les-garcons\/#breadcrumb"},"inLanguage":"en-GB","potentialAction":[{"@type":"ReadAction","target":["https:\/\/www.locansol.fr\/evenement\/theatre-primavera-la-belle-helene-et-les-garcons\/"]}]},{"@type":"ImageObject","inLanguage":"en-GB","@id":"https:\/\/www.locansol.fr\/evenement\/theatre-primavera-la-belle-helene-et-les-garcons\/#primaryimage","url":"https:\/\/www.locansol.fr\/wp-content\/uploads\/2026\/02\/belle-helene-garcons-sainte-marie.webp","contentUrl":"https:\/\/www.locansol.fr\/wp-content\/uploads\/2026\/02\/belle-helene-garcons-sainte-marie.webp","width":1024,"height":681,"caption":"La Belle H\u00e9l\u00e8ne et les Gar\u00e7ons Sainte-Marie \u2013 Spectacle unique"},{"@type":"BreadcrumbList","@id":"https:\/\/www.locansol.fr\/evenement\/theatre-primavera-la-belle-helene-et-les-garcons\/#breadcrumb","itemListElement":[{"@type":"ListItem","position":1,"name":"Accueil","item":"https:\/\/www.locansol.fr\/"},{"@type":"ListItem","position":2,"name":"\u00c9v\u00e8nements","item":"https:\/\/www.locansol.fr\/evenements\/"},{"@type":"ListItem","position":3,"name":"TH\u00c9\u00c2TRE PRIMAVERA &#8211; LA BELLE H\u00c9L\u00c8NE ET LES GAR\u00c7ONS"}]},{"@type":"WebSite","@id":"https:\/\/www.locansol.fr\/#website","url":"https:\/\/www.locansol.fr\/","name":"Locansol, louer un h\u00e9bergement dans les Pyr\u00e9n\u00e9es-Orientales","description":"Location Mobil-home Mer M\u00e9diterran\u00e9e &amp; Chalet de Montagne dans les Pyr\u00e9n\u00e9es Orientales (Occitanie, 66). Weekend, s\u00e9jour &amp; vacances en famille et entre amis.","publisher":{"@id":"https:\/\/www.locansol.fr\/#organization"},"alternateName":"Louer un h\u00e9bergement dans les Pyr\u00e9n\u00e9es Orientales, chalet & mobil-home en Occitanie","potentialAction":[{"@type":"SearchAction","target":{"@type":"EntryPoint","urlTemplate":"https:\/\/www.locansol.fr\/?s={search_term_string}"},"query-input":{"@type":"PropertyValueSpecification","valueRequired":true,"valueName":"search_term_string"}}],"inLanguage":"en-GB"},{"@type":"Organization","@id":"https:\/\/www.locansol.fr\/#organization","name":"Location MobilHome & chalet dans les Pyr\u00e9n\u00e9es Orientales","alternateName":"Louer un h\u00e9bergement dans les Pyr\u00e9n\u00e9es Orientales en Occitanie","url":"https:\/\/www.locansol.fr\/","logo":{"@type":"ImageObject","inLanguage":"en-GB","@id":"https:\/\/www.locansol.fr\/#\/schema\/logo\/image\/","url":"https:\/\/www.locansol.fr\/wp-content\/uploads\/2024\/04\/AdobeStock_303324767-scaled.jpeg","contentUrl":"https:\/\/www.locansol.fr\/wp-content\/uploads\/2024\/04\/AdobeStock_303324767-scaled.jpeg","width":2560,"height":1707,"caption":"Location MobilHome & chalet dans les Pyr\u00e9n\u00e9es Orientales"},"image":{"@id":"https:\/\/www.locansol.fr\/#\/schema\/logo\/image\/"}}]}},"_links":{"self":[{"href":"https:\/\/www.locansol.fr\/en\/wp-json\/wp\/v2\/tribe_events\/4127","targetHints":{"allow":["GET"]}}],"collection":[{"href":"https:\/\/www.locansol.fr\/en\/wp-json\/wp\/v2\/tribe_events"}],"about":[{"href":"https:\/\/www.locansol.fr\/en\/wp-json\/wp\/v2\/types\/tribe_events"}],"author":[{"embeddable":true,"href":"https:\/\/www.locansol.fr\/en\/wp-json\/wp\/v2\/users\/5"}],"version-history":[{"count":0,"href":"https:\/\/www.locansol.fr\/en\/wp-json\/wp\/v2\/tribe_events\/4127\/revisions"}],"wp:featuredmedia":[{"embeddable":true,"href":"https:\/\/www.locansol.fr\/en\/wp-json\/wp\/v2\/media\/4123"}],"wp:attachment":[{"href":"https:\/\/www.locansol.fr\/en\/wp-json\/wp\/v2\/media?parent=4127"}],"wp:term":[{"taxonomy":"post_tag","embeddable":true,"href":"https:\/\/www.locansol.fr\/en\/wp-json\/wp\/v2\/tags?post=4127"},{"taxonomy":"tribe_events_cat","embeddable":true,"href":"https:\/\/www.locansol.fr\/en\/wp-json\/wp\/v2\/tribe_events_cat?post=4127"}],"curies":[{"name":"wp","href":"https:\/\/api.w.org\/{rel}","templated":true}]}}