{"id":4352,"date":"2026-03-01T08:05:10","date_gmt":"2026-03-01T07:05:10","guid":{"rendered":"https:\/\/www.locansol.fr\/evenement\/fete-des-grands-meres-concert-dalida\/"},"modified":"2026-03-01T08:05:12","modified_gmt":"2026-03-01T07:05:12","slug":"fete-des-grands-meres-concert-dalida","status":"publish","type":"tribe_events","link":"https:\/\/www.locansol.fr\/en\/evenement\/fete-des-grands-meres-concert-dalida\/","title":{"rendered":"F\u00caTE DES GRANDS-M\u00c8RES CONCERT DALIDA"},"content":{"rendered":"<p>F\u00caTE DES GRANDS-M\u00c8RES CONCERT DALIDA<\/p>\n<p>Le dimanche 1er mars 2026 \u00e0 15h00, le cin\u00e9ma Le Vauban de Port-Vendres se transforme en \u00e9crin de douceur pour c\u00e9l\u00e9brer la F\u00eate des grands-m\u00e8res. \u00c0 cette occasion, le concert \u00abDalida, la fleur du d\u00e9sert\u00bb, interpr\u00e9t\u00e9 par Nathalie Santaine, rendra hommage au r\u00e9pertoire intemporel de Dalida. Cet \u00e9v\u00e9nement gratuit promet une ambiance chaleureuse o\u00f9 chaque chanson ravivera des \u00e9motions et des souvenirs partag\u00e9s. Nathalie Santaine, dot\u00e9e d&rsquo;une voix envo\u00fbtante, revisitera les plus grands succ\u00e8s de la c\u00e9l\u00e8bre chanteuse, offrant un moment de nostalgie et de convivialit\u00e9 id\u00e9al pour chanter ensemble et faire briller les yeux de celles qui nous ont tant donn\u00e9. Ce rendez-vous est une belle opportunit\u00e9 de passer un moment inoubliable en famille, sous le signe de l&rsquo;amour et de la transmission. Les grands-m\u00e8res seront \u00e0 l&rsquo;honneur dans une atmosph\u00e8re de partage et de tendresse, o\u00f9 la musique et les souvenirs se m\u00ealeront pour cr\u00e9er une exp\u00e9rience unique. Le Cin\u00e9-Th\u00e9\u00e2tre Vauban, situ\u00e9 \u00e0 l&rsquo;adresse 26 avenue Castellane, 66660 Port-Vendres, sera le cadre parfait pour cet apr\u00e8s-midi sp\u00e9cial. Nathalie Santaine, artiste polyvalente, a d\u00e9j\u00e0 prouv\u00e9 son talent dans divers r\u00e9pertoires, notamment ceux de Piaf et de Fitzgerald, garantissant ainsi une performance de qualit\u00e9. Cet \u00e9v\u00e9nement est une occasion id\u00e9ale pour rendre hommage \u00e0 nos grands-m\u00e8res et partager avec elles des moments pr\u00e9cieux autour de la musique de Dalida.<\/p>\n<p><\/p>\n<h3>R\u00e9servez votre h\u00e9bergement dans les Pyr\u00e9n\u00e9es-Orientales :<\/h3>\n<p><b><a href='https:\/\/www.locansol.fr\/en\/rental-mobile-home-mediterranean\/'>Mobil-home Locansol \u00e0 Argel\u00e8s-sur-Mer<\/a><\/b><br \/>Trajet le plus court : 12 km<br \/>Trajet le plus rapide : 17 min<\/p>\n<p><b><a href='https:\/\/www.locansol.fr\/en\/rental-chalet-cerdagne\/'>Chalet Locansol \u00e0 Estavar<\/a><\/b><br \/>Trajet le plus court : 128 km<br \/>Trajet le plus rapide : 1 h 59 min<\/p>","protected":false},"excerpt":{"rendered":"<p>F\u00caTE DES GRANDS-M\u00c8RES CONCERT DALIDA Le dimanche 1er mars 2026 \u00e0 15h00, le cin\u00e9ma Le Vauban de Port-Vendres se transforme en \u00e9crin de douceur pour c\u00e9l\u00e9brer la F\u00eate des grands-m\u00e8res. [&hellip;]<\/p>","protected":false},"author":5,"featured_media":4348,"template":"","meta":{"_yoast_wpseo_focuskw":"F\u00caTE DES GRANDS-M\u00c8RES CONCERT DALIDA","_yoast_wpseo_title":"F\u00caTE DES GRANDS-M\u00c8RES CONCERT DALIDA","_yoast_wpseo_metadesc":"F\u00caTE DES GRANDS-M\u00c8RES CONCERT DALIDALe dimanche 1er mars 2026 \u00e0 15h00, le cin\u00e9ma Le Vauban de Port-Vendres se transforme en \u00e9crin de douceur pour c\u00e9l\u00e9brer la F\u00eate des grands-m\u00e8res. \u00c0 cette occasion, le concert \u00abDalida, la fleur du d\u00e9sert\u00bb, interpr\u00e9t\u00e9 par Nathalie Santaine, rendra hommage au r\u00e9pertoire intemporel de Dalida. Cet \u00e9v\u00e9nement gratuit promet une ambiance chaleureuse o\u00f9 chaque chanson ravivera des \u00e9motions et des souvenirs partag\u00e9s. Nathalie Santaine, dot\u00e9e d'une voix envo\u00fbtante, revisitera les plus grands succ\u00e8s de la c\u00e9l\u00e8bre chanteuse, offrant un moment de nostalgie et de convivialit\u00e9 id\u00e9al pour chanter ensemble et faire briller les yeux de celles qui nous ont tant donn\u00e9. Ce rendez-vous est une belle opportunit\u00e9 de passer un moment inoubliable en famille, sous le signe de l'amour et de la transmission. Les grands-m\u00e8res seront \u00e0 l'honneur dans une atmosph\u00e8re de partage et de tendresse, o\u00f9 la musique et les souvenirs se m\u00ealeront pour cr\u00e9er une exp\u00e9rience unique. Le Cin\u00e9-Th\u00e9\u00e2tre Vauban, situ\u00e9 \u00e0 l'adresse 26 avenue Castellane, 66660 Port-Vendres, sera le cadre parfait pour cet apr\u00e8s-midi sp\u00e9cial. Nathalie Santaine, artiste polyvalente, a d\u00e9j\u00e0 prouv\u00e9 son talent dans divers r\u00e9pertoires, notamment ceux de Piaf et de Fitzgerald, garantissant ainsi une performance de qualit\u00e9. Cet \u00e9v\u00e9nement est une occasion id\u00e9ale pour rendre hommage \u00e0 nos grands-m\u00e8res et partager avec elles des moments pr\u00e9cieux autour de la musique de Dalida.","_yoast_wpseo_canonical":"","_yoast_wpseo_opengraph-title":"F\u00caTE DES GRANDS-M\u00c8RES CONCERT DALIDA","_yoast_wpseo_opengraph-description":"F\u00caTE DES GRANDS-M\u00c8RES CONCERT DALIDALe dimanche 1er mars 2026 \u00e0 15h00, le cin\u00e9ma Le Vauban de Port-Vendres se transforme en \u00e9crin de douceur pour c\u00e9l\u00e9brer la F\u00eate des grands-m\u00e8res. \u00c0 cette occasion, le concert \u00abDalida, la fleur du d\u00e9sert\u00bb, interpr\u00e9t\u00e9 par Nathalie Santaine, rendra hommage au r\u00e9pertoire intemporel de Dalida. Cet \u00e9v\u00e9nement gratuit promet une ambiance chaleureuse o\u00f9 chaque chanson ravivera des \u00e9motions et des souvenirs partag\u00e9s. Nathalie Santaine, dot\u00e9e d'une voix envo\u00fbtante, revisitera les plus grands succ\u00e8s de la c\u00e9l\u00e8bre chanteuse, offrant un moment de nostalgie et de convivialit\u00e9 id\u00e9al pour chanter ensemble et faire briller les yeux de celles qui nous ont tant donn\u00e9. Ce rendez-vous est une belle opportunit\u00e9 de passer un moment inoubliable en famille, sous le signe de l'amour et de la transmission. Les grands-m\u00e8res seront \u00e0 l'honneur dans une atmosph\u00e8re de partage et de tendresse, o\u00f9 la musique et les souvenirs se m\u00ealeront pour cr\u00e9er une exp\u00e9rience unique. Le Cin\u00e9-Th\u00e9\u00e2tre Vauban, situ\u00e9 \u00e0 l'adresse 26 avenue Castellane, 66660 Port-Vendres, sera le cadre parfait pour cet apr\u00e8s-midi sp\u00e9cial. Nathalie Santaine, artiste polyvalente, a d\u00e9j\u00e0 prouv\u00e9 son talent dans divers r\u00e9pertoires, notamment ceux de Piaf et de Fitzgerald, garantissant ainsi une performance de qualit\u00e9. Cet \u00e9v\u00e9nement est une occasion id\u00e9ale pour rendre hommage \u00e0 nos grands-m\u00e8res et partager avec elles des moments pr\u00e9cieux autour de la musique de Dalida.","_yoast_wpseo_opengraph-image":"https:\/\/www.locansol.fr\/wp-content\/uploads\/2026\/03\/fete-grands-meres-concert-dalida.webp","_yoast_wpseo_opengraph-image-id":"4348","_yoast_wpseo_twitter-title":"F\u00caTE DES GRANDS-M\u00c8RES CONCERT DALIDA","_yoast_wpseo_twitter-description":"F\u00caTE DES GRANDS-M\u00c8RES CONCERT DALIDALe dimanche 1er mars 2026 \u00e0 15h00, le cin\u00e9ma Le Vauban de Port-Vendres se transforme en \u00e9crin de douceur pour c\u00e9l\u00e9brer la F\u00eate des grands-m\u00e8res. \u00c0 cette occasion, le concert \u00abDalida, la fleur du d\u00e9sert\u00bb, interpr\u00e9t\u00e9 par Nathalie Santaine, rendra hommage au r\u00e9pertoire intemporel de Dalida. Cet \u00e9v\u00e9nement gratuit promet une ambiance chaleureuse o\u00f9 chaque chanson ravivera des \u00e9motions et des souvenirs partag\u00e9s. Nathalie Santaine, dot\u00e9e d'une voix envo\u00fbtante, revisitera les plus grands succ\u00e8s de la c\u00e9l\u00e8bre chanteuse, offrant un moment de nostalgie et de convivialit\u00e9 id\u00e9al pour chanter ensemble et faire briller les yeux de celles qui nous ont tant donn\u00e9. Ce rendez-vous est une belle opportunit\u00e9 de passer un moment inoubliable en famille, sous le signe de l'amour et de la transmission. Les grands-m\u00e8res seront \u00e0 l'honneur dans une atmosph\u00e8re de partage et de tendresse, o\u00f9 la musique et les souvenirs se m\u00ealeront pour cr\u00e9er une exp\u00e9rience unique. Le Cin\u00e9-Th\u00e9\u00e2tre Vauban, situ\u00e9 \u00e0 l'adresse 26 avenue Castellane, 66660 Port-Vendres, sera le cadre parfait pour cet apr\u00e8s-midi sp\u00e9cial. Nathalie Santaine, artiste polyvalente, a d\u00e9j\u00e0 prouv\u00e9 son talent dans divers r\u00e9pertoires, notamment ceux de Piaf et de Fitzgerald, garantissant ainsi une performance de qualit\u00e9. Cet \u00e9v\u00e9nement est une occasion id\u00e9ale pour rendre hommage \u00e0 nos grands-m\u00e8res et partager avec elles des moments pr\u00e9cieux autour de la musique de Dalida.","_yoast_wpseo_twitter-image":"https:\/\/www.locansol.fr\/wp-content\/uploads\/2026\/03\/fete-grands-meres-concert-dalida.webp","_yoast_wpseo_twitter-image-id":"4348}","yoast_primary_category":"Spectacle","_tribe_events_status":"","_tribe_events_status_reason":"","_tribe_events_is_hybrid":"","_tribe_events_is_virtual":"","_tribe_events_virtual_video_source":"","_tribe_events_virtual_embed_video":"","_tribe_events_virtual_linked_button_text":"","_tribe_events_virtual_linked_button":"","_tribe_events_virtual_show_embed_at":"","_tribe_events_virtual_show_embed_to":[],"_tribe_events_virtual_show_on_event":"","_tribe_events_virtual_show_on_views":"","_tribe_events_virtual_url":"","footnotes":""},"tags":[69,76],"tribe_events_cat":[150,116,169,102],"class_list":["post-4352","tribe_events","type-tribe_events","status-publish","has-post-thumbnail","hentry","tag-musique","tag-pyrenees-orientales","tribe_events_cat-chant","tribe_events_cat-musique","tribe_events_cat-pyrenees-orientales","tribe_events_cat-spectacle","cat_chant","cat_musique","cat_pyrenees-orientales","cat_spectacle"],"yoast_head":"<!-- This site is optimized with the Yoast SEO Premium plugin v23.3 (Yoast SEO v26.9) - https:\/\/yoast.com\/product\/yoast-seo-premium-wordpress\/ -->\n<title>F\u00caTE DES GRANDS-M\u00c8RES CONCERT DALIDA<\/title>\n<meta name=\"description\" content=\"F\u00caTE DES GRANDS-M\u00c8RES CONCERT DALIDALe dimanche 1er mars 2026 \u00e0 15h00, le cin\u00e9ma Le Vauban de Port-Vendres se transforme en \u00e9crin de douceur pour c\u00e9l\u00e9brer la F\u00eate des grands-m\u00e8res. \u00c0 cette occasion, le concert \u00abDalida, la fleur du d\u00e9sert\u00bb, interpr\u00e9t\u00e9 par Nathalie Santaine, rendra hommage au r\u00e9pertoire intemporel de Dalida. Cet \u00e9v\u00e9nement gratuit promet une ambiance chaleureuse o\u00f9 chaque chanson ravivera des \u00e9motions et des souvenirs partag\u00e9s. Nathalie Santaine, dot\u00e9e d&#039;une voix envo\u00fbtante, revisitera les plus grands succ\u00e8s de la c\u00e9l\u00e8bre chanteuse, offrant un moment de nostalgie et de convivialit\u00e9 id\u00e9al pour chanter ensemble et faire briller les yeux de celles qui nous ont tant donn\u00e9. Ce rendez-vous est une belle opportunit\u00e9 de passer un moment inoubliable en famille, sous le signe de l&#039;amour et de la transmission. Les grands-m\u00e8res seront \u00e0 l&#039;honneur dans une atmosph\u00e8re de partage et de tendresse, o\u00f9 la musique et les souvenirs se m\u00ealeront pour cr\u00e9er une exp\u00e9rience unique. Le Cin\u00e9-Th\u00e9\u00e2tre Vauban, situ\u00e9 \u00e0 l&#039;adresse 26 avenue Castellane, 66660 Port-Vendres, sera le cadre parfait pour cet apr\u00e8s-midi sp\u00e9cial. Nathalie Santaine, artiste polyvalente, a d\u00e9j\u00e0 prouv\u00e9 son talent dans divers r\u00e9pertoires, notamment ceux de Piaf et de Fitzgerald, garantissant ainsi une performance de qualit\u00e9. Cet \u00e9v\u00e9nement est une occasion id\u00e9ale pour rendre hommage \u00e0 nos grands-m\u00e8res et partager avec elles des moments pr\u00e9cieux autour de la musique de Dalida.\" \/>\n<meta name=\"robots\" content=\"index, follow, max-snippet:-1, max-image-preview:large, max-video-preview:-1\" \/>\n<link rel=\"canonical\" href=\"https:\/\/www.locansol.fr\/en\/evenement\/fete-des-grands-meres-concert-dalida\/\" \/>\n<meta property=\"og:locale\" content=\"en_GB\" \/>\n<meta property=\"og:type\" content=\"article\" \/>\n<meta property=\"og:title\" content=\"F\u00caTE DES GRANDS-M\u00c8RES CONCERT DALIDA\" \/>\n<meta property=\"og:description\" content=\"F\u00caTE DES GRANDS-M\u00c8RES CONCERT DALIDALe dimanche 1er mars 2026 \u00e0 15h00, le cin\u00e9ma Le Vauban de Port-Vendres se transforme en \u00e9crin de douceur pour c\u00e9l\u00e9brer la F\u00eate des grands-m\u00e8res. \u00c0 cette occasion, le concert \u00abDalida, la fleur du d\u00e9sert\u00bb, interpr\u00e9t\u00e9 par Nathalie Santaine, rendra hommage au r\u00e9pertoire intemporel de Dalida. Cet \u00e9v\u00e9nement gratuit promet une ambiance chaleureuse o\u00f9 chaque chanson ravivera des \u00e9motions et des souvenirs partag\u00e9s. Nathalie Santaine, dot\u00e9e d&#039;une voix envo\u00fbtante, revisitera les plus grands succ\u00e8s de la c\u00e9l\u00e8bre chanteuse, offrant un moment de nostalgie et de convivialit\u00e9 id\u00e9al pour chanter ensemble et faire briller les yeux de celles qui nous ont tant donn\u00e9. Ce rendez-vous est une belle opportunit\u00e9 de passer un moment inoubliable en famille, sous le signe de l&#039;amour et de la transmission. Les grands-m\u00e8res seront \u00e0 l&#039;honneur dans une atmosph\u00e8re de partage et de tendresse, o\u00f9 la musique et les souvenirs se m\u00ealeront pour cr\u00e9er une exp\u00e9rience unique. Le Cin\u00e9-Th\u00e9\u00e2tre Vauban, situ\u00e9 \u00e0 l&#039;adresse 26 avenue Castellane, 66660 Port-Vendres, sera le cadre parfait pour cet apr\u00e8s-midi sp\u00e9cial. Nathalie Santaine, artiste polyvalente, a d\u00e9j\u00e0 prouv\u00e9 son talent dans divers r\u00e9pertoires, notamment ceux de Piaf et de Fitzgerald, garantissant ainsi une performance de qualit\u00e9. Cet \u00e9v\u00e9nement est une occasion id\u00e9ale pour rendre hommage \u00e0 nos grands-m\u00e8res et partager avec elles des moments pr\u00e9cieux autour de la musique de Dalida.\" \/>\n<meta property=\"og:url\" content=\"https:\/\/www.locansol.fr\/en\/evenement\/fete-des-grands-meres-concert-dalida\/\" \/>\n<meta property=\"og:site_name\" content=\"Locansol, louer un h\u00e9bergement dans les Pyr\u00e9n\u00e9es Orientales\" \/>\n<meta property=\"article:modified_time\" content=\"2026-03-01T07:05:12+00:00\" \/>\n<meta property=\"og:image\" content=\"https:\/\/www.locansol.fr\/wp-content\/uploads\/2026\/03\/fete-grands-meres-concert-dalida.webp\" \/>\n\t<meta property=\"og:image:width\" content=\"1280\" \/>\n\t<meta property=\"og:image:height\" content=\"837\" \/>\n\t<meta property=\"og:image:type\" content=\"image\/webp\" \/>\n<meta name=\"twitter:card\" content=\"summary_large_image\" \/>\n<meta name=\"twitter:title\" content=\"F\u00caTE DES GRANDS-M\u00c8RES CONCERT DALIDA\" \/>\n<meta name=\"twitter:description\" content=\"F\u00caTE DES GRANDS-M\u00c8RES CONCERT DALIDALe dimanche 1er mars 2026 \u00e0 15h00, le cin\u00e9ma Le Vauban de Port-Vendres se transforme en \u00e9crin de douceur pour c\u00e9l\u00e9brer la F\u00eate des grands-m\u00e8res. \u00c0 cette occasion, le concert \u00abDalida, la fleur du d\u00e9sert\u00bb, interpr\u00e9t\u00e9 par Nathalie Santaine, rendra hommage au r\u00e9pertoire intemporel de Dalida. Cet \u00e9v\u00e9nement gratuit promet une ambiance chaleureuse o\u00f9 chaque chanson ravivera des \u00e9motions et des souvenirs partag\u00e9s. Nathalie Santaine, dot\u00e9e d&#039;une voix envo\u00fbtante, revisitera les plus grands succ\u00e8s de la c\u00e9l\u00e8bre chanteuse, offrant un moment de nostalgie et de convivialit\u00e9 id\u00e9al pour chanter ensemble et faire briller les yeux de celles qui nous ont tant donn\u00e9. Ce rendez-vous est une belle opportunit\u00e9 de passer un moment inoubliable en famille, sous le signe de l&#039;amour et de la transmission. Les grands-m\u00e8res seront \u00e0 l&#039;honneur dans une atmosph\u00e8re de partage et de tendresse, o\u00f9 la musique et les souvenirs se m\u00ealeront pour cr\u00e9er une exp\u00e9rience unique. Le Cin\u00e9-Th\u00e9\u00e2tre Vauban, situ\u00e9 \u00e0 l&#039;adresse 26 avenue Castellane, 66660 Port-Vendres, sera le cadre parfait pour cet apr\u00e8s-midi sp\u00e9cial. Nathalie Santaine, artiste polyvalente, a d\u00e9j\u00e0 prouv\u00e9 son talent dans divers r\u00e9pertoires, notamment ceux de Piaf et de Fitzgerald, garantissant ainsi une performance de qualit\u00e9. Cet \u00e9v\u00e9nement est une occasion id\u00e9ale pour rendre hommage \u00e0 nos grands-m\u00e8res et partager avec elles des moments pr\u00e9cieux autour de la musique de Dalida.\" \/>\n<meta name=\"twitter:image\" content=\"https:\/\/www.locansol.fr\/wp-content\/uploads\/2026\/03\/fete-grands-meres-concert-dalida.webp\" \/>\n<meta name=\"twitter:label1\" content=\"Estimated reading time\" \/>\n\t<meta name=\"twitter:data1\" content=\"1 minute\" \/>\n<script type=\"application\/ld+json\" class=\"yoast-schema-graph\">{\"@context\":\"https:\/\/schema.org\",\"@graph\":[{\"@type\":\"WebPage\",\"@id\":\"https:\/\/www.locansol.fr\/evenement\/fete-des-grands-meres-concert-dalida\/\",\"url\":\"https:\/\/www.locansol.fr\/evenement\/fete-des-grands-meres-concert-dalida\/\",\"name\":\"F\u00caTE DES GRANDS-M\u00c8RES CONCERT DALIDA\",\"isPartOf\":{\"@id\":\"https:\/\/www.locansol.fr\/#website\"},\"primaryImageOfPage\":{\"@id\":\"https:\/\/www.locansol.fr\/evenement\/fete-des-grands-meres-concert-dalida\/#primaryimage\"},\"image\":{\"@id\":\"https:\/\/www.locansol.fr\/evenement\/fete-des-grands-meres-concert-dalida\/#primaryimage\"},\"thumbnailUrl\":\"https:\/\/www.locansol.fr\/wp-content\/uploads\/2026\/03\/fete-grands-meres-concert-dalida.webp\",\"datePublished\":\"2026-03-01T07:05:10+00:00\",\"dateModified\":\"2026-03-01T07:05:12+00:00\",\"description\":\"F\u00caTE DES GRANDS-M\u00c8RES CONCERT DALIDALe dimanche 1er mars 2026 \u00e0 15h00, le cin\u00e9ma Le Vauban de Port-Vendres se transforme en \u00e9crin de douceur pour c\u00e9l\u00e9brer la F\u00eate des grands-m\u00e8res. \u00c0 cette occasion, le concert \u00abDalida, la fleur du d\u00e9sert\u00bb, interpr\u00e9t\u00e9 par Nathalie Santaine, rendra hommage au r\u00e9pertoire intemporel de Dalida. Cet \u00e9v\u00e9nement gratuit promet une ambiance chaleureuse o\u00f9 chaque chanson ravivera des \u00e9motions et des souvenirs partag\u00e9s. Nathalie Santaine, dot\u00e9e d'une voix envo\u00fbtante, revisitera les plus grands succ\u00e8s de la c\u00e9l\u00e8bre chanteuse, offrant un moment de nostalgie et de convivialit\u00e9 id\u00e9al pour chanter ensemble et faire briller les yeux de celles qui nous ont tant donn\u00e9. Ce rendez-vous est une belle opportunit\u00e9 de passer un moment inoubliable en famille, sous le signe de l'amour et de la transmission. Les grands-m\u00e8res seront \u00e0 l'honneur dans une atmosph\u00e8re de partage et de tendresse, o\u00f9 la musique et les souvenirs se m\u00ealeront pour cr\u00e9er une exp\u00e9rience unique. Le Cin\u00e9-Th\u00e9\u00e2tre Vauban, situ\u00e9 \u00e0 l'adresse 26 avenue Castellane, 66660 Port-Vendres, sera le cadre parfait pour cet apr\u00e8s-midi sp\u00e9cial. Nathalie Santaine, artiste polyvalente, a d\u00e9j\u00e0 prouv\u00e9 son talent dans divers r\u00e9pertoires, notamment ceux de Piaf et de Fitzgerald, garantissant ainsi une performance de qualit\u00e9. Cet \u00e9v\u00e9nement est une occasion id\u00e9ale pour rendre hommage \u00e0 nos grands-m\u00e8res et partager avec elles des moments pr\u00e9cieux autour de la musique de Dalida.\",\"breadcrumb\":{\"@id\":\"https:\/\/www.locansol.fr\/evenement\/fete-des-grands-meres-concert-dalida\/#breadcrumb\"},\"inLanguage\":\"en-GB\",\"potentialAction\":[{\"@type\":\"ReadAction\",\"target\":[\"https:\/\/www.locansol.fr\/evenement\/fete-des-grands-meres-concert-dalida\/\"]}]},{\"@type\":\"ImageObject\",\"inLanguage\":\"en-GB\",\"@id\":\"https:\/\/www.locansol.fr\/evenement\/fete-des-grands-meres-concert-dalida\/#primaryimage\",\"url\":\"https:\/\/www.locansol.fr\/wp-content\/uploads\/2026\/03\/fete-grands-meres-concert-dalida.webp\",\"contentUrl\":\"https:\/\/www.locansol.fr\/wp-content\/uploads\/2026\/03\/fete-grands-meres-concert-dalida.webp\",\"width\":1280,\"height\":837,\"caption\":\"F\u00eate des grands-m\u00e8res et concert hommage \u00e0 Dalida Port-Vendres\"},{\"@type\":\"BreadcrumbList\",\"@id\":\"https:\/\/www.locansol.fr\/evenement\/fete-des-grands-meres-concert-dalida\/#breadcrumb\",\"itemListElement\":[{\"@type\":\"ListItem\",\"position\":1,\"name\":\"Accueil\",\"item\":\"https:\/\/www.locansol.fr\/\"},{\"@type\":\"ListItem\",\"position\":2,\"name\":\"\u00c9v\u00e8nements\",\"item\":\"https:\/\/www.locansol.fr\/evenements\/\"},{\"@type\":\"ListItem\",\"position\":3,\"name\":\"F\u00caTE DES GRANDS-M\u00c8RES CONCERT DALIDA\"}]},{\"@type\":\"WebSite\",\"@id\":\"https:\/\/www.locansol.fr\/#website\",\"url\":\"https:\/\/www.locansol.fr\/\",\"name\":\"Locansol, louer un h\u00e9bergement dans les Pyr\u00e9n\u00e9es-Orientales\",\"description\":\"Location Mobil-home Mer M\u00e9diterran\u00e9e &amp; Chalet de Montagne dans les Pyr\u00e9n\u00e9es Orientales (Occitanie, 66). Weekend, s\u00e9jour &amp; vacances en famille et entre amis.\",\"publisher\":{\"@id\":\"https:\/\/www.locansol.fr\/#organization\"},\"alternateName\":\"Louer un h\u00e9bergement dans les Pyr\u00e9n\u00e9es Orientales, chalet & mobil-home en Occitanie\",\"potentialAction\":[{\"@type\":\"SearchAction\",\"target\":{\"@type\":\"EntryPoint\",\"urlTemplate\":\"https:\/\/www.locansol.fr\/?s={search_term_string}\"},\"query-input\":{\"@type\":\"PropertyValueSpecification\",\"valueRequired\":true,\"valueName\":\"search_term_string\"}}],\"inLanguage\":\"en-GB\"},{\"@type\":\"Organization\",\"@id\":\"https:\/\/www.locansol.fr\/#organization\",\"name\":\"Location MobilHome & chalet dans les Pyr\u00e9n\u00e9es Orientales\",\"alternateName\":\"Louer un h\u00e9bergement dans les Pyr\u00e9n\u00e9es Orientales en Occitanie\",\"url\":\"https:\/\/www.locansol.fr\/\",\"logo\":{\"@type\":\"ImageObject\",\"inLanguage\":\"en-GB\",\"@id\":\"https:\/\/www.locansol.fr\/#\/schema\/logo\/image\/\",\"url\":\"https:\/\/www.locansol.fr\/wp-content\/uploads\/2024\/04\/AdobeStock_303324767-scaled.jpeg\",\"contentUrl\":\"https:\/\/www.locansol.fr\/wp-content\/uploads\/2024\/04\/AdobeStock_303324767-scaled.jpeg\",\"width\":2560,\"height\":1707,\"caption\":\"Location MobilHome & chalet dans les Pyr\u00e9n\u00e9es Orientales\"},\"image\":{\"@id\":\"https:\/\/www.locansol.fr\/#\/schema\/logo\/image\/\"}}]}<\/script>\n<!-- \/ Yoast SEO Premium plugin. -->","yoast_head_json":{"title":"F\u00caTE DES GRANDS-M\u00c8RES CONCERT DALIDA","description":"F\u00caTE DES GRANDS-M\u00c8RES CONCERT DALIDALe dimanche 1er mars 2026 \u00e0 15h00, le cin\u00e9ma Le Vauban de Port-Vendres se transforme en \u00e9crin de douceur pour c\u00e9l\u00e9brer la F\u00eate des grands-m\u00e8res. \u00c0 cette occasion, le concert \u00abDalida, la fleur du d\u00e9sert\u00bb, interpr\u00e9t\u00e9 par Nathalie Santaine, rendra hommage au r\u00e9pertoire intemporel de Dalida. Cet \u00e9v\u00e9nement gratuit promet une ambiance chaleureuse o\u00f9 chaque chanson ravivera des \u00e9motions et des souvenirs partag\u00e9s. Nathalie Santaine, dot\u00e9e d'une voix envo\u00fbtante, revisitera les plus grands succ\u00e8s de la c\u00e9l\u00e8bre chanteuse, offrant un moment de nostalgie et de convivialit\u00e9 id\u00e9al pour chanter ensemble et faire briller les yeux de celles qui nous ont tant donn\u00e9. Ce rendez-vous est une belle opportunit\u00e9 de passer un moment inoubliable en famille, sous le signe de l'amour et de la transmission. Les grands-m\u00e8res seront \u00e0 l'honneur dans une atmosph\u00e8re de partage et de tendresse, o\u00f9 la musique et les souvenirs se m\u00ealeront pour cr\u00e9er une exp\u00e9rience unique. Le Cin\u00e9-Th\u00e9\u00e2tre Vauban, situ\u00e9 \u00e0 l'adresse 26 avenue Castellane, 66660 Port-Vendres, sera le cadre parfait pour cet apr\u00e8s-midi sp\u00e9cial. Nathalie Santaine, artiste polyvalente, a d\u00e9j\u00e0 prouv\u00e9 son talent dans divers r\u00e9pertoires, notamment ceux de Piaf et de Fitzgerald, garantissant ainsi une performance de qualit\u00e9. Cet \u00e9v\u00e9nement est une occasion id\u00e9ale pour rendre hommage \u00e0 nos grands-m\u00e8res et partager avec elles des moments pr\u00e9cieux autour de la musique de Dalida.","robots":{"index":"index","follow":"follow","max-snippet":"max-snippet:-1","max-image-preview":"max-image-preview:large","max-video-preview":"max-video-preview:-1"},"canonical":"https:\/\/www.locansol.fr\/en\/evenement\/fete-des-grands-meres-concert-dalida\/","og_locale":"en_GB","og_type":"article","og_title":"F\u00caTE DES GRANDS-M\u00c8RES CONCERT DALIDA","og_description":"F\u00caTE DES GRANDS-M\u00c8RES CONCERT DALIDALe dimanche 1er mars 2026 \u00e0 15h00, le cin\u00e9ma Le Vauban de Port-Vendres se transforme en \u00e9crin de douceur pour c\u00e9l\u00e9brer la F\u00eate des grands-m\u00e8res. \u00c0 cette occasion, le concert \u00abDalida, la fleur du d\u00e9sert\u00bb, interpr\u00e9t\u00e9 par Nathalie Santaine, rendra hommage au r\u00e9pertoire intemporel de Dalida. Cet \u00e9v\u00e9nement gratuit promet une ambiance chaleureuse o\u00f9 chaque chanson ravivera des \u00e9motions et des souvenirs partag\u00e9s. Nathalie Santaine, dot\u00e9e d'une voix envo\u00fbtante, revisitera les plus grands succ\u00e8s de la c\u00e9l\u00e8bre chanteuse, offrant un moment de nostalgie et de convivialit\u00e9 id\u00e9al pour chanter ensemble et faire briller les yeux de celles qui nous ont tant donn\u00e9. Ce rendez-vous est une belle opportunit\u00e9 de passer un moment inoubliable en famille, sous le signe de l'amour et de la transmission. Les grands-m\u00e8res seront \u00e0 l'honneur dans une atmosph\u00e8re de partage et de tendresse, o\u00f9 la musique et les souvenirs se m\u00ealeront pour cr\u00e9er une exp\u00e9rience unique. Le Cin\u00e9-Th\u00e9\u00e2tre Vauban, situ\u00e9 \u00e0 l'adresse 26 avenue Castellane, 66660 Port-Vendres, sera le cadre parfait pour cet apr\u00e8s-midi sp\u00e9cial. Nathalie Santaine, artiste polyvalente, a d\u00e9j\u00e0 prouv\u00e9 son talent dans divers r\u00e9pertoires, notamment ceux de Piaf et de Fitzgerald, garantissant ainsi une performance de qualit\u00e9. Cet \u00e9v\u00e9nement est une occasion id\u00e9ale pour rendre hommage \u00e0 nos grands-m\u00e8res et partager avec elles des moments pr\u00e9cieux autour de la musique de Dalida.","og_url":"https:\/\/www.locansol.fr\/en\/evenement\/fete-des-grands-meres-concert-dalida\/","og_site_name":"Locansol, louer un h\u00e9bergement dans les Pyr\u00e9n\u00e9es Orientales","article_modified_time":"2026-03-01T07:05:12+00:00","og_image":[{"width":1280,"height":837,"url":"https:\/\/www.locansol.fr\/wp-content\/uploads\/2026\/03\/fete-grands-meres-concert-dalida.webp","type":"image\/webp"}],"twitter_card":"summary_large_image","twitter_title":"F\u00caTE DES GRANDS-M\u00c8RES CONCERT DALIDA","twitter_description":"F\u00caTE DES GRANDS-M\u00c8RES CONCERT DALIDALe dimanche 1er mars 2026 \u00e0 15h00, le cin\u00e9ma Le Vauban de Port-Vendres se transforme en \u00e9crin de douceur pour c\u00e9l\u00e9brer la F\u00eate des grands-m\u00e8res. \u00c0 cette occasion, le concert \u00abDalida, la fleur du d\u00e9sert\u00bb, interpr\u00e9t\u00e9 par Nathalie Santaine, rendra hommage au r\u00e9pertoire intemporel de Dalida. Cet \u00e9v\u00e9nement gratuit promet une ambiance chaleureuse o\u00f9 chaque chanson ravivera des \u00e9motions et des souvenirs partag\u00e9s. Nathalie Santaine, dot\u00e9e d'une voix envo\u00fbtante, revisitera les plus grands succ\u00e8s de la c\u00e9l\u00e8bre chanteuse, offrant un moment de nostalgie et de convivialit\u00e9 id\u00e9al pour chanter ensemble et faire briller les yeux de celles qui nous ont tant donn\u00e9. Ce rendez-vous est une belle opportunit\u00e9 de passer un moment inoubliable en famille, sous le signe de l'amour et de la transmission. Les grands-m\u00e8res seront \u00e0 l'honneur dans une atmosph\u00e8re de partage et de tendresse, o\u00f9 la musique et les souvenirs se m\u00ealeront pour cr\u00e9er une exp\u00e9rience unique. Le Cin\u00e9-Th\u00e9\u00e2tre Vauban, situ\u00e9 \u00e0 l'adresse 26 avenue Castellane, 66660 Port-Vendres, sera le cadre parfait pour cet apr\u00e8s-midi sp\u00e9cial. Nathalie Santaine, artiste polyvalente, a d\u00e9j\u00e0 prouv\u00e9 son talent dans divers r\u00e9pertoires, notamment ceux de Piaf et de Fitzgerald, garantissant ainsi une performance de qualit\u00e9. Cet \u00e9v\u00e9nement est une occasion id\u00e9ale pour rendre hommage \u00e0 nos grands-m\u00e8res et partager avec elles des moments pr\u00e9cieux autour de la musique de Dalida.","twitter_image":"https:\/\/www.locansol.fr\/wp-content\/uploads\/2026\/03\/fete-grands-meres-concert-dalida.webp","twitter_misc":{"Estimated reading time":"1 minute"},"schema":{"@context":"https:\/\/schema.org","@graph":[{"@type":"WebPage","@id":"https:\/\/www.locansol.fr\/evenement\/fete-des-grands-meres-concert-dalida\/","url":"https:\/\/www.locansol.fr\/evenement\/fete-des-grands-meres-concert-dalida\/","name":"F\u00caTE DES GRANDS-M\u00c8RES CONCERT DALIDA","isPartOf":{"@id":"https:\/\/www.locansol.fr\/#website"},"primaryImageOfPage":{"@id":"https:\/\/www.locansol.fr\/evenement\/fete-des-grands-meres-concert-dalida\/#primaryimage"},"image":{"@id":"https:\/\/www.locansol.fr\/evenement\/fete-des-grands-meres-concert-dalida\/#primaryimage"},"thumbnailUrl":"https:\/\/www.locansol.fr\/wp-content\/uploads\/2026\/03\/fete-grands-meres-concert-dalida.webp","datePublished":"2026-03-01T07:05:10+00:00","dateModified":"2026-03-01T07:05:12+00:00","description":"F\u00caTE DES GRANDS-M\u00c8RES CONCERT DALIDALe dimanche 1er mars 2026 \u00e0 15h00, le cin\u00e9ma Le Vauban de Port-Vendres se transforme en \u00e9crin de douceur pour c\u00e9l\u00e9brer la F\u00eate des grands-m\u00e8res. \u00c0 cette occasion, le concert \u00abDalida, la fleur du d\u00e9sert\u00bb, interpr\u00e9t\u00e9 par Nathalie Santaine, rendra hommage au r\u00e9pertoire intemporel de Dalida. Cet \u00e9v\u00e9nement gratuit promet une ambiance chaleureuse o\u00f9 chaque chanson ravivera des \u00e9motions et des souvenirs partag\u00e9s. Nathalie Santaine, dot\u00e9e d'une voix envo\u00fbtante, revisitera les plus grands succ\u00e8s de la c\u00e9l\u00e8bre chanteuse, offrant un moment de nostalgie et de convivialit\u00e9 id\u00e9al pour chanter ensemble et faire briller les yeux de celles qui nous ont tant donn\u00e9. Ce rendez-vous est une belle opportunit\u00e9 de passer un moment inoubliable en famille, sous le signe de l'amour et de la transmission. Les grands-m\u00e8res seront \u00e0 l'honneur dans une atmosph\u00e8re de partage et de tendresse, o\u00f9 la musique et les souvenirs se m\u00ealeront pour cr\u00e9er une exp\u00e9rience unique. Le Cin\u00e9-Th\u00e9\u00e2tre Vauban, situ\u00e9 \u00e0 l'adresse 26 avenue Castellane, 66660 Port-Vendres, sera le cadre parfait pour cet apr\u00e8s-midi sp\u00e9cial. Nathalie Santaine, artiste polyvalente, a d\u00e9j\u00e0 prouv\u00e9 son talent dans divers r\u00e9pertoires, notamment ceux de Piaf et de Fitzgerald, garantissant ainsi une performance de qualit\u00e9. Cet \u00e9v\u00e9nement est une occasion id\u00e9ale pour rendre hommage \u00e0 nos grands-m\u00e8res et partager avec elles des moments pr\u00e9cieux autour de la musique de Dalida.","breadcrumb":{"@id":"https:\/\/www.locansol.fr\/evenement\/fete-des-grands-meres-concert-dalida\/#breadcrumb"},"inLanguage":"en-GB","potentialAction":[{"@type":"ReadAction","target":["https:\/\/www.locansol.fr\/evenement\/fete-des-grands-meres-concert-dalida\/"]}]},{"@type":"ImageObject","inLanguage":"en-GB","@id":"https:\/\/www.locansol.fr\/evenement\/fete-des-grands-meres-concert-dalida\/#primaryimage","url":"https:\/\/www.locansol.fr\/wp-content\/uploads\/2026\/03\/fete-grands-meres-concert-dalida.webp","contentUrl":"https:\/\/www.locansol.fr\/wp-content\/uploads\/2026\/03\/fete-grands-meres-concert-dalida.webp","width":1280,"height":837,"caption":"F\u00eate des grands-m\u00e8res et concert hommage \u00e0 Dalida Port-Vendres"},{"@type":"BreadcrumbList","@id":"https:\/\/www.locansol.fr\/evenement\/fete-des-grands-meres-concert-dalida\/#breadcrumb","itemListElement":[{"@type":"ListItem","position":1,"name":"Accueil","item":"https:\/\/www.locansol.fr\/"},{"@type":"ListItem","position":2,"name":"\u00c9v\u00e8nements","item":"https:\/\/www.locansol.fr\/evenements\/"},{"@type":"ListItem","position":3,"name":"F\u00caTE DES GRANDS-M\u00c8RES CONCERT DALIDA"}]},{"@type":"WebSite","@id":"https:\/\/www.locansol.fr\/#website","url":"https:\/\/www.locansol.fr\/","name":"Locansol, louer un h\u00e9bergement dans les Pyr\u00e9n\u00e9es-Orientales","description":"Location Mobil-home Mer M\u00e9diterran\u00e9e &amp; Chalet de Montagne dans les Pyr\u00e9n\u00e9es Orientales (Occitanie, 66). Weekend, s\u00e9jour &amp; vacances en famille et entre amis.","publisher":{"@id":"https:\/\/www.locansol.fr\/#organization"},"alternateName":"Louer un h\u00e9bergement dans les Pyr\u00e9n\u00e9es Orientales, chalet & mobil-home en Occitanie","potentialAction":[{"@type":"SearchAction","target":{"@type":"EntryPoint","urlTemplate":"https:\/\/www.locansol.fr\/?s={search_term_string}"},"query-input":{"@type":"PropertyValueSpecification","valueRequired":true,"valueName":"search_term_string"}}],"inLanguage":"en-GB"},{"@type":"Organization","@id":"https:\/\/www.locansol.fr\/#organization","name":"Location MobilHome & chalet dans les Pyr\u00e9n\u00e9es Orientales","alternateName":"Louer un h\u00e9bergement dans les Pyr\u00e9n\u00e9es Orientales en Occitanie","url":"https:\/\/www.locansol.fr\/","logo":{"@type":"ImageObject","inLanguage":"en-GB","@id":"https:\/\/www.locansol.fr\/#\/schema\/logo\/image\/","url":"https:\/\/www.locansol.fr\/wp-content\/uploads\/2024\/04\/AdobeStock_303324767-scaled.jpeg","contentUrl":"https:\/\/www.locansol.fr\/wp-content\/uploads\/2024\/04\/AdobeStock_303324767-scaled.jpeg","width":2560,"height":1707,"caption":"Location MobilHome & chalet dans les Pyr\u00e9n\u00e9es Orientales"},"image":{"@id":"https:\/\/www.locansol.fr\/#\/schema\/logo\/image\/"}}]}},"_links":{"self":[{"href":"https:\/\/www.locansol.fr\/en\/wp-json\/wp\/v2\/tribe_events\/4352","targetHints":{"allow":["GET"]}}],"collection":[{"href":"https:\/\/www.locansol.fr\/en\/wp-json\/wp\/v2\/tribe_events"}],"about":[{"href":"https:\/\/www.locansol.fr\/en\/wp-json\/wp\/v2\/types\/tribe_events"}],"author":[{"embeddable":true,"href":"https:\/\/www.locansol.fr\/en\/wp-json\/wp\/v2\/users\/5"}],"version-history":[{"count":1,"href":"https:\/\/www.locansol.fr\/en\/wp-json\/wp\/v2\/tribe_events\/4352\/revisions"}],"predecessor-version":[{"id":4353,"href":"https:\/\/www.locansol.fr\/en\/wp-json\/wp\/v2\/tribe_events\/4352\/revisions\/4353"}],"wp:featuredmedia":[{"embeddable":true,"href":"https:\/\/www.locansol.fr\/en\/wp-json\/wp\/v2\/media\/4348"}],"wp:attachment":[{"href":"https:\/\/www.locansol.fr\/en\/wp-json\/wp\/v2\/media?parent=4352"}],"wp:term":[{"taxonomy":"post_tag","embeddable":true,"href":"https:\/\/www.locansol.fr\/en\/wp-json\/wp\/v2\/tags?post=4352"},{"taxonomy":"tribe_events_cat","embeddable":true,"href":"https:\/\/www.locansol.fr\/en\/wp-json\/wp\/v2\/tribe_events_cat?post=4352"}],"curies":[{"name":"wp","href":"https:\/\/api.w.org\/{rel}","templated":true}]}}