{"id":6456,"date":"2026-04-24T16:03:44","date_gmt":"2026-04-24T14:03:44","guid":{"rendered":"https:\/\/www.locansol.fr\/evenement\/conference-et-dedicace\/"},"modified":"2026-04-24T16:03:47","modified_gmt":"2026-04-24T14:03:47","slug":"conference-et-dedicace","status":"publish","type":"tribe_events","link":"https:\/\/www.locansol.fr\/en\/evenement\/conference-et-dedicace\/","title":{"rendered":"CONFERENCE ET DEDICACE"},"content":{"rendered":"<p>Le vendredi 24 avril, de 18h00 \u00e0 21h00, la Librairie Lire \u00e0 l&rsquo;Os d&rsquo;Arles-sur-Tech accueillera une conf\u00e9rence et une s\u00e9ance de d\u00e9dicace avec Jean Boiss\u00e9e, autour de son livre \u00ab Les \u00e9difices religieux des Pyr\u00e9n\u00e9es-Orientales \u00bb.  L&rsquo;\u00e9v\u00e9nement, organis\u00e9 par la Librairie Lire \u00e0 l&rsquo;Os, se tiendra \u00e0 la Voie Communale Valls Jean Baptiste Barja \u00e0 Arles-sur-Tech. Jean Boiss\u00e9e, passionn\u00e9 de randonn\u00e9es et de recherches historiques, pr\u00e9sentera son ouvrage qui couvre une p\u00e9riode allant du IV\u00e8me au XIX\u00e8me si\u00e8cle.  L&rsquo;auteur a men\u00e9 une enqu\u00eate de terrain rigoureuse, recensant plus de 1 052 \u00e9difices religieux, incluant des chapelles oubli\u00e9es, des \u00e9glises rurales, des monast\u00e8res, des sanctuaires et des cath\u00e9drales.  Cette conf\u00e9rence est une occasion unique de d\u00e9couvrir le riche patrimoine religieux des Pyr\u00e9n\u00e9es-Orientales et d&rsquo;\u00e9changer avec l&rsquo;auteur. L&rsquo;entr\u00e9e est gratuite, offrant ainsi \u00e0 tous la possibilit\u00e9 de participer \u00e0 cet \u00e9v\u00e9nement culturel enrichissant.  Ne manquez pas cette opportunit\u00e9 de plonger dans l&rsquo;histoire locale et de rencontrer Jean Boiss\u00e9e lors de cette soir\u00e9e sp\u00e9ciale \u00e0 Arles-sur-Tech.<\/p>\n<p><\/p>\n<h3>R\u00e9servez votre h\u00e9bergement dans les Pyr\u00e9n\u00e9es-Orientales :<\/h3>\n<p><b><a href='https:\/\/www.locansol.fr\/en\/rental-mobile-home-mediterranean\/'>Mobil-home Locansol \u00e0 Argel\u00e8s-sur-Mer<\/a><\/b><br \/>Trajet le plus court : 39 km<br \/>Trajet le plus rapide : 46 min<\/p>\n<p><b><a href='https:\/\/www.locansol.fr\/en\/rental-chalet-cerdagne\/'>Chalet Locansol \u00e0 Estavar<\/a><\/b><br \/>Trajet le plus court : 132 km<br \/>Trajet le plus rapide : 2 h 7 min<\/p>","protected":false},"excerpt":{"rendered":"<p>Le vendredi 24 avril, de 18h00 \u00e0 21h00, la Librairie Lire \u00e0 l&rsquo;Os d&rsquo;Arles-sur-Tech accueillera une conf\u00e9rence et une s\u00e9ance de d\u00e9dicace avec Jean Boiss\u00e9e, autour de son livre \u00ab [&hellip;]<\/p>","protected":false},"author":5,"featured_media":6453,"template":"","meta":{"_yoast_wpseo_focuskw":"CONFERENCE ET DEDICACE","_yoast_wpseo_title":"CONFERENCE ET DEDICACE","_yoast_wpseo_metadesc":"Le vendredi 24 avril, de 18h00 \u00e0 21h00, la Librairie Lire \u00e0 l'Os d'Arles-sur-Tech accueillera une conf\u00e9rence et une s\u00e9ance de d\u00e9dicace avec Jean Boiss\u00e9e, autour de son livre \u00ab Les \u00e9difices religieux des Pyr\u00e9n\u00e9es-Orientales \u00bb. L'\u00e9v\u00e9nement, organis\u00e9 par la Librairie Lire \u00e0 l'Os, se tiendra \u00e0 la Voie Communale Valls Jean Baptiste Barja \u00e0 Arles-sur-Tech. Jean Boiss\u00e9e, passionn\u00e9 de randonn\u00e9es et de recherches historiques, pr\u00e9sentera son ouvrage qui couvre une p\u00e9riode allant du IV\u00e8me au XIX\u00e8me si\u00e8cle. L'auteur a men\u00e9 une enqu\u00eate de terrain rigoureuse, recensant plus de 1 052 \u00e9difices religieux, incluant des chapelles oubli\u00e9es, des \u00e9glises rurales, des monast\u00e8res, des sanctuaires et des cath\u00e9drales. Cette conf\u00e9rence est une occasion unique de d\u00e9couvrir le riche patrimoine religieux des Pyr\u00e9n\u00e9es-Orientales et d'\u00e9changer avec l'auteur. L'entr\u00e9e est gratuite, offrant ainsi \u00e0 tous la possibilit\u00e9 de participer \u00e0 cet \u00e9v\u00e9nement culturel enrichissant. Ne manquez pas cette opportunit\u00e9 de plonger dans l'histoire locale et de rencontrer Jean Boiss\u00e9e lors de cette soir\u00e9e sp\u00e9ciale \u00e0 Arles-sur-Tech.","_yoast_wpseo_canonical":"","_yoast_wpseo_opengraph-title":"CONFERENCE ET DEDICACE","_yoast_wpseo_opengraph-description":"Le vendredi 24 avril, de 18h00 \u00e0 21h00, la Librairie Lire \u00e0 l'Os d'Arles-sur-Tech accueillera une conf\u00e9rence et une s\u00e9ance de d\u00e9dicace avec Jean Boiss\u00e9e, autour de son livre \u00ab Les \u00e9difices religieux des Pyr\u00e9n\u00e9es-Orientales \u00bb. L'\u00e9v\u00e9nement, organis\u00e9 par la Librairie Lire \u00e0 l'Os, se tiendra \u00e0 la Voie Communale Valls Jean Baptiste Barja \u00e0 Arles-sur-Tech. Jean Boiss\u00e9e, passionn\u00e9 de randonn\u00e9es et de recherches historiques, pr\u00e9sentera son ouvrage qui couvre une p\u00e9riode allant du IV\u00e8me au XIX\u00e8me si\u00e8cle. L'auteur a men\u00e9 une enqu\u00eate de terrain rigoureuse, recensant plus de 1 052 \u00e9difices religieux, incluant des chapelles oubli\u00e9es, des \u00e9glises rurales, des monast\u00e8res, des sanctuaires et des cath\u00e9drales. Cette conf\u00e9rence est une occasion unique de d\u00e9couvrir le riche patrimoine religieux des Pyr\u00e9n\u00e9es-Orientales et d'\u00e9changer avec l'auteur. L'entr\u00e9e est gratuite, offrant ainsi \u00e0 tous la possibilit\u00e9 de participer \u00e0 cet \u00e9v\u00e9nement culturel enrichissant. Ne manquez pas cette opportunit\u00e9 de plonger dans l'histoire locale et de rencontrer Jean Boiss\u00e9e lors de cette soir\u00e9e sp\u00e9ciale \u00e0 Arles-sur-Tech.","_yoast_wpseo_opengraph-image":"https:\/\/www.locansol.fr\/wp-content\/uploads\/2026\/04\/conference-dedicace-arlessurtech-histoire.webp","_yoast_wpseo_opengraph-image-id":"6453","_yoast_wpseo_twitter-title":"CONFERENCE ET DEDICACE","_yoast_wpseo_twitter-description":"Le vendredi 24 avril, de 18h00 \u00e0 21h00, la Librairie Lire \u00e0 l'Os d'Arles-sur-Tech accueillera une conf\u00e9rence et une s\u00e9ance de d\u00e9dicace avec Jean Boiss\u00e9e, autour de son livre \u00ab Les \u00e9difices religieux des Pyr\u00e9n\u00e9es-Orientales \u00bb. L'\u00e9v\u00e9nement, organis\u00e9 par la Librairie Lire \u00e0 l'Os, se tiendra \u00e0 la Voie Communale Valls Jean Baptiste Barja \u00e0 Arles-sur-Tech. Jean Boiss\u00e9e, passionn\u00e9 de randonn\u00e9es et de recherches historiques, pr\u00e9sentera son ouvrage qui couvre une p\u00e9riode allant du IV\u00e8me au XIX\u00e8me si\u00e8cle. L'auteur a men\u00e9 une enqu\u00eate de terrain rigoureuse, recensant plus de 1 052 \u00e9difices religieux, incluant des chapelles oubli\u00e9es, des \u00e9glises rurales, des monast\u00e8res, des sanctuaires et des cath\u00e9drales. Cette conf\u00e9rence est une occasion unique de d\u00e9couvrir le riche patrimoine religieux des Pyr\u00e9n\u00e9es-Orientales et d'\u00e9changer avec l'auteur. L'entr\u00e9e est gratuite, offrant ainsi \u00e0 tous la possibilit\u00e9 de participer \u00e0 cet \u00e9v\u00e9nement culturel enrichissant. Ne manquez pas cette opportunit\u00e9 de plonger dans l'histoire locale et de rencontrer Jean Boiss\u00e9e lors de cette soir\u00e9e sp\u00e9ciale \u00e0 Arles-sur-Tech.","_yoast_wpseo_twitter-image":"https:\/\/www.locansol.fr\/wp-content\/uploads\/2026\/04\/conference-dedicace-arlessurtech-histoire.webp","_yoast_wpseo_twitter-image-id":"6453}","yoast_primary_category":"D\u00e9bat \/ Conf\u00e9rence","_tribe_events_status":"","_tribe_events_status_reason":"","_tribe_events_is_hybrid":"","_tribe_events_is_virtual":"","_tribe_events_virtual_video_source":"","_tribe_events_virtual_embed_video":"","_tribe_events_virtual_linked_button_text":"","_tribe_events_virtual_linked_button":"","_tribe_events_virtual_show_embed_at":"","_tribe_events_virtual_show_embed_to":[],"_tribe_events_virtual_show_on_event":"","_tribe_events_virtual_show_on_views":"","_tribe_events_virtual_url":"","footnotes":""},"tags":[66,76],"tribe_events_cat":[87,138,169],"class_list":["post-6456","tribe_events","type-tribe_events","status-publish","has-post-thumbnail","hentry","tag-evenement-culturel","tag-pyrenees-orientales","tribe_events_cat-debat-conference","tribe_events_cat-evenement-culturel","tribe_events_cat-pyrenees-orientales","cat_debat-conference","cat_evenement-culturel","cat_pyrenees-orientales"],"yoast_head":"<!-- This site is optimized with the Yoast SEO Premium plugin v23.3 (Yoast SEO v26.9) - https:\/\/yoast.com\/product\/yoast-seo-premium-wordpress\/ -->\n<title>CONFERENCE ET DEDICACE<\/title>\n<meta name=\"description\" content=\"Le vendredi 24 avril, de 18h00 \u00e0 21h00, la Librairie Lire \u00e0 l&#039;Os d&#039;Arles-sur-Tech accueillera une conf\u00e9rence et une s\u00e9ance de d\u00e9dicace avec Jean Boiss\u00e9e, autour de son livre \u00ab Les \u00e9difices religieux des Pyr\u00e9n\u00e9es-Orientales \u00bb. L&#039;\u00e9v\u00e9nement, organis\u00e9 par la Librairie Lire \u00e0 l&#039;Os, se tiendra \u00e0 la Voie Communale Valls Jean Baptiste Barja \u00e0 Arles-sur-Tech. Jean Boiss\u00e9e, passionn\u00e9 de randonn\u00e9es et de recherches historiques, pr\u00e9sentera son ouvrage qui couvre une p\u00e9riode allant du IV\u00e8me au XIX\u00e8me si\u00e8cle. L&#039;auteur a men\u00e9 une enqu\u00eate de terrain rigoureuse, recensant plus de 1 052 \u00e9difices religieux, incluant des chapelles oubli\u00e9es, des \u00e9glises rurales, des monast\u00e8res, des sanctuaires et des cath\u00e9drales. Cette conf\u00e9rence est une occasion unique de d\u00e9couvrir le riche patrimoine religieux des Pyr\u00e9n\u00e9es-Orientales et d&#039;\u00e9changer avec l&#039;auteur. L&#039;entr\u00e9e est gratuite, offrant ainsi \u00e0 tous la possibilit\u00e9 de participer \u00e0 cet \u00e9v\u00e9nement culturel enrichissant. Ne manquez pas cette opportunit\u00e9 de plonger dans l&#039;histoire locale et de rencontrer Jean Boiss\u00e9e lors de cette soir\u00e9e sp\u00e9ciale \u00e0 Arles-sur-Tech.\" \/>\n<meta name=\"robots\" content=\"index, follow, max-snippet:-1, max-image-preview:large, max-video-preview:-1\" \/>\n<link rel=\"canonical\" href=\"https:\/\/www.locansol.fr\/en\/evenement\/conference-et-dedicace\/\" \/>\n<meta property=\"og:locale\" content=\"en_GB\" \/>\n<meta property=\"og:type\" content=\"article\" \/>\n<meta property=\"og:title\" content=\"CONFERENCE ET DEDICACE\" \/>\n<meta property=\"og:description\" content=\"Le vendredi 24 avril, de 18h00 \u00e0 21h00, la Librairie Lire \u00e0 l&#039;Os d&#039;Arles-sur-Tech accueillera une conf\u00e9rence et une s\u00e9ance de d\u00e9dicace avec Jean Boiss\u00e9e, autour de son livre \u00ab Les \u00e9difices religieux des Pyr\u00e9n\u00e9es-Orientales \u00bb. L&#039;\u00e9v\u00e9nement, organis\u00e9 par la Librairie Lire \u00e0 l&#039;Os, se tiendra \u00e0 la Voie Communale Valls Jean Baptiste Barja \u00e0 Arles-sur-Tech. Jean Boiss\u00e9e, passionn\u00e9 de randonn\u00e9es et de recherches historiques, pr\u00e9sentera son ouvrage qui couvre une p\u00e9riode allant du IV\u00e8me au XIX\u00e8me si\u00e8cle. L&#039;auteur a men\u00e9 une enqu\u00eate de terrain rigoureuse, recensant plus de 1 052 \u00e9difices religieux, incluant des chapelles oubli\u00e9es, des \u00e9glises rurales, des monast\u00e8res, des sanctuaires et des cath\u00e9drales. Cette conf\u00e9rence est une occasion unique de d\u00e9couvrir le riche patrimoine religieux des Pyr\u00e9n\u00e9es-Orientales et d&#039;\u00e9changer avec l&#039;auteur. L&#039;entr\u00e9e est gratuite, offrant ainsi \u00e0 tous la possibilit\u00e9 de participer \u00e0 cet \u00e9v\u00e9nement culturel enrichissant. Ne manquez pas cette opportunit\u00e9 de plonger dans l&#039;histoire locale et de rencontrer Jean Boiss\u00e9e lors de cette soir\u00e9e sp\u00e9ciale \u00e0 Arles-sur-Tech.\" \/>\n<meta property=\"og:url\" content=\"https:\/\/www.locansol.fr\/en\/evenement\/conference-et-dedicace\/\" \/>\n<meta property=\"og:site_name\" content=\"Locansol, louer un h\u00e9bergement dans les Pyr\u00e9n\u00e9es Orientales\" \/>\n<meta property=\"article:modified_time\" content=\"2026-04-24T14:03:47+00:00\" \/>\n<meta property=\"og:image\" content=\"https:\/\/www.locansol.fr\/wp-content\/uploads\/2026\/04\/conference-dedicace-arlessurtech-histoire.webp\" \/>\n\t<meta property=\"og:image:width\" content=\"1920\" \/>\n\t<meta property=\"og:image:height\" content=\"1280\" \/>\n\t<meta property=\"og:image:type\" content=\"image\/webp\" \/>\n<meta name=\"twitter:card\" content=\"summary_large_image\" \/>\n<meta name=\"twitter:title\" content=\"CONFERENCE ET DEDICACE\" \/>\n<meta name=\"twitter:description\" content=\"Le vendredi 24 avril, de 18h00 \u00e0 21h00, la Librairie Lire \u00e0 l&#039;Os d&#039;Arles-sur-Tech accueillera une conf\u00e9rence et une s\u00e9ance de d\u00e9dicace avec Jean Boiss\u00e9e, autour de son livre \u00ab Les \u00e9difices religieux des Pyr\u00e9n\u00e9es-Orientales \u00bb. L&#039;\u00e9v\u00e9nement, organis\u00e9 par la Librairie Lire \u00e0 l&#039;Os, se tiendra \u00e0 la Voie Communale Valls Jean Baptiste Barja \u00e0 Arles-sur-Tech. Jean Boiss\u00e9e, passionn\u00e9 de randonn\u00e9es et de recherches historiques, pr\u00e9sentera son ouvrage qui couvre une p\u00e9riode allant du IV\u00e8me au XIX\u00e8me si\u00e8cle. L&#039;auteur a men\u00e9 une enqu\u00eate de terrain rigoureuse, recensant plus de 1 052 \u00e9difices religieux, incluant des chapelles oubli\u00e9es, des \u00e9glises rurales, des monast\u00e8res, des sanctuaires et des cath\u00e9drales. Cette conf\u00e9rence est une occasion unique de d\u00e9couvrir le riche patrimoine religieux des Pyr\u00e9n\u00e9es-Orientales et d&#039;\u00e9changer avec l&#039;auteur. L&#039;entr\u00e9e est gratuite, offrant ainsi \u00e0 tous la possibilit\u00e9 de participer \u00e0 cet \u00e9v\u00e9nement culturel enrichissant. Ne manquez pas cette opportunit\u00e9 de plonger dans l&#039;histoire locale et de rencontrer Jean Boiss\u00e9e lors de cette soir\u00e9e sp\u00e9ciale \u00e0 Arles-sur-Tech.\" \/>\n<meta name=\"twitter:image\" content=\"https:\/\/www.locansol.fr\/wp-content\/uploads\/2026\/04\/conference-dedicace-arlessurtech-histoire.webp\" \/>\n<meta name=\"twitter:label1\" content=\"Estimated reading time\" \/>\n\t<meta name=\"twitter:data1\" content=\"1 minute\" \/>\n<script type=\"application\/ld+json\" class=\"yoast-schema-graph\">{\"@context\":\"https:\/\/schema.org\",\"@graph\":[{\"@type\":\"WebPage\",\"@id\":\"https:\/\/www.locansol.fr\/evenement\/conference-et-dedicace\/\",\"url\":\"https:\/\/www.locansol.fr\/evenement\/conference-et-dedicace\/\",\"name\":\"CONFERENCE ET DEDICACE\",\"isPartOf\":{\"@id\":\"https:\/\/www.locansol.fr\/#website\"},\"primaryImageOfPage\":{\"@id\":\"https:\/\/www.locansol.fr\/evenement\/conference-et-dedicace\/#primaryimage\"},\"image\":{\"@id\":\"https:\/\/www.locansol.fr\/evenement\/conference-et-dedicace\/#primaryimage\"},\"thumbnailUrl\":\"https:\/\/www.locansol.fr\/wp-content\/uploads\/2026\/04\/conference-dedicace-arlessurtech-histoire.webp\",\"datePublished\":\"2026-04-24T14:03:44+00:00\",\"dateModified\":\"2026-04-24T14:03:47+00:00\",\"description\":\"Le vendredi 24 avril, de 18h00 \u00e0 21h00, la Librairie Lire \u00e0 l'Os d'Arles-sur-Tech accueillera une conf\u00e9rence et une s\u00e9ance de d\u00e9dicace avec Jean Boiss\u00e9e, autour de son livre \u00ab Les \u00e9difices religieux des Pyr\u00e9n\u00e9es-Orientales \u00bb. L'\u00e9v\u00e9nement, organis\u00e9 par la Librairie Lire \u00e0 l'Os, se tiendra \u00e0 la Voie Communale Valls Jean Baptiste Barja \u00e0 Arles-sur-Tech. Jean Boiss\u00e9e, passionn\u00e9 de randonn\u00e9es et de recherches historiques, pr\u00e9sentera son ouvrage qui couvre une p\u00e9riode allant du IV\u00e8me au XIX\u00e8me si\u00e8cle. L'auteur a men\u00e9 une enqu\u00eate de terrain rigoureuse, recensant plus de 1 052 \u00e9difices religieux, incluant des chapelles oubli\u00e9es, des \u00e9glises rurales, des monast\u00e8res, des sanctuaires et des cath\u00e9drales. Cette conf\u00e9rence est une occasion unique de d\u00e9couvrir le riche patrimoine religieux des Pyr\u00e9n\u00e9es-Orientales et d'\u00e9changer avec l'auteur. L'entr\u00e9e est gratuite, offrant ainsi \u00e0 tous la possibilit\u00e9 de participer \u00e0 cet \u00e9v\u00e9nement culturel enrichissant. Ne manquez pas cette opportunit\u00e9 de plonger dans l'histoire locale et de rencontrer Jean Boiss\u00e9e lors de cette soir\u00e9e sp\u00e9ciale \u00e0 Arles-sur-Tech.\",\"breadcrumb\":{\"@id\":\"https:\/\/www.locansol.fr\/evenement\/conference-et-dedicace\/#breadcrumb\"},\"inLanguage\":\"en-GB\",\"potentialAction\":[{\"@type\":\"ReadAction\",\"target\":[\"https:\/\/www.locansol.fr\/evenement\/conference-et-dedicace\/\"]}]},{\"@type\":\"ImageObject\",\"inLanguage\":\"en-GB\",\"@id\":\"https:\/\/www.locansol.fr\/evenement\/conference-et-dedicace\/#primaryimage\",\"url\":\"https:\/\/www.locansol.fr\/wp-content\/uploads\/2026\/04\/conference-dedicace-arlessurtech-histoire.webp\",\"contentUrl\":\"https:\/\/www.locansol.fr\/wp-content\/uploads\/2026\/04\/conference-dedicace-arlessurtech-histoire.webp\",\"width\":1920,\"height\":1280,\"caption\":\"Conf\u00e9rence et d\u00e9dicace Arles-sur-Tech - 24 avril\"},{\"@type\":\"BreadcrumbList\",\"@id\":\"https:\/\/www.locansol.fr\/evenement\/conference-et-dedicace\/#breadcrumb\",\"itemListElement\":[{\"@type\":\"ListItem\",\"position\":1,\"name\":\"Accueil\",\"item\":\"https:\/\/www.locansol.fr\/\"},{\"@type\":\"ListItem\",\"position\":2,\"name\":\"\u00c9v\u00e8nements\",\"item\":\"https:\/\/www.locansol.fr\/evenements\/\"},{\"@type\":\"ListItem\",\"position\":3,\"name\":\"CONFERENCE ET DEDICACE\"}]},{\"@type\":\"WebSite\",\"@id\":\"https:\/\/www.locansol.fr\/#website\",\"url\":\"https:\/\/www.locansol.fr\/\",\"name\":\"Locansol, louer un h\u00e9bergement dans les Pyr\u00e9n\u00e9es-Orientales\",\"description\":\"Location Mobil-home Mer M\u00e9diterran\u00e9e &amp; Chalet de Montagne dans les Pyr\u00e9n\u00e9es Orientales (Occitanie, 66). Weekend, s\u00e9jour &amp; vacances en famille et entre amis.\",\"publisher\":{\"@id\":\"https:\/\/www.locansol.fr\/#organization\"},\"alternateName\":\"Louer un h\u00e9bergement dans les Pyr\u00e9n\u00e9es Orientales, chalet & mobil-home en Occitanie\",\"potentialAction\":[{\"@type\":\"SearchAction\",\"target\":{\"@type\":\"EntryPoint\",\"urlTemplate\":\"https:\/\/www.locansol.fr\/?s={search_term_string}\"},\"query-input\":{\"@type\":\"PropertyValueSpecification\",\"valueRequired\":true,\"valueName\":\"search_term_string\"}}],\"inLanguage\":\"en-GB\"},{\"@type\":\"Organization\",\"@id\":\"https:\/\/www.locansol.fr\/#organization\",\"name\":\"Location MobilHome & chalet dans les Pyr\u00e9n\u00e9es Orientales\",\"alternateName\":\"Louer un h\u00e9bergement dans les Pyr\u00e9n\u00e9es Orientales en Occitanie\",\"url\":\"https:\/\/www.locansol.fr\/\",\"logo\":{\"@type\":\"ImageObject\",\"inLanguage\":\"en-GB\",\"@id\":\"https:\/\/www.locansol.fr\/#\/schema\/logo\/image\/\",\"url\":\"https:\/\/www.locansol.fr\/wp-content\/uploads\/2024\/04\/AdobeStock_303324767-scaled.jpeg\",\"contentUrl\":\"https:\/\/www.locansol.fr\/wp-content\/uploads\/2024\/04\/AdobeStock_303324767-scaled.jpeg\",\"width\":2560,\"height\":1707,\"caption\":\"Location MobilHome & chalet dans les Pyr\u00e9n\u00e9es Orientales\"},\"image\":{\"@id\":\"https:\/\/www.locansol.fr\/#\/schema\/logo\/image\/\"}}]}<\/script>\n<!-- \/ Yoast SEO Premium plugin. -->","yoast_head_json":{"title":"CONFERENCE ET DEDICACE","description":"Le vendredi 24 avril, de 18h00 \u00e0 21h00, la Librairie Lire \u00e0 l'Os d'Arles-sur-Tech accueillera une conf\u00e9rence et une s\u00e9ance de d\u00e9dicace avec Jean Boiss\u00e9e, autour de son livre \u00ab Les \u00e9difices religieux des Pyr\u00e9n\u00e9es-Orientales \u00bb. L'\u00e9v\u00e9nement, organis\u00e9 par la Librairie Lire \u00e0 l'Os, se tiendra \u00e0 la Voie Communale Valls Jean Baptiste Barja \u00e0 Arles-sur-Tech. Jean Boiss\u00e9e, passionn\u00e9 de randonn\u00e9es et de recherches historiques, pr\u00e9sentera son ouvrage qui couvre une p\u00e9riode allant du IV\u00e8me au XIX\u00e8me si\u00e8cle. L'auteur a men\u00e9 une enqu\u00eate de terrain rigoureuse, recensant plus de 1 052 \u00e9difices religieux, incluant des chapelles oubli\u00e9es, des \u00e9glises rurales, des monast\u00e8res, des sanctuaires et des cath\u00e9drales. Cette conf\u00e9rence est une occasion unique de d\u00e9couvrir le riche patrimoine religieux des Pyr\u00e9n\u00e9es-Orientales et d'\u00e9changer avec l'auteur. L'entr\u00e9e est gratuite, offrant ainsi \u00e0 tous la possibilit\u00e9 de participer \u00e0 cet \u00e9v\u00e9nement culturel enrichissant. Ne manquez pas cette opportunit\u00e9 de plonger dans l'histoire locale et de rencontrer Jean Boiss\u00e9e lors de cette soir\u00e9e sp\u00e9ciale \u00e0 Arles-sur-Tech.","robots":{"index":"index","follow":"follow","max-snippet":"max-snippet:-1","max-image-preview":"max-image-preview:large","max-video-preview":"max-video-preview:-1"},"canonical":"https:\/\/www.locansol.fr\/en\/evenement\/conference-et-dedicace\/","og_locale":"en_GB","og_type":"article","og_title":"CONFERENCE ET DEDICACE","og_description":"Le vendredi 24 avril, de 18h00 \u00e0 21h00, la Librairie Lire \u00e0 l'Os d'Arles-sur-Tech accueillera une conf\u00e9rence et une s\u00e9ance de d\u00e9dicace avec Jean Boiss\u00e9e, autour de son livre \u00ab Les \u00e9difices religieux des Pyr\u00e9n\u00e9es-Orientales \u00bb. L'\u00e9v\u00e9nement, organis\u00e9 par la Librairie Lire \u00e0 l'Os, se tiendra \u00e0 la Voie Communale Valls Jean Baptiste Barja \u00e0 Arles-sur-Tech. Jean Boiss\u00e9e, passionn\u00e9 de randonn\u00e9es et de recherches historiques, pr\u00e9sentera son ouvrage qui couvre une p\u00e9riode allant du IV\u00e8me au XIX\u00e8me si\u00e8cle. L'auteur a men\u00e9 une enqu\u00eate de terrain rigoureuse, recensant plus de 1 052 \u00e9difices religieux, incluant des chapelles oubli\u00e9es, des \u00e9glises rurales, des monast\u00e8res, des sanctuaires et des cath\u00e9drales. Cette conf\u00e9rence est une occasion unique de d\u00e9couvrir le riche patrimoine religieux des Pyr\u00e9n\u00e9es-Orientales et d'\u00e9changer avec l'auteur. L'entr\u00e9e est gratuite, offrant ainsi \u00e0 tous la possibilit\u00e9 de participer \u00e0 cet \u00e9v\u00e9nement culturel enrichissant. Ne manquez pas cette opportunit\u00e9 de plonger dans l'histoire locale et de rencontrer Jean Boiss\u00e9e lors de cette soir\u00e9e sp\u00e9ciale \u00e0 Arles-sur-Tech.","og_url":"https:\/\/www.locansol.fr\/en\/evenement\/conference-et-dedicace\/","og_site_name":"Locansol, louer un h\u00e9bergement dans les Pyr\u00e9n\u00e9es Orientales","article_modified_time":"2026-04-24T14:03:47+00:00","og_image":[{"width":1920,"height":1280,"url":"https:\/\/www.locansol.fr\/wp-content\/uploads\/2026\/04\/conference-dedicace-arlessurtech-histoire.webp","type":"image\/webp"}],"twitter_card":"summary_large_image","twitter_title":"CONFERENCE ET DEDICACE","twitter_description":"Le vendredi 24 avril, de 18h00 \u00e0 21h00, la Librairie Lire \u00e0 l'Os d'Arles-sur-Tech accueillera une conf\u00e9rence et une s\u00e9ance de d\u00e9dicace avec Jean Boiss\u00e9e, autour de son livre \u00ab Les \u00e9difices religieux des Pyr\u00e9n\u00e9es-Orientales \u00bb. L'\u00e9v\u00e9nement, organis\u00e9 par la Librairie Lire \u00e0 l'Os, se tiendra \u00e0 la Voie Communale Valls Jean Baptiste Barja \u00e0 Arles-sur-Tech. Jean Boiss\u00e9e, passionn\u00e9 de randonn\u00e9es et de recherches historiques, pr\u00e9sentera son ouvrage qui couvre une p\u00e9riode allant du IV\u00e8me au XIX\u00e8me si\u00e8cle. L'auteur a men\u00e9 une enqu\u00eate de terrain rigoureuse, recensant plus de 1 052 \u00e9difices religieux, incluant des chapelles oubli\u00e9es, des \u00e9glises rurales, des monast\u00e8res, des sanctuaires et des cath\u00e9drales. Cette conf\u00e9rence est une occasion unique de d\u00e9couvrir le riche patrimoine religieux des Pyr\u00e9n\u00e9es-Orientales et d'\u00e9changer avec l'auteur. L'entr\u00e9e est gratuite, offrant ainsi \u00e0 tous la possibilit\u00e9 de participer \u00e0 cet \u00e9v\u00e9nement culturel enrichissant. Ne manquez pas cette opportunit\u00e9 de plonger dans l'histoire locale et de rencontrer Jean Boiss\u00e9e lors de cette soir\u00e9e sp\u00e9ciale \u00e0 Arles-sur-Tech.","twitter_image":"https:\/\/www.locansol.fr\/wp-content\/uploads\/2026\/04\/conference-dedicace-arlessurtech-histoire.webp","twitter_misc":{"Estimated reading time":"1 minute"},"schema":{"@context":"https:\/\/schema.org","@graph":[{"@type":"WebPage","@id":"https:\/\/www.locansol.fr\/evenement\/conference-et-dedicace\/","url":"https:\/\/www.locansol.fr\/evenement\/conference-et-dedicace\/","name":"CONFERENCE ET DEDICACE","isPartOf":{"@id":"https:\/\/www.locansol.fr\/#website"},"primaryImageOfPage":{"@id":"https:\/\/www.locansol.fr\/evenement\/conference-et-dedicace\/#primaryimage"},"image":{"@id":"https:\/\/www.locansol.fr\/evenement\/conference-et-dedicace\/#primaryimage"},"thumbnailUrl":"https:\/\/www.locansol.fr\/wp-content\/uploads\/2026\/04\/conference-dedicace-arlessurtech-histoire.webp","datePublished":"2026-04-24T14:03:44+00:00","dateModified":"2026-04-24T14:03:47+00:00","description":"Le vendredi 24 avril, de 18h00 \u00e0 21h00, la Librairie Lire \u00e0 l'Os d'Arles-sur-Tech accueillera une conf\u00e9rence et une s\u00e9ance de d\u00e9dicace avec Jean Boiss\u00e9e, autour de son livre \u00ab Les \u00e9difices religieux des Pyr\u00e9n\u00e9es-Orientales \u00bb. L'\u00e9v\u00e9nement, organis\u00e9 par la Librairie Lire \u00e0 l'Os, se tiendra \u00e0 la Voie Communale Valls Jean Baptiste Barja \u00e0 Arles-sur-Tech. Jean Boiss\u00e9e, passionn\u00e9 de randonn\u00e9es et de recherches historiques, pr\u00e9sentera son ouvrage qui couvre une p\u00e9riode allant du IV\u00e8me au XIX\u00e8me si\u00e8cle. L'auteur a men\u00e9 une enqu\u00eate de terrain rigoureuse, recensant plus de 1 052 \u00e9difices religieux, incluant des chapelles oubli\u00e9es, des \u00e9glises rurales, des monast\u00e8res, des sanctuaires et des cath\u00e9drales. Cette conf\u00e9rence est une occasion unique de d\u00e9couvrir le riche patrimoine religieux des Pyr\u00e9n\u00e9es-Orientales et d'\u00e9changer avec l'auteur. L'entr\u00e9e est gratuite, offrant ainsi \u00e0 tous la possibilit\u00e9 de participer \u00e0 cet \u00e9v\u00e9nement culturel enrichissant. Ne manquez pas cette opportunit\u00e9 de plonger dans l'histoire locale et de rencontrer Jean Boiss\u00e9e lors de cette soir\u00e9e sp\u00e9ciale \u00e0 Arles-sur-Tech.","breadcrumb":{"@id":"https:\/\/www.locansol.fr\/evenement\/conference-et-dedicace\/#breadcrumb"},"inLanguage":"en-GB","potentialAction":[{"@type":"ReadAction","target":["https:\/\/www.locansol.fr\/evenement\/conference-et-dedicace\/"]}]},{"@type":"ImageObject","inLanguage":"en-GB","@id":"https:\/\/www.locansol.fr\/evenement\/conference-et-dedicace\/#primaryimage","url":"https:\/\/www.locansol.fr\/wp-content\/uploads\/2026\/04\/conference-dedicace-arlessurtech-histoire.webp","contentUrl":"https:\/\/www.locansol.fr\/wp-content\/uploads\/2026\/04\/conference-dedicace-arlessurtech-histoire.webp","width":1920,"height":1280,"caption":"Conf\u00e9rence et d\u00e9dicace Arles-sur-Tech - 24 avril"},{"@type":"BreadcrumbList","@id":"https:\/\/www.locansol.fr\/evenement\/conference-et-dedicace\/#breadcrumb","itemListElement":[{"@type":"ListItem","position":1,"name":"Accueil","item":"https:\/\/www.locansol.fr\/"},{"@type":"ListItem","position":2,"name":"\u00c9v\u00e8nements","item":"https:\/\/www.locansol.fr\/evenements\/"},{"@type":"ListItem","position":3,"name":"CONFERENCE ET DEDICACE"}]},{"@type":"WebSite","@id":"https:\/\/www.locansol.fr\/#website","url":"https:\/\/www.locansol.fr\/","name":"Locansol, louer un h\u00e9bergement dans les Pyr\u00e9n\u00e9es-Orientales","description":"Location Mobil-home Mer M\u00e9diterran\u00e9e &amp; Chalet de Montagne dans les Pyr\u00e9n\u00e9es Orientales (Occitanie, 66). Weekend, s\u00e9jour &amp; vacances en famille et entre amis.","publisher":{"@id":"https:\/\/www.locansol.fr\/#organization"},"alternateName":"Louer un h\u00e9bergement dans les Pyr\u00e9n\u00e9es Orientales, chalet & mobil-home en Occitanie","potentialAction":[{"@type":"SearchAction","target":{"@type":"EntryPoint","urlTemplate":"https:\/\/www.locansol.fr\/?s={search_term_string}"},"query-input":{"@type":"PropertyValueSpecification","valueRequired":true,"valueName":"search_term_string"}}],"inLanguage":"en-GB"},{"@type":"Organization","@id":"https:\/\/www.locansol.fr\/#organization","name":"Location MobilHome & chalet dans les Pyr\u00e9n\u00e9es Orientales","alternateName":"Louer un h\u00e9bergement dans les Pyr\u00e9n\u00e9es Orientales en Occitanie","url":"https:\/\/www.locansol.fr\/","logo":{"@type":"ImageObject","inLanguage":"en-GB","@id":"https:\/\/www.locansol.fr\/#\/schema\/logo\/image\/","url":"https:\/\/www.locansol.fr\/wp-content\/uploads\/2024\/04\/AdobeStock_303324767-scaled.jpeg","contentUrl":"https:\/\/www.locansol.fr\/wp-content\/uploads\/2024\/04\/AdobeStock_303324767-scaled.jpeg","width":2560,"height":1707,"caption":"Location MobilHome & chalet dans les Pyr\u00e9n\u00e9es Orientales"},"image":{"@id":"https:\/\/www.locansol.fr\/#\/schema\/logo\/image\/"}}]}},"_links":{"self":[{"href":"https:\/\/www.locansol.fr\/en\/wp-json\/wp\/v2\/tribe_events\/6456","targetHints":{"allow":["GET"]}}],"collection":[{"href":"https:\/\/www.locansol.fr\/en\/wp-json\/wp\/v2\/tribe_events"}],"about":[{"href":"https:\/\/www.locansol.fr\/en\/wp-json\/wp\/v2\/types\/tribe_events"}],"author":[{"embeddable":true,"href":"https:\/\/www.locansol.fr\/en\/wp-json\/wp\/v2\/users\/5"}],"version-history":[{"count":1,"href":"https:\/\/www.locansol.fr\/en\/wp-json\/wp\/v2\/tribe_events\/6456\/revisions"}],"predecessor-version":[{"id":6457,"href":"https:\/\/www.locansol.fr\/en\/wp-json\/wp\/v2\/tribe_events\/6456\/revisions\/6457"}],"wp:featuredmedia":[{"embeddable":true,"href":"https:\/\/www.locansol.fr\/en\/wp-json\/wp\/v2\/media\/6453"}],"wp:attachment":[{"href":"https:\/\/www.locansol.fr\/en\/wp-json\/wp\/v2\/media?parent=6456"}],"wp:term":[{"taxonomy":"post_tag","embeddable":true,"href":"https:\/\/www.locansol.fr\/en\/wp-json\/wp\/v2\/tags?post=6456"},{"taxonomy":"tribe_events_cat","embeddable":true,"href":"https:\/\/www.locansol.fr\/en\/wp-json\/wp\/v2\/tribe_events_cat?post=6456"}],"curies":[{"name":"wp","href":"https:\/\/api.w.org\/{rel}","templated":true}]}}