{"id":6482,"date":"2026-04-25T00:14:13","date_gmt":"2026-04-24T22:14:13","guid":{"rendered":"https:\/\/www.locansol.fr\/evenement\/la-redecouverte-dun-chef-doeuvre-monumental-les-volets-du-grand-orgue-de-la-cathedrale-de-perpignan-28\/"},"modified":"2026-04-25T00:14:15","modified_gmt":"2026-04-24T22:14:15","slug":"la-redecouverte-dun-chef-doeuvre-monumental-les-volets-du-grand-orgue-de-la-cathedrale-de-perpignan-28","status":"publish","type":"tribe_events","link":"https:\/\/www.locansol.fr\/en\/evenement\/la-redecouverte-dun-chef-doeuvre-monumental-les-volets-du-grand-orgue-de-la-cathedrale-de-perpignan-28\/","title":{"rendered":"\u00ab LA RED\u00c9COUVERTE D\u2019UN CHEF D\u2019\u0152UVRE MONUMENTAL \u00bb : LES VOLETS DU GRAND ORGUE DE LA CATH\u00c9DRALE DE PERPIGNAN"},"content":{"rendered":"<p>L\u2019exposition \u00ab La red\u00e9couverte d\u2019un chef-d\u2019\u0153uvre monumental : les volets du grand orgue de la cath\u00e9drale de Perpignan \u00bb se tiendra du 24 mars au 31 mai 2026 \u00e0 la cath\u00e9drale Saint-Jean-Baptiste de Perpignan. Cet \u00e9v\u00e9nement culturel exceptionnel met en lumi\u00e8re un tr\u00e9sor artistique et historique restaur\u00e9 avec soin sous l&rsquo;\u00e9gide de la Direction r\u00e9gionale des affaires culturelles d&rsquo;Occitanie. Les volets du grand orgue de la cath\u00e9drale, peints en 1504, sont parmi les ensembles picturaux les plus spectaculaires de ce type en Europe. Par leur qualit\u00e9 artistique, leur fonction liturgique originelle, leur anciennet\u00e9 et leurs dimensions monumentales, ces \u0153uvres sont exceptionnelles \u00e0 plus d\u2019un titre. Le chantier de restauration, lanc\u00e9 en 2022, a permis de redonner \u00e0 ces \u0153uvres leur visibilit\u00e9 et leur valeur. L\u2019op\u00e9ration, \u00e0 la fois technique, patrimoniale et scientifique, a permis de mieux comprendre la mise en \u0153uvre et l\u2019histoire mat\u00e9rielle de ces peintures g\u00e9antes. Les deux ch\u00e2ssis mesurent 12,6 m\u00e8tres de haut sur 4,3 m\u00e8tres de large, soit plus de 83 m\u00b2 chacun, ce qui en fait un ensemble probablement sans \u00e9quivalent dans le monde occidental. Initialement fix\u00e9s sur le buffet de l\u2019orgue, les volets se d\u00e9ployaient selon le rythme du calendrier liturgique, orchestrant un dialogue entre musique, architecture et image sacr\u00e9e. Peints \u00e0 la d\u00e9trempe sur toile, les panneaux pr\u00e9sentent, sur leur face principale, une riche polychromie, et sur leur revers une grisaille de facture soign\u00e9e. Ce double dispositif visuel renforce leur valeur spirituelle autant qu\u2019artistique. Au XIXe si\u00e8cle, les volets sont d\u00e9mont\u00e9s, d\u00e9plac\u00e9s, puis fix\u00e9s aux murs de la cath\u00e9drale, au-dessus de la porte dite \u00ab de Bethl\u00e9em \u00bb, o\u00f9 leur lecture devient difficile, et leur importance, peu \u00e0 peu, oubli\u00e9e. L\u2019exposition permet de d\u00e9couvrir ces \u0153uvres dans un cadre restaur\u00e9, offrant une exp\u00e9rience immersive et \u00e9ducative. Les visiteurs pourront admirer la riche polychromie et la grisaille des panneaux, tout en apprenant sur l\u2019histoire et la technique de ces peintures monumentales. L\u2019exposition est \u00e9galement une occasion de d\u00e9couvrir la cath\u00e9drale Saint-Jean-Baptiste de Perpignan, un \u00e9difice majeur du patrimoine religieux de la r\u00e9gion. L\u2019\u00e9v\u00e9nement est ouvert \u00e0 tous les publics, avec un tarif plein de 8,00 \u20ac. La cath\u00e9drale Saint-Jean-Baptiste est situ\u00e9e au 21 Rue Mailly, Perpignan.  Cette exposition est une opportunit\u00e9 unique de red\u00e9couvrir un chef-d\u2019\u0153uvre m\u00e9connu et de comprendre l\u2019importance de la restauration patrimoniale. Les visiteurs pourront appr\u00e9cier la beaut\u00e9 des volets du grand orgue dans un cadre historique exceptionnel. L\u2019ambiance spirituelle et artistique de l\u2019exposition offre une exp\u00e9rience immersive, permettant de mieux comprendre l\u2019histoire et la technique de ces peintures monumentales. La cath\u00e9drale Saint-Jean-Baptiste de Perpignan, avec son architecture impressionnante, ajoute une dimension suppl\u00e9mentaire \u00e0 cette visite culturelle. Ne manquez pas cette occasion de plonger dans l\u2019histoire et l\u2019art de la r\u00e9gion, tout en soutenant la pr\u00e9servation du patrimoine local. L\u2019exposition \u00ab La red\u00e9couverte d\u2019un chef-d\u2019\u0153uvre monumental : les volets du grand orgue de la cath\u00e9drale de Perpignan \u00bb promet d\u2019\u00eatre un moment inoubliable pour tous les amateurs d\u2019art et de patrimoine.<\/p>\n<p><\/p>\n<h3>R\u00e9servez votre h\u00e9bergement dans les Pyr\u00e9n\u00e9es-Orientales :<\/h3>\n<p><b><a href='https:\/\/www.locansol.fr\/en\/rental-mobile-home-mediterranean\/'>Mobil-home Locansol \u00e0 Argel\u00e8s-sur-Mer<\/a><\/b><br \/>Trajet le plus court : 26 km<br \/>Trajet le plus rapide : 31 min<\/p>\n<p><b><a href='https:\/\/www.locansol.fr\/en\/rental-chalet-cerdagne\/'>Chalet Locansol \u00e0 Estavar<\/a><\/b><br \/>Trajet le plus court : 104 km<br \/>Trajet le plus rapide : 1 h 40 min<\/p>","protected":false},"excerpt":{"rendered":"<p>L\u2019exposition \u00ab La red\u00e9couverte d\u2019un chef-d\u2019\u0153uvre monumental : les volets du grand orgue de la cath\u00e9drale de Perpignan \u00bb se tiendra du 24 mars au 31 mai 2026 \u00e0 la [&hellip;]<\/p>","protected":false},"author":5,"featured_media":6479,"template":"","meta":{"_yoast_wpseo_focuskw":"\u00ab LA RED\u00c9COUVERTE D\u2019UN CHEF D\u2019\u0152UVRE MONUMENTAL \u00bb : LES VOLETS DU GRAND ORGUE DE LA CATH\u00c9DRALE DE PERPIGNAN","_yoast_wpseo_title":"\u00ab LA RED\u00c9COUVERTE D\u2019UN CHEF D\u2019\u0152UVRE MONUMENTAL \u00bb : LES VOLETS DU GRAND ORGUE DE LA CATH\u00c9DRALE DE PERPIGNAN","_yoast_wpseo_metadesc":"L\u2019exposition \u00ab La red\u00e9couverte d\u2019un chef-d\u2019\u0153uvre monumental : les volets du grand orgue de la cath\u00e9drale de Perpignan \u00bb se tiendra du 24 mars au 31 mai 2026 \u00e0 la cath\u00e9drale Saint-Jean-Baptiste de Perpignan. Cet \u00e9v\u00e9nement culturel exceptionnel met en lumi\u00e8re un tr\u00e9sor artistique et historique restaur\u00e9 avec soin sous l'\u00e9gide de la Direction r\u00e9gionale des affaires culturelles d'Occitanie. Les volets du grand orgue de la cath\u00e9drale, peints en 1504, sont parmi les ensembles picturaux les plus spectaculaires de ce type en Europe. Par leur qualit\u00e9 artistique, leur fonction liturgique originelle, leur anciennet\u00e9 et leurs dimensions monumentales, ces \u0153uvres sont exceptionnelles \u00e0 plus d\u2019un titre. Le chantier de restauration, lanc\u00e9 en 2022, a permis de redonner \u00e0 ces \u0153uvres leur visibilit\u00e9 et leur valeur. L\u2019op\u00e9ration, \u00e0 la fois technique, patrimoniale et scientifique, a permis de mieux comprendre la mise en \u0153uvre et l\u2019histoire mat\u00e9rielle de ces peintures g\u00e9antes. Les deux ch\u00e2ssis mesurent 12,6 m\u00e8tres de haut sur 4,3 m\u00e8tres de large, soit plus de 83 m\u00b2 chacun, ce qui en fait un ensemble probablement sans \u00e9quivalent dans le monde occidental. Initialement fix\u00e9s sur le buffet de l\u2019orgue, les volets se d\u00e9ployaient selon le rythme du calendrier liturgique, orchestrant un dialogue entre musique, architecture et image sacr\u00e9e. Peints \u00e0 la d\u00e9trempe sur toile, les panneaux pr\u00e9sentent, sur leur face principale, une riche polychromie, et sur leur revers une grisaille de facture soign\u00e9e. Ce double dispositif visuel renforce leur valeur spirituelle autant qu\u2019artistique. Au XIXe si\u00e8cle, les volets sont d\u00e9mont\u00e9s, d\u00e9plac\u00e9s, puis fix\u00e9s aux murs de la cath\u00e9drale, au-dessus de la porte dite \u00ab de Bethl\u00e9em \u00bb, o\u00f9 leur lecture devient difficile, et leur importance, peu \u00e0 peu, oubli\u00e9e. L\u2019exposition permet de d\u00e9couvrir ces \u0153uvres dans un cadre restaur\u00e9, offrant une exp\u00e9rience immersive et \u00e9ducative. Les visiteurs pourront admirer la riche polychromie et la grisaille des panneaux, tout en apprenant sur l\u2019histoire et la technique de ces peintures monumentales. L\u2019exposition est \u00e9galement une occasion de d\u00e9couvrir la cath\u00e9drale Saint-Jean-Baptiste de Perpignan, un \u00e9difice majeur du patrimoine religieux de la r\u00e9gion. L\u2019\u00e9v\u00e9nement est ouvert \u00e0 tous les publics, avec un tarif plein de 8,00 \u20ac. La cath\u00e9drale Saint-Jean-Baptiste est situ\u00e9e au 21 Rue Mailly, Perpignan. Cette exposition est une opportunit\u00e9 unique de red\u00e9couvrir un chef-d\u2019\u0153uvre m\u00e9connu et de comprendre l\u2019importance de la restauration patrimoniale. Les visiteurs pourront appr\u00e9cier la beaut\u00e9 des volets du grand orgue dans un cadre historique exceptionnel. L\u2019ambiance spirituelle et artistique de l\u2019exposition offre une exp\u00e9rience immersive, permettant de mieux comprendre l\u2019histoire et la technique de ces peintures monumentales. La cath\u00e9drale Saint-Jean-Baptiste de Perpignan, avec son architecture impressionnante, ajoute une dimension suppl\u00e9mentaire \u00e0 cette visite culturelle. Ne manquez pas cette occasion de plonger dans l\u2019histoire et l\u2019art de la r\u00e9gion, tout en soutenant la pr\u00e9servation du patrimoine local. L\u2019exposition \u00ab La red\u00e9couverte d\u2019un chef-d\u2019\u0153uvre monumental : les volets du grand orgue de la cath\u00e9drale de Perpignan \u00bb promet d\u2019\u00eatre un moment inoubliable pour tous les amateurs d\u2019art et de patrimoine.","_yoast_wpseo_canonical":"","_yoast_wpseo_opengraph-title":"\u00ab LA RED\u00c9COUVERTE D\u2019UN CHEF D\u2019\u0152UVRE MONUMENTAL \u00bb : LES VOLETS DU GRAND ORGUE DE LA CATH\u00c9DRALE DE PERPIGNAN","_yoast_wpseo_opengraph-description":"L\u2019exposition \u00ab La red\u00e9couverte d\u2019un chef-d\u2019\u0153uvre monumental : les volets du grand orgue de la cath\u00e9drale de Perpignan \u00bb se tiendra du 24 mars au 31 mai 2026 \u00e0 la cath\u00e9drale Saint-Jean-Baptiste de Perpignan. Cet \u00e9v\u00e9nement culturel exceptionnel met en lumi\u00e8re un tr\u00e9sor artistique et historique restaur\u00e9 avec soin sous l'\u00e9gide de la Direction r\u00e9gionale des affaires culturelles d'Occitanie. Les volets du grand orgue de la cath\u00e9drale, peints en 1504, sont parmi les ensembles picturaux les plus spectaculaires de ce type en Europe. Par leur qualit\u00e9 artistique, leur fonction liturgique originelle, leur anciennet\u00e9 et leurs dimensions monumentales, ces \u0153uvres sont exceptionnelles \u00e0 plus d\u2019un titre. Le chantier de restauration, lanc\u00e9 en 2022, a permis de redonner \u00e0 ces \u0153uvres leur visibilit\u00e9 et leur valeur. L\u2019op\u00e9ration, \u00e0 la fois technique, patrimoniale et scientifique, a permis de mieux comprendre la mise en \u0153uvre et l\u2019histoire mat\u00e9rielle de ces peintures g\u00e9antes. Les deux ch\u00e2ssis mesurent 12,6 m\u00e8tres de haut sur 4,3 m\u00e8tres de large, soit plus de 83 m\u00b2 chacun, ce qui en fait un ensemble probablement sans \u00e9quivalent dans le monde occidental. Initialement fix\u00e9s sur le buffet de l\u2019orgue, les volets se d\u00e9ployaient selon le rythme du calendrier liturgique, orchestrant un dialogue entre musique, architecture et image sacr\u00e9e. Peints \u00e0 la d\u00e9trempe sur toile, les panneaux pr\u00e9sentent, sur leur face principale, une riche polychromie, et sur leur revers une grisaille de facture soign\u00e9e. Ce double dispositif visuel renforce leur valeur spirituelle autant qu\u2019artistique. Au XIXe si\u00e8cle, les volets sont d\u00e9mont\u00e9s, d\u00e9plac\u00e9s, puis fix\u00e9s aux murs de la cath\u00e9drale, au-dessus de la porte dite \u00ab de Bethl\u00e9em \u00bb, o\u00f9 leur lecture devient difficile, et leur importance, peu \u00e0 peu, oubli\u00e9e. L\u2019exposition permet de d\u00e9couvrir ces \u0153uvres dans un cadre restaur\u00e9, offrant une exp\u00e9rience immersive et \u00e9ducative. Les visiteurs pourront admirer la riche polychromie et la grisaille des panneaux, tout en apprenant sur l\u2019histoire et la technique de ces peintures monumentales. L\u2019exposition est \u00e9galement une occasion de d\u00e9couvrir la cath\u00e9drale Saint-Jean-Baptiste de Perpignan, un \u00e9difice majeur du patrimoine religieux de la r\u00e9gion. L\u2019\u00e9v\u00e9nement est ouvert \u00e0 tous les publics, avec un tarif plein de 8,00 \u20ac. La cath\u00e9drale Saint-Jean-Baptiste est situ\u00e9e au 21 Rue Mailly, Perpignan. Cette exposition est une opportunit\u00e9 unique de red\u00e9couvrir un chef-d\u2019\u0153uvre m\u00e9connu et de comprendre l\u2019importance de la restauration patrimoniale. Les visiteurs pourront appr\u00e9cier la beaut\u00e9 des volets du grand orgue dans un cadre historique exceptionnel. L\u2019ambiance spirituelle et artistique de l\u2019exposition offre une exp\u00e9rience immersive, permettant de mieux comprendre l\u2019histoire et la technique de ces peintures monumentales. La cath\u00e9drale Saint-Jean-Baptiste de Perpignan, avec son architecture impressionnante, ajoute une dimension suppl\u00e9mentaire \u00e0 cette visite culturelle. Ne manquez pas cette occasion de plonger dans l\u2019histoire et l\u2019art de la r\u00e9gion, tout en soutenant la pr\u00e9servation du patrimoine local. L\u2019exposition \u00ab La red\u00e9couverte d\u2019un chef-d\u2019\u0153uvre monumental : les volets du grand orgue de la cath\u00e9drale de Perpignan \u00bb promet d\u2019\u00eatre un moment inoubliable pour tous les amateurs d\u2019art et de patrimoine.","_yoast_wpseo_opengraph-image":"https:\/\/www.locansol.fr\/wp-content\/uploads\/2026\/04\/volets-monumentaux-cathedrale-perpignan-1.webp","_yoast_wpseo_opengraph-image-id":"6479","_yoast_wpseo_twitter-title":"\u00ab LA RED\u00c9COUVERTE D\u2019UN CHEF D\u2019\u0152UVRE MONUMENTAL \u00bb : LES VOLETS DU GRAND ORGUE DE LA CATH\u00c9DRALE DE PERPIGNAN","_yoast_wpseo_twitter-description":"L\u2019exposition \u00ab La red\u00e9couverte d\u2019un chef-d\u2019\u0153uvre monumental : les volets du grand orgue de la cath\u00e9drale de Perpignan \u00bb se tiendra du 24 mars au 31 mai 2026 \u00e0 la cath\u00e9drale Saint-Jean-Baptiste de Perpignan. Cet \u00e9v\u00e9nement culturel exceptionnel met en lumi\u00e8re un tr\u00e9sor artistique et historique restaur\u00e9 avec soin sous l'\u00e9gide de la Direction r\u00e9gionale des affaires culturelles d'Occitanie. Les volets du grand orgue de la cath\u00e9drale, peints en 1504, sont parmi les ensembles picturaux les plus spectaculaires de ce type en Europe. Par leur qualit\u00e9 artistique, leur fonction liturgique originelle, leur anciennet\u00e9 et leurs dimensions monumentales, ces \u0153uvres sont exceptionnelles \u00e0 plus d\u2019un titre. Le chantier de restauration, lanc\u00e9 en 2022, a permis de redonner \u00e0 ces \u0153uvres leur visibilit\u00e9 et leur valeur. L\u2019op\u00e9ration, \u00e0 la fois technique, patrimoniale et scientifique, a permis de mieux comprendre la mise en \u0153uvre et l\u2019histoire mat\u00e9rielle de ces peintures g\u00e9antes. Les deux ch\u00e2ssis mesurent 12,6 m\u00e8tres de haut sur 4,3 m\u00e8tres de large, soit plus de 83 m\u00b2 chacun, ce qui en fait un ensemble probablement sans \u00e9quivalent dans le monde occidental. Initialement fix\u00e9s sur le buffet de l\u2019orgue, les volets se d\u00e9ployaient selon le rythme du calendrier liturgique, orchestrant un dialogue entre musique, architecture et image sacr\u00e9e. Peints \u00e0 la d\u00e9trempe sur toile, les panneaux pr\u00e9sentent, sur leur face principale, une riche polychromie, et sur leur revers une grisaille de facture soign\u00e9e. Ce double dispositif visuel renforce leur valeur spirituelle autant qu\u2019artistique. Au XIXe si\u00e8cle, les volets sont d\u00e9mont\u00e9s, d\u00e9plac\u00e9s, puis fix\u00e9s aux murs de la cath\u00e9drale, au-dessus de la porte dite \u00ab de Bethl\u00e9em \u00bb, o\u00f9 leur lecture devient difficile, et leur importance, peu \u00e0 peu, oubli\u00e9e. L\u2019exposition permet de d\u00e9couvrir ces \u0153uvres dans un cadre restaur\u00e9, offrant une exp\u00e9rience immersive et \u00e9ducative. Les visiteurs pourront admirer la riche polychromie et la grisaille des panneaux, tout en apprenant sur l\u2019histoire et la technique de ces peintures monumentales. L\u2019exposition est \u00e9galement une occasion de d\u00e9couvrir la cath\u00e9drale Saint-Jean-Baptiste de Perpignan, un \u00e9difice majeur du patrimoine religieux de la r\u00e9gion. L\u2019\u00e9v\u00e9nement est ouvert \u00e0 tous les publics, avec un tarif plein de 8,00 \u20ac. La cath\u00e9drale Saint-Jean-Baptiste est situ\u00e9e au 21 Rue Mailly, Perpignan. Cette exposition est une opportunit\u00e9 unique de red\u00e9couvrir un chef-d\u2019\u0153uvre m\u00e9connu et de comprendre l\u2019importance de la restauration patrimoniale. Les visiteurs pourront appr\u00e9cier la beaut\u00e9 des volets du grand orgue dans un cadre historique exceptionnel. L\u2019ambiance spirituelle et artistique de l\u2019exposition offre une exp\u00e9rience immersive, permettant de mieux comprendre l\u2019histoire et la technique de ces peintures monumentales. La cath\u00e9drale Saint-Jean-Baptiste de Perpignan, avec son architecture impressionnante, ajoute une dimension suppl\u00e9mentaire \u00e0 cette visite culturelle. Ne manquez pas cette occasion de plonger dans l\u2019histoire et l\u2019art de la r\u00e9gion, tout en soutenant la pr\u00e9servation du patrimoine local. L\u2019exposition \u00ab La red\u00e9couverte d\u2019un chef-d\u2019\u0153uvre monumental : les volets du grand orgue de la cath\u00e9drale de Perpignan \u00bb promet d\u2019\u00eatre un moment inoubliable pour tous les amateurs d\u2019art et de patrimoine.","_yoast_wpseo_twitter-image":"https:\/\/www.locansol.fr\/wp-content\/uploads\/2026\/04\/volets-monumentaux-cathedrale-perpignan-1.webp","_yoast_wpseo_twitter-image-id":"6479}","yoast_primary_category":"Exposition","_tribe_events_status":"","_tribe_events_status_reason":"","_tribe_events_is_hybrid":"","_tribe_events_is_virtual":"","_tribe_events_virtual_video_source":"","_tribe_events_virtual_embed_video":"","_tribe_events_virtual_linked_button_text":"","_tribe_events_virtual_linked_button":"","_tribe_events_virtual_show_embed_at":"","_tribe_events_virtual_show_embed_to":[],"_tribe_events_virtual_show_on_event":"","_tribe_events_virtual_show_on_views":"","_tribe_events_virtual_url":"","footnotes":""},"tags":[66,76],"tribe_events_cat":[138,90,160,169],"class_list":["post-6482","tribe_events","type-tribe_events","status-publish","has-post-thumbnail","hentry","tag-evenement-culturel","tag-pyrenees-orientales","tribe_events_cat-evenement-culturel","tribe_events_cat-exposition","tribe_events_cat-peinture","tribe_events_cat-pyrenees-orientales","cat_evenement-culturel","cat_exposition","cat_peinture","cat_pyrenees-orientales"],"yoast_head":"<!-- This site is optimized with the Yoast SEO Premium plugin v23.3 (Yoast SEO v26.9) - https:\/\/yoast.com\/product\/yoast-seo-premium-wordpress\/ -->\n<title>\u00ab LA RED\u00c9COUVERTE D\u2019UN CHEF D\u2019\u0152UVRE MONUMENTAL \u00bb : LES VOLETS DU GRAND ORGUE DE LA CATH\u00c9DRALE DE PERPIGNAN<\/title>\n<meta name=\"description\" content=\"L\u2019exposition \u00ab La red\u00e9couverte d\u2019un chef-d\u2019\u0153uvre monumental : les volets du grand orgue de la cath\u00e9drale de Perpignan \u00bb se tiendra du 24 mars au 31 mai 2026 \u00e0 la cath\u00e9drale Saint-Jean-Baptiste de Perpignan. Cet \u00e9v\u00e9nement culturel exceptionnel met en lumi\u00e8re un tr\u00e9sor artistique et historique restaur\u00e9 avec soin sous l&#039;\u00e9gide de la Direction r\u00e9gionale des affaires culturelles d&#039;Occitanie. Les volets du grand orgue de la cath\u00e9drale, peints en 1504, sont parmi les ensembles picturaux les plus spectaculaires de ce type en Europe. Par leur qualit\u00e9 artistique, leur fonction liturgique originelle, leur anciennet\u00e9 et leurs dimensions monumentales, ces \u0153uvres sont exceptionnelles \u00e0 plus d\u2019un titre. Le chantier de restauration, lanc\u00e9 en 2022, a permis de redonner \u00e0 ces \u0153uvres leur visibilit\u00e9 et leur valeur. L\u2019op\u00e9ration, \u00e0 la fois technique, patrimoniale et scientifique, a permis de mieux comprendre la mise en \u0153uvre et l\u2019histoire mat\u00e9rielle de ces peintures g\u00e9antes. Les deux ch\u00e2ssis mesurent 12,6 m\u00e8tres de haut sur 4,3 m\u00e8tres de large, soit plus de 83 m\u00b2 chacun, ce qui en fait un ensemble probablement sans \u00e9quivalent dans le monde occidental. Initialement fix\u00e9s sur le buffet de l\u2019orgue, les volets se d\u00e9ployaient selon le rythme du calendrier liturgique, orchestrant un dialogue entre musique, architecture et image sacr\u00e9e. Peints \u00e0 la d\u00e9trempe sur toile, les panneaux pr\u00e9sentent, sur leur face principale, une riche polychromie, et sur leur revers une grisaille de facture soign\u00e9e. Ce double dispositif visuel renforce leur valeur spirituelle autant qu\u2019artistique. Au XIXe si\u00e8cle, les volets sont d\u00e9mont\u00e9s, d\u00e9plac\u00e9s, puis fix\u00e9s aux murs de la cath\u00e9drale, au-dessus de la porte dite \u00ab de Bethl\u00e9em \u00bb, o\u00f9 leur lecture devient difficile, et leur importance, peu \u00e0 peu, oubli\u00e9e. L\u2019exposition permet de d\u00e9couvrir ces \u0153uvres dans un cadre restaur\u00e9, offrant une exp\u00e9rience immersive et \u00e9ducative. Les visiteurs pourront admirer la riche polychromie et la grisaille des panneaux, tout en apprenant sur l\u2019histoire et la technique de ces peintures monumentales. L\u2019exposition est \u00e9galement une occasion de d\u00e9couvrir la cath\u00e9drale Saint-Jean-Baptiste de Perpignan, un \u00e9difice majeur du patrimoine religieux de la r\u00e9gion. L\u2019\u00e9v\u00e9nement est ouvert \u00e0 tous les publics, avec un tarif plein de 8,00 \u20ac. La cath\u00e9drale Saint-Jean-Baptiste est situ\u00e9e au 21 Rue Mailly, Perpignan. Cette exposition est une opportunit\u00e9 unique de red\u00e9couvrir un chef-d\u2019\u0153uvre m\u00e9connu et de comprendre l\u2019importance de la restauration patrimoniale. Les visiteurs pourront appr\u00e9cier la beaut\u00e9 des volets du grand orgue dans un cadre historique exceptionnel. L\u2019ambiance spirituelle et artistique de l\u2019exposition offre une exp\u00e9rience immersive, permettant de mieux comprendre l\u2019histoire et la technique de ces peintures monumentales. La cath\u00e9drale Saint-Jean-Baptiste de Perpignan, avec son architecture impressionnante, ajoute une dimension suppl\u00e9mentaire \u00e0 cette visite culturelle. Ne manquez pas cette occasion de plonger dans l\u2019histoire et l\u2019art de la r\u00e9gion, tout en soutenant la pr\u00e9servation du patrimoine local. L\u2019exposition \u00ab La red\u00e9couverte d\u2019un chef-d\u2019\u0153uvre monumental : les volets du grand orgue de la cath\u00e9drale de Perpignan \u00bb promet d\u2019\u00eatre un moment inoubliable pour tous les amateurs d\u2019art et de patrimoine.\" \/>\n<meta name=\"robots\" content=\"index, follow, max-snippet:-1, max-image-preview:large, max-video-preview:-1\" \/>\n<link rel=\"canonical\" href=\"https:\/\/www.locansol.fr\/en\/evenement\/la-redecouverte-dun-chef-doeuvre-monumental-les-volets-du-grand-orgue-de-la-cathedrale-de-perpignan-28\/\" \/>\n<meta property=\"og:locale\" content=\"en_GB\" \/>\n<meta property=\"og:type\" content=\"article\" \/>\n<meta property=\"og:title\" content=\"\u00ab LA RED\u00c9COUVERTE D\u2019UN CHEF D\u2019\u0152UVRE MONUMENTAL \u00bb : LES VOLETS DU GRAND ORGUE DE LA CATH\u00c9DRALE DE PERPIGNAN\" \/>\n<meta property=\"og:description\" content=\"L\u2019exposition \u00ab La red\u00e9couverte d\u2019un chef-d\u2019\u0153uvre monumental : les volets du grand orgue de la cath\u00e9drale de Perpignan \u00bb se tiendra du 24 mars au 31 mai 2026 \u00e0 la cath\u00e9drale Saint-Jean-Baptiste de Perpignan. Cet \u00e9v\u00e9nement culturel exceptionnel met en lumi\u00e8re un tr\u00e9sor artistique et historique restaur\u00e9 avec soin sous l&#039;\u00e9gide de la Direction r\u00e9gionale des affaires culturelles d&#039;Occitanie. Les volets du grand orgue de la cath\u00e9drale, peints en 1504, sont parmi les ensembles picturaux les plus spectaculaires de ce type en Europe. Par leur qualit\u00e9 artistique, leur fonction liturgique originelle, leur anciennet\u00e9 et leurs dimensions monumentales, ces \u0153uvres sont exceptionnelles \u00e0 plus d\u2019un titre. Le chantier de restauration, lanc\u00e9 en 2022, a permis de redonner \u00e0 ces \u0153uvres leur visibilit\u00e9 et leur valeur. L\u2019op\u00e9ration, \u00e0 la fois technique, patrimoniale et scientifique, a permis de mieux comprendre la mise en \u0153uvre et l\u2019histoire mat\u00e9rielle de ces peintures g\u00e9antes. Les deux ch\u00e2ssis mesurent 12,6 m\u00e8tres de haut sur 4,3 m\u00e8tres de large, soit plus de 83 m\u00b2 chacun, ce qui en fait un ensemble probablement sans \u00e9quivalent dans le monde occidental. Initialement fix\u00e9s sur le buffet de l\u2019orgue, les volets se d\u00e9ployaient selon le rythme du calendrier liturgique, orchestrant un dialogue entre musique, architecture et image sacr\u00e9e. Peints \u00e0 la d\u00e9trempe sur toile, les panneaux pr\u00e9sentent, sur leur face principale, une riche polychromie, et sur leur revers une grisaille de facture soign\u00e9e. Ce double dispositif visuel renforce leur valeur spirituelle autant qu\u2019artistique. Au XIXe si\u00e8cle, les volets sont d\u00e9mont\u00e9s, d\u00e9plac\u00e9s, puis fix\u00e9s aux murs de la cath\u00e9drale, au-dessus de la porte dite \u00ab de Bethl\u00e9em \u00bb, o\u00f9 leur lecture devient difficile, et leur importance, peu \u00e0 peu, oubli\u00e9e. L\u2019exposition permet de d\u00e9couvrir ces \u0153uvres dans un cadre restaur\u00e9, offrant une exp\u00e9rience immersive et \u00e9ducative. Les visiteurs pourront admirer la riche polychromie et la grisaille des panneaux, tout en apprenant sur l\u2019histoire et la technique de ces peintures monumentales. L\u2019exposition est \u00e9galement une occasion de d\u00e9couvrir la cath\u00e9drale Saint-Jean-Baptiste de Perpignan, un \u00e9difice majeur du patrimoine religieux de la r\u00e9gion. L\u2019\u00e9v\u00e9nement est ouvert \u00e0 tous les publics, avec un tarif plein de 8,00 \u20ac. La cath\u00e9drale Saint-Jean-Baptiste est situ\u00e9e au 21 Rue Mailly, Perpignan. Cette exposition est une opportunit\u00e9 unique de red\u00e9couvrir un chef-d\u2019\u0153uvre m\u00e9connu et de comprendre l\u2019importance de la restauration patrimoniale. Les visiteurs pourront appr\u00e9cier la beaut\u00e9 des volets du grand orgue dans un cadre historique exceptionnel. L\u2019ambiance spirituelle et artistique de l\u2019exposition offre une exp\u00e9rience immersive, permettant de mieux comprendre l\u2019histoire et la technique de ces peintures monumentales. La cath\u00e9drale Saint-Jean-Baptiste de Perpignan, avec son architecture impressionnante, ajoute une dimension suppl\u00e9mentaire \u00e0 cette visite culturelle. Ne manquez pas cette occasion de plonger dans l\u2019histoire et l\u2019art de la r\u00e9gion, tout en soutenant la pr\u00e9servation du patrimoine local. L\u2019exposition \u00ab La red\u00e9couverte d\u2019un chef-d\u2019\u0153uvre monumental : les volets du grand orgue de la cath\u00e9drale de Perpignan \u00bb promet d\u2019\u00eatre un moment inoubliable pour tous les amateurs d\u2019art et de patrimoine.\" \/>\n<meta property=\"og:url\" content=\"https:\/\/www.locansol.fr\/en\/evenement\/la-redecouverte-dun-chef-doeuvre-monumental-les-volets-du-grand-orgue-de-la-cathedrale-de-perpignan-28\/\" \/>\n<meta property=\"og:site_name\" content=\"Locansol, louer un h\u00e9bergement dans les Pyr\u00e9n\u00e9es Orientales\" \/>\n<meta property=\"article:modified_time\" content=\"2026-04-24T22:14:15+00:00\" \/>\n<meta property=\"og:image\" content=\"https:\/\/www.locansol.fr\/wp-content\/uploads\/2026\/04\/volets-monumentaux-cathedrale-perpignan-1.webp\" \/>\n\t<meta property=\"og:image:width\" content=\"1024\" \/>\n\t<meta property=\"og:image:height\" content=\"605\" \/>\n\t<meta property=\"og:image:type\" content=\"image\/webp\" \/>\n<meta name=\"twitter:card\" content=\"summary_large_image\" \/>\n<meta name=\"twitter:title\" content=\"\u00ab LA RED\u00c9COUVERTE D\u2019UN CHEF D\u2019\u0152UVRE MONUMENTAL \u00bb : LES VOLETS DU GRAND ORGUE DE LA CATH\u00c9DRALE DE PERPIGNAN\" \/>\n<meta name=\"twitter:description\" content=\"L\u2019exposition \u00ab La red\u00e9couverte d\u2019un chef-d\u2019\u0153uvre monumental : les volets du grand orgue de la cath\u00e9drale de Perpignan \u00bb se tiendra du 24 mars au 31 mai 2026 \u00e0 la cath\u00e9drale Saint-Jean-Baptiste de Perpignan. Cet \u00e9v\u00e9nement culturel exceptionnel met en lumi\u00e8re un tr\u00e9sor artistique et historique restaur\u00e9 avec soin sous l&#039;\u00e9gide de la Direction r\u00e9gionale des affaires culturelles d&#039;Occitanie. Les volets du grand orgue de la cath\u00e9drale, peints en 1504, sont parmi les ensembles picturaux les plus spectaculaires de ce type en Europe. Par leur qualit\u00e9 artistique, leur fonction liturgique originelle, leur anciennet\u00e9 et leurs dimensions monumentales, ces \u0153uvres sont exceptionnelles \u00e0 plus d\u2019un titre. Le chantier de restauration, lanc\u00e9 en 2022, a permis de redonner \u00e0 ces \u0153uvres leur visibilit\u00e9 et leur valeur. L\u2019op\u00e9ration, \u00e0 la fois technique, patrimoniale et scientifique, a permis de mieux comprendre la mise en \u0153uvre et l\u2019histoire mat\u00e9rielle de ces peintures g\u00e9antes. Les deux ch\u00e2ssis mesurent 12,6 m\u00e8tres de haut sur 4,3 m\u00e8tres de large, soit plus de 83 m\u00b2 chacun, ce qui en fait un ensemble probablement sans \u00e9quivalent dans le monde occidental. Initialement fix\u00e9s sur le buffet de l\u2019orgue, les volets se d\u00e9ployaient selon le rythme du calendrier liturgique, orchestrant un dialogue entre musique, architecture et image sacr\u00e9e. Peints \u00e0 la d\u00e9trempe sur toile, les panneaux pr\u00e9sentent, sur leur face principale, une riche polychromie, et sur leur revers une grisaille de facture soign\u00e9e. Ce double dispositif visuel renforce leur valeur spirituelle autant qu\u2019artistique. Au XIXe si\u00e8cle, les volets sont d\u00e9mont\u00e9s, d\u00e9plac\u00e9s, puis fix\u00e9s aux murs de la cath\u00e9drale, au-dessus de la porte dite \u00ab de Bethl\u00e9em \u00bb, o\u00f9 leur lecture devient difficile, et leur importance, peu \u00e0 peu, oubli\u00e9e. L\u2019exposition permet de d\u00e9couvrir ces \u0153uvres dans un cadre restaur\u00e9, offrant une exp\u00e9rience immersive et \u00e9ducative. Les visiteurs pourront admirer la riche polychromie et la grisaille des panneaux, tout en apprenant sur l\u2019histoire et la technique de ces peintures monumentales. L\u2019exposition est \u00e9galement une occasion de d\u00e9couvrir la cath\u00e9drale Saint-Jean-Baptiste de Perpignan, un \u00e9difice majeur du patrimoine religieux de la r\u00e9gion. L\u2019\u00e9v\u00e9nement est ouvert \u00e0 tous les publics, avec un tarif plein de 8,00 \u20ac. La cath\u00e9drale Saint-Jean-Baptiste est situ\u00e9e au 21 Rue Mailly, Perpignan. Cette exposition est une opportunit\u00e9 unique de red\u00e9couvrir un chef-d\u2019\u0153uvre m\u00e9connu et de comprendre l\u2019importance de la restauration patrimoniale. Les visiteurs pourront appr\u00e9cier la beaut\u00e9 des volets du grand orgue dans un cadre historique exceptionnel. L\u2019ambiance spirituelle et artistique de l\u2019exposition offre une exp\u00e9rience immersive, permettant de mieux comprendre l\u2019histoire et la technique de ces peintures monumentales. La cath\u00e9drale Saint-Jean-Baptiste de Perpignan, avec son architecture impressionnante, ajoute une dimension suppl\u00e9mentaire \u00e0 cette visite culturelle. Ne manquez pas cette occasion de plonger dans l\u2019histoire et l\u2019art de la r\u00e9gion, tout en soutenant la pr\u00e9servation du patrimoine local. L\u2019exposition \u00ab La red\u00e9couverte d\u2019un chef-d\u2019\u0153uvre monumental : les volets du grand orgue de la cath\u00e9drale de Perpignan \u00bb promet d\u2019\u00eatre un moment inoubliable pour tous les amateurs d\u2019art et de patrimoine.\" \/>\n<meta name=\"twitter:image\" content=\"https:\/\/www.locansol.fr\/wp-content\/uploads\/2026\/04\/volets-monumentaux-cathedrale-perpignan-1.webp\" \/>\n<meta name=\"twitter:label1\" content=\"Estimated reading time\" \/>\n\t<meta name=\"twitter:data1\" content=\"3 minutes\" \/>\n<script type=\"application\/ld+json\" class=\"yoast-schema-graph\">{\"@context\":\"https:\/\/schema.org\",\"@graph\":[{\"@type\":\"WebPage\",\"@id\":\"https:\/\/www.locansol.fr\/evenement\/la-redecouverte-dun-chef-doeuvre-monumental-les-volets-du-grand-orgue-de-la-cathedrale-de-perpignan-28\/\",\"url\":\"https:\/\/www.locansol.fr\/evenement\/la-redecouverte-dun-chef-doeuvre-monumental-les-volets-du-grand-orgue-de-la-cathedrale-de-perpignan-28\/\",\"name\":\"\u00ab LA RED\u00c9COUVERTE D\u2019UN CHEF D\u2019\u0152UVRE MONUMENTAL \u00bb : LES VOLETS DU GRAND ORGUE DE LA CATH\u00c9DRALE DE PERPIGNAN\",\"isPartOf\":{\"@id\":\"https:\/\/www.locansol.fr\/#website\"},\"primaryImageOfPage\":{\"@id\":\"https:\/\/www.locansol.fr\/evenement\/la-redecouverte-dun-chef-doeuvre-monumental-les-volets-du-grand-orgue-de-la-cathedrale-de-perpignan-28\/#primaryimage\"},\"image\":{\"@id\":\"https:\/\/www.locansol.fr\/evenement\/la-redecouverte-dun-chef-doeuvre-monumental-les-volets-du-grand-orgue-de-la-cathedrale-de-perpignan-28\/#primaryimage\"},\"thumbnailUrl\":\"https:\/\/www.locansol.fr\/wp-content\/uploads\/2026\/04\/volets-monumentaux-cathedrale-perpignan-1.webp\",\"datePublished\":\"2026-04-24T22:14:13+00:00\",\"dateModified\":\"2026-04-24T22:14:15+00:00\",\"description\":\"L\u2019exposition \u00ab La red\u00e9couverte d\u2019un chef-d\u2019\u0153uvre monumental : les volets du grand orgue de la cath\u00e9drale de Perpignan \u00bb se tiendra du 24 mars au 31 mai 2026 \u00e0 la cath\u00e9drale Saint-Jean-Baptiste de Perpignan. Cet \u00e9v\u00e9nement culturel exceptionnel met en lumi\u00e8re un tr\u00e9sor artistique et historique restaur\u00e9 avec soin sous l'\u00e9gide de la Direction r\u00e9gionale des affaires culturelles d'Occitanie. Les volets du grand orgue de la cath\u00e9drale, peints en 1504, sont parmi les ensembles picturaux les plus spectaculaires de ce type en Europe. Par leur qualit\u00e9 artistique, leur fonction liturgique originelle, leur anciennet\u00e9 et leurs dimensions monumentales, ces \u0153uvres sont exceptionnelles \u00e0 plus d\u2019un titre. Le chantier de restauration, lanc\u00e9 en 2022, a permis de redonner \u00e0 ces \u0153uvres leur visibilit\u00e9 et leur valeur. L\u2019op\u00e9ration, \u00e0 la fois technique, patrimoniale et scientifique, a permis de mieux comprendre la mise en \u0153uvre et l\u2019histoire mat\u00e9rielle de ces peintures g\u00e9antes. Les deux ch\u00e2ssis mesurent 12,6 m\u00e8tres de haut sur 4,3 m\u00e8tres de large, soit plus de 83 m\u00b2 chacun, ce qui en fait un ensemble probablement sans \u00e9quivalent dans le monde occidental. Initialement fix\u00e9s sur le buffet de l\u2019orgue, les volets se d\u00e9ployaient selon le rythme du calendrier liturgique, orchestrant un dialogue entre musique, architecture et image sacr\u00e9e. Peints \u00e0 la d\u00e9trempe sur toile, les panneaux pr\u00e9sentent, sur leur face principale, une riche polychromie, et sur leur revers une grisaille de facture soign\u00e9e. Ce double dispositif visuel renforce leur valeur spirituelle autant qu\u2019artistique. Au XIXe si\u00e8cle, les volets sont d\u00e9mont\u00e9s, d\u00e9plac\u00e9s, puis fix\u00e9s aux murs de la cath\u00e9drale, au-dessus de la porte dite \u00ab de Bethl\u00e9em \u00bb, o\u00f9 leur lecture devient difficile, et leur importance, peu \u00e0 peu, oubli\u00e9e. L\u2019exposition permet de d\u00e9couvrir ces \u0153uvres dans un cadre restaur\u00e9, offrant une exp\u00e9rience immersive et \u00e9ducative. Les visiteurs pourront admirer la riche polychromie et la grisaille des panneaux, tout en apprenant sur l\u2019histoire et la technique de ces peintures monumentales. L\u2019exposition est \u00e9galement une occasion de d\u00e9couvrir la cath\u00e9drale Saint-Jean-Baptiste de Perpignan, un \u00e9difice majeur du patrimoine religieux de la r\u00e9gion. L\u2019\u00e9v\u00e9nement est ouvert \u00e0 tous les publics, avec un tarif plein de 8,00 \u20ac. La cath\u00e9drale Saint-Jean-Baptiste est situ\u00e9e au 21 Rue Mailly, Perpignan. Cette exposition est une opportunit\u00e9 unique de red\u00e9couvrir un chef-d\u2019\u0153uvre m\u00e9connu et de comprendre l\u2019importance de la restauration patrimoniale. Les visiteurs pourront appr\u00e9cier la beaut\u00e9 des volets du grand orgue dans un cadre historique exceptionnel. L\u2019ambiance spirituelle et artistique de l\u2019exposition offre une exp\u00e9rience immersive, permettant de mieux comprendre l\u2019histoire et la technique de ces peintures monumentales. La cath\u00e9drale Saint-Jean-Baptiste de Perpignan, avec son architecture impressionnante, ajoute une dimension suppl\u00e9mentaire \u00e0 cette visite culturelle. Ne manquez pas cette occasion de plonger dans l\u2019histoire et l\u2019art de la r\u00e9gion, tout en soutenant la pr\u00e9servation du patrimoine local. L\u2019exposition \u00ab La red\u00e9couverte d\u2019un chef-d\u2019\u0153uvre monumental : les volets du grand orgue de la cath\u00e9drale de Perpignan \u00bb promet d\u2019\u00eatre un moment inoubliable pour tous les amateurs d\u2019art et de patrimoine.\",\"breadcrumb\":{\"@id\":\"https:\/\/www.locansol.fr\/evenement\/la-redecouverte-dun-chef-doeuvre-monumental-les-volets-du-grand-orgue-de-la-cathedrale-de-perpignan-28\/#breadcrumb\"},\"inLanguage\":\"en-GB\",\"potentialAction\":[{\"@type\":\"ReadAction\",\"target\":[\"https:\/\/www.locansol.fr\/evenement\/la-redecouverte-dun-chef-doeuvre-monumental-les-volets-du-grand-orgue-de-la-cathedrale-de-perpignan-28\/\"]}]},{\"@type\":\"ImageObject\",\"inLanguage\":\"en-GB\",\"@id\":\"https:\/\/www.locansol.fr\/evenement\/la-redecouverte-dun-chef-doeuvre-monumental-les-volets-du-grand-orgue-de-la-cathedrale-de-perpignan-28\/#primaryimage\",\"url\":\"https:\/\/www.locansol.fr\/wp-content\/uploads\/2026\/04\/volets-monumentaux-cathedrale-perpignan-1.webp\",\"contentUrl\":\"https:\/\/www.locansol.fr\/wp-content\/uploads\/2026\/04\/volets-monumentaux-cathedrale-perpignan-1.webp\",\"width\":1024,\"height\":605,\"caption\":\"Exposition volets monumentaux Perpignan - Red\u00e9couvrez un chef-d\u2019\u0153uvre\"},{\"@type\":\"BreadcrumbList\",\"@id\":\"https:\/\/www.locansol.fr\/evenement\/la-redecouverte-dun-chef-doeuvre-monumental-les-volets-du-grand-orgue-de-la-cathedrale-de-perpignan-28\/#breadcrumb\",\"itemListElement\":[{\"@type\":\"ListItem\",\"position\":1,\"name\":\"Accueil\",\"item\":\"https:\/\/www.locansol.fr\/\"},{\"@type\":\"ListItem\",\"position\":2,\"name\":\"\u00c9v\u00e8nements\",\"item\":\"https:\/\/www.locansol.fr\/evenements\/\"},{\"@type\":\"ListItem\",\"position\":3,\"name\":\"\u00ab LA RED\u00c9COUVERTE D\u2019UN CHEF D\u2019\u0152UVRE MONUMENTAL \u00bb : LES VOLETS DU GRAND ORGUE DE LA CATH\u00c9DRALE DE PERPIGNAN\"}]},{\"@type\":\"WebSite\",\"@id\":\"https:\/\/www.locansol.fr\/#website\",\"url\":\"https:\/\/www.locansol.fr\/\",\"name\":\"Locansol, louer un h\u00e9bergement dans les Pyr\u00e9n\u00e9es-Orientales\",\"description\":\"Location Mobil-home Mer M\u00e9diterran\u00e9e &amp; Chalet de Montagne dans les Pyr\u00e9n\u00e9es Orientales (Occitanie, 66). Weekend, s\u00e9jour &amp; vacances en famille et entre amis.\",\"publisher\":{\"@id\":\"https:\/\/www.locansol.fr\/#organization\"},\"alternateName\":\"Louer un h\u00e9bergement dans les Pyr\u00e9n\u00e9es Orientales, chalet & mobil-home en Occitanie\",\"potentialAction\":[{\"@type\":\"SearchAction\",\"target\":{\"@type\":\"EntryPoint\",\"urlTemplate\":\"https:\/\/www.locansol.fr\/?s={search_term_string}\"},\"query-input\":{\"@type\":\"PropertyValueSpecification\",\"valueRequired\":true,\"valueName\":\"search_term_string\"}}],\"inLanguage\":\"en-GB\"},{\"@type\":\"Organization\",\"@id\":\"https:\/\/www.locansol.fr\/#organization\",\"name\":\"Location MobilHome & chalet dans les Pyr\u00e9n\u00e9es Orientales\",\"alternateName\":\"Louer un h\u00e9bergement dans les Pyr\u00e9n\u00e9es Orientales en Occitanie\",\"url\":\"https:\/\/www.locansol.fr\/\",\"logo\":{\"@type\":\"ImageObject\",\"inLanguage\":\"en-GB\",\"@id\":\"https:\/\/www.locansol.fr\/#\/schema\/logo\/image\/\",\"url\":\"https:\/\/www.locansol.fr\/wp-content\/uploads\/2024\/04\/AdobeStock_303324767-scaled.jpeg\",\"contentUrl\":\"https:\/\/www.locansol.fr\/wp-content\/uploads\/2024\/04\/AdobeStock_303324767-scaled.jpeg\",\"width\":2560,\"height\":1707,\"caption\":\"Location MobilHome & chalet dans les Pyr\u00e9n\u00e9es Orientales\"},\"image\":{\"@id\":\"https:\/\/www.locansol.fr\/#\/schema\/logo\/image\/\"}}]}<\/script>\n<!-- \/ Yoast SEO Premium plugin. -->","yoast_head_json":{"title":"\u00ab LA RED\u00c9COUVERTE D\u2019UN CHEF D\u2019\u0152UVRE MONUMENTAL \u00bb : LES VOLETS DU GRAND ORGUE DE LA CATH\u00c9DRALE DE PERPIGNAN","description":"L\u2019exposition \u00ab La red\u00e9couverte d\u2019un chef-d\u2019\u0153uvre monumental : les volets du grand orgue de la cath\u00e9drale de Perpignan \u00bb se tiendra du 24 mars au 31 mai 2026 \u00e0 la cath\u00e9drale Saint-Jean-Baptiste de Perpignan. Cet \u00e9v\u00e9nement culturel exceptionnel met en lumi\u00e8re un tr\u00e9sor artistique et historique restaur\u00e9 avec soin sous l'\u00e9gide de la Direction r\u00e9gionale des affaires culturelles d'Occitanie. Les volets du grand orgue de la cath\u00e9drale, peints en 1504, sont parmi les ensembles picturaux les plus spectaculaires de ce type en Europe. Par leur qualit\u00e9 artistique, leur fonction liturgique originelle, leur anciennet\u00e9 et leurs dimensions monumentales, ces \u0153uvres sont exceptionnelles \u00e0 plus d\u2019un titre. Le chantier de restauration, lanc\u00e9 en 2022, a permis de redonner \u00e0 ces \u0153uvres leur visibilit\u00e9 et leur valeur. L\u2019op\u00e9ration, \u00e0 la fois technique, patrimoniale et scientifique, a permis de mieux comprendre la mise en \u0153uvre et l\u2019histoire mat\u00e9rielle de ces peintures g\u00e9antes. Les deux ch\u00e2ssis mesurent 12,6 m\u00e8tres de haut sur 4,3 m\u00e8tres de large, soit plus de 83 m\u00b2 chacun, ce qui en fait un ensemble probablement sans \u00e9quivalent dans le monde occidental. Initialement fix\u00e9s sur le buffet de l\u2019orgue, les volets se d\u00e9ployaient selon le rythme du calendrier liturgique, orchestrant un dialogue entre musique, architecture et image sacr\u00e9e. Peints \u00e0 la d\u00e9trempe sur toile, les panneaux pr\u00e9sentent, sur leur face principale, une riche polychromie, et sur leur revers une grisaille de facture soign\u00e9e. Ce double dispositif visuel renforce leur valeur spirituelle autant qu\u2019artistique. Au XIXe si\u00e8cle, les volets sont d\u00e9mont\u00e9s, d\u00e9plac\u00e9s, puis fix\u00e9s aux murs de la cath\u00e9drale, au-dessus de la porte dite \u00ab de Bethl\u00e9em \u00bb, o\u00f9 leur lecture devient difficile, et leur importance, peu \u00e0 peu, oubli\u00e9e. L\u2019exposition permet de d\u00e9couvrir ces \u0153uvres dans un cadre restaur\u00e9, offrant une exp\u00e9rience immersive et \u00e9ducative. Les visiteurs pourront admirer la riche polychromie et la grisaille des panneaux, tout en apprenant sur l\u2019histoire et la technique de ces peintures monumentales. L\u2019exposition est \u00e9galement une occasion de d\u00e9couvrir la cath\u00e9drale Saint-Jean-Baptiste de Perpignan, un \u00e9difice majeur du patrimoine religieux de la r\u00e9gion. L\u2019\u00e9v\u00e9nement est ouvert \u00e0 tous les publics, avec un tarif plein de 8,00 \u20ac. La cath\u00e9drale Saint-Jean-Baptiste est situ\u00e9e au 21 Rue Mailly, Perpignan. Cette exposition est une opportunit\u00e9 unique de red\u00e9couvrir un chef-d\u2019\u0153uvre m\u00e9connu et de comprendre l\u2019importance de la restauration patrimoniale. Les visiteurs pourront appr\u00e9cier la beaut\u00e9 des volets du grand orgue dans un cadre historique exceptionnel. L\u2019ambiance spirituelle et artistique de l\u2019exposition offre une exp\u00e9rience immersive, permettant de mieux comprendre l\u2019histoire et la technique de ces peintures monumentales. La cath\u00e9drale Saint-Jean-Baptiste de Perpignan, avec son architecture impressionnante, ajoute une dimension suppl\u00e9mentaire \u00e0 cette visite culturelle. Ne manquez pas cette occasion de plonger dans l\u2019histoire et l\u2019art de la r\u00e9gion, tout en soutenant la pr\u00e9servation du patrimoine local. L\u2019exposition \u00ab La red\u00e9couverte d\u2019un chef-d\u2019\u0153uvre monumental : les volets du grand orgue de la cath\u00e9drale de Perpignan \u00bb promet d\u2019\u00eatre un moment inoubliable pour tous les amateurs d\u2019art et de patrimoine.","robots":{"index":"index","follow":"follow","max-snippet":"max-snippet:-1","max-image-preview":"max-image-preview:large","max-video-preview":"max-video-preview:-1"},"canonical":"https:\/\/www.locansol.fr\/en\/evenement\/la-redecouverte-dun-chef-doeuvre-monumental-les-volets-du-grand-orgue-de-la-cathedrale-de-perpignan-28\/","og_locale":"en_GB","og_type":"article","og_title":"\u00ab LA RED\u00c9COUVERTE D\u2019UN CHEF D\u2019\u0152UVRE MONUMENTAL \u00bb : LES VOLETS DU GRAND ORGUE DE LA CATH\u00c9DRALE DE PERPIGNAN","og_description":"L\u2019exposition \u00ab La red\u00e9couverte d\u2019un chef-d\u2019\u0153uvre monumental : les volets du grand orgue de la cath\u00e9drale de Perpignan \u00bb se tiendra du 24 mars au 31 mai 2026 \u00e0 la cath\u00e9drale Saint-Jean-Baptiste de Perpignan. Cet \u00e9v\u00e9nement culturel exceptionnel met en lumi\u00e8re un tr\u00e9sor artistique et historique restaur\u00e9 avec soin sous l'\u00e9gide de la Direction r\u00e9gionale des affaires culturelles d'Occitanie. Les volets du grand orgue de la cath\u00e9drale, peints en 1504, sont parmi les ensembles picturaux les plus spectaculaires de ce type en Europe. Par leur qualit\u00e9 artistique, leur fonction liturgique originelle, leur anciennet\u00e9 et leurs dimensions monumentales, ces \u0153uvres sont exceptionnelles \u00e0 plus d\u2019un titre. Le chantier de restauration, lanc\u00e9 en 2022, a permis de redonner \u00e0 ces \u0153uvres leur visibilit\u00e9 et leur valeur. L\u2019op\u00e9ration, \u00e0 la fois technique, patrimoniale et scientifique, a permis de mieux comprendre la mise en \u0153uvre et l\u2019histoire mat\u00e9rielle de ces peintures g\u00e9antes. Les deux ch\u00e2ssis mesurent 12,6 m\u00e8tres de haut sur 4,3 m\u00e8tres de large, soit plus de 83 m\u00b2 chacun, ce qui en fait un ensemble probablement sans \u00e9quivalent dans le monde occidental. Initialement fix\u00e9s sur le buffet de l\u2019orgue, les volets se d\u00e9ployaient selon le rythme du calendrier liturgique, orchestrant un dialogue entre musique, architecture et image sacr\u00e9e. Peints \u00e0 la d\u00e9trempe sur toile, les panneaux pr\u00e9sentent, sur leur face principale, une riche polychromie, et sur leur revers une grisaille de facture soign\u00e9e. Ce double dispositif visuel renforce leur valeur spirituelle autant qu\u2019artistique. Au XIXe si\u00e8cle, les volets sont d\u00e9mont\u00e9s, d\u00e9plac\u00e9s, puis fix\u00e9s aux murs de la cath\u00e9drale, au-dessus de la porte dite \u00ab de Bethl\u00e9em \u00bb, o\u00f9 leur lecture devient difficile, et leur importance, peu \u00e0 peu, oubli\u00e9e. L\u2019exposition permet de d\u00e9couvrir ces \u0153uvres dans un cadre restaur\u00e9, offrant une exp\u00e9rience immersive et \u00e9ducative. Les visiteurs pourront admirer la riche polychromie et la grisaille des panneaux, tout en apprenant sur l\u2019histoire et la technique de ces peintures monumentales. L\u2019exposition est \u00e9galement une occasion de d\u00e9couvrir la cath\u00e9drale Saint-Jean-Baptiste de Perpignan, un \u00e9difice majeur du patrimoine religieux de la r\u00e9gion. L\u2019\u00e9v\u00e9nement est ouvert \u00e0 tous les publics, avec un tarif plein de 8,00 \u20ac. La cath\u00e9drale Saint-Jean-Baptiste est situ\u00e9e au 21 Rue Mailly, Perpignan. Cette exposition est une opportunit\u00e9 unique de red\u00e9couvrir un chef-d\u2019\u0153uvre m\u00e9connu et de comprendre l\u2019importance de la restauration patrimoniale. Les visiteurs pourront appr\u00e9cier la beaut\u00e9 des volets du grand orgue dans un cadre historique exceptionnel. L\u2019ambiance spirituelle et artistique de l\u2019exposition offre une exp\u00e9rience immersive, permettant de mieux comprendre l\u2019histoire et la technique de ces peintures monumentales. La cath\u00e9drale Saint-Jean-Baptiste de Perpignan, avec son architecture impressionnante, ajoute une dimension suppl\u00e9mentaire \u00e0 cette visite culturelle. Ne manquez pas cette occasion de plonger dans l\u2019histoire et l\u2019art de la r\u00e9gion, tout en soutenant la pr\u00e9servation du patrimoine local. L\u2019exposition \u00ab La red\u00e9couverte d\u2019un chef-d\u2019\u0153uvre monumental : les volets du grand orgue de la cath\u00e9drale de Perpignan \u00bb promet d\u2019\u00eatre un moment inoubliable pour tous les amateurs d\u2019art et de patrimoine.","og_url":"https:\/\/www.locansol.fr\/en\/evenement\/la-redecouverte-dun-chef-doeuvre-monumental-les-volets-du-grand-orgue-de-la-cathedrale-de-perpignan-28\/","og_site_name":"Locansol, louer un h\u00e9bergement dans les Pyr\u00e9n\u00e9es Orientales","article_modified_time":"2026-04-24T22:14:15+00:00","og_image":[{"width":1024,"height":605,"url":"https:\/\/www.locansol.fr\/wp-content\/uploads\/2026\/04\/volets-monumentaux-cathedrale-perpignan-1.webp","type":"image\/webp"}],"twitter_card":"summary_large_image","twitter_title":"\u00ab LA RED\u00c9COUVERTE D\u2019UN CHEF D\u2019\u0152UVRE MONUMENTAL \u00bb : LES VOLETS DU GRAND ORGUE DE LA CATH\u00c9DRALE DE PERPIGNAN","twitter_description":"L\u2019exposition \u00ab La red\u00e9couverte d\u2019un chef-d\u2019\u0153uvre monumental : les volets du grand orgue de la cath\u00e9drale de Perpignan \u00bb se tiendra du 24 mars au 31 mai 2026 \u00e0 la cath\u00e9drale Saint-Jean-Baptiste de Perpignan. Cet \u00e9v\u00e9nement culturel exceptionnel met en lumi\u00e8re un tr\u00e9sor artistique et historique restaur\u00e9 avec soin sous l'\u00e9gide de la Direction r\u00e9gionale des affaires culturelles d'Occitanie. Les volets du grand orgue de la cath\u00e9drale, peints en 1504, sont parmi les ensembles picturaux les plus spectaculaires de ce type en Europe. Par leur qualit\u00e9 artistique, leur fonction liturgique originelle, leur anciennet\u00e9 et leurs dimensions monumentales, ces \u0153uvres sont exceptionnelles \u00e0 plus d\u2019un titre. Le chantier de restauration, lanc\u00e9 en 2022, a permis de redonner \u00e0 ces \u0153uvres leur visibilit\u00e9 et leur valeur. L\u2019op\u00e9ration, \u00e0 la fois technique, patrimoniale et scientifique, a permis de mieux comprendre la mise en \u0153uvre et l\u2019histoire mat\u00e9rielle de ces peintures g\u00e9antes. Les deux ch\u00e2ssis mesurent 12,6 m\u00e8tres de haut sur 4,3 m\u00e8tres de large, soit plus de 83 m\u00b2 chacun, ce qui en fait un ensemble probablement sans \u00e9quivalent dans le monde occidental. Initialement fix\u00e9s sur le buffet de l\u2019orgue, les volets se d\u00e9ployaient selon le rythme du calendrier liturgique, orchestrant un dialogue entre musique, architecture et image sacr\u00e9e. Peints \u00e0 la d\u00e9trempe sur toile, les panneaux pr\u00e9sentent, sur leur face principale, une riche polychromie, et sur leur revers une grisaille de facture soign\u00e9e. Ce double dispositif visuel renforce leur valeur spirituelle autant qu\u2019artistique. Au XIXe si\u00e8cle, les volets sont d\u00e9mont\u00e9s, d\u00e9plac\u00e9s, puis fix\u00e9s aux murs de la cath\u00e9drale, au-dessus de la porte dite \u00ab de Bethl\u00e9em \u00bb, o\u00f9 leur lecture devient difficile, et leur importance, peu \u00e0 peu, oubli\u00e9e. L\u2019exposition permet de d\u00e9couvrir ces \u0153uvres dans un cadre restaur\u00e9, offrant une exp\u00e9rience immersive et \u00e9ducative. Les visiteurs pourront admirer la riche polychromie et la grisaille des panneaux, tout en apprenant sur l\u2019histoire et la technique de ces peintures monumentales. L\u2019exposition est \u00e9galement une occasion de d\u00e9couvrir la cath\u00e9drale Saint-Jean-Baptiste de Perpignan, un \u00e9difice majeur du patrimoine religieux de la r\u00e9gion. L\u2019\u00e9v\u00e9nement est ouvert \u00e0 tous les publics, avec un tarif plein de 8,00 \u20ac. La cath\u00e9drale Saint-Jean-Baptiste est situ\u00e9e au 21 Rue Mailly, Perpignan. Cette exposition est une opportunit\u00e9 unique de red\u00e9couvrir un chef-d\u2019\u0153uvre m\u00e9connu et de comprendre l\u2019importance de la restauration patrimoniale. Les visiteurs pourront appr\u00e9cier la beaut\u00e9 des volets du grand orgue dans un cadre historique exceptionnel. L\u2019ambiance spirituelle et artistique de l\u2019exposition offre une exp\u00e9rience immersive, permettant de mieux comprendre l\u2019histoire et la technique de ces peintures monumentales. La cath\u00e9drale Saint-Jean-Baptiste de Perpignan, avec son architecture impressionnante, ajoute une dimension suppl\u00e9mentaire \u00e0 cette visite culturelle. Ne manquez pas cette occasion de plonger dans l\u2019histoire et l\u2019art de la r\u00e9gion, tout en soutenant la pr\u00e9servation du patrimoine local. L\u2019exposition \u00ab La red\u00e9couverte d\u2019un chef-d\u2019\u0153uvre monumental : les volets du grand orgue de la cath\u00e9drale de Perpignan \u00bb promet d\u2019\u00eatre un moment inoubliable pour tous les amateurs d\u2019art et de patrimoine.","twitter_image":"https:\/\/www.locansol.fr\/wp-content\/uploads\/2026\/04\/volets-monumentaux-cathedrale-perpignan-1.webp","twitter_misc":{"Estimated reading time":"3 minutes"},"schema":{"@context":"https:\/\/schema.org","@graph":[{"@type":"WebPage","@id":"https:\/\/www.locansol.fr\/evenement\/la-redecouverte-dun-chef-doeuvre-monumental-les-volets-du-grand-orgue-de-la-cathedrale-de-perpignan-28\/","url":"https:\/\/www.locansol.fr\/evenement\/la-redecouverte-dun-chef-doeuvre-monumental-les-volets-du-grand-orgue-de-la-cathedrale-de-perpignan-28\/","name":"\u00ab LA RED\u00c9COUVERTE D\u2019UN CHEF D\u2019\u0152UVRE MONUMENTAL \u00bb : LES VOLETS DU GRAND ORGUE DE LA CATH\u00c9DRALE DE PERPIGNAN","isPartOf":{"@id":"https:\/\/www.locansol.fr\/#website"},"primaryImageOfPage":{"@id":"https:\/\/www.locansol.fr\/evenement\/la-redecouverte-dun-chef-doeuvre-monumental-les-volets-du-grand-orgue-de-la-cathedrale-de-perpignan-28\/#primaryimage"},"image":{"@id":"https:\/\/www.locansol.fr\/evenement\/la-redecouverte-dun-chef-doeuvre-monumental-les-volets-du-grand-orgue-de-la-cathedrale-de-perpignan-28\/#primaryimage"},"thumbnailUrl":"https:\/\/www.locansol.fr\/wp-content\/uploads\/2026\/04\/volets-monumentaux-cathedrale-perpignan-1.webp","datePublished":"2026-04-24T22:14:13+00:00","dateModified":"2026-04-24T22:14:15+00:00","description":"L\u2019exposition \u00ab La red\u00e9couverte d\u2019un chef-d\u2019\u0153uvre monumental : les volets du grand orgue de la cath\u00e9drale de Perpignan \u00bb se tiendra du 24 mars au 31 mai 2026 \u00e0 la cath\u00e9drale Saint-Jean-Baptiste de Perpignan. Cet \u00e9v\u00e9nement culturel exceptionnel met en lumi\u00e8re un tr\u00e9sor artistique et historique restaur\u00e9 avec soin sous l'\u00e9gide de la Direction r\u00e9gionale des affaires culturelles d'Occitanie. Les volets du grand orgue de la cath\u00e9drale, peints en 1504, sont parmi les ensembles picturaux les plus spectaculaires de ce type en Europe. Par leur qualit\u00e9 artistique, leur fonction liturgique originelle, leur anciennet\u00e9 et leurs dimensions monumentales, ces \u0153uvres sont exceptionnelles \u00e0 plus d\u2019un titre. Le chantier de restauration, lanc\u00e9 en 2022, a permis de redonner \u00e0 ces \u0153uvres leur visibilit\u00e9 et leur valeur. L\u2019op\u00e9ration, \u00e0 la fois technique, patrimoniale et scientifique, a permis de mieux comprendre la mise en \u0153uvre et l\u2019histoire mat\u00e9rielle de ces peintures g\u00e9antes. Les deux ch\u00e2ssis mesurent 12,6 m\u00e8tres de haut sur 4,3 m\u00e8tres de large, soit plus de 83 m\u00b2 chacun, ce qui en fait un ensemble probablement sans \u00e9quivalent dans le monde occidental. Initialement fix\u00e9s sur le buffet de l\u2019orgue, les volets se d\u00e9ployaient selon le rythme du calendrier liturgique, orchestrant un dialogue entre musique, architecture et image sacr\u00e9e. Peints \u00e0 la d\u00e9trempe sur toile, les panneaux pr\u00e9sentent, sur leur face principale, une riche polychromie, et sur leur revers une grisaille de facture soign\u00e9e. Ce double dispositif visuel renforce leur valeur spirituelle autant qu\u2019artistique. Au XIXe si\u00e8cle, les volets sont d\u00e9mont\u00e9s, d\u00e9plac\u00e9s, puis fix\u00e9s aux murs de la cath\u00e9drale, au-dessus de la porte dite \u00ab de Bethl\u00e9em \u00bb, o\u00f9 leur lecture devient difficile, et leur importance, peu \u00e0 peu, oubli\u00e9e. L\u2019exposition permet de d\u00e9couvrir ces \u0153uvres dans un cadre restaur\u00e9, offrant une exp\u00e9rience immersive et \u00e9ducative. Les visiteurs pourront admirer la riche polychromie et la grisaille des panneaux, tout en apprenant sur l\u2019histoire et la technique de ces peintures monumentales. L\u2019exposition est \u00e9galement une occasion de d\u00e9couvrir la cath\u00e9drale Saint-Jean-Baptiste de Perpignan, un \u00e9difice majeur du patrimoine religieux de la r\u00e9gion. L\u2019\u00e9v\u00e9nement est ouvert \u00e0 tous les publics, avec un tarif plein de 8,00 \u20ac. La cath\u00e9drale Saint-Jean-Baptiste est situ\u00e9e au 21 Rue Mailly, Perpignan. Cette exposition est une opportunit\u00e9 unique de red\u00e9couvrir un chef-d\u2019\u0153uvre m\u00e9connu et de comprendre l\u2019importance de la restauration patrimoniale. Les visiteurs pourront appr\u00e9cier la beaut\u00e9 des volets du grand orgue dans un cadre historique exceptionnel. L\u2019ambiance spirituelle et artistique de l\u2019exposition offre une exp\u00e9rience immersive, permettant de mieux comprendre l\u2019histoire et la technique de ces peintures monumentales. La cath\u00e9drale Saint-Jean-Baptiste de Perpignan, avec son architecture impressionnante, ajoute une dimension suppl\u00e9mentaire \u00e0 cette visite culturelle. Ne manquez pas cette occasion de plonger dans l\u2019histoire et l\u2019art de la r\u00e9gion, tout en soutenant la pr\u00e9servation du patrimoine local. L\u2019exposition \u00ab La red\u00e9couverte d\u2019un chef-d\u2019\u0153uvre monumental : les volets du grand orgue de la cath\u00e9drale de Perpignan \u00bb promet d\u2019\u00eatre un moment inoubliable pour tous les amateurs d\u2019art et de patrimoine.","breadcrumb":{"@id":"https:\/\/www.locansol.fr\/evenement\/la-redecouverte-dun-chef-doeuvre-monumental-les-volets-du-grand-orgue-de-la-cathedrale-de-perpignan-28\/#breadcrumb"},"inLanguage":"en-GB","potentialAction":[{"@type":"ReadAction","target":["https:\/\/www.locansol.fr\/evenement\/la-redecouverte-dun-chef-doeuvre-monumental-les-volets-du-grand-orgue-de-la-cathedrale-de-perpignan-28\/"]}]},{"@type":"ImageObject","inLanguage":"en-GB","@id":"https:\/\/www.locansol.fr\/evenement\/la-redecouverte-dun-chef-doeuvre-monumental-les-volets-du-grand-orgue-de-la-cathedrale-de-perpignan-28\/#primaryimage","url":"https:\/\/www.locansol.fr\/wp-content\/uploads\/2026\/04\/volets-monumentaux-cathedrale-perpignan-1.webp","contentUrl":"https:\/\/www.locansol.fr\/wp-content\/uploads\/2026\/04\/volets-monumentaux-cathedrale-perpignan-1.webp","width":1024,"height":605,"caption":"Exposition volets monumentaux Perpignan - Red\u00e9couvrez un chef-d\u2019\u0153uvre"},{"@type":"BreadcrumbList","@id":"https:\/\/www.locansol.fr\/evenement\/la-redecouverte-dun-chef-doeuvre-monumental-les-volets-du-grand-orgue-de-la-cathedrale-de-perpignan-28\/#breadcrumb","itemListElement":[{"@type":"ListItem","position":1,"name":"Accueil","item":"https:\/\/www.locansol.fr\/"},{"@type":"ListItem","position":2,"name":"\u00c9v\u00e8nements","item":"https:\/\/www.locansol.fr\/evenements\/"},{"@type":"ListItem","position":3,"name":"\u00ab LA RED\u00c9COUVERTE D\u2019UN CHEF D\u2019\u0152UVRE MONUMENTAL \u00bb : LES VOLETS DU GRAND ORGUE DE LA CATH\u00c9DRALE DE PERPIGNAN"}]},{"@type":"WebSite","@id":"https:\/\/www.locansol.fr\/#website","url":"https:\/\/www.locansol.fr\/","name":"Locansol, louer un h\u00e9bergement dans les Pyr\u00e9n\u00e9es-Orientales","description":"Location Mobil-home Mer M\u00e9diterran\u00e9e &amp; Chalet de Montagne dans les Pyr\u00e9n\u00e9es Orientales (Occitanie, 66). Weekend, s\u00e9jour &amp; vacances en famille et entre amis.","publisher":{"@id":"https:\/\/www.locansol.fr\/#organization"},"alternateName":"Louer un h\u00e9bergement dans les Pyr\u00e9n\u00e9es Orientales, chalet & mobil-home en Occitanie","potentialAction":[{"@type":"SearchAction","target":{"@type":"EntryPoint","urlTemplate":"https:\/\/www.locansol.fr\/?s={search_term_string}"},"query-input":{"@type":"PropertyValueSpecification","valueRequired":true,"valueName":"search_term_string"}}],"inLanguage":"en-GB"},{"@type":"Organization","@id":"https:\/\/www.locansol.fr\/#organization","name":"Location MobilHome & chalet dans les Pyr\u00e9n\u00e9es Orientales","alternateName":"Louer un h\u00e9bergement dans les Pyr\u00e9n\u00e9es Orientales en Occitanie","url":"https:\/\/www.locansol.fr\/","logo":{"@type":"ImageObject","inLanguage":"en-GB","@id":"https:\/\/www.locansol.fr\/#\/schema\/logo\/image\/","url":"https:\/\/www.locansol.fr\/wp-content\/uploads\/2024\/04\/AdobeStock_303324767-scaled.jpeg","contentUrl":"https:\/\/www.locansol.fr\/wp-content\/uploads\/2024\/04\/AdobeStock_303324767-scaled.jpeg","width":2560,"height":1707,"caption":"Location MobilHome & chalet dans les Pyr\u00e9n\u00e9es Orientales"},"image":{"@id":"https:\/\/www.locansol.fr\/#\/schema\/logo\/image\/"}}]}},"_links":{"self":[{"href":"https:\/\/www.locansol.fr\/en\/wp-json\/wp\/v2\/tribe_events\/6482","targetHints":{"allow":["GET"]}}],"collection":[{"href":"https:\/\/www.locansol.fr\/en\/wp-json\/wp\/v2\/tribe_events"}],"about":[{"href":"https:\/\/www.locansol.fr\/en\/wp-json\/wp\/v2\/types\/tribe_events"}],"author":[{"embeddable":true,"href":"https:\/\/www.locansol.fr\/en\/wp-json\/wp\/v2\/users\/5"}],"version-history":[{"count":1,"href":"https:\/\/www.locansol.fr\/en\/wp-json\/wp\/v2\/tribe_events\/6482\/revisions"}],"predecessor-version":[{"id":6483,"href":"https:\/\/www.locansol.fr\/en\/wp-json\/wp\/v2\/tribe_events\/6482\/revisions\/6483"}],"wp:featuredmedia":[{"embeddable":true,"href":"https:\/\/www.locansol.fr\/en\/wp-json\/wp\/v2\/media\/6479"}],"wp:attachment":[{"href":"https:\/\/www.locansol.fr\/en\/wp-json\/wp\/v2\/media?parent=6482"}],"wp:term":[{"taxonomy":"post_tag","embeddable":true,"href":"https:\/\/www.locansol.fr\/en\/wp-json\/wp\/v2\/tags?post=6482"},{"taxonomy":"tribe_events_cat","embeddable":true,"href":"https:\/\/www.locansol.fr\/en\/wp-json\/wp\/v2\/tribe_events_cat?post=6482"}],"curies":[{"name":"wp","href":"https:\/\/api.w.org\/{rel}","templated":true}]}}