{"id":6698,"date":"2026-04-29T08:09:42","date_gmt":"2026-04-29T06:09:42","guid":{"rendered":"https:\/\/www.locansol.fr\/evenement\/la-redecouverte-dun-chef-doeuvre-monumental-les-volets-du-grand-orgue-de-la-cathedrale-de-perpignan-50\/"},"modified":"2026-04-29T08:09:44","modified_gmt":"2026-04-29T06:09:44","slug":"la-redecouverte-dun-chef-doeuvre-monumental-les-volets-du-grand-orgue-de-la-cathedrale-de-perpignan-50","status":"publish","type":"tribe_events","link":"https:\/\/www.locansol.fr\/en\/evenement\/la-redecouverte-dun-chef-doeuvre-monumental-les-volets-du-grand-orgue-de-la-cathedrale-de-perpignan-50\/","title":{"rendered":"\u00ab LA RED\u00c9COUVERTE D\u2019UN CHEF D\u2019\u0152UVRE MONUMENTAL \u00bb : LES VOLETS DU GRAND ORGUE DE LA CATH\u00c9DRALE DE PERPIGNAN"},"content":{"rendered":"<p>L&rsquo;exposition \u00ab La Red\u00e9couverte d&rsquo;un Chef-d&rsquo;\u0152uvre Monumental \u00bb : Les Volets du Grand Orgue de la Cath\u00e9drale de Perpignan se tient au Mus\u00e9e d&rsquo;Art Hyacinthe Rigaud \u00e0 Perpignan, du 24 mars au 31 mai. Cette exposition met en lumi\u00e8re un tr\u00e9sor patrimonial exceptionnel : les volets du grand orgue de la cath\u00e9drale Saint-Jean-Baptiste, r\u00e9cemment restaur\u00e9s gr\u00e2ce \u00e0 un vaste chantier initi\u00e9 en 2022 par la Direction r\u00e9gionale des affaires culturelles d&rsquo;Occitanie. Peints en 1504, ces volets monumentaux, mesurant 12,6 m\u00e8tres de haut sur 4,3 m\u00e8tres de large, sont parmi les ensembles picturaux les plus spectaculaires de ce type en Europe. L&rsquo;exposition offre une occasion unique de d\u00e9couvrir ces \u0153uvres, leur histoire et leur restauration. Les visiteurs pourront admirer la riche polychromie de la face principale et la grisaille soign\u00e9e du revers, t\u00e9moignant de la qualit\u00e9 artistique et de la fonction liturgique de ces panneaux. L&rsquo;exposition est \u00e9galement une opportunit\u00e9 de comprendre l&rsquo;importance de la pr\u00e9servation du patrimoine et de s&rsquo;immerger dans l&rsquo;art religieux du XVe si\u00e8cle. Tarif : 8,00 \u20ac. Adresse : 21 Rue Mailly, Perpignan<\/p>\n<p><\/p>\n<h3>R\u00e9servez votre h\u00e9bergement dans les Pyr\u00e9n\u00e9es-Orientales :<\/h3>\n<p><b><a href='https:\/\/www.locansol.fr\/en\/rental-mobile-home-mediterranean\/'>Mobil-home Locansol \u00e0 Argel\u00e8s-sur-Mer<\/a><\/b><br \/>Trajet le plus court : 26 km<br \/>Trajet le plus rapide : 31 min<\/p>\n<p><b><a href='https:\/\/www.locansol.fr\/en\/rental-chalet-cerdagne\/'>Chalet Locansol \u00e0 Estavar<\/a><\/b><br \/>Trajet le plus court : 104 km<br \/>Trajet le plus rapide : 1 h 40 min<\/p>","protected":false},"excerpt":{"rendered":"<p>L&rsquo;exposition \u00ab La Red\u00e9couverte d&rsquo;un Chef-d&rsquo;\u0152uvre Monumental \u00bb : Les Volets du Grand Orgue de la Cath\u00e9drale de Perpignan se tient au Mus\u00e9e d&rsquo;Art Hyacinthe Rigaud \u00e0 Perpignan, du 24 [&hellip;]<\/p>","protected":false},"author":5,"featured_media":6695,"template":"","meta":{"_yoast_wpseo_focuskw":"\u00ab LA RED\u00c9COUVERTE D\u2019UN CHEF D\u2019\u0152UVRE MONUMENTAL \u00bb : LES VOLETS DU GRAND ORGUE DE LA CATH\u00c9DRALE DE PERPIGNAN","_yoast_wpseo_title":"\u00ab LA RED\u00c9COUVERTE D\u2019UN CHEF D\u2019\u0152UVRE MONUMENTAL \u00bb : LES VOLETS DU GRAND ORGUE DE LA CATH\u00c9DRALE DE PERPIGNAN","_yoast_wpseo_metadesc":"L'exposition \u00ab La Red\u00e9couverte d'un Chef-d'\u0152uvre Monumental \u00bb : Les Volets du Grand Orgue de la Cath\u00e9drale de Perpignan se tient au Mus\u00e9e d'Art Hyacinthe Rigaud \u00e0 Perpignan, du 24 mars au 31 mai. Cette exposition met en lumi\u00e8re un tr\u00e9sor patrimonial exceptionnel : les volets du grand orgue de la cath\u00e9drale Saint-Jean-Baptiste, r\u00e9cemment restaur\u00e9s gr\u00e2ce \u00e0 un vaste chantier initi\u00e9 en 2022 par la Direction r\u00e9gionale des affaires culturelles d'Occitanie. Peints en 1504, ces volets monumentaux, mesurant 12,6 m\u00e8tres de haut sur 4,3 m\u00e8tres de large, sont parmi les ensembles picturaux les plus spectaculaires de ce type en Europe. L'exposition offre une occasion unique de d\u00e9couvrir ces \u0153uvres, leur histoire et leur restauration. Les visiteurs pourront admirer la riche polychromie de la face principale et la grisaille soign\u00e9e du revers, t\u00e9moignant de la qualit\u00e9 artistique et de la fonction liturgique de ces panneaux. L'exposition est \u00e9galement une opportunit\u00e9 de comprendre l'importance de la pr\u00e9servation du patrimoine et de s'immerger dans l'art religieux du XVe si\u00e8cle. Tarif : 8,00 \u20ac. Adresse : 21 Rue Mailly, Perpignan","_yoast_wpseo_canonical":"","_yoast_wpseo_opengraph-title":"\u00ab LA RED\u00c9COUVERTE D\u2019UN CHEF D\u2019\u0152UVRE MONUMENTAL \u00bb : LES VOLETS DU GRAND ORGUE DE LA CATH\u00c9DRALE DE PERPIGNAN","_yoast_wpseo_opengraph-description":"L'exposition \u00ab La Red\u00e9couverte d'un Chef-d'\u0152uvre Monumental \u00bb : Les Volets du Grand Orgue de la Cath\u00e9drale de Perpignan se tient au Mus\u00e9e d'Art Hyacinthe Rigaud \u00e0 Perpignan, du 24 mars au 31 mai. Cette exposition met en lumi\u00e8re un tr\u00e9sor patrimonial exceptionnel : les volets du grand orgue de la cath\u00e9drale Saint-Jean-Baptiste, r\u00e9cemment restaur\u00e9s gr\u00e2ce \u00e0 un vaste chantier initi\u00e9 en 2022 par la Direction r\u00e9gionale des affaires culturelles d'Occitanie. Peints en 1504, ces volets monumentaux, mesurant 12,6 m\u00e8tres de haut sur 4,3 m\u00e8tres de large, sont parmi les ensembles picturaux les plus spectaculaires de ce type en Europe. L'exposition offre une occasion unique de d\u00e9couvrir ces \u0153uvres, leur histoire et leur restauration. Les visiteurs pourront admirer la riche polychromie de la face principale et la grisaille soign\u00e9e du revers, t\u00e9moignant de la qualit\u00e9 artistique et de la fonction liturgique de ces panneaux. L'exposition est \u00e9galement une opportunit\u00e9 de comprendre l'importance de la pr\u00e9servation du patrimoine et de s'immerger dans l'art religieux du XVe si\u00e8cle. Tarif : 8,00 \u20ac. Adresse : 21 Rue Mailly, Perpignan","_yoast_wpseo_opengraph-image":"https:\/\/www.locansol.fr\/wp-content\/uploads\/2026\/04\/exposition-volets-orgue-medieval.webp","_yoast_wpseo_opengraph-image-id":"6695","_yoast_wpseo_twitter-title":"\u00ab LA RED\u00c9COUVERTE D\u2019UN CHEF D\u2019\u0152UVRE MONUMENTAL \u00bb : LES VOLETS DU GRAND ORGUE DE LA CATH\u00c9DRALE DE PERPIGNAN","_yoast_wpseo_twitter-description":"L'exposition \u00ab La Red\u00e9couverte d'un Chef-d'\u0152uvre Monumental \u00bb : Les Volets du Grand Orgue de la Cath\u00e9drale de Perpignan se tient au Mus\u00e9e d'Art Hyacinthe Rigaud \u00e0 Perpignan, du 24 mars au 31 mai. Cette exposition met en lumi\u00e8re un tr\u00e9sor patrimonial exceptionnel : les volets du grand orgue de la cath\u00e9drale Saint-Jean-Baptiste, r\u00e9cemment restaur\u00e9s gr\u00e2ce \u00e0 un vaste chantier initi\u00e9 en 2022 par la Direction r\u00e9gionale des affaires culturelles d'Occitanie. Peints en 1504, ces volets monumentaux, mesurant 12,6 m\u00e8tres de haut sur 4,3 m\u00e8tres de large, sont parmi les ensembles picturaux les plus spectaculaires de ce type en Europe. L'exposition offre une occasion unique de d\u00e9couvrir ces \u0153uvres, leur histoire et leur restauration. Les visiteurs pourront admirer la riche polychromie de la face principale et la grisaille soign\u00e9e du revers, t\u00e9moignant de la qualit\u00e9 artistique et de la fonction liturgique de ces panneaux. L'exposition est \u00e9galement une opportunit\u00e9 de comprendre l'importance de la pr\u00e9servation du patrimoine et de s'immerger dans l'art religieux du XVe si\u00e8cle. Tarif : 8,00 \u20ac. Adresse : 21 Rue Mailly, Perpignan","_yoast_wpseo_twitter-image":"https:\/\/www.locansol.fr\/wp-content\/uploads\/2026\/04\/exposition-volets-orgue-medieval.webp","_yoast_wpseo_twitter-image-id":"6695}","yoast_primary_category":"Exposition","_tribe_events_status":"","_tribe_events_status_reason":"","_tribe_events_is_hybrid":"","_tribe_events_is_virtual":"","_tribe_events_virtual_video_source":"","_tribe_events_virtual_embed_video":"","_tribe_events_virtual_linked_button_text":"","_tribe_events_virtual_linked_button":"","_tribe_events_virtual_show_embed_at":"","_tribe_events_virtual_show_embed_to":[],"_tribe_events_virtual_show_on_event":"","_tribe_events_virtual_show_on_views":"","_tribe_events_virtual_url":"","footnotes":""},"tags":[66,76],"tribe_events_cat":[138,90,160,169],"class_list":["post-6698","tribe_events","type-tribe_events","status-publish","has-post-thumbnail","hentry","tag-evenement-culturel","tag-pyrenees-orientales","tribe_events_cat-evenement-culturel","tribe_events_cat-exposition","tribe_events_cat-peinture","tribe_events_cat-pyrenees-orientales","cat_evenement-culturel","cat_exposition","cat_peinture","cat_pyrenees-orientales"],"yoast_head":"<!-- This site is optimized with the Yoast SEO Premium plugin v23.3 (Yoast SEO v26.9) - https:\/\/yoast.com\/product\/yoast-seo-premium-wordpress\/ -->\n<title>\u00ab LA RED\u00c9COUVERTE D\u2019UN CHEF D\u2019\u0152UVRE MONUMENTAL \u00bb : LES VOLETS DU GRAND ORGUE DE LA CATH\u00c9DRALE DE PERPIGNAN<\/title>\n<meta name=\"description\" content=\"L&#039;exposition \u00ab La Red\u00e9couverte d&#039;un Chef-d&#039;\u0152uvre Monumental \u00bb : Les Volets du Grand Orgue de la Cath\u00e9drale de Perpignan se tient au Mus\u00e9e d&#039;Art Hyacinthe Rigaud \u00e0 Perpignan, du 24 mars au 31 mai. Cette exposition met en lumi\u00e8re un tr\u00e9sor patrimonial exceptionnel : les volets du grand orgue de la cath\u00e9drale Saint-Jean-Baptiste, r\u00e9cemment restaur\u00e9s gr\u00e2ce \u00e0 un vaste chantier initi\u00e9 en 2022 par la Direction r\u00e9gionale des affaires culturelles d&#039;Occitanie. Peints en 1504, ces volets monumentaux, mesurant 12,6 m\u00e8tres de haut sur 4,3 m\u00e8tres de large, sont parmi les ensembles picturaux les plus spectaculaires de ce type en Europe. L&#039;exposition offre une occasion unique de d\u00e9couvrir ces \u0153uvres, leur histoire et leur restauration. Les visiteurs pourront admirer la riche polychromie de la face principale et la grisaille soign\u00e9e du revers, t\u00e9moignant de la qualit\u00e9 artistique et de la fonction liturgique de ces panneaux. L&#039;exposition est \u00e9galement une opportunit\u00e9 de comprendre l&#039;importance de la pr\u00e9servation du patrimoine et de s&#039;immerger dans l&#039;art religieux du XVe si\u00e8cle. Tarif : 8,00 \u20ac. Adresse : 21 Rue Mailly, Perpignan\" \/>\n<meta name=\"robots\" content=\"index, follow, max-snippet:-1, max-image-preview:large, max-video-preview:-1\" \/>\n<link rel=\"canonical\" href=\"https:\/\/www.locansol.fr\/en\/evenement\/la-redecouverte-dun-chef-doeuvre-monumental-les-volets-du-grand-orgue-de-la-cathedrale-de-perpignan-50\/\" \/>\n<meta property=\"og:locale\" content=\"en_GB\" \/>\n<meta property=\"og:type\" content=\"article\" \/>\n<meta property=\"og:title\" content=\"\u00ab LA RED\u00c9COUVERTE D\u2019UN CHEF D\u2019\u0152UVRE MONUMENTAL \u00bb : LES VOLETS DU GRAND ORGUE DE LA CATH\u00c9DRALE DE PERPIGNAN\" \/>\n<meta property=\"og:description\" content=\"L&#039;exposition \u00ab La Red\u00e9couverte d&#039;un Chef-d&#039;\u0152uvre Monumental \u00bb : Les Volets du Grand Orgue de la Cath\u00e9drale de Perpignan se tient au Mus\u00e9e d&#039;Art Hyacinthe Rigaud \u00e0 Perpignan, du 24 mars au 31 mai. Cette exposition met en lumi\u00e8re un tr\u00e9sor patrimonial exceptionnel : les volets du grand orgue de la cath\u00e9drale Saint-Jean-Baptiste, r\u00e9cemment restaur\u00e9s gr\u00e2ce \u00e0 un vaste chantier initi\u00e9 en 2022 par la Direction r\u00e9gionale des affaires culturelles d&#039;Occitanie. Peints en 1504, ces volets monumentaux, mesurant 12,6 m\u00e8tres de haut sur 4,3 m\u00e8tres de large, sont parmi les ensembles picturaux les plus spectaculaires de ce type en Europe. L&#039;exposition offre une occasion unique de d\u00e9couvrir ces \u0153uvres, leur histoire et leur restauration. Les visiteurs pourront admirer la riche polychromie de la face principale et la grisaille soign\u00e9e du revers, t\u00e9moignant de la qualit\u00e9 artistique et de la fonction liturgique de ces panneaux. L&#039;exposition est \u00e9galement une opportunit\u00e9 de comprendre l&#039;importance de la pr\u00e9servation du patrimoine et de s&#039;immerger dans l&#039;art religieux du XVe si\u00e8cle. Tarif : 8,00 \u20ac. Adresse : 21 Rue Mailly, Perpignan\" \/>\n<meta property=\"og:url\" content=\"https:\/\/www.locansol.fr\/en\/evenement\/la-redecouverte-dun-chef-doeuvre-monumental-les-volets-du-grand-orgue-de-la-cathedrale-de-perpignan-50\/\" \/>\n<meta property=\"og:site_name\" content=\"Locansol, louer un h\u00e9bergement dans les Pyr\u00e9n\u00e9es Orientales\" \/>\n<meta property=\"article:modified_time\" content=\"2026-04-29T06:09:44+00:00\" \/>\n<meta property=\"og:image\" content=\"https:\/\/www.locansol.fr\/wp-content\/uploads\/2026\/04\/exposition-volets-orgue-medieval.webp\" \/>\n\t<meta property=\"og:image:width\" content=\"1024\" \/>\n\t<meta property=\"og:image:height\" content=\"605\" \/>\n\t<meta property=\"og:image:type\" content=\"image\/webp\" \/>\n<meta name=\"twitter:card\" content=\"summary_large_image\" \/>\n<meta name=\"twitter:title\" content=\"\u00ab LA RED\u00c9COUVERTE D\u2019UN CHEF D\u2019\u0152UVRE MONUMENTAL \u00bb : LES VOLETS DU GRAND ORGUE DE LA CATH\u00c9DRALE DE PERPIGNAN\" \/>\n<meta name=\"twitter:description\" content=\"L&#039;exposition \u00ab La Red\u00e9couverte d&#039;un Chef-d&#039;\u0152uvre Monumental \u00bb : Les Volets du Grand Orgue de la Cath\u00e9drale de Perpignan se tient au Mus\u00e9e d&#039;Art Hyacinthe Rigaud \u00e0 Perpignan, du 24 mars au 31 mai. Cette exposition met en lumi\u00e8re un tr\u00e9sor patrimonial exceptionnel : les volets du grand orgue de la cath\u00e9drale Saint-Jean-Baptiste, r\u00e9cemment restaur\u00e9s gr\u00e2ce \u00e0 un vaste chantier initi\u00e9 en 2022 par la Direction r\u00e9gionale des affaires culturelles d&#039;Occitanie. Peints en 1504, ces volets monumentaux, mesurant 12,6 m\u00e8tres de haut sur 4,3 m\u00e8tres de large, sont parmi les ensembles picturaux les plus spectaculaires de ce type en Europe. L&#039;exposition offre une occasion unique de d\u00e9couvrir ces \u0153uvres, leur histoire et leur restauration. Les visiteurs pourront admirer la riche polychromie de la face principale et la grisaille soign\u00e9e du revers, t\u00e9moignant de la qualit\u00e9 artistique et de la fonction liturgique de ces panneaux. L&#039;exposition est \u00e9galement une opportunit\u00e9 de comprendre l&#039;importance de la pr\u00e9servation du patrimoine et de s&#039;immerger dans l&#039;art religieux du XVe si\u00e8cle. Tarif : 8,00 \u20ac. Adresse : 21 Rue Mailly, Perpignan\" \/>\n<meta name=\"twitter:image\" content=\"https:\/\/www.locansol.fr\/wp-content\/uploads\/2026\/04\/exposition-volets-orgue-medieval.webp\" \/>\n<meta name=\"twitter:label1\" content=\"Estimated reading time\" \/>\n\t<meta name=\"twitter:data1\" content=\"1 minute\" \/>\n<script type=\"application\/ld+json\" class=\"yoast-schema-graph\">{\"@context\":\"https:\/\/schema.org\",\"@graph\":[{\"@type\":\"WebPage\",\"@id\":\"https:\/\/www.locansol.fr\/evenement\/la-redecouverte-dun-chef-doeuvre-monumental-les-volets-du-grand-orgue-de-la-cathedrale-de-perpignan-50\/\",\"url\":\"https:\/\/www.locansol.fr\/evenement\/la-redecouverte-dun-chef-doeuvre-monumental-les-volets-du-grand-orgue-de-la-cathedrale-de-perpignan-50\/\",\"name\":\"\u00ab LA RED\u00c9COUVERTE D\u2019UN CHEF D\u2019\u0152UVRE MONUMENTAL \u00bb : LES VOLETS DU GRAND ORGUE DE LA CATH\u00c9DRALE DE PERPIGNAN\",\"isPartOf\":{\"@id\":\"https:\/\/www.locansol.fr\/#website\"},\"primaryImageOfPage\":{\"@id\":\"https:\/\/www.locansol.fr\/evenement\/la-redecouverte-dun-chef-doeuvre-monumental-les-volets-du-grand-orgue-de-la-cathedrale-de-perpignan-50\/#primaryimage\"},\"image\":{\"@id\":\"https:\/\/www.locansol.fr\/evenement\/la-redecouverte-dun-chef-doeuvre-monumental-les-volets-du-grand-orgue-de-la-cathedrale-de-perpignan-50\/#primaryimage\"},\"thumbnailUrl\":\"https:\/\/www.locansol.fr\/wp-content\/uploads\/2026\/04\/exposition-volets-orgue-medieval.webp\",\"datePublished\":\"2026-04-29T06:09:42+00:00\",\"dateModified\":\"2026-04-29T06:09:44+00:00\",\"description\":\"L'exposition \u00ab La Red\u00e9couverte d'un Chef-d'\u0152uvre Monumental \u00bb : Les Volets du Grand Orgue de la Cath\u00e9drale de Perpignan se tient au Mus\u00e9e d'Art Hyacinthe Rigaud \u00e0 Perpignan, du 24 mars au 31 mai. Cette exposition met en lumi\u00e8re un tr\u00e9sor patrimonial exceptionnel : les volets du grand orgue de la cath\u00e9drale Saint-Jean-Baptiste, r\u00e9cemment restaur\u00e9s gr\u00e2ce \u00e0 un vaste chantier initi\u00e9 en 2022 par la Direction r\u00e9gionale des affaires culturelles d'Occitanie. Peints en 1504, ces volets monumentaux, mesurant 12,6 m\u00e8tres de haut sur 4,3 m\u00e8tres de large, sont parmi les ensembles picturaux les plus spectaculaires de ce type en Europe. L'exposition offre une occasion unique de d\u00e9couvrir ces \u0153uvres, leur histoire et leur restauration. Les visiteurs pourront admirer la riche polychromie de la face principale et la grisaille soign\u00e9e du revers, t\u00e9moignant de la qualit\u00e9 artistique et de la fonction liturgique de ces panneaux. L'exposition est \u00e9galement une opportunit\u00e9 de comprendre l'importance de la pr\u00e9servation du patrimoine et de s'immerger dans l'art religieux du XVe si\u00e8cle. Tarif : 8,00 \u20ac. Adresse : 21 Rue Mailly, Perpignan\",\"breadcrumb\":{\"@id\":\"https:\/\/www.locansol.fr\/evenement\/la-redecouverte-dun-chef-doeuvre-monumental-les-volets-du-grand-orgue-de-la-cathedrale-de-perpignan-50\/#breadcrumb\"},\"inLanguage\":\"en-GB\",\"potentialAction\":[{\"@type\":\"ReadAction\",\"target\":[\"https:\/\/www.locansol.fr\/evenement\/la-redecouverte-dun-chef-doeuvre-monumental-les-volets-du-grand-orgue-de-la-cathedrale-de-perpignan-50\/\"]}]},{\"@type\":\"ImageObject\",\"inLanguage\":\"en-GB\",\"@id\":\"https:\/\/www.locansol.fr\/evenement\/la-redecouverte-dun-chef-doeuvre-monumental-les-volets-du-grand-orgue-de-la-cathedrale-de-perpignan-50\/#primaryimage\",\"url\":\"https:\/\/www.locansol.fr\/wp-content\/uploads\/2026\/04\/exposition-volets-orgue-medieval.webp\",\"contentUrl\":\"https:\/\/www.locansol.fr\/wp-content\/uploads\/2026\/04\/exposition-volets-orgue-medieval.webp\",\"width\":1024,\"height\":605,\"caption\":\"La Red\u00e9couverte d'un Chef-d'\u0152uvre Monumental Perpignan\"},{\"@type\":\"BreadcrumbList\",\"@id\":\"https:\/\/www.locansol.fr\/evenement\/la-redecouverte-dun-chef-doeuvre-monumental-les-volets-du-grand-orgue-de-la-cathedrale-de-perpignan-50\/#breadcrumb\",\"itemListElement\":[{\"@type\":\"ListItem\",\"position\":1,\"name\":\"Accueil\",\"item\":\"https:\/\/www.locansol.fr\/\"},{\"@type\":\"ListItem\",\"position\":2,\"name\":\"\u00c9v\u00e8nements\",\"item\":\"https:\/\/www.locansol.fr\/evenements\/\"},{\"@type\":\"ListItem\",\"position\":3,\"name\":\"\u00ab LA RED\u00c9COUVERTE D\u2019UN CHEF D\u2019\u0152UVRE MONUMENTAL \u00bb : LES VOLETS DU GRAND ORGUE DE LA CATH\u00c9DRALE DE PERPIGNAN\"}]},{\"@type\":\"WebSite\",\"@id\":\"https:\/\/www.locansol.fr\/#website\",\"url\":\"https:\/\/www.locansol.fr\/\",\"name\":\"Locansol, louer un h\u00e9bergement dans les Pyr\u00e9n\u00e9es-Orientales\",\"description\":\"Location Mobil-home Mer M\u00e9diterran\u00e9e &amp; Chalet de Montagne dans les Pyr\u00e9n\u00e9es Orientales (Occitanie, 66). Weekend, s\u00e9jour &amp; vacances en famille et entre amis.\",\"publisher\":{\"@id\":\"https:\/\/www.locansol.fr\/#organization\"},\"alternateName\":\"Louer un h\u00e9bergement dans les Pyr\u00e9n\u00e9es Orientales, chalet & mobil-home en Occitanie\",\"potentialAction\":[{\"@type\":\"SearchAction\",\"target\":{\"@type\":\"EntryPoint\",\"urlTemplate\":\"https:\/\/www.locansol.fr\/?s={search_term_string}\"},\"query-input\":{\"@type\":\"PropertyValueSpecification\",\"valueRequired\":true,\"valueName\":\"search_term_string\"}}],\"inLanguage\":\"en-GB\"},{\"@type\":\"Organization\",\"@id\":\"https:\/\/www.locansol.fr\/#organization\",\"name\":\"Location MobilHome & chalet dans les Pyr\u00e9n\u00e9es Orientales\",\"alternateName\":\"Louer un h\u00e9bergement dans les Pyr\u00e9n\u00e9es Orientales en Occitanie\",\"url\":\"https:\/\/www.locansol.fr\/\",\"logo\":{\"@type\":\"ImageObject\",\"inLanguage\":\"en-GB\",\"@id\":\"https:\/\/www.locansol.fr\/#\/schema\/logo\/image\/\",\"url\":\"https:\/\/www.locansol.fr\/wp-content\/uploads\/2024\/04\/AdobeStock_303324767-scaled.jpeg\",\"contentUrl\":\"https:\/\/www.locansol.fr\/wp-content\/uploads\/2024\/04\/AdobeStock_303324767-scaled.jpeg\",\"width\":2560,\"height\":1707,\"caption\":\"Location MobilHome & chalet dans les Pyr\u00e9n\u00e9es Orientales\"},\"image\":{\"@id\":\"https:\/\/www.locansol.fr\/#\/schema\/logo\/image\/\"}}]}<\/script>\n<!-- \/ Yoast SEO Premium plugin. -->","yoast_head_json":{"title":"\u00ab LA RED\u00c9COUVERTE D\u2019UN CHEF D\u2019\u0152UVRE MONUMENTAL \u00bb : LES VOLETS DU GRAND ORGUE DE LA CATH\u00c9DRALE DE PERPIGNAN","description":"L'exposition \u00ab La Red\u00e9couverte d'un Chef-d'\u0152uvre Monumental \u00bb : Les Volets du Grand Orgue de la Cath\u00e9drale de Perpignan se tient au Mus\u00e9e d'Art Hyacinthe Rigaud \u00e0 Perpignan, du 24 mars au 31 mai. Cette exposition met en lumi\u00e8re un tr\u00e9sor patrimonial exceptionnel : les volets du grand orgue de la cath\u00e9drale Saint-Jean-Baptiste, r\u00e9cemment restaur\u00e9s gr\u00e2ce \u00e0 un vaste chantier initi\u00e9 en 2022 par la Direction r\u00e9gionale des affaires culturelles d'Occitanie. Peints en 1504, ces volets monumentaux, mesurant 12,6 m\u00e8tres de haut sur 4,3 m\u00e8tres de large, sont parmi les ensembles picturaux les plus spectaculaires de ce type en Europe. L'exposition offre une occasion unique de d\u00e9couvrir ces \u0153uvres, leur histoire et leur restauration. Les visiteurs pourront admirer la riche polychromie de la face principale et la grisaille soign\u00e9e du revers, t\u00e9moignant de la qualit\u00e9 artistique et de la fonction liturgique de ces panneaux. L'exposition est \u00e9galement une opportunit\u00e9 de comprendre l'importance de la pr\u00e9servation du patrimoine et de s'immerger dans l'art religieux du XVe si\u00e8cle. Tarif : 8,00 \u20ac. Adresse : 21 Rue Mailly, Perpignan","robots":{"index":"index","follow":"follow","max-snippet":"max-snippet:-1","max-image-preview":"max-image-preview:large","max-video-preview":"max-video-preview:-1"},"canonical":"https:\/\/www.locansol.fr\/en\/evenement\/la-redecouverte-dun-chef-doeuvre-monumental-les-volets-du-grand-orgue-de-la-cathedrale-de-perpignan-50\/","og_locale":"en_GB","og_type":"article","og_title":"\u00ab LA RED\u00c9COUVERTE D\u2019UN CHEF D\u2019\u0152UVRE MONUMENTAL \u00bb : LES VOLETS DU GRAND ORGUE DE LA CATH\u00c9DRALE DE PERPIGNAN","og_description":"L'exposition \u00ab La Red\u00e9couverte d'un Chef-d'\u0152uvre Monumental \u00bb : Les Volets du Grand Orgue de la Cath\u00e9drale de Perpignan se tient au Mus\u00e9e d'Art Hyacinthe Rigaud \u00e0 Perpignan, du 24 mars au 31 mai. Cette exposition met en lumi\u00e8re un tr\u00e9sor patrimonial exceptionnel : les volets du grand orgue de la cath\u00e9drale Saint-Jean-Baptiste, r\u00e9cemment restaur\u00e9s gr\u00e2ce \u00e0 un vaste chantier initi\u00e9 en 2022 par la Direction r\u00e9gionale des affaires culturelles d'Occitanie. Peints en 1504, ces volets monumentaux, mesurant 12,6 m\u00e8tres de haut sur 4,3 m\u00e8tres de large, sont parmi les ensembles picturaux les plus spectaculaires de ce type en Europe. L'exposition offre une occasion unique de d\u00e9couvrir ces \u0153uvres, leur histoire et leur restauration. Les visiteurs pourront admirer la riche polychromie de la face principale et la grisaille soign\u00e9e du revers, t\u00e9moignant de la qualit\u00e9 artistique et de la fonction liturgique de ces panneaux. L'exposition est \u00e9galement une opportunit\u00e9 de comprendre l'importance de la pr\u00e9servation du patrimoine et de s'immerger dans l'art religieux du XVe si\u00e8cle. Tarif : 8,00 \u20ac. Adresse : 21 Rue Mailly, Perpignan","og_url":"https:\/\/www.locansol.fr\/en\/evenement\/la-redecouverte-dun-chef-doeuvre-monumental-les-volets-du-grand-orgue-de-la-cathedrale-de-perpignan-50\/","og_site_name":"Locansol, louer un h\u00e9bergement dans les Pyr\u00e9n\u00e9es Orientales","article_modified_time":"2026-04-29T06:09:44+00:00","og_image":[{"width":1024,"height":605,"url":"https:\/\/www.locansol.fr\/wp-content\/uploads\/2026\/04\/exposition-volets-orgue-medieval.webp","type":"image\/webp"}],"twitter_card":"summary_large_image","twitter_title":"\u00ab LA RED\u00c9COUVERTE D\u2019UN CHEF D\u2019\u0152UVRE MONUMENTAL \u00bb : LES VOLETS DU GRAND ORGUE DE LA CATH\u00c9DRALE DE PERPIGNAN","twitter_description":"L'exposition \u00ab La Red\u00e9couverte d'un Chef-d'\u0152uvre Monumental \u00bb : Les Volets du Grand Orgue de la Cath\u00e9drale de Perpignan se tient au Mus\u00e9e d'Art Hyacinthe Rigaud \u00e0 Perpignan, du 24 mars au 31 mai. Cette exposition met en lumi\u00e8re un tr\u00e9sor patrimonial exceptionnel : les volets du grand orgue de la cath\u00e9drale Saint-Jean-Baptiste, r\u00e9cemment restaur\u00e9s gr\u00e2ce \u00e0 un vaste chantier initi\u00e9 en 2022 par la Direction r\u00e9gionale des affaires culturelles d'Occitanie. Peints en 1504, ces volets monumentaux, mesurant 12,6 m\u00e8tres de haut sur 4,3 m\u00e8tres de large, sont parmi les ensembles picturaux les plus spectaculaires de ce type en Europe. L'exposition offre une occasion unique de d\u00e9couvrir ces \u0153uvres, leur histoire et leur restauration. Les visiteurs pourront admirer la riche polychromie de la face principale et la grisaille soign\u00e9e du revers, t\u00e9moignant de la qualit\u00e9 artistique et de la fonction liturgique de ces panneaux. L'exposition est \u00e9galement une opportunit\u00e9 de comprendre l'importance de la pr\u00e9servation du patrimoine et de s'immerger dans l'art religieux du XVe si\u00e8cle. Tarif : 8,00 \u20ac. Adresse : 21 Rue Mailly, Perpignan","twitter_image":"https:\/\/www.locansol.fr\/wp-content\/uploads\/2026\/04\/exposition-volets-orgue-medieval.webp","twitter_misc":{"Estimated reading time":"1 minute"},"schema":{"@context":"https:\/\/schema.org","@graph":[{"@type":"WebPage","@id":"https:\/\/www.locansol.fr\/evenement\/la-redecouverte-dun-chef-doeuvre-monumental-les-volets-du-grand-orgue-de-la-cathedrale-de-perpignan-50\/","url":"https:\/\/www.locansol.fr\/evenement\/la-redecouverte-dun-chef-doeuvre-monumental-les-volets-du-grand-orgue-de-la-cathedrale-de-perpignan-50\/","name":"\u00ab LA RED\u00c9COUVERTE D\u2019UN CHEF D\u2019\u0152UVRE MONUMENTAL \u00bb : LES VOLETS DU GRAND ORGUE DE LA CATH\u00c9DRALE DE PERPIGNAN","isPartOf":{"@id":"https:\/\/www.locansol.fr\/#website"},"primaryImageOfPage":{"@id":"https:\/\/www.locansol.fr\/evenement\/la-redecouverte-dun-chef-doeuvre-monumental-les-volets-du-grand-orgue-de-la-cathedrale-de-perpignan-50\/#primaryimage"},"image":{"@id":"https:\/\/www.locansol.fr\/evenement\/la-redecouverte-dun-chef-doeuvre-monumental-les-volets-du-grand-orgue-de-la-cathedrale-de-perpignan-50\/#primaryimage"},"thumbnailUrl":"https:\/\/www.locansol.fr\/wp-content\/uploads\/2026\/04\/exposition-volets-orgue-medieval.webp","datePublished":"2026-04-29T06:09:42+00:00","dateModified":"2026-04-29T06:09:44+00:00","description":"L'exposition \u00ab La Red\u00e9couverte d'un Chef-d'\u0152uvre Monumental \u00bb : Les Volets du Grand Orgue de la Cath\u00e9drale de Perpignan se tient au Mus\u00e9e d'Art Hyacinthe Rigaud \u00e0 Perpignan, du 24 mars au 31 mai. Cette exposition met en lumi\u00e8re un tr\u00e9sor patrimonial exceptionnel : les volets du grand orgue de la cath\u00e9drale Saint-Jean-Baptiste, r\u00e9cemment restaur\u00e9s gr\u00e2ce \u00e0 un vaste chantier initi\u00e9 en 2022 par la Direction r\u00e9gionale des affaires culturelles d'Occitanie. Peints en 1504, ces volets monumentaux, mesurant 12,6 m\u00e8tres de haut sur 4,3 m\u00e8tres de large, sont parmi les ensembles picturaux les plus spectaculaires de ce type en Europe. L'exposition offre une occasion unique de d\u00e9couvrir ces \u0153uvres, leur histoire et leur restauration. Les visiteurs pourront admirer la riche polychromie de la face principale et la grisaille soign\u00e9e du revers, t\u00e9moignant de la qualit\u00e9 artistique et de la fonction liturgique de ces panneaux. L'exposition est \u00e9galement une opportunit\u00e9 de comprendre l'importance de la pr\u00e9servation du patrimoine et de s'immerger dans l'art religieux du XVe si\u00e8cle. Tarif : 8,00 \u20ac. Adresse : 21 Rue Mailly, Perpignan","breadcrumb":{"@id":"https:\/\/www.locansol.fr\/evenement\/la-redecouverte-dun-chef-doeuvre-monumental-les-volets-du-grand-orgue-de-la-cathedrale-de-perpignan-50\/#breadcrumb"},"inLanguage":"en-GB","potentialAction":[{"@type":"ReadAction","target":["https:\/\/www.locansol.fr\/evenement\/la-redecouverte-dun-chef-doeuvre-monumental-les-volets-du-grand-orgue-de-la-cathedrale-de-perpignan-50\/"]}]},{"@type":"ImageObject","inLanguage":"en-GB","@id":"https:\/\/www.locansol.fr\/evenement\/la-redecouverte-dun-chef-doeuvre-monumental-les-volets-du-grand-orgue-de-la-cathedrale-de-perpignan-50\/#primaryimage","url":"https:\/\/www.locansol.fr\/wp-content\/uploads\/2026\/04\/exposition-volets-orgue-medieval.webp","contentUrl":"https:\/\/www.locansol.fr\/wp-content\/uploads\/2026\/04\/exposition-volets-orgue-medieval.webp","width":1024,"height":605,"caption":"La Red\u00e9couverte d'un Chef-d'\u0152uvre Monumental Perpignan"},{"@type":"BreadcrumbList","@id":"https:\/\/www.locansol.fr\/evenement\/la-redecouverte-dun-chef-doeuvre-monumental-les-volets-du-grand-orgue-de-la-cathedrale-de-perpignan-50\/#breadcrumb","itemListElement":[{"@type":"ListItem","position":1,"name":"Accueil","item":"https:\/\/www.locansol.fr\/"},{"@type":"ListItem","position":2,"name":"\u00c9v\u00e8nements","item":"https:\/\/www.locansol.fr\/evenements\/"},{"@type":"ListItem","position":3,"name":"\u00ab LA RED\u00c9COUVERTE D\u2019UN CHEF D\u2019\u0152UVRE MONUMENTAL \u00bb : LES VOLETS DU GRAND ORGUE DE LA CATH\u00c9DRALE DE PERPIGNAN"}]},{"@type":"WebSite","@id":"https:\/\/www.locansol.fr\/#website","url":"https:\/\/www.locansol.fr\/","name":"Locansol, louer un h\u00e9bergement dans les Pyr\u00e9n\u00e9es-Orientales","description":"Location Mobil-home Mer M\u00e9diterran\u00e9e &amp; Chalet de Montagne dans les Pyr\u00e9n\u00e9es Orientales (Occitanie, 66). Weekend, s\u00e9jour &amp; vacances en famille et entre amis.","publisher":{"@id":"https:\/\/www.locansol.fr\/#organization"},"alternateName":"Louer un h\u00e9bergement dans les Pyr\u00e9n\u00e9es Orientales, chalet & mobil-home en Occitanie","potentialAction":[{"@type":"SearchAction","target":{"@type":"EntryPoint","urlTemplate":"https:\/\/www.locansol.fr\/?s={search_term_string}"},"query-input":{"@type":"PropertyValueSpecification","valueRequired":true,"valueName":"search_term_string"}}],"inLanguage":"en-GB"},{"@type":"Organization","@id":"https:\/\/www.locansol.fr\/#organization","name":"Location MobilHome & chalet dans les Pyr\u00e9n\u00e9es Orientales","alternateName":"Louer un h\u00e9bergement dans les Pyr\u00e9n\u00e9es Orientales en Occitanie","url":"https:\/\/www.locansol.fr\/","logo":{"@type":"ImageObject","inLanguage":"en-GB","@id":"https:\/\/www.locansol.fr\/#\/schema\/logo\/image\/","url":"https:\/\/www.locansol.fr\/wp-content\/uploads\/2024\/04\/AdobeStock_303324767-scaled.jpeg","contentUrl":"https:\/\/www.locansol.fr\/wp-content\/uploads\/2024\/04\/AdobeStock_303324767-scaled.jpeg","width":2560,"height":1707,"caption":"Location MobilHome & chalet dans les Pyr\u00e9n\u00e9es Orientales"},"image":{"@id":"https:\/\/www.locansol.fr\/#\/schema\/logo\/image\/"}}]}},"_links":{"self":[{"href":"https:\/\/www.locansol.fr\/en\/wp-json\/wp\/v2\/tribe_events\/6698","targetHints":{"allow":["GET"]}}],"collection":[{"href":"https:\/\/www.locansol.fr\/en\/wp-json\/wp\/v2\/tribe_events"}],"about":[{"href":"https:\/\/www.locansol.fr\/en\/wp-json\/wp\/v2\/types\/tribe_events"}],"author":[{"embeddable":true,"href":"https:\/\/www.locansol.fr\/en\/wp-json\/wp\/v2\/users\/5"}],"version-history":[{"count":1,"href":"https:\/\/www.locansol.fr\/en\/wp-json\/wp\/v2\/tribe_events\/6698\/revisions"}],"predecessor-version":[{"id":6699,"href":"https:\/\/www.locansol.fr\/en\/wp-json\/wp\/v2\/tribe_events\/6698\/revisions\/6699"}],"wp:featuredmedia":[{"embeddable":true,"href":"https:\/\/www.locansol.fr\/en\/wp-json\/wp\/v2\/media\/6695"}],"wp:attachment":[{"href":"https:\/\/www.locansol.fr\/en\/wp-json\/wp\/v2\/media?parent=6698"}],"wp:term":[{"taxonomy":"post_tag","embeddable":true,"href":"https:\/\/www.locansol.fr\/en\/wp-json\/wp\/v2\/tags?post=6698"},{"taxonomy":"tribe_events_cat","embeddable":true,"href":"https:\/\/www.locansol.fr\/en\/wp-json\/wp\/v2\/tribe_events_cat?post=6698"}],"curies":[{"name":"wp","href":"https:\/\/api.w.org\/{rel}","templated":true}]}}