{"id":6805,"date":"2026-05-02T10:20:39","date_gmt":"2026-05-02T08:20:39","guid":{"rendered":"https:\/\/www.locansol.fr\/evenement\/la-redecouverte-dun-chef-doeuvre-monumental-les-volets-du-grand-orgue-de-la-cathedrale-de-perpignan-56\/"},"modified":"2026-05-02T10:20:42","modified_gmt":"2026-05-02T08:20:42","slug":"la-redecouverte-dun-chef-doeuvre-monumental-les-volets-du-grand-orgue-de-la-cathedrale-de-perpignan-56","status":"publish","type":"tribe_events","link":"https:\/\/www.locansol.fr\/en\/evenement\/la-redecouverte-dun-chef-doeuvre-monumental-les-volets-du-grand-orgue-de-la-cathedrale-de-perpignan-56\/","title":{"rendered":"\u00ab LA RED\u00c9COUVERTE D\u2019UN CHEF D\u2019\u0152UVRE MONUMENTAL \u00bb : LES VOLETS DU GRAND ORGUE DE LA CATH\u00c9DRALE DE PERPIGNAN"},"content":{"rendered":"<p>L&rsquo;exposition \u00ab La Red\u00e9couverte d&rsquo;un Chef-d&rsquo;\u0152uvre Monumental : Les Volets du Grand Orgue de la Cath\u00e9drale de Perpignan \u00bb se tiendra du 24 mars au 31 mai 2026 au Mus\u00e9e d&rsquo;Art Hyacinthe Rigaud de Perpignan. Cette exposition mettra en lumi\u00e8re les majestueux volets du grand orgue de la cath\u00e9drale Saint-Jean-Baptiste, r\u00e9cemment restaur\u00e9s gr\u00e2ce \u00e0 un vaste chantier initi\u00e9 en 2022 sous l&rsquo;\u00e9gide de la Direction r\u00e9gionale des affaires culturelles d&rsquo;Occitanie. Peints en 1504, ces volets sont parmi les ensembles picturaux les plus spectaculaires de ce type en Europe. Ils sont exceptionnels par leur qualit\u00e9 artistique, leur fonction liturgique originelle, leur anciennet\u00e9 et leurs dimensions monumentales. Initialement fix\u00e9s sur le buffet de l&rsquo;orgue, les volets se d\u00e9ployaient selon le rythme du calendrier liturgique, orchestrant un dialogue entre musique, architecture et image sacr\u00e9e. Peints \u00e0 la d\u00e9trempe sur toile, les panneaux pr\u00e9sentent, sur leur face principale, une riche polychromie, et sur leur revers une grisaille de facture soign\u00e9e. Au XIXe si\u00e8cle, les volets ont \u00e9t\u00e9 d\u00e9mont\u00e9s, d\u00e9plac\u00e9s, puis fix\u00e9s aux murs de la cath\u00e9drale, au-dessus de la porte dite \u00ab de Bethl\u00e9em \u00bb, o\u00f9 leur lecture devenait difficile, et leur importance, peu \u00e0 peu, oubli\u00e9e. La restauration des volets d\u2019orgue est une intervention particuli\u00e8rement complexe car l\u2019\u0153uvre est \u00e0 la fois fragile et gigantesque et parce que son \u00e9tat sanitaire n\u2019est connu que partiellement. Le programme de restauration a permis de mieux comprendre la mise en \u0153uvre et l&rsquo;histoire mat\u00e9rielle de ces peintures g\u00e9antes, dont les deux ch\u00e2ssis mesurent 12,6 m\u00e8tres de haut sur 4,3 m\u00e8tres de large, soit plus de 83 m\u00b2 chacun : un ensemble probablement sans \u00e9quivalent dans le monde occidental. Cette exposition est une occasion unique de d\u00e9couvrir un tr\u00e9sor artistique et historique exceptionnel. Les volets du grand orgue de la cath\u00e9drale Saint-Jean-Baptiste de Perpignan sont un t\u00e9moignage pr\u00e9cieux de l&rsquo;art et de la spiritualit\u00e9 du d\u00e9but du XVIe si\u00e8cle. Ne manquez pas cette opportunit\u00e9 de red\u00e9couvrir ces \u0153uvres monumentales et de mieux comprendre leur importance artistique, historique et spirituelle. L&rsquo;\u00e9v\u00e9nement promet une exp\u00e9rience enrichissante pour tous les amateurs d&rsquo;art et de patrimoine.<\/p>\n<p><\/p>\n<h3>R\u00e9servez votre h\u00e9bergement dans les Pyr\u00e9n\u00e9es-Orientales :<\/h3>\n<p><b><a href='https:\/\/www.locansol.fr\/en\/rental-mobile-home-mediterranean\/'>Mobil-home Locansol \u00e0 Argel\u00e8s-sur-Mer<\/a><\/b><br \/>Trajet le plus court : 26 km<br \/>Trajet le plus rapide : 31 min<\/p>\n<p><b><a href='https:\/\/www.locansol.fr\/en\/rental-chalet-cerdagne\/'>Chalet Locansol \u00e0 Estavar<\/a><\/b><br \/>Trajet le plus court : 104 km<br \/>Trajet le plus rapide : 1 h 40 min<\/p>","protected":false},"excerpt":{"rendered":"<p>L&rsquo;exposition \u00ab La Red\u00e9couverte d&rsquo;un Chef-d&rsquo;\u0152uvre Monumental : Les Volets du Grand Orgue de la Cath\u00e9drale de Perpignan \u00bb se tiendra du 24 mars au 31 mai 2026 au Mus\u00e9e [&hellip;]<\/p>","protected":false},"author":5,"featured_media":6802,"template":"","meta":{"_yoast_wpseo_focuskw":"\u00ab LA RED\u00c9COUVERTE D\u2019UN CHEF D\u2019\u0152UVRE MONUMENTAL \u00bb : LES VOLETS DU GRAND ORGUE DE LA CATH\u00c9DRALE DE PERPIGNAN","_yoast_wpseo_title":"\u00ab LA RED\u00c9COUVERTE D\u2019UN CHEF D\u2019\u0152UVRE MONUMENTAL \u00bb : LES VOLETS DU GRAND ORGUE DE LA CATH\u00c9DRALE DE PERPIGNAN","_yoast_wpseo_metadesc":"L'exposition \u00ab La Red\u00e9couverte d'un Chef-d'\u0152uvre Monumental : Les Volets du Grand Orgue de la Cath\u00e9drale de Perpignan \u00bb se tiendra du 24 mars au 31 mai 2026 au Mus\u00e9e d'Art Hyacinthe Rigaud de Perpignan. Cette exposition mettra en lumi\u00e8re les majestueux volets du grand orgue de la cath\u00e9drale Saint-Jean-Baptiste, r\u00e9cemment restaur\u00e9s gr\u00e2ce \u00e0 un vaste chantier initi\u00e9 en 2022 sous l'\u00e9gide de la Direction r\u00e9gionale des affaires culturelles d'Occitanie. Peints en 1504, ces volets sont parmi les ensembles picturaux les plus spectaculaires de ce type en Europe. Ils sont exceptionnels par leur qualit\u00e9 artistique, leur fonction liturgique originelle, leur anciennet\u00e9 et leurs dimensions monumentales. Initialement fix\u00e9s sur le buffet de l'orgue, les volets se d\u00e9ployaient selon le rythme du calendrier liturgique, orchestrant un dialogue entre musique, architecture et image sacr\u00e9e. Peints \u00e0 la d\u00e9trempe sur toile, les panneaux pr\u00e9sentent, sur leur face principale, une riche polychromie, et sur leur revers une grisaille de facture soign\u00e9e. Au XIXe si\u00e8cle, les volets ont \u00e9t\u00e9 d\u00e9mont\u00e9s, d\u00e9plac\u00e9s, puis fix\u00e9s aux murs de la cath\u00e9drale, au-dessus de la porte dite \u00ab de Bethl\u00e9em \u00bb, o\u00f9 leur lecture devenait difficile, et leur importance, peu \u00e0 peu, oubli\u00e9e. La restauration des volets d\u2019orgue est une intervention particuli\u00e8rement complexe car l\u2019\u0153uvre est \u00e0 la fois fragile et gigantesque et parce que son \u00e9tat sanitaire n\u2019est connu que partiellement. Le programme de restauration a permis de mieux comprendre la mise en \u0153uvre et l'histoire mat\u00e9rielle de ces peintures g\u00e9antes, dont les deux ch\u00e2ssis mesurent 12,6 m\u00e8tres de haut sur 4,3 m\u00e8tres de large, soit plus de 83 m\u00b2 chacun : un ensemble probablement sans \u00e9quivalent dans le monde occidental. Cette exposition est une occasion unique de d\u00e9couvrir un tr\u00e9sor artistique et historique exceptionnel. Les volets du grand orgue de la cath\u00e9drale Saint-Jean-Baptiste de Perpignan sont un t\u00e9moignage pr\u00e9cieux de l'art et de la spiritualit\u00e9 du d\u00e9but du XVIe si\u00e8cle. Ne manquez pas cette opportunit\u00e9 de red\u00e9couvrir ces \u0153uvres monumentales et de mieux comprendre leur importance artistique, historique et spirituelle. L'\u00e9v\u00e9nement promet une exp\u00e9rience enrichissante pour tous les amateurs d'art et de patrimoine.","_yoast_wpseo_canonical":"","_yoast_wpseo_opengraph-title":"\u00ab LA RED\u00c9COUVERTE D\u2019UN CHEF D\u2019\u0152UVRE MONUMENTAL \u00bb : LES VOLETS DU GRAND ORGUE DE LA CATH\u00c9DRALE DE PERPIGNAN","_yoast_wpseo_opengraph-description":"L'exposition \u00ab La Red\u00e9couverte d'un Chef-d'\u0152uvre Monumental : Les Volets du Grand Orgue de la Cath\u00e9drale de Perpignan \u00bb se tiendra du 24 mars au 31 mai 2026 au Mus\u00e9e d'Art Hyacinthe Rigaud de Perpignan. Cette exposition mettra en lumi\u00e8re les majestueux volets du grand orgue de la cath\u00e9drale Saint-Jean-Baptiste, r\u00e9cemment restaur\u00e9s gr\u00e2ce \u00e0 un vaste chantier initi\u00e9 en 2022 sous l'\u00e9gide de la Direction r\u00e9gionale des affaires culturelles d'Occitanie. Peints en 1504, ces volets sont parmi les ensembles picturaux les plus spectaculaires de ce type en Europe. Ils sont exceptionnels par leur qualit\u00e9 artistique, leur fonction liturgique originelle, leur anciennet\u00e9 et leurs dimensions monumentales. Initialement fix\u00e9s sur le buffet de l'orgue, les volets se d\u00e9ployaient selon le rythme du calendrier liturgique, orchestrant un dialogue entre musique, architecture et image sacr\u00e9e. Peints \u00e0 la d\u00e9trempe sur toile, les panneaux pr\u00e9sentent, sur leur face principale, une riche polychromie, et sur leur revers une grisaille de facture soign\u00e9e. Au XIXe si\u00e8cle, les volets ont \u00e9t\u00e9 d\u00e9mont\u00e9s, d\u00e9plac\u00e9s, puis fix\u00e9s aux murs de la cath\u00e9drale, au-dessus de la porte dite \u00ab de Bethl\u00e9em \u00bb, o\u00f9 leur lecture devenait difficile, et leur importance, peu \u00e0 peu, oubli\u00e9e. La restauration des volets d\u2019orgue est une intervention particuli\u00e8rement complexe car l\u2019\u0153uvre est \u00e0 la fois fragile et gigantesque et parce que son \u00e9tat sanitaire n\u2019est connu que partiellement. Le programme de restauration a permis de mieux comprendre la mise en \u0153uvre et l'histoire mat\u00e9rielle de ces peintures g\u00e9antes, dont les deux ch\u00e2ssis mesurent 12,6 m\u00e8tres de haut sur 4,3 m\u00e8tres de large, soit plus de 83 m\u00b2 chacun : un ensemble probablement sans \u00e9quivalent dans le monde occidental. Cette exposition est une occasion unique de d\u00e9couvrir un tr\u00e9sor artistique et historique exceptionnel. Les volets du grand orgue de la cath\u00e9drale Saint-Jean-Baptiste de Perpignan sont un t\u00e9moignage pr\u00e9cieux de l'art et de la spiritualit\u00e9 du d\u00e9but du XVIe si\u00e8cle. Ne manquez pas cette opportunit\u00e9 de red\u00e9couvrir ces \u0153uvres monumentales et de mieux comprendre leur importance artistique, historique et spirituelle. L'\u00e9v\u00e9nement promet une exp\u00e9rience enrichissante pour tous les amateurs d'art et de patrimoine.","_yoast_wpseo_opengraph-image":"https:\/\/www.locansol.fr\/wp-content\/uploads\/2026\/05\/volets-orgue-cathedrale-perpignan-1.webp","_yoast_wpseo_opengraph-image-id":"6802","_yoast_wpseo_twitter-title":"\u00ab LA RED\u00c9COUVERTE D\u2019UN CHEF D\u2019\u0152UVRE MONUMENTAL \u00bb : LES VOLETS DU GRAND ORGUE DE LA CATH\u00c9DRALE DE PERPIGNAN","_yoast_wpseo_twitter-description":"L'exposition \u00ab La Red\u00e9couverte d'un Chef-d'\u0152uvre Monumental : Les Volets du Grand Orgue de la Cath\u00e9drale de Perpignan \u00bb se tiendra du 24 mars au 31 mai 2026 au Mus\u00e9e d'Art Hyacinthe Rigaud de Perpignan. Cette exposition mettra en lumi\u00e8re les majestueux volets du grand orgue de la cath\u00e9drale Saint-Jean-Baptiste, r\u00e9cemment restaur\u00e9s gr\u00e2ce \u00e0 un vaste chantier initi\u00e9 en 2022 sous l'\u00e9gide de la Direction r\u00e9gionale des affaires culturelles d'Occitanie. Peints en 1504, ces volets sont parmi les ensembles picturaux les plus spectaculaires de ce type en Europe. Ils sont exceptionnels par leur qualit\u00e9 artistique, leur fonction liturgique originelle, leur anciennet\u00e9 et leurs dimensions monumentales. Initialement fix\u00e9s sur le buffet de l'orgue, les volets se d\u00e9ployaient selon le rythme du calendrier liturgique, orchestrant un dialogue entre musique, architecture et image sacr\u00e9e. Peints \u00e0 la d\u00e9trempe sur toile, les panneaux pr\u00e9sentent, sur leur face principale, une riche polychromie, et sur leur revers une grisaille de facture soign\u00e9e. Au XIXe si\u00e8cle, les volets ont \u00e9t\u00e9 d\u00e9mont\u00e9s, d\u00e9plac\u00e9s, puis fix\u00e9s aux murs de la cath\u00e9drale, au-dessus de la porte dite \u00ab de Bethl\u00e9em \u00bb, o\u00f9 leur lecture devenait difficile, et leur importance, peu \u00e0 peu, oubli\u00e9e. La restauration des volets d\u2019orgue est une intervention particuli\u00e8rement complexe car l\u2019\u0153uvre est \u00e0 la fois fragile et gigantesque et parce que son \u00e9tat sanitaire n\u2019est connu que partiellement. Le programme de restauration a permis de mieux comprendre la mise en \u0153uvre et l'histoire mat\u00e9rielle de ces peintures g\u00e9antes, dont les deux ch\u00e2ssis mesurent 12,6 m\u00e8tres de haut sur 4,3 m\u00e8tres de large, soit plus de 83 m\u00b2 chacun : un ensemble probablement sans \u00e9quivalent dans le monde occidental. Cette exposition est une occasion unique de d\u00e9couvrir un tr\u00e9sor artistique et historique exceptionnel. Les volets du grand orgue de la cath\u00e9drale Saint-Jean-Baptiste de Perpignan sont un t\u00e9moignage pr\u00e9cieux de l'art et de la spiritualit\u00e9 du d\u00e9but du XVIe si\u00e8cle. Ne manquez pas cette opportunit\u00e9 de red\u00e9couvrir ces \u0153uvres monumentales et de mieux comprendre leur importance artistique, historique et spirituelle. L'\u00e9v\u00e9nement promet une exp\u00e9rience enrichissante pour tous les amateurs d'art et de patrimoine.","_yoast_wpseo_twitter-image":"https:\/\/www.locansol.fr\/wp-content\/uploads\/2026\/05\/volets-orgue-cathedrale-perpignan-1.webp","_yoast_wpseo_twitter-image-id":"6802}","yoast_primary_category":"Exposition","_tribe_events_status":"","_tribe_events_status_reason":"","_tribe_events_is_hybrid":"","_tribe_events_is_virtual":"","_tribe_events_virtual_video_source":"","_tribe_events_virtual_embed_video":"","_tribe_events_virtual_linked_button_text":"","_tribe_events_virtual_linked_button":"","_tribe_events_virtual_show_embed_at":"","_tribe_events_virtual_show_embed_to":[],"_tribe_events_virtual_show_on_event":"","_tribe_events_virtual_show_on_views":"","_tribe_events_virtual_url":"","footnotes":""},"tags":[66,76],"tribe_events_cat":[138,90,160,169],"class_list":["post-6805","tribe_events","type-tribe_events","status-publish","has-post-thumbnail","hentry","tag-evenement-culturel","tag-pyrenees-orientales","tribe_events_cat-evenement-culturel","tribe_events_cat-exposition","tribe_events_cat-peinture","tribe_events_cat-pyrenees-orientales","cat_evenement-culturel","cat_exposition","cat_peinture","cat_pyrenees-orientales"],"yoast_head":"<!-- This site is optimized with the Yoast SEO Premium plugin v23.3 (Yoast SEO v26.9) - https:\/\/yoast.com\/product\/yoast-seo-premium-wordpress\/ -->\n<title>\u00ab LA RED\u00c9COUVERTE D\u2019UN CHEF D\u2019\u0152UVRE MONUMENTAL \u00bb : LES VOLETS DU GRAND ORGUE DE LA CATH\u00c9DRALE DE PERPIGNAN<\/title>\n<meta name=\"description\" content=\"L&#039;exposition \u00ab La Red\u00e9couverte d&#039;un Chef-d&#039;\u0152uvre Monumental : Les Volets du Grand Orgue de la Cath\u00e9drale de Perpignan \u00bb se tiendra du 24 mars au 31 mai 2026 au Mus\u00e9e d&#039;Art Hyacinthe Rigaud de Perpignan. Cette exposition mettra en lumi\u00e8re les majestueux volets du grand orgue de la cath\u00e9drale Saint-Jean-Baptiste, r\u00e9cemment restaur\u00e9s gr\u00e2ce \u00e0 un vaste chantier initi\u00e9 en 2022 sous l&#039;\u00e9gide de la Direction r\u00e9gionale des affaires culturelles d&#039;Occitanie. Peints en 1504, ces volets sont parmi les ensembles picturaux les plus spectaculaires de ce type en Europe. Ils sont exceptionnels par leur qualit\u00e9 artistique, leur fonction liturgique originelle, leur anciennet\u00e9 et leurs dimensions monumentales. Initialement fix\u00e9s sur le buffet de l&#039;orgue, les volets se d\u00e9ployaient selon le rythme du calendrier liturgique, orchestrant un dialogue entre musique, architecture et image sacr\u00e9e. Peints \u00e0 la d\u00e9trempe sur toile, les panneaux pr\u00e9sentent, sur leur face principale, une riche polychromie, et sur leur revers une grisaille de facture soign\u00e9e. Au XIXe si\u00e8cle, les volets ont \u00e9t\u00e9 d\u00e9mont\u00e9s, d\u00e9plac\u00e9s, puis fix\u00e9s aux murs de la cath\u00e9drale, au-dessus de la porte dite \u00ab de Bethl\u00e9em \u00bb, o\u00f9 leur lecture devenait difficile, et leur importance, peu \u00e0 peu, oubli\u00e9e. La restauration des volets d\u2019orgue est une intervention particuli\u00e8rement complexe car l\u2019\u0153uvre est \u00e0 la fois fragile et gigantesque et parce que son \u00e9tat sanitaire n\u2019est connu que partiellement. Le programme de restauration a permis de mieux comprendre la mise en \u0153uvre et l&#039;histoire mat\u00e9rielle de ces peintures g\u00e9antes, dont les deux ch\u00e2ssis mesurent 12,6 m\u00e8tres de haut sur 4,3 m\u00e8tres de large, soit plus de 83 m\u00b2 chacun : un ensemble probablement sans \u00e9quivalent dans le monde occidental. Cette exposition est une occasion unique de d\u00e9couvrir un tr\u00e9sor artistique et historique exceptionnel. Les volets du grand orgue de la cath\u00e9drale Saint-Jean-Baptiste de Perpignan sont un t\u00e9moignage pr\u00e9cieux de l&#039;art et de la spiritualit\u00e9 du d\u00e9but du XVIe si\u00e8cle. Ne manquez pas cette opportunit\u00e9 de red\u00e9couvrir ces \u0153uvres monumentales et de mieux comprendre leur importance artistique, historique et spirituelle. L&#039;\u00e9v\u00e9nement promet une exp\u00e9rience enrichissante pour tous les amateurs d&#039;art et de patrimoine.\" \/>\n<meta name=\"robots\" content=\"index, follow, max-snippet:-1, max-image-preview:large, max-video-preview:-1\" \/>\n<link rel=\"canonical\" href=\"https:\/\/www.locansol.fr\/en\/evenement\/la-redecouverte-dun-chef-doeuvre-monumental-les-volets-du-grand-orgue-de-la-cathedrale-de-perpignan-56\/\" \/>\n<meta property=\"og:locale\" content=\"en_GB\" \/>\n<meta property=\"og:type\" content=\"article\" \/>\n<meta property=\"og:title\" content=\"\u00ab LA RED\u00c9COUVERTE D\u2019UN CHEF D\u2019\u0152UVRE MONUMENTAL \u00bb : LES VOLETS DU GRAND ORGUE DE LA CATH\u00c9DRALE DE PERPIGNAN\" \/>\n<meta property=\"og:description\" content=\"L&#039;exposition \u00ab La Red\u00e9couverte d&#039;un Chef-d&#039;\u0152uvre Monumental : Les Volets du Grand Orgue de la Cath\u00e9drale de Perpignan \u00bb se tiendra du 24 mars au 31 mai 2026 au Mus\u00e9e d&#039;Art Hyacinthe Rigaud de Perpignan. Cette exposition mettra en lumi\u00e8re les majestueux volets du grand orgue de la cath\u00e9drale Saint-Jean-Baptiste, r\u00e9cemment restaur\u00e9s gr\u00e2ce \u00e0 un vaste chantier initi\u00e9 en 2022 sous l&#039;\u00e9gide de la Direction r\u00e9gionale des affaires culturelles d&#039;Occitanie. Peints en 1504, ces volets sont parmi les ensembles picturaux les plus spectaculaires de ce type en Europe. Ils sont exceptionnels par leur qualit\u00e9 artistique, leur fonction liturgique originelle, leur anciennet\u00e9 et leurs dimensions monumentales. Initialement fix\u00e9s sur le buffet de l&#039;orgue, les volets se d\u00e9ployaient selon le rythme du calendrier liturgique, orchestrant un dialogue entre musique, architecture et image sacr\u00e9e. Peints \u00e0 la d\u00e9trempe sur toile, les panneaux pr\u00e9sentent, sur leur face principale, une riche polychromie, et sur leur revers une grisaille de facture soign\u00e9e. Au XIXe si\u00e8cle, les volets ont \u00e9t\u00e9 d\u00e9mont\u00e9s, d\u00e9plac\u00e9s, puis fix\u00e9s aux murs de la cath\u00e9drale, au-dessus de la porte dite \u00ab de Bethl\u00e9em \u00bb, o\u00f9 leur lecture devenait difficile, et leur importance, peu \u00e0 peu, oubli\u00e9e. La restauration des volets d\u2019orgue est une intervention particuli\u00e8rement complexe car l\u2019\u0153uvre est \u00e0 la fois fragile et gigantesque et parce que son \u00e9tat sanitaire n\u2019est connu que partiellement. Le programme de restauration a permis de mieux comprendre la mise en \u0153uvre et l&#039;histoire mat\u00e9rielle de ces peintures g\u00e9antes, dont les deux ch\u00e2ssis mesurent 12,6 m\u00e8tres de haut sur 4,3 m\u00e8tres de large, soit plus de 83 m\u00b2 chacun : un ensemble probablement sans \u00e9quivalent dans le monde occidental. Cette exposition est une occasion unique de d\u00e9couvrir un tr\u00e9sor artistique et historique exceptionnel. Les volets du grand orgue de la cath\u00e9drale Saint-Jean-Baptiste de Perpignan sont un t\u00e9moignage pr\u00e9cieux de l&#039;art et de la spiritualit\u00e9 du d\u00e9but du XVIe si\u00e8cle. Ne manquez pas cette opportunit\u00e9 de red\u00e9couvrir ces \u0153uvres monumentales et de mieux comprendre leur importance artistique, historique et spirituelle. L&#039;\u00e9v\u00e9nement promet une exp\u00e9rience enrichissante pour tous les amateurs d&#039;art et de patrimoine.\" \/>\n<meta property=\"og:url\" content=\"https:\/\/www.locansol.fr\/en\/evenement\/la-redecouverte-dun-chef-doeuvre-monumental-les-volets-du-grand-orgue-de-la-cathedrale-de-perpignan-56\/\" \/>\n<meta property=\"og:site_name\" content=\"Locansol, louer un h\u00e9bergement dans les Pyr\u00e9n\u00e9es Orientales\" \/>\n<meta property=\"article:modified_time\" content=\"2026-05-02T08:20:42+00:00\" \/>\n<meta property=\"og:image\" content=\"https:\/\/www.locansol.fr\/wp-content\/uploads\/2026\/05\/volets-orgue-cathedrale-perpignan-1.webp\" \/>\n\t<meta property=\"og:image:width\" content=\"1024\" \/>\n\t<meta property=\"og:image:height\" content=\"605\" \/>\n\t<meta property=\"og:image:type\" content=\"image\/webp\" \/>\n<meta name=\"twitter:card\" content=\"summary_large_image\" \/>\n<meta name=\"twitter:title\" content=\"\u00ab LA RED\u00c9COUVERTE D\u2019UN CHEF D\u2019\u0152UVRE MONUMENTAL \u00bb : LES VOLETS DU GRAND ORGUE DE LA CATH\u00c9DRALE DE PERPIGNAN\" \/>\n<meta name=\"twitter:description\" content=\"L&#039;exposition \u00ab La Red\u00e9couverte d&#039;un Chef-d&#039;\u0152uvre Monumental : Les Volets du Grand Orgue de la Cath\u00e9drale de Perpignan \u00bb se tiendra du 24 mars au 31 mai 2026 au Mus\u00e9e d&#039;Art Hyacinthe Rigaud de Perpignan. Cette exposition mettra en lumi\u00e8re les majestueux volets du grand orgue de la cath\u00e9drale Saint-Jean-Baptiste, r\u00e9cemment restaur\u00e9s gr\u00e2ce \u00e0 un vaste chantier initi\u00e9 en 2022 sous l&#039;\u00e9gide de la Direction r\u00e9gionale des affaires culturelles d&#039;Occitanie. Peints en 1504, ces volets sont parmi les ensembles picturaux les plus spectaculaires de ce type en Europe. Ils sont exceptionnels par leur qualit\u00e9 artistique, leur fonction liturgique originelle, leur anciennet\u00e9 et leurs dimensions monumentales. Initialement fix\u00e9s sur le buffet de l&#039;orgue, les volets se d\u00e9ployaient selon le rythme du calendrier liturgique, orchestrant un dialogue entre musique, architecture et image sacr\u00e9e. Peints \u00e0 la d\u00e9trempe sur toile, les panneaux pr\u00e9sentent, sur leur face principale, une riche polychromie, et sur leur revers une grisaille de facture soign\u00e9e. Au XIXe si\u00e8cle, les volets ont \u00e9t\u00e9 d\u00e9mont\u00e9s, d\u00e9plac\u00e9s, puis fix\u00e9s aux murs de la cath\u00e9drale, au-dessus de la porte dite \u00ab de Bethl\u00e9em \u00bb, o\u00f9 leur lecture devenait difficile, et leur importance, peu \u00e0 peu, oubli\u00e9e. La restauration des volets d\u2019orgue est une intervention particuli\u00e8rement complexe car l\u2019\u0153uvre est \u00e0 la fois fragile et gigantesque et parce que son \u00e9tat sanitaire n\u2019est connu que partiellement. Le programme de restauration a permis de mieux comprendre la mise en \u0153uvre et l&#039;histoire mat\u00e9rielle de ces peintures g\u00e9antes, dont les deux ch\u00e2ssis mesurent 12,6 m\u00e8tres de haut sur 4,3 m\u00e8tres de large, soit plus de 83 m\u00b2 chacun : un ensemble probablement sans \u00e9quivalent dans le monde occidental. Cette exposition est une occasion unique de d\u00e9couvrir un tr\u00e9sor artistique et historique exceptionnel. Les volets du grand orgue de la cath\u00e9drale Saint-Jean-Baptiste de Perpignan sont un t\u00e9moignage pr\u00e9cieux de l&#039;art et de la spiritualit\u00e9 du d\u00e9but du XVIe si\u00e8cle. Ne manquez pas cette opportunit\u00e9 de red\u00e9couvrir ces \u0153uvres monumentales et de mieux comprendre leur importance artistique, historique et spirituelle. L&#039;\u00e9v\u00e9nement promet une exp\u00e9rience enrichissante pour tous les amateurs d&#039;art et de patrimoine.\" \/>\n<meta name=\"twitter:image\" content=\"https:\/\/www.locansol.fr\/wp-content\/uploads\/2026\/05\/volets-orgue-cathedrale-perpignan-1.webp\" \/>\n<meta name=\"twitter:label1\" content=\"Estimated reading time\" \/>\n\t<meta name=\"twitter:data1\" content=\"2 minutes\" \/>\n<script type=\"application\/ld+json\" class=\"yoast-schema-graph\">{\"@context\":\"https:\/\/schema.org\",\"@graph\":[{\"@type\":\"WebPage\",\"@id\":\"https:\/\/www.locansol.fr\/evenement\/la-redecouverte-dun-chef-doeuvre-monumental-les-volets-du-grand-orgue-de-la-cathedrale-de-perpignan-56\/\",\"url\":\"https:\/\/www.locansol.fr\/evenement\/la-redecouverte-dun-chef-doeuvre-monumental-les-volets-du-grand-orgue-de-la-cathedrale-de-perpignan-56\/\",\"name\":\"\u00ab LA RED\u00c9COUVERTE D\u2019UN CHEF D\u2019\u0152UVRE MONUMENTAL \u00bb : LES VOLETS DU GRAND ORGUE DE LA CATH\u00c9DRALE DE PERPIGNAN\",\"isPartOf\":{\"@id\":\"https:\/\/www.locansol.fr\/#website\"},\"primaryImageOfPage\":{\"@id\":\"https:\/\/www.locansol.fr\/evenement\/la-redecouverte-dun-chef-doeuvre-monumental-les-volets-du-grand-orgue-de-la-cathedrale-de-perpignan-56\/#primaryimage\"},\"image\":{\"@id\":\"https:\/\/www.locansol.fr\/evenement\/la-redecouverte-dun-chef-doeuvre-monumental-les-volets-du-grand-orgue-de-la-cathedrale-de-perpignan-56\/#primaryimage\"},\"thumbnailUrl\":\"https:\/\/www.locansol.fr\/wp-content\/uploads\/2026\/05\/volets-orgue-cathedrale-perpignan-1.webp\",\"datePublished\":\"2026-05-02T08:20:39+00:00\",\"dateModified\":\"2026-05-02T08:20:42+00:00\",\"description\":\"L'exposition \u00ab La Red\u00e9couverte d'un Chef-d'\u0152uvre Monumental : Les Volets du Grand Orgue de la Cath\u00e9drale de Perpignan \u00bb se tiendra du 24 mars au 31 mai 2026 au Mus\u00e9e d'Art Hyacinthe Rigaud de Perpignan. Cette exposition mettra en lumi\u00e8re les majestueux volets du grand orgue de la cath\u00e9drale Saint-Jean-Baptiste, r\u00e9cemment restaur\u00e9s gr\u00e2ce \u00e0 un vaste chantier initi\u00e9 en 2022 sous l'\u00e9gide de la Direction r\u00e9gionale des affaires culturelles d'Occitanie. Peints en 1504, ces volets sont parmi les ensembles picturaux les plus spectaculaires de ce type en Europe. Ils sont exceptionnels par leur qualit\u00e9 artistique, leur fonction liturgique originelle, leur anciennet\u00e9 et leurs dimensions monumentales. Initialement fix\u00e9s sur le buffet de l'orgue, les volets se d\u00e9ployaient selon le rythme du calendrier liturgique, orchestrant un dialogue entre musique, architecture et image sacr\u00e9e. Peints \u00e0 la d\u00e9trempe sur toile, les panneaux pr\u00e9sentent, sur leur face principale, une riche polychromie, et sur leur revers une grisaille de facture soign\u00e9e. Au XIXe si\u00e8cle, les volets ont \u00e9t\u00e9 d\u00e9mont\u00e9s, d\u00e9plac\u00e9s, puis fix\u00e9s aux murs de la cath\u00e9drale, au-dessus de la porte dite \u00ab de Bethl\u00e9em \u00bb, o\u00f9 leur lecture devenait difficile, et leur importance, peu \u00e0 peu, oubli\u00e9e. La restauration des volets d\u2019orgue est une intervention particuli\u00e8rement complexe car l\u2019\u0153uvre est \u00e0 la fois fragile et gigantesque et parce que son \u00e9tat sanitaire n\u2019est connu que partiellement. Le programme de restauration a permis de mieux comprendre la mise en \u0153uvre et l'histoire mat\u00e9rielle de ces peintures g\u00e9antes, dont les deux ch\u00e2ssis mesurent 12,6 m\u00e8tres de haut sur 4,3 m\u00e8tres de large, soit plus de 83 m\u00b2 chacun : un ensemble probablement sans \u00e9quivalent dans le monde occidental. Cette exposition est une occasion unique de d\u00e9couvrir un tr\u00e9sor artistique et historique exceptionnel. Les volets du grand orgue de la cath\u00e9drale Saint-Jean-Baptiste de Perpignan sont un t\u00e9moignage pr\u00e9cieux de l'art et de la spiritualit\u00e9 du d\u00e9but du XVIe si\u00e8cle. Ne manquez pas cette opportunit\u00e9 de red\u00e9couvrir ces \u0153uvres monumentales et de mieux comprendre leur importance artistique, historique et spirituelle. L'\u00e9v\u00e9nement promet une exp\u00e9rience enrichissante pour tous les amateurs d'art et de patrimoine.\",\"breadcrumb\":{\"@id\":\"https:\/\/www.locansol.fr\/evenement\/la-redecouverte-dun-chef-doeuvre-monumental-les-volets-du-grand-orgue-de-la-cathedrale-de-perpignan-56\/#breadcrumb\"},\"inLanguage\":\"en-GB\",\"potentialAction\":[{\"@type\":\"ReadAction\",\"target\":[\"https:\/\/www.locansol.fr\/evenement\/la-redecouverte-dun-chef-doeuvre-monumental-les-volets-du-grand-orgue-de-la-cathedrale-de-perpignan-56\/\"]}]},{\"@type\":\"ImageObject\",\"inLanguage\":\"en-GB\",\"@id\":\"https:\/\/www.locansol.fr\/evenement\/la-redecouverte-dun-chef-doeuvre-monumental-les-volets-du-grand-orgue-de-la-cathedrale-de-perpignan-56\/#primaryimage\",\"url\":\"https:\/\/www.locansol.fr\/wp-content\/uploads\/2026\/05\/volets-orgue-cathedrale-perpignan-1.webp\",\"contentUrl\":\"https:\/\/www.locansol.fr\/wp-content\/uploads\/2026\/05\/volets-orgue-cathedrale-perpignan-1.webp\",\"width\":1024,\"height\":605,\"caption\":\"La Red\u00e9couverte d'un Chef-d'\u0152uvre Monumental Perpignan\"},{\"@type\":\"BreadcrumbList\",\"@id\":\"https:\/\/www.locansol.fr\/evenement\/la-redecouverte-dun-chef-doeuvre-monumental-les-volets-du-grand-orgue-de-la-cathedrale-de-perpignan-56\/#breadcrumb\",\"itemListElement\":[{\"@type\":\"ListItem\",\"position\":1,\"name\":\"Accueil\",\"item\":\"https:\/\/www.locansol.fr\/\"},{\"@type\":\"ListItem\",\"position\":2,\"name\":\"\u00c9v\u00e8nements\",\"item\":\"https:\/\/www.locansol.fr\/evenements\/\"},{\"@type\":\"ListItem\",\"position\":3,\"name\":\"\u00ab LA RED\u00c9COUVERTE D\u2019UN CHEF D\u2019\u0152UVRE MONUMENTAL \u00bb : LES VOLETS DU GRAND ORGUE DE LA CATH\u00c9DRALE DE PERPIGNAN\"}]},{\"@type\":\"WebSite\",\"@id\":\"https:\/\/www.locansol.fr\/#website\",\"url\":\"https:\/\/www.locansol.fr\/\",\"name\":\"Locansol, louer un h\u00e9bergement dans les Pyr\u00e9n\u00e9es-Orientales\",\"description\":\"Location Mobil-home Mer M\u00e9diterran\u00e9e &amp; Chalet de Montagne dans les Pyr\u00e9n\u00e9es Orientales (Occitanie, 66). Weekend, s\u00e9jour &amp; vacances en famille et entre amis.\",\"publisher\":{\"@id\":\"https:\/\/www.locansol.fr\/#organization\"},\"alternateName\":\"Louer un h\u00e9bergement dans les Pyr\u00e9n\u00e9es Orientales, chalet & mobil-home en Occitanie\",\"potentialAction\":[{\"@type\":\"SearchAction\",\"target\":{\"@type\":\"EntryPoint\",\"urlTemplate\":\"https:\/\/www.locansol.fr\/?s={search_term_string}\"},\"query-input\":{\"@type\":\"PropertyValueSpecification\",\"valueRequired\":true,\"valueName\":\"search_term_string\"}}],\"inLanguage\":\"en-GB\"},{\"@type\":\"Organization\",\"@id\":\"https:\/\/www.locansol.fr\/#organization\",\"name\":\"Location MobilHome & chalet dans les Pyr\u00e9n\u00e9es Orientales\",\"alternateName\":\"Louer un h\u00e9bergement dans les Pyr\u00e9n\u00e9es Orientales en Occitanie\",\"url\":\"https:\/\/www.locansol.fr\/\",\"logo\":{\"@type\":\"ImageObject\",\"inLanguage\":\"en-GB\",\"@id\":\"https:\/\/www.locansol.fr\/#\/schema\/logo\/image\/\",\"url\":\"https:\/\/www.locansol.fr\/wp-content\/uploads\/2024\/04\/AdobeStock_303324767-scaled.jpeg\",\"contentUrl\":\"https:\/\/www.locansol.fr\/wp-content\/uploads\/2024\/04\/AdobeStock_303324767-scaled.jpeg\",\"width\":2560,\"height\":1707,\"caption\":\"Location MobilHome & chalet dans les Pyr\u00e9n\u00e9es Orientales\"},\"image\":{\"@id\":\"https:\/\/www.locansol.fr\/#\/schema\/logo\/image\/\"}}]}<\/script>\n<!-- \/ Yoast SEO Premium plugin. -->","yoast_head_json":{"title":"\u00ab LA RED\u00c9COUVERTE D\u2019UN CHEF D\u2019\u0152UVRE MONUMENTAL \u00bb : LES VOLETS DU GRAND ORGUE DE LA CATH\u00c9DRALE DE PERPIGNAN","description":"L'exposition \u00ab La Red\u00e9couverte d'un Chef-d'\u0152uvre Monumental : Les Volets du Grand Orgue de la Cath\u00e9drale de Perpignan \u00bb se tiendra du 24 mars au 31 mai 2026 au Mus\u00e9e d'Art Hyacinthe Rigaud de Perpignan. Cette exposition mettra en lumi\u00e8re les majestueux volets du grand orgue de la cath\u00e9drale Saint-Jean-Baptiste, r\u00e9cemment restaur\u00e9s gr\u00e2ce \u00e0 un vaste chantier initi\u00e9 en 2022 sous l'\u00e9gide de la Direction r\u00e9gionale des affaires culturelles d'Occitanie. Peints en 1504, ces volets sont parmi les ensembles picturaux les plus spectaculaires de ce type en Europe. Ils sont exceptionnels par leur qualit\u00e9 artistique, leur fonction liturgique originelle, leur anciennet\u00e9 et leurs dimensions monumentales. Initialement fix\u00e9s sur le buffet de l'orgue, les volets se d\u00e9ployaient selon le rythme du calendrier liturgique, orchestrant un dialogue entre musique, architecture et image sacr\u00e9e. Peints \u00e0 la d\u00e9trempe sur toile, les panneaux pr\u00e9sentent, sur leur face principale, une riche polychromie, et sur leur revers une grisaille de facture soign\u00e9e. Au XIXe si\u00e8cle, les volets ont \u00e9t\u00e9 d\u00e9mont\u00e9s, d\u00e9plac\u00e9s, puis fix\u00e9s aux murs de la cath\u00e9drale, au-dessus de la porte dite \u00ab de Bethl\u00e9em \u00bb, o\u00f9 leur lecture devenait difficile, et leur importance, peu \u00e0 peu, oubli\u00e9e. La restauration des volets d\u2019orgue est une intervention particuli\u00e8rement complexe car l\u2019\u0153uvre est \u00e0 la fois fragile et gigantesque et parce que son \u00e9tat sanitaire n\u2019est connu que partiellement. Le programme de restauration a permis de mieux comprendre la mise en \u0153uvre et l'histoire mat\u00e9rielle de ces peintures g\u00e9antes, dont les deux ch\u00e2ssis mesurent 12,6 m\u00e8tres de haut sur 4,3 m\u00e8tres de large, soit plus de 83 m\u00b2 chacun : un ensemble probablement sans \u00e9quivalent dans le monde occidental. Cette exposition est une occasion unique de d\u00e9couvrir un tr\u00e9sor artistique et historique exceptionnel. Les volets du grand orgue de la cath\u00e9drale Saint-Jean-Baptiste de Perpignan sont un t\u00e9moignage pr\u00e9cieux de l'art et de la spiritualit\u00e9 du d\u00e9but du XVIe si\u00e8cle. Ne manquez pas cette opportunit\u00e9 de red\u00e9couvrir ces \u0153uvres monumentales et de mieux comprendre leur importance artistique, historique et spirituelle. L'\u00e9v\u00e9nement promet une exp\u00e9rience enrichissante pour tous les amateurs d'art et de patrimoine.","robots":{"index":"index","follow":"follow","max-snippet":"max-snippet:-1","max-image-preview":"max-image-preview:large","max-video-preview":"max-video-preview:-1"},"canonical":"https:\/\/www.locansol.fr\/en\/evenement\/la-redecouverte-dun-chef-doeuvre-monumental-les-volets-du-grand-orgue-de-la-cathedrale-de-perpignan-56\/","og_locale":"en_GB","og_type":"article","og_title":"\u00ab LA RED\u00c9COUVERTE D\u2019UN CHEF D\u2019\u0152UVRE MONUMENTAL \u00bb : LES VOLETS DU GRAND ORGUE DE LA CATH\u00c9DRALE DE PERPIGNAN","og_description":"L'exposition \u00ab La Red\u00e9couverte d'un Chef-d'\u0152uvre Monumental : Les Volets du Grand Orgue de la Cath\u00e9drale de Perpignan \u00bb se tiendra du 24 mars au 31 mai 2026 au Mus\u00e9e d'Art Hyacinthe Rigaud de Perpignan. Cette exposition mettra en lumi\u00e8re les majestueux volets du grand orgue de la cath\u00e9drale Saint-Jean-Baptiste, r\u00e9cemment restaur\u00e9s gr\u00e2ce \u00e0 un vaste chantier initi\u00e9 en 2022 sous l'\u00e9gide de la Direction r\u00e9gionale des affaires culturelles d'Occitanie. Peints en 1504, ces volets sont parmi les ensembles picturaux les plus spectaculaires de ce type en Europe. Ils sont exceptionnels par leur qualit\u00e9 artistique, leur fonction liturgique originelle, leur anciennet\u00e9 et leurs dimensions monumentales. Initialement fix\u00e9s sur le buffet de l'orgue, les volets se d\u00e9ployaient selon le rythme du calendrier liturgique, orchestrant un dialogue entre musique, architecture et image sacr\u00e9e. Peints \u00e0 la d\u00e9trempe sur toile, les panneaux pr\u00e9sentent, sur leur face principale, une riche polychromie, et sur leur revers une grisaille de facture soign\u00e9e. Au XIXe si\u00e8cle, les volets ont \u00e9t\u00e9 d\u00e9mont\u00e9s, d\u00e9plac\u00e9s, puis fix\u00e9s aux murs de la cath\u00e9drale, au-dessus de la porte dite \u00ab de Bethl\u00e9em \u00bb, o\u00f9 leur lecture devenait difficile, et leur importance, peu \u00e0 peu, oubli\u00e9e. La restauration des volets d\u2019orgue est une intervention particuli\u00e8rement complexe car l\u2019\u0153uvre est \u00e0 la fois fragile et gigantesque et parce que son \u00e9tat sanitaire n\u2019est connu que partiellement. Le programme de restauration a permis de mieux comprendre la mise en \u0153uvre et l'histoire mat\u00e9rielle de ces peintures g\u00e9antes, dont les deux ch\u00e2ssis mesurent 12,6 m\u00e8tres de haut sur 4,3 m\u00e8tres de large, soit plus de 83 m\u00b2 chacun : un ensemble probablement sans \u00e9quivalent dans le monde occidental. Cette exposition est une occasion unique de d\u00e9couvrir un tr\u00e9sor artistique et historique exceptionnel. Les volets du grand orgue de la cath\u00e9drale Saint-Jean-Baptiste de Perpignan sont un t\u00e9moignage pr\u00e9cieux de l'art et de la spiritualit\u00e9 du d\u00e9but du XVIe si\u00e8cle. Ne manquez pas cette opportunit\u00e9 de red\u00e9couvrir ces \u0153uvres monumentales et de mieux comprendre leur importance artistique, historique et spirituelle. L'\u00e9v\u00e9nement promet une exp\u00e9rience enrichissante pour tous les amateurs d'art et de patrimoine.","og_url":"https:\/\/www.locansol.fr\/en\/evenement\/la-redecouverte-dun-chef-doeuvre-monumental-les-volets-du-grand-orgue-de-la-cathedrale-de-perpignan-56\/","og_site_name":"Locansol, louer un h\u00e9bergement dans les Pyr\u00e9n\u00e9es Orientales","article_modified_time":"2026-05-02T08:20:42+00:00","og_image":[{"width":1024,"height":605,"url":"https:\/\/www.locansol.fr\/wp-content\/uploads\/2026\/05\/volets-orgue-cathedrale-perpignan-1.webp","type":"image\/webp"}],"twitter_card":"summary_large_image","twitter_title":"\u00ab LA RED\u00c9COUVERTE D\u2019UN CHEF D\u2019\u0152UVRE MONUMENTAL \u00bb : LES VOLETS DU GRAND ORGUE DE LA CATH\u00c9DRALE DE PERPIGNAN","twitter_description":"L'exposition \u00ab La Red\u00e9couverte d'un Chef-d'\u0152uvre Monumental : Les Volets du Grand Orgue de la Cath\u00e9drale de Perpignan \u00bb se tiendra du 24 mars au 31 mai 2026 au Mus\u00e9e d'Art Hyacinthe Rigaud de Perpignan. Cette exposition mettra en lumi\u00e8re les majestueux volets du grand orgue de la cath\u00e9drale Saint-Jean-Baptiste, r\u00e9cemment restaur\u00e9s gr\u00e2ce \u00e0 un vaste chantier initi\u00e9 en 2022 sous l'\u00e9gide de la Direction r\u00e9gionale des affaires culturelles d'Occitanie. Peints en 1504, ces volets sont parmi les ensembles picturaux les plus spectaculaires de ce type en Europe. Ils sont exceptionnels par leur qualit\u00e9 artistique, leur fonction liturgique originelle, leur anciennet\u00e9 et leurs dimensions monumentales. Initialement fix\u00e9s sur le buffet de l'orgue, les volets se d\u00e9ployaient selon le rythme du calendrier liturgique, orchestrant un dialogue entre musique, architecture et image sacr\u00e9e. Peints \u00e0 la d\u00e9trempe sur toile, les panneaux pr\u00e9sentent, sur leur face principale, une riche polychromie, et sur leur revers une grisaille de facture soign\u00e9e. Au XIXe si\u00e8cle, les volets ont \u00e9t\u00e9 d\u00e9mont\u00e9s, d\u00e9plac\u00e9s, puis fix\u00e9s aux murs de la cath\u00e9drale, au-dessus de la porte dite \u00ab de Bethl\u00e9em \u00bb, o\u00f9 leur lecture devenait difficile, et leur importance, peu \u00e0 peu, oubli\u00e9e. La restauration des volets d\u2019orgue est une intervention particuli\u00e8rement complexe car l\u2019\u0153uvre est \u00e0 la fois fragile et gigantesque et parce que son \u00e9tat sanitaire n\u2019est connu que partiellement. Le programme de restauration a permis de mieux comprendre la mise en \u0153uvre et l'histoire mat\u00e9rielle de ces peintures g\u00e9antes, dont les deux ch\u00e2ssis mesurent 12,6 m\u00e8tres de haut sur 4,3 m\u00e8tres de large, soit plus de 83 m\u00b2 chacun : un ensemble probablement sans \u00e9quivalent dans le monde occidental. Cette exposition est une occasion unique de d\u00e9couvrir un tr\u00e9sor artistique et historique exceptionnel. Les volets du grand orgue de la cath\u00e9drale Saint-Jean-Baptiste de Perpignan sont un t\u00e9moignage pr\u00e9cieux de l'art et de la spiritualit\u00e9 du d\u00e9but du XVIe si\u00e8cle. Ne manquez pas cette opportunit\u00e9 de red\u00e9couvrir ces \u0153uvres monumentales et de mieux comprendre leur importance artistique, historique et spirituelle. L'\u00e9v\u00e9nement promet une exp\u00e9rience enrichissante pour tous les amateurs d'art et de patrimoine.","twitter_image":"https:\/\/www.locansol.fr\/wp-content\/uploads\/2026\/05\/volets-orgue-cathedrale-perpignan-1.webp","twitter_misc":{"Estimated reading time":"2 minutes"},"schema":{"@context":"https:\/\/schema.org","@graph":[{"@type":"WebPage","@id":"https:\/\/www.locansol.fr\/evenement\/la-redecouverte-dun-chef-doeuvre-monumental-les-volets-du-grand-orgue-de-la-cathedrale-de-perpignan-56\/","url":"https:\/\/www.locansol.fr\/evenement\/la-redecouverte-dun-chef-doeuvre-monumental-les-volets-du-grand-orgue-de-la-cathedrale-de-perpignan-56\/","name":"\u00ab LA RED\u00c9COUVERTE D\u2019UN CHEF D\u2019\u0152UVRE MONUMENTAL \u00bb : LES VOLETS DU GRAND ORGUE DE LA CATH\u00c9DRALE DE PERPIGNAN","isPartOf":{"@id":"https:\/\/www.locansol.fr\/#website"},"primaryImageOfPage":{"@id":"https:\/\/www.locansol.fr\/evenement\/la-redecouverte-dun-chef-doeuvre-monumental-les-volets-du-grand-orgue-de-la-cathedrale-de-perpignan-56\/#primaryimage"},"image":{"@id":"https:\/\/www.locansol.fr\/evenement\/la-redecouverte-dun-chef-doeuvre-monumental-les-volets-du-grand-orgue-de-la-cathedrale-de-perpignan-56\/#primaryimage"},"thumbnailUrl":"https:\/\/www.locansol.fr\/wp-content\/uploads\/2026\/05\/volets-orgue-cathedrale-perpignan-1.webp","datePublished":"2026-05-02T08:20:39+00:00","dateModified":"2026-05-02T08:20:42+00:00","description":"L'exposition \u00ab La Red\u00e9couverte d'un Chef-d'\u0152uvre Monumental : Les Volets du Grand Orgue de la Cath\u00e9drale de Perpignan \u00bb se tiendra du 24 mars au 31 mai 2026 au Mus\u00e9e d'Art Hyacinthe Rigaud de Perpignan. Cette exposition mettra en lumi\u00e8re les majestueux volets du grand orgue de la cath\u00e9drale Saint-Jean-Baptiste, r\u00e9cemment restaur\u00e9s gr\u00e2ce \u00e0 un vaste chantier initi\u00e9 en 2022 sous l'\u00e9gide de la Direction r\u00e9gionale des affaires culturelles d'Occitanie. Peints en 1504, ces volets sont parmi les ensembles picturaux les plus spectaculaires de ce type en Europe. Ils sont exceptionnels par leur qualit\u00e9 artistique, leur fonction liturgique originelle, leur anciennet\u00e9 et leurs dimensions monumentales. Initialement fix\u00e9s sur le buffet de l'orgue, les volets se d\u00e9ployaient selon le rythme du calendrier liturgique, orchestrant un dialogue entre musique, architecture et image sacr\u00e9e. Peints \u00e0 la d\u00e9trempe sur toile, les panneaux pr\u00e9sentent, sur leur face principale, une riche polychromie, et sur leur revers une grisaille de facture soign\u00e9e. Au XIXe si\u00e8cle, les volets ont \u00e9t\u00e9 d\u00e9mont\u00e9s, d\u00e9plac\u00e9s, puis fix\u00e9s aux murs de la cath\u00e9drale, au-dessus de la porte dite \u00ab de Bethl\u00e9em \u00bb, o\u00f9 leur lecture devenait difficile, et leur importance, peu \u00e0 peu, oubli\u00e9e. La restauration des volets d\u2019orgue est une intervention particuli\u00e8rement complexe car l\u2019\u0153uvre est \u00e0 la fois fragile et gigantesque et parce que son \u00e9tat sanitaire n\u2019est connu que partiellement. Le programme de restauration a permis de mieux comprendre la mise en \u0153uvre et l'histoire mat\u00e9rielle de ces peintures g\u00e9antes, dont les deux ch\u00e2ssis mesurent 12,6 m\u00e8tres de haut sur 4,3 m\u00e8tres de large, soit plus de 83 m\u00b2 chacun : un ensemble probablement sans \u00e9quivalent dans le monde occidental. Cette exposition est une occasion unique de d\u00e9couvrir un tr\u00e9sor artistique et historique exceptionnel. Les volets du grand orgue de la cath\u00e9drale Saint-Jean-Baptiste de Perpignan sont un t\u00e9moignage pr\u00e9cieux de l'art et de la spiritualit\u00e9 du d\u00e9but du XVIe si\u00e8cle. Ne manquez pas cette opportunit\u00e9 de red\u00e9couvrir ces \u0153uvres monumentales et de mieux comprendre leur importance artistique, historique et spirituelle. L'\u00e9v\u00e9nement promet une exp\u00e9rience enrichissante pour tous les amateurs d'art et de patrimoine.","breadcrumb":{"@id":"https:\/\/www.locansol.fr\/evenement\/la-redecouverte-dun-chef-doeuvre-monumental-les-volets-du-grand-orgue-de-la-cathedrale-de-perpignan-56\/#breadcrumb"},"inLanguage":"en-GB","potentialAction":[{"@type":"ReadAction","target":["https:\/\/www.locansol.fr\/evenement\/la-redecouverte-dun-chef-doeuvre-monumental-les-volets-du-grand-orgue-de-la-cathedrale-de-perpignan-56\/"]}]},{"@type":"ImageObject","inLanguage":"en-GB","@id":"https:\/\/www.locansol.fr\/evenement\/la-redecouverte-dun-chef-doeuvre-monumental-les-volets-du-grand-orgue-de-la-cathedrale-de-perpignan-56\/#primaryimage","url":"https:\/\/www.locansol.fr\/wp-content\/uploads\/2026\/05\/volets-orgue-cathedrale-perpignan-1.webp","contentUrl":"https:\/\/www.locansol.fr\/wp-content\/uploads\/2026\/05\/volets-orgue-cathedrale-perpignan-1.webp","width":1024,"height":605,"caption":"La Red\u00e9couverte d'un Chef-d'\u0152uvre Monumental Perpignan"},{"@type":"BreadcrumbList","@id":"https:\/\/www.locansol.fr\/evenement\/la-redecouverte-dun-chef-doeuvre-monumental-les-volets-du-grand-orgue-de-la-cathedrale-de-perpignan-56\/#breadcrumb","itemListElement":[{"@type":"ListItem","position":1,"name":"Accueil","item":"https:\/\/www.locansol.fr\/"},{"@type":"ListItem","position":2,"name":"\u00c9v\u00e8nements","item":"https:\/\/www.locansol.fr\/evenements\/"},{"@type":"ListItem","position":3,"name":"\u00ab LA RED\u00c9COUVERTE D\u2019UN CHEF D\u2019\u0152UVRE MONUMENTAL \u00bb : LES VOLETS DU GRAND ORGUE DE LA CATH\u00c9DRALE DE PERPIGNAN"}]},{"@type":"WebSite","@id":"https:\/\/www.locansol.fr\/#website","url":"https:\/\/www.locansol.fr\/","name":"Locansol, louer un h\u00e9bergement dans les Pyr\u00e9n\u00e9es-Orientales","description":"Location Mobil-home Mer M\u00e9diterran\u00e9e &amp; Chalet de Montagne dans les Pyr\u00e9n\u00e9es Orientales (Occitanie, 66). Weekend, s\u00e9jour &amp; vacances en famille et entre amis.","publisher":{"@id":"https:\/\/www.locansol.fr\/#organization"},"alternateName":"Louer un h\u00e9bergement dans les Pyr\u00e9n\u00e9es Orientales, chalet & mobil-home en Occitanie","potentialAction":[{"@type":"SearchAction","target":{"@type":"EntryPoint","urlTemplate":"https:\/\/www.locansol.fr\/?s={search_term_string}"},"query-input":{"@type":"PropertyValueSpecification","valueRequired":true,"valueName":"search_term_string"}}],"inLanguage":"en-GB"},{"@type":"Organization","@id":"https:\/\/www.locansol.fr\/#organization","name":"Location MobilHome & chalet dans les Pyr\u00e9n\u00e9es Orientales","alternateName":"Louer un h\u00e9bergement dans les Pyr\u00e9n\u00e9es Orientales en Occitanie","url":"https:\/\/www.locansol.fr\/","logo":{"@type":"ImageObject","inLanguage":"en-GB","@id":"https:\/\/www.locansol.fr\/#\/schema\/logo\/image\/","url":"https:\/\/www.locansol.fr\/wp-content\/uploads\/2024\/04\/AdobeStock_303324767-scaled.jpeg","contentUrl":"https:\/\/www.locansol.fr\/wp-content\/uploads\/2024\/04\/AdobeStock_303324767-scaled.jpeg","width":2560,"height":1707,"caption":"Location MobilHome & chalet dans les Pyr\u00e9n\u00e9es Orientales"},"image":{"@id":"https:\/\/www.locansol.fr\/#\/schema\/logo\/image\/"}}]}},"_links":{"self":[{"href":"https:\/\/www.locansol.fr\/en\/wp-json\/wp\/v2\/tribe_events\/6805","targetHints":{"allow":["GET"]}}],"collection":[{"href":"https:\/\/www.locansol.fr\/en\/wp-json\/wp\/v2\/tribe_events"}],"about":[{"href":"https:\/\/www.locansol.fr\/en\/wp-json\/wp\/v2\/types\/tribe_events"}],"author":[{"embeddable":true,"href":"https:\/\/www.locansol.fr\/en\/wp-json\/wp\/v2\/users\/5"}],"version-history":[{"count":1,"href":"https:\/\/www.locansol.fr\/en\/wp-json\/wp\/v2\/tribe_events\/6805\/revisions"}],"predecessor-version":[{"id":6806,"href":"https:\/\/www.locansol.fr\/en\/wp-json\/wp\/v2\/tribe_events\/6805\/revisions\/6806"}],"wp:featuredmedia":[{"embeddable":true,"href":"https:\/\/www.locansol.fr\/en\/wp-json\/wp\/v2\/media\/6802"}],"wp:attachment":[{"href":"https:\/\/www.locansol.fr\/en\/wp-json\/wp\/v2\/media?parent=6805"}],"wp:term":[{"taxonomy":"post_tag","embeddable":true,"href":"https:\/\/www.locansol.fr\/en\/wp-json\/wp\/v2\/tags?post=6805"},{"taxonomy":"tribe_events_cat","embeddable":true,"href":"https:\/\/www.locansol.fr\/en\/wp-json\/wp\/v2\/tribe_events_cat?post=6805"}],"curies":[{"name":"wp","href":"https:\/\/api.w.org\/{rel}","templated":true}]}}