{"id":6836,"date":"2026-05-03T00:15:11","date_gmt":"2026-05-02T22:15:11","guid":{"rendered":"https:\/\/www.locansol.fr\/evenement\/au-rythme-des-forets-la-foret-de-la-massane\/"},"modified":"2026-05-03T00:15:14","modified_gmt":"2026-05-02T22:15:14","slug":"au-rythme-des-forets-la-foret-de-la-massane","status":"publish","type":"tribe_events","link":"https:\/\/www.locansol.fr\/en\/evenement\/au-rythme-des-forets-la-foret-de-la-massane\/","title":{"rendered":"AU RYTHME DES FOR\u00caTS : LA FOR\u00caT DE LA MASSANE"},"content":{"rendered":"<p>L\u2019exposition \u00ab Au rythme des for\u00eats : La For\u00eat de la Massane \u00bb se tiendra au Boulou, du 2 mai au 31 mai. Cet \u00e9v\u00e9nement propose une immersion dans l\u2019une des derni\u00e8res vieilles for\u00eats en libre \u00e9volution. Gr\u00e2ce aux \u0153uvres de Diane Sorel et Joseph Garrigue, les visiteurs d\u00e9couvriront la richesse de cet \u00e9cosyst\u00e8me unique.<\/p>\n<p>La for\u00eat de la Massane, situ\u00e9e en Occitanie, est une r\u00e9serve naturelle nationale cr\u00e9\u00e9e en 1973. Elle s\u2019\u00e9tend sur 336 hectares et est reconnue pour sa biodiversit\u00e9 exceptionnelle, avec plus de 8 200 esp\u00e8ces r\u00e9pertori\u00e9es. Class\u00e9e au patrimoine mondial de l\u2019UNESCO depuis 2021, elle fait partie des for\u00eats primaires et anciennes de h\u00eatres des Carpates et d\u2019autres r\u00e9gions d\u2019Europe. La for\u00eat, qui n\u2019est plus exploit\u00e9e depuis plus d\u2019un si\u00e8cle, est un refuge glaciaire abritant une diversit\u00e9 g\u00e9n\u00e9tique unique. Les sentiers de randonn\u00e9e permettent de d\u00e9couvrir ce patrimoine naturel, offrant des paysages uniques et une exp\u00e9rience sensorielle riche.<\/p>\n<p>L\u2019exposition met en avant la beaut\u00e9 et la fragilit\u00e9 de la for\u00eat de la Massane \u00e0 travers des photographies, des peintures et des installations artistiques. Diane Sorel et Joseph Garrigue, deux artistes passionn\u00e9s par la nature, pr\u00e9sentent des \u0153uvres qui capturent l\u2019essence de cette for\u00eat ancestrale. Leurs cr\u00e9ations invitent \u00e0 la r\u00e9flexion sur la pr\u00e9servation de ces \u00e9cosyst\u00e8mes pr\u00e9cieux. L\u2019\u00e9v\u00e9nement est une opportunit\u00e9 unique de sensibiliser le public \u00e0 l\u2019importance de la protection de la biodiversit\u00e9 et du patrimoine naturel.<\/p>\n<p>Ne manquez pas cette exposition unique qui combine art et nature, offrant une exp\u00e9rience immersive et enrichissante pour tous les amoureux de la nature et de l\u2019art.<\/p>\n<p><\/p>\n<h3>R\u00e9servez votre h\u00e9bergement dans les Pyr\u00e9n\u00e9es-Orientales :<\/h3>\n<p><b><a href='https:\/\/www.locansol.fr\/en\/rental-mobile-home-mediterranean\/'>Mobil-home Locansol \u00e0 Argel\u00e8s-sur-Mer<\/a><\/b><br \/>Trajet le plus court : 20 km<br \/>Trajet le plus rapide : 23 min<\/p>\n<p><b><a href='https:\/\/www.locansol.fr\/en\/rental-chalet-cerdagne\/'>Chalet Locansol \u00e0 Estavar<\/a><\/b><br \/>Trajet le plus court : 115 km<br \/>Trajet le plus rapide : 1 h 45 min<\/p>","protected":false},"excerpt":{"rendered":"<p>L\u2019exposition \u00ab Au rythme des for\u00eats : La For\u00eat de la Massane \u00bb se tiendra au Boulou, du 2 mai au 31 mai. Cet \u00e9v\u00e9nement propose une immersion dans l\u2019une [&hellip;]<\/p>","protected":false},"author":5,"featured_media":6833,"template":"","meta":{"_yoast_wpseo_focuskw":"AU RYTHME DES FOR\u00caTS : LA FOR\u00caT DE LA MASSANE","_yoast_wpseo_title":"AU RYTHME DES FOR\u00caTS : LA FOR\u00caT DE LA MASSANE","_yoast_wpseo_metadesc":"L\u2019exposition \u00ab Au rythme des for\u00eats : La For\u00eat de la Massane \u00bb se tiendra au Boulou, du 2 mai au 31 mai. Cet \u00e9v\u00e9nement propose une immersion dans l\u2019une des derni\u00e8res vieilles for\u00eats en libre \u00e9volution. Gr\u00e2ce aux \u0153uvres de Diane Sorel et Joseph Garrigue, les visiteurs d\u00e9couvriront la richesse de cet \u00e9cosyst\u00e8me unique.La for\u00eat de la Massane, situ\u00e9e en Occitanie, est une r\u00e9serve naturelle nationale cr\u00e9\u00e9e en 1973. Elle s\u2019\u00e9tend sur 336 hectares et est reconnue pour sa biodiversit\u00e9 exceptionnelle, avec plus de 8 200 esp\u00e8ces r\u00e9pertori\u00e9es. Class\u00e9e au patrimoine mondial de l\u2019UNESCO depuis 2021, elle fait partie des for\u00eats primaires et anciennes de h\u00eatres des Carpates et d\u2019autres r\u00e9gions d\u2019Europe. La for\u00eat, qui n\u2019est plus exploit\u00e9e depuis plus d\u2019un si\u00e8cle, est un refuge glaciaire abritant une diversit\u00e9 g\u00e9n\u00e9tique unique. Les sentiers de randonn\u00e9e permettent de d\u00e9couvrir ce patrimoine naturel, offrant des paysages uniques et une exp\u00e9rience sensorielle riche.L\u2019exposition met en avant la beaut\u00e9 et la fragilit\u00e9 de la for\u00eat de la Massane \u00e0 travers des photographies, des peintures et des installations artistiques. Diane Sorel et Joseph Garrigue, deux artistes passionn\u00e9s par la nature, pr\u00e9sentent des \u0153uvres qui capturent l\u2019essence de cette for\u00eat ancestrale. Leurs cr\u00e9ations invitent \u00e0 la r\u00e9flexion sur la pr\u00e9servation de ces \u00e9cosyst\u00e8mes pr\u00e9cieux. L\u2019\u00e9v\u00e9nement est une opportunit\u00e9 unique de sensibiliser le public \u00e0 l\u2019importance de la protection de la biodiversit\u00e9 et du patrimoine naturel.Ne manquez pas cette exposition unique qui combine art et nature, offrant une exp\u00e9rience immersive et enrichissante pour tous les amoureux de la nature et de l\u2019art.","_yoast_wpseo_canonical":"","_yoast_wpseo_opengraph-title":"AU RYTHME DES FOR\u00caTS : LA FOR\u00caT DE LA MASSANE","_yoast_wpseo_opengraph-description":"L\u2019exposition \u00ab Au rythme des for\u00eats : La For\u00eat de la Massane \u00bb se tiendra au Boulou, du 2 mai au 31 mai. Cet \u00e9v\u00e9nement propose une immersion dans l\u2019une des derni\u00e8res vieilles for\u00eats en libre \u00e9volution. Gr\u00e2ce aux \u0153uvres de Diane Sorel et Joseph Garrigue, les visiteurs d\u00e9couvriront la richesse de cet \u00e9cosyst\u00e8me unique.La for\u00eat de la Massane, situ\u00e9e en Occitanie, est une r\u00e9serve naturelle nationale cr\u00e9\u00e9e en 1973. Elle s\u2019\u00e9tend sur 336 hectares et est reconnue pour sa biodiversit\u00e9 exceptionnelle, avec plus de 8 200 esp\u00e8ces r\u00e9pertori\u00e9es. Class\u00e9e au patrimoine mondial de l\u2019UNESCO depuis 2021, elle fait partie des for\u00eats primaires et anciennes de h\u00eatres des Carpates et d\u2019autres r\u00e9gions d\u2019Europe. La for\u00eat, qui n\u2019est plus exploit\u00e9e depuis plus d\u2019un si\u00e8cle, est un refuge glaciaire abritant une diversit\u00e9 g\u00e9n\u00e9tique unique. Les sentiers de randonn\u00e9e permettent de d\u00e9couvrir ce patrimoine naturel, offrant des paysages uniques et une exp\u00e9rience sensorielle riche.L\u2019exposition met en avant la beaut\u00e9 et la fragilit\u00e9 de la for\u00eat de la Massane \u00e0 travers des photographies, des peintures et des installations artistiques. Diane Sorel et Joseph Garrigue, deux artistes passionn\u00e9s par la nature, pr\u00e9sentent des \u0153uvres qui capturent l\u2019essence de cette for\u00eat ancestrale. Leurs cr\u00e9ations invitent \u00e0 la r\u00e9flexion sur la pr\u00e9servation de ces \u00e9cosyst\u00e8mes pr\u00e9cieux. L\u2019\u00e9v\u00e9nement est une opportunit\u00e9 unique de sensibiliser le public \u00e0 l\u2019importance de la protection de la biodiversit\u00e9 et du patrimoine naturel.Ne manquez pas cette exposition unique qui combine art et nature, offrant une exp\u00e9rience immersive et enrichissante pour tous les amoureux de la nature et de l\u2019art.","_yoast_wpseo_opengraph-image":"https:\/\/www.locansol.fr\/wp-content\/uploads\/2026\/05\/exposition-foret-massane-boulou.webp","_yoast_wpseo_opengraph-image-id":"6833","_yoast_wpseo_twitter-title":"AU RYTHME DES FOR\u00caTS : LA FOR\u00caT DE LA MASSANE","_yoast_wpseo_twitter-description":"L\u2019exposition \u00ab Au rythme des for\u00eats : La For\u00eat de la Massane \u00bb se tiendra au Boulou, du 2 mai au 31 mai. Cet \u00e9v\u00e9nement propose une immersion dans l\u2019une des derni\u00e8res vieilles for\u00eats en libre \u00e9volution. Gr\u00e2ce aux \u0153uvres de Diane Sorel et Joseph Garrigue, les visiteurs d\u00e9couvriront la richesse de cet \u00e9cosyst\u00e8me unique.La for\u00eat de la Massane, situ\u00e9e en Occitanie, est une r\u00e9serve naturelle nationale cr\u00e9\u00e9e en 1973. Elle s\u2019\u00e9tend sur 336 hectares et est reconnue pour sa biodiversit\u00e9 exceptionnelle, avec plus de 8 200 esp\u00e8ces r\u00e9pertori\u00e9es. Class\u00e9e au patrimoine mondial de l\u2019UNESCO depuis 2021, elle fait partie des for\u00eats primaires et anciennes de h\u00eatres des Carpates et d\u2019autres r\u00e9gions d\u2019Europe. La for\u00eat, qui n\u2019est plus exploit\u00e9e depuis plus d\u2019un si\u00e8cle, est un refuge glaciaire abritant une diversit\u00e9 g\u00e9n\u00e9tique unique. Les sentiers de randonn\u00e9e permettent de d\u00e9couvrir ce patrimoine naturel, offrant des paysages uniques et une exp\u00e9rience sensorielle riche.L\u2019exposition met en avant la beaut\u00e9 et la fragilit\u00e9 de la for\u00eat de la Massane \u00e0 travers des photographies, des peintures et des installations artistiques. Diane Sorel et Joseph Garrigue, deux artistes passionn\u00e9s par la nature, pr\u00e9sentent des \u0153uvres qui capturent l\u2019essence de cette for\u00eat ancestrale. Leurs cr\u00e9ations invitent \u00e0 la r\u00e9flexion sur la pr\u00e9servation de ces \u00e9cosyst\u00e8mes pr\u00e9cieux. L\u2019\u00e9v\u00e9nement est une opportunit\u00e9 unique de sensibiliser le public \u00e0 l\u2019importance de la protection de la biodiversit\u00e9 et du patrimoine naturel.Ne manquez pas cette exposition unique qui combine art et nature, offrant une exp\u00e9rience immersive et enrichissante pour tous les amoureux de la nature et de l\u2019art.","_yoast_wpseo_twitter-image":"https:\/\/www.locansol.fr\/wp-content\/uploads\/2026\/05\/exposition-foret-massane-boulou.webp","_yoast_wpseo_twitter-image-id":"6833}","yoast_primary_category":"Exposition","_tribe_events_status":"","_tribe_events_status_reason":"","_tribe_events_is_hybrid":"","_tribe_events_is_virtual":"","_tribe_events_virtual_video_source":"","_tribe_events_virtual_embed_video":"","_tribe_events_virtual_linked_button_text":"","_tribe_events_virtual_linked_button":"","_tribe_events_virtual_show_embed_at":"","_tribe_events_virtual_show_embed_to":[],"_tribe_events_virtual_show_on_event":"","_tribe_events_virtual_show_on_views":"","_tribe_events_virtual_url":"","footnotes":""},"tags":[66,76],"tribe_events_cat":[153,138,90,169],"class_list":["post-6836","tribe_events","type-tribe_events","status-publish","has-post-thumbnail","hentry","tag-evenement-culturel","tag-pyrenees-orientales","tribe_events_cat-environnement","tribe_events_cat-evenement-culturel","tribe_events_cat-exposition","tribe_events_cat-pyrenees-orientales","cat_environnement","cat_evenement-culturel","cat_exposition","cat_pyrenees-orientales"],"yoast_head":"<!-- This site is optimized with the Yoast SEO Premium plugin v23.3 (Yoast SEO v26.9) - https:\/\/yoast.com\/product\/yoast-seo-premium-wordpress\/ -->\n<title>AU RYTHME DES FOR\u00caTS : LA FOR\u00caT DE LA MASSANE<\/title>\n<meta name=\"description\" content=\"L\u2019exposition \u00ab Au rythme des for\u00eats : La For\u00eat de la Massane \u00bb se tiendra au Boulou, du 2 mai au 31 mai. Cet \u00e9v\u00e9nement propose une immersion dans l\u2019une des derni\u00e8res vieilles for\u00eats en libre \u00e9volution. Gr\u00e2ce aux \u0153uvres de Diane Sorel et Joseph Garrigue, les visiteurs d\u00e9couvriront la richesse de cet \u00e9cosyst\u00e8me unique.La for\u00eat de la Massane, situ\u00e9e en Occitanie, est une r\u00e9serve naturelle nationale cr\u00e9\u00e9e en 1973. Elle s\u2019\u00e9tend sur 336 hectares et est reconnue pour sa biodiversit\u00e9 exceptionnelle, avec plus de 8 200 esp\u00e8ces r\u00e9pertori\u00e9es. Class\u00e9e au patrimoine mondial de l\u2019UNESCO depuis 2021, elle fait partie des for\u00eats primaires et anciennes de h\u00eatres des Carpates et d\u2019autres r\u00e9gions d\u2019Europe. La for\u00eat, qui n\u2019est plus exploit\u00e9e depuis plus d\u2019un si\u00e8cle, est un refuge glaciaire abritant une diversit\u00e9 g\u00e9n\u00e9tique unique. Les sentiers de randonn\u00e9e permettent de d\u00e9couvrir ce patrimoine naturel, offrant des paysages uniques et une exp\u00e9rience sensorielle riche.L\u2019exposition met en avant la beaut\u00e9 et la fragilit\u00e9 de la for\u00eat de la Massane \u00e0 travers des photographies, des peintures et des installations artistiques. Diane Sorel et Joseph Garrigue, deux artistes passionn\u00e9s par la nature, pr\u00e9sentent des \u0153uvres qui capturent l\u2019essence de cette for\u00eat ancestrale. Leurs cr\u00e9ations invitent \u00e0 la r\u00e9flexion sur la pr\u00e9servation de ces \u00e9cosyst\u00e8mes pr\u00e9cieux. L\u2019\u00e9v\u00e9nement est une opportunit\u00e9 unique de sensibiliser le public \u00e0 l\u2019importance de la protection de la biodiversit\u00e9 et du patrimoine naturel.Ne manquez pas cette exposition unique qui combine art et nature, offrant une exp\u00e9rience immersive et enrichissante pour tous les amoureux de la nature et de l\u2019art.\" \/>\n<meta name=\"robots\" content=\"index, follow, max-snippet:-1, max-image-preview:large, max-video-preview:-1\" \/>\n<link rel=\"canonical\" href=\"https:\/\/www.locansol.fr\/en\/evenement\/au-rythme-des-forets-la-foret-de-la-massane\/\" \/>\n<meta property=\"og:locale\" content=\"en_GB\" \/>\n<meta property=\"og:type\" content=\"article\" \/>\n<meta property=\"og:title\" content=\"AU RYTHME DES FOR\u00caTS : LA FOR\u00caT DE LA MASSANE\" \/>\n<meta property=\"og:description\" content=\"L\u2019exposition \u00ab Au rythme des for\u00eats : La For\u00eat de la Massane \u00bb se tiendra au Boulou, du 2 mai au 31 mai. Cet \u00e9v\u00e9nement propose une immersion dans l\u2019une des derni\u00e8res vieilles for\u00eats en libre \u00e9volution. Gr\u00e2ce aux \u0153uvres de Diane Sorel et Joseph Garrigue, les visiteurs d\u00e9couvriront la richesse de cet \u00e9cosyst\u00e8me unique.La for\u00eat de la Massane, situ\u00e9e en Occitanie, est une r\u00e9serve naturelle nationale cr\u00e9\u00e9e en 1973. Elle s\u2019\u00e9tend sur 336 hectares et est reconnue pour sa biodiversit\u00e9 exceptionnelle, avec plus de 8 200 esp\u00e8ces r\u00e9pertori\u00e9es. Class\u00e9e au patrimoine mondial de l\u2019UNESCO depuis 2021, elle fait partie des for\u00eats primaires et anciennes de h\u00eatres des Carpates et d\u2019autres r\u00e9gions d\u2019Europe. La for\u00eat, qui n\u2019est plus exploit\u00e9e depuis plus d\u2019un si\u00e8cle, est un refuge glaciaire abritant une diversit\u00e9 g\u00e9n\u00e9tique unique. Les sentiers de randonn\u00e9e permettent de d\u00e9couvrir ce patrimoine naturel, offrant des paysages uniques et une exp\u00e9rience sensorielle riche.L\u2019exposition met en avant la beaut\u00e9 et la fragilit\u00e9 de la for\u00eat de la Massane \u00e0 travers des photographies, des peintures et des installations artistiques. Diane Sorel et Joseph Garrigue, deux artistes passionn\u00e9s par la nature, pr\u00e9sentent des \u0153uvres qui capturent l\u2019essence de cette for\u00eat ancestrale. Leurs cr\u00e9ations invitent \u00e0 la r\u00e9flexion sur la pr\u00e9servation de ces \u00e9cosyst\u00e8mes pr\u00e9cieux. L\u2019\u00e9v\u00e9nement est une opportunit\u00e9 unique de sensibiliser le public \u00e0 l\u2019importance de la protection de la biodiversit\u00e9 et du patrimoine naturel.Ne manquez pas cette exposition unique qui combine art et nature, offrant une exp\u00e9rience immersive et enrichissante pour tous les amoureux de la nature et de l\u2019art.\" \/>\n<meta property=\"og:url\" content=\"https:\/\/www.locansol.fr\/en\/evenement\/au-rythme-des-forets-la-foret-de-la-massane\/\" \/>\n<meta property=\"og:site_name\" content=\"Locansol, louer un h\u00e9bergement dans les Pyr\u00e9n\u00e9es Orientales\" \/>\n<meta property=\"article:modified_time\" content=\"2026-05-02T22:15:14+00:00\" \/>\n<meta property=\"og:image\" content=\"https:\/\/www.locansol.fr\/wp-content\/uploads\/2026\/05\/exposition-foret-massane-boulou.webp\" \/>\n\t<meta property=\"og:image:width\" content=\"1357\" \/>\n\t<meta property=\"og:image:height\" content=\"1920\" \/>\n\t<meta property=\"og:image:type\" content=\"image\/webp\" \/>\n<meta name=\"twitter:card\" content=\"summary_large_image\" \/>\n<meta name=\"twitter:title\" content=\"AU RYTHME DES FOR\u00caTS : LA FOR\u00caT DE LA MASSANE\" \/>\n<meta name=\"twitter:description\" content=\"L\u2019exposition \u00ab Au rythme des for\u00eats : La For\u00eat de la Massane \u00bb se tiendra au Boulou, du 2 mai au 31 mai. Cet \u00e9v\u00e9nement propose une immersion dans l\u2019une des derni\u00e8res vieilles for\u00eats en libre \u00e9volution. Gr\u00e2ce aux \u0153uvres de Diane Sorel et Joseph Garrigue, les visiteurs d\u00e9couvriront la richesse de cet \u00e9cosyst\u00e8me unique.La for\u00eat de la Massane, situ\u00e9e en Occitanie, est une r\u00e9serve naturelle nationale cr\u00e9\u00e9e en 1973. Elle s\u2019\u00e9tend sur 336 hectares et est reconnue pour sa biodiversit\u00e9 exceptionnelle, avec plus de 8 200 esp\u00e8ces r\u00e9pertori\u00e9es. Class\u00e9e au patrimoine mondial de l\u2019UNESCO depuis 2021, elle fait partie des for\u00eats primaires et anciennes de h\u00eatres des Carpates et d\u2019autres r\u00e9gions d\u2019Europe. La for\u00eat, qui n\u2019est plus exploit\u00e9e depuis plus d\u2019un si\u00e8cle, est un refuge glaciaire abritant une diversit\u00e9 g\u00e9n\u00e9tique unique. Les sentiers de randonn\u00e9e permettent de d\u00e9couvrir ce patrimoine naturel, offrant des paysages uniques et une exp\u00e9rience sensorielle riche.L\u2019exposition met en avant la beaut\u00e9 et la fragilit\u00e9 de la for\u00eat de la Massane \u00e0 travers des photographies, des peintures et des installations artistiques. Diane Sorel et Joseph Garrigue, deux artistes passionn\u00e9s par la nature, pr\u00e9sentent des \u0153uvres qui capturent l\u2019essence de cette for\u00eat ancestrale. Leurs cr\u00e9ations invitent \u00e0 la r\u00e9flexion sur la pr\u00e9servation de ces \u00e9cosyst\u00e8mes pr\u00e9cieux. L\u2019\u00e9v\u00e9nement est une opportunit\u00e9 unique de sensibiliser le public \u00e0 l\u2019importance de la protection de la biodiversit\u00e9 et du patrimoine naturel.Ne manquez pas cette exposition unique qui combine art et nature, offrant une exp\u00e9rience immersive et enrichissante pour tous les amoureux de la nature et de l\u2019art.\" \/>\n<meta name=\"twitter:image\" content=\"https:\/\/www.locansol.fr\/wp-content\/uploads\/2026\/05\/exposition-foret-massane-boulou.webp\" \/>\n<meta name=\"twitter:label1\" content=\"Estimated reading time\" \/>\n\t<meta name=\"twitter:data1\" content=\"2 minutes\" \/>\n<script type=\"application\/ld+json\" class=\"yoast-schema-graph\">{\"@context\":\"https:\/\/schema.org\",\"@graph\":[{\"@type\":\"WebPage\",\"@id\":\"https:\/\/www.locansol.fr\/evenement\/au-rythme-des-forets-la-foret-de-la-massane\/\",\"url\":\"https:\/\/www.locansol.fr\/evenement\/au-rythme-des-forets-la-foret-de-la-massane\/\",\"name\":\"AU RYTHME DES FOR\u00caTS : LA FOR\u00caT DE LA MASSANE\",\"isPartOf\":{\"@id\":\"https:\/\/www.locansol.fr\/#website\"},\"primaryImageOfPage\":{\"@id\":\"https:\/\/www.locansol.fr\/evenement\/au-rythme-des-forets-la-foret-de-la-massane\/#primaryimage\"},\"image\":{\"@id\":\"https:\/\/www.locansol.fr\/evenement\/au-rythme-des-forets-la-foret-de-la-massane\/#primaryimage\"},\"thumbnailUrl\":\"https:\/\/www.locansol.fr\/wp-content\/uploads\/2026\/05\/exposition-foret-massane-boulou.webp\",\"datePublished\":\"2026-05-02T22:15:11+00:00\",\"dateModified\":\"2026-05-02T22:15:14+00:00\",\"description\":\"L\u2019exposition \u00ab Au rythme des for\u00eats : La For\u00eat de la Massane \u00bb se tiendra au Boulou, du 2 mai au 31 mai. Cet \u00e9v\u00e9nement propose une immersion dans l\u2019une des derni\u00e8res vieilles for\u00eats en libre \u00e9volution. Gr\u00e2ce aux \u0153uvres de Diane Sorel et Joseph Garrigue, les visiteurs d\u00e9couvriront la richesse de cet \u00e9cosyst\u00e8me unique.La for\u00eat de la Massane, situ\u00e9e en Occitanie, est une r\u00e9serve naturelle nationale cr\u00e9\u00e9e en 1973. Elle s\u2019\u00e9tend sur 336 hectares et est reconnue pour sa biodiversit\u00e9 exceptionnelle, avec plus de 8 200 esp\u00e8ces r\u00e9pertori\u00e9es. Class\u00e9e au patrimoine mondial de l\u2019UNESCO depuis 2021, elle fait partie des for\u00eats primaires et anciennes de h\u00eatres des Carpates et d\u2019autres r\u00e9gions d\u2019Europe. La for\u00eat, qui n\u2019est plus exploit\u00e9e depuis plus d\u2019un si\u00e8cle, est un refuge glaciaire abritant une diversit\u00e9 g\u00e9n\u00e9tique unique. Les sentiers de randonn\u00e9e permettent de d\u00e9couvrir ce patrimoine naturel, offrant des paysages uniques et une exp\u00e9rience sensorielle riche.L\u2019exposition met en avant la beaut\u00e9 et la fragilit\u00e9 de la for\u00eat de la Massane \u00e0 travers des photographies, des peintures et des installations artistiques. Diane Sorel et Joseph Garrigue, deux artistes passionn\u00e9s par la nature, pr\u00e9sentent des \u0153uvres qui capturent l\u2019essence de cette for\u00eat ancestrale. Leurs cr\u00e9ations invitent \u00e0 la r\u00e9flexion sur la pr\u00e9servation de ces \u00e9cosyst\u00e8mes pr\u00e9cieux. L\u2019\u00e9v\u00e9nement est une opportunit\u00e9 unique de sensibiliser le public \u00e0 l\u2019importance de la protection de la biodiversit\u00e9 et du patrimoine naturel.Ne manquez pas cette exposition unique qui combine art et nature, offrant une exp\u00e9rience immersive et enrichissante pour tous les amoureux de la nature et de l\u2019art.\",\"breadcrumb\":{\"@id\":\"https:\/\/www.locansol.fr\/evenement\/au-rythme-des-forets-la-foret-de-la-massane\/#breadcrumb\"},\"inLanguage\":\"en-GB\",\"potentialAction\":[{\"@type\":\"ReadAction\",\"target\":[\"https:\/\/www.locansol.fr\/evenement\/au-rythme-des-forets-la-foret-de-la-massane\/\"]}]},{\"@type\":\"ImageObject\",\"inLanguage\":\"en-GB\",\"@id\":\"https:\/\/www.locansol.fr\/evenement\/au-rythme-des-forets-la-foret-de-la-massane\/#primaryimage\",\"url\":\"https:\/\/www.locansol.fr\/wp-content\/uploads\/2026\/05\/exposition-foret-massane-boulou.webp\",\"contentUrl\":\"https:\/\/www.locansol.fr\/wp-content\/uploads\/2026\/05\/exposition-foret-massane-boulou.webp\",\"width\":1357,\"height\":1920,\"caption\":\"Au rythme des for\u00eats : La For\u00eat de la Massane Le Boulou\"},{\"@type\":\"BreadcrumbList\",\"@id\":\"https:\/\/www.locansol.fr\/evenement\/au-rythme-des-forets-la-foret-de-la-massane\/#breadcrumb\",\"itemListElement\":[{\"@type\":\"ListItem\",\"position\":1,\"name\":\"Accueil\",\"item\":\"https:\/\/www.locansol.fr\/\"},{\"@type\":\"ListItem\",\"position\":2,\"name\":\"\u00c9v\u00e8nements\",\"item\":\"https:\/\/www.locansol.fr\/evenements\/\"},{\"@type\":\"ListItem\",\"position\":3,\"name\":\"AU RYTHME DES FOR\u00caTS : LA FOR\u00caT DE LA MASSANE\"}]},{\"@type\":\"WebSite\",\"@id\":\"https:\/\/www.locansol.fr\/#website\",\"url\":\"https:\/\/www.locansol.fr\/\",\"name\":\"Locansol, louer un h\u00e9bergement dans les Pyr\u00e9n\u00e9es-Orientales\",\"description\":\"Location Mobil-home Mer M\u00e9diterran\u00e9e &amp; Chalet de Montagne dans les Pyr\u00e9n\u00e9es Orientales (Occitanie, 66). Weekend, s\u00e9jour &amp; vacances en famille et entre amis.\",\"publisher\":{\"@id\":\"https:\/\/www.locansol.fr\/#organization\"},\"alternateName\":\"Louer un h\u00e9bergement dans les Pyr\u00e9n\u00e9es Orientales, chalet & mobil-home en Occitanie\",\"potentialAction\":[{\"@type\":\"SearchAction\",\"target\":{\"@type\":\"EntryPoint\",\"urlTemplate\":\"https:\/\/www.locansol.fr\/?s={search_term_string}\"},\"query-input\":{\"@type\":\"PropertyValueSpecification\",\"valueRequired\":true,\"valueName\":\"search_term_string\"}}],\"inLanguage\":\"en-GB\"},{\"@type\":\"Organization\",\"@id\":\"https:\/\/www.locansol.fr\/#organization\",\"name\":\"Location MobilHome & chalet dans les Pyr\u00e9n\u00e9es Orientales\",\"alternateName\":\"Louer un h\u00e9bergement dans les Pyr\u00e9n\u00e9es Orientales en Occitanie\",\"url\":\"https:\/\/www.locansol.fr\/\",\"logo\":{\"@type\":\"ImageObject\",\"inLanguage\":\"en-GB\",\"@id\":\"https:\/\/www.locansol.fr\/#\/schema\/logo\/image\/\",\"url\":\"https:\/\/www.locansol.fr\/wp-content\/uploads\/2024\/04\/AdobeStock_303324767-scaled.jpeg\",\"contentUrl\":\"https:\/\/www.locansol.fr\/wp-content\/uploads\/2024\/04\/AdobeStock_303324767-scaled.jpeg\",\"width\":2560,\"height\":1707,\"caption\":\"Location MobilHome & chalet dans les Pyr\u00e9n\u00e9es Orientales\"},\"image\":{\"@id\":\"https:\/\/www.locansol.fr\/#\/schema\/logo\/image\/\"}}]}<\/script>\n<!-- \/ Yoast SEO Premium plugin. -->","yoast_head_json":{"title":"AU RYTHME DES FOR\u00caTS : LA FOR\u00caT DE LA MASSANE","description":"L\u2019exposition \u00ab Au rythme des for\u00eats : La For\u00eat de la Massane \u00bb se tiendra au Boulou, du 2 mai au 31 mai. Cet \u00e9v\u00e9nement propose une immersion dans l\u2019une des derni\u00e8res vieilles for\u00eats en libre \u00e9volution. Gr\u00e2ce aux \u0153uvres de Diane Sorel et Joseph Garrigue, les visiteurs d\u00e9couvriront la richesse de cet \u00e9cosyst\u00e8me unique.La for\u00eat de la Massane, situ\u00e9e en Occitanie, est une r\u00e9serve naturelle nationale cr\u00e9\u00e9e en 1973. Elle s\u2019\u00e9tend sur 336 hectares et est reconnue pour sa biodiversit\u00e9 exceptionnelle, avec plus de 8 200 esp\u00e8ces r\u00e9pertori\u00e9es. Class\u00e9e au patrimoine mondial de l\u2019UNESCO depuis 2021, elle fait partie des for\u00eats primaires et anciennes de h\u00eatres des Carpates et d\u2019autres r\u00e9gions d\u2019Europe. La for\u00eat, qui n\u2019est plus exploit\u00e9e depuis plus d\u2019un si\u00e8cle, est un refuge glaciaire abritant une diversit\u00e9 g\u00e9n\u00e9tique unique. Les sentiers de randonn\u00e9e permettent de d\u00e9couvrir ce patrimoine naturel, offrant des paysages uniques et une exp\u00e9rience sensorielle riche.L\u2019exposition met en avant la beaut\u00e9 et la fragilit\u00e9 de la for\u00eat de la Massane \u00e0 travers des photographies, des peintures et des installations artistiques. Diane Sorel et Joseph Garrigue, deux artistes passionn\u00e9s par la nature, pr\u00e9sentent des \u0153uvres qui capturent l\u2019essence de cette for\u00eat ancestrale. Leurs cr\u00e9ations invitent \u00e0 la r\u00e9flexion sur la pr\u00e9servation de ces \u00e9cosyst\u00e8mes pr\u00e9cieux. L\u2019\u00e9v\u00e9nement est une opportunit\u00e9 unique de sensibiliser le public \u00e0 l\u2019importance de la protection de la biodiversit\u00e9 et du patrimoine naturel.Ne manquez pas cette exposition unique qui combine art et nature, offrant une exp\u00e9rience immersive et enrichissante pour tous les amoureux de la nature et de l\u2019art.","robots":{"index":"index","follow":"follow","max-snippet":"max-snippet:-1","max-image-preview":"max-image-preview:large","max-video-preview":"max-video-preview:-1"},"canonical":"https:\/\/www.locansol.fr\/en\/evenement\/au-rythme-des-forets-la-foret-de-la-massane\/","og_locale":"en_GB","og_type":"article","og_title":"AU RYTHME DES FOR\u00caTS : LA FOR\u00caT DE LA MASSANE","og_description":"L\u2019exposition \u00ab Au rythme des for\u00eats : La For\u00eat de la Massane \u00bb se tiendra au Boulou, du 2 mai au 31 mai. Cet \u00e9v\u00e9nement propose une immersion dans l\u2019une des derni\u00e8res vieilles for\u00eats en libre \u00e9volution. Gr\u00e2ce aux \u0153uvres de Diane Sorel et Joseph Garrigue, les visiteurs d\u00e9couvriront la richesse de cet \u00e9cosyst\u00e8me unique.La for\u00eat de la Massane, situ\u00e9e en Occitanie, est une r\u00e9serve naturelle nationale cr\u00e9\u00e9e en 1973. Elle s\u2019\u00e9tend sur 336 hectares et est reconnue pour sa biodiversit\u00e9 exceptionnelle, avec plus de 8 200 esp\u00e8ces r\u00e9pertori\u00e9es. Class\u00e9e au patrimoine mondial de l\u2019UNESCO depuis 2021, elle fait partie des for\u00eats primaires et anciennes de h\u00eatres des Carpates et d\u2019autres r\u00e9gions d\u2019Europe. La for\u00eat, qui n\u2019est plus exploit\u00e9e depuis plus d\u2019un si\u00e8cle, est un refuge glaciaire abritant une diversit\u00e9 g\u00e9n\u00e9tique unique. Les sentiers de randonn\u00e9e permettent de d\u00e9couvrir ce patrimoine naturel, offrant des paysages uniques et une exp\u00e9rience sensorielle riche.L\u2019exposition met en avant la beaut\u00e9 et la fragilit\u00e9 de la for\u00eat de la Massane \u00e0 travers des photographies, des peintures et des installations artistiques. Diane Sorel et Joseph Garrigue, deux artistes passionn\u00e9s par la nature, pr\u00e9sentent des \u0153uvres qui capturent l\u2019essence de cette for\u00eat ancestrale. Leurs cr\u00e9ations invitent \u00e0 la r\u00e9flexion sur la pr\u00e9servation de ces \u00e9cosyst\u00e8mes pr\u00e9cieux. L\u2019\u00e9v\u00e9nement est une opportunit\u00e9 unique de sensibiliser le public \u00e0 l\u2019importance de la protection de la biodiversit\u00e9 et du patrimoine naturel.Ne manquez pas cette exposition unique qui combine art et nature, offrant une exp\u00e9rience immersive et enrichissante pour tous les amoureux de la nature et de l\u2019art.","og_url":"https:\/\/www.locansol.fr\/en\/evenement\/au-rythme-des-forets-la-foret-de-la-massane\/","og_site_name":"Locansol, louer un h\u00e9bergement dans les Pyr\u00e9n\u00e9es Orientales","article_modified_time":"2026-05-02T22:15:14+00:00","og_image":[{"width":1357,"height":1920,"url":"https:\/\/www.locansol.fr\/wp-content\/uploads\/2026\/05\/exposition-foret-massane-boulou.webp","type":"image\/webp"}],"twitter_card":"summary_large_image","twitter_title":"AU RYTHME DES FOR\u00caTS : LA FOR\u00caT DE LA MASSANE","twitter_description":"L\u2019exposition \u00ab Au rythme des for\u00eats : La For\u00eat de la Massane \u00bb se tiendra au Boulou, du 2 mai au 31 mai. Cet \u00e9v\u00e9nement propose une immersion dans l\u2019une des derni\u00e8res vieilles for\u00eats en libre \u00e9volution. Gr\u00e2ce aux \u0153uvres de Diane Sorel et Joseph Garrigue, les visiteurs d\u00e9couvriront la richesse de cet \u00e9cosyst\u00e8me unique.La for\u00eat de la Massane, situ\u00e9e en Occitanie, est une r\u00e9serve naturelle nationale cr\u00e9\u00e9e en 1973. Elle s\u2019\u00e9tend sur 336 hectares et est reconnue pour sa biodiversit\u00e9 exceptionnelle, avec plus de 8 200 esp\u00e8ces r\u00e9pertori\u00e9es. Class\u00e9e au patrimoine mondial de l\u2019UNESCO depuis 2021, elle fait partie des for\u00eats primaires et anciennes de h\u00eatres des Carpates et d\u2019autres r\u00e9gions d\u2019Europe. La for\u00eat, qui n\u2019est plus exploit\u00e9e depuis plus d\u2019un si\u00e8cle, est un refuge glaciaire abritant une diversit\u00e9 g\u00e9n\u00e9tique unique. Les sentiers de randonn\u00e9e permettent de d\u00e9couvrir ce patrimoine naturel, offrant des paysages uniques et une exp\u00e9rience sensorielle riche.L\u2019exposition met en avant la beaut\u00e9 et la fragilit\u00e9 de la for\u00eat de la Massane \u00e0 travers des photographies, des peintures et des installations artistiques. Diane Sorel et Joseph Garrigue, deux artistes passionn\u00e9s par la nature, pr\u00e9sentent des \u0153uvres qui capturent l\u2019essence de cette for\u00eat ancestrale. Leurs cr\u00e9ations invitent \u00e0 la r\u00e9flexion sur la pr\u00e9servation de ces \u00e9cosyst\u00e8mes pr\u00e9cieux. L\u2019\u00e9v\u00e9nement est une opportunit\u00e9 unique de sensibiliser le public \u00e0 l\u2019importance de la protection de la biodiversit\u00e9 et du patrimoine naturel.Ne manquez pas cette exposition unique qui combine art et nature, offrant une exp\u00e9rience immersive et enrichissante pour tous les amoureux de la nature et de l\u2019art.","twitter_image":"https:\/\/www.locansol.fr\/wp-content\/uploads\/2026\/05\/exposition-foret-massane-boulou.webp","twitter_misc":{"Estimated reading time":"2 minutes"},"schema":{"@context":"https:\/\/schema.org","@graph":[{"@type":"WebPage","@id":"https:\/\/www.locansol.fr\/evenement\/au-rythme-des-forets-la-foret-de-la-massane\/","url":"https:\/\/www.locansol.fr\/evenement\/au-rythme-des-forets-la-foret-de-la-massane\/","name":"AU RYTHME DES FOR\u00caTS : LA FOR\u00caT DE LA MASSANE","isPartOf":{"@id":"https:\/\/www.locansol.fr\/#website"},"primaryImageOfPage":{"@id":"https:\/\/www.locansol.fr\/evenement\/au-rythme-des-forets-la-foret-de-la-massane\/#primaryimage"},"image":{"@id":"https:\/\/www.locansol.fr\/evenement\/au-rythme-des-forets-la-foret-de-la-massane\/#primaryimage"},"thumbnailUrl":"https:\/\/www.locansol.fr\/wp-content\/uploads\/2026\/05\/exposition-foret-massane-boulou.webp","datePublished":"2026-05-02T22:15:11+00:00","dateModified":"2026-05-02T22:15:14+00:00","description":"L\u2019exposition \u00ab Au rythme des for\u00eats : La For\u00eat de la Massane \u00bb se tiendra au Boulou, du 2 mai au 31 mai. Cet \u00e9v\u00e9nement propose une immersion dans l\u2019une des derni\u00e8res vieilles for\u00eats en libre \u00e9volution. Gr\u00e2ce aux \u0153uvres de Diane Sorel et Joseph Garrigue, les visiteurs d\u00e9couvriront la richesse de cet \u00e9cosyst\u00e8me unique.La for\u00eat de la Massane, situ\u00e9e en Occitanie, est une r\u00e9serve naturelle nationale cr\u00e9\u00e9e en 1973. Elle s\u2019\u00e9tend sur 336 hectares et est reconnue pour sa biodiversit\u00e9 exceptionnelle, avec plus de 8 200 esp\u00e8ces r\u00e9pertori\u00e9es. Class\u00e9e au patrimoine mondial de l\u2019UNESCO depuis 2021, elle fait partie des for\u00eats primaires et anciennes de h\u00eatres des Carpates et d\u2019autres r\u00e9gions d\u2019Europe. La for\u00eat, qui n\u2019est plus exploit\u00e9e depuis plus d\u2019un si\u00e8cle, est un refuge glaciaire abritant une diversit\u00e9 g\u00e9n\u00e9tique unique. Les sentiers de randonn\u00e9e permettent de d\u00e9couvrir ce patrimoine naturel, offrant des paysages uniques et une exp\u00e9rience sensorielle riche.L\u2019exposition met en avant la beaut\u00e9 et la fragilit\u00e9 de la for\u00eat de la Massane \u00e0 travers des photographies, des peintures et des installations artistiques. Diane Sorel et Joseph Garrigue, deux artistes passionn\u00e9s par la nature, pr\u00e9sentent des \u0153uvres qui capturent l\u2019essence de cette for\u00eat ancestrale. Leurs cr\u00e9ations invitent \u00e0 la r\u00e9flexion sur la pr\u00e9servation de ces \u00e9cosyst\u00e8mes pr\u00e9cieux. L\u2019\u00e9v\u00e9nement est une opportunit\u00e9 unique de sensibiliser le public \u00e0 l\u2019importance de la protection de la biodiversit\u00e9 et du patrimoine naturel.Ne manquez pas cette exposition unique qui combine art et nature, offrant une exp\u00e9rience immersive et enrichissante pour tous les amoureux de la nature et de l\u2019art.","breadcrumb":{"@id":"https:\/\/www.locansol.fr\/evenement\/au-rythme-des-forets-la-foret-de-la-massane\/#breadcrumb"},"inLanguage":"en-GB","potentialAction":[{"@type":"ReadAction","target":["https:\/\/www.locansol.fr\/evenement\/au-rythme-des-forets-la-foret-de-la-massane\/"]}]},{"@type":"ImageObject","inLanguage":"en-GB","@id":"https:\/\/www.locansol.fr\/evenement\/au-rythme-des-forets-la-foret-de-la-massane\/#primaryimage","url":"https:\/\/www.locansol.fr\/wp-content\/uploads\/2026\/05\/exposition-foret-massane-boulou.webp","contentUrl":"https:\/\/www.locansol.fr\/wp-content\/uploads\/2026\/05\/exposition-foret-massane-boulou.webp","width":1357,"height":1920,"caption":"Au rythme des for\u00eats : La For\u00eat de la Massane Le Boulou"},{"@type":"BreadcrumbList","@id":"https:\/\/www.locansol.fr\/evenement\/au-rythme-des-forets-la-foret-de-la-massane\/#breadcrumb","itemListElement":[{"@type":"ListItem","position":1,"name":"Accueil","item":"https:\/\/www.locansol.fr\/"},{"@type":"ListItem","position":2,"name":"\u00c9v\u00e8nements","item":"https:\/\/www.locansol.fr\/evenements\/"},{"@type":"ListItem","position":3,"name":"AU RYTHME DES FOR\u00caTS : LA FOR\u00caT DE LA MASSANE"}]},{"@type":"WebSite","@id":"https:\/\/www.locansol.fr\/#website","url":"https:\/\/www.locansol.fr\/","name":"Locansol, louer un h\u00e9bergement dans les Pyr\u00e9n\u00e9es-Orientales","description":"Location Mobil-home Mer M\u00e9diterran\u00e9e &amp; Chalet de Montagne dans les Pyr\u00e9n\u00e9es Orientales (Occitanie, 66). Weekend, s\u00e9jour &amp; vacances en famille et entre amis.","publisher":{"@id":"https:\/\/www.locansol.fr\/#organization"},"alternateName":"Louer un h\u00e9bergement dans les Pyr\u00e9n\u00e9es Orientales, chalet & mobil-home en Occitanie","potentialAction":[{"@type":"SearchAction","target":{"@type":"EntryPoint","urlTemplate":"https:\/\/www.locansol.fr\/?s={search_term_string}"},"query-input":{"@type":"PropertyValueSpecification","valueRequired":true,"valueName":"search_term_string"}}],"inLanguage":"en-GB"},{"@type":"Organization","@id":"https:\/\/www.locansol.fr\/#organization","name":"Location MobilHome & chalet dans les Pyr\u00e9n\u00e9es Orientales","alternateName":"Louer un h\u00e9bergement dans les Pyr\u00e9n\u00e9es Orientales en Occitanie","url":"https:\/\/www.locansol.fr\/","logo":{"@type":"ImageObject","inLanguage":"en-GB","@id":"https:\/\/www.locansol.fr\/#\/schema\/logo\/image\/","url":"https:\/\/www.locansol.fr\/wp-content\/uploads\/2024\/04\/AdobeStock_303324767-scaled.jpeg","contentUrl":"https:\/\/www.locansol.fr\/wp-content\/uploads\/2024\/04\/AdobeStock_303324767-scaled.jpeg","width":2560,"height":1707,"caption":"Location MobilHome & chalet dans les Pyr\u00e9n\u00e9es Orientales"},"image":{"@id":"https:\/\/www.locansol.fr\/#\/schema\/logo\/image\/"}}]}},"_links":{"self":[{"href":"https:\/\/www.locansol.fr\/en\/wp-json\/wp\/v2\/tribe_events\/6836","targetHints":{"allow":["GET"]}}],"collection":[{"href":"https:\/\/www.locansol.fr\/en\/wp-json\/wp\/v2\/tribe_events"}],"about":[{"href":"https:\/\/www.locansol.fr\/en\/wp-json\/wp\/v2\/types\/tribe_events"}],"author":[{"embeddable":true,"href":"https:\/\/www.locansol.fr\/en\/wp-json\/wp\/v2\/users\/5"}],"version-history":[{"count":1,"href":"https:\/\/www.locansol.fr\/en\/wp-json\/wp\/v2\/tribe_events\/6836\/revisions"}],"predecessor-version":[{"id":6837,"href":"https:\/\/www.locansol.fr\/en\/wp-json\/wp\/v2\/tribe_events\/6836\/revisions\/6837"}],"wp:featuredmedia":[{"embeddable":true,"href":"https:\/\/www.locansol.fr\/en\/wp-json\/wp\/v2\/media\/6833"}],"wp:attachment":[{"href":"https:\/\/www.locansol.fr\/en\/wp-json\/wp\/v2\/media?parent=6836"}],"wp:term":[{"taxonomy":"post_tag","embeddable":true,"href":"https:\/\/www.locansol.fr\/en\/wp-json\/wp\/v2\/tags?post=6836"},{"taxonomy":"tribe_events_cat","embeddable":true,"href":"https:\/\/www.locansol.fr\/en\/wp-json\/wp\/v2\/tribe_events_cat?post=6836"}],"curies":[{"name":"wp","href":"https:\/\/api.w.org\/{rel}","templated":true}]}}