{"version":"1.0","provider_name":"Locansol, alquilar un alojamiento en los Pirineos Orientales, Francia","provider_url":"https:\/\/www.locansol.fr\/es","author_name":"H\u00e9bergements Locansol","author_url":"https:\/\/www.locansol.fr\/es\/author\/locansol\/","title":"CHORALE ET HARMONIE","type":"rich","width":600,"height":338,"html":"<blockquote class=\"wp-embedded-content\" data-secret=\"dRGA04ZbK8\"><a href=\"https:\/\/www.locansol.fr\/es\/evenement\/chorale-et-harmonie\/\">CHORALE ET HARMONIE<\/a><\/blockquote><iframe sandbox=\"allow-scripts\" security=\"restricted\" src=\"https:\/\/www.locansol.fr\/es\/evenement\/chorale-et-harmonie\/embed\/#?secret=dRGA04ZbK8\" width=\"600\" height=\"338\" title=\"\u00abCHORALE ET HARMONIE\u00bb \u2014 Locansol, louer un h\u00e9bergement dans les Pyr\u00e9n\u00e9es Orientales\" data-secret=\"dRGA04ZbK8\" frameborder=\"0\" marginwidth=\"0\" marginheight=\"0\" scrolling=\"no\" class=\"wp-embedded-content\"><\/iframe><script>\n\/*! This file is auto-generated *\/\n!function(d,l){\"use strict\";l.querySelector&&d.addEventListener&&\"undefined\"!=typeof URL&&(d.wp=d.wp||{},d.wp.receiveEmbedMessage||(d.wp.receiveEmbedMessage=function(e){var t=e.data;if((t||t.secret||t.message||t.value)&&!\/[^a-zA-Z0-9]\/.test(t.secret)){for(var s,r,n,a=l.querySelectorAll('iframe[data-secret=\"'+t.secret+'\"]'),o=l.querySelectorAll('blockquote[data-secret=\"'+t.secret+'\"]'),c=new RegExp(\"^https?:$\",\"i\"),i=0;i<o.length;i++)o[i].style.display=\"none\";for(i=0;i<a.length;i++)s=a[i],e.source===s.contentWindow&&(s.removeAttribute(\"style\"),\"height\"===t.message?(1e3<(r=parseInt(t.value,10))?r=1e3:~~r<200&&(r=200),s.height=r):\"link\"===t.message&&(r=new URL(s.getAttribute(\"src\")),n=new URL(t.value),c.test(n.protocol))&&n.host===r.host&&l.activeElement===s&&(d.top.location.href=t.value))}},d.addEventListener(\"message\",d.wp.receiveEmbedMessage,!1),l.addEventListener(\"DOMContentLoaded\",function(){for(var e,t,s=l.querySelectorAll(\"iframe.wp-embedded-content\"),r=0;r<s.length;r++)(t=(e=s[r]).getAttribute(\"data-secret\"))||(t=Math.random().toString(36).substring(2,12),e.src+=\"#?secret=\"+t,e.setAttribute(\"data-secret\",t)),e.contentWindow.postMessage({message:\"ready\",secret:t},\"*\")},!1)))}(window,document);\n\/\/# sourceURL=https:\/\/www.locansol.fr\/wp-includes\/js\/wp-embed.min.js\n<\/script>","thumbnail_url":"https:\/\/www.locansol.fr\/wp-content\/uploads\/2026\/03\/concert-chorale-harmonie-argeles.webp","thumbnail_width":1357,"thumbnail_height":1920,"description":"Le concert \u00ab Chorale et Harmonie \u00bb se tiendra \u00e0 Argel\u00e8s-sur-Mer le samedi 28 mars de 20:30 \u00e0 22:30. Cet \u00e9v\u00e9nement musical r\u00e9unit la Chorale Andr\u00e9 Dunyach et l'Harmonie de C\u00e9ret pour une soir\u00e9e exceptionnelle.### Contexte et ProgrammeLa Chorale Andr\u00e9 Dunyach, fond\u00e9e et dirig\u00e9e par l'abb\u00e9 Andr\u00e9 Dunyach, est une institution locale bien connue. Initialement cr\u00e9\u00e9e pour accompagner les offices religieux, la chorale a \u00e9volu\u00e9 sous la direction de Jean-Pierre Olive pour explorer divers styles musicaux et participer \u00e0 des \u00e9v\u00e9nements culturels vari\u00e9s. La chorale r\u00e9unit environ 40 choristes et s'associe r\u00e9guli\u00e8rement \u00e0 d'autres ensembles musicaux pour enrichir ses performances.L'Harmonie de C\u00e9ret, quant \u00e0 elle, est un ensemble instrumental renomm\u00e9 qui compl\u00e8te parfaitement les voix de la chorale. Cette collaboration annuelle vise \u00e0 associer deux expressions musicales distinctes, donnant ainsi une profondeur et un relief particuliers aux morceaux chant\u00e9s. Le programme du concert inclura des standards bien connus ainsi que de nouvelles compositions, promettant une exp\u00e9rience musicale riche et vari\u00e9e.### D\u00e9roulement du ConcertLe concert se d\u00e9roulera en plusieurs parties, chacune mettant en lumi\u00e8re les talents des choristes et des musiciens. Les morceaux seront interpr\u00e9t\u00e9s avec une pr\u00e9cision et une \u00e9motion qui promettent de captiver le public. Le point culminant de la soir\u00e9e sera une performance conjointe o\u00f9 les 80 artistes, choristes et musiciens, se r\u00e9uniront sur sc\u00e8ne pour offrir un final grandiose.### Pourquoi Venir ?Ce concert est une occasion unique de d\u00e9couvrir la richesse musicale de la r\u00e9gion. L'association des voix de la Chorale Andr\u00e9 Dunyach et des instruments de l'Harmonie de C\u00e9ret cr\u00e9e une alchimie sonore qui transporte le public. L'ambiance conviviale et chaleureuse de l'\u00e9v\u00e9nement, ainsi que l'entr\u00e9e gratuite, en font un rendez-vous accessible \u00e0 tous les amateurs de musique.### Informations PratiquesLe concert aura lieu \u00e0 l'Espace Carrere, situ\u00e9 au 24 Avenue Moli\u00e8re \u00e0 Argel\u00e8s-sur-Mer. L'entr\u00e9e est gratuite, ce qui permet \u00e0 tous de profiter de cette soir\u00e9e musicale sans contrainte financi\u00e8re.Ne manquez pas cette opportunit\u00e9 de vivre un moment musical exceptionnel \u00e0 Argel\u00e8s-sur-Mer. La rencontre entre la Chorale Andr\u00e9 Dunyach et l'Harmonie de C\u00e9ret promet d'\u00eatre un v\u00e9ritable r\u00e9gal pour les oreilles et le c\u0153ur."}