{"version":"1.0","provider_name":"Locansol, alquilar un alojamiento en los Pirineos Orientales, Francia","provider_url":"https:\/\/www.locansol.fr\/es","author_name":"H\u00e9bergements Locansol","author_url":"https:\/\/www.locansol.fr\/es\/author\/locansol\/","title":"CONF\u00c9RENCE WALTER BENJAMIN - MARS","type":"rich","width":600,"height":338,"html":"<blockquote class=\"wp-embedded-content\" data-secret=\"jQKVnJhrcC\"><a href=\"https:\/\/www.locansol.fr\/es\/evenement\/conference-walter-benjamin-mars\/\">CONF\u00c9RENCE WALTER BENJAMIN &#8211; MARS<\/a><\/blockquote><iframe sandbox=\"allow-scripts\" security=\"restricted\" src=\"https:\/\/www.locansol.fr\/es\/evenement\/conference-walter-benjamin-mars\/embed\/#?secret=jQKVnJhrcC\" width=\"600\" height=\"338\" title=\"\u00abCONF\u00c9RENCE WALTER BENJAMIN &#8211; MARS\u00bb \u2014 Locansol, louer un h\u00e9bergement dans les Pyr\u00e9n\u00e9es Orientales\" data-secret=\"jQKVnJhrcC\" frameborder=\"0\" marginwidth=\"0\" marginheight=\"0\" scrolling=\"no\" class=\"wp-embedded-content\"><\/iframe><script>\n\/*! This file is auto-generated *\/\n!function(d,l){\"use strict\";l.querySelector&&d.addEventListener&&\"undefined\"!=typeof URL&&(d.wp=d.wp||{},d.wp.receiveEmbedMessage||(d.wp.receiveEmbedMessage=function(e){var t=e.data;if((t||t.secret||t.message||t.value)&&!\/[^a-zA-Z0-9]\/.test(t.secret)){for(var s,r,n,a=l.querySelectorAll('iframe[data-secret=\"'+t.secret+'\"]'),o=l.querySelectorAll('blockquote[data-secret=\"'+t.secret+'\"]'),c=new RegExp(\"^https?:$\",\"i\"),i=0;i<o.length;i++)o[i].style.display=\"none\";for(i=0;i<a.length;i++)s=a[i],e.source===s.contentWindow&&(s.removeAttribute(\"style\"),\"height\"===t.message?(1e3<(r=parseInt(t.value,10))?r=1e3:~~r<200&&(r=200),s.height=r):\"link\"===t.message&&(r=new URL(s.getAttribute(\"src\")),n=new URL(t.value),c.test(n.protocol))&&n.host===r.host&&l.activeElement===s&&(d.top.location.href=t.value))}},d.addEventListener(\"message\",d.wp.receiveEmbedMessage,!1),l.addEventListener(\"DOMContentLoaded\",function(){for(var e,t,s=l.querySelectorAll(\"iframe.wp-embedded-content\"),r=0;r<s.length;r++)(t=(e=s[r]).getAttribute(\"data-secret\"))||(t=Math.random().toString(36).substring(2,12),e.src+=\"#?secret=\"+t,e.setAttribute(\"data-secret\",t)),e.contentWindow.postMessage({message:\"ready\",secret:t},\"*\")},!1)))}(window,document);\n\/\/# sourceURL=https:\/\/www.locansol.fr\/wp-includes\/js\/wp-embed.min.js\n<\/script>","thumbnail_url":"https:\/\/www.locansol.fr\/wp-content\/uploads\/2026\/03\/conference-walter-benjamin-banyuls-mer.webp","thumbnail_width":1024,"thumbnail_height":823,"description":"Le samedi 28 mars \u00e0 17h30, la Salle Novelty de Banyuls-sur-Mer accueillera une conf\u00e9rence exceptionnelle intitul\u00e9e \u00ab L'Art \u00e0 l'\u00e9poque de Walter Benjamin \u00bb. Cet \u00e9v\u00e9nement, propos\u00e9 par Pierre-Jean Brassac, journaliste et \u00e9crivain, promet d'\u00eatre un moment enrichissant pour tous les passionn\u00e9s d'histoire et de culture. Pierre-Jean Brassac, n\u00e9 en 1946, est un traducteur fran\u00e7ais reconnu pour son expertise et ses contributions pr\u00e9cieuses dans le domaine de la traduction. Il a notamment traduit des \u0153uvres majeures de Walter Benjamin, philosophe et critique allemand dont les travaux ont marqu\u00e9 la pens\u00e9e du XXe si\u00e8cle. Walter Benjamin, n\u00e9 en 1892 et d\u00e9c\u00e9d\u00e9 en 1940, est connu pour ses r\u00e9flexions profondes sur la modernit\u00e9, la critique litt\u00e9raire et la philosophie de l'art. Ses \u00e9crits, qui m\u00ealent marxisme, messianisme juif et esth\u00e9tique moderne, continuent d'influencer de nombreux penseurs contemporains. La conf\u00e9rence se tiendra \u00e0 la Salle Novelty, un lieu embl\u00e9matique de Banyuls-sur-Mer, situ\u00e9e au 14 rue du 14 Juillet. Cet espace, bien que peu document\u00e9 dans les recherches r\u00e9centes, est r\u00e9put\u00e9 pour accueillir des \u00e9v\u00e9nements culturels de qualit\u00e9, offrant un cadre id\u00e9al pour des conf\u00e9rences et des d\u00e9bats. L'entr\u00e9e est gratuite, ce qui permet \u00e0 un large public de participer et de s'immerger dans les id\u00e9es de Walter Benjamin, guid\u00e9 par l'expertise de Pierre-Jean Brassac. Assister \u00e0 cette conf\u00e9rence est une occasion unique de d\u00e9couvrir ou d'approfondir la pens\u00e9e de Walter Benjamin. L'\u00e9v\u00e9nement s'adresse \u00e0 tous ceux qui s'int\u00e9ressent \u00e0 l'histoire de l'art, \u00e0 la philosophie et \u00e0 la critique litt\u00e9raire. La gratuit\u00e9 de l'entr\u00e9e rend cette conf\u00e9rence accessible \u00e0 tous, favorisant ainsi la diffusion du savoir et l'\u00e9change d'id\u00e9es. La Salle Novelty, avec son ambiance conviviale et propice \u00e0 la r\u00e9flexion, sera le cadre parfait pour cette rencontre intellectuelle. Ne manquez pas cette opportunit\u00e9 d'enrichir votre compr\u00e9hension de l'art et de la pens\u00e9e contemporaine, tout en profitant d'un moment culturel de qualit\u00e9."}