{"version":"1.0","provider_name":"Locansol, alquilar un alojamiento en los Pirineos Orientales, Francia","provider_url":"https:\/\/www.locansol.fr\/es","author_name":"H\u00e9bergements Locansol","author_url":"https:\/\/www.locansol.fr\/es\/author\/locansol\/","title":"DE LA TERRE AUX \u00c9MOTIONS","type":"rich","width":600,"height":338,"html":"<blockquote class=\"wp-embedded-content\" data-secret=\"tU5oSLA7WZ\"><a href=\"https:\/\/www.locansol.fr\/es\/evenement\/de-la-terre-aux-emotions\/\">DE LA TERRE AUX \u00c9MOTIONS<\/a><\/blockquote><iframe sandbox=\"allow-scripts\" security=\"restricted\" src=\"https:\/\/www.locansol.fr\/es\/evenement\/de-la-terre-aux-emotions\/embed\/#?secret=tU5oSLA7WZ\" width=\"600\" height=\"338\" title=\"\u00abDE LA TERRE AUX \u00c9MOTIONS\u00bb \u2014 Locansol, louer un h\u00e9bergement dans les Pyr\u00e9n\u00e9es Orientales\" data-secret=\"tU5oSLA7WZ\" frameborder=\"0\" marginwidth=\"0\" marginheight=\"0\" scrolling=\"no\" class=\"wp-embedded-content\"><\/iframe><script>\n\/*! This file is auto-generated *\/\n!function(d,l){\"use strict\";l.querySelector&&d.addEventListener&&\"undefined\"!=typeof URL&&(d.wp=d.wp||{},d.wp.receiveEmbedMessage||(d.wp.receiveEmbedMessage=function(e){var t=e.data;if((t||t.secret||t.message||t.value)&&!\/[^a-zA-Z0-9]\/.test(t.secret)){for(var s,r,n,a=l.querySelectorAll('iframe[data-secret=\"'+t.secret+'\"]'),o=l.querySelectorAll('blockquote[data-secret=\"'+t.secret+'\"]'),c=new RegExp(\"^https?:$\",\"i\"),i=0;i<o.length;i++)o[i].style.display=\"none\";for(i=0;i<a.length;i++)s=a[i],e.source===s.contentWindow&&(s.removeAttribute(\"style\"),\"height\"===t.message?(1e3<(r=parseInt(t.value,10))?r=1e3:~~r<200&&(r=200),s.height=r):\"link\"===t.message&&(r=new URL(s.getAttribute(\"src\")),n=new URL(t.value),c.test(n.protocol))&&n.host===r.host&&l.activeElement===s&&(d.top.location.href=t.value))}},d.addEventListener(\"message\",d.wp.receiveEmbedMessage,!1),l.addEventListener(\"DOMContentLoaded\",function(){for(var e,t,s=l.querySelectorAll(\"iframe.wp-embedded-content\"),r=0;r<s.length;r++)(t=(e=s[r]).getAttribute(\"data-secret\"))||(t=Math.random().toString(36).substring(2,12),e.src+=\"#?secret=\"+t,e.setAttribute(\"data-secret\",t)),e.contentWindow.postMessage({message:\"ready\",secret:t},\"*\")},!1)))}(window,document);\n\/\/# sourceURL=https:\/\/www.locansol.fr\/wp-includes\/js\/wp-embed.min.js\n<\/script>","thumbnail_url":"https:\/\/www.locansol.fr\/wp-content\/uploads\/2026\/03\/exposition-terre-emotions-villeneuve.webp","thumbnail_width":556,"thumbnail_height":766,"description":"L'exposition \u00ab De la Terre aux \u00c9motions \u00bb se tiendra \u00e0 Villeneuve-la-Rivi\u00e8re du 6 au 8 mars. Situ\u00e9e au 27 Rue des Caves, cette exposition gratuite pr\u00e9sente des sculptures en terre cuite qui explorent les relations complexes entre l'Homme et la Vie. L'exposition \u00ab De la Terre aux \u00c9motions \u00bb propose un voyage artistique \u00e0 travers les \u00e9motions humaines et les interactions avec l'environnement. Les sculptures, soigneusement miniaturis\u00e9es et fig\u00e9es dans la terre cuite, offrent un regard unique sur les luttes int\u00e9rieures humaines et la pr\u00e9dation anthropique sur le monde. Les \u0153uvres oscillent entre harmonie des corps et caricatures cyniques, offrant une exp\u00e9rience artistique nuanc\u00e9e. Les artistes participants sont reconnus pour leur capacit\u00e9 \u00e0 capturer des \u00e9motions complexes \u00e0 travers la sculpture. Leurs \u0153uvres ont \u00e9t\u00e9 expos\u00e9es dans diverses galeries et mus\u00e9es, et ils ont re\u00e7u des critiques \u00e9logieuses pour leur travail. L'exposition s'inscrit dans une s\u00e9rie d'\u00e9v\u00e9nements culturels organis\u00e9s par la commune de Villeneuve-la-Rivi\u00e8re, visant \u00e0 promouvoir l'art et la culture dans la r\u00e9gion. L'exposition \u00ab De la Terre aux \u00c9motions \u00bb est une opportunit\u00e9 unique de d\u00e9couvrir des \u0153uvres d'art qui explorent des th\u00e8mes profonds et universels. Les sculptures en terre cuite offrent une exp\u00e9rience sensorielle et \u00e9motionnelle riche, permettant aux visiteurs de r\u00e9fl\u00e9chir sur les relations entre l'Homme et la Vie. L'entr\u00e9e gratuite et le cadre pittoresque de Villeneuve-la-Rivi\u00e8re rendent cet \u00e9v\u00e9nement accessible et attrayant pour tous les amateurs d'art et de culture. Ne manquez pas l'exposition \u00ab De la Terre aux \u00c9motions \u00bb \u00e0 Villeneuve-la-Rivi\u00e8re du 6 au 8 mars. Cette exposition gratuite de sculptures en terre cuite offre une exploration unique des \u00e9motions humaines et des interactions avec l'environnement. Venez d\u00e9couvrir des \u0153uvres d'art captivantes dans un cadre pittoresque et enrichissant."}