{"version":"1.0","provider_name":"Locansol, alquilar un alojamiento en los Pirineos Orientales, Francia","provider_url":"https:\/\/www.locansol.fr\/es","author_name":"H\u00e9bergements Locansol","author_url":"https:\/\/www.locansol.fr\/es\/author\/locansol\/","title":"EXPOSITION A LA GALERIE","type":"rich","width":600,"height":338,"html":"<blockquote class=\"wp-embedded-content\" data-secret=\"6iLfBehLYX\"><a href=\"https:\/\/www.locansol.fr\/es\/evenement\/exposition-a-la-galerie\/\">EXPOSITION A LA GALERIE<\/a><\/blockquote><iframe sandbox=\"allow-scripts\" security=\"restricted\" src=\"https:\/\/www.locansol.fr\/es\/evenement\/exposition-a-la-galerie\/embed\/#?secret=6iLfBehLYX\" width=\"600\" height=\"338\" title=\"\u00abEXPOSITION A LA GALERIE\u00bb \u2014 Locansol, louer un h\u00e9bergement dans les Pyr\u00e9n\u00e9es Orientales\" data-secret=\"6iLfBehLYX\" frameborder=\"0\" marginwidth=\"0\" marginheight=\"0\" scrolling=\"no\" class=\"wp-embedded-content\"><\/iframe><script>\n\/*! This file is auto-generated *\/\n!function(d,l){\"use strict\";l.querySelector&&d.addEventListener&&\"undefined\"!=typeof URL&&(d.wp=d.wp||{},d.wp.receiveEmbedMessage||(d.wp.receiveEmbedMessage=function(e){var t=e.data;if((t||t.secret||t.message||t.value)&&!\/[^a-zA-Z0-9]\/.test(t.secret)){for(var s,r,n,a=l.querySelectorAll('iframe[data-secret=\"'+t.secret+'\"]'),o=l.querySelectorAll('blockquote[data-secret=\"'+t.secret+'\"]'),c=new RegExp(\"^https?:$\",\"i\"),i=0;i<o.length;i++)o[i].style.display=\"none\";for(i=0;i<a.length;i++)s=a[i],e.source===s.contentWindow&&(s.removeAttribute(\"style\"),\"height\"===t.message?(1e3<(r=parseInt(t.value,10))?r=1e3:~~r<200&&(r=200),s.height=r):\"link\"===t.message&&(r=new URL(s.getAttribute(\"src\")),n=new URL(t.value),c.test(n.protocol))&&n.host===r.host&&l.activeElement===s&&(d.top.location.href=t.value))}},d.addEventListener(\"message\",d.wp.receiveEmbedMessage,!1),l.addEventListener(\"DOMContentLoaded\",function(){for(var e,t,s=l.querySelectorAll(\"iframe.wp-embedded-content\"),r=0;r<s.length;r++)(t=(e=s[r]).getAttribute(\"data-secret\"))||(t=Math.random().toString(36).substring(2,12),e.src+=\"#?secret=\"+t,e.setAttribute(\"data-secret\",t)),e.contentWindow.postMessage({message:\"ready\",secret:t},\"*\")},!1)))}(window,document);\n\/\/# sourceURL=https:\/\/www.locansol.fr\/wp-includes\/js\/wp-embed.min.js\n<\/script>","thumbnail_url":"https:\/\/www.locansol.fr\/wp-content\/uploads\/2026\/04\/exposition-artistes-palau-del-vidre.webp","thumbnail_width":612,"thumbnail_height":358,"description":"Du 24 avril au 17 mai 2026, la Galerie de la Place del Gall \u00e0 Palau-del-Vidre accueille une exposition mettant en lumi\u00e8re les \u0153uvres de Jo Reed et David Newcomb. Cette exposition promet d'\u00eatre une c\u00e9l\u00e9bration de la couleur et de la mati\u00e8re, offrant aux visiteurs une immersion dans l'univers artistique de ces deux cr\u00e9ateurs. Programme et Artistes L'exposition sera ouverte du mercredi au dimanche, de 15h \u00e0 18h, avec une fermeture hebdomadaire le jeudi. Le vernissage, pr\u00e9vu pour le vendredi 24 avril \u00e0 19h, sera un moment privil\u00e9gi\u00e9 pour d\u00e9couvrir les \u0153uvres en avant-premi\u00e8re et \u00e9changer avec les artistes. Jo Reed, n\u00e9e \u00e0 Salisbury, Maryland, a d\u00e9but\u00e9 ses \u00e9tudes en histoire de l'art au lyc\u00e9e \u00e0 Washington D.C. avant de poursuivre son cursus \u00e0 l'Universit\u00e9 Tulane - Newcomb \u00e0 La Nouvelle-Orl\u00e9ans. Son parcours l'a \u00e9galement men\u00e9e \u00e0 La Sorbonne et \u00e0 l'\u00c9cole du Louvre \u00e0 Paris, o\u00f9 elle a approfondi ses connaissances artistiques. David Newcomb, quant \u00e0 lui, est un artiste dont le travail se distingue par une ma\u00eetrise exceptionnelle des mati\u00e8res et des textures. Int\u00e9r\u00eat de l'Exposition Cette exposition est une opportunit\u00e9 unique de d\u00e9couvrir le travail de deux artistes aux parcours riches et vari\u00e9s. La Galerie de la Place del Gall, situ\u00e9e au c\u0153ur de Palau-del-Vidre, offre un cadre intimiste et propice \u00e0 la contemplation artistique. L'entr\u00e9e gratuite rend cet \u00e9v\u00e9nement accessible \u00e0 tous, permettant au public de profiter pleinement de cette exp\u00e9rience culturelle. En r\u00e9sum\u00e9, cette exposition \u00e0 la Galerie de la Place del Gall est une invitation \u00e0 explorer l'art sous un nouveau jour, \u00e0 travers les \u0153uvres vibrantes et textur\u00e9es de Jo Reed et David Newcomb. Ne manquez pas cette occasion de vous plonger dans un univers artistique riche et color\u00e9."}