{"version":"1.0","provider_name":"Locansol, alquilar un alojamiento en los Pirineos Orientales, Francia","provider_url":"https:\/\/www.locansol.fr\/es","author_name":"H\u00e9bergements Locansol","author_url":"https:\/\/www.locansol.fr\/es\/author\/locansol\/","title":"VISITE GUIDEE \u00ab PORT-VENDRES AU FIL DE L'EAU \u00bb","type":"rich","width":600,"height":338,"html":"<blockquote class=\"wp-embedded-content\" data-secret=\"ZJDewS5FU0\"><a href=\"https:\/\/www.locansol.fr\/es\/evenement\/visite-guidee-port-vendres-au-fil-de-leau\/\">VISITE GUIDEE \u00ab PORT-VENDRES AU FIL DE L&rsquo;EAU \u00bb<\/a><\/blockquote><iframe sandbox=\"allow-scripts\" security=\"restricted\" src=\"https:\/\/www.locansol.fr\/es\/evenement\/visite-guidee-port-vendres-au-fil-de-leau\/embed\/#?secret=ZJDewS5FU0\" width=\"600\" height=\"338\" title=\"\u00abVISITE GUIDEE \u00ab PORT-VENDRES AU FIL DE L&rsquo;EAU \u00bb\u00bb \u2014 Locansol, louer un h\u00e9bergement dans les Pyr\u00e9n\u00e9es Orientales\" data-secret=\"ZJDewS5FU0\" frameborder=\"0\" marginwidth=\"0\" marginheight=\"0\" scrolling=\"no\" class=\"wp-embedded-content\"><\/iframe><script>\n\/*! This file is auto-generated *\/\n!function(d,l){\"use strict\";l.querySelector&&d.addEventListener&&\"undefined\"!=typeof URL&&(d.wp=d.wp||{},d.wp.receiveEmbedMessage||(d.wp.receiveEmbedMessage=function(e){var t=e.data;if((t||t.secret||t.message||t.value)&&!\/[^a-zA-Z0-9]\/.test(t.secret)){for(var s,r,n,a=l.querySelectorAll('iframe[data-secret=\"'+t.secret+'\"]'),o=l.querySelectorAll('blockquote[data-secret=\"'+t.secret+'\"]'),c=new RegExp(\"^https?:$\",\"i\"),i=0;i<o.length;i++)o[i].style.display=\"none\";for(i=0;i<a.length;i++)s=a[i],e.source===s.contentWindow&&(s.removeAttribute(\"style\"),\"height\"===t.message?(1e3<(r=parseInt(t.value,10))?r=1e3:~~r<200&&(r=200),s.height=r):\"link\"===t.message&&(r=new URL(s.getAttribute(\"src\")),n=new URL(t.value),c.test(n.protocol))&&n.host===r.host&&l.activeElement===s&&(d.top.location.href=t.value))}},d.addEventListener(\"message\",d.wp.receiveEmbedMessage,!1),l.addEventListener(\"DOMContentLoaded\",function(){for(var e,t,s=l.querySelectorAll(\"iframe.wp-embedded-content\"),r=0;r<s.length;r++)(t=(e=s[r]).getAttribute(\"data-secret\"))||(t=Math.random().toString(36).substring(2,12),e.src+=\"#?secret=\"+t,e.setAttribute(\"data-secret\",t)),e.contentWindow.postMessage({message:\"ready\",secret:t},\"*\")},!1)))}(window,document);\n\/\/# sourceURL=https:\/\/www.locansol.fr\/wp-includes\/js\/wp-embed.min.js\n<\/script>","thumbnail_url":"https:\/\/www.locansol.fr\/wp-content\/uploads\/2026\/02\/port-vendres-histoire-maritime-visite.webp","thumbnail_width":1920,"thumbnail_height":1440,"description":"Le lundi 16 f\u00e9vrier, de 14 h 00 \u00e0 15 h 30, l'Office de tourisme de Port-Vendres propose une visite guid\u00e9e intitul\u00e9e \u00ab Port-Vendres au fil de l'eau \u00bb. Cette sortie, accessible au tarif de 6 \u20ac, s'inscrit dans une programmation culturelle centr\u00e9e sur l'histoire et le patrimoine maritime de la commune. Situ\u00e9e au 1 Quai Fran\u00e7ois Joly, la visite permet de d\u00e9couvrir les diff\u00e9rentes p\u00e9riodes marquantes de Port-Vendres, depuis son origine antique, sous le nom de Portus Veneris, jusqu'\u00e0 sa transformation en port strat\u00e9gique du royaume de Majorque au XIIIe si\u00e8cle. Elle aborde \u00e9galement son rattachement \u00e0 la France en 1659, suite au trait\u00e9 des Pyr\u00e9n\u00e9es, ainsi que les projets d'urbanisation et de fortification men\u00e9s sous Vauban. Le site, abrit\u00e9 naturellement par les contreforts des Alb\u00e8res, est aujourd'hui reconnu comme le second port fruitier de la M\u00e9diterran\u00e9e et le seul port en eau profonde du d\u00e9partement des Pyr\u00e9n\u00e9es-Orientales. La visite explore l'architecture du port, les vestiges historiques, et les activit\u00e9s maritimes contemporaines, notamment la p\u00eache, la plaisance et les escales de croisi\u00e8re. Ce parcours, men\u00e9 par un guide qualifi\u00e9, permet de comprendre les enjeux \u00e9conomiques, g\u00e9ographiques et historiques qui ont fa\u00e7onn\u00e9 Port-Vendres. Elle s'adresse \u00e0 toute personne int\u00e9ress\u00e9e par l'histoire locale, le patrimoine maritime ou la d\u00e9couverte d'un port authentique au c\u0153ur de la M\u00e9diterran\u00e9e. La r\u00e9servation est recommand\u00e9e pour garantir sa participation."}