{"id":2739,"date":"2026-02-13T01:53:28","date_gmt":"2026-02-13T00:53:28","guid":{"rendered":"https:\/\/www.locansol.fr\/?post_type=tribe_events&#038;p=2739"},"modified":"2026-02-13T01:53:28","modified_gmt":"2026-02-13T00:53:28","slug":"reverie-dartistes","status":"publish","type":"tribe_events","link":"https:\/\/www.locansol.fr\/es\/evenement\/reverie-dartistes\/","title":{"rendered":"R\u00caVERIE D\u2019ARTISTES"},"content":{"rendered":"<p>L&rsquo;exposition \u00ab R\u00eaverie d&rsquo;artistes \u00bb se tiendra du 4 au 14 f\u00e9vrier 2026 au Mus\u00e9e du Mas Carbasse, situ\u00e9 \u00e0 Saint-Est\u00e8ve (Pyr\u00e9n\u00e9es-Orientales). Organis\u00e9e par Fabrice Guiu, cette manifestation culturelle met en lumi\u00e8re les \u0153uvres de deux associations locales \u00e0 la forte ancrage artistique : le GPAR, Groupement Po\u00e9tique et Artistique du Roussillon, regroupant des peintres, sculpteurs et photographes, et le Photo Club Catalan, association affili\u00e9e \u00e0 la F\u00e9d\u00e9ration Photographique de France. Cette ann\u00e9e marque une \u00e9tape marquante pour le Photo Club Catalan, qui c\u00e9l\u00e8bre son 70e anniversaire. L&rsquo;exposition, enti\u00e8rement gratuite, propose une s\u00e9lection d&rsquo;\u0153uvres issues de ces deux collectifs, refl\u00e9tant une diversit\u00e9 de styles et de techniques \u2014 peintures, dessins, photographies, sculptures \u2014 et s&rsquo;inscrit dans une d\u00e9marche de valorisation du patrimoine artistique local. Le mus\u00e9e du Mas Carbasse, ancien mas en cayrou r\u00e9nov\u00e9 par la ville, accueille r\u00e9guli\u00e8rement des expositions de groupe, offrant un cadre chaleureux et intimiste pour les artistes et les visiteurs. L&rsquo;ouverture est pr\u00e9vue tous les jours de 15 h \u00e0 18 h 30. Le vernissage aura lieu le vendredi 6 f\u00e9vrier \u00e0 18 h 30, moment privil\u00e9gi\u00e9 pour d\u00e9couvrir les \u0153uvres dans un cadre convivial et festif.<\/p>\n<p><\/p>\n<h3>R\u00e9servez votre h\u00e9bergement dans les Pyr\u00e9n\u00e9es-Orientales :<\/h3>\n<p><b>Mobil-home Locansol \u00e0 Argel\u00e8s-sur-Mer<\/b><br \/>Trajet le plus court : 61 km<br \/>Trajet le plus rapide : 1 h 0 min<\/p>\n<p><b>Chalet Locansol \u00e0 Estavar<\/b><br \/>Trajet le plus court : 65 km<br \/>Trajet le plus rapide : 1 h 14 min<\/p>","protected":false},"excerpt":{"rendered":"<p>L&rsquo;exposition \u00ab R\u00eaverie d&rsquo;artistes \u00bb se tiendra du 4 au 14 f\u00e9vrier 2026 au Mus\u00e9e du Mas Carbasse, situ\u00e9 \u00e0 Saint-Est\u00e8ve (Pyr\u00e9n\u00e9es-Orientales). Organis\u00e9e par Fabrice Guiu, cette manifestation culturelle met [&hellip;]<\/p>","protected":false},"author":5,"featured_media":2735,"template":"","meta":{"_yoast_wpseo_focuskw":"","_yoast_wpseo_title":"","_yoast_wpseo_metadesc":"","_yoast_wpseo_canonical":"","_yoast_wpseo_opengraph-title":"","_yoast_wpseo_opengraph-description":"","_yoast_wpseo_opengraph-image":"","_yoast_wpseo_opengraph-image-id":"","_yoast_wpseo_twitter-title":"","_yoast_wpseo_twitter-description":"","_yoast_wpseo_twitter-image":"","_yoast_wpseo_twitter-image-id":"","yoast_primary_category":"","_tribe_events_status":"","_tribe_events_status_reason":"","_tribe_events_is_hybrid":"","_tribe_events_is_virtual":"","_tribe_events_virtual_video_source":"","_tribe_events_virtual_embed_video":"","_tribe_events_virtual_linked_button_text":"","_tribe_events_virtual_linked_button":"","_tribe_events_virtual_show_embed_at":"","_tribe_events_virtual_show_embed_to":[],"_tribe_events_virtual_show_on_event":"","_tribe_events_virtual_show_on_views":"","_tribe_events_virtual_url":"","footnotes":""},"tags":[66,76],"tribe_events_cat":[138,90],"class_list":["post-2739","tribe_events","type-tribe_events","status-publish","has-post-thumbnail","hentry","tag-evenement-culturel","tag-pyrenees-orientales","tribe_events_cat-evenement-culturel","tribe_events_cat-exposition","cat_evenement-culturel","cat_exposition"],"yoast_head":"<!-- This site is optimized with the Yoast SEO Premium plugin v23.3 (Yoast SEO v26.9) - https:\/\/yoast.com\/product\/yoast-seo-premium-wordpress\/ -->\n<title>R\u00caVERIE D\u2019ARTISTES | Locansol, louer un h\u00e9bergement dans les Pyr\u00e9n\u00e9es Orientales<\/title>\n<meta name=\"robots\" content=\"index, follow, max-snippet:-1, max-image-preview:large, max-video-preview:-1\" \/>\n<link rel=\"canonical\" href=\"https:\/\/www.locansol.fr\/es\/evenement\/reverie-dartistes\/\" \/>\n<meta property=\"og:locale\" content=\"es_ES\" \/>\n<meta property=\"og:type\" content=\"article\" \/>\n<meta property=\"og:title\" content=\"R\u00caVERIE D\u2019ARTISTES\" \/>\n<meta property=\"og:description\" content=\"L&rsquo;exposition \u00ab R\u00eaverie d&rsquo;artistes \u00bb se tiendra du 4 au 14 f\u00e9vrier 2026 au Mus\u00e9e du Mas Carbasse, situ\u00e9 \u00e0 Saint-Est\u00e8ve (Pyr\u00e9n\u00e9es-Orientales). Organis\u00e9e par Fabrice Guiu, cette manifestation culturelle met [&hellip;]\" \/>\n<meta property=\"og:url\" content=\"https:\/\/www.locansol.fr\/es\/evenement\/reverie-dartistes\/\" \/>\n<meta property=\"og:site_name\" content=\"Locansol, louer un h\u00e9bergement dans les Pyr\u00e9n\u00e9es Orientales\" \/>\n<meta property=\"og:image\" content=\"https:\/\/www.locansol.fr\/wp-content\/uploads\/2026\/02\/exposition-art-local-reverie.webp\" \/>\n\t<meta property=\"og:image:width\" content=\"581\" \/>\n\t<meta property=\"og:image:height\" content=\"402\" \/>\n\t<meta property=\"og:image:type\" content=\"image\/webp\" \/>\n<meta name=\"twitter:card\" content=\"summary_large_image\" \/>\n<meta name=\"twitter:label1\" content=\"Tiempo de lectura\" \/>\n\t<meta name=\"twitter:data1\" content=\"1 minuto\" \/>\n<script type=\"application\/ld+json\" class=\"yoast-schema-graph\">{\"@context\":\"https:\/\/schema.org\",\"@graph\":[{\"@type\":\"WebPage\",\"@id\":\"https:\/\/www.locansol.fr\/evenement\/reverie-dartistes\/\",\"url\":\"https:\/\/www.locansol.fr\/evenement\/reverie-dartistes\/\",\"name\":\"R\u00caVERIE D\u2019ARTISTES | Locansol, louer un h\u00e9bergement dans les Pyr\u00e9n\u00e9es Orientales\",\"isPartOf\":{\"@id\":\"https:\/\/www.locansol.fr\/#website\"},\"primaryImageOfPage\":{\"@id\":\"https:\/\/www.locansol.fr\/evenement\/reverie-dartistes\/#primaryimage\"},\"image\":{\"@id\":\"https:\/\/www.locansol.fr\/evenement\/reverie-dartistes\/#primaryimage\"},\"thumbnailUrl\":\"https:\/\/www.locansol.fr\/wp-content\/uploads\/2026\/02\/exposition-art-local-reverie.webp\",\"datePublished\":\"2026-02-13T00:53:28+00:00\",\"breadcrumb\":{\"@id\":\"https:\/\/www.locansol.fr\/evenement\/reverie-dartistes\/#breadcrumb\"},\"inLanguage\":\"es\",\"potentialAction\":[{\"@type\":\"ReadAction\",\"target\":[\"https:\/\/www.locansol.fr\/evenement\/reverie-dartistes\/\"]}]},{\"@type\":\"ImageObject\",\"inLanguage\":\"es\",\"@id\":\"https:\/\/www.locansol.fr\/evenement\/reverie-dartistes\/#primaryimage\",\"url\":\"https:\/\/www.locansol.fr\/wp-content\/uploads\/2026\/02\/exposition-art-local-reverie.webp\",\"contentUrl\":\"https:\/\/www.locansol.fr\/wp-content\/uploads\/2026\/02\/exposition-art-local-reverie.webp\",\"width\":581,\"height\":402,\"caption\":\"L'exposition \u00ab R\u00eaverie d'artistes \u00bb se tiendra du 4 au 14 f\u00e9vrier 2026 au Mus\u00e9e du Mas Carbasse, situ\u00e9 \u00e0 Saint-Est\u00e8ve (Pyr\u00e9n\u00e9es-Orientales). Organis\u00e9e par Fabrice Guiu, cette manifestation culturelle met en lumi\u00e8re les \u0153uvres de deux associations locales \u00e0 la forte ancrage artistique : le GPAR, Groupement Po\u00e9tique et Artistique du Roussillon, regroupant des peintres, sculpteurs et photographes, et le Photo Club Catalan, association affili\u00e9e \u00e0 la F\u00e9d\u00e9ration Photographique de France. Cette ann\u00e9e marque une \u00e9tape marquante pour le Photo Club Catalan, qui c\u00e9l\u00e8bre son 70e anniversaire. L'exposition, enti\u00e8rement gratuite, propose une s\u00e9lection d'\u0153uvres issues de ces deux collectifs, refl\u00e9tant une diversit\u00e9 de styles et de techniques \u2014 peintures, dessins, photographies, sculptures \u2014 et s'inscrit dans une d\u00e9marche de valorisation du patrimoine artistique local. Le mus\u00e9e du Mas Carbasse, ancien mas en cayrou r\u00e9nov\u00e9 par la ville, accueille r\u00e9guli\u00e8rement des expositions de groupe, offrant un cadre chaleureux et intimiste pour les artistes et les visiteurs. L'ouverture est pr\u00e9vue tous les jours de 15 h \u00e0 18 h 30. Le vernissage aura lieu le vendredi 6 f\u00e9vrier \u00e0 18 h 30, moment privil\u00e9gi\u00e9 pour d\u00e9couvrir les \u0153uvres dans un cadre convivial et festif.\"},{\"@type\":\"BreadcrumbList\",\"@id\":\"https:\/\/www.locansol.fr\/evenement\/reverie-dartistes\/#breadcrumb\",\"itemListElement\":[{\"@type\":\"ListItem\",\"position\":1,\"name\":\"Accueil\",\"item\":\"https:\/\/www.locansol.fr\/\"},{\"@type\":\"ListItem\",\"position\":2,\"name\":\"\u00c9v\u00e8nements\",\"item\":\"https:\/\/www.locansol.fr\/evenements\/\"},{\"@type\":\"ListItem\",\"position\":3,\"name\":\"R\u00caVERIE D\u2019ARTISTES\"}]},{\"@type\":\"WebSite\",\"@id\":\"https:\/\/www.locansol.fr\/#website\",\"url\":\"https:\/\/www.locansol.fr\/\",\"name\":\"Locansol, louer un h\u00e9bergement dans les Pyr\u00e9n\u00e9es-Orientales\",\"description\":\"Location Mobil-home Mer M\u00e9diterran\u00e9e &amp; Chalet de Montagne dans les Pyr\u00e9n\u00e9es Orientales (Occitanie, 66). Weekend, s\u00e9jour &amp; vacances en famille et entre amis.\",\"publisher\":{\"@id\":\"https:\/\/www.locansol.fr\/#organization\"},\"alternateName\":\"Louer un h\u00e9bergement dans les Pyr\u00e9n\u00e9es Orientales, chalet & mobil-home en Occitanie\",\"potentialAction\":[{\"@type\":\"SearchAction\",\"target\":{\"@type\":\"EntryPoint\",\"urlTemplate\":\"https:\/\/www.locansol.fr\/?s={search_term_string}\"},\"query-input\":{\"@type\":\"PropertyValueSpecification\",\"valueRequired\":true,\"valueName\":\"search_term_string\"}}],\"inLanguage\":\"es\"},{\"@type\":\"Organization\",\"@id\":\"https:\/\/www.locansol.fr\/#organization\",\"name\":\"Location MobilHome & chalet dans les Pyr\u00e9n\u00e9es Orientales\",\"alternateName\":\"Louer un h\u00e9bergement dans les Pyr\u00e9n\u00e9es Orientales en Occitanie\",\"url\":\"https:\/\/www.locansol.fr\/\",\"logo\":{\"@type\":\"ImageObject\",\"inLanguage\":\"es\",\"@id\":\"https:\/\/www.locansol.fr\/#\/schema\/logo\/image\/\",\"url\":\"https:\/\/www.locansol.fr\/wp-content\/uploads\/2024\/04\/AdobeStock_303324767-scaled.jpeg\",\"contentUrl\":\"https:\/\/www.locansol.fr\/wp-content\/uploads\/2024\/04\/AdobeStock_303324767-scaled.jpeg\",\"width\":2560,\"height\":1707,\"caption\":\"Location MobilHome & chalet dans les Pyr\u00e9n\u00e9es Orientales\"},\"image\":{\"@id\":\"https:\/\/www.locansol.fr\/#\/schema\/logo\/image\/\"}}]}<\/script>\n<!-- \/ Yoast SEO Premium plugin. -->","yoast_head_json":{"title":"R\u00caVERIE D\u2019ARTISTES | Locansol, louer un h\u00e9bergement dans les Pyr\u00e9n\u00e9es Orientales","robots":{"index":"index","follow":"follow","max-snippet":"max-snippet:-1","max-image-preview":"max-image-preview:large","max-video-preview":"max-video-preview:-1"},"canonical":"https:\/\/www.locansol.fr\/es\/evenement\/reverie-dartistes\/","og_locale":"es_ES","og_type":"article","og_title":"R\u00caVERIE D\u2019ARTISTES","og_description":"L&rsquo;exposition \u00ab R\u00eaverie d&rsquo;artistes \u00bb se tiendra du 4 au 14 f\u00e9vrier 2026 au Mus\u00e9e du Mas Carbasse, situ\u00e9 \u00e0 Saint-Est\u00e8ve (Pyr\u00e9n\u00e9es-Orientales). Organis\u00e9e par Fabrice Guiu, cette manifestation culturelle met [&hellip;]","og_url":"https:\/\/www.locansol.fr\/es\/evenement\/reverie-dartistes\/","og_site_name":"Locansol, louer un h\u00e9bergement dans les Pyr\u00e9n\u00e9es Orientales","og_image":[{"width":581,"height":402,"url":"https:\/\/www.locansol.fr\/wp-content\/uploads\/2026\/02\/exposition-art-local-reverie.webp","type":"image\/webp"}],"twitter_card":"summary_large_image","twitter_misc":{"Tiempo de lectura":"1 minuto"},"schema":{"@context":"https:\/\/schema.org","@graph":[{"@type":"WebPage","@id":"https:\/\/www.locansol.fr\/evenement\/reverie-dartistes\/","url":"https:\/\/www.locansol.fr\/evenement\/reverie-dartistes\/","name":"R\u00caVERIE D\u2019ARTISTES | Locansol, louer un h\u00e9bergement dans les Pyr\u00e9n\u00e9es Orientales","isPartOf":{"@id":"https:\/\/www.locansol.fr\/#website"},"primaryImageOfPage":{"@id":"https:\/\/www.locansol.fr\/evenement\/reverie-dartistes\/#primaryimage"},"image":{"@id":"https:\/\/www.locansol.fr\/evenement\/reverie-dartistes\/#primaryimage"},"thumbnailUrl":"https:\/\/www.locansol.fr\/wp-content\/uploads\/2026\/02\/exposition-art-local-reverie.webp","datePublished":"2026-02-13T00:53:28+00:00","breadcrumb":{"@id":"https:\/\/www.locansol.fr\/evenement\/reverie-dartistes\/#breadcrumb"},"inLanguage":"es","potentialAction":[{"@type":"ReadAction","target":["https:\/\/www.locansol.fr\/evenement\/reverie-dartistes\/"]}]},{"@type":"ImageObject","inLanguage":"es","@id":"https:\/\/www.locansol.fr\/evenement\/reverie-dartistes\/#primaryimage","url":"https:\/\/www.locansol.fr\/wp-content\/uploads\/2026\/02\/exposition-art-local-reverie.webp","contentUrl":"https:\/\/www.locansol.fr\/wp-content\/uploads\/2026\/02\/exposition-art-local-reverie.webp","width":581,"height":402,"caption":"L'exposition \u00ab R\u00eaverie d'artistes \u00bb se tiendra du 4 au 14 f\u00e9vrier 2026 au Mus\u00e9e du Mas Carbasse, situ\u00e9 \u00e0 Saint-Est\u00e8ve (Pyr\u00e9n\u00e9es-Orientales). Organis\u00e9e par Fabrice Guiu, cette manifestation culturelle met en lumi\u00e8re les \u0153uvres de deux associations locales \u00e0 la forte ancrage artistique : le GPAR, Groupement Po\u00e9tique et Artistique du Roussillon, regroupant des peintres, sculpteurs et photographes, et le Photo Club Catalan, association affili\u00e9e \u00e0 la F\u00e9d\u00e9ration Photographique de France. Cette ann\u00e9e marque une \u00e9tape marquante pour le Photo Club Catalan, qui c\u00e9l\u00e8bre son 70e anniversaire. L'exposition, enti\u00e8rement gratuite, propose une s\u00e9lection d'\u0153uvres issues de ces deux collectifs, refl\u00e9tant une diversit\u00e9 de styles et de techniques \u2014 peintures, dessins, photographies, sculptures \u2014 et s'inscrit dans une d\u00e9marche de valorisation du patrimoine artistique local. Le mus\u00e9e du Mas Carbasse, ancien mas en cayrou r\u00e9nov\u00e9 par la ville, accueille r\u00e9guli\u00e8rement des expositions de groupe, offrant un cadre chaleureux et intimiste pour les artistes et les visiteurs. L'ouverture est pr\u00e9vue tous les jours de 15 h \u00e0 18 h 30. Le vernissage aura lieu le vendredi 6 f\u00e9vrier \u00e0 18 h 30, moment privil\u00e9gi\u00e9 pour d\u00e9couvrir les \u0153uvres dans un cadre convivial et festif."},{"@type":"BreadcrumbList","@id":"https:\/\/www.locansol.fr\/evenement\/reverie-dartistes\/#breadcrumb","itemListElement":[{"@type":"ListItem","position":1,"name":"Accueil","item":"https:\/\/www.locansol.fr\/"},{"@type":"ListItem","position":2,"name":"\u00c9v\u00e8nements","item":"https:\/\/www.locansol.fr\/evenements\/"},{"@type":"ListItem","position":3,"name":"R\u00caVERIE D\u2019ARTISTES"}]},{"@type":"WebSite","@id":"https:\/\/www.locansol.fr\/#website","url":"https:\/\/www.locansol.fr\/","name":"Locansol, louer un h\u00e9bergement dans les Pyr\u00e9n\u00e9es-Orientales","description":"Location Mobil-home Mer M\u00e9diterran\u00e9e &amp; Chalet de Montagne dans les Pyr\u00e9n\u00e9es Orientales (Occitanie, 66). Weekend, s\u00e9jour &amp; vacances en famille et entre amis.","publisher":{"@id":"https:\/\/www.locansol.fr\/#organization"},"alternateName":"Louer un h\u00e9bergement dans les Pyr\u00e9n\u00e9es Orientales, chalet & mobil-home en Occitanie","potentialAction":[{"@type":"SearchAction","target":{"@type":"EntryPoint","urlTemplate":"https:\/\/www.locansol.fr\/?s={search_term_string}"},"query-input":{"@type":"PropertyValueSpecification","valueRequired":true,"valueName":"search_term_string"}}],"inLanguage":"es"},{"@type":"Organization","@id":"https:\/\/www.locansol.fr\/#organization","name":"Location MobilHome & chalet dans les Pyr\u00e9n\u00e9es Orientales","alternateName":"Louer un h\u00e9bergement dans les Pyr\u00e9n\u00e9es Orientales en Occitanie","url":"https:\/\/www.locansol.fr\/","logo":{"@type":"ImageObject","inLanguage":"es","@id":"https:\/\/www.locansol.fr\/#\/schema\/logo\/image\/","url":"https:\/\/www.locansol.fr\/wp-content\/uploads\/2024\/04\/AdobeStock_303324767-scaled.jpeg","contentUrl":"https:\/\/www.locansol.fr\/wp-content\/uploads\/2024\/04\/AdobeStock_303324767-scaled.jpeg","width":2560,"height":1707,"caption":"Location MobilHome & chalet dans les Pyr\u00e9n\u00e9es Orientales"},"image":{"@id":"https:\/\/www.locansol.fr\/#\/schema\/logo\/image\/"}}]}},"_links":{"self":[{"href":"https:\/\/www.locansol.fr\/es\/wp-json\/wp\/v2\/tribe_events\/2739","targetHints":{"allow":["GET"]}}],"collection":[{"href":"https:\/\/www.locansol.fr\/es\/wp-json\/wp\/v2\/tribe_events"}],"about":[{"href":"https:\/\/www.locansol.fr\/es\/wp-json\/wp\/v2\/types\/tribe_events"}],"author":[{"embeddable":true,"href":"https:\/\/www.locansol.fr\/es\/wp-json\/wp\/v2\/users\/5"}],"version-history":[{"count":1,"href":"https:\/\/www.locansol.fr\/es\/wp-json\/wp\/v2\/tribe_events\/2739\/revisions"}],"predecessor-version":[{"id":2771,"href":"https:\/\/www.locansol.fr\/es\/wp-json\/wp\/v2\/tribe_events\/2739\/revisions\/2771"}],"wp:featuredmedia":[{"embeddable":true,"href":"https:\/\/www.locansol.fr\/es\/wp-json\/wp\/v2\/media\/2735"}],"wp:attachment":[{"href":"https:\/\/www.locansol.fr\/es\/wp-json\/wp\/v2\/media?parent=2739"}],"wp:term":[{"taxonomy":"post_tag","embeddable":true,"href":"https:\/\/www.locansol.fr\/es\/wp-json\/wp\/v2\/tags?post=2739"},{"taxonomy":"tribe_events_cat","embeddable":true,"href":"https:\/\/www.locansol.fr\/es\/wp-json\/wp\/v2\/tribe_events_cat?post=2739"}],"curies":[{"name":"wp","href":"https:\/\/api.w.org\/{rel}","templated":true}]}}