{"id":2749,"date":"2026-02-13T01:53:30","date_gmt":"2026-02-13T00:53:30","guid":{"rendered":"https:\/\/www.locansol.fr\/?post_type=tribe_events&#038;p=2749"},"modified":"2026-02-13T01:53:30","modified_gmt":"2026-02-13T00:53:30","slug":"exposition-echec-et-mat","status":"publish","type":"tribe_events","link":"https:\/\/www.locansol.fr\/es\/evenement\/exposition-echec-et-mat\/","title":{"rendered":"EXPOSITION ECHEC ET MAT"},"content":{"rendered":"<p>Du 1er au 15 f\u00e9vrier 2026, la ville de Banyuls-sur-Mer accueille la deuxi\u00e8me \u00e9dition de l\u2019exposition \u00ab Echec et Mat \u00bb, une manifestation culturelle rassemblant des \u0153uvres d\u2019art cr\u00e9\u00e9es par trois associations locales : Aquarelles en C\u00f4te Vermeille, la Maison de la sculpture et Les Peintres des Arts\u2019cades. L\u2019\u00e9v\u00e9nement se tient au Hall de la Mairie, situ\u00e9 6 Avenue de la R\u00e9publique, dans un espace d\u00e9di\u00e9 aux arts plastiques. L\u2019entr\u00e9e est gratuite. L\u2019exposition met en lumi\u00e8re une diversit\u00e9 de pratiques artistiques, allant des aquarelles aux sculptures, illustrant le dynamisme artistique de la r\u00e9gion. Aquarelles en C\u00f4te Vermeille, fond\u00e9e par Edith Gibert, est une association qui promeut la peinture \u00e0 l\u2019aquarelle \u00e0 travers des ateliers hebdomadaires et des manifestations culturelles. La Maison de la sculpture, cr\u00e9\u00e9e en 2012 par des passionn\u00e9es du modelage de l\u2019argile, propose un espace d\u2019expression pour les sculpteurs amateurs et confirm\u00e9s. Les Peintres des Arts\u2019cades, quant \u00e0 eux, regroupent des artistes engag\u00e9s dans la cr\u00e9ation picturale. Cette exposition collective t\u00e9moigne de la richesse et de la coh\u00e9sion du paysage artistique banyulenc, renfor\u00e7ant le r\u00f4le culturel de la mairie dans la promotion des arts locaux. Elle offre aux visiteurs une occasion de d\u00e9couvrir des \u0153uvres inspir\u00e9es par le paysage et le patrimoine de la c\u00f4te Vermeille.<\/p>\n<p><\/p>\n<h3>R\u00e9servez votre h\u00e9bergement dans les Pyr\u00e9n\u00e9es-Orientales :<\/h3>\n<p><b>Mobil-home Locansol \u00e0 Argel\u00e8s-sur-Mer<\/b><br \/>Trajet le plus court : 61 km<br \/>Trajet le plus rapide : 1 h 0 min<\/p>\n<p><b>Chalet Locansol \u00e0 Estavar<\/b><br \/>Trajet le plus court : 65 km<br \/>Trajet le plus rapide : 1 h 14 min<\/p>","protected":false},"excerpt":{"rendered":"<p>Du 1er au 15 f\u00e9vrier 2026, la ville de Banyuls-sur-Mer accueille la deuxi\u00e8me \u00e9dition de l\u2019exposition \u00ab Echec et Mat \u00bb, une manifestation culturelle rassemblant des \u0153uvres d\u2019art cr\u00e9\u00e9es par [&hellip;]<\/p>","protected":false},"author":5,"featured_media":2745,"template":"","meta":{"_yoast_wpseo_focuskw":"","_yoast_wpseo_title":"","_yoast_wpseo_metadesc":"","_yoast_wpseo_canonical":"","_yoast_wpseo_opengraph-title":"","_yoast_wpseo_opengraph-description":"","_yoast_wpseo_opengraph-image":"","_yoast_wpseo_opengraph-image-id":"","_yoast_wpseo_twitter-title":"","_yoast_wpseo_twitter-description":"","_yoast_wpseo_twitter-image":"","_yoast_wpseo_twitter-image-id":"","yoast_primary_category":"","_tribe_events_status":"","_tribe_events_status_reason":"","_tribe_events_is_hybrid":"","_tribe_events_is_virtual":"","_tribe_events_virtual_video_source":"","_tribe_events_virtual_embed_video":"","_tribe_events_virtual_linked_button_text":"","_tribe_events_virtual_linked_button":"","_tribe_events_virtual_show_embed_at":"","_tribe_events_virtual_show_embed_to":[],"_tribe_events_virtual_show_on_event":"","_tribe_events_virtual_show_on_views":"","_tribe_events_virtual_url":"","footnotes":""},"tags":[66,76],"tribe_events_cat":[138,90],"class_list":["post-2749","tribe_events","type-tribe_events","status-publish","has-post-thumbnail","hentry","tag-evenement-culturel","tag-pyrenees-orientales","tribe_events_cat-evenement-culturel","tribe_events_cat-exposition","cat_evenement-culturel","cat_exposition"],"yoast_head":"<!-- This site is optimized with the Yoast SEO Premium plugin v23.3 (Yoast SEO v26.9) - https:\/\/yoast.com\/product\/yoast-seo-premium-wordpress\/ -->\n<title>EXPOSITION ECHEC ET MAT | Locansol, louer un h\u00e9bergement dans les Pyr\u00e9n\u00e9es Orientales<\/title>\n<meta name=\"robots\" content=\"index, follow, max-snippet:-1, max-image-preview:large, max-video-preview:-1\" \/>\n<link rel=\"canonical\" href=\"https:\/\/www.locansol.fr\/es\/evenement\/exposition-echec-et-mat\/\" \/>\n<meta property=\"og:locale\" content=\"es_ES\" \/>\n<meta property=\"og:type\" content=\"article\" \/>\n<meta property=\"og:title\" content=\"EXPOSITION ECHEC ET MAT\" \/>\n<meta property=\"og:description\" content=\"Du 1er au 15 f\u00e9vrier 2026, la ville de Banyuls-sur-Mer accueille la deuxi\u00e8me \u00e9dition de l\u2019exposition \u00ab Echec et Mat \u00bb, une manifestation culturelle rassemblant des \u0153uvres d\u2019art cr\u00e9\u00e9es par [&hellip;]\" \/>\n<meta property=\"og:url\" content=\"https:\/\/www.locansol.fr\/es\/evenement\/exposition-echec-et-mat\/\" \/>\n<meta property=\"og:site_name\" content=\"Locansol, louer un h\u00e9bergement dans les Pyr\u00e9n\u00e9es Orientales\" \/>\n<meta property=\"og:image\" content=\"https:\/\/www.locansol.fr\/wp-content\/uploads\/2026\/02\/exposition-echec-mat-banyuls-mer.webp\" \/>\n\t<meta property=\"og:image:width\" content=\"1080\" \/>\n\t<meta property=\"og:image:height\" content=\"1658\" \/>\n\t<meta property=\"og:image:type\" content=\"image\/webp\" \/>\n<meta name=\"twitter:card\" content=\"summary_large_image\" \/>\n<meta name=\"twitter:label1\" content=\"Tiempo de lectura\" \/>\n\t<meta name=\"twitter:data1\" content=\"1 minuto\" \/>\n<script type=\"application\/ld+json\" class=\"yoast-schema-graph\">{\"@context\":\"https:\/\/schema.org\",\"@graph\":[{\"@type\":\"WebPage\",\"@id\":\"https:\/\/www.locansol.fr\/evenement\/exposition-echec-et-mat\/\",\"url\":\"https:\/\/www.locansol.fr\/evenement\/exposition-echec-et-mat\/\",\"name\":\"EXPOSITION ECHEC ET MAT | Locansol, louer un h\u00e9bergement dans les Pyr\u00e9n\u00e9es Orientales\",\"isPartOf\":{\"@id\":\"https:\/\/www.locansol.fr\/#website\"},\"primaryImageOfPage\":{\"@id\":\"https:\/\/www.locansol.fr\/evenement\/exposition-echec-et-mat\/#primaryimage\"},\"image\":{\"@id\":\"https:\/\/www.locansol.fr\/evenement\/exposition-echec-et-mat\/#primaryimage\"},\"thumbnailUrl\":\"https:\/\/www.locansol.fr\/wp-content\/uploads\/2026\/02\/exposition-echec-mat-banyuls-mer.webp\",\"datePublished\":\"2026-02-13T00:53:30+00:00\",\"breadcrumb\":{\"@id\":\"https:\/\/www.locansol.fr\/evenement\/exposition-echec-et-mat\/#breadcrumb\"},\"inLanguage\":\"es\",\"potentialAction\":[{\"@type\":\"ReadAction\",\"target\":[\"https:\/\/www.locansol.fr\/evenement\/exposition-echec-et-mat\/\"]}]},{\"@type\":\"ImageObject\",\"inLanguage\":\"es\",\"@id\":\"https:\/\/www.locansol.fr\/evenement\/exposition-echec-et-mat\/#primaryimage\",\"url\":\"https:\/\/www.locansol.fr\/wp-content\/uploads\/2026\/02\/exposition-echec-mat-banyuls-mer.webp\",\"contentUrl\":\"https:\/\/www.locansol.fr\/wp-content\/uploads\/2026\/02\/exposition-echec-mat-banyuls-mer.webp\",\"width\":1080,\"height\":1658,\"caption\":\"Du 1er au 15 f\u00e9vrier 2026, la ville de Banyuls-sur-Mer accueille la deuxi\u00e8me \u00e9dition de l\u2019exposition \u00ab Echec et Mat \u00bb, une manifestation culturelle rassemblant des \u0153uvres d\u2019art cr\u00e9\u00e9es par trois associations locales : Aquarelles en C\u00f4te Vermeille, la Maison de la sculpture et Les Peintres des Arts\u2019cades. L\u2019\u00e9v\u00e9nement se tient au Hall de la Mairie, situ\u00e9 6 Avenue de la R\u00e9publique, dans un espace d\u00e9di\u00e9 aux arts plastiques. L\u2019entr\u00e9e est gratuite. L\u2019exposition met en lumi\u00e8re une diversit\u00e9 de pratiques artistiques, allant des aquarelles aux sculptures, illustrant le dynamisme artistique de la r\u00e9gion. Aquarelles en C\u00f4te Vermeille, fond\u00e9e par Edith Gibert, est une association qui promeut la peinture \u00e0 l\u2019aquarelle \u00e0 travers des ateliers hebdomadaires et des manifestations culturelles. La Maison de la sculpture, cr\u00e9\u00e9e en 2012 par des passionn\u00e9es du modelage de l\u2019argile, propose un espace d\u2019expression pour les sculpteurs amateurs et confirm\u00e9s. Les Peintres des Arts\u2019cades, quant \u00e0 eux, regroupent des artistes engag\u00e9s dans la cr\u00e9ation picturale. Cette exposition collective t\u00e9moigne de la richesse et de la coh\u00e9sion du paysage artistique banyulenc, renfor\u00e7ant le r\u00f4le culturel de la mairie dans la promotion des arts locaux. Elle offre aux visiteurs une occasion de d\u00e9couvrir des \u0153uvres inspir\u00e9es par le paysage et le patrimoine de la c\u00f4te Vermeille.\"},{\"@type\":\"BreadcrumbList\",\"@id\":\"https:\/\/www.locansol.fr\/evenement\/exposition-echec-et-mat\/#breadcrumb\",\"itemListElement\":[{\"@type\":\"ListItem\",\"position\":1,\"name\":\"Accueil\",\"item\":\"https:\/\/www.locansol.fr\/\"},{\"@type\":\"ListItem\",\"position\":2,\"name\":\"\u00c9v\u00e8nements\",\"item\":\"https:\/\/www.locansol.fr\/evenements\/\"},{\"@type\":\"ListItem\",\"position\":3,\"name\":\"EXPOSITION ECHEC ET MAT\"}]},{\"@type\":\"WebSite\",\"@id\":\"https:\/\/www.locansol.fr\/#website\",\"url\":\"https:\/\/www.locansol.fr\/\",\"name\":\"Locansol, louer un h\u00e9bergement dans les Pyr\u00e9n\u00e9es-Orientales\",\"description\":\"Location Mobil-home Mer M\u00e9diterran\u00e9e &amp; Chalet de Montagne dans les Pyr\u00e9n\u00e9es Orientales (Occitanie, 66). Weekend, s\u00e9jour &amp; vacances en famille et entre amis.\",\"publisher\":{\"@id\":\"https:\/\/www.locansol.fr\/#organization\"},\"alternateName\":\"Louer un h\u00e9bergement dans les Pyr\u00e9n\u00e9es Orientales, chalet & mobil-home en Occitanie\",\"potentialAction\":[{\"@type\":\"SearchAction\",\"target\":{\"@type\":\"EntryPoint\",\"urlTemplate\":\"https:\/\/www.locansol.fr\/?s={search_term_string}\"},\"query-input\":{\"@type\":\"PropertyValueSpecification\",\"valueRequired\":true,\"valueName\":\"search_term_string\"}}],\"inLanguage\":\"es\"},{\"@type\":\"Organization\",\"@id\":\"https:\/\/www.locansol.fr\/#organization\",\"name\":\"Location MobilHome & chalet dans les Pyr\u00e9n\u00e9es Orientales\",\"alternateName\":\"Louer un h\u00e9bergement dans les Pyr\u00e9n\u00e9es Orientales en Occitanie\",\"url\":\"https:\/\/www.locansol.fr\/\",\"logo\":{\"@type\":\"ImageObject\",\"inLanguage\":\"es\",\"@id\":\"https:\/\/www.locansol.fr\/#\/schema\/logo\/image\/\",\"url\":\"https:\/\/www.locansol.fr\/wp-content\/uploads\/2024\/04\/AdobeStock_303324767-scaled.jpeg\",\"contentUrl\":\"https:\/\/www.locansol.fr\/wp-content\/uploads\/2024\/04\/AdobeStock_303324767-scaled.jpeg\",\"width\":2560,\"height\":1707,\"caption\":\"Location MobilHome & chalet dans les Pyr\u00e9n\u00e9es Orientales\"},\"image\":{\"@id\":\"https:\/\/www.locansol.fr\/#\/schema\/logo\/image\/\"}}]}<\/script>\n<!-- \/ Yoast SEO Premium plugin. -->","yoast_head_json":{"title":"EXPOSITION ECHEC ET MAT | Locansol, louer un h\u00e9bergement dans les Pyr\u00e9n\u00e9es Orientales","robots":{"index":"index","follow":"follow","max-snippet":"max-snippet:-1","max-image-preview":"max-image-preview:large","max-video-preview":"max-video-preview:-1"},"canonical":"https:\/\/www.locansol.fr\/es\/evenement\/exposition-echec-et-mat\/","og_locale":"es_ES","og_type":"article","og_title":"EXPOSITION ECHEC ET MAT","og_description":"Du 1er au 15 f\u00e9vrier 2026, la ville de Banyuls-sur-Mer accueille la deuxi\u00e8me \u00e9dition de l\u2019exposition \u00ab Echec et Mat \u00bb, une manifestation culturelle rassemblant des \u0153uvres d\u2019art cr\u00e9\u00e9es par [&hellip;]","og_url":"https:\/\/www.locansol.fr\/es\/evenement\/exposition-echec-et-mat\/","og_site_name":"Locansol, louer un h\u00e9bergement dans les Pyr\u00e9n\u00e9es Orientales","og_image":[{"width":1080,"height":1658,"url":"https:\/\/www.locansol.fr\/wp-content\/uploads\/2026\/02\/exposition-echec-mat-banyuls-mer.webp","type":"image\/webp"}],"twitter_card":"summary_large_image","twitter_misc":{"Tiempo de lectura":"1 minuto"},"schema":{"@context":"https:\/\/schema.org","@graph":[{"@type":"WebPage","@id":"https:\/\/www.locansol.fr\/evenement\/exposition-echec-et-mat\/","url":"https:\/\/www.locansol.fr\/evenement\/exposition-echec-et-mat\/","name":"EXPOSITION ECHEC ET MAT | Locansol, louer un h\u00e9bergement dans les Pyr\u00e9n\u00e9es Orientales","isPartOf":{"@id":"https:\/\/www.locansol.fr\/#website"},"primaryImageOfPage":{"@id":"https:\/\/www.locansol.fr\/evenement\/exposition-echec-et-mat\/#primaryimage"},"image":{"@id":"https:\/\/www.locansol.fr\/evenement\/exposition-echec-et-mat\/#primaryimage"},"thumbnailUrl":"https:\/\/www.locansol.fr\/wp-content\/uploads\/2026\/02\/exposition-echec-mat-banyuls-mer.webp","datePublished":"2026-02-13T00:53:30+00:00","breadcrumb":{"@id":"https:\/\/www.locansol.fr\/evenement\/exposition-echec-et-mat\/#breadcrumb"},"inLanguage":"es","potentialAction":[{"@type":"ReadAction","target":["https:\/\/www.locansol.fr\/evenement\/exposition-echec-et-mat\/"]}]},{"@type":"ImageObject","inLanguage":"es","@id":"https:\/\/www.locansol.fr\/evenement\/exposition-echec-et-mat\/#primaryimage","url":"https:\/\/www.locansol.fr\/wp-content\/uploads\/2026\/02\/exposition-echec-mat-banyuls-mer.webp","contentUrl":"https:\/\/www.locansol.fr\/wp-content\/uploads\/2026\/02\/exposition-echec-mat-banyuls-mer.webp","width":1080,"height":1658,"caption":"Du 1er au 15 f\u00e9vrier 2026, la ville de Banyuls-sur-Mer accueille la deuxi\u00e8me \u00e9dition de l\u2019exposition \u00ab Echec et Mat \u00bb, une manifestation culturelle rassemblant des \u0153uvres d\u2019art cr\u00e9\u00e9es par trois associations locales : Aquarelles en C\u00f4te Vermeille, la Maison de la sculpture et Les Peintres des Arts\u2019cades. L\u2019\u00e9v\u00e9nement se tient au Hall de la Mairie, situ\u00e9 6 Avenue de la R\u00e9publique, dans un espace d\u00e9di\u00e9 aux arts plastiques. L\u2019entr\u00e9e est gratuite. L\u2019exposition met en lumi\u00e8re une diversit\u00e9 de pratiques artistiques, allant des aquarelles aux sculptures, illustrant le dynamisme artistique de la r\u00e9gion. Aquarelles en C\u00f4te Vermeille, fond\u00e9e par Edith Gibert, est une association qui promeut la peinture \u00e0 l\u2019aquarelle \u00e0 travers des ateliers hebdomadaires et des manifestations culturelles. La Maison de la sculpture, cr\u00e9\u00e9e en 2012 par des passionn\u00e9es du modelage de l\u2019argile, propose un espace d\u2019expression pour les sculpteurs amateurs et confirm\u00e9s. Les Peintres des Arts\u2019cades, quant \u00e0 eux, regroupent des artistes engag\u00e9s dans la cr\u00e9ation picturale. Cette exposition collective t\u00e9moigne de la richesse et de la coh\u00e9sion du paysage artistique banyulenc, renfor\u00e7ant le r\u00f4le culturel de la mairie dans la promotion des arts locaux. Elle offre aux visiteurs une occasion de d\u00e9couvrir des \u0153uvres inspir\u00e9es par le paysage et le patrimoine de la c\u00f4te Vermeille."},{"@type":"BreadcrumbList","@id":"https:\/\/www.locansol.fr\/evenement\/exposition-echec-et-mat\/#breadcrumb","itemListElement":[{"@type":"ListItem","position":1,"name":"Accueil","item":"https:\/\/www.locansol.fr\/"},{"@type":"ListItem","position":2,"name":"\u00c9v\u00e8nements","item":"https:\/\/www.locansol.fr\/evenements\/"},{"@type":"ListItem","position":3,"name":"EXPOSITION ECHEC ET MAT"}]},{"@type":"WebSite","@id":"https:\/\/www.locansol.fr\/#website","url":"https:\/\/www.locansol.fr\/","name":"Locansol, louer un h\u00e9bergement dans les Pyr\u00e9n\u00e9es-Orientales","description":"Location Mobil-home Mer M\u00e9diterran\u00e9e &amp; Chalet de Montagne dans les Pyr\u00e9n\u00e9es Orientales (Occitanie, 66). Weekend, s\u00e9jour &amp; vacances en famille et entre amis.","publisher":{"@id":"https:\/\/www.locansol.fr\/#organization"},"alternateName":"Louer un h\u00e9bergement dans les Pyr\u00e9n\u00e9es Orientales, chalet & mobil-home en Occitanie","potentialAction":[{"@type":"SearchAction","target":{"@type":"EntryPoint","urlTemplate":"https:\/\/www.locansol.fr\/?s={search_term_string}"},"query-input":{"@type":"PropertyValueSpecification","valueRequired":true,"valueName":"search_term_string"}}],"inLanguage":"es"},{"@type":"Organization","@id":"https:\/\/www.locansol.fr\/#organization","name":"Location MobilHome & chalet dans les Pyr\u00e9n\u00e9es Orientales","alternateName":"Louer un h\u00e9bergement dans les Pyr\u00e9n\u00e9es Orientales en Occitanie","url":"https:\/\/www.locansol.fr\/","logo":{"@type":"ImageObject","inLanguage":"es","@id":"https:\/\/www.locansol.fr\/#\/schema\/logo\/image\/","url":"https:\/\/www.locansol.fr\/wp-content\/uploads\/2024\/04\/AdobeStock_303324767-scaled.jpeg","contentUrl":"https:\/\/www.locansol.fr\/wp-content\/uploads\/2024\/04\/AdobeStock_303324767-scaled.jpeg","width":2560,"height":1707,"caption":"Location MobilHome & chalet dans les Pyr\u00e9n\u00e9es Orientales"},"image":{"@id":"https:\/\/www.locansol.fr\/#\/schema\/logo\/image\/"}}]}},"_links":{"self":[{"href":"https:\/\/www.locansol.fr\/es\/wp-json\/wp\/v2\/tribe_events\/2749","targetHints":{"allow":["GET"]}}],"collection":[{"href":"https:\/\/www.locansol.fr\/es\/wp-json\/wp\/v2\/tribe_events"}],"about":[{"href":"https:\/\/www.locansol.fr\/es\/wp-json\/wp\/v2\/types\/tribe_events"}],"author":[{"embeddable":true,"href":"https:\/\/www.locansol.fr\/es\/wp-json\/wp\/v2\/users\/5"}],"version-history":[{"count":1,"href":"https:\/\/www.locansol.fr\/es\/wp-json\/wp\/v2\/tribe_events\/2749\/revisions"}],"predecessor-version":[{"id":2773,"href":"https:\/\/www.locansol.fr\/es\/wp-json\/wp\/v2\/tribe_events\/2749\/revisions\/2773"}],"wp:featuredmedia":[{"embeddable":true,"href":"https:\/\/www.locansol.fr\/es\/wp-json\/wp\/v2\/media\/2745"}],"wp:attachment":[{"href":"https:\/\/www.locansol.fr\/es\/wp-json\/wp\/v2\/media?parent=2749"}],"wp:term":[{"taxonomy":"post_tag","embeddable":true,"href":"https:\/\/www.locansol.fr\/es\/wp-json\/wp\/v2\/tags?post=2749"},{"taxonomy":"tribe_events_cat","embeddable":true,"href":"https:\/\/www.locansol.fr\/es\/wp-json\/wp\/v2\/tribe_events_cat?post=2749"}],"curies":[{"name":"wp","href":"https:\/\/api.w.org\/{rel}","templated":true}]}}