{"id":2882,"date":"2026-02-13T03:10:09","date_gmt":"2026-02-13T02:10:09","guid":{"rendered":"https:\/\/www.locansol.fr\/evenement\/expo-photos-expressions\/"},"modified":"2026-02-13T03:10:09","modified_gmt":"2026-02-13T02:10:09","slug":"expo-photos-expressions","status":"publish","type":"tribe_events","link":"https:\/\/www.locansol.fr\/es\/evenement\/expo-photos-expressions\/","title":{"rendered":"EXPO PHOTOS EXPRESSIONS"},"content":{"rendered":"<p>L&rsquo;exposition photographique \u00ab Expressions \u00bb de l&rsquo;artiste peintre Viviane Lacoste se tiendra le vendredi 13 f\u00e9vrier de 16h00 \u00e0 20h00 \u00e0 la Salle Cal panche, situ\u00e9e dans la station des Angles, dans les Pyr\u00e9n\u00e9es-Orientales. Cette manifestation culturelle, ouverte gratuitement au public, met en sc\u00e8ne une s\u00e9lection de photographies o\u00f9 l&rsquo;artiste cherche \u00e0 capter l&rsquo;\u00e9motion et la beaut\u00e9 au-del\u00e0 de la simple repr\u00e9sentation. Pour Viviane Lacoste, la photographie n&rsquo;est pas une image de quelque chose, mais elle devient elle-m\u00eame une forme d&rsquo;expression vivante. L&rsquo;exposition s&rsquo;inscrit dans une r\u00e9flexion sensible sur les moments intimes, les regards et les silences, offrant une approche po\u00e9tique du regard photographique. La Salle Cal panche, lieu convivial et accessible, accueille cette exposition dans un cadre chaleureux, propice \u00e0 une visite contemplative. Cette rencontre avec l&rsquo;\u0153uvre de Viviane Lacoste est une invitation \u00e0 observer le monde avec attention, \u00e0 s&rsquo;attarder sur les d\u00e9tails et \u00e0 ressentir les \u00e9motions transmises par chaque image. Elle s&rsquo;adresse \u00e0 tous les amateurs de photographie, d&rsquo;art contemporain ou simplement \u00e0 ceux qui souhaitent d\u00e9couvrir une d\u00e9marche artistique authentique et profond\u00e9ment humaine.<\/p>\n<p><\/p>\n<h3>R\u00e9servez votre h\u00e9bergement dans les Pyr\u00e9n\u00e9es-Orientales :<\/h3>\n<p><b>Mobil-home Locansol \u00e0 Argel\u00e8s-sur-Mer<\/b><br \/>Trajet le plus court : 61 km<br \/>Trajet le plus rapide : 1 h 0 min<\/p>\n<p><b>Chalet Locansol \u00e0 Estavar<\/b><br \/>Trajet le plus court : 65 km<br \/>Trajet le plus rapide : 1 h 14 min<\/p>","protected":false},"excerpt":{"rendered":"<p>L&rsquo;exposition photographique \u00ab Expressions \u00bb de l&rsquo;artiste peintre Viviane Lacoste se tiendra le vendredi 13 f\u00e9vrier de 16h00 \u00e0 20h00 \u00e0 la Salle Cal panche, situ\u00e9e dans la station des [&hellip;]<\/p>","protected":false},"author":5,"featured_media":2879,"template":"","meta":{"_yoast_wpseo_focuskw":"","_yoast_wpseo_title":"","_yoast_wpseo_metadesc":"","_yoast_wpseo_canonical":"","_yoast_wpseo_opengraph-title":"","_yoast_wpseo_opengraph-description":"","_yoast_wpseo_opengraph-image":"","_yoast_wpseo_opengraph-image-id":"","_yoast_wpseo_twitter-title":"","_yoast_wpseo_twitter-description":"","_yoast_wpseo_twitter-image":"","_yoast_wpseo_twitter-image-id":"","yoast_primary_category":"","_tribe_events_status":"","_tribe_events_status_reason":"","_tribe_events_is_hybrid":"","_tribe_events_is_virtual":"","_tribe_events_virtual_video_source":"","_tribe_events_virtual_embed_video":"","_tribe_events_virtual_linked_button_text":"","_tribe_events_virtual_linked_button":"","_tribe_events_virtual_show_embed_at":"","_tribe_events_virtual_show_embed_to":[],"_tribe_events_virtual_show_on_event":"","_tribe_events_virtual_show_on_views":"","_tribe_events_virtual_url":"","footnotes":""},"tags":[66,76],"tribe_events_cat":[138,90,127],"class_list":["post-2882","tribe_events","type-tribe_events","status-publish","has-post-thumbnail","hentry","tag-evenement-culturel","tag-pyrenees-orientales","tribe_events_cat-evenement-culturel","tribe_events_cat-exposition","tribe_events_cat-photographie","cat_evenement-culturel","cat_exposition","cat_photographie"],"yoast_head":"<!-- This site is optimized with the Yoast SEO Premium plugin v23.3 (Yoast SEO v26.9) - https:\/\/yoast.com\/product\/yoast-seo-premium-wordpress\/ -->\n<title>EXPO PHOTOS EXPRESSIONS | Locansol, louer un h\u00e9bergement dans les Pyr\u00e9n\u00e9es Orientales<\/title>\n<meta name=\"robots\" content=\"index, follow, max-snippet:-1, max-image-preview:large, max-video-preview:-1\" \/>\n<link rel=\"canonical\" href=\"https:\/\/www.locansol.fr\/es\/evenement\/expo-photos-expressions\/\" \/>\n<meta property=\"og:locale\" content=\"es_ES\" \/>\n<meta property=\"og:type\" content=\"article\" \/>\n<meta property=\"og:title\" content=\"EXPO PHOTOS EXPRESSIONS\" \/>\n<meta property=\"og:description\" content=\"L&rsquo;exposition photographique \u00ab Expressions \u00bb de l&rsquo;artiste peintre Viviane Lacoste se tiendra le vendredi 13 f\u00e9vrier de 16h00 \u00e0 20h00 \u00e0 la Salle Cal panche, situ\u00e9e dans la station des [&hellip;]\" \/>\n<meta property=\"og:url\" content=\"https:\/\/www.locansol.fr\/es\/evenement\/expo-photos-expressions\/\" \/>\n<meta property=\"og:site_name\" content=\"Locansol, louer un h\u00e9bergement dans les Pyr\u00e9n\u00e9es Orientales\" \/>\n<meta property=\"og:image\" content=\"https:\/\/www.locansol.fr\/wp-content\/uploads\/2024\/04\/AdobeStock_303324767-scaled.jpeg\" \/>\n\t<meta property=\"og:image:width\" content=\"2560\" \/>\n\t<meta property=\"og:image:height\" content=\"1707\" \/>\n\t<meta property=\"og:image:type\" content=\"image\/jpeg\" \/>\n<meta name=\"twitter:card\" content=\"summary_large_image\" \/>\n<meta name=\"twitter:label1\" content=\"Tiempo de lectura\" \/>\n\t<meta name=\"twitter:data1\" content=\"1 minuto\" \/>\n<script type=\"application\/ld+json\" class=\"yoast-schema-graph\">{\"@context\":\"https:\/\/schema.org\",\"@graph\":[{\"@type\":\"WebPage\",\"@id\":\"https:\/\/www.locansol.fr\/evenement\/expo-photos-expressions\/\",\"url\":\"https:\/\/www.locansol.fr\/evenement\/expo-photos-expressions\/\",\"name\":\"EXPO PHOTOS EXPRESSIONS | Locansol, louer un h\u00e9bergement dans les Pyr\u00e9n\u00e9es Orientales\",\"isPartOf\":{\"@id\":\"https:\/\/www.locansol.fr\/#website\"},\"primaryImageOfPage\":{\"@id\":\"https:\/\/www.locansol.fr\/evenement\/expo-photos-expressions\/#primaryimage\"},\"image\":{\"@id\":\"https:\/\/www.locansol.fr\/evenement\/expo-photos-expressions\/#primaryimage\"},\"thumbnailUrl\":\"https:\/\/www.locansol.fr\/wp-content\/uploads\/2026\/02\/expo-photo-emotion-angles.webp\",\"datePublished\":\"2026-02-13T02:10:09+00:00\",\"breadcrumb\":{\"@id\":\"https:\/\/www.locansol.fr\/evenement\/expo-photos-expressions\/#breadcrumb\"},\"inLanguage\":\"es\",\"potentialAction\":[{\"@type\":\"ReadAction\",\"target\":[\"https:\/\/www.locansol.fr\/evenement\/expo-photos-expressions\/\"]}]},{\"@type\":\"ImageObject\",\"inLanguage\":\"es\",\"@id\":\"https:\/\/www.locansol.fr\/evenement\/expo-photos-expressions\/#primaryimage\",\"url\":\"https:\/\/www.locansol.fr\/wp-content\/uploads\/2026\/02\/expo-photo-emotion-angles.webp\",\"contentUrl\":\"https:\/\/www.locansol.fr\/wp-content\/uploads\/2026\/02\/expo-photo-emotion-angles.webp\",\"width\":1131,\"height\":1600,\"caption\":\"L'exposition photographique \u00ab Expressions \u00bb de l'artiste peintre Viviane Lacoste se tiendra le vendredi 13 f\u00e9vrier de 16h00 \u00e0 20h00 \u00e0 la Salle Cal panche, situ\u00e9e dans la station des Angles, dans les Pyr\u00e9n\u00e9es-Orientales. Cette manifestation culturelle, ouverte gratuitement au public, met en sc\u00e8ne une s\u00e9lection de photographies o\u00f9 l'artiste cherche \u00e0 capter l'\u00e9motion et la beaut\u00e9 au-del\u00e0 de la simple repr\u00e9sentation. Pour Viviane Lacoste, la photographie n'est pas une image de quelque chose, mais elle devient elle-m\u00eame une forme d'expression vivante. L'exposition s'inscrit dans une r\u00e9flexion sensible sur les moments intimes, les regards et les silences, offrant une approche po\u00e9tique du regard photographique. La Salle Cal panche, lieu convivial et accessible, accueille cette exposition dans un cadre chaleureux, propice \u00e0 une visite contemplative. Cette rencontre avec l'\u0153uvre de Viviane Lacoste est une invitation \u00e0 observer le monde avec attention, \u00e0 s'attarder sur les d\u00e9tails et \u00e0 ressentir les \u00e9motions transmises par chaque image. Elle s'adresse \u00e0 tous les amateurs de photographie, d'art contemporain ou simplement \u00e0 ceux qui souhaitent d\u00e9couvrir une d\u00e9marche artistique authentique et profond\u00e9ment humaine.\"},{\"@type\":\"BreadcrumbList\",\"@id\":\"https:\/\/www.locansol.fr\/evenement\/expo-photos-expressions\/#breadcrumb\",\"itemListElement\":[{\"@type\":\"ListItem\",\"position\":1,\"name\":\"Accueil\",\"item\":\"https:\/\/www.locansol.fr\/\"},{\"@type\":\"ListItem\",\"position\":2,\"name\":\"\u00c9v\u00e8nements\",\"item\":\"https:\/\/www.locansol.fr\/evenements\/\"},{\"@type\":\"ListItem\",\"position\":3,\"name\":\"EXPO PHOTOS EXPRESSIONS\"}]},{\"@type\":\"WebSite\",\"@id\":\"https:\/\/www.locansol.fr\/#website\",\"url\":\"https:\/\/www.locansol.fr\/\",\"name\":\"Locansol, louer un h\u00e9bergement dans les Pyr\u00e9n\u00e9es-Orientales\",\"description\":\"Location Mobil-home Mer M\u00e9diterran\u00e9e &amp; Chalet de Montagne dans les Pyr\u00e9n\u00e9es Orientales (Occitanie, 66). Weekend, s\u00e9jour &amp; vacances en famille et entre amis.\",\"publisher\":{\"@id\":\"https:\/\/www.locansol.fr\/#organization\"},\"alternateName\":\"Louer un h\u00e9bergement dans les Pyr\u00e9n\u00e9es Orientales, chalet & mobil-home en Occitanie\",\"potentialAction\":[{\"@type\":\"SearchAction\",\"target\":{\"@type\":\"EntryPoint\",\"urlTemplate\":\"https:\/\/www.locansol.fr\/?s={search_term_string}\"},\"query-input\":{\"@type\":\"PropertyValueSpecification\",\"valueRequired\":true,\"valueName\":\"search_term_string\"}}],\"inLanguage\":\"es\"},{\"@type\":\"Organization\",\"@id\":\"https:\/\/www.locansol.fr\/#organization\",\"name\":\"Location MobilHome & chalet dans les Pyr\u00e9n\u00e9es Orientales\",\"alternateName\":\"Louer un h\u00e9bergement dans les Pyr\u00e9n\u00e9es Orientales en Occitanie\",\"url\":\"https:\/\/www.locansol.fr\/\",\"logo\":{\"@type\":\"ImageObject\",\"inLanguage\":\"es\",\"@id\":\"https:\/\/www.locansol.fr\/#\/schema\/logo\/image\/\",\"url\":\"https:\/\/www.locansol.fr\/wp-content\/uploads\/2024\/04\/AdobeStock_303324767-scaled.jpeg\",\"contentUrl\":\"https:\/\/www.locansol.fr\/wp-content\/uploads\/2024\/04\/AdobeStock_303324767-scaled.jpeg\",\"width\":2560,\"height\":1707,\"caption\":\"Location MobilHome & chalet dans les Pyr\u00e9n\u00e9es Orientales\"},\"image\":{\"@id\":\"https:\/\/www.locansol.fr\/#\/schema\/logo\/image\/\"}}]}<\/script>\n<!-- \/ Yoast SEO Premium plugin. -->","yoast_head_json":{"title":"EXPO PHOTOS EXPRESSIONS | Locansol, louer un h\u00e9bergement dans les Pyr\u00e9n\u00e9es Orientales","robots":{"index":"index","follow":"follow","max-snippet":"max-snippet:-1","max-image-preview":"max-image-preview:large","max-video-preview":"max-video-preview:-1"},"canonical":"https:\/\/www.locansol.fr\/es\/evenement\/expo-photos-expressions\/","og_locale":"es_ES","og_type":"article","og_title":"EXPO PHOTOS EXPRESSIONS","og_description":"L&rsquo;exposition photographique \u00ab Expressions \u00bb de l&rsquo;artiste peintre Viviane Lacoste se tiendra le vendredi 13 f\u00e9vrier de 16h00 \u00e0 20h00 \u00e0 la Salle Cal panche, situ\u00e9e dans la station des [&hellip;]","og_url":"https:\/\/www.locansol.fr\/es\/evenement\/expo-photos-expressions\/","og_site_name":"Locansol, louer un h\u00e9bergement dans les Pyr\u00e9n\u00e9es Orientales","og_image":[{"width":2560,"height":1707,"url":"https:\/\/www.locansol.fr\/wp-content\/uploads\/2024\/04\/AdobeStock_303324767-scaled.jpeg","type":"image\/jpeg"}],"twitter_card":"summary_large_image","twitter_misc":{"Tiempo de lectura":"1 minuto"},"schema":{"@context":"https:\/\/schema.org","@graph":[{"@type":"WebPage","@id":"https:\/\/www.locansol.fr\/evenement\/expo-photos-expressions\/","url":"https:\/\/www.locansol.fr\/evenement\/expo-photos-expressions\/","name":"EXPO PHOTOS EXPRESSIONS | Locansol, louer un h\u00e9bergement dans les Pyr\u00e9n\u00e9es Orientales","isPartOf":{"@id":"https:\/\/www.locansol.fr\/#website"},"primaryImageOfPage":{"@id":"https:\/\/www.locansol.fr\/evenement\/expo-photos-expressions\/#primaryimage"},"image":{"@id":"https:\/\/www.locansol.fr\/evenement\/expo-photos-expressions\/#primaryimage"},"thumbnailUrl":"https:\/\/www.locansol.fr\/wp-content\/uploads\/2026\/02\/expo-photo-emotion-angles.webp","datePublished":"2026-02-13T02:10:09+00:00","breadcrumb":{"@id":"https:\/\/www.locansol.fr\/evenement\/expo-photos-expressions\/#breadcrumb"},"inLanguage":"es","potentialAction":[{"@type":"ReadAction","target":["https:\/\/www.locansol.fr\/evenement\/expo-photos-expressions\/"]}]},{"@type":"ImageObject","inLanguage":"es","@id":"https:\/\/www.locansol.fr\/evenement\/expo-photos-expressions\/#primaryimage","url":"https:\/\/www.locansol.fr\/wp-content\/uploads\/2026\/02\/expo-photo-emotion-angles.webp","contentUrl":"https:\/\/www.locansol.fr\/wp-content\/uploads\/2026\/02\/expo-photo-emotion-angles.webp","width":1131,"height":1600,"caption":"L'exposition photographique \u00ab Expressions \u00bb de l'artiste peintre Viviane Lacoste se tiendra le vendredi 13 f\u00e9vrier de 16h00 \u00e0 20h00 \u00e0 la Salle Cal panche, situ\u00e9e dans la station des Angles, dans les Pyr\u00e9n\u00e9es-Orientales. Cette manifestation culturelle, ouverte gratuitement au public, met en sc\u00e8ne une s\u00e9lection de photographies o\u00f9 l'artiste cherche \u00e0 capter l'\u00e9motion et la beaut\u00e9 au-del\u00e0 de la simple repr\u00e9sentation. Pour Viviane Lacoste, la photographie n'est pas une image de quelque chose, mais elle devient elle-m\u00eame une forme d'expression vivante. L'exposition s'inscrit dans une r\u00e9flexion sensible sur les moments intimes, les regards et les silences, offrant une approche po\u00e9tique du regard photographique. La Salle Cal panche, lieu convivial et accessible, accueille cette exposition dans un cadre chaleureux, propice \u00e0 une visite contemplative. Cette rencontre avec l'\u0153uvre de Viviane Lacoste est une invitation \u00e0 observer le monde avec attention, \u00e0 s'attarder sur les d\u00e9tails et \u00e0 ressentir les \u00e9motions transmises par chaque image. Elle s'adresse \u00e0 tous les amateurs de photographie, d'art contemporain ou simplement \u00e0 ceux qui souhaitent d\u00e9couvrir une d\u00e9marche artistique authentique et profond\u00e9ment humaine."},{"@type":"BreadcrumbList","@id":"https:\/\/www.locansol.fr\/evenement\/expo-photos-expressions\/#breadcrumb","itemListElement":[{"@type":"ListItem","position":1,"name":"Accueil","item":"https:\/\/www.locansol.fr\/"},{"@type":"ListItem","position":2,"name":"\u00c9v\u00e8nements","item":"https:\/\/www.locansol.fr\/evenements\/"},{"@type":"ListItem","position":3,"name":"EXPO PHOTOS EXPRESSIONS"}]},{"@type":"WebSite","@id":"https:\/\/www.locansol.fr\/#website","url":"https:\/\/www.locansol.fr\/","name":"Locansol, louer un h\u00e9bergement dans les Pyr\u00e9n\u00e9es-Orientales","description":"Location Mobil-home Mer M\u00e9diterran\u00e9e &amp; Chalet de Montagne dans les Pyr\u00e9n\u00e9es Orientales (Occitanie, 66). Weekend, s\u00e9jour &amp; vacances en famille et entre amis.","publisher":{"@id":"https:\/\/www.locansol.fr\/#organization"},"alternateName":"Louer un h\u00e9bergement dans les Pyr\u00e9n\u00e9es Orientales, chalet & mobil-home en Occitanie","potentialAction":[{"@type":"SearchAction","target":{"@type":"EntryPoint","urlTemplate":"https:\/\/www.locansol.fr\/?s={search_term_string}"},"query-input":{"@type":"PropertyValueSpecification","valueRequired":true,"valueName":"search_term_string"}}],"inLanguage":"es"},{"@type":"Organization","@id":"https:\/\/www.locansol.fr\/#organization","name":"Location MobilHome & chalet dans les Pyr\u00e9n\u00e9es Orientales","alternateName":"Louer un h\u00e9bergement dans les Pyr\u00e9n\u00e9es Orientales en Occitanie","url":"https:\/\/www.locansol.fr\/","logo":{"@type":"ImageObject","inLanguage":"es","@id":"https:\/\/www.locansol.fr\/#\/schema\/logo\/image\/","url":"https:\/\/www.locansol.fr\/wp-content\/uploads\/2024\/04\/AdobeStock_303324767-scaled.jpeg","contentUrl":"https:\/\/www.locansol.fr\/wp-content\/uploads\/2024\/04\/AdobeStock_303324767-scaled.jpeg","width":2560,"height":1707,"caption":"Location MobilHome & chalet dans les Pyr\u00e9n\u00e9es Orientales"},"image":{"@id":"https:\/\/www.locansol.fr\/#\/schema\/logo\/image\/"}}]}},"_links":{"self":[{"href":"https:\/\/www.locansol.fr\/es\/wp-json\/wp\/v2\/tribe_events\/2882","targetHints":{"allow":["GET"]}}],"collection":[{"href":"https:\/\/www.locansol.fr\/es\/wp-json\/wp\/v2\/tribe_events"}],"about":[{"href":"https:\/\/www.locansol.fr\/es\/wp-json\/wp\/v2\/types\/tribe_events"}],"author":[{"embeddable":true,"href":"https:\/\/www.locansol.fr\/es\/wp-json\/wp\/v2\/users\/5"}],"version-history":[{"count":0,"href":"https:\/\/www.locansol.fr\/es\/wp-json\/wp\/v2\/tribe_events\/2882\/revisions"}],"wp:featuredmedia":[{"embeddable":true,"href":"https:\/\/www.locansol.fr\/es\/wp-json\/wp\/v2\/media\/2879"}],"wp:attachment":[{"href":"https:\/\/www.locansol.fr\/es\/wp-json\/wp\/v2\/media?parent=2882"}],"wp:term":[{"taxonomy":"post_tag","embeddable":true,"href":"https:\/\/www.locansol.fr\/es\/wp-json\/wp\/v2\/tags?post=2882"},{"taxonomy":"tribe_events_cat","embeddable":true,"href":"https:\/\/www.locansol.fr\/es\/wp-json\/wp\/v2\/tribe_events_cat?post=2882"}],"curies":[{"name":"wp","href":"https:\/\/api.w.org\/{rel}","templated":true}]}}