{"id":3109,"date":"2026-02-14T16:10:58","date_gmt":"2026-02-14T15:10:58","guid":{"rendered":"https:\/\/www.locansol.fr\/evenement\/evenement-mediations-la-mode-reinvente-maillol-et-picasso\/"},"modified":"2026-02-14T16:11:01","modified_gmt":"2026-02-14T15:11:01","slug":"evenement-mediations-la-mode-reinvente-maillol-et-picasso","status":"publish","type":"tribe_events","link":"https:\/\/www.locansol.fr\/es\/evenement\/evenement-mediations-la-mode-reinvente-maillol-et-picasso\/","title":{"rendered":"EVENEMENT &#8211; M\u00c9DIATIONS \u00ab LA MODE R\u00c9INVENTE MAILLOL ET PICASSO \u00bb"},"content":{"rendered":"<p>Du 7 f\u00e9vrier au 7 mars 2025, les Galeries Lafayette de Perpignan accueillent une exposition temporaire intitul\u00e9e \u00ab La mode r\u00e9invente Maillol et Picasso \u00bb. Cette manifestation, gratuite et ouverte \u00e0 tous, s&rsquo;inscrit dans le prolongement de l&rsquo;exposition \u00ab Maillol-Picasso. D\u00e9fier l\u2019Id\u00e9al classique \u00bb, pr\u00e9sent\u00e9e au Mus\u00e9e Hyacinthe Rigaud de la ville du 28 juin au 31 d\u00e9cembre 2025. L\u2019\u00e9v\u00e9nement met en lumi\u00e8re les cr\u00e9ations issues d\u2019un d\u00e9fi upcycling organis\u00e9 autour des \u0153uvres des deux artistes embl\u00e9matiques du XXe si\u00e8cle, Aristide Maillol et Pablo Picasso. Plusieurs ateliers et activit\u00e9s ont \u00e9t\u00e9 propos\u00e9s en amont, notamment des sessions d\u2019upcycling en partenariat avec l\u2019Atelier de Pierre (branche d\u2019Emma\u00fcs) et des animations au sein du magasin, comme des ateliers de transformation de v\u00eatements usag\u00e9s. Les r\u00e9alisations des participants, issues de la r\u00e9utilisation de tissus et d\u2019objets r\u00e9colt\u00e9s, sont expos\u00e9es dans les espaces du grand magasin. L\u2019initiative s\u2019inscrit dans une d\u00e9marche \u00e9coresponsable, en encourageant une consommation plus durable dans le secteur de la mode. L\u2019\u00e9v\u00e9nement s\u2019adresse \u00e0 un public de tous \u00e2ges, en particulier aux amateurs de culture, d\u2019art contemporain et d\u2019artisanat. Il offre une rencontre vivante entre l\u2019histoire de l\u2019art, la cr\u00e9ation textile et la r\u00e9flexion sur l\u2019impact environnemental de la mode.<\/p>\n<p><\/p>\n<h3>R\u00e9servez votre h\u00e9bergement dans les Pyr\u00e9n\u00e9es-Orientales :<\/h3>\n<p><b><a href='https:\/\/www.locansol.fr\/es\/alquiler-mobil-home-mediterraneo\/'>Mobil-home Locansol \u00e0 Argel\u00e8s-sur-Mer<\/a><\/b><br \/>Trajet le plus court : 26 km<br \/>Trajet le plus rapide : 31 min<\/p>\n<p><b><a href='https:\/\/www.locansol.fr\/es\/alquiler-chalet-cerdana\/'>Chalet Locansol \u00e0 Estavar<\/a><\/b><br \/>Trajet le plus court : 104 km<br \/>Trajet le plus rapide : 1 h 40 min<\/p>","protected":false},"excerpt":{"rendered":"<p>Du 7 f\u00e9vrier au 7 mars 2025, les Galeries Lafayette de Perpignan accueillent une exposition temporaire intitul\u00e9e \u00ab La mode r\u00e9invente Maillol et Picasso \u00bb. Cette manifestation, gratuite et ouverte [&hellip;]<\/p>","protected":false},"author":5,"featured_media":3105,"template":"","meta":{"_yoast_wpseo_focuskw":"EVENEMENT - M\u00c9DIATIONS \u00ab LA MODE R\u00c9INVENTE MAILLOL ET PICASSO \u00bb","_yoast_wpseo_title":"EVENEMENT - M\u00c9DIATIONS \u00ab LA MODE R\u00c9INVENTE MAILLOL ET PICASSO \u00bb","_yoast_wpseo_metadesc":"Du 7 f\u00e9vrier au 7 mars 2025, les Galeries Lafayette de Perpignan accueillent une exposition temporaire intitul\u00e9e \u00ab La mode r\u00e9invente Maillol et Picasso \u00bb. Cette manifestation, gratuite et ouverte \u00e0 tous, s'inscrit dans le prolongement de l'exposition \u00ab Maillol-Picasso. D\u00e9fier l\u2019Id\u00e9al classique \u00bb, pr\u00e9sent\u00e9e au Mus\u00e9e Hyacinthe Rigaud de la ville du 28 juin au 31 d\u00e9cembre 2025. L\u2019\u00e9v\u00e9nement met en lumi\u00e8re les cr\u00e9ations issues d\u2019un d\u00e9fi upcycling organis\u00e9 autour des \u0153uvres des deux artistes embl\u00e9matiques du XXe si\u00e8cle, Aristide Maillol et Pablo Picasso. Plusieurs ateliers et activit\u00e9s ont \u00e9t\u00e9 propos\u00e9s en amont, notamment des sessions d\u2019upcycling en partenariat avec l\u2019Atelier de Pierre (branche d\u2019Emma\u00fcs) et des animations au sein du magasin, comme des ateliers de transformation de v\u00eatements usag\u00e9s. Les r\u00e9alisations des participants, issues de la r\u00e9utilisation de tissus et d\u2019objets r\u00e9colt\u00e9s, sont expos\u00e9es dans les espaces du grand magasin. L\u2019initiative s\u2019inscrit dans une d\u00e9marche \u00e9coresponsable, en encourageant une consommation plus durable dans le secteur de la mode. L\u2019\u00e9v\u00e9nement s\u2019adresse \u00e0 un public de tous \u00e2ges, en particulier aux amateurs de culture, d\u2019art contemporain et d\u2019artisanat. Il offre une rencontre vivante entre l\u2019histoire de l\u2019art, la cr\u00e9ation textile et la r\u00e9flexion sur l\u2019impact environnemental de la mode.","_yoast_wpseo_canonical":"","_yoast_wpseo_opengraph-title":"EVENEMENT - M\u00c9DIATIONS \u00ab LA MODE R\u00c9INVENTE MAILLOL ET PICASSO \u00bb","_yoast_wpseo_opengraph-description":"Du 7 f\u00e9vrier au 7 mars 2025, les Galeries Lafayette de Perpignan accueillent une exposition temporaire intitul\u00e9e \u00ab La mode r\u00e9invente Maillol et Picasso \u00bb. Cette manifestation, gratuite et ouverte \u00e0 tous, s'inscrit dans le prolongement de l'exposition \u00ab Maillol-Picasso. D\u00e9fier l\u2019Id\u00e9al classique \u00bb, pr\u00e9sent\u00e9e au Mus\u00e9e Hyacinthe Rigaud de la ville du 28 juin au 31 d\u00e9cembre 2025. L\u2019\u00e9v\u00e9nement met en lumi\u00e8re les cr\u00e9ations issues d\u2019un d\u00e9fi upcycling organis\u00e9 autour des \u0153uvres des deux artistes embl\u00e9matiques du XXe si\u00e8cle, Aristide Maillol et Pablo Picasso. Plusieurs ateliers et activit\u00e9s ont \u00e9t\u00e9 propos\u00e9s en amont, notamment des sessions d\u2019upcycling en partenariat avec l\u2019Atelier de Pierre (branche d\u2019Emma\u00fcs) et des animations au sein du magasin, comme des ateliers de transformation de v\u00eatements usag\u00e9s. Les r\u00e9alisations des participants, issues de la r\u00e9utilisation de tissus et d\u2019objets r\u00e9colt\u00e9s, sont expos\u00e9es dans les espaces du grand magasin. L\u2019initiative s\u2019inscrit dans une d\u00e9marche \u00e9coresponsable, en encourageant une consommation plus durable dans le secteur de la mode. L\u2019\u00e9v\u00e9nement s\u2019adresse \u00e0 un public de tous \u00e2ges, en particulier aux amateurs de culture, d\u2019art contemporain et d\u2019artisanat. Il offre une rencontre vivante entre l\u2019histoire de l\u2019art, la cr\u00e9ation textile et la r\u00e9flexion sur l\u2019impact environnemental de la mode.","_yoast_wpseo_opengraph-image":"https:\/\/www.locansol.fr\/wp-content\/uploads\/2026\/02\/exposition-mode-durable-upcycling.webp","_yoast_wpseo_opengraph-image-id":"3105","_yoast_wpseo_twitter-title":"EVENEMENT - M\u00c9DIATIONS \u00ab LA MODE R\u00c9INVENTE MAILLOL ET PICASSO \u00bb","_yoast_wpseo_twitter-description":"Du 7 f\u00e9vrier au 7 mars 2025, les Galeries Lafayette de Perpignan accueillent une exposition temporaire intitul\u00e9e \u00ab La mode r\u00e9invente Maillol et Picasso \u00bb. Cette manifestation, gratuite et ouverte \u00e0 tous, s'inscrit dans le prolongement de l'exposition \u00ab Maillol-Picasso. D\u00e9fier l\u2019Id\u00e9al classique \u00bb, pr\u00e9sent\u00e9e au Mus\u00e9e Hyacinthe Rigaud de la ville du 28 juin au 31 d\u00e9cembre 2025. L\u2019\u00e9v\u00e9nement met en lumi\u00e8re les cr\u00e9ations issues d\u2019un d\u00e9fi upcycling organis\u00e9 autour des \u0153uvres des deux artistes embl\u00e9matiques du XXe si\u00e8cle, Aristide Maillol et Pablo Picasso. Plusieurs ateliers et activit\u00e9s ont \u00e9t\u00e9 propos\u00e9s en amont, notamment des sessions d\u2019upcycling en partenariat avec l\u2019Atelier de Pierre (branche d\u2019Emma\u00fcs) et des animations au sein du magasin, comme des ateliers de transformation de v\u00eatements usag\u00e9s. Les r\u00e9alisations des participants, issues de la r\u00e9utilisation de tissus et d\u2019objets r\u00e9colt\u00e9s, sont expos\u00e9es dans les espaces du grand magasin. L\u2019initiative s\u2019inscrit dans une d\u00e9marche \u00e9coresponsable, en encourageant une consommation plus durable dans le secteur de la mode. L\u2019\u00e9v\u00e9nement s\u2019adresse \u00e0 un public de tous \u00e2ges, en particulier aux amateurs de culture, d\u2019art contemporain et d\u2019artisanat. Il offre une rencontre vivante entre l\u2019histoire de l\u2019art, la cr\u00e9ation textile et la r\u00e9flexion sur l\u2019impact environnemental de la mode.","_yoast_wpseo_twitter-image":"https:\/\/www.locansol.fr\/wp-content\/uploads\/2026\/02\/exposition-mode-durable-upcycling.webp","_yoast_wpseo_twitter-image-id":"3105","yoast_primary_category":"Exposition","_tribe_events_status":"","_tribe_events_status_reason":"","_tribe_events_is_hybrid":"","_tribe_events_is_virtual":"","_tribe_events_virtual_video_source":"","_tribe_events_virtual_embed_video":"","_tribe_events_virtual_linked_button_text":"","_tribe_events_virtual_linked_button":"","_tribe_events_virtual_show_embed_at":"","_tribe_events_virtual_show_embed_to":[],"_tribe_events_virtual_show_on_event":"","_tribe_events_virtual_show_on_views":"","_tribe_events_virtual_url":"","footnotes":""},"tags":[66,67,76],"tribe_events_cat":[148,138,90,157,139,160],"class_list":["post-3109","tribe_events","type-tribe_events","status-publish","has-post-thumbnail","hentry","tag-evenement-culturel","tag-loisirs","tag-pyrenees-orientales","tribe_events_cat-artisanat","tribe_events_cat-evenement-culturel","tribe_events_cat-exposition","tribe_events_cat-histoire","tribe_events_cat-loisirs","tribe_events_cat-peinture","cat_artisanat","cat_evenement-culturel","cat_exposition","cat_histoire","cat_loisirs","cat_peinture"],"yoast_head":"<!-- This site is optimized with the Yoast SEO Premium plugin v23.3 (Yoast SEO v26.9) - https:\/\/yoast.com\/product\/yoast-seo-premium-wordpress\/ -->\n<title>EVENEMENT - M\u00c9DIATIONS \u00ab LA MODE R\u00c9INVENTE MAILLOL ET PICASSO \u00bb<\/title>\n<meta name=\"description\" content=\"Du 7 f\u00e9vrier au 7 mars 2025, les Galeries Lafayette de Perpignan accueillent une exposition temporaire intitul\u00e9e \u00ab La mode r\u00e9invente Maillol et Picasso \u00bb. Cette manifestation, gratuite et ouverte \u00e0 tous, s&#039;inscrit dans le prolongement de l&#039;exposition \u00ab Maillol-Picasso. D\u00e9fier l\u2019Id\u00e9al classique \u00bb, pr\u00e9sent\u00e9e au Mus\u00e9e Hyacinthe Rigaud de la ville du 28 juin au 31 d\u00e9cembre 2025. L\u2019\u00e9v\u00e9nement met en lumi\u00e8re les cr\u00e9ations issues d\u2019un d\u00e9fi upcycling organis\u00e9 autour des \u0153uvres des deux artistes embl\u00e9matiques du XXe si\u00e8cle, Aristide Maillol et Pablo Picasso. Plusieurs ateliers et activit\u00e9s ont \u00e9t\u00e9 propos\u00e9s en amont, notamment des sessions d\u2019upcycling en partenariat avec l\u2019Atelier de Pierre (branche d\u2019Emma\u00fcs) et des animations au sein du magasin, comme des ateliers de transformation de v\u00eatements usag\u00e9s. Les r\u00e9alisations des participants, issues de la r\u00e9utilisation de tissus et d\u2019objets r\u00e9colt\u00e9s, sont expos\u00e9es dans les espaces du grand magasin. L\u2019initiative s\u2019inscrit dans une d\u00e9marche \u00e9coresponsable, en encourageant une consommation plus durable dans le secteur de la mode. L\u2019\u00e9v\u00e9nement s\u2019adresse \u00e0 un public de tous \u00e2ges, en particulier aux amateurs de culture, d\u2019art contemporain et d\u2019artisanat. Il offre une rencontre vivante entre l\u2019histoire de l\u2019art, la cr\u00e9ation textile et la r\u00e9flexion sur l\u2019impact environnemental de la mode.\" \/>\n<meta name=\"robots\" content=\"index, follow, max-snippet:-1, max-image-preview:large, max-video-preview:-1\" \/>\n<link rel=\"canonical\" href=\"https:\/\/www.locansol.fr\/es\/evenement\/evenement-mediations-la-mode-reinvente-maillol-et-picasso\/\" \/>\n<meta property=\"og:locale\" content=\"es_ES\" \/>\n<meta property=\"og:type\" content=\"article\" \/>\n<meta property=\"og:title\" content=\"EVENEMENT - M\u00c9DIATIONS \u00ab LA MODE R\u00c9INVENTE MAILLOL ET PICASSO \u00bb\" \/>\n<meta property=\"og:description\" content=\"Du 7 f\u00e9vrier au 7 mars 2025, les Galeries Lafayette de Perpignan accueillent une exposition temporaire intitul\u00e9e \u00ab La mode r\u00e9invente Maillol et Picasso \u00bb. Cette manifestation, gratuite et ouverte \u00e0 tous, s&#039;inscrit dans le prolongement de l&#039;exposition \u00ab Maillol-Picasso. D\u00e9fier l\u2019Id\u00e9al classique \u00bb, pr\u00e9sent\u00e9e au Mus\u00e9e Hyacinthe Rigaud de la ville du 28 juin au 31 d\u00e9cembre 2025. L\u2019\u00e9v\u00e9nement met en lumi\u00e8re les cr\u00e9ations issues d\u2019un d\u00e9fi upcycling organis\u00e9 autour des \u0153uvres des deux artistes embl\u00e9matiques du XXe si\u00e8cle, Aristide Maillol et Pablo Picasso. Plusieurs ateliers et activit\u00e9s ont \u00e9t\u00e9 propos\u00e9s en amont, notamment des sessions d\u2019upcycling en partenariat avec l\u2019Atelier de Pierre (branche d\u2019Emma\u00fcs) et des animations au sein du magasin, comme des ateliers de transformation de v\u00eatements usag\u00e9s. Les r\u00e9alisations des participants, issues de la r\u00e9utilisation de tissus et d\u2019objets r\u00e9colt\u00e9s, sont expos\u00e9es dans les espaces du grand magasin. L\u2019initiative s\u2019inscrit dans une d\u00e9marche \u00e9coresponsable, en encourageant une consommation plus durable dans le secteur de la mode. L\u2019\u00e9v\u00e9nement s\u2019adresse \u00e0 un public de tous \u00e2ges, en particulier aux amateurs de culture, d\u2019art contemporain et d\u2019artisanat. Il offre une rencontre vivante entre l\u2019histoire de l\u2019art, la cr\u00e9ation textile et la r\u00e9flexion sur l\u2019impact environnemental de la mode.\" \/>\n<meta property=\"og:url\" content=\"https:\/\/www.locansol.fr\/es\/evenement\/evenement-mediations-la-mode-reinvente-maillol-et-picasso\/\" \/>\n<meta property=\"og:site_name\" content=\"Locansol, louer un h\u00e9bergement dans les Pyr\u00e9n\u00e9es Orientales\" \/>\n<meta property=\"article:modified_time\" content=\"2026-02-14T15:11:01+00:00\" \/>\n<meta property=\"og:image\" content=\"https:\/\/www.locansol.fr\/wp-content\/uploads\/2026\/02\/exposition-mode-durable-upcycling.webp\" \/>\n\t<meta property=\"og:image:width\" content=\"740\" \/>\n\t<meta property=\"og:image:height\" content=\"493\" \/>\n\t<meta property=\"og:image:type\" content=\"image\/webp\" \/>\n<meta name=\"twitter:card\" content=\"summary_large_image\" \/>\n<meta name=\"twitter:title\" content=\"EVENEMENT - M\u00c9DIATIONS \u00ab LA MODE R\u00c9INVENTE MAILLOL ET PICASSO \u00bb\" \/>\n<meta name=\"twitter:description\" content=\"Du 7 f\u00e9vrier au 7 mars 2025, les Galeries Lafayette de Perpignan accueillent une exposition temporaire intitul\u00e9e \u00ab La mode r\u00e9invente Maillol et Picasso \u00bb. Cette manifestation, gratuite et ouverte \u00e0 tous, s&#039;inscrit dans le prolongement de l&#039;exposition \u00ab Maillol-Picasso. D\u00e9fier l\u2019Id\u00e9al classique \u00bb, pr\u00e9sent\u00e9e au Mus\u00e9e Hyacinthe Rigaud de la ville du 28 juin au 31 d\u00e9cembre 2025. L\u2019\u00e9v\u00e9nement met en lumi\u00e8re les cr\u00e9ations issues d\u2019un d\u00e9fi upcycling organis\u00e9 autour des \u0153uvres des deux artistes embl\u00e9matiques du XXe si\u00e8cle, Aristide Maillol et Pablo Picasso. Plusieurs ateliers et activit\u00e9s ont \u00e9t\u00e9 propos\u00e9s en amont, notamment des sessions d\u2019upcycling en partenariat avec l\u2019Atelier de Pierre (branche d\u2019Emma\u00fcs) et des animations au sein du magasin, comme des ateliers de transformation de v\u00eatements usag\u00e9s. Les r\u00e9alisations des participants, issues de la r\u00e9utilisation de tissus et d\u2019objets r\u00e9colt\u00e9s, sont expos\u00e9es dans les espaces du grand magasin. L\u2019initiative s\u2019inscrit dans une d\u00e9marche \u00e9coresponsable, en encourageant une consommation plus durable dans le secteur de la mode. L\u2019\u00e9v\u00e9nement s\u2019adresse \u00e0 un public de tous \u00e2ges, en particulier aux amateurs de culture, d\u2019art contemporain et d\u2019artisanat. Il offre une rencontre vivante entre l\u2019histoire de l\u2019art, la cr\u00e9ation textile et la r\u00e9flexion sur l\u2019impact environnemental de la mode.\" \/>\n<meta name=\"twitter:image\" content=\"https:\/\/www.locansol.fr\/wp-content\/uploads\/2026\/02\/exposition-mode-durable-upcycling.webp\" \/>\n<meta name=\"twitter:label1\" content=\"Tiempo de lectura\" \/>\n\t<meta name=\"twitter:data1\" content=\"1 minuto\" \/>\n<script type=\"application\/ld+json\" class=\"yoast-schema-graph\">{\"@context\":\"https:\/\/schema.org\",\"@graph\":[{\"@type\":\"WebPage\",\"@id\":\"https:\/\/www.locansol.fr\/evenement\/evenement-mediations-la-mode-reinvente-maillol-et-picasso\/\",\"url\":\"https:\/\/www.locansol.fr\/evenement\/evenement-mediations-la-mode-reinvente-maillol-et-picasso\/\",\"name\":\"EVENEMENT - M\u00c9DIATIONS \u00ab LA MODE R\u00c9INVENTE MAILLOL ET PICASSO \u00bb\",\"isPartOf\":{\"@id\":\"https:\/\/www.locansol.fr\/#website\"},\"primaryImageOfPage\":{\"@id\":\"https:\/\/www.locansol.fr\/evenement\/evenement-mediations-la-mode-reinvente-maillol-et-picasso\/#primaryimage\"},\"image\":{\"@id\":\"https:\/\/www.locansol.fr\/evenement\/evenement-mediations-la-mode-reinvente-maillol-et-picasso\/#primaryimage\"},\"thumbnailUrl\":\"https:\/\/www.locansol.fr\/wp-content\/uploads\/2026\/02\/exposition-mode-durable-upcycling.webp\",\"datePublished\":\"2026-02-14T15:10:58+00:00\",\"dateModified\":\"2026-02-14T15:11:01+00:00\",\"description\":\"Du 7 f\u00e9vrier au 7 mars 2025, les Galeries Lafayette de Perpignan accueillent une exposition temporaire intitul\u00e9e \u00ab La mode r\u00e9invente Maillol et Picasso \u00bb. Cette manifestation, gratuite et ouverte \u00e0 tous, s'inscrit dans le prolongement de l'exposition \u00ab Maillol-Picasso. D\u00e9fier l\u2019Id\u00e9al classique \u00bb, pr\u00e9sent\u00e9e au Mus\u00e9e Hyacinthe Rigaud de la ville du 28 juin au 31 d\u00e9cembre 2025. L\u2019\u00e9v\u00e9nement met en lumi\u00e8re les cr\u00e9ations issues d\u2019un d\u00e9fi upcycling organis\u00e9 autour des \u0153uvres des deux artistes embl\u00e9matiques du XXe si\u00e8cle, Aristide Maillol et Pablo Picasso. Plusieurs ateliers et activit\u00e9s ont \u00e9t\u00e9 propos\u00e9s en amont, notamment des sessions d\u2019upcycling en partenariat avec l\u2019Atelier de Pierre (branche d\u2019Emma\u00fcs) et des animations au sein du magasin, comme des ateliers de transformation de v\u00eatements usag\u00e9s. Les r\u00e9alisations des participants, issues de la r\u00e9utilisation de tissus et d\u2019objets r\u00e9colt\u00e9s, sont expos\u00e9es dans les espaces du grand magasin. L\u2019initiative s\u2019inscrit dans une d\u00e9marche \u00e9coresponsable, en encourageant une consommation plus durable dans le secteur de la mode. L\u2019\u00e9v\u00e9nement s\u2019adresse \u00e0 un public de tous \u00e2ges, en particulier aux amateurs de culture, d\u2019art contemporain et d\u2019artisanat. Il offre une rencontre vivante entre l\u2019histoire de l\u2019art, la cr\u00e9ation textile et la r\u00e9flexion sur l\u2019impact environnemental de la mode.\",\"breadcrumb\":{\"@id\":\"https:\/\/www.locansol.fr\/evenement\/evenement-mediations-la-mode-reinvente-maillol-et-picasso\/#breadcrumb\"},\"inLanguage\":\"es\",\"potentialAction\":[{\"@type\":\"ReadAction\",\"target\":[\"https:\/\/www.locansol.fr\/evenement\/evenement-mediations-la-mode-reinvente-maillol-et-picasso\/\"]}]},{\"@type\":\"ImageObject\",\"inLanguage\":\"es\",\"@id\":\"https:\/\/www.locansol.fr\/evenement\/evenement-mediations-la-mode-reinvente-maillol-et-picasso\/#primaryimage\",\"url\":\"https:\/\/www.locansol.fr\/wp-content\/uploads\/2026\/02\/exposition-mode-durable-upcycling.webp\",\"contentUrl\":\"https:\/\/www.locansol.fr\/wp-content\/uploads\/2026\/02\/exposition-mode-durable-upcycling.webp\",\"width\":740,\"height\":493,\"caption\":\"Du 7 f\u00e9vrier au 7 mars 2025, les Galeries Lafayette de Perpignan accueillent une exposition temporaire intitul\u00e9e \u00ab La mode r\u00e9invente Maillol et Picasso \u00bb. Cette manifestation, gratuite et ouverte \u00e0 tous, s'inscrit dans le prolongement de l'exposition \u00ab Maillol-Picasso. D\u00e9fier l\u2019Id\u00e9al classique \u00bb, pr\u00e9sent\u00e9e au Mus\u00e9e Hyacinthe Rigaud de la ville du 28 juin au 31 d\u00e9cembre 2025. L\u2019\u00e9v\u00e9nement met en lumi\u00e8re les cr\u00e9ations issues d\u2019un d\u00e9fi upcycling organis\u00e9 autour des \u0153uvres des deux artistes embl\u00e9matiques du XXe si\u00e8cle, Aristide Maillol et Pablo Picasso. Plusieurs ateliers et activit\u00e9s ont \u00e9t\u00e9 propos\u00e9s en amont, notamment des sessions d\u2019upcycling en partenariat avec l\u2019Atelier de Pierre (branche d\u2019Emma\u00fcs) et des animations au sein du magasin, comme des ateliers de transformation de v\u00eatements usag\u00e9s. Les r\u00e9alisations des participants, issues de la r\u00e9utilisation de tissus et d\u2019objets r\u00e9colt\u00e9s, sont expos\u00e9es dans les espaces du grand magasin. L\u2019initiative s\u2019inscrit dans une d\u00e9marche \u00e9coresponsable, en encourageant une consommation plus durable dans le secteur de la mode. L\u2019\u00e9v\u00e9nement s\u2019adresse \u00e0 un public de tous \u00e2ges, en particulier aux amateurs de culture, d\u2019art contemporain et d\u2019artisanat. Il offre une rencontre vivante entre l\u2019histoire de l\u2019art, la cr\u00e9ation textile et la r\u00e9flexion sur l\u2019impact environnemental de la mode.\"},{\"@type\":\"BreadcrumbList\",\"@id\":\"https:\/\/www.locansol.fr\/evenement\/evenement-mediations-la-mode-reinvente-maillol-et-picasso\/#breadcrumb\",\"itemListElement\":[{\"@type\":\"ListItem\",\"position\":1,\"name\":\"Accueil\",\"item\":\"https:\/\/www.locansol.fr\/\"},{\"@type\":\"ListItem\",\"position\":2,\"name\":\"\u00c9v\u00e8nements\",\"item\":\"https:\/\/www.locansol.fr\/evenements\/\"},{\"@type\":\"ListItem\",\"position\":3,\"name\":\"EVENEMENT &#8211; M\u00c9DIATIONS \u00ab LA MODE R\u00c9INVENTE MAILLOL ET PICASSO \u00bb\"}]},{\"@type\":\"WebSite\",\"@id\":\"https:\/\/www.locansol.fr\/#website\",\"url\":\"https:\/\/www.locansol.fr\/\",\"name\":\"Locansol, louer un h\u00e9bergement dans les Pyr\u00e9n\u00e9es-Orientales\",\"description\":\"Location Mobil-home Mer M\u00e9diterran\u00e9e &amp; Chalet de Montagne dans les Pyr\u00e9n\u00e9es Orientales (Occitanie, 66). Weekend, s\u00e9jour &amp; vacances en famille et entre amis.\",\"publisher\":{\"@id\":\"https:\/\/www.locansol.fr\/#organization\"},\"alternateName\":\"Louer un h\u00e9bergement dans les Pyr\u00e9n\u00e9es Orientales, chalet & mobil-home en Occitanie\",\"potentialAction\":[{\"@type\":\"SearchAction\",\"target\":{\"@type\":\"EntryPoint\",\"urlTemplate\":\"https:\/\/www.locansol.fr\/?s={search_term_string}\"},\"query-input\":{\"@type\":\"PropertyValueSpecification\",\"valueRequired\":true,\"valueName\":\"search_term_string\"}}],\"inLanguage\":\"es\"},{\"@type\":\"Organization\",\"@id\":\"https:\/\/www.locansol.fr\/#organization\",\"name\":\"Location MobilHome & chalet dans les Pyr\u00e9n\u00e9es Orientales\",\"alternateName\":\"Louer un h\u00e9bergement dans les Pyr\u00e9n\u00e9es Orientales en Occitanie\",\"url\":\"https:\/\/www.locansol.fr\/\",\"logo\":{\"@type\":\"ImageObject\",\"inLanguage\":\"es\",\"@id\":\"https:\/\/www.locansol.fr\/#\/schema\/logo\/image\/\",\"url\":\"https:\/\/www.locansol.fr\/wp-content\/uploads\/2024\/04\/AdobeStock_303324767-scaled.jpeg\",\"contentUrl\":\"https:\/\/www.locansol.fr\/wp-content\/uploads\/2024\/04\/AdobeStock_303324767-scaled.jpeg\",\"width\":2560,\"height\":1707,\"caption\":\"Location MobilHome & chalet dans les Pyr\u00e9n\u00e9es Orientales\"},\"image\":{\"@id\":\"https:\/\/www.locansol.fr\/#\/schema\/logo\/image\/\"}}]}<\/script>\n<!-- \/ Yoast SEO Premium plugin. -->","yoast_head_json":{"title":"EVENEMENT - M\u00c9DIATIONS \u00ab LA MODE R\u00c9INVENTE MAILLOL ET PICASSO \u00bb","description":"Du 7 f\u00e9vrier au 7 mars 2025, les Galeries Lafayette de Perpignan accueillent une exposition temporaire intitul\u00e9e \u00ab La mode r\u00e9invente Maillol et Picasso \u00bb. Cette manifestation, gratuite et ouverte \u00e0 tous, s'inscrit dans le prolongement de l'exposition \u00ab Maillol-Picasso. D\u00e9fier l\u2019Id\u00e9al classique \u00bb, pr\u00e9sent\u00e9e au Mus\u00e9e Hyacinthe Rigaud de la ville du 28 juin au 31 d\u00e9cembre 2025. L\u2019\u00e9v\u00e9nement met en lumi\u00e8re les cr\u00e9ations issues d\u2019un d\u00e9fi upcycling organis\u00e9 autour des \u0153uvres des deux artistes embl\u00e9matiques du XXe si\u00e8cle, Aristide Maillol et Pablo Picasso. Plusieurs ateliers et activit\u00e9s ont \u00e9t\u00e9 propos\u00e9s en amont, notamment des sessions d\u2019upcycling en partenariat avec l\u2019Atelier de Pierre (branche d\u2019Emma\u00fcs) et des animations au sein du magasin, comme des ateliers de transformation de v\u00eatements usag\u00e9s. Les r\u00e9alisations des participants, issues de la r\u00e9utilisation de tissus et d\u2019objets r\u00e9colt\u00e9s, sont expos\u00e9es dans les espaces du grand magasin. L\u2019initiative s\u2019inscrit dans une d\u00e9marche \u00e9coresponsable, en encourageant une consommation plus durable dans le secteur de la mode. L\u2019\u00e9v\u00e9nement s\u2019adresse \u00e0 un public de tous \u00e2ges, en particulier aux amateurs de culture, d\u2019art contemporain et d\u2019artisanat. Il offre une rencontre vivante entre l\u2019histoire de l\u2019art, la cr\u00e9ation textile et la r\u00e9flexion sur l\u2019impact environnemental de la mode.","robots":{"index":"index","follow":"follow","max-snippet":"max-snippet:-1","max-image-preview":"max-image-preview:large","max-video-preview":"max-video-preview:-1"},"canonical":"https:\/\/www.locansol.fr\/es\/evenement\/evenement-mediations-la-mode-reinvente-maillol-et-picasso\/","og_locale":"es_ES","og_type":"article","og_title":"EVENEMENT - M\u00c9DIATIONS \u00ab LA MODE R\u00c9INVENTE MAILLOL ET PICASSO \u00bb","og_description":"Du 7 f\u00e9vrier au 7 mars 2025, les Galeries Lafayette de Perpignan accueillent une exposition temporaire intitul\u00e9e \u00ab La mode r\u00e9invente Maillol et Picasso \u00bb. Cette manifestation, gratuite et ouverte \u00e0 tous, s'inscrit dans le prolongement de l'exposition \u00ab Maillol-Picasso. D\u00e9fier l\u2019Id\u00e9al classique \u00bb, pr\u00e9sent\u00e9e au Mus\u00e9e Hyacinthe Rigaud de la ville du 28 juin au 31 d\u00e9cembre 2025. L\u2019\u00e9v\u00e9nement met en lumi\u00e8re les cr\u00e9ations issues d\u2019un d\u00e9fi upcycling organis\u00e9 autour des \u0153uvres des deux artistes embl\u00e9matiques du XXe si\u00e8cle, Aristide Maillol et Pablo Picasso. Plusieurs ateliers et activit\u00e9s ont \u00e9t\u00e9 propos\u00e9s en amont, notamment des sessions d\u2019upcycling en partenariat avec l\u2019Atelier de Pierre (branche d\u2019Emma\u00fcs) et des animations au sein du magasin, comme des ateliers de transformation de v\u00eatements usag\u00e9s. Les r\u00e9alisations des participants, issues de la r\u00e9utilisation de tissus et d\u2019objets r\u00e9colt\u00e9s, sont expos\u00e9es dans les espaces du grand magasin. L\u2019initiative s\u2019inscrit dans une d\u00e9marche \u00e9coresponsable, en encourageant une consommation plus durable dans le secteur de la mode. L\u2019\u00e9v\u00e9nement s\u2019adresse \u00e0 un public de tous \u00e2ges, en particulier aux amateurs de culture, d\u2019art contemporain et d\u2019artisanat. Il offre une rencontre vivante entre l\u2019histoire de l\u2019art, la cr\u00e9ation textile et la r\u00e9flexion sur l\u2019impact environnemental de la mode.","og_url":"https:\/\/www.locansol.fr\/es\/evenement\/evenement-mediations-la-mode-reinvente-maillol-et-picasso\/","og_site_name":"Locansol, louer un h\u00e9bergement dans les Pyr\u00e9n\u00e9es Orientales","article_modified_time":"2026-02-14T15:11:01+00:00","og_image":[{"width":740,"height":493,"url":"https:\/\/www.locansol.fr\/wp-content\/uploads\/2026\/02\/exposition-mode-durable-upcycling.webp","type":"image\/webp"}],"twitter_card":"summary_large_image","twitter_title":"EVENEMENT - M\u00c9DIATIONS \u00ab LA MODE R\u00c9INVENTE MAILLOL ET PICASSO \u00bb","twitter_description":"Du 7 f\u00e9vrier au 7 mars 2025, les Galeries Lafayette de Perpignan accueillent une exposition temporaire intitul\u00e9e \u00ab La mode r\u00e9invente Maillol et Picasso \u00bb. Cette manifestation, gratuite et ouverte \u00e0 tous, s'inscrit dans le prolongement de l'exposition \u00ab Maillol-Picasso. D\u00e9fier l\u2019Id\u00e9al classique \u00bb, pr\u00e9sent\u00e9e au Mus\u00e9e Hyacinthe Rigaud de la ville du 28 juin au 31 d\u00e9cembre 2025. L\u2019\u00e9v\u00e9nement met en lumi\u00e8re les cr\u00e9ations issues d\u2019un d\u00e9fi upcycling organis\u00e9 autour des \u0153uvres des deux artistes embl\u00e9matiques du XXe si\u00e8cle, Aristide Maillol et Pablo Picasso. Plusieurs ateliers et activit\u00e9s ont \u00e9t\u00e9 propos\u00e9s en amont, notamment des sessions d\u2019upcycling en partenariat avec l\u2019Atelier de Pierre (branche d\u2019Emma\u00fcs) et des animations au sein du magasin, comme des ateliers de transformation de v\u00eatements usag\u00e9s. Les r\u00e9alisations des participants, issues de la r\u00e9utilisation de tissus et d\u2019objets r\u00e9colt\u00e9s, sont expos\u00e9es dans les espaces du grand magasin. L\u2019initiative s\u2019inscrit dans une d\u00e9marche \u00e9coresponsable, en encourageant une consommation plus durable dans le secteur de la mode. L\u2019\u00e9v\u00e9nement s\u2019adresse \u00e0 un public de tous \u00e2ges, en particulier aux amateurs de culture, d\u2019art contemporain et d\u2019artisanat. Il offre une rencontre vivante entre l\u2019histoire de l\u2019art, la cr\u00e9ation textile et la r\u00e9flexion sur l\u2019impact environnemental de la mode.","twitter_image":"https:\/\/www.locansol.fr\/wp-content\/uploads\/2026\/02\/exposition-mode-durable-upcycling.webp","twitter_misc":{"Tiempo de lectura":"1 minuto"},"schema":{"@context":"https:\/\/schema.org","@graph":[{"@type":"WebPage","@id":"https:\/\/www.locansol.fr\/evenement\/evenement-mediations-la-mode-reinvente-maillol-et-picasso\/","url":"https:\/\/www.locansol.fr\/evenement\/evenement-mediations-la-mode-reinvente-maillol-et-picasso\/","name":"EVENEMENT - M\u00c9DIATIONS \u00ab LA MODE R\u00c9INVENTE MAILLOL ET PICASSO \u00bb","isPartOf":{"@id":"https:\/\/www.locansol.fr\/#website"},"primaryImageOfPage":{"@id":"https:\/\/www.locansol.fr\/evenement\/evenement-mediations-la-mode-reinvente-maillol-et-picasso\/#primaryimage"},"image":{"@id":"https:\/\/www.locansol.fr\/evenement\/evenement-mediations-la-mode-reinvente-maillol-et-picasso\/#primaryimage"},"thumbnailUrl":"https:\/\/www.locansol.fr\/wp-content\/uploads\/2026\/02\/exposition-mode-durable-upcycling.webp","datePublished":"2026-02-14T15:10:58+00:00","dateModified":"2026-02-14T15:11:01+00:00","description":"Du 7 f\u00e9vrier au 7 mars 2025, les Galeries Lafayette de Perpignan accueillent une exposition temporaire intitul\u00e9e \u00ab La mode r\u00e9invente Maillol et Picasso \u00bb. Cette manifestation, gratuite et ouverte \u00e0 tous, s'inscrit dans le prolongement de l'exposition \u00ab Maillol-Picasso. D\u00e9fier l\u2019Id\u00e9al classique \u00bb, pr\u00e9sent\u00e9e au Mus\u00e9e Hyacinthe Rigaud de la ville du 28 juin au 31 d\u00e9cembre 2025. L\u2019\u00e9v\u00e9nement met en lumi\u00e8re les cr\u00e9ations issues d\u2019un d\u00e9fi upcycling organis\u00e9 autour des \u0153uvres des deux artistes embl\u00e9matiques du XXe si\u00e8cle, Aristide Maillol et Pablo Picasso. Plusieurs ateliers et activit\u00e9s ont \u00e9t\u00e9 propos\u00e9s en amont, notamment des sessions d\u2019upcycling en partenariat avec l\u2019Atelier de Pierre (branche d\u2019Emma\u00fcs) et des animations au sein du magasin, comme des ateliers de transformation de v\u00eatements usag\u00e9s. Les r\u00e9alisations des participants, issues de la r\u00e9utilisation de tissus et d\u2019objets r\u00e9colt\u00e9s, sont expos\u00e9es dans les espaces du grand magasin. L\u2019initiative s\u2019inscrit dans une d\u00e9marche \u00e9coresponsable, en encourageant une consommation plus durable dans le secteur de la mode. L\u2019\u00e9v\u00e9nement s\u2019adresse \u00e0 un public de tous \u00e2ges, en particulier aux amateurs de culture, d\u2019art contemporain et d\u2019artisanat. Il offre une rencontre vivante entre l\u2019histoire de l\u2019art, la cr\u00e9ation textile et la r\u00e9flexion sur l\u2019impact environnemental de la mode.","breadcrumb":{"@id":"https:\/\/www.locansol.fr\/evenement\/evenement-mediations-la-mode-reinvente-maillol-et-picasso\/#breadcrumb"},"inLanguage":"es","potentialAction":[{"@type":"ReadAction","target":["https:\/\/www.locansol.fr\/evenement\/evenement-mediations-la-mode-reinvente-maillol-et-picasso\/"]}]},{"@type":"ImageObject","inLanguage":"es","@id":"https:\/\/www.locansol.fr\/evenement\/evenement-mediations-la-mode-reinvente-maillol-et-picasso\/#primaryimage","url":"https:\/\/www.locansol.fr\/wp-content\/uploads\/2026\/02\/exposition-mode-durable-upcycling.webp","contentUrl":"https:\/\/www.locansol.fr\/wp-content\/uploads\/2026\/02\/exposition-mode-durable-upcycling.webp","width":740,"height":493,"caption":"Du 7 f\u00e9vrier au 7 mars 2025, les Galeries Lafayette de Perpignan accueillent une exposition temporaire intitul\u00e9e \u00ab La mode r\u00e9invente Maillol et Picasso \u00bb. Cette manifestation, gratuite et ouverte \u00e0 tous, s'inscrit dans le prolongement de l'exposition \u00ab Maillol-Picasso. D\u00e9fier l\u2019Id\u00e9al classique \u00bb, pr\u00e9sent\u00e9e au Mus\u00e9e Hyacinthe Rigaud de la ville du 28 juin au 31 d\u00e9cembre 2025. L\u2019\u00e9v\u00e9nement met en lumi\u00e8re les cr\u00e9ations issues d\u2019un d\u00e9fi upcycling organis\u00e9 autour des \u0153uvres des deux artistes embl\u00e9matiques du XXe si\u00e8cle, Aristide Maillol et Pablo Picasso. Plusieurs ateliers et activit\u00e9s ont \u00e9t\u00e9 propos\u00e9s en amont, notamment des sessions d\u2019upcycling en partenariat avec l\u2019Atelier de Pierre (branche d\u2019Emma\u00fcs) et des animations au sein du magasin, comme des ateliers de transformation de v\u00eatements usag\u00e9s. Les r\u00e9alisations des participants, issues de la r\u00e9utilisation de tissus et d\u2019objets r\u00e9colt\u00e9s, sont expos\u00e9es dans les espaces du grand magasin. L\u2019initiative s\u2019inscrit dans une d\u00e9marche \u00e9coresponsable, en encourageant une consommation plus durable dans le secteur de la mode. L\u2019\u00e9v\u00e9nement s\u2019adresse \u00e0 un public de tous \u00e2ges, en particulier aux amateurs de culture, d\u2019art contemporain et d\u2019artisanat. Il offre une rencontre vivante entre l\u2019histoire de l\u2019art, la cr\u00e9ation textile et la r\u00e9flexion sur l\u2019impact environnemental de la mode."},{"@type":"BreadcrumbList","@id":"https:\/\/www.locansol.fr\/evenement\/evenement-mediations-la-mode-reinvente-maillol-et-picasso\/#breadcrumb","itemListElement":[{"@type":"ListItem","position":1,"name":"Accueil","item":"https:\/\/www.locansol.fr\/"},{"@type":"ListItem","position":2,"name":"\u00c9v\u00e8nements","item":"https:\/\/www.locansol.fr\/evenements\/"},{"@type":"ListItem","position":3,"name":"EVENEMENT &#8211; M\u00c9DIATIONS \u00ab LA MODE R\u00c9INVENTE MAILLOL ET PICASSO \u00bb"}]},{"@type":"WebSite","@id":"https:\/\/www.locansol.fr\/#website","url":"https:\/\/www.locansol.fr\/","name":"Locansol, louer un h\u00e9bergement dans les Pyr\u00e9n\u00e9es-Orientales","description":"Location Mobil-home Mer M\u00e9diterran\u00e9e &amp; Chalet de Montagne dans les Pyr\u00e9n\u00e9es Orientales (Occitanie, 66). Weekend, s\u00e9jour &amp; vacances en famille et entre amis.","publisher":{"@id":"https:\/\/www.locansol.fr\/#organization"},"alternateName":"Louer un h\u00e9bergement dans les Pyr\u00e9n\u00e9es Orientales, chalet & mobil-home en Occitanie","potentialAction":[{"@type":"SearchAction","target":{"@type":"EntryPoint","urlTemplate":"https:\/\/www.locansol.fr\/?s={search_term_string}"},"query-input":{"@type":"PropertyValueSpecification","valueRequired":true,"valueName":"search_term_string"}}],"inLanguage":"es"},{"@type":"Organization","@id":"https:\/\/www.locansol.fr\/#organization","name":"Location MobilHome & chalet dans les Pyr\u00e9n\u00e9es Orientales","alternateName":"Louer un h\u00e9bergement dans les Pyr\u00e9n\u00e9es Orientales en Occitanie","url":"https:\/\/www.locansol.fr\/","logo":{"@type":"ImageObject","inLanguage":"es","@id":"https:\/\/www.locansol.fr\/#\/schema\/logo\/image\/","url":"https:\/\/www.locansol.fr\/wp-content\/uploads\/2024\/04\/AdobeStock_303324767-scaled.jpeg","contentUrl":"https:\/\/www.locansol.fr\/wp-content\/uploads\/2024\/04\/AdobeStock_303324767-scaled.jpeg","width":2560,"height":1707,"caption":"Location MobilHome & chalet dans les Pyr\u00e9n\u00e9es Orientales"},"image":{"@id":"https:\/\/www.locansol.fr\/#\/schema\/logo\/image\/"}}]}},"_links":{"self":[{"href":"https:\/\/www.locansol.fr\/es\/wp-json\/wp\/v2\/tribe_events\/3109","targetHints":{"allow":["GET"]}}],"collection":[{"href":"https:\/\/www.locansol.fr\/es\/wp-json\/wp\/v2\/tribe_events"}],"about":[{"href":"https:\/\/www.locansol.fr\/es\/wp-json\/wp\/v2\/types\/tribe_events"}],"author":[{"embeddable":true,"href":"https:\/\/www.locansol.fr\/es\/wp-json\/wp\/v2\/users\/5"}],"version-history":[{"count":1,"href":"https:\/\/www.locansol.fr\/es\/wp-json\/wp\/v2\/tribe_events\/3109\/revisions"}],"predecessor-version":[{"id":3110,"href":"https:\/\/www.locansol.fr\/es\/wp-json\/wp\/v2\/tribe_events\/3109\/revisions\/3110"}],"wp:featuredmedia":[{"embeddable":true,"href":"https:\/\/www.locansol.fr\/es\/wp-json\/wp\/v2\/media\/3105"}],"wp:attachment":[{"href":"https:\/\/www.locansol.fr\/es\/wp-json\/wp\/v2\/media?parent=3109"}],"wp:term":[{"taxonomy":"post_tag","embeddable":true,"href":"https:\/\/www.locansol.fr\/es\/wp-json\/wp\/v2\/tags?post=3109"},{"taxonomy":"tribe_events_cat","embeddable":true,"href":"https:\/\/www.locansol.fr\/es\/wp-json\/wp\/v2\/tribe_events_cat?post=3109"}],"curies":[{"name":"wp","href":"https:\/\/api.w.org\/{rel}","templated":true}]}}