{"id":3126,"date":"2026-02-14T16:12:49","date_gmt":"2026-02-14T15:12:49","guid":{"rendered":"https:\/\/www.locansol.fr\/evenement\/exposition-st-cypart-corinne-rampelle-francine-masse-frade\/"},"modified":"2026-02-14T16:12:52","modified_gmt":"2026-02-14T15:12:52","slug":"exposition-st-cypart-corinne-rampelle-francine-masse-frade","status":"publish","type":"tribe_events","link":"https:\/\/www.locansol.fr\/es\/evenement\/exposition-st-cypart-corinne-rampelle-francine-masse-frade\/","title":{"rendered":"EXPOSITION ST-CYP&rsquo;ART CORINNE RAMPELLE &amp; FRANCINE MASS\u00c9 FRAD\u00c9"},"content":{"rendered":"<p>Du jeudi 15 janvier au samedi 7 mars 2026, la M\u00e9diath\u00e8que Prosper M\u00e9rim\u00e9e de Saint-Cyprien accueille l\u2019exposition St-Cyp\u2019Art, consacr\u00e9e aux \u0153uvres de deux artistes peintres : Corinne Rampelle et Francine Mass\u00e9 Frad\u00e9. L\u2019exposition est ouverte du mardi au vendredi de 9h \u00e0 12h et de 14h \u00e0 18h, ainsi que les 1er et 3\u00e8me samedis du mois de 9h \u00e0 12h. L\u2019entr\u00e9e est gratuite et sans r\u00e9servation.<\/p>\n<p>Corinne Rampelle, peintre autodidacte, d\u00e9veloppe depuis des ann\u00e9es un univers artistique marqu\u00e9 par l\u2019intensit\u00e9 des couleurs et une recherche constante d\u2019\u00e9motion. Ses toiles, r\u00e9alis\u00e9es \u00e0 l\u2019acrylique et \u00e0 l\u2019huile, traduisent une expressive sensibilit\u00e9 et une d\u00e9marche personnelle. Francine Mass\u00e9 Frad\u00e9, \u00e9galement autodidacte, s\u2019est consacr\u00e9e \u00e0 la peinture \u00e0 l\u2019huile au couteau depuis sa retraite. Install\u00e9e \u00e0 Saint-Cyprien, elle a perfectionn\u00e9 son art \u00e0 Elne, en collaboration avec des artistes reconnus comme Thomas Braun, et d\u00e9veloppe un style proche du cloisonnisme, caract\u00e9ris\u00e9 par des formes nettement d\u00e9finies et des plans color\u00e9s.<\/p>\n<p>L\u2019exposition propose un regard crois\u00e9 sur deux parcours artistiques distincts, mais anim\u00e9s par une m\u00eame passion pour la peinture et la cr\u00e9ation. Les \u0153uvres pr\u00e9sent\u00e9es invitent le public \u00e0 explorer des univers visuels riches, o\u00f9 la lumi\u00e8re, la couleur et la mati\u00e8re s\u2019entrem\u00ealent. Pour les amateurs de peinture contemporaine, cette exposition offre une rencontre avec des artistes locales, dont les \u0153uvres refl\u00e8tent une profonde sensibilit\u00e9 au paysage et \u00e0 la m\u00e9moire du Sud de la France. L\u2019\u00e9v\u00e9nement se d\u00e9roule dans un cadre culturel accessible, au c\u0153ur d\u2019un village du pays catalan, et constitue une occasion de d\u00e9couvrir des cr\u00e9ations locales, \u00e0 la fois intimes et fortes.<\/p>\n<p><\/p>\n<h3>R\u00e9servez votre h\u00e9bergement dans les Pyr\u00e9n\u00e9es-Orientales :<\/h3>\n<p><b><a href='https:\/\/www.locansol.fr\/es\/alquiler-mobil-home-mediterraneo\/'>Mobil-home Locansol \u00e0 Argel\u00e8s-sur-Mer<\/a><\/b><br \/>Trajet le plus court : 9 km<br \/>Trajet le plus rapide : 13 min<\/p>\n<p><b><a href='https:\/\/www.locansol.fr\/es\/alquiler-chalet-cerdana\/'>Chalet Locansol \u00e0 Estavar<\/a><\/b><br \/>Trajet le plus court : 112 km<br \/>Trajet le plus rapide : 1 h 46 min<\/p>","protected":false},"excerpt":{"rendered":"<p>Du jeudi 15 janvier au samedi 7 mars 2026, la M\u00e9diath\u00e8que Prosper M\u00e9rim\u00e9e de Saint-Cyprien accueille l\u2019exposition St-Cyp\u2019Art, consacr\u00e9e aux \u0153uvres de deux artistes peintres : Corinne Rampelle et Francine [&hellip;]<\/p>","protected":false},"author":5,"featured_media":3122,"template":"","meta":{"_yoast_wpseo_focuskw":"EXPOSITION ST-CYP'ART CORINNE RAMPELLE &amp; FRANCINE MASS\u00c9 FRAD\u00c9","_yoast_wpseo_title":"EXPOSITION ST-CYP'ART CORINNE RAMPELLE &amp; FRANCINE MASS\u00c9 FRAD\u00c9","_yoast_wpseo_metadesc":"Du jeudi 15 janvier au samedi 7 mars 2026, la M\u00e9diath\u00e8que Prosper M\u00e9rim\u00e9e de Saint-Cyprien accueille l\u2019exposition St-Cyp\u2019Art, consacr\u00e9e aux \u0153uvres de deux artistes peintres : Corinne Rampelle et Francine Mass\u00e9 Frad\u00e9. L\u2019exposition est ouverte du mardi au vendredi de 9h \u00e0 12h et de 14h \u00e0 18h, ainsi que les 1er et 3\u00e8me samedis du mois de 9h \u00e0 12h. L\u2019entr\u00e9e est gratuite et sans r\u00e9servation.Corinne Rampelle, peintre autodidacte, d\u00e9veloppe depuis des ann\u00e9es un univers artistique marqu\u00e9 par l\u2019intensit\u00e9 des couleurs et une recherche constante d\u2019\u00e9motion. Ses toiles, r\u00e9alis\u00e9es \u00e0 l\u2019acrylique et \u00e0 l\u2019huile, traduisent une expressive sensibilit\u00e9 et une d\u00e9marche personnelle. Francine Mass\u00e9 Frad\u00e9, \u00e9galement autodidacte, s\u2019est consacr\u00e9e \u00e0 la peinture \u00e0 l\u2019huile au couteau depuis sa retraite. Install\u00e9e \u00e0 Saint-Cyprien, elle a perfectionn\u00e9 son art \u00e0 Elne, en collaboration avec des artistes reconnus comme Thomas Braun, et d\u00e9veloppe un style proche du cloisonnisme, caract\u00e9ris\u00e9 par des formes nettement d\u00e9finies et des plans color\u00e9s.L\u2019exposition propose un regard crois\u00e9 sur deux parcours artistiques distincts, mais anim\u00e9s par une m\u00eame passion pour la peinture et la cr\u00e9ation. Les \u0153uvres pr\u00e9sent\u00e9es invitent le public \u00e0 explorer des univers visuels riches, o\u00f9 la lumi\u00e8re, la couleur et la mati\u00e8re s\u2019entrem\u00ealent. Pour les amateurs de peinture contemporaine, cette exposition offre une rencontre avec des artistes locales, dont les \u0153uvres refl\u00e8tent une profonde sensibilit\u00e9 au paysage et \u00e0 la m\u00e9moire du Sud de la France. L\u2019\u00e9v\u00e9nement se d\u00e9roule dans un cadre culturel accessible, au c\u0153ur d\u2019un village du pays catalan, et constitue une occasion de d\u00e9couvrir des cr\u00e9ations locales, \u00e0 la fois intimes et fortes.","_yoast_wpseo_canonical":"","_yoast_wpseo_opengraph-title":"EXPOSITION ST-CYP'ART CORINNE RAMPELLE &amp; FRANCINE MASS\u00c9 FRAD\u00c9","_yoast_wpseo_opengraph-description":"Du jeudi 15 janvier au samedi 7 mars 2026, la M\u00e9diath\u00e8que Prosper M\u00e9rim\u00e9e de Saint-Cyprien accueille l\u2019exposition St-Cyp\u2019Art, consacr\u00e9e aux \u0153uvres de deux artistes peintres : Corinne Rampelle et Francine Mass\u00e9 Frad\u00e9. L\u2019exposition est ouverte du mardi au vendredi de 9h \u00e0 12h et de 14h \u00e0 18h, ainsi que les 1er et 3\u00e8me samedis du mois de 9h \u00e0 12h. L\u2019entr\u00e9e est gratuite et sans r\u00e9servation.Corinne Rampelle, peintre autodidacte, d\u00e9veloppe depuis des ann\u00e9es un univers artistique marqu\u00e9 par l\u2019intensit\u00e9 des couleurs et une recherche constante d\u2019\u00e9motion. Ses toiles, r\u00e9alis\u00e9es \u00e0 l\u2019acrylique et \u00e0 l\u2019huile, traduisent une expressive sensibilit\u00e9 et une d\u00e9marche personnelle. Francine Mass\u00e9 Frad\u00e9, \u00e9galement autodidacte, s\u2019est consacr\u00e9e \u00e0 la peinture \u00e0 l\u2019huile au couteau depuis sa retraite. Install\u00e9e \u00e0 Saint-Cyprien, elle a perfectionn\u00e9 son art \u00e0 Elne, en collaboration avec des artistes reconnus comme Thomas Braun, et d\u00e9veloppe un style proche du cloisonnisme, caract\u00e9ris\u00e9 par des formes nettement d\u00e9finies et des plans color\u00e9s.L\u2019exposition propose un regard crois\u00e9 sur deux parcours artistiques distincts, mais anim\u00e9s par une m\u00eame passion pour la peinture et la cr\u00e9ation. Les \u0153uvres pr\u00e9sent\u00e9es invitent le public \u00e0 explorer des univers visuels riches, o\u00f9 la lumi\u00e8re, la couleur et la mati\u00e8re s\u2019entrem\u00ealent. Pour les amateurs de peinture contemporaine, cette exposition offre une rencontre avec des artistes locales, dont les \u0153uvres refl\u00e8tent une profonde sensibilit\u00e9 au paysage et \u00e0 la m\u00e9moire du Sud de la France. L\u2019\u00e9v\u00e9nement se d\u00e9roule dans un cadre culturel accessible, au c\u0153ur d\u2019un village du pays catalan, et constitue une occasion de d\u00e9couvrir des cr\u00e9ations locales, \u00e0 la fois intimes et fortes.","_yoast_wpseo_opengraph-image":"https:\/\/www.locansol.fr\/wp-content\/uploads\/2026\/02\/st-cyprien-exposition-peinture-2026.webp","_yoast_wpseo_opengraph-image-id":"3122","_yoast_wpseo_twitter-title":"EXPOSITION ST-CYP'ART CORINNE RAMPELLE &amp; FRANCINE MASS\u00c9 FRAD\u00c9","_yoast_wpseo_twitter-description":"Du jeudi 15 janvier au samedi 7 mars 2026, la M\u00e9diath\u00e8que Prosper M\u00e9rim\u00e9e de Saint-Cyprien accueille l\u2019exposition St-Cyp\u2019Art, consacr\u00e9e aux \u0153uvres de deux artistes peintres : Corinne Rampelle et Francine Mass\u00e9 Frad\u00e9. L\u2019exposition est ouverte du mardi au vendredi de 9h \u00e0 12h et de 14h \u00e0 18h, ainsi que les 1er et 3\u00e8me samedis du mois de 9h \u00e0 12h. L\u2019entr\u00e9e est gratuite et sans r\u00e9servation.Corinne Rampelle, peintre autodidacte, d\u00e9veloppe depuis des ann\u00e9es un univers artistique marqu\u00e9 par l\u2019intensit\u00e9 des couleurs et une recherche constante d\u2019\u00e9motion. Ses toiles, r\u00e9alis\u00e9es \u00e0 l\u2019acrylique et \u00e0 l\u2019huile, traduisent une expressive sensibilit\u00e9 et une d\u00e9marche personnelle. Francine Mass\u00e9 Frad\u00e9, \u00e9galement autodidacte, s\u2019est consacr\u00e9e \u00e0 la peinture \u00e0 l\u2019huile au couteau depuis sa retraite. Install\u00e9e \u00e0 Saint-Cyprien, elle a perfectionn\u00e9 son art \u00e0 Elne, en collaboration avec des artistes reconnus comme Thomas Braun, et d\u00e9veloppe un style proche du cloisonnisme, caract\u00e9ris\u00e9 par des formes nettement d\u00e9finies et des plans color\u00e9s.L\u2019exposition propose un regard crois\u00e9 sur deux parcours artistiques distincts, mais anim\u00e9s par une m\u00eame passion pour la peinture et la cr\u00e9ation. Les \u0153uvres pr\u00e9sent\u00e9es invitent le public \u00e0 explorer des univers visuels riches, o\u00f9 la lumi\u00e8re, la couleur et la mati\u00e8re s\u2019entrem\u00ealent. Pour les amateurs de peinture contemporaine, cette exposition offre une rencontre avec des artistes locales, dont les \u0153uvres refl\u00e8tent une profonde sensibilit\u00e9 au paysage et \u00e0 la m\u00e9moire du Sud de la France. L\u2019\u00e9v\u00e9nement se d\u00e9roule dans un cadre culturel accessible, au c\u0153ur d\u2019un village du pays catalan, et constitue une occasion de d\u00e9couvrir des cr\u00e9ations locales, \u00e0 la fois intimes et fortes.","_yoast_wpseo_twitter-image":"https:\/\/www.locansol.fr\/wp-content\/uploads\/2026\/02\/st-cyprien-exposition-peinture-2026.webp","_yoast_wpseo_twitter-image-id":"3122","yoast_primary_category":"Exposition","_tribe_events_status":"","_tribe_events_status_reason":"","_tribe_events_is_hybrid":"","_tribe_events_is_virtual":"","_tribe_events_virtual_video_source":"","_tribe_events_virtual_embed_video":"","_tribe_events_virtual_linked_button_text":"","_tribe_events_virtual_linked_button":"","_tribe_events_virtual_show_embed_at":"","_tribe_events_virtual_show_embed_to":[],"_tribe_events_virtual_show_on_event":"","_tribe_events_virtual_show_on_views":"","_tribe_events_virtual_url":"","footnotes":""},"tags":[66,76],"tribe_events_cat":[138,90,160],"class_list":["post-3126","tribe_events","type-tribe_events","status-publish","has-post-thumbnail","hentry","tag-evenement-culturel","tag-pyrenees-orientales","tribe_events_cat-evenement-culturel","tribe_events_cat-exposition","tribe_events_cat-peinture","cat_evenement-culturel","cat_exposition","cat_peinture"],"yoast_head":"<!-- This site is optimized with the Yoast SEO Premium plugin v23.3 (Yoast SEO v26.9) - https:\/\/yoast.com\/product\/yoast-seo-premium-wordpress\/ -->\n<title>EXPOSITION ST-CYP&#039;ART CORINNE RAMPELLE &amp; FRANCINE MASS\u00c9 FRAD\u00c9<\/title>\n<meta name=\"description\" content=\"Du jeudi 15 janvier au samedi 7 mars 2026, la M\u00e9diath\u00e8que Prosper M\u00e9rim\u00e9e de Saint-Cyprien accueille l\u2019exposition St-Cyp\u2019Art, consacr\u00e9e aux \u0153uvres de deux artistes peintres : Corinne Rampelle et Francine Mass\u00e9 Frad\u00e9. L\u2019exposition est ouverte du mardi au vendredi de 9h \u00e0 12h et de 14h \u00e0 18h, ainsi que les 1er et 3\u00e8me samedis du mois de 9h \u00e0 12h. L\u2019entr\u00e9e est gratuite et sans r\u00e9servation.Corinne Rampelle, peintre autodidacte, d\u00e9veloppe depuis des ann\u00e9es un univers artistique marqu\u00e9 par l\u2019intensit\u00e9 des couleurs et une recherche constante d\u2019\u00e9motion. Ses toiles, r\u00e9alis\u00e9es \u00e0 l\u2019acrylique et \u00e0 l\u2019huile, traduisent une expressive sensibilit\u00e9 et une d\u00e9marche personnelle. Francine Mass\u00e9 Frad\u00e9, \u00e9galement autodidacte, s\u2019est consacr\u00e9e \u00e0 la peinture \u00e0 l\u2019huile au couteau depuis sa retraite. Install\u00e9e \u00e0 Saint-Cyprien, elle a perfectionn\u00e9 son art \u00e0 Elne, en collaboration avec des artistes reconnus comme Thomas Braun, et d\u00e9veloppe un style proche du cloisonnisme, caract\u00e9ris\u00e9 par des formes nettement d\u00e9finies et des plans color\u00e9s.L\u2019exposition propose un regard crois\u00e9 sur deux parcours artistiques distincts, mais anim\u00e9s par une m\u00eame passion pour la peinture et la cr\u00e9ation. Les \u0153uvres pr\u00e9sent\u00e9es invitent le public \u00e0 explorer des univers visuels riches, o\u00f9 la lumi\u00e8re, la couleur et la mati\u00e8re s\u2019entrem\u00ealent. Pour les amateurs de peinture contemporaine, cette exposition offre une rencontre avec des artistes locales, dont les \u0153uvres refl\u00e8tent une profonde sensibilit\u00e9 au paysage et \u00e0 la m\u00e9moire du Sud de la France. L\u2019\u00e9v\u00e9nement se d\u00e9roule dans un cadre culturel accessible, au c\u0153ur d\u2019un village du pays catalan, et constitue une occasion de d\u00e9couvrir des cr\u00e9ations locales, \u00e0 la fois intimes et fortes.\" \/>\n<meta name=\"robots\" content=\"index, follow, max-snippet:-1, max-image-preview:large, max-video-preview:-1\" \/>\n<link rel=\"canonical\" href=\"https:\/\/www.locansol.fr\/es\/evenement\/exposition-st-cypart-corinne-rampelle-francine-masse-frade\/\" \/>\n<meta property=\"og:locale\" content=\"es_ES\" \/>\n<meta property=\"og:type\" content=\"article\" \/>\n<meta property=\"og:title\" content=\"EXPOSITION ST-CYP&#039;ART CORINNE RAMPELLE &amp; FRANCINE MASS\u00c9 FRAD\u00c9\" \/>\n<meta property=\"og:description\" content=\"Du jeudi 15 janvier au samedi 7 mars 2026, la M\u00e9diath\u00e8que Prosper M\u00e9rim\u00e9e de Saint-Cyprien accueille l\u2019exposition St-Cyp\u2019Art, consacr\u00e9e aux \u0153uvres de deux artistes peintres : Corinne Rampelle et Francine Mass\u00e9 Frad\u00e9. L\u2019exposition est ouverte du mardi au vendredi de 9h \u00e0 12h et de 14h \u00e0 18h, ainsi que les 1er et 3\u00e8me samedis du mois de 9h \u00e0 12h. L\u2019entr\u00e9e est gratuite et sans r\u00e9servation.Corinne Rampelle, peintre autodidacte, d\u00e9veloppe depuis des ann\u00e9es un univers artistique marqu\u00e9 par l\u2019intensit\u00e9 des couleurs et une recherche constante d\u2019\u00e9motion. Ses toiles, r\u00e9alis\u00e9es \u00e0 l\u2019acrylique et \u00e0 l\u2019huile, traduisent une expressive sensibilit\u00e9 et une d\u00e9marche personnelle. Francine Mass\u00e9 Frad\u00e9, \u00e9galement autodidacte, s\u2019est consacr\u00e9e \u00e0 la peinture \u00e0 l\u2019huile au couteau depuis sa retraite. Install\u00e9e \u00e0 Saint-Cyprien, elle a perfectionn\u00e9 son art \u00e0 Elne, en collaboration avec des artistes reconnus comme Thomas Braun, et d\u00e9veloppe un style proche du cloisonnisme, caract\u00e9ris\u00e9 par des formes nettement d\u00e9finies et des plans color\u00e9s.L\u2019exposition propose un regard crois\u00e9 sur deux parcours artistiques distincts, mais anim\u00e9s par une m\u00eame passion pour la peinture et la cr\u00e9ation. Les \u0153uvres pr\u00e9sent\u00e9es invitent le public \u00e0 explorer des univers visuels riches, o\u00f9 la lumi\u00e8re, la couleur et la mati\u00e8re s\u2019entrem\u00ealent. Pour les amateurs de peinture contemporaine, cette exposition offre une rencontre avec des artistes locales, dont les \u0153uvres refl\u00e8tent une profonde sensibilit\u00e9 au paysage et \u00e0 la m\u00e9moire du Sud de la France. L\u2019\u00e9v\u00e9nement se d\u00e9roule dans un cadre culturel accessible, au c\u0153ur d\u2019un village du pays catalan, et constitue une occasion de d\u00e9couvrir des cr\u00e9ations locales, \u00e0 la fois intimes et fortes.\" \/>\n<meta property=\"og:url\" content=\"https:\/\/www.locansol.fr\/es\/evenement\/exposition-st-cypart-corinne-rampelle-francine-masse-frade\/\" \/>\n<meta property=\"og:site_name\" content=\"Locansol, louer un h\u00e9bergement dans les Pyr\u00e9n\u00e9es Orientales\" \/>\n<meta property=\"article:modified_time\" content=\"2026-02-14T15:12:52+00:00\" \/>\n<meta property=\"og:image\" content=\"https:\/\/www.locansol.fr\/wp-content\/uploads\/2026\/02\/st-cyprien-exposition-peinture-2026.webp\" \/>\n\t<meta property=\"og:image:width\" content=\"1920\" \/>\n\t<meta property=\"og:image:height\" content=\"1358\" \/>\n\t<meta property=\"og:image:type\" content=\"image\/webp\" \/>\n<meta name=\"twitter:card\" content=\"summary_large_image\" \/>\n<meta name=\"twitter:title\" content=\"EXPOSITION ST-CYP&#039;ART CORINNE RAMPELLE &amp; FRANCINE MASS\u00c9 FRAD\u00c9\" \/>\n<meta name=\"twitter:description\" content=\"Du jeudi 15 janvier au samedi 7 mars 2026, la M\u00e9diath\u00e8que Prosper M\u00e9rim\u00e9e de Saint-Cyprien accueille l\u2019exposition St-Cyp\u2019Art, consacr\u00e9e aux \u0153uvres de deux artistes peintres : Corinne Rampelle et Francine Mass\u00e9 Frad\u00e9. L\u2019exposition est ouverte du mardi au vendredi de 9h \u00e0 12h et de 14h \u00e0 18h, ainsi que les 1er et 3\u00e8me samedis du mois de 9h \u00e0 12h. L\u2019entr\u00e9e est gratuite et sans r\u00e9servation.Corinne Rampelle, peintre autodidacte, d\u00e9veloppe depuis des ann\u00e9es un univers artistique marqu\u00e9 par l\u2019intensit\u00e9 des couleurs et une recherche constante d\u2019\u00e9motion. Ses toiles, r\u00e9alis\u00e9es \u00e0 l\u2019acrylique et \u00e0 l\u2019huile, traduisent une expressive sensibilit\u00e9 et une d\u00e9marche personnelle. Francine Mass\u00e9 Frad\u00e9, \u00e9galement autodidacte, s\u2019est consacr\u00e9e \u00e0 la peinture \u00e0 l\u2019huile au couteau depuis sa retraite. Install\u00e9e \u00e0 Saint-Cyprien, elle a perfectionn\u00e9 son art \u00e0 Elne, en collaboration avec des artistes reconnus comme Thomas Braun, et d\u00e9veloppe un style proche du cloisonnisme, caract\u00e9ris\u00e9 par des formes nettement d\u00e9finies et des plans color\u00e9s.L\u2019exposition propose un regard crois\u00e9 sur deux parcours artistiques distincts, mais anim\u00e9s par une m\u00eame passion pour la peinture et la cr\u00e9ation. Les \u0153uvres pr\u00e9sent\u00e9es invitent le public \u00e0 explorer des univers visuels riches, o\u00f9 la lumi\u00e8re, la couleur et la mati\u00e8re s\u2019entrem\u00ealent. Pour les amateurs de peinture contemporaine, cette exposition offre une rencontre avec des artistes locales, dont les \u0153uvres refl\u00e8tent une profonde sensibilit\u00e9 au paysage et \u00e0 la m\u00e9moire du Sud de la France. L\u2019\u00e9v\u00e9nement se d\u00e9roule dans un cadre culturel accessible, au c\u0153ur d\u2019un village du pays catalan, et constitue une occasion de d\u00e9couvrir des cr\u00e9ations locales, \u00e0 la fois intimes et fortes.\" \/>\n<meta name=\"twitter:image\" content=\"https:\/\/www.locansol.fr\/wp-content\/uploads\/2026\/02\/st-cyprien-exposition-peinture-2026.webp\" \/>\n<meta name=\"twitter:label1\" content=\"Tiempo de lectura\" \/>\n\t<meta name=\"twitter:data1\" content=\"2 minutos\" \/>\n<script type=\"application\/ld+json\" class=\"yoast-schema-graph\">{\"@context\":\"https:\/\/schema.org\",\"@graph\":[{\"@type\":\"WebPage\",\"@id\":\"https:\/\/www.locansol.fr\/evenement\/exposition-st-cypart-corinne-rampelle-francine-masse-frade\/\",\"url\":\"https:\/\/www.locansol.fr\/evenement\/exposition-st-cypart-corinne-rampelle-francine-masse-frade\/\",\"name\":\"EXPOSITION ST-CYP'ART CORINNE RAMPELLE &amp; FRANCINE MASS\u00c9 FRAD\u00c9\",\"isPartOf\":{\"@id\":\"https:\/\/www.locansol.fr\/#website\"},\"primaryImageOfPage\":{\"@id\":\"https:\/\/www.locansol.fr\/evenement\/exposition-st-cypart-corinne-rampelle-francine-masse-frade\/#primaryimage\"},\"image\":{\"@id\":\"https:\/\/www.locansol.fr\/evenement\/exposition-st-cypart-corinne-rampelle-francine-masse-frade\/#primaryimage\"},\"thumbnailUrl\":\"https:\/\/www.locansol.fr\/wp-content\/uploads\/2026\/02\/st-cyprien-exposition-peinture-2026.webp\",\"datePublished\":\"2026-02-14T15:12:49+00:00\",\"dateModified\":\"2026-02-14T15:12:52+00:00\",\"description\":\"Du jeudi 15 janvier au samedi 7 mars 2026, la M\u00e9diath\u00e8que Prosper M\u00e9rim\u00e9e de Saint-Cyprien accueille l\u2019exposition St-Cyp\u2019Art, consacr\u00e9e aux \u0153uvres de deux artistes peintres : Corinne Rampelle et Francine Mass\u00e9 Frad\u00e9. L\u2019exposition est ouverte du mardi au vendredi de 9h \u00e0 12h et de 14h \u00e0 18h, ainsi que les 1er et 3\u00e8me samedis du mois de 9h \u00e0 12h. L\u2019entr\u00e9e est gratuite et sans r\u00e9servation.Corinne Rampelle, peintre autodidacte, d\u00e9veloppe depuis des ann\u00e9es un univers artistique marqu\u00e9 par l\u2019intensit\u00e9 des couleurs et une recherche constante d\u2019\u00e9motion. Ses toiles, r\u00e9alis\u00e9es \u00e0 l\u2019acrylique et \u00e0 l\u2019huile, traduisent une expressive sensibilit\u00e9 et une d\u00e9marche personnelle. Francine Mass\u00e9 Frad\u00e9, \u00e9galement autodidacte, s\u2019est consacr\u00e9e \u00e0 la peinture \u00e0 l\u2019huile au couteau depuis sa retraite. Install\u00e9e \u00e0 Saint-Cyprien, elle a perfectionn\u00e9 son art \u00e0 Elne, en collaboration avec des artistes reconnus comme Thomas Braun, et d\u00e9veloppe un style proche du cloisonnisme, caract\u00e9ris\u00e9 par des formes nettement d\u00e9finies et des plans color\u00e9s.L\u2019exposition propose un regard crois\u00e9 sur deux parcours artistiques distincts, mais anim\u00e9s par une m\u00eame passion pour la peinture et la cr\u00e9ation. Les \u0153uvres pr\u00e9sent\u00e9es invitent le public \u00e0 explorer des univers visuels riches, o\u00f9 la lumi\u00e8re, la couleur et la mati\u00e8re s\u2019entrem\u00ealent. Pour les amateurs de peinture contemporaine, cette exposition offre une rencontre avec des artistes locales, dont les \u0153uvres refl\u00e8tent une profonde sensibilit\u00e9 au paysage et \u00e0 la m\u00e9moire du Sud de la France. L\u2019\u00e9v\u00e9nement se d\u00e9roule dans un cadre culturel accessible, au c\u0153ur d\u2019un village du pays catalan, et constitue une occasion de d\u00e9couvrir des cr\u00e9ations locales, \u00e0 la fois intimes et fortes.\",\"breadcrumb\":{\"@id\":\"https:\/\/www.locansol.fr\/evenement\/exposition-st-cypart-corinne-rampelle-francine-masse-frade\/#breadcrumb\"},\"inLanguage\":\"es\",\"potentialAction\":[{\"@type\":\"ReadAction\",\"target\":[\"https:\/\/www.locansol.fr\/evenement\/exposition-st-cypart-corinne-rampelle-francine-masse-frade\/\"]}]},{\"@type\":\"ImageObject\",\"inLanguage\":\"es\",\"@id\":\"https:\/\/www.locansol.fr\/evenement\/exposition-st-cypart-corinne-rampelle-francine-masse-frade\/#primaryimage\",\"url\":\"https:\/\/www.locansol.fr\/wp-content\/uploads\/2026\/02\/st-cyprien-exposition-peinture-2026.webp\",\"contentUrl\":\"https:\/\/www.locansol.fr\/wp-content\/uploads\/2026\/02\/st-cyprien-exposition-peinture-2026.webp\",\"width\":1920,\"height\":1358,\"caption\":\"Du jeudi 15 janvier au samedi 7 mars 2026, la M\u00e9diath\u00e8que Prosper M\u00e9rim\u00e9e de Saint-Cyprien accueille l\u2019exposition St-Cyp\u2019Art, consacr\u00e9e aux \u0153uvres de deux artistes peintres : Corinne Rampelle et Francine Mass\u00e9 Frad\u00e9. L\u2019exposition est ouverte du mardi au vendredi de 9h \u00e0 12h et de 14h \u00e0 18h, ainsi que les 1er et 3\u00e8me samedis du mois de 9h \u00e0 12h. L\u2019entr\u00e9e est gratuite et sans r\u00e9servation. Corinne Rampelle, peintre autodidacte, d\u00e9veloppe depuis des ann\u00e9es un univers artistique marqu\u00e9 par l\u2019intensit\u00e9 des couleurs et une recherche constante d\u2019\u00e9motion. Ses toiles, r\u00e9alis\u00e9es \u00e0 l\u2019acrylique et \u00e0 l\u2019huile, traduisent une expressive sensibilit\u00e9 et une d\u00e9marche personnelle. Francine Mass\u00e9 Frad\u00e9, \u00e9galement autodidacte, s\u2019est consacr\u00e9e \u00e0 la peinture \u00e0 l\u2019huile au couteau depuis sa retraite. Install\u00e9e \u00e0 Saint-Cyprien, elle a perfectionn\u00e9 son art \u00e0 Elne, en collaboration avec des artistes reconnus comme Thomas Braun, et d\u00e9veloppe un style proche du cloisonnisme, caract\u00e9ris\u00e9 par des formes nettement d\u00e9finies et des plans color\u00e9s. L\u2019exposition propose un regard crois\u00e9 sur deux parcours artistiques distincts, mais anim\u00e9s par une m\u00eame passion pour la peinture et la cr\u00e9ation. Les \u0153uvres pr\u00e9sent\u00e9es invitent le public \u00e0 explorer des univers visuels riches, o\u00f9 la lumi\u00e8re, la couleur et la mati\u00e8re s\u2019entrem\u00ealent. Pour les amateurs de peinture contemporaine, cette exposition offre une rencontre avec des artistes locales, dont les \u0153uvres refl\u00e8tent une profonde sensibilit\u00e9 au paysage et \u00e0 la m\u00e9moire du Sud de la France. L\u2019\u00e9v\u00e9nement se d\u00e9roule dans un cadre culturel accessible, au c\u0153ur d\u2019un village du pays catalan, et constitue une occasion de d\u00e9couvrir des cr\u00e9ations locales, \u00e0 la fois intimes et fortes.\"},{\"@type\":\"BreadcrumbList\",\"@id\":\"https:\/\/www.locansol.fr\/evenement\/exposition-st-cypart-corinne-rampelle-francine-masse-frade\/#breadcrumb\",\"itemListElement\":[{\"@type\":\"ListItem\",\"position\":1,\"name\":\"Accueil\",\"item\":\"https:\/\/www.locansol.fr\/\"},{\"@type\":\"ListItem\",\"position\":2,\"name\":\"\u00c9v\u00e8nements\",\"item\":\"https:\/\/www.locansol.fr\/evenements\/\"},{\"@type\":\"ListItem\",\"position\":3,\"name\":\"EXPOSITION ST-CYP&rsquo;ART CORINNE RAMPELLE &amp; FRANCINE MASS\u00c9 FRAD\u00c9\"}]},{\"@type\":\"WebSite\",\"@id\":\"https:\/\/www.locansol.fr\/#website\",\"url\":\"https:\/\/www.locansol.fr\/\",\"name\":\"Locansol, louer un h\u00e9bergement dans les Pyr\u00e9n\u00e9es-Orientales\",\"description\":\"Location Mobil-home Mer M\u00e9diterran\u00e9e &amp; Chalet de Montagne dans les Pyr\u00e9n\u00e9es Orientales (Occitanie, 66). Weekend, s\u00e9jour &amp; vacances en famille et entre amis.\",\"publisher\":{\"@id\":\"https:\/\/www.locansol.fr\/#organization\"},\"alternateName\":\"Louer un h\u00e9bergement dans les Pyr\u00e9n\u00e9es Orientales, chalet & mobil-home en Occitanie\",\"potentialAction\":[{\"@type\":\"SearchAction\",\"target\":{\"@type\":\"EntryPoint\",\"urlTemplate\":\"https:\/\/www.locansol.fr\/?s={search_term_string}\"},\"query-input\":{\"@type\":\"PropertyValueSpecification\",\"valueRequired\":true,\"valueName\":\"search_term_string\"}}],\"inLanguage\":\"es\"},{\"@type\":\"Organization\",\"@id\":\"https:\/\/www.locansol.fr\/#organization\",\"name\":\"Location MobilHome & chalet dans les Pyr\u00e9n\u00e9es Orientales\",\"alternateName\":\"Louer un h\u00e9bergement dans les Pyr\u00e9n\u00e9es Orientales en Occitanie\",\"url\":\"https:\/\/www.locansol.fr\/\",\"logo\":{\"@type\":\"ImageObject\",\"inLanguage\":\"es\",\"@id\":\"https:\/\/www.locansol.fr\/#\/schema\/logo\/image\/\",\"url\":\"https:\/\/www.locansol.fr\/wp-content\/uploads\/2024\/04\/AdobeStock_303324767-scaled.jpeg\",\"contentUrl\":\"https:\/\/www.locansol.fr\/wp-content\/uploads\/2024\/04\/AdobeStock_303324767-scaled.jpeg\",\"width\":2560,\"height\":1707,\"caption\":\"Location MobilHome & chalet dans les Pyr\u00e9n\u00e9es Orientales\"},\"image\":{\"@id\":\"https:\/\/www.locansol.fr\/#\/schema\/logo\/image\/\"}}]}<\/script>\n<!-- \/ Yoast SEO Premium plugin. -->","yoast_head_json":{"title":"EXPOSITION ST-CYP'ART CORINNE RAMPELLE &amp; FRANCINE MASS\u00c9 FRAD\u00c9","description":"Du jeudi 15 janvier au samedi 7 mars 2026, la M\u00e9diath\u00e8que Prosper M\u00e9rim\u00e9e de Saint-Cyprien accueille l\u2019exposition St-Cyp\u2019Art, consacr\u00e9e aux \u0153uvres de deux artistes peintres : Corinne Rampelle et Francine Mass\u00e9 Frad\u00e9. L\u2019exposition est ouverte du mardi au vendredi de 9h \u00e0 12h et de 14h \u00e0 18h, ainsi que les 1er et 3\u00e8me samedis du mois de 9h \u00e0 12h. L\u2019entr\u00e9e est gratuite et sans r\u00e9servation.Corinne Rampelle, peintre autodidacte, d\u00e9veloppe depuis des ann\u00e9es un univers artistique marqu\u00e9 par l\u2019intensit\u00e9 des couleurs et une recherche constante d\u2019\u00e9motion. Ses toiles, r\u00e9alis\u00e9es \u00e0 l\u2019acrylique et \u00e0 l\u2019huile, traduisent une expressive sensibilit\u00e9 et une d\u00e9marche personnelle. Francine Mass\u00e9 Frad\u00e9, \u00e9galement autodidacte, s\u2019est consacr\u00e9e \u00e0 la peinture \u00e0 l\u2019huile au couteau depuis sa retraite. Install\u00e9e \u00e0 Saint-Cyprien, elle a perfectionn\u00e9 son art \u00e0 Elne, en collaboration avec des artistes reconnus comme Thomas Braun, et d\u00e9veloppe un style proche du cloisonnisme, caract\u00e9ris\u00e9 par des formes nettement d\u00e9finies et des plans color\u00e9s.L\u2019exposition propose un regard crois\u00e9 sur deux parcours artistiques distincts, mais anim\u00e9s par une m\u00eame passion pour la peinture et la cr\u00e9ation. Les \u0153uvres pr\u00e9sent\u00e9es invitent le public \u00e0 explorer des univers visuels riches, o\u00f9 la lumi\u00e8re, la couleur et la mati\u00e8re s\u2019entrem\u00ealent. Pour les amateurs de peinture contemporaine, cette exposition offre une rencontre avec des artistes locales, dont les \u0153uvres refl\u00e8tent une profonde sensibilit\u00e9 au paysage et \u00e0 la m\u00e9moire du Sud de la France. L\u2019\u00e9v\u00e9nement se d\u00e9roule dans un cadre culturel accessible, au c\u0153ur d\u2019un village du pays catalan, et constitue une occasion de d\u00e9couvrir des cr\u00e9ations locales, \u00e0 la fois intimes et fortes.","robots":{"index":"index","follow":"follow","max-snippet":"max-snippet:-1","max-image-preview":"max-image-preview:large","max-video-preview":"max-video-preview:-1"},"canonical":"https:\/\/www.locansol.fr\/es\/evenement\/exposition-st-cypart-corinne-rampelle-francine-masse-frade\/","og_locale":"es_ES","og_type":"article","og_title":"EXPOSITION ST-CYP'ART CORINNE RAMPELLE &amp; FRANCINE MASS\u00c9 FRAD\u00c9","og_description":"Du jeudi 15 janvier au samedi 7 mars 2026, la M\u00e9diath\u00e8que Prosper M\u00e9rim\u00e9e de Saint-Cyprien accueille l\u2019exposition St-Cyp\u2019Art, consacr\u00e9e aux \u0153uvres de deux artistes peintres : Corinne Rampelle et Francine Mass\u00e9 Frad\u00e9. L\u2019exposition est ouverte du mardi au vendredi de 9h \u00e0 12h et de 14h \u00e0 18h, ainsi que les 1er et 3\u00e8me samedis du mois de 9h \u00e0 12h. L\u2019entr\u00e9e est gratuite et sans r\u00e9servation.Corinne Rampelle, peintre autodidacte, d\u00e9veloppe depuis des ann\u00e9es un univers artistique marqu\u00e9 par l\u2019intensit\u00e9 des couleurs et une recherche constante d\u2019\u00e9motion. Ses toiles, r\u00e9alis\u00e9es \u00e0 l\u2019acrylique et \u00e0 l\u2019huile, traduisent une expressive sensibilit\u00e9 et une d\u00e9marche personnelle. Francine Mass\u00e9 Frad\u00e9, \u00e9galement autodidacte, s\u2019est consacr\u00e9e \u00e0 la peinture \u00e0 l\u2019huile au couteau depuis sa retraite. Install\u00e9e \u00e0 Saint-Cyprien, elle a perfectionn\u00e9 son art \u00e0 Elne, en collaboration avec des artistes reconnus comme Thomas Braun, et d\u00e9veloppe un style proche du cloisonnisme, caract\u00e9ris\u00e9 par des formes nettement d\u00e9finies et des plans color\u00e9s.L\u2019exposition propose un regard crois\u00e9 sur deux parcours artistiques distincts, mais anim\u00e9s par une m\u00eame passion pour la peinture et la cr\u00e9ation. Les \u0153uvres pr\u00e9sent\u00e9es invitent le public \u00e0 explorer des univers visuels riches, o\u00f9 la lumi\u00e8re, la couleur et la mati\u00e8re s\u2019entrem\u00ealent. Pour les amateurs de peinture contemporaine, cette exposition offre une rencontre avec des artistes locales, dont les \u0153uvres refl\u00e8tent une profonde sensibilit\u00e9 au paysage et \u00e0 la m\u00e9moire du Sud de la France. L\u2019\u00e9v\u00e9nement se d\u00e9roule dans un cadre culturel accessible, au c\u0153ur d\u2019un village du pays catalan, et constitue une occasion de d\u00e9couvrir des cr\u00e9ations locales, \u00e0 la fois intimes et fortes.","og_url":"https:\/\/www.locansol.fr\/es\/evenement\/exposition-st-cypart-corinne-rampelle-francine-masse-frade\/","og_site_name":"Locansol, louer un h\u00e9bergement dans les Pyr\u00e9n\u00e9es Orientales","article_modified_time":"2026-02-14T15:12:52+00:00","og_image":[{"width":1920,"height":1358,"url":"https:\/\/www.locansol.fr\/wp-content\/uploads\/2026\/02\/st-cyprien-exposition-peinture-2026.webp","type":"image\/webp"}],"twitter_card":"summary_large_image","twitter_title":"EXPOSITION ST-CYP'ART CORINNE RAMPELLE &amp; FRANCINE MASS\u00c9 FRAD\u00c9","twitter_description":"Du jeudi 15 janvier au samedi 7 mars 2026, la M\u00e9diath\u00e8que Prosper M\u00e9rim\u00e9e de Saint-Cyprien accueille l\u2019exposition St-Cyp\u2019Art, consacr\u00e9e aux \u0153uvres de deux artistes peintres : Corinne Rampelle et Francine Mass\u00e9 Frad\u00e9. L\u2019exposition est ouverte du mardi au vendredi de 9h \u00e0 12h et de 14h \u00e0 18h, ainsi que les 1er et 3\u00e8me samedis du mois de 9h \u00e0 12h. L\u2019entr\u00e9e est gratuite et sans r\u00e9servation.Corinne Rampelle, peintre autodidacte, d\u00e9veloppe depuis des ann\u00e9es un univers artistique marqu\u00e9 par l\u2019intensit\u00e9 des couleurs et une recherche constante d\u2019\u00e9motion. Ses toiles, r\u00e9alis\u00e9es \u00e0 l\u2019acrylique et \u00e0 l\u2019huile, traduisent une expressive sensibilit\u00e9 et une d\u00e9marche personnelle. Francine Mass\u00e9 Frad\u00e9, \u00e9galement autodidacte, s\u2019est consacr\u00e9e \u00e0 la peinture \u00e0 l\u2019huile au couteau depuis sa retraite. Install\u00e9e \u00e0 Saint-Cyprien, elle a perfectionn\u00e9 son art \u00e0 Elne, en collaboration avec des artistes reconnus comme Thomas Braun, et d\u00e9veloppe un style proche du cloisonnisme, caract\u00e9ris\u00e9 par des formes nettement d\u00e9finies et des plans color\u00e9s.L\u2019exposition propose un regard crois\u00e9 sur deux parcours artistiques distincts, mais anim\u00e9s par une m\u00eame passion pour la peinture et la cr\u00e9ation. Les \u0153uvres pr\u00e9sent\u00e9es invitent le public \u00e0 explorer des univers visuels riches, o\u00f9 la lumi\u00e8re, la couleur et la mati\u00e8re s\u2019entrem\u00ealent. Pour les amateurs de peinture contemporaine, cette exposition offre une rencontre avec des artistes locales, dont les \u0153uvres refl\u00e8tent une profonde sensibilit\u00e9 au paysage et \u00e0 la m\u00e9moire du Sud de la France. L\u2019\u00e9v\u00e9nement se d\u00e9roule dans un cadre culturel accessible, au c\u0153ur d\u2019un village du pays catalan, et constitue une occasion de d\u00e9couvrir des cr\u00e9ations locales, \u00e0 la fois intimes et fortes.","twitter_image":"https:\/\/www.locansol.fr\/wp-content\/uploads\/2026\/02\/st-cyprien-exposition-peinture-2026.webp","twitter_misc":{"Tiempo de lectura":"2 minutos"},"schema":{"@context":"https:\/\/schema.org","@graph":[{"@type":"WebPage","@id":"https:\/\/www.locansol.fr\/evenement\/exposition-st-cypart-corinne-rampelle-francine-masse-frade\/","url":"https:\/\/www.locansol.fr\/evenement\/exposition-st-cypart-corinne-rampelle-francine-masse-frade\/","name":"EXPOSITION ST-CYP'ART CORINNE RAMPELLE &amp; FRANCINE MASS\u00c9 FRAD\u00c9","isPartOf":{"@id":"https:\/\/www.locansol.fr\/#website"},"primaryImageOfPage":{"@id":"https:\/\/www.locansol.fr\/evenement\/exposition-st-cypart-corinne-rampelle-francine-masse-frade\/#primaryimage"},"image":{"@id":"https:\/\/www.locansol.fr\/evenement\/exposition-st-cypart-corinne-rampelle-francine-masse-frade\/#primaryimage"},"thumbnailUrl":"https:\/\/www.locansol.fr\/wp-content\/uploads\/2026\/02\/st-cyprien-exposition-peinture-2026.webp","datePublished":"2026-02-14T15:12:49+00:00","dateModified":"2026-02-14T15:12:52+00:00","description":"Du jeudi 15 janvier au samedi 7 mars 2026, la M\u00e9diath\u00e8que Prosper M\u00e9rim\u00e9e de Saint-Cyprien accueille l\u2019exposition St-Cyp\u2019Art, consacr\u00e9e aux \u0153uvres de deux artistes peintres : Corinne Rampelle et Francine Mass\u00e9 Frad\u00e9. L\u2019exposition est ouverte du mardi au vendredi de 9h \u00e0 12h et de 14h \u00e0 18h, ainsi que les 1er et 3\u00e8me samedis du mois de 9h \u00e0 12h. L\u2019entr\u00e9e est gratuite et sans r\u00e9servation.Corinne Rampelle, peintre autodidacte, d\u00e9veloppe depuis des ann\u00e9es un univers artistique marqu\u00e9 par l\u2019intensit\u00e9 des couleurs et une recherche constante d\u2019\u00e9motion. Ses toiles, r\u00e9alis\u00e9es \u00e0 l\u2019acrylique et \u00e0 l\u2019huile, traduisent une expressive sensibilit\u00e9 et une d\u00e9marche personnelle. Francine Mass\u00e9 Frad\u00e9, \u00e9galement autodidacte, s\u2019est consacr\u00e9e \u00e0 la peinture \u00e0 l\u2019huile au couteau depuis sa retraite. Install\u00e9e \u00e0 Saint-Cyprien, elle a perfectionn\u00e9 son art \u00e0 Elne, en collaboration avec des artistes reconnus comme Thomas Braun, et d\u00e9veloppe un style proche du cloisonnisme, caract\u00e9ris\u00e9 par des formes nettement d\u00e9finies et des plans color\u00e9s.L\u2019exposition propose un regard crois\u00e9 sur deux parcours artistiques distincts, mais anim\u00e9s par une m\u00eame passion pour la peinture et la cr\u00e9ation. Les \u0153uvres pr\u00e9sent\u00e9es invitent le public \u00e0 explorer des univers visuels riches, o\u00f9 la lumi\u00e8re, la couleur et la mati\u00e8re s\u2019entrem\u00ealent. Pour les amateurs de peinture contemporaine, cette exposition offre une rencontre avec des artistes locales, dont les \u0153uvres refl\u00e8tent une profonde sensibilit\u00e9 au paysage et \u00e0 la m\u00e9moire du Sud de la France. L\u2019\u00e9v\u00e9nement se d\u00e9roule dans un cadre culturel accessible, au c\u0153ur d\u2019un village du pays catalan, et constitue une occasion de d\u00e9couvrir des cr\u00e9ations locales, \u00e0 la fois intimes et fortes.","breadcrumb":{"@id":"https:\/\/www.locansol.fr\/evenement\/exposition-st-cypart-corinne-rampelle-francine-masse-frade\/#breadcrumb"},"inLanguage":"es","potentialAction":[{"@type":"ReadAction","target":["https:\/\/www.locansol.fr\/evenement\/exposition-st-cypart-corinne-rampelle-francine-masse-frade\/"]}]},{"@type":"ImageObject","inLanguage":"es","@id":"https:\/\/www.locansol.fr\/evenement\/exposition-st-cypart-corinne-rampelle-francine-masse-frade\/#primaryimage","url":"https:\/\/www.locansol.fr\/wp-content\/uploads\/2026\/02\/st-cyprien-exposition-peinture-2026.webp","contentUrl":"https:\/\/www.locansol.fr\/wp-content\/uploads\/2026\/02\/st-cyprien-exposition-peinture-2026.webp","width":1920,"height":1358,"caption":"Du jeudi 15 janvier au samedi 7 mars 2026, la M\u00e9diath\u00e8que Prosper M\u00e9rim\u00e9e de Saint-Cyprien accueille l\u2019exposition St-Cyp\u2019Art, consacr\u00e9e aux \u0153uvres de deux artistes peintres : Corinne Rampelle et Francine Mass\u00e9 Frad\u00e9. L\u2019exposition est ouverte du mardi au vendredi de 9h \u00e0 12h et de 14h \u00e0 18h, ainsi que les 1er et 3\u00e8me samedis du mois de 9h \u00e0 12h. L\u2019entr\u00e9e est gratuite et sans r\u00e9servation. Corinne Rampelle, peintre autodidacte, d\u00e9veloppe depuis des ann\u00e9es un univers artistique marqu\u00e9 par l\u2019intensit\u00e9 des couleurs et une recherche constante d\u2019\u00e9motion. Ses toiles, r\u00e9alis\u00e9es \u00e0 l\u2019acrylique et \u00e0 l\u2019huile, traduisent une expressive sensibilit\u00e9 et une d\u00e9marche personnelle. Francine Mass\u00e9 Frad\u00e9, \u00e9galement autodidacte, s\u2019est consacr\u00e9e \u00e0 la peinture \u00e0 l\u2019huile au couteau depuis sa retraite. Install\u00e9e \u00e0 Saint-Cyprien, elle a perfectionn\u00e9 son art \u00e0 Elne, en collaboration avec des artistes reconnus comme Thomas Braun, et d\u00e9veloppe un style proche du cloisonnisme, caract\u00e9ris\u00e9 par des formes nettement d\u00e9finies et des plans color\u00e9s. L\u2019exposition propose un regard crois\u00e9 sur deux parcours artistiques distincts, mais anim\u00e9s par une m\u00eame passion pour la peinture et la cr\u00e9ation. Les \u0153uvres pr\u00e9sent\u00e9es invitent le public \u00e0 explorer des univers visuels riches, o\u00f9 la lumi\u00e8re, la couleur et la mati\u00e8re s\u2019entrem\u00ealent. Pour les amateurs de peinture contemporaine, cette exposition offre une rencontre avec des artistes locales, dont les \u0153uvres refl\u00e8tent une profonde sensibilit\u00e9 au paysage et \u00e0 la m\u00e9moire du Sud de la France. L\u2019\u00e9v\u00e9nement se d\u00e9roule dans un cadre culturel accessible, au c\u0153ur d\u2019un village du pays catalan, et constitue une occasion de d\u00e9couvrir des cr\u00e9ations locales, \u00e0 la fois intimes et fortes."},{"@type":"BreadcrumbList","@id":"https:\/\/www.locansol.fr\/evenement\/exposition-st-cypart-corinne-rampelle-francine-masse-frade\/#breadcrumb","itemListElement":[{"@type":"ListItem","position":1,"name":"Accueil","item":"https:\/\/www.locansol.fr\/"},{"@type":"ListItem","position":2,"name":"\u00c9v\u00e8nements","item":"https:\/\/www.locansol.fr\/evenements\/"},{"@type":"ListItem","position":3,"name":"EXPOSITION ST-CYP&rsquo;ART CORINNE RAMPELLE &amp; FRANCINE MASS\u00c9 FRAD\u00c9"}]},{"@type":"WebSite","@id":"https:\/\/www.locansol.fr\/#website","url":"https:\/\/www.locansol.fr\/","name":"Locansol, louer un h\u00e9bergement dans les Pyr\u00e9n\u00e9es-Orientales","description":"Location Mobil-home Mer M\u00e9diterran\u00e9e &amp; Chalet de Montagne dans les Pyr\u00e9n\u00e9es Orientales (Occitanie, 66). Weekend, s\u00e9jour &amp; vacances en famille et entre amis.","publisher":{"@id":"https:\/\/www.locansol.fr\/#organization"},"alternateName":"Louer un h\u00e9bergement dans les Pyr\u00e9n\u00e9es Orientales, chalet & mobil-home en Occitanie","potentialAction":[{"@type":"SearchAction","target":{"@type":"EntryPoint","urlTemplate":"https:\/\/www.locansol.fr\/?s={search_term_string}"},"query-input":{"@type":"PropertyValueSpecification","valueRequired":true,"valueName":"search_term_string"}}],"inLanguage":"es"},{"@type":"Organization","@id":"https:\/\/www.locansol.fr\/#organization","name":"Location MobilHome & chalet dans les Pyr\u00e9n\u00e9es Orientales","alternateName":"Louer un h\u00e9bergement dans les Pyr\u00e9n\u00e9es Orientales en Occitanie","url":"https:\/\/www.locansol.fr\/","logo":{"@type":"ImageObject","inLanguage":"es","@id":"https:\/\/www.locansol.fr\/#\/schema\/logo\/image\/","url":"https:\/\/www.locansol.fr\/wp-content\/uploads\/2024\/04\/AdobeStock_303324767-scaled.jpeg","contentUrl":"https:\/\/www.locansol.fr\/wp-content\/uploads\/2024\/04\/AdobeStock_303324767-scaled.jpeg","width":2560,"height":1707,"caption":"Location MobilHome & chalet dans les Pyr\u00e9n\u00e9es Orientales"},"image":{"@id":"https:\/\/www.locansol.fr\/#\/schema\/logo\/image\/"}}]}},"_links":{"self":[{"href":"https:\/\/www.locansol.fr\/es\/wp-json\/wp\/v2\/tribe_events\/3126","targetHints":{"allow":["GET"]}}],"collection":[{"href":"https:\/\/www.locansol.fr\/es\/wp-json\/wp\/v2\/tribe_events"}],"about":[{"href":"https:\/\/www.locansol.fr\/es\/wp-json\/wp\/v2\/types\/tribe_events"}],"author":[{"embeddable":true,"href":"https:\/\/www.locansol.fr\/es\/wp-json\/wp\/v2\/users\/5"}],"version-history":[{"count":1,"href":"https:\/\/www.locansol.fr\/es\/wp-json\/wp\/v2\/tribe_events\/3126\/revisions"}],"predecessor-version":[{"id":3127,"href":"https:\/\/www.locansol.fr\/es\/wp-json\/wp\/v2\/tribe_events\/3126\/revisions\/3127"}],"wp:featuredmedia":[{"embeddable":true,"href":"https:\/\/www.locansol.fr\/es\/wp-json\/wp\/v2\/media\/3122"}],"wp:attachment":[{"href":"https:\/\/www.locansol.fr\/es\/wp-json\/wp\/v2\/media?parent=3126"}],"wp:term":[{"taxonomy":"post_tag","embeddable":true,"href":"https:\/\/www.locansol.fr\/es\/wp-json\/wp\/v2\/tags?post=3126"},{"taxonomy":"tribe_events_cat","embeddable":true,"href":"https:\/\/www.locansol.fr\/es\/wp-json\/wp\/v2\/tribe_events_cat?post=3126"}],"curies":[{"name":"wp","href":"https:\/\/api.w.org\/{rel}","templated":true}]}}