{"id":3397,"date":"2026-02-16T08:02:59","date_gmt":"2026-02-16T07:02:59","guid":{"rendered":"https:\/\/www.locansol.fr\/evenement\/visite-guidee-port-vendres-au-fil-de-leau\/"},"modified":"2026-02-16T08:03:02","modified_gmt":"2026-02-16T07:03:02","slug":"visite-guidee-port-vendres-au-fil-de-leau","status":"publish","type":"tribe_events","link":"https:\/\/www.locansol.fr\/es\/evenement\/visite-guidee-port-vendres-au-fil-de-leau\/","title":{"rendered":"VISITE GUIDEE \u00ab PORT-VENDRES AU FIL DE L&rsquo;EAU \u00bb"},"content":{"rendered":"<p>Le lundi 16 f\u00e9vrier, de 14 h 00 \u00e0 15 h 30, l&rsquo;Office de tourisme de Port-Vendres propose une visite guid\u00e9e intitul\u00e9e \u00ab Port-Vendres au fil de l&rsquo;eau \u00bb. Cette sortie, accessible au tarif de 6 \u20ac, s&rsquo;inscrit dans une programmation culturelle centr\u00e9e sur l&rsquo;histoire et le patrimoine maritime de la commune. Situ\u00e9e au 1 Quai Fran\u00e7ois Joly, la visite permet de d\u00e9couvrir les diff\u00e9rentes p\u00e9riodes marquantes de Port-Vendres, depuis son origine antique, sous le nom de Portus Veneris, jusqu&rsquo;\u00e0 sa transformation en port strat\u00e9gique du royaume de Majorque au XIIIe si\u00e8cle. Elle aborde \u00e9galement son rattachement \u00e0 la France en 1659, suite au trait\u00e9 des Pyr\u00e9n\u00e9es, ainsi que les projets d&rsquo;urbanisation et de fortification men\u00e9s sous Vauban. Le site, abrit\u00e9 naturellement par les contreforts des Alb\u00e8res, est aujourd&rsquo;hui reconnu comme le second port fruitier de la M\u00e9diterran\u00e9e et le seul port en eau profonde du d\u00e9partement des Pyr\u00e9n\u00e9es-Orientales. La visite explore l&rsquo;architecture du port, les vestiges historiques, et les activit\u00e9s maritimes contemporaines, notamment la p\u00eache, la plaisance et les escales de croisi\u00e8re. Ce parcours, men\u00e9 par un guide qualifi\u00e9, permet de comprendre les enjeux \u00e9conomiques, g\u00e9ographiques et historiques qui ont fa\u00e7onn\u00e9 Port-Vendres. Elle s&rsquo;adresse \u00e0 toute personne int\u00e9ress\u00e9e par l&rsquo;histoire locale, le patrimoine maritime ou la d\u00e9couverte d&rsquo;un port authentique au c\u0153ur de la M\u00e9diterran\u00e9e. La r\u00e9servation est recommand\u00e9e pour garantir sa participation.<\/p>\n<p><\/p>\n<h3>R\u00e9servez votre h\u00e9bergement dans les Pyr\u00e9n\u00e9es-Orientales :<\/h3>\n<p><b><a href='https:\/\/www.locansol.fr\/es\/alquiler-mobil-home-mediterraneo\/'>Mobil-home Locansol \u00e0 Argel\u00e8s-sur-Mer<\/a><\/b><br \/>Trajet le plus court : 12 km<br \/>Trajet le plus rapide : 17 min<\/p>\n<p><b><a href='https:\/\/www.locansol.fr\/es\/alquiler-chalet-cerdana\/'>Chalet Locansol \u00e0 Estavar<\/a><\/b><br \/>Trajet le plus court : 128 km<br \/>Trajet le plus rapide : 1 h 59 min<\/p>","protected":false},"excerpt":{"rendered":"<p>Le lundi 16 f\u00e9vrier, de 14 h 00 \u00e0 15 h 30, l&rsquo;Office de tourisme de Port-Vendres propose une visite guid\u00e9e intitul\u00e9e \u00ab Port-Vendres au fil de l&rsquo;eau \u00bb. Cette [&hellip;]<\/p>","protected":false},"author":5,"featured_media":3393,"template":"","meta":{"_yoast_wpseo_focuskw":"VISITE GUIDEE \u00ab PORT-VENDRES AU FIL DE L'EAU \u00bb","_yoast_wpseo_title":"VISITE GUIDEE \u00ab PORT-VENDRES AU FIL DE L'EAU \u00bb","_yoast_wpseo_metadesc":"Le lundi 16 f\u00e9vrier, de 14 h 00 \u00e0 15 h 30, l'Office de tourisme de Port-Vendres propose une visite guid\u00e9e intitul\u00e9e \u00ab Port-Vendres au fil de l'eau \u00bb. Cette sortie, accessible au tarif de 6 \u20ac, s'inscrit dans une programmation culturelle centr\u00e9e sur l'histoire et le patrimoine maritime de la commune. Situ\u00e9e au 1 Quai Fran\u00e7ois Joly, la visite permet de d\u00e9couvrir les diff\u00e9rentes p\u00e9riodes marquantes de Port-Vendres, depuis son origine antique, sous le nom de Portus Veneris, jusqu'\u00e0 sa transformation en port strat\u00e9gique du royaume de Majorque au XIIIe si\u00e8cle. Elle aborde \u00e9galement son rattachement \u00e0 la France en 1659, suite au trait\u00e9 des Pyr\u00e9n\u00e9es, ainsi que les projets d'urbanisation et de fortification men\u00e9s sous Vauban. Le site, abrit\u00e9 naturellement par les contreforts des Alb\u00e8res, est aujourd'hui reconnu comme le second port fruitier de la M\u00e9diterran\u00e9e et le seul port en eau profonde du d\u00e9partement des Pyr\u00e9n\u00e9es-Orientales. La visite explore l'architecture du port, les vestiges historiques, et les activit\u00e9s maritimes contemporaines, notamment la p\u00eache, la plaisance et les escales de croisi\u00e8re. Ce parcours, men\u00e9 par un guide qualifi\u00e9, permet de comprendre les enjeux \u00e9conomiques, g\u00e9ographiques et historiques qui ont fa\u00e7onn\u00e9 Port-Vendres. Elle s'adresse \u00e0 toute personne int\u00e9ress\u00e9e par l'histoire locale, le patrimoine maritime ou la d\u00e9couverte d'un port authentique au c\u0153ur de la M\u00e9diterran\u00e9e. La r\u00e9servation est recommand\u00e9e pour garantir sa participation.","_yoast_wpseo_canonical":"","_yoast_wpseo_opengraph-title":"VISITE GUIDEE \u00ab PORT-VENDRES AU FIL DE L'EAU \u00bb","_yoast_wpseo_opengraph-description":"Le lundi 16 f\u00e9vrier, de 14 h 00 \u00e0 15 h 30, l'Office de tourisme de Port-Vendres propose une visite guid\u00e9e intitul\u00e9e \u00ab Port-Vendres au fil de l'eau \u00bb. Cette sortie, accessible au tarif de 6 \u20ac, s'inscrit dans une programmation culturelle centr\u00e9e sur l'histoire et le patrimoine maritime de la commune. Situ\u00e9e au 1 Quai Fran\u00e7ois Joly, la visite permet de d\u00e9couvrir les diff\u00e9rentes p\u00e9riodes marquantes de Port-Vendres, depuis son origine antique, sous le nom de Portus Veneris, jusqu'\u00e0 sa transformation en port strat\u00e9gique du royaume de Majorque au XIIIe si\u00e8cle. Elle aborde \u00e9galement son rattachement \u00e0 la France en 1659, suite au trait\u00e9 des Pyr\u00e9n\u00e9es, ainsi que les projets d'urbanisation et de fortification men\u00e9s sous Vauban. Le site, abrit\u00e9 naturellement par les contreforts des Alb\u00e8res, est aujourd'hui reconnu comme le second port fruitier de la M\u00e9diterran\u00e9e et le seul port en eau profonde du d\u00e9partement des Pyr\u00e9n\u00e9es-Orientales. La visite explore l'architecture du port, les vestiges historiques, et les activit\u00e9s maritimes contemporaines, notamment la p\u00eache, la plaisance et les escales de croisi\u00e8re. Ce parcours, men\u00e9 par un guide qualifi\u00e9, permet de comprendre les enjeux \u00e9conomiques, g\u00e9ographiques et historiques qui ont fa\u00e7onn\u00e9 Port-Vendres. Elle s'adresse \u00e0 toute personne int\u00e9ress\u00e9e par l'histoire locale, le patrimoine maritime ou la d\u00e9couverte d'un port authentique au c\u0153ur de la M\u00e9diterran\u00e9e. La r\u00e9servation est recommand\u00e9e pour garantir sa participation.","_yoast_wpseo_opengraph-image":"https:\/\/www.locansol.fr\/wp-content\/uploads\/2026\/02\/port-vendres-histoire-maritime-visite.webp","_yoast_wpseo_opengraph-image-id":"3393","_yoast_wpseo_twitter-title":"VISITE GUIDEE \u00ab PORT-VENDRES AU FIL DE L'EAU \u00bb","_yoast_wpseo_twitter-description":"Le lundi 16 f\u00e9vrier, de 14 h 00 \u00e0 15 h 30, l'Office de tourisme de Port-Vendres propose une visite guid\u00e9e intitul\u00e9e \u00ab Port-Vendres au fil de l'eau \u00bb. Cette sortie, accessible au tarif de 6 \u20ac, s'inscrit dans une programmation culturelle centr\u00e9e sur l'histoire et le patrimoine maritime de la commune. Situ\u00e9e au 1 Quai Fran\u00e7ois Joly, la visite permet de d\u00e9couvrir les diff\u00e9rentes p\u00e9riodes marquantes de Port-Vendres, depuis son origine antique, sous le nom de Portus Veneris, jusqu'\u00e0 sa transformation en port strat\u00e9gique du royaume de Majorque au XIIIe si\u00e8cle. Elle aborde \u00e9galement son rattachement \u00e0 la France en 1659, suite au trait\u00e9 des Pyr\u00e9n\u00e9es, ainsi que les projets d'urbanisation et de fortification men\u00e9s sous Vauban. Le site, abrit\u00e9 naturellement par les contreforts des Alb\u00e8res, est aujourd'hui reconnu comme le second port fruitier de la M\u00e9diterran\u00e9e et le seul port en eau profonde du d\u00e9partement des Pyr\u00e9n\u00e9es-Orientales. La visite explore l'architecture du port, les vestiges historiques, et les activit\u00e9s maritimes contemporaines, notamment la p\u00eache, la plaisance et les escales de croisi\u00e8re. Ce parcours, men\u00e9 par un guide qualifi\u00e9, permet de comprendre les enjeux \u00e9conomiques, g\u00e9ographiques et historiques qui ont fa\u00e7onn\u00e9 Port-Vendres. Elle s'adresse \u00e0 toute personne int\u00e9ress\u00e9e par l'histoire locale, le patrimoine maritime ou la d\u00e9couverte d'un port authentique au c\u0153ur de la M\u00e9diterran\u00e9e. La r\u00e9servation est recommand\u00e9e pour garantir sa participation.","_yoast_wpseo_twitter-image":"https:\/\/www.locansol.fr\/wp-content\/uploads\/2026\/02\/port-vendres-histoire-maritime-visite.webp","_yoast_wpseo_twitter-image-id":"3393}","yoast_primary_category":"Visite guid\u00e9e","_tribe_events_status":"","_tribe_events_status_reason":"","_tribe_events_is_hybrid":"","_tribe_events_is_virtual":"","_tribe_events_virtual_video_source":"","_tribe_events_virtual_embed_video":"","_tribe_events_virtual_linked_button_text":"","_tribe_events_virtual_linked_button":"","_tribe_events_virtual_show_embed_at":"","_tribe_events_virtual_show_embed_to":[],"_tribe_events_virtual_show_on_event":"","_tribe_events_virtual_show_on_views":"","_tribe_events_virtual_url":"","footnotes":""},"tags":[66,76],"tribe_events_cat":[138,157,169,105],"class_list":["post-3397","tribe_events","type-tribe_events","status-publish","has-post-thumbnail","hentry","tag-evenement-culturel","tag-pyrenees-orientales","tribe_events_cat-evenement-culturel","tribe_events_cat-histoire","tribe_events_cat-pyrenees-orientales","tribe_events_cat-visite-guidee","cat_evenement-culturel","cat_histoire","cat_pyrenees-orientales","cat_visite-guidee"],"yoast_head":"<!-- This site is optimized with the Yoast SEO Premium plugin v23.3 (Yoast SEO v26.9) - https:\/\/yoast.com\/product\/yoast-seo-premium-wordpress\/ -->\n<title>VISITE GUIDEE \u00ab PORT-VENDRES AU FIL DE L&#039;EAU \u00bb<\/title>\n<meta name=\"description\" content=\"Le lundi 16 f\u00e9vrier, de 14 h 00 \u00e0 15 h 30, l&#039;Office de tourisme de Port-Vendres propose une visite guid\u00e9e intitul\u00e9e \u00ab Port-Vendres au fil de l&#039;eau \u00bb. Cette sortie, accessible au tarif de 6 \u20ac, s&#039;inscrit dans une programmation culturelle centr\u00e9e sur l&#039;histoire et le patrimoine maritime de la commune. Situ\u00e9e au 1 Quai Fran\u00e7ois Joly, la visite permet de d\u00e9couvrir les diff\u00e9rentes p\u00e9riodes marquantes de Port-Vendres, depuis son origine antique, sous le nom de Portus Veneris, jusqu&#039;\u00e0 sa transformation en port strat\u00e9gique du royaume de Majorque au XIIIe si\u00e8cle. Elle aborde \u00e9galement son rattachement \u00e0 la France en 1659, suite au trait\u00e9 des Pyr\u00e9n\u00e9es, ainsi que les projets d&#039;urbanisation et de fortification men\u00e9s sous Vauban. Le site, abrit\u00e9 naturellement par les contreforts des Alb\u00e8res, est aujourd&#039;hui reconnu comme le second port fruitier de la M\u00e9diterran\u00e9e et le seul port en eau profonde du d\u00e9partement des Pyr\u00e9n\u00e9es-Orientales. La visite explore l&#039;architecture du port, les vestiges historiques, et les activit\u00e9s maritimes contemporaines, notamment la p\u00eache, la plaisance et les escales de croisi\u00e8re. Ce parcours, men\u00e9 par un guide qualifi\u00e9, permet de comprendre les enjeux \u00e9conomiques, g\u00e9ographiques et historiques qui ont fa\u00e7onn\u00e9 Port-Vendres. Elle s&#039;adresse \u00e0 toute personne int\u00e9ress\u00e9e par l&#039;histoire locale, le patrimoine maritime ou la d\u00e9couverte d&#039;un port authentique au c\u0153ur de la M\u00e9diterran\u00e9e. La r\u00e9servation est recommand\u00e9e pour garantir sa participation.\" \/>\n<meta name=\"robots\" content=\"index, follow, max-snippet:-1, max-image-preview:large, max-video-preview:-1\" \/>\n<link rel=\"canonical\" href=\"https:\/\/www.locansol.fr\/es\/evenement\/visite-guidee-port-vendres-au-fil-de-leau\/\" \/>\n<meta property=\"og:locale\" content=\"es_ES\" \/>\n<meta property=\"og:type\" content=\"article\" \/>\n<meta property=\"og:title\" content=\"VISITE GUIDEE \u00ab PORT-VENDRES AU FIL DE L&#039;EAU \u00bb\" \/>\n<meta property=\"og:description\" content=\"Le lundi 16 f\u00e9vrier, de 14 h 00 \u00e0 15 h 30, l&#039;Office de tourisme de Port-Vendres propose une visite guid\u00e9e intitul\u00e9e \u00ab Port-Vendres au fil de l&#039;eau \u00bb. Cette sortie, accessible au tarif de 6 \u20ac, s&#039;inscrit dans une programmation culturelle centr\u00e9e sur l&#039;histoire et le patrimoine maritime de la commune. Situ\u00e9e au 1 Quai Fran\u00e7ois Joly, la visite permet de d\u00e9couvrir les diff\u00e9rentes p\u00e9riodes marquantes de Port-Vendres, depuis son origine antique, sous le nom de Portus Veneris, jusqu&#039;\u00e0 sa transformation en port strat\u00e9gique du royaume de Majorque au XIIIe si\u00e8cle. Elle aborde \u00e9galement son rattachement \u00e0 la France en 1659, suite au trait\u00e9 des Pyr\u00e9n\u00e9es, ainsi que les projets d&#039;urbanisation et de fortification men\u00e9s sous Vauban. Le site, abrit\u00e9 naturellement par les contreforts des Alb\u00e8res, est aujourd&#039;hui reconnu comme le second port fruitier de la M\u00e9diterran\u00e9e et le seul port en eau profonde du d\u00e9partement des Pyr\u00e9n\u00e9es-Orientales. La visite explore l&#039;architecture du port, les vestiges historiques, et les activit\u00e9s maritimes contemporaines, notamment la p\u00eache, la plaisance et les escales de croisi\u00e8re. Ce parcours, men\u00e9 par un guide qualifi\u00e9, permet de comprendre les enjeux \u00e9conomiques, g\u00e9ographiques et historiques qui ont fa\u00e7onn\u00e9 Port-Vendres. Elle s&#039;adresse \u00e0 toute personne int\u00e9ress\u00e9e par l&#039;histoire locale, le patrimoine maritime ou la d\u00e9couverte d&#039;un port authentique au c\u0153ur de la M\u00e9diterran\u00e9e. La r\u00e9servation est recommand\u00e9e pour garantir sa participation.\" \/>\n<meta property=\"og:url\" content=\"https:\/\/www.locansol.fr\/es\/evenement\/visite-guidee-port-vendres-au-fil-de-leau\/\" \/>\n<meta property=\"og:site_name\" content=\"Locansol, louer un h\u00e9bergement dans les Pyr\u00e9n\u00e9es Orientales\" \/>\n<meta property=\"article:modified_time\" content=\"2026-02-16T07:03:02+00:00\" \/>\n<meta property=\"og:image\" content=\"https:\/\/www.locansol.fr\/wp-content\/uploads\/2026\/02\/port-vendres-histoire-maritime-visite.webp\" \/>\n\t<meta property=\"og:image:width\" content=\"1920\" \/>\n\t<meta property=\"og:image:height\" content=\"1440\" \/>\n\t<meta property=\"og:image:type\" content=\"image\/webp\" \/>\n<meta name=\"twitter:card\" content=\"summary_large_image\" \/>\n<meta name=\"twitter:title\" content=\"VISITE GUIDEE \u00ab PORT-VENDRES AU FIL DE L&#039;EAU \u00bb\" \/>\n<meta name=\"twitter:description\" content=\"Le lundi 16 f\u00e9vrier, de 14 h 00 \u00e0 15 h 30, l&#039;Office de tourisme de Port-Vendres propose une visite guid\u00e9e intitul\u00e9e \u00ab Port-Vendres au fil de l&#039;eau \u00bb. Cette sortie, accessible au tarif de 6 \u20ac, s&#039;inscrit dans une programmation culturelle centr\u00e9e sur l&#039;histoire et le patrimoine maritime de la commune. Situ\u00e9e au 1 Quai Fran\u00e7ois Joly, la visite permet de d\u00e9couvrir les diff\u00e9rentes p\u00e9riodes marquantes de Port-Vendres, depuis son origine antique, sous le nom de Portus Veneris, jusqu&#039;\u00e0 sa transformation en port strat\u00e9gique du royaume de Majorque au XIIIe si\u00e8cle. Elle aborde \u00e9galement son rattachement \u00e0 la France en 1659, suite au trait\u00e9 des Pyr\u00e9n\u00e9es, ainsi que les projets d&#039;urbanisation et de fortification men\u00e9s sous Vauban. Le site, abrit\u00e9 naturellement par les contreforts des Alb\u00e8res, est aujourd&#039;hui reconnu comme le second port fruitier de la M\u00e9diterran\u00e9e et le seul port en eau profonde du d\u00e9partement des Pyr\u00e9n\u00e9es-Orientales. La visite explore l&#039;architecture du port, les vestiges historiques, et les activit\u00e9s maritimes contemporaines, notamment la p\u00eache, la plaisance et les escales de croisi\u00e8re. Ce parcours, men\u00e9 par un guide qualifi\u00e9, permet de comprendre les enjeux \u00e9conomiques, g\u00e9ographiques et historiques qui ont fa\u00e7onn\u00e9 Port-Vendres. Elle s&#039;adresse \u00e0 toute personne int\u00e9ress\u00e9e par l&#039;histoire locale, le patrimoine maritime ou la d\u00e9couverte d&#039;un port authentique au c\u0153ur de la M\u00e9diterran\u00e9e. La r\u00e9servation est recommand\u00e9e pour garantir sa participation.\" \/>\n<meta name=\"twitter:image\" content=\"https:\/\/www.locansol.fr\/wp-content\/uploads\/2026\/02\/port-vendres-histoire-maritime-visite.webp\" \/>\n<meta name=\"twitter:label1\" content=\"Tiempo de lectura\" \/>\n\t<meta name=\"twitter:data1\" content=\"1 minuto\" \/>\n<script type=\"application\/ld+json\" class=\"yoast-schema-graph\">{\"@context\":\"https:\/\/schema.org\",\"@graph\":[{\"@type\":\"WebPage\",\"@id\":\"https:\/\/www.locansol.fr\/evenement\/visite-guidee-port-vendres-au-fil-de-leau\/\",\"url\":\"https:\/\/www.locansol.fr\/evenement\/visite-guidee-port-vendres-au-fil-de-leau\/\",\"name\":\"VISITE GUIDEE \u00ab PORT-VENDRES AU FIL DE L'EAU \u00bb\",\"isPartOf\":{\"@id\":\"https:\/\/www.locansol.fr\/#website\"},\"primaryImageOfPage\":{\"@id\":\"https:\/\/www.locansol.fr\/evenement\/visite-guidee-port-vendres-au-fil-de-leau\/#primaryimage\"},\"image\":{\"@id\":\"https:\/\/www.locansol.fr\/evenement\/visite-guidee-port-vendres-au-fil-de-leau\/#primaryimage\"},\"thumbnailUrl\":\"https:\/\/www.locansol.fr\/wp-content\/uploads\/2026\/02\/port-vendres-histoire-maritime-visite.webp\",\"datePublished\":\"2026-02-16T07:02:59+00:00\",\"dateModified\":\"2026-02-16T07:03:02+00:00\",\"description\":\"Le lundi 16 f\u00e9vrier, de 14 h 00 \u00e0 15 h 30, l'Office de tourisme de Port-Vendres propose une visite guid\u00e9e intitul\u00e9e \u00ab Port-Vendres au fil de l'eau \u00bb. Cette sortie, accessible au tarif de 6 \u20ac, s'inscrit dans une programmation culturelle centr\u00e9e sur l'histoire et le patrimoine maritime de la commune. Situ\u00e9e au 1 Quai Fran\u00e7ois Joly, la visite permet de d\u00e9couvrir les diff\u00e9rentes p\u00e9riodes marquantes de Port-Vendres, depuis son origine antique, sous le nom de Portus Veneris, jusqu'\u00e0 sa transformation en port strat\u00e9gique du royaume de Majorque au XIIIe si\u00e8cle. Elle aborde \u00e9galement son rattachement \u00e0 la France en 1659, suite au trait\u00e9 des Pyr\u00e9n\u00e9es, ainsi que les projets d'urbanisation et de fortification men\u00e9s sous Vauban. Le site, abrit\u00e9 naturellement par les contreforts des Alb\u00e8res, est aujourd'hui reconnu comme le second port fruitier de la M\u00e9diterran\u00e9e et le seul port en eau profonde du d\u00e9partement des Pyr\u00e9n\u00e9es-Orientales. La visite explore l'architecture du port, les vestiges historiques, et les activit\u00e9s maritimes contemporaines, notamment la p\u00eache, la plaisance et les escales de croisi\u00e8re. Ce parcours, men\u00e9 par un guide qualifi\u00e9, permet de comprendre les enjeux \u00e9conomiques, g\u00e9ographiques et historiques qui ont fa\u00e7onn\u00e9 Port-Vendres. Elle s'adresse \u00e0 toute personne int\u00e9ress\u00e9e par l'histoire locale, le patrimoine maritime ou la d\u00e9couverte d'un port authentique au c\u0153ur de la M\u00e9diterran\u00e9e. La r\u00e9servation est recommand\u00e9e pour garantir sa participation.\",\"breadcrumb\":{\"@id\":\"https:\/\/www.locansol.fr\/evenement\/visite-guidee-port-vendres-au-fil-de-leau\/#breadcrumb\"},\"inLanguage\":\"es\",\"potentialAction\":[{\"@type\":\"ReadAction\",\"target\":[\"https:\/\/www.locansol.fr\/evenement\/visite-guidee-port-vendres-au-fil-de-leau\/\"]}]},{\"@type\":\"ImageObject\",\"inLanguage\":\"es\",\"@id\":\"https:\/\/www.locansol.fr\/evenement\/visite-guidee-port-vendres-au-fil-de-leau\/#primaryimage\",\"url\":\"https:\/\/www.locansol.fr\/wp-content\/uploads\/2026\/02\/port-vendres-histoire-maritime-visite.webp\",\"contentUrl\":\"https:\/\/www.locansol.fr\/wp-content\/uploads\/2026\/02\/port-vendres-histoire-maritime-visite.webp\",\"width\":1920,\"height\":1440,\"caption\":\"Port-Vendres au fil de l'eau Port-Vendres - Visite guid\u00e9e\"},{\"@type\":\"BreadcrumbList\",\"@id\":\"https:\/\/www.locansol.fr\/evenement\/visite-guidee-port-vendres-au-fil-de-leau\/#breadcrumb\",\"itemListElement\":[{\"@type\":\"ListItem\",\"position\":1,\"name\":\"Accueil\",\"item\":\"https:\/\/www.locansol.fr\/\"},{\"@type\":\"ListItem\",\"position\":2,\"name\":\"\u00c9v\u00e8nements\",\"item\":\"https:\/\/www.locansol.fr\/evenements\/\"},{\"@type\":\"ListItem\",\"position\":3,\"name\":\"VISITE GUIDEE \u00ab PORT-VENDRES AU FIL DE L&rsquo;EAU \u00bb\"}]},{\"@type\":\"WebSite\",\"@id\":\"https:\/\/www.locansol.fr\/#website\",\"url\":\"https:\/\/www.locansol.fr\/\",\"name\":\"Locansol, louer un h\u00e9bergement dans les Pyr\u00e9n\u00e9es-Orientales\",\"description\":\"Location Mobil-home Mer M\u00e9diterran\u00e9e &amp; Chalet de Montagne dans les Pyr\u00e9n\u00e9es Orientales (Occitanie, 66). Weekend, s\u00e9jour &amp; vacances en famille et entre amis.\",\"publisher\":{\"@id\":\"https:\/\/www.locansol.fr\/#organization\"},\"alternateName\":\"Louer un h\u00e9bergement dans les Pyr\u00e9n\u00e9es Orientales, chalet & mobil-home en Occitanie\",\"potentialAction\":[{\"@type\":\"SearchAction\",\"target\":{\"@type\":\"EntryPoint\",\"urlTemplate\":\"https:\/\/www.locansol.fr\/?s={search_term_string}\"},\"query-input\":{\"@type\":\"PropertyValueSpecification\",\"valueRequired\":true,\"valueName\":\"search_term_string\"}}],\"inLanguage\":\"es\"},{\"@type\":\"Organization\",\"@id\":\"https:\/\/www.locansol.fr\/#organization\",\"name\":\"Location MobilHome & chalet dans les Pyr\u00e9n\u00e9es Orientales\",\"alternateName\":\"Louer un h\u00e9bergement dans les Pyr\u00e9n\u00e9es Orientales en Occitanie\",\"url\":\"https:\/\/www.locansol.fr\/\",\"logo\":{\"@type\":\"ImageObject\",\"inLanguage\":\"es\",\"@id\":\"https:\/\/www.locansol.fr\/#\/schema\/logo\/image\/\",\"url\":\"https:\/\/www.locansol.fr\/wp-content\/uploads\/2024\/04\/AdobeStock_303324767-scaled.jpeg\",\"contentUrl\":\"https:\/\/www.locansol.fr\/wp-content\/uploads\/2024\/04\/AdobeStock_303324767-scaled.jpeg\",\"width\":2560,\"height\":1707,\"caption\":\"Location MobilHome & chalet dans les Pyr\u00e9n\u00e9es Orientales\"},\"image\":{\"@id\":\"https:\/\/www.locansol.fr\/#\/schema\/logo\/image\/\"}}]}<\/script>\n<!-- \/ Yoast SEO Premium plugin. -->","yoast_head_json":{"title":"VISITE GUIDEE \u00ab PORT-VENDRES AU FIL DE L'EAU \u00bb","description":"Le lundi 16 f\u00e9vrier, de 14 h 00 \u00e0 15 h 30, l'Office de tourisme de Port-Vendres propose une visite guid\u00e9e intitul\u00e9e \u00ab Port-Vendres au fil de l'eau \u00bb. Cette sortie, accessible au tarif de 6 \u20ac, s'inscrit dans une programmation culturelle centr\u00e9e sur l'histoire et le patrimoine maritime de la commune. Situ\u00e9e au 1 Quai Fran\u00e7ois Joly, la visite permet de d\u00e9couvrir les diff\u00e9rentes p\u00e9riodes marquantes de Port-Vendres, depuis son origine antique, sous le nom de Portus Veneris, jusqu'\u00e0 sa transformation en port strat\u00e9gique du royaume de Majorque au XIIIe si\u00e8cle. Elle aborde \u00e9galement son rattachement \u00e0 la France en 1659, suite au trait\u00e9 des Pyr\u00e9n\u00e9es, ainsi que les projets d'urbanisation et de fortification men\u00e9s sous Vauban. Le site, abrit\u00e9 naturellement par les contreforts des Alb\u00e8res, est aujourd'hui reconnu comme le second port fruitier de la M\u00e9diterran\u00e9e et le seul port en eau profonde du d\u00e9partement des Pyr\u00e9n\u00e9es-Orientales. La visite explore l'architecture du port, les vestiges historiques, et les activit\u00e9s maritimes contemporaines, notamment la p\u00eache, la plaisance et les escales de croisi\u00e8re. Ce parcours, men\u00e9 par un guide qualifi\u00e9, permet de comprendre les enjeux \u00e9conomiques, g\u00e9ographiques et historiques qui ont fa\u00e7onn\u00e9 Port-Vendres. Elle s'adresse \u00e0 toute personne int\u00e9ress\u00e9e par l'histoire locale, le patrimoine maritime ou la d\u00e9couverte d'un port authentique au c\u0153ur de la M\u00e9diterran\u00e9e. La r\u00e9servation est recommand\u00e9e pour garantir sa participation.","robots":{"index":"index","follow":"follow","max-snippet":"max-snippet:-1","max-image-preview":"max-image-preview:large","max-video-preview":"max-video-preview:-1"},"canonical":"https:\/\/www.locansol.fr\/es\/evenement\/visite-guidee-port-vendres-au-fil-de-leau\/","og_locale":"es_ES","og_type":"article","og_title":"VISITE GUIDEE \u00ab PORT-VENDRES AU FIL DE L'EAU \u00bb","og_description":"Le lundi 16 f\u00e9vrier, de 14 h 00 \u00e0 15 h 30, l'Office de tourisme de Port-Vendres propose une visite guid\u00e9e intitul\u00e9e \u00ab Port-Vendres au fil de l'eau \u00bb. Cette sortie, accessible au tarif de 6 \u20ac, s'inscrit dans une programmation culturelle centr\u00e9e sur l'histoire et le patrimoine maritime de la commune. Situ\u00e9e au 1 Quai Fran\u00e7ois Joly, la visite permet de d\u00e9couvrir les diff\u00e9rentes p\u00e9riodes marquantes de Port-Vendres, depuis son origine antique, sous le nom de Portus Veneris, jusqu'\u00e0 sa transformation en port strat\u00e9gique du royaume de Majorque au XIIIe si\u00e8cle. Elle aborde \u00e9galement son rattachement \u00e0 la France en 1659, suite au trait\u00e9 des Pyr\u00e9n\u00e9es, ainsi que les projets d'urbanisation et de fortification men\u00e9s sous Vauban. Le site, abrit\u00e9 naturellement par les contreforts des Alb\u00e8res, est aujourd'hui reconnu comme le second port fruitier de la M\u00e9diterran\u00e9e et le seul port en eau profonde du d\u00e9partement des Pyr\u00e9n\u00e9es-Orientales. La visite explore l'architecture du port, les vestiges historiques, et les activit\u00e9s maritimes contemporaines, notamment la p\u00eache, la plaisance et les escales de croisi\u00e8re. Ce parcours, men\u00e9 par un guide qualifi\u00e9, permet de comprendre les enjeux \u00e9conomiques, g\u00e9ographiques et historiques qui ont fa\u00e7onn\u00e9 Port-Vendres. Elle s'adresse \u00e0 toute personne int\u00e9ress\u00e9e par l'histoire locale, le patrimoine maritime ou la d\u00e9couverte d'un port authentique au c\u0153ur de la M\u00e9diterran\u00e9e. La r\u00e9servation est recommand\u00e9e pour garantir sa participation.","og_url":"https:\/\/www.locansol.fr\/es\/evenement\/visite-guidee-port-vendres-au-fil-de-leau\/","og_site_name":"Locansol, louer un h\u00e9bergement dans les Pyr\u00e9n\u00e9es Orientales","article_modified_time":"2026-02-16T07:03:02+00:00","og_image":[{"width":1920,"height":1440,"url":"https:\/\/www.locansol.fr\/wp-content\/uploads\/2026\/02\/port-vendres-histoire-maritime-visite.webp","type":"image\/webp"}],"twitter_card":"summary_large_image","twitter_title":"VISITE GUIDEE \u00ab PORT-VENDRES AU FIL DE L'EAU \u00bb","twitter_description":"Le lundi 16 f\u00e9vrier, de 14 h 00 \u00e0 15 h 30, l'Office de tourisme de Port-Vendres propose une visite guid\u00e9e intitul\u00e9e \u00ab Port-Vendres au fil de l'eau \u00bb. Cette sortie, accessible au tarif de 6 \u20ac, s'inscrit dans une programmation culturelle centr\u00e9e sur l'histoire et le patrimoine maritime de la commune. Situ\u00e9e au 1 Quai Fran\u00e7ois Joly, la visite permet de d\u00e9couvrir les diff\u00e9rentes p\u00e9riodes marquantes de Port-Vendres, depuis son origine antique, sous le nom de Portus Veneris, jusqu'\u00e0 sa transformation en port strat\u00e9gique du royaume de Majorque au XIIIe si\u00e8cle. Elle aborde \u00e9galement son rattachement \u00e0 la France en 1659, suite au trait\u00e9 des Pyr\u00e9n\u00e9es, ainsi que les projets d'urbanisation et de fortification men\u00e9s sous Vauban. Le site, abrit\u00e9 naturellement par les contreforts des Alb\u00e8res, est aujourd'hui reconnu comme le second port fruitier de la M\u00e9diterran\u00e9e et le seul port en eau profonde du d\u00e9partement des Pyr\u00e9n\u00e9es-Orientales. La visite explore l'architecture du port, les vestiges historiques, et les activit\u00e9s maritimes contemporaines, notamment la p\u00eache, la plaisance et les escales de croisi\u00e8re. Ce parcours, men\u00e9 par un guide qualifi\u00e9, permet de comprendre les enjeux \u00e9conomiques, g\u00e9ographiques et historiques qui ont fa\u00e7onn\u00e9 Port-Vendres. Elle s'adresse \u00e0 toute personne int\u00e9ress\u00e9e par l'histoire locale, le patrimoine maritime ou la d\u00e9couverte d'un port authentique au c\u0153ur de la M\u00e9diterran\u00e9e. La r\u00e9servation est recommand\u00e9e pour garantir sa participation.","twitter_image":"https:\/\/www.locansol.fr\/wp-content\/uploads\/2026\/02\/port-vendres-histoire-maritime-visite.webp","twitter_misc":{"Tiempo de lectura":"1 minuto"},"schema":{"@context":"https:\/\/schema.org","@graph":[{"@type":"WebPage","@id":"https:\/\/www.locansol.fr\/evenement\/visite-guidee-port-vendres-au-fil-de-leau\/","url":"https:\/\/www.locansol.fr\/evenement\/visite-guidee-port-vendres-au-fil-de-leau\/","name":"VISITE GUIDEE \u00ab PORT-VENDRES AU FIL DE L'EAU \u00bb","isPartOf":{"@id":"https:\/\/www.locansol.fr\/#website"},"primaryImageOfPage":{"@id":"https:\/\/www.locansol.fr\/evenement\/visite-guidee-port-vendres-au-fil-de-leau\/#primaryimage"},"image":{"@id":"https:\/\/www.locansol.fr\/evenement\/visite-guidee-port-vendres-au-fil-de-leau\/#primaryimage"},"thumbnailUrl":"https:\/\/www.locansol.fr\/wp-content\/uploads\/2026\/02\/port-vendres-histoire-maritime-visite.webp","datePublished":"2026-02-16T07:02:59+00:00","dateModified":"2026-02-16T07:03:02+00:00","description":"Le lundi 16 f\u00e9vrier, de 14 h 00 \u00e0 15 h 30, l'Office de tourisme de Port-Vendres propose une visite guid\u00e9e intitul\u00e9e \u00ab Port-Vendres au fil de l'eau \u00bb. Cette sortie, accessible au tarif de 6 \u20ac, s'inscrit dans une programmation culturelle centr\u00e9e sur l'histoire et le patrimoine maritime de la commune. Situ\u00e9e au 1 Quai Fran\u00e7ois Joly, la visite permet de d\u00e9couvrir les diff\u00e9rentes p\u00e9riodes marquantes de Port-Vendres, depuis son origine antique, sous le nom de Portus Veneris, jusqu'\u00e0 sa transformation en port strat\u00e9gique du royaume de Majorque au XIIIe si\u00e8cle. Elle aborde \u00e9galement son rattachement \u00e0 la France en 1659, suite au trait\u00e9 des Pyr\u00e9n\u00e9es, ainsi que les projets d'urbanisation et de fortification men\u00e9s sous Vauban. Le site, abrit\u00e9 naturellement par les contreforts des Alb\u00e8res, est aujourd'hui reconnu comme le second port fruitier de la M\u00e9diterran\u00e9e et le seul port en eau profonde du d\u00e9partement des Pyr\u00e9n\u00e9es-Orientales. La visite explore l'architecture du port, les vestiges historiques, et les activit\u00e9s maritimes contemporaines, notamment la p\u00eache, la plaisance et les escales de croisi\u00e8re. Ce parcours, men\u00e9 par un guide qualifi\u00e9, permet de comprendre les enjeux \u00e9conomiques, g\u00e9ographiques et historiques qui ont fa\u00e7onn\u00e9 Port-Vendres. Elle s'adresse \u00e0 toute personne int\u00e9ress\u00e9e par l'histoire locale, le patrimoine maritime ou la d\u00e9couverte d'un port authentique au c\u0153ur de la M\u00e9diterran\u00e9e. La r\u00e9servation est recommand\u00e9e pour garantir sa participation.","breadcrumb":{"@id":"https:\/\/www.locansol.fr\/evenement\/visite-guidee-port-vendres-au-fil-de-leau\/#breadcrumb"},"inLanguage":"es","potentialAction":[{"@type":"ReadAction","target":["https:\/\/www.locansol.fr\/evenement\/visite-guidee-port-vendres-au-fil-de-leau\/"]}]},{"@type":"ImageObject","inLanguage":"es","@id":"https:\/\/www.locansol.fr\/evenement\/visite-guidee-port-vendres-au-fil-de-leau\/#primaryimage","url":"https:\/\/www.locansol.fr\/wp-content\/uploads\/2026\/02\/port-vendres-histoire-maritime-visite.webp","contentUrl":"https:\/\/www.locansol.fr\/wp-content\/uploads\/2026\/02\/port-vendres-histoire-maritime-visite.webp","width":1920,"height":1440,"caption":"Port-Vendres au fil de l'eau Port-Vendres - Visite guid\u00e9e"},{"@type":"BreadcrumbList","@id":"https:\/\/www.locansol.fr\/evenement\/visite-guidee-port-vendres-au-fil-de-leau\/#breadcrumb","itemListElement":[{"@type":"ListItem","position":1,"name":"Accueil","item":"https:\/\/www.locansol.fr\/"},{"@type":"ListItem","position":2,"name":"\u00c9v\u00e8nements","item":"https:\/\/www.locansol.fr\/evenements\/"},{"@type":"ListItem","position":3,"name":"VISITE GUIDEE \u00ab PORT-VENDRES AU FIL DE L&rsquo;EAU \u00bb"}]},{"@type":"WebSite","@id":"https:\/\/www.locansol.fr\/#website","url":"https:\/\/www.locansol.fr\/","name":"Locansol, louer un h\u00e9bergement dans les Pyr\u00e9n\u00e9es-Orientales","description":"Location Mobil-home Mer M\u00e9diterran\u00e9e &amp; Chalet de Montagne dans les Pyr\u00e9n\u00e9es Orientales (Occitanie, 66). Weekend, s\u00e9jour &amp; vacances en famille et entre amis.","publisher":{"@id":"https:\/\/www.locansol.fr\/#organization"},"alternateName":"Louer un h\u00e9bergement dans les Pyr\u00e9n\u00e9es Orientales, chalet & mobil-home en Occitanie","potentialAction":[{"@type":"SearchAction","target":{"@type":"EntryPoint","urlTemplate":"https:\/\/www.locansol.fr\/?s={search_term_string}"},"query-input":{"@type":"PropertyValueSpecification","valueRequired":true,"valueName":"search_term_string"}}],"inLanguage":"es"},{"@type":"Organization","@id":"https:\/\/www.locansol.fr\/#organization","name":"Location MobilHome & chalet dans les Pyr\u00e9n\u00e9es Orientales","alternateName":"Louer un h\u00e9bergement dans les Pyr\u00e9n\u00e9es Orientales en Occitanie","url":"https:\/\/www.locansol.fr\/","logo":{"@type":"ImageObject","inLanguage":"es","@id":"https:\/\/www.locansol.fr\/#\/schema\/logo\/image\/","url":"https:\/\/www.locansol.fr\/wp-content\/uploads\/2024\/04\/AdobeStock_303324767-scaled.jpeg","contentUrl":"https:\/\/www.locansol.fr\/wp-content\/uploads\/2024\/04\/AdobeStock_303324767-scaled.jpeg","width":2560,"height":1707,"caption":"Location MobilHome & chalet dans les Pyr\u00e9n\u00e9es Orientales"},"image":{"@id":"https:\/\/www.locansol.fr\/#\/schema\/logo\/image\/"}}]}},"_links":{"self":[{"href":"https:\/\/www.locansol.fr\/es\/wp-json\/wp\/v2\/tribe_events\/3397","targetHints":{"allow":["GET"]}}],"collection":[{"href":"https:\/\/www.locansol.fr\/es\/wp-json\/wp\/v2\/tribe_events"}],"about":[{"href":"https:\/\/www.locansol.fr\/es\/wp-json\/wp\/v2\/types\/tribe_events"}],"author":[{"embeddable":true,"href":"https:\/\/www.locansol.fr\/es\/wp-json\/wp\/v2\/users\/5"}],"version-history":[{"count":1,"href":"https:\/\/www.locansol.fr\/es\/wp-json\/wp\/v2\/tribe_events\/3397\/revisions"}],"predecessor-version":[{"id":3398,"href":"https:\/\/www.locansol.fr\/es\/wp-json\/wp\/v2\/tribe_events\/3397\/revisions\/3398"}],"wp:featuredmedia":[{"embeddable":true,"href":"https:\/\/www.locansol.fr\/es\/wp-json\/wp\/v2\/media\/3393"}],"wp:attachment":[{"href":"https:\/\/www.locansol.fr\/es\/wp-json\/wp\/v2\/media?parent=3397"}],"wp:term":[{"taxonomy":"post_tag","embeddable":true,"href":"https:\/\/www.locansol.fr\/es\/wp-json\/wp\/v2\/tags?post=3397"},{"taxonomy":"tribe_events_cat","embeddable":true,"href":"https:\/\/www.locansol.fr\/es\/wp-json\/wp\/v2\/tribe_events_cat?post=3397"}],"curies":[{"name":"wp","href":"https:\/\/api.w.org\/{rel}","templated":true}]}}