{"id":3569,"date":"2026-02-17T08:28:41","date_gmt":"2026-02-17T07:28:41","guid":{"rendered":"https:\/\/www.locansol.fr\/evenement\/expo-photos-expressions-5\/"},"modified":"2026-02-17T08:28:43","modified_gmt":"2026-02-17T07:28:43","slug":"expo-photos-expressions-5","status":"publish","type":"tribe_events","link":"https:\/\/www.locansol.fr\/es\/evenement\/expo-photos-expressions-5\/","title":{"rendered":"EXPO PHOTOS EXPRESSIONS"},"content":{"rendered":"<p>L&rsquo;exposition photographique \u00ab Expressions \u00bb de l&rsquo;artiste Viviane Lacoste se tiendra le mardi 17 f\u00e9vrier de 16h00 \u00e0 20h00 \u00e0 la salle Cal Panche, situ\u00e9e dans le vieux village des Angles, dans les Pyr\u00e9n\u00e9es-Orientales. Cette exposition, enti\u00e8rement gratuite, pr\u00e9sente une s\u00e9lection d&rsquo;images o\u00f9 l&rsquo;artiste cherche \u00e0 capter l&rsquo;\u00e9motion et la beaut\u00e9 \u00e0 travers chaque prise de vue. Viviane Lacoste, sensible et soucieuse de faire plaisir, consid\u00e8re que la photographie n&rsquo;est pas simplement une repr\u00e9sentation d&rsquo;un sujet, mais une forme d&rsquo;existence en soi. L&rsquo;espace de la salle Cal Panche, lieu culturel r\u00e9guli\u00e8rement anim\u00e9, accueille chaque ann\u00e9e plusieurs expositions, offrant un cadre chaleureux et intimiste pour d\u00e9couvrir des cr\u00e9ations artistiques. L&rsquo;exposition propose un parcours visuel riche, m\u00ealant paysages aux couleurs chaudes, notamment des dunes et d\u00e9serts, ainsi que des portraits d&rsquo;animaux, comme un renard captur\u00e9 avec une patience et une passion remarquables. Ce moment d&rsquo;\u00e9vasion artistique est ouvert \u00e0 tous, sans r\u00e9servation n\u00e9cessaire, et s&rsquo;inscrit dans une programmation culturelle locale qui valorise les talents locaux. Il s\u2019agit d\u2019une opportunit\u00e9 de d\u00e9couvrir une d\u00e9marche photographique engag\u00e9e, po\u00e9tique et profond\u00e9ment humaine.<\/p>\n<p><\/p>\n<h3>R\u00e9servez votre h\u00e9bergement dans les Pyr\u00e9n\u00e9es-Orientales :<\/h3>\n<p><b><a href='https:\/\/www.locansol.fr\/es\/alquiler-mobil-home-mediterraneo\/'>Mobil-home Locansol \u00e0 Argel\u00e8s-sur-Mer<\/a><\/b><br \/>Trajet le plus court : 61 km<br \/>Trajet le plus rapide : 1 h 0 min<\/p>\n<p><b><a href='https:\/\/www.locansol.fr\/es\/alquiler-chalet-cerdana\/'>Chalet Locansol \u00e0 Estavar<\/a><\/b><br \/>Trajet le plus court : 65 km<br \/>Trajet le plus rapide : 1 h 14 min<\/p>","protected":false},"excerpt":{"rendered":"<p>L&rsquo;exposition photographique \u00ab Expressions \u00bb de l&rsquo;artiste Viviane Lacoste se tiendra le mardi 17 f\u00e9vrier de 16h00 \u00e0 20h00 \u00e0 la salle Cal Panche, situ\u00e9e dans le vieux village des [&hellip;]<\/p>","protected":false},"author":5,"featured_media":3566,"template":"","meta":{"_yoast_wpseo_focuskw":"EXPO PHOTOS EXPRESSIONS","_yoast_wpseo_title":"EXPO PHOTOS EXPRESSIONS","_yoast_wpseo_metadesc":"L'exposition photographique \u00ab Expressions \u00bb de l'artiste Viviane Lacoste se tiendra le mardi 17 f\u00e9vrier de 16h00 \u00e0 20h00 \u00e0 la salle Cal Panche, situ\u00e9e dans le vieux village des Angles, dans les Pyr\u00e9n\u00e9es-Orientales. Cette exposition, enti\u00e8rement gratuite, pr\u00e9sente une s\u00e9lection d'images o\u00f9 l'artiste cherche \u00e0 capter l'\u00e9motion et la beaut\u00e9 \u00e0 travers chaque prise de vue. Viviane Lacoste, sensible et soucieuse de faire plaisir, consid\u00e8re que la photographie n'est pas simplement une repr\u00e9sentation d'un sujet, mais une forme d'existence en soi. L'espace de la salle Cal Panche, lieu culturel r\u00e9guli\u00e8rement anim\u00e9, accueille chaque ann\u00e9e plusieurs expositions, offrant un cadre chaleureux et intimiste pour d\u00e9couvrir des cr\u00e9ations artistiques. L'exposition propose un parcours visuel riche, m\u00ealant paysages aux couleurs chaudes, notamment des dunes et d\u00e9serts, ainsi que des portraits d'animaux, comme un renard captur\u00e9 avec une patience et une passion remarquables. Ce moment d'\u00e9vasion artistique est ouvert \u00e0 tous, sans r\u00e9servation n\u00e9cessaire, et s'inscrit dans une programmation culturelle locale qui valorise les talents locaux. Il s\u2019agit d\u2019une opportunit\u00e9 de d\u00e9couvrir une d\u00e9marche photographique engag\u00e9e, po\u00e9tique et profond\u00e9ment humaine.","_yoast_wpseo_canonical":"","_yoast_wpseo_opengraph-title":"EXPO PHOTOS EXPRESSIONS","_yoast_wpseo_opengraph-description":"L'exposition photographique \u00ab Expressions \u00bb de l'artiste Viviane Lacoste se tiendra le mardi 17 f\u00e9vrier de 16h00 \u00e0 20h00 \u00e0 la salle Cal Panche, situ\u00e9e dans le vieux village des Angles, dans les Pyr\u00e9n\u00e9es-Orientales. Cette exposition, enti\u00e8rement gratuite, pr\u00e9sente une s\u00e9lection d'images o\u00f9 l'artiste cherche \u00e0 capter l'\u00e9motion et la beaut\u00e9 \u00e0 travers chaque prise de vue. Viviane Lacoste, sensible et soucieuse de faire plaisir, consid\u00e8re que la photographie n'est pas simplement une repr\u00e9sentation d'un sujet, mais une forme d'existence en soi. L'espace de la salle Cal Panche, lieu culturel r\u00e9guli\u00e8rement anim\u00e9, accueille chaque ann\u00e9e plusieurs expositions, offrant un cadre chaleureux et intimiste pour d\u00e9couvrir des cr\u00e9ations artistiques. L'exposition propose un parcours visuel riche, m\u00ealant paysages aux couleurs chaudes, notamment des dunes et d\u00e9serts, ainsi que des portraits d'animaux, comme un renard captur\u00e9 avec une patience et une passion remarquables. Ce moment d'\u00e9vasion artistique est ouvert \u00e0 tous, sans r\u00e9servation n\u00e9cessaire, et s'inscrit dans une programmation culturelle locale qui valorise les talents locaux. Il s\u2019agit d\u2019une opportunit\u00e9 de d\u00e9couvrir une d\u00e9marche photographique engag\u00e9e, po\u00e9tique et profond\u00e9ment humaine.","_yoast_wpseo_opengraph-image":"https:\/\/www.locansol.fr\/wp-content\/uploads\/2026\/02\/exposition-photo-les-angles.webp","_yoast_wpseo_opengraph-image-id":"3566","_yoast_wpseo_twitter-title":"EXPO PHOTOS EXPRESSIONS","_yoast_wpseo_twitter-description":"L'exposition photographique \u00ab Expressions \u00bb de l'artiste Viviane Lacoste se tiendra le mardi 17 f\u00e9vrier de 16h00 \u00e0 20h00 \u00e0 la salle Cal Panche, situ\u00e9e dans le vieux village des Angles, dans les Pyr\u00e9n\u00e9es-Orientales. Cette exposition, enti\u00e8rement gratuite, pr\u00e9sente une s\u00e9lection d'images o\u00f9 l'artiste cherche \u00e0 capter l'\u00e9motion et la beaut\u00e9 \u00e0 travers chaque prise de vue. Viviane Lacoste, sensible et soucieuse de faire plaisir, consid\u00e8re que la photographie n'est pas simplement une repr\u00e9sentation d'un sujet, mais une forme d'existence en soi. L'espace de la salle Cal Panche, lieu culturel r\u00e9guli\u00e8rement anim\u00e9, accueille chaque ann\u00e9e plusieurs expositions, offrant un cadre chaleureux et intimiste pour d\u00e9couvrir des cr\u00e9ations artistiques. L'exposition propose un parcours visuel riche, m\u00ealant paysages aux couleurs chaudes, notamment des dunes et d\u00e9serts, ainsi que des portraits d'animaux, comme un renard captur\u00e9 avec une patience et une passion remarquables. Ce moment d'\u00e9vasion artistique est ouvert \u00e0 tous, sans r\u00e9servation n\u00e9cessaire, et s'inscrit dans une programmation culturelle locale qui valorise les talents locaux. Il s\u2019agit d\u2019une opportunit\u00e9 de d\u00e9couvrir une d\u00e9marche photographique engag\u00e9e, po\u00e9tique et profond\u00e9ment humaine.","_yoast_wpseo_twitter-image":"https:\/\/www.locansol.fr\/wp-content\/uploads\/2026\/02\/exposition-photo-les-angles.webp","_yoast_wpseo_twitter-image-id":"3566}","yoast_primary_category":"Exposition","_tribe_events_status":"","_tribe_events_status_reason":"","_tribe_events_is_hybrid":"","_tribe_events_is_virtual":"","_tribe_events_virtual_video_source":"","_tribe_events_virtual_embed_video":"","_tribe_events_virtual_linked_button_text":"","_tribe_events_virtual_linked_button":"","_tribe_events_virtual_show_embed_at":"","_tribe_events_virtual_show_embed_to":[],"_tribe_events_virtual_show_on_event":"","_tribe_events_virtual_show_on_views":"","_tribe_events_virtual_url":"","footnotes":""},"tags":[66,76],"tribe_events_cat":[138,90,127,169],"class_list":["post-3569","tribe_events","type-tribe_events","status-publish","has-post-thumbnail","hentry","tag-evenement-culturel","tag-pyrenees-orientales","tribe_events_cat-evenement-culturel","tribe_events_cat-exposition","tribe_events_cat-photographie","tribe_events_cat-pyrenees-orientales","cat_evenement-culturel","cat_exposition","cat_photographie","cat_pyrenees-orientales"],"yoast_head":"<!-- This site is optimized with the Yoast SEO Premium plugin v23.3 (Yoast SEO v26.9) - https:\/\/yoast.com\/product\/yoast-seo-premium-wordpress\/ -->\n<title>EXPO PHOTOS EXPRESSIONS<\/title>\n<meta name=\"description\" content=\"L&#039;exposition photographique \u00ab Expressions \u00bb de l&#039;artiste Viviane Lacoste se tiendra le mardi 17 f\u00e9vrier de 16h00 \u00e0 20h00 \u00e0 la salle Cal Panche, situ\u00e9e dans le vieux village des Angles, dans les Pyr\u00e9n\u00e9es-Orientales. Cette exposition, enti\u00e8rement gratuite, pr\u00e9sente une s\u00e9lection d&#039;images o\u00f9 l&#039;artiste cherche \u00e0 capter l&#039;\u00e9motion et la beaut\u00e9 \u00e0 travers chaque prise de vue. Viviane Lacoste, sensible et soucieuse de faire plaisir, consid\u00e8re que la photographie n&#039;est pas simplement une repr\u00e9sentation d&#039;un sujet, mais une forme d&#039;existence en soi. L&#039;espace de la salle Cal Panche, lieu culturel r\u00e9guli\u00e8rement anim\u00e9, accueille chaque ann\u00e9e plusieurs expositions, offrant un cadre chaleureux et intimiste pour d\u00e9couvrir des cr\u00e9ations artistiques. L&#039;exposition propose un parcours visuel riche, m\u00ealant paysages aux couleurs chaudes, notamment des dunes et d\u00e9serts, ainsi que des portraits d&#039;animaux, comme un renard captur\u00e9 avec une patience et une passion remarquables. Ce moment d&#039;\u00e9vasion artistique est ouvert \u00e0 tous, sans r\u00e9servation n\u00e9cessaire, et s&#039;inscrit dans une programmation culturelle locale qui valorise les talents locaux. Il s\u2019agit d\u2019une opportunit\u00e9 de d\u00e9couvrir une d\u00e9marche photographique engag\u00e9e, po\u00e9tique et profond\u00e9ment humaine.\" \/>\n<meta name=\"robots\" content=\"index, follow, max-snippet:-1, max-image-preview:large, max-video-preview:-1\" \/>\n<link rel=\"canonical\" href=\"https:\/\/www.locansol.fr\/es\/evenement\/expo-photos-expressions-5\/\" \/>\n<meta property=\"og:locale\" content=\"es_ES\" \/>\n<meta property=\"og:type\" content=\"article\" \/>\n<meta property=\"og:title\" content=\"EXPO PHOTOS EXPRESSIONS\" \/>\n<meta property=\"og:description\" content=\"L&#039;exposition photographique \u00ab Expressions \u00bb de l&#039;artiste Viviane Lacoste se tiendra le mardi 17 f\u00e9vrier de 16h00 \u00e0 20h00 \u00e0 la salle Cal Panche, situ\u00e9e dans le vieux village des Angles, dans les Pyr\u00e9n\u00e9es-Orientales. Cette exposition, enti\u00e8rement gratuite, pr\u00e9sente une s\u00e9lection d&#039;images o\u00f9 l&#039;artiste cherche \u00e0 capter l&#039;\u00e9motion et la beaut\u00e9 \u00e0 travers chaque prise de vue. Viviane Lacoste, sensible et soucieuse de faire plaisir, consid\u00e8re que la photographie n&#039;est pas simplement une repr\u00e9sentation d&#039;un sujet, mais une forme d&#039;existence en soi. L&#039;espace de la salle Cal Panche, lieu culturel r\u00e9guli\u00e8rement anim\u00e9, accueille chaque ann\u00e9e plusieurs expositions, offrant un cadre chaleureux et intimiste pour d\u00e9couvrir des cr\u00e9ations artistiques. L&#039;exposition propose un parcours visuel riche, m\u00ealant paysages aux couleurs chaudes, notamment des dunes et d\u00e9serts, ainsi que des portraits d&#039;animaux, comme un renard captur\u00e9 avec une patience et une passion remarquables. Ce moment d&#039;\u00e9vasion artistique est ouvert \u00e0 tous, sans r\u00e9servation n\u00e9cessaire, et s&#039;inscrit dans une programmation culturelle locale qui valorise les talents locaux. Il s\u2019agit d\u2019une opportunit\u00e9 de d\u00e9couvrir une d\u00e9marche photographique engag\u00e9e, po\u00e9tique et profond\u00e9ment humaine.\" \/>\n<meta property=\"og:url\" content=\"https:\/\/www.locansol.fr\/es\/evenement\/expo-photos-expressions-5\/\" \/>\n<meta property=\"og:site_name\" content=\"Locansol, louer un h\u00e9bergement dans les Pyr\u00e9n\u00e9es Orientales\" \/>\n<meta property=\"article:modified_time\" content=\"2026-02-17T07:28:43+00:00\" \/>\n<meta property=\"og:image\" content=\"https:\/\/www.locansol.fr\/wp-content\/uploads\/2026\/02\/exposition-photo-les-angles.webp\" \/>\n\t<meta property=\"og:image:width\" content=\"1131\" \/>\n\t<meta property=\"og:image:height\" content=\"1600\" \/>\n\t<meta property=\"og:image:type\" content=\"image\/webp\" \/>\n<meta name=\"twitter:card\" content=\"summary_large_image\" \/>\n<meta name=\"twitter:title\" content=\"EXPO PHOTOS EXPRESSIONS\" \/>\n<meta name=\"twitter:description\" content=\"L&#039;exposition photographique \u00ab Expressions \u00bb de l&#039;artiste Viviane Lacoste se tiendra le mardi 17 f\u00e9vrier de 16h00 \u00e0 20h00 \u00e0 la salle Cal Panche, situ\u00e9e dans le vieux village des Angles, dans les Pyr\u00e9n\u00e9es-Orientales. Cette exposition, enti\u00e8rement gratuite, pr\u00e9sente une s\u00e9lection d&#039;images o\u00f9 l&#039;artiste cherche \u00e0 capter l&#039;\u00e9motion et la beaut\u00e9 \u00e0 travers chaque prise de vue. Viviane Lacoste, sensible et soucieuse de faire plaisir, consid\u00e8re que la photographie n&#039;est pas simplement une repr\u00e9sentation d&#039;un sujet, mais une forme d&#039;existence en soi. L&#039;espace de la salle Cal Panche, lieu culturel r\u00e9guli\u00e8rement anim\u00e9, accueille chaque ann\u00e9e plusieurs expositions, offrant un cadre chaleureux et intimiste pour d\u00e9couvrir des cr\u00e9ations artistiques. L&#039;exposition propose un parcours visuel riche, m\u00ealant paysages aux couleurs chaudes, notamment des dunes et d\u00e9serts, ainsi que des portraits d&#039;animaux, comme un renard captur\u00e9 avec une patience et une passion remarquables. Ce moment d&#039;\u00e9vasion artistique est ouvert \u00e0 tous, sans r\u00e9servation n\u00e9cessaire, et s&#039;inscrit dans une programmation culturelle locale qui valorise les talents locaux. Il s\u2019agit d\u2019une opportunit\u00e9 de d\u00e9couvrir une d\u00e9marche photographique engag\u00e9e, po\u00e9tique et profond\u00e9ment humaine.\" \/>\n<meta name=\"twitter:image\" content=\"https:\/\/www.locansol.fr\/wp-content\/uploads\/2026\/02\/exposition-photo-les-angles.webp\" \/>\n<meta name=\"twitter:label1\" content=\"Tiempo de lectura\" \/>\n\t<meta name=\"twitter:data1\" content=\"1 minuto\" \/>\n<script type=\"application\/ld+json\" class=\"yoast-schema-graph\">{\"@context\":\"https:\/\/schema.org\",\"@graph\":[{\"@type\":\"WebPage\",\"@id\":\"https:\/\/www.locansol.fr\/evenement\/expo-photos-expressions-5\/\",\"url\":\"https:\/\/www.locansol.fr\/evenement\/expo-photos-expressions-5\/\",\"name\":\"EXPO PHOTOS EXPRESSIONS\",\"isPartOf\":{\"@id\":\"https:\/\/www.locansol.fr\/#website\"},\"primaryImageOfPage\":{\"@id\":\"https:\/\/www.locansol.fr\/evenement\/expo-photos-expressions-5\/#primaryimage\"},\"image\":{\"@id\":\"https:\/\/www.locansol.fr\/evenement\/expo-photos-expressions-5\/#primaryimage\"},\"thumbnailUrl\":\"https:\/\/www.locansol.fr\/wp-content\/uploads\/2026\/02\/exposition-photo-les-angles.webp\",\"datePublished\":\"2026-02-17T07:28:41+00:00\",\"dateModified\":\"2026-02-17T07:28:43+00:00\",\"description\":\"L'exposition photographique \u00ab Expressions \u00bb de l'artiste Viviane Lacoste se tiendra le mardi 17 f\u00e9vrier de 16h00 \u00e0 20h00 \u00e0 la salle Cal Panche, situ\u00e9e dans le vieux village des Angles, dans les Pyr\u00e9n\u00e9es-Orientales. Cette exposition, enti\u00e8rement gratuite, pr\u00e9sente une s\u00e9lection d'images o\u00f9 l'artiste cherche \u00e0 capter l'\u00e9motion et la beaut\u00e9 \u00e0 travers chaque prise de vue. Viviane Lacoste, sensible et soucieuse de faire plaisir, consid\u00e8re que la photographie n'est pas simplement une repr\u00e9sentation d'un sujet, mais une forme d'existence en soi. L'espace de la salle Cal Panche, lieu culturel r\u00e9guli\u00e8rement anim\u00e9, accueille chaque ann\u00e9e plusieurs expositions, offrant un cadre chaleureux et intimiste pour d\u00e9couvrir des cr\u00e9ations artistiques. L'exposition propose un parcours visuel riche, m\u00ealant paysages aux couleurs chaudes, notamment des dunes et d\u00e9serts, ainsi que des portraits d'animaux, comme un renard captur\u00e9 avec une patience et une passion remarquables. Ce moment d'\u00e9vasion artistique est ouvert \u00e0 tous, sans r\u00e9servation n\u00e9cessaire, et s'inscrit dans une programmation culturelle locale qui valorise les talents locaux. Il s\u2019agit d\u2019une opportunit\u00e9 de d\u00e9couvrir une d\u00e9marche photographique engag\u00e9e, po\u00e9tique et profond\u00e9ment humaine.\",\"breadcrumb\":{\"@id\":\"https:\/\/www.locansol.fr\/evenement\/expo-photos-expressions-5\/#breadcrumb\"},\"inLanguage\":\"es\",\"potentialAction\":[{\"@type\":\"ReadAction\",\"target\":[\"https:\/\/www.locansol.fr\/evenement\/expo-photos-expressions-5\/\"]}]},{\"@type\":\"ImageObject\",\"inLanguage\":\"es\",\"@id\":\"https:\/\/www.locansol.fr\/evenement\/expo-photos-expressions-5\/#primaryimage\",\"url\":\"https:\/\/www.locansol.fr\/wp-content\/uploads\/2026\/02\/exposition-photo-les-angles.webp\",\"contentUrl\":\"https:\/\/www.locansol.fr\/wp-content\/uploads\/2026\/02\/exposition-photo-les-angles.webp\",\"width\":1131,\"height\":1600,\"caption\":\"Expo photo Expressions Les Angles - D\u00e9couverte artistique\"},{\"@type\":\"BreadcrumbList\",\"@id\":\"https:\/\/www.locansol.fr\/evenement\/expo-photos-expressions-5\/#breadcrumb\",\"itemListElement\":[{\"@type\":\"ListItem\",\"position\":1,\"name\":\"Accueil\",\"item\":\"https:\/\/www.locansol.fr\/\"},{\"@type\":\"ListItem\",\"position\":2,\"name\":\"\u00c9v\u00e8nements\",\"item\":\"https:\/\/www.locansol.fr\/evenements\/\"},{\"@type\":\"ListItem\",\"position\":3,\"name\":\"EXPO PHOTOS EXPRESSIONS\"}]},{\"@type\":\"WebSite\",\"@id\":\"https:\/\/www.locansol.fr\/#website\",\"url\":\"https:\/\/www.locansol.fr\/\",\"name\":\"Locansol, louer un h\u00e9bergement dans les Pyr\u00e9n\u00e9es-Orientales\",\"description\":\"Location Mobil-home Mer M\u00e9diterran\u00e9e &amp; Chalet de Montagne dans les Pyr\u00e9n\u00e9es Orientales (Occitanie, 66). Weekend, s\u00e9jour &amp; vacances en famille et entre amis.\",\"publisher\":{\"@id\":\"https:\/\/www.locansol.fr\/#organization\"},\"alternateName\":\"Louer un h\u00e9bergement dans les Pyr\u00e9n\u00e9es Orientales, chalet & mobil-home en Occitanie\",\"potentialAction\":[{\"@type\":\"SearchAction\",\"target\":{\"@type\":\"EntryPoint\",\"urlTemplate\":\"https:\/\/www.locansol.fr\/?s={search_term_string}\"},\"query-input\":{\"@type\":\"PropertyValueSpecification\",\"valueRequired\":true,\"valueName\":\"search_term_string\"}}],\"inLanguage\":\"es\"},{\"@type\":\"Organization\",\"@id\":\"https:\/\/www.locansol.fr\/#organization\",\"name\":\"Location MobilHome & chalet dans les Pyr\u00e9n\u00e9es Orientales\",\"alternateName\":\"Louer un h\u00e9bergement dans les Pyr\u00e9n\u00e9es Orientales en Occitanie\",\"url\":\"https:\/\/www.locansol.fr\/\",\"logo\":{\"@type\":\"ImageObject\",\"inLanguage\":\"es\",\"@id\":\"https:\/\/www.locansol.fr\/#\/schema\/logo\/image\/\",\"url\":\"https:\/\/www.locansol.fr\/wp-content\/uploads\/2024\/04\/AdobeStock_303324767-scaled.jpeg\",\"contentUrl\":\"https:\/\/www.locansol.fr\/wp-content\/uploads\/2024\/04\/AdobeStock_303324767-scaled.jpeg\",\"width\":2560,\"height\":1707,\"caption\":\"Location MobilHome & chalet dans les Pyr\u00e9n\u00e9es Orientales\"},\"image\":{\"@id\":\"https:\/\/www.locansol.fr\/#\/schema\/logo\/image\/\"}}]}<\/script>\n<!-- \/ Yoast SEO Premium plugin. -->","yoast_head_json":{"title":"EXPO PHOTOS EXPRESSIONS","description":"L'exposition photographique \u00ab Expressions \u00bb de l'artiste Viviane Lacoste se tiendra le mardi 17 f\u00e9vrier de 16h00 \u00e0 20h00 \u00e0 la salle Cal Panche, situ\u00e9e dans le vieux village des Angles, dans les Pyr\u00e9n\u00e9es-Orientales. Cette exposition, enti\u00e8rement gratuite, pr\u00e9sente une s\u00e9lection d'images o\u00f9 l'artiste cherche \u00e0 capter l'\u00e9motion et la beaut\u00e9 \u00e0 travers chaque prise de vue. Viviane Lacoste, sensible et soucieuse de faire plaisir, consid\u00e8re que la photographie n'est pas simplement une repr\u00e9sentation d'un sujet, mais une forme d'existence en soi. L'espace de la salle Cal Panche, lieu culturel r\u00e9guli\u00e8rement anim\u00e9, accueille chaque ann\u00e9e plusieurs expositions, offrant un cadre chaleureux et intimiste pour d\u00e9couvrir des cr\u00e9ations artistiques. L'exposition propose un parcours visuel riche, m\u00ealant paysages aux couleurs chaudes, notamment des dunes et d\u00e9serts, ainsi que des portraits d'animaux, comme un renard captur\u00e9 avec une patience et une passion remarquables. Ce moment d'\u00e9vasion artistique est ouvert \u00e0 tous, sans r\u00e9servation n\u00e9cessaire, et s'inscrit dans une programmation culturelle locale qui valorise les talents locaux. Il s\u2019agit d\u2019une opportunit\u00e9 de d\u00e9couvrir une d\u00e9marche photographique engag\u00e9e, po\u00e9tique et profond\u00e9ment humaine.","robots":{"index":"index","follow":"follow","max-snippet":"max-snippet:-1","max-image-preview":"max-image-preview:large","max-video-preview":"max-video-preview:-1"},"canonical":"https:\/\/www.locansol.fr\/es\/evenement\/expo-photos-expressions-5\/","og_locale":"es_ES","og_type":"article","og_title":"EXPO PHOTOS EXPRESSIONS","og_description":"L'exposition photographique \u00ab Expressions \u00bb de l'artiste Viviane Lacoste se tiendra le mardi 17 f\u00e9vrier de 16h00 \u00e0 20h00 \u00e0 la salle Cal Panche, situ\u00e9e dans le vieux village des Angles, dans les Pyr\u00e9n\u00e9es-Orientales. Cette exposition, enti\u00e8rement gratuite, pr\u00e9sente une s\u00e9lection d'images o\u00f9 l'artiste cherche \u00e0 capter l'\u00e9motion et la beaut\u00e9 \u00e0 travers chaque prise de vue. Viviane Lacoste, sensible et soucieuse de faire plaisir, consid\u00e8re que la photographie n'est pas simplement une repr\u00e9sentation d'un sujet, mais une forme d'existence en soi. L'espace de la salle Cal Panche, lieu culturel r\u00e9guli\u00e8rement anim\u00e9, accueille chaque ann\u00e9e plusieurs expositions, offrant un cadre chaleureux et intimiste pour d\u00e9couvrir des cr\u00e9ations artistiques. L'exposition propose un parcours visuel riche, m\u00ealant paysages aux couleurs chaudes, notamment des dunes et d\u00e9serts, ainsi que des portraits d'animaux, comme un renard captur\u00e9 avec une patience et une passion remarquables. Ce moment d'\u00e9vasion artistique est ouvert \u00e0 tous, sans r\u00e9servation n\u00e9cessaire, et s'inscrit dans une programmation culturelle locale qui valorise les talents locaux. Il s\u2019agit d\u2019une opportunit\u00e9 de d\u00e9couvrir une d\u00e9marche photographique engag\u00e9e, po\u00e9tique et profond\u00e9ment humaine.","og_url":"https:\/\/www.locansol.fr\/es\/evenement\/expo-photos-expressions-5\/","og_site_name":"Locansol, louer un h\u00e9bergement dans les Pyr\u00e9n\u00e9es Orientales","article_modified_time":"2026-02-17T07:28:43+00:00","og_image":[{"width":1131,"height":1600,"url":"https:\/\/www.locansol.fr\/wp-content\/uploads\/2026\/02\/exposition-photo-les-angles.webp","type":"image\/webp"}],"twitter_card":"summary_large_image","twitter_title":"EXPO PHOTOS EXPRESSIONS","twitter_description":"L'exposition photographique \u00ab Expressions \u00bb de l'artiste Viviane Lacoste se tiendra le mardi 17 f\u00e9vrier de 16h00 \u00e0 20h00 \u00e0 la salle Cal Panche, situ\u00e9e dans le vieux village des Angles, dans les Pyr\u00e9n\u00e9es-Orientales. Cette exposition, enti\u00e8rement gratuite, pr\u00e9sente une s\u00e9lection d'images o\u00f9 l'artiste cherche \u00e0 capter l'\u00e9motion et la beaut\u00e9 \u00e0 travers chaque prise de vue. Viviane Lacoste, sensible et soucieuse de faire plaisir, consid\u00e8re que la photographie n'est pas simplement une repr\u00e9sentation d'un sujet, mais une forme d'existence en soi. L'espace de la salle Cal Panche, lieu culturel r\u00e9guli\u00e8rement anim\u00e9, accueille chaque ann\u00e9e plusieurs expositions, offrant un cadre chaleureux et intimiste pour d\u00e9couvrir des cr\u00e9ations artistiques. L'exposition propose un parcours visuel riche, m\u00ealant paysages aux couleurs chaudes, notamment des dunes et d\u00e9serts, ainsi que des portraits d'animaux, comme un renard captur\u00e9 avec une patience et une passion remarquables. Ce moment d'\u00e9vasion artistique est ouvert \u00e0 tous, sans r\u00e9servation n\u00e9cessaire, et s'inscrit dans une programmation culturelle locale qui valorise les talents locaux. Il s\u2019agit d\u2019une opportunit\u00e9 de d\u00e9couvrir une d\u00e9marche photographique engag\u00e9e, po\u00e9tique et profond\u00e9ment humaine.","twitter_image":"https:\/\/www.locansol.fr\/wp-content\/uploads\/2026\/02\/exposition-photo-les-angles.webp","twitter_misc":{"Tiempo de lectura":"1 minuto"},"schema":{"@context":"https:\/\/schema.org","@graph":[{"@type":"WebPage","@id":"https:\/\/www.locansol.fr\/evenement\/expo-photos-expressions-5\/","url":"https:\/\/www.locansol.fr\/evenement\/expo-photos-expressions-5\/","name":"EXPO PHOTOS EXPRESSIONS","isPartOf":{"@id":"https:\/\/www.locansol.fr\/#website"},"primaryImageOfPage":{"@id":"https:\/\/www.locansol.fr\/evenement\/expo-photos-expressions-5\/#primaryimage"},"image":{"@id":"https:\/\/www.locansol.fr\/evenement\/expo-photos-expressions-5\/#primaryimage"},"thumbnailUrl":"https:\/\/www.locansol.fr\/wp-content\/uploads\/2026\/02\/exposition-photo-les-angles.webp","datePublished":"2026-02-17T07:28:41+00:00","dateModified":"2026-02-17T07:28:43+00:00","description":"L'exposition photographique \u00ab Expressions \u00bb de l'artiste Viviane Lacoste se tiendra le mardi 17 f\u00e9vrier de 16h00 \u00e0 20h00 \u00e0 la salle Cal Panche, situ\u00e9e dans le vieux village des Angles, dans les Pyr\u00e9n\u00e9es-Orientales. Cette exposition, enti\u00e8rement gratuite, pr\u00e9sente une s\u00e9lection d'images o\u00f9 l'artiste cherche \u00e0 capter l'\u00e9motion et la beaut\u00e9 \u00e0 travers chaque prise de vue. Viviane Lacoste, sensible et soucieuse de faire plaisir, consid\u00e8re que la photographie n'est pas simplement une repr\u00e9sentation d'un sujet, mais une forme d'existence en soi. L'espace de la salle Cal Panche, lieu culturel r\u00e9guli\u00e8rement anim\u00e9, accueille chaque ann\u00e9e plusieurs expositions, offrant un cadre chaleureux et intimiste pour d\u00e9couvrir des cr\u00e9ations artistiques. L'exposition propose un parcours visuel riche, m\u00ealant paysages aux couleurs chaudes, notamment des dunes et d\u00e9serts, ainsi que des portraits d'animaux, comme un renard captur\u00e9 avec une patience et une passion remarquables. Ce moment d'\u00e9vasion artistique est ouvert \u00e0 tous, sans r\u00e9servation n\u00e9cessaire, et s'inscrit dans une programmation culturelle locale qui valorise les talents locaux. Il s\u2019agit d\u2019une opportunit\u00e9 de d\u00e9couvrir une d\u00e9marche photographique engag\u00e9e, po\u00e9tique et profond\u00e9ment humaine.","breadcrumb":{"@id":"https:\/\/www.locansol.fr\/evenement\/expo-photos-expressions-5\/#breadcrumb"},"inLanguage":"es","potentialAction":[{"@type":"ReadAction","target":["https:\/\/www.locansol.fr\/evenement\/expo-photos-expressions-5\/"]}]},{"@type":"ImageObject","inLanguage":"es","@id":"https:\/\/www.locansol.fr\/evenement\/expo-photos-expressions-5\/#primaryimage","url":"https:\/\/www.locansol.fr\/wp-content\/uploads\/2026\/02\/exposition-photo-les-angles.webp","contentUrl":"https:\/\/www.locansol.fr\/wp-content\/uploads\/2026\/02\/exposition-photo-les-angles.webp","width":1131,"height":1600,"caption":"Expo photo Expressions Les Angles - D\u00e9couverte artistique"},{"@type":"BreadcrumbList","@id":"https:\/\/www.locansol.fr\/evenement\/expo-photos-expressions-5\/#breadcrumb","itemListElement":[{"@type":"ListItem","position":1,"name":"Accueil","item":"https:\/\/www.locansol.fr\/"},{"@type":"ListItem","position":2,"name":"\u00c9v\u00e8nements","item":"https:\/\/www.locansol.fr\/evenements\/"},{"@type":"ListItem","position":3,"name":"EXPO PHOTOS EXPRESSIONS"}]},{"@type":"WebSite","@id":"https:\/\/www.locansol.fr\/#website","url":"https:\/\/www.locansol.fr\/","name":"Locansol, louer un h\u00e9bergement dans les Pyr\u00e9n\u00e9es-Orientales","description":"Location Mobil-home Mer M\u00e9diterran\u00e9e &amp; Chalet de Montagne dans les Pyr\u00e9n\u00e9es Orientales (Occitanie, 66). Weekend, s\u00e9jour &amp; vacances en famille et entre amis.","publisher":{"@id":"https:\/\/www.locansol.fr\/#organization"},"alternateName":"Louer un h\u00e9bergement dans les Pyr\u00e9n\u00e9es Orientales, chalet & mobil-home en Occitanie","potentialAction":[{"@type":"SearchAction","target":{"@type":"EntryPoint","urlTemplate":"https:\/\/www.locansol.fr\/?s={search_term_string}"},"query-input":{"@type":"PropertyValueSpecification","valueRequired":true,"valueName":"search_term_string"}}],"inLanguage":"es"},{"@type":"Organization","@id":"https:\/\/www.locansol.fr\/#organization","name":"Location MobilHome & chalet dans les Pyr\u00e9n\u00e9es Orientales","alternateName":"Louer un h\u00e9bergement dans les Pyr\u00e9n\u00e9es Orientales en Occitanie","url":"https:\/\/www.locansol.fr\/","logo":{"@type":"ImageObject","inLanguage":"es","@id":"https:\/\/www.locansol.fr\/#\/schema\/logo\/image\/","url":"https:\/\/www.locansol.fr\/wp-content\/uploads\/2024\/04\/AdobeStock_303324767-scaled.jpeg","contentUrl":"https:\/\/www.locansol.fr\/wp-content\/uploads\/2024\/04\/AdobeStock_303324767-scaled.jpeg","width":2560,"height":1707,"caption":"Location MobilHome & chalet dans les Pyr\u00e9n\u00e9es Orientales"},"image":{"@id":"https:\/\/www.locansol.fr\/#\/schema\/logo\/image\/"}}]}},"_links":{"self":[{"href":"https:\/\/www.locansol.fr\/es\/wp-json\/wp\/v2\/tribe_events\/3569","targetHints":{"allow":["GET"]}}],"collection":[{"href":"https:\/\/www.locansol.fr\/es\/wp-json\/wp\/v2\/tribe_events"}],"about":[{"href":"https:\/\/www.locansol.fr\/es\/wp-json\/wp\/v2\/types\/tribe_events"}],"author":[{"embeddable":true,"href":"https:\/\/www.locansol.fr\/es\/wp-json\/wp\/v2\/users\/5"}],"version-history":[{"count":1,"href":"https:\/\/www.locansol.fr\/es\/wp-json\/wp\/v2\/tribe_events\/3569\/revisions"}],"predecessor-version":[{"id":3570,"href":"https:\/\/www.locansol.fr\/es\/wp-json\/wp\/v2\/tribe_events\/3569\/revisions\/3570"}],"wp:featuredmedia":[{"embeddable":true,"href":"https:\/\/www.locansol.fr\/es\/wp-json\/wp\/v2\/media\/3566"}],"wp:attachment":[{"href":"https:\/\/www.locansol.fr\/es\/wp-json\/wp\/v2\/media?parent=3569"}],"wp:term":[{"taxonomy":"post_tag","embeddable":true,"href":"https:\/\/www.locansol.fr\/es\/wp-json\/wp\/v2\/tags?post=3569"},{"taxonomy":"tribe_events_cat","embeddable":true,"href":"https:\/\/www.locansol.fr\/es\/wp-json\/wp\/v2\/tribe_events_cat?post=3569"}],"curies":[{"name":"wp","href":"https:\/\/api.w.org\/{rel}","templated":true}]}}