{"id":3636,"date":"2026-02-18T10:03:39","date_gmt":"2026-02-18T09:03:39","guid":{"rendered":"https:\/\/www.locansol.fr\/evenement\/festival-carte-blanche-2\/"},"modified":"2026-02-18T10:03:45","modified_gmt":"2026-02-18T09:03:45","slug":"festival-carte-blanche-2","status":"publish","type":"tribe_events","link":"https:\/\/www.locansol.fr\/es\/evenement\/festival-carte-blanche-2\/","title":{"rendered":"FESTIVAL CARTE BLANCHE"},"content":{"rendered":"<p>Le mercredi 18 f\u00e9vrier \u00e0 18h, la Maison de l&rsquo;Action Sociale et des Associations (MASA) d&rsquo;Arles-sur-Tech accueille une projection du Festival Carte Blanche. Cette s\u00e9ance, ouverte \u00e0 tous, propose deux courts-m\u00e9trages r\u00e9alis\u00e9s par Marc P\u00e9guy Nauroy : \u00ab L&rsquo;Ours \u00bb, d&rsquo;une dur\u00e9e de 20 minutes, et \u00ab Entre deux ours \u00bb, qui dure 23 minutes. Ces documentaires, tourn\u00e9s dans un cadre rural du Haut-Vallespir, s&rsquo;inscrivent dans une d\u00e9marche ethnographique et anthropologique. Ils explorent les liens entre les hommes et la nature, notamment \u00e0 travers la figure symbolique de l&rsquo;ours, au c\u0153ur des traditions locales. Le Festival Carte Blanche, organis\u00e9 chaque mois dans plusieurs communes du Haut-Vallespir \u2014 dont Arles-sur-Tech, Am\u00e9lie-les-Bains, Prats-de-Mollo-La Preste et Saint-Laurent-de-Cerdans \u2014 propose des projections gratuites, accessibles \u00e0 tous les publics. L&rsquo;\u00e9v\u00e9nement se d\u00e9roule au 32, rue Barri d&rsquo;Amont, dans une ambiance chaleureuse et conviviale. Cette soir\u00e9e est une opportunit\u00e9 de d\u00e9couvrir des \u0153uvres cin\u00e9matographiques de qualit\u00e9, portant sur des th\u00e8mes r\u00e9gionaux et humains, dans un cadre intime et proche du public.<\/p>\n<p><\/p>\n<h3>R\u00e9servez votre h\u00e9bergement dans les Pyr\u00e9n\u00e9es-Orientales :<\/h3>\n<p><b><a href='https:\/\/www.locansol.fr\/es\/alquiler-mobil-home-mediterraneo\/'>Mobil-home Locansol \u00e0 Argel\u00e8s-sur-Mer<\/a><\/b><br \/>Trajet le plus court : 39 km<br \/>Trajet le plus rapide : 46 min<\/p>\n<p><b><a href='https:\/\/www.locansol.fr\/es\/alquiler-chalet-cerdana\/'>Chalet Locansol \u00e0 Estavar<\/a><\/b><br \/>Trajet le plus court : 132 km<br \/>Trajet le plus rapide : 2 h 7 min<\/p>","protected":false},"excerpt":{"rendered":"<p>Le mercredi 18 f\u00e9vrier \u00e0 18h, la Maison de l&rsquo;Action Sociale et des Associations (MASA) d&rsquo;Arles-sur-Tech accueille une projection du Festival Carte Blanche. Cette s\u00e9ance, ouverte \u00e0 tous, propose deux [&hellip;]<\/p>","protected":false},"author":5,"featured_media":3632,"template":"","meta":{"_yoast_wpseo_focuskw":"FESTIVAL CARTE BLANCHE","_yoast_wpseo_title":"FESTIVAL CARTE BLANCHE","_yoast_wpseo_metadesc":"Le mercredi 18 f\u00e9vrier \u00e0 18h, la Maison de l'Action Sociale et des Associations (MASA) d'Arles-sur-Tech accueille une projection du Festival Carte Blanche. Cette s\u00e9ance, ouverte \u00e0 tous, propose deux courts-m\u00e9trages r\u00e9alis\u00e9s par Marc P\u00e9guy Nauroy : \u00ab L'Ours \u00bb, d'une dur\u00e9e de 20 minutes, et \u00ab Entre deux ours \u00bb, qui dure 23 minutes. Ces documentaires, tourn\u00e9s dans un cadre rural du Haut-Vallespir, s'inscrivent dans une d\u00e9marche ethnographique et anthropologique. Ils explorent les liens entre les hommes et la nature, notamment \u00e0 travers la figure symbolique de l'ours, au c\u0153ur des traditions locales. Le Festival Carte Blanche, organis\u00e9 chaque mois dans plusieurs communes du Haut-Vallespir \u2014 dont Arles-sur-Tech, Am\u00e9lie-les-Bains, Prats-de-Mollo-La Preste et Saint-Laurent-de-Cerdans \u2014 propose des projections gratuites, accessibles \u00e0 tous les publics. L'\u00e9v\u00e9nement se d\u00e9roule au 32, rue Barri d'Amont, dans une ambiance chaleureuse et conviviale. Cette soir\u00e9e est une opportunit\u00e9 de d\u00e9couvrir des \u0153uvres cin\u00e9matographiques de qualit\u00e9, portant sur des th\u00e8mes r\u00e9gionaux et humains, dans un cadre intime et proche du public.","_yoast_wpseo_canonical":"","_yoast_wpseo_opengraph-title":"FESTIVAL CARTE BLANCHE","_yoast_wpseo_opengraph-description":"Le mercredi 18 f\u00e9vrier \u00e0 18h, la Maison de l'Action Sociale et des Associations (MASA) d'Arles-sur-Tech accueille une projection du Festival Carte Blanche. Cette s\u00e9ance, ouverte \u00e0 tous, propose deux courts-m\u00e9trages r\u00e9alis\u00e9s par Marc P\u00e9guy Nauroy : \u00ab L'Ours \u00bb, d'une dur\u00e9e de 20 minutes, et \u00ab Entre deux ours \u00bb, qui dure 23 minutes. Ces documentaires, tourn\u00e9s dans un cadre rural du Haut-Vallespir, s'inscrivent dans une d\u00e9marche ethnographique et anthropologique. Ils explorent les liens entre les hommes et la nature, notamment \u00e0 travers la figure symbolique de l'ours, au c\u0153ur des traditions locales. Le Festival Carte Blanche, organis\u00e9 chaque mois dans plusieurs communes du Haut-Vallespir \u2014 dont Arles-sur-Tech, Am\u00e9lie-les-Bains, Prats-de-Mollo-La Preste et Saint-Laurent-de-Cerdans \u2014 propose des projections gratuites, accessibles \u00e0 tous les publics. L'\u00e9v\u00e9nement se d\u00e9roule au 32, rue Barri d'Amont, dans une ambiance chaleureuse et conviviale. Cette soir\u00e9e est une opportunit\u00e9 de d\u00e9couvrir des \u0153uvres cin\u00e9matographiques de qualit\u00e9, portant sur des th\u00e8mes r\u00e9gionaux et humains, dans un cadre intime et proche du public.","_yoast_wpseo_opengraph-image":"https:\/\/www.locansol.fr\/wp-content\/uploads\/2026\/02\/festival-cinema-ours-nature.webp","_yoast_wpseo_opengraph-image-id":"3632","_yoast_wpseo_twitter-title":"FESTIVAL CARTE BLANCHE","_yoast_wpseo_twitter-description":"Le mercredi 18 f\u00e9vrier \u00e0 18h, la Maison de l'Action Sociale et des Associations (MASA) d'Arles-sur-Tech accueille une projection du Festival Carte Blanche. Cette s\u00e9ance, ouverte \u00e0 tous, propose deux courts-m\u00e9trages r\u00e9alis\u00e9s par Marc P\u00e9guy Nauroy : \u00ab L'Ours \u00bb, d'une dur\u00e9e de 20 minutes, et \u00ab Entre deux ours \u00bb, qui dure 23 minutes. Ces documentaires, tourn\u00e9s dans un cadre rural du Haut-Vallespir, s'inscrivent dans une d\u00e9marche ethnographique et anthropologique. Ils explorent les liens entre les hommes et la nature, notamment \u00e0 travers la figure symbolique de l'ours, au c\u0153ur des traditions locales. Le Festival Carte Blanche, organis\u00e9 chaque mois dans plusieurs communes du Haut-Vallespir \u2014 dont Arles-sur-Tech, Am\u00e9lie-les-Bains, Prats-de-Mollo-La Preste et Saint-Laurent-de-Cerdans \u2014 propose des projections gratuites, accessibles \u00e0 tous les publics. L'\u00e9v\u00e9nement se d\u00e9roule au 32, rue Barri d'Amont, dans une ambiance chaleureuse et conviviale. Cette soir\u00e9e est une opportunit\u00e9 de d\u00e9couvrir des \u0153uvres cin\u00e9matographiques de qualit\u00e9, portant sur des th\u00e8mes r\u00e9gionaux et humains, dans un cadre intime et proche du public.","_yoast_wpseo_twitter-image":"https:\/\/www.locansol.fr\/wp-content\/uploads\/2026\/02\/festival-cinema-ours-nature.webp","_yoast_wpseo_twitter-image-id":"3632}","yoast_primary_category":"Festival","_tribe_events_status":"","_tribe_events_status_reason":"","_tribe_events_is_hybrid":"","_tribe_events_is_virtual":"","_tribe_events_virtual_video_source":"","_tribe_events_virtual_embed_video":"","_tribe_events_virtual_linked_button_text":"","_tribe_events_virtual_linked_button":"","_tribe_events_virtual_show_embed_at":"","_tribe_events_virtual_show_embed_to":[],"_tribe_events_virtual_show_on_event":"","_tribe_events_virtual_show_on_views":"","_tribe_events_virtual_url":"","footnotes":""},"tags":[66,76],"tribe_events_cat":[138,92,169],"class_list":["post-3636","tribe_events","type-tribe_events","status-publish","has-post-thumbnail","hentry","tag-evenement-culturel","tag-pyrenees-orientales","tribe_events_cat-evenement-culturel","tribe_events_cat-festival","tribe_events_cat-pyrenees-orientales","cat_evenement-culturel","cat_festival","cat_pyrenees-orientales"],"yoast_head":"<!-- This site is optimized with the Yoast SEO Premium plugin v23.3 (Yoast SEO v26.9) - https:\/\/yoast.com\/product\/yoast-seo-premium-wordpress\/ -->\n<title>FESTIVAL CARTE BLANCHE<\/title>\n<meta name=\"description\" content=\"Le mercredi 18 f\u00e9vrier \u00e0 18h, la Maison de l&#039;Action Sociale et des Associations (MASA) d&#039;Arles-sur-Tech accueille une projection du Festival Carte Blanche. Cette s\u00e9ance, ouverte \u00e0 tous, propose deux courts-m\u00e9trages r\u00e9alis\u00e9s par Marc P\u00e9guy Nauroy : \u00ab L&#039;Ours \u00bb, d&#039;une dur\u00e9e de 20 minutes, et \u00ab Entre deux ours \u00bb, qui dure 23 minutes. Ces documentaires, tourn\u00e9s dans un cadre rural du Haut-Vallespir, s&#039;inscrivent dans une d\u00e9marche ethnographique et anthropologique. Ils explorent les liens entre les hommes et la nature, notamment \u00e0 travers la figure symbolique de l&#039;ours, au c\u0153ur des traditions locales. Le Festival Carte Blanche, organis\u00e9 chaque mois dans plusieurs communes du Haut-Vallespir \u2014 dont Arles-sur-Tech, Am\u00e9lie-les-Bains, Prats-de-Mollo-La Preste et Saint-Laurent-de-Cerdans \u2014 propose des projections gratuites, accessibles \u00e0 tous les publics. L&#039;\u00e9v\u00e9nement se d\u00e9roule au 32, rue Barri d&#039;Amont, dans une ambiance chaleureuse et conviviale. Cette soir\u00e9e est une opportunit\u00e9 de d\u00e9couvrir des \u0153uvres cin\u00e9matographiques de qualit\u00e9, portant sur des th\u00e8mes r\u00e9gionaux et humains, dans un cadre intime et proche du public.\" \/>\n<meta name=\"robots\" content=\"index, follow, max-snippet:-1, max-image-preview:large, max-video-preview:-1\" \/>\n<link rel=\"canonical\" href=\"https:\/\/www.locansol.fr\/es\/evenement\/festival-carte-blanche-2\/\" \/>\n<meta property=\"og:locale\" content=\"es_ES\" \/>\n<meta property=\"og:type\" content=\"article\" \/>\n<meta property=\"og:title\" content=\"FESTIVAL CARTE BLANCHE\" \/>\n<meta property=\"og:description\" content=\"Le mercredi 18 f\u00e9vrier \u00e0 18h, la Maison de l&#039;Action Sociale et des Associations (MASA) d&#039;Arles-sur-Tech accueille une projection du Festival Carte Blanche. Cette s\u00e9ance, ouverte \u00e0 tous, propose deux courts-m\u00e9trages r\u00e9alis\u00e9s par Marc P\u00e9guy Nauroy : \u00ab L&#039;Ours \u00bb, d&#039;une dur\u00e9e de 20 minutes, et \u00ab Entre deux ours \u00bb, qui dure 23 minutes. Ces documentaires, tourn\u00e9s dans un cadre rural du Haut-Vallespir, s&#039;inscrivent dans une d\u00e9marche ethnographique et anthropologique. Ils explorent les liens entre les hommes et la nature, notamment \u00e0 travers la figure symbolique de l&#039;ours, au c\u0153ur des traditions locales. Le Festival Carte Blanche, organis\u00e9 chaque mois dans plusieurs communes du Haut-Vallespir \u2014 dont Arles-sur-Tech, Am\u00e9lie-les-Bains, Prats-de-Mollo-La Preste et Saint-Laurent-de-Cerdans \u2014 propose des projections gratuites, accessibles \u00e0 tous les publics. L&#039;\u00e9v\u00e9nement se d\u00e9roule au 32, rue Barri d&#039;Amont, dans une ambiance chaleureuse et conviviale. Cette soir\u00e9e est une opportunit\u00e9 de d\u00e9couvrir des \u0153uvres cin\u00e9matographiques de qualit\u00e9, portant sur des th\u00e8mes r\u00e9gionaux et humains, dans un cadre intime et proche du public.\" \/>\n<meta property=\"og:url\" content=\"https:\/\/www.locansol.fr\/es\/evenement\/festival-carte-blanche-2\/\" \/>\n<meta property=\"og:site_name\" content=\"Locansol, louer un h\u00e9bergement dans les Pyr\u00e9n\u00e9es Orientales\" \/>\n<meta property=\"article:modified_time\" content=\"2026-02-18T09:03:45+00:00\" \/>\n<meta property=\"og:image\" content=\"https:\/\/www.locansol.fr\/wp-content\/uploads\/2026\/02\/festival-cinema-ours-nature.webp\" \/>\n\t<meta property=\"og:image:width\" content=\"700\" \/>\n\t<meta property=\"og:image:height\" content=\"700\" \/>\n\t<meta property=\"og:image:type\" content=\"image\/webp\" \/>\n<meta name=\"twitter:card\" content=\"summary_large_image\" \/>\n<meta name=\"twitter:title\" content=\"FESTIVAL CARTE BLANCHE\" \/>\n<meta name=\"twitter:description\" content=\"Le mercredi 18 f\u00e9vrier \u00e0 18h, la Maison de l&#039;Action Sociale et des Associations (MASA) d&#039;Arles-sur-Tech accueille une projection du Festival Carte Blanche. Cette s\u00e9ance, ouverte \u00e0 tous, propose deux courts-m\u00e9trages r\u00e9alis\u00e9s par Marc P\u00e9guy Nauroy : \u00ab L&#039;Ours \u00bb, d&#039;une dur\u00e9e de 20 minutes, et \u00ab Entre deux ours \u00bb, qui dure 23 minutes. Ces documentaires, tourn\u00e9s dans un cadre rural du Haut-Vallespir, s&#039;inscrivent dans une d\u00e9marche ethnographique et anthropologique. Ils explorent les liens entre les hommes et la nature, notamment \u00e0 travers la figure symbolique de l&#039;ours, au c\u0153ur des traditions locales. Le Festival Carte Blanche, organis\u00e9 chaque mois dans plusieurs communes du Haut-Vallespir \u2014 dont Arles-sur-Tech, Am\u00e9lie-les-Bains, Prats-de-Mollo-La Preste et Saint-Laurent-de-Cerdans \u2014 propose des projections gratuites, accessibles \u00e0 tous les publics. L&#039;\u00e9v\u00e9nement se d\u00e9roule au 32, rue Barri d&#039;Amont, dans une ambiance chaleureuse et conviviale. Cette soir\u00e9e est une opportunit\u00e9 de d\u00e9couvrir des \u0153uvres cin\u00e9matographiques de qualit\u00e9, portant sur des th\u00e8mes r\u00e9gionaux et humains, dans un cadre intime et proche du public.\" \/>\n<meta name=\"twitter:image\" content=\"https:\/\/www.locansol.fr\/wp-content\/uploads\/2026\/02\/festival-cinema-ours-nature.webp\" \/>\n<meta name=\"twitter:label1\" content=\"Tiempo de lectura\" \/>\n\t<meta name=\"twitter:data1\" content=\"1 minuto\" \/>\n<script type=\"application\/ld+json\" class=\"yoast-schema-graph\">{\"@context\":\"https:\/\/schema.org\",\"@graph\":[{\"@type\":\"WebPage\",\"@id\":\"https:\/\/www.locansol.fr\/evenement\/festival-carte-blanche-2\/\",\"url\":\"https:\/\/www.locansol.fr\/evenement\/festival-carte-blanche-2\/\",\"name\":\"FESTIVAL CARTE BLANCHE\",\"isPartOf\":{\"@id\":\"https:\/\/www.locansol.fr\/#website\"},\"primaryImageOfPage\":{\"@id\":\"https:\/\/www.locansol.fr\/evenement\/festival-carte-blanche-2\/#primaryimage\"},\"image\":{\"@id\":\"https:\/\/www.locansol.fr\/evenement\/festival-carte-blanche-2\/#primaryimage\"},\"thumbnailUrl\":\"https:\/\/www.locansol.fr\/wp-content\/uploads\/2026\/02\/festival-cinema-ours-nature.webp\",\"datePublished\":\"2026-02-18T09:03:39+00:00\",\"dateModified\":\"2026-02-18T09:03:45+00:00\",\"description\":\"Le mercredi 18 f\u00e9vrier \u00e0 18h, la Maison de l'Action Sociale et des Associations (MASA) d'Arles-sur-Tech accueille une projection du Festival Carte Blanche. Cette s\u00e9ance, ouverte \u00e0 tous, propose deux courts-m\u00e9trages r\u00e9alis\u00e9s par Marc P\u00e9guy Nauroy : \u00ab L'Ours \u00bb, d'une dur\u00e9e de 20 minutes, et \u00ab Entre deux ours \u00bb, qui dure 23 minutes. Ces documentaires, tourn\u00e9s dans un cadre rural du Haut-Vallespir, s'inscrivent dans une d\u00e9marche ethnographique et anthropologique. Ils explorent les liens entre les hommes et la nature, notamment \u00e0 travers la figure symbolique de l'ours, au c\u0153ur des traditions locales. Le Festival Carte Blanche, organis\u00e9 chaque mois dans plusieurs communes du Haut-Vallespir \u2014 dont Arles-sur-Tech, Am\u00e9lie-les-Bains, Prats-de-Mollo-La Preste et Saint-Laurent-de-Cerdans \u2014 propose des projections gratuites, accessibles \u00e0 tous les publics. L'\u00e9v\u00e9nement se d\u00e9roule au 32, rue Barri d'Amont, dans une ambiance chaleureuse et conviviale. Cette soir\u00e9e est une opportunit\u00e9 de d\u00e9couvrir des \u0153uvres cin\u00e9matographiques de qualit\u00e9, portant sur des th\u00e8mes r\u00e9gionaux et humains, dans un cadre intime et proche du public.\",\"breadcrumb\":{\"@id\":\"https:\/\/www.locansol.fr\/evenement\/festival-carte-blanche-2\/#breadcrumb\"},\"inLanguage\":\"es\",\"potentialAction\":[{\"@type\":\"ReadAction\",\"target\":[\"https:\/\/www.locansol.fr\/evenement\/festival-carte-blanche-2\/\"]}]},{\"@type\":\"ImageObject\",\"inLanguage\":\"es\",\"@id\":\"https:\/\/www.locansol.fr\/evenement\/festival-carte-blanche-2\/#primaryimage\",\"url\":\"https:\/\/www.locansol.fr\/wp-content\/uploads\/2026\/02\/festival-cinema-ours-nature.webp\",\"contentUrl\":\"https:\/\/www.locansol.fr\/wp-content\/uploads\/2026\/02\/festival-cinema-ours-nature.webp\",\"width\":700,\"height\":700,\"caption\":\"Festival Carte Blanche Arles-sur-Tech : projection gratuite\"},{\"@type\":\"BreadcrumbList\",\"@id\":\"https:\/\/www.locansol.fr\/evenement\/festival-carte-blanche-2\/#breadcrumb\",\"itemListElement\":[{\"@type\":\"ListItem\",\"position\":1,\"name\":\"Accueil\",\"item\":\"https:\/\/www.locansol.fr\/\"},{\"@type\":\"ListItem\",\"position\":2,\"name\":\"\u00c9v\u00e8nements\",\"item\":\"https:\/\/www.locansol.fr\/evenements\/\"},{\"@type\":\"ListItem\",\"position\":3,\"name\":\"FESTIVAL CARTE BLANCHE\"}]},{\"@type\":\"WebSite\",\"@id\":\"https:\/\/www.locansol.fr\/#website\",\"url\":\"https:\/\/www.locansol.fr\/\",\"name\":\"Locansol, louer un h\u00e9bergement dans les Pyr\u00e9n\u00e9es-Orientales\",\"description\":\"Location Mobil-home Mer M\u00e9diterran\u00e9e &amp; Chalet de Montagne dans les Pyr\u00e9n\u00e9es Orientales (Occitanie, 66). Weekend, s\u00e9jour &amp; vacances en famille et entre amis.\",\"publisher\":{\"@id\":\"https:\/\/www.locansol.fr\/#organization\"},\"alternateName\":\"Louer un h\u00e9bergement dans les Pyr\u00e9n\u00e9es Orientales, chalet & mobil-home en Occitanie\",\"potentialAction\":[{\"@type\":\"SearchAction\",\"target\":{\"@type\":\"EntryPoint\",\"urlTemplate\":\"https:\/\/www.locansol.fr\/?s={search_term_string}\"},\"query-input\":{\"@type\":\"PropertyValueSpecification\",\"valueRequired\":true,\"valueName\":\"search_term_string\"}}],\"inLanguage\":\"es\"},{\"@type\":\"Organization\",\"@id\":\"https:\/\/www.locansol.fr\/#organization\",\"name\":\"Location MobilHome & chalet dans les Pyr\u00e9n\u00e9es Orientales\",\"alternateName\":\"Louer un h\u00e9bergement dans les Pyr\u00e9n\u00e9es Orientales en Occitanie\",\"url\":\"https:\/\/www.locansol.fr\/\",\"logo\":{\"@type\":\"ImageObject\",\"inLanguage\":\"es\",\"@id\":\"https:\/\/www.locansol.fr\/#\/schema\/logo\/image\/\",\"url\":\"https:\/\/www.locansol.fr\/wp-content\/uploads\/2024\/04\/AdobeStock_303324767-scaled.jpeg\",\"contentUrl\":\"https:\/\/www.locansol.fr\/wp-content\/uploads\/2024\/04\/AdobeStock_303324767-scaled.jpeg\",\"width\":2560,\"height\":1707,\"caption\":\"Location MobilHome & chalet dans les Pyr\u00e9n\u00e9es Orientales\"},\"image\":{\"@id\":\"https:\/\/www.locansol.fr\/#\/schema\/logo\/image\/\"}}]}<\/script>\n<!-- \/ Yoast SEO Premium plugin. -->","yoast_head_json":{"title":"FESTIVAL CARTE BLANCHE","description":"Le mercredi 18 f\u00e9vrier \u00e0 18h, la Maison de l'Action Sociale et des Associations (MASA) d'Arles-sur-Tech accueille une projection du Festival Carte Blanche. Cette s\u00e9ance, ouverte \u00e0 tous, propose deux courts-m\u00e9trages r\u00e9alis\u00e9s par Marc P\u00e9guy Nauroy : \u00ab L'Ours \u00bb, d'une dur\u00e9e de 20 minutes, et \u00ab Entre deux ours \u00bb, qui dure 23 minutes. Ces documentaires, tourn\u00e9s dans un cadre rural du Haut-Vallespir, s'inscrivent dans une d\u00e9marche ethnographique et anthropologique. Ils explorent les liens entre les hommes et la nature, notamment \u00e0 travers la figure symbolique de l'ours, au c\u0153ur des traditions locales. Le Festival Carte Blanche, organis\u00e9 chaque mois dans plusieurs communes du Haut-Vallespir \u2014 dont Arles-sur-Tech, Am\u00e9lie-les-Bains, Prats-de-Mollo-La Preste et Saint-Laurent-de-Cerdans \u2014 propose des projections gratuites, accessibles \u00e0 tous les publics. L'\u00e9v\u00e9nement se d\u00e9roule au 32, rue Barri d'Amont, dans une ambiance chaleureuse et conviviale. Cette soir\u00e9e est une opportunit\u00e9 de d\u00e9couvrir des \u0153uvres cin\u00e9matographiques de qualit\u00e9, portant sur des th\u00e8mes r\u00e9gionaux et humains, dans un cadre intime et proche du public.","robots":{"index":"index","follow":"follow","max-snippet":"max-snippet:-1","max-image-preview":"max-image-preview:large","max-video-preview":"max-video-preview:-1"},"canonical":"https:\/\/www.locansol.fr\/es\/evenement\/festival-carte-blanche-2\/","og_locale":"es_ES","og_type":"article","og_title":"FESTIVAL CARTE BLANCHE","og_description":"Le mercredi 18 f\u00e9vrier \u00e0 18h, la Maison de l'Action Sociale et des Associations (MASA) d'Arles-sur-Tech accueille une projection du Festival Carte Blanche. Cette s\u00e9ance, ouverte \u00e0 tous, propose deux courts-m\u00e9trages r\u00e9alis\u00e9s par Marc P\u00e9guy Nauroy : \u00ab L'Ours \u00bb, d'une dur\u00e9e de 20 minutes, et \u00ab Entre deux ours \u00bb, qui dure 23 minutes. Ces documentaires, tourn\u00e9s dans un cadre rural du Haut-Vallespir, s'inscrivent dans une d\u00e9marche ethnographique et anthropologique. Ils explorent les liens entre les hommes et la nature, notamment \u00e0 travers la figure symbolique de l'ours, au c\u0153ur des traditions locales. Le Festival Carte Blanche, organis\u00e9 chaque mois dans plusieurs communes du Haut-Vallespir \u2014 dont Arles-sur-Tech, Am\u00e9lie-les-Bains, Prats-de-Mollo-La Preste et Saint-Laurent-de-Cerdans \u2014 propose des projections gratuites, accessibles \u00e0 tous les publics. L'\u00e9v\u00e9nement se d\u00e9roule au 32, rue Barri d'Amont, dans une ambiance chaleureuse et conviviale. Cette soir\u00e9e est une opportunit\u00e9 de d\u00e9couvrir des \u0153uvres cin\u00e9matographiques de qualit\u00e9, portant sur des th\u00e8mes r\u00e9gionaux et humains, dans un cadre intime et proche du public.","og_url":"https:\/\/www.locansol.fr\/es\/evenement\/festival-carte-blanche-2\/","og_site_name":"Locansol, louer un h\u00e9bergement dans les Pyr\u00e9n\u00e9es Orientales","article_modified_time":"2026-02-18T09:03:45+00:00","og_image":[{"width":700,"height":700,"url":"https:\/\/www.locansol.fr\/wp-content\/uploads\/2026\/02\/festival-cinema-ours-nature.webp","type":"image\/webp"}],"twitter_card":"summary_large_image","twitter_title":"FESTIVAL CARTE BLANCHE","twitter_description":"Le mercredi 18 f\u00e9vrier \u00e0 18h, la Maison de l'Action Sociale et des Associations (MASA) d'Arles-sur-Tech accueille une projection du Festival Carte Blanche. Cette s\u00e9ance, ouverte \u00e0 tous, propose deux courts-m\u00e9trages r\u00e9alis\u00e9s par Marc P\u00e9guy Nauroy : \u00ab L'Ours \u00bb, d'une dur\u00e9e de 20 minutes, et \u00ab Entre deux ours \u00bb, qui dure 23 minutes. Ces documentaires, tourn\u00e9s dans un cadre rural du Haut-Vallespir, s'inscrivent dans une d\u00e9marche ethnographique et anthropologique. Ils explorent les liens entre les hommes et la nature, notamment \u00e0 travers la figure symbolique de l'ours, au c\u0153ur des traditions locales. Le Festival Carte Blanche, organis\u00e9 chaque mois dans plusieurs communes du Haut-Vallespir \u2014 dont Arles-sur-Tech, Am\u00e9lie-les-Bains, Prats-de-Mollo-La Preste et Saint-Laurent-de-Cerdans \u2014 propose des projections gratuites, accessibles \u00e0 tous les publics. L'\u00e9v\u00e9nement se d\u00e9roule au 32, rue Barri d'Amont, dans une ambiance chaleureuse et conviviale. Cette soir\u00e9e est une opportunit\u00e9 de d\u00e9couvrir des \u0153uvres cin\u00e9matographiques de qualit\u00e9, portant sur des th\u00e8mes r\u00e9gionaux et humains, dans un cadre intime et proche du public.","twitter_image":"https:\/\/www.locansol.fr\/wp-content\/uploads\/2026\/02\/festival-cinema-ours-nature.webp","twitter_misc":{"Tiempo de lectura":"1 minuto"},"schema":{"@context":"https:\/\/schema.org","@graph":[{"@type":"WebPage","@id":"https:\/\/www.locansol.fr\/evenement\/festival-carte-blanche-2\/","url":"https:\/\/www.locansol.fr\/evenement\/festival-carte-blanche-2\/","name":"FESTIVAL CARTE BLANCHE","isPartOf":{"@id":"https:\/\/www.locansol.fr\/#website"},"primaryImageOfPage":{"@id":"https:\/\/www.locansol.fr\/evenement\/festival-carte-blanche-2\/#primaryimage"},"image":{"@id":"https:\/\/www.locansol.fr\/evenement\/festival-carte-blanche-2\/#primaryimage"},"thumbnailUrl":"https:\/\/www.locansol.fr\/wp-content\/uploads\/2026\/02\/festival-cinema-ours-nature.webp","datePublished":"2026-02-18T09:03:39+00:00","dateModified":"2026-02-18T09:03:45+00:00","description":"Le mercredi 18 f\u00e9vrier \u00e0 18h, la Maison de l'Action Sociale et des Associations (MASA) d'Arles-sur-Tech accueille une projection du Festival Carte Blanche. Cette s\u00e9ance, ouverte \u00e0 tous, propose deux courts-m\u00e9trages r\u00e9alis\u00e9s par Marc P\u00e9guy Nauroy : \u00ab L'Ours \u00bb, d'une dur\u00e9e de 20 minutes, et \u00ab Entre deux ours \u00bb, qui dure 23 minutes. Ces documentaires, tourn\u00e9s dans un cadre rural du Haut-Vallespir, s'inscrivent dans une d\u00e9marche ethnographique et anthropologique. Ils explorent les liens entre les hommes et la nature, notamment \u00e0 travers la figure symbolique de l'ours, au c\u0153ur des traditions locales. Le Festival Carte Blanche, organis\u00e9 chaque mois dans plusieurs communes du Haut-Vallespir \u2014 dont Arles-sur-Tech, Am\u00e9lie-les-Bains, Prats-de-Mollo-La Preste et Saint-Laurent-de-Cerdans \u2014 propose des projections gratuites, accessibles \u00e0 tous les publics. L'\u00e9v\u00e9nement se d\u00e9roule au 32, rue Barri d'Amont, dans une ambiance chaleureuse et conviviale. Cette soir\u00e9e est une opportunit\u00e9 de d\u00e9couvrir des \u0153uvres cin\u00e9matographiques de qualit\u00e9, portant sur des th\u00e8mes r\u00e9gionaux et humains, dans un cadre intime et proche du public.","breadcrumb":{"@id":"https:\/\/www.locansol.fr\/evenement\/festival-carte-blanche-2\/#breadcrumb"},"inLanguage":"es","potentialAction":[{"@type":"ReadAction","target":["https:\/\/www.locansol.fr\/evenement\/festival-carte-blanche-2\/"]}]},{"@type":"ImageObject","inLanguage":"es","@id":"https:\/\/www.locansol.fr\/evenement\/festival-carte-blanche-2\/#primaryimage","url":"https:\/\/www.locansol.fr\/wp-content\/uploads\/2026\/02\/festival-cinema-ours-nature.webp","contentUrl":"https:\/\/www.locansol.fr\/wp-content\/uploads\/2026\/02\/festival-cinema-ours-nature.webp","width":700,"height":700,"caption":"Festival Carte Blanche Arles-sur-Tech : projection gratuite"},{"@type":"BreadcrumbList","@id":"https:\/\/www.locansol.fr\/evenement\/festival-carte-blanche-2\/#breadcrumb","itemListElement":[{"@type":"ListItem","position":1,"name":"Accueil","item":"https:\/\/www.locansol.fr\/"},{"@type":"ListItem","position":2,"name":"\u00c9v\u00e8nements","item":"https:\/\/www.locansol.fr\/evenements\/"},{"@type":"ListItem","position":3,"name":"FESTIVAL CARTE BLANCHE"}]},{"@type":"WebSite","@id":"https:\/\/www.locansol.fr\/#website","url":"https:\/\/www.locansol.fr\/","name":"Locansol, louer un h\u00e9bergement dans les Pyr\u00e9n\u00e9es-Orientales","description":"Location Mobil-home Mer M\u00e9diterran\u00e9e &amp; Chalet de Montagne dans les Pyr\u00e9n\u00e9es Orientales (Occitanie, 66). Weekend, s\u00e9jour &amp; vacances en famille et entre amis.","publisher":{"@id":"https:\/\/www.locansol.fr\/#organization"},"alternateName":"Louer un h\u00e9bergement dans les Pyr\u00e9n\u00e9es Orientales, chalet & mobil-home en Occitanie","potentialAction":[{"@type":"SearchAction","target":{"@type":"EntryPoint","urlTemplate":"https:\/\/www.locansol.fr\/?s={search_term_string}"},"query-input":{"@type":"PropertyValueSpecification","valueRequired":true,"valueName":"search_term_string"}}],"inLanguage":"es"},{"@type":"Organization","@id":"https:\/\/www.locansol.fr\/#organization","name":"Location MobilHome & chalet dans les Pyr\u00e9n\u00e9es Orientales","alternateName":"Louer un h\u00e9bergement dans les Pyr\u00e9n\u00e9es Orientales en Occitanie","url":"https:\/\/www.locansol.fr\/","logo":{"@type":"ImageObject","inLanguage":"es","@id":"https:\/\/www.locansol.fr\/#\/schema\/logo\/image\/","url":"https:\/\/www.locansol.fr\/wp-content\/uploads\/2024\/04\/AdobeStock_303324767-scaled.jpeg","contentUrl":"https:\/\/www.locansol.fr\/wp-content\/uploads\/2024\/04\/AdobeStock_303324767-scaled.jpeg","width":2560,"height":1707,"caption":"Location MobilHome & chalet dans les Pyr\u00e9n\u00e9es Orientales"},"image":{"@id":"https:\/\/www.locansol.fr\/#\/schema\/logo\/image\/"}}]}},"_links":{"self":[{"href":"https:\/\/www.locansol.fr\/es\/wp-json\/wp\/v2\/tribe_events\/3636","targetHints":{"allow":["GET"]}}],"collection":[{"href":"https:\/\/www.locansol.fr\/es\/wp-json\/wp\/v2\/tribe_events"}],"about":[{"href":"https:\/\/www.locansol.fr\/es\/wp-json\/wp\/v2\/types\/tribe_events"}],"author":[{"embeddable":true,"href":"https:\/\/www.locansol.fr\/es\/wp-json\/wp\/v2\/users\/5"}],"version-history":[{"count":1,"href":"https:\/\/www.locansol.fr\/es\/wp-json\/wp\/v2\/tribe_events\/3636\/revisions"}],"predecessor-version":[{"id":3637,"href":"https:\/\/www.locansol.fr\/es\/wp-json\/wp\/v2\/tribe_events\/3636\/revisions\/3637"}],"wp:featuredmedia":[{"embeddable":true,"href":"https:\/\/www.locansol.fr\/es\/wp-json\/wp\/v2\/media\/3632"}],"wp:attachment":[{"href":"https:\/\/www.locansol.fr\/es\/wp-json\/wp\/v2\/media?parent=3636"}],"wp:term":[{"taxonomy":"post_tag","embeddable":true,"href":"https:\/\/www.locansol.fr\/es\/wp-json\/wp\/v2\/tags?post=3636"},{"taxonomy":"tribe_events_cat","embeddable":true,"href":"https:\/\/www.locansol.fr\/es\/wp-json\/wp\/v2\/tribe_events_cat?post=3636"}],"curies":[{"name":"wp","href":"https:\/\/api.w.org\/{rel}","templated":true}]}}