{"id":4236,"date":"2026-02-28T04:07:31","date_gmt":"2026-02-28T03:07:31","guid":{"rendered":"https:\/\/www.locansol.fr\/evenement\/expo-photos-expressions-11\/"},"modified":"2026-02-28T04:07:33","modified_gmt":"2026-02-28T03:07:33","slug":"expo-photos-expressions-11","status":"publish","type":"tribe_events","link":"https:\/\/www.locansol.fr\/es\/evenement\/expo-photos-expressions-11\/","title":{"rendered":"EXPO PHOTOS EXPRESSIONS"},"content":{"rendered":"<p>Du 27 f\u00e9vrier au 27 mars, la salle Cal Panche des Angles accueille l&rsquo;exposition photographique \u00ab Expressions \u00bb de Viviane Lacoste. Cet \u00e9v\u00e9nement gratuit, ouvert de 16h00 \u00e0 20h00, met en lumi\u00e8re le travail sensible et \u00e9mouvant de cette artiste.<\/p>\n<p>L&rsquo;exposition \u00ab Expressions \u00bb de Viviane Lacoste est une exploration visuelle captivante o\u00f9 chaque photographie est bien plus qu&rsquo;une simple image. Viviane Lacoste, artiste peintre et photographe, puise son inspiration dans la beaut\u00e9 et les \u00e9motions du monde qui l&rsquo;entoure. Install\u00e9e dans la r\u00e9gion depuis son enfance, elle capture des instants suspendus, r\u00e9v\u00e9lant la po\u00e9sie et la sensibilit\u00e9 de son regard. Pour elle, une photographie ne se contente pas de refl\u00e9ter la r\u00e9alit\u00e9 ; elle doit vivre et \u00e9voquer des \u00e9motions. Chaque clich\u00e9 est une invitation \u00e0 ressentir, \u00e0 s&rsquo;immerger dans un univers o\u00f9 la beaut\u00e9 et l&rsquo;\u00e9motion se m\u00ealent harmonieusement.<\/p>\n<p>Cette exposition est une opportunit\u00e9 unique de d\u00e9couvrir le talent de Viviane Lacoste. Ses \u0153uvres offrent une exp\u00e9rience sensorielle et \u00e9motionnelle, permettant au public de s&rsquo;\u00e9vader et de s&rsquo;\u00e9merveiller devant la beaut\u00e9 captur\u00e9e. L&rsquo;entr\u00e9e \u00e9tant gratuite, c&rsquo;est une occasion id\u00e9ale pour tous les amateurs de photographie et d&rsquo;art de passer un moment agr\u00e9able et enrichissant.<\/p>\n<p>Ne manquez pas cette exposition qui promet de vous transporter dans un monde de sensibilit\u00e9 et de beaut\u00e9, gr\u00e2ce au regard unique et \u00e9mouvant de Viviane Lacoste.<\/p>\n<p><\/p>\n<h3>R\u00e9servez votre h\u00e9bergement dans les Pyr\u00e9n\u00e9es-Orientales :<\/h3>\n<p><b><a href='https:\/\/www.locansol.fr\/es\/alquiler-mobil-home-mediterraneo\/'>Mobil-home Locansol \u00e0 Argel\u00e8s-sur-Mer<\/a><\/b><br \/>Trajet le plus court : 61 km<br \/>Trajet le plus rapide : 1 h 0 min<\/p>\n<p><b><a href='https:\/\/www.locansol.fr\/es\/alquiler-chalet-cerdana\/'>Chalet Locansol \u00e0 Estavar<\/a><\/b><br \/>Trajet le plus court : 65 km<br \/>Trajet le plus rapide : 1 h 14 min<\/p>","protected":false},"excerpt":{"rendered":"<p>Du 27 f\u00e9vrier au 27 mars, la salle Cal Panche des Angles accueille l&rsquo;exposition photographique \u00ab Expressions \u00bb de Viviane Lacoste. Cet \u00e9v\u00e9nement gratuit, ouvert de 16h00 \u00e0 20h00, met [&hellip;]<\/p>","protected":false},"author":5,"featured_media":4233,"template":"","meta":{"_yoast_wpseo_focuskw":"EXPO PHOTOS EXPRESSIONS","_yoast_wpseo_title":"EXPO PHOTOS EXPRESSIONS","_yoast_wpseo_metadesc":"Du 27 f\u00e9vrier au 27 mars, la salle Cal Panche des Angles accueille l'exposition photographique \u00ab Expressions \u00bb de Viviane Lacoste. Cet \u00e9v\u00e9nement gratuit, ouvert de 16h00 \u00e0 20h00, met en lumi\u00e8re le travail sensible et \u00e9mouvant de cette artiste.L'exposition \u00ab Expressions \u00bb de Viviane Lacoste est une exploration visuelle captivante o\u00f9 chaque photographie est bien plus qu'une simple image. Viviane Lacoste, artiste peintre et photographe, puise son inspiration dans la beaut\u00e9 et les \u00e9motions du monde qui l'entoure. Install\u00e9e dans la r\u00e9gion depuis son enfance, elle capture des instants suspendus, r\u00e9v\u00e9lant la po\u00e9sie et la sensibilit\u00e9 de son regard. Pour elle, une photographie ne se contente pas de refl\u00e9ter la r\u00e9alit\u00e9 ; elle doit vivre et \u00e9voquer des \u00e9motions. Chaque clich\u00e9 est une invitation \u00e0 ressentir, \u00e0 s'immerger dans un univers o\u00f9 la beaut\u00e9 et l'\u00e9motion se m\u00ealent harmonieusement.Cette exposition est une opportunit\u00e9 unique de d\u00e9couvrir le talent de Viviane Lacoste. Ses \u0153uvres offrent une exp\u00e9rience sensorielle et \u00e9motionnelle, permettant au public de s'\u00e9vader et de s'\u00e9merveiller devant la beaut\u00e9 captur\u00e9e. L'entr\u00e9e \u00e9tant gratuite, c'est une occasion id\u00e9ale pour tous les amateurs de photographie et d'art de passer un moment agr\u00e9able et enrichissant.Ne manquez pas cette exposition qui promet de vous transporter dans un monde de sensibilit\u00e9 et de beaut\u00e9, gr\u00e2ce au regard unique et \u00e9mouvant de Viviane Lacoste.","_yoast_wpseo_canonical":"","_yoast_wpseo_opengraph-title":"EXPO PHOTOS EXPRESSIONS","_yoast_wpseo_opengraph-description":"Du 27 f\u00e9vrier au 27 mars, la salle Cal Panche des Angles accueille l'exposition photographique \u00ab Expressions \u00bb de Viviane Lacoste. Cet \u00e9v\u00e9nement gratuit, ouvert de 16h00 \u00e0 20h00, met en lumi\u00e8re le travail sensible et \u00e9mouvant de cette artiste.L'exposition \u00ab Expressions \u00bb de Viviane Lacoste est une exploration visuelle captivante o\u00f9 chaque photographie est bien plus qu'une simple image. Viviane Lacoste, artiste peintre et photographe, puise son inspiration dans la beaut\u00e9 et les \u00e9motions du monde qui l'entoure. Install\u00e9e dans la r\u00e9gion depuis son enfance, elle capture des instants suspendus, r\u00e9v\u00e9lant la po\u00e9sie et la sensibilit\u00e9 de son regard. Pour elle, une photographie ne se contente pas de refl\u00e9ter la r\u00e9alit\u00e9 ; elle doit vivre et \u00e9voquer des \u00e9motions. Chaque clich\u00e9 est une invitation \u00e0 ressentir, \u00e0 s'immerger dans un univers o\u00f9 la beaut\u00e9 et l'\u00e9motion se m\u00ealent harmonieusement.Cette exposition est une opportunit\u00e9 unique de d\u00e9couvrir le talent de Viviane Lacoste. Ses \u0153uvres offrent une exp\u00e9rience sensorielle et \u00e9motionnelle, permettant au public de s'\u00e9vader et de s'\u00e9merveiller devant la beaut\u00e9 captur\u00e9e. L'entr\u00e9e \u00e9tant gratuite, c'est une occasion id\u00e9ale pour tous les amateurs de photographie et d'art de passer un moment agr\u00e9able et enrichissant.Ne manquez pas cette exposition qui promet de vous transporter dans un monde de sensibilit\u00e9 et de beaut\u00e9, gr\u00e2ce au regard unique et \u00e9mouvant de Viviane Lacoste.","_yoast_wpseo_opengraph-image":"https:\/\/www.locansol.fr\/wp-content\/uploads\/2026\/02\/vacances-hiver-tautavel-prehistoire-7.webp","_yoast_wpseo_opengraph-image-id":"4233","_yoast_wpseo_twitter-title":"EXPO PHOTOS EXPRESSIONS","_yoast_wpseo_twitter-description":"Du 27 f\u00e9vrier au 27 mars, la salle Cal Panche des Angles accueille l'exposition photographique \u00ab Expressions \u00bb de Viviane Lacoste. Cet \u00e9v\u00e9nement gratuit, ouvert de 16h00 \u00e0 20h00, met en lumi\u00e8re le travail sensible et \u00e9mouvant de cette artiste.L'exposition \u00ab Expressions \u00bb de Viviane Lacoste est une exploration visuelle captivante o\u00f9 chaque photographie est bien plus qu'une simple image. Viviane Lacoste, artiste peintre et photographe, puise son inspiration dans la beaut\u00e9 et les \u00e9motions du monde qui l'entoure. Install\u00e9e dans la r\u00e9gion depuis son enfance, elle capture des instants suspendus, r\u00e9v\u00e9lant la po\u00e9sie et la sensibilit\u00e9 de son regard. Pour elle, une photographie ne se contente pas de refl\u00e9ter la r\u00e9alit\u00e9 ; elle doit vivre et \u00e9voquer des \u00e9motions. Chaque clich\u00e9 est une invitation \u00e0 ressentir, \u00e0 s'immerger dans un univers o\u00f9 la beaut\u00e9 et l'\u00e9motion se m\u00ealent harmonieusement.Cette exposition est une opportunit\u00e9 unique de d\u00e9couvrir le talent de Viviane Lacoste. Ses \u0153uvres offrent une exp\u00e9rience sensorielle et \u00e9motionnelle, permettant au public de s'\u00e9vader et de s'\u00e9merveiller devant la beaut\u00e9 captur\u00e9e. L'entr\u00e9e \u00e9tant gratuite, c'est une occasion id\u00e9ale pour tous les amateurs de photographie et d'art de passer un moment agr\u00e9able et enrichissant.Ne manquez pas cette exposition qui promet de vous transporter dans un monde de sensibilit\u00e9 et de beaut\u00e9, gr\u00e2ce au regard unique et \u00e9mouvant de Viviane Lacoste.","_yoast_wpseo_twitter-image":"https:\/\/www.locansol.fr\/wp-content\/uploads\/2026\/02\/vacances-hiver-tautavel-prehistoire-7.webp","_yoast_wpseo_twitter-image-id":"4233}","yoast_primary_category":"Exposition","_tribe_events_status":"","_tribe_events_status_reason":"","_tribe_events_is_hybrid":"","_tribe_events_is_virtual":"","_tribe_events_virtual_video_source":"","_tribe_events_virtual_embed_video":"","_tribe_events_virtual_linked_button_text":"","_tribe_events_virtual_linked_button":"","_tribe_events_virtual_show_embed_at":"","_tribe_events_virtual_show_embed_to":[],"_tribe_events_virtual_show_on_event":"","_tribe_events_virtual_show_on_views":"","_tribe_events_virtual_url":"","footnotes":""},"tags":[66,76],"tribe_events_cat":[138,90,127,169],"class_list":["post-4236","tribe_events","type-tribe_events","status-publish","has-post-thumbnail","hentry","tag-evenement-culturel","tag-pyrenees-orientales","tribe_events_cat-evenement-culturel","tribe_events_cat-exposition","tribe_events_cat-photographie","tribe_events_cat-pyrenees-orientales","cat_evenement-culturel","cat_exposition","cat_photographie","cat_pyrenees-orientales"],"yoast_head":"<!-- This site is optimized with the Yoast SEO Premium plugin v23.3 (Yoast SEO v26.9) - https:\/\/yoast.com\/product\/yoast-seo-premium-wordpress\/ -->\n<title>EXPO PHOTOS EXPRESSIONS<\/title>\n<meta name=\"description\" content=\"Du 27 f\u00e9vrier au 27 mars, la salle Cal Panche des Angles accueille l&#039;exposition photographique \u00ab Expressions \u00bb de Viviane Lacoste. Cet \u00e9v\u00e9nement gratuit, ouvert de 16h00 \u00e0 20h00, met en lumi\u00e8re le travail sensible et \u00e9mouvant de cette artiste.L&#039;exposition \u00ab Expressions \u00bb de Viviane Lacoste est une exploration visuelle captivante o\u00f9 chaque photographie est bien plus qu&#039;une simple image. Viviane Lacoste, artiste peintre et photographe, puise son inspiration dans la beaut\u00e9 et les \u00e9motions du monde qui l&#039;entoure. Install\u00e9e dans la r\u00e9gion depuis son enfance, elle capture des instants suspendus, r\u00e9v\u00e9lant la po\u00e9sie et la sensibilit\u00e9 de son regard. Pour elle, une photographie ne se contente pas de refl\u00e9ter la r\u00e9alit\u00e9 ; elle doit vivre et \u00e9voquer des \u00e9motions. Chaque clich\u00e9 est une invitation \u00e0 ressentir, \u00e0 s&#039;immerger dans un univers o\u00f9 la beaut\u00e9 et l&#039;\u00e9motion se m\u00ealent harmonieusement.Cette exposition est une opportunit\u00e9 unique de d\u00e9couvrir le talent de Viviane Lacoste. Ses \u0153uvres offrent une exp\u00e9rience sensorielle et \u00e9motionnelle, permettant au public de s&#039;\u00e9vader et de s&#039;\u00e9merveiller devant la beaut\u00e9 captur\u00e9e. L&#039;entr\u00e9e \u00e9tant gratuite, c&#039;est une occasion id\u00e9ale pour tous les amateurs de photographie et d&#039;art de passer un moment agr\u00e9able et enrichissant.Ne manquez pas cette exposition qui promet de vous transporter dans un monde de sensibilit\u00e9 et de beaut\u00e9, gr\u00e2ce au regard unique et \u00e9mouvant de Viviane Lacoste.\" \/>\n<meta name=\"robots\" content=\"index, follow, max-snippet:-1, max-image-preview:large, max-video-preview:-1\" \/>\n<link rel=\"canonical\" href=\"https:\/\/www.locansol.fr\/es\/evenement\/expo-photos-expressions-11\/\" \/>\n<meta property=\"og:locale\" content=\"es_ES\" \/>\n<meta property=\"og:type\" content=\"article\" \/>\n<meta property=\"og:title\" content=\"EXPO PHOTOS EXPRESSIONS\" \/>\n<meta property=\"og:description\" content=\"Du 27 f\u00e9vrier au 27 mars, la salle Cal Panche des Angles accueille l&#039;exposition photographique \u00ab Expressions \u00bb de Viviane Lacoste. Cet \u00e9v\u00e9nement gratuit, ouvert de 16h00 \u00e0 20h00, met en lumi\u00e8re le travail sensible et \u00e9mouvant de cette artiste.L&#039;exposition \u00ab Expressions \u00bb de Viviane Lacoste est une exploration visuelle captivante o\u00f9 chaque photographie est bien plus qu&#039;une simple image. Viviane Lacoste, artiste peintre et photographe, puise son inspiration dans la beaut\u00e9 et les \u00e9motions du monde qui l&#039;entoure. Install\u00e9e dans la r\u00e9gion depuis son enfance, elle capture des instants suspendus, r\u00e9v\u00e9lant la po\u00e9sie et la sensibilit\u00e9 de son regard. Pour elle, une photographie ne se contente pas de refl\u00e9ter la r\u00e9alit\u00e9 ; elle doit vivre et \u00e9voquer des \u00e9motions. Chaque clich\u00e9 est une invitation \u00e0 ressentir, \u00e0 s&#039;immerger dans un univers o\u00f9 la beaut\u00e9 et l&#039;\u00e9motion se m\u00ealent harmonieusement.Cette exposition est une opportunit\u00e9 unique de d\u00e9couvrir le talent de Viviane Lacoste. Ses \u0153uvres offrent une exp\u00e9rience sensorielle et \u00e9motionnelle, permettant au public de s&#039;\u00e9vader et de s&#039;\u00e9merveiller devant la beaut\u00e9 captur\u00e9e. L&#039;entr\u00e9e \u00e9tant gratuite, c&#039;est une occasion id\u00e9ale pour tous les amateurs de photographie et d&#039;art de passer un moment agr\u00e9able et enrichissant.Ne manquez pas cette exposition qui promet de vous transporter dans un monde de sensibilit\u00e9 et de beaut\u00e9, gr\u00e2ce au regard unique et \u00e9mouvant de Viviane Lacoste.\" \/>\n<meta property=\"og:url\" content=\"https:\/\/www.locansol.fr\/es\/evenement\/expo-photos-expressions-11\/\" \/>\n<meta property=\"og:site_name\" content=\"Locansol, louer un h\u00e9bergement dans les Pyr\u00e9n\u00e9es Orientales\" \/>\n<meta property=\"article:modified_time\" content=\"2026-02-28T03:07:33+00:00\" \/>\n<meta property=\"og:image\" content=\"https:\/\/www.locansol.fr\/wp-content\/uploads\/2026\/02\/vacances-hiver-tautavel-prehistoire-7.webp\" \/>\n\t<meta property=\"og:image:width\" content=\"1131\" \/>\n\t<meta property=\"og:image:height\" content=\"1600\" \/>\n\t<meta property=\"og:image:type\" content=\"image\/webp\" \/>\n<meta name=\"twitter:card\" content=\"summary_large_image\" \/>\n<meta name=\"twitter:title\" content=\"EXPO PHOTOS EXPRESSIONS\" \/>\n<meta name=\"twitter:description\" content=\"Du 27 f\u00e9vrier au 27 mars, la salle Cal Panche des Angles accueille l&#039;exposition photographique \u00ab Expressions \u00bb de Viviane Lacoste. Cet \u00e9v\u00e9nement gratuit, ouvert de 16h00 \u00e0 20h00, met en lumi\u00e8re le travail sensible et \u00e9mouvant de cette artiste.L&#039;exposition \u00ab Expressions \u00bb de Viviane Lacoste est une exploration visuelle captivante o\u00f9 chaque photographie est bien plus qu&#039;une simple image. Viviane Lacoste, artiste peintre et photographe, puise son inspiration dans la beaut\u00e9 et les \u00e9motions du monde qui l&#039;entoure. Install\u00e9e dans la r\u00e9gion depuis son enfance, elle capture des instants suspendus, r\u00e9v\u00e9lant la po\u00e9sie et la sensibilit\u00e9 de son regard. Pour elle, une photographie ne se contente pas de refl\u00e9ter la r\u00e9alit\u00e9 ; elle doit vivre et \u00e9voquer des \u00e9motions. Chaque clich\u00e9 est une invitation \u00e0 ressentir, \u00e0 s&#039;immerger dans un univers o\u00f9 la beaut\u00e9 et l&#039;\u00e9motion se m\u00ealent harmonieusement.Cette exposition est une opportunit\u00e9 unique de d\u00e9couvrir le talent de Viviane Lacoste. Ses \u0153uvres offrent une exp\u00e9rience sensorielle et \u00e9motionnelle, permettant au public de s&#039;\u00e9vader et de s&#039;\u00e9merveiller devant la beaut\u00e9 captur\u00e9e. L&#039;entr\u00e9e \u00e9tant gratuite, c&#039;est une occasion id\u00e9ale pour tous les amateurs de photographie et d&#039;art de passer un moment agr\u00e9able et enrichissant.Ne manquez pas cette exposition qui promet de vous transporter dans un monde de sensibilit\u00e9 et de beaut\u00e9, gr\u00e2ce au regard unique et \u00e9mouvant de Viviane Lacoste.\" \/>\n<meta name=\"twitter:image\" content=\"https:\/\/www.locansol.fr\/wp-content\/uploads\/2026\/02\/vacances-hiver-tautavel-prehistoire-7.webp\" \/>\n<meta name=\"twitter:label1\" content=\"Tiempo de lectura\" \/>\n\t<meta name=\"twitter:data1\" content=\"1 minuto\" \/>\n<script type=\"application\/ld+json\" class=\"yoast-schema-graph\">{\"@context\":\"https:\/\/schema.org\",\"@graph\":[{\"@type\":\"WebPage\",\"@id\":\"https:\/\/www.locansol.fr\/evenement\/expo-photos-expressions-11\/\",\"url\":\"https:\/\/www.locansol.fr\/evenement\/expo-photos-expressions-11\/\",\"name\":\"EXPO PHOTOS EXPRESSIONS\",\"isPartOf\":{\"@id\":\"https:\/\/www.locansol.fr\/#website\"},\"primaryImageOfPage\":{\"@id\":\"https:\/\/www.locansol.fr\/evenement\/expo-photos-expressions-11\/#primaryimage\"},\"image\":{\"@id\":\"https:\/\/www.locansol.fr\/evenement\/expo-photos-expressions-11\/#primaryimage\"},\"thumbnailUrl\":\"https:\/\/www.locansol.fr\/wp-content\/uploads\/2026\/02\/vacances-hiver-tautavel-prehistoire-7.webp\",\"datePublished\":\"2026-02-28T03:07:31+00:00\",\"dateModified\":\"2026-02-28T03:07:33+00:00\",\"description\":\"Du 27 f\u00e9vrier au 27 mars, la salle Cal Panche des Angles accueille l'exposition photographique \u00ab Expressions \u00bb de Viviane Lacoste. Cet \u00e9v\u00e9nement gratuit, ouvert de 16h00 \u00e0 20h00, met en lumi\u00e8re le travail sensible et \u00e9mouvant de cette artiste.L'exposition \u00ab Expressions \u00bb de Viviane Lacoste est une exploration visuelle captivante o\u00f9 chaque photographie est bien plus qu'une simple image. Viviane Lacoste, artiste peintre et photographe, puise son inspiration dans la beaut\u00e9 et les \u00e9motions du monde qui l'entoure. Install\u00e9e dans la r\u00e9gion depuis son enfance, elle capture des instants suspendus, r\u00e9v\u00e9lant la po\u00e9sie et la sensibilit\u00e9 de son regard. Pour elle, une photographie ne se contente pas de refl\u00e9ter la r\u00e9alit\u00e9 ; elle doit vivre et \u00e9voquer des \u00e9motions. Chaque clich\u00e9 est une invitation \u00e0 ressentir, \u00e0 s'immerger dans un univers o\u00f9 la beaut\u00e9 et l'\u00e9motion se m\u00ealent harmonieusement.Cette exposition est une opportunit\u00e9 unique de d\u00e9couvrir le talent de Viviane Lacoste. Ses \u0153uvres offrent une exp\u00e9rience sensorielle et \u00e9motionnelle, permettant au public de s'\u00e9vader et de s'\u00e9merveiller devant la beaut\u00e9 captur\u00e9e. L'entr\u00e9e \u00e9tant gratuite, c'est une occasion id\u00e9ale pour tous les amateurs de photographie et d'art de passer un moment agr\u00e9able et enrichissant.Ne manquez pas cette exposition qui promet de vous transporter dans un monde de sensibilit\u00e9 et de beaut\u00e9, gr\u00e2ce au regard unique et \u00e9mouvant de Viviane Lacoste.\",\"breadcrumb\":{\"@id\":\"https:\/\/www.locansol.fr\/evenement\/expo-photos-expressions-11\/#breadcrumb\"},\"inLanguage\":\"es\",\"potentialAction\":[{\"@type\":\"ReadAction\",\"target\":[\"https:\/\/www.locansol.fr\/evenement\/expo-photos-expressions-11\/\"]}]},{\"@type\":\"ImageObject\",\"inLanguage\":\"es\",\"@id\":\"https:\/\/www.locansol.fr\/evenement\/expo-photos-expressions-11\/#primaryimage\",\"url\":\"https:\/\/www.locansol.fr\/wp-content\/uploads\/2026\/02\/vacances-hiver-tautavel-prehistoire-7.webp\",\"contentUrl\":\"https:\/\/www.locansol.fr\/wp-content\/uploads\/2026\/02\/vacances-hiver-tautavel-prehistoire-7.webp\",\"width\":1131,\"height\":1600,\"caption\":\"Vacances d'hiver \u00e0 Tautavel : Ateliers et d\u00e9couvertes\"},{\"@type\":\"BreadcrumbList\",\"@id\":\"https:\/\/www.locansol.fr\/evenement\/expo-photos-expressions-11\/#breadcrumb\",\"itemListElement\":[{\"@type\":\"ListItem\",\"position\":1,\"name\":\"Accueil\",\"item\":\"https:\/\/www.locansol.fr\/\"},{\"@type\":\"ListItem\",\"position\":2,\"name\":\"\u00c9v\u00e8nements\",\"item\":\"https:\/\/www.locansol.fr\/evenements\/\"},{\"@type\":\"ListItem\",\"position\":3,\"name\":\"EXPO PHOTOS EXPRESSIONS\"}]},{\"@type\":\"WebSite\",\"@id\":\"https:\/\/www.locansol.fr\/#website\",\"url\":\"https:\/\/www.locansol.fr\/\",\"name\":\"Locansol, louer un h\u00e9bergement dans les Pyr\u00e9n\u00e9es-Orientales\",\"description\":\"Location Mobil-home Mer M\u00e9diterran\u00e9e &amp; Chalet de Montagne dans les Pyr\u00e9n\u00e9es Orientales (Occitanie, 66). Weekend, s\u00e9jour &amp; vacances en famille et entre amis.\",\"publisher\":{\"@id\":\"https:\/\/www.locansol.fr\/#organization\"},\"alternateName\":\"Louer un h\u00e9bergement dans les Pyr\u00e9n\u00e9es Orientales, chalet & mobil-home en Occitanie\",\"potentialAction\":[{\"@type\":\"SearchAction\",\"target\":{\"@type\":\"EntryPoint\",\"urlTemplate\":\"https:\/\/www.locansol.fr\/?s={search_term_string}\"},\"query-input\":{\"@type\":\"PropertyValueSpecification\",\"valueRequired\":true,\"valueName\":\"search_term_string\"}}],\"inLanguage\":\"es\"},{\"@type\":\"Organization\",\"@id\":\"https:\/\/www.locansol.fr\/#organization\",\"name\":\"Location MobilHome & chalet dans les Pyr\u00e9n\u00e9es Orientales\",\"alternateName\":\"Louer un h\u00e9bergement dans les Pyr\u00e9n\u00e9es Orientales en Occitanie\",\"url\":\"https:\/\/www.locansol.fr\/\",\"logo\":{\"@type\":\"ImageObject\",\"inLanguage\":\"es\",\"@id\":\"https:\/\/www.locansol.fr\/#\/schema\/logo\/image\/\",\"url\":\"https:\/\/www.locansol.fr\/wp-content\/uploads\/2024\/04\/AdobeStock_303324767-scaled.jpeg\",\"contentUrl\":\"https:\/\/www.locansol.fr\/wp-content\/uploads\/2024\/04\/AdobeStock_303324767-scaled.jpeg\",\"width\":2560,\"height\":1707,\"caption\":\"Location MobilHome & chalet dans les Pyr\u00e9n\u00e9es Orientales\"},\"image\":{\"@id\":\"https:\/\/www.locansol.fr\/#\/schema\/logo\/image\/\"}}]}<\/script>\n<!-- \/ Yoast SEO Premium plugin. -->","yoast_head_json":{"title":"EXPO PHOTOS EXPRESSIONS","description":"Du 27 f\u00e9vrier au 27 mars, la salle Cal Panche des Angles accueille l'exposition photographique \u00ab Expressions \u00bb de Viviane Lacoste. Cet \u00e9v\u00e9nement gratuit, ouvert de 16h00 \u00e0 20h00, met en lumi\u00e8re le travail sensible et \u00e9mouvant de cette artiste.L'exposition \u00ab Expressions \u00bb de Viviane Lacoste est une exploration visuelle captivante o\u00f9 chaque photographie est bien plus qu'une simple image. Viviane Lacoste, artiste peintre et photographe, puise son inspiration dans la beaut\u00e9 et les \u00e9motions du monde qui l'entoure. Install\u00e9e dans la r\u00e9gion depuis son enfance, elle capture des instants suspendus, r\u00e9v\u00e9lant la po\u00e9sie et la sensibilit\u00e9 de son regard. Pour elle, une photographie ne se contente pas de refl\u00e9ter la r\u00e9alit\u00e9 ; elle doit vivre et \u00e9voquer des \u00e9motions. Chaque clich\u00e9 est une invitation \u00e0 ressentir, \u00e0 s'immerger dans un univers o\u00f9 la beaut\u00e9 et l'\u00e9motion se m\u00ealent harmonieusement.Cette exposition est une opportunit\u00e9 unique de d\u00e9couvrir le talent de Viviane Lacoste. Ses \u0153uvres offrent une exp\u00e9rience sensorielle et \u00e9motionnelle, permettant au public de s'\u00e9vader et de s'\u00e9merveiller devant la beaut\u00e9 captur\u00e9e. L'entr\u00e9e \u00e9tant gratuite, c'est une occasion id\u00e9ale pour tous les amateurs de photographie et d'art de passer un moment agr\u00e9able et enrichissant.Ne manquez pas cette exposition qui promet de vous transporter dans un monde de sensibilit\u00e9 et de beaut\u00e9, gr\u00e2ce au regard unique et \u00e9mouvant de Viviane Lacoste.","robots":{"index":"index","follow":"follow","max-snippet":"max-snippet:-1","max-image-preview":"max-image-preview:large","max-video-preview":"max-video-preview:-1"},"canonical":"https:\/\/www.locansol.fr\/es\/evenement\/expo-photos-expressions-11\/","og_locale":"es_ES","og_type":"article","og_title":"EXPO PHOTOS EXPRESSIONS","og_description":"Du 27 f\u00e9vrier au 27 mars, la salle Cal Panche des Angles accueille l'exposition photographique \u00ab Expressions \u00bb de Viviane Lacoste. Cet \u00e9v\u00e9nement gratuit, ouvert de 16h00 \u00e0 20h00, met en lumi\u00e8re le travail sensible et \u00e9mouvant de cette artiste.L'exposition \u00ab Expressions \u00bb de Viviane Lacoste est une exploration visuelle captivante o\u00f9 chaque photographie est bien plus qu'une simple image. Viviane Lacoste, artiste peintre et photographe, puise son inspiration dans la beaut\u00e9 et les \u00e9motions du monde qui l'entoure. Install\u00e9e dans la r\u00e9gion depuis son enfance, elle capture des instants suspendus, r\u00e9v\u00e9lant la po\u00e9sie et la sensibilit\u00e9 de son regard. Pour elle, une photographie ne se contente pas de refl\u00e9ter la r\u00e9alit\u00e9 ; elle doit vivre et \u00e9voquer des \u00e9motions. Chaque clich\u00e9 est une invitation \u00e0 ressentir, \u00e0 s'immerger dans un univers o\u00f9 la beaut\u00e9 et l'\u00e9motion se m\u00ealent harmonieusement.Cette exposition est une opportunit\u00e9 unique de d\u00e9couvrir le talent de Viviane Lacoste. Ses \u0153uvres offrent une exp\u00e9rience sensorielle et \u00e9motionnelle, permettant au public de s'\u00e9vader et de s'\u00e9merveiller devant la beaut\u00e9 captur\u00e9e. L'entr\u00e9e \u00e9tant gratuite, c'est une occasion id\u00e9ale pour tous les amateurs de photographie et d'art de passer un moment agr\u00e9able et enrichissant.Ne manquez pas cette exposition qui promet de vous transporter dans un monde de sensibilit\u00e9 et de beaut\u00e9, gr\u00e2ce au regard unique et \u00e9mouvant de Viviane Lacoste.","og_url":"https:\/\/www.locansol.fr\/es\/evenement\/expo-photos-expressions-11\/","og_site_name":"Locansol, louer un h\u00e9bergement dans les Pyr\u00e9n\u00e9es Orientales","article_modified_time":"2026-02-28T03:07:33+00:00","og_image":[{"width":1131,"height":1600,"url":"https:\/\/www.locansol.fr\/wp-content\/uploads\/2026\/02\/vacances-hiver-tautavel-prehistoire-7.webp","type":"image\/webp"}],"twitter_card":"summary_large_image","twitter_title":"EXPO PHOTOS EXPRESSIONS","twitter_description":"Du 27 f\u00e9vrier au 27 mars, la salle Cal Panche des Angles accueille l'exposition photographique \u00ab Expressions \u00bb de Viviane Lacoste. Cet \u00e9v\u00e9nement gratuit, ouvert de 16h00 \u00e0 20h00, met en lumi\u00e8re le travail sensible et \u00e9mouvant de cette artiste.L'exposition \u00ab Expressions \u00bb de Viviane Lacoste est une exploration visuelle captivante o\u00f9 chaque photographie est bien plus qu'une simple image. Viviane Lacoste, artiste peintre et photographe, puise son inspiration dans la beaut\u00e9 et les \u00e9motions du monde qui l'entoure. Install\u00e9e dans la r\u00e9gion depuis son enfance, elle capture des instants suspendus, r\u00e9v\u00e9lant la po\u00e9sie et la sensibilit\u00e9 de son regard. Pour elle, une photographie ne se contente pas de refl\u00e9ter la r\u00e9alit\u00e9 ; elle doit vivre et \u00e9voquer des \u00e9motions. Chaque clich\u00e9 est une invitation \u00e0 ressentir, \u00e0 s'immerger dans un univers o\u00f9 la beaut\u00e9 et l'\u00e9motion se m\u00ealent harmonieusement.Cette exposition est une opportunit\u00e9 unique de d\u00e9couvrir le talent de Viviane Lacoste. Ses \u0153uvres offrent une exp\u00e9rience sensorielle et \u00e9motionnelle, permettant au public de s'\u00e9vader et de s'\u00e9merveiller devant la beaut\u00e9 captur\u00e9e. L'entr\u00e9e \u00e9tant gratuite, c'est une occasion id\u00e9ale pour tous les amateurs de photographie et d'art de passer un moment agr\u00e9able et enrichissant.Ne manquez pas cette exposition qui promet de vous transporter dans un monde de sensibilit\u00e9 et de beaut\u00e9, gr\u00e2ce au regard unique et \u00e9mouvant de Viviane Lacoste.","twitter_image":"https:\/\/www.locansol.fr\/wp-content\/uploads\/2026\/02\/vacances-hiver-tautavel-prehistoire-7.webp","twitter_misc":{"Tiempo de lectura":"1 minuto"},"schema":{"@context":"https:\/\/schema.org","@graph":[{"@type":"WebPage","@id":"https:\/\/www.locansol.fr\/evenement\/expo-photos-expressions-11\/","url":"https:\/\/www.locansol.fr\/evenement\/expo-photos-expressions-11\/","name":"EXPO PHOTOS EXPRESSIONS","isPartOf":{"@id":"https:\/\/www.locansol.fr\/#website"},"primaryImageOfPage":{"@id":"https:\/\/www.locansol.fr\/evenement\/expo-photos-expressions-11\/#primaryimage"},"image":{"@id":"https:\/\/www.locansol.fr\/evenement\/expo-photos-expressions-11\/#primaryimage"},"thumbnailUrl":"https:\/\/www.locansol.fr\/wp-content\/uploads\/2026\/02\/vacances-hiver-tautavel-prehistoire-7.webp","datePublished":"2026-02-28T03:07:31+00:00","dateModified":"2026-02-28T03:07:33+00:00","description":"Du 27 f\u00e9vrier au 27 mars, la salle Cal Panche des Angles accueille l'exposition photographique \u00ab Expressions \u00bb de Viviane Lacoste. Cet \u00e9v\u00e9nement gratuit, ouvert de 16h00 \u00e0 20h00, met en lumi\u00e8re le travail sensible et \u00e9mouvant de cette artiste.L'exposition \u00ab Expressions \u00bb de Viviane Lacoste est une exploration visuelle captivante o\u00f9 chaque photographie est bien plus qu'une simple image. Viviane Lacoste, artiste peintre et photographe, puise son inspiration dans la beaut\u00e9 et les \u00e9motions du monde qui l'entoure. Install\u00e9e dans la r\u00e9gion depuis son enfance, elle capture des instants suspendus, r\u00e9v\u00e9lant la po\u00e9sie et la sensibilit\u00e9 de son regard. Pour elle, une photographie ne se contente pas de refl\u00e9ter la r\u00e9alit\u00e9 ; elle doit vivre et \u00e9voquer des \u00e9motions. Chaque clich\u00e9 est une invitation \u00e0 ressentir, \u00e0 s'immerger dans un univers o\u00f9 la beaut\u00e9 et l'\u00e9motion se m\u00ealent harmonieusement.Cette exposition est une opportunit\u00e9 unique de d\u00e9couvrir le talent de Viviane Lacoste. Ses \u0153uvres offrent une exp\u00e9rience sensorielle et \u00e9motionnelle, permettant au public de s'\u00e9vader et de s'\u00e9merveiller devant la beaut\u00e9 captur\u00e9e. L'entr\u00e9e \u00e9tant gratuite, c'est une occasion id\u00e9ale pour tous les amateurs de photographie et d'art de passer un moment agr\u00e9able et enrichissant.Ne manquez pas cette exposition qui promet de vous transporter dans un monde de sensibilit\u00e9 et de beaut\u00e9, gr\u00e2ce au regard unique et \u00e9mouvant de Viviane Lacoste.","breadcrumb":{"@id":"https:\/\/www.locansol.fr\/evenement\/expo-photos-expressions-11\/#breadcrumb"},"inLanguage":"es","potentialAction":[{"@type":"ReadAction","target":["https:\/\/www.locansol.fr\/evenement\/expo-photos-expressions-11\/"]}]},{"@type":"ImageObject","inLanguage":"es","@id":"https:\/\/www.locansol.fr\/evenement\/expo-photos-expressions-11\/#primaryimage","url":"https:\/\/www.locansol.fr\/wp-content\/uploads\/2026\/02\/vacances-hiver-tautavel-prehistoire-7.webp","contentUrl":"https:\/\/www.locansol.fr\/wp-content\/uploads\/2026\/02\/vacances-hiver-tautavel-prehistoire-7.webp","width":1131,"height":1600,"caption":"Vacances d'hiver \u00e0 Tautavel : Ateliers et d\u00e9couvertes"},{"@type":"BreadcrumbList","@id":"https:\/\/www.locansol.fr\/evenement\/expo-photos-expressions-11\/#breadcrumb","itemListElement":[{"@type":"ListItem","position":1,"name":"Accueil","item":"https:\/\/www.locansol.fr\/"},{"@type":"ListItem","position":2,"name":"\u00c9v\u00e8nements","item":"https:\/\/www.locansol.fr\/evenements\/"},{"@type":"ListItem","position":3,"name":"EXPO PHOTOS EXPRESSIONS"}]},{"@type":"WebSite","@id":"https:\/\/www.locansol.fr\/#website","url":"https:\/\/www.locansol.fr\/","name":"Locansol, louer un h\u00e9bergement dans les Pyr\u00e9n\u00e9es-Orientales","description":"Location Mobil-home Mer M\u00e9diterran\u00e9e &amp; Chalet de Montagne dans les Pyr\u00e9n\u00e9es Orientales (Occitanie, 66). Weekend, s\u00e9jour &amp; vacances en famille et entre amis.","publisher":{"@id":"https:\/\/www.locansol.fr\/#organization"},"alternateName":"Louer un h\u00e9bergement dans les Pyr\u00e9n\u00e9es Orientales, chalet & mobil-home en Occitanie","potentialAction":[{"@type":"SearchAction","target":{"@type":"EntryPoint","urlTemplate":"https:\/\/www.locansol.fr\/?s={search_term_string}"},"query-input":{"@type":"PropertyValueSpecification","valueRequired":true,"valueName":"search_term_string"}}],"inLanguage":"es"},{"@type":"Organization","@id":"https:\/\/www.locansol.fr\/#organization","name":"Location MobilHome & chalet dans les Pyr\u00e9n\u00e9es Orientales","alternateName":"Louer un h\u00e9bergement dans les Pyr\u00e9n\u00e9es Orientales en Occitanie","url":"https:\/\/www.locansol.fr\/","logo":{"@type":"ImageObject","inLanguage":"es","@id":"https:\/\/www.locansol.fr\/#\/schema\/logo\/image\/","url":"https:\/\/www.locansol.fr\/wp-content\/uploads\/2024\/04\/AdobeStock_303324767-scaled.jpeg","contentUrl":"https:\/\/www.locansol.fr\/wp-content\/uploads\/2024\/04\/AdobeStock_303324767-scaled.jpeg","width":2560,"height":1707,"caption":"Location MobilHome & chalet dans les Pyr\u00e9n\u00e9es Orientales"},"image":{"@id":"https:\/\/www.locansol.fr\/#\/schema\/logo\/image\/"}}]}},"_links":{"self":[{"href":"https:\/\/www.locansol.fr\/es\/wp-json\/wp\/v2\/tribe_events\/4236","targetHints":{"allow":["GET"]}}],"collection":[{"href":"https:\/\/www.locansol.fr\/es\/wp-json\/wp\/v2\/tribe_events"}],"about":[{"href":"https:\/\/www.locansol.fr\/es\/wp-json\/wp\/v2\/types\/tribe_events"}],"author":[{"embeddable":true,"href":"https:\/\/www.locansol.fr\/es\/wp-json\/wp\/v2\/users\/5"}],"version-history":[{"count":1,"href":"https:\/\/www.locansol.fr\/es\/wp-json\/wp\/v2\/tribe_events\/4236\/revisions"}],"predecessor-version":[{"id":4237,"href":"https:\/\/www.locansol.fr\/es\/wp-json\/wp\/v2\/tribe_events\/4236\/revisions\/4237"}],"wp:featuredmedia":[{"embeddable":true,"href":"https:\/\/www.locansol.fr\/es\/wp-json\/wp\/v2\/media\/4233"}],"wp:attachment":[{"href":"https:\/\/www.locansol.fr\/es\/wp-json\/wp\/v2\/media?parent=4236"}],"wp:term":[{"taxonomy":"post_tag","embeddable":true,"href":"https:\/\/www.locansol.fr\/es\/wp-json\/wp\/v2\/tags?post=4236"},{"taxonomy":"tribe_events_cat","embeddable":true,"href":"https:\/\/www.locansol.fr\/es\/wp-json\/wp\/v2\/tribe_events_cat?post=4236"}],"curies":[{"name":"wp","href":"https:\/\/api.w.org\/{rel}","templated":true}]}}