{"id":4572,"date":"2026-03-05T14:09:55","date_gmt":"2026-03-05T13:09:55","guid":{"rendered":"https:\/\/www.locansol.fr\/evenement\/agustin-julian-blacha\/"},"modified":"2026-03-05T14:10:08","modified_gmt":"2026-03-05T13:10:08","slug":"agustin-julian-blacha","status":"publish","type":"tribe_events","link":"https:\/\/www.locansol.fr\/es\/evenement\/agustin-julian-blacha\/","title":{"rendered":"AGUSTIN JULIAN BLACHA"},"content":{"rendered":"<p>Du 4 mars au 11 avril 2026, la ville de Prades accueille une exposition exceptionnelle de l\u2019artiste Agustin Julian Blacha. Install\u00e9 dans cette commune des Pyr\u00e9n\u00e9es-Orientales depuis sept ans, l\u2019artiste puise son inspiration dans les paysages environnants pour cr\u00e9er des \u0153uvres vibrantes et lumineuses.<\/p>\n<p>L\u2019exposition se tient au 81bis rue du palais de justice, un lieu embl\u00e9matique de Prades. Les visiteurs pourront d\u00e9couvrir une s\u00e9lection de peintures \u00e0 l\u2019huile qui refl\u00e8tent la profonde connexion de Blacha avec la nature du Conflent. Ses \u0153uvres sont marqu\u00e9es par une ma\u00eetrise de la lumi\u00e8re, des contrastes et des couleurs, offrant une interpr\u00e9tation unique des terres catalanes.<\/p>\n<p>Agustin Julian Blacha, n\u00e9 \u00e0 Buenos Aires, est dipl\u00f4m\u00e9 de l\u2019\u00c9cole nationale des beaux-arts de sa ville natale. Inspir\u00e9 par l\u2019impressionnisme et le post-impressionnisme, il explore les couleurs et les textures pour cr\u00e9er des paysages qui touchent profond\u00e9ment le spectateur. Son travail est une qu\u00eate constante de progression artistique et de partage de son amour pour la nature.<\/p>\n<p>Cette exposition est une occasion unique de d\u00e9couvrir le talent d\u2019un artiste qui a su capturer l\u2019essence des paysages du Conflent. Les visiteurs pourront appr\u00e9cier la richesse chromatique de ses peintures \u00e0 l\u2019huile et se laisser emporter par la beaut\u00e9 des paysages locaux vus \u00e0 travers le prisme de son art. L\u2019entr\u00e9e est gratuite, rendant cet \u00e9v\u00e9nement accessible \u00e0 tous les amateurs d\u2019art et de nature.<\/p>\n<p>Ne manquez pas cette opportunit\u00e9 de plonger dans l\u2019univers color\u00e9 et inspirant d\u2019Agustin Julian Blacha, du 4 mars au 11 avril 2026 \u00e0 Prades.<\/p>\n<p>Adresse : 81bis rue du palais de justice, Prades<br \/>Horaires : Du mardi au samedi, de 9h30 \u00e0 12h00 et de 14h30 \u00e0 17h30<\/p>\n<p><\/p>\n<h3>R\u00e9servez votre h\u00e9bergement dans les Pyr\u00e9n\u00e9es-Orientales :<\/h3>\n<p><b><a href='https:\/\/www.locansol.fr\/es\/alquiler-chalet-cerdana\/'>Chalet Locansol \u00e0 Estavar<\/a><\/b><br \/>Trajet le plus court : 17 km<br \/>Trajet le plus rapide : 19 min<\/p>\n<p><b><a href='https:\/\/www.locansol.fr\/es\/alquiler-mobil-home-mediterraneo\/'>Mobil-home Locansol \u00e0 Argel\u00e8s-sur-Mer<\/a><\/b><br \/>Trajet le plus court : 108 km<br \/>Trajet le plus rapide : 1 h 41 min<\/p>","protected":false},"excerpt":{"rendered":"<p>Du 4 mars au 11 avril 2026, la ville de Prades accueille une exposition exceptionnelle de l\u2019artiste Agustin Julian Blacha. Install\u00e9 dans cette commune des Pyr\u00e9n\u00e9es-Orientales depuis sept ans, l\u2019artiste [&hellip;]<\/p>","protected":false},"author":5,"featured_media":4568,"template":"","meta":{"_yoast_wpseo_focuskw":"AGUSTIN JULIAN BLACHA","_yoast_wpseo_title":"AGUSTIN JULIAN BLACHA","_yoast_wpseo_metadesc":"Du 4 mars au 11 avril 2026, la ville de Prades accueille une exposition exceptionnelle de l\u2019artiste Agustin Julian Blacha. Install\u00e9 dans cette commune des Pyr\u00e9n\u00e9es-Orientales depuis sept ans, l\u2019artiste puise son inspiration dans les paysages environnants pour cr\u00e9er des \u0153uvres vibrantes et lumineuses.L\u2019exposition se tient au 81bis rue du palais de justice, un lieu embl\u00e9matique de Prades. Les visiteurs pourront d\u00e9couvrir une s\u00e9lection de peintures \u00e0 l\u2019huile qui refl\u00e8tent la profonde connexion de Blacha avec la nature du Conflent. Ses \u0153uvres sont marqu\u00e9es par une ma\u00eetrise de la lumi\u00e8re, des contrastes et des couleurs, offrant une interpr\u00e9tation unique des terres catalanes.Agustin Julian Blacha, n\u00e9 \u00e0 Buenos Aires, est dipl\u00f4m\u00e9 de l\u2019\u00c9cole nationale des beaux-arts de sa ville natale. Inspir\u00e9 par l\u2019impressionnisme et le post-impressionnisme, il explore les couleurs et les textures pour cr\u00e9er des paysages qui touchent profond\u00e9ment le spectateur. Son travail est une qu\u00eate constante de progression artistique et de partage de son amour pour la nature.Cette exposition est une occasion unique de d\u00e9couvrir le talent d\u2019un artiste qui a su capturer l\u2019essence des paysages du Conflent. Les visiteurs pourront appr\u00e9cier la richesse chromatique de ses peintures \u00e0 l\u2019huile et se laisser emporter par la beaut\u00e9 des paysages locaux vus \u00e0 travers le prisme de son art. L\u2019entr\u00e9e est gratuite, rendant cet \u00e9v\u00e9nement accessible \u00e0 tous les amateurs d\u2019art et de nature.Ne manquez pas cette opportunit\u00e9 de plonger dans l\u2019univers color\u00e9 et inspirant d\u2019Agustin Julian Blacha, du 4 mars au 11 avril 2026 \u00e0 Prades.Adresse : 81bis rue du palais de justice, PradesHoraires : Du mardi au samedi, de 9h30 \u00e0 12h00 et de 14h30 \u00e0 17h30","_yoast_wpseo_canonical":"","_yoast_wpseo_opengraph-title":"AGUSTIN JULIAN BLACHA","_yoast_wpseo_opengraph-description":"Du 4 mars au 11 avril 2026, la ville de Prades accueille une exposition exceptionnelle de l\u2019artiste Agustin Julian Blacha. Install\u00e9 dans cette commune des Pyr\u00e9n\u00e9es-Orientales depuis sept ans, l\u2019artiste puise son inspiration dans les paysages environnants pour cr\u00e9er des \u0153uvres vibrantes et lumineuses.L\u2019exposition se tient au 81bis rue du palais de justice, un lieu embl\u00e9matique de Prades. Les visiteurs pourront d\u00e9couvrir une s\u00e9lection de peintures \u00e0 l\u2019huile qui refl\u00e8tent la profonde connexion de Blacha avec la nature du Conflent. Ses \u0153uvres sont marqu\u00e9es par une ma\u00eetrise de la lumi\u00e8re, des contrastes et des couleurs, offrant une interpr\u00e9tation unique des terres catalanes.Agustin Julian Blacha, n\u00e9 \u00e0 Buenos Aires, est dipl\u00f4m\u00e9 de l\u2019\u00c9cole nationale des beaux-arts de sa ville natale. Inspir\u00e9 par l\u2019impressionnisme et le post-impressionnisme, il explore les couleurs et les textures pour cr\u00e9er des paysages qui touchent profond\u00e9ment le spectateur. Son travail est une qu\u00eate constante de progression artistique et de partage de son amour pour la nature.Cette exposition est une occasion unique de d\u00e9couvrir le talent d\u2019un artiste qui a su capturer l\u2019essence des paysages du Conflent. Les visiteurs pourront appr\u00e9cier la richesse chromatique de ses peintures \u00e0 l\u2019huile et se laisser emporter par la beaut\u00e9 des paysages locaux vus \u00e0 travers le prisme de son art. L\u2019entr\u00e9e est gratuite, rendant cet \u00e9v\u00e9nement accessible \u00e0 tous les amateurs d\u2019art et de nature.Ne manquez pas cette opportunit\u00e9 de plonger dans l\u2019univers color\u00e9 et inspirant d\u2019Agustin Julian Blacha, du 4 mars au 11 avril 2026 \u00e0 Prades.Adresse : 81bis rue du palais de justice, PradesHoraires : Du mardi au samedi, de 9h30 \u00e0 12h00 et de 14h30 \u00e0 17h30","_yoast_wpseo_opengraph-image":"https:\/\/www.locansol.fr\/wp-content\/uploads\/2026\/03\/musee-prehistoire-tautavel-activites.webp","_yoast_wpseo_opengraph-image-id":"4568","_yoast_wpseo_twitter-title":"AGUSTIN JULIAN BLACHA","_yoast_wpseo_twitter-description":"Du 4 mars au 11 avril 2026, la ville de Prades accueille une exposition exceptionnelle de l\u2019artiste Agustin Julian Blacha. Install\u00e9 dans cette commune des Pyr\u00e9n\u00e9es-Orientales depuis sept ans, l\u2019artiste puise son inspiration dans les paysages environnants pour cr\u00e9er des \u0153uvres vibrantes et lumineuses.L\u2019exposition se tient au 81bis rue du palais de justice, un lieu embl\u00e9matique de Prades. Les visiteurs pourront d\u00e9couvrir une s\u00e9lection de peintures \u00e0 l\u2019huile qui refl\u00e8tent la profonde connexion de Blacha avec la nature du Conflent. Ses \u0153uvres sont marqu\u00e9es par une ma\u00eetrise de la lumi\u00e8re, des contrastes et des couleurs, offrant une interpr\u00e9tation unique des terres catalanes.Agustin Julian Blacha, n\u00e9 \u00e0 Buenos Aires, est dipl\u00f4m\u00e9 de l\u2019\u00c9cole nationale des beaux-arts de sa ville natale. Inspir\u00e9 par l\u2019impressionnisme et le post-impressionnisme, il explore les couleurs et les textures pour cr\u00e9er des paysages qui touchent profond\u00e9ment le spectateur. Son travail est une qu\u00eate constante de progression artistique et de partage de son amour pour la nature.Cette exposition est une occasion unique de d\u00e9couvrir le talent d\u2019un artiste qui a su capturer l\u2019essence des paysages du Conflent. Les visiteurs pourront appr\u00e9cier la richesse chromatique de ses peintures \u00e0 l\u2019huile et se laisser emporter par la beaut\u00e9 des paysages locaux vus \u00e0 travers le prisme de son art. L\u2019entr\u00e9e est gratuite, rendant cet \u00e9v\u00e9nement accessible \u00e0 tous les amateurs d\u2019art et de nature.Ne manquez pas cette opportunit\u00e9 de plonger dans l\u2019univers color\u00e9 et inspirant d\u2019Agustin Julian Blacha, du 4 mars au 11 avril 2026 \u00e0 Prades.Adresse : 81bis rue du palais de justice, PradesHoraires : Du mardi au samedi, de 9h30 \u00e0 12h00 et de 14h30 \u00e0 17h30","_yoast_wpseo_twitter-image":"https:\/\/www.locansol.fr\/wp-content\/uploads\/2026\/03\/musee-prehistoire-tautavel-activites.webp","_yoast_wpseo_twitter-image-id":"4568}","yoast_primary_category":"Exposition","_tribe_events_status":"","_tribe_events_status_reason":"","_tribe_events_is_hybrid":"","_tribe_events_is_virtual":"","_tribe_events_virtual_video_source":"","_tribe_events_virtual_embed_video":"","_tribe_events_virtual_linked_button_text":"","_tribe_events_virtual_linked_button":"","_tribe_events_virtual_show_embed_at":"","_tribe_events_virtual_show_embed_to":[],"_tribe_events_virtual_show_on_event":"","_tribe_events_virtual_show_on_views":"","_tribe_events_virtual_url":"","footnotes":""},"tags":[66,76],"tribe_events_cat":[138,90,169],"class_list":["post-4572","tribe_events","type-tribe_events","status-publish","has-post-thumbnail","hentry","tag-evenement-culturel","tag-pyrenees-orientales","tribe_events_cat-evenement-culturel","tribe_events_cat-exposition","tribe_events_cat-pyrenees-orientales","cat_evenement-culturel","cat_exposition","cat_pyrenees-orientales"],"yoast_head":"<!-- This site is optimized with the Yoast SEO Premium plugin v23.3 (Yoast SEO v26.9) - https:\/\/yoast.com\/product\/yoast-seo-premium-wordpress\/ -->\n<title>AGUSTIN JULIAN BLACHA<\/title>\n<meta name=\"description\" content=\"Du 4 mars au 11 avril 2026, la ville de Prades accueille une exposition exceptionnelle de l\u2019artiste Agustin Julian Blacha. Install\u00e9 dans cette commune des Pyr\u00e9n\u00e9es-Orientales depuis sept ans, l\u2019artiste puise son inspiration dans les paysages environnants pour cr\u00e9er des \u0153uvres vibrantes et lumineuses.L\u2019exposition se tient au 81bis rue du palais de justice, un lieu embl\u00e9matique de Prades. Les visiteurs pourront d\u00e9couvrir une s\u00e9lection de peintures \u00e0 l\u2019huile qui refl\u00e8tent la profonde connexion de Blacha avec la nature du Conflent. Ses \u0153uvres sont marqu\u00e9es par une ma\u00eetrise de la lumi\u00e8re, des contrastes et des couleurs, offrant une interpr\u00e9tation unique des terres catalanes.Agustin Julian Blacha, n\u00e9 \u00e0 Buenos Aires, est dipl\u00f4m\u00e9 de l\u2019\u00c9cole nationale des beaux-arts de sa ville natale. Inspir\u00e9 par l\u2019impressionnisme et le post-impressionnisme, il explore les couleurs et les textures pour cr\u00e9er des paysages qui touchent profond\u00e9ment le spectateur. Son travail est une qu\u00eate constante de progression artistique et de partage de son amour pour la nature.Cette exposition est une occasion unique de d\u00e9couvrir le talent d\u2019un artiste qui a su capturer l\u2019essence des paysages du Conflent. Les visiteurs pourront appr\u00e9cier la richesse chromatique de ses peintures \u00e0 l\u2019huile et se laisser emporter par la beaut\u00e9 des paysages locaux vus \u00e0 travers le prisme de son art. L\u2019entr\u00e9e est gratuite, rendant cet \u00e9v\u00e9nement accessible \u00e0 tous les amateurs d\u2019art et de nature.Ne manquez pas cette opportunit\u00e9 de plonger dans l\u2019univers color\u00e9 et inspirant d\u2019Agustin Julian Blacha, du 4 mars au 11 avril 2026 \u00e0 Prades.Adresse : 81bis rue du palais de justice, PradesHoraires : Du mardi au samedi, de 9h30 \u00e0 12h00 et de 14h30 \u00e0 17h30\" \/>\n<meta name=\"robots\" content=\"index, follow, max-snippet:-1, max-image-preview:large, max-video-preview:-1\" \/>\n<link rel=\"canonical\" href=\"https:\/\/www.locansol.fr\/es\/evenement\/agustin-julian-blacha\/\" \/>\n<meta property=\"og:locale\" content=\"es_ES\" \/>\n<meta property=\"og:type\" content=\"article\" \/>\n<meta property=\"og:title\" content=\"AGUSTIN JULIAN BLACHA\" \/>\n<meta property=\"og:description\" content=\"Du 4 mars au 11 avril 2026, la ville de Prades accueille une exposition exceptionnelle de l\u2019artiste Agustin Julian Blacha. Install\u00e9 dans cette commune des Pyr\u00e9n\u00e9es-Orientales depuis sept ans, l\u2019artiste puise son inspiration dans les paysages environnants pour cr\u00e9er des \u0153uvres vibrantes et lumineuses.L\u2019exposition se tient au 81bis rue du palais de justice, un lieu embl\u00e9matique de Prades. Les visiteurs pourront d\u00e9couvrir une s\u00e9lection de peintures \u00e0 l\u2019huile qui refl\u00e8tent la profonde connexion de Blacha avec la nature du Conflent. Ses \u0153uvres sont marqu\u00e9es par une ma\u00eetrise de la lumi\u00e8re, des contrastes et des couleurs, offrant une interpr\u00e9tation unique des terres catalanes.Agustin Julian Blacha, n\u00e9 \u00e0 Buenos Aires, est dipl\u00f4m\u00e9 de l\u2019\u00c9cole nationale des beaux-arts de sa ville natale. Inspir\u00e9 par l\u2019impressionnisme et le post-impressionnisme, il explore les couleurs et les textures pour cr\u00e9er des paysages qui touchent profond\u00e9ment le spectateur. Son travail est une qu\u00eate constante de progression artistique et de partage de son amour pour la nature.Cette exposition est une occasion unique de d\u00e9couvrir le talent d\u2019un artiste qui a su capturer l\u2019essence des paysages du Conflent. Les visiteurs pourront appr\u00e9cier la richesse chromatique de ses peintures \u00e0 l\u2019huile et se laisser emporter par la beaut\u00e9 des paysages locaux vus \u00e0 travers le prisme de son art. L\u2019entr\u00e9e est gratuite, rendant cet \u00e9v\u00e9nement accessible \u00e0 tous les amateurs d\u2019art et de nature.Ne manquez pas cette opportunit\u00e9 de plonger dans l\u2019univers color\u00e9 et inspirant d\u2019Agustin Julian Blacha, du 4 mars au 11 avril 2026 \u00e0 Prades.Adresse : 81bis rue du palais de justice, PradesHoraires : Du mardi au samedi, de 9h30 \u00e0 12h00 et de 14h30 \u00e0 17h30\" \/>\n<meta property=\"og:url\" content=\"https:\/\/www.locansol.fr\/es\/evenement\/agustin-julian-blacha\/\" \/>\n<meta property=\"og:site_name\" content=\"Locansol, louer un h\u00e9bergement dans les Pyr\u00e9n\u00e9es Orientales\" \/>\n<meta property=\"article:modified_time\" content=\"2026-03-05T13:10:08+00:00\" \/>\n<meta property=\"og:image\" content=\"https:\/\/www.locansol.fr\/wp-content\/uploads\/2026\/03\/musee-prehistoire-tautavel-activites.webp\" \/>\n\t<meta property=\"og:image:width\" content=\"1357\" \/>\n\t<meta property=\"og:image:height\" content=\"1920\" \/>\n\t<meta property=\"og:image:type\" content=\"image\/webp\" \/>\n<meta name=\"twitter:card\" content=\"summary_large_image\" \/>\n<meta name=\"twitter:title\" content=\"AGUSTIN JULIAN BLACHA\" \/>\n<meta name=\"twitter:description\" content=\"Du 4 mars au 11 avril 2026, la ville de Prades accueille une exposition exceptionnelle de l\u2019artiste Agustin Julian Blacha. Install\u00e9 dans cette commune des Pyr\u00e9n\u00e9es-Orientales depuis sept ans, l\u2019artiste puise son inspiration dans les paysages environnants pour cr\u00e9er des \u0153uvres vibrantes et lumineuses.L\u2019exposition se tient au 81bis rue du palais de justice, un lieu embl\u00e9matique de Prades. Les visiteurs pourront d\u00e9couvrir une s\u00e9lection de peintures \u00e0 l\u2019huile qui refl\u00e8tent la profonde connexion de Blacha avec la nature du Conflent. Ses \u0153uvres sont marqu\u00e9es par une ma\u00eetrise de la lumi\u00e8re, des contrastes et des couleurs, offrant une interpr\u00e9tation unique des terres catalanes.Agustin Julian Blacha, n\u00e9 \u00e0 Buenos Aires, est dipl\u00f4m\u00e9 de l\u2019\u00c9cole nationale des beaux-arts de sa ville natale. Inspir\u00e9 par l\u2019impressionnisme et le post-impressionnisme, il explore les couleurs et les textures pour cr\u00e9er des paysages qui touchent profond\u00e9ment le spectateur. Son travail est une qu\u00eate constante de progression artistique et de partage de son amour pour la nature.Cette exposition est une occasion unique de d\u00e9couvrir le talent d\u2019un artiste qui a su capturer l\u2019essence des paysages du Conflent. Les visiteurs pourront appr\u00e9cier la richesse chromatique de ses peintures \u00e0 l\u2019huile et se laisser emporter par la beaut\u00e9 des paysages locaux vus \u00e0 travers le prisme de son art. L\u2019entr\u00e9e est gratuite, rendant cet \u00e9v\u00e9nement accessible \u00e0 tous les amateurs d\u2019art et de nature.Ne manquez pas cette opportunit\u00e9 de plonger dans l\u2019univers color\u00e9 et inspirant d\u2019Agustin Julian Blacha, du 4 mars au 11 avril 2026 \u00e0 Prades.Adresse : 81bis rue du palais de justice, PradesHoraires : Du mardi au samedi, de 9h30 \u00e0 12h00 et de 14h30 \u00e0 17h30\" \/>\n<meta name=\"twitter:image\" content=\"https:\/\/www.locansol.fr\/wp-content\/uploads\/2026\/03\/musee-prehistoire-tautavel-activites.webp\" \/>\n<meta name=\"twitter:label1\" content=\"Tiempo de lectura\" \/>\n\t<meta name=\"twitter:data1\" content=\"2 minutos\" \/>\n<script type=\"application\/ld+json\" class=\"yoast-schema-graph\">{\"@context\":\"https:\/\/schema.org\",\"@graph\":[{\"@type\":\"WebPage\",\"@id\":\"https:\/\/www.locansol.fr\/evenement\/agustin-julian-blacha\/\",\"url\":\"https:\/\/www.locansol.fr\/evenement\/agustin-julian-blacha\/\",\"name\":\"AGUSTIN JULIAN BLACHA\",\"isPartOf\":{\"@id\":\"https:\/\/www.locansol.fr\/#website\"},\"primaryImageOfPage\":{\"@id\":\"https:\/\/www.locansol.fr\/evenement\/agustin-julian-blacha\/#primaryimage\"},\"image\":{\"@id\":\"https:\/\/www.locansol.fr\/evenement\/agustin-julian-blacha\/#primaryimage\"},\"thumbnailUrl\":\"https:\/\/www.locansol.fr\/wp-content\/uploads\/2026\/03\/musee-prehistoire-tautavel-activites.webp\",\"datePublished\":\"2026-03-05T13:09:55+00:00\",\"dateModified\":\"2026-03-05T13:10:08+00:00\",\"description\":\"Du 4 mars au 11 avril 2026, la ville de Prades accueille une exposition exceptionnelle de l\u2019artiste Agustin Julian Blacha. Install\u00e9 dans cette commune des Pyr\u00e9n\u00e9es-Orientales depuis sept ans, l\u2019artiste puise son inspiration dans les paysages environnants pour cr\u00e9er des \u0153uvres vibrantes et lumineuses.L\u2019exposition se tient au 81bis rue du palais de justice, un lieu embl\u00e9matique de Prades. Les visiteurs pourront d\u00e9couvrir une s\u00e9lection de peintures \u00e0 l\u2019huile qui refl\u00e8tent la profonde connexion de Blacha avec la nature du Conflent. Ses \u0153uvres sont marqu\u00e9es par une ma\u00eetrise de la lumi\u00e8re, des contrastes et des couleurs, offrant une interpr\u00e9tation unique des terres catalanes.Agustin Julian Blacha, n\u00e9 \u00e0 Buenos Aires, est dipl\u00f4m\u00e9 de l\u2019\u00c9cole nationale des beaux-arts de sa ville natale. Inspir\u00e9 par l\u2019impressionnisme et le post-impressionnisme, il explore les couleurs et les textures pour cr\u00e9er des paysages qui touchent profond\u00e9ment le spectateur. Son travail est une qu\u00eate constante de progression artistique et de partage de son amour pour la nature.Cette exposition est une occasion unique de d\u00e9couvrir le talent d\u2019un artiste qui a su capturer l\u2019essence des paysages du Conflent. Les visiteurs pourront appr\u00e9cier la richesse chromatique de ses peintures \u00e0 l\u2019huile et se laisser emporter par la beaut\u00e9 des paysages locaux vus \u00e0 travers le prisme de son art. L\u2019entr\u00e9e est gratuite, rendant cet \u00e9v\u00e9nement accessible \u00e0 tous les amateurs d\u2019art et de nature.Ne manquez pas cette opportunit\u00e9 de plonger dans l\u2019univers color\u00e9 et inspirant d\u2019Agustin Julian Blacha, du 4 mars au 11 avril 2026 \u00e0 Prades.Adresse : 81bis rue du palais de justice, PradesHoraires : Du mardi au samedi, de 9h30 \u00e0 12h00 et de 14h30 \u00e0 17h30\",\"breadcrumb\":{\"@id\":\"https:\/\/www.locansol.fr\/evenement\/agustin-julian-blacha\/#breadcrumb\"},\"inLanguage\":\"es\",\"potentialAction\":[{\"@type\":\"ReadAction\",\"target\":[\"https:\/\/www.locansol.fr\/evenement\/agustin-julian-blacha\/\"]}]},{\"@type\":\"ImageObject\",\"inLanguage\":\"es\",\"@id\":\"https:\/\/www.locansol.fr\/evenement\/agustin-julian-blacha\/#primaryimage\",\"url\":\"https:\/\/www.locansol.fr\/wp-content\/uploads\/2026\/03\/musee-prehistoire-tautavel-activites.webp\",\"contentUrl\":\"https:\/\/www.locansol.fr\/wp-content\/uploads\/2026\/03\/musee-prehistoire-tautavel-activites.webp\",\"width\":1357,\"height\":1920,\"caption\":\"Vacances d'hiver Mus\u00e9e Pr\u00e9histoire Tautavel - Activit\u00e9s\"},{\"@type\":\"BreadcrumbList\",\"@id\":\"https:\/\/www.locansol.fr\/evenement\/agustin-julian-blacha\/#breadcrumb\",\"itemListElement\":[{\"@type\":\"ListItem\",\"position\":1,\"name\":\"Accueil\",\"item\":\"https:\/\/www.locansol.fr\/\"},{\"@type\":\"ListItem\",\"position\":2,\"name\":\"\u00c9v\u00e8nements\",\"item\":\"https:\/\/www.locansol.fr\/evenements\/\"},{\"@type\":\"ListItem\",\"position\":3,\"name\":\"AGUSTIN JULIAN BLACHA\"}]},{\"@type\":\"WebSite\",\"@id\":\"https:\/\/www.locansol.fr\/#website\",\"url\":\"https:\/\/www.locansol.fr\/\",\"name\":\"Locansol, louer un h\u00e9bergement dans les Pyr\u00e9n\u00e9es-Orientales\",\"description\":\"Location Mobil-home Mer M\u00e9diterran\u00e9e &amp; Chalet de Montagne dans les Pyr\u00e9n\u00e9es Orientales (Occitanie, 66). Weekend, s\u00e9jour &amp; vacances en famille et entre amis.\",\"publisher\":{\"@id\":\"https:\/\/www.locansol.fr\/#organization\"},\"alternateName\":\"Louer un h\u00e9bergement dans les Pyr\u00e9n\u00e9es Orientales, chalet & mobil-home en Occitanie\",\"potentialAction\":[{\"@type\":\"SearchAction\",\"target\":{\"@type\":\"EntryPoint\",\"urlTemplate\":\"https:\/\/www.locansol.fr\/?s={search_term_string}\"},\"query-input\":{\"@type\":\"PropertyValueSpecification\",\"valueRequired\":true,\"valueName\":\"search_term_string\"}}],\"inLanguage\":\"es\"},{\"@type\":\"Organization\",\"@id\":\"https:\/\/www.locansol.fr\/#organization\",\"name\":\"Location MobilHome & chalet dans les Pyr\u00e9n\u00e9es Orientales\",\"alternateName\":\"Louer un h\u00e9bergement dans les Pyr\u00e9n\u00e9es Orientales en Occitanie\",\"url\":\"https:\/\/www.locansol.fr\/\",\"logo\":{\"@type\":\"ImageObject\",\"inLanguage\":\"es\",\"@id\":\"https:\/\/www.locansol.fr\/#\/schema\/logo\/image\/\",\"url\":\"https:\/\/www.locansol.fr\/wp-content\/uploads\/2024\/04\/AdobeStock_303324767-scaled.jpeg\",\"contentUrl\":\"https:\/\/www.locansol.fr\/wp-content\/uploads\/2024\/04\/AdobeStock_303324767-scaled.jpeg\",\"width\":2560,\"height\":1707,\"caption\":\"Location MobilHome & chalet dans les Pyr\u00e9n\u00e9es Orientales\"},\"image\":{\"@id\":\"https:\/\/www.locansol.fr\/#\/schema\/logo\/image\/\"}}]}<\/script>\n<!-- \/ Yoast SEO Premium plugin. -->","yoast_head_json":{"title":"AGUSTIN JULIAN BLACHA","description":"Du 4 mars au 11 avril 2026, la ville de Prades accueille une exposition exceptionnelle de l\u2019artiste Agustin Julian Blacha. Install\u00e9 dans cette commune des Pyr\u00e9n\u00e9es-Orientales depuis sept ans, l\u2019artiste puise son inspiration dans les paysages environnants pour cr\u00e9er des \u0153uvres vibrantes et lumineuses.L\u2019exposition se tient au 81bis rue du palais de justice, un lieu embl\u00e9matique de Prades. Les visiteurs pourront d\u00e9couvrir une s\u00e9lection de peintures \u00e0 l\u2019huile qui refl\u00e8tent la profonde connexion de Blacha avec la nature du Conflent. Ses \u0153uvres sont marqu\u00e9es par une ma\u00eetrise de la lumi\u00e8re, des contrastes et des couleurs, offrant une interpr\u00e9tation unique des terres catalanes.Agustin Julian Blacha, n\u00e9 \u00e0 Buenos Aires, est dipl\u00f4m\u00e9 de l\u2019\u00c9cole nationale des beaux-arts de sa ville natale. Inspir\u00e9 par l\u2019impressionnisme et le post-impressionnisme, il explore les couleurs et les textures pour cr\u00e9er des paysages qui touchent profond\u00e9ment le spectateur. Son travail est une qu\u00eate constante de progression artistique et de partage de son amour pour la nature.Cette exposition est une occasion unique de d\u00e9couvrir le talent d\u2019un artiste qui a su capturer l\u2019essence des paysages du Conflent. Les visiteurs pourront appr\u00e9cier la richesse chromatique de ses peintures \u00e0 l\u2019huile et se laisser emporter par la beaut\u00e9 des paysages locaux vus \u00e0 travers le prisme de son art. L\u2019entr\u00e9e est gratuite, rendant cet \u00e9v\u00e9nement accessible \u00e0 tous les amateurs d\u2019art et de nature.Ne manquez pas cette opportunit\u00e9 de plonger dans l\u2019univers color\u00e9 et inspirant d\u2019Agustin Julian Blacha, du 4 mars au 11 avril 2026 \u00e0 Prades.Adresse : 81bis rue du palais de justice, PradesHoraires : Du mardi au samedi, de 9h30 \u00e0 12h00 et de 14h30 \u00e0 17h30","robots":{"index":"index","follow":"follow","max-snippet":"max-snippet:-1","max-image-preview":"max-image-preview:large","max-video-preview":"max-video-preview:-1"},"canonical":"https:\/\/www.locansol.fr\/es\/evenement\/agustin-julian-blacha\/","og_locale":"es_ES","og_type":"article","og_title":"AGUSTIN JULIAN BLACHA","og_description":"Du 4 mars au 11 avril 2026, la ville de Prades accueille une exposition exceptionnelle de l\u2019artiste Agustin Julian Blacha. Install\u00e9 dans cette commune des Pyr\u00e9n\u00e9es-Orientales depuis sept ans, l\u2019artiste puise son inspiration dans les paysages environnants pour cr\u00e9er des \u0153uvres vibrantes et lumineuses.L\u2019exposition se tient au 81bis rue du palais de justice, un lieu embl\u00e9matique de Prades. Les visiteurs pourront d\u00e9couvrir une s\u00e9lection de peintures \u00e0 l\u2019huile qui refl\u00e8tent la profonde connexion de Blacha avec la nature du Conflent. Ses \u0153uvres sont marqu\u00e9es par une ma\u00eetrise de la lumi\u00e8re, des contrastes et des couleurs, offrant une interpr\u00e9tation unique des terres catalanes.Agustin Julian Blacha, n\u00e9 \u00e0 Buenos Aires, est dipl\u00f4m\u00e9 de l\u2019\u00c9cole nationale des beaux-arts de sa ville natale. Inspir\u00e9 par l\u2019impressionnisme et le post-impressionnisme, il explore les couleurs et les textures pour cr\u00e9er des paysages qui touchent profond\u00e9ment le spectateur. Son travail est une qu\u00eate constante de progression artistique et de partage de son amour pour la nature.Cette exposition est une occasion unique de d\u00e9couvrir le talent d\u2019un artiste qui a su capturer l\u2019essence des paysages du Conflent. Les visiteurs pourront appr\u00e9cier la richesse chromatique de ses peintures \u00e0 l\u2019huile et se laisser emporter par la beaut\u00e9 des paysages locaux vus \u00e0 travers le prisme de son art. L\u2019entr\u00e9e est gratuite, rendant cet \u00e9v\u00e9nement accessible \u00e0 tous les amateurs d\u2019art et de nature.Ne manquez pas cette opportunit\u00e9 de plonger dans l\u2019univers color\u00e9 et inspirant d\u2019Agustin Julian Blacha, du 4 mars au 11 avril 2026 \u00e0 Prades.Adresse : 81bis rue du palais de justice, PradesHoraires : Du mardi au samedi, de 9h30 \u00e0 12h00 et de 14h30 \u00e0 17h30","og_url":"https:\/\/www.locansol.fr\/es\/evenement\/agustin-julian-blacha\/","og_site_name":"Locansol, louer un h\u00e9bergement dans les Pyr\u00e9n\u00e9es Orientales","article_modified_time":"2026-03-05T13:10:08+00:00","og_image":[{"width":1357,"height":1920,"url":"https:\/\/www.locansol.fr\/wp-content\/uploads\/2026\/03\/musee-prehistoire-tautavel-activites.webp","type":"image\/webp"}],"twitter_card":"summary_large_image","twitter_title":"AGUSTIN JULIAN BLACHA","twitter_description":"Du 4 mars au 11 avril 2026, la ville de Prades accueille une exposition exceptionnelle de l\u2019artiste Agustin Julian Blacha. Install\u00e9 dans cette commune des Pyr\u00e9n\u00e9es-Orientales depuis sept ans, l\u2019artiste puise son inspiration dans les paysages environnants pour cr\u00e9er des \u0153uvres vibrantes et lumineuses.L\u2019exposition se tient au 81bis rue du palais de justice, un lieu embl\u00e9matique de Prades. Les visiteurs pourront d\u00e9couvrir une s\u00e9lection de peintures \u00e0 l\u2019huile qui refl\u00e8tent la profonde connexion de Blacha avec la nature du Conflent. Ses \u0153uvres sont marqu\u00e9es par une ma\u00eetrise de la lumi\u00e8re, des contrastes et des couleurs, offrant une interpr\u00e9tation unique des terres catalanes.Agustin Julian Blacha, n\u00e9 \u00e0 Buenos Aires, est dipl\u00f4m\u00e9 de l\u2019\u00c9cole nationale des beaux-arts de sa ville natale. Inspir\u00e9 par l\u2019impressionnisme et le post-impressionnisme, il explore les couleurs et les textures pour cr\u00e9er des paysages qui touchent profond\u00e9ment le spectateur. Son travail est une qu\u00eate constante de progression artistique et de partage de son amour pour la nature.Cette exposition est une occasion unique de d\u00e9couvrir le talent d\u2019un artiste qui a su capturer l\u2019essence des paysages du Conflent. Les visiteurs pourront appr\u00e9cier la richesse chromatique de ses peintures \u00e0 l\u2019huile et se laisser emporter par la beaut\u00e9 des paysages locaux vus \u00e0 travers le prisme de son art. L\u2019entr\u00e9e est gratuite, rendant cet \u00e9v\u00e9nement accessible \u00e0 tous les amateurs d\u2019art et de nature.Ne manquez pas cette opportunit\u00e9 de plonger dans l\u2019univers color\u00e9 et inspirant d\u2019Agustin Julian Blacha, du 4 mars au 11 avril 2026 \u00e0 Prades.Adresse : 81bis rue du palais de justice, PradesHoraires : Du mardi au samedi, de 9h30 \u00e0 12h00 et de 14h30 \u00e0 17h30","twitter_image":"https:\/\/www.locansol.fr\/wp-content\/uploads\/2026\/03\/musee-prehistoire-tautavel-activites.webp","twitter_misc":{"Tiempo de lectura":"2 minutos"},"schema":{"@context":"https:\/\/schema.org","@graph":[{"@type":"WebPage","@id":"https:\/\/www.locansol.fr\/evenement\/agustin-julian-blacha\/","url":"https:\/\/www.locansol.fr\/evenement\/agustin-julian-blacha\/","name":"AGUSTIN JULIAN BLACHA","isPartOf":{"@id":"https:\/\/www.locansol.fr\/#website"},"primaryImageOfPage":{"@id":"https:\/\/www.locansol.fr\/evenement\/agustin-julian-blacha\/#primaryimage"},"image":{"@id":"https:\/\/www.locansol.fr\/evenement\/agustin-julian-blacha\/#primaryimage"},"thumbnailUrl":"https:\/\/www.locansol.fr\/wp-content\/uploads\/2026\/03\/musee-prehistoire-tautavel-activites.webp","datePublished":"2026-03-05T13:09:55+00:00","dateModified":"2026-03-05T13:10:08+00:00","description":"Du 4 mars au 11 avril 2026, la ville de Prades accueille une exposition exceptionnelle de l\u2019artiste Agustin Julian Blacha. Install\u00e9 dans cette commune des Pyr\u00e9n\u00e9es-Orientales depuis sept ans, l\u2019artiste puise son inspiration dans les paysages environnants pour cr\u00e9er des \u0153uvres vibrantes et lumineuses.L\u2019exposition se tient au 81bis rue du palais de justice, un lieu embl\u00e9matique de Prades. Les visiteurs pourront d\u00e9couvrir une s\u00e9lection de peintures \u00e0 l\u2019huile qui refl\u00e8tent la profonde connexion de Blacha avec la nature du Conflent. Ses \u0153uvres sont marqu\u00e9es par une ma\u00eetrise de la lumi\u00e8re, des contrastes et des couleurs, offrant une interpr\u00e9tation unique des terres catalanes.Agustin Julian Blacha, n\u00e9 \u00e0 Buenos Aires, est dipl\u00f4m\u00e9 de l\u2019\u00c9cole nationale des beaux-arts de sa ville natale. Inspir\u00e9 par l\u2019impressionnisme et le post-impressionnisme, il explore les couleurs et les textures pour cr\u00e9er des paysages qui touchent profond\u00e9ment le spectateur. Son travail est une qu\u00eate constante de progression artistique et de partage de son amour pour la nature.Cette exposition est une occasion unique de d\u00e9couvrir le talent d\u2019un artiste qui a su capturer l\u2019essence des paysages du Conflent. Les visiteurs pourront appr\u00e9cier la richesse chromatique de ses peintures \u00e0 l\u2019huile et se laisser emporter par la beaut\u00e9 des paysages locaux vus \u00e0 travers le prisme de son art. L\u2019entr\u00e9e est gratuite, rendant cet \u00e9v\u00e9nement accessible \u00e0 tous les amateurs d\u2019art et de nature.Ne manquez pas cette opportunit\u00e9 de plonger dans l\u2019univers color\u00e9 et inspirant d\u2019Agustin Julian Blacha, du 4 mars au 11 avril 2026 \u00e0 Prades.Adresse : 81bis rue du palais de justice, PradesHoraires : Du mardi au samedi, de 9h30 \u00e0 12h00 et de 14h30 \u00e0 17h30","breadcrumb":{"@id":"https:\/\/www.locansol.fr\/evenement\/agustin-julian-blacha\/#breadcrumb"},"inLanguage":"es","potentialAction":[{"@type":"ReadAction","target":["https:\/\/www.locansol.fr\/evenement\/agustin-julian-blacha\/"]}]},{"@type":"ImageObject","inLanguage":"es","@id":"https:\/\/www.locansol.fr\/evenement\/agustin-julian-blacha\/#primaryimage","url":"https:\/\/www.locansol.fr\/wp-content\/uploads\/2026\/03\/musee-prehistoire-tautavel-activites.webp","contentUrl":"https:\/\/www.locansol.fr\/wp-content\/uploads\/2026\/03\/musee-prehistoire-tautavel-activites.webp","width":1357,"height":1920,"caption":"Vacances d'hiver Mus\u00e9e Pr\u00e9histoire Tautavel - Activit\u00e9s"},{"@type":"BreadcrumbList","@id":"https:\/\/www.locansol.fr\/evenement\/agustin-julian-blacha\/#breadcrumb","itemListElement":[{"@type":"ListItem","position":1,"name":"Accueil","item":"https:\/\/www.locansol.fr\/"},{"@type":"ListItem","position":2,"name":"\u00c9v\u00e8nements","item":"https:\/\/www.locansol.fr\/evenements\/"},{"@type":"ListItem","position":3,"name":"AGUSTIN JULIAN BLACHA"}]},{"@type":"WebSite","@id":"https:\/\/www.locansol.fr\/#website","url":"https:\/\/www.locansol.fr\/","name":"Locansol, louer un h\u00e9bergement dans les Pyr\u00e9n\u00e9es-Orientales","description":"Location Mobil-home Mer M\u00e9diterran\u00e9e &amp; Chalet de Montagne dans les Pyr\u00e9n\u00e9es Orientales (Occitanie, 66). Weekend, s\u00e9jour &amp; vacances en famille et entre amis.","publisher":{"@id":"https:\/\/www.locansol.fr\/#organization"},"alternateName":"Louer un h\u00e9bergement dans les Pyr\u00e9n\u00e9es Orientales, chalet & mobil-home en Occitanie","potentialAction":[{"@type":"SearchAction","target":{"@type":"EntryPoint","urlTemplate":"https:\/\/www.locansol.fr\/?s={search_term_string}"},"query-input":{"@type":"PropertyValueSpecification","valueRequired":true,"valueName":"search_term_string"}}],"inLanguage":"es"},{"@type":"Organization","@id":"https:\/\/www.locansol.fr\/#organization","name":"Location MobilHome & chalet dans les Pyr\u00e9n\u00e9es Orientales","alternateName":"Louer un h\u00e9bergement dans les Pyr\u00e9n\u00e9es Orientales en Occitanie","url":"https:\/\/www.locansol.fr\/","logo":{"@type":"ImageObject","inLanguage":"es","@id":"https:\/\/www.locansol.fr\/#\/schema\/logo\/image\/","url":"https:\/\/www.locansol.fr\/wp-content\/uploads\/2024\/04\/AdobeStock_303324767-scaled.jpeg","contentUrl":"https:\/\/www.locansol.fr\/wp-content\/uploads\/2024\/04\/AdobeStock_303324767-scaled.jpeg","width":2560,"height":1707,"caption":"Location MobilHome & chalet dans les Pyr\u00e9n\u00e9es Orientales"},"image":{"@id":"https:\/\/www.locansol.fr\/#\/schema\/logo\/image\/"}}]}},"_links":{"self":[{"href":"https:\/\/www.locansol.fr\/es\/wp-json\/wp\/v2\/tribe_events\/4572","targetHints":{"allow":["GET"]}}],"collection":[{"href":"https:\/\/www.locansol.fr\/es\/wp-json\/wp\/v2\/tribe_events"}],"about":[{"href":"https:\/\/www.locansol.fr\/es\/wp-json\/wp\/v2\/types\/tribe_events"}],"author":[{"embeddable":true,"href":"https:\/\/www.locansol.fr\/es\/wp-json\/wp\/v2\/users\/5"}],"version-history":[{"count":1,"href":"https:\/\/www.locansol.fr\/es\/wp-json\/wp\/v2\/tribe_events\/4572\/revisions"}],"predecessor-version":[{"id":4573,"href":"https:\/\/www.locansol.fr\/es\/wp-json\/wp\/v2\/tribe_events\/4572\/revisions\/4573"}],"wp:featuredmedia":[{"embeddable":true,"href":"https:\/\/www.locansol.fr\/es\/wp-json\/wp\/v2\/media\/4568"}],"wp:attachment":[{"href":"https:\/\/www.locansol.fr\/es\/wp-json\/wp\/v2\/media?parent=4572"}],"wp:term":[{"taxonomy":"post_tag","embeddable":true,"href":"https:\/\/www.locansol.fr\/es\/wp-json\/wp\/v2\/tags?post=4572"},{"taxonomy":"tribe_events_cat","embeddable":true,"href":"https:\/\/www.locansol.fr\/es\/wp-json\/wp\/v2\/tribe_events_cat?post=4572"}],"curies":[{"name":"wp","href":"https:\/\/api.w.org\/{rel}","templated":true}]}}