{"id":6473,"date":"2026-04-24T16:20:16","date_gmt":"2026-04-24T14:20:16","guid":{"rendered":"https:\/\/www.locansol.fr\/evenement\/exposition-elles\/"},"modified":"2026-04-24T16:20:17","modified_gmt":"2026-04-24T14:20:17","slug":"exposition-elles","status":"publish","type":"tribe_events","link":"https:\/\/www.locansol.fr\/es\/evenement\/exposition-elles\/","title":{"rendered":"EXPOSITION &lsquo;ELLES&rsquo;"},"content":{"rendered":"<p>L\u2019exposition \u00ab Elles \u00bb \u00e0 Fourques, du 24 au 30 avril, met en lumi\u00e8re les femmes \u00e0 travers une conf\u00e9rence et une exposition. Le 24 avril \u00e0 18h, l\u2019\u00c9glise de Fourques accueille une conf\u00e9rence sur les femmes peintres impressionnistes par Alexandre Charrett-Dykes. \u00c0 19h30, le vernissage de l\u2019exposition \u00ab Elles \u00bb se tiendra aux Arts Buissonniers, 12 avenue du Roussillon, pr\u00e9sentant les peintures de Mireille Laffitte, les sculptures de Floriane Ouliac, et une bande sonore sur les droits des femmes par Myriam Benayoun. L\u2019entr\u00e9e est libre. Pour plus d\u2019informations, contactez le 07.68.51.76.87.<\/p>\n<p><\/p>\n<h3>R\u00e9servez votre h\u00e9bergement dans les Pyr\u00e9n\u00e9es-Orientales :<\/h3>\n<p><b><a href='https:\/\/www.locansol.fr\/es\/alquiler-mobil-home-mediterraneo\/'>Mobil-home Locansol \u00e0 Argel\u00e8s-sur-Mer<\/a><\/b><br \/>Trajet le plus court : 27 km<br \/>Trajet le plus rapide : 33 min<\/p>\n<p><b><a href='https:\/\/www.locansol.fr\/es\/alquiler-chalet-cerdana\/'>Chalet Locansol \u00e0 Estavar<\/a><\/b><br \/>Trajet le plus court : 91 km<br \/>Trajet le plus rapide : 1 h 35 min<\/p>","protected":false},"excerpt":{"rendered":"<p>L\u2019exposition \u00ab Elles \u00bb \u00e0 Fourques, du 24 au 30 avril, met en lumi\u00e8re les femmes \u00e0 travers une conf\u00e9rence et une exposition. Le 24 avril \u00e0 18h, l\u2019\u00c9glise de [&hellip;]<\/p>","protected":false},"author":5,"featured_media":6469,"template":"","meta":{"_yoast_wpseo_focuskw":"EXPOSITION 'ELLES'","_yoast_wpseo_title":"EXPOSITION 'ELLES'","_yoast_wpseo_metadesc":"L\u2019exposition \u00ab Elles \u00bb \u00e0 Fourques, du 24 au 30 avril, met en lumi\u00e8re les femmes \u00e0 travers une conf\u00e9rence et une exposition. Le 24 avril \u00e0 18h, l\u2019\u00c9glise de Fourques accueille une conf\u00e9rence sur les femmes peintres impressionnistes par Alexandre Charrett-Dykes. \u00c0 19h30, le vernissage de l\u2019exposition \u00ab Elles \u00bb se tiendra aux Arts Buissonniers, 12 avenue du Roussillon, pr\u00e9sentant les peintures de Mireille Laffitte, les sculptures de Floriane Ouliac, et une bande sonore sur les droits des femmes par Myriam Benayoun. L\u2019entr\u00e9e est libre. Pour plus d\u2019informations, contactez le 07.68.51.76.87.","_yoast_wpseo_canonical":"","_yoast_wpseo_opengraph-title":"EXPOSITION 'ELLES'","_yoast_wpseo_opengraph-description":"L\u2019exposition \u00ab Elles \u00bb \u00e0 Fourques, du 24 au 30 avril, met en lumi\u00e8re les femmes \u00e0 travers une conf\u00e9rence et une exposition. Le 24 avril \u00e0 18h, l\u2019\u00c9glise de Fourques accueille une conf\u00e9rence sur les femmes peintres impressionnistes par Alexandre Charrett-Dykes. \u00c0 19h30, le vernissage de l\u2019exposition \u00ab Elles \u00bb se tiendra aux Arts Buissonniers, 12 avenue du Roussillon, pr\u00e9sentant les peintures de Mireille Laffitte, les sculptures de Floriane Ouliac, et une bande sonore sur les droits des femmes par Myriam Benayoun. L\u2019entr\u00e9e est libre. Pour plus d\u2019informations, contactez le 07.68.51.76.87.","_yoast_wpseo_opengraph-image":"https:\/\/www.locansol.fr\/wp-content\/uploads\/2026\/04\/exposition-art-feminin-fourques.webp","_yoast_wpseo_opengraph-image-id":"6469","_yoast_wpseo_twitter-title":"EXPOSITION 'ELLES'","_yoast_wpseo_twitter-description":"L\u2019exposition \u00ab Elles \u00bb \u00e0 Fourques, du 24 au 30 avril, met en lumi\u00e8re les femmes \u00e0 travers une conf\u00e9rence et une exposition. Le 24 avril \u00e0 18h, l\u2019\u00c9glise de Fourques accueille une conf\u00e9rence sur les femmes peintres impressionnistes par Alexandre Charrett-Dykes. \u00c0 19h30, le vernissage de l\u2019exposition \u00ab Elles \u00bb se tiendra aux Arts Buissonniers, 12 avenue du Roussillon, pr\u00e9sentant les peintures de Mireille Laffitte, les sculptures de Floriane Ouliac, et une bande sonore sur les droits des femmes par Myriam Benayoun. L\u2019entr\u00e9e est libre. Pour plus d\u2019informations, contactez le 07.68.51.76.87.","_yoast_wpseo_twitter-image":"https:\/\/www.locansol.fr\/wp-content\/uploads\/2026\/04\/exposition-art-feminin-fourques.webp","_yoast_wpseo_twitter-image-id":"6469}","yoast_primary_category":"D\u00e9bat \/ Conf\u00e9rence","_tribe_events_status":"","_tribe_events_status_reason":"","_tribe_events_is_hybrid":"","_tribe_events_is_virtual":"","_tribe_events_virtual_video_source":"","_tribe_events_virtual_embed_video":"","_tribe_events_virtual_linked_button_text":"","_tribe_events_virtual_linked_button":"","_tribe_events_virtual_show_embed_at":"","_tribe_events_virtual_show_embed_to":[],"_tribe_events_virtual_show_on_event":"","_tribe_events_virtual_show_on_views":"","_tribe_events_virtual_url":"","footnotes":""},"tags":[66,76],"tribe_events_cat":[87,138,90,169],"class_list":["post-6473","tribe_events","type-tribe_events","status-publish","has-post-thumbnail","hentry","tag-evenement-culturel","tag-pyrenees-orientales","tribe_events_cat-debat-conference","tribe_events_cat-evenement-culturel","tribe_events_cat-exposition","tribe_events_cat-pyrenees-orientales","cat_debat-conference","cat_evenement-culturel","cat_exposition","cat_pyrenees-orientales"],"yoast_head":"<!-- This site is optimized with the Yoast SEO Premium plugin v23.3 (Yoast SEO v26.9) - https:\/\/yoast.com\/product\/yoast-seo-premium-wordpress\/ -->\n<title>EXPOSITION &#039;ELLES&#039;<\/title>\n<meta name=\"description\" content=\"L\u2019exposition \u00ab Elles \u00bb \u00e0 Fourques, du 24 au 30 avril, met en lumi\u00e8re les femmes \u00e0 travers une conf\u00e9rence et une exposition. Le 24 avril \u00e0 18h, l\u2019\u00c9glise de Fourques accueille une conf\u00e9rence sur les femmes peintres impressionnistes par Alexandre Charrett-Dykes. \u00c0 19h30, le vernissage de l\u2019exposition \u00ab Elles \u00bb se tiendra aux Arts Buissonniers, 12 avenue du Roussillon, pr\u00e9sentant les peintures de Mireille Laffitte, les sculptures de Floriane Ouliac, et une bande sonore sur les droits des femmes par Myriam Benayoun. L\u2019entr\u00e9e est libre. Pour plus d\u2019informations, contactez le 07.68.51.76.87.\" \/>\n<meta name=\"robots\" content=\"index, follow, max-snippet:-1, max-image-preview:large, max-video-preview:-1\" \/>\n<link rel=\"canonical\" href=\"https:\/\/www.locansol.fr\/es\/evenement\/exposition-elles\/\" \/>\n<meta property=\"og:locale\" content=\"es_ES\" \/>\n<meta property=\"og:type\" content=\"article\" \/>\n<meta property=\"og:title\" content=\"EXPOSITION &#039;ELLES&#039;\" \/>\n<meta property=\"og:description\" content=\"L\u2019exposition \u00ab Elles \u00bb \u00e0 Fourques, du 24 au 30 avril, met en lumi\u00e8re les femmes \u00e0 travers une conf\u00e9rence et une exposition. Le 24 avril \u00e0 18h, l\u2019\u00c9glise de Fourques accueille une conf\u00e9rence sur les femmes peintres impressionnistes par Alexandre Charrett-Dykes. \u00c0 19h30, le vernissage de l\u2019exposition \u00ab Elles \u00bb se tiendra aux Arts Buissonniers, 12 avenue du Roussillon, pr\u00e9sentant les peintures de Mireille Laffitte, les sculptures de Floriane Ouliac, et une bande sonore sur les droits des femmes par Myriam Benayoun. L\u2019entr\u00e9e est libre. Pour plus d\u2019informations, contactez le 07.68.51.76.87.\" \/>\n<meta property=\"og:url\" content=\"https:\/\/www.locansol.fr\/es\/evenement\/exposition-elles\/\" \/>\n<meta property=\"og:site_name\" content=\"Locansol, louer un h\u00e9bergement dans les Pyr\u00e9n\u00e9es Orientales\" \/>\n<meta property=\"article:modified_time\" content=\"2026-04-24T14:20:17+00:00\" \/>\n<meta property=\"og:image\" content=\"https:\/\/www.locansol.fr\/wp-content\/uploads\/2026\/04\/exposition-art-feminin-fourques.webp\" \/>\n\t<meta property=\"og:image:width\" content=\"1050\" \/>\n\t<meta property=\"og:image:height\" content=\"1485\" \/>\n\t<meta property=\"og:image:type\" content=\"image\/webp\" \/>\n<meta name=\"twitter:card\" content=\"summary_large_image\" \/>\n<meta name=\"twitter:title\" content=\"EXPOSITION &#039;ELLES&#039;\" \/>\n<meta name=\"twitter:description\" content=\"L\u2019exposition \u00ab Elles \u00bb \u00e0 Fourques, du 24 au 30 avril, met en lumi\u00e8re les femmes \u00e0 travers une conf\u00e9rence et une exposition. Le 24 avril \u00e0 18h, l\u2019\u00c9glise de Fourques accueille une conf\u00e9rence sur les femmes peintres impressionnistes par Alexandre Charrett-Dykes. \u00c0 19h30, le vernissage de l\u2019exposition \u00ab Elles \u00bb se tiendra aux Arts Buissonniers, 12 avenue du Roussillon, pr\u00e9sentant les peintures de Mireille Laffitte, les sculptures de Floriane Ouliac, et une bande sonore sur les droits des femmes par Myriam Benayoun. L\u2019entr\u00e9e est libre. Pour plus d\u2019informations, contactez le 07.68.51.76.87.\" \/>\n<meta name=\"twitter:image\" content=\"https:\/\/www.locansol.fr\/wp-content\/uploads\/2026\/04\/exposition-art-feminin-fourques.webp\" \/>\n<meta name=\"twitter:label1\" content=\"Tiempo de lectura\" \/>\n\t<meta name=\"twitter:data1\" content=\"1 minuto\" \/>\n<script type=\"application\/ld+json\" class=\"yoast-schema-graph\">{\"@context\":\"https:\/\/schema.org\",\"@graph\":[{\"@type\":\"WebPage\",\"@id\":\"https:\/\/www.locansol.fr\/evenement\/exposition-elles\/\",\"url\":\"https:\/\/www.locansol.fr\/evenement\/exposition-elles\/\",\"name\":\"EXPOSITION 'ELLES'\",\"isPartOf\":{\"@id\":\"https:\/\/www.locansol.fr\/#website\"},\"primaryImageOfPage\":{\"@id\":\"https:\/\/www.locansol.fr\/evenement\/exposition-elles\/#primaryimage\"},\"image\":{\"@id\":\"https:\/\/www.locansol.fr\/evenement\/exposition-elles\/#primaryimage\"},\"thumbnailUrl\":\"https:\/\/www.locansol.fr\/wp-content\/uploads\/2026\/04\/exposition-art-feminin-fourques.webp\",\"datePublished\":\"2026-04-24T14:20:16+00:00\",\"dateModified\":\"2026-04-24T14:20:17+00:00\",\"description\":\"L\u2019exposition \u00ab Elles \u00bb \u00e0 Fourques, du 24 au 30 avril, met en lumi\u00e8re les femmes \u00e0 travers une conf\u00e9rence et une exposition. Le 24 avril \u00e0 18h, l\u2019\u00c9glise de Fourques accueille une conf\u00e9rence sur les femmes peintres impressionnistes par Alexandre Charrett-Dykes. \u00c0 19h30, le vernissage de l\u2019exposition \u00ab Elles \u00bb se tiendra aux Arts Buissonniers, 12 avenue du Roussillon, pr\u00e9sentant les peintures de Mireille Laffitte, les sculptures de Floriane Ouliac, et une bande sonore sur les droits des femmes par Myriam Benayoun. L\u2019entr\u00e9e est libre. Pour plus d\u2019informations, contactez le 07.68.51.76.87.\",\"breadcrumb\":{\"@id\":\"https:\/\/www.locansol.fr\/evenement\/exposition-elles\/#breadcrumb\"},\"inLanguage\":\"es\",\"potentialAction\":[{\"@type\":\"ReadAction\",\"target\":[\"https:\/\/www.locansol.fr\/evenement\/exposition-elles\/\"]}]},{\"@type\":\"ImageObject\",\"inLanguage\":\"es\",\"@id\":\"https:\/\/www.locansol.fr\/evenement\/exposition-elles\/#primaryimage\",\"url\":\"https:\/\/www.locansol.fr\/wp-content\/uploads\/2026\/04\/exposition-art-feminin-fourques.webp\",\"contentUrl\":\"https:\/\/www.locansol.fr\/wp-content\/uploads\/2026\/04\/exposition-art-feminin-fourques.webp\",\"width\":1050,\"height\":1485,\"caption\":\"Exposition Elles Fourques \u2013 L'art au f\u00e9minin en avril\"},{\"@type\":\"BreadcrumbList\",\"@id\":\"https:\/\/www.locansol.fr\/evenement\/exposition-elles\/#breadcrumb\",\"itemListElement\":[{\"@type\":\"ListItem\",\"position\":1,\"name\":\"Accueil\",\"item\":\"https:\/\/www.locansol.fr\/\"},{\"@type\":\"ListItem\",\"position\":2,\"name\":\"\u00c9v\u00e8nements\",\"item\":\"https:\/\/www.locansol.fr\/evenements\/\"},{\"@type\":\"ListItem\",\"position\":3,\"name\":\"EXPOSITION &lsquo;ELLES&rsquo;\"}]},{\"@type\":\"WebSite\",\"@id\":\"https:\/\/www.locansol.fr\/#website\",\"url\":\"https:\/\/www.locansol.fr\/\",\"name\":\"Locansol, louer un h\u00e9bergement dans les Pyr\u00e9n\u00e9es-Orientales\",\"description\":\"Location Mobil-home Mer M\u00e9diterran\u00e9e &amp; Chalet de Montagne dans les Pyr\u00e9n\u00e9es Orientales (Occitanie, 66). Weekend, s\u00e9jour &amp; vacances en famille et entre amis.\",\"publisher\":{\"@id\":\"https:\/\/www.locansol.fr\/#organization\"},\"alternateName\":\"Louer un h\u00e9bergement dans les Pyr\u00e9n\u00e9es Orientales, chalet & mobil-home en Occitanie\",\"potentialAction\":[{\"@type\":\"SearchAction\",\"target\":{\"@type\":\"EntryPoint\",\"urlTemplate\":\"https:\/\/www.locansol.fr\/?s={search_term_string}\"},\"query-input\":{\"@type\":\"PropertyValueSpecification\",\"valueRequired\":true,\"valueName\":\"search_term_string\"}}],\"inLanguage\":\"es\"},{\"@type\":\"Organization\",\"@id\":\"https:\/\/www.locansol.fr\/#organization\",\"name\":\"Location MobilHome & chalet dans les Pyr\u00e9n\u00e9es Orientales\",\"alternateName\":\"Louer un h\u00e9bergement dans les Pyr\u00e9n\u00e9es Orientales en Occitanie\",\"url\":\"https:\/\/www.locansol.fr\/\",\"logo\":{\"@type\":\"ImageObject\",\"inLanguage\":\"es\",\"@id\":\"https:\/\/www.locansol.fr\/#\/schema\/logo\/image\/\",\"url\":\"https:\/\/www.locansol.fr\/wp-content\/uploads\/2024\/04\/AdobeStock_303324767-scaled.jpeg\",\"contentUrl\":\"https:\/\/www.locansol.fr\/wp-content\/uploads\/2024\/04\/AdobeStock_303324767-scaled.jpeg\",\"width\":2560,\"height\":1707,\"caption\":\"Location MobilHome & chalet dans les Pyr\u00e9n\u00e9es Orientales\"},\"image\":{\"@id\":\"https:\/\/www.locansol.fr\/#\/schema\/logo\/image\/\"}}]}<\/script>\n<!-- \/ Yoast SEO Premium plugin. -->","yoast_head_json":{"title":"EXPOSITION 'ELLES'","description":"L\u2019exposition \u00ab Elles \u00bb \u00e0 Fourques, du 24 au 30 avril, met en lumi\u00e8re les femmes \u00e0 travers une conf\u00e9rence et une exposition. Le 24 avril \u00e0 18h, l\u2019\u00c9glise de Fourques accueille une conf\u00e9rence sur les femmes peintres impressionnistes par Alexandre Charrett-Dykes. \u00c0 19h30, le vernissage de l\u2019exposition \u00ab Elles \u00bb se tiendra aux Arts Buissonniers, 12 avenue du Roussillon, pr\u00e9sentant les peintures de Mireille Laffitte, les sculptures de Floriane Ouliac, et une bande sonore sur les droits des femmes par Myriam Benayoun. L\u2019entr\u00e9e est libre. Pour plus d\u2019informations, contactez le 07.68.51.76.87.","robots":{"index":"index","follow":"follow","max-snippet":"max-snippet:-1","max-image-preview":"max-image-preview:large","max-video-preview":"max-video-preview:-1"},"canonical":"https:\/\/www.locansol.fr\/es\/evenement\/exposition-elles\/","og_locale":"es_ES","og_type":"article","og_title":"EXPOSITION 'ELLES'","og_description":"L\u2019exposition \u00ab Elles \u00bb \u00e0 Fourques, du 24 au 30 avril, met en lumi\u00e8re les femmes \u00e0 travers une conf\u00e9rence et une exposition. Le 24 avril \u00e0 18h, l\u2019\u00c9glise de Fourques accueille une conf\u00e9rence sur les femmes peintres impressionnistes par Alexandre Charrett-Dykes. \u00c0 19h30, le vernissage de l\u2019exposition \u00ab Elles \u00bb se tiendra aux Arts Buissonniers, 12 avenue du Roussillon, pr\u00e9sentant les peintures de Mireille Laffitte, les sculptures de Floriane Ouliac, et une bande sonore sur les droits des femmes par Myriam Benayoun. L\u2019entr\u00e9e est libre. Pour plus d\u2019informations, contactez le 07.68.51.76.87.","og_url":"https:\/\/www.locansol.fr\/es\/evenement\/exposition-elles\/","og_site_name":"Locansol, louer un h\u00e9bergement dans les Pyr\u00e9n\u00e9es Orientales","article_modified_time":"2026-04-24T14:20:17+00:00","og_image":[{"width":1050,"height":1485,"url":"https:\/\/www.locansol.fr\/wp-content\/uploads\/2026\/04\/exposition-art-feminin-fourques.webp","type":"image\/webp"}],"twitter_card":"summary_large_image","twitter_title":"EXPOSITION 'ELLES'","twitter_description":"L\u2019exposition \u00ab Elles \u00bb \u00e0 Fourques, du 24 au 30 avril, met en lumi\u00e8re les femmes \u00e0 travers une conf\u00e9rence et une exposition. Le 24 avril \u00e0 18h, l\u2019\u00c9glise de Fourques accueille une conf\u00e9rence sur les femmes peintres impressionnistes par Alexandre Charrett-Dykes. \u00c0 19h30, le vernissage de l\u2019exposition \u00ab Elles \u00bb se tiendra aux Arts Buissonniers, 12 avenue du Roussillon, pr\u00e9sentant les peintures de Mireille Laffitte, les sculptures de Floriane Ouliac, et une bande sonore sur les droits des femmes par Myriam Benayoun. L\u2019entr\u00e9e est libre. Pour plus d\u2019informations, contactez le 07.68.51.76.87.","twitter_image":"https:\/\/www.locansol.fr\/wp-content\/uploads\/2026\/04\/exposition-art-feminin-fourques.webp","twitter_misc":{"Tiempo de lectura":"1 minuto"},"schema":{"@context":"https:\/\/schema.org","@graph":[{"@type":"WebPage","@id":"https:\/\/www.locansol.fr\/evenement\/exposition-elles\/","url":"https:\/\/www.locansol.fr\/evenement\/exposition-elles\/","name":"EXPOSITION 'ELLES'","isPartOf":{"@id":"https:\/\/www.locansol.fr\/#website"},"primaryImageOfPage":{"@id":"https:\/\/www.locansol.fr\/evenement\/exposition-elles\/#primaryimage"},"image":{"@id":"https:\/\/www.locansol.fr\/evenement\/exposition-elles\/#primaryimage"},"thumbnailUrl":"https:\/\/www.locansol.fr\/wp-content\/uploads\/2026\/04\/exposition-art-feminin-fourques.webp","datePublished":"2026-04-24T14:20:16+00:00","dateModified":"2026-04-24T14:20:17+00:00","description":"L\u2019exposition \u00ab Elles \u00bb \u00e0 Fourques, du 24 au 30 avril, met en lumi\u00e8re les femmes \u00e0 travers une conf\u00e9rence et une exposition. Le 24 avril \u00e0 18h, l\u2019\u00c9glise de Fourques accueille une conf\u00e9rence sur les femmes peintres impressionnistes par Alexandre Charrett-Dykes. \u00c0 19h30, le vernissage de l\u2019exposition \u00ab Elles \u00bb se tiendra aux Arts Buissonniers, 12 avenue du Roussillon, pr\u00e9sentant les peintures de Mireille Laffitte, les sculptures de Floriane Ouliac, et une bande sonore sur les droits des femmes par Myriam Benayoun. L\u2019entr\u00e9e est libre. Pour plus d\u2019informations, contactez le 07.68.51.76.87.","breadcrumb":{"@id":"https:\/\/www.locansol.fr\/evenement\/exposition-elles\/#breadcrumb"},"inLanguage":"es","potentialAction":[{"@type":"ReadAction","target":["https:\/\/www.locansol.fr\/evenement\/exposition-elles\/"]}]},{"@type":"ImageObject","inLanguage":"es","@id":"https:\/\/www.locansol.fr\/evenement\/exposition-elles\/#primaryimage","url":"https:\/\/www.locansol.fr\/wp-content\/uploads\/2026\/04\/exposition-art-feminin-fourques.webp","contentUrl":"https:\/\/www.locansol.fr\/wp-content\/uploads\/2026\/04\/exposition-art-feminin-fourques.webp","width":1050,"height":1485,"caption":"Exposition Elles Fourques \u2013 L'art au f\u00e9minin en avril"},{"@type":"BreadcrumbList","@id":"https:\/\/www.locansol.fr\/evenement\/exposition-elles\/#breadcrumb","itemListElement":[{"@type":"ListItem","position":1,"name":"Accueil","item":"https:\/\/www.locansol.fr\/"},{"@type":"ListItem","position":2,"name":"\u00c9v\u00e8nements","item":"https:\/\/www.locansol.fr\/evenements\/"},{"@type":"ListItem","position":3,"name":"EXPOSITION &lsquo;ELLES&rsquo;"}]},{"@type":"WebSite","@id":"https:\/\/www.locansol.fr\/#website","url":"https:\/\/www.locansol.fr\/","name":"Locansol, louer un h\u00e9bergement dans les Pyr\u00e9n\u00e9es-Orientales","description":"Location Mobil-home Mer M\u00e9diterran\u00e9e &amp; Chalet de Montagne dans les Pyr\u00e9n\u00e9es Orientales (Occitanie, 66). Weekend, s\u00e9jour &amp; vacances en famille et entre amis.","publisher":{"@id":"https:\/\/www.locansol.fr\/#organization"},"alternateName":"Louer un h\u00e9bergement dans les Pyr\u00e9n\u00e9es Orientales, chalet & mobil-home en Occitanie","potentialAction":[{"@type":"SearchAction","target":{"@type":"EntryPoint","urlTemplate":"https:\/\/www.locansol.fr\/?s={search_term_string}"},"query-input":{"@type":"PropertyValueSpecification","valueRequired":true,"valueName":"search_term_string"}}],"inLanguage":"es"},{"@type":"Organization","@id":"https:\/\/www.locansol.fr\/#organization","name":"Location MobilHome & chalet dans les Pyr\u00e9n\u00e9es Orientales","alternateName":"Louer un h\u00e9bergement dans les Pyr\u00e9n\u00e9es Orientales en Occitanie","url":"https:\/\/www.locansol.fr\/","logo":{"@type":"ImageObject","inLanguage":"es","@id":"https:\/\/www.locansol.fr\/#\/schema\/logo\/image\/","url":"https:\/\/www.locansol.fr\/wp-content\/uploads\/2024\/04\/AdobeStock_303324767-scaled.jpeg","contentUrl":"https:\/\/www.locansol.fr\/wp-content\/uploads\/2024\/04\/AdobeStock_303324767-scaled.jpeg","width":2560,"height":1707,"caption":"Location MobilHome & chalet dans les Pyr\u00e9n\u00e9es Orientales"},"image":{"@id":"https:\/\/www.locansol.fr\/#\/schema\/logo\/image\/"}}]}},"_links":{"self":[{"href":"https:\/\/www.locansol.fr\/es\/wp-json\/wp\/v2\/tribe_events\/6473","targetHints":{"allow":["GET"]}}],"collection":[{"href":"https:\/\/www.locansol.fr\/es\/wp-json\/wp\/v2\/tribe_events"}],"about":[{"href":"https:\/\/www.locansol.fr\/es\/wp-json\/wp\/v2\/types\/tribe_events"}],"author":[{"embeddable":true,"href":"https:\/\/www.locansol.fr\/es\/wp-json\/wp\/v2\/users\/5"}],"version-history":[{"count":1,"href":"https:\/\/www.locansol.fr\/es\/wp-json\/wp\/v2\/tribe_events\/6473\/revisions"}],"predecessor-version":[{"id":6474,"href":"https:\/\/www.locansol.fr\/es\/wp-json\/wp\/v2\/tribe_events\/6473\/revisions\/6474"}],"wp:featuredmedia":[{"embeddable":true,"href":"https:\/\/www.locansol.fr\/es\/wp-json\/wp\/v2\/media\/6469"}],"wp:attachment":[{"href":"https:\/\/www.locansol.fr\/es\/wp-json\/wp\/v2\/media?parent=6473"}],"wp:term":[{"taxonomy":"post_tag","embeddable":true,"href":"https:\/\/www.locansol.fr\/es\/wp-json\/wp\/v2\/tags?post=6473"},{"taxonomy":"tribe_events_cat","embeddable":true,"href":"https:\/\/www.locansol.fr\/es\/wp-json\/wp\/v2\/tribe_events_cat?post=6473"}],"curies":[{"name":"wp","href":"https:\/\/api.w.org\/{rel}","templated":true}]}}