{"id":6510,"date":"2026-04-25T10:10:03","date_gmt":"2026-04-25T08:10:03","guid":{"rendered":"https:\/\/www.locansol.fr\/evenement\/la-redecouverte-dun-chef-doeuvre-monumental-les-volets-du-grand-orgue-de-la-cathedrale-de-perpignan-31\/"},"modified":"2026-04-25T10:10:04","modified_gmt":"2026-04-25T08:10:04","slug":"la-redecouverte-dun-chef-doeuvre-monumental-les-volets-du-grand-orgue-de-la-cathedrale-de-perpignan-31","status":"publish","type":"tribe_events","link":"https:\/\/www.locansol.fr\/es\/evenement\/la-redecouverte-dun-chef-doeuvre-monumental-les-volets-du-grand-orgue-de-la-cathedrale-de-perpignan-31\/","title":{"rendered":"\u00ab LA RED\u00c9COUVERTE D\u2019UN CHEF D\u2019\u0152UVRE MONUMENTAL \u00bb : LES VOLETS DU GRAND ORGUE DE LA CATH\u00c9DRALE DE PERPIGNAN"},"content":{"rendered":"<p>L\u2019exposition \u00ab La red\u00e9couverte d\u2019un chef-d\u2019\u0153uvre monumental \u00bb : les volets du grand orgue de la cath\u00e9drale de Perpignan se tient \u00e0 Perpignan du 24 mars au 31 mai. Cette exposition met en lumi\u00e8re un vaste chantier de restauration entrepris depuis 2022 sous l\u2019\u00e9gide des services de l\u2019\u00c9tat (Direction r\u00e9gionale des affaires culturelles d\u2019Occitanie). L\u2019objectif est de restituer leur visibilit\u00e9 et leur valeur \u00e0 ces \u0153uvres d\u2019art monumentales. Les volets du grand orgue, peints en 1504, sont parmi les ensembles picturaux les plus spectaculaires de ce type en Europe. Mesurant 12,6 m\u00e8tres de haut sur 4,3 m\u00e8tres de large, soit plus de 83 m\u00b2 chacun, ces panneaux \u00e9taient initialement fix\u00e9s sur le buffet de l\u2019orgue et se d\u00e9ployaient selon le calendrier liturgique. Peints \u00e0 la d\u00e9trempe sur toile, ils pr\u00e9sentent une riche polychromie sur leur face principale et une grisaille soign\u00e9e sur leur revers.  Le buffet d\u2019orgue est class\u00e9 au titre des monuments historiques depuis 1899, les volets en 1964.  Le buffet gothique L&rsquo;orgue est situ\u00e9, suivant la tradition ib\u00e9rique, en encorbellement au-dessus de la nef, du c\u00f4t\u00e9 de l&rsquo;\u00e9vangile. Son buffet est form\u00e9 d&rsquo;un grand-corps \u00e0 fa\u00e7ade plate organis\u00e9e en douze compartiments orthogonaux d\u00e9cor\u00e9s de claires-voies finement sculpt\u00e9es de motifs flamboyants, suivant des dispositions typiquement catalanes adopt\u00e9es, notamment, pour le &#8230; \u00c0 l\u2019origine, ces peintures \u00e9taient int\u00e9gr\u00e9es au buffet de l\u2019orgue et s\u2019ouvraient ou se refermaient selon le calendrier liturgique. La particularit\u00e9 de ces volets r\u00e9side dans leur double dispositif visuel, renfor\u00e7ant leur valeur spirituelle et artistique. Au XIXe si\u00e8cle, les volets ont \u00e9t\u00e9 d\u00e9mont\u00e9s, d\u00e9plac\u00e9s, puis fix\u00e9s aux murs de la cath\u00e9drale, au-dessus de la porte dite \u00ab de Bethl\u00e9em \u00bb, o\u00f9 leur lecture devenait difficile et leur importance oubli\u00e9e.  Cette exposition est une occasion unique de d\u00e9couvrir ou red\u00e9couvrir ces chefs-d\u2019\u0153uvre, de comprendre leur histoire et leur restauration. Les visiteurs pourront admirer la qualit\u00e9 artistique exceptionnelle de ces peintures, leur fonction liturgique originelle et leur dimension monumentale. L\u2019exposition offre \u00e9galement un aper\u00e7u des techniques de restauration utilis\u00e9es pour pr\u00e9server ces tr\u00e9sors patrimoniaux.  En participant \u00e0 cet \u00e9v\u00e9nement, le public pourra appr\u00e9cier la richesse du patrimoine culturel de Perpignan et la valeur historique de ces \u0153uvres. L\u2019exposition est accessible au tarif de 8,00 \u20ac. RDV du 24 mars au 31 mai, 21 Rue Mailly, Perpignan.<\/p>\n<p><\/p>\n<h3>R\u00e9servez votre h\u00e9bergement dans les Pyr\u00e9n\u00e9es-Orientales :<\/h3>\n<p><b><a href='https:\/\/www.locansol.fr\/es\/alquiler-mobil-home-mediterraneo\/'>Mobil-home Locansol \u00e0 Argel\u00e8s-sur-Mer<\/a><\/b><br \/>Trajet le plus court : 26 km<br \/>Trajet le plus rapide : 31 min<\/p>\n<p><b><a href='https:\/\/www.locansol.fr\/es\/alquiler-chalet-cerdana\/'>Chalet Locansol \u00e0 Estavar<\/a><\/b><br \/>Trajet le plus court : 104 km<br \/>Trajet le plus rapide : 1 h 40 min<\/p>","protected":false},"excerpt":{"rendered":"<p>L\u2019exposition \u00ab La red\u00e9couverte d\u2019un chef-d\u2019\u0153uvre monumental \u00bb : les volets du grand orgue de la cath\u00e9drale de Perpignan se tient \u00e0 Perpignan du 24 mars au 31 mai. Cette [&hellip;]<\/p>","protected":false},"author":5,"featured_media":6507,"template":"","meta":{"_yoast_wpseo_focuskw":"\u00ab LA RED\u00c9COUVERTE D\u2019UN CHEF D\u2019\u0152UVRE MONUMENTAL \u00bb : LES VOLETS DU GRAND ORGUE DE LA CATH\u00c9DRALE DE PERPIGNAN","_yoast_wpseo_title":"\u00ab LA RED\u00c9COUVERTE D\u2019UN CHEF D\u2019\u0152UVRE MONUMENTAL \u00bb : LES VOLETS DU GRAND ORGUE DE LA CATH\u00c9DRALE DE PERPIGNAN","_yoast_wpseo_metadesc":"L\u2019exposition \u00ab La red\u00e9couverte d\u2019un chef-d\u2019\u0153uvre monumental \u00bb : les volets du grand orgue de la cath\u00e9drale de Perpignan se tient \u00e0 Perpignan du 24 mars au 31 mai. Cette exposition met en lumi\u00e8re un vaste chantier de restauration entrepris depuis 2022 sous l\u2019\u00e9gide des services de l\u2019\u00c9tat (Direction r\u00e9gionale des affaires culturelles d\u2019Occitanie). L\u2019objectif est de restituer leur visibilit\u00e9 et leur valeur \u00e0 ces \u0153uvres d\u2019art monumentales. Les volets du grand orgue, peints en 1504, sont parmi les ensembles picturaux les plus spectaculaires de ce type en Europe. Mesurant 12,6 m\u00e8tres de haut sur 4,3 m\u00e8tres de large, soit plus de 83 m\u00b2 chacun, ces panneaux \u00e9taient initialement fix\u00e9s sur le buffet de l\u2019orgue et se d\u00e9ployaient selon le calendrier liturgique. Peints \u00e0 la d\u00e9trempe sur toile, ils pr\u00e9sentent une riche polychromie sur leur face principale et une grisaille soign\u00e9e sur leur revers. Le buffet d\u2019orgue est class\u00e9 au titre des monuments historiques depuis 1899, les volets en 1964. Le buffet gothique L'orgue est situ\u00e9, suivant la tradition ib\u00e9rique, en encorbellement au-dessus de la nef, du c\u00f4t\u00e9 de l'\u00e9vangile. Son buffet est form\u00e9 d'un grand-corps \u00e0 fa\u00e7ade plate organis\u00e9e en douze compartiments orthogonaux d\u00e9cor\u00e9s de claires-voies finement sculpt\u00e9es de motifs flamboyants, suivant des dispositions typiquement catalanes adopt\u00e9es, notamment, pour le ... \u00c0 l\u2019origine, ces peintures \u00e9taient int\u00e9gr\u00e9es au buffet de l\u2019orgue et s\u2019ouvraient ou se refermaient selon le calendrier liturgique. La particularit\u00e9 de ces volets r\u00e9side dans leur double dispositif visuel, renfor\u00e7ant leur valeur spirituelle et artistique. Au XIXe si\u00e8cle, les volets ont \u00e9t\u00e9 d\u00e9mont\u00e9s, d\u00e9plac\u00e9s, puis fix\u00e9s aux murs de la cath\u00e9drale, au-dessus de la porte dite \u00ab de Bethl\u00e9em \u00bb, o\u00f9 leur lecture devenait difficile et leur importance oubli\u00e9e. Cette exposition est une occasion unique de d\u00e9couvrir ou red\u00e9couvrir ces chefs-d\u2019\u0153uvre, de comprendre leur histoire et leur restauration. Les visiteurs pourront admirer la qualit\u00e9 artistique exceptionnelle de ces peintures, leur fonction liturgique originelle et leur dimension monumentale. L\u2019exposition offre \u00e9galement un aper\u00e7u des techniques de restauration utilis\u00e9es pour pr\u00e9server ces tr\u00e9sors patrimoniaux. En participant \u00e0 cet \u00e9v\u00e9nement, le public pourra appr\u00e9cier la richesse du patrimoine culturel de Perpignan et la valeur historique de ces \u0153uvres. L\u2019exposition est accessible au tarif de 8,00 \u20ac. RDV du 24 mars au 31 mai, 21 Rue Mailly, Perpignan.","_yoast_wpseo_canonical":"","_yoast_wpseo_opengraph-title":"\u00ab LA RED\u00c9COUVERTE D\u2019UN CHEF D\u2019\u0152UVRE MONUMENTAL \u00bb : LES VOLETS DU GRAND ORGUE DE LA CATH\u00c9DRALE DE PERPIGNAN","_yoast_wpseo_opengraph-description":"L\u2019exposition \u00ab La red\u00e9couverte d\u2019un chef-d\u2019\u0153uvre monumental \u00bb : les volets du grand orgue de la cath\u00e9drale de Perpignan se tient \u00e0 Perpignan du 24 mars au 31 mai. Cette exposition met en lumi\u00e8re un vaste chantier de restauration entrepris depuis 2022 sous l\u2019\u00e9gide des services de l\u2019\u00c9tat (Direction r\u00e9gionale des affaires culturelles d\u2019Occitanie). L\u2019objectif est de restituer leur visibilit\u00e9 et leur valeur \u00e0 ces \u0153uvres d\u2019art monumentales. Les volets du grand orgue, peints en 1504, sont parmi les ensembles picturaux les plus spectaculaires de ce type en Europe. Mesurant 12,6 m\u00e8tres de haut sur 4,3 m\u00e8tres de large, soit plus de 83 m\u00b2 chacun, ces panneaux \u00e9taient initialement fix\u00e9s sur le buffet de l\u2019orgue et se d\u00e9ployaient selon le calendrier liturgique. Peints \u00e0 la d\u00e9trempe sur toile, ils pr\u00e9sentent une riche polychromie sur leur face principale et une grisaille soign\u00e9e sur leur revers. Le buffet d\u2019orgue est class\u00e9 au titre des monuments historiques depuis 1899, les volets en 1964. Le buffet gothique L'orgue est situ\u00e9, suivant la tradition ib\u00e9rique, en encorbellement au-dessus de la nef, du c\u00f4t\u00e9 de l'\u00e9vangile. Son buffet est form\u00e9 d'un grand-corps \u00e0 fa\u00e7ade plate organis\u00e9e en douze compartiments orthogonaux d\u00e9cor\u00e9s de claires-voies finement sculpt\u00e9es de motifs flamboyants, suivant des dispositions typiquement catalanes adopt\u00e9es, notamment, pour le ... \u00c0 l\u2019origine, ces peintures \u00e9taient int\u00e9gr\u00e9es au buffet de l\u2019orgue et s\u2019ouvraient ou se refermaient selon le calendrier liturgique. La particularit\u00e9 de ces volets r\u00e9side dans leur double dispositif visuel, renfor\u00e7ant leur valeur spirituelle et artistique. Au XIXe si\u00e8cle, les volets ont \u00e9t\u00e9 d\u00e9mont\u00e9s, d\u00e9plac\u00e9s, puis fix\u00e9s aux murs de la cath\u00e9drale, au-dessus de la porte dite \u00ab de Bethl\u00e9em \u00bb, o\u00f9 leur lecture devenait difficile et leur importance oubli\u00e9e. Cette exposition est une occasion unique de d\u00e9couvrir ou red\u00e9couvrir ces chefs-d\u2019\u0153uvre, de comprendre leur histoire et leur restauration. Les visiteurs pourront admirer la qualit\u00e9 artistique exceptionnelle de ces peintures, leur fonction liturgique originelle et leur dimension monumentale. L\u2019exposition offre \u00e9galement un aper\u00e7u des techniques de restauration utilis\u00e9es pour pr\u00e9server ces tr\u00e9sors patrimoniaux. En participant \u00e0 cet \u00e9v\u00e9nement, le public pourra appr\u00e9cier la richesse du patrimoine culturel de Perpignan et la valeur historique de ces \u0153uvres. L\u2019exposition est accessible au tarif de 8,00 \u20ac. RDV du 24 mars au 31 mai, 21 Rue Mailly, Perpignan.","_yoast_wpseo_opengraph-image":"https:\/\/www.locansol.fr\/wp-content\/uploads\/2026\/04\/exposition-chef-d-oeuvre-monumental-perpignan-2.webp","_yoast_wpseo_opengraph-image-id":"6507","_yoast_wpseo_twitter-title":"\u00ab LA RED\u00c9COUVERTE D\u2019UN CHEF D\u2019\u0152UVRE MONUMENTAL \u00bb : LES VOLETS DU GRAND ORGUE DE LA CATH\u00c9DRALE DE PERPIGNAN","_yoast_wpseo_twitter-description":"L\u2019exposition \u00ab La red\u00e9couverte d\u2019un chef-d\u2019\u0153uvre monumental \u00bb : les volets du grand orgue de la cath\u00e9drale de Perpignan se tient \u00e0 Perpignan du 24 mars au 31 mai. Cette exposition met en lumi\u00e8re un vaste chantier de restauration entrepris depuis 2022 sous l\u2019\u00e9gide des services de l\u2019\u00c9tat (Direction r\u00e9gionale des affaires culturelles d\u2019Occitanie). L\u2019objectif est de restituer leur visibilit\u00e9 et leur valeur \u00e0 ces \u0153uvres d\u2019art monumentales. Les volets du grand orgue, peints en 1504, sont parmi les ensembles picturaux les plus spectaculaires de ce type en Europe. Mesurant 12,6 m\u00e8tres de haut sur 4,3 m\u00e8tres de large, soit plus de 83 m\u00b2 chacun, ces panneaux \u00e9taient initialement fix\u00e9s sur le buffet de l\u2019orgue et se d\u00e9ployaient selon le calendrier liturgique. Peints \u00e0 la d\u00e9trempe sur toile, ils pr\u00e9sentent une riche polychromie sur leur face principale et une grisaille soign\u00e9e sur leur revers. Le buffet d\u2019orgue est class\u00e9 au titre des monuments historiques depuis 1899, les volets en 1964. Le buffet gothique L'orgue est situ\u00e9, suivant la tradition ib\u00e9rique, en encorbellement au-dessus de la nef, du c\u00f4t\u00e9 de l'\u00e9vangile. Son buffet est form\u00e9 d'un grand-corps \u00e0 fa\u00e7ade plate organis\u00e9e en douze compartiments orthogonaux d\u00e9cor\u00e9s de claires-voies finement sculpt\u00e9es de motifs flamboyants, suivant des dispositions typiquement catalanes adopt\u00e9es, notamment, pour le ... \u00c0 l\u2019origine, ces peintures \u00e9taient int\u00e9gr\u00e9es au buffet de l\u2019orgue et s\u2019ouvraient ou se refermaient selon le calendrier liturgique. La particularit\u00e9 de ces volets r\u00e9side dans leur double dispositif visuel, renfor\u00e7ant leur valeur spirituelle et artistique. Au XIXe si\u00e8cle, les volets ont \u00e9t\u00e9 d\u00e9mont\u00e9s, d\u00e9plac\u00e9s, puis fix\u00e9s aux murs de la cath\u00e9drale, au-dessus de la porte dite \u00ab de Bethl\u00e9em \u00bb, o\u00f9 leur lecture devenait difficile et leur importance oubli\u00e9e. Cette exposition est une occasion unique de d\u00e9couvrir ou red\u00e9couvrir ces chefs-d\u2019\u0153uvre, de comprendre leur histoire et leur restauration. Les visiteurs pourront admirer la qualit\u00e9 artistique exceptionnelle de ces peintures, leur fonction liturgique originelle et leur dimension monumentale. L\u2019exposition offre \u00e9galement un aper\u00e7u des techniques de restauration utilis\u00e9es pour pr\u00e9server ces tr\u00e9sors patrimoniaux. En participant \u00e0 cet \u00e9v\u00e9nement, le public pourra appr\u00e9cier la richesse du patrimoine culturel de Perpignan et la valeur historique de ces \u0153uvres. L\u2019exposition est accessible au tarif de 8,00 \u20ac. RDV du 24 mars au 31 mai, 21 Rue Mailly, Perpignan.","_yoast_wpseo_twitter-image":"https:\/\/www.locansol.fr\/wp-content\/uploads\/2026\/04\/exposition-chef-d-oeuvre-monumental-perpignan-2.webp","_yoast_wpseo_twitter-image-id":"6507}","yoast_primary_category":"Exposition","_tribe_events_status":"","_tribe_events_status_reason":"","_tribe_events_is_hybrid":"","_tribe_events_is_virtual":"","_tribe_events_virtual_video_source":"","_tribe_events_virtual_embed_video":"","_tribe_events_virtual_linked_button_text":"","_tribe_events_virtual_linked_button":"","_tribe_events_virtual_show_embed_at":"","_tribe_events_virtual_show_embed_to":[],"_tribe_events_virtual_show_on_event":"","_tribe_events_virtual_show_on_views":"","_tribe_events_virtual_url":"","footnotes":""},"tags":[66,76],"tribe_events_cat":[138,90,160,169],"class_list":["post-6510","tribe_events","type-tribe_events","status-publish","has-post-thumbnail","hentry","tag-evenement-culturel","tag-pyrenees-orientales","tribe_events_cat-evenement-culturel","tribe_events_cat-exposition","tribe_events_cat-peinture","tribe_events_cat-pyrenees-orientales","cat_evenement-culturel","cat_exposition","cat_peinture","cat_pyrenees-orientales"],"yoast_head":"<!-- This site is optimized with the Yoast SEO Premium plugin v23.3 (Yoast SEO v26.9) - https:\/\/yoast.com\/product\/yoast-seo-premium-wordpress\/ -->\n<title>\u00ab LA RED\u00c9COUVERTE D\u2019UN CHEF D\u2019\u0152UVRE MONUMENTAL \u00bb : LES VOLETS DU GRAND ORGUE DE LA CATH\u00c9DRALE DE PERPIGNAN<\/title>\n<meta name=\"description\" content=\"L\u2019exposition \u00ab La red\u00e9couverte d\u2019un chef-d\u2019\u0153uvre monumental \u00bb : les volets du grand orgue de la cath\u00e9drale de Perpignan se tient \u00e0 Perpignan du 24 mars au 31 mai. Cette exposition met en lumi\u00e8re un vaste chantier de restauration entrepris depuis 2022 sous l\u2019\u00e9gide des services de l\u2019\u00c9tat (Direction r\u00e9gionale des affaires culturelles d\u2019Occitanie). L\u2019objectif est de restituer leur visibilit\u00e9 et leur valeur \u00e0 ces \u0153uvres d\u2019art monumentales. Les volets du grand orgue, peints en 1504, sont parmi les ensembles picturaux les plus spectaculaires de ce type en Europe. Mesurant 12,6 m\u00e8tres de haut sur 4,3 m\u00e8tres de large, soit plus de 83 m\u00b2 chacun, ces panneaux \u00e9taient initialement fix\u00e9s sur le buffet de l\u2019orgue et se d\u00e9ployaient selon le calendrier liturgique. Peints \u00e0 la d\u00e9trempe sur toile, ils pr\u00e9sentent une riche polychromie sur leur face principale et une grisaille soign\u00e9e sur leur revers. Le buffet d\u2019orgue est class\u00e9 au titre des monuments historiques depuis 1899, les volets en 1964. Le buffet gothique L&#039;orgue est situ\u00e9, suivant la tradition ib\u00e9rique, en encorbellement au-dessus de la nef, du c\u00f4t\u00e9 de l&#039;\u00e9vangile. Son buffet est form\u00e9 d&#039;un grand-corps \u00e0 fa\u00e7ade plate organis\u00e9e en douze compartiments orthogonaux d\u00e9cor\u00e9s de claires-voies finement sculpt\u00e9es de motifs flamboyants, suivant des dispositions typiquement catalanes adopt\u00e9es, notamment, pour le ... \u00c0 l\u2019origine, ces peintures \u00e9taient int\u00e9gr\u00e9es au buffet de l\u2019orgue et s\u2019ouvraient ou se refermaient selon le calendrier liturgique. La particularit\u00e9 de ces volets r\u00e9side dans leur double dispositif visuel, renfor\u00e7ant leur valeur spirituelle et artistique. Au XIXe si\u00e8cle, les volets ont \u00e9t\u00e9 d\u00e9mont\u00e9s, d\u00e9plac\u00e9s, puis fix\u00e9s aux murs de la cath\u00e9drale, au-dessus de la porte dite \u00ab de Bethl\u00e9em \u00bb, o\u00f9 leur lecture devenait difficile et leur importance oubli\u00e9e. Cette exposition est une occasion unique de d\u00e9couvrir ou red\u00e9couvrir ces chefs-d\u2019\u0153uvre, de comprendre leur histoire et leur restauration. Les visiteurs pourront admirer la qualit\u00e9 artistique exceptionnelle de ces peintures, leur fonction liturgique originelle et leur dimension monumentale. L\u2019exposition offre \u00e9galement un aper\u00e7u des techniques de restauration utilis\u00e9es pour pr\u00e9server ces tr\u00e9sors patrimoniaux. En participant \u00e0 cet \u00e9v\u00e9nement, le public pourra appr\u00e9cier la richesse du patrimoine culturel de Perpignan et la valeur historique de ces \u0153uvres. L\u2019exposition est accessible au tarif de 8,00 \u20ac. RDV du 24 mars au 31 mai, 21 Rue Mailly, Perpignan.\" \/>\n<meta name=\"robots\" content=\"index, follow, max-snippet:-1, max-image-preview:large, max-video-preview:-1\" \/>\n<link rel=\"canonical\" href=\"https:\/\/www.locansol.fr\/es\/evenement\/la-redecouverte-dun-chef-doeuvre-monumental-les-volets-du-grand-orgue-de-la-cathedrale-de-perpignan-31\/\" \/>\n<meta property=\"og:locale\" content=\"es_ES\" \/>\n<meta property=\"og:type\" content=\"article\" \/>\n<meta property=\"og:title\" content=\"\u00ab LA RED\u00c9COUVERTE D\u2019UN CHEF D\u2019\u0152UVRE MONUMENTAL \u00bb : LES VOLETS DU GRAND ORGUE DE LA CATH\u00c9DRALE DE PERPIGNAN\" \/>\n<meta property=\"og:description\" content=\"L\u2019exposition \u00ab La red\u00e9couverte d\u2019un chef-d\u2019\u0153uvre monumental \u00bb : les volets du grand orgue de la cath\u00e9drale de Perpignan se tient \u00e0 Perpignan du 24 mars au 31 mai. Cette exposition met en lumi\u00e8re un vaste chantier de restauration entrepris depuis 2022 sous l\u2019\u00e9gide des services de l\u2019\u00c9tat (Direction r\u00e9gionale des affaires culturelles d\u2019Occitanie). L\u2019objectif est de restituer leur visibilit\u00e9 et leur valeur \u00e0 ces \u0153uvres d\u2019art monumentales. Les volets du grand orgue, peints en 1504, sont parmi les ensembles picturaux les plus spectaculaires de ce type en Europe. Mesurant 12,6 m\u00e8tres de haut sur 4,3 m\u00e8tres de large, soit plus de 83 m\u00b2 chacun, ces panneaux \u00e9taient initialement fix\u00e9s sur le buffet de l\u2019orgue et se d\u00e9ployaient selon le calendrier liturgique. Peints \u00e0 la d\u00e9trempe sur toile, ils pr\u00e9sentent une riche polychromie sur leur face principale et une grisaille soign\u00e9e sur leur revers. Le buffet d\u2019orgue est class\u00e9 au titre des monuments historiques depuis 1899, les volets en 1964. Le buffet gothique L&#039;orgue est situ\u00e9, suivant la tradition ib\u00e9rique, en encorbellement au-dessus de la nef, du c\u00f4t\u00e9 de l&#039;\u00e9vangile. Son buffet est form\u00e9 d&#039;un grand-corps \u00e0 fa\u00e7ade plate organis\u00e9e en douze compartiments orthogonaux d\u00e9cor\u00e9s de claires-voies finement sculpt\u00e9es de motifs flamboyants, suivant des dispositions typiquement catalanes adopt\u00e9es, notamment, pour le ... \u00c0 l\u2019origine, ces peintures \u00e9taient int\u00e9gr\u00e9es au buffet de l\u2019orgue et s\u2019ouvraient ou se refermaient selon le calendrier liturgique. La particularit\u00e9 de ces volets r\u00e9side dans leur double dispositif visuel, renfor\u00e7ant leur valeur spirituelle et artistique. Au XIXe si\u00e8cle, les volets ont \u00e9t\u00e9 d\u00e9mont\u00e9s, d\u00e9plac\u00e9s, puis fix\u00e9s aux murs de la cath\u00e9drale, au-dessus de la porte dite \u00ab de Bethl\u00e9em \u00bb, o\u00f9 leur lecture devenait difficile et leur importance oubli\u00e9e. Cette exposition est une occasion unique de d\u00e9couvrir ou red\u00e9couvrir ces chefs-d\u2019\u0153uvre, de comprendre leur histoire et leur restauration. Les visiteurs pourront admirer la qualit\u00e9 artistique exceptionnelle de ces peintures, leur fonction liturgique originelle et leur dimension monumentale. L\u2019exposition offre \u00e9galement un aper\u00e7u des techniques de restauration utilis\u00e9es pour pr\u00e9server ces tr\u00e9sors patrimoniaux. En participant \u00e0 cet \u00e9v\u00e9nement, le public pourra appr\u00e9cier la richesse du patrimoine culturel de Perpignan et la valeur historique de ces \u0153uvres. L\u2019exposition est accessible au tarif de 8,00 \u20ac. RDV du 24 mars au 31 mai, 21 Rue Mailly, Perpignan.\" \/>\n<meta property=\"og:url\" content=\"https:\/\/www.locansol.fr\/es\/evenement\/la-redecouverte-dun-chef-doeuvre-monumental-les-volets-du-grand-orgue-de-la-cathedrale-de-perpignan-31\/\" \/>\n<meta property=\"og:site_name\" content=\"Locansol, louer un h\u00e9bergement dans les Pyr\u00e9n\u00e9es Orientales\" \/>\n<meta property=\"article:modified_time\" content=\"2026-04-25T08:10:04+00:00\" \/>\n<meta property=\"og:image\" content=\"https:\/\/www.locansol.fr\/wp-content\/uploads\/2026\/04\/exposition-chef-d-oeuvre-monumental-perpignan-2.webp\" \/>\n\t<meta property=\"og:image:width\" content=\"1024\" \/>\n\t<meta property=\"og:image:height\" content=\"605\" \/>\n\t<meta property=\"og:image:type\" content=\"image\/webp\" \/>\n<meta name=\"twitter:card\" content=\"summary_large_image\" \/>\n<meta name=\"twitter:title\" content=\"\u00ab LA RED\u00c9COUVERTE D\u2019UN CHEF D\u2019\u0152UVRE MONUMENTAL \u00bb : LES VOLETS DU GRAND ORGUE DE LA CATH\u00c9DRALE DE PERPIGNAN\" \/>\n<meta name=\"twitter:description\" content=\"L\u2019exposition \u00ab La red\u00e9couverte d\u2019un chef-d\u2019\u0153uvre monumental \u00bb : les volets du grand orgue de la cath\u00e9drale de Perpignan se tient \u00e0 Perpignan du 24 mars au 31 mai. Cette exposition met en lumi\u00e8re un vaste chantier de restauration entrepris depuis 2022 sous l\u2019\u00e9gide des services de l\u2019\u00c9tat (Direction r\u00e9gionale des affaires culturelles d\u2019Occitanie). L\u2019objectif est de restituer leur visibilit\u00e9 et leur valeur \u00e0 ces \u0153uvres d\u2019art monumentales. Les volets du grand orgue, peints en 1504, sont parmi les ensembles picturaux les plus spectaculaires de ce type en Europe. Mesurant 12,6 m\u00e8tres de haut sur 4,3 m\u00e8tres de large, soit plus de 83 m\u00b2 chacun, ces panneaux \u00e9taient initialement fix\u00e9s sur le buffet de l\u2019orgue et se d\u00e9ployaient selon le calendrier liturgique. Peints \u00e0 la d\u00e9trempe sur toile, ils pr\u00e9sentent une riche polychromie sur leur face principale et une grisaille soign\u00e9e sur leur revers. Le buffet d\u2019orgue est class\u00e9 au titre des monuments historiques depuis 1899, les volets en 1964. Le buffet gothique L&#039;orgue est situ\u00e9, suivant la tradition ib\u00e9rique, en encorbellement au-dessus de la nef, du c\u00f4t\u00e9 de l&#039;\u00e9vangile. Son buffet est form\u00e9 d&#039;un grand-corps \u00e0 fa\u00e7ade plate organis\u00e9e en douze compartiments orthogonaux d\u00e9cor\u00e9s de claires-voies finement sculpt\u00e9es de motifs flamboyants, suivant des dispositions typiquement catalanes adopt\u00e9es, notamment, pour le ... \u00c0 l\u2019origine, ces peintures \u00e9taient int\u00e9gr\u00e9es au buffet de l\u2019orgue et s\u2019ouvraient ou se refermaient selon le calendrier liturgique. La particularit\u00e9 de ces volets r\u00e9side dans leur double dispositif visuel, renfor\u00e7ant leur valeur spirituelle et artistique. Au XIXe si\u00e8cle, les volets ont \u00e9t\u00e9 d\u00e9mont\u00e9s, d\u00e9plac\u00e9s, puis fix\u00e9s aux murs de la cath\u00e9drale, au-dessus de la porte dite \u00ab de Bethl\u00e9em \u00bb, o\u00f9 leur lecture devenait difficile et leur importance oubli\u00e9e. Cette exposition est une occasion unique de d\u00e9couvrir ou red\u00e9couvrir ces chefs-d\u2019\u0153uvre, de comprendre leur histoire et leur restauration. Les visiteurs pourront admirer la qualit\u00e9 artistique exceptionnelle de ces peintures, leur fonction liturgique originelle et leur dimension monumentale. L\u2019exposition offre \u00e9galement un aper\u00e7u des techniques de restauration utilis\u00e9es pour pr\u00e9server ces tr\u00e9sors patrimoniaux. En participant \u00e0 cet \u00e9v\u00e9nement, le public pourra appr\u00e9cier la richesse du patrimoine culturel de Perpignan et la valeur historique de ces \u0153uvres. L\u2019exposition est accessible au tarif de 8,00 \u20ac. RDV du 24 mars au 31 mai, 21 Rue Mailly, Perpignan.\" \/>\n<meta name=\"twitter:image\" content=\"https:\/\/www.locansol.fr\/wp-content\/uploads\/2026\/04\/exposition-chef-d-oeuvre-monumental-perpignan-2.webp\" \/>\n<meta name=\"twitter:label1\" content=\"Tiempo de lectura\" \/>\n\t<meta name=\"twitter:data1\" content=\"2 minutos\" \/>\n<script type=\"application\/ld+json\" class=\"yoast-schema-graph\">{\"@context\":\"https:\/\/schema.org\",\"@graph\":[{\"@type\":\"WebPage\",\"@id\":\"https:\/\/www.locansol.fr\/evenement\/la-redecouverte-dun-chef-doeuvre-monumental-les-volets-du-grand-orgue-de-la-cathedrale-de-perpignan-31\/\",\"url\":\"https:\/\/www.locansol.fr\/evenement\/la-redecouverte-dun-chef-doeuvre-monumental-les-volets-du-grand-orgue-de-la-cathedrale-de-perpignan-31\/\",\"name\":\"\u00ab LA RED\u00c9COUVERTE D\u2019UN CHEF D\u2019\u0152UVRE MONUMENTAL \u00bb : LES VOLETS DU GRAND ORGUE DE LA CATH\u00c9DRALE DE PERPIGNAN\",\"isPartOf\":{\"@id\":\"https:\/\/www.locansol.fr\/#website\"},\"primaryImageOfPage\":{\"@id\":\"https:\/\/www.locansol.fr\/evenement\/la-redecouverte-dun-chef-doeuvre-monumental-les-volets-du-grand-orgue-de-la-cathedrale-de-perpignan-31\/#primaryimage\"},\"image\":{\"@id\":\"https:\/\/www.locansol.fr\/evenement\/la-redecouverte-dun-chef-doeuvre-monumental-les-volets-du-grand-orgue-de-la-cathedrale-de-perpignan-31\/#primaryimage\"},\"thumbnailUrl\":\"https:\/\/www.locansol.fr\/wp-content\/uploads\/2026\/04\/exposition-chef-d-oeuvre-monumental-perpignan-2.webp\",\"datePublished\":\"2026-04-25T08:10:03+00:00\",\"dateModified\":\"2026-04-25T08:10:04+00:00\",\"description\":\"L\u2019exposition \u00ab La red\u00e9couverte d\u2019un chef-d\u2019\u0153uvre monumental \u00bb : les volets du grand orgue de la cath\u00e9drale de Perpignan se tient \u00e0 Perpignan du 24 mars au 31 mai. Cette exposition met en lumi\u00e8re un vaste chantier de restauration entrepris depuis 2022 sous l\u2019\u00e9gide des services de l\u2019\u00c9tat (Direction r\u00e9gionale des affaires culturelles d\u2019Occitanie). L\u2019objectif est de restituer leur visibilit\u00e9 et leur valeur \u00e0 ces \u0153uvres d\u2019art monumentales. Les volets du grand orgue, peints en 1504, sont parmi les ensembles picturaux les plus spectaculaires de ce type en Europe. Mesurant 12,6 m\u00e8tres de haut sur 4,3 m\u00e8tres de large, soit plus de 83 m\u00b2 chacun, ces panneaux \u00e9taient initialement fix\u00e9s sur le buffet de l\u2019orgue et se d\u00e9ployaient selon le calendrier liturgique. Peints \u00e0 la d\u00e9trempe sur toile, ils pr\u00e9sentent une riche polychromie sur leur face principale et une grisaille soign\u00e9e sur leur revers. Le buffet d\u2019orgue est class\u00e9 au titre des monuments historiques depuis 1899, les volets en 1964. Le buffet gothique L'orgue est situ\u00e9, suivant la tradition ib\u00e9rique, en encorbellement au-dessus de la nef, du c\u00f4t\u00e9 de l'\u00e9vangile. Son buffet est form\u00e9 d'un grand-corps \u00e0 fa\u00e7ade plate organis\u00e9e en douze compartiments orthogonaux d\u00e9cor\u00e9s de claires-voies finement sculpt\u00e9es de motifs flamboyants, suivant des dispositions typiquement catalanes adopt\u00e9es, notamment, pour le ... \u00c0 l\u2019origine, ces peintures \u00e9taient int\u00e9gr\u00e9es au buffet de l\u2019orgue et s\u2019ouvraient ou se refermaient selon le calendrier liturgique. La particularit\u00e9 de ces volets r\u00e9side dans leur double dispositif visuel, renfor\u00e7ant leur valeur spirituelle et artistique. Au XIXe si\u00e8cle, les volets ont \u00e9t\u00e9 d\u00e9mont\u00e9s, d\u00e9plac\u00e9s, puis fix\u00e9s aux murs de la cath\u00e9drale, au-dessus de la porte dite \u00ab de Bethl\u00e9em \u00bb, o\u00f9 leur lecture devenait difficile et leur importance oubli\u00e9e. Cette exposition est une occasion unique de d\u00e9couvrir ou red\u00e9couvrir ces chefs-d\u2019\u0153uvre, de comprendre leur histoire et leur restauration. Les visiteurs pourront admirer la qualit\u00e9 artistique exceptionnelle de ces peintures, leur fonction liturgique originelle et leur dimension monumentale. L\u2019exposition offre \u00e9galement un aper\u00e7u des techniques de restauration utilis\u00e9es pour pr\u00e9server ces tr\u00e9sors patrimoniaux. En participant \u00e0 cet \u00e9v\u00e9nement, le public pourra appr\u00e9cier la richesse du patrimoine culturel de Perpignan et la valeur historique de ces \u0153uvres. L\u2019exposition est accessible au tarif de 8,00 \u20ac. RDV du 24 mars au 31 mai, 21 Rue Mailly, Perpignan.\",\"breadcrumb\":{\"@id\":\"https:\/\/www.locansol.fr\/evenement\/la-redecouverte-dun-chef-doeuvre-monumental-les-volets-du-grand-orgue-de-la-cathedrale-de-perpignan-31\/#breadcrumb\"},\"inLanguage\":\"es\",\"potentialAction\":[{\"@type\":\"ReadAction\",\"target\":[\"https:\/\/www.locansol.fr\/evenement\/la-redecouverte-dun-chef-doeuvre-monumental-les-volets-du-grand-orgue-de-la-cathedrale-de-perpignan-31\/\"]}]},{\"@type\":\"ImageObject\",\"inLanguage\":\"es\",\"@id\":\"https:\/\/www.locansol.fr\/evenement\/la-redecouverte-dun-chef-doeuvre-monumental-les-volets-du-grand-orgue-de-la-cathedrale-de-perpignan-31\/#primaryimage\",\"url\":\"https:\/\/www.locansol.fr\/wp-content\/uploads\/2026\/04\/exposition-chef-d-oeuvre-monumental-perpignan-2.webp\",\"contentUrl\":\"https:\/\/www.locansol.fr\/wp-content\/uploads\/2026\/04\/exposition-chef-d-oeuvre-monumental-perpignan-2.webp\",\"width\":1024,\"height\":605,\"caption\":\"Exposition \u00e0 Perpignan : red\u00e9couvrez un chef-d'\u0153uvre monumental\"},{\"@type\":\"BreadcrumbList\",\"@id\":\"https:\/\/www.locansol.fr\/evenement\/la-redecouverte-dun-chef-doeuvre-monumental-les-volets-du-grand-orgue-de-la-cathedrale-de-perpignan-31\/#breadcrumb\",\"itemListElement\":[{\"@type\":\"ListItem\",\"position\":1,\"name\":\"Accueil\",\"item\":\"https:\/\/www.locansol.fr\/\"},{\"@type\":\"ListItem\",\"position\":2,\"name\":\"\u00c9v\u00e8nements\",\"item\":\"https:\/\/www.locansol.fr\/evenements\/\"},{\"@type\":\"ListItem\",\"position\":3,\"name\":\"\u00ab LA RED\u00c9COUVERTE D\u2019UN CHEF D\u2019\u0152UVRE MONUMENTAL \u00bb : LES VOLETS DU GRAND ORGUE DE LA CATH\u00c9DRALE DE PERPIGNAN\"}]},{\"@type\":\"WebSite\",\"@id\":\"https:\/\/www.locansol.fr\/#website\",\"url\":\"https:\/\/www.locansol.fr\/\",\"name\":\"Locansol, louer un h\u00e9bergement dans les Pyr\u00e9n\u00e9es-Orientales\",\"description\":\"Location Mobil-home Mer M\u00e9diterran\u00e9e &amp; Chalet de Montagne dans les Pyr\u00e9n\u00e9es Orientales (Occitanie, 66). Weekend, s\u00e9jour &amp; vacances en famille et entre amis.\",\"publisher\":{\"@id\":\"https:\/\/www.locansol.fr\/#organization\"},\"alternateName\":\"Louer un h\u00e9bergement dans les Pyr\u00e9n\u00e9es Orientales, chalet & mobil-home en Occitanie\",\"potentialAction\":[{\"@type\":\"SearchAction\",\"target\":{\"@type\":\"EntryPoint\",\"urlTemplate\":\"https:\/\/www.locansol.fr\/?s={search_term_string}\"},\"query-input\":{\"@type\":\"PropertyValueSpecification\",\"valueRequired\":true,\"valueName\":\"search_term_string\"}}],\"inLanguage\":\"es\"},{\"@type\":\"Organization\",\"@id\":\"https:\/\/www.locansol.fr\/#organization\",\"name\":\"Location MobilHome & chalet dans les Pyr\u00e9n\u00e9es Orientales\",\"alternateName\":\"Louer un h\u00e9bergement dans les Pyr\u00e9n\u00e9es Orientales en Occitanie\",\"url\":\"https:\/\/www.locansol.fr\/\",\"logo\":{\"@type\":\"ImageObject\",\"inLanguage\":\"es\",\"@id\":\"https:\/\/www.locansol.fr\/#\/schema\/logo\/image\/\",\"url\":\"https:\/\/www.locansol.fr\/wp-content\/uploads\/2024\/04\/AdobeStock_303324767-scaled.jpeg\",\"contentUrl\":\"https:\/\/www.locansol.fr\/wp-content\/uploads\/2024\/04\/AdobeStock_303324767-scaled.jpeg\",\"width\":2560,\"height\":1707,\"caption\":\"Location MobilHome & chalet dans les Pyr\u00e9n\u00e9es Orientales\"},\"image\":{\"@id\":\"https:\/\/www.locansol.fr\/#\/schema\/logo\/image\/\"}}]}<\/script>\n<!-- \/ Yoast SEO Premium plugin. -->","yoast_head_json":{"title":"\u00ab LA RED\u00c9COUVERTE D\u2019UN CHEF D\u2019\u0152UVRE MONUMENTAL \u00bb : LES VOLETS DU GRAND ORGUE DE LA CATH\u00c9DRALE DE PERPIGNAN","description":"L\u2019exposition \u00ab La red\u00e9couverte d\u2019un chef-d\u2019\u0153uvre monumental \u00bb : les volets du grand orgue de la cath\u00e9drale de Perpignan se tient \u00e0 Perpignan du 24 mars au 31 mai. Cette exposition met en lumi\u00e8re un vaste chantier de restauration entrepris depuis 2022 sous l\u2019\u00e9gide des services de l\u2019\u00c9tat (Direction r\u00e9gionale des affaires culturelles d\u2019Occitanie). L\u2019objectif est de restituer leur visibilit\u00e9 et leur valeur \u00e0 ces \u0153uvres d\u2019art monumentales. Les volets du grand orgue, peints en 1504, sont parmi les ensembles picturaux les plus spectaculaires de ce type en Europe. Mesurant 12,6 m\u00e8tres de haut sur 4,3 m\u00e8tres de large, soit plus de 83 m\u00b2 chacun, ces panneaux \u00e9taient initialement fix\u00e9s sur le buffet de l\u2019orgue et se d\u00e9ployaient selon le calendrier liturgique. Peints \u00e0 la d\u00e9trempe sur toile, ils pr\u00e9sentent une riche polychromie sur leur face principale et une grisaille soign\u00e9e sur leur revers. Le buffet d\u2019orgue est class\u00e9 au titre des monuments historiques depuis 1899, les volets en 1964. Le buffet gothique L'orgue est situ\u00e9, suivant la tradition ib\u00e9rique, en encorbellement au-dessus de la nef, du c\u00f4t\u00e9 de l'\u00e9vangile. Son buffet est form\u00e9 d'un grand-corps \u00e0 fa\u00e7ade plate organis\u00e9e en douze compartiments orthogonaux d\u00e9cor\u00e9s de claires-voies finement sculpt\u00e9es de motifs flamboyants, suivant des dispositions typiquement catalanes adopt\u00e9es, notamment, pour le ... \u00c0 l\u2019origine, ces peintures \u00e9taient int\u00e9gr\u00e9es au buffet de l\u2019orgue et s\u2019ouvraient ou se refermaient selon le calendrier liturgique. La particularit\u00e9 de ces volets r\u00e9side dans leur double dispositif visuel, renfor\u00e7ant leur valeur spirituelle et artistique. Au XIXe si\u00e8cle, les volets ont \u00e9t\u00e9 d\u00e9mont\u00e9s, d\u00e9plac\u00e9s, puis fix\u00e9s aux murs de la cath\u00e9drale, au-dessus de la porte dite \u00ab de Bethl\u00e9em \u00bb, o\u00f9 leur lecture devenait difficile et leur importance oubli\u00e9e. Cette exposition est une occasion unique de d\u00e9couvrir ou red\u00e9couvrir ces chefs-d\u2019\u0153uvre, de comprendre leur histoire et leur restauration. Les visiteurs pourront admirer la qualit\u00e9 artistique exceptionnelle de ces peintures, leur fonction liturgique originelle et leur dimension monumentale. L\u2019exposition offre \u00e9galement un aper\u00e7u des techniques de restauration utilis\u00e9es pour pr\u00e9server ces tr\u00e9sors patrimoniaux. En participant \u00e0 cet \u00e9v\u00e9nement, le public pourra appr\u00e9cier la richesse du patrimoine culturel de Perpignan et la valeur historique de ces \u0153uvres. L\u2019exposition est accessible au tarif de 8,00 \u20ac. RDV du 24 mars au 31 mai, 21 Rue Mailly, Perpignan.","robots":{"index":"index","follow":"follow","max-snippet":"max-snippet:-1","max-image-preview":"max-image-preview:large","max-video-preview":"max-video-preview:-1"},"canonical":"https:\/\/www.locansol.fr\/es\/evenement\/la-redecouverte-dun-chef-doeuvre-monumental-les-volets-du-grand-orgue-de-la-cathedrale-de-perpignan-31\/","og_locale":"es_ES","og_type":"article","og_title":"\u00ab LA RED\u00c9COUVERTE D\u2019UN CHEF D\u2019\u0152UVRE MONUMENTAL \u00bb : LES VOLETS DU GRAND ORGUE DE LA CATH\u00c9DRALE DE PERPIGNAN","og_description":"L\u2019exposition \u00ab La red\u00e9couverte d\u2019un chef-d\u2019\u0153uvre monumental \u00bb : les volets du grand orgue de la cath\u00e9drale de Perpignan se tient \u00e0 Perpignan du 24 mars au 31 mai. Cette exposition met en lumi\u00e8re un vaste chantier de restauration entrepris depuis 2022 sous l\u2019\u00e9gide des services de l\u2019\u00c9tat (Direction r\u00e9gionale des affaires culturelles d\u2019Occitanie). L\u2019objectif est de restituer leur visibilit\u00e9 et leur valeur \u00e0 ces \u0153uvres d\u2019art monumentales. Les volets du grand orgue, peints en 1504, sont parmi les ensembles picturaux les plus spectaculaires de ce type en Europe. Mesurant 12,6 m\u00e8tres de haut sur 4,3 m\u00e8tres de large, soit plus de 83 m\u00b2 chacun, ces panneaux \u00e9taient initialement fix\u00e9s sur le buffet de l\u2019orgue et se d\u00e9ployaient selon le calendrier liturgique. Peints \u00e0 la d\u00e9trempe sur toile, ils pr\u00e9sentent une riche polychromie sur leur face principale et une grisaille soign\u00e9e sur leur revers. Le buffet d\u2019orgue est class\u00e9 au titre des monuments historiques depuis 1899, les volets en 1964. Le buffet gothique L'orgue est situ\u00e9, suivant la tradition ib\u00e9rique, en encorbellement au-dessus de la nef, du c\u00f4t\u00e9 de l'\u00e9vangile. Son buffet est form\u00e9 d'un grand-corps \u00e0 fa\u00e7ade plate organis\u00e9e en douze compartiments orthogonaux d\u00e9cor\u00e9s de claires-voies finement sculpt\u00e9es de motifs flamboyants, suivant des dispositions typiquement catalanes adopt\u00e9es, notamment, pour le ... \u00c0 l\u2019origine, ces peintures \u00e9taient int\u00e9gr\u00e9es au buffet de l\u2019orgue et s\u2019ouvraient ou se refermaient selon le calendrier liturgique. La particularit\u00e9 de ces volets r\u00e9side dans leur double dispositif visuel, renfor\u00e7ant leur valeur spirituelle et artistique. Au XIXe si\u00e8cle, les volets ont \u00e9t\u00e9 d\u00e9mont\u00e9s, d\u00e9plac\u00e9s, puis fix\u00e9s aux murs de la cath\u00e9drale, au-dessus de la porte dite \u00ab de Bethl\u00e9em \u00bb, o\u00f9 leur lecture devenait difficile et leur importance oubli\u00e9e. Cette exposition est une occasion unique de d\u00e9couvrir ou red\u00e9couvrir ces chefs-d\u2019\u0153uvre, de comprendre leur histoire et leur restauration. Les visiteurs pourront admirer la qualit\u00e9 artistique exceptionnelle de ces peintures, leur fonction liturgique originelle et leur dimension monumentale. L\u2019exposition offre \u00e9galement un aper\u00e7u des techniques de restauration utilis\u00e9es pour pr\u00e9server ces tr\u00e9sors patrimoniaux. En participant \u00e0 cet \u00e9v\u00e9nement, le public pourra appr\u00e9cier la richesse du patrimoine culturel de Perpignan et la valeur historique de ces \u0153uvres. L\u2019exposition est accessible au tarif de 8,00 \u20ac. RDV du 24 mars au 31 mai, 21 Rue Mailly, Perpignan.","og_url":"https:\/\/www.locansol.fr\/es\/evenement\/la-redecouverte-dun-chef-doeuvre-monumental-les-volets-du-grand-orgue-de-la-cathedrale-de-perpignan-31\/","og_site_name":"Locansol, louer un h\u00e9bergement dans les Pyr\u00e9n\u00e9es Orientales","article_modified_time":"2026-04-25T08:10:04+00:00","og_image":[{"width":1024,"height":605,"url":"https:\/\/www.locansol.fr\/wp-content\/uploads\/2026\/04\/exposition-chef-d-oeuvre-monumental-perpignan-2.webp","type":"image\/webp"}],"twitter_card":"summary_large_image","twitter_title":"\u00ab LA RED\u00c9COUVERTE D\u2019UN CHEF D\u2019\u0152UVRE MONUMENTAL \u00bb : LES VOLETS DU GRAND ORGUE DE LA CATH\u00c9DRALE DE PERPIGNAN","twitter_description":"L\u2019exposition \u00ab La red\u00e9couverte d\u2019un chef-d\u2019\u0153uvre monumental \u00bb : les volets du grand orgue de la cath\u00e9drale de Perpignan se tient \u00e0 Perpignan du 24 mars au 31 mai. Cette exposition met en lumi\u00e8re un vaste chantier de restauration entrepris depuis 2022 sous l\u2019\u00e9gide des services de l\u2019\u00c9tat (Direction r\u00e9gionale des affaires culturelles d\u2019Occitanie). L\u2019objectif est de restituer leur visibilit\u00e9 et leur valeur \u00e0 ces \u0153uvres d\u2019art monumentales. Les volets du grand orgue, peints en 1504, sont parmi les ensembles picturaux les plus spectaculaires de ce type en Europe. Mesurant 12,6 m\u00e8tres de haut sur 4,3 m\u00e8tres de large, soit plus de 83 m\u00b2 chacun, ces panneaux \u00e9taient initialement fix\u00e9s sur le buffet de l\u2019orgue et se d\u00e9ployaient selon le calendrier liturgique. Peints \u00e0 la d\u00e9trempe sur toile, ils pr\u00e9sentent une riche polychromie sur leur face principale et une grisaille soign\u00e9e sur leur revers. Le buffet d\u2019orgue est class\u00e9 au titre des monuments historiques depuis 1899, les volets en 1964. Le buffet gothique L'orgue est situ\u00e9, suivant la tradition ib\u00e9rique, en encorbellement au-dessus de la nef, du c\u00f4t\u00e9 de l'\u00e9vangile. Son buffet est form\u00e9 d'un grand-corps \u00e0 fa\u00e7ade plate organis\u00e9e en douze compartiments orthogonaux d\u00e9cor\u00e9s de claires-voies finement sculpt\u00e9es de motifs flamboyants, suivant des dispositions typiquement catalanes adopt\u00e9es, notamment, pour le ... \u00c0 l\u2019origine, ces peintures \u00e9taient int\u00e9gr\u00e9es au buffet de l\u2019orgue et s\u2019ouvraient ou se refermaient selon le calendrier liturgique. La particularit\u00e9 de ces volets r\u00e9side dans leur double dispositif visuel, renfor\u00e7ant leur valeur spirituelle et artistique. Au XIXe si\u00e8cle, les volets ont \u00e9t\u00e9 d\u00e9mont\u00e9s, d\u00e9plac\u00e9s, puis fix\u00e9s aux murs de la cath\u00e9drale, au-dessus de la porte dite \u00ab de Bethl\u00e9em \u00bb, o\u00f9 leur lecture devenait difficile et leur importance oubli\u00e9e. Cette exposition est une occasion unique de d\u00e9couvrir ou red\u00e9couvrir ces chefs-d\u2019\u0153uvre, de comprendre leur histoire et leur restauration. Les visiteurs pourront admirer la qualit\u00e9 artistique exceptionnelle de ces peintures, leur fonction liturgique originelle et leur dimension monumentale. L\u2019exposition offre \u00e9galement un aper\u00e7u des techniques de restauration utilis\u00e9es pour pr\u00e9server ces tr\u00e9sors patrimoniaux. En participant \u00e0 cet \u00e9v\u00e9nement, le public pourra appr\u00e9cier la richesse du patrimoine culturel de Perpignan et la valeur historique de ces \u0153uvres. L\u2019exposition est accessible au tarif de 8,00 \u20ac. RDV du 24 mars au 31 mai, 21 Rue Mailly, Perpignan.","twitter_image":"https:\/\/www.locansol.fr\/wp-content\/uploads\/2026\/04\/exposition-chef-d-oeuvre-monumental-perpignan-2.webp","twitter_misc":{"Tiempo de lectura":"2 minutos"},"schema":{"@context":"https:\/\/schema.org","@graph":[{"@type":"WebPage","@id":"https:\/\/www.locansol.fr\/evenement\/la-redecouverte-dun-chef-doeuvre-monumental-les-volets-du-grand-orgue-de-la-cathedrale-de-perpignan-31\/","url":"https:\/\/www.locansol.fr\/evenement\/la-redecouverte-dun-chef-doeuvre-monumental-les-volets-du-grand-orgue-de-la-cathedrale-de-perpignan-31\/","name":"\u00ab LA RED\u00c9COUVERTE D\u2019UN CHEF D\u2019\u0152UVRE MONUMENTAL \u00bb : LES VOLETS DU GRAND ORGUE DE LA CATH\u00c9DRALE DE PERPIGNAN","isPartOf":{"@id":"https:\/\/www.locansol.fr\/#website"},"primaryImageOfPage":{"@id":"https:\/\/www.locansol.fr\/evenement\/la-redecouverte-dun-chef-doeuvre-monumental-les-volets-du-grand-orgue-de-la-cathedrale-de-perpignan-31\/#primaryimage"},"image":{"@id":"https:\/\/www.locansol.fr\/evenement\/la-redecouverte-dun-chef-doeuvre-monumental-les-volets-du-grand-orgue-de-la-cathedrale-de-perpignan-31\/#primaryimage"},"thumbnailUrl":"https:\/\/www.locansol.fr\/wp-content\/uploads\/2026\/04\/exposition-chef-d-oeuvre-monumental-perpignan-2.webp","datePublished":"2026-04-25T08:10:03+00:00","dateModified":"2026-04-25T08:10:04+00:00","description":"L\u2019exposition \u00ab La red\u00e9couverte d\u2019un chef-d\u2019\u0153uvre monumental \u00bb : les volets du grand orgue de la cath\u00e9drale de Perpignan se tient \u00e0 Perpignan du 24 mars au 31 mai. Cette exposition met en lumi\u00e8re un vaste chantier de restauration entrepris depuis 2022 sous l\u2019\u00e9gide des services de l\u2019\u00c9tat (Direction r\u00e9gionale des affaires culturelles d\u2019Occitanie). L\u2019objectif est de restituer leur visibilit\u00e9 et leur valeur \u00e0 ces \u0153uvres d\u2019art monumentales. Les volets du grand orgue, peints en 1504, sont parmi les ensembles picturaux les plus spectaculaires de ce type en Europe. Mesurant 12,6 m\u00e8tres de haut sur 4,3 m\u00e8tres de large, soit plus de 83 m\u00b2 chacun, ces panneaux \u00e9taient initialement fix\u00e9s sur le buffet de l\u2019orgue et se d\u00e9ployaient selon le calendrier liturgique. Peints \u00e0 la d\u00e9trempe sur toile, ils pr\u00e9sentent une riche polychromie sur leur face principale et une grisaille soign\u00e9e sur leur revers. Le buffet d\u2019orgue est class\u00e9 au titre des monuments historiques depuis 1899, les volets en 1964. Le buffet gothique L'orgue est situ\u00e9, suivant la tradition ib\u00e9rique, en encorbellement au-dessus de la nef, du c\u00f4t\u00e9 de l'\u00e9vangile. Son buffet est form\u00e9 d'un grand-corps \u00e0 fa\u00e7ade plate organis\u00e9e en douze compartiments orthogonaux d\u00e9cor\u00e9s de claires-voies finement sculpt\u00e9es de motifs flamboyants, suivant des dispositions typiquement catalanes adopt\u00e9es, notamment, pour le ... \u00c0 l\u2019origine, ces peintures \u00e9taient int\u00e9gr\u00e9es au buffet de l\u2019orgue et s\u2019ouvraient ou se refermaient selon le calendrier liturgique. La particularit\u00e9 de ces volets r\u00e9side dans leur double dispositif visuel, renfor\u00e7ant leur valeur spirituelle et artistique. Au XIXe si\u00e8cle, les volets ont \u00e9t\u00e9 d\u00e9mont\u00e9s, d\u00e9plac\u00e9s, puis fix\u00e9s aux murs de la cath\u00e9drale, au-dessus de la porte dite \u00ab de Bethl\u00e9em \u00bb, o\u00f9 leur lecture devenait difficile et leur importance oubli\u00e9e. Cette exposition est une occasion unique de d\u00e9couvrir ou red\u00e9couvrir ces chefs-d\u2019\u0153uvre, de comprendre leur histoire et leur restauration. Les visiteurs pourront admirer la qualit\u00e9 artistique exceptionnelle de ces peintures, leur fonction liturgique originelle et leur dimension monumentale. L\u2019exposition offre \u00e9galement un aper\u00e7u des techniques de restauration utilis\u00e9es pour pr\u00e9server ces tr\u00e9sors patrimoniaux. En participant \u00e0 cet \u00e9v\u00e9nement, le public pourra appr\u00e9cier la richesse du patrimoine culturel de Perpignan et la valeur historique de ces \u0153uvres. L\u2019exposition est accessible au tarif de 8,00 \u20ac. RDV du 24 mars au 31 mai, 21 Rue Mailly, Perpignan.","breadcrumb":{"@id":"https:\/\/www.locansol.fr\/evenement\/la-redecouverte-dun-chef-doeuvre-monumental-les-volets-du-grand-orgue-de-la-cathedrale-de-perpignan-31\/#breadcrumb"},"inLanguage":"es","potentialAction":[{"@type":"ReadAction","target":["https:\/\/www.locansol.fr\/evenement\/la-redecouverte-dun-chef-doeuvre-monumental-les-volets-du-grand-orgue-de-la-cathedrale-de-perpignan-31\/"]}]},{"@type":"ImageObject","inLanguage":"es","@id":"https:\/\/www.locansol.fr\/evenement\/la-redecouverte-dun-chef-doeuvre-monumental-les-volets-du-grand-orgue-de-la-cathedrale-de-perpignan-31\/#primaryimage","url":"https:\/\/www.locansol.fr\/wp-content\/uploads\/2026\/04\/exposition-chef-d-oeuvre-monumental-perpignan-2.webp","contentUrl":"https:\/\/www.locansol.fr\/wp-content\/uploads\/2026\/04\/exposition-chef-d-oeuvre-monumental-perpignan-2.webp","width":1024,"height":605,"caption":"Exposition \u00e0 Perpignan : red\u00e9couvrez un chef-d'\u0153uvre monumental"},{"@type":"BreadcrumbList","@id":"https:\/\/www.locansol.fr\/evenement\/la-redecouverte-dun-chef-doeuvre-monumental-les-volets-du-grand-orgue-de-la-cathedrale-de-perpignan-31\/#breadcrumb","itemListElement":[{"@type":"ListItem","position":1,"name":"Accueil","item":"https:\/\/www.locansol.fr\/"},{"@type":"ListItem","position":2,"name":"\u00c9v\u00e8nements","item":"https:\/\/www.locansol.fr\/evenements\/"},{"@type":"ListItem","position":3,"name":"\u00ab LA RED\u00c9COUVERTE D\u2019UN CHEF D\u2019\u0152UVRE MONUMENTAL \u00bb : LES VOLETS DU GRAND ORGUE DE LA CATH\u00c9DRALE DE PERPIGNAN"}]},{"@type":"WebSite","@id":"https:\/\/www.locansol.fr\/#website","url":"https:\/\/www.locansol.fr\/","name":"Locansol, louer un h\u00e9bergement dans les Pyr\u00e9n\u00e9es-Orientales","description":"Location Mobil-home Mer M\u00e9diterran\u00e9e &amp; Chalet de Montagne dans les Pyr\u00e9n\u00e9es Orientales (Occitanie, 66). Weekend, s\u00e9jour &amp; vacances en famille et entre amis.","publisher":{"@id":"https:\/\/www.locansol.fr\/#organization"},"alternateName":"Louer un h\u00e9bergement dans les Pyr\u00e9n\u00e9es Orientales, chalet & mobil-home en Occitanie","potentialAction":[{"@type":"SearchAction","target":{"@type":"EntryPoint","urlTemplate":"https:\/\/www.locansol.fr\/?s={search_term_string}"},"query-input":{"@type":"PropertyValueSpecification","valueRequired":true,"valueName":"search_term_string"}}],"inLanguage":"es"},{"@type":"Organization","@id":"https:\/\/www.locansol.fr\/#organization","name":"Location MobilHome & chalet dans les Pyr\u00e9n\u00e9es Orientales","alternateName":"Louer un h\u00e9bergement dans les Pyr\u00e9n\u00e9es Orientales en Occitanie","url":"https:\/\/www.locansol.fr\/","logo":{"@type":"ImageObject","inLanguage":"es","@id":"https:\/\/www.locansol.fr\/#\/schema\/logo\/image\/","url":"https:\/\/www.locansol.fr\/wp-content\/uploads\/2024\/04\/AdobeStock_303324767-scaled.jpeg","contentUrl":"https:\/\/www.locansol.fr\/wp-content\/uploads\/2024\/04\/AdobeStock_303324767-scaled.jpeg","width":2560,"height":1707,"caption":"Location MobilHome & chalet dans les Pyr\u00e9n\u00e9es Orientales"},"image":{"@id":"https:\/\/www.locansol.fr\/#\/schema\/logo\/image\/"}}]}},"_links":{"self":[{"href":"https:\/\/www.locansol.fr\/es\/wp-json\/wp\/v2\/tribe_events\/6510","targetHints":{"allow":["GET"]}}],"collection":[{"href":"https:\/\/www.locansol.fr\/es\/wp-json\/wp\/v2\/tribe_events"}],"about":[{"href":"https:\/\/www.locansol.fr\/es\/wp-json\/wp\/v2\/types\/tribe_events"}],"author":[{"embeddable":true,"href":"https:\/\/www.locansol.fr\/es\/wp-json\/wp\/v2\/users\/5"}],"version-history":[{"count":1,"href":"https:\/\/www.locansol.fr\/es\/wp-json\/wp\/v2\/tribe_events\/6510\/revisions"}],"predecessor-version":[{"id":6511,"href":"https:\/\/www.locansol.fr\/es\/wp-json\/wp\/v2\/tribe_events\/6510\/revisions\/6511"}],"wp:featuredmedia":[{"embeddable":true,"href":"https:\/\/www.locansol.fr\/es\/wp-json\/wp\/v2\/media\/6507"}],"wp:attachment":[{"href":"https:\/\/www.locansol.fr\/es\/wp-json\/wp\/v2\/media?parent=6510"}],"wp:term":[{"taxonomy":"post_tag","embeddable":true,"href":"https:\/\/www.locansol.fr\/es\/wp-json\/wp\/v2\/tags?post=6510"},{"taxonomy":"tribe_events_cat","embeddable":true,"href":"https:\/\/www.locansol.fr\/es\/wp-json\/wp\/v2\/tribe_events_cat?post=6510"}],"curies":[{"name":"wp","href":"https:\/\/api.w.org\/{rel}","templated":true}]}}