{"id":6601,"date":"2026-04-26T16:18:38","date_gmt":"2026-04-26T14:18:38","guid":{"rendered":"https:\/\/www.locansol.fr\/evenement\/la-redecouverte-dun-chef-doeuvre-monumental-les-volets-du-grand-orgue-de-la-cathedrale-de-perpignan-40\/"},"modified":"2026-04-26T16:18:40","modified_gmt":"2026-04-26T14:18:40","slug":"la-redecouverte-dun-chef-doeuvre-monumental-les-volets-du-grand-orgue-de-la-cathedrale-de-perpignan-40","status":"publish","type":"tribe_events","link":"https:\/\/www.locansol.fr\/es\/evenement\/la-redecouverte-dun-chef-doeuvre-monumental-les-volets-du-grand-orgue-de-la-cathedrale-de-perpignan-40\/","title":{"rendered":"\u00ab LA RED\u00c9COUVERTE D\u2019UN CHEF D\u2019\u0152UVRE MONUMENTAL \u00bb : LES VOLETS DU GRAND ORGUE DE LA CATH\u00c9DRALE DE PERPIGNAN"},"content":{"rendered":"<p>Du 24 mars au 31 mai, la cath\u00e9drale Saint-Jean-Baptiste de Perpignan pr\u00e9sente une exposition exceptionnelle : \u00ab La Red\u00e9couverte d\u2019un Chef-d\u2019\u0152uvre Monumental \u00bb : Les Volets du Grand Orgue de la Cath\u00e9drale de Perpignan. Cet \u00e9v\u00e9nement permet de red\u00e9couvrir les volets du grand orgue de la cath\u00e9drale, peints en 1504, qui comptent parmi les ensembles picturaux les plus spectaculaires de ce type en Europe.<\/p>\n<p>L\u2019exposition met en lumi\u00e8re un vaste chantier de restauration entrepris depuis 2022 par la Direction r\u00e9gionale des affaires culturelles d\u2019Occitanie. Cette op\u00e9ration, \u00e0 la fois technique, patrimoniale et scientifique, a permis de mieux comprendre la mise en \u0153uvre et l\u2019histoire mat\u00e9rielle de ces peintures g\u00e9antes. Les deux ch\u00e2ssis, mesurant 12,6 m\u00e8tres de haut sur 4,3 m\u00e8tres de large, soit plus de 83 m\u00b2 chacun, sont probablement sans \u00e9quivalent dans le monde occidental. Initialement fix\u00e9s sur le buffet de l\u2019orgue, les volets se d\u00e9ployaient selon le rythme du calendrier liturgique, orchestrant un dialogue entre musique, architecture et image sacr\u00e9e. Peints \u00e0 la d\u00e9trempe sur toile, les panneaux pr\u00e9sentent, sur leur face principale, une riche polychromie, et sur leur revers une grisaille de facture soign\u00e9e. Ce double dispositif visuel renforce leur valeur spirituelle autant qu\u2019artistique.<\/p>\n<p>Au XIXe si\u00e8cle, les volets sont d\u00e9mont\u00e9s, d\u00e9plac\u00e9s, puis fix\u00e9s aux murs de la cath\u00e9drale, au-dessus de la porte dite \u00ab de Bethl\u00e9em \u00bb, o\u00f9 leur lecture devient difficile, et leur importance, peu \u00e0 peu, oubli\u00e9e. L\u2019exposition au mus\u00e9e Hyacintye Rigaud offre une opportunit\u00e9 rare de red\u00e9couvrir cet ensemble pictural monumental du patrimoine des Pyr\u00e9n\u00e9es-Orientales, longtemps rest\u00e9 inaccessible au regard du public.<\/p>\n<p>L\u2019exposition est un \u00e9v\u00e9nement \u00e0 ne pas manquer pour plusieurs raisons. Tout d\u2019abord, elle permet de d\u00e9couvrir une \u0153uvre d\u2019art monumentale, rarement visible dans son int\u00e9gralit\u00e9. Ensuite, elle offre un aper\u00e7u fascinant des techniques de restauration et de conservation du patrimoine. Enfin, elle permet de mieux comprendre l\u2019histoire et la signification de ces volets, qui sont non seulement des \u0153uvres d\u2019art, mais aussi des t\u00e9moignages pr\u00e9cieux de l\u2019histoire religieuse et culturelle de Perpignan.<\/p>\n<p>L\u2019\u00e9v\u00e9nement se tient \u00e0 la cath\u00e9drale Saint-Jean-Baptiste de Perpignan, situ\u00e9e au 21 Rue Mailly. Le tarif plein est de 8,00 \u20ac. Cet \u00e9v\u00e9nement culturel et patrimonial est une occasion unique de d\u00e9couvrir un tr\u00e9sor artistique et historique, tout en profitant de l\u2019ambiance unique de la cath\u00e9drale.<\/p>\n<p><\/p>\n<h3>R\u00e9servez votre h\u00e9bergement dans les Pyr\u00e9n\u00e9es-Orientales :<\/h3>\n<p><b><a href='https:\/\/www.locansol.fr\/es\/alquiler-mobil-home-mediterraneo\/'>Mobil-home Locansol \u00e0 Argel\u00e8s-sur-Mer<\/a><\/b><br \/>Trajet le plus court : 26 km<br \/>Trajet le plus rapide : 31 min<\/p>\n<p><b><a href='https:\/\/www.locansol.fr\/es\/alquiler-chalet-cerdana\/'>Chalet Locansol \u00e0 Estavar<\/a><\/b><br \/>Trajet le plus court : 104 km<br \/>Trajet le plus rapide : 1 h 40 min<\/p>","protected":false},"excerpt":{"rendered":"<p>Du 24 mars au 31 mai, la cath\u00e9drale Saint-Jean-Baptiste de Perpignan pr\u00e9sente une exposition exceptionnelle : \u00ab La Red\u00e9couverte d\u2019un Chef-d\u2019\u0152uvre Monumental \u00bb : Les Volets du Grand Orgue de [&hellip;]<\/p>","protected":false},"author":5,"featured_media":6598,"template":"","meta":{"_yoast_wpseo_focuskw":"\u00ab LA RED\u00c9COUVERTE D\u2019UN CHEF D\u2019\u0152UVRE MONUMENTAL \u00bb : LES VOLETS DU GRAND ORGUE DE LA CATH\u00c9DRALE DE PERPIGNAN","_yoast_wpseo_title":"\u00ab LA RED\u00c9COUVERTE D\u2019UN CHEF D\u2019\u0152UVRE MONUMENTAL \u00bb : LES VOLETS DU GRAND ORGUE DE LA CATH\u00c9DRALE DE PERPIGNAN","_yoast_wpseo_metadesc":"Du 24 mars au 31 mai, la cath\u00e9drale Saint-Jean-Baptiste de Perpignan pr\u00e9sente une exposition exceptionnelle : \u00ab La Red\u00e9couverte d\u2019un Chef-d\u2019\u0152uvre Monumental \u00bb : Les Volets du Grand Orgue de la Cath\u00e9drale de Perpignan. Cet \u00e9v\u00e9nement permet de red\u00e9couvrir les volets du grand orgue de la cath\u00e9drale, peints en 1504, qui comptent parmi les ensembles picturaux les plus spectaculaires de ce type en Europe.L\u2019exposition met en lumi\u00e8re un vaste chantier de restauration entrepris depuis 2022 par la Direction r\u00e9gionale des affaires culturelles d\u2019Occitanie. Cette op\u00e9ration, \u00e0 la fois technique, patrimoniale et scientifique, a permis de mieux comprendre la mise en \u0153uvre et l\u2019histoire mat\u00e9rielle de ces peintures g\u00e9antes. Les deux ch\u00e2ssis, mesurant 12,6 m\u00e8tres de haut sur 4,3 m\u00e8tres de large, soit plus de 83 m\u00b2 chacun, sont probablement sans \u00e9quivalent dans le monde occidental. Initialement fix\u00e9s sur le buffet de l\u2019orgue, les volets se d\u00e9ployaient selon le rythme du calendrier liturgique, orchestrant un dialogue entre musique, architecture et image sacr\u00e9e. Peints \u00e0 la d\u00e9trempe sur toile, les panneaux pr\u00e9sentent, sur leur face principale, une riche polychromie, et sur leur revers une grisaille de facture soign\u00e9e. Ce double dispositif visuel renforce leur valeur spirituelle autant qu\u2019artistique.Au XIXe si\u00e8cle, les volets sont d\u00e9mont\u00e9s, d\u00e9plac\u00e9s, puis fix\u00e9s aux murs de la cath\u00e9drale, au-dessus de la porte dite \u00ab de Bethl\u00e9em \u00bb, o\u00f9 leur lecture devient difficile, et leur importance, peu \u00e0 peu, oubli\u00e9e. L\u2019exposition au mus\u00e9e Hyacintye Rigaud offre une opportunit\u00e9 rare de red\u00e9couvrir cet ensemble pictural monumental du patrimoine des Pyr\u00e9n\u00e9es-Orientales, longtemps rest\u00e9 inaccessible au regard du public.L\u2019exposition est un \u00e9v\u00e9nement \u00e0 ne pas manquer pour plusieurs raisons. Tout d\u2019abord, elle permet de d\u00e9couvrir une \u0153uvre d\u2019art monumentale, rarement visible dans son int\u00e9gralit\u00e9. Ensuite, elle offre un aper\u00e7u fascinant des techniques de restauration et de conservation du patrimoine. Enfin, elle permet de mieux comprendre l\u2019histoire et la signification de ces volets, qui sont non seulement des \u0153uvres d\u2019art, mais aussi des t\u00e9moignages pr\u00e9cieux de l\u2019histoire religieuse et culturelle de Perpignan.L\u2019\u00e9v\u00e9nement se tient \u00e0 la cath\u00e9drale Saint-Jean-Baptiste de Perpignan, situ\u00e9e au 21 Rue Mailly. Le tarif plein est de 8,00 \u20ac. Cet \u00e9v\u00e9nement culturel et patrimonial est une occasion unique de d\u00e9couvrir un tr\u00e9sor artistique et historique, tout en profitant de l\u2019ambiance unique de la cath\u00e9drale.","_yoast_wpseo_canonical":"","_yoast_wpseo_opengraph-title":"\u00ab LA RED\u00c9COUVERTE D\u2019UN CHEF D\u2019\u0152UVRE MONUMENTAL \u00bb : LES VOLETS DU GRAND ORGUE DE LA CATH\u00c9DRALE DE PERPIGNAN","_yoast_wpseo_opengraph-description":"Du 24 mars au 31 mai, la cath\u00e9drale Saint-Jean-Baptiste de Perpignan pr\u00e9sente une exposition exceptionnelle : \u00ab La Red\u00e9couverte d\u2019un Chef-d\u2019\u0152uvre Monumental \u00bb : Les Volets du Grand Orgue de la Cath\u00e9drale de Perpignan. Cet \u00e9v\u00e9nement permet de red\u00e9couvrir les volets du grand orgue de la cath\u00e9drale, peints en 1504, qui comptent parmi les ensembles picturaux les plus spectaculaires de ce type en Europe.L\u2019exposition met en lumi\u00e8re un vaste chantier de restauration entrepris depuis 2022 par la Direction r\u00e9gionale des affaires culturelles d\u2019Occitanie. Cette op\u00e9ration, \u00e0 la fois technique, patrimoniale et scientifique, a permis de mieux comprendre la mise en \u0153uvre et l\u2019histoire mat\u00e9rielle de ces peintures g\u00e9antes. Les deux ch\u00e2ssis, mesurant 12,6 m\u00e8tres de haut sur 4,3 m\u00e8tres de large, soit plus de 83 m\u00b2 chacun, sont probablement sans \u00e9quivalent dans le monde occidental. Initialement fix\u00e9s sur le buffet de l\u2019orgue, les volets se d\u00e9ployaient selon le rythme du calendrier liturgique, orchestrant un dialogue entre musique, architecture et image sacr\u00e9e. Peints \u00e0 la d\u00e9trempe sur toile, les panneaux pr\u00e9sentent, sur leur face principale, une riche polychromie, et sur leur revers une grisaille de facture soign\u00e9e. Ce double dispositif visuel renforce leur valeur spirituelle autant qu\u2019artistique.Au XIXe si\u00e8cle, les volets sont d\u00e9mont\u00e9s, d\u00e9plac\u00e9s, puis fix\u00e9s aux murs de la cath\u00e9drale, au-dessus de la porte dite \u00ab de Bethl\u00e9em \u00bb, o\u00f9 leur lecture devient difficile, et leur importance, peu \u00e0 peu, oubli\u00e9e. L\u2019exposition au mus\u00e9e Hyacintye Rigaud offre une opportunit\u00e9 rare de red\u00e9couvrir cet ensemble pictural monumental du patrimoine des Pyr\u00e9n\u00e9es-Orientales, longtemps rest\u00e9 inaccessible au regard du public.L\u2019exposition est un \u00e9v\u00e9nement \u00e0 ne pas manquer pour plusieurs raisons. Tout d\u2019abord, elle permet de d\u00e9couvrir une \u0153uvre d\u2019art monumentale, rarement visible dans son int\u00e9gralit\u00e9. Ensuite, elle offre un aper\u00e7u fascinant des techniques de restauration et de conservation du patrimoine. Enfin, elle permet de mieux comprendre l\u2019histoire et la signification de ces volets, qui sont non seulement des \u0153uvres d\u2019art, mais aussi des t\u00e9moignages pr\u00e9cieux de l\u2019histoire religieuse et culturelle de Perpignan.L\u2019\u00e9v\u00e9nement se tient \u00e0 la cath\u00e9drale Saint-Jean-Baptiste de Perpignan, situ\u00e9e au 21 Rue Mailly. Le tarif plein est de 8,00 \u20ac. Cet \u00e9v\u00e9nement culturel et patrimonial est une occasion unique de d\u00e9couvrir un tr\u00e9sor artistique et historique, tout en profitant de l\u2019ambiance unique de la cath\u00e9drale.","_yoast_wpseo_opengraph-image":"https:\/\/www.locansol.fr\/wp-content\/uploads\/2026\/04\/exposition-chef-d-oeuvre-monumental-perpignan-3.webp","_yoast_wpseo_opengraph-image-id":"6598","_yoast_wpseo_twitter-title":"\u00ab LA RED\u00c9COUVERTE D\u2019UN CHEF D\u2019\u0152UVRE MONUMENTAL \u00bb : LES VOLETS DU GRAND ORGUE DE LA CATH\u00c9DRALE DE PERPIGNAN","_yoast_wpseo_twitter-description":"Du 24 mars au 31 mai, la cath\u00e9drale Saint-Jean-Baptiste de Perpignan pr\u00e9sente une exposition exceptionnelle : \u00ab La Red\u00e9couverte d\u2019un Chef-d\u2019\u0152uvre Monumental \u00bb : Les Volets du Grand Orgue de la Cath\u00e9drale de Perpignan. Cet \u00e9v\u00e9nement permet de red\u00e9couvrir les volets du grand orgue de la cath\u00e9drale, peints en 1504, qui comptent parmi les ensembles picturaux les plus spectaculaires de ce type en Europe.L\u2019exposition met en lumi\u00e8re un vaste chantier de restauration entrepris depuis 2022 par la Direction r\u00e9gionale des affaires culturelles d\u2019Occitanie. Cette op\u00e9ration, \u00e0 la fois technique, patrimoniale et scientifique, a permis de mieux comprendre la mise en \u0153uvre et l\u2019histoire mat\u00e9rielle de ces peintures g\u00e9antes. Les deux ch\u00e2ssis, mesurant 12,6 m\u00e8tres de haut sur 4,3 m\u00e8tres de large, soit plus de 83 m\u00b2 chacun, sont probablement sans \u00e9quivalent dans le monde occidental. Initialement fix\u00e9s sur le buffet de l\u2019orgue, les volets se d\u00e9ployaient selon le rythme du calendrier liturgique, orchestrant un dialogue entre musique, architecture et image sacr\u00e9e. Peints \u00e0 la d\u00e9trempe sur toile, les panneaux pr\u00e9sentent, sur leur face principale, une riche polychromie, et sur leur revers une grisaille de facture soign\u00e9e. Ce double dispositif visuel renforce leur valeur spirituelle autant qu\u2019artistique.Au XIXe si\u00e8cle, les volets sont d\u00e9mont\u00e9s, d\u00e9plac\u00e9s, puis fix\u00e9s aux murs de la cath\u00e9drale, au-dessus de la porte dite \u00ab de Bethl\u00e9em \u00bb, o\u00f9 leur lecture devient difficile, et leur importance, peu \u00e0 peu, oubli\u00e9e. L\u2019exposition au mus\u00e9e Hyacintye Rigaud offre une opportunit\u00e9 rare de red\u00e9couvrir cet ensemble pictural monumental du patrimoine des Pyr\u00e9n\u00e9es-Orientales, longtemps rest\u00e9 inaccessible au regard du public.L\u2019exposition est un \u00e9v\u00e9nement \u00e0 ne pas manquer pour plusieurs raisons. Tout d\u2019abord, elle permet de d\u00e9couvrir une \u0153uvre d\u2019art monumentale, rarement visible dans son int\u00e9gralit\u00e9. Ensuite, elle offre un aper\u00e7u fascinant des techniques de restauration et de conservation du patrimoine. Enfin, elle permet de mieux comprendre l\u2019histoire et la signification de ces volets, qui sont non seulement des \u0153uvres d\u2019art, mais aussi des t\u00e9moignages pr\u00e9cieux de l\u2019histoire religieuse et culturelle de Perpignan.L\u2019\u00e9v\u00e9nement se tient \u00e0 la cath\u00e9drale Saint-Jean-Baptiste de Perpignan, situ\u00e9e au 21 Rue Mailly. Le tarif plein est de 8,00 \u20ac. Cet \u00e9v\u00e9nement culturel et patrimonial est une occasion unique de d\u00e9couvrir un tr\u00e9sor artistique et historique, tout en profitant de l\u2019ambiance unique de la cath\u00e9drale.","_yoast_wpseo_twitter-image":"https:\/\/www.locansol.fr\/wp-content\/uploads\/2026\/04\/exposition-chef-d-oeuvre-monumental-perpignan-3.webp","_yoast_wpseo_twitter-image-id":"6598}","yoast_primary_category":"Exposition","_tribe_events_status":"","_tribe_events_status_reason":"","_tribe_events_is_hybrid":"","_tribe_events_is_virtual":"","_tribe_events_virtual_video_source":"","_tribe_events_virtual_embed_video":"","_tribe_events_virtual_linked_button_text":"","_tribe_events_virtual_linked_button":"","_tribe_events_virtual_show_embed_at":"","_tribe_events_virtual_show_embed_to":[],"_tribe_events_virtual_show_on_event":"","_tribe_events_virtual_show_on_views":"","_tribe_events_virtual_url":"","footnotes":""},"tags":[66,76],"tribe_events_cat":[138,90,160,169],"class_list":["post-6601","tribe_events","type-tribe_events","status-publish","has-post-thumbnail","hentry","tag-evenement-culturel","tag-pyrenees-orientales","tribe_events_cat-evenement-culturel","tribe_events_cat-exposition","tribe_events_cat-peinture","tribe_events_cat-pyrenees-orientales","cat_evenement-culturel","cat_exposition","cat_peinture","cat_pyrenees-orientales"],"yoast_head":"<!-- This site is optimized with the Yoast SEO Premium plugin v23.3 (Yoast SEO v26.9) - https:\/\/yoast.com\/product\/yoast-seo-premium-wordpress\/ -->\n<title>\u00ab LA RED\u00c9COUVERTE D\u2019UN CHEF D\u2019\u0152UVRE MONUMENTAL \u00bb : LES VOLETS DU GRAND ORGUE DE LA CATH\u00c9DRALE DE PERPIGNAN<\/title>\n<meta name=\"description\" content=\"Du 24 mars au 31 mai, la cath\u00e9drale Saint-Jean-Baptiste de Perpignan pr\u00e9sente une exposition exceptionnelle : \u00ab La Red\u00e9couverte d\u2019un Chef-d\u2019\u0152uvre Monumental \u00bb : Les Volets du Grand Orgue de la Cath\u00e9drale de Perpignan. Cet \u00e9v\u00e9nement permet de red\u00e9couvrir les volets du grand orgue de la cath\u00e9drale, peints en 1504, qui comptent parmi les ensembles picturaux les plus spectaculaires de ce type en Europe.L\u2019exposition met en lumi\u00e8re un vaste chantier de restauration entrepris depuis 2022 par la Direction r\u00e9gionale des affaires culturelles d\u2019Occitanie. Cette op\u00e9ration, \u00e0 la fois technique, patrimoniale et scientifique, a permis de mieux comprendre la mise en \u0153uvre et l\u2019histoire mat\u00e9rielle de ces peintures g\u00e9antes. Les deux ch\u00e2ssis, mesurant 12,6 m\u00e8tres de haut sur 4,3 m\u00e8tres de large, soit plus de 83 m\u00b2 chacun, sont probablement sans \u00e9quivalent dans le monde occidental. Initialement fix\u00e9s sur le buffet de l\u2019orgue, les volets se d\u00e9ployaient selon le rythme du calendrier liturgique, orchestrant un dialogue entre musique, architecture et image sacr\u00e9e. Peints \u00e0 la d\u00e9trempe sur toile, les panneaux pr\u00e9sentent, sur leur face principale, une riche polychromie, et sur leur revers une grisaille de facture soign\u00e9e. Ce double dispositif visuel renforce leur valeur spirituelle autant qu\u2019artistique.Au XIXe si\u00e8cle, les volets sont d\u00e9mont\u00e9s, d\u00e9plac\u00e9s, puis fix\u00e9s aux murs de la cath\u00e9drale, au-dessus de la porte dite \u00ab de Bethl\u00e9em \u00bb, o\u00f9 leur lecture devient difficile, et leur importance, peu \u00e0 peu, oubli\u00e9e. L\u2019exposition au mus\u00e9e Hyacintye Rigaud offre une opportunit\u00e9 rare de red\u00e9couvrir cet ensemble pictural monumental du patrimoine des Pyr\u00e9n\u00e9es-Orientales, longtemps rest\u00e9 inaccessible au regard du public.L\u2019exposition est un \u00e9v\u00e9nement \u00e0 ne pas manquer pour plusieurs raisons. Tout d\u2019abord, elle permet de d\u00e9couvrir une \u0153uvre d\u2019art monumentale, rarement visible dans son int\u00e9gralit\u00e9. Ensuite, elle offre un aper\u00e7u fascinant des techniques de restauration et de conservation du patrimoine. Enfin, elle permet de mieux comprendre l\u2019histoire et la signification de ces volets, qui sont non seulement des \u0153uvres d\u2019art, mais aussi des t\u00e9moignages pr\u00e9cieux de l\u2019histoire religieuse et culturelle de Perpignan.L\u2019\u00e9v\u00e9nement se tient \u00e0 la cath\u00e9drale Saint-Jean-Baptiste de Perpignan, situ\u00e9e au 21 Rue Mailly. Le tarif plein est de 8,00 \u20ac. Cet \u00e9v\u00e9nement culturel et patrimonial est une occasion unique de d\u00e9couvrir un tr\u00e9sor artistique et historique, tout en profitant de l\u2019ambiance unique de la cath\u00e9drale.\" \/>\n<meta name=\"robots\" content=\"index, follow, max-snippet:-1, max-image-preview:large, max-video-preview:-1\" \/>\n<link rel=\"canonical\" href=\"https:\/\/www.locansol.fr\/es\/evenement\/la-redecouverte-dun-chef-doeuvre-monumental-les-volets-du-grand-orgue-de-la-cathedrale-de-perpignan-40\/\" \/>\n<meta property=\"og:locale\" content=\"es_ES\" \/>\n<meta property=\"og:type\" content=\"article\" \/>\n<meta property=\"og:title\" content=\"\u00ab LA RED\u00c9COUVERTE D\u2019UN CHEF D\u2019\u0152UVRE MONUMENTAL \u00bb : LES VOLETS DU GRAND ORGUE DE LA CATH\u00c9DRALE DE PERPIGNAN\" \/>\n<meta property=\"og:description\" content=\"Du 24 mars au 31 mai, la cath\u00e9drale Saint-Jean-Baptiste de Perpignan pr\u00e9sente une exposition exceptionnelle : \u00ab La Red\u00e9couverte d\u2019un Chef-d\u2019\u0152uvre Monumental \u00bb : Les Volets du Grand Orgue de la Cath\u00e9drale de Perpignan. Cet \u00e9v\u00e9nement permet de red\u00e9couvrir les volets du grand orgue de la cath\u00e9drale, peints en 1504, qui comptent parmi les ensembles picturaux les plus spectaculaires de ce type en Europe.L\u2019exposition met en lumi\u00e8re un vaste chantier de restauration entrepris depuis 2022 par la Direction r\u00e9gionale des affaires culturelles d\u2019Occitanie. Cette op\u00e9ration, \u00e0 la fois technique, patrimoniale et scientifique, a permis de mieux comprendre la mise en \u0153uvre et l\u2019histoire mat\u00e9rielle de ces peintures g\u00e9antes. Les deux ch\u00e2ssis, mesurant 12,6 m\u00e8tres de haut sur 4,3 m\u00e8tres de large, soit plus de 83 m\u00b2 chacun, sont probablement sans \u00e9quivalent dans le monde occidental. Initialement fix\u00e9s sur le buffet de l\u2019orgue, les volets se d\u00e9ployaient selon le rythme du calendrier liturgique, orchestrant un dialogue entre musique, architecture et image sacr\u00e9e. Peints \u00e0 la d\u00e9trempe sur toile, les panneaux pr\u00e9sentent, sur leur face principale, une riche polychromie, et sur leur revers une grisaille de facture soign\u00e9e. Ce double dispositif visuel renforce leur valeur spirituelle autant qu\u2019artistique.Au XIXe si\u00e8cle, les volets sont d\u00e9mont\u00e9s, d\u00e9plac\u00e9s, puis fix\u00e9s aux murs de la cath\u00e9drale, au-dessus de la porte dite \u00ab de Bethl\u00e9em \u00bb, o\u00f9 leur lecture devient difficile, et leur importance, peu \u00e0 peu, oubli\u00e9e. L\u2019exposition au mus\u00e9e Hyacintye Rigaud offre une opportunit\u00e9 rare de red\u00e9couvrir cet ensemble pictural monumental du patrimoine des Pyr\u00e9n\u00e9es-Orientales, longtemps rest\u00e9 inaccessible au regard du public.L\u2019exposition est un \u00e9v\u00e9nement \u00e0 ne pas manquer pour plusieurs raisons. Tout d\u2019abord, elle permet de d\u00e9couvrir une \u0153uvre d\u2019art monumentale, rarement visible dans son int\u00e9gralit\u00e9. Ensuite, elle offre un aper\u00e7u fascinant des techniques de restauration et de conservation du patrimoine. Enfin, elle permet de mieux comprendre l\u2019histoire et la signification de ces volets, qui sont non seulement des \u0153uvres d\u2019art, mais aussi des t\u00e9moignages pr\u00e9cieux de l\u2019histoire religieuse et culturelle de Perpignan.L\u2019\u00e9v\u00e9nement se tient \u00e0 la cath\u00e9drale Saint-Jean-Baptiste de Perpignan, situ\u00e9e au 21 Rue Mailly. Le tarif plein est de 8,00 \u20ac. Cet \u00e9v\u00e9nement culturel et patrimonial est une occasion unique de d\u00e9couvrir un tr\u00e9sor artistique et historique, tout en profitant de l\u2019ambiance unique de la cath\u00e9drale.\" \/>\n<meta property=\"og:url\" content=\"https:\/\/www.locansol.fr\/es\/evenement\/la-redecouverte-dun-chef-doeuvre-monumental-les-volets-du-grand-orgue-de-la-cathedrale-de-perpignan-40\/\" \/>\n<meta property=\"og:site_name\" content=\"Locansol, louer un h\u00e9bergement dans les Pyr\u00e9n\u00e9es Orientales\" \/>\n<meta property=\"article:modified_time\" content=\"2026-04-26T14:18:40+00:00\" \/>\n<meta property=\"og:image\" content=\"https:\/\/www.locansol.fr\/wp-content\/uploads\/2026\/04\/exposition-chef-d-oeuvre-monumental-perpignan-3.webp\" \/>\n\t<meta property=\"og:image:width\" content=\"1024\" \/>\n\t<meta property=\"og:image:height\" content=\"605\" \/>\n\t<meta property=\"og:image:type\" content=\"image\/webp\" \/>\n<meta name=\"twitter:card\" content=\"summary_large_image\" \/>\n<meta name=\"twitter:title\" content=\"\u00ab LA RED\u00c9COUVERTE D\u2019UN CHEF D\u2019\u0152UVRE MONUMENTAL \u00bb : LES VOLETS DU GRAND ORGUE DE LA CATH\u00c9DRALE DE PERPIGNAN\" \/>\n<meta name=\"twitter:description\" content=\"Du 24 mars au 31 mai, la cath\u00e9drale Saint-Jean-Baptiste de Perpignan pr\u00e9sente une exposition exceptionnelle : \u00ab La Red\u00e9couverte d\u2019un Chef-d\u2019\u0152uvre Monumental \u00bb : Les Volets du Grand Orgue de la Cath\u00e9drale de Perpignan. Cet \u00e9v\u00e9nement permet de red\u00e9couvrir les volets du grand orgue de la cath\u00e9drale, peints en 1504, qui comptent parmi les ensembles picturaux les plus spectaculaires de ce type en Europe.L\u2019exposition met en lumi\u00e8re un vaste chantier de restauration entrepris depuis 2022 par la Direction r\u00e9gionale des affaires culturelles d\u2019Occitanie. Cette op\u00e9ration, \u00e0 la fois technique, patrimoniale et scientifique, a permis de mieux comprendre la mise en \u0153uvre et l\u2019histoire mat\u00e9rielle de ces peintures g\u00e9antes. Les deux ch\u00e2ssis, mesurant 12,6 m\u00e8tres de haut sur 4,3 m\u00e8tres de large, soit plus de 83 m\u00b2 chacun, sont probablement sans \u00e9quivalent dans le monde occidental. Initialement fix\u00e9s sur le buffet de l\u2019orgue, les volets se d\u00e9ployaient selon le rythme du calendrier liturgique, orchestrant un dialogue entre musique, architecture et image sacr\u00e9e. Peints \u00e0 la d\u00e9trempe sur toile, les panneaux pr\u00e9sentent, sur leur face principale, une riche polychromie, et sur leur revers une grisaille de facture soign\u00e9e. Ce double dispositif visuel renforce leur valeur spirituelle autant qu\u2019artistique.Au XIXe si\u00e8cle, les volets sont d\u00e9mont\u00e9s, d\u00e9plac\u00e9s, puis fix\u00e9s aux murs de la cath\u00e9drale, au-dessus de la porte dite \u00ab de Bethl\u00e9em \u00bb, o\u00f9 leur lecture devient difficile, et leur importance, peu \u00e0 peu, oubli\u00e9e. L\u2019exposition au mus\u00e9e Hyacintye Rigaud offre une opportunit\u00e9 rare de red\u00e9couvrir cet ensemble pictural monumental du patrimoine des Pyr\u00e9n\u00e9es-Orientales, longtemps rest\u00e9 inaccessible au regard du public.L\u2019exposition est un \u00e9v\u00e9nement \u00e0 ne pas manquer pour plusieurs raisons. Tout d\u2019abord, elle permet de d\u00e9couvrir une \u0153uvre d\u2019art monumentale, rarement visible dans son int\u00e9gralit\u00e9. Ensuite, elle offre un aper\u00e7u fascinant des techniques de restauration et de conservation du patrimoine. Enfin, elle permet de mieux comprendre l\u2019histoire et la signification de ces volets, qui sont non seulement des \u0153uvres d\u2019art, mais aussi des t\u00e9moignages pr\u00e9cieux de l\u2019histoire religieuse et culturelle de Perpignan.L\u2019\u00e9v\u00e9nement se tient \u00e0 la cath\u00e9drale Saint-Jean-Baptiste de Perpignan, situ\u00e9e au 21 Rue Mailly. Le tarif plein est de 8,00 \u20ac. Cet \u00e9v\u00e9nement culturel et patrimonial est une occasion unique de d\u00e9couvrir un tr\u00e9sor artistique et historique, tout en profitant de l\u2019ambiance unique de la cath\u00e9drale.\" \/>\n<meta name=\"twitter:image\" content=\"https:\/\/www.locansol.fr\/wp-content\/uploads\/2026\/04\/exposition-chef-d-oeuvre-monumental-perpignan-3.webp\" \/>\n<meta name=\"twitter:label1\" content=\"Tiempo de lectura\" \/>\n\t<meta name=\"twitter:data1\" content=\"2 minutos\" \/>\n<script type=\"application\/ld+json\" class=\"yoast-schema-graph\">{\"@context\":\"https:\/\/schema.org\",\"@graph\":[{\"@type\":\"WebPage\",\"@id\":\"https:\/\/www.locansol.fr\/evenement\/la-redecouverte-dun-chef-doeuvre-monumental-les-volets-du-grand-orgue-de-la-cathedrale-de-perpignan-40\/\",\"url\":\"https:\/\/www.locansol.fr\/evenement\/la-redecouverte-dun-chef-doeuvre-monumental-les-volets-du-grand-orgue-de-la-cathedrale-de-perpignan-40\/\",\"name\":\"\u00ab LA RED\u00c9COUVERTE D\u2019UN CHEF D\u2019\u0152UVRE MONUMENTAL \u00bb : LES VOLETS DU GRAND ORGUE DE LA CATH\u00c9DRALE DE PERPIGNAN\",\"isPartOf\":{\"@id\":\"https:\/\/www.locansol.fr\/#website\"},\"primaryImageOfPage\":{\"@id\":\"https:\/\/www.locansol.fr\/evenement\/la-redecouverte-dun-chef-doeuvre-monumental-les-volets-du-grand-orgue-de-la-cathedrale-de-perpignan-40\/#primaryimage\"},\"image\":{\"@id\":\"https:\/\/www.locansol.fr\/evenement\/la-redecouverte-dun-chef-doeuvre-monumental-les-volets-du-grand-orgue-de-la-cathedrale-de-perpignan-40\/#primaryimage\"},\"thumbnailUrl\":\"https:\/\/www.locansol.fr\/wp-content\/uploads\/2026\/04\/exposition-chef-d-oeuvre-monumental-perpignan-3.webp\",\"datePublished\":\"2026-04-26T14:18:38+00:00\",\"dateModified\":\"2026-04-26T14:18:40+00:00\",\"description\":\"Du 24 mars au 31 mai, la cath\u00e9drale Saint-Jean-Baptiste de Perpignan pr\u00e9sente une exposition exceptionnelle : \u00ab La Red\u00e9couverte d\u2019un Chef-d\u2019\u0152uvre Monumental \u00bb : Les Volets du Grand Orgue de la Cath\u00e9drale de Perpignan. Cet \u00e9v\u00e9nement permet de red\u00e9couvrir les volets du grand orgue de la cath\u00e9drale, peints en 1504, qui comptent parmi les ensembles picturaux les plus spectaculaires de ce type en Europe.L\u2019exposition met en lumi\u00e8re un vaste chantier de restauration entrepris depuis 2022 par la Direction r\u00e9gionale des affaires culturelles d\u2019Occitanie. Cette op\u00e9ration, \u00e0 la fois technique, patrimoniale et scientifique, a permis de mieux comprendre la mise en \u0153uvre et l\u2019histoire mat\u00e9rielle de ces peintures g\u00e9antes. Les deux ch\u00e2ssis, mesurant 12,6 m\u00e8tres de haut sur 4,3 m\u00e8tres de large, soit plus de 83 m\u00b2 chacun, sont probablement sans \u00e9quivalent dans le monde occidental. Initialement fix\u00e9s sur le buffet de l\u2019orgue, les volets se d\u00e9ployaient selon le rythme du calendrier liturgique, orchestrant un dialogue entre musique, architecture et image sacr\u00e9e. Peints \u00e0 la d\u00e9trempe sur toile, les panneaux pr\u00e9sentent, sur leur face principale, une riche polychromie, et sur leur revers une grisaille de facture soign\u00e9e. Ce double dispositif visuel renforce leur valeur spirituelle autant qu\u2019artistique.Au XIXe si\u00e8cle, les volets sont d\u00e9mont\u00e9s, d\u00e9plac\u00e9s, puis fix\u00e9s aux murs de la cath\u00e9drale, au-dessus de la porte dite \u00ab de Bethl\u00e9em \u00bb, o\u00f9 leur lecture devient difficile, et leur importance, peu \u00e0 peu, oubli\u00e9e. L\u2019exposition au mus\u00e9e Hyacintye Rigaud offre une opportunit\u00e9 rare de red\u00e9couvrir cet ensemble pictural monumental du patrimoine des Pyr\u00e9n\u00e9es-Orientales, longtemps rest\u00e9 inaccessible au regard du public.L\u2019exposition est un \u00e9v\u00e9nement \u00e0 ne pas manquer pour plusieurs raisons. Tout d\u2019abord, elle permet de d\u00e9couvrir une \u0153uvre d\u2019art monumentale, rarement visible dans son int\u00e9gralit\u00e9. Ensuite, elle offre un aper\u00e7u fascinant des techniques de restauration et de conservation du patrimoine. Enfin, elle permet de mieux comprendre l\u2019histoire et la signification de ces volets, qui sont non seulement des \u0153uvres d\u2019art, mais aussi des t\u00e9moignages pr\u00e9cieux de l\u2019histoire religieuse et culturelle de Perpignan.L\u2019\u00e9v\u00e9nement se tient \u00e0 la cath\u00e9drale Saint-Jean-Baptiste de Perpignan, situ\u00e9e au 21 Rue Mailly. Le tarif plein est de 8,00 \u20ac. Cet \u00e9v\u00e9nement culturel et patrimonial est une occasion unique de d\u00e9couvrir un tr\u00e9sor artistique et historique, tout en profitant de l\u2019ambiance unique de la cath\u00e9drale.\",\"breadcrumb\":{\"@id\":\"https:\/\/www.locansol.fr\/evenement\/la-redecouverte-dun-chef-doeuvre-monumental-les-volets-du-grand-orgue-de-la-cathedrale-de-perpignan-40\/#breadcrumb\"},\"inLanguage\":\"es\",\"potentialAction\":[{\"@type\":\"ReadAction\",\"target\":[\"https:\/\/www.locansol.fr\/evenement\/la-redecouverte-dun-chef-doeuvre-monumental-les-volets-du-grand-orgue-de-la-cathedrale-de-perpignan-40\/\"]}]},{\"@type\":\"ImageObject\",\"inLanguage\":\"es\",\"@id\":\"https:\/\/www.locansol.fr\/evenement\/la-redecouverte-dun-chef-doeuvre-monumental-les-volets-du-grand-orgue-de-la-cathedrale-de-perpignan-40\/#primaryimage\",\"url\":\"https:\/\/www.locansol.fr\/wp-content\/uploads\/2026\/04\/exposition-chef-d-oeuvre-monumental-perpignan-3.webp\",\"contentUrl\":\"https:\/\/www.locansol.fr\/wp-content\/uploads\/2026\/04\/exposition-chef-d-oeuvre-monumental-perpignan-3.webp\",\"width\":1024,\"height\":605,\"caption\":\"La Red\u00e9couverte d\u2019un Chef-d\u2019\u0152uvre Monumental Perpignan\"},{\"@type\":\"BreadcrumbList\",\"@id\":\"https:\/\/www.locansol.fr\/evenement\/la-redecouverte-dun-chef-doeuvre-monumental-les-volets-du-grand-orgue-de-la-cathedrale-de-perpignan-40\/#breadcrumb\",\"itemListElement\":[{\"@type\":\"ListItem\",\"position\":1,\"name\":\"Accueil\",\"item\":\"https:\/\/www.locansol.fr\/\"},{\"@type\":\"ListItem\",\"position\":2,\"name\":\"\u00c9v\u00e8nements\",\"item\":\"https:\/\/www.locansol.fr\/evenements\/\"},{\"@type\":\"ListItem\",\"position\":3,\"name\":\"\u00ab LA RED\u00c9COUVERTE D\u2019UN CHEF D\u2019\u0152UVRE MONUMENTAL \u00bb : LES VOLETS DU GRAND ORGUE DE LA CATH\u00c9DRALE DE PERPIGNAN\"}]},{\"@type\":\"WebSite\",\"@id\":\"https:\/\/www.locansol.fr\/#website\",\"url\":\"https:\/\/www.locansol.fr\/\",\"name\":\"Locansol, louer un h\u00e9bergement dans les Pyr\u00e9n\u00e9es-Orientales\",\"description\":\"Location Mobil-home Mer M\u00e9diterran\u00e9e &amp; Chalet de Montagne dans les Pyr\u00e9n\u00e9es Orientales (Occitanie, 66). Weekend, s\u00e9jour &amp; vacances en famille et entre amis.\",\"publisher\":{\"@id\":\"https:\/\/www.locansol.fr\/#organization\"},\"alternateName\":\"Louer un h\u00e9bergement dans les Pyr\u00e9n\u00e9es Orientales, chalet & mobil-home en Occitanie\",\"potentialAction\":[{\"@type\":\"SearchAction\",\"target\":{\"@type\":\"EntryPoint\",\"urlTemplate\":\"https:\/\/www.locansol.fr\/?s={search_term_string}\"},\"query-input\":{\"@type\":\"PropertyValueSpecification\",\"valueRequired\":true,\"valueName\":\"search_term_string\"}}],\"inLanguage\":\"es\"},{\"@type\":\"Organization\",\"@id\":\"https:\/\/www.locansol.fr\/#organization\",\"name\":\"Location MobilHome & chalet dans les Pyr\u00e9n\u00e9es Orientales\",\"alternateName\":\"Louer un h\u00e9bergement dans les Pyr\u00e9n\u00e9es Orientales en Occitanie\",\"url\":\"https:\/\/www.locansol.fr\/\",\"logo\":{\"@type\":\"ImageObject\",\"inLanguage\":\"es\",\"@id\":\"https:\/\/www.locansol.fr\/#\/schema\/logo\/image\/\",\"url\":\"https:\/\/www.locansol.fr\/wp-content\/uploads\/2024\/04\/AdobeStock_303324767-scaled.jpeg\",\"contentUrl\":\"https:\/\/www.locansol.fr\/wp-content\/uploads\/2024\/04\/AdobeStock_303324767-scaled.jpeg\",\"width\":2560,\"height\":1707,\"caption\":\"Location MobilHome & chalet dans les Pyr\u00e9n\u00e9es Orientales\"},\"image\":{\"@id\":\"https:\/\/www.locansol.fr\/#\/schema\/logo\/image\/\"}}]}<\/script>\n<!-- \/ Yoast SEO Premium plugin. -->","yoast_head_json":{"title":"\u00ab LA RED\u00c9COUVERTE D\u2019UN CHEF D\u2019\u0152UVRE MONUMENTAL \u00bb : LES VOLETS DU GRAND ORGUE DE LA CATH\u00c9DRALE DE PERPIGNAN","description":"Du 24 mars au 31 mai, la cath\u00e9drale Saint-Jean-Baptiste de Perpignan pr\u00e9sente une exposition exceptionnelle : \u00ab La Red\u00e9couverte d\u2019un Chef-d\u2019\u0152uvre Monumental \u00bb : Les Volets du Grand Orgue de la Cath\u00e9drale de Perpignan. Cet \u00e9v\u00e9nement permet de red\u00e9couvrir les volets du grand orgue de la cath\u00e9drale, peints en 1504, qui comptent parmi les ensembles picturaux les plus spectaculaires de ce type en Europe.L\u2019exposition met en lumi\u00e8re un vaste chantier de restauration entrepris depuis 2022 par la Direction r\u00e9gionale des affaires culturelles d\u2019Occitanie. Cette op\u00e9ration, \u00e0 la fois technique, patrimoniale et scientifique, a permis de mieux comprendre la mise en \u0153uvre et l\u2019histoire mat\u00e9rielle de ces peintures g\u00e9antes. Les deux ch\u00e2ssis, mesurant 12,6 m\u00e8tres de haut sur 4,3 m\u00e8tres de large, soit plus de 83 m\u00b2 chacun, sont probablement sans \u00e9quivalent dans le monde occidental. Initialement fix\u00e9s sur le buffet de l\u2019orgue, les volets se d\u00e9ployaient selon le rythme du calendrier liturgique, orchestrant un dialogue entre musique, architecture et image sacr\u00e9e. Peints \u00e0 la d\u00e9trempe sur toile, les panneaux pr\u00e9sentent, sur leur face principale, une riche polychromie, et sur leur revers une grisaille de facture soign\u00e9e. Ce double dispositif visuel renforce leur valeur spirituelle autant qu\u2019artistique.Au XIXe si\u00e8cle, les volets sont d\u00e9mont\u00e9s, d\u00e9plac\u00e9s, puis fix\u00e9s aux murs de la cath\u00e9drale, au-dessus de la porte dite \u00ab de Bethl\u00e9em \u00bb, o\u00f9 leur lecture devient difficile, et leur importance, peu \u00e0 peu, oubli\u00e9e. L\u2019exposition au mus\u00e9e Hyacintye Rigaud offre une opportunit\u00e9 rare de red\u00e9couvrir cet ensemble pictural monumental du patrimoine des Pyr\u00e9n\u00e9es-Orientales, longtemps rest\u00e9 inaccessible au regard du public.L\u2019exposition est un \u00e9v\u00e9nement \u00e0 ne pas manquer pour plusieurs raisons. Tout d\u2019abord, elle permet de d\u00e9couvrir une \u0153uvre d\u2019art monumentale, rarement visible dans son int\u00e9gralit\u00e9. Ensuite, elle offre un aper\u00e7u fascinant des techniques de restauration et de conservation du patrimoine. Enfin, elle permet de mieux comprendre l\u2019histoire et la signification de ces volets, qui sont non seulement des \u0153uvres d\u2019art, mais aussi des t\u00e9moignages pr\u00e9cieux de l\u2019histoire religieuse et culturelle de Perpignan.L\u2019\u00e9v\u00e9nement se tient \u00e0 la cath\u00e9drale Saint-Jean-Baptiste de Perpignan, situ\u00e9e au 21 Rue Mailly. Le tarif plein est de 8,00 \u20ac. Cet \u00e9v\u00e9nement culturel et patrimonial est une occasion unique de d\u00e9couvrir un tr\u00e9sor artistique et historique, tout en profitant de l\u2019ambiance unique de la cath\u00e9drale.","robots":{"index":"index","follow":"follow","max-snippet":"max-snippet:-1","max-image-preview":"max-image-preview:large","max-video-preview":"max-video-preview:-1"},"canonical":"https:\/\/www.locansol.fr\/es\/evenement\/la-redecouverte-dun-chef-doeuvre-monumental-les-volets-du-grand-orgue-de-la-cathedrale-de-perpignan-40\/","og_locale":"es_ES","og_type":"article","og_title":"\u00ab LA RED\u00c9COUVERTE D\u2019UN CHEF D\u2019\u0152UVRE MONUMENTAL \u00bb : LES VOLETS DU GRAND ORGUE DE LA CATH\u00c9DRALE DE PERPIGNAN","og_description":"Du 24 mars au 31 mai, la cath\u00e9drale Saint-Jean-Baptiste de Perpignan pr\u00e9sente une exposition exceptionnelle : \u00ab La Red\u00e9couverte d\u2019un Chef-d\u2019\u0152uvre Monumental \u00bb : Les Volets du Grand Orgue de la Cath\u00e9drale de Perpignan. Cet \u00e9v\u00e9nement permet de red\u00e9couvrir les volets du grand orgue de la cath\u00e9drale, peints en 1504, qui comptent parmi les ensembles picturaux les plus spectaculaires de ce type en Europe.L\u2019exposition met en lumi\u00e8re un vaste chantier de restauration entrepris depuis 2022 par la Direction r\u00e9gionale des affaires culturelles d\u2019Occitanie. Cette op\u00e9ration, \u00e0 la fois technique, patrimoniale et scientifique, a permis de mieux comprendre la mise en \u0153uvre et l\u2019histoire mat\u00e9rielle de ces peintures g\u00e9antes. Les deux ch\u00e2ssis, mesurant 12,6 m\u00e8tres de haut sur 4,3 m\u00e8tres de large, soit plus de 83 m\u00b2 chacun, sont probablement sans \u00e9quivalent dans le monde occidental. Initialement fix\u00e9s sur le buffet de l\u2019orgue, les volets se d\u00e9ployaient selon le rythme du calendrier liturgique, orchestrant un dialogue entre musique, architecture et image sacr\u00e9e. Peints \u00e0 la d\u00e9trempe sur toile, les panneaux pr\u00e9sentent, sur leur face principale, une riche polychromie, et sur leur revers une grisaille de facture soign\u00e9e. Ce double dispositif visuel renforce leur valeur spirituelle autant qu\u2019artistique.Au XIXe si\u00e8cle, les volets sont d\u00e9mont\u00e9s, d\u00e9plac\u00e9s, puis fix\u00e9s aux murs de la cath\u00e9drale, au-dessus de la porte dite \u00ab de Bethl\u00e9em \u00bb, o\u00f9 leur lecture devient difficile, et leur importance, peu \u00e0 peu, oubli\u00e9e. L\u2019exposition au mus\u00e9e Hyacintye Rigaud offre une opportunit\u00e9 rare de red\u00e9couvrir cet ensemble pictural monumental du patrimoine des Pyr\u00e9n\u00e9es-Orientales, longtemps rest\u00e9 inaccessible au regard du public.L\u2019exposition est un \u00e9v\u00e9nement \u00e0 ne pas manquer pour plusieurs raisons. Tout d\u2019abord, elle permet de d\u00e9couvrir une \u0153uvre d\u2019art monumentale, rarement visible dans son int\u00e9gralit\u00e9. Ensuite, elle offre un aper\u00e7u fascinant des techniques de restauration et de conservation du patrimoine. Enfin, elle permet de mieux comprendre l\u2019histoire et la signification de ces volets, qui sont non seulement des \u0153uvres d\u2019art, mais aussi des t\u00e9moignages pr\u00e9cieux de l\u2019histoire religieuse et culturelle de Perpignan.L\u2019\u00e9v\u00e9nement se tient \u00e0 la cath\u00e9drale Saint-Jean-Baptiste de Perpignan, situ\u00e9e au 21 Rue Mailly. Le tarif plein est de 8,00 \u20ac. Cet \u00e9v\u00e9nement culturel et patrimonial est une occasion unique de d\u00e9couvrir un tr\u00e9sor artistique et historique, tout en profitant de l\u2019ambiance unique de la cath\u00e9drale.","og_url":"https:\/\/www.locansol.fr\/es\/evenement\/la-redecouverte-dun-chef-doeuvre-monumental-les-volets-du-grand-orgue-de-la-cathedrale-de-perpignan-40\/","og_site_name":"Locansol, louer un h\u00e9bergement dans les Pyr\u00e9n\u00e9es Orientales","article_modified_time":"2026-04-26T14:18:40+00:00","og_image":[{"width":1024,"height":605,"url":"https:\/\/www.locansol.fr\/wp-content\/uploads\/2026\/04\/exposition-chef-d-oeuvre-monumental-perpignan-3.webp","type":"image\/webp"}],"twitter_card":"summary_large_image","twitter_title":"\u00ab LA RED\u00c9COUVERTE D\u2019UN CHEF D\u2019\u0152UVRE MONUMENTAL \u00bb : LES VOLETS DU GRAND ORGUE DE LA CATH\u00c9DRALE DE PERPIGNAN","twitter_description":"Du 24 mars au 31 mai, la cath\u00e9drale Saint-Jean-Baptiste de Perpignan pr\u00e9sente une exposition exceptionnelle : \u00ab La Red\u00e9couverte d\u2019un Chef-d\u2019\u0152uvre Monumental \u00bb : Les Volets du Grand Orgue de la Cath\u00e9drale de Perpignan. Cet \u00e9v\u00e9nement permet de red\u00e9couvrir les volets du grand orgue de la cath\u00e9drale, peints en 1504, qui comptent parmi les ensembles picturaux les plus spectaculaires de ce type en Europe.L\u2019exposition met en lumi\u00e8re un vaste chantier de restauration entrepris depuis 2022 par la Direction r\u00e9gionale des affaires culturelles d\u2019Occitanie. Cette op\u00e9ration, \u00e0 la fois technique, patrimoniale et scientifique, a permis de mieux comprendre la mise en \u0153uvre et l\u2019histoire mat\u00e9rielle de ces peintures g\u00e9antes. Les deux ch\u00e2ssis, mesurant 12,6 m\u00e8tres de haut sur 4,3 m\u00e8tres de large, soit plus de 83 m\u00b2 chacun, sont probablement sans \u00e9quivalent dans le monde occidental. Initialement fix\u00e9s sur le buffet de l\u2019orgue, les volets se d\u00e9ployaient selon le rythme du calendrier liturgique, orchestrant un dialogue entre musique, architecture et image sacr\u00e9e. Peints \u00e0 la d\u00e9trempe sur toile, les panneaux pr\u00e9sentent, sur leur face principale, une riche polychromie, et sur leur revers une grisaille de facture soign\u00e9e. Ce double dispositif visuel renforce leur valeur spirituelle autant qu\u2019artistique.Au XIXe si\u00e8cle, les volets sont d\u00e9mont\u00e9s, d\u00e9plac\u00e9s, puis fix\u00e9s aux murs de la cath\u00e9drale, au-dessus de la porte dite \u00ab de Bethl\u00e9em \u00bb, o\u00f9 leur lecture devient difficile, et leur importance, peu \u00e0 peu, oubli\u00e9e. L\u2019exposition au mus\u00e9e Hyacintye Rigaud offre une opportunit\u00e9 rare de red\u00e9couvrir cet ensemble pictural monumental du patrimoine des Pyr\u00e9n\u00e9es-Orientales, longtemps rest\u00e9 inaccessible au regard du public.L\u2019exposition est un \u00e9v\u00e9nement \u00e0 ne pas manquer pour plusieurs raisons. Tout d\u2019abord, elle permet de d\u00e9couvrir une \u0153uvre d\u2019art monumentale, rarement visible dans son int\u00e9gralit\u00e9. Ensuite, elle offre un aper\u00e7u fascinant des techniques de restauration et de conservation du patrimoine. Enfin, elle permet de mieux comprendre l\u2019histoire et la signification de ces volets, qui sont non seulement des \u0153uvres d\u2019art, mais aussi des t\u00e9moignages pr\u00e9cieux de l\u2019histoire religieuse et culturelle de Perpignan.L\u2019\u00e9v\u00e9nement se tient \u00e0 la cath\u00e9drale Saint-Jean-Baptiste de Perpignan, situ\u00e9e au 21 Rue Mailly. Le tarif plein est de 8,00 \u20ac. Cet \u00e9v\u00e9nement culturel et patrimonial est une occasion unique de d\u00e9couvrir un tr\u00e9sor artistique et historique, tout en profitant de l\u2019ambiance unique de la cath\u00e9drale.","twitter_image":"https:\/\/www.locansol.fr\/wp-content\/uploads\/2026\/04\/exposition-chef-d-oeuvre-monumental-perpignan-3.webp","twitter_misc":{"Tiempo de lectura":"2 minutos"},"schema":{"@context":"https:\/\/schema.org","@graph":[{"@type":"WebPage","@id":"https:\/\/www.locansol.fr\/evenement\/la-redecouverte-dun-chef-doeuvre-monumental-les-volets-du-grand-orgue-de-la-cathedrale-de-perpignan-40\/","url":"https:\/\/www.locansol.fr\/evenement\/la-redecouverte-dun-chef-doeuvre-monumental-les-volets-du-grand-orgue-de-la-cathedrale-de-perpignan-40\/","name":"\u00ab LA RED\u00c9COUVERTE D\u2019UN CHEF D\u2019\u0152UVRE MONUMENTAL \u00bb : LES VOLETS DU GRAND ORGUE DE LA CATH\u00c9DRALE DE PERPIGNAN","isPartOf":{"@id":"https:\/\/www.locansol.fr\/#website"},"primaryImageOfPage":{"@id":"https:\/\/www.locansol.fr\/evenement\/la-redecouverte-dun-chef-doeuvre-monumental-les-volets-du-grand-orgue-de-la-cathedrale-de-perpignan-40\/#primaryimage"},"image":{"@id":"https:\/\/www.locansol.fr\/evenement\/la-redecouverte-dun-chef-doeuvre-monumental-les-volets-du-grand-orgue-de-la-cathedrale-de-perpignan-40\/#primaryimage"},"thumbnailUrl":"https:\/\/www.locansol.fr\/wp-content\/uploads\/2026\/04\/exposition-chef-d-oeuvre-monumental-perpignan-3.webp","datePublished":"2026-04-26T14:18:38+00:00","dateModified":"2026-04-26T14:18:40+00:00","description":"Du 24 mars au 31 mai, la cath\u00e9drale Saint-Jean-Baptiste de Perpignan pr\u00e9sente une exposition exceptionnelle : \u00ab La Red\u00e9couverte d\u2019un Chef-d\u2019\u0152uvre Monumental \u00bb : Les Volets du Grand Orgue de la Cath\u00e9drale de Perpignan. Cet \u00e9v\u00e9nement permet de red\u00e9couvrir les volets du grand orgue de la cath\u00e9drale, peints en 1504, qui comptent parmi les ensembles picturaux les plus spectaculaires de ce type en Europe.L\u2019exposition met en lumi\u00e8re un vaste chantier de restauration entrepris depuis 2022 par la Direction r\u00e9gionale des affaires culturelles d\u2019Occitanie. Cette op\u00e9ration, \u00e0 la fois technique, patrimoniale et scientifique, a permis de mieux comprendre la mise en \u0153uvre et l\u2019histoire mat\u00e9rielle de ces peintures g\u00e9antes. Les deux ch\u00e2ssis, mesurant 12,6 m\u00e8tres de haut sur 4,3 m\u00e8tres de large, soit plus de 83 m\u00b2 chacun, sont probablement sans \u00e9quivalent dans le monde occidental. Initialement fix\u00e9s sur le buffet de l\u2019orgue, les volets se d\u00e9ployaient selon le rythme du calendrier liturgique, orchestrant un dialogue entre musique, architecture et image sacr\u00e9e. Peints \u00e0 la d\u00e9trempe sur toile, les panneaux pr\u00e9sentent, sur leur face principale, une riche polychromie, et sur leur revers une grisaille de facture soign\u00e9e. Ce double dispositif visuel renforce leur valeur spirituelle autant qu\u2019artistique.Au XIXe si\u00e8cle, les volets sont d\u00e9mont\u00e9s, d\u00e9plac\u00e9s, puis fix\u00e9s aux murs de la cath\u00e9drale, au-dessus de la porte dite \u00ab de Bethl\u00e9em \u00bb, o\u00f9 leur lecture devient difficile, et leur importance, peu \u00e0 peu, oubli\u00e9e. L\u2019exposition au mus\u00e9e Hyacintye Rigaud offre une opportunit\u00e9 rare de red\u00e9couvrir cet ensemble pictural monumental du patrimoine des Pyr\u00e9n\u00e9es-Orientales, longtemps rest\u00e9 inaccessible au regard du public.L\u2019exposition est un \u00e9v\u00e9nement \u00e0 ne pas manquer pour plusieurs raisons. Tout d\u2019abord, elle permet de d\u00e9couvrir une \u0153uvre d\u2019art monumentale, rarement visible dans son int\u00e9gralit\u00e9. Ensuite, elle offre un aper\u00e7u fascinant des techniques de restauration et de conservation du patrimoine. Enfin, elle permet de mieux comprendre l\u2019histoire et la signification de ces volets, qui sont non seulement des \u0153uvres d\u2019art, mais aussi des t\u00e9moignages pr\u00e9cieux de l\u2019histoire religieuse et culturelle de Perpignan.L\u2019\u00e9v\u00e9nement se tient \u00e0 la cath\u00e9drale Saint-Jean-Baptiste de Perpignan, situ\u00e9e au 21 Rue Mailly. Le tarif plein est de 8,00 \u20ac. Cet \u00e9v\u00e9nement culturel et patrimonial est une occasion unique de d\u00e9couvrir un tr\u00e9sor artistique et historique, tout en profitant de l\u2019ambiance unique de la cath\u00e9drale.","breadcrumb":{"@id":"https:\/\/www.locansol.fr\/evenement\/la-redecouverte-dun-chef-doeuvre-monumental-les-volets-du-grand-orgue-de-la-cathedrale-de-perpignan-40\/#breadcrumb"},"inLanguage":"es","potentialAction":[{"@type":"ReadAction","target":["https:\/\/www.locansol.fr\/evenement\/la-redecouverte-dun-chef-doeuvre-monumental-les-volets-du-grand-orgue-de-la-cathedrale-de-perpignan-40\/"]}]},{"@type":"ImageObject","inLanguage":"es","@id":"https:\/\/www.locansol.fr\/evenement\/la-redecouverte-dun-chef-doeuvre-monumental-les-volets-du-grand-orgue-de-la-cathedrale-de-perpignan-40\/#primaryimage","url":"https:\/\/www.locansol.fr\/wp-content\/uploads\/2026\/04\/exposition-chef-d-oeuvre-monumental-perpignan-3.webp","contentUrl":"https:\/\/www.locansol.fr\/wp-content\/uploads\/2026\/04\/exposition-chef-d-oeuvre-monumental-perpignan-3.webp","width":1024,"height":605,"caption":"La Red\u00e9couverte d\u2019un Chef-d\u2019\u0152uvre Monumental Perpignan"},{"@type":"BreadcrumbList","@id":"https:\/\/www.locansol.fr\/evenement\/la-redecouverte-dun-chef-doeuvre-monumental-les-volets-du-grand-orgue-de-la-cathedrale-de-perpignan-40\/#breadcrumb","itemListElement":[{"@type":"ListItem","position":1,"name":"Accueil","item":"https:\/\/www.locansol.fr\/"},{"@type":"ListItem","position":2,"name":"\u00c9v\u00e8nements","item":"https:\/\/www.locansol.fr\/evenements\/"},{"@type":"ListItem","position":3,"name":"\u00ab LA RED\u00c9COUVERTE D\u2019UN CHEF D\u2019\u0152UVRE MONUMENTAL \u00bb : LES VOLETS DU GRAND ORGUE DE LA CATH\u00c9DRALE DE PERPIGNAN"}]},{"@type":"WebSite","@id":"https:\/\/www.locansol.fr\/#website","url":"https:\/\/www.locansol.fr\/","name":"Locansol, louer un h\u00e9bergement dans les Pyr\u00e9n\u00e9es-Orientales","description":"Location Mobil-home Mer M\u00e9diterran\u00e9e &amp; Chalet de Montagne dans les Pyr\u00e9n\u00e9es Orientales (Occitanie, 66). Weekend, s\u00e9jour &amp; vacances en famille et entre amis.","publisher":{"@id":"https:\/\/www.locansol.fr\/#organization"},"alternateName":"Louer un h\u00e9bergement dans les Pyr\u00e9n\u00e9es Orientales, chalet & mobil-home en Occitanie","potentialAction":[{"@type":"SearchAction","target":{"@type":"EntryPoint","urlTemplate":"https:\/\/www.locansol.fr\/?s={search_term_string}"},"query-input":{"@type":"PropertyValueSpecification","valueRequired":true,"valueName":"search_term_string"}}],"inLanguage":"es"},{"@type":"Organization","@id":"https:\/\/www.locansol.fr\/#organization","name":"Location MobilHome & chalet dans les Pyr\u00e9n\u00e9es Orientales","alternateName":"Louer un h\u00e9bergement dans les Pyr\u00e9n\u00e9es Orientales en Occitanie","url":"https:\/\/www.locansol.fr\/","logo":{"@type":"ImageObject","inLanguage":"es","@id":"https:\/\/www.locansol.fr\/#\/schema\/logo\/image\/","url":"https:\/\/www.locansol.fr\/wp-content\/uploads\/2024\/04\/AdobeStock_303324767-scaled.jpeg","contentUrl":"https:\/\/www.locansol.fr\/wp-content\/uploads\/2024\/04\/AdobeStock_303324767-scaled.jpeg","width":2560,"height":1707,"caption":"Location MobilHome & chalet dans les Pyr\u00e9n\u00e9es Orientales"},"image":{"@id":"https:\/\/www.locansol.fr\/#\/schema\/logo\/image\/"}}]}},"_links":{"self":[{"href":"https:\/\/www.locansol.fr\/es\/wp-json\/wp\/v2\/tribe_events\/6601","targetHints":{"allow":["GET"]}}],"collection":[{"href":"https:\/\/www.locansol.fr\/es\/wp-json\/wp\/v2\/tribe_events"}],"about":[{"href":"https:\/\/www.locansol.fr\/es\/wp-json\/wp\/v2\/types\/tribe_events"}],"author":[{"embeddable":true,"href":"https:\/\/www.locansol.fr\/es\/wp-json\/wp\/v2\/users\/5"}],"version-history":[{"count":1,"href":"https:\/\/www.locansol.fr\/es\/wp-json\/wp\/v2\/tribe_events\/6601\/revisions"}],"predecessor-version":[{"id":6602,"href":"https:\/\/www.locansol.fr\/es\/wp-json\/wp\/v2\/tribe_events\/6601\/revisions\/6602"}],"wp:featuredmedia":[{"embeddable":true,"href":"https:\/\/www.locansol.fr\/es\/wp-json\/wp\/v2\/media\/6598"}],"wp:attachment":[{"href":"https:\/\/www.locansol.fr\/es\/wp-json\/wp\/v2\/media?parent=6601"}],"wp:term":[{"taxonomy":"post_tag","embeddable":true,"href":"https:\/\/www.locansol.fr\/es\/wp-json\/wp\/v2\/tags?post=6601"},{"taxonomy":"tribe_events_cat","embeddable":true,"href":"https:\/\/www.locansol.fr\/es\/wp-json\/wp\/v2\/tribe_events_cat?post=6601"}],"curies":[{"name":"wp","href":"https:\/\/api.w.org\/{rel}","templated":true}]}}