{"id":6624,"date":"2026-04-27T08:08:51","date_gmt":"2026-04-27T06:08:51","guid":{"rendered":"https:\/\/www.locansol.fr\/evenement\/la-redecouverte-dun-chef-doeuvre-monumental-les-volets-du-grand-orgue-de-la-cathedrale-de-perpignan-44\/"},"modified":"2026-04-27T08:08:54","modified_gmt":"2026-04-27T06:08:54","slug":"la-redecouverte-dun-chef-doeuvre-monumental-les-volets-du-grand-orgue-de-la-cathedrale-de-perpignan-44","status":"publish","type":"tribe_events","link":"https:\/\/www.locansol.fr\/es\/evenement\/la-redecouverte-dun-chef-doeuvre-monumental-les-volets-du-grand-orgue-de-la-cathedrale-de-perpignan-44\/","title":{"rendered":"\u00ab LA RED\u00c9COUVERTE D\u2019UN CHEF D\u2019\u0152UVRE MONUMENTAL \u00bb : LES VOLETS DU GRAND ORGUE DE LA CATH\u00c9DRALE DE PERPIGNAN"},"content":{"rendered":"<p>\u00ab LA RED\u00c9COUVERTE D\u2019UN CHEF D\u2019\u0152UVRE MONUMENTAL \u00bb : LES VOLETS DU GRAND ORGUE DE LA CATH\u00c9DRALE DE PERPIGNAN   Du 24 mars au 31 mai, la cath\u00e9drale Saint-Jean-Baptiste de Perpignan accueille une exposition exceptionnelle d\u00e9di\u00e9e \u00e0 la restauration des volets du grand orgue. Situ\u00e9e au 21 Rue Mailly, cette exposition met en lumi\u00e8re un tr\u00e9sor artistique et historique souvent m\u00e9connu.   Un Vaste Chantier de Restauration   Depuis 2022, sous l\u2019\u00e9gide des services de l\u2019\u00c9tat (Direction r\u00e9gionale des affaires culturelles d\u2019Occitanie), un ambitieux projet de restauration a \u00e9t\u00e9 entrepris pour redonner leur \u00e9clat \u00e0 ces \u0153uvres monumentales. Les volets, peints en 1504, sont parmi les plus impressionnants ensembles picturaux de ce type en Europe. Mesurant 12,6 m\u00e8tres de haut sur 4,3 m\u00e8tres de large, ces panneaux couvrent plus de 83 m\u00b2 chacun, faisant de cet ensemble un chef-d\u2019\u0153uvre probablement sans \u00e9quivalent dans le monde occidental.   Une Histoire Riche et Complex   Les volets du grand orgue, initialement fix\u00e9s sur le buffet de l\u2019orgue, jouaient un r\u00f4le crucial dans la liturgie. Ils se d\u00e9ployaient selon le calendrier liturgique, cr\u00e9ant un dialogue harmonieux entre musique, architecture et image sacr\u00e9e. Peints \u00e0 la d\u00e9trempe sur toile, ils pr\u00e9sentent une riche polychromie sur leur face principale et une grisaille soign\u00e9e sur leur revers. Au XIXe si\u00e8cle, les volets ont \u00e9t\u00e9 d\u00e9mont\u00e9s et d\u00e9plac\u00e9s, puis fix\u00e9s aux murs de la cath\u00e9drale, au-dessus de la porte dite \u201c de Bethl\u00e9em \u201d, o\u00f9 leur importance a \u00e9t\u00e9 progressivement oubli\u00e9e.   Une Opportunit\u00e9 Unique de Red\u00e9couvrir un Patrimoine   Cette exposition offre une occasion unique de red\u00e9couvrir un patrimoine exceptionnel. Les visiteurs pourront admirer la restauration minutieuse de ces \u0153uvres, comprendre leur histoire et leur signification spirituelle et artistique. L\u2019exposition est \u00e9galement une excellente opportunit\u00e9 pour les amateurs d\u2019art et d\u2019histoire de d\u00e9couvrir un aspect souvent m\u00e9connu du patrimoine culturel de Perpignan.   Informations Pratiques   Tarif : 8,00 \u20ac   Adresse : 21 Rue Mailly, Perpignan   Dates : Du 24 mars au 31 mai   Cette exposition promet d\u2019\u00eatre une exp\u00e9rience enrichissante pour tous les amateurs de culture, d\u2019art et de patrimoine. Ne manquez pas cette chance de d\u00e9couvrir un tr\u00e9sor historique restaur\u00e9 dans toute sa splendeur.<\/p>\n<p><\/p>\n<h3>R\u00e9servez votre h\u00e9bergement dans les Pyr\u00e9n\u00e9es-Orientales :<\/h3>\n<p><b><a href='https:\/\/www.locansol.fr\/es\/alquiler-mobil-home-mediterraneo\/'>Mobil-home Locansol \u00e0 Argel\u00e8s-sur-Mer<\/a><\/b><br \/>Trajet le plus court : 26 km<br \/>Trajet le plus rapide : 31 min<\/p>\n<p><b><a href='https:\/\/www.locansol.fr\/es\/alquiler-chalet-cerdana\/'>Chalet Locansol \u00e0 Estavar<\/a><\/b><br \/>Trajet le plus court : 104 km<br \/>Trajet le plus rapide : 1 h 40 min<\/p>","protected":false},"excerpt":{"rendered":"<p>\u00ab LA RED\u00c9COUVERTE D\u2019UN CHEF D\u2019\u0152UVRE MONUMENTAL \u00bb : LES VOLETS DU GRAND ORGUE DE LA CATH\u00c9DRALE DE PERPIGNAN Du 24 mars au 31 mai, la cath\u00e9drale Saint-Jean-Baptiste de Perpignan [&hellip;]<\/p>","protected":false},"author":5,"featured_media":6621,"template":"","meta":{"_yoast_wpseo_focuskw":"\u00ab LA RED\u00c9COUVERTE D\u2019UN CHEF D\u2019\u0152UVRE MONUMENTAL \u00bb : LES VOLETS DU GRAND ORGUE DE LA CATH\u00c9DRALE DE PERPIGNAN","_yoast_wpseo_title":"\u00ab LA RED\u00c9COUVERTE D\u2019UN CHEF D\u2019\u0152UVRE MONUMENTAL \u00bb : LES VOLETS DU GRAND ORGUE DE LA CATH\u00c9DRALE DE PERPIGNAN","_yoast_wpseo_metadesc":"\u00ab LA RED\u00c9COUVERTE D\u2019UN CHEF D\u2019\u0152UVRE MONUMENTAL \u00bb : LES VOLETS DU GRAND ORGUE DE LA CATH\u00c9DRALE DE PERPIGNAN Du 24 mars au 31 mai, la cath\u00e9drale Saint-Jean-Baptiste de Perpignan accueille une exposition exceptionnelle d\u00e9di\u00e9e \u00e0 la restauration des volets du grand orgue. Situ\u00e9e au 21 Rue Mailly, cette exposition met en lumi\u00e8re un tr\u00e9sor artistique et historique souvent m\u00e9connu. Un Vaste Chantier de Restauration Depuis 2022, sous l\u2019\u00e9gide des services de l\u2019\u00c9tat (Direction r\u00e9gionale des affaires culturelles d\u2019Occitanie), un ambitieux projet de restauration a \u00e9t\u00e9 entrepris pour redonner leur \u00e9clat \u00e0 ces \u0153uvres monumentales. Les volets, peints en 1504, sont parmi les plus impressionnants ensembles picturaux de ce type en Europe. Mesurant 12,6 m\u00e8tres de haut sur 4,3 m\u00e8tres de large, ces panneaux couvrent plus de 83 m\u00b2 chacun, faisant de cet ensemble un chef-d\u2019\u0153uvre probablement sans \u00e9quivalent dans le monde occidental. Une Histoire Riche et Complex Les volets du grand orgue, initialement fix\u00e9s sur le buffet de l\u2019orgue, jouaient un r\u00f4le crucial dans la liturgie. Ils se d\u00e9ployaient selon le calendrier liturgique, cr\u00e9ant un dialogue harmonieux entre musique, architecture et image sacr\u00e9e. Peints \u00e0 la d\u00e9trempe sur toile, ils pr\u00e9sentent une riche polychromie sur leur face principale et une grisaille soign\u00e9e sur leur revers. Au XIXe si\u00e8cle, les volets ont \u00e9t\u00e9 d\u00e9mont\u00e9s et d\u00e9plac\u00e9s, puis fix\u00e9s aux murs de la cath\u00e9drale, au-dessus de la porte dite \u201c de Bethl\u00e9em \u201d, o\u00f9 leur importance a \u00e9t\u00e9 progressivement oubli\u00e9e. Une Opportunit\u00e9 Unique de Red\u00e9couvrir un Patrimoine Cette exposition offre une occasion unique de red\u00e9couvrir un patrimoine exceptionnel. Les visiteurs pourront admirer la restauration minutieuse de ces \u0153uvres, comprendre leur histoire et leur signification spirituelle et artistique. L\u2019exposition est \u00e9galement une excellente opportunit\u00e9 pour les amateurs d\u2019art et d\u2019histoire de d\u00e9couvrir un aspect souvent m\u00e9connu du patrimoine culturel de Perpignan. Informations Pratiques Tarif : 8,00 \u20ac Adresse : 21 Rue Mailly, Perpignan Dates : Du 24 mars au 31 mai Cette exposition promet d\u2019\u00eatre une exp\u00e9rience enrichissante pour tous les amateurs de culture, d\u2019art et de patrimoine. Ne manquez pas cette chance de d\u00e9couvrir un tr\u00e9sor historique restaur\u00e9 dans toute sa splendeur.","_yoast_wpseo_canonical":"","_yoast_wpseo_opengraph-title":"\u00ab LA RED\u00c9COUVERTE D\u2019UN CHEF D\u2019\u0152UVRE MONUMENTAL \u00bb : LES VOLETS DU GRAND ORGUE DE LA CATH\u00c9DRALE DE PERPIGNAN","_yoast_wpseo_opengraph-description":"\u00ab LA RED\u00c9COUVERTE D\u2019UN CHEF D\u2019\u0152UVRE MONUMENTAL \u00bb : LES VOLETS DU GRAND ORGUE DE LA CATH\u00c9DRALE DE PERPIGNAN Du 24 mars au 31 mai, la cath\u00e9drale Saint-Jean-Baptiste de Perpignan accueille une exposition exceptionnelle d\u00e9di\u00e9e \u00e0 la restauration des volets du grand orgue. Situ\u00e9e au 21 Rue Mailly, cette exposition met en lumi\u00e8re un tr\u00e9sor artistique et historique souvent m\u00e9connu. Un Vaste Chantier de Restauration Depuis 2022, sous l\u2019\u00e9gide des services de l\u2019\u00c9tat (Direction r\u00e9gionale des affaires culturelles d\u2019Occitanie), un ambitieux projet de restauration a \u00e9t\u00e9 entrepris pour redonner leur \u00e9clat \u00e0 ces \u0153uvres monumentales. Les volets, peints en 1504, sont parmi les plus impressionnants ensembles picturaux de ce type en Europe. Mesurant 12,6 m\u00e8tres de haut sur 4,3 m\u00e8tres de large, ces panneaux couvrent plus de 83 m\u00b2 chacun, faisant de cet ensemble un chef-d\u2019\u0153uvre probablement sans \u00e9quivalent dans le monde occidental. Une Histoire Riche et Complex Les volets du grand orgue, initialement fix\u00e9s sur le buffet de l\u2019orgue, jouaient un r\u00f4le crucial dans la liturgie. Ils se d\u00e9ployaient selon le calendrier liturgique, cr\u00e9ant un dialogue harmonieux entre musique, architecture et image sacr\u00e9e. Peints \u00e0 la d\u00e9trempe sur toile, ils pr\u00e9sentent une riche polychromie sur leur face principale et une grisaille soign\u00e9e sur leur revers. Au XIXe si\u00e8cle, les volets ont \u00e9t\u00e9 d\u00e9mont\u00e9s et d\u00e9plac\u00e9s, puis fix\u00e9s aux murs de la cath\u00e9drale, au-dessus de la porte dite \u201c de Bethl\u00e9em \u201d, o\u00f9 leur importance a \u00e9t\u00e9 progressivement oubli\u00e9e. Une Opportunit\u00e9 Unique de Red\u00e9couvrir un Patrimoine Cette exposition offre une occasion unique de red\u00e9couvrir un patrimoine exceptionnel. Les visiteurs pourront admirer la restauration minutieuse de ces \u0153uvres, comprendre leur histoire et leur signification spirituelle et artistique. L\u2019exposition est \u00e9galement une excellente opportunit\u00e9 pour les amateurs d\u2019art et d\u2019histoire de d\u00e9couvrir un aspect souvent m\u00e9connu du patrimoine culturel de Perpignan. Informations Pratiques Tarif : 8,00 \u20ac Adresse : 21 Rue Mailly, Perpignan Dates : Du 24 mars au 31 mai Cette exposition promet d\u2019\u00eatre une exp\u00e9rience enrichissante pour tous les amateurs de culture, d\u2019art et de patrimoine. Ne manquez pas cette chance de d\u00e9couvrir un tr\u00e9sor historique restaur\u00e9 dans toute sa splendeur.","_yoast_wpseo_opengraph-image":"https:\/\/www.locansol.fr\/wp-content\/uploads\/2026\/04\/volets-orgue-cathedrale-perpignan-1.webp","_yoast_wpseo_opengraph-image-id":"6621","_yoast_wpseo_twitter-title":"\u00ab LA RED\u00c9COUVERTE D\u2019UN CHEF D\u2019\u0152UVRE MONUMENTAL \u00bb : LES VOLETS DU GRAND ORGUE DE LA CATH\u00c9DRALE DE PERPIGNAN","_yoast_wpseo_twitter-description":"\u00ab LA RED\u00c9COUVERTE D\u2019UN CHEF D\u2019\u0152UVRE MONUMENTAL \u00bb : LES VOLETS DU GRAND ORGUE DE LA CATH\u00c9DRALE DE PERPIGNAN Du 24 mars au 31 mai, la cath\u00e9drale Saint-Jean-Baptiste de Perpignan accueille une exposition exceptionnelle d\u00e9di\u00e9e \u00e0 la restauration des volets du grand orgue. Situ\u00e9e au 21 Rue Mailly, cette exposition met en lumi\u00e8re un tr\u00e9sor artistique et historique souvent m\u00e9connu. Un Vaste Chantier de Restauration Depuis 2022, sous l\u2019\u00e9gide des services de l\u2019\u00c9tat (Direction r\u00e9gionale des affaires culturelles d\u2019Occitanie), un ambitieux projet de restauration a \u00e9t\u00e9 entrepris pour redonner leur \u00e9clat \u00e0 ces \u0153uvres monumentales. Les volets, peints en 1504, sont parmi les plus impressionnants ensembles picturaux de ce type en Europe. Mesurant 12,6 m\u00e8tres de haut sur 4,3 m\u00e8tres de large, ces panneaux couvrent plus de 83 m\u00b2 chacun, faisant de cet ensemble un chef-d\u2019\u0153uvre probablement sans \u00e9quivalent dans le monde occidental. Une Histoire Riche et Complex Les volets du grand orgue, initialement fix\u00e9s sur le buffet de l\u2019orgue, jouaient un r\u00f4le crucial dans la liturgie. Ils se d\u00e9ployaient selon le calendrier liturgique, cr\u00e9ant un dialogue harmonieux entre musique, architecture et image sacr\u00e9e. Peints \u00e0 la d\u00e9trempe sur toile, ils pr\u00e9sentent une riche polychromie sur leur face principale et une grisaille soign\u00e9e sur leur revers. Au XIXe si\u00e8cle, les volets ont \u00e9t\u00e9 d\u00e9mont\u00e9s et d\u00e9plac\u00e9s, puis fix\u00e9s aux murs de la cath\u00e9drale, au-dessus de la porte dite \u201c de Bethl\u00e9em \u201d, o\u00f9 leur importance a \u00e9t\u00e9 progressivement oubli\u00e9e. Une Opportunit\u00e9 Unique de Red\u00e9couvrir un Patrimoine Cette exposition offre une occasion unique de red\u00e9couvrir un patrimoine exceptionnel. Les visiteurs pourront admirer la restauration minutieuse de ces \u0153uvres, comprendre leur histoire et leur signification spirituelle et artistique. L\u2019exposition est \u00e9galement une excellente opportunit\u00e9 pour les amateurs d\u2019art et d\u2019histoire de d\u00e9couvrir un aspect souvent m\u00e9connu du patrimoine culturel de Perpignan. Informations Pratiques Tarif : 8,00 \u20ac Adresse : 21 Rue Mailly, Perpignan Dates : Du 24 mars au 31 mai Cette exposition promet d\u2019\u00eatre une exp\u00e9rience enrichissante pour tous les amateurs de culture, d\u2019art et de patrimoine. Ne manquez pas cette chance de d\u00e9couvrir un tr\u00e9sor historique restaur\u00e9 dans toute sa splendeur.","_yoast_wpseo_twitter-image":"https:\/\/www.locansol.fr\/wp-content\/uploads\/2026\/04\/volets-orgue-cathedrale-perpignan-1.webp","_yoast_wpseo_twitter-image-id":"6621}","yoast_primary_category":"Exposition","_tribe_events_status":"","_tribe_events_status_reason":"","_tribe_events_is_hybrid":"","_tribe_events_is_virtual":"","_tribe_events_virtual_video_source":"","_tribe_events_virtual_embed_video":"","_tribe_events_virtual_linked_button_text":"","_tribe_events_virtual_linked_button":"","_tribe_events_virtual_show_embed_at":"","_tribe_events_virtual_show_embed_to":[],"_tribe_events_virtual_show_on_event":"","_tribe_events_virtual_show_on_views":"","_tribe_events_virtual_url":"","footnotes":""},"tags":[66,76],"tribe_events_cat":[138,90,160,169],"class_list":["post-6624","tribe_events","type-tribe_events","status-publish","has-post-thumbnail","hentry","tag-evenement-culturel","tag-pyrenees-orientales","tribe_events_cat-evenement-culturel","tribe_events_cat-exposition","tribe_events_cat-peinture","tribe_events_cat-pyrenees-orientales","cat_evenement-culturel","cat_exposition","cat_peinture","cat_pyrenees-orientales"],"yoast_head":"<!-- This site is optimized with the Yoast SEO Premium plugin v23.3 (Yoast SEO v26.9) - https:\/\/yoast.com\/product\/yoast-seo-premium-wordpress\/ -->\n<title>\u00ab LA RED\u00c9COUVERTE D\u2019UN CHEF D\u2019\u0152UVRE MONUMENTAL \u00bb : LES VOLETS DU GRAND ORGUE DE LA CATH\u00c9DRALE DE PERPIGNAN<\/title>\n<meta name=\"description\" content=\"\u00ab LA RED\u00c9COUVERTE D\u2019UN CHEF D\u2019\u0152UVRE MONUMENTAL \u00bb : LES VOLETS DU GRAND ORGUE DE LA CATH\u00c9DRALE DE PERPIGNAN Du 24 mars au 31 mai, la cath\u00e9drale Saint-Jean-Baptiste de Perpignan accueille une exposition exceptionnelle d\u00e9di\u00e9e \u00e0 la restauration des volets du grand orgue. Situ\u00e9e au 21 Rue Mailly, cette exposition met en lumi\u00e8re un tr\u00e9sor artistique et historique souvent m\u00e9connu. Un Vaste Chantier de Restauration Depuis 2022, sous l\u2019\u00e9gide des services de l\u2019\u00c9tat (Direction r\u00e9gionale des affaires culturelles d\u2019Occitanie), un ambitieux projet de restauration a \u00e9t\u00e9 entrepris pour redonner leur \u00e9clat \u00e0 ces \u0153uvres monumentales. Les volets, peints en 1504, sont parmi les plus impressionnants ensembles picturaux de ce type en Europe. Mesurant 12,6 m\u00e8tres de haut sur 4,3 m\u00e8tres de large, ces panneaux couvrent plus de 83 m\u00b2 chacun, faisant de cet ensemble un chef-d\u2019\u0153uvre probablement sans \u00e9quivalent dans le monde occidental. Une Histoire Riche et Complex Les volets du grand orgue, initialement fix\u00e9s sur le buffet de l\u2019orgue, jouaient un r\u00f4le crucial dans la liturgie. Ils se d\u00e9ployaient selon le calendrier liturgique, cr\u00e9ant un dialogue harmonieux entre musique, architecture et image sacr\u00e9e. Peints \u00e0 la d\u00e9trempe sur toile, ils pr\u00e9sentent une riche polychromie sur leur face principale et une grisaille soign\u00e9e sur leur revers. Au XIXe si\u00e8cle, les volets ont \u00e9t\u00e9 d\u00e9mont\u00e9s et d\u00e9plac\u00e9s, puis fix\u00e9s aux murs de la cath\u00e9drale, au-dessus de la porte dite \u201c de Bethl\u00e9em \u201d, o\u00f9 leur importance a \u00e9t\u00e9 progressivement oubli\u00e9e. Une Opportunit\u00e9 Unique de Red\u00e9couvrir un Patrimoine Cette exposition offre une occasion unique de red\u00e9couvrir un patrimoine exceptionnel. Les visiteurs pourront admirer la restauration minutieuse de ces \u0153uvres, comprendre leur histoire et leur signification spirituelle et artistique. L\u2019exposition est \u00e9galement une excellente opportunit\u00e9 pour les amateurs d\u2019art et d\u2019histoire de d\u00e9couvrir un aspect souvent m\u00e9connu du patrimoine culturel de Perpignan. Informations Pratiques Tarif : 8,00 \u20ac Adresse : 21 Rue Mailly, Perpignan Dates : Du 24 mars au 31 mai Cette exposition promet d\u2019\u00eatre une exp\u00e9rience enrichissante pour tous les amateurs de culture, d\u2019art et de patrimoine. Ne manquez pas cette chance de d\u00e9couvrir un tr\u00e9sor historique restaur\u00e9 dans toute sa splendeur.\" \/>\n<meta name=\"robots\" content=\"index, follow, max-snippet:-1, max-image-preview:large, max-video-preview:-1\" \/>\n<link rel=\"canonical\" href=\"https:\/\/www.locansol.fr\/es\/evenement\/la-redecouverte-dun-chef-doeuvre-monumental-les-volets-du-grand-orgue-de-la-cathedrale-de-perpignan-44\/\" \/>\n<meta property=\"og:locale\" content=\"es_ES\" \/>\n<meta property=\"og:type\" content=\"article\" \/>\n<meta property=\"og:title\" content=\"\u00ab LA RED\u00c9COUVERTE D\u2019UN CHEF D\u2019\u0152UVRE MONUMENTAL \u00bb : LES VOLETS DU GRAND ORGUE DE LA CATH\u00c9DRALE DE PERPIGNAN\" \/>\n<meta property=\"og:description\" content=\"\u00ab LA RED\u00c9COUVERTE D\u2019UN CHEF D\u2019\u0152UVRE MONUMENTAL \u00bb : LES VOLETS DU GRAND ORGUE DE LA CATH\u00c9DRALE DE PERPIGNAN Du 24 mars au 31 mai, la cath\u00e9drale Saint-Jean-Baptiste de Perpignan accueille une exposition exceptionnelle d\u00e9di\u00e9e \u00e0 la restauration des volets du grand orgue. Situ\u00e9e au 21 Rue Mailly, cette exposition met en lumi\u00e8re un tr\u00e9sor artistique et historique souvent m\u00e9connu. Un Vaste Chantier de Restauration Depuis 2022, sous l\u2019\u00e9gide des services de l\u2019\u00c9tat (Direction r\u00e9gionale des affaires culturelles d\u2019Occitanie), un ambitieux projet de restauration a \u00e9t\u00e9 entrepris pour redonner leur \u00e9clat \u00e0 ces \u0153uvres monumentales. Les volets, peints en 1504, sont parmi les plus impressionnants ensembles picturaux de ce type en Europe. Mesurant 12,6 m\u00e8tres de haut sur 4,3 m\u00e8tres de large, ces panneaux couvrent plus de 83 m\u00b2 chacun, faisant de cet ensemble un chef-d\u2019\u0153uvre probablement sans \u00e9quivalent dans le monde occidental. Une Histoire Riche et Complex Les volets du grand orgue, initialement fix\u00e9s sur le buffet de l\u2019orgue, jouaient un r\u00f4le crucial dans la liturgie. Ils se d\u00e9ployaient selon le calendrier liturgique, cr\u00e9ant un dialogue harmonieux entre musique, architecture et image sacr\u00e9e. Peints \u00e0 la d\u00e9trempe sur toile, ils pr\u00e9sentent une riche polychromie sur leur face principale et une grisaille soign\u00e9e sur leur revers. Au XIXe si\u00e8cle, les volets ont \u00e9t\u00e9 d\u00e9mont\u00e9s et d\u00e9plac\u00e9s, puis fix\u00e9s aux murs de la cath\u00e9drale, au-dessus de la porte dite \u201c de Bethl\u00e9em \u201d, o\u00f9 leur importance a \u00e9t\u00e9 progressivement oubli\u00e9e. Une Opportunit\u00e9 Unique de Red\u00e9couvrir un Patrimoine Cette exposition offre une occasion unique de red\u00e9couvrir un patrimoine exceptionnel. Les visiteurs pourront admirer la restauration minutieuse de ces \u0153uvres, comprendre leur histoire et leur signification spirituelle et artistique. L\u2019exposition est \u00e9galement une excellente opportunit\u00e9 pour les amateurs d\u2019art et d\u2019histoire de d\u00e9couvrir un aspect souvent m\u00e9connu du patrimoine culturel de Perpignan. Informations Pratiques Tarif : 8,00 \u20ac Adresse : 21 Rue Mailly, Perpignan Dates : Du 24 mars au 31 mai Cette exposition promet d\u2019\u00eatre une exp\u00e9rience enrichissante pour tous les amateurs de culture, d\u2019art et de patrimoine. Ne manquez pas cette chance de d\u00e9couvrir un tr\u00e9sor historique restaur\u00e9 dans toute sa splendeur.\" \/>\n<meta property=\"og:url\" content=\"https:\/\/www.locansol.fr\/es\/evenement\/la-redecouverte-dun-chef-doeuvre-monumental-les-volets-du-grand-orgue-de-la-cathedrale-de-perpignan-44\/\" \/>\n<meta property=\"og:site_name\" content=\"Locansol, louer un h\u00e9bergement dans les Pyr\u00e9n\u00e9es Orientales\" \/>\n<meta property=\"article:modified_time\" content=\"2026-04-27T06:08:54+00:00\" \/>\n<meta property=\"og:image\" content=\"https:\/\/www.locansol.fr\/wp-content\/uploads\/2026\/04\/volets-orgue-cathedrale-perpignan-1.webp\" \/>\n\t<meta property=\"og:image:width\" content=\"1024\" \/>\n\t<meta property=\"og:image:height\" content=\"605\" \/>\n\t<meta property=\"og:image:type\" content=\"image\/webp\" \/>\n<meta name=\"twitter:card\" content=\"summary_large_image\" \/>\n<meta name=\"twitter:title\" content=\"\u00ab LA RED\u00c9COUVERTE D\u2019UN CHEF D\u2019\u0152UVRE MONUMENTAL \u00bb : LES VOLETS DU GRAND ORGUE DE LA CATH\u00c9DRALE DE PERPIGNAN\" \/>\n<meta name=\"twitter:description\" content=\"\u00ab LA RED\u00c9COUVERTE D\u2019UN CHEF D\u2019\u0152UVRE MONUMENTAL \u00bb : LES VOLETS DU GRAND ORGUE DE LA CATH\u00c9DRALE DE PERPIGNAN Du 24 mars au 31 mai, la cath\u00e9drale Saint-Jean-Baptiste de Perpignan accueille une exposition exceptionnelle d\u00e9di\u00e9e \u00e0 la restauration des volets du grand orgue. Situ\u00e9e au 21 Rue Mailly, cette exposition met en lumi\u00e8re un tr\u00e9sor artistique et historique souvent m\u00e9connu. Un Vaste Chantier de Restauration Depuis 2022, sous l\u2019\u00e9gide des services de l\u2019\u00c9tat (Direction r\u00e9gionale des affaires culturelles d\u2019Occitanie), un ambitieux projet de restauration a \u00e9t\u00e9 entrepris pour redonner leur \u00e9clat \u00e0 ces \u0153uvres monumentales. Les volets, peints en 1504, sont parmi les plus impressionnants ensembles picturaux de ce type en Europe. Mesurant 12,6 m\u00e8tres de haut sur 4,3 m\u00e8tres de large, ces panneaux couvrent plus de 83 m\u00b2 chacun, faisant de cet ensemble un chef-d\u2019\u0153uvre probablement sans \u00e9quivalent dans le monde occidental. Une Histoire Riche et Complex Les volets du grand orgue, initialement fix\u00e9s sur le buffet de l\u2019orgue, jouaient un r\u00f4le crucial dans la liturgie. Ils se d\u00e9ployaient selon le calendrier liturgique, cr\u00e9ant un dialogue harmonieux entre musique, architecture et image sacr\u00e9e. Peints \u00e0 la d\u00e9trempe sur toile, ils pr\u00e9sentent une riche polychromie sur leur face principale et une grisaille soign\u00e9e sur leur revers. Au XIXe si\u00e8cle, les volets ont \u00e9t\u00e9 d\u00e9mont\u00e9s et d\u00e9plac\u00e9s, puis fix\u00e9s aux murs de la cath\u00e9drale, au-dessus de la porte dite \u201c de Bethl\u00e9em \u201d, o\u00f9 leur importance a \u00e9t\u00e9 progressivement oubli\u00e9e. Une Opportunit\u00e9 Unique de Red\u00e9couvrir un Patrimoine Cette exposition offre une occasion unique de red\u00e9couvrir un patrimoine exceptionnel. Les visiteurs pourront admirer la restauration minutieuse de ces \u0153uvres, comprendre leur histoire et leur signification spirituelle et artistique. L\u2019exposition est \u00e9galement une excellente opportunit\u00e9 pour les amateurs d\u2019art et d\u2019histoire de d\u00e9couvrir un aspect souvent m\u00e9connu du patrimoine culturel de Perpignan. Informations Pratiques Tarif : 8,00 \u20ac Adresse : 21 Rue Mailly, Perpignan Dates : Du 24 mars au 31 mai Cette exposition promet d\u2019\u00eatre une exp\u00e9rience enrichissante pour tous les amateurs de culture, d\u2019art et de patrimoine. Ne manquez pas cette chance de d\u00e9couvrir un tr\u00e9sor historique restaur\u00e9 dans toute sa splendeur.\" \/>\n<meta name=\"twitter:image\" content=\"https:\/\/www.locansol.fr\/wp-content\/uploads\/2026\/04\/volets-orgue-cathedrale-perpignan-1.webp\" \/>\n<meta name=\"twitter:label1\" content=\"Tiempo de lectura\" \/>\n\t<meta name=\"twitter:data1\" content=\"2 minutos\" \/>\n<script type=\"application\/ld+json\" class=\"yoast-schema-graph\">{\"@context\":\"https:\/\/schema.org\",\"@graph\":[{\"@type\":\"WebPage\",\"@id\":\"https:\/\/www.locansol.fr\/evenement\/la-redecouverte-dun-chef-doeuvre-monumental-les-volets-du-grand-orgue-de-la-cathedrale-de-perpignan-44\/\",\"url\":\"https:\/\/www.locansol.fr\/evenement\/la-redecouverte-dun-chef-doeuvre-monumental-les-volets-du-grand-orgue-de-la-cathedrale-de-perpignan-44\/\",\"name\":\"\u00ab LA RED\u00c9COUVERTE D\u2019UN CHEF D\u2019\u0152UVRE MONUMENTAL \u00bb : LES VOLETS DU GRAND ORGUE DE LA CATH\u00c9DRALE DE PERPIGNAN\",\"isPartOf\":{\"@id\":\"https:\/\/www.locansol.fr\/#website\"},\"primaryImageOfPage\":{\"@id\":\"https:\/\/www.locansol.fr\/evenement\/la-redecouverte-dun-chef-doeuvre-monumental-les-volets-du-grand-orgue-de-la-cathedrale-de-perpignan-44\/#primaryimage\"},\"image\":{\"@id\":\"https:\/\/www.locansol.fr\/evenement\/la-redecouverte-dun-chef-doeuvre-monumental-les-volets-du-grand-orgue-de-la-cathedrale-de-perpignan-44\/#primaryimage\"},\"thumbnailUrl\":\"https:\/\/www.locansol.fr\/wp-content\/uploads\/2026\/04\/volets-orgue-cathedrale-perpignan-1.webp\",\"datePublished\":\"2026-04-27T06:08:51+00:00\",\"dateModified\":\"2026-04-27T06:08:54+00:00\",\"description\":\"\u00ab LA RED\u00c9COUVERTE D\u2019UN CHEF D\u2019\u0152UVRE MONUMENTAL \u00bb : LES VOLETS DU GRAND ORGUE DE LA CATH\u00c9DRALE DE PERPIGNAN Du 24 mars au 31 mai, la cath\u00e9drale Saint-Jean-Baptiste de Perpignan accueille une exposition exceptionnelle d\u00e9di\u00e9e \u00e0 la restauration des volets du grand orgue. Situ\u00e9e au 21 Rue Mailly, cette exposition met en lumi\u00e8re un tr\u00e9sor artistique et historique souvent m\u00e9connu. Un Vaste Chantier de Restauration Depuis 2022, sous l\u2019\u00e9gide des services de l\u2019\u00c9tat (Direction r\u00e9gionale des affaires culturelles d\u2019Occitanie), un ambitieux projet de restauration a \u00e9t\u00e9 entrepris pour redonner leur \u00e9clat \u00e0 ces \u0153uvres monumentales. Les volets, peints en 1504, sont parmi les plus impressionnants ensembles picturaux de ce type en Europe. Mesurant 12,6 m\u00e8tres de haut sur 4,3 m\u00e8tres de large, ces panneaux couvrent plus de 83 m\u00b2 chacun, faisant de cet ensemble un chef-d\u2019\u0153uvre probablement sans \u00e9quivalent dans le monde occidental. Une Histoire Riche et Complex Les volets du grand orgue, initialement fix\u00e9s sur le buffet de l\u2019orgue, jouaient un r\u00f4le crucial dans la liturgie. Ils se d\u00e9ployaient selon le calendrier liturgique, cr\u00e9ant un dialogue harmonieux entre musique, architecture et image sacr\u00e9e. Peints \u00e0 la d\u00e9trempe sur toile, ils pr\u00e9sentent une riche polychromie sur leur face principale et une grisaille soign\u00e9e sur leur revers. Au XIXe si\u00e8cle, les volets ont \u00e9t\u00e9 d\u00e9mont\u00e9s et d\u00e9plac\u00e9s, puis fix\u00e9s aux murs de la cath\u00e9drale, au-dessus de la porte dite \u201c de Bethl\u00e9em \u201d, o\u00f9 leur importance a \u00e9t\u00e9 progressivement oubli\u00e9e. Une Opportunit\u00e9 Unique de Red\u00e9couvrir un Patrimoine Cette exposition offre une occasion unique de red\u00e9couvrir un patrimoine exceptionnel. Les visiteurs pourront admirer la restauration minutieuse de ces \u0153uvres, comprendre leur histoire et leur signification spirituelle et artistique. L\u2019exposition est \u00e9galement une excellente opportunit\u00e9 pour les amateurs d\u2019art et d\u2019histoire de d\u00e9couvrir un aspect souvent m\u00e9connu du patrimoine culturel de Perpignan. Informations Pratiques Tarif : 8,00 \u20ac Adresse : 21 Rue Mailly, Perpignan Dates : Du 24 mars au 31 mai Cette exposition promet d\u2019\u00eatre une exp\u00e9rience enrichissante pour tous les amateurs de culture, d\u2019art et de patrimoine. Ne manquez pas cette chance de d\u00e9couvrir un tr\u00e9sor historique restaur\u00e9 dans toute sa splendeur.\",\"breadcrumb\":{\"@id\":\"https:\/\/www.locansol.fr\/evenement\/la-redecouverte-dun-chef-doeuvre-monumental-les-volets-du-grand-orgue-de-la-cathedrale-de-perpignan-44\/#breadcrumb\"},\"inLanguage\":\"es\",\"potentialAction\":[{\"@type\":\"ReadAction\",\"target\":[\"https:\/\/www.locansol.fr\/evenement\/la-redecouverte-dun-chef-doeuvre-monumental-les-volets-du-grand-orgue-de-la-cathedrale-de-perpignan-44\/\"]}]},{\"@type\":\"ImageObject\",\"inLanguage\":\"es\",\"@id\":\"https:\/\/www.locansol.fr\/evenement\/la-redecouverte-dun-chef-doeuvre-monumental-les-volets-du-grand-orgue-de-la-cathedrale-de-perpignan-44\/#primaryimage\",\"url\":\"https:\/\/www.locansol.fr\/wp-content\/uploads\/2026\/04\/volets-orgue-cathedrale-perpignan-1.webp\",\"contentUrl\":\"https:\/\/www.locansol.fr\/wp-content\/uploads\/2026\/04\/volets-orgue-cathedrale-perpignan-1.webp\",\"width\":1024,\"height\":605,\"caption\":\"Exposition volets grand orgue cath\u00e9drale Perpignan - 24 mars au 31 mai\"},{\"@type\":\"BreadcrumbList\",\"@id\":\"https:\/\/www.locansol.fr\/evenement\/la-redecouverte-dun-chef-doeuvre-monumental-les-volets-du-grand-orgue-de-la-cathedrale-de-perpignan-44\/#breadcrumb\",\"itemListElement\":[{\"@type\":\"ListItem\",\"position\":1,\"name\":\"Accueil\",\"item\":\"https:\/\/www.locansol.fr\/\"},{\"@type\":\"ListItem\",\"position\":2,\"name\":\"\u00c9v\u00e8nements\",\"item\":\"https:\/\/www.locansol.fr\/evenements\/\"},{\"@type\":\"ListItem\",\"position\":3,\"name\":\"\u00ab LA RED\u00c9COUVERTE D\u2019UN CHEF D\u2019\u0152UVRE MONUMENTAL \u00bb : LES VOLETS DU GRAND ORGUE DE LA CATH\u00c9DRALE DE PERPIGNAN\"}]},{\"@type\":\"WebSite\",\"@id\":\"https:\/\/www.locansol.fr\/#website\",\"url\":\"https:\/\/www.locansol.fr\/\",\"name\":\"Locansol, louer un h\u00e9bergement dans les Pyr\u00e9n\u00e9es-Orientales\",\"description\":\"Location Mobil-home Mer M\u00e9diterran\u00e9e &amp; Chalet de Montagne dans les Pyr\u00e9n\u00e9es Orientales (Occitanie, 66). Weekend, s\u00e9jour &amp; vacances en famille et entre amis.\",\"publisher\":{\"@id\":\"https:\/\/www.locansol.fr\/#organization\"},\"alternateName\":\"Louer un h\u00e9bergement dans les Pyr\u00e9n\u00e9es Orientales, chalet & mobil-home en Occitanie\",\"potentialAction\":[{\"@type\":\"SearchAction\",\"target\":{\"@type\":\"EntryPoint\",\"urlTemplate\":\"https:\/\/www.locansol.fr\/?s={search_term_string}\"},\"query-input\":{\"@type\":\"PropertyValueSpecification\",\"valueRequired\":true,\"valueName\":\"search_term_string\"}}],\"inLanguage\":\"es\"},{\"@type\":\"Organization\",\"@id\":\"https:\/\/www.locansol.fr\/#organization\",\"name\":\"Location MobilHome & chalet dans les Pyr\u00e9n\u00e9es Orientales\",\"alternateName\":\"Louer un h\u00e9bergement dans les Pyr\u00e9n\u00e9es Orientales en Occitanie\",\"url\":\"https:\/\/www.locansol.fr\/\",\"logo\":{\"@type\":\"ImageObject\",\"inLanguage\":\"es\",\"@id\":\"https:\/\/www.locansol.fr\/#\/schema\/logo\/image\/\",\"url\":\"https:\/\/www.locansol.fr\/wp-content\/uploads\/2024\/04\/AdobeStock_303324767-scaled.jpeg\",\"contentUrl\":\"https:\/\/www.locansol.fr\/wp-content\/uploads\/2024\/04\/AdobeStock_303324767-scaled.jpeg\",\"width\":2560,\"height\":1707,\"caption\":\"Location MobilHome & chalet dans les Pyr\u00e9n\u00e9es Orientales\"},\"image\":{\"@id\":\"https:\/\/www.locansol.fr\/#\/schema\/logo\/image\/\"}}]}<\/script>\n<!-- \/ Yoast SEO Premium plugin. -->","yoast_head_json":{"title":"\u00ab LA RED\u00c9COUVERTE D\u2019UN CHEF D\u2019\u0152UVRE MONUMENTAL \u00bb : LES VOLETS DU GRAND ORGUE DE LA CATH\u00c9DRALE DE PERPIGNAN","description":"\u00ab LA RED\u00c9COUVERTE D\u2019UN CHEF D\u2019\u0152UVRE MONUMENTAL \u00bb : LES VOLETS DU GRAND ORGUE DE LA CATH\u00c9DRALE DE PERPIGNAN Du 24 mars au 31 mai, la cath\u00e9drale Saint-Jean-Baptiste de Perpignan accueille une exposition exceptionnelle d\u00e9di\u00e9e \u00e0 la restauration des volets du grand orgue. Situ\u00e9e au 21 Rue Mailly, cette exposition met en lumi\u00e8re un tr\u00e9sor artistique et historique souvent m\u00e9connu. Un Vaste Chantier de Restauration Depuis 2022, sous l\u2019\u00e9gide des services de l\u2019\u00c9tat (Direction r\u00e9gionale des affaires culturelles d\u2019Occitanie), un ambitieux projet de restauration a \u00e9t\u00e9 entrepris pour redonner leur \u00e9clat \u00e0 ces \u0153uvres monumentales. Les volets, peints en 1504, sont parmi les plus impressionnants ensembles picturaux de ce type en Europe. Mesurant 12,6 m\u00e8tres de haut sur 4,3 m\u00e8tres de large, ces panneaux couvrent plus de 83 m\u00b2 chacun, faisant de cet ensemble un chef-d\u2019\u0153uvre probablement sans \u00e9quivalent dans le monde occidental. Une Histoire Riche et Complex Les volets du grand orgue, initialement fix\u00e9s sur le buffet de l\u2019orgue, jouaient un r\u00f4le crucial dans la liturgie. Ils se d\u00e9ployaient selon le calendrier liturgique, cr\u00e9ant un dialogue harmonieux entre musique, architecture et image sacr\u00e9e. Peints \u00e0 la d\u00e9trempe sur toile, ils pr\u00e9sentent une riche polychromie sur leur face principale et une grisaille soign\u00e9e sur leur revers. Au XIXe si\u00e8cle, les volets ont \u00e9t\u00e9 d\u00e9mont\u00e9s et d\u00e9plac\u00e9s, puis fix\u00e9s aux murs de la cath\u00e9drale, au-dessus de la porte dite \u201c de Bethl\u00e9em \u201d, o\u00f9 leur importance a \u00e9t\u00e9 progressivement oubli\u00e9e. Une Opportunit\u00e9 Unique de Red\u00e9couvrir un Patrimoine Cette exposition offre une occasion unique de red\u00e9couvrir un patrimoine exceptionnel. Les visiteurs pourront admirer la restauration minutieuse de ces \u0153uvres, comprendre leur histoire et leur signification spirituelle et artistique. L\u2019exposition est \u00e9galement une excellente opportunit\u00e9 pour les amateurs d\u2019art et d\u2019histoire de d\u00e9couvrir un aspect souvent m\u00e9connu du patrimoine culturel de Perpignan. Informations Pratiques Tarif : 8,00 \u20ac Adresse : 21 Rue Mailly, Perpignan Dates : Du 24 mars au 31 mai Cette exposition promet d\u2019\u00eatre une exp\u00e9rience enrichissante pour tous les amateurs de culture, d\u2019art et de patrimoine. Ne manquez pas cette chance de d\u00e9couvrir un tr\u00e9sor historique restaur\u00e9 dans toute sa splendeur.","robots":{"index":"index","follow":"follow","max-snippet":"max-snippet:-1","max-image-preview":"max-image-preview:large","max-video-preview":"max-video-preview:-1"},"canonical":"https:\/\/www.locansol.fr\/es\/evenement\/la-redecouverte-dun-chef-doeuvre-monumental-les-volets-du-grand-orgue-de-la-cathedrale-de-perpignan-44\/","og_locale":"es_ES","og_type":"article","og_title":"\u00ab LA RED\u00c9COUVERTE D\u2019UN CHEF D\u2019\u0152UVRE MONUMENTAL \u00bb : LES VOLETS DU GRAND ORGUE DE LA CATH\u00c9DRALE DE PERPIGNAN","og_description":"\u00ab LA RED\u00c9COUVERTE D\u2019UN CHEF D\u2019\u0152UVRE MONUMENTAL \u00bb : LES VOLETS DU GRAND ORGUE DE LA CATH\u00c9DRALE DE PERPIGNAN Du 24 mars au 31 mai, la cath\u00e9drale Saint-Jean-Baptiste de Perpignan accueille une exposition exceptionnelle d\u00e9di\u00e9e \u00e0 la restauration des volets du grand orgue. Situ\u00e9e au 21 Rue Mailly, cette exposition met en lumi\u00e8re un tr\u00e9sor artistique et historique souvent m\u00e9connu. Un Vaste Chantier de Restauration Depuis 2022, sous l\u2019\u00e9gide des services de l\u2019\u00c9tat (Direction r\u00e9gionale des affaires culturelles d\u2019Occitanie), un ambitieux projet de restauration a \u00e9t\u00e9 entrepris pour redonner leur \u00e9clat \u00e0 ces \u0153uvres monumentales. Les volets, peints en 1504, sont parmi les plus impressionnants ensembles picturaux de ce type en Europe. Mesurant 12,6 m\u00e8tres de haut sur 4,3 m\u00e8tres de large, ces panneaux couvrent plus de 83 m\u00b2 chacun, faisant de cet ensemble un chef-d\u2019\u0153uvre probablement sans \u00e9quivalent dans le monde occidental. Une Histoire Riche et Complex Les volets du grand orgue, initialement fix\u00e9s sur le buffet de l\u2019orgue, jouaient un r\u00f4le crucial dans la liturgie. Ils se d\u00e9ployaient selon le calendrier liturgique, cr\u00e9ant un dialogue harmonieux entre musique, architecture et image sacr\u00e9e. Peints \u00e0 la d\u00e9trempe sur toile, ils pr\u00e9sentent une riche polychromie sur leur face principale et une grisaille soign\u00e9e sur leur revers. Au XIXe si\u00e8cle, les volets ont \u00e9t\u00e9 d\u00e9mont\u00e9s et d\u00e9plac\u00e9s, puis fix\u00e9s aux murs de la cath\u00e9drale, au-dessus de la porte dite \u201c de Bethl\u00e9em \u201d, o\u00f9 leur importance a \u00e9t\u00e9 progressivement oubli\u00e9e. Une Opportunit\u00e9 Unique de Red\u00e9couvrir un Patrimoine Cette exposition offre une occasion unique de red\u00e9couvrir un patrimoine exceptionnel. Les visiteurs pourront admirer la restauration minutieuse de ces \u0153uvres, comprendre leur histoire et leur signification spirituelle et artistique. L\u2019exposition est \u00e9galement une excellente opportunit\u00e9 pour les amateurs d\u2019art et d\u2019histoire de d\u00e9couvrir un aspect souvent m\u00e9connu du patrimoine culturel de Perpignan. Informations Pratiques Tarif : 8,00 \u20ac Adresse : 21 Rue Mailly, Perpignan Dates : Du 24 mars au 31 mai Cette exposition promet d\u2019\u00eatre une exp\u00e9rience enrichissante pour tous les amateurs de culture, d\u2019art et de patrimoine. Ne manquez pas cette chance de d\u00e9couvrir un tr\u00e9sor historique restaur\u00e9 dans toute sa splendeur.","og_url":"https:\/\/www.locansol.fr\/es\/evenement\/la-redecouverte-dun-chef-doeuvre-monumental-les-volets-du-grand-orgue-de-la-cathedrale-de-perpignan-44\/","og_site_name":"Locansol, louer un h\u00e9bergement dans les Pyr\u00e9n\u00e9es Orientales","article_modified_time":"2026-04-27T06:08:54+00:00","og_image":[{"width":1024,"height":605,"url":"https:\/\/www.locansol.fr\/wp-content\/uploads\/2026\/04\/volets-orgue-cathedrale-perpignan-1.webp","type":"image\/webp"}],"twitter_card":"summary_large_image","twitter_title":"\u00ab LA RED\u00c9COUVERTE D\u2019UN CHEF D\u2019\u0152UVRE MONUMENTAL \u00bb : LES VOLETS DU GRAND ORGUE DE LA CATH\u00c9DRALE DE PERPIGNAN","twitter_description":"\u00ab LA RED\u00c9COUVERTE D\u2019UN CHEF D\u2019\u0152UVRE MONUMENTAL \u00bb : LES VOLETS DU GRAND ORGUE DE LA CATH\u00c9DRALE DE PERPIGNAN Du 24 mars au 31 mai, la cath\u00e9drale Saint-Jean-Baptiste de Perpignan accueille une exposition exceptionnelle d\u00e9di\u00e9e \u00e0 la restauration des volets du grand orgue. Situ\u00e9e au 21 Rue Mailly, cette exposition met en lumi\u00e8re un tr\u00e9sor artistique et historique souvent m\u00e9connu. Un Vaste Chantier de Restauration Depuis 2022, sous l\u2019\u00e9gide des services de l\u2019\u00c9tat (Direction r\u00e9gionale des affaires culturelles d\u2019Occitanie), un ambitieux projet de restauration a \u00e9t\u00e9 entrepris pour redonner leur \u00e9clat \u00e0 ces \u0153uvres monumentales. Les volets, peints en 1504, sont parmi les plus impressionnants ensembles picturaux de ce type en Europe. Mesurant 12,6 m\u00e8tres de haut sur 4,3 m\u00e8tres de large, ces panneaux couvrent plus de 83 m\u00b2 chacun, faisant de cet ensemble un chef-d\u2019\u0153uvre probablement sans \u00e9quivalent dans le monde occidental. Une Histoire Riche et Complex Les volets du grand orgue, initialement fix\u00e9s sur le buffet de l\u2019orgue, jouaient un r\u00f4le crucial dans la liturgie. Ils se d\u00e9ployaient selon le calendrier liturgique, cr\u00e9ant un dialogue harmonieux entre musique, architecture et image sacr\u00e9e. Peints \u00e0 la d\u00e9trempe sur toile, ils pr\u00e9sentent une riche polychromie sur leur face principale et une grisaille soign\u00e9e sur leur revers. Au XIXe si\u00e8cle, les volets ont \u00e9t\u00e9 d\u00e9mont\u00e9s et d\u00e9plac\u00e9s, puis fix\u00e9s aux murs de la cath\u00e9drale, au-dessus de la porte dite \u201c de Bethl\u00e9em \u201d, o\u00f9 leur importance a \u00e9t\u00e9 progressivement oubli\u00e9e. Une Opportunit\u00e9 Unique de Red\u00e9couvrir un Patrimoine Cette exposition offre une occasion unique de red\u00e9couvrir un patrimoine exceptionnel. Les visiteurs pourront admirer la restauration minutieuse de ces \u0153uvres, comprendre leur histoire et leur signification spirituelle et artistique. L\u2019exposition est \u00e9galement une excellente opportunit\u00e9 pour les amateurs d\u2019art et d\u2019histoire de d\u00e9couvrir un aspect souvent m\u00e9connu du patrimoine culturel de Perpignan. Informations Pratiques Tarif : 8,00 \u20ac Adresse : 21 Rue Mailly, Perpignan Dates : Du 24 mars au 31 mai Cette exposition promet d\u2019\u00eatre une exp\u00e9rience enrichissante pour tous les amateurs de culture, d\u2019art et de patrimoine. Ne manquez pas cette chance de d\u00e9couvrir un tr\u00e9sor historique restaur\u00e9 dans toute sa splendeur.","twitter_image":"https:\/\/www.locansol.fr\/wp-content\/uploads\/2026\/04\/volets-orgue-cathedrale-perpignan-1.webp","twitter_misc":{"Tiempo de lectura":"2 minutos"},"schema":{"@context":"https:\/\/schema.org","@graph":[{"@type":"WebPage","@id":"https:\/\/www.locansol.fr\/evenement\/la-redecouverte-dun-chef-doeuvre-monumental-les-volets-du-grand-orgue-de-la-cathedrale-de-perpignan-44\/","url":"https:\/\/www.locansol.fr\/evenement\/la-redecouverte-dun-chef-doeuvre-monumental-les-volets-du-grand-orgue-de-la-cathedrale-de-perpignan-44\/","name":"\u00ab LA RED\u00c9COUVERTE D\u2019UN CHEF D\u2019\u0152UVRE MONUMENTAL \u00bb : LES VOLETS DU GRAND ORGUE DE LA CATH\u00c9DRALE DE PERPIGNAN","isPartOf":{"@id":"https:\/\/www.locansol.fr\/#website"},"primaryImageOfPage":{"@id":"https:\/\/www.locansol.fr\/evenement\/la-redecouverte-dun-chef-doeuvre-monumental-les-volets-du-grand-orgue-de-la-cathedrale-de-perpignan-44\/#primaryimage"},"image":{"@id":"https:\/\/www.locansol.fr\/evenement\/la-redecouverte-dun-chef-doeuvre-monumental-les-volets-du-grand-orgue-de-la-cathedrale-de-perpignan-44\/#primaryimage"},"thumbnailUrl":"https:\/\/www.locansol.fr\/wp-content\/uploads\/2026\/04\/volets-orgue-cathedrale-perpignan-1.webp","datePublished":"2026-04-27T06:08:51+00:00","dateModified":"2026-04-27T06:08:54+00:00","description":"\u00ab LA RED\u00c9COUVERTE D\u2019UN CHEF D\u2019\u0152UVRE MONUMENTAL \u00bb : LES VOLETS DU GRAND ORGUE DE LA CATH\u00c9DRALE DE PERPIGNAN Du 24 mars au 31 mai, la cath\u00e9drale Saint-Jean-Baptiste de Perpignan accueille une exposition exceptionnelle d\u00e9di\u00e9e \u00e0 la restauration des volets du grand orgue. Situ\u00e9e au 21 Rue Mailly, cette exposition met en lumi\u00e8re un tr\u00e9sor artistique et historique souvent m\u00e9connu. Un Vaste Chantier de Restauration Depuis 2022, sous l\u2019\u00e9gide des services de l\u2019\u00c9tat (Direction r\u00e9gionale des affaires culturelles d\u2019Occitanie), un ambitieux projet de restauration a \u00e9t\u00e9 entrepris pour redonner leur \u00e9clat \u00e0 ces \u0153uvres monumentales. Les volets, peints en 1504, sont parmi les plus impressionnants ensembles picturaux de ce type en Europe. Mesurant 12,6 m\u00e8tres de haut sur 4,3 m\u00e8tres de large, ces panneaux couvrent plus de 83 m\u00b2 chacun, faisant de cet ensemble un chef-d\u2019\u0153uvre probablement sans \u00e9quivalent dans le monde occidental. Une Histoire Riche et Complex Les volets du grand orgue, initialement fix\u00e9s sur le buffet de l\u2019orgue, jouaient un r\u00f4le crucial dans la liturgie. Ils se d\u00e9ployaient selon le calendrier liturgique, cr\u00e9ant un dialogue harmonieux entre musique, architecture et image sacr\u00e9e. Peints \u00e0 la d\u00e9trempe sur toile, ils pr\u00e9sentent une riche polychromie sur leur face principale et une grisaille soign\u00e9e sur leur revers. Au XIXe si\u00e8cle, les volets ont \u00e9t\u00e9 d\u00e9mont\u00e9s et d\u00e9plac\u00e9s, puis fix\u00e9s aux murs de la cath\u00e9drale, au-dessus de la porte dite \u201c de Bethl\u00e9em \u201d, o\u00f9 leur importance a \u00e9t\u00e9 progressivement oubli\u00e9e. Une Opportunit\u00e9 Unique de Red\u00e9couvrir un Patrimoine Cette exposition offre une occasion unique de red\u00e9couvrir un patrimoine exceptionnel. Les visiteurs pourront admirer la restauration minutieuse de ces \u0153uvres, comprendre leur histoire et leur signification spirituelle et artistique. L\u2019exposition est \u00e9galement une excellente opportunit\u00e9 pour les amateurs d\u2019art et d\u2019histoire de d\u00e9couvrir un aspect souvent m\u00e9connu du patrimoine culturel de Perpignan. Informations Pratiques Tarif : 8,00 \u20ac Adresse : 21 Rue Mailly, Perpignan Dates : Du 24 mars au 31 mai Cette exposition promet d\u2019\u00eatre une exp\u00e9rience enrichissante pour tous les amateurs de culture, d\u2019art et de patrimoine. Ne manquez pas cette chance de d\u00e9couvrir un tr\u00e9sor historique restaur\u00e9 dans toute sa splendeur.","breadcrumb":{"@id":"https:\/\/www.locansol.fr\/evenement\/la-redecouverte-dun-chef-doeuvre-monumental-les-volets-du-grand-orgue-de-la-cathedrale-de-perpignan-44\/#breadcrumb"},"inLanguage":"es","potentialAction":[{"@type":"ReadAction","target":["https:\/\/www.locansol.fr\/evenement\/la-redecouverte-dun-chef-doeuvre-monumental-les-volets-du-grand-orgue-de-la-cathedrale-de-perpignan-44\/"]}]},{"@type":"ImageObject","inLanguage":"es","@id":"https:\/\/www.locansol.fr\/evenement\/la-redecouverte-dun-chef-doeuvre-monumental-les-volets-du-grand-orgue-de-la-cathedrale-de-perpignan-44\/#primaryimage","url":"https:\/\/www.locansol.fr\/wp-content\/uploads\/2026\/04\/volets-orgue-cathedrale-perpignan-1.webp","contentUrl":"https:\/\/www.locansol.fr\/wp-content\/uploads\/2026\/04\/volets-orgue-cathedrale-perpignan-1.webp","width":1024,"height":605,"caption":"Exposition volets grand orgue cath\u00e9drale Perpignan - 24 mars au 31 mai"},{"@type":"BreadcrumbList","@id":"https:\/\/www.locansol.fr\/evenement\/la-redecouverte-dun-chef-doeuvre-monumental-les-volets-du-grand-orgue-de-la-cathedrale-de-perpignan-44\/#breadcrumb","itemListElement":[{"@type":"ListItem","position":1,"name":"Accueil","item":"https:\/\/www.locansol.fr\/"},{"@type":"ListItem","position":2,"name":"\u00c9v\u00e8nements","item":"https:\/\/www.locansol.fr\/evenements\/"},{"@type":"ListItem","position":3,"name":"\u00ab LA RED\u00c9COUVERTE D\u2019UN CHEF D\u2019\u0152UVRE MONUMENTAL \u00bb : LES VOLETS DU GRAND ORGUE DE LA CATH\u00c9DRALE DE PERPIGNAN"}]},{"@type":"WebSite","@id":"https:\/\/www.locansol.fr\/#website","url":"https:\/\/www.locansol.fr\/","name":"Locansol, louer un h\u00e9bergement dans les Pyr\u00e9n\u00e9es-Orientales","description":"Location Mobil-home Mer M\u00e9diterran\u00e9e &amp; Chalet de Montagne dans les Pyr\u00e9n\u00e9es Orientales (Occitanie, 66). Weekend, s\u00e9jour &amp; vacances en famille et entre amis.","publisher":{"@id":"https:\/\/www.locansol.fr\/#organization"},"alternateName":"Louer un h\u00e9bergement dans les Pyr\u00e9n\u00e9es Orientales, chalet & mobil-home en Occitanie","potentialAction":[{"@type":"SearchAction","target":{"@type":"EntryPoint","urlTemplate":"https:\/\/www.locansol.fr\/?s={search_term_string}"},"query-input":{"@type":"PropertyValueSpecification","valueRequired":true,"valueName":"search_term_string"}}],"inLanguage":"es"},{"@type":"Organization","@id":"https:\/\/www.locansol.fr\/#organization","name":"Location MobilHome & chalet dans les Pyr\u00e9n\u00e9es Orientales","alternateName":"Louer un h\u00e9bergement dans les Pyr\u00e9n\u00e9es Orientales en Occitanie","url":"https:\/\/www.locansol.fr\/","logo":{"@type":"ImageObject","inLanguage":"es","@id":"https:\/\/www.locansol.fr\/#\/schema\/logo\/image\/","url":"https:\/\/www.locansol.fr\/wp-content\/uploads\/2024\/04\/AdobeStock_303324767-scaled.jpeg","contentUrl":"https:\/\/www.locansol.fr\/wp-content\/uploads\/2024\/04\/AdobeStock_303324767-scaled.jpeg","width":2560,"height":1707,"caption":"Location MobilHome & chalet dans les Pyr\u00e9n\u00e9es Orientales"},"image":{"@id":"https:\/\/www.locansol.fr\/#\/schema\/logo\/image\/"}}]}},"_links":{"self":[{"href":"https:\/\/www.locansol.fr\/es\/wp-json\/wp\/v2\/tribe_events\/6624","targetHints":{"allow":["GET"]}}],"collection":[{"href":"https:\/\/www.locansol.fr\/es\/wp-json\/wp\/v2\/tribe_events"}],"about":[{"href":"https:\/\/www.locansol.fr\/es\/wp-json\/wp\/v2\/types\/tribe_events"}],"author":[{"embeddable":true,"href":"https:\/\/www.locansol.fr\/es\/wp-json\/wp\/v2\/users\/5"}],"version-history":[{"count":1,"href":"https:\/\/www.locansol.fr\/es\/wp-json\/wp\/v2\/tribe_events\/6624\/revisions"}],"predecessor-version":[{"id":6625,"href":"https:\/\/www.locansol.fr\/es\/wp-json\/wp\/v2\/tribe_events\/6624\/revisions\/6625"}],"wp:featuredmedia":[{"embeddable":true,"href":"https:\/\/www.locansol.fr\/es\/wp-json\/wp\/v2\/media\/6621"}],"wp:attachment":[{"href":"https:\/\/www.locansol.fr\/es\/wp-json\/wp\/v2\/media?parent=6624"}],"wp:term":[{"taxonomy":"post_tag","embeddable":true,"href":"https:\/\/www.locansol.fr\/es\/wp-json\/wp\/v2\/tags?post=6624"},{"taxonomy":"tribe_events_cat","embeddable":true,"href":"https:\/\/www.locansol.fr\/es\/wp-json\/wp\/v2\/tribe_events_cat?post=6624"}],"curies":[{"name":"wp","href":"https:\/\/api.w.org\/{rel}","templated":true}]}}