{"id":6678,"date":"2026-04-28T20:13:39","date_gmt":"2026-04-28T18:13:39","guid":{"rendered":"https:\/\/www.locansol.fr\/evenement\/la-redecouverte-dun-chef-doeuvre-monumental-les-volets-du-grand-orgue-de-la-cathedrale-de-perpignan-49\/"},"modified":"2026-04-28T20:13:41","modified_gmt":"2026-04-28T18:13:41","slug":"la-redecouverte-dun-chef-doeuvre-monumental-les-volets-du-grand-orgue-de-la-cathedrale-de-perpignan-49","status":"publish","type":"tribe_events","link":"https:\/\/www.locansol.fr\/es\/evenement\/la-redecouverte-dun-chef-doeuvre-monumental-les-volets-du-grand-orgue-de-la-cathedrale-de-perpignan-49\/","title":{"rendered":"\u00ab LA RED\u00c9COUVERTE D\u2019UN CHEF D\u2019\u0152UVRE MONUMENTAL \u00bb : LES VOLETS DU GRAND ORGUE DE LA CATH\u00c9DRALE DE PERPIGNAN"},"content":{"rendered":"<p>L\u2019exposition \u00ab La Red\u00e9couverte d\u2019un Chef-d\u2019\u0152uvre Monumental \u00bb se tiendra \u00e0 Perpignan du 24 mars au 31 mai 2026. Cet \u00e9v\u00e9nement met en lumi\u00e8re les volets du grand orgue de la cath\u00e9drale Saint-Jean-Baptiste, des \u0153uvres picturales exceptionnelles r\u00e9cemment restaur\u00e9es. Situ\u00e9e au 21 Rue Mailly, cette exposition est un v\u00e9ritable voyage dans le temps et l\u2019art.  Les volets du grand orgue de la cath\u00e9drale Saint-Jean-Baptiste de Perpignan, peints en 1504, sont parmi les ensembles picturaux les plus spectaculaires d\u2019Europe. Ces \u0153uvres monumentales, mesurant 12,6 m\u00e8tres de haut sur 4,3 m\u00e8tres de large, soit plus de 83 m\u00b2 chacune, sont uniques en leur genre. Initialement fix\u00e9s sur le buffet de l\u2019orgue, ces volets \u00e9taient d\u00e9ploy\u00e9s selon le calendrier liturgique, cr\u00e9ant un dialogue entre musique, architecture et image sacr\u00e9e. Peints \u00e0 la d\u00e9trempe sur toile, ils pr\u00e9sentent une riche polychromie sur leur face principale et une grisaille soign\u00e9e sur leur revers.  Depuis 2022, un vaste chantier de restauration, sous l\u2019\u00e9gide de la Direction r\u00e9gionale des affaires culturelles d\u2019Occitanie, a permis de redonner \u00e0 ces \u0153uvres leur visibilit\u00e9 et leur valeur originelles. Cette op\u00e9ration technique, patrimoniale et scientifique a r\u00e9v\u00e9l\u00e9 l\u2019histoire mat\u00e9rielle et la mise en \u0153uvre de ces peintures g\u00e9antes.  L\u2019exposition offre une occasion unique de d\u00e9couvrir ces chefs-d\u2019\u0153uvre dans toute leur splendeur. Les visiteurs pourront admirer la qualit\u00e9 artistique, la fonction liturgique originelle et les dimensions impressionnantes de ces \u0153uvres. Initialement fix\u00e9s sur le buffet de l\u2019orgue, les volets \u00e9taient d\u00e9plac\u00e9s selon le calendrier liturgique, orchestrant un dialogue entre musique, architecture et image sacr\u00e9e.  Au XIXe si\u00e8cle, les volets ont \u00e9t\u00e9 d\u00e9mont\u00e9s et fix\u00e9s aux murs de la cath\u00e9drale, au-dessus de la porte dite \u00ab de Bethl\u00e9em \u00bb, o\u00f9 leur lecture est devenue difficile et leur importance progressivement oubli\u00e9e. L\u2019exposition permet de red\u00e9couvrir ces tr\u00e9sors du patrimoine europ\u00e9en.  Plusieurs raisons font de cette exposition un incontournable. Tout d\u2019abord, la raret\u00e9 et la qualit\u00e9 exceptionnelle des \u0153uvres pr\u00e9sent\u00e9es en font un \u00e9v\u00e9nement culturel majeur. Ensuite, l\u2019ambiance unique de la cath\u00e9drale Saint-Jean-Baptiste, un \u00e9difice gothique du XIVe si\u00e8cle, ajoute une dimension spirituelle et historique \u00e0 la visite. Enfin, l\u2019exposition offre une opportunit\u00e9 unique de comprendre les techniques de restauration et l\u2019histoire mat\u00e9rielle de ces peintures monumentales.  L\u2019exposition est accessible au tarif de 8,00 \u20ac. Ne manquez pas cette occasion unique de plonger dans l\u2019art et l\u2019histoire de Perpignan, en d\u00e9couvrant un chef-d\u2019\u0153uvre monumental restaur\u00e9.<\/p>\n<p><\/p>\n<h3>R\u00e9servez votre h\u00e9bergement dans les Pyr\u00e9n\u00e9es-Orientales :<\/h3>\n<p><b><a href='https:\/\/www.locansol.fr\/es\/alquiler-mobil-home-mediterraneo\/'>Mobil-home Locansol \u00e0 Argel\u00e8s-sur-Mer<\/a><\/b><br \/>Trajet le plus court : 26 km<br \/>Trajet le plus rapide : 31 min<\/p>\n<p><b><a href='https:\/\/www.locansol.fr\/es\/alquiler-chalet-cerdana\/'>Chalet Locansol \u00e0 Estavar<\/a><\/b><br \/>Trajet le plus court : 104 km<br \/>Trajet le plus rapide : 1 h 40 min<\/p>","protected":false},"excerpt":{"rendered":"<p>L\u2019exposition \u00ab La Red\u00e9couverte d\u2019un Chef-d\u2019\u0152uvre Monumental \u00bb se tiendra \u00e0 Perpignan du 24 mars au 31 mai 2026. Cet \u00e9v\u00e9nement met en lumi\u00e8re les volets du grand orgue de [&hellip;]<\/p>","protected":false},"author":5,"featured_media":6675,"template":"","meta":{"_yoast_wpseo_focuskw":"\u00ab LA RED\u00c9COUVERTE D\u2019UN CHEF D\u2019\u0152UVRE MONUMENTAL \u00bb : LES VOLETS DU GRAND ORGUE DE LA CATH\u00c9DRALE DE PERPIGNAN","_yoast_wpseo_title":"\u00ab LA RED\u00c9COUVERTE D\u2019UN CHEF D\u2019\u0152UVRE MONUMENTAL \u00bb : LES VOLETS DU GRAND ORGUE DE LA CATH\u00c9DRALE DE PERPIGNAN","_yoast_wpseo_metadesc":"L\u2019exposition \u00ab La Red\u00e9couverte d\u2019un Chef-d\u2019\u0152uvre Monumental \u00bb se tiendra \u00e0 Perpignan du 24 mars au 31 mai 2026. Cet \u00e9v\u00e9nement met en lumi\u00e8re les volets du grand orgue de la cath\u00e9drale Saint-Jean-Baptiste, des \u0153uvres picturales exceptionnelles r\u00e9cemment restaur\u00e9es. Situ\u00e9e au 21 Rue Mailly, cette exposition est un v\u00e9ritable voyage dans le temps et l\u2019art. Les volets du grand orgue de la cath\u00e9drale Saint-Jean-Baptiste de Perpignan, peints en 1504, sont parmi les ensembles picturaux les plus spectaculaires d\u2019Europe. Ces \u0153uvres monumentales, mesurant 12,6 m\u00e8tres de haut sur 4,3 m\u00e8tres de large, soit plus de 83 m\u00b2 chacune, sont uniques en leur genre. Initialement fix\u00e9s sur le buffet de l\u2019orgue, ces volets \u00e9taient d\u00e9ploy\u00e9s selon le calendrier liturgique, cr\u00e9ant un dialogue entre musique, architecture et image sacr\u00e9e. Peints \u00e0 la d\u00e9trempe sur toile, ils pr\u00e9sentent une riche polychromie sur leur face principale et une grisaille soign\u00e9e sur leur revers. Depuis 2022, un vaste chantier de restauration, sous l\u2019\u00e9gide de la Direction r\u00e9gionale des affaires culturelles d\u2019Occitanie, a permis de redonner \u00e0 ces \u0153uvres leur visibilit\u00e9 et leur valeur originelles. Cette op\u00e9ration technique, patrimoniale et scientifique a r\u00e9v\u00e9l\u00e9 l\u2019histoire mat\u00e9rielle et la mise en \u0153uvre de ces peintures g\u00e9antes. L\u2019exposition offre une occasion unique de d\u00e9couvrir ces chefs-d\u2019\u0153uvre dans toute leur splendeur. Les visiteurs pourront admirer la qualit\u00e9 artistique, la fonction liturgique originelle et les dimensions impressionnantes de ces \u0153uvres. Initialement fix\u00e9s sur le buffet de l\u2019orgue, les volets \u00e9taient d\u00e9plac\u00e9s selon le calendrier liturgique, orchestrant un dialogue entre musique, architecture et image sacr\u00e9e. Au XIXe si\u00e8cle, les volets ont \u00e9t\u00e9 d\u00e9mont\u00e9s et fix\u00e9s aux murs de la cath\u00e9drale, au-dessus de la porte dite \u00ab de Bethl\u00e9em \u00bb, o\u00f9 leur lecture est devenue difficile et leur importance progressivement oubli\u00e9e. L\u2019exposition permet de red\u00e9couvrir ces tr\u00e9sors du patrimoine europ\u00e9en. Plusieurs raisons font de cette exposition un incontournable. Tout d\u2019abord, la raret\u00e9 et la qualit\u00e9 exceptionnelle des \u0153uvres pr\u00e9sent\u00e9es en font un \u00e9v\u00e9nement culturel majeur. Ensuite, l\u2019ambiance unique de la cath\u00e9drale Saint-Jean-Baptiste, un \u00e9difice gothique du XIVe si\u00e8cle, ajoute une dimension spirituelle et historique \u00e0 la visite. Enfin, l\u2019exposition offre une opportunit\u00e9 unique de comprendre les techniques de restauration et l\u2019histoire mat\u00e9rielle de ces peintures monumentales. L\u2019exposition est accessible au tarif de 8,00 \u20ac. Ne manquez pas cette occasion unique de plonger dans l\u2019art et l\u2019histoire de Perpignan, en d\u00e9couvrant un chef-d\u2019\u0153uvre monumental restaur\u00e9.","_yoast_wpseo_canonical":"","_yoast_wpseo_opengraph-title":"\u00ab LA RED\u00c9COUVERTE D\u2019UN CHEF D\u2019\u0152UVRE MONUMENTAL \u00bb : LES VOLETS DU GRAND ORGUE DE LA CATH\u00c9DRALE DE PERPIGNAN","_yoast_wpseo_opengraph-description":"L\u2019exposition \u00ab La Red\u00e9couverte d\u2019un Chef-d\u2019\u0152uvre Monumental \u00bb se tiendra \u00e0 Perpignan du 24 mars au 31 mai 2026. Cet \u00e9v\u00e9nement met en lumi\u00e8re les volets du grand orgue de la cath\u00e9drale Saint-Jean-Baptiste, des \u0153uvres picturales exceptionnelles r\u00e9cemment restaur\u00e9es. Situ\u00e9e au 21 Rue Mailly, cette exposition est un v\u00e9ritable voyage dans le temps et l\u2019art. Les volets du grand orgue de la cath\u00e9drale Saint-Jean-Baptiste de Perpignan, peints en 1504, sont parmi les ensembles picturaux les plus spectaculaires d\u2019Europe. Ces \u0153uvres monumentales, mesurant 12,6 m\u00e8tres de haut sur 4,3 m\u00e8tres de large, soit plus de 83 m\u00b2 chacune, sont uniques en leur genre. Initialement fix\u00e9s sur le buffet de l\u2019orgue, ces volets \u00e9taient d\u00e9ploy\u00e9s selon le calendrier liturgique, cr\u00e9ant un dialogue entre musique, architecture et image sacr\u00e9e. Peints \u00e0 la d\u00e9trempe sur toile, ils pr\u00e9sentent une riche polychromie sur leur face principale et une grisaille soign\u00e9e sur leur revers. Depuis 2022, un vaste chantier de restauration, sous l\u2019\u00e9gide de la Direction r\u00e9gionale des affaires culturelles d\u2019Occitanie, a permis de redonner \u00e0 ces \u0153uvres leur visibilit\u00e9 et leur valeur originelles. Cette op\u00e9ration technique, patrimoniale et scientifique a r\u00e9v\u00e9l\u00e9 l\u2019histoire mat\u00e9rielle et la mise en \u0153uvre de ces peintures g\u00e9antes. L\u2019exposition offre une occasion unique de d\u00e9couvrir ces chefs-d\u2019\u0153uvre dans toute leur splendeur. Les visiteurs pourront admirer la qualit\u00e9 artistique, la fonction liturgique originelle et les dimensions impressionnantes de ces \u0153uvres. Initialement fix\u00e9s sur le buffet de l\u2019orgue, les volets \u00e9taient d\u00e9plac\u00e9s selon le calendrier liturgique, orchestrant un dialogue entre musique, architecture et image sacr\u00e9e. Au XIXe si\u00e8cle, les volets ont \u00e9t\u00e9 d\u00e9mont\u00e9s et fix\u00e9s aux murs de la cath\u00e9drale, au-dessus de la porte dite \u00ab de Bethl\u00e9em \u00bb, o\u00f9 leur lecture est devenue difficile et leur importance progressivement oubli\u00e9e. L\u2019exposition permet de red\u00e9couvrir ces tr\u00e9sors du patrimoine europ\u00e9en. Plusieurs raisons font de cette exposition un incontournable. Tout d\u2019abord, la raret\u00e9 et la qualit\u00e9 exceptionnelle des \u0153uvres pr\u00e9sent\u00e9es en font un \u00e9v\u00e9nement culturel majeur. Ensuite, l\u2019ambiance unique de la cath\u00e9drale Saint-Jean-Baptiste, un \u00e9difice gothique du XIVe si\u00e8cle, ajoute une dimension spirituelle et historique \u00e0 la visite. Enfin, l\u2019exposition offre une opportunit\u00e9 unique de comprendre les techniques de restauration et l\u2019histoire mat\u00e9rielle de ces peintures monumentales. L\u2019exposition est accessible au tarif de 8,00 \u20ac. Ne manquez pas cette occasion unique de plonger dans l\u2019art et l\u2019histoire de Perpignan, en d\u00e9couvrant un chef-d\u2019\u0153uvre monumental restaur\u00e9.","_yoast_wpseo_opengraph-image":"https:\/\/www.locansol.fr\/wp-content\/uploads\/2026\/04\/exposition-chef-d-oeuvre-perpignan.webp","_yoast_wpseo_opengraph-image-id":"6675","_yoast_wpseo_twitter-title":"\u00ab LA RED\u00c9COUVERTE D\u2019UN CHEF D\u2019\u0152UVRE MONUMENTAL \u00bb : LES VOLETS DU GRAND ORGUE DE LA CATH\u00c9DRALE DE PERPIGNAN","_yoast_wpseo_twitter-description":"L\u2019exposition \u00ab La Red\u00e9couverte d\u2019un Chef-d\u2019\u0152uvre Monumental \u00bb se tiendra \u00e0 Perpignan du 24 mars au 31 mai 2026. Cet \u00e9v\u00e9nement met en lumi\u00e8re les volets du grand orgue de la cath\u00e9drale Saint-Jean-Baptiste, des \u0153uvres picturales exceptionnelles r\u00e9cemment restaur\u00e9es. Situ\u00e9e au 21 Rue Mailly, cette exposition est un v\u00e9ritable voyage dans le temps et l\u2019art. Les volets du grand orgue de la cath\u00e9drale Saint-Jean-Baptiste de Perpignan, peints en 1504, sont parmi les ensembles picturaux les plus spectaculaires d\u2019Europe. Ces \u0153uvres monumentales, mesurant 12,6 m\u00e8tres de haut sur 4,3 m\u00e8tres de large, soit plus de 83 m\u00b2 chacune, sont uniques en leur genre. Initialement fix\u00e9s sur le buffet de l\u2019orgue, ces volets \u00e9taient d\u00e9ploy\u00e9s selon le calendrier liturgique, cr\u00e9ant un dialogue entre musique, architecture et image sacr\u00e9e. Peints \u00e0 la d\u00e9trempe sur toile, ils pr\u00e9sentent une riche polychromie sur leur face principale et une grisaille soign\u00e9e sur leur revers. Depuis 2022, un vaste chantier de restauration, sous l\u2019\u00e9gide de la Direction r\u00e9gionale des affaires culturelles d\u2019Occitanie, a permis de redonner \u00e0 ces \u0153uvres leur visibilit\u00e9 et leur valeur originelles. Cette op\u00e9ration technique, patrimoniale et scientifique a r\u00e9v\u00e9l\u00e9 l\u2019histoire mat\u00e9rielle et la mise en \u0153uvre de ces peintures g\u00e9antes. L\u2019exposition offre une occasion unique de d\u00e9couvrir ces chefs-d\u2019\u0153uvre dans toute leur splendeur. Les visiteurs pourront admirer la qualit\u00e9 artistique, la fonction liturgique originelle et les dimensions impressionnantes de ces \u0153uvres. Initialement fix\u00e9s sur le buffet de l\u2019orgue, les volets \u00e9taient d\u00e9plac\u00e9s selon le calendrier liturgique, orchestrant un dialogue entre musique, architecture et image sacr\u00e9e. Au XIXe si\u00e8cle, les volets ont \u00e9t\u00e9 d\u00e9mont\u00e9s et fix\u00e9s aux murs de la cath\u00e9drale, au-dessus de la porte dite \u00ab de Bethl\u00e9em \u00bb, o\u00f9 leur lecture est devenue difficile et leur importance progressivement oubli\u00e9e. L\u2019exposition permet de red\u00e9couvrir ces tr\u00e9sors du patrimoine europ\u00e9en. Plusieurs raisons font de cette exposition un incontournable. Tout d\u2019abord, la raret\u00e9 et la qualit\u00e9 exceptionnelle des \u0153uvres pr\u00e9sent\u00e9es en font un \u00e9v\u00e9nement culturel majeur. Ensuite, l\u2019ambiance unique de la cath\u00e9drale Saint-Jean-Baptiste, un \u00e9difice gothique du XIVe si\u00e8cle, ajoute une dimension spirituelle et historique \u00e0 la visite. Enfin, l\u2019exposition offre une opportunit\u00e9 unique de comprendre les techniques de restauration et l\u2019histoire mat\u00e9rielle de ces peintures monumentales. L\u2019exposition est accessible au tarif de 8,00 \u20ac. Ne manquez pas cette occasion unique de plonger dans l\u2019art et l\u2019histoire de Perpignan, en d\u00e9couvrant un chef-d\u2019\u0153uvre monumental restaur\u00e9.","_yoast_wpseo_twitter-image":"https:\/\/www.locansol.fr\/wp-content\/uploads\/2026\/04\/exposition-chef-d-oeuvre-perpignan.webp","_yoast_wpseo_twitter-image-id":"6675}","yoast_primary_category":"Exposition","_tribe_events_status":"","_tribe_events_status_reason":"","_tribe_events_is_hybrid":"","_tribe_events_is_virtual":"","_tribe_events_virtual_video_source":"","_tribe_events_virtual_embed_video":"","_tribe_events_virtual_linked_button_text":"","_tribe_events_virtual_linked_button":"","_tribe_events_virtual_show_embed_at":"","_tribe_events_virtual_show_embed_to":[],"_tribe_events_virtual_show_on_event":"","_tribe_events_virtual_show_on_views":"","_tribe_events_virtual_url":"","footnotes":""},"tags":[66,76],"tribe_events_cat":[138,90,160,169],"class_list":["post-6678","tribe_events","type-tribe_events","status-publish","has-post-thumbnail","hentry","tag-evenement-culturel","tag-pyrenees-orientales","tribe_events_cat-evenement-culturel","tribe_events_cat-exposition","tribe_events_cat-peinture","tribe_events_cat-pyrenees-orientales","cat_evenement-culturel","cat_exposition","cat_peinture","cat_pyrenees-orientales"],"yoast_head":"<!-- This site is optimized with the Yoast SEO Premium plugin v23.3 (Yoast SEO v26.9) - https:\/\/yoast.com\/product\/yoast-seo-premium-wordpress\/ -->\n<title>\u00ab LA RED\u00c9COUVERTE D\u2019UN CHEF D\u2019\u0152UVRE MONUMENTAL \u00bb : LES VOLETS DU GRAND ORGUE DE LA CATH\u00c9DRALE DE PERPIGNAN<\/title>\n<meta name=\"description\" content=\"L\u2019exposition \u00ab La Red\u00e9couverte d\u2019un Chef-d\u2019\u0152uvre Monumental \u00bb se tiendra \u00e0 Perpignan du 24 mars au 31 mai 2026. Cet \u00e9v\u00e9nement met en lumi\u00e8re les volets du grand orgue de la cath\u00e9drale Saint-Jean-Baptiste, des \u0153uvres picturales exceptionnelles r\u00e9cemment restaur\u00e9es. Situ\u00e9e au 21 Rue Mailly, cette exposition est un v\u00e9ritable voyage dans le temps et l\u2019art. Les volets du grand orgue de la cath\u00e9drale Saint-Jean-Baptiste de Perpignan, peints en 1504, sont parmi les ensembles picturaux les plus spectaculaires d\u2019Europe. Ces \u0153uvres monumentales, mesurant 12,6 m\u00e8tres de haut sur 4,3 m\u00e8tres de large, soit plus de 83 m\u00b2 chacune, sont uniques en leur genre. Initialement fix\u00e9s sur le buffet de l\u2019orgue, ces volets \u00e9taient d\u00e9ploy\u00e9s selon le calendrier liturgique, cr\u00e9ant un dialogue entre musique, architecture et image sacr\u00e9e. Peints \u00e0 la d\u00e9trempe sur toile, ils pr\u00e9sentent une riche polychromie sur leur face principale et une grisaille soign\u00e9e sur leur revers. Depuis 2022, un vaste chantier de restauration, sous l\u2019\u00e9gide de la Direction r\u00e9gionale des affaires culturelles d\u2019Occitanie, a permis de redonner \u00e0 ces \u0153uvres leur visibilit\u00e9 et leur valeur originelles. Cette op\u00e9ration technique, patrimoniale et scientifique a r\u00e9v\u00e9l\u00e9 l\u2019histoire mat\u00e9rielle et la mise en \u0153uvre de ces peintures g\u00e9antes. L\u2019exposition offre une occasion unique de d\u00e9couvrir ces chefs-d\u2019\u0153uvre dans toute leur splendeur. Les visiteurs pourront admirer la qualit\u00e9 artistique, la fonction liturgique originelle et les dimensions impressionnantes de ces \u0153uvres. Initialement fix\u00e9s sur le buffet de l\u2019orgue, les volets \u00e9taient d\u00e9plac\u00e9s selon le calendrier liturgique, orchestrant un dialogue entre musique, architecture et image sacr\u00e9e. Au XIXe si\u00e8cle, les volets ont \u00e9t\u00e9 d\u00e9mont\u00e9s et fix\u00e9s aux murs de la cath\u00e9drale, au-dessus de la porte dite \u00ab de Bethl\u00e9em \u00bb, o\u00f9 leur lecture est devenue difficile et leur importance progressivement oubli\u00e9e. L\u2019exposition permet de red\u00e9couvrir ces tr\u00e9sors du patrimoine europ\u00e9en. Plusieurs raisons font de cette exposition un incontournable. Tout d\u2019abord, la raret\u00e9 et la qualit\u00e9 exceptionnelle des \u0153uvres pr\u00e9sent\u00e9es en font un \u00e9v\u00e9nement culturel majeur. Ensuite, l\u2019ambiance unique de la cath\u00e9drale Saint-Jean-Baptiste, un \u00e9difice gothique du XIVe si\u00e8cle, ajoute une dimension spirituelle et historique \u00e0 la visite. Enfin, l\u2019exposition offre une opportunit\u00e9 unique de comprendre les techniques de restauration et l\u2019histoire mat\u00e9rielle de ces peintures monumentales. L\u2019exposition est accessible au tarif de 8,00 \u20ac. Ne manquez pas cette occasion unique de plonger dans l\u2019art et l\u2019histoire de Perpignan, en d\u00e9couvrant un chef-d\u2019\u0153uvre monumental restaur\u00e9.\" \/>\n<meta name=\"robots\" content=\"index, follow, max-snippet:-1, max-image-preview:large, max-video-preview:-1\" \/>\n<link rel=\"canonical\" href=\"https:\/\/www.locansol.fr\/es\/evenement\/la-redecouverte-dun-chef-doeuvre-monumental-les-volets-du-grand-orgue-de-la-cathedrale-de-perpignan-49\/\" \/>\n<meta property=\"og:locale\" content=\"es_ES\" \/>\n<meta property=\"og:type\" content=\"article\" \/>\n<meta property=\"og:title\" content=\"\u00ab LA RED\u00c9COUVERTE D\u2019UN CHEF D\u2019\u0152UVRE MONUMENTAL \u00bb : LES VOLETS DU GRAND ORGUE DE LA CATH\u00c9DRALE DE PERPIGNAN\" \/>\n<meta property=\"og:description\" content=\"L\u2019exposition \u00ab La Red\u00e9couverte d\u2019un Chef-d\u2019\u0152uvre Monumental \u00bb se tiendra \u00e0 Perpignan du 24 mars au 31 mai 2026. Cet \u00e9v\u00e9nement met en lumi\u00e8re les volets du grand orgue de la cath\u00e9drale Saint-Jean-Baptiste, des \u0153uvres picturales exceptionnelles r\u00e9cemment restaur\u00e9es. Situ\u00e9e au 21 Rue Mailly, cette exposition est un v\u00e9ritable voyage dans le temps et l\u2019art. Les volets du grand orgue de la cath\u00e9drale Saint-Jean-Baptiste de Perpignan, peints en 1504, sont parmi les ensembles picturaux les plus spectaculaires d\u2019Europe. Ces \u0153uvres monumentales, mesurant 12,6 m\u00e8tres de haut sur 4,3 m\u00e8tres de large, soit plus de 83 m\u00b2 chacune, sont uniques en leur genre. Initialement fix\u00e9s sur le buffet de l\u2019orgue, ces volets \u00e9taient d\u00e9ploy\u00e9s selon le calendrier liturgique, cr\u00e9ant un dialogue entre musique, architecture et image sacr\u00e9e. Peints \u00e0 la d\u00e9trempe sur toile, ils pr\u00e9sentent une riche polychromie sur leur face principale et une grisaille soign\u00e9e sur leur revers. Depuis 2022, un vaste chantier de restauration, sous l\u2019\u00e9gide de la Direction r\u00e9gionale des affaires culturelles d\u2019Occitanie, a permis de redonner \u00e0 ces \u0153uvres leur visibilit\u00e9 et leur valeur originelles. Cette op\u00e9ration technique, patrimoniale et scientifique a r\u00e9v\u00e9l\u00e9 l\u2019histoire mat\u00e9rielle et la mise en \u0153uvre de ces peintures g\u00e9antes. L\u2019exposition offre une occasion unique de d\u00e9couvrir ces chefs-d\u2019\u0153uvre dans toute leur splendeur. Les visiteurs pourront admirer la qualit\u00e9 artistique, la fonction liturgique originelle et les dimensions impressionnantes de ces \u0153uvres. Initialement fix\u00e9s sur le buffet de l\u2019orgue, les volets \u00e9taient d\u00e9plac\u00e9s selon le calendrier liturgique, orchestrant un dialogue entre musique, architecture et image sacr\u00e9e. Au XIXe si\u00e8cle, les volets ont \u00e9t\u00e9 d\u00e9mont\u00e9s et fix\u00e9s aux murs de la cath\u00e9drale, au-dessus de la porte dite \u00ab de Bethl\u00e9em \u00bb, o\u00f9 leur lecture est devenue difficile et leur importance progressivement oubli\u00e9e. L\u2019exposition permet de red\u00e9couvrir ces tr\u00e9sors du patrimoine europ\u00e9en. Plusieurs raisons font de cette exposition un incontournable. Tout d\u2019abord, la raret\u00e9 et la qualit\u00e9 exceptionnelle des \u0153uvres pr\u00e9sent\u00e9es en font un \u00e9v\u00e9nement culturel majeur. Ensuite, l\u2019ambiance unique de la cath\u00e9drale Saint-Jean-Baptiste, un \u00e9difice gothique du XIVe si\u00e8cle, ajoute une dimension spirituelle et historique \u00e0 la visite. Enfin, l\u2019exposition offre une opportunit\u00e9 unique de comprendre les techniques de restauration et l\u2019histoire mat\u00e9rielle de ces peintures monumentales. L\u2019exposition est accessible au tarif de 8,00 \u20ac. Ne manquez pas cette occasion unique de plonger dans l\u2019art et l\u2019histoire de Perpignan, en d\u00e9couvrant un chef-d\u2019\u0153uvre monumental restaur\u00e9.\" \/>\n<meta property=\"og:url\" content=\"https:\/\/www.locansol.fr\/es\/evenement\/la-redecouverte-dun-chef-doeuvre-monumental-les-volets-du-grand-orgue-de-la-cathedrale-de-perpignan-49\/\" \/>\n<meta property=\"og:site_name\" content=\"Locansol, louer un h\u00e9bergement dans les Pyr\u00e9n\u00e9es Orientales\" \/>\n<meta property=\"article:modified_time\" content=\"2026-04-28T18:13:41+00:00\" \/>\n<meta property=\"og:image\" content=\"https:\/\/www.locansol.fr\/wp-content\/uploads\/2026\/04\/exposition-chef-d-oeuvre-perpignan.webp\" \/>\n\t<meta property=\"og:image:width\" content=\"1024\" \/>\n\t<meta property=\"og:image:height\" content=\"605\" \/>\n\t<meta property=\"og:image:type\" content=\"image\/webp\" \/>\n<meta name=\"twitter:card\" content=\"summary_large_image\" \/>\n<meta name=\"twitter:title\" content=\"\u00ab LA RED\u00c9COUVERTE D\u2019UN CHEF D\u2019\u0152UVRE MONUMENTAL \u00bb : LES VOLETS DU GRAND ORGUE DE LA CATH\u00c9DRALE DE PERPIGNAN\" \/>\n<meta name=\"twitter:description\" content=\"L\u2019exposition \u00ab La Red\u00e9couverte d\u2019un Chef-d\u2019\u0152uvre Monumental \u00bb se tiendra \u00e0 Perpignan du 24 mars au 31 mai 2026. Cet \u00e9v\u00e9nement met en lumi\u00e8re les volets du grand orgue de la cath\u00e9drale Saint-Jean-Baptiste, des \u0153uvres picturales exceptionnelles r\u00e9cemment restaur\u00e9es. Situ\u00e9e au 21 Rue Mailly, cette exposition est un v\u00e9ritable voyage dans le temps et l\u2019art. Les volets du grand orgue de la cath\u00e9drale Saint-Jean-Baptiste de Perpignan, peints en 1504, sont parmi les ensembles picturaux les plus spectaculaires d\u2019Europe. Ces \u0153uvres monumentales, mesurant 12,6 m\u00e8tres de haut sur 4,3 m\u00e8tres de large, soit plus de 83 m\u00b2 chacune, sont uniques en leur genre. Initialement fix\u00e9s sur le buffet de l\u2019orgue, ces volets \u00e9taient d\u00e9ploy\u00e9s selon le calendrier liturgique, cr\u00e9ant un dialogue entre musique, architecture et image sacr\u00e9e. Peints \u00e0 la d\u00e9trempe sur toile, ils pr\u00e9sentent une riche polychromie sur leur face principale et une grisaille soign\u00e9e sur leur revers. Depuis 2022, un vaste chantier de restauration, sous l\u2019\u00e9gide de la Direction r\u00e9gionale des affaires culturelles d\u2019Occitanie, a permis de redonner \u00e0 ces \u0153uvres leur visibilit\u00e9 et leur valeur originelles. Cette op\u00e9ration technique, patrimoniale et scientifique a r\u00e9v\u00e9l\u00e9 l\u2019histoire mat\u00e9rielle et la mise en \u0153uvre de ces peintures g\u00e9antes. L\u2019exposition offre une occasion unique de d\u00e9couvrir ces chefs-d\u2019\u0153uvre dans toute leur splendeur. Les visiteurs pourront admirer la qualit\u00e9 artistique, la fonction liturgique originelle et les dimensions impressionnantes de ces \u0153uvres. Initialement fix\u00e9s sur le buffet de l\u2019orgue, les volets \u00e9taient d\u00e9plac\u00e9s selon le calendrier liturgique, orchestrant un dialogue entre musique, architecture et image sacr\u00e9e. Au XIXe si\u00e8cle, les volets ont \u00e9t\u00e9 d\u00e9mont\u00e9s et fix\u00e9s aux murs de la cath\u00e9drale, au-dessus de la porte dite \u00ab de Bethl\u00e9em \u00bb, o\u00f9 leur lecture est devenue difficile et leur importance progressivement oubli\u00e9e. L\u2019exposition permet de red\u00e9couvrir ces tr\u00e9sors du patrimoine europ\u00e9en. Plusieurs raisons font de cette exposition un incontournable. Tout d\u2019abord, la raret\u00e9 et la qualit\u00e9 exceptionnelle des \u0153uvres pr\u00e9sent\u00e9es en font un \u00e9v\u00e9nement culturel majeur. Ensuite, l\u2019ambiance unique de la cath\u00e9drale Saint-Jean-Baptiste, un \u00e9difice gothique du XIVe si\u00e8cle, ajoute une dimension spirituelle et historique \u00e0 la visite. Enfin, l\u2019exposition offre une opportunit\u00e9 unique de comprendre les techniques de restauration et l\u2019histoire mat\u00e9rielle de ces peintures monumentales. L\u2019exposition est accessible au tarif de 8,00 \u20ac. Ne manquez pas cette occasion unique de plonger dans l\u2019art et l\u2019histoire de Perpignan, en d\u00e9couvrant un chef-d\u2019\u0153uvre monumental restaur\u00e9.\" \/>\n<meta name=\"twitter:image\" content=\"https:\/\/www.locansol.fr\/wp-content\/uploads\/2026\/04\/exposition-chef-d-oeuvre-perpignan.webp\" \/>\n<meta name=\"twitter:label1\" content=\"Tiempo de lectura\" \/>\n\t<meta name=\"twitter:data1\" content=\"2 minutos\" \/>\n<script type=\"application\/ld+json\" class=\"yoast-schema-graph\">{\"@context\":\"https:\/\/schema.org\",\"@graph\":[{\"@type\":\"WebPage\",\"@id\":\"https:\/\/www.locansol.fr\/evenement\/la-redecouverte-dun-chef-doeuvre-monumental-les-volets-du-grand-orgue-de-la-cathedrale-de-perpignan-49\/\",\"url\":\"https:\/\/www.locansol.fr\/evenement\/la-redecouverte-dun-chef-doeuvre-monumental-les-volets-du-grand-orgue-de-la-cathedrale-de-perpignan-49\/\",\"name\":\"\u00ab LA RED\u00c9COUVERTE D\u2019UN CHEF D\u2019\u0152UVRE MONUMENTAL \u00bb : LES VOLETS DU GRAND ORGUE DE LA CATH\u00c9DRALE DE PERPIGNAN\",\"isPartOf\":{\"@id\":\"https:\/\/www.locansol.fr\/#website\"},\"primaryImageOfPage\":{\"@id\":\"https:\/\/www.locansol.fr\/evenement\/la-redecouverte-dun-chef-doeuvre-monumental-les-volets-du-grand-orgue-de-la-cathedrale-de-perpignan-49\/#primaryimage\"},\"image\":{\"@id\":\"https:\/\/www.locansol.fr\/evenement\/la-redecouverte-dun-chef-doeuvre-monumental-les-volets-du-grand-orgue-de-la-cathedrale-de-perpignan-49\/#primaryimage\"},\"thumbnailUrl\":\"https:\/\/www.locansol.fr\/wp-content\/uploads\/2026\/04\/exposition-chef-d-oeuvre-perpignan.webp\",\"datePublished\":\"2026-04-28T18:13:39+00:00\",\"dateModified\":\"2026-04-28T18:13:41+00:00\",\"description\":\"L\u2019exposition \u00ab La Red\u00e9couverte d\u2019un Chef-d\u2019\u0152uvre Monumental \u00bb se tiendra \u00e0 Perpignan du 24 mars au 31 mai 2026. Cet \u00e9v\u00e9nement met en lumi\u00e8re les volets du grand orgue de la cath\u00e9drale Saint-Jean-Baptiste, des \u0153uvres picturales exceptionnelles r\u00e9cemment restaur\u00e9es. Situ\u00e9e au 21 Rue Mailly, cette exposition est un v\u00e9ritable voyage dans le temps et l\u2019art. Les volets du grand orgue de la cath\u00e9drale Saint-Jean-Baptiste de Perpignan, peints en 1504, sont parmi les ensembles picturaux les plus spectaculaires d\u2019Europe. Ces \u0153uvres monumentales, mesurant 12,6 m\u00e8tres de haut sur 4,3 m\u00e8tres de large, soit plus de 83 m\u00b2 chacune, sont uniques en leur genre. Initialement fix\u00e9s sur le buffet de l\u2019orgue, ces volets \u00e9taient d\u00e9ploy\u00e9s selon le calendrier liturgique, cr\u00e9ant un dialogue entre musique, architecture et image sacr\u00e9e. Peints \u00e0 la d\u00e9trempe sur toile, ils pr\u00e9sentent une riche polychromie sur leur face principale et une grisaille soign\u00e9e sur leur revers. Depuis 2022, un vaste chantier de restauration, sous l\u2019\u00e9gide de la Direction r\u00e9gionale des affaires culturelles d\u2019Occitanie, a permis de redonner \u00e0 ces \u0153uvres leur visibilit\u00e9 et leur valeur originelles. Cette op\u00e9ration technique, patrimoniale et scientifique a r\u00e9v\u00e9l\u00e9 l\u2019histoire mat\u00e9rielle et la mise en \u0153uvre de ces peintures g\u00e9antes. L\u2019exposition offre une occasion unique de d\u00e9couvrir ces chefs-d\u2019\u0153uvre dans toute leur splendeur. Les visiteurs pourront admirer la qualit\u00e9 artistique, la fonction liturgique originelle et les dimensions impressionnantes de ces \u0153uvres. Initialement fix\u00e9s sur le buffet de l\u2019orgue, les volets \u00e9taient d\u00e9plac\u00e9s selon le calendrier liturgique, orchestrant un dialogue entre musique, architecture et image sacr\u00e9e. Au XIXe si\u00e8cle, les volets ont \u00e9t\u00e9 d\u00e9mont\u00e9s et fix\u00e9s aux murs de la cath\u00e9drale, au-dessus de la porte dite \u00ab de Bethl\u00e9em \u00bb, o\u00f9 leur lecture est devenue difficile et leur importance progressivement oubli\u00e9e. L\u2019exposition permet de red\u00e9couvrir ces tr\u00e9sors du patrimoine europ\u00e9en. Plusieurs raisons font de cette exposition un incontournable. Tout d\u2019abord, la raret\u00e9 et la qualit\u00e9 exceptionnelle des \u0153uvres pr\u00e9sent\u00e9es en font un \u00e9v\u00e9nement culturel majeur. Ensuite, l\u2019ambiance unique de la cath\u00e9drale Saint-Jean-Baptiste, un \u00e9difice gothique du XIVe si\u00e8cle, ajoute une dimension spirituelle et historique \u00e0 la visite. Enfin, l\u2019exposition offre une opportunit\u00e9 unique de comprendre les techniques de restauration et l\u2019histoire mat\u00e9rielle de ces peintures monumentales. L\u2019exposition est accessible au tarif de 8,00 \u20ac. Ne manquez pas cette occasion unique de plonger dans l\u2019art et l\u2019histoire de Perpignan, en d\u00e9couvrant un chef-d\u2019\u0153uvre monumental restaur\u00e9.\",\"breadcrumb\":{\"@id\":\"https:\/\/www.locansol.fr\/evenement\/la-redecouverte-dun-chef-doeuvre-monumental-les-volets-du-grand-orgue-de-la-cathedrale-de-perpignan-49\/#breadcrumb\"},\"inLanguage\":\"es\",\"potentialAction\":[{\"@type\":\"ReadAction\",\"target\":[\"https:\/\/www.locansol.fr\/evenement\/la-redecouverte-dun-chef-doeuvre-monumental-les-volets-du-grand-orgue-de-la-cathedrale-de-perpignan-49\/\"]}]},{\"@type\":\"ImageObject\",\"inLanguage\":\"es\",\"@id\":\"https:\/\/www.locansol.fr\/evenement\/la-redecouverte-dun-chef-doeuvre-monumental-les-volets-du-grand-orgue-de-la-cathedrale-de-perpignan-49\/#primaryimage\",\"url\":\"https:\/\/www.locansol.fr\/wp-content\/uploads\/2026\/04\/exposition-chef-d-oeuvre-perpignan.webp\",\"contentUrl\":\"https:\/\/www.locansol.fr\/wp-content\/uploads\/2026\/04\/exposition-chef-d-oeuvre-perpignan.webp\",\"width\":1024,\"height\":605,\"caption\":\"La Red\u00e9couverte d\u2019un Chef-d\u2019\u0152uvre Monumental \u00e0 Perpignan\"},{\"@type\":\"BreadcrumbList\",\"@id\":\"https:\/\/www.locansol.fr\/evenement\/la-redecouverte-dun-chef-doeuvre-monumental-les-volets-du-grand-orgue-de-la-cathedrale-de-perpignan-49\/#breadcrumb\",\"itemListElement\":[{\"@type\":\"ListItem\",\"position\":1,\"name\":\"Accueil\",\"item\":\"https:\/\/www.locansol.fr\/\"},{\"@type\":\"ListItem\",\"position\":2,\"name\":\"\u00c9v\u00e8nements\",\"item\":\"https:\/\/www.locansol.fr\/evenements\/\"},{\"@type\":\"ListItem\",\"position\":3,\"name\":\"\u00ab LA RED\u00c9COUVERTE D\u2019UN CHEF D\u2019\u0152UVRE MONUMENTAL \u00bb : LES VOLETS DU GRAND ORGUE DE LA CATH\u00c9DRALE DE PERPIGNAN\"}]},{\"@type\":\"WebSite\",\"@id\":\"https:\/\/www.locansol.fr\/#website\",\"url\":\"https:\/\/www.locansol.fr\/\",\"name\":\"Locansol, louer un h\u00e9bergement dans les Pyr\u00e9n\u00e9es-Orientales\",\"description\":\"Location Mobil-home Mer M\u00e9diterran\u00e9e &amp; Chalet de Montagne dans les Pyr\u00e9n\u00e9es Orientales (Occitanie, 66). Weekend, s\u00e9jour &amp; vacances en famille et entre amis.\",\"publisher\":{\"@id\":\"https:\/\/www.locansol.fr\/#organization\"},\"alternateName\":\"Louer un h\u00e9bergement dans les Pyr\u00e9n\u00e9es Orientales, chalet & mobil-home en Occitanie\",\"potentialAction\":[{\"@type\":\"SearchAction\",\"target\":{\"@type\":\"EntryPoint\",\"urlTemplate\":\"https:\/\/www.locansol.fr\/?s={search_term_string}\"},\"query-input\":{\"@type\":\"PropertyValueSpecification\",\"valueRequired\":true,\"valueName\":\"search_term_string\"}}],\"inLanguage\":\"es\"},{\"@type\":\"Organization\",\"@id\":\"https:\/\/www.locansol.fr\/#organization\",\"name\":\"Location MobilHome & chalet dans les Pyr\u00e9n\u00e9es Orientales\",\"alternateName\":\"Louer un h\u00e9bergement dans les Pyr\u00e9n\u00e9es Orientales en Occitanie\",\"url\":\"https:\/\/www.locansol.fr\/\",\"logo\":{\"@type\":\"ImageObject\",\"inLanguage\":\"es\",\"@id\":\"https:\/\/www.locansol.fr\/#\/schema\/logo\/image\/\",\"url\":\"https:\/\/www.locansol.fr\/wp-content\/uploads\/2024\/04\/AdobeStock_303324767-scaled.jpeg\",\"contentUrl\":\"https:\/\/www.locansol.fr\/wp-content\/uploads\/2024\/04\/AdobeStock_303324767-scaled.jpeg\",\"width\":2560,\"height\":1707,\"caption\":\"Location MobilHome & chalet dans les Pyr\u00e9n\u00e9es Orientales\"},\"image\":{\"@id\":\"https:\/\/www.locansol.fr\/#\/schema\/logo\/image\/\"}}]}<\/script>\n<!-- \/ Yoast SEO Premium plugin. -->","yoast_head_json":{"title":"\u00ab LA RED\u00c9COUVERTE D\u2019UN CHEF D\u2019\u0152UVRE MONUMENTAL \u00bb : LES VOLETS DU GRAND ORGUE DE LA CATH\u00c9DRALE DE PERPIGNAN","description":"L\u2019exposition \u00ab La Red\u00e9couverte d\u2019un Chef-d\u2019\u0152uvre Monumental \u00bb se tiendra \u00e0 Perpignan du 24 mars au 31 mai 2026. Cet \u00e9v\u00e9nement met en lumi\u00e8re les volets du grand orgue de la cath\u00e9drale Saint-Jean-Baptiste, des \u0153uvres picturales exceptionnelles r\u00e9cemment restaur\u00e9es. Situ\u00e9e au 21 Rue Mailly, cette exposition est un v\u00e9ritable voyage dans le temps et l\u2019art. Les volets du grand orgue de la cath\u00e9drale Saint-Jean-Baptiste de Perpignan, peints en 1504, sont parmi les ensembles picturaux les plus spectaculaires d\u2019Europe. Ces \u0153uvres monumentales, mesurant 12,6 m\u00e8tres de haut sur 4,3 m\u00e8tres de large, soit plus de 83 m\u00b2 chacune, sont uniques en leur genre. Initialement fix\u00e9s sur le buffet de l\u2019orgue, ces volets \u00e9taient d\u00e9ploy\u00e9s selon le calendrier liturgique, cr\u00e9ant un dialogue entre musique, architecture et image sacr\u00e9e. Peints \u00e0 la d\u00e9trempe sur toile, ils pr\u00e9sentent une riche polychromie sur leur face principale et une grisaille soign\u00e9e sur leur revers. Depuis 2022, un vaste chantier de restauration, sous l\u2019\u00e9gide de la Direction r\u00e9gionale des affaires culturelles d\u2019Occitanie, a permis de redonner \u00e0 ces \u0153uvres leur visibilit\u00e9 et leur valeur originelles. Cette op\u00e9ration technique, patrimoniale et scientifique a r\u00e9v\u00e9l\u00e9 l\u2019histoire mat\u00e9rielle et la mise en \u0153uvre de ces peintures g\u00e9antes. L\u2019exposition offre une occasion unique de d\u00e9couvrir ces chefs-d\u2019\u0153uvre dans toute leur splendeur. Les visiteurs pourront admirer la qualit\u00e9 artistique, la fonction liturgique originelle et les dimensions impressionnantes de ces \u0153uvres. Initialement fix\u00e9s sur le buffet de l\u2019orgue, les volets \u00e9taient d\u00e9plac\u00e9s selon le calendrier liturgique, orchestrant un dialogue entre musique, architecture et image sacr\u00e9e. Au XIXe si\u00e8cle, les volets ont \u00e9t\u00e9 d\u00e9mont\u00e9s et fix\u00e9s aux murs de la cath\u00e9drale, au-dessus de la porte dite \u00ab de Bethl\u00e9em \u00bb, o\u00f9 leur lecture est devenue difficile et leur importance progressivement oubli\u00e9e. L\u2019exposition permet de red\u00e9couvrir ces tr\u00e9sors du patrimoine europ\u00e9en. Plusieurs raisons font de cette exposition un incontournable. Tout d\u2019abord, la raret\u00e9 et la qualit\u00e9 exceptionnelle des \u0153uvres pr\u00e9sent\u00e9es en font un \u00e9v\u00e9nement culturel majeur. Ensuite, l\u2019ambiance unique de la cath\u00e9drale Saint-Jean-Baptiste, un \u00e9difice gothique du XIVe si\u00e8cle, ajoute une dimension spirituelle et historique \u00e0 la visite. Enfin, l\u2019exposition offre une opportunit\u00e9 unique de comprendre les techniques de restauration et l\u2019histoire mat\u00e9rielle de ces peintures monumentales. L\u2019exposition est accessible au tarif de 8,00 \u20ac. Ne manquez pas cette occasion unique de plonger dans l\u2019art et l\u2019histoire de Perpignan, en d\u00e9couvrant un chef-d\u2019\u0153uvre monumental restaur\u00e9.","robots":{"index":"index","follow":"follow","max-snippet":"max-snippet:-1","max-image-preview":"max-image-preview:large","max-video-preview":"max-video-preview:-1"},"canonical":"https:\/\/www.locansol.fr\/es\/evenement\/la-redecouverte-dun-chef-doeuvre-monumental-les-volets-du-grand-orgue-de-la-cathedrale-de-perpignan-49\/","og_locale":"es_ES","og_type":"article","og_title":"\u00ab LA RED\u00c9COUVERTE D\u2019UN CHEF D\u2019\u0152UVRE MONUMENTAL \u00bb : LES VOLETS DU GRAND ORGUE DE LA CATH\u00c9DRALE DE PERPIGNAN","og_description":"L\u2019exposition \u00ab La Red\u00e9couverte d\u2019un Chef-d\u2019\u0152uvre Monumental \u00bb se tiendra \u00e0 Perpignan du 24 mars au 31 mai 2026. Cet \u00e9v\u00e9nement met en lumi\u00e8re les volets du grand orgue de la cath\u00e9drale Saint-Jean-Baptiste, des \u0153uvres picturales exceptionnelles r\u00e9cemment restaur\u00e9es. Situ\u00e9e au 21 Rue Mailly, cette exposition est un v\u00e9ritable voyage dans le temps et l\u2019art. Les volets du grand orgue de la cath\u00e9drale Saint-Jean-Baptiste de Perpignan, peints en 1504, sont parmi les ensembles picturaux les plus spectaculaires d\u2019Europe. Ces \u0153uvres monumentales, mesurant 12,6 m\u00e8tres de haut sur 4,3 m\u00e8tres de large, soit plus de 83 m\u00b2 chacune, sont uniques en leur genre. Initialement fix\u00e9s sur le buffet de l\u2019orgue, ces volets \u00e9taient d\u00e9ploy\u00e9s selon le calendrier liturgique, cr\u00e9ant un dialogue entre musique, architecture et image sacr\u00e9e. Peints \u00e0 la d\u00e9trempe sur toile, ils pr\u00e9sentent une riche polychromie sur leur face principale et une grisaille soign\u00e9e sur leur revers. Depuis 2022, un vaste chantier de restauration, sous l\u2019\u00e9gide de la Direction r\u00e9gionale des affaires culturelles d\u2019Occitanie, a permis de redonner \u00e0 ces \u0153uvres leur visibilit\u00e9 et leur valeur originelles. Cette op\u00e9ration technique, patrimoniale et scientifique a r\u00e9v\u00e9l\u00e9 l\u2019histoire mat\u00e9rielle et la mise en \u0153uvre de ces peintures g\u00e9antes. L\u2019exposition offre une occasion unique de d\u00e9couvrir ces chefs-d\u2019\u0153uvre dans toute leur splendeur. Les visiteurs pourront admirer la qualit\u00e9 artistique, la fonction liturgique originelle et les dimensions impressionnantes de ces \u0153uvres. Initialement fix\u00e9s sur le buffet de l\u2019orgue, les volets \u00e9taient d\u00e9plac\u00e9s selon le calendrier liturgique, orchestrant un dialogue entre musique, architecture et image sacr\u00e9e. Au XIXe si\u00e8cle, les volets ont \u00e9t\u00e9 d\u00e9mont\u00e9s et fix\u00e9s aux murs de la cath\u00e9drale, au-dessus de la porte dite \u00ab de Bethl\u00e9em \u00bb, o\u00f9 leur lecture est devenue difficile et leur importance progressivement oubli\u00e9e. L\u2019exposition permet de red\u00e9couvrir ces tr\u00e9sors du patrimoine europ\u00e9en. Plusieurs raisons font de cette exposition un incontournable. Tout d\u2019abord, la raret\u00e9 et la qualit\u00e9 exceptionnelle des \u0153uvres pr\u00e9sent\u00e9es en font un \u00e9v\u00e9nement culturel majeur. Ensuite, l\u2019ambiance unique de la cath\u00e9drale Saint-Jean-Baptiste, un \u00e9difice gothique du XIVe si\u00e8cle, ajoute une dimension spirituelle et historique \u00e0 la visite. Enfin, l\u2019exposition offre une opportunit\u00e9 unique de comprendre les techniques de restauration et l\u2019histoire mat\u00e9rielle de ces peintures monumentales. L\u2019exposition est accessible au tarif de 8,00 \u20ac. Ne manquez pas cette occasion unique de plonger dans l\u2019art et l\u2019histoire de Perpignan, en d\u00e9couvrant un chef-d\u2019\u0153uvre monumental restaur\u00e9.","og_url":"https:\/\/www.locansol.fr\/es\/evenement\/la-redecouverte-dun-chef-doeuvre-monumental-les-volets-du-grand-orgue-de-la-cathedrale-de-perpignan-49\/","og_site_name":"Locansol, louer un h\u00e9bergement dans les Pyr\u00e9n\u00e9es Orientales","article_modified_time":"2026-04-28T18:13:41+00:00","og_image":[{"width":1024,"height":605,"url":"https:\/\/www.locansol.fr\/wp-content\/uploads\/2026\/04\/exposition-chef-d-oeuvre-perpignan.webp","type":"image\/webp"}],"twitter_card":"summary_large_image","twitter_title":"\u00ab LA RED\u00c9COUVERTE D\u2019UN CHEF D\u2019\u0152UVRE MONUMENTAL \u00bb : LES VOLETS DU GRAND ORGUE DE LA CATH\u00c9DRALE DE PERPIGNAN","twitter_description":"L\u2019exposition \u00ab La Red\u00e9couverte d\u2019un Chef-d\u2019\u0152uvre Monumental \u00bb se tiendra \u00e0 Perpignan du 24 mars au 31 mai 2026. Cet \u00e9v\u00e9nement met en lumi\u00e8re les volets du grand orgue de la cath\u00e9drale Saint-Jean-Baptiste, des \u0153uvres picturales exceptionnelles r\u00e9cemment restaur\u00e9es. Situ\u00e9e au 21 Rue Mailly, cette exposition est un v\u00e9ritable voyage dans le temps et l\u2019art. Les volets du grand orgue de la cath\u00e9drale Saint-Jean-Baptiste de Perpignan, peints en 1504, sont parmi les ensembles picturaux les plus spectaculaires d\u2019Europe. Ces \u0153uvres monumentales, mesurant 12,6 m\u00e8tres de haut sur 4,3 m\u00e8tres de large, soit plus de 83 m\u00b2 chacune, sont uniques en leur genre. Initialement fix\u00e9s sur le buffet de l\u2019orgue, ces volets \u00e9taient d\u00e9ploy\u00e9s selon le calendrier liturgique, cr\u00e9ant un dialogue entre musique, architecture et image sacr\u00e9e. Peints \u00e0 la d\u00e9trempe sur toile, ils pr\u00e9sentent une riche polychromie sur leur face principale et une grisaille soign\u00e9e sur leur revers. Depuis 2022, un vaste chantier de restauration, sous l\u2019\u00e9gide de la Direction r\u00e9gionale des affaires culturelles d\u2019Occitanie, a permis de redonner \u00e0 ces \u0153uvres leur visibilit\u00e9 et leur valeur originelles. Cette op\u00e9ration technique, patrimoniale et scientifique a r\u00e9v\u00e9l\u00e9 l\u2019histoire mat\u00e9rielle et la mise en \u0153uvre de ces peintures g\u00e9antes. L\u2019exposition offre une occasion unique de d\u00e9couvrir ces chefs-d\u2019\u0153uvre dans toute leur splendeur. Les visiteurs pourront admirer la qualit\u00e9 artistique, la fonction liturgique originelle et les dimensions impressionnantes de ces \u0153uvres. Initialement fix\u00e9s sur le buffet de l\u2019orgue, les volets \u00e9taient d\u00e9plac\u00e9s selon le calendrier liturgique, orchestrant un dialogue entre musique, architecture et image sacr\u00e9e. Au XIXe si\u00e8cle, les volets ont \u00e9t\u00e9 d\u00e9mont\u00e9s et fix\u00e9s aux murs de la cath\u00e9drale, au-dessus de la porte dite \u00ab de Bethl\u00e9em \u00bb, o\u00f9 leur lecture est devenue difficile et leur importance progressivement oubli\u00e9e. L\u2019exposition permet de red\u00e9couvrir ces tr\u00e9sors du patrimoine europ\u00e9en. Plusieurs raisons font de cette exposition un incontournable. Tout d\u2019abord, la raret\u00e9 et la qualit\u00e9 exceptionnelle des \u0153uvres pr\u00e9sent\u00e9es en font un \u00e9v\u00e9nement culturel majeur. Ensuite, l\u2019ambiance unique de la cath\u00e9drale Saint-Jean-Baptiste, un \u00e9difice gothique du XIVe si\u00e8cle, ajoute une dimension spirituelle et historique \u00e0 la visite. Enfin, l\u2019exposition offre une opportunit\u00e9 unique de comprendre les techniques de restauration et l\u2019histoire mat\u00e9rielle de ces peintures monumentales. L\u2019exposition est accessible au tarif de 8,00 \u20ac. Ne manquez pas cette occasion unique de plonger dans l\u2019art et l\u2019histoire de Perpignan, en d\u00e9couvrant un chef-d\u2019\u0153uvre monumental restaur\u00e9.","twitter_image":"https:\/\/www.locansol.fr\/wp-content\/uploads\/2026\/04\/exposition-chef-d-oeuvre-perpignan.webp","twitter_misc":{"Tiempo de lectura":"2 minutos"},"schema":{"@context":"https:\/\/schema.org","@graph":[{"@type":"WebPage","@id":"https:\/\/www.locansol.fr\/evenement\/la-redecouverte-dun-chef-doeuvre-monumental-les-volets-du-grand-orgue-de-la-cathedrale-de-perpignan-49\/","url":"https:\/\/www.locansol.fr\/evenement\/la-redecouverte-dun-chef-doeuvre-monumental-les-volets-du-grand-orgue-de-la-cathedrale-de-perpignan-49\/","name":"\u00ab LA RED\u00c9COUVERTE D\u2019UN CHEF D\u2019\u0152UVRE MONUMENTAL \u00bb : LES VOLETS DU GRAND ORGUE DE LA CATH\u00c9DRALE DE PERPIGNAN","isPartOf":{"@id":"https:\/\/www.locansol.fr\/#website"},"primaryImageOfPage":{"@id":"https:\/\/www.locansol.fr\/evenement\/la-redecouverte-dun-chef-doeuvre-monumental-les-volets-du-grand-orgue-de-la-cathedrale-de-perpignan-49\/#primaryimage"},"image":{"@id":"https:\/\/www.locansol.fr\/evenement\/la-redecouverte-dun-chef-doeuvre-monumental-les-volets-du-grand-orgue-de-la-cathedrale-de-perpignan-49\/#primaryimage"},"thumbnailUrl":"https:\/\/www.locansol.fr\/wp-content\/uploads\/2026\/04\/exposition-chef-d-oeuvre-perpignan.webp","datePublished":"2026-04-28T18:13:39+00:00","dateModified":"2026-04-28T18:13:41+00:00","description":"L\u2019exposition \u00ab La Red\u00e9couverte d\u2019un Chef-d\u2019\u0152uvre Monumental \u00bb se tiendra \u00e0 Perpignan du 24 mars au 31 mai 2026. Cet \u00e9v\u00e9nement met en lumi\u00e8re les volets du grand orgue de la cath\u00e9drale Saint-Jean-Baptiste, des \u0153uvres picturales exceptionnelles r\u00e9cemment restaur\u00e9es. Situ\u00e9e au 21 Rue Mailly, cette exposition est un v\u00e9ritable voyage dans le temps et l\u2019art. Les volets du grand orgue de la cath\u00e9drale Saint-Jean-Baptiste de Perpignan, peints en 1504, sont parmi les ensembles picturaux les plus spectaculaires d\u2019Europe. Ces \u0153uvres monumentales, mesurant 12,6 m\u00e8tres de haut sur 4,3 m\u00e8tres de large, soit plus de 83 m\u00b2 chacune, sont uniques en leur genre. Initialement fix\u00e9s sur le buffet de l\u2019orgue, ces volets \u00e9taient d\u00e9ploy\u00e9s selon le calendrier liturgique, cr\u00e9ant un dialogue entre musique, architecture et image sacr\u00e9e. Peints \u00e0 la d\u00e9trempe sur toile, ils pr\u00e9sentent une riche polychromie sur leur face principale et une grisaille soign\u00e9e sur leur revers. Depuis 2022, un vaste chantier de restauration, sous l\u2019\u00e9gide de la Direction r\u00e9gionale des affaires culturelles d\u2019Occitanie, a permis de redonner \u00e0 ces \u0153uvres leur visibilit\u00e9 et leur valeur originelles. Cette op\u00e9ration technique, patrimoniale et scientifique a r\u00e9v\u00e9l\u00e9 l\u2019histoire mat\u00e9rielle et la mise en \u0153uvre de ces peintures g\u00e9antes. L\u2019exposition offre une occasion unique de d\u00e9couvrir ces chefs-d\u2019\u0153uvre dans toute leur splendeur. Les visiteurs pourront admirer la qualit\u00e9 artistique, la fonction liturgique originelle et les dimensions impressionnantes de ces \u0153uvres. Initialement fix\u00e9s sur le buffet de l\u2019orgue, les volets \u00e9taient d\u00e9plac\u00e9s selon le calendrier liturgique, orchestrant un dialogue entre musique, architecture et image sacr\u00e9e. Au XIXe si\u00e8cle, les volets ont \u00e9t\u00e9 d\u00e9mont\u00e9s et fix\u00e9s aux murs de la cath\u00e9drale, au-dessus de la porte dite \u00ab de Bethl\u00e9em \u00bb, o\u00f9 leur lecture est devenue difficile et leur importance progressivement oubli\u00e9e. L\u2019exposition permet de red\u00e9couvrir ces tr\u00e9sors du patrimoine europ\u00e9en. Plusieurs raisons font de cette exposition un incontournable. Tout d\u2019abord, la raret\u00e9 et la qualit\u00e9 exceptionnelle des \u0153uvres pr\u00e9sent\u00e9es en font un \u00e9v\u00e9nement culturel majeur. Ensuite, l\u2019ambiance unique de la cath\u00e9drale Saint-Jean-Baptiste, un \u00e9difice gothique du XIVe si\u00e8cle, ajoute une dimension spirituelle et historique \u00e0 la visite. Enfin, l\u2019exposition offre une opportunit\u00e9 unique de comprendre les techniques de restauration et l\u2019histoire mat\u00e9rielle de ces peintures monumentales. L\u2019exposition est accessible au tarif de 8,00 \u20ac. Ne manquez pas cette occasion unique de plonger dans l\u2019art et l\u2019histoire de Perpignan, en d\u00e9couvrant un chef-d\u2019\u0153uvre monumental restaur\u00e9.","breadcrumb":{"@id":"https:\/\/www.locansol.fr\/evenement\/la-redecouverte-dun-chef-doeuvre-monumental-les-volets-du-grand-orgue-de-la-cathedrale-de-perpignan-49\/#breadcrumb"},"inLanguage":"es","potentialAction":[{"@type":"ReadAction","target":["https:\/\/www.locansol.fr\/evenement\/la-redecouverte-dun-chef-doeuvre-monumental-les-volets-du-grand-orgue-de-la-cathedrale-de-perpignan-49\/"]}]},{"@type":"ImageObject","inLanguage":"es","@id":"https:\/\/www.locansol.fr\/evenement\/la-redecouverte-dun-chef-doeuvre-monumental-les-volets-du-grand-orgue-de-la-cathedrale-de-perpignan-49\/#primaryimage","url":"https:\/\/www.locansol.fr\/wp-content\/uploads\/2026\/04\/exposition-chef-d-oeuvre-perpignan.webp","contentUrl":"https:\/\/www.locansol.fr\/wp-content\/uploads\/2026\/04\/exposition-chef-d-oeuvre-perpignan.webp","width":1024,"height":605,"caption":"La Red\u00e9couverte d\u2019un Chef-d\u2019\u0152uvre Monumental \u00e0 Perpignan"},{"@type":"BreadcrumbList","@id":"https:\/\/www.locansol.fr\/evenement\/la-redecouverte-dun-chef-doeuvre-monumental-les-volets-du-grand-orgue-de-la-cathedrale-de-perpignan-49\/#breadcrumb","itemListElement":[{"@type":"ListItem","position":1,"name":"Accueil","item":"https:\/\/www.locansol.fr\/"},{"@type":"ListItem","position":2,"name":"\u00c9v\u00e8nements","item":"https:\/\/www.locansol.fr\/evenements\/"},{"@type":"ListItem","position":3,"name":"\u00ab LA RED\u00c9COUVERTE D\u2019UN CHEF D\u2019\u0152UVRE MONUMENTAL \u00bb : LES VOLETS DU GRAND ORGUE DE LA CATH\u00c9DRALE DE PERPIGNAN"}]},{"@type":"WebSite","@id":"https:\/\/www.locansol.fr\/#website","url":"https:\/\/www.locansol.fr\/","name":"Locansol, louer un h\u00e9bergement dans les Pyr\u00e9n\u00e9es-Orientales","description":"Location Mobil-home Mer M\u00e9diterran\u00e9e &amp; Chalet de Montagne dans les Pyr\u00e9n\u00e9es Orientales (Occitanie, 66). Weekend, s\u00e9jour &amp; vacances en famille et entre amis.","publisher":{"@id":"https:\/\/www.locansol.fr\/#organization"},"alternateName":"Louer un h\u00e9bergement dans les Pyr\u00e9n\u00e9es Orientales, chalet & mobil-home en Occitanie","potentialAction":[{"@type":"SearchAction","target":{"@type":"EntryPoint","urlTemplate":"https:\/\/www.locansol.fr\/?s={search_term_string}"},"query-input":{"@type":"PropertyValueSpecification","valueRequired":true,"valueName":"search_term_string"}}],"inLanguage":"es"},{"@type":"Organization","@id":"https:\/\/www.locansol.fr\/#organization","name":"Location MobilHome & chalet dans les Pyr\u00e9n\u00e9es Orientales","alternateName":"Louer un h\u00e9bergement dans les Pyr\u00e9n\u00e9es Orientales en Occitanie","url":"https:\/\/www.locansol.fr\/","logo":{"@type":"ImageObject","inLanguage":"es","@id":"https:\/\/www.locansol.fr\/#\/schema\/logo\/image\/","url":"https:\/\/www.locansol.fr\/wp-content\/uploads\/2024\/04\/AdobeStock_303324767-scaled.jpeg","contentUrl":"https:\/\/www.locansol.fr\/wp-content\/uploads\/2024\/04\/AdobeStock_303324767-scaled.jpeg","width":2560,"height":1707,"caption":"Location MobilHome & chalet dans les Pyr\u00e9n\u00e9es Orientales"},"image":{"@id":"https:\/\/www.locansol.fr\/#\/schema\/logo\/image\/"}}]}},"_links":{"self":[{"href":"https:\/\/www.locansol.fr\/es\/wp-json\/wp\/v2\/tribe_events\/6678","targetHints":{"allow":["GET"]}}],"collection":[{"href":"https:\/\/www.locansol.fr\/es\/wp-json\/wp\/v2\/tribe_events"}],"about":[{"href":"https:\/\/www.locansol.fr\/es\/wp-json\/wp\/v2\/types\/tribe_events"}],"author":[{"embeddable":true,"href":"https:\/\/www.locansol.fr\/es\/wp-json\/wp\/v2\/users\/5"}],"version-history":[{"count":1,"href":"https:\/\/www.locansol.fr\/es\/wp-json\/wp\/v2\/tribe_events\/6678\/revisions"}],"predecessor-version":[{"id":6679,"href":"https:\/\/www.locansol.fr\/es\/wp-json\/wp\/v2\/tribe_events\/6678\/revisions\/6679"}],"wp:featuredmedia":[{"embeddable":true,"href":"https:\/\/www.locansol.fr\/es\/wp-json\/wp\/v2\/media\/6675"}],"wp:attachment":[{"href":"https:\/\/www.locansol.fr\/es\/wp-json\/wp\/v2\/media?parent=6678"}],"wp:term":[{"taxonomy":"post_tag","embeddable":true,"href":"https:\/\/www.locansol.fr\/es\/wp-json\/wp\/v2\/tags?post=6678"},{"taxonomy":"tribe_events_cat","embeddable":true,"href":"https:\/\/www.locansol.fr\/es\/wp-json\/wp\/v2\/tribe_events_cat?post=6678"}],"curies":[{"name":"wp","href":"https:\/\/api.w.org\/{rel}","templated":true}]}}